{"id":1754,"date":"2020-08-13T11:43:06","date_gmt":"2020-08-13T09:43:06","guid":{"rendered":"http:\/\/ficaati.cluster100.hosting.ovh.net\/?page_id=1754"},"modified":"2026-01-21T11:31:33","modified_gmt":"2026-01-21T10:31:33","slug":"galerie","status":"publish","type":"page","link":"https:\/\/www.deco-charpente.fr\/en\/galerie\/","title":{"rendered":"Gallery"},"content":{"rendered":"<div class=\"fusion-fullwidth fullwidth-box fusion-builder-row-1 fusion-flex-container nonhundred-percent-fullwidth non-hundred-percent-height-scrolling\" style=\"background-color: #ffffff;background-position: center center;background-repeat: no-repeat;border-width: 0px 0px 0px 0px;border-color:#3e3e3e;border-style:solid;\" id=\"filters_container\" ><div class=\"fusion-builder-row fusion-row fusion-flex-align-items-flex-start\" style=\"max-width:1996.8px;margin-left: calc(-4% \/ 2 );margin-right: calc(-4% \/ 2 );\"><div class=\"fusion-layout-column fusion_builder_column fusion-builder-column-0 fusion_builder_column_1_1 1_1 fusion-flex-column\" id=\"filters\"><div class=\"fusion-column-wrapper fusion-flex-justify-content-flex-start fusion-content-layout-column\" style=\"background-position:left top;background-repeat:no-repeat;-webkit-background-size:cover;-moz-background-size:cover;-o-background-size:cover;background-size:cover;padding: 0px 0px 0px 0px;\"><\/div><\/div><style type=\"text\/css\">.fusion-body .fusion-builder-column-0{width:100% !important;margin-top : 0px;margin-bottom : 20px;}.fusion-builder-column-0 > .fusion-column-wrapper {padding-top : 0px !important;padding-right : 0px !important;margin-right : 1.92%;padding-bottom : 0px !important;padding-left : 0px !important;margin-left : 1.92%;}@media only screen and (max-width:1024px) {.fusion-body .fusion-builder-column-0{width:100% !important;order : 0;}.fusion-builder-column-0 > .fusion-column-wrapper {margin-right : 1.92%;margin-left : 1.92%;}}@media only screen and (max-width:640px) {.fusion-body .fusion-builder-column-0{width:100% !important;order : 0;}.fusion-builder-column-0 > .fusion-column-wrapper {margin-right : 1.92%;margin-left : 1.92%;}}<\/style><\/div><style type=\"text\/css\">.fusion-body .fusion-flex-container.fusion-builder-row-1{ padding-top : 80px;margin-top : 0px;padding-right : 0px;padding-bottom : 0px;margin-bottom : 0px;padding-left : 0px;}@media only screen and (max-width:1024px) {.fusion-body .fusion-flex-container.fusion-builder-row-1{ padding-top : 125px;}}@media only screen and (max-width:640px) {.fusion-body .fusion-flex-container.fusion-builder-row-1{ padding-top : 125px;}}<\/style><\/div><div class=\"fusion-fullwidth fullwidth-box fusion-builder-row-2 fusion-flex-container nonhundred-percent-fullwidth non-hundred-percent-height-scrolling\" style=\"background-color: #ffffff;background-position: center center;background-repeat: no-repeat;border-width: 0px 0px 0px 0px;border-color:#3e3e3e;border-style:solid;\" id=\"main-content-gallery\" ><div class=\"fusion-builder-row fusion-row fusion-flex-align-items-flex-start\" style=\"max-width:1996.8px;margin-left: calc(-4% \/ 2 );margin-right: calc(-4% \/ 2 );\"><div class=\"fusion-layout-column fusion_builder_column fusion-builder-column-1 fusion_builder_column_1_4 1_4 fusion-flex-column img-to-filter\"><div class=\"fusion-column-wrapper fusion-flex-justify-content-flex-start fusion-content-layout-column\" style=\"background-position:left top;background-repeat:no-repeat;-webkit-background-size:cover;-moz-background-size:cover;-o-background-size:cover;background-size:cover;padding: 0px 0px 0px 0px;\"><div ><span class=\"fusion-imageframe imageframe-none imageframe-1 hover-type-none\"><a href=\"https:\/\/www.deco-charpente.fr\/wp-content\/uploads\/2025\/10\/IMG_7940.jpg\" class=\"fusion-lightbox\" data-rel=\"iLightbox[gallery-image]\" data-title=\"IMG_7940\" title=\"IMG_7940\"><img decoding=\"async\" width=\"1920\" height=\"1440\" src=\"https:\/\/www.deco-charpente.fr\/wp-content\/uploads\/2025\/10\/IMG_7940.jpg\" class=\"img-responsive wp-image-12246\" srcset=\"https:\/\/www.deco-charpente.fr\/wp-content\/uploads\/2025\/10\/IMG_7940-200x150.jpg 200w, https:\/\/www.deco-charpente.fr\/wp-content\/uploads\/2025\/10\/IMG_7940-400x300.jpg 400w, https:\/\/www.deco-charpente.fr\/wp-content\/uploads\/2025\/10\/IMG_7940-600x450.jpg 600w, https:\/\/www.deco-charpente.fr\/wp-content\/uploads\/2025\/10\/IMG_7940-800x600.jpg 800w, https:\/\/www.deco-charpente.fr\/wp-content\/uploads\/2025\/10\/IMG_7940-1200x900.jpg 1200w, https:\/\/www.deco-charpente.fr\/wp-content\/uploads\/2025\/10\/IMG_7940.jpg 1920w\" sizes=\"(max-width: 1024px) 100vw, (max-width: 640px) 100vw, 600px\" \/><\/a><\/span><\/div><div class=\"fusion-text fusion-text-1 tags\" style=\"transform:translate3d(0,0,0);\"><p>Decorative solution<\/p>\n<\/div><div class=\"fusion-text fusion-text-2 description\" style=\"transform:translate3d(0,0,0);\"><p style=\"text-align: center;\">Abri multi-activit\u00e9s<\/p>\n<\/div><\/div><\/div><style type=\"text\/css\">.fusion-body .fusion-builder-column-1{width:25% !important;margin-top : 0px;margin-bottom : 20px;}.fusion-builder-column-1 > .fusion-column-wrapper {padding-top : 0px !important;padding-right : 0px !important;margin-right : 7.68%;padding-bottom : 0px !important;padding-left : 0px !important;margin-left : 7.68%;}@media only screen and (max-width:1024px) {.fusion-body .fusion-builder-column-1{width:100% !important;order : 0;}.fusion-builder-column-1 > .fusion-column-wrapper {margin-right : 1.92%;margin-left : 1.92%;}}@media only screen and (max-width:640px) {.fusion-body .fusion-builder-column-1{width:100% !important;order : 0;}.fusion-builder-column-1 > .fusion-column-wrapper {margin-right : 1.92%;margin-left : 1.92%;}}<\/style><div class=\"fusion-layout-column fusion_builder_column fusion-builder-column-2 fusion_builder_column_1_4 1_4 fusion-flex-column img-to-filter\"><div class=\"fusion-column-wrapper fusion-flex-justify-content-flex-start fusion-content-layout-column\" style=\"background-position:left top;background-repeat:no-repeat;-webkit-background-size:cover;-moz-background-size:cover;-o-background-size:cover;background-size:cover;padding: 0px 0px 0px 0px;\"><div ><span class=\"fusion-imageframe imageframe-none imageframe-2 hover-type-none\"><a href=\"https:\/\/www.deco-charpente.fr\/wp-content\/uploads\/2025\/10\/IMG_7944.jpg\" class=\"fusion-lightbox\" data-rel=\"iLightbox[gallery-image]\" data-title=\"IMG_7944\" title=\"IMG_7944\"><img decoding=\"async\" width=\"1920\" height=\"1440\" src=\"https:\/\/www.deco-charpente.fr\/wp-content\/uploads\/2025\/10\/IMG_7944.jpg\" class=\"img-responsive wp-image-12247\" srcset=\"https:\/\/www.deco-charpente.fr\/wp-content\/uploads\/2025\/10\/IMG_7944-200x150.jpg 200w, https:\/\/www.deco-charpente.fr\/wp-content\/uploads\/2025\/10\/IMG_7944-400x300.jpg 400w, https:\/\/www.deco-charpente.fr\/wp-content\/uploads\/2025\/10\/IMG_7944-600x450.jpg 600w, https:\/\/www.deco-charpente.fr\/wp-content\/uploads\/2025\/10\/IMG_7944-800x600.jpg 800w, https:\/\/www.deco-charpente.fr\/wp-content\/uploads\/2025\/10\/IMG_7944-1200x900.jpg 1200w, https:\/\/www.deco-charpente.fr\/wp-content\/uploads\/2025\/10\/IMG_7944.jpg 1920w\" sizes=\"(max-width: 1024px) 100vw, (max-width: 640px) 100vw, 600px\" \/><\/a><\/span><\/div><div class=\"fusion-text fusion-text-3 tags\" style=\"transform:translate3d(0,0,0);\"><p>Decorative solution<\/p>\n<\/div><div class=\"fusion-text fusion-text-4 description\" style=\"transform:translate3d(0,0,0);\"><p style=\"text-align: center;\">Abri multi-activit\u00e9s<\/p>\n<\/div><\/div><\/div><style type=\"text\/css\">.fusion-body .fusion-builder-column-2{width:25% !important;margin-top : 0px;margin-bottom : 20px;}.fusion-builder-column-2 > .fusion-column-wrapper {padding-top : 0px !important;padding-right : 0px !important;margin-right : 7.68%;padding-bottom : 0px !important;padding-left : 0px !important;margin-left : 7.68%;}@media only screen and (max-width:1024px) {.fusion-body .fusion-builder-column-2{width:100% !important;order : 0;}.fusion-builder-column-2 > .fusion-column-wrapper {margin-right : 1.92%;margin-left : 1.92%;}}@media only screen and (max-width:640px) {.fusion-body .fusion-builder-column-2{width:100% !important;order : 0;}.fusion-builder-column-2 > .fusion-column-wrapper {margin-right : 1.92%;margin-left : 1.92%;}}<\/style><div class=\"fusion-layout-column fusion_builder_column fusion-builder-column-3 fusion_builder_column_1_4 1_4 fusion-flex-column img-to-filter\"><div class=\"fusion-column-wrapper fusion-flex-justify-content-flex-start fusion-content-layout-column\" style=\"background-position:left top;background-repeat:no-repeat;-webkit-background-size:cover;-moz-background-size:cover;-o-background-size:cover;background-size:cover;padding: 0px 0px 0px 0px;\"><div ><span class=\"fusion-imageframe imageframe-none imageframe-3 hover-type-none\"><a href=\"https:\/\/www.deco-charpente.fr\/wp-content\/uploads\/2025\/12\/26Decembre-DCV.jpg\" class=\"fusion-lightbox\" data-rel=\"iLightbox[gallery-image]\" data-title=\"Abri voiture autoport\u00e9\" title=\"Self-supporting car shelter\"><img decoding=\"async\" width=\"1600\" height=\"1200\" src=\"https:\/\/www.deco-charpente.fr\/wp-content\/uploads\/2025\/12\/26Decembre-DCV.jpg\" class=\"img-responsive wp-image-12284\" srcset=\"https:\/\/www.deco-charpente.fr\/wp-content\/uploads\/2025\/12\/26Decembre-DCV-200x150.jpg 200w, https:\/\/www.deco-charpente.fr\/wp-content\/uploads\/2025\/12\/26Decembre-DCV-400x300.jpg 400w, https:\/\/www.deco-charpente.fr\/wp-content\/uploads\/2025\/12\/26Decembre-DCV-600x450.jpg 600w, https:\/\/www.deco-charpente.fr\/wp-content\/uploads\/2025\/12\/26Decembre-DCV-800x600.jpg 800w, https:\/\/www.deco-charpente.fr\/wp-content\/uploads\/2025\/12\/26Decembre-DCV-1200x900.jpg 1200w, https:\/\/www.deco-charpente.fr\/wp-content\/uploads\/2025\/12\/26Decembre-DCV.jpg 1600w\" sizes=\"(max-width: 1024px) 100vw, (max-width: 640px) 100vw, 600px\" \/><\/a><\/span><\/div><div class=\"fusion-text fusion-text-5 tags\" style=\"transform:translate3d(0,0,0);\"><p>Carport<\/p>\n<\/div><div class=\"fusion-text fusion-text-6 description\" style=\"transform:translate3d(0,0,0);\"><p style=\"text-align: center;\">Self-supporting car shelter<\/p>\n<\/div><\/div><\/div><style type=\"text\/css\">.fusion-body .fusion-builder-column-3{width:25% !important;margin-top : 0px;margin-bottom : 20px;}.fusion-builder-column-3 > .fusion-column-wrapper {padding-top : 0px !important;padding-right : 0px !important;margin-right : 7.68%;padding-bottom : 0px !important;padding-left : 0px !important;margin-left : 7.68%;}@media only screen and (max-width:1024px) {.fusion-body .fusion-builder-column-3{width:100% !important;order : 0;}.fusion-builder-column-3 > .fusion-column-wrapper {margin-right : 1.92%;margin-left : 1.92%;}}@media only screen and (max-width:640px) {.fusion-body .fusion-builder-column-3{width:100% !important;order : 0;}.fusion-builder-column-3 > .fusion-column-wrapper {margin-right : 1.92%;margin-left : 1.92%;}}<\/style><div class=\"fusion-layout-column fusion_builder_column fusion-builder-column-4 fusion_builder_column_1_4 1_4 fusion-flex-column img-to-filter\"><div class=\"fusion-column-wrapper fusion-flex-justify-content-flex-start fusion-content-layout-column\" style=\"background-position:left top;background-repeat:no-repeat;-webkit-background-size:cover;-moz-background-size:cover;-o-background-size:cover;background-size:cover;padding: 0px 0px 0px 0px;\"><div ><span class=\"fusion-imageframe imageframe-none imageframe-4 hover-type-none\"><a href=\"https:\/\/www.deco-charpente.fr\/wp-content\/uploads\/2025\/10\/Abri-voiture-LeCastellet-ok-1.jpg\" class=\"fusion-lightbox\" data-rel=\"iLightbox[gallery-image]\" data-title=\"Abri-voiture-LeCastellet-ok 1\" title=\"Abri-voiture-LeCastellet-ok 1\"><img decoding=\"async\" width=\"885\" height=\"801\" src=\"https:\/\/www.deco-charpente.fr\/wp-content\/uploads\/2025\/10\/Abri-voiture-LeCastellet-ok-1.jpg\" class=\"img-responsive wp-image-12242\" srcset=\"https:\/\/www.deco-charpente.fr\/wp-content\/uploads\/2025\/10\/Abri-voiture-LeCastellet-ok-1-200x181.jpg 200w, https:\/\/www.deco-charpente.fr\/wp-content\/uploads\/2025\/10\/Abri-voiture-LeCastellet-ok-1-400x362.jpg 400w, https:\/\/www.deco-charpente.fr\/wp-content\/uploads\/2025\/10\/Abri-voiture-LeCastellet-ok-1-600x543.jpg 600w, https:\/\/www.deco-charpente.fr\/wp-content\/uploads\/2025\/10\/Abri-voiture-LeCastellet-ok-1-800x724.jpg 800w, https:\/\/www.deco-charpente.fr\/wp-content\/uploads\/2025\/10\/Abri-voiture-LeCastellet-ok-1.jpg 885w\" sizes=\"(max-width: 1024px) 100vw, (max-width: 640px) 100vw, 600px\" \/><\/a><\/span><\/div><div class=\"fusion-text fusion-text-7 tags\" style=\"transform:translate3d(0,0,0);\"><p>Carport<\/p>\n<\/div><div class=\"fusion-text fusion-text-8 description\" style=\"transform:translate3d(0,0,0);\"><p style=\"text-align: center;\">Large format carport<\/p>\n<\/div><\/div><\/div><style type=\"text\/css\">.fusion-body .fusion-builder-column-4{width:25% !important;margin-top : 0px;margin-bottom : 20px;}.fusion-builder-column-4 > .fusion-column-wrapper {padding-top : 0px !important;padding-right : 0px !important;margin-right : 7.68%;padding-bottom : 0px !important;padding-left : 0px !important;margin-left : 7.68%;}@media only screen and (max-width:1024px) {.fusion-body .fusion-builder-column-4{width:100% !important;order : 0;}.fusion-builder-column-4 > .fusion-column-wrapper {margin-right : 1.92%;margin-left : 1.92%;}}@media only screen and (max-width:640px) {.fusion-body .fusion-builder-column-4{width:100% !important;order : 0;}.fusion-builder-column-4 > .fusion-column-wrapper {margin-right : 1.92%;margin-left : 1.92%;}}<\/style><div class=\"fusion-layout-column fusion_builder_column fusion-builder-column-5 fusion_builder_column_1_4 1_4 fusion-flex-column img-to-filter\"><div class=\"fusion-column-wrapper fusion-flex-justify-content-flex-start fusion-content-layout-column\" style=\"background-position:left top;background-repeat:no-repeat;-webkit-background-size:cover;-moz-background-size:cover;-o-background-size:cover;background-size:cover;padding: 0px 0px 0px 0px;\"><div ><span class=\"fusion-imageframe imageframe-none imageframe-5 hover-type-none\"><a href=\"https:\/\/www.deco-charpente.fr\/wp-content\/uploads\/2025\/10\/abri-voiture-tunnel.jpg\" class=\"fusion-lightbox\" data-rel=\"iLightbox[gallery-image]\" data-title=\"abri-voiture-tunnel\" title=\"abri-voiture-tunnel\"><img decoding=\"async\" width=\"1024\" height=\"1422\" src=\"https:\/\/www.deco-charpente.fr\/wp-content\/uploads\/2025\/10\/abri-voiture-tunnel.jpg\" class=\"img-responsive wp-image-12227\" srcset=\"https:\/\/www.deco-charpente.fr\/wp-content\/uploads\/2025\/10\/abri-voiture-tunnel-200x278.jpg 200w, https:\/\/www.deco-charpente.fr\/wp-content\/uploads\/2025\/10\/abri-voiture-tunnel-400x555.jpg 400w, https:\/\/www.deco-charpente.fr\/wp-content\/uploads\/2025\/10\/abri-voiture-tunnel-600x833.jpg 600w, https:\/\/www.deco-charpente.fr\/wp-content\/uploads\/2025\/10\/abri-voiture-tunnel-800x1111.jpg 800w, https:\/\/www.deco-charpente.fr\/wp-content\/uploads\/2025\/10\/abri-voiture-tunnel.jpg 1024w\" sizes=\"(max-width: 1024px) 100vw, (max-width: 640px) 100vw, 600px\" \/><\/a><\/span><\/div><div class=\"fusion-text fusion-text-9 tags\" style=\"transform:translate3d(0,0,0);\"><p>Carport<\/p>\n<\/div><div class=\"fusion-text fusion-text-10 description\" style=\"transform:translate3d(0,0,0);\"><p style=\"text-align: center;\">Tunnel shelter<\/p>\n<\/div><\/div><\/div><style type=\"text\/css\">.fusion-body .fusion-builder-column-5{width:25% !important;margin-top : 0px;margin-bottom : 20px;}.fusion-builder-column-5 > .fusion-column-wrapper {padding-top : 0px !important;padding-right : 0px !important;margin-right : 7.68%;padding-bottom : 0px !important;padding-left : 0px !important;margin-left : 7.68%;}@media only screen and (max-width:1024px) {.fusion-body .fusion-builder-column-5{width:100% !important;order : 0;}.fusion-builder-column-5 > .fusion-column-wrapper {margin-right : 1.92%;margin-left : 1.92%;}}@media only screen and (max-width:640px) {.fusion-body .fusion-builder-column-5{width:100% !important;order : 0;}.fusion-builder-column-5 > .fusion-column-wrapper {margin-right : 1.92%;margin-left : 1.92%;}}<\/style><div class=\"fusion-layout-column fusion_builder_column fusion-builder-column-6 fusion_builder_column_1_4 1_4 fusion-flex-column img-to-filter\"><div class=\"fusion-column-wrapper fusion-flex-justify-content-flex-start fusion-content-layout-column\" style=\"background-position:left top;background-repeat:no-repeat;-webkit-background-size:cover;-moz-background-size:cover;-o-background-size:cover;background-size:cover;padding: 0px 0px 0px 0px;\"><div ><span class=\"fusion-imageframe imageframe-none imageframe-6 hover-type-none\"><a href=\"https:\/\/www.deco-charpente.fr\/wp-content\/uploads\/2025\/10\/abri-voiture-garage.jpg\" class=\"fusion-lightbox\" data-rel=\"iLightbox[gallery-image]\" data-title=\"abri-voiture-garage\" title=\"abri-voiture-garage\"><img decoding=\"async\" width=\"1537\" height=\"1920\" src=\"https:\/\/www.deco-charpente.fr\/wp-content\/uploads\/2025\/10\/abri-voiture-garage.jpg\" class=\"img-responsive wp-image-12226\" srcset=\"https:\/\/www.deco-charpente.fr\/wp-content\/uploads\/2025\/10\/abri-voiture-garage-200x250.jpg 200w, https:\/\/www.deco-charpente.fr\/wp-content\/uploads\/2025\/10\/abri-voiture-garage-400x500.jpg 400w, https:\/\/www.deco-charpente.fr\/wp-content\/uploads\/2025\/10\/abri-voiture-garage-600x750.jpg 600w, https:\/\/www.deco-charpente.fr\/wp-content\/uploads\/2025\/10\/abri-voiture-garage-800x999.jpg 800w, https:\/\/www.deco-charpente.fr\/wp-content\/uploads\/2025\/10\/abri-voiture-garage-1200x1499.jpg 1200w, https:\/\/www.deco-charpente.fr\/wp-content\/uploads\/2025\/10\/abri-voiture-garage.jpg 1537w\" sizes=\"(max-width: 1024px) 100vw, (max-width: 640px) 100vw, 600px\" \/><\/a><\/span><\/div><div class=\"fusion-text fusion-text-11 tags\" style=\"transform:translate3d(0,0,0);\"><p>Carport<\/p>\n<\/div><div class=\"fusion-text fusion-text-12 description\" style=\"transform:translate3d(0,0,0);\"><p style=\"text-align: center;\">Carport avec local ferm\u00e9<\/p>\n<\/div><\/div><\/div><style type=\"text\/css\">.fusion-body .fusion-builder-column-6{width:25% !important;margin-top : 0px;margin-bottom : 20px;}.fusion-builder-column-6 > .fusion-column-wrapper {padding-top : 0px !important;padding-right : 0px !important;margin-right : 7.68%;padding-bottom : 0px !important;padding-left : 0px !important;margin-left : 7.68%;}@media only screen and (max-width:1024px) {.fusion-body .fusion-builder-column-6{width:100% !important;order : 0;}.fusion-builder-column-6 > .fusion-column-wrapper {margin-right : 1.92%;margin-left : 1.92%;}}@media only screen and (max-width:640px) {.fusion-body .fusion-builder-column-6{width:100% !important;order : 0;}.fusion-builder-column-6 > .fusion-column-wrapper {margin-right : 1.92%;margin-left : 1.92%;}}<\/style><div class=\"fusion-layout-column fusion_builder_column fusion-builder-column-7 fusion_builder_column_1_4 1_4 fusion-flex-column img-to-filter\"><div class=\"fusion-column-wrapper fusion-flex-justify-content-flex-start fusion-content-layout-column\" style=\"background-position:left top;background-repeat:no-repeat;-webkit-background-size:cover;-moz-background-size:cover;-o-background-size:cover;background-size:cover;padding: 0px 0px 0px 0px;\"><div ><span class=\"fusion-imageframe imageframe-none imageframe-7 hover-type-none\"><a href=\"https:\/\/www.deco-charpente.fr\/wp-content\/uploads\/2025\/10\/abri-voiture-campagne-e1761730218454.jpg\" class=\"fusion-lightbox\" data-rel=\"iLightbox[gallery-image]\" data-title=\"abri-voiture-campagne\" title=\"abri-voiture-campagne\"><img decoding=\"async\" width=\"1338\" height=\"1110\" src=\"https:\/\/www.deco-charpente.fr\/wp-content\/uploads\/2025\/10\/abri-voiture-campagne-e1761730218454.jpg\" class=\"img-responsive wp-image-12225\" srcset=\"https:\/\/www.deco-charpente.fr\/wp-content\/uploads\/2025\/10\/abri-voiture-campagne-e1761730218454-200x166.jpg 200w, https:\/\/www.deco-charpente.fr\/wp-content\/uploads\/2025\/10\/abri-voiture-campagne-e1761730218454-400x332.jpg 400w, https:\/\/www.deco-charpente.fr\/wp-content\/uploads\/2025\/10\/abri-voiture-campagne-e1761730218454-600x498.jpg 600w, https:\/\/www.deco-charpente.fr\/wp-content\/uploads\/2025\/10\/abri-voiture-campagne-e1761730218454-800x664.jpg 800w, https:\/\/www.deco-charpente.fr\/wp-content\/uploads\/2025\/10\/abri-voiture-campagne-e1761730218454-1200x996.jpg 1200w, https:\/\/www.deco-charpente.fr\/wp-content\/uploads\/2025\/10\/abri-voiture-campagne-e1761730218454.jpg 1338w\" sizes=\"(max-width: 1024px) 100vw, (max-width: 640px) 100vw, 600px\" \/><\/a><\/span><\/div><div class=\"fusion-text fusion-text-13 tags\" style=\"transform:translate3d(0,0,0);\"><p>Carport<\/p>\n<\/div><div class=\"fusion-text fusion-text-14 description\" style=\"transform:translate3d(0,0,0);\"><p style=\"text-align: center;\">Self-supporting shelter<\/p>\n<\/div><\/div><\/div><style type=\"text\/css\">.fusion-body .fusion-builder-column-7{width:25% !important;margin-top : 0px;margin-bottom : 20px;}.fusion-builder-column-7 > .fusion-column-wrapper {padding-top : 0px !important;padding-right : 0px !important;margin-right : 7.68%;padding-bottom : 0px !important;padding-left : 0px !important;margin-left : 7.68%;}@media only screen and (max-width:1024px) {.fusion-body .fusion-builder-column-7{width:100% !important;order : 0;}.fusion-builder-column-7 > .fusion-column-wrapper {margin-right : 1.92%;margin-left : 1.92%;}}@media only screen and (max-width:640px) {.fusion-body .fusion-builder-column-7{width:100% !important;order : 0;}.fusion-builder-column-7 > .fusion-column-wrapper {margin-right : 1.92%;margin-left : 1.92%;}}<\/style><div class=\"fusion-layout-column fusion_builder_column fusion-builder-column-8 fusion_builder_column_1_4 1_4 fusion-flex-column img-to-filter\"><div class=\"fusion-column-wrapper fusion-flex-justify-content-flex-start fusion-content-layout-column\" style=\"background-position:left top;background-repeat:no-repeat;-webkit-background-size:cover;-moz-background-size:cover;-o-background-size:cover;background-size:cover;padding: 0px 0px 0px 0px;\"><div ><span class=\"fusion-imageframe imageframe-none imageframe-8 hover-type-none\"><a href=\"https:\/\/www.deco-charpente.fr\/wp-content\/uploads\/2025\/10\/Abri-voiture-2-places-bois-fonce.jpg\" class=\"fusion-lightbox\" data-rel=\"iLightbox[gallery-image]\" data-title=\"Abri-voiture-2-places-bois-fonce\" title=\"Abri-voiture-2-places-bois-fonce\"><img decoding=\"async\" width=\"1480\" height=\"1920\" src=\"https:\/\/www.deco-charpente.fr\/wp-content\/uploads\/2025\/10\/Abri-voiture-2-places-bois-fonce.jpg\" class=\"img-responsive wp-image-12223\" srcset=\"https:\/\/www.deco-charpente.fr\/wp-content\/uploads\/2025\/10\/Abri-voiture-2-places-bois-fonce-200x259.jpg 200w, https:\/\/www.deco-charpente.fr\/wp-content\/uploads\/2025\/10\/Abri-voiture-2-places-bois-fonce-400x519.jpg 400w, https:\/\/www.deco-charpente.fr\/wp-content\/uploads\/2025\/10\/Abri-voiture-2-places-bois-fonce-600x778.jpg 600w, https:\/\/www.deco-charpente.fr\/wp-content\/uploads\/2025\/10\/Abri-voiture-2-places-bois-fonce-800x1038.jpg 800w, https:\/\/www.deco-charpente.fr\/wp-content\/uploads\/2025\/10\/Abri-voiture-2-places-bois-fonce-1200x1557.jpg 1200w, https:\/\/www.deco-charpente.fr\/wp-content\/uploads\/2025\/10\/Abri-voiture-2-places-bois-fonce.jpg 1480w\" sizes=\"(max-width: 1024px) 100vw, (max-width: 640px) 100vw, 600px\" \/><\/a><\/span><\/div><div class=\"fusion-text fusion-text-15 tags\" style=\"transform:translate3d(0,0,0);\"><p>Carport<\/p>\n<\/div><div class=\"fusion-text fusion-text-16 description\" style=\"transform:translate3d(0,0,0);\"><p style=\"text-align: center;\">Abri monopente<\/p>\n<\/div><\/div><\/div><style type=\"text\/css\">.fusion-body .fusion-builder-column-8{width:25% !important;margin-top : 0px;margin-bottom : 20px;}.fusion-builder-column-8 > .fusion-column-wrapper {padding-top : 0px !important;padding-right : 0px !important;margin-right : 7.68%;padding-bottom : 0px !important;padding-left : 0px !important;margin-left : 7.68%;}@media only screen and (max-width:1024px) {.fusion-body .fusion-builder-column-8{width:100% !important;order : 0;}.fusion-builder-column-8 > .fusion-column-wrapper {margin-right : 1.92%;margin-left : 1.92%;}}@media only screen and (max-width:640px) {.fusion-body .fusion-builder-column-8{width:100% !important;order : 0;}.fusion-builder-column-8 > .fusion-column-wrapper {margin-right : 1.92%;margin-left : 1.92%;}}<\/style><div class=\"fusion-layout-column fusion_builder_column fusion-builder-column-9 fusion_builder_column_1_4 1_4 fusion-flex-column img-to-filter\"><div class=\"fusion-column-wrapper fusion-flex-justify-content-flex-start fusion-content-layout-column\" style=\"background-position:left top;background-repeat:no-repeat;-webkit-background-size:cover;-moz-background-size:cover;-o-background-size:cover;background-size:cover;padding: 0px 0px 0px 0px;\"><div ><span class=\"fusion-imageframe imageframe-none imageframe-9 hover-type-none\"><a href=\"https:\/\/www.deco-charpente.fr\/wp-content\/uploads\/2025\/09\/abri-voiture-vaucluse-porsche.jpg\" class=\"fusion-lightbox\" data-rel=\"iLightbox[gallery-image]\" data-title=\"abri-voiture-vaucluse-porsche\" title=\"abri-voiture-vaucluse-porsche\"><img decoding=\"async\" width=\"1660\" height=\"1920\" src=\"https:\/\/www.deco-charpente.fr\/wp-content\/uploads\/2025\/09\/abri-voiture-vaucluse-porsche.jpg\" class=\"img-responsive wp-image-12205\" srcset=\"https:\/\/www.deco-charpente.fr\/wp-content\/uploads\/2025\/09\/abri-voiture-vaucluse-porsche-200x231.jpg 200w, https:\/\/www.deco-charpente.fr\/wp-content\/uploads\/2025\/09\/abri-voiture-vaucluse-porsche-400x463.jpg 400w, https:\/\/www.deco-charpente.fr\/wp-content\/uploads\/2025\/09\/abri-voiture-vaucluse-porsche-600x694.jpg 600w, https:\/\/www.deco-charpente.fr\/wp-content\/uploads\/2025\/09\/abri-voiture-vaucluse-porsche-800x925.jpg 800w, https:\/\/www.deco-charpente.fr\/wp-content\/uploads\/2025\/09\/abri-voiture-vaucluse-porsche-1200x1388.jpg 1200w, https:\/\/www.deco-charpente.fr\/wp-content\/uploads\/2025\/09\/abri-voiture-vaucluse-porsche.jpg 1660w\" sizes=\"(max-width: 1024px) 100vw, (max-width: 640px) 100vw, 600px\" \/><\/a><\/span><\/div><div class=\"fusion-text fusion-text-17 tags\" style=\"transform:translate3d(0,0,0);\"><p>Carport<\/p>\n<\/div><div class=\"fusion-text fusion-text-18 description\" style=\"transform:translate3d(0,0,0);\"><p style=\"text-align: center;\">Self-supporting 2-slope shelter<\/p>\n<\/div><\/div><\/div><style type=\"text\/css\">.fusion-body .fusion-builder-column-9{width:25% !important;margin-top : 0px;margin-bottom : 20px;}.fusion-builder-column-9 > .fusion-column-wrapper {padding-top : 0px !important;padding-right : 0px !important;margin-right : 7.68%;padding-bottom : 0px !important;padding-left : 0px !important;margin-left : 7.68%;}@media only screen and (max-width:1024px) {.fusion-body .fusion-builder-column-9{width:100% !important;order : 0;}.fusion-builder-column-9 > .fusion-column-wrapper {margin-right : 1.92%;margin-left : 1.92%;}}@media only screen and (max-width:640px) {.fusion-body .fusion-builder-column-9{width:100% !important;order : 0;}.fusion-builder-column-9 > .fusion-column-wrapper {margin-right : 1.92%;margin-left : 1.92%;}}<\/style><div class=\"fusion-layout-column fusion_builder_column fusion-builder-column-10 fusion_builder_column_1_4 1_4 fusion-flex-column img-to-filter\"><div class=\"fusion-column-wrapper fusion-flex-justify-content-flex-start fusion-content-layout-column\" style=\"background-position:left top;background-repeat:no-repeat;-webkit-background-size:cover;-moz-background-size:cover;-o-background-size:cover;background-size:cover;padding: 0px 0px 0px 0px;\"><div ><span class=\"fusion-imageframe imageframe-none imageframe-10 hover-type-none\"><a href=\"https:\/\/www.deco-charpente.fr\/wp-content\/uploads\/2025\/09\/abri-voiture-vaucluse-Bentley.jpg\" class=\"fusion-lightbox\" data-rel=\"iLightbox[gallery-image]\" data-title=\"abri-voiture-vaucluse-Bentley\" title=\"abri-voiture-vaucluse-Bentley\"><img decoding=\"async\" width=\"1596\" height=\"1920\" src=\"https:\/\/www.deco-charpente.fr\/wp-content\/uploads\/2025\/09\/abri-voiture-vaucluse-Bentley.jpg\" class=\"img-responsive wp-image-12204\" srcset=\"https:\/\/www.deco-charpente.fr\/wp-content\/uploads\/2025\/09\/abri-voiture-vaucluse-Bentley-200x241.jpg 200w, https:\/\/www.deco-charpente.fr\/wp-content\/uploads\/2025\/09\/abri-voiture-vaucluse-Bentley-400x481.jpg 400w, https:\/\/www.deco-charpente.fr\/wp-content\/uploads\/2025\/09\/abri-voiture-vaucluse-Bentley-600x722.jpg 600w, https:\/\/www.deco-charpente.fr\/wp-content\/uploads\/2025\/09\/abri-voiture-vaucluse-Bentley-800x962.jpg 800w, https:\/\/www.deco-charpente.fr\/wp-content\/uploads\/2025\/09\/abri-voiture-vaucluse-Bentley-1200x1444.jpg 1200w, https:\/\/www.deco-charpente.fr\/wp-content\/uploads\/2025\/09\/abri-voiture-vaucluse-Bentley.jpg 1596w\" sizes=\"(max-width: 1024px) 100vw, (max-width: 640px) 100vw, 600px\" \/><\/a><\/span><\/div><div class=\"fusion-text fusion-text-19 tags\" style=\"transform:translate3d(0,0,0);\"><p>Carport<\/p>\n<\/div><div class=\"fusion-text fusion-text-20 description\" style=\"transform:translate3d(0,0,0);\"><p style=\"text-align: center;\">Tunnel shelter<\/p>\n<\/div><\/div><\/div><style type=\"text\/css\">.fusion-body .fusion-builder-column-10{width:25% !important;margin-top : 0px;margin-bottom : 20px;}.fusion-builder-column-10 > .fusion-column-wrapper {padding-top : 0px !important;padding-right : 0px !important;margin-right : 7.68%;padding-bottom : 0px !important;padding-left : 0px !important;margin-left : 7.68%;}@media only screen and (max-width:1024px) {.fusion-body .fusion-builder-column-10{width:100% !important;order : 0;}.fusion-builder-column-10 > .fusion-column-wrapper {margin-right : 1.92%;margin-left : 1.92%;}}@media only screen and (max-width:640px) {.fusion-body .fusion-builder-column-10{width:100% !important;order : 0;}.fusion-builder-column-10 > .fusion-column-wrapper {margin-right : 1.92%;margin-left : 1.92%;}}<\/style><div class=\"fusion-layout-column fusion_builder_column fusion-builder-column-11 fusion_builder_column_1_4 1_4 fusion-flex-column img-to-filter\"><div class=\"fusion-column-wrapper fusion-flex-justify-content-flex-start fusion-content-layout-column\" style=\"background-position:left top;background-repeat:no-repeat;-webkit-background-size:cover;-moz-background-size:cover;-o-background-size:cover;background-size:cover;padding: 0px 0px 0px 0px;\"><div ><span class=\"fusion-imageframe imageframe-none imageframe-11 hover-type-none\"><a href=\"https:\/\/www.deco-charpente.fr\/wp-content\/uploads\/2025\/09\/Abri-autoporte-alpes-maritimes.jpg\" class=\"fusion-lightbox\" data-rel=\"iLightbox[gallery-image]\" data-title=\"Abri autoport\u00e9 alpes maritimes\" title=\"Abri autoport\u00e9 alpes maritimes\"><img decoding=\"async\" width=\"1417\" height=\"1702\" src=\"https:\/\/www.deco-charpente.fr\/wp-content\/uploads\/2025\/09\/Abri-autoporte-alpes-maritimes.jpg\" class=\"img-responsive wp-image-12189\" srcset=\"https:\/\/www.deco-charpente.fr\/wp-content\/uploads\/2025\/09\/Abri-autoporte-alpes-maritimes-200x240.jpg 200w, https:\/\/www.deco-charpente.fr\/wp-content\/uploads\/2025\/09\/Abri-autoporte-alpes-maritimes-400x480.jpg 400w, https:\/\/www.deco-charpente.fr\/wp-content\/uploads\/2025\/09\/Abri-autoporte-alpes-maritimes-600x721.jpg 600w, https:\/\/www.deco-charpente.fr\/wp-content\/uploads\/2025\/09\/Abri-autoporte-alpes-maritimes-800x961.jpg 800w, https:\/\/www.deco-charpente.fr\/wp-content\/uploads\/2025\/09\/Abri-autoporte-alpes-maritimes-1200x1441.jpg 1200w, https:\/\/www.deco-charpente.fr\/wp-content\/uploads\/2025\/09\/Abri-autoporte-alpes-maritimes.jpg 1417w\" sizes=\"(max-width: 1024px) 100vw, (max-width: 640px) 100vw, 600px\" \/><\/a><\/span><\/div><div class=\"fusion-text fusion-text-21 tags\" style=\"transform:translate3d(0,0,0);\"><p>Carport<\/p>\n<\/div><div class=\"fusion-text fusion-text-22 description\" style=\"transform:translate3d(0,0,0);\"><p style=\"text-align: center;\">Abri voiture monopente avec PST<\/p>\n<\/div><\/div><\/div><style type=\"text\/css\">.fusion-body .fusion-builder-column-11{width:25% !important;margin-top : 0px;margin-bottom : 20px;}.fusion-builder-column-11 > .fusion-column-wrapper {padding-top : 0px !important;padding-right : 0px !important;margin-right : 7.68%;padding-bottom : 0px !important;padding-left : 0px !important;margin-left : 7.68%;}@media only screen and (max-width:1024px) {.fusion-body .fusion-builder-column-11{width:100% !important;order : 0;}.fusion-builder-column-11 > .fusion-column-wrapper {margin-right : 1.92%;margin-left : 1.92%;}}@media only screen and (max-width:640px) {.fusion-body .fusion-builder-column-11{width:100% !important;order : 0;}.fusion-builder-column-11 > .fusion-column-wrapper {margin-right : 1.92%;margin-left : 1.92%;}}<\/style><div class=\"fusion-layout-column fusion_builder_column fusion-builder-column-12 fusion_builder_column_1_4 1_4 fusion-flex-column img-to-filter\"><div class=\"fusion-column-wrapper fusion-flex-justify-content-flex-start fusion-content-layout-column\" style=\"background-position:left top;background-repeat:no-repeat;-webkit-background-size:cover;-moz-background-size:cover;-o-background-size:cover;background-size:cover;padding: 0px 0px 0px 0px;\"><div ><span class=\"fusion-imageframe imageframe-none imageframe-12 hover-type-none\"><a href=\"https:\/\/www.deco-charpente.fr\/wp-content\/uploads\/2025\/09\/Abri-voiture-double-hyeres.jpg\" class=\"fusion-lightbox\" data-rel=\"iLightbox[gallery-image]\" data-title=\"Abri-voiture-double-hy\u00e8res\" title=\"Abri-voiture-double-hy\u00e8res\"><img decoding=\"async\" width=\"1669\" height=\"1920\" src=\"https:\/\/www.deco-charpente.fr\/wp-content\/uploads\/2025\/09\/Abri-voiture-double-hyeres.jpg\" class=\"img-responsive wp-image-12187\" srcset=\"https:\/\/www.deco-charpente.fr\/wp-content\/uploads\/2025\/09\/Abri-voiture-double-hyeres-200x230.jpg 200w, https:\/\/www.deco-charpente.fr\/wp-content\/uploads\/2025\/09\/Abri-voiture-double-hyeres-400x460.jpg 400w, https:\/\/www.deco-charpente.fr\/wp-content\/uploads\/2025\/09\/Abri-voiture-double-hyeres-600x690.jpg 600w, https:\/\/www.deco-charpente.fr\/wp-content\/uploads\/2025\/09\/Abri-voiture-double-hyeres-800x920.jpg 800w, https:\/\/www.deco-charpente.fr\/wp-content\/uploads\/2025\/09\/Abri-voiture-double-hyeres-1200x1380.jpg 1200w, https:\/\/www.deco-charpente.fr\/wp-content\/uploads\/2025\/09\/Abri-voiture-double-hyeres.jpg 1669w\" sizes=\"(max-width: 1024px) 100vw, (max-width: 640px) 100vw, 600px\" \/><\/a><\/span><\/div><div class=\"fusion-text fusion-text-23 tags\" style=\"transform:translate3d(0,0,0);\"><p>Carport<\/p>\n<\/div><div class=\"fusion-text fusion-text-24 description\" style=\"transform:translate3d(0,0,0);\"><p style=\"text-align: center;\">Abri voiture double toit terrasse<\/p>\n<\/div><\/div><\/div><style type=\"text\/css\">.fusion-body .fusion-builder-column-12{width:25% !important;margin-top : 0px;margin-bottom : 20px;}.fusion-builder-column-12 > .fusion-column-wrapper {padding-top : 0px !important;padding-right : 0px !important;margin-right : 7.68%;padding-bottom : 0px !important;padding-left : 0px !important;margin-left : 7.68%;}@media only screen and (max-width:1024px) {.fusion-body .fusion-builder-column-12{width:100% !important;order : 0;}.fusion-builder-column-12 > .fusion-column-wrapper {margin-right : 1.92%;margin-left : 1.92%;}}@media only screen and (max-width:640px) {.fusion-body .fusion-builder-column-12{width:100% !important;order : 0;}.fusion-builder-column-12 > .fusion-column-wrapper {margin-right : 1.92%;margin-left : 1.92%;}}<\/style><div class=\"fusion-layout-column fusion_builder_column fusion-builder-column-13 fusion_builder_column_1_4 1_4 fusion-flex-column img-to-filter\"><div class=\"fusion-column-wrapper fusion-flex-justify-content-flex-start fusion-content-layout-column\" style=\"background-position:left top;background-repeat:no-repeat;-webkit-background-size:cover;-moz-background-size:cover;-o-background-size:cover;background-size:cover;padding: 0px 0px 0px 0px;\"><div ><span class=\"fusion-imageframe imageframe-none imageframe-13 hover-type-none\"><a href=\"https:\/\/www.deco-charpente.fr\/wp-content\/uploads\/2025\/09\/abri-voiture-panneaux-solaire-recup-eau.jpg\" class=\"fusion-lightbox\" data-rel=\"iLightbox[gallery-image]\" data-caption=\"Abri voiture monopente\" data-title=\"abri-voiture-panneaux-solaire-recup-eau\" title=\"abri-voiture-panneaux-solaire-recup-eau\"><img decoding=\"async\" width=\"1622\" height=\"1920\" src=\"https:\/\/www.deco-charpente.fr\/wp-content\/uploads\/2025\/09\/abri-voiture-panneaux-solaire-recup-eau.jpg\" class=\"img-responsive wp-image-12188\" srcset=\"https:\/\/www.deco-charpente.fr\/wp-content\/uploads\/2025\/09\/abri-voiture-panneaux-solaire-recup-eau-200x237.jpg 200w, https:\/\/www.deco-charpente.fr\/wp-content\/uploads\/2025\/09\/abri-voiture-panneaux-solaire-recup-eau-400x473.jpg 400w, https:\/\/www.deco-charpente.fr\/wp-content\/uploads\/2025\/09\/abri-voiture-panneaux-solaire-recup-eau-600x710.jpg 600w, https:\/\/www.deco-charpente.fr\/wp-content\/uploads\/2025\/09\/abri-voiture-panneaux-solaire-recup-eau-800x947.jpg 800w, https:\/\/www.deco-charpente.fr\/wp-content\/uploads\/2025\/09\/abri-voiture-panneaux-solaire-recup-eau-1200x1420.jpg 1200w, https:\/\/www.deco-charpente.fr\/wp-content\/uploads\/2025\/09\/abri-voiture-panneaux-solaire-recup-eau.jpg 1622w\" sizes=\"(max-width: 1024px) 100vw, (max-width: 640px) 100vw, 600px\" \/><\/a><\/span><\/div><div class=\"fusion-text fusion-text-25 tags\" style=\"transform:translate3d(0,0,0);\"><p>Carport<\/p>\n<\/div><div class=\"fusion-text fusion-text-26 description\" style=\"transform:translate3d(0,0,0);\"><p style=\"text-align: center;\">Single-slope carport<\/p>\n<\/div><\/div><\/div><style type=\"text\/css\">.fusion-body .fusion-builder-column-13{width:25% !important;margin-top : 0px;margin-bottom : 20px;}.fusion-builder-column-13 > .fusion-column-wrapper {padding-top : 0px !important;padding-right : 0px !important;margin-right : 7.68%;padding-bottom : 0px !important;padding-left : 0px !important;margin-left : 7.68%;}@media only screen and (max-width:1024px) {.fusion-body .fusion-builder-column-13{width:100% !important;order : 0;}.fusion-builder-column-13 > .fusion-column-wrapper {margin-right : 1.92%;margin-left : 1.92%;}}@media only screen and (max-width:640px) {.fusion-body .fusion-builder-column-13{width:100% !important;order : 0;}.fusion-builder-column-13 > .fusion-column-wrapper {margin-right : 1.92%;margin-left : 1.92%;}}<\/style><div class=\"fusion-layout-column fusion_builder_column fusion-builder-column-14 fusion_builder_column_1_4 1_4 fusion-flex-column img-to-filter\"><div class=\"fusion-column-wrapper fusion-flex-justify-content-flex-start fusion-content-layout-column\" style=\"background-position:left top;background-repeat:no-repeat;-webkit-background-size:cover;-moz-background-size:cover;-o-background-size:cover;background-size:cover;padding: 0px 0px 0px 0px;\"><div ><span class=\"fusion-imageframe imageframe-none imageframe-14 hover-type-none\"><a href=\"https:\/\/www.deco-charpente.fr\/wp-content\/uploads\/2025\/07\/IMG_4318.jpg\" class=\"fusion-lightbox\" data-rel=\"iLightbox[gallery-image]\" data-title=\"IMG_4318\" title=\"IMG_4318\"><img decoding=\"async\" width=\"1920\" height=\"1440\" src=\"https:\/\/www.deco-charpente.fr\/wp-content\/uploads\/2025\/07\/IMG_4318.jpg\" class=\"img-responsive wp-image-12073\" srcset=\"https:\/\/www.deco-charpente.fr\/wp-content\/uploads\/2025\/07\/IMG_4318-200x150.jpg 200w, https:\/\/www.deco-charpente.fr\/wp-content\/uploads\/2025\/07\/IMG_4318-400x300.jpg 400w, https:\/\/www.deco-charpente.fr\/wp-content\/uploads\/2025\/07\/IMG_4318-600x450.jpg 600w, https:\/\/www.deco-charpente.fr\/wp-content\/uploads\/2025\/07\/IMG_4318-800x600.jpg 800w, https:\/\/www.deco-charpente.fr\/wp-content\/uploads\/2025\/07\/IMG_4318-1200x900.jpg 1200w, https:\/\/www.deco-charpente.fr\/wp-content\/uploads\/2025\/07\/IMG_4318.jpg 1920w\" sizes=\"(max-width: 1024px) 100vw, (max-width: 640px) 100vw, 600px\" \/><\/a><\/span><\/div><div class=\"fusion-text fusion-text-27 tags\" style=\"transform:translate3d(0,0,0);\"><p>Lean-to &amp; Awning<\/p>\n<\/div><div class=\"fusion-text fusion-text-28 description\" style=\"transform:translate3d(0,0,0);\"><p style=\"text-align: center;\">Appentis &amp; Auvent design en bois<\/p>\n<\/div><\/div><\/div><style type=\"text\/css\">.fusion-body .fusion-builder-column-14{width:25% !important;margin-top : 0px;margin-bottom : 20px;}.fusion-builder-column-14 > .fusion-column-wrapper {padding-top : 0px !important;padding-right : 0px !important;margin-right : 7.68%;padding-bottom : 0px !important;padding-left : 0px !important;margin-left : 7.68%;}@media only screen and (max-width:1024px) {.fusion-body .fusion-builder-column-14{width:100% !important;order : 0;}.fusion-builder-column-14 > .fusion-column-wrapper {margin-right : 1.92%;margin-left : 1.92%;}}@media only screen and (max-width:640px) {.fusion-body .fusion-builder-column-14{width:100% !important;order : 0;}.fusion-builder-column-14 > .fusion-column-wrapper {margin-right : 1.92%;margin-left : 1.92%;}}<\/style><div class=\"fusion-layout-column fusion_builder_column fusion-builder-column-15 fusion_builder_column_1_4 1_4 fusion-flex-column img-to-filter\"><div class=\"fusion-column-wrapper fusion-flex-justify-content-flex-start fusion-content-layout-column\" style=\"background-position:left top;background-repeat:no-repeat;-webkit-background-size:cover;-moz-background-size:cover;-o-background-size:cover;background-size:cover;padding: 0px 0px 0px 0px;\"><div ><span class=\"fusion-imageframe imageframe-none imageframe-15 hover-type-none\"><a href=\"https:\/\/www.deco-charpente.fr\/wp-content\/uploads\/2025\/07\/IMG_9368-e1753859923576.jpg\" class=\"fusion-lightbox\" data-rel=\"iLightbox[gallery-image]\" data-title=\"IMG_9368\" title=\"IMG_9368\"><img decoding=\"async\" width=\"883\" height=\"666\" alt=\"Image repr\u00e9sentant un abri D\u00e9co Charpente reposant sur des murs existants.\" src=\"https:\/\/www.deco-charpente.fr\/wp-content\/uploads\/2025\/07\/IMG_9368-e1753859923576.jpg\" class=\"img-responsive wp-image-12133\" srcset=\"https:\/\/www.deco-charpente.fr\/wp-content\/uploads\/2025\/07\/IMG_9368-e1753859923576-200x151.jpg 200w, https:\/\/www.deco-charpente.fr\/wp-content\/uploads\/2025\/07\/IMG_9368-e1753859923576-400x302.jpg 400w, https:\/\/www.deco-charpente.fr\/wp-content\/uploads\/2025\/07\/IMG_9368-e1753859923576-600x453.jpg 600w, https:\/\/www.deco-charpente.fr\/wp-content\/uploads\/2025\/07\/IMG_9368-e1753859923576-800x603.jpg 800w, https:\/\/www.deco-charpente.fr\/wp-content\/uploads\/2025\/07\/IMG_9368-e1753859923576.jpg 883w\" sizes=\"(max-width: 1024px) 100vw, (max-width: 640px) 100vw, 600px\" \/><\/a><\/span><\/div><div class=\"fusion-text fusion-text-29 tags\" style=\"transform:translate3d(0,0,0);\"><p>Carport<\/p>\n<\/div><div class=\"fusion-text fusion-text-30 description\" style=\"transform:translate3d(0,0,0);\"><p style=\"text-align: center;\">Large format carport<\/p>\n<\/div><\/div><\/div><style type=\"text\/css\">.fusion-body .fusion-builder-column-15{width:25% !important;margin-top : 0px;margin-bottom : 20px;}.fusion-builder-column-15 > .fusion-column-wrapper {padding-top : 0px !important;padding-right : 0px !important;margin-right : 7.68%;padding-bottom : 0px !important;padding-left : 0px !important;margin-left : 7.68%;}@media only screen and (max-width:1024px) {.fusion-body .fusion-builder-column-15{width:100% !important;order : 0;}.fusion-builder-column-15 > .fusion-column-wrapper {margin-right : 1.92%;margin-left : 1.92%;}}@media only screen and (max-width:640px) {.fusion-body .fusion-builder-column-15{width:100% !important;order : 0;}.fusion-builder-column-15 > .fusion-column-wrapper {margin-right : 1.92%;margin-left : 1.92%;}}<\/style><div class=\"fusion-layout-column fusion_builder_column fusion-builder-column-16 fusion_builder_column_1_4 1_4 fusion-flex-column img-to-filter\"><div class=\"fusion-column-wrapper fusion-flex-justify-content-flex-start fusion-content-layout-column\" style=\"background-position:left top;background-repeat:no-repeat;-webkit-background-size:cover;-moz-background-size:cover;-o-background-size:cover;background-size:cover;padding: 0px 0px 0px 0px;\"><div ><span class=\"fusion-imageframe imageframe-none imageframe-16 hover-type-none\"><a href=\"https:\/\/www.deco-charpente.fr\/wp-content\/uploads\/2025\/07\/IMG_1572-e1753775551928.jpg\" class=\"fusion-lightbox\" data-rel=\"iLightbox[gallery-image]\" data-title=\"IMG_1572\" title=\"IMG_1572\"><img decoding=\"async\" width=\"1837\" height=\"1440\" src=\"https:\/\/www.deco-charpente.fr\/wp-content\/uploads\/2025\/07\/IMG_1572-e1753775551928.jpg\" class=\"img-responsive wp-image-12100\" srcset=\"https:\/\/www.deco-charpente.fr\/wp-content\/uploads\/2025\/07\/IMG_1572-e1753775551928-200x157.jpg 200w, https:\/\/www.deco-charpente.fr\/wp-content\/uploads\/2025\/07\/IMG_1572-e1753775551928-400x314.jpg 400w, https:\/\/www.deco-charpente.fr\/wp-content\/uploads\/2025\/07\/IMG_1572-e1753775551928-600x470.jpg 600w, https:\/\/www.deco-charpente.fr\/wp-content\/uploads\/2025\/07\/IMG_1572-e1753775551928-800x627.jpg 800w, https:\/\/www.deco-charpente.fr\/wp-content\/uploads\/2025\/07\/IMG_1572-e1753775551928-1200x941.jpg 1200w, https:\/\/www.deco-charpente.fr\/wp-content\/uploads\/2025\/07\/IMG_1572-e1753775551928.jpg 1837w\" sizes=\"(max-width: 1024px) 100vw, (max-width: 640px) 100vw, 600px\" \/><\/a><\/span><\/div><div class=\"fusion-text fusion-text-31 tags\" style=\"transform:translate3d(0,0,0);\"><p>Carport<\/p>\n<\/div><div class=\"fusion-text fusion-text-32 description\" style=\"transform:translate3d(0,0,0);\"><p style=\"text-align: center;\">Large format carport<\/p>\n<\/div><\/div><\/div><style type=\"text\/css\">.fusion-body .fusion-builder-column-16{width:25% !important;margin-top : 0px;margin-bottom : 20px;}.fusion-builder-column-16 > .fusion-column-wrapper {padding-top : 0px !important;padding-right : 0px !important;margin-right : 7.68%;padding-bottom : 0px !important;padding-left : 0px !important;margin-left : 7.68%;}@media only screen and (max-width:1024px) {.fusion-body .fusion-builder-column-16{width:100% !important;order : 0;}.fusion-builder-column-16 > .fusion-column-wrapper {margin-right : 1.92%;margin-left : 1.92%;}}@media only screen and (max-width:640px) {.fusion-body .fusion-builder-column-16{width:100% !important;order : 0;}.fusion-builder-column-16 > .fusion-column-wrapper {margin-right : 1.92%;margin-left : 1.92%;}}<\/style><div class=\"fusion-layout-column fusion_builder_column fusion-builder-column-17 fusion_builder_column_1_4 1_4 fusion-flex-column img-to-filter\"><div class=\"fusion-column-wrapper fusion-flex-justify-content-flex-start fusion-content-layout-column\" style=\"background-position:left top;background-repeat:no-repeat;-webkit-background-size:cover;-moz-background-size:cover;-o-background-size:cover;background-size:cover;padding: 0px 0px 0px 0px;\"><div ><span class=\"fusion-imageframe imageframe-none imageframe-17 hover-type-none\"><a href=\"https:\/\/www.deco-charpente.fr\/wp-content\/uploads\/2025\/07\/IMG_1291.jpg\" class=\"fusion-lightbox\" data-rel=\"iLightbox[gallery-image]\" data-title=\"IMG_1291\" title=\"IMG_1291\"><img decoding=\"async\" width=\"1920\" height=\"1440\" src=\"https:\/\/www.deco-charpente.fr\/wp-content\/uploads\/2025\/07\/IMG_1291.jpg\" class=\"img-responsive wp-image-12108\" srcset=\"https:\/\/www.deco-charpente.fr\/wp-content\/uploads\/2025\/07\/IMG_1291-200x150.jpg 200w, https:\/\/www.deco-charpente.fr\/wp-content\/uploads\/2025\/07\/IMG_1291-400x300.jpg 400w, https:\/\/www.deco-charpente.fr\/wp-content\/uploads\/2025\/07\/IMG_1291-600x450.jpg 600w, https:\/\/www.deco-charpente.fr\/wp-content\/uploads\/2025\/07\/IMG_1291-800x600.jpg 800w, https:\/\/www.deco-charpente.fr\/wp-content\/uploads\/2025\/07\/IMG_1291-1200x900.jpg 1200w, https:\/\/www.deco-charpente.fr\/wp-content\/uploads\/2025\/07\/IMG_1291.jpg 1920w\" sizes=\"(max-width: 1024px) 100vw, (max-width: 640px) 100vw, 600px\" \/><\/a><\/span><\/div><div class=\"fusion-text fusion-text-33 tags\" style=\"transform:translate3d(0,0,0);\"><p>Lean-to &amp; Awning<\/p>\n<\/div><div class=\"fusion-text fusion-text-34 description\" style=\"transform:translate3d(0,0,0);\"><p style=\"text-align: center;\">Appentis &amp; Auvent grand format<\/p>\n<\/div><\/div><\/div><style type=\"text\/css\">.fusion-body .fusion-builder-column-17{width:25% !important;margin-top : 0px;margin-bottom : 20px;}.fusion-builder-column-17 > .fusion-column-wrapper {padding-top : 0px !important;padding-right : 0px !important;margin-right : 7.68%;padding-bottom : 0px !important;padding-left : 0px !important;margin-left : 7.68%;}@media only screen and (max-width:1024px) {.fusion-body .fusion-builder-column-17{width:100% !important;order : 0;}.fusion-builder-column-17 > .fusion-column-wrapper {margin-right : 1.92%;margin-left : 1.92%;}}@media only screen and (max-width:640px) {.fusion-body .fusion-builder-column-17{width:100% !important;order : 0;}.fusion-builder-column-17 > .fusion-column-wrapper {margin-right : 1.92%;margin-left : 1.92%;}}<\/style><div class=\"fusion-layout-column fusion_builder_column fusion-builder-column-18 fusion_builder_column_1_4 1_4 fusion-flex-column img-to-filter\"><div class=\"fusion-column-wrapper fusion-flex-justify-content-flex-start fusion-content-layout-column\" style=\"background-position:left top;background-repeat:no-repeat;-webkit-background-size:cover;-moz-background-size:cover;-o-background-size:cover;background-size:cover;padding: 0px 0px 0px 0px;\"><div ><span class=\"fusion-imageframe imageframe-none imageframe-18 hover-type-none\"><a href=\"https:\/\/www.deco-charpente.fr\/wp-content\/uploads\/2025\/07\/IMG_6070.jpg\" class=\"fusion-lightbox\" data-rel=\"iLightbox[gallery-image]\" data-title=\"IMG_6070\" title=\"IMG_6070\"><img decoding=\"async\" width=\"1920\" height=\"1440\" src=\"https:\/\/www.deco-charpente.fr\/wp-content\/uploads\/2025\/07\/IMG_6070.jpg\" class=\"img-responsive wp-image-12054\" srcset=\"https:\/\/www.deco-charpente.fr\/wp-content\/uploads\/2025\/07\/IMG_6070-200x150.jpg 200w, https:\/\/www.deco-charpente.fr\/wp-content\/uploads\/2025\/07\/IMG_6070-400x300.jpg 400w, https:\/\/www.deco-charpente.fr\/wp-content\/uploads\/2025\/07\/IMG_6070-600x450.jpg 600w, https:\/\/www.deco-charpente.fr\/wp-content\/uploads\/2025\/07\/IMG_6070-800x600.jpg 800w, https:\/\/www.deco-charpente.fr\/wp-content\/uploads\/2025\/07\/IMG_6070-1200x900.jpg 1200w, https:\/\/www.deco-charpente.fr\/wp-content\/uploads\/2025\/07\/IMG_6070.jpg 1920w\" sizes=\"(max-width: 1024px) 100vw, (max-width: 640px) 100vw, 600px\" \/><\/a><\/span><\/div><div class=\"fusion-text fusion-text-35 tags\" style=\"transform:translate3d(0,0,0);\"><p>Pergola<\/p>\n<\/div><div class=\"fusion-text fusion-text-36 description\" style=\"transform:translate3d(0,0,0);\"><p style=\"text-align: center;\">Pergola jardin<\/p>\n<\/div><\/div><\/div><style type=\"text\/css\">.fusion-body .fusion-builder-column-18{width:25% !important;margin-top : 0px;margin-bottom : 20px;}.fusion-builder-column-18 > .fusion-column-wrapper {padding-top : 0px !important;padding-right : 0px !important;margin-right : 7.68%;padding-bottom : 0px !important;padding-left : 0px !important;margin-left : 7.68%;}@media only screen and (max-width:1024px) {.fusion-body .fusion-builder-column-18{width:100% !important;order : 0;}.fusion-builder-column-18 > .fusion-column-wrapper {margin-right : 1.92%;margin-left : 1.92%;}}@media only screen and (max-width:640px) {.fusion-body .fusion-builder-column-18{width:100% !important;order : 0;}.fusion-builder-column-18 > .fusion-column-wrapper {margin-right : 1.92%;margin-left : 1.92%;}}<\/style><div class=\"fusion-layout-column fusion_builder_column fusion-builder-column-19 fusion_builder_column_1_4 1_4 fusion-flex-column img-to-filter\"><div class=\"fusion-column-wrapper fusion-flex-justify-content-flex-start fusion-content-layout-column\" style=\"background-position:left top;background-repeat:no-repeat;-webkit-background-size:cover;-moz-background-size:cover;-o-background-size:cover;background-size:cover;padding: 0px 0px 0px 0px;\"><div ><span class=\"fusion-imageframe imageframe-none imageframe-19 hover-type-none\"><a href=\"https:\/\/www.deco-charpente.fr\/wp-content\/uploads\/2025\/07\/IMG_3322.jpg\" class=\"fusion-lightbox\" data-rel=\"iLightbox[gallery-image]\" data-title=\"IMG_3322\" title=\"IMG_3322\"><img decoding=\"async\" width=\"1920\" height=\"1440\" src=\"https:\/\/www.deco-charpente.fr\/wp-content\/uploads\/2025\/07\/IMG_3322.jpg\" class=\"img-responsive wp-image-12094\" srcset=\"https:\/\/www.deco-charpente.fr\/wp-content\/uploads\/2025\/07\/IMG_3322-200x150.jpg 200w, https:\/\/www.deco-charpente.fr\/wp-content\/uploads\/2025\/07\/IMG_3322-400x300.jpg 400w, https:\/\/www.deco-charpente.fr\/wp-content\/uploads\/2025\/07\/IMG_3322-600x450.jpg 600w, https:\/\/www.deco-charpente.fr\/wp-content\/uploads\/2025\/07\/IMG_3322-800x600.jpg 800w, https:\/\/www.deco-charpente.fr\/wp-content\/uploads\/2025\/07\/IMG_3322-1200x900.jpg 1200w, https:\/\/www.deco-charpente.fr\/wp-content\/uploads\/2025\/07\/IMG_3322.jpg 1920w\" sizes=\"(max-width: 1024px) 100vw, (max-width: 640px) 100vw, 600px\" \/><\/a><\/span><\/div><div class=\"fusion-text fusion-text-37 tags\" style=\"transform:translate3d(0,0,0);\"><p>Pool house &amp; Kiosk<\/p>\n<\/div><div class=\"fusion-text fusion-text-38 description\" style=\"transform:translate3d(0,0,0);\"><p style=\"text-align: center;\">Pool house &amp; kiosque double pente<\/p>\n<\/div><\/div><\/div><style type=\"text\/css\">.fusion-body .fusion-builder-column-19{width:25% !important;margin-top : 0px;margin-bottom : 20px;}.fusion-builder-column-19 > .fusion-column-wrapper {padding-top : 0px !important;padding-right : 0px !important;margin-right : 7.68%;padding-bottom : 0px !important;padding-left : 0px !important;margin-left : 7.68%;}@media only screen and (max-width:1024px) {.fusion-body .fusion-builder-column-19{width:100% !important;order : 0;}.fusion-builder-column-19 > .fusion-column-wrapper {margin-right : 1.92%;margin-left : 1.92%;}}@media only screen and (max-width:640px) {.fusion-body .fusion-builder-column-19{width:100% !important;order : 0;}.fusion-builder-column-19 > .fusion-column-wrapper {margin-right : 1.92%;margin-left : 1.92%;}}<\/style><div class=\"fusion-layout-column fusion_builder_column fusion-builder-column-20 fusion_builder_column_1_4 1_4 fusion-flex-column img-to-filter\"><div class=\"fusion-column-wrapper fusion-flex-justify-content-flex-start fusion-content-layout-column\" style=\"background-position:left top;background-repeat:no-repeat;-webkit-background-size:cover;-moz-background-size:cover;-o-background-size:cover;background-size:cover;padding: 0px 0px 0px 0px;\"><div ><span class=\"fusion-imageframe imageframe-none imageframe-20 hover-type-none\"><a href=\"https:\/\/www.deco-charpente.fr\/wp-content\/uploads\/2025\/07\/IMG_1647.jpg\" class=\"fusion-lightbox\" data-rel=\"iLightbox[gallery-image]\" data-title=\"IMG_1647\" title=\"IMG_1647\"><img decoding=\"async\" width=\"1920\" height=\"1440\" src=\"https:\/\/www.deco-charpente.fr\/wp-content\/uploads\/2025\/07\/IMG_1647.jpg\" class=\"img-responsive wp-image-12101\" srcset=\"https:\/\/www.deco-charpente.fr\/wp-content\/uploads\/2025\/07\/IMG_1647-200x150.jpg 200w, https:\/\/www.deco-charpente.fr\/wp-content\/uploads\/2025\/07\/IMG_1647-400x300.jpg 400w, https:\/\/www.deco-charpente.fr\/wp-content\/uploads\/2025\/07\/IMG_1647-600x450.jpg 600w, https:\/\/www.deco-charpente.fr\/wp-content\/uploads\/2025\/07\/IMG_1647-800x600.jpg 800w, https:\/\/www.deco-charpente.fr\/wp-content\/uploads\/2025\/07\/IMG_1647-1200x900.jpg 1200w, https:\/\/www.deco-charpente.fr\/wp-content\/uploads\/2025\/07\/IMG_1647.jpg 1920w\" sizes=\"(max-width: 1024px) 100vw, (max-width: 640px) 100vw, 600px\" \/><\/a><\/span><\/div><div class=\"fusion-text fusion-text-39 tags\" style=\"transform:translate3d(0,0,0);\"><p>Carport<\/p>\n<\/div><div class=\"fusion-text fusion-text-40 description\" style=\"transform:translate3d(0,0,0);\"><p style=\"text-align: center;\">Abri voiture double place<\/p>\n<\/div><\/div><\/div><style type=\"text\/css\">.fusion-body .fusion-builder-column-20{width:25% !important;margin-top : 0px;margin-bottom : 20px;}.fusion-builder-column-20 > .fusion-column-wrapper {padding-top : 0px !important;padding-right : 0px !important;margin-right : 7.68%;padding-bottom : 0px !important;padding-left : 0px !important;margin-left : 7.68%;}@media only screen and (max-width:1024px) {.fusion-body .fusion-builder-column-20{width:100% !important;order : 0;}.fusion-builder-column-20 > .fusion-column-wrapper {margin-right : 1.92%;margin-left : 1.92%;}}@media only screen and (max-width:640px) {.fusion-body .fusion-builder-column-20{width:100% !important;order : 0;}.fusion-builder-column-20 > .fusion-column-wrapper {margin-right : 1.92%;margin-left : 1.92%;}}<\/style><div class=\"fusion-layout-column fusion_builder_column fusion-builder-column-21 fusion_builder_column_1_4 1_4 fusion-flex-column img-to-filter\"><div class=\"fusion-column-wrapper fusion-flex-justify-content-flex-start fusion-content-layout-column\" style=\"background-position:left top;background-repeat:no-repeat;-webkit-background-size:cover;-moz-background-size:cover;-o-background-size:cover;background-size:cover;padding: 0px 0px 0px 0px;\"><div ><span class=\"fusion-imageframe imageframe-none imageframe-21 hover-type-none\"><a href=\"https:\/\/www.deco-charpente.fr\/wp-content\/uploads\/2025\/07\/IMG_0875.jpg\" class=\"fusion-lightbox\" data-rel=\"iLightbox[gallery-image]\" data-title=\"IMG_0875\" title=\"IMG_0875\"><img decoding=\"async\" width=\"1920\" height=\"1440\" src=\"https:\/\/www.deco-charpente.fr\/wp-content\/uploads\/2025\/07\/IMG_0875.jpg\" class=\"img-responsive wp-image-12117\" srcset=\"https:\/\/www.deco-charpente.fr\/wp-content\/uploads\/2025\/07\/IMG_0875-200x150.jpg 200w, https:\/\/www.deco-charpente.fr\/wp-content\/uploads\/2025\/07\/IMG_0875-400x300.jpg 400w, https:\/\/www.deco-charpente.fr\/wp-content\/uploads\/2025\/07\/IMG_0875-600x450.jpg 600w, https:\/\/www.deco-charpente.fr\/wp-content\/uploads\/2025\/07\/IMG_0875-800x600.jpg 800w, https:\/\/www.deco-charpente.fr\/wp-content\/uploads\/2025\/07\/IMG_0875-1200x900.jpg 1200w, https:\/\/www.deco-charpente.fr\/wp-content\/uploads\/2025\/07\/IMG_0875.jpg 1920w\" sizes=\"(max-width: 1024px) 100vw, (max-width: 640px) 100vw, 600px\" \/><\/a><\/span><\/div><div class=\"fusion-text fusion-text-41 tags\" style=\"transform:translate3d(0,0,0);\"><p>Lean-to &amp; Awning<\/p>\n<\/div><div class=\"fusion-text fusion-text-42 description\" style=\"transform:translate3d(0,0,0);\"><p style=\"text-align: center;\">Appentis &amp; auvent deux pentes<\/p>\n<\/div><\/div><\/div><style type=\"text\/css\">.fusion-body .fusion-builder-column-21{width:25% !important;margin-top : 0px;margin-bottom : 20px;}.fusion-builder-column-21 > .fusion-column-wrapper {padding-top : 0px !important;padding-right : 0px !important;margin-right : 7.68%;padding-bottom : 0px !important;padding-left : 0px !important;margin-left : 7.68%;}@media only screen and (max-width:1024px) {.fusion-body .fusion-builder-column-21{width:100% !important;order : 0;}.fusion-builder-column-21 > .fusion-column-wrapper {margin-right : 1.92%;margin-left : 1.92%;}}@media only screen and (max-width:640px) {.fusion-body .fusion-builder-column-21{width:100% !important;order : 0;}.fusion-builder-column-21 > .fusion-column-wrapper {margin-right : 1.92%;margin-left : 1.92%;}}<\/style><div class=\"fusion-layout-column fusion_builder_column fusion-builder-column-22 fusion_builder_column_1_4 1_4 fusion-flex-column img-to-filter\"><div class=\"fusion-column-wrapper fusion-flex-justify-content-flex-start fusion-content-layout-column\" style=\"background-position:left top;background-repeat:no-repeat;-webkit-background-size:cover;-moz-background-size:cover;-o-background-size:cover;background-size:cover;padding: 0px 0px 0px 0px;\"><div ><span class=\"fusion-imageframe imageframe-none imageframe-22 hover-type-none\"><a href=\"https:\/\/www.deco-charpente.fr\/wp-content\/uploads\/2025\/07\/IMG_0322.jpg\" class=\"fusion-lightbox\" data-rel=\"iLightbox[gallery-image]\" data-title=\"IMG_0322\" title=\"IMG_0322\"><img decoding=\"async\" width=\"1920\" height=\"1440\" src=\"https:\/\/www.deco-charpente.fr\/wp-content\/uploads\/2025\/07\/IMG_0322.jpg\" class=\"img-responsive wp-image-12123\" srcset=\"https:\/\/www.deco-charpente.fr\/wp-content\/uploads\/2025\/07\/IMG_0322-200x150.jpg 200w, https:\/\/www.deco-charpente.fr\/wp-content\/uploads\/2025\/07\/IMG_0322-400x300.jpg 400w, https:\/\/www.deco-charpente.fr\/wp-content\/uploads\/2025\/07\/IMG_0322-600x450.jpg 600w, https:\/\/www.deco-charpente.fr\/wp-content\/uploads\/2025\/07\/IMG_0322-800x600.jpg 800w, https:\/\/www.deco-charpente.fr\/wp-content\/uploads\/2025\/07\/IMG_0322-1200x900.jpg 1200w, https:\/\/www.deco-charpente.fr\/wp-content\/uploads\/2025\/07\/IMG_0322.jpg 1920w\" sizes=\"(max-width: 1024px) 100vw, (max-width: 640px) 100vw, 600px\" \/><\/a><\/span><\/div><div class=\"fusion-text fusion-text-43 tags\" style=\"transform:translate3d(0,0,0);\"><p>Pool house &amp; Kiosk<\/p>\n<\/div><div class=\"fusion-text fusion-text-44 description\" style=\"transform:translate3d(0,0,0);\"><p style=\"text-align: center;\">Kiosque terrasse<\/p>\n<\/div><\/div><\/div><style type=\"text\/css\">.fusion-body .fusion-builder-column-22{width:25% !important;margin-top : 0px;margin-bottom : 20px;}.fusion-builder-column-22 > .fusion-column-wrapper {padding-top : 0px !important;padding-right : 0px !important;margin-right : 7.68%;padding-bottom : 0px !important;padding-left : 0px !important;margin-left : 7.68%;}@media only screen and (max-width:1024px) {.fusion-body .fusion-builder-column-22{width:100% !important;order : 0;}.fusion-builder-column-22 > .fusion-column-wrapper {margin-right : 1.92%;margin-left : 1.92%;}}@media only screen and (max-width:640px) {.fusion-body .fusion-builder-column-22{width:100% !important;order : 0;}.fusion-builder-column-22 > .fusion-column-wrapper {margin-right : 1.92%;margin-left : 1.92%;}}<\/style><div class=\"fusion-layout-column fusion_builder_column fusion-builder-column-23 fusion_builder_column_1_4 1_4 fusion-flex-column img-to-filter\"><div class=\"fusion-column-wrapper fusion-flex-justify-content-flex-start fusion-content-layout-column\" style=\"background-position:left top;background-repeat:no-repeat;-webkit-background-size:cover;-moz-background-size:cover;-o-background-size:cover;background-size:cover;padding: 0px 0px 0px 0px;\"><div ><span class=\"fusion-imageframe imageframe-none imageframe-23 hover-type-none\"><a href=\"https:\/\/www.deco-charpente.fr\/wp-content\/uploads\/2025\/07\/IMG_4411.jpg\" class=\"fusion-lightbox\" data-rel=\"iLightbox[gallery-image]\" data-title=\"IMG_4411\" title=\"IMG_4411\"><img decoding=\"async\" width=\"1920\" height=\"1440\" src=\"https:\/\/www.deco-charpente.fr\/wp-content\/uploads\/2025\/07\/IMG_4411.jpg\" class=\"img-responsive wp-image-12074\" srcset=\"https:\/\/www.deco-charpente.fr\/wp-content\/uploads\/2025\/07\/IMG_4411-200x150.jpg 200w, https:\/\/www.deco-charpente.fr\/wp-content\/uploads\/2025\/07\/IMG_4411-400x300.jpg 400w, https:\/\/www.deco-charpente.fr\/wp-content\/uploads\/2025\/07\/IMG_4411-600x450.jpg 600w, https:\/\/www.deco-charpente.fr\/wp-content\/uploads\/2025\/07\/IMG_4411-800x600.jpg 800w, https:\/\/www.deco-charpente.fr\/wp-content\/uploads\/2025\/07\/IMG_4411-1200x900.jpg 1200w, https:\/\/www.deco-charpente.fr\/wp-content\/uploads\/2025\/07\/IMG_4411.jpg 1920w\" sizes=\"(max-width: 1024px) 100vw, (max-width: 640px) 100vw, 600px\" \/><\/a><\/span><\/div><div class=\"fusion-text fusion-text-45 tags\" style=\"transform:translate3d(0,0,0);\"><p>Carport<\/p>\n<\/div><div class=\"fusion-text fusion-text-46 description\" style=\"transform:translate3d(0,0,0);\"><p style=\"text-align: center;\">Abri voiture double place<\/p>\n<\/div><\/div><\/div><style type=\"text\/css\">.fusion-body .fusion-builder-column-23{width:25% !important;margin-top : 0px;margin-bottom : 20px;}.fusion-builder-column-23 > .fusion-column-wrapper {padding-top : 0px !important;padding-right : 0px !important;margin-right : 7.68%;padding-bottom : 0px !important;padding-left : 0px !important;margin-left : 7.68%;}@media only screen and (max-width:1024px) {.fusion-body .fusion-builder-column-23{width:100% !important;order : 0;}.fusion-builder-column-23 > .fusion-column-wrapper {margin-right : 1.92%;margin-left : 1.92%;}}@media only screen and (max-width:640px) {.fusion-body .fusion-builder-column-23{width:100% !important;order : 0;}.fusion-builder-column-23 > .fusion-column-wrapper {margin-right : 1.92%;margin-left : 1.92%;}}<\/style><div class=\"fusion-layout-column fusion_builder_column fusion-builder-column-24 fusion_builder_column_1_4 1_4 fusion-flex-column img-to-filter\"><div class=\"fusion-column-wrapper fusion-flex-justify-content-flex-start fusion-content-layout-column\" style=\"background-position:left top;background-repeat:no-repeat;-webkit-background-size:cover;-moz-background-size:cover;-o-background-size:cover;background-size:cover;padding: 0px 0px 0px 0px;\"><div ><span class=\"fusion-imageframe imageframe-none imageframe-24 hover-type-none\"><a href=\"https:\/\/www.deco-charpente.fr\/wp-content\/uploads\/2025\/03\/IMG_4447.jpg\" class=\"fusion-lightbox\" data-rel=\"iLightbox[gallery-image]\" data-title=\"IMG_4447\" title=\"IMG_4447\"><img decoding=\"async\" width=\"851\" height=\"864\" alt=\"Nouveau contact D\u00e9co Charpente dans les Bouches-du-Rh\u00f4ne\" src=\"https:\/\/www.deco-charpente.fr\/wp-content\/uploads\/2025\/03\/IMG_4447.jpg\" class=\"img-responsive wp-image-11601\" srcset=\"https:\/\/www.deco-charpente.fr\/wp-content\/uploads\/2025\/03\/IMG_4447-200x203.jpg 200w, https:\/\/www.deco-charpente.fr\/wp-content\/uploads\/2025\/03\/IMG_4447-400x406.jpg 400w, https:\/\/www.deco-charpente.fr\/wp-content\/uploads\/2025\/03\/IMG_4447-600x609.jpg 600w, https:\/\/www.deco-charpente.fr\/wp-content\/uploads\/2025\/03\/IMG_4447-800x812.jpg 800w, https:\/\/www.deco-charpente.fr\/wp-content\/uploads\/2025\/03\/IMG_4447.jpg 851w\" sizes=\"(max-width: 1024px) 100vw, (max-width: 640px) 100vw, 600px\" \/><\/a><\/span><\/div><div class=\"fusion-text fusion-text-47 tags\" style=\"transform:translate3d(0,0,0);\"><p>Carport<\/p>\n<\/div><div class=\"fusion-text fusion-text-48 description\" style=\"transform:translate3d(0,0,0);\"><p style=\"text-align: center;\">Abri voiture douglas autoclave brun<\/p>\n<\/div><\/div><\/div><style type=\"text\/css\">.fusion-body .fusion-builder-column-24{width:25% !important;margin-top : 0px;margin-bottom : 20px;}.fusion-builder-column-24 > .fusion-column-wrapper {padding-top : 0px !important;padding-right : 0px !important;margin-right : 7.68%;padding-bottom : 0px !important;padding-left : 0px !important;margin-left : 7.68%;}@media only screen and (max-width:1024px) {.fusion-body .fusion-builder-column-24{width:100% !important;order : 0;}.fusion-builder-column-24 > .fusion-column-wrapper {margin-right : 1.92%;margin-left : 1.92%;}}@media only screen and (max-width:640px) {.fusion-body .fusion-builder-column-24{width:100% !important;order : 0;}.fusion-builder-column-24 > .fusion-column-wrapper {margin-right : 1.92%;margin-left : 1.92%;}}<\/style><div class=\"fusion-layout-column fusion_builder_column fusion-builder-column-25 fusion_builder_column_1_4 1_4 fusion-flex-column img-to-filter\"><div class=\"fusion-column-wrapper fusion-flex-justify-content-flex-start fusion-content-layout-column\" style=\"background-position:left top;background-repeat:no-repeat;-webkit-background-size:cover;-moz-background-size:cover;-o-background-size:cover;background-size:cover;padding: 0px 0px 0px 0px;\"><div ><span class=\"fusion-imageframe imageframe-none imageframe-25 hover-type-none\"><a href=\"https:\/\/www.deco-charpente.fr\/wp-content\/uploads\/2025\/03\/IMG_1059.jpg\" class=\"fusion-lightbox\" data-rel=\"iLightbox[gallery-image]\" data-title=\"Abri voiture autoport\u00e9\" title=\"Self-supporting car shelter\"><img decoding=\"async\" width=\"642\" height=\"504\" src=\"https:\/\/www.deco-charpente.fr\/wp-content\/uploads\/2025\/03\/IMG_1059.jpg\" class=\"img-responsive wp-image-11595\" srcset=\"https:\/\/www.deco-charpente.fr\/wp-content\/uploads\/2025\/03\/IMG_1059-200x157.jpg 200w, https:\/\/www.deco-charpente.fr\/wp-content\/uploads\/2025\/03\/IMG_1059-400x314.jpg 400w, https:\/\/www.deco-charpente.fr\/wp-content\/uploads\/2025\/03\/IMG_1059-600x471.jpg 600w, https:\/\/www.deco-charpente.fr\/wp-content\/uploads\/2025\/03\/IMG_1059.jpg 642w\" sizes=\"(max-width: 1024px) 100vw, (max-width: 640px) 100vw, 600px\" \/><\/a><\/span><\/div><div class=\"fusion-text fusion-text-49 tags\" style=\"transform:translate3d(0,0,0);\"><p>Carport<\/p>\n<\/div><div class=\"fusion-text fusion-text-50 description\" style=\"transform:translate3d(0,0,0);\"><p style=\"text-align: center;\">Self-supporting car shelter<\/p>\n<\/div><\/div><\/div><style type=\"text\/css\">.fusion-body .fusion-builder-column-25{width:25% !important;margin-top : 0px;margin-bottom : 20px;}.fusion-builder-column-25 > .fusion-column-wrapper {padding-top : 0px !important;padding-right : 0px !important;margin-right : 7.68%;padding-bottom : 0px !important;padding-left : 0px !important;margin-left : 7.68%;}@media only screen and (max-width:1024px) {.fusion-body .fusion-builder-column-25{width:100% !important;order : 0;}.fusion-builder-column-25 > .fusion-column-wrapper {margin-right : 1.92%;margin-left : 1.92%;}}@media only screen and (max-width:640px) {.fusion-body .fusion-builder-column-25{width:100% !important;order : 0;}.fusion-builder-column-25 > .fusion-column-wrapper {margin-right : 1.92%;margin-left : 1.92%;}}<\/style><div class=\"fusion-layout-column fusion_builder_column fusion-builder-column-26 fusion_builder_column_1_4 1_4 fusion-flex-column img-to-filter\"><div class=\"fusion-column-wrapper fusion-flex-justify-content-flex-start fusion-content-layout-column\" style=\"background-position:left top;background-repeat:no-repeat;-webkit-background-size:cover;-moz-background-size:cover;-o-background-size:cover;background-size:cover;padding: 0px 0px 0px 0px;\"><div ><span class=\"fusion-imageframe imageframe-none imageframe-26 hover-type-none\"><a href=\"https:\/\/www.deco-charpente.fr\/wp-content\/uploads\/2024\/12\/Abri-voiture.jpg\" class=\"fusion-lightbox\" data-rel=\"iLightbox[gallery-image]\" data-title=\"Abri voiture\" title=\"Carport\"><img decoding=\"async\" width=\"2048\" height=\"1536\" src=\"https:\/\/www.deco-charpente.fr\/wp-content\/uploads\/2024\/12\/Abri-voiture.jpg\" class=\"img-responsive wp-image-11398\" srcset=\"https:\/\/www.deco-charpente.fr\/wp-content\/uploads\/2024\/12\/Abri-voiture-200x150.jpg 200w, https:\/\/www.deco-charpente.fr\/wp-content\/uploads\/2024\/12\/Abri-voiture-400x300.jpg 400w, https:\/\/www.deco-charpente.fr\/wp-content\/uploads\/2024\/12\/Abri-voiture-600x450.jpg 600w, https:\/\/www.deco-charpente.fr\/wp-content\/uploads\/2024\/12\/Abri-voiture-800x600.jpg 800w, https:\/\/www.deco-charpente.fr\/wp-content\/uploads\/2024\/12\/Abri-voiture-1200x900.jpg 1200w, https:\/\/www.deco-charpente.fr\/wp-content\/uploads\/2024\/12\/Abri-voiture.jpg 2048w\" sizes=\"(max-width: 1024px) 100vw, (max-width: 640px) 100vw, 600px\" \/><\/a><\/span><\/div><div class=\"fusion-text fusion-text-51 tags\" style=\"transform:translate3d(0,0,0);\"><p>Carport<\/p>\n<\/div><div class=\"fusion-text fusion-text-52 description\" style=\"transform:translate3d(0,0,0);\"><p style=\"text-align: center;\">Abri deux voitures<\/p>\n<\/div><\/div><\/div><style type=\"text\/css\">.fusion-body .fusion-builder-column-26{width:25% !important;margin-top : 0px;margin-bottom : 20px;}.fusion-builder-column-26 > .fusion-column-wrapper {padding-top : 0px !important;padding-right : 0px !important;margin-right : 7.68%;padding-bottom : 0px !important;padding-left : 0px !important;margin-left : 7.68%;}@media only screen and (max-width:1024px) {.fusion-body .fusion-builder-column-26{width:100% !important;order : 0;}.fusion-builder-column-26 > .fusion-column-wrapper {margin-right : 1.92%;margin-left : 1.92%;}}@media only screen and (max-width:640px) {.fusion-body .fusion-builder-column-26{width:100% !important;order : 0;}.fusion-builder-column-26 > .fusion-column-wrapper {margin-right : 1.92%;margin-left : 1.92%;}}<\/style><div class=\"fusion-layout-column fusion_builder_column fusion-builder-column-27 fusion_builder_column_1_4 1_4 fusion-flex-column img-to-filter\"><div class=\"fusion-column-wrapper fusion-flex-justify-content-flex-start fusion-content-layout-column\" style=\"background-position:left top;background-repeat:no-repeat;-webkit-background-size:cover;-moz-background-size:cover;-o-background-size:cover;background-size:cover;padding: 0px 0px 0px 0px;\"><div ><span class=\"fusion-imageframe imageframe-none imageframe-27 hover-type-none\"><a href=\"https:\/\/www.deco-charpente.fr\/wp-content\/uploads\/2024\/12\/Abri-voiture-toit-plat.jpg\" class=\"fusion-lightbox\" data-rel=\"iLightbox[gallery-image]\" data-title=\"Abri voiture-toit-plat\" title=\"Abri voiture-toit-plat\"><img decoding=\"async\" width=\"2048\" height=\"1536\" src=\"https:\/\/www.deco-charpente.fr\/wp-content\/uploads\/2024\/12\/Abri-voiture-toit-plat.jpg\" class=\"img-responsive wp-image-11395\" srcset=\"https:\/\/www.deco-charpente.fr\/wp-content\/uploads\/2024\/12\/Abri-voiture-toit-plat-200x150.jpg 200w, https:\/\/www.deco-charpente.fr\/wp-content\/uploads\/2024\/12\/Abri-voiture-toit-plat-400x300.jpg 400w, https:\/\/www.deco-charpente.fr\/wp-content\/uploads\/2024\/12\/Abri-voiture-toit-plat-600x450.jpg 600w, https:\/\/www.deco-charpente.fr\/wp-content\/uploads\/2024\/12\/Abri-voiture-toit-plat-800x600.jpg 800w, https:\/\/www.deco-charpente.fr\/wp-content\/uploads\/2024\/12\/Abri-voiture-toit-plat-1200x900.jpg 1200w, https:\/\/www.deco-charpente.fr\/wp-content\/uploads\/2024\/12\/Abri-voiture-toit-plat.jpg 2048w\" sizes=\"(max-width: 1024px) 100vw, (max-width: 640px) 100vw, 600px\" \/><\/a><\/span><\/div><div class=\"fusion-text fusion-text-53 tags\" style=\"transform:translate3d(0,0,0);\"><p>Carport<\/p>\n<\/div><div class=\"fusion-text fusion-text-54 description\" style=\"transform:translate3d(0,0,0);\"><p style=\"text-align: center;\">Flat roof carport<\/p>\n<\/div><\/div><\/div><style type=\"text\/css\">.fusion-body .fusion-builder-column-27{width:25% !important;margin-top : 0px;margin-bottom : 20px;}.fusion-builder-column-27 > .fusion-column-wrapper {padding-top : 0px !important;padding-right : 0px !important;margin-right : 7.68%;padding-bottom : 0px !important;padding-left : 0px !important;margin-left : 7.68%;}@media only screen and (max-width:1024px) {.fusion-body .fusion-builder-column-27{width:100% !important;order : 0;}.fusion-builder-column-27 > .fusion-column-wrapper {margin-right : 1.92%;margin-left : 1.92%;}}@media only screen and (max-width:640px) {.fusion-body .fusion-builder-column-27{width:100% !important;order : 0;}.fusion-builder-column-27 > .fusion-column-wrapper {margin-right : 1.92%;margin-left : 1.92%;}}<\/style><div class=\"fusion-layout-column fusion_builder_column fusion-builder-column-28 fusion_builder_column_1_4 1_4 fusion-flex-column img-to-filter\"><div class=\"fusion-column-wrapper fusion-flex-justify-content-flex-start fusion-content-layout-column\" style=\"background-position:left top;background-repeat:no-repeat;-webkit-background-size:cover;-moz-background-size:cover;-o-background-size:cover;background-size:cover;padding: 0px 0px 0px 0px;\"><div ><span class=\"fusion-imageframe imageframe-none imageframe-28 hover-type-none\"><a href=\"https:\/\/www.deco-charpente.fr\/wp-content\/uploads\/2025\/10\/DC-C5-Carroussel-rentree-Abri-voiture-1.jpg\" class=\"fusion-lightbox\" data-rel=\"iLightbox[gallery-image]\" data-title=\"DC-C5-Carroussel-rentr\u00e9e-Abri-voiture (1)\" title=\"DC-C5-Carroussel-rentr\u00e9e-Abri-voiture (1)\"><img decoding=\"async\" width=\"1080\" height=\"1350\" src=\"https:\/\/www.deco-charpente.fr\/wp-content\/uploads\/2025\/10\/DC-C5-Carroussel-rentree-Abri-voiture-1.jpg\" class=\"img-responsive wp-image-12240\" srcset=\"https:\/\/www.deco-charpente.fr\/wp-content\/uploads\/2025\/10\/DC-C5-Carroussel-rentree-Abri-voiture-1-200x250.jpg 200w, https:\/\/www.deco-charpente.fr\/wp-content\/uploads\/2025\/10\/DC-C5-Carroussel-rentree-Abri-voiture-1-400x500.jpg 400w, https:\/\/www.deco-charpente.fr\/wp-content\/uploads\/2025\/10\/DC-C5-Carroussel-rentree-Abri-voiture-1-600x750.jpg 600w, https:\/\/www.deco-charpente.fr\/wp-content\/uploads\/2025\/10\/DC-C5-Carroussel-rentree-Abri-voiture-1-800x1000.jpg 800w, https:\/\/www.deco-charpente.fr\/wp-content\/uploads\/2025\/10\/DC-C5-Carroussel-rentree-Abri-voiture-1.jpg 1080w\" sizes=\"(max-width: 1024px) 100vw, (max-width: 640px) 100vw, 600px\" \/><\/a><\/span><\/div><div class=\"fusion-text fusion-text-55 tags\" style=\"transform:translate3d(0,0,0);\"><p>Carport<\/p>\n<\/div><div class=\"fusion-text fusion-text-56 description\" style=\"transform:translate3d(0,0,0);\"><p style=\"text-align: center;\">Abri voiture casquette avec persiennes<\/p>\n<\/div><\/div><\/div><style type=\"text\/css\">.fusion-body .fusion-builder-column-28{width:25% !important;margin-top : 0px;margin-bottom : 20px;}.fusion-builder-column-28 > .fusion-column-wrapper {padding-top : 0px !important;padding-right : 0px !important;margin-right : 7.68%;padding-bottom : 0px !important;padding-left : 0px !important;margin-left : 7.68%;}@media only screen and (max-width:1024px) {.fusion-body .fusion-builder-column-28{width:100% !important;order : 0;}.fusion-builder-column-28 > .fusion-column-wrapper {margin-right : 1.92%;margin-left : 1.92%;}}@media only screen and (max-width:640px) {.fusion-body .fusion-builder-column-28{width:100% !important;order : 0;}.fusion-builder-column-28 > .fusion-column-wrapper {margin-right : 1.92%;margin-left : 1.92%;}}<\/style><div class=\"fusion-layout-column fusion_builder_column fusion-builder-column-29 fusion_builder_column_1_4 1_4 fusion-flex-column img-to-filter\"><div class=\"fusion-column-wrapper fusion-flex-justify-content-flex-start fusion-content-layout-column\" style=\"background-position:left top;background-repeat:no-repeat;-webkit-background-size:cover;-moz-background-size:cover;-o-background-size:cover;background-size:cover;padding: 0px 0px 0px 0px;\"><div ><span class=\"fusion-imageframe imageframe-none imageframe-29 hover-type-none\"><a href=\"https:\/\/www.deco-charpente.fr\/wp-content\/uploads\/2023\/10\/Abri-voiture-2-pentes.jpg\" class=\"fusion-lightbox\" data-rel=\"iLightbox[gallery-image]\" data-title=\"Abri-voiture-2-pentes\" title=\"Carport-2-slopes\"><img decoding=\"async\" width=\"919\" height=\"626\" alt=\"Abri voiture 2 pentes\" src=\"https:\/\/www.deco-charpente.fr\/wp-content\/uploads\/2023\/10\/Abri-voiture-2-pentes.jpg\" class=\"img-responsive wp-image-9515\"\/><\/a><\/span><\/div><div class=\"fusion-text fusion-text-57 tags\" style=\"transform:translate3d(0,0,0);\"><p>Carport<\/p>\n<\/div><div class=\"fusion-text fusion-text-58 description\" style=\"transform:translate3d(0,0,0);\"><p style=\"text-align: center;\">Large format carport<\/p>\n<\/div><\/div><\/div><style type=\"text\/css\">.fusion-body .fusion-builder-column-29{width:25% !important;margin-top : 0px;margin-bottom : 20px;}.fusion-builder-column-29 > .fusion-column-wrapper {padding-top : 0px !important;padding-right : 0px !important;margin-right : 7.68%;padding-bottom : 0px !important;padding-left : 0px !important;margin-left : 7.68%;}@media only screen and (max-width:1024px) {.fusion-body .fusion-builder-column-29{width:100% !important;order : 0;}.fusion-builder-column-29 > .fusion-column-wrapper {margin-right : 1.92%;margin-left : 1.92%;}}@media only screen and (max-width:640px) {.fusion-body .fusion-builder-column-29{width:100% !important;order : 0;}.fusion-builder-column-29 > .fusion-column-wrapper {margin-right : 1.92%;margin-left : 1.92%;}}<\/style><div class=\"fusion-layout-column fusion_builder_column fusion-builder-column-30 fusion_builder_column_1_4 1_4 fusion-flex-column img-to-filter\"><div class=\"fusion-column-wrapper fusion-flex-justify-content-flex-start fusion-content-layout-column\" style=\"background-position:left top;background-repeat:no-repeat;-webkit-background-size:cover;-moz-background-size:cover;-o-background-size:cover;background-size:cover;padding: 0px 0px 0px 0px;\"><div ><span class=\"fusion-imageframe imageframe-none imageframe-30 hover-type-none\"><a href=\"https:\/\/www.deco-charpente.fr\/wp-content\/uploads\/2024\/02\/Abri-voiture-Rhone-2.jpg\" class=\"fusion-lightbox\" data-rel=\"iLightbox[gallery-image]\" data-title=\"Abri voiture Rhone 2\" title=\"Rhone 2 carport\"><img decoding=\"async\" width=\"1814\" height=\"1360\" src=\"https:\/\/www.deco-charpente.fr\/wp-content\/uploads\/2024\/02\/Abri-voiture-Rhone-2.jpg\" class=\"img-responsive wp-image-9623\" srcset=\"https:\/\/www.deco-charpente.fr\/wp-content\/uploads\/2024\/02\/Abri-voiture-Rhone-2-200x150.webp 200w, https:\/\/www.deco-charpente.fr\/wp-content\/uploads\/2024\/02\/Abri-voiture-Rhone-2-300x225.webp 300w, https:\/\/www.deco-charpente.fr\/wp-content\/uploads\/2024\/02\/Abri-voiture-Rhone-2-400x300.webp 400w, https:\/\/www.deco-charpente.fr\/wp-content\/uploads\/2024\/02\/Abri-voiture-Rhone-2-600x450.webp 600w, https:\/\/www.deco-charpente.fr\/wp-content\/uploads\/2024\/02\/Abri-voiture-Rhone-2-768x576.webp 768w, https:\/\/www.deco-charpente.fr\/wp-content\/uploads\/2024\/02\/Abri-voiture-Rhone-2-800x600.webp 800w, https:\/\/www.deco-charpente.fr\/wp-content\/uploads\/2024\/02\/Abri-voiture-Rhone-2-1024x768.webp 1024w, https:\/\/www.deco-charpente.fr\/wp-content\/uploads\/2024\/02\/Abri-voiture-Rhone-2-1200x900.webp 1200w, https:\/\/www.deco-charpente.fr\/wp-content\/uploads\/2024\/02\/Abri-voiture-Rhone-2-1536x1152.webp 1536w, https:\/\/www.deco-charpente.fr\/wp-content\/uploads\/2024\/02\/Abri-voiture-Rhone-2.jpg 1814w\" sizes=\"(max-width: 1024px) 100vw, (max-width: 640px) 100vw, 600px\" \/><\/a><\/span><\/div><div class=\"fusion-text fusion-text-59 tags\" style=\"transform:translate3d(0,0,0);\"><p>Carport<\/p>\n<\/div><div class=\"fusion-text fusion-text-60 description\" style=\"transform:translate3d(0,0,0);\"><p style=\"text-align: center;\">Large format carport<\/p>\n<\/div><\/div><\/div><style type=\"text\/css\">.fusion-body .fusion-builder-column-30{width:25% !important;margin-top : 0px;margin-bottom : 20px;}.fusion-builder-column-30 > .fusion-column-wrapper {padding-top : 0px !important;padding-right : 0px !important;margin-right : 7.68%;padding-bottom : 0px !important;padding-left : 0px !important;margin-left : 7.68%;}@media only screen and (max-width:1024px) {.fusion-body .fusion-builder-column-30{width:100% !important;order : 0;}.fusion-builder-column-30 > .fusion-column-wrapper {margin-right : 1.92%;margin-left : 1.92%;}}@media only screen and (max-width:640px) {.fusion-body .fusion-builder-column-30{width:100% !important;order : 0;}.fusion-builder-column-30 > .fusion-column-wrapper {margin-right : 1.92%;margin-left : 1.92%;}}<\/style><div class=\"fusion-layout-column fusion_builder_column fusion-builder-column-31 fusion_builder_column_1_4 1_4 fusion-flex-column img-to-filter\"><div class=\"fusion-column-wrapper fusion-flex-justify-content-flex-start fusion-content-layout-column\" style=\"background-position:left top;background-repeat:no-repeat;-webkit-background-size:cover;-moz-background-size:cover;-o-background-size:cover;background-size:cover;padding: 0px 0px 0px 0px;\"><div ><span class=\"fusion-imageframe imageframe-none imageframe-31 hover-type-none\"><a href=\"https:\/\/www.deco-charpente.fr\/wp-content\/uploads\/2023\/03\/Abri-voiture-grande-envergure.jpg\" class=\"fusion-lightbox\" data-rel=\"iLightbox[gallery-image]\" data-title=\"Abri voiture grande envergure\" title=\"Large carport\"><img decoding=\"async\" width=\"1814\" height=\"1356\" alt=\"Abri voiture grande envergure\" src=\"https:\/\/www.deco-charpente.fr\/wp-content\/uploads\/2023\/03\/Abri-voiture-grande-envergure.jpg\" class=\"img-responsive wp-image-8436\" srcset=\"https:\/\/www.deco-charpente.fr\/wp-content\/uploads\/2023\/03\/Abri-voiture-grande-envergure-200x150.jpg 200w, https:\/\/www.deco-charpente.fr\/wp-content\/uploads\/2023\/03\/Abri-voiture-grande-envergure-400x299.jpg 400w, https:\/\/www.deco-charpente.fr\/wp-content\/uploads\/2023\/03\/Abri-voiture-grande-envergure-600x449.jpg 600w, https:\/\/www.deco-charpente.fr\/wp-content\/uploads\/2023\/03\/Abri-voiture-grande-envergure-800x598.jpg 800w, https:\/\/www.deco-charpente.fr\/wp-content\/uploads\/2023\/03\/Abri-voiture-grande-envergure-1200x897.jpg 1200w, https:\/\/www.deco-charpente.fr\/wp-content\/uploads\/2023\/03\/Abri-voiture-grande-envergure.jpg 1814w\" sizes=\"(max-width: 1024px) 100vw, (max-width: 640px) 100vw, 600px\" \/><\/a><\/span><\/div><div class=\"fusion-text fusion-text-61 tags\" style=\"transform:translate3d(0,0,0);\"><p>Carport<\/p>\n<\/div><div class=\"fusion-text fusion-text-62 description\" style=\"transform:translate3d(0,0,0);\"><p style=\"text-align: center;\">Large format carport<\/p>\n<\/div><\/div><\/div><style type=\"text\/css\">.fusion-body .fusion-builder-column-31{width:25% !important;margin-top : 0px;margin-bottom : 20px;}.fusion-builder-column-31 > .fusion-column-wrapper {padding-top : 0px !important;padding-right : 0px !important;margin-right : 7.68%;padding-bottom : 0px !important;padding-left : 0px !important;margin-left : 7.68%;}@media only screen and (max-width:1024px) {.fusion-body .fusion-builder-column-31{width:100% !important;order : 0;}.fusion-builder-column-31 > .fusion-column-wrapper {margin-right : 1.92%;margin-left : 1.92%;}}@media only screen and (max-width:640px) {.fusion-body .fusion-builder-column-31{width:100% !important;order : 0;}.fusion-builder-column-31 > .fusion-column-wrapper {margin-right : 1.92%;margin-left : 1.92%;}}<\/style><div class=\"fusion-layout-column fusion_builder_column fusion-builder-column-32 fusion_builder_column_1_4 1_4 fusion-flex-column img-to-filter\"><div class=\"fusion-column-wrapper fusion-flex-justify-content-flex-start fusion-content-layout-column\" style=\"background-position:left top;background-repeat:no-repeat;-webkit-background-size:cover;-moz-background-size:cover;-o-background-size:cover;background-size:cover;padding: 0px 0px 0px 0px;\"><div ><span class=\"fusion-imageframe imageframe-none imageframe-32 hover-type-none\"><a href=\"https:\/\/www.deco-charpente.fr\/wp-content\/uploads\/2024\/12\/Abri-voiture-deux-pentes.jpg\" class=\"fusion-lightbox\" data-rel=\"iLightbox[gallery-image]\" data-title=\"Abri voiture deux pentes\" title=\"Abri voiture deux pentes\"><img decoding=\"async\" width=\"2016\" height=\"1512\" src=\"https:\/\/www.deco-charpente.fr\/wp-content\/uploads\/2024\/12\/Abri-voiture-deux-pentes.jpg\" class=\"img-responsive wp-image-11400\" srcset=\"https:\/\/www.deco-charpente.fr\/wp-content\/uploads\/2024\/12\/Abri-voiture-deux-pentes-200x150.jpg 200w, https:\/\/www.deco-charpente.fr\/wp-content\/uploads\/2024\/12\/Abri-voiture-deux-pentes-400x300.jpg 400w, https:\/\/www.deco-charpente.fr\/wp-content\/uploads\/2024\/12\/Abri-voiture-deux-pentes-600x450.jpg 600w, https:\/\/www.deco-charpente.fr\/wp-content\/uploads\/2024\/12\/Abri-voiture-deux-pentes-800x600.jpg 800w, https:\/\/www.deco-charpente.fr\/wp-content\/uploads\/2024\/12\/Abri-voiture-deux-pentes-1200x900.jpg 1200w, https:\/\/www.deco-charpente.fr\/wp-content\/uploads\/2024\/12\/Abri-voiture-deux-pentes.jpg 2016w\" sizes=\"(max-width: 1024px) 100vw, (max-width: 640px) 100vw, 600px\" \/><\/a><\/span><\/div><div class=\"fusion-text fusion-text-63 tags\" style=\"transform:translate3d(0,0,0);\"><p>Carport<\/p>\n<\/div><div class=\"fusion-text fusion-text-64 description\" style=\"transform:translate3d(0,0,0);\"><p style=\"text-align: center;\">Abri voiture grand format sur murret<\/p>\n<\/div><\/div><\/div><style type=\"text\/css\">.fusion-body .fusion-builder-column-32{width:25% !important;margin-top : 0px;margin-bottom : 20px;}.fusion-builder-column-32 > .fusion-column-wrapper {padding-top : 0px !important;padding-right : 0px !important;margin-right : 7.68%;padding-bottom : 0px !important;padding-left : 0px !important;margin-left : 7.68%;}@media only screen and (max-width:1024px) {.fusion-body .fusion-builder-column-32{width:100% !important;order : 0;}.fusion-builder-column-32 > .fusion-column-wrapper {margin-right : 1.92%;margin-left : 1.92%;}}@media only screen and (max-width:640px) {.fusion-body .fusion-builder-column-32{width:100% !important;order : 0;}.fusion-builder-column-32 > .fusion-column-wrapper {margin-right : 1.92%;margin-left : 1.92%;}}<\/style><div class=\"fusion-layout-column fusion_builder_column fusion-builder-column-33 fusion_builder_column_1_4 1_4 fusion-flex-column img-to-filter\"><div class=\"fusion-column-wrapper fusion-flex-justify-content-flex-start fusion-content-layout-column\" style=\"background-position:left top;background-repeat:no-repeat;-webkit-background-size:cover;-moz-background-size:cover;-o-background-size:cover;background-size:cover;padding: 0px 0px 0px 0px;\"><div ><span class=\"fusion-imageframe imageframe-none imageframe-33 hover-type-none\"><a href=\"https:\/\/www.deco-charpente.fr\/wp-content\/uploads\/2023\/04\/307484231_161090039858808_3326420772067391947_n.jpg\" class=\"fusion-lightbox\" data-rel=\"iLightbox[gallery-image]\" data-title=\"Abri voiture autoport\u00e9\" title=\"Self-supporting car shelter\"><img decoding=\"async\" width=\"1494\" height=\"672\" src=\"https:\/\/www.deco-charpente.fr\/wp-content\/uploads\/2023\/04\/307484231_161090039858808_3326420772067391947_n.jpg\" class=\"img-responsive wp-image-8565\" srcset=\"https:\/\/www.deco-charpente.fr\/wp-content\/uploads\/2023\/04\/307484231_161090039858808_3326420772067391947_n-200x90.jpg 200w, https:\/\/www.deco-charpente.fr\/wp-content\/uploads\/2023\/04\/307484231_161090039858808_3326420772067391947_n-400x180.jpg 400w, https:\/\/www.deco-charpente.fr\/wp-content\/uploads\/2023\/04\/307484231_161090039858808_3326420772067391947_n-600x270.jpg 600w, https:\/\/www.deco-charpente.fr\/wp-content\/uploads\/2023\/04\/307484231_161090039858808_3326420772067391947_n-800x360.jpg 800w, https:\/\/www.deco-charpente.fr\/wp-content\/uploads\/2023\/04\/307484231_161090039858808_3326420772067391947_n-1200x540.jpg 1200w, https:\/\/www.deco-charpente.fr\/wp-content\/uploads\/2023\/04\/307484231_161090039858808_3326420772067391947_n.jpg 1494w\" sizes=\"(max-width: 1024px) 100vw, (max-width: 640px) 100vw, 600px\" \/><\/a><\/span><\/div><div class=\"fusion-text fusion-text-65 tags\" style=\"transform:translate3d(0,0,0);\"><p>Carport<\/p>\n<\/div><div class=\"fusion-text fusion-text-66 description\" style=\"transform:translate3d(0,0,0);\"><p style=\"text-align: center;\">Large format carport<\/p>\n<\/div><\/div><\/div><style type=\"text\/css\">.fusion-body .fusion-builder-column-33{width:25% !important;margin-top : 0px;margin-bottom : 20px;}.fusion-builder-column-33 > .fusion-column-wrapper {padding-top : 0px !important;padding-right : 0px !important;margin-right : 7.68%;padding-bottom : 0px !important;padding-left : 0px !important;margin-left : 7.68%;}@media only screen and (max-width:1024px) {.fusion-body .fusion-builder-column-33{width:100% !important;order : 0;}.fusion-builder-column-33 > .fusion-column-wrapper {margin-right : 1.92%;margin-left : 1.92%;}}@media only screen and (max-width:640px) {.fusion-body .fusion-builder-column-33{width:100% !important;order : 0;}.fusion-builder-column-33 > .fusion-column-wrapper {margin-right : 1.92%;margin-left : 1.92%;}}<\/style><div class=\"fusion-layout-column fusion_builder_column fusion-builder-column-34 fusion_builder_column_1_4 1_4 fusion-flex-column img-to-filter\"><div class=\"fusion-column-wrapper fusion-flex-justify-content-flex-start fusion-content-layout-column\" style=\"background-position:left top;background-repeat:no-repeat;-webkit-background-size:cover;-moz-background-size:cover;-o-background-size:cover;background-size:cover;padding: 0px 0px 0px 0px;\"><div ><span class=\"fusion-imageframe imageframe-none imageframe-34 hover-type-none\"><a href=\"https:\/\/www.deco-charpente.fr\/wp-content\/uploads\/2023\/08\/Abri-grand-format.jpg\" class=\"fusion-lightbox\" data-rel=\"iLightbox[gallery-image]\" data-title=\"Abri grand format\" title=\"Large format shelter\"><img decoding=\"async\" width=\"1572\" height=\"885\" alt=\"Abri voiture grand format\" src=\"https:\/\/www.deco-charpente.fr\/wp-content\/uploads\/2023\/08\/Abri-grand-format.jpg\" class=\"img-responsive wp-image-8906\" srcset=\"https:\/\/www.deco-charpente.fr\/wp-content\/uploads\/2023\/08\/Abri-grand-format-200x113.webp 200w, https:\/\/www.deco-charpente.fr\/wp-content\/uploads\/2023\/08\/Abri-grand-format-300x169.webp 300w, https:\/\/www.deco-charpente.fr\/wp-content\/uploads\/2023\/08\/Abri-grand-format-400x225.webp 400w, https:\/\/www.deco-charpente.fr\/wp-content\/uploads\/2023\/08\/Abri-grand-format-600x338.webp 600w, https:\/\/www.deco-charpente.fr\/wp-content\/uploads\/2023\/08\/Abri-grand-format-768x432.webp 768w, https:\/\/www.deco-charpente.fr\/wp-content\/uploads\/2023\/08\/Abri-grand-format-800x450.webp 800w, https:\/\/www.deco-charpente.fr\/wp-content\/uploads\/2023\/08\/Abri-grand-format-1024x576.webp 1024w, https:\/\/www.deco-charpente.fr\/wp-content\/uploads\/2023\/08\/Abri-grand-format-1200x676.webp 1200w, https:\/\/www.deco-charpente.fr\/wp-content\/uploads\/2023\/08\/Abri-grand-format-1536x865.webp 1536w, https:\/\/www.deco-charpente.fr\/wp-content\/uploads\/2023\/08\/Abri-grand-format.jpg 1572w\" sizes=\"(max-width: 1024px) 100vw, (max-width: 640px) 100vw, 600px\" \/><\/a><\/span><\/div><div class=\"fusion-text fusion-text-67 tags\" style=\"transform:translate3d(0,0,0);\"><p>Carport<\/p>\n<\/div><div class=\"fusion-text fusion-text-68 description\" style=\"transform:translate3d(0,0,0);\"><p style=\"text-align: center;\">Large format carport<\/p>\n<\/div><\/div><\/div><style type=\"text\/css\">.fusion-body .fusion-builder-column-34{width:25% !important;margin-top : 0px;margin-bottom : 20px;}.fusion-builder-column-34 > .fusion-column-wrapper {padding-top : 0px !important;padding-right : 0px !important;margin-right : 7.68%;padding-bottom : 0px !important;padding-left : 0px !important;margin-left : 7.68%;}@media only screen and (max-width:1024px) {.fusion-body .fusion-builder-column-34{width:100% !important;order : 0;}.fusion-builder-column-34 > .fusion-column-wrapper {margin-right : 1.92%;margin-left : 1.92%;}}@media only screen and (max-width:640px) {.fusion-body .fusion-builder-column-34{width:100% !important;order : 0;}.fusion-builder-column-34 > .fusion-column-wrapper {margin-right : 1.92%;margin-left : 1.92%;}}<\/style><div class=\"fusion-layout-column fusion_builder_column fusion-builder-column-35 fusion_builder_column_1_4 1_4 fusion-flex-column img-to-filter\"><div class=\"fusion-column-wrapper fusion-flex-justify-content-flex-start fusion-content-layout-column\" style=\"background-position:left top;background-repeat:no-repeat;-webkit-background-size:cover;-moz-background-size:cover;-o-background-size:cover;background-size:cover;padding: 0px 0px 0px 0px;\"><div ><span class=\"fusion-imageframe imageframe-none imageframe-35 hover-type-none\"><a href=\"https:\/\/www.deco-charpente.fr\/wp-content\/uploads\/2025\/08\/Abri-2-pentes-pour-minivan-2.jpg\" class=\"fusion-lightbox\" data-rel=\"iLightbox[gallery-image]\" data-title=\"Abri-2-pentes-pour-minivan\" title=\"Abri-2-pentes-pour-minivan\"><img decoding=\"async\" width=\"2049\" height=\"1536\" alt=\"Abri 2 pentes pour minivan\" src=\"https:\/\/www.deco-charpente.fr\/wp-content\/uploads\/2025\/08\/Abri-2-pentes-pour-minivan-2.jpg\" class=\"img-responsive wp-image-12150\" srcset=\"https:\/\/www.deco-charpente.fr\/wp-content\/uploads\/2025\/08\/Abri-2-pentes-pour-minivan-2-200x150.jpg 200w, https:\/\/www.deco-charpente.fr\/wp-content\/uploads\/2025\/08\/Abri-2-pentes-pour-minivan-2-400x300.jpg 400w, https:\/\/www.deco-charpente.fr\/wp-content\/uploads\/2025\/08\/Abri-2-pentes-pour-minivan-2-600x450.jpg 600w, https:\/\/www.deco-charpente.fr\/wp-content\/uploads\/2025\/08\/Abri-2-pentes-pour-minivan-2-800x600.jpg 800w, https:\/\/www.deco-charpente.fr\/wp-content\/uploads\/2025\/08\/Abri-2-pentes-pour-minivan-2-1200x900.jpg 1200w, https:\/\/www.deco-charpente.fr\/wp-content\/uploads\/2025\/08\/Abri-2-pentes-pour-minivan-2.jpg 2049w\" sizes=\"(max-width: 1024px) 100vw, (max-width: 640px) 100vw, 600px\" \/><\/a><\/span><\/div><div class=\"fusion-text fusion-text-69 tags\" style=\"transform:translate3d(0,0,0);\"><p>Carport<\/p>\n<\/div><div class=\"fusion-text fusion-text-70 description\" style=\"transform:translate3d(0,0,0);\"><p style=\"text-align: center;\">Large format carport<\/p>\n<\/div><\/div><\/div><style type=\"text\/css\">.fusion-body .fusion-builder-column-35{width:25% !important;margin-top : 0px;margin-bottom : 20px;}.fusion-builder-column-35 > .fusion-column-wrapper {padding-top : 0px !important;padding-right : 0px !important;margin-right : 7.68%;padding-bottom : 0px !important;padding-left : 0px !important;margin-left : 7.68%;}@media only screen and (max-width:1024px) {.fusion-body .fusion-builder-column-35{width:100% !important;order : 0;}.fusion-builder-column-35 > .fusion-column-wrapper {margin-right : 1.92%;margin-left : 1.92%;}}@media only screen and (max-width:640px) {.fusion-body .fusion-builder-column-35{width:100% !important;order : 0;}.fusion-builder-column-35 > .fusion-column-wrapper {margin-right : 1.92%;margin-left : 1.92%;}}<\/style><div class=\"fusion-layout-column fusion_builder_column fusion-builder-column-36 fusion_builder_column_1_4 1_4 fusion-flex-column img-to-filter\"><div class=\"fusion-column-wrapper fusion-flex-justify-content-flex-start fusion-content-layout-column\" style=\"background-position:left top;background-repeat:no-repeat;-webkit-background-size:cover;-moz-background-size:cover;-o-background-size:cover;background-size:cover;padding: 0px 0px 0px 0px;\"><div ><span class=\"fusion-imageframe imageframe-none imageframe-36 hover-type-none\"><a href=\"https:\/\/www.deco-charpente.fr\/wp-content\/uploads\/2024\/03\/Abri-grande-envergure.jpg\" class=\"fusion-lightbox\" data-rel=\"iLightbox[gallery-image]\" data-title=\"Abri grande envergure\" title=\"Large-scale shelter\"><img decoding=\"async\" width=\"2048\" height=\"1536\" src=\"https:\/\/www.deco-charpente.fr\/wp-content\/uploads\/2024\/03\/Abri-grande-envergure.jpg\" class=\"img-responsive wp-image-10063\" srcset=\"https:\/\/www.deco-charpente.fr\/wp-content\/uploads\/2024\/03\/Abri-grande-envergure-200x150.jpg 200w, https:\/\/www.deco-charpente.fr\/wp-content\/uploads\/2024\/03\/Abri-grande-envergure-400x300.jpg 400w, https:\/\/www.deco-charpente.fr\/wp-content\/uploads\/2024\/03\/Abri-grande-envergure-600x450.jpg 600w, https:\/\/www.deco-charpente.fr\/wp-content\/uploads\/2024\/03\/Abri-grande-envergure-800x600.jpg 800w, https:\/\/www.deco-charpente.fr\/wp-content\/uploads\/2024\/03\/Abri-grande-envergure-1200x900.jpg 1200w, https:\/\/www.deco-charpente.fr\/wp-content\/uploads\/2024\/03\/Abri-grande-envergure.jpg 2048w\" sizes=\"(max-width: 1024px) 100vw, (max-width: 640px) 100vw, 600px\" \/><\/a><\/span><\/div><div class=\"fusion-text fusion-text-71 tags\" style=\"transform:translate3d(0,0,0);\"><p>Carport<\/p>\n<\/div><div class=\"fusion-text fusion-text-72 description\" style=\"transform:translate3d(0,0,0);\"><p style=\"text-align: center;\">Large format carport<\/p>\n<\/div><\/div><\/div><style type=\"text\/css\">.fusion-body .fusion-builder-column-36{width:25% !important;margin-top : 0px;margin-bottom : 20px;}.fusion-builder-column-36 > .fusion-column-wrapper {padding-top : 0px !important;padding-right : 0px !important;margin-right : 7.68%;padding-bottom : 0px !important;padding-left : 0px !important;margin-left : 7.68%;}@media only screen and (max-width:1024px) {.fusion-body .fusion-builder-column-36{width:100% !important;order : 0;}.fusion-builder-column-36 > .fusion-column-wrapper {margin-right : 1.92%;margin-left : 1.92%;}}@media only screen and (max-width:640px) {.fusion-body .fusion-builder-column-36{width:100% !important;order : 0;}.fusion-builder-column-36 > .fusion-column-wrapper {margin-right : 1.92%;margin-left : 1.92%;}}<\/style><div class=\"fusion-layout-column fusion_builder_column fusion-builder-column-37 fusion_builder_column_1_4 1_4 fusion-flex-column img-to-filter\"><div class=\"fusion-column-wrapper fusion-flex-justify-content-flex-start fusion-content-layout-column\" style=\"background-position:left top;background-repeat:no-repeat;-webkit-background-size:cover;-moz-background-size:cover;-o-background-size:cover;background-size:cover;padding: 0px 0px 0px 0px;\"><div ><span class=\"fusion-imageframe imageframe-none imageframe-37 hover-type-none\"><a href=\"https:\/\/www.deco-charpente.fr\/wp-content\/uploads\/2024\/08\/D55E2B82-FFCC-4D97-BBEE-87054B0A6F90-compressed.jpg\" class=\"fusion-lightbox\" data-rel=\"iLightbox[gallery-image]\" data-title=\"Abri voiture mixte\" title=\"Mixed car shelter\"><img decoding=\"async\" width=\"2048\" height=\"1536\" src=\"https:\/\/www.deco-charpente.fr\/wp-content\/uploads\/2024\/08\/D55E2B82-FFCC-4D97-BBEE-87054B0A6F90-compressed.jpg\" class=\"img-responsive wp-image-11212\" srcset=\"https:\/\/www.deco-charpente.fr\/wp-content\/uploads\/2024\/08\/D55E2B82-FFCC-4D97-BBEE-87054B0A6F90-compressed-200x150.jpg 200w, https:\/\/www.deco-charpente.fr\/wp-content\/uploads\/2024\/08\/D55E2B82-FFCC-4D97-BBEE-87054B0A6F90-compressed-400x300.jpg 400w, https:\/\/www.deco-charpente.fr\/wp-content\/uploads\/2024\/08\/D55E2B82-FFCC-4D97-BBEE-87054B0A6F90-compressed-600x450.jpg 600w, https:\/\/www.deco-charpente.fr\/wp-content\/uploads\/2024\/08\/D55E2B82-FFCC-4D97-BBEE-87054B0A6F90-compressed-800x600.jpg 800w, https:\/\/www.deco-charpente.fr\/wp-content\/uploads\/2024\/08\/D55E2B82-FFCC-4D97-BBEE-87054B0A6F90-compressed-1200x900.jpg 1200w, https:\/\/www.deco-charpente.fr\/wp-content\/uploads\/2024\/08\/D55E2B82-FFCC-4D97-BBEE-87054B0A6F90-compressed.jpg 2048w\" sizes=\"(max-width: 1024px) 100vw, (max-width: 640px) 100vw, 600px\" \/><\/a><\/span><\/div><div class=\"fusion-text fusion-text-73 tags\" style=\"transform:translate3d(0,0,0);\"><p>Carport<\/p>\n<\/div><div class=\"fusion-text fusion-text-74 description\" style=\"transform:translate3d(0,0,0);\"><p style=\"text-align: center;\">Mixed car shelter<\/p>\n<\/div><\/div><\/div><style type=\"text\/css\">.fusion-body .fusion-builder-column-37{width:25% !important;margin-top : 0px;margin-bottom : 20px;}.fusion-builder-column-37 > .fusion-column-wrapper {padding-top : 0px !important;padding-right : 0px !important;margin-right : 7.68%;padding-bottom : 0px !important;padding-left : 0px !important;margin-left : 7.68%;}@media only screen and (max-width:1024px) {.fusion-body .fusion-builder-column-37{width:100% !important;order : 0;}.fusion-builder-column-37 > .fusion-column-wrapper {margin-right : 1.92%;margin-left : 1.92%;}}@media only screen and (max-width:640px) {.fusion-body .fusion-builder-column-37{width:100% !important;order : 0;}.fusion-builder-column-37 > .fusion-column-wrapper {margin-right : 1.92%;margin-left : 1.92%;}}<\/style><div class=\"fusion-layout-column fusion_builder_column fusion-builder-column-38 fusion_builder_column_1_4 1_4 fusion-flex-column img-to-filter\"><div class=\"fusion-column-wrapper fusion-flex-justify-content-flex-start fusion-content-layout-column\" style=\"background-position:left top;background-repeat:no-repeat;-webkit-background-size:cover;-moz-background-size:cover;-o-background-size:cover;background-size:cover;padding: 0px 0px 0px 0px;\"><div ><span class=\"fusion-imageframe imageframe-none imageframe-38 hover-type-none\"><a href=\"https:\/\/www.deco-charpente.fr\/wp-content\/uploads\/2022\/05\/Abri-voiture-grand-format.jpg\" class=\"fusion-lightbox\" data-rel=\"iLightbox[gallery-image]\" data-title=\"Abri voiture grand format\" title=\"Large format carport\"><img decoding=\"async\" width=\"1175\" height=\"879\" src=\"https:\/\/www.deco-charpente.fr\/wp-content\/uploads\/2022\/05\/Abri-voiture-grand-format.jpg\" class=\"img-responsive wp-image-6642\" srcset=\"https:\/\/www.deco-charpente.fr\/wp-content\/uploads\/2022\/05\/Abri-voiture-grand-format-200x150.jpg 200w, https:\/\/www.deco-charpente.fr\/wp-content\/uploads\/2022\/05\/Abri-voiture-grand-format-400x299.jpg 400w, https:\/\/www.deco-charpente.fr\/wp-content\/uploads\/2022\/05\/Abri-voiture-grand-format-600x449.jpg 600w, https:\/\/www.deco-charpente.fr\/wp-content\/uploads\/2022\/05\/Abri-voiture-grand-format-800x598.jpg 800w, https:\/\/www.deco-charpente.fr\/wp-content\/uploads\/2022\/05\/Abri-voiture-grand-format.jpg 1175w\" sizes=\"(max-width: 1024px) 100vw, (max-width: 640px) 100vw, 600px\" \/><\/a><\/span><\/div><div class=\"fusion-text fusion-text-75 tags\" style=\"transform:translate3d(0,0,0);\"><p>Carport<\/p>\n<\/div><div class=\"fusion-text fusion-text-76 description\" style=\"transform:translate3d(0,0,0);\"><p style=\"text-align: center;\">Large format carport<\/p>\n<\/div><\/div><\/div><style type=\"text\/css\">.fusion-body .fusion-builder-column-38{width:25% !important;margin-top : 0px;margin-bottom : 20px;}.fusion-builder-column-38 > .fusion-column-wrapper {padding-top : 0px !important;padding-right : 0px !important;margin-right : 7.68%;padding-bottom : 0px !important;padding-left : 0px !important;margin-left : 7.68%;}@media only screen and (max-width:1024px) {.fusion-body .fusion-builder-column-38{width:100% !important;order : 0;}.fusion-builder-column-38 > .fusion-column-wrapper {margin-right : 1.92%;margin-left : 1.92%;}}@media only screen and (max-width:640px) {.fusion-body .fusion-builder-column-38{width:100% !important;order : 0;}.fusion-builder-column-38 > .fusion-column-wrapper {margin-right : 1.92%;margin-left : 1.92%;}}<\/style><div class=\"fusion-layout-column fusion_builder_column fusion-builder-column-39 fusion_builder_column_1_4 1_4 fusion-flex-column img-to-filter\"><div class=\"fusion-column-wrapper fusion-flex-justify-content-flex-start fusion-content-layout-column\" style=\"background-position:left top;background-repeat:no-repeat;-webkit-background-size:cover;-moz-background-size:cover;-o-background-size:cover;background-size:cover;padding: 0px 0px 0px 0px;\"><div ><span class=\"fusion-imageframe imageframe-none imageframe-39 hover-type-none\"><a href=\"https:\/\/www.deco-charpente.fr\/wp-content\/uploads\/2021\/11\/abri-voiture-4-pentes-1.jpg\" class=\"fusion-lightbox\" data-rel=\"iLightbox[gallery-image]\" data-title=\"abri voiture 4 pentes\" title=\"4 slope carport\"><img decoding=\"async\" width=\"1008\" height=\"756\" alt=\"abri voiture 4 pentes\" src=\"https:\/\/www.deco-charpente.fr\/wp-content\/uploads\/2021\/11\/abri-voiture-4-pentes-1.jpg\" class=\"img-responsive wp-image-5226\" srcset=\"https:\/\/www.deco-charpente.fr\/wp-content\/uploads\/2021\/11\/abri-voiture-4-pentes-1-200x150.jpg 200w, https:\/\/www.deco-charpente.fr\/wp-content\/uploads\/2021\/11\/abri-voiture-4-pentes-1-400x300.jpg 400w, https:\/\/www.deco-charpente.fr\/wp-content\/uploads\/2021\/11\/abri-voiture-4-pentes-1-600x450.jpg 600w, https:\/\/www.deco-charpente.fr\/wp-content\/uploads\/2021\/11\/abri-voiture-4-pentes-1-800x600.jpg 800w, https:\/\/www.deco-charpente.fr\/wp-content\/uploads\/2021\/11\/abri-voiture-4-pentes-1.jpg 1008w\" sizes=\"(max-width: 1024px) 100vw, (max-width: 640px) 100vw, 600px\" \/><\/a><\/span><\/div><div class=\"fusion-text fusion-text-77 tags\" style=\"transform:translate3d(0,0,0);\"><p>Carport<\/p>\n<\/div><div class=\"fusion-text fusion-text-78 description\" style=\"transform:translate3d(0,0,0);\"><p style=\"text-align: center;\">4 slope carport<\/p>\n<\/div><\/div><\/div><style type=\"text\/css\">.fusion-body .fusion-builder-column-39{width:25% !important;margin-top : 0px;margin-bottom : 20px;}.fusion-builder-column-39 > .fusion-column-wrapper {padding-top : 0px !important;padding-right : 0px !important;margin-right : 7.68%;padding-bottom : 0px !important;padding-left : 0px !important;margin-left : 7.68%;}@media only screen and (max-width:1024px) {.fusion-body .fusion-builder-column-39{width:100% !important;order : 0;}.fusion-builder-column-39 > .fusion-column-wrapper {margin-right : 1.92%;margin-left : 1.92%;}}@media only screen and (max-width:640px) {.fusion-body .fusion-builder-column-39{width:100% !important;order : 0;}.fusion-builder-column-39 > .fusion-column-wrapper {margin-right : 1.92%;margin-left : 1.92%;}}<\/style><div class=\"fusion-layout-column fusion_builder_column fusion-builder-column-40 fusion_builder_column_1_4 1_4 fusion-flex-column img-to-filter\"><div class=\"fusion-column-wrapper fusion-flex-justify-content-flex-start fusion-content-layout-column\" style=\"background-position:left top;background-repeat:no-repeat;-webkit-background-size:cover;-moz-background-size:cover;-o-background-size:cover;background-size:cover;padding: 0px 0px 0px 0px;\"><div ><span class=\"fusion-imageframe imageframe-none imageframe-40 hover-type-none\"><a href=\"https:\/\/www.deco-charpente.fr\/wp-content\/uploads\/2024\/04\/Appentis-abri-voiture-a-Marignane-1.jpg\" class=\"fusion-lightbox\" data-rel=\"iLightbox[gallery-image]\" data-title=\"Appentis abri voiture a\u0300 Marignane 1\" title=\"Lean-to carport in Marignane 1\"><img decoding=\"async\" width=\"1190\" height=\"752\" src=\"https:\/\/www.deco-charpente.fr\/wp-content\/uploads\/2024\/04\/Appentis-abri-voiture-a-Marignane-1.jpg\" class=\"img-responsive wp-image-10516\" srcset=\"https:\/\/www.deco-charpente.fr\/wp-content\/uploads\/2024\/04\/Appentis-abri-voiture-a-Marignane-1-200x126.jpg 200w, https:\/\/www.deco-charpente.fr\/wp-content\/uploads\/2024\/04\/Appentis-abri-voiture-a-Marignane-1-400x253.jpg 400w, https:\/\/www.deco-charpente.fr\/wp-content\/uploads\/2024\/04\/Appentis-abri-voiture-a-Marignane-1-600x379.jpg 600w, https:\/\/www.deco-charpente.fr\/wp-content\/uploads\/2024\/04\/Appentis-abri-voiture-a-Marignane-1-800x506.jpg 800w, https:\/\/www.deco-charpente.fr\/wp-content\/uploads\/2024\/04\/Appentis-abri-voiture-a-Marignane-1.jpg 1190w\" sizes=\"(max-width: 1024px) 100vw, (max-width: 640px) 100vw, 600px\" \/><\/a><\/span><\/div><div class=\"fusion-text fusion-text-79 tags\" style=\"transform:translate3d(0,0,0);\"><p>Carport<\/p>\n<\/div><div class=\"fusion-text fusion-text-80 description\" style=\"transform:translate3d(0,0,0);\"><p style=\"text-align: center;\">Lean-to carport in Marignane<\/p>\n<\/div><\/div><\/div><style type=\"text\/css\">.fusion-body .fusion-builder-column-40{width:25% !important;margin-top : 0px;margin-bottom : 20px;}.fusion-builder-column-40 > .fusion-column-wrapper {padding-top : 0px !important;padding-right : 0px !important;margin-right : 7.68%;padding-bottom : 0px !important;padding-left : 0px !important;margin-left : 7.68%;}@media only screen and (max-width:1024px) {.fusion-body .fusion-builder-column-40{width:100% !important;order : 0;}.fusion-builder-column-40 > .fusion-column-wrapper {margin-right : 1.92%;margin-left : 1.92%;}}@media only screen and (max-width:640px) {.fusion-body .fusion-builder-column-40{width:100% !important;order : 0;}.fusion-builder-column-40 > .fusion-column-wrapper {margin-right : 1.92%;margin-left : 1.92%;}}<\/style><div class=\"fusion-layout-column fusion_builder_column fusion-builder-column-41 fusion_builder_column_1_4 1_4 fusion-flex-column img-to-filter\"><div class=\"fusion-column-wrapper fusion-flex-justify-content-flex-start fusion-content-layout-column\" style=\"background-position:left top;background-repeat:no-repeat;-webkit-background-size:cover;-moz-background-size:cover;-o-background-size:cover;background-size:cover;padding: 0px 0px 0px 0px;\"><div ><span class=\"fusion-imageframe imageframe-none imageframe-41 hover-type-none\"><a href=\"https:\/\/www.deco-charpente.fr\/wp-content\/uploads\/2021\/09\/abri-voiture-5-places.jpg\" class=\"fusion-lightbox\" data-rel=\"iLightbox[gallery-image]\" data-title=\"Abri voiture 5 places\" title=\"5-seater carport\"><img decoding=\"async\" width=\"1375\" height=\"1031\" alt=\"Abri voiture 5 places\" src=\"https:\/\/www.deco-charpente.fr\/wp-content\/uploads\/2021\/09\/abri-voiture-5-places.jpg\" class=\"img-responsive wp-image-5119\" srcset=\"https:\/\/www.deco-charpente.fr\/wp-content\/uploads\/2021\/09\/abri-voiture-5-places-200x150.jpg 200w, https:\/\/www.deco-charpente.fr\/wp-content\/uploads\/2021\/09\/abri-voiture-5-places-400x300.jpg 400w, https:\/\/www.deco-charpente.fr\/wp-content\/uploads\/2021\/09\/abri-voiture-5-places-600x450.jpg 600w, https:\/\/www.deco-charpente.fr\/wp-content\/uploads\/2021\/09\/abri-voiture-5-places-800x600.jpg 800w, https:\/\/www.deco-charpente.fr\/wp-content\/uploads\/2021\/09\/abri-voiture-5-places-1200x900.jpg 1200w, https:\/\/www.deco-charpente.fr\/wp-content\/uploads\/2021\/09\/abri-voiture-5-places.jpg 1375w\" sizes=\"(max-width: 1024px) 100vw, (max-width: 640px) 100vw, 600px\" \/><\/a><\/span><\/div><div class=\"fusion-text fusion-text-81 tags\" style=\"transform:translate3d(0,0,0);\"><p>Carport<\/p>\n<\/div><div class=\"fusion-text fusion-text-82 description\" style=\"transform:translate3d(0,0,0);\"><p style=\"text-align: center;\">5-seater carport<\/p>\n<\/div><\/div><\/div><style type=\"text\/css\">.fusion-body .fusion-builder-column-41{width:25% !important;margin-top : 0px;margin-bottom : 20px;}.fusion-builder-column-41 > .fusion-column-wrapper {padding-top : 0px !important;padding-right : 0px !important;margin-right : 7.68%;padding-bottom : 0px !important;padding-left : 0px !important;margin-left : 7.68%;}@media only screen and (max-width:1024px) {.fusion-body .fusion-builder-column-41{width:100% !important;order : 0;}.fusion-builder-column-41 > .fusion-column-wrapper {margin-right : 1.92%;margin-left : 1.92%;}}@media only screen and (max-width:640px) {.fusion-body .fusion-builder-column-41{width:100% !important;order : 0;}.fusion-builder-column-41 > .fusion-column-wrapper {margin-right : 1.92%;margin-left : 1.92%;}}<\/style><div class=\"fusion-layout-column fusion_builder_column fusion-builder-column-42 fusion_builder_column_1_4 1_4 fusion-flex-column img-to-filter\"><div class=\"fusion-column-wrapper fusion-flex-justify-content-flex-start fusion-content-layout-column\" style=\"background-position:left top;background-repeat:no-repeat;-webkit-background-size:cover;-moz-background-size:cover;-o-background-size:cover;background-size:cover;padding: 0px 0px 0px 0px;\"><div ><span class=\"fusion-imageframe imageframe-none imageframe-42 hover-type-none\"><a href=\"https:\/\/www.deco-charpente.fr\/wp-content\/uploads\/2024\/03\/Abri-avec-mur-bois.jpg\" class=\"fusion-lightbox\" data-rel=\"iLightbox[gallery-image]\" data-title=\"Abri avec mur bois\" title=\"Shelter with wooden wall\"><img decoding=\"async\" width=\"2049\" height=\"1536\" src=\"https:\/\/www.deco-charpente.fr\/wp-content\/uploads\/2024\/03\/Abri-avec-mur-bois.jpg\" class=\"img-responsive wp-image-10061\" srcset=\"https:\/\/www.deco-charpente.fr\/wp-content\/uploads\/2024\/03\/Abri-avec-mur-bois-200x150.jpg 200w, https:\/\/www.deco-charpente.fr\/wp-content\/uploads\/2024\/03\/Abri-avec-mur-bois-400x300.jpg 400w, https:\/\/www.deco-charpente.fr\/wp-content\/uploads\/2024\/03\/Abri-avec-mur-bois-600x450.jpg 600w, https:\/\/www.deco-charpente.fr\/wp-content\/uploads\/2024\/03\/Abri-avec-mur-bois-800x600.jpg 800w, https:\/\/www.deco-charpente.fr\/wp-content\/uploads\/2024\/03\/Abri-avec-mur-bois-1200x900.jpg 1200w, https:\/\/www.deco-charpente.fr\/wp-content\/uploads\/2024\/03\/Abri-avec-mur-bois.jpg 2049w\" sizes=\"(max-width: 1024px) 100vw, (max-width: 640px) 100vw, 600px\" \/><\/a><\/span><\/div><div class=\"fusion-text fusion-text-83 tags\" style=\"transform:translate3d(0,0,0);\"><p>Carport<\/p>\n<\/div><div class=\"fusion-text fusion-text-84 description\" style=\"transform:translate3d(0,0,0);\"><p style=\"text-align: center;\">Self-supporting carport with wooden wall<\/p>\n<\/div><\/div><\/div><style type=\"text\/css\">.fusion-body .fusion-builder-column-42{width:25% !important;margin-top : 0px;margin-bottom : 20px;}.fusion-builder-column-42 > .fusion-column-wrapper {padding-top : 0px !important;padding-right : 0px !important;margin-right : 7.68%;padding-bottom : 0px !important;padding-left : 0px !important;margin-left : 7.68%;}@media only screen and (max-width:1024px) {.fusion-body .fusion-builder-column-42{width:100% !important;order : 0;}.fusion-builder-column-42 > .fusion-column-wrapper {margin-right : 1.92%;margin-left : 1.92%;}}@media only screen and (max-width:640px) {.fusion-body .fusion-builder-column-42{width:100% !important;order : 0;}.fusion-builder-column-42 > .fusion-column-wrapper {margin-right : 1.92%;margin-left : 1.92%;}}<\/style><div class=\"fusion-layout-column fusion_builder_column fusion-builder-column-43 fusion_builder_column_1_4 1_4 fusion-flex-column img-to-filter\"><div class=\"fusion-column-wrapper fusion-flex-justify-content-flex-start fusion-content-layout-column\" style=\"background-position:left top;background-repeat:no-repeat;-webkit-background-size:cover;-moz-background-size:cover;-o-background-size:cover;background-size:cover;padding: 0px 0px 0px 0px;\"><div ><span class=\"fusion-imageframe imageframe-none imageframe-43 hover-type-none\"><a href=\"https:\/\/www.deco-charpente.fr\/wp-content\/uploads\/2024\/03\/Abri-voiture-accole.jpg\" class=\"fusion-lightbox\" data-rel=\"iLightbox[gallery-image]\" data-title=\"Abri voiture accole\u0301\" title=\"Attached carport\"><img decoding=\"async\" width=\"2049\" height=\"1536\" src=\"https:\/\/www.deco-charpente.fr\/wp-content\/uploads\/2024\/03\/Abri-voiture-accole.jpg\" class=\"img-responsive wp-image-10062\" srcset=\"https:\/\/www.deco-charpente.fr\/wp-content\/uploads\/2024\/03\/Abri-voiture-accole-200x150.jpg 200w, https:\/\/www.deco-charpente.fr\/wp-content\/uploads\/2024\/03\/Abri-voiture-accole-400x300.jpg 400w, https:\/\/www.deco-charpente.fr\/wp-content\/uploads\/2024\/03\/Abri-voiture-accole-600x450.jpg 600w, https:\/\/www.deco-charpente.fr\/wp-content\/uploads\/2024\/03\/Abri-voiture-accole-800x600.jpg 800w, https:\/\/www.deco-charpente.fr\/wp-content\/uploads\/2024\/03\/Abri-voiture-accole-1200x900.jpg 1200w, https:\/\/www.deco-charpente.fr\/wp-content\/uploads\/2024\/03\/Abri-voiture-accole.jpg 2049w\" sizes=\"(max-width: 1024px) 100vw, (max-width: 640px) 100vw, 600px\" \/><\/a><\/span><\/div><div class=\"fusion-text fusion-text-85 tags\" style=\"transform:translate3d(0,0,0);\"><p>Carport<\/p>\n<\/div><div class=\"fusion-text fusion-text-86 description\" style=\"transform:translate3d(0,0,0);\"><p style=\"text-align: center;\">Self-supporting car shelter<\/p>\n<\/div><\/div><\/div><style type=\"text\/css\">.fusion-body .fusion-builder-column-43{width:25% !important;margin-top : 0px;margin-bottom : 20px;}.fusion-builder-column-43 > .fusion-column-wrapper {padding-top : 0px !important;padding-right : 0px !important;margin-right : 7.68%;padding-bottom : 0px !important;padding-left : 0px !important;margin-left : 7.68%;}@media only screen and (max-width:1024px) {.fusion-body .fusion-builder-column-43{width:100% !important;order : 0;}.fusion-builder-column-43 > .fusion-column-wrapper {margin-right : 1.92%;margin-left : 1.92%;}}@media only screen and (max-width:640px) {.fusion-body .fusion-builder-column-43{width:100% !important;order : 0;}.fusion-builder-column-43 > .fusion-column-wrapper {margin-right : 1.92%;margin-left : 1.92%;}}<\/style><div class=\"fusion-layout-column fusion_builder_column fusion-builder-column-44 fusion_builder_column_1_4 1_4 fusion-flex-column img-to-filter\"><div class=\"fusion-column-wrapper fusion-flex-justify-content-flex-start fusion-content-layout-column\" style=\"background-position:left top;background-repeat:no-repeat;-webkit-background-size:cover;-moz-background-size:cover;-o-background-size:cover;background-size:cover;padding: 0px 0px 0px 0px;\"><div ><span class=\"fusion-imageframe imageframe-none imageframe-44 hover-type-none\"><a href=\"https:\/\/www.deco-charpente.fr\/wp-content\/uploads\/2023\/11\/Abri-voiture-autoporte.jpg\" class=\"fusion-lightbox\" data-rel=\"iLightbox[gallery-image]\" data-title=\"Abri voiture autoport\u00e9\" title=\"Self-supporting car shelter\"><img decoding=\"async\" width=\"1230\" height=\"1640\" src=\"https:\/\/www.deco-charpente.fr\/wp-content\/uploads\/2023\/11\/Abri-voiture-autoporte.jpg\" class=\"img-responsive wp-image-9552\" srcset=\"https:\/\/www.deco-charpente.fr\/wp-content\/uploads\/2023\/11\/Abri-voiture-autoporte-200x267.webp 200w, https:\/\/www.deco-charpente.fr\/wp-content\/uploads\/2023\/11\/Abri-voiture-autoporte-225x300.webp 225w, https:\/\/www.deco-charpente.fr\/wp-content\/uploads\/2023\/11\/Abri-voiture-autoporte-400x533.webp 400w, https:\/\/www.deco-charpente.fr\/wp-content\/uploads\/2023\/11\/Abri-voiture-autoporte-600x800.webp 600w, https:\/\/www.deco-charpente.fr\/wp-content\/uploads\/2023\/11\/Abri-voiture-autoporte-768x1024.webp 768w, https:\/\/www.deco-charpente.fr\/wp-content\/uploads\/2023\/11\/Abri-voiture-autoporte-800x1067.webp 800w, https:\/\/www.deco-charpente.fr\/wp-content\/uploads\/2023\/11\/Abri-voiture-autoporte-1152x1536.webp 1152w, https:\/\/www.deco-charpente.fr\/wp-content\/uploads\/2023\/11\/Abri-voiture-autoporte-1200x1600.webp 1200w, https:\/\/www.deco-charpente.fr\/wp-content\/uploads\/2023\/11\/Abri-voiture-autoporte.jpg 1230w\" sizes=\"(max-width: 1024px) 100vw, (max-width: 640px) 100vw, 600px\" \/><\/a><\/span><\/div><div class=\"fusion-text fusion-text-87 tags\" style=\"transform:translate3d(0,0,0);\"><p>Carport<\/p>\n<\/div><div class=\"fusion-text fusion-text-88 description\" style=\"transform:translate3d(0,0,0);\"><p style=\"text-align: center;\">Self-supporting car shelter<\/p>\n<\/div><\/div><\/div><style type=\"text\/css\">.fusion-body .fusion-builder-column-44{width:25% !important;margin-top : 0px;margin-bottom : 20px;}.fusion-builder-column-44 > .fusion-column-wrapper {padding-top : 0px !important;padding-right : 0px !important;margin-right : 7.68%;padding-bottom : 0px !important;padding-left : 0px !important;margin-left : 7.68%;}@media only screen and (max-width:1024px) {.fusion-body .fusion-builder-column-44{width:100% !important;order : 0;}.fusion-builder-column-44 > .fusion-column-wrapper {margin-right : 1.92%;margin-left : 1.92%;}}@media only screen and (max-width:640px) {.fusion-body .fusion-builder-column-44{width:100% !important;order : 0;}.fusion-builder-column-44 > .fusion-column-wrapper {margin-right : 1.92%;margin-left : 1.92%;}}<\/style><div class=\"fusion-layout-column fusion_builder_column fusion-builder-column-45 fusion_builder_column_1_4 1_4 fusion-flex-column img-to-filter\"><div class=\"fusion-column-wrapper fusion-flex-justify-content-flex-start fusion-content-layout-column\" style=\"background-position:left top;background-repeat:no-repeat;-webkit-background-size:cover;-moz-background-size:cover;-o-background-size:cover;background-size:cover;padding: 0px 0px 0px 0px;\"><div ><span class=\"fusion-imageframe imageframe-none imageframe-45 hover-type-none\"><a href=\"https:\/\/www.deco-charpente.fr\/wp-content\/uploads\/2024\/03\/Abri-avec-mur-ajoure.jpg\" class=\"fusion-lightbox\" data-rel=\"iLightbox[gallery-image]\" data-title=\"Abri avec mur ajoure\u0301\" title=\"Shelter with openwork wall\"><img decoding=\"async\" width=\"2048\" height=\"1536\" src=\"https:\/\/www.deco-charpente.fr\/wp-content\/uploads\/2024\/03\/Abri-avec-mur-ajoure.jpg\" class=\"img-responsive wp-image-10038\" srcset=\"https:\/\/www.deco-charpente.fr\/wp-content\/uploads\/2024\/03\/Abri-avec-mur-ajoure-200x150.jpg 200w, https:\/\/www.deco-charpente.fr\/wp-content\/uploads\/2024\/03\/Abri-avec-mur-ajoure-400x300.jpg 400w, https:\/\/www.deco-charpente.fr\/wp-content\/uploads\/2024\/03\/Abri-avec-mur-ajoure-600x450.jpg 600w, https:\/\/www.deco-charpente.fr\/wp-content\/uploads\/2024\/03\/Abri-avec-mur-ajoure-800x600.jpg 800w, https:\/\/www.deco-charpente.fr\/wp-content\/uploads\/2024\/03\/Abri-avec-mur-ajoure-1200x900.jpg 1200w, https:\/\/www.deco-charpente.fr\/wp-content\/uploads\/2024\/03\/Abri-avec-mur-ajoure.jpg 2048w\" sizes=\"(max-width: 1024px) 100vw, (max-width: 640px) 100vw, 600px\" \/><\/a><\/span><\/div><div class=\"fusion-text fusion-text-89 tags\" style=\"transform:translate3d(0,0,0);\"><p>Carport<\/p>\n<\/div><div class=\"fusion-text fusion-text-90 description\" style=\"transform:translate3d(0,0,0);\"><p style=\"text-align: center;\">Self-supporting car shelter<\/p>\n<\/div><\/div><\/div><style type=\"text\/css\">.fusion-body .fusion-builder-column-45{width:25% !important;margin-top : 0px;margin-bottom : 20px;}.fusion-builder-column-45 > .fusion-column-wrapper {padding-top : 0px !important;padding-right : 0px !important;margin-right : 7.68%;padding-bottom : 0px !important;padding-left : 0px !important;margin-left : 7.68%;}@media only screen and (max-width:1024px) {.fusion-body .fusion-builder-column-45{width:100% !important;order : 0;}.fusion-builder-column-45 > .fusion-column-wrapper {margin-right : 1.92%;margin-left : 1.92%;}}@media only screen and (max-width:640px) {.fusion-body .fusion-builder-column-45{width:100% !important;order : 0;}.fusion-builder-column-45 > .fusion-column-wrapper {margin-right : 1.92%;margin-left : 1.92%;}}<\/style><div class=\"fusion-layout-column fusion_builder_column fusion-builder-column-46 fusion_builder_column_1_4 1_4 fusion-flex-column img-to-filter\"><div class=\"fusion-column-wrapper fusion-flex-justify-content-flex-start fusion-content-layout-column\" style=\"background-position:left top;background-repeat:no-repeat;-webkit-background-size:cover;-moz-background-size:cover;-o-background-size:cover;background-size:cover;padding: 0px 0px 0px 0px;\"><div ><span class=\"fusion-imageframe imageframe-none imageframe-46 hover-type-none\"><a href=\"https:\/\/www.deco-charpente.fr\/wp-content\/uploads\/2023\/11\/Abri-voiture-C10.jpg\" class=\"fusion-lightbox\" data-rel=\"iLightbox[gallery-image]\" data-title=\"Abri voiture C10\" title=\"C10 carport\"><img decoding=\"async\" width=\"1546\" height=\"1159\" src=\"https:\/\/www.deco-charpente.fr\/wp-content\/uploads\/2023\/11\/Abri-voiture-C10.jpg\" class=\"img-responsive wp-image-9523\" srcset=\"https:\/\/www.deco-charpente.fr\/wp-content\/uploads\/2023\/11\/Abri-voiture-C10-200x150.webp 200w, https:\/\/www.deco-charpente.fr\/wp-content\/uploads\/2023\/11\/Abri-voiture-C10-300x225.webp 300w, https:\/\/www.deco-charpente.fr\/wp-content\/uploads\/2023\/11\/Abri-voiture-C10-400x300.webp 400w, https:\/\/www.deco-charpente.fr\/wp-content\/uploads\/2023\/11\/Abri-voiture-C10-600x450.webp 600w, https:\/\/www.deco-charpente.fr\/wp-content\/uploads\/2023\/11\/Abri-voiture-C10-768x576.webp 768w, https:\/\/www.deco-charpente.fr\/wp-content\/uploads\/2023\/11\/Abri-voiture-C10-800x600.webp 800w, https:\/\/www.deco-charpente.fr\/wp-content\/uploads\/2023\/11\/Abri-voiture-C10-1024x768.webp 1024w, https:\/\/www.deco-charpente.fr\/wp-content\/uploads\/2023\/11\/Abri-voiture-C10-1200x900.webp 1200w, https:\/\/www.deco-charpente.fr\/wp-content\/uploads\/2023\/11\/Abri-voiture-C10-1536x1152.webp 1536w, https:\/\/www.deco-charpente.fr\/wp-content\/uploads\/2023\/11\/Abri-voiture-C10.jpg 1546w\" sizes=\"(max-width: 1024px) 100vw, (max-width: 640px) 100vw, 600px\" \/><\/a><\/span><\/div><div class=\"fusion-text fusion-text-91 tags\" style=\"transform:translate3d(0,0,0);\"><p>Carport<\/p>\n<\/div><div class=\"fusion-text fusion-text-92 description\" style=\"transform:translate3d(0,0,0);\"><p style=\"text-align: center;\">Self-supporting car shelter<\/p>\n<\/div><\/div><\/div><style type=\"text\/css\">.fusion-body .fusion-builder-column-46{width:25% !important;margin-top : 0px;margin-bottom : 20px;}.fusion-builder-column-46 > .fusion-column-wrapper {padding-top : 0px !important;padding-right : 0px !important;margin-right : 7.68%;padding-bottom : 0px !important;padding-left : 0px !important;margin-left : 7.68%;}@media only screen and (max-width:1024px) {.fusion-body .fusion-builder-column-46{width:100% !important;order : 0;}.fusion-builder-column-46 > .fusion-column-wrapper {margin-right : 1.92%;margin-left : 1.92%;}}@media only screen and (max-width:640px) {.fusion-body .fusion-builder-column-46{width:100% !important;order : 0;}.fusion-builder-column-46 > .fusion-column-wrapper {margin-right : 1.92%;margin-left : 1.92%;}}<\/style><div class=\"fusion-layout-column fusion_builder_column fusion-builder-column-47 fusion_builder_column_1_4 1_4 fusion-flex-column img-to-filter\"><div class=\"fusion-column-wrapper fusion-flex-justify-content-flex-start fusion-content-layout-column\" style=\"background-position:left top;background-repeat:no-repeat;-webkit-background-size:cover;-moz-background-size:cover;-o-background-size:cover;background-size:cover;padding: 0px 0px 0px 0px;\"><div ><span class=\"fusion-imageframe imageframe-none imageframe-47 hover-type-none\"><a href=\"https:\/\/www.deco-charpente.fr\/wp-content\/uploads\/2022\/05\/Abri-voiture-contre-mur.jpg\" class=\"fusion-lightbox\" data-rel=\"iLightbox[gallery-image]\" data-title=\"Abri voiture contre mur\" title=\"Carport against wall\"><img decoding=\"async\" width=\"1477\" height=\"1513\" src=\"https:\/\/www.deco-charpente.fr\/wp-content\/uploads\/2022\/05\/Abri-voiture-contre-mur.jpg\" class=\"img-responsive wp-image-6671\" srcset=\"https:\/\/www.deco-charpente.fr\/wp-content\/uploads\/2022\/05\/Abri-voiture-contre-mur-200x205.jpg 200w, https:\/\/www.deco-charpente.fr\/wp-content\/uploads\/2022\/05\/Abri-voiture-contre-mur-400x410.jpg 400w, https:\/\/www.deco-charpente.fr\/wp-content\/uploads\/2022\/05\/Abri-voiture-contre-mur-600x615.jpg 600w, https:\/\/www.deco-charpente.fr\/wp-content\/uploads\/2022\/05\/Abri-voiture-contre-mur-800x819.jpg 800w, https:\/\/www.deco-charpente.fr\/wp-content\/uploads\/2022\/05\/Abri-voiture-contre-mur-1200x1229.jpg 1200w, https:\/\/www.deco-charpente.fr\/wp-content\/uploads\/2022\/05\/Abri-voiture-contre-mur.jpg 1477w\" sizes=\"(max-width: 1024px) 100vw, (max-width: 640px) 100vw, 600px\" \/><\/a><\/span><\/div><div class=\"fusion-text fusion-text-93 tags\" style=\"transform:translate3d(0,0,0);\"><p>Carport<\/p>\n<\/div><div class=\"fusion-text fusion-text-94 description\" style=\"transform:translate3d(0,0,0);\"><p style=\"text-align: center;\">Self-supporting car shelter<\/p>\n<\/div><\/div><\/div><style type=\"text\/css\">.fusion-body .fusion-builder-column-47{width:25% !important;margin-top : 0px;margin-bottom : 20px;}.fusion-builder-column-47 > .fusion-column-wrapper {padding-top : 0px !important;padding-right : 0px !important;margin-right : 7.68%;padding-bottom : 0px !important;padding-left : 0px !important;margin-left : 7.68%;}@media only screen and (max-width:1024px) {.fusion-body .fusion-builder-column-47{width:100% !important;order : 0;}.fusion-builder-column-47 > .fusion-column-wrapper {margin-right : 1.92%;margin-left : 1.92%;}}@media only screen and (max-width:640px) {.fusion-body .fusion-builder-column-47{width:100% !important;order : 0;}.fusion-builder-column-47 > .fusion-column-wrapper {margin-right : 1.92%;margin-left : 1.92%;}}<\/style><div class=\"fusion-layout-column fusion_builder_column fusion-builder-column-48 fusion_builder_column_1_4 1_4 fusion-flex-column img-to-filter\"><div class=\"fusion-column-wrapper fusion-flex-justify-content-flex-start fusion-content-layout-column\" style=\"background-position:left top;background-repeat:no-repeat;-webkit-background-size:cover;-moz-background-size:cover;-o-background-size:cover;background-size:cover;padding: 0px 0px 0px 0px;\"><div ><span class=\"fusion-imageframe imageframe-none imageframe-48 hover-type-none\"><a href=\"https:\/\/www.deco-charpente.fr\/wp-content\/uploads\/2024\/03\/Abri-mixte.jpg\" class=\"fusion-lightbox\" data-rel=\"iLightbox[gallery-image]\" data-title=\"Abri mixte\" title=\"Mixed shelter\"><img decoding=\"async\" width=\"2049\" height=\"1537\" src=\"https:\/\/www.deco-charpente.fr\/wp-content\/uploads\/2024\/03\/Abri-mixte.jpg\" class=\"img-responsive wp-image-10060\" srcset=\"https:\/\/www.deco-charpente.fr\/wp-content\/uploads\/2024\/03\/Abri-mixte-200x150.jpg 200w, https:\/\/www.deco-charpente.fr\/wp-content\/uploads\/2024\/03\/Abri-mixte-400x300.jpg 400w, https:\/\/www.deco-charpente.fr\/wp-content\/uploads\/2024\/03\/Abri-mixte-600x450.jpg 600w, https:\/\/www.deco-charpente.fr\/wp-content\/uploads\/2024\/03\/Abri-mixte-800x600.jpg 800w, https:\/\/www.deco-charpente.fr\/wp-content\/uploads\/2024\/03\/Abri-mixte-1200x900.jpg 1200w, https:\/\/www.deco-charpente.fr\/wp-content\/uploads\/2024\/03\/Abri-mixte.jpg 2049w\" sizes=\"(max-width: 1024px) 100vw, (max-width: 640px) 100vw, 600px\" \/><\/a><\/span><\/div><div class=\"fusion-text fusion-text-95 tags\" style=\"transform:translate3d(0,0,0);\"><p>Carport<\/p>\n<\/div><div class=\"fusion-text fusion-text-96 description\" style=\"transform:translate3d(0,0,0);\"><p style=\"text-align: center;\">Mixed shelter<\/p>\n<\/div><\/div><\/div><style type=\"text\/css\">.fusion-body .fusion-builder-column-48{width:25% !important;margin-top : 0px;margin-bottom : 20px;}.fusion-builder-column-48 > .fusion-column-wrapper {padding-top : 0px !important;padding-right : 0px !important;margin-right : 7.68%;padding-bottom : 0px !important;padding-left : 0px !important;margin-left : 7.68%;}@media only screen and (max-width:1024px) {.fusion-body .fusion-builder-column-48{width:100% !important;order : 0;}.fusion-builder-column-48 > .fusion-column-wrapper {margin-right : 1.92%;margin-left : 1.92%;}}@media only screen and (max-width:640px) {.fusion-body .fusion-builder-column-48{width:100% !important;order : 0;}.fusion-builder-column-48 > .fusion-column-wrapper {margin-right : 1.92%;margin-left : 1.92%;}}<\/style><div class=\"fusion-layout-column fusion_builder_column fusion-builder-column-49 fusion_builder_column_1_4 1_4 fusion-flex-column img-to-filter\"><div class=\"fusion-column-wrapper fusion-flex-justify-content-flex-start fusion-content-layout-column\" style=\"background-position:left top;background-repeat:no-repeat;-webkit-background-size:cover;-moz-background-size:cover;-o-background-size:cover;background-size:cover;padding: 0px 0px 0px 0px;\"><div ><span class=\"fusion-imageframe imageframe-none imageframe-49 hover-type-none\"><a href=\"https:\/\/www.deco-charpente.fr\/wp-content\/uploads\/2023\/11\/hel5.jpg\" class=\"fusion-lightbox\" data-rel=\"iLightbox[gallery-image]\" data-title=\"hel5\" title=\"hel5\"><img decoding=\"async\" width=\"1910\" height=\"1433\" src=\"https:\/\/www.deco-charpente.fr\/wp-content\/uploads\/2023\/11\/hel5.jpg\" class=\"img-responsive wp-image-9555\"\/><\/a><\/span><\/div><div class=\"fusion-text fusion-text-97 tags\" style=\"transform:translate3d(0,0,0);\"><p>Carport<\/p>\n<\/div><div class=\"fusion-text fusion-text-98 description\" style=\"transform:translate3d(0,0,0);\"><p style=\"text-align: center;\">Mixed shelter<\/p>\n<\/div><\/div><\/div><style type=\"text\/css\">.fusion-body .fusion-builder-column-49{width:25% !important;margin-top : 0px;margin-bottom : 20px;}.fusion-builder-column-49 > .fusion-column-wrapper {padding-top : 0px !important;padding-right : 0px !important;margin-right : 7.68%;padding-bottom : 0px !important;padding-left : 0px !important;margin-left : 7.68%;}@media only screen and (max-width:1024px) {.fusion-body .fusion-builder-column-49{width:100% !important;order : 0;}.fusion-builder-column-49 > .fusion-column-wrapper {margin-right : 1.92%;margin-left : 1.92%;}}@media only screen and (max-width:640px) {.fusion-body .fusion-builder-column-49{width:100% !important;order : 0;}.fusion-builder-column-49 > .fusion-column-wrapper {margin-right : 1.92%;margin-left : 1.92%;}}<\/style><div class=\"fusion-layout-column fusion_builder_column fusion-builder-column-50 fusion_builder_column_1_4 1_4 fusion-flex-column img-to-filter\"><div class=\"fusion-column-wrapper fusion-flex-justify-content-flex-start fusion-content-layout-column\" style=\"background-position:left top;background-repeat:no-repeat;-webkit-background-size:cover;-moz-background-size:cover;-o-background-size:cover;background-size:cover;padding: 0px 0px 0px 0px;\"><div ><span class=\"fusion-imageframe imageframe-none imageframe-50 hover-type-none\"><a href=\"https:\/\/www.deco-charpente.fr\/wp-content\/uploads\/2023\/03\/Abri-mixte.jpg\" class=\"fusion-lightbox\" data-rel=\"iLightbox[gallery-image]\" data-title=\"Abri mixte\" title=\"Mixed shelter\"><img decoding=\"async\" width=\"2260\" height=\"1610\" src=\"https:\/\/www.deco-charpente.fr\/wp-content\/uploads\/2023\/03\/Abri-mixte.jpg\" class=\"img-responsive wp-image-8492\" srcset=\"https:\/\/www.deco-charpente.fr\/wp-content\/uploads\/2023\/03\/Abri-mixte-200x142.jpg 200w, https:\/\/www.deco-charpente.fr\/wp-content\/uploads\/2023\/03\/Abri-mixte-400x285.jpg 400w, https:\/\/www.deco-charpente.fr\/wp-content\/uploads\/2023\/03\/Abri-mixte-600x427.jpg 600w, https:\/\/www.deco-charpente.fr\/wp-content\/uploads\/2023\/03\/Abri-mixte-800x570.jpg 800w, https:\/\/www.deco-charpente.fr\/wp-content\/uploads\/2023\/03\/Abri-mixte-1200x855.jpg 1200w, https:\/\/www.deco-charpente.fr\/wp-content\/uploads\/2023\/03\/Abri-mixte.jpg 2260w\" sizes=\"(max-width: 1024px) 100vw, (max-width: 640px) 100vw, 600px\" \/><\/a><\/span><\/div><div class=\"fusion-text fusion-text-99 tags\" style=\"transform:translate3d(0,0,0);\"><p>Carport<\/p>\n<\/div><div class=\"fusion-text fusion-text-100 description\" style=\"transform:translate3d(0,0,0);\"><p style=\"text-align: center;\">Mixed shelter<\/p>\n<\/div><\/div><\/div><style type=\"text\/css\">.fusion-body .fusion-builder-column-50{width:25% !important;margin-top : 0px;margin-bottom : 20px;}.fusion-builder-column-50 > .fusion-column-wrapper {padding-top : 0px !important;padding-right : 0px !important;margin-right : 7.68%;padding-bottom : 0px !important;padding-left : 0px !important;margin-left : 7.68%;}@media only screen and (max-width:1024px) {.fusion-body .fusion-builder-column-50{width:100% !important;order : 0;}.fusion-builder-column-50 > .fusion-column-wrapper {margin-right : 1.92%;margin-left : 1.92%;}}@media only screen and (max-width:640px) {.fusion-body .fusion-builder-column-50{width:100% !important;order : 0;}.fusion-builder-column-50 > .fusion-column-wrapper {margin-right : 1.92%;margin-left : 1.92%;}}<\/style><div class=\"fusion-layout-column fusion_builder_column fusion-builder-column-51 fusion_builder_column_1_4 1_4 fusion-flex-column img-to-filter\"><div class=\"fusion-column-wrapper fusion-flex-justify-content-flex-start fusion-content-layout-column\" style=\"background-position:left top;background-repeat:no-repeat;-webkit-background-size:cover;-moz-background-size:cover;-o-background-size:cover;background-size:cover;padding: 0px 0px 0px 0px;\"><div ><span class=\"fusion-imageframe imageframe-none imageframe-51 hover-type-none\"><a href=\"https:\/\/www.deco-charpente.fr\/wp-content\/uploads\/2024\/03\/Abri-mixte-grande-envergure.jpg\" class=\"fusion-lightbox\" data-rel=\"iLightbox[gallery-image]\" data-title=\"Abri mixte grande envergure\" title=\"Large-scale mixed shelter\"><img decoding=\"async\" width=\"2048\" height=\"1536\" src=\"https:\/\/www.deco-charpente.fr\/wp-content\/uploads\/2024\/03\/Abri-mixte-grande-envergure.jpg\" class=\"img-responsive wp-image-10022\" srcset=\"https:\/\/www.deco-charpente.fr\/wp-content\/uploads\/2024\/03\/Abri-mixte-grande-envergure-200x150.jpg 200w, https:\/\/www.deco-charpente.fr\/wp-content\/uploads\/2024\/03\/Abri-mixte-grande-envergure-400x300.jpg 400w, https:\/\/www.deco-charpente.fr\/wp-content\/uploads\/2024\/03\/Abri-mixte-grande-envergure-600x450.jpg 600w, https:\/\/www.deco-charpente.fr\/wp-content\/uploads\/2024\/03\/Abri-mixte-grande-envergure-800x600.jpg 800w, https:\/\/www.deco-charpente.fr\/wp-content\/uploads\/2024\/03\/Abri-mixte-grande-envergure-1200x900.jpg 1200w, https:\/\/www.deco-charpente.fr\/wp-content\/uploads\/2024\/03\/Abri-mixte-grande-envergure.jpg 2048w\" sizes=\"(max-width: 1024px) 100vw, (max-width: 640px) 100vw, 600px\" \/><\/a><\/span><\/div><div class=\"fusion-text fusion-text-101 tags\" style=\"transform:translate3d(0,0,0);\"><p>Carport<\/p>\n<\/div><div class=\"fusion-text fusion-text-102 description\" style=\"transform:translate3d(0,0,0);\"><p style=\"text-align: center;\">Mixed shelter<\/p>\n<\/div><\/div><\/div><style type=\"text\/css\">.fusion-body .fusion-builder-column-51{width:25% !important;margin-top : 0px;margin-bottom : 20px;}.fusion-builder-column-51 > .fusion-column-wrapper {padding-top : 0px !important;padding-right : 0px !important;margin-right : 7.68%;padding-bottom : 0px !important;padding-left : 0px !important;margin-left : 7.68%;}@media only screen and (max-width:1024px) {.fusion-body .fusion-builder-column-51{width:100% !important;order : 0;}.fusion-builder-column-51 > .fusion-column-wrapper {margin-right : 1.92%;margin-left : 1.92%;}}@media only screen and (max-width:640px) {.fusion-body .fusion-builder-column-51{width:100% !important;order : 0;}.fusion-builder-column-51 > .fusion-column-wrapper {margin-right : 1.92%;margin-left : 1.92%;}}<\/style><div class=\"fusion-layout-column fusion_builder_column fusion-builder-column-52 fusion_builder_column_1_4 1_4 fusion-flex-column img-to-filter\"><div class=\"fusion-column-wrapper fusion-flex-justify-content-flex-start fusion-content-layout-column\" style=\"background-position:left top;background-repeat:no-repeat;-webkit-background-size:cover;-moz-background-size:cover;-o-background-size:cover;background-size:cover;padding: 0px 0px 0px 0px;\"><div ><span class=\"fusion-imageframe imageframe-none imageframe-52 hover-type-none\"><a href=\"https:\/\/www.deco-charpente.fr\/wp-content\/uploads\/2024\/03\/Abri-mixte-2-pentes.jpg\" class=\"fusion-lightbox\" data-rel=\"iLightbox[gallery-image]\" data-title=\"Abri mixte 2 pentes\" title=\"Mixed shelter 2 slopes\"><img decoding=\"async\" width=\"2049\" height=\"1536\" src=\"https:\/\/www.deco-charpente.fr\/wp-content\/uploads\/2024\/03\/Abri-mixte-2-pentes.jpg\" class=\"img-responsive wp-image-10020\" srcset=\"https:\/\/www.deco-charpente.fr\/wp-content\/uploads\/2024\/03\/Abri-mixte-2-pentes-200x150.jpg 200w, https:\/\/www.deco-charpente.fr\/wp-content\/uploads\/2024\/03\/Abri-mixte-2-pentes-400x300.jpg 400w, https:\/\/www.deco-charpente.fr\/wp-content\/uploads\/2024\/03\/Abri-mixte-2-pentes-600x450.jpg 600w, https:\/\/www.deco-charpente.fr\/wp-content\/uploads\/2024\/03\/Abri-mixte-2-pentes-800x600.jpg 800w, https:\/\/www.deco-charpente.fr\/wp-content\/uploads\/2024\/03\/Abri-mixte-2-pentes-1200x900.jpg 1200w, https:\/\/www.deco-charpente.fr\/wp-content\/uploads\/2024\/03\/Abri-mixte-2-pentes.jpg 2049w\" sizes=\"(max-width: 1024px) 100vw, (max-width: 640px) 100vw, 600px\" \/><\/a><\/span><\/div><div class=\"fusion-text fusion-text-103 tags\" style=\"transform:translate3d(0,0,0);\"><p>Carport<\/p>\n<\/div><div class=\"fusion-text fusion-text-104 description\" style=\"transform:translate3d(0,0,0);\"><p style=\"text-align: center;\">Mixed shelter<\/p>\n<\/div><\/div><\/div><style type=\"text\/css\">.fusion-body .fusion-builder-column-52{width:25% !important;margin-top : 0px;margin-bottom : 20px;}.fusion-builder-column-52 > .fusion-column-wrapper {padding-top : 0px !important;padding-right : 0px !important;margin-right : 7.68%;padding-bottom : 0px !important;padding-left : 0px !important;margin-left : 7.68%;}@media only screen and (max-width:1024px) {.fusion-body .fusion-builder-column-52{width:100% !important;order : 0;}.fusion-builder-column-52 > .fusion-column-wrapper {margin-right : 1.92%;margin-left : 1.92%;}}@media only screen and (max-width:640px) {.fusion-body .fusion-builder-column-52{width:100% !important;order : 0;}.fusion-builder-column-52 > .fusion-column-wrapper {margin-right : 1.92%;margin-left : 1.92%;}}<\/style><div class=\"fusion-layout-column fusion_builder_column fusion-builder-column-53 fusion_builder_column_1_4 1_4 fusion-flex-column img-to-filter\"><div class=\"fusion-column-wrapper fusion-flex-justify-content-flex-start fusion-content-layout-column\" style=\"background-position:left top;background-repeat:no-repeat;-webkit-background-size:cover;-moz-background-size:cover;-o-background-size:cover;background-size:cover;padding: 0px 0px 0px 0px;\"><div ><span class=\"fusion-imageframe imageframe-none imageframe-53 hover-type-none\"><a href=\"https:\/\/www.deco-charpente.fr\/wp-content\/uploads\/2023\/02\/Abri-ZB-1.jpg\" class=\"fusion-lightbox\" data-rel=\"iLightbox[gallery-image]\" data-title=\"Abri mixte\" title=\"Mixed shelter\"><img decoding=\"async\" width=\"1382\" height=\"645\" alt=\"Abri mixte\" src=\"https:\/\/www.deco-charpente.fr\/wp-content\/uploads\/2023\/02\/Abri-ZB-1.jpg\" class=\"img-responsive wp-image-7901\" srcset=\"https:\/\/www.deco-charpente.fr\/wp-content\/uploads\/2023\/02\/Abri-ZB-1-200x93.jpg 200w, https:\/\/www.deco-charpente.fr\/wp-content\/uploads\/2023\/02\/Abri-ZB-1-400x187.jpg 400w, https:\/\/www.deco-charpente.fr\/wp-content\/uploads\/2023\/02\/Abri-ZB-1-600x280.jpg 600w, https:\/\/www.deco-charpente.fr\/wp-content\/uploads\/2023\/02\/Abri-ZB-1-800x373.jpg 800w, https:\/\/www.deco-charpente.fr\/wp-content\/uploads\/2023\/02\/Abri-ZB-1-1200x560.jpg 1200w, https:\/\/www.deco-charpente.fr\/wp-content\/uploads\/2023\/02\/Abri-ZB-1.jpg 1382w\" sizes=\"(max-width: 1024px) 100vw, (max-width: 640px) 100vw, 600px\" \/><\/a><\/span><\/div><div class=\"fusion-text fusion-text-105 tags\" style=\"transform:translate3d(0,0,0);\"><p>Carport<\/p>\n<\/div><div class=\"fusion-text fusion-text-106 description\" style=\"transform:translate3d(0,0,0);\"><p style=\"text-align: center;\">Mixed shelter<\/p>\n<\/div><\/div><\/div><style type=\"text\/css\">.fusion-body .fusion-builder-column-53{width:25% !important;margin-top : 0px;margin-bottom : 20px;}.fusion-builder-column-53 > .fusion-column-wrapper {padding-top : 0px !important;padding-right : 0px !important;margin-right : 7.68%;padding-bottom : 0px !important;padding-left : 0px !important;margin-left : 7.68%;}@media only screen and (max-width:1024px) {.fusion-body .fusion-builder-column-53{width:100% !important;order : 0;}.fusion-builder-column-53 > .fusion-column-wrapper {margin-right : 1.92%;margin-left : 1.92%;}}@media only screen and (max-width:640px) {.fusion-body .fusion-builder-column-53{width:100% !important;order : 0;}.fusion-builder-column-53 > .fusion-column-wrapper {margin-right : 1.92%;margin-left : 1.92%;}}<\/style><div class=\"fusion-layout-column fusion_builder_column fusion-builder-column-54 fusion_builder_column_1_4 1_4 fusion-flex-column img-to-filter\"><div class=\"fusion-column-wrapper fusion-flex-justify-content-flex-start fusion-content-layout-column\" style=\"background-position:left top;background-repeat:no-repeat;-webkit-background-size:cover;-moz-background-size:cover;-o-background-size:cover;background-size:cover;padding: 0px 0px 0px 0px;\"><div ><span class=\"fusion-imageframe imageframe-none imageframe-54 hover-type-none\"><a href=\"https:\/\/www.deco-charpente.fr\/wp-content\/uploads\/2023\/03\/Abri-voiture-bois.jpg\" class=\"fusion-lightbox\" data-rel=\"iLightbox[gallery-image]\" data-title=\"Abri voiture bois\" title=\"wooden carport\"><img decoding=\"async\" width=\"1822\" height=\"1366\" src=\"https:\/\/www.deco-charpente.fr\/wp-content\/uploads\/2023\/03\/Abri-voiture-bois.jpg\" class=\"img-responsive wp-image-8474\" srcset=\"https:\/\/www.deco-charpente.fr\/wp-content\/uploads\/2023\/03\/Abri-voiture-bois-200x150.jpg 200w, https:\/\/www.deco-charpente.fr\/wp-content\/uploads\/2023\/03\/Abri-voiture-bois-400x300.jpg 400w, https:\/\/www.deco-charpente.fr\/wp-content\/uploads\/2023\/03\/Abri-voiture-bois-600x450.jpg 600w, https:\/\/www.deco-charpente.fr\/wp-content\/uploads\/2023\/03\/Abri-voiture-bois-800x600.jpg 800w, https:\/\/www.deco-charpente.fr\/wp-content\/uploads\/2023\/03\/Abri-voiture-bois-1200x900.jpg 1200w, https:\/\/www.deco-charpente.fr\/wp-content\/uploads\/2023\/03\/Abri-voiture-bois.jpg 1822w\" sizes=\"(max-width: 1024px) 100vw, (max-width: 640px) 100vw, 600px\" \/><\/a><\/span><\/div><div class=\"fusion-text fusion-text-107 tags\" style=\"transform:translate3d(0,0,0);\"><p>Carport<\/p>\n<\/div><div class=\"fusion-text fusion-text-108 description\" style=\"transform:translate3d(0,0,0);\"><p style=\"text-align: center;\">2 slope carport<\/p>\n<\/div><\/div><\/div><style type=\"text\/css\">.fusion-body .fusion-builder-column-54{width:25% !important;margin-top : 0px;margin-bottom : 20px;}.fusion-builder-column-54 > .fusion-column-wrapper {padding-top : 0px !important;padding-right : 0px !important;margin-right : 7.68%;padding-bottom : 0px !important;padding-left : 0px !important;margin-left : 7.68%;}@media only screen and (max-width:1024px) {.fusion-body .fusion-builder-column-54{width:100% !important;order : 0;}.fusion-builder-column-54 > .fusion-column-wrapper {margin-right : 1.92%;margin-left : 1.92%;}}@media only screen and (max-width:640px) {.fusion-body .fusion-builder-column-54{width:100% !important;order : 0;}.fusion-builder-column-54 > .fusion-column-wrapper {margin-right : 1.92%;margin-left : 1.92%;}}<\/style><div class=\"fusion-layout-column fusion_builder_column fusion-builder-column-55 fusion_builder_column_1_4 1_4 fusion-flex-column img-to-filter\"><div class=\"fusion-column-wrapper fusion-flex-justify-content-flex-start fusion-content-layout-column\" style=\"background-position:left top;background-repeat:no-repeat;-webkit-background-size:cover;-moz-background-size:cover;-o-background-size:cover;background-size:cover;padding: 0px 0px 0px 0px;\"><div ><span class=\"fusion-imageframe imageframe-none imageframe-55 hover-type-none\"><a href=\"https:\/\/www.deco-charpente.fr\/wp-content\/uploads\/2024\/02\/Abri-voiture-C10.jpg\" class=\"fusion-lightbox\" data-rel=\"iLightbox[gallery-image]\" data-title=\"Abri voiture C10\" title=\"C10 carport\"><img decoding=\"async\" width=\"1545\" height=\"1159\" src=\"https:\/\/www.deco-charpente.fr\/wp-content\/uploads\/2024\/02\/Abri-voiture-C10.jpg\" class=\"img-responsive wp-image-9779\" srcset=\"https:\/\/www.deco-charpente.fr\/wp-content\/uploads\/2024\/02\/Abri-voiture-C10-200x150.jpg 200w, https:\/\/www.deco-charpente.fr\/wp-content\/uploads\/2024\/02\/Abri-voiture-C10-400x300.jpg 400w, https:\/\/www.deco-charpente.fr\/wp-content\/uploads\/2024\/02\/Abri-voiture-C10-600x450.jpg 600w, https:\/\/www.deco-charpente.fr\/wp-content\/uploads\/2024\/02\/Abri-voiture-C10-800x600.jpg 800w, https:\/\/www.deco-charpente.fr\/wp-content\/uploads\/2024\/02\/Abri-voiture-C10-1200x900.jpg 1200w, https:\/\/www.deco-charpente.fr\/wp-content\/uploads\/2024\/02\/Abri-voiture-C10.jpg 1545w\" sizes=\"(max-width: 1024px) 100vw, (max-width: 640px) 100vw, 600px\" \/><\/a><\/span><\/div><div class=\"fusion-text fusion-text-109 tags\" style=\"transform:translate3d(0,0,0);\"><p>Carport<\/p>\n<\/div><div class=\"fusion-text fusion-text-110 description\" style=\"transform:translate3d(0,0,0);\"><p style=\"text-align: center;\">2 slope carport<\/p>\n<\/div><\/div><\/div><style type=\"text\/css\">.fusion-body .fusion-builder-column-55{width:25% !important;margin-top : 0px;margin-bottom : 20px;}.fusion-builder-column-55 > .fusion-column-wrapper {padding-top : 0px !important;padding-right : 0px !important;margin-right : 7.68%;padding-bottom : 0px !important;padding-left : 0px !important;margin-left : 7.68%;}@media only screen and (max-width:1024px) {.fusion-body .fusion-builder-column-55{width:100% !important;order : 0;}.fusion-builder-column-55 > .fusion-column-wrapper {margin-right : 1.92%;margin-left : 1.92%;}}@media only screen and (max-width:640px) {.fusion-body .fusion-builder-column-55{width:100% !important;order : 0;}.fusion-builder-column-55 > .fusion-column-wrapper {margin-right : 1.92%;margin-left : 1.92%;}}<\/style><div class=\"fusion-layout-column fusion_builder_column fusion-builder-column-56 fusion_builder_column_1_4 1_4 fusion-flex-column img-to-filter\"><div class=\"fusion-column-wrapper fusion-flex-justify-content-flex-start fusion-content-layout-column\" style=\"background-position:left top;background-repeat:no-repeat;-webkit-background-size:cover;-moz-background-size:cover;-o-background-size:cover;background-size:cover;padding: 0px 0px 0px 0px;\"><div ><span class=\"fusion-imageframe imageframe-none imageframe-56 hover-type-none\"><a href=\"https:\/\/www.deco-charpente.fr\/wp-content\/uploads\/2024\/03\/Abri-dans-les-vignes.jpg\" class=\"fusion-lightbox\" data-rel=\"iLightbox[gallery-image]\" data-title=\"Abri dans les vignes\" title=\"Shelter in the vineyards\"><img decoding=\"async\" width=\"2048\" height=\"1536\" src=\"https:\/\/www.deco-charpente.fr\/wp-content\/uploads\/2024\/03\/Abri-dans-les-vignes.jpg\" class=\"img-responsive wp-image-10035\" srcset=\"https:\/\/www.deco-charpente.fr\/wp-content\/uploads\/2024\/03\/Abri-dans-les-vignes-200x150.jpg 200w, https:\/\/www.deco-charpente.fr\/wp-content\/uploads\/2024\/03\/Abri-dans-les-vignes-400x300.jpg 400w, https:\/\/www.deco-charpente.fr\/wp-content\/uploads\/2024\/03\/Abri-dans-les-vignes-600x450.jpg 600w, https:\/\/www.deco-charpente.fr\/wp-content\/uploads\/2024\/03\/Abri-dans-les-vignes-800x600.jpg 800w, https:\/\/www.deco-charpente.fr\/wp-content\/uploads\/2024\/03\/Abri-dans-les-vignes-1200x900.jpg 1200w, https:\/\/www.deco-charpente.fr\/wp-content\/uploads\/2024\/03\/Abri-dans-les-vignes.jpg 2048w\" sizes=\"(max-width: 1024px) 100vw, (max-width: 640px) 100vw, 600px\" \/><\/a><\/span><\/div><div class=\"fusion-text fusion-text-111 tags\" style=\"transform:translate3d(0,0,0);\"><p>Carport<\/p>\n<\/div><div class=\"fusion-text fusion-text-112 description\" style=\"transform:translate3d(0,0,0);\"><p style=\"text-align: center;\">2 slope carport<\/p>\n<\/div><\/div><\/div><style type=\"text\/css\">.fusion-body .fusion-builder-column-56{width:25% !important;margin-top : 0px;margin-bottom : 20px;}.fusion-builder-column-56 > .fusion-column-wrapper {padding-top : 0px !important;padding-right : 0px !important;margin-right : 7.68%;padding-bottom : 0px !important;padding-left : 0px !important;margin-left : 7.68%;}@media only screen and (max-width:1024px) {.fusion-body .fusion-builder-column-56{width:100% !important;order : 0;}.fusion-builder-column-56 > .fusion-column-wrapper {margin-right : 1.92%;margin-left : 1.92%;}}@media only screen and (max-width:640px) {.fusion-body .fusion-builder-column-56{width:100% !important;order : 0;}.fusion-builder-column-56 > .fusion-column-wrapper {margin-right : 1.92%;margin-left : 1.92%;}}<\/style><div class=\"fusion-layout-column fusion_builder_column fusion-builder-column-57 fusion_builder_column_1_4 1_4 fusion-flex-column img-to-filter\"><div class=\"fusion-column-wrapper fusion-flex-justify-content-flex-start fusion-content-layout-column\" style=\"background-position:left top;background-repeat:no-repeat;-webkit-background-size:cover;-moz-background-size:cover;-o-background-size:cover;background-size:cover;padding: 0px 0px 0px 0px;\"><div ><span class=\"fusion-imageframe imageframe-none imageframe-57 hover-type-none\"><a href=\"https:\/\/www.deco-charpente.fr\/wp-content\/uploads\/2024\/03\/Abri-voiture-2-pentes.jpg\" class=\"fusion-lightbox\" data-rel=\"iLightbox[gallery-image]\" data-title=\"Abri voiture 2 pentes\" title=\"2 slope carport\"><img decoding=\"async\" width=\"2048\" height=\"624\" src=\"https:\/\/www.deco-charpente.fr\/wp-content\/uploads\/2024\/03\/Abri-voiture-2-pentes.jpg\" class=\"img-responsive wp-image-10034\"\/><\/a><\/span><\/div><div class=\"fusion-text fusion-text-113 tags\" style=\"transform:translate3d(0,0,0);\"><p>Carport<\/p>\n<\/div><div class=\"fusion-text fusion-text-114 description\" style=\"transform:translate3d(0,0,0);\"><p style=\"text-align: center;\">2 slope carport<\/p>\n<\/div><\/div><\/div><style type=\"text\/css\">.fusion-body .fusion-builder-column-57{width:25% !important;margin-top : 0px;margin-bottom : 20px;}.fusion-builder-column-57 > .fusion-column-wrapper {padding-top : 0px !important;padding-right : 0px !important;margin-right : 7.68%;padding-bottom : 0px !important;padding-left : 0px !important;margin-left : 7.68%;}@media only screen and (max-width:1024px) {.fusion-body .fusion-builder-column-57{width:100% !important;order : 0;}.fusion-builder-column-57 > .fusion-column-wrapper {margin-right : 1.92%;margin-left : 1.92%;}}@media only screen and (max-width:640px) {.fusion-body .fusion-builder-column-57{width:100% !important;order : 0;}.fusion-builder-column-57 > .fusion-column-wrapper {margin-right : 1.92%;margin-left : 1.92%;}}<\/style><div class=\"fusion-layout-column fusion_builder_column fusion-builder-column-58 fusion_builder_column_1_4 1_4 fusion-flex-column img-to-filter\"><div class=\"fusion-column-wrapper fusion-flex-justify-content-flex-start fusion-content-layout-column\" style=\"background-position:left top;background-repeat:no-repeat;-webkit-background-size:cover;-moz-background-size:cover;-o-background-size:cover;background-size:cover;padding: 0px 0px 0px 0px;\"><div ><span class=\"fusion-imageframe imageframe-none imageframe-58 hover-type-none\"><a href=\"https:\/\/www.deco-charpente.fr\/wp-content\/uploads\/2023\/08\/abri-voiture-adosse.jpg\" class=\"fusion-lightbox\" data-rel=\"iLightbox[gallery-image]\" data-title=\"abri-voiture-adoss\u00e9\" title=\"lean-to-carport\"><img decoding=\"async\" width=\"1059\" height=\"795\" src=\"https:\/\/www.deco-charpente.fr\/wp-content\/uploads\/2023\/08\/abri-voiture-adosse.jpg\" class=\"img-responsive wp-image-8890\"\/><\/a><\/span><\/div><div class=\"fusion-text fusion-text-115 tags\" style=\"transform:translate3d(0,0,0);\"><p>Carport<\/p>\n<\/div><div class=\"fusion-text fusion-text-116 description\" style=\"transform:translate3d(0,0,0);\"><p style=\"text-align: center;\">2 slope carport<\/p>\n<\/div><\/div><\/div><style type=\"text\/css\">.fusion-body .fusion-builder-column-58{width:25% !important;margin-top : 0px;margin-bottom : 20px;}.fusion-builder-column-58 > .fusion-column-wrapper {padding-top : 0px !important;padding-right : 0px !important;margin-right : 7.68%;padding-bottom : 0px !important;padding-left : 0px !important;margin-left : 7.68%;}@media only screen and (max-width:1024px) {.fusion-body .fusion-builder-column-58{width:100% !important;order : 0;}.fusion-builder-column-58 > .fusion-column-wrapper {margin-right : 1.92%;margin-left : 1.92%;}}@media only screen and (max-width:640px) {.fusion-body .fusion-builder-column-58{width:100% !important;order : 0;}.fusion-builder-column-58 > .fusion-column-wrapper {margin-right : 1.92%;margin-left : 1.92%;}}<\/style><div class=\"fusion-layout-column fusion_builder_column fusion-builder-column-59 fusion_builder_column_1_4 1_4 fusion-flex-column img-to-filter\"><div class=\"fusion-column-wrapper fusion-flex-justify-content-flex-start fusion-content-layout-column\" style=\"background-position:left top;background-repeat:no-repeat;-webkit-background-size:cover;-moz-background-size:cover;-o-background-size:cover;background-size:cover;padding: 0px 0px 0px 0px;\"><div ><span class=\"fusion-imageframe imageframe-none imageframe-59 hover-type-none\"><a href=\"https:\/\/www.deco-charpente.fr\/wp-content\/uploads\/2023\/08\/Abri-2-pentes.jpg\" class=\"fusion-lightbox\" data-rel=\"iLightbox[gallery-image]\" data-title=\"Abri 2 pentes\" title=\"Shelter 2 slopes\"><img decoding=\"async\" width=\"1600\" height=\"1200\" alt=\"Abri 2 pentes\" src=\"https:\/\/www.deco-charpente.fr\/wp-content\/uploads\/2023\/08\/Abri-2-pentes.jpg\" class=\"img-responsive wp-image-8905\"\/><\/a><\/span><\/div><div class=\"fusion-text fusion-text-117 tags\" style=\"transform:translate3d(0,0,0);\"><p>Carport<\/p>\n<\/div><div class=\"fusion-text fusion-text-118 description\" style=\"transform:translate3d(0,0,0);\"><p style=\"text-align: center;\">2 slope carport<\/p>\n<\/div><\/div><\/div><style type=\"text\/css\">.fusion-body .fusion-builder-column-59{width:25% !important;margin-top : 0px;margin-bottom : 20px;}.fusion-builder-column-59 > .fusion-column-wrapper {padding-top : 0px !important;padding-right : 0px !important;margin-right : 7.68%;padding-bottom : 0px !important;padding-left : 0px !important;margin-left : 7.68%;}@media only screen and (max-width:1024px) {.fusion-body .fusion-builder-column-59{width:100% !important;order : 0;}.fusion-builder-column-59 > .fusion-column-wrapper {margin-right : 1.92%;margin-left : 1.92%;}}@media only screen and (max-width:640px) {.fusion-body .fusion-builder-column-59{width:100% !important;order : 0;}.fusion-builder-column-59 > .fusion-column-wrapper {margin-right : 1.92%;margin-left : 1.92%;}}<\/style><div class=\"fusion-layout-column fusion_builder_column fusion-builder-column-60 fusion_builder_column_1_4 1_4 fusion-flex-column img-to-filter\"><div class=\"fusion-column-wrapper fusion-flex-justify-content-flex-start fusion-content-layout-column\" style=\"background-position:left top;background-repeat:no-repeat;-webkit-background-size:cover;-moz-background-size:cover;-o-background-size:cover;background-size:cover;padding: 0px 0px 0px 0px;\"><div ><span class=\"fusion-imageframe imageframe-none imageframe-60 hover-type-none\"><a href=\"https:\/\/www.deco-charpente.fr\/wp-content\/uploads\/2023\/08\/abri-voiture.jpg\" class=\"fusion-lightbox\" data-rel=\"iLightbox[gallery-image]\" data-title=\"abri voiture\" title=\"carport\"><img decoding=\"async\" width=\"1770\" height=\"1327\" src=\"https:\/\/www.deco-charpente.fr\/wp-content\/uploads\/2023\/08\/abri-voiture.jpg\" class=\"img-responsive wp-image-8885\" srcset=\"https:\/\/www.deco-charpente.fr\/wp-content\/uploads\/2023\/08\/abri-voiture-200x150.webp 200w, https:\/\/www.deco-charpente.fr\/wp-content\/uploads\/2023\/08\/abri-voiture-300x225.webp 300w, https:\/\/www.deco-charpente.fr\/wp-content\/uploads\/2023\/08\/abri-voiture-400x300.webp 400w, https:\/\/www.deco-charpente.fr\/wp-content\/uploads\/2023\/08\/abri-voiture-600x450.webp 600w, https:\/\/www.deco-charpente.fr\/wp-content\/uploads\/2023\/08\/abri-voiture-768x576.webp 768w, https:\/\/www.deco-charpente.fr\/wp-content\/uploads\/2023\/08\/abri-voiture-800x600.webp 800w, https:\/\/www.deco-charpente.fr\/wp-content\/uploads\/2023\/08\/abri-voiture-1024x768.webp 1024w, https:\/\/www.deco-charpente.fr\/wp-content\/uploads\/2023\/08\/abri-voiture-1200x900.webp 1200w, https:\/\/www.deco-charpente.fr\/wp-content\/uploads\/2023\/08\/abri-voiture-1536x1152.webp 1536w, https:\/\/www.deco-charpente.fr\/wp-content\/uploads\/2023\/08\/abri-voiture.jpg 1770w\" sizes=\"(max-width: 1024px) 100vw, (max-width: 640px) 100vw, 600px\" \/><\/a><\/span><\/div><div class=\"fusion-text fusion-text-119 tags\" style=\"transform:translate3d(0,0,0);\"><p>Carport<\/p>\n<\/div><div class=\"fusion-text fusion-text-120 description\" style=\"transform:translate3d(0,0,0);\"><p style=\"text-align: center;\">2 slope carport<\/p>\n<\/div><\/div><\/div><style type=\"text\/css\">.fusion-body .fusion-builder-column-60{width:25% !important;margin-top : 0px;margin-bottom : 20px;}.fusion-builder-column-60 > .fusion-column-wrapper {padding-top : 0px !important;padding-right : 0px !important;margin-right : 7.68%;padding-bottom : 0px !important;padding-left : 0px !important;margin-left : 7.68%;}@media only screen and (max-width:1024px) {.fusion-body .fusion-builder-column-60{width:100% !important;order : 0;}.fusion-builder-column-60 > .fusion-column-wrapper {margin-right : 1.92%;margin-left : 1.92%;}}@media only screen and (max-width:640px) {.fusion-body .fusion-builder-column-60{width:100% !important;order : 0;}.fusion-builder-column-60 > .fusion-column-wrapper {margin-right : 1.92%;margin-left : 1.92%;}}<\/style><div class=\"fusion-layout-column fusion_builder_column fusion-builder-column-61 fusion_builder_column_1_4 1_4 fusion-flex-column img-to-filter\"><div class=\"fusion-column-wrapper fusion-flex-justify-content-flex-start fusion-content-layout-column\" style=\"background-position:left top;background-repeat:no-repeat;-webkit-background-size:cover;-moz-background-size:cover;-o-background-size:cover;background-size:cover;padding: 0px 0px 0px 0px;\"><div ><span class=\"fusion-imageframe imageframe-none imageframe-61 hover-type-none\"><a href=\"https:\/\/www.deco-charpente.fr\/wp-content\/uploads\/2023\/02\/Abri-voiture-2-pentes.jpg\" class=\"fusion-lightbox\" data-rel=\"iLightbox[gallery-image]\" data-title=\"Abri voiture 2 pentes\" title=\"2 slope carport\"><img decoding=\"async\" width=\"948\" height=\"748\" src=\"https:\/\/www.deco-charpente.fr\/wp-content\/uploads\/2023\/02\/Abri-voiture-2-pentes.jpg\" class=\"img-responsive wp-image-8219\" srcset=\"https:\/\/www.deco-charpente.fr\/wp-content\/uploads\/2023\/02\/Abri-voiture-2-pentes-200x158.jpg 200w, https:\/\/www.deco-charpente.fr\/wp-content\/uploads\/2023\/02\/Abri-voiture-2-pentes-400x316.jpg 400w, https:\/\/www.deco-charpente.fr\/wp-content\/uploads\/2023\/02\/Abri-voiture-2-pentes-600x473.jpg 600w, https:\/\/www.deco-charpente.fr\/wp-content\/uploads\/2023\/02\/Abri-voiture-2-pentes-800x631.jpg 800w, https:\/\/www.deco-charpente.fr\/wp-content\/uploads\/2023\/02\/Abri-voiture-2-pentes.jpg 948w\" sizes=\"(max-width: 1024px) 100vw, (max-width: 640px) 100vw, 600px\" \/><\/a><\/span><\/div><div class=\"fusion-text fusion-text-121 tags\" style=\"transform:translate3d(0,0,0);\"><p>Carport<\/p>\n<\/div><div class=\"fusion-text fusion-text-122 description\" style=\"transform:translate3d(0,0,0);\"><p style=\"text-align: center;\">2 slope carport<\/p>\n<\/div><\/div><\/div><style type=\"text\/css\">.fusion-body .fusion-builder-column-61{width:25% !important;margin-top : 0px;margin-bottom : 20px;}.fusion-builder-column-61 > .fusion-column-wrapper {padding-top : 0px !important;padding-right : 0px !important;margin-right : 7.68%;padding-bottom : 0px !important;padding-left : 0px !important;margin-left : 7.68%;}@media only screen and (max-width:1024px) {.fusion-body .fusion-builder-column-61{width:100% !important;order : 0;}.fusion-builder-column-61 > .fusion-column-wrapper {margin-right : 1.92%;margin-left : 1.92%;}}@media only screen and (max-width:640px) {.fusion-body .fusion-builder-column-61{width:100% !important;order : 0;}.fusion-builder-column-61 > .fusion-column-wrapper {margin-right : 1.92%;margin-left : 1.92%;}}<\/style><div class=\"fusion-layout-column fusion_builder_column fusion-builder-column-62 fusion_builder_column_1_4 1_4 fusion-flex-column img-to-filter\"><div class=\"fusion-column-wrapper fusion-flex-justify-content-flex-start fusion-content-layout-column\" style=\"background-position:left top;background-repeat:no-repeat;-webkit-background-size:cover;-moz-background-size:cover;-o-background-size:cover;background-size:cover;padding: 0px 0px 0px 0px;\"><div ><span class=\"fusion-imageframe imageframe-none imageframe-62 hover-type-none\"><a href=\"https:\/\/www.deco-charpente.fr\/wp-content\/uploads\/2023\/02\/20230203_162104-compressed.jpg\" class=\"fusion-lightbox\" data-rel=\"iLightbox[gallery-image]\" data-title=\"20230203_162104-compressed\" title=\"20230203_162104-compressed\"><img decoding=\"async\" width=\"1634\" height=\"1226\" src=\"https:\/\/www.deco-charpente.fr\/wp-content\/uploads\/2023\/02\/20230203_162104-compressed.jpg\" class=\"img-responsive wp-image-7838\" srcset=\"https:\/\/www.deco-charpente.fr\/wp-content\/uploads\/2023\/02\/20230203_162104-compressed-200x150.jpg 200w, https:\/\/www.deco-charpente.fr\/wp-content\/uploads\/2023\/02\/20230203_162104-compressed-400x300.jpg 400w, https:\/\/www.deco-charpente.fr\/wp-content\/uploads\/2023\/02\/20230203_162104-compressed-600x450.jpg 600w, https:\/\/www.deco-charpente.fr\/wp-content\/uploads\/2023\/02\/20230203_162104-compressed-800x600.jpg 800w, https:\/\/www.deco-charpente.fr\/wp-content\/uploads\/2023\/02\/20230203_162104-compressed-1200x900.jpg 1200w, https:\/\/www.deco-charpente.fr\/wp-content\/uploads\/2023\/02\/20230203_162104-compressed.jpg 1634w\" sizes=\"(max-width: 1024px) 100vw, (max-width: 640px) 100vw, 600px\" \/><\/a><\/span><\/div><div class=\"fusion-text fusion-text-123 tags\" style=\"transform:translate3d(0,0,0);\"><p>Carport<\/p>\n<\/div><div class=\"fusion-text fusion-text-124 description\" style=\"transform:translate3d(0,0,0);\"><p style=\"text-align: center;\">2 slope carport<\/p>\n<\/div><\/div><\/div><style type=\"text\/css\">.fusion-body .fusion-builder-column-62{width:25% !important;margin-top : 0px;margin-bottom : 20px;}.fusion-builder-column-62 > .fusion-column-wrapper {padding-top : 0px !important;padding-right : 0px !important;margin-right : 7.68%;padding-bottom : 0px !important;padding-left : 0px !important;margin-left : 7.68%;}@media only screen and (max-width:1024px) {.fusion-body .fusion-builder-column-62{width:100% !important;order : 0;}.fusion-builder-column-62 > .fusion-column-wrapper {margin-right : 1.92%;margin-left : 1.92%;}}@media only screen and (max-width:640px) {.fusion-body .fusion-builder-column-62{width:100% !important;order : 0;}.fusion-builder-column-62 > .fusion-column-wrapper {margin-right : 1.92%;margin-left : 1.92%;}}<\/style><div class=\"fusion-layout-column fusion_builder_column fusion-builder-column-63 fusion_builder_column_1_4 1_4 fusion-flex-column img-to-filter\"><div class=\"fusion-column-wrapper fusion-flex-justify-content-flex-start fusion-content-layout-column\" style=\"background-position:left top;background-repeat:no-repeat;-webkit-background-size:cover;-moz-background-size:cover;-o-background-size:cover;background-size:cover;padding: 0px 0px 0px 0px;\"><div ><span class=\"fusion-imageframe imageframe-none imageframe-63 hover-type-none\"><a href=\"https:\/\/www.deco-charpente.fr\/wp-content\/uploads\/2022\/09\/Abri-voiture-adosse.jpg\" class=\"fusion-lightbox\" data-rel=\"iLightbox[gallery-image]\" data-title=\"Abri-voiture-adoss\u00e9\" title=\"Lean-to carport\"><img decoding=\"async\" width=\"1555\" height=\"1166\" src=\"https:\/\/www.deco-charpente.fr\/wp-content\/uploads\/2022\/09\/Abri-voiture-adosse.jpg\" class=\"img-responsive wp-image-7597\" srcset=\"https:\/\/www.deco-charpente.fr\/wp-content\/uploads\/2022\/09\/Abri-voiture-adosse-200x150.jpg 200w, https:\/\/www.deco-charpente.fr\/wp-content\/uploads\/2022\/09\/Abri-voiture-adosse-400x300.jpg 400w, https:\/\/www.deco-charpente.fr\/wp-content\/uploads\/2022\/09\/Abri-voiture-adosse-600x450.jpg 600w, https:\/\/www.deco-charpente.fr\/wp-content\/uploads\/2022\/09\/Abri-voiture-adosse-800x600.jpg 800w, https:\/\/www.deco-charpente.fr\/wp-content\/uploads\/2022\/09\/Abri-voiture-adosse-1200x900.jpg 1200w, https:\/\/www.deco-charpente.fr\/wp-content\/uploads\/2022\/09\/Abri-voiture-adosse.jpg 1555w\" sizes=\"(max-width: 1024px) 100vw, (max-width: 640px) 100vw, 600px\" \/><\/a><\/span><\/div><div class=\"fusion-text fusion-text-125 tags\" style=\"transform:translate3d(0,0,0);\"><p>Carport<\/p>\n<\/div><div class=\"fusion-text fusion-text-126 description\" style=\"transform:translate3d(0,0,0);\"><p style=\"text-align: center;\">2 slope carport<\/p>\n<\/div><\/div><\/div><style type=\"text\/css\">.fusion-body .fusion-builder-column-63{width:25% !important;margin-top : 0px;margin-bottom : 20px;}.fusion-builder-column-63 > .fusion-column-wrapper {padding-top : 0px !important;padding-right : 0px !important;margin-right : 7.68%;padding-bottom : 0px !important;padding-left : 0px !important;margin-left : 7.68%;}@media only screen and (max-width:1024px) {.fusion-body .fusion-builder-column-63{width:100% !important;order : 0;}.fusion-builder-column-63 > .fusion-column-wrapper {margin-right : 1.92%;margin-left : 1.92%;}}@media only screen and (max-width:640px) {.fusion-body .fusion-builder-column-63{width:100% !important;order : 0;}.fusion-builder-column-63 > .fusion-column-wrapper {margin-right : 1.92%;margin-left : 1.92%;}}<\/style><div class=\"fusion-layout-column fusion_builder_column fusion-builder-column-64 fusion_builder_column_1_4 1_4 fusion-flex-column img-to-filter\"><div class=\"fusion-column-wrapper fusion-flex-justify-content-flex-start fusion-content-layout-column\" style=\"background-position:left top;background-repeat:no-repeat;-webkit-background-size:cover;-moz-background-size:cover;-o-background-size:cover;background-size:cover;padding: 0px 0px 0px 0px;\"><div ><span class=\"fusion-imageframe imageframe-none imageframe-64 hover-type-none\"><a href=\"https:\/\/www.deco-charpente.fr\/wp-content\/uploads\/2022\/10\/Abri-voiture-2-pentes-300x225.jpg\" class=\"fusion-lightbox\" data-rel=\"iLightbox[gallery-image]\" data-title=\"Abri voiture 2 pentes\" title=\"2 slope carport\"><img decoding=\"async\" width=\"300\" height=\"225\" src=\"https:\/\/www.deco-charpente.fr\/wp-content\/uploads\/2022\/10\/Abri-voiture-2-pentes-300x225.jpg\" class=\"img-responsive wp-image-7730\" srcset=\"https:\/\/www.deco-charpente.fr\/wp-content\/uploads\/2022\/10\/Abri-voiture-2-pentes-200x150.jpg 200w, https:\/\/www.deco-charpente.fr\/wp-content\/uploads\/2022\/10\/Abri-voiture-2-pentes-400x300.jpg 400w, https:\/\/www.deco-charpente.fr\/wp-content\/uploads\/2022\/10\/Abri-voiture-2-pentes-600x450.jpg 600w, https:\/\/www.deco-charpente.fr\/wp-content\/uploads\/2022\/10\/Abri-voiture-2-pentes-800x600.jpg 800w, https:\/\/www.deco-charpente.fr\/wp-content\/uploads\/2022\/10\/Abri-voiture-2-pentes-1200x900.jpg 1200w, https:\/\/www.deco-charpente.fr\/wp-content\/uploads\/2022\/10\/Abri-voiture-2-pentes.jpg 1353w\" sizes=\"(max-width: 1024px) 100vw, (max-width: 640px) 100vw, 600px\" \/><\/a><\/span><\/div><div class=\"fusion-text fusion-text-127 tags\" style=\"transform:translate3d(0,0,0);\"><p>Carport<\/p>\n<\/div><div class=\"fusion-text fusion-text-128 description\" style=\"transform:translate3d(0,0,0);\"><p style=\"text-align: center;\">2 slope carport<\/p>\n<\/div><\/div><\/div><style type=\"text\/css\">.fusion-body .fusion-builder-column-64{width:25% !important;margin-top : 0px;margin-bottom : 20px;}.fusion-builder-column-64 > .fusion-column-wrapper {padding-top : 0px !important;padding-right : 0px !important;margin-right : 7.68%;padding-bottom : 0px !important;padding-left : 0px !important;margin-left : 7.68%;}@media only screen and (max-width:1024px) {.fusion-body .fusion-builder-column-64{width:100% !important;order : 0;}.fusion-builder-column-64 > .fusion-column-wrapper {margin-right : 1.92%;margin-left : 1.92%;}}@media only screen and (max-width:640px) {.fusion-body .fusion-builder-column-64{width:100% !important;order : 0;}.fusion-builder-column-64 > .fusion-column-wrapper {margin-right : 1.92%;margin-left : 1.92%;}}<\/style><div class=\"fusion-layout-column fusion_builder_column fusion-builder-column-65 fusion_builder_column_1_4 1_4 fusion-flex-column img-to-filter\"><div class=\"fusion-column-wrapper fusion-flex-justify-content-flex-start fusion-content-layout-column\" style=\"background-position:left top;background-repeat:no-repeat;-webkit-background-size:cover;-moz-background-size:cover;-o-background-size:cover;background-size:cover;padding: 0px 0px 0px 0px;\"><div ><span class=\"fusion-imageframe imageframe-none imageframe-65 hover-type-none\"><a href=\"https:\/\/www.deco-charpente.fr\/wp-content\/uploads\/2023\/11\/Abri-voiture-adosse.jpg\" class=\"fusion-lightbox\" data-rel=\"iLightbox[gallery-image]\" data-title=\"Abri voiture adoss\u00e9\" title=\"Lean-to carport\"><img decoding=\"async\" width=\"1780\" height=\"1335\" src=\"https:\/\/www.deco-charpente.fr\/wp-content\/uploads\/2023\/11\/Abri-voiture-adosse.jpg\" class=\"img-responsive wp-image-9553\" srcset=\"https:\/\/www.deco-charpente.fr\/wp-content\/uploads\/2023\/11\/Abri-voiture-adosse-200x150.webp 200w, https:\/\/www.deco-charpente.fr\/wp-content\/uploads\/2023\/11\/Abri-voiture-adosse-300x225.webp 300w, https:\/\/www.deco-charpente.fr\/wp-content\/uploads\/2023\/11\/Abri-voiture-adosse-400x300.webp 400w, https:\/\/www.deco-charpente.fr\/wp-content\/uploads\/2023\/11\/Abri-voiture-adosse-600x450.webp 600w, https:\/\/www.deco-charpente.fr\/wp-content\/uploads\/2023\/11\/Abri-voiture-adosse-768x576.webp 768w, https:\/\/www.deco-charpente.fr\/wp-content\/uploads\/2023\/11\/Abri-voiture-adosse-800x600.webp 800w, https:\/\/www.deco-charpente.fr\/wp-content\/uploads\/2023\/11\/Abri-voiture-adosse-1024x768.webp 1024w, https:\/\/www.deco-charpente.fr\/wp-content\/uploads\/2023\/11\/Abri-voiture-adosse-1200x900.webp 1200w, https:\/\/www.deco-charpente.fr\/wp-content\/uploads\/2023\/11\/Abri-voiture-adosse-1536x1152.webp 1536w, https:\/\/www.deco-charpente.fr\/wp-content\/uploads\/2023\/11\/Abri-voiture-adosse.jpg 1780w\" sizes=\"(max-width: 1024px) 100vw, (max-width: 640px) 100vw, 600px\" \/><\/a><\/span><\/div><div class=\"fusion-text fusion-text-129 tags\" style=\"transform:translate3d(0,0,0);\"><p>Carport<\/p>\n<\/div><div class=\"fusion-text fusion-text-130 description\" style=\"transform:translate3d(0,0,0);\"><p style=\"text-align: center;\">Lean-to carport<\/p>\n<\/div><\/div><\/div><style type=\"text\/css\">.fusion-body .fusion-builder-column-65{width:25% !important;margin-top : 0px;margin-bottom : 20px;}.fusion-builder-column-65 > .fusion-column-wrapper {padding-top : 0px !important;padding-right : 0px !important;margin-right : 7.68%;padding-bottom : 0px !important;padding-left : 0px !important;margin-left : 7.68%;}@media only screen and (max-width:1024px) {.fusion-body .fusion-builder-column-65{width:100% !important;order : 0;}.fusion-builder-column-65 > .fusion-column-wrapper {margin-right : 1.92%;margin-left : 1.92%;}}@media only screen and (max-width:640px) {.fusion-body .fusion-builder-column-65{width:100% !important;order : 0;}.fusion-builder-column-65 > .fusion-column-wrapper {margin-right : 1.92%;margin-left : 1.92%;}}<\/style><div class=\"fusion-layout-column fusion_builder_column fusion-builder-column-66 fusion_builder_column_1_4 1_4 fusion-flex-column img-to-filter\"><div class=\"fusion-column-wrapper fusion-flex-justify-content-flex-start fusion-content-layout-column\" style=\"background-position:left top;background-repeat:no-repeat;-webkit-background-size:cover;-moz-background-size:cover;-o-background-size:cover;background-size:cover;padding: 0px 0px 0px 0px;\"><div ><span class=\"fusion-imageframe imageframe-none imageframe-66 hover-type-none\"><a href=\"https:\/\/www.deco-charpente.fr\/wp-content\/uploads\/2024\/03\/Abri-voiture-casquette-adosse.jpg\" class=\"fusion-lightbox\" data-rel=\"iLightbox[gallery-image]\" data-title=\"Abri voiture casquette adosse\u0301\" title=\"Leaning cap car shelter\"><img decoding=\"async\" width=\"2049\" height=\"1536\" src=\"https:\/\/www.deco-charpente.fr\/wp-content\/uploads\/2024\/03\/Abri-voiture-casquette-adosse.jpg\" class=\"img-responsive wp-image-10068\" srcset=\"https:\/\/www.deco-charpente.fr\/wp-content\/uploads\/2024\/03\/Abri-voiture-casquette-adosse-200x150.jpg 200w, https:\/\/www.deco-charpente.fr\/wp-content\/uploads\/2024\/03\/Abri-voiture-casquette-adosse-400x300.jpg 400w, https:\/\/www.deco-charpente.fr\/wp-content\/uploads\/2024\/03\/Abri-voiture-casquette-adosse-600x450.jpg 600w, https:\/\/www.deco-charpente.fr\/wp-content\/uploads\/2024\/03\/Abri-voiture-casquette-adosse-800x600.jpg 800w, https:\/\/www.deco-charpente.fr\/wp-content\/uploads\/2024\/03\/Abri-voiture-casquette-adosse-1200x900.jpg 1200w, https:\/\/www.deco-charpente.fr\/wp-content\/uploads\/2024\/03\/Abri-voiture-casquette-adosse.jpg 2049w\" sizes=\"(max-width: 1024px) 100vw, (max-width: 640px) 100vw, 600px\" \/><\/a><\/span><\/div><div class=\"fusion-text fusion-text-131 tags\" style=\"transform:translate3d(0,0,0);\"><p>Carport<\/p>\n<\/div><div class=\"fusion-text fusion-text-132 description\" style=\"transform:translate3d(0,0,0);\"><p style=\"text-align: center;\">Lean-to carport<\/p>\n<\/div><\/div><\/div><style type=\"text\/css\">.fusion-body .fusion-builder-column-66{width:25% !important;margin-top : 0px;margin-bottom : 20px;}.fusion-builder-column-66 > .fusion-column-wrapper {padding-top : 0px !important;padding-right : 0px !important;margin-right : 7.68%;padding-bottom : 0px !important;padding-left : 0px !important;margin-left : 7.68%;}@media only screen and (max-width:1024px) {.fusion-body .fusion-builder-column-66{width:100% !important;order : 0;}.fusion-builder-column-66 > .fusion-column-wrapper {margin-right : 1.92%;margin-left : 1.92%;}}@media only screen and (max-width:640px) {.fusion-body .fusion-builder-column-66{width:100% !important;order : 0;}.fusion-builder-column-66 > .fusion-column-wrapper {margin-right : 1.92%;margin-left : 1.92%;}}<\/style><div class=\"fusion-layout-column fusion_builder_column fusion-builder-column-67 fusion_builder_column_1_4 1_4 fusion-flex-column img-to-filter\"><div class=\"fusion-column-wrapper fusion-flex-justify-content-flex-start fusion-content-layout-column\" style=\"background-position:left top;background-repeat:no-repeat;-webkit-background-size:cover;-moz-background-size:cover;-o-background-size:cover;background-size:cover;padding: 0px 0px 0px 0px;\"><div ><span class=\"fusion-imageframe imageframe-none imageframe-67 hover-type-none\"><a href=\"https:\/\/www.deco-charpente.fr\/wp-content\/uploads\/2024\/03\/Abri-voiture-C5.jpg\" class=\"fusion-lightbox\" data-rel=\"iLightbox[gallery-image]\" data-title=\"Abri voiture C5\" title=\"C5 carport\"><img decoding=\"async\" width=\"2048\" height=\"1536\" src=\"https:\/\/www.deco-charpente.fr\/wp-content\/uploads\/2024\/03\/Abri-voiture-C5.jpg\" class=\"img-responsive wp-image-10030\" srcset=\"https:\/\/www.deco-charpente.fr\/wp-content\/uploads\/2024\/03\/Abri-voiture-C5-200x150.jpg 200w, https:\/\/www.deco-charpente.fr\/wp-content\/uploads\/2024\/03\/Abri-voiture-C5-400x300.jpg 400w, https:\/\/www.deco-charpente.fr\/wp-content\/uploads\/2024\/03\/Abri-voiture-C5-600x450.jpg 600w, https:\/\/www.deco-charpente.fr\/wp-content\/uploads\/2024\/03\/Abri-voiture-C5-800x600.jpg 800w, https:\/\/www.deco-charpente.fr\/wp-content\/uploads\/2024\/03\/Abri-voiture-C5-1200x900.jpg 1200w, https:\/\/www.deco-charpente.fr\/wp-content\/uploads\/2024\/03\/Abri-voiture-C5.jpg 2048w\" sizes=\"(max-width: 1024px) 100vw, (max-width: 640px) 100vw, 600px\" \/><\/a><\/span><\/div><div class=\"fusion-text fusion-text-133 tags\" style=\"transform:translate3d(0,0,0);\"><p>Carport<\/p>\n<\/div><div class=\"fusion-text fusion-text-134 description\" style=\"transform:translate3d(0,0,0);\"><p style=\"text-align: center;\">Lean-to carport<\/p>\n<\/div><\/div><\/div><style type=\"text\/css\">.fusion-body .fusion-builder-column-67{width:25% !important;margin-top : 0px;margin-bottom : 20px;}.fusion-builder-column-67 > .fusion-column-wrapper {padding-top : 0px !important;padding-right : 0px !important;margin-right : 7.68%;padding-bottom : 0px !important;padding-left : 0px !important;margin-left : 7.68%;}@media only screen and (max-width:1024px) {.fusion-body .fusion-builder-column-67{width:100% !important;order : 0;}.fusion-builder-column-67 > .fusion-column-wrapper {margin-right : 1.92%;margin-left : 1.92%;}}@media only screen and (max-width:640px) {.fusion-body .fusion-builder-column-67{width:100% !important;order : 0;}.fusion-builder-column-67 > .fusion-column-wrapper {margin-right : 1.92%;margin-left : 1.92%;}}<\/style><div class=\"fusion-layout-column fusion_builder_column fusion-builder-column-68 fusion_builder_column_1_4 1_4 fusion-flex-column img-to-filter\"><div class=\"fusion-column-wrapper fusion-flex-justify-content-flex-start fusion-content-layout-column\" style=\"background-position:left top;background-repeat:no-repeat;-webkit-background-size:cover;-moz-background-size:cover;-o-background-size:cover;background-size:cover;padding: 0px 0px 0px 0px;\"><div ><span class=\"fusion-imageframe imageframe-none imageframe-68 hover-type-none\"><a href=\"https:\/\/www.deco-charpente.fr\/wp-content\/uploads\/2022\/09\/Abri-voiture-sur-mesure.jpg\" class=\"fusion-lightbox\" data-rel=\"iLightbox[gallery-image]\" data-title=\"Carport bois Le Tholonet\" title=\"Wooden carport Le Tholonet\"><img decoding=\"async\" width=\"2016\" height=\"1512\" alt=\"Carport bois Le Tholonet\" src=\"https:\/\/www.deco-charpente.fr\/wp-content\/uploads\/2022\/09\/Abri-voiture-sur-mesure.jpg\" class=\"img-responsive wp-image-7599\" srcset=\"https:\/\/www.deco-charpente.fr\/wp-content\/uploads\/2022\/09\/Abri-voiture-sur-mesure-200x150.jpg 200w, https:\/\/www.deco-charpente.fr\/wp-content\/uploads\/2022\/09\/Abri-voiture-sur-mesure-400x300.jpg 400w, https:\/\/www.deco-charpente.fr\/wp-content\/uploads\/2022\/09\/Abri-voiture-sur-mesure-600x450.jpg 600w, https:\/\/www.deco-charpente.fr\/wp-content\/uploads\/2022\/09\/Abri-voiture-sur-mesure-800x600.jpg 800w, https:\/\/www.deco-charpente.fr\/wp-content\/uploads\/2022\/09\/Abri-voiture-sur-mesure-1200x900.jpg 1200w, https:\/\/www.deco-charpente.fr\/wp-content\/uploads\/2022\/09\/Abri-voiture-sur-mesure.jpg 2016w\" sizes=\"(max-width: 1024px) 100vw, (max-width: 640px) 100vw, 600px\" \/><\/a><\/span><\/div><div class=\"fusion-text fusion-text-135 tags\" style=\"transform:translate3d(0,0,0);\"><p>Carport<\/p>\n<\/div><div class=\"fusion-text fusion-text-136 description\" style=\"transform:translate3d(0,0,0);\"><p style=\"text-align: center;\">Lean-to carport<\/p>\n<\/div><\/div><\/div><style type=\"text\/css\">.fusion-body .fusion-builder-column-68{width:25% !important;margin-top : 0px;margin-bottom : 20px;}.fusion-builder-column-68 > .fusion-column-wrapper {padding-top : 0px !important;padding-right : 0px !important;margin-right : 7.68%;padding-bottom : 0px !important;padding-left : 0px !important;margin-left : 7.68%;}@media only screen and (max-width:1024px) {.fusion-body .fusion-builder-column-68{width:100% !important;order : 0;}.fusion-builder-column-68 > .fusion-column-wrapper {margin-right : 1.92%;margin-left : 1.92%;}}@media only screen and (max-width:640px) {.fusion-body .fusion-builder-column-68{width:100% !important;order : 0;}.fusion-builder-column-68 > .fusion-column-wrapper {margin-right : 1.92%;margin-left : 1.92%;}}<\/style><div class=\"fusion-layout-column fusion_builder_column fusion-builder-column-69 fusion_builder_column_1_4 1_4 fusion-flex-column img-to-filter\"><div class=\"fusion-column-wrapper fusion-flex-justify-content-flex-start fusion-content-layout-column\" style=\"background-position:left top;background-repeat:no-repeat;-webkit-background-size:cover;-moz-background-size:cover;-o-background-size:cover;background-size:cover;padding: 0px 0px 0px 0px;\"><div ><span class=\"fusion-imageframe imageframe-none imageframe-69 hover-type-none\"><a href=\"https:\/\/www.deco-charpente.fr\/wp-content\/uploads\/2023\/10\/Abri-voiture-C9-7.jpg\" class=\"fusion-lightbox\" data-rel=\"iLightbox[gallery-image]\" data-title=\"Abri-voiture-C9-7\" title=\"Carport-C9-7\"><img decoding=\"async\" width=\"1083\" height=\"812\" src=\"https:\/\/www.deco-charpente.fr\/wp-content\/uploads\/2023\/10\/Abri-voiture-C9-7.jpg\" class=\"img-responsive wp-image-9496\"\/><\/a><\/span><\/div><div class=\"fusion-text fusion-text-137 tags\" style=\"transform:translate3d(0,0,0);\"><p>Carport<\/p>\n<\/div><div class=\"fusion-text fusion-text-138 description\" style=\"transform:translate3d(0,0,0);\"><p style=\"text-align: center;\">Tunnel carport<\/p>\n<\/div><\/div><\/div><style type=\"text\/css\">.fusion-body .fusion-builder-column-69{width:25% !important;margin-top : 0px;margin-bottom : 20px;}.fusion-builder-column-69 > .fusion-column-wrapper {padding-top : 0px !important;padding-right : 0px !important;margin-right : 7.68%;padding-bottom : 0px !important;padding-left : 0px !important;margin-left : 7.68%;}@media only screen and (max-width:1024px) {.fusion-body .fusion-builder-column-69{width:100% !important;order : 0;}.fusion-builder-column-69 > .fusion-column-wrapper {margin-right : 1.92%;margin-left : 1.92%;}}@media only screen and (max-width:640px) {.fusion-body .fusion-builder-column-69{width:100% !important;order : 0;}.fusion-builder-column-69 > .fusion-column-wrapper {margin-right : 1.92%;margin-left : 1.92%;}}<\/style><div class=\"fusion-layout-column fusion_builder_column fusion-builder-column-70 fusion_builder_column_1_4 1_4 fusion-flex-column img-to-filter\"><div class=\"fusion-column-wrapper fusion-flex-justify-content-flex-start fusion-content-layout-column\" style=\"background-position:left top;background-repeat:no-repeat;-webkit-background-size:cover;-moz-background-size:cover;-o-background-size:cover;background-size:cover;padding: 0px 0px 0px 0px;\"><div ><span class=\"fusion-imageframe imageframe-none imageframe-70 hover-type-none\"><a href=\"https:\/\/www.deco-charpente.fr\/wp-content\/uploads\/2022\/07\/Abri-voiture-tunnel.jpeg\" class=\"fusion-lightbox\" data-rel=\"iLightbox[gallery-image]\" data-title=\"carport tunnel La Seyne Sur mer\" title=\"carport tunnel La Seyne Sur mer\"><img decoding=\"async\" width=\"1476\" height=\"1109\" alt=\"carport tunnel La Seyne Sur mer\" src=\"https:\/\/www.deco-charpente.fr\/wp-content\/uploads\/2022\/07\/Abri-voiture-tunnel.jpeg\" class=\"img-responsive wp-image-7461\" srcset=\"https:\/\/www.deco-charpente.fr\/wp-content\/uploads\/2022\/07\/Abri-voiture-tunnel-200x150.jpeg 200w, https:\/\/www.deco-charpente.fr\/wp-content\/uploads\/2022\/07\/Abri-voiture-tunnel-400x301.jpeg 400w, https:\/\/www.deco-charpente.fr\/wp-content\/uploads\/2022\/07\/Abri-voiture-tunnel-600x451.jpeg 600w, https:\/\/www.deco-charpente.fr\/wp-content\/uploads\/2022\/07\/Abri-voiture-tunnel-800x601.jpeg 800w, https:\/\/www.deco-charpente.fr\/wp-content\/uploads\/2022\/07\/Abri-voiture-tunnel-1200x902.jpeg 1200w, https:\/\/www.deco-charpente.fr\/wp-content\/uploads\/2022\/07\/Abri-voiture-tunnel.jpeg 1476w\" sizes=\"(max-width: 1024px) 100vw, (max-width: 640px) 100vw, 600px\" \/><\/a><\/span><\/div><div class=\"fusion-text fusion-text-139 tags\" style=\"transform:translate3d(0,0,0);\"><p>Carport<\/p>\n<\/div><div class=\"fusion-text fusion-text-140 description\" style=\"transform:translate3d(0,0,0);\"><p style=\"text-align: center;\">Tunnel carport<\/p>\n<\/div><\/div><\/div><style type=\"text\/css\">.fusion-body .fusion-builder-column-70{width:25% !important;margin-top : 0px;margin-bottom : 20px;}.fusion-builder-column-70 > .fusion-column-wrapper {padding-top : 0px !important;padding-right : 0px !important;margin-right : 7.68%;padding-bottom : 0px !important;padding-left : 0px !important;margin-left : 7.68%;}@media only screen and (max-width:1024px) {.fusion-body .fusion-builder-column-70{width:100% !important;order : 0;}.fusion-builder-column-70 > .fusion-column-wrapper {margin-right : 1.92%;margin-left : 1.92%;}}@media only screen and (max-width:640px) {.fusion-body .fusion-builder-column-70{width:100% !important;order : 0;}.fusion-builder-column-70 > .fusion-column-wrapper {margin-right : 1.92%;margin-left : 1.92%;}}<\/style><div class=\"fusion-layout-column fusion_builder_column fusion-builder-column-71 fusion_builder_column_1_4 1_4 fusion-flex-column img-to-filter\"><div class=\"fusion-column-wrapper fusion-flex-justify-content-flex-start fusion-content-layout-column\" style=\"background-position:left top;background-repeat:no-repeat;-webkit-background-size:cover;-moz-background-size:cover;-o-background-size:cover;background-size:cover;padding: 0px 0px 0px 0px;\"><div ><span class=\"fusion-imageframe imageframe-none imageframe-71 hover-type-none\"><a href=\"https:\/\/www.deco-charpente.fr\/wp-content\/uploads\/2023\/01\/C6-Janvier-2023-3.jpg\" class=\"fusion-lightbox\" data-rel=\"iLightbox[gallery-image]\" data-title=\"C6 &#8211; Janvier 2023 &#8211; 3\" title=\"C6 \u2013 January 2023 \u2013 3\"><img decoding=\"async\" width=\"2168\" height=\"1624\" src=\"https:\/\/www.deco-charpente.fr\/wp-content\/uploads\/2023\/01\/C6-Janvier-2023-3.jpg\" class=\"img-responsive wp-image-7816\" srcset=\"https:\/\/www.deco-charpente.fr\/wp-content\/uploads\/2023\/01\/C6-Janvier-2023-3-200x150.jpg 200w, https:\/\/www.deco-charpente.fr\/wp-content\/uploads\/2023\/01\/C6-Janvier-2023-3-400x300.jpg 400w, https:\/\/www.deco-charpente.fr\/wp-content\/uploads\/2023\/01\/C6-Janvier-2023-3-600x449.jpg 600w, https:\/\/www.deco-charpente.fr\/wp-content\/uploads\/2023\/01\/C6-Janvier-2023-3-800x599.jpg 800w, https:\/\/www.deco-charpente.fr\/wp-content\/uploads\/2023\/01\/C6-Janvier-2023-3-1200x899.jpg 1200w, https:\/\/www.deco-charpente.fr\/wp-content\/uploads\/2023\/01\/C6-Janvier-2023-3.jpg 2168w\" sizes=\"(max-width: 1024px) 100vw, (max-width: 640px) 100vw, 600px\" \/><\/a><\/span><\/div><div class=\"fusion-text fusion-text-141 tags\" style=\"transform:translate3d(0,0,0);\"><p>Carport<\/p>\n<\/div><div class=\"fusion-text fusion-text-142 description\" style=\"transform:translate3d(0,0,0);\"><p style=\"text-align: center;\">2 slope carport<\/p>\n<\/div><\/div><\/div><style type=\"text\/css\">.fusion-body .fusion-builder-column-71{width:25% !important;margin-top : 0px;margin-bottom : 20px;}.fusion-builder-column-71 > .fusion-column-wrapper {padding-top : 0px !important;padding-right : 0px !important;margin-right : 7.68%;padding-bottom : 0px !important;padding-left : 0px !important;margin-left : 7.68%;}@media only screen and (max-width:1024px) {.fusion-body .fusion-builder-column-71{width:100% !important;order : 0;}.fusion-builder-column-71 > .fusion-column-wrapper {margin-right : 1.92%;margin-left : 1.92%;}}@media only screen and (max-width:640px) {.fusion-body .fusion-builder-column-71{width:100% !important;order : 0;}.fusion-builder-column-71 > .fusion-column-wrapper {margin-right : 1.92%;margin-left : 1.92%;}}<\/style><div class=\"fusion-layout-column fusion_builder_column fusion-builder-column-72 fusion_builder_column_1_4 1_4 fusion-flex-column img-to-filter\"><div class=\"fusion-column-wrapper fusion-flex-justify-content-flex-start fusion-content-layout-column\" style=\"background-position:left top;background-repeat:no-repeat;-webkit-background-size:cover;-moz-background-size:cover;-o-background-size:cover;background-size:cover;padding: 0px 0px 0px 0px;\"><div ><span class=\"fusion-imageframe imageframe-none imageframe-72 hover-type-none\"><a href=\"https:\/\/www.deco-charpente.fr\/wp-content\/uploads\/2023\/11\/Abri-voiture-avec-panneaux.jpg\" class=\"fusion-lightbox\" data-rel=\"iLightbox[gallery-image]\" data-title=\"Abri voiture avec panneaux\" title=\"Carport with panels\"><img decoding=\"async\" width=\"1844\" height=\"1383\" src=\"https:\/\/www.deco-charpente.fr\/wp-content\/uploads\/2023\/11\/Abri-voiture-avec-panneaux.jpg\" class=\"img-responsive wp-image-9522\" srcset=\"https:\/\/www.deco-charpente.fr\/wp-content\/uploads\/2023\/11\/Abri-voiture-avec-panneaux-200x150.webp 200w, https:\/\/www.deco-charpente.fr\/wp-content\/uploads\/2023\/11\/Abri-voiture-avec-panneaux-300x225.webp 300w, https:\/\/www.deco-charpente.fr\/wp-content\/uploads\/2023\/11\/Abri-voiture-avec-panneaux-400x300.webp 400w, https:\/\/www.deco-charpente.fr\/wp-content\/uploads\/2023\/11\/Abri-voiture-avec-panneaux-600x450.webp 600w, https:\/\/www.deco-charpente.fr\/wp-content\/uploads\/2023\/11\/Abri-voiture-avec-panneaux-768x576.webp 768w, https:\/\/www.deco-charpente.fr\/wp-content\/uploads\/2023\/11\/Abri-voiture-avec-panneaux-800x600.webp 800w, https:\/\/www.deco-charpente.fr\/wp-content\/uploads\/2023\/11\/Abri-voiture-avec-panneaux-1024x768.webp 1024w, https:\/\/www.deco-charpente.fr\/wp-content\/uploads\/2023\/11\/Abri-voiture-avec-panneaux-1200x900.webp 1200w, https:\/\/www.deco-charpente.fr\/wp-content\/uploads\/2023\/11\/Abri-voiture-avec-panneaux-1536x1152.webp 1536w, https:\/\/www.deco-charpente.fr\/wp-content\/uploads\/2023\/11\/Abri-voiture-avec-panneaux.jpg 1844w\" sizes=\"(max-width: 1024px) 100vw, (max-width: 640px) 100vw, 600px\" \/><\/a><\/span><\/div><div class=\"fusion-text fusion-text-143 tags\" style=\"transform:translate3d(0,0,0);\"><p>Carport<\/p>\n<\/div><div class=\"fusion-text fusion-text-144 description\" style=\"transform:translate3d(0,0,0);\"><p style=\"text-align: center;\">2 slope carport<\/p>\n<\/div><\/div><\/div><style type=\"text\/css\">.fusion-body .fusion-builder-column-72{width:25% !important;margin-top : 0px;margin-bottom : 20px;}.fusion-builder-column-72 > .fusion-column-wrapper {padding-top : 0px !important;padding-right : 0px !important;margin-right : 7.68%;padding-bottom : 0px !important;padding-left : 0px !important;margin-left : 7.68%;}@media only screen and (max-width:1024px) {.fusion-body .fusion-builder-column-72{width:100% !important;order : 0;}.fusion-builder-column-72 > .fusion-column-wrapper {margin-right : 1.92%;margin-left : 1.92%;}}@media only screen and (max-width:640px) {.fusion-body .fusion-builder-column-72{width:100% !important;order : 0;}.fusion-builder-column-72 > .fusion-column-wrapper {margin-right : 1.92%;margin-left : 1.92%;}}<\/style><div class=\"fusion-layout-column fusion_builder_column fusion-builder-column-73 fusion_builder_column_1_4 1_4 fusion-flex-column img-to-filter\"><div class=\"fusion-column-wrapper fusion-flex-justify-content-flex-start fusion-content-layout-column\" style=\"background-position:left top;background-repeat:no-repeat;-webkit-background-size:cover;-moz-background-size:cover;-o-background-size:cover;background-size:cover;padding: 0px 0px 0px 0px;\"><div ><span class=\"fusion-imageframe imageframe-none imageframe-73 hover-type-none\"><a href=\"https:\/\/www.deco-charpente.fr\/wp-content\/uploads\/2022\/07\/Abri-voiture-2-pentes.jpeg\" class=\"fusion-lightbox\" data-rel=\"iLightbox[gallery-image]\" data-title=\"Abri voiture 2 pentes\" title=\"2 slope carport\"><img decoding=\"async\" width=\"1476\" height=\"1109\" src=\"https:\/\/www.deco-charpente.fr\/wp-content\/uploads\/2022\/07\/Abri-voiture-2-pentes.jpeg\" class=\"img-responsive wp-image-7460\" srcset=\"https:\/\/www.deco-charpente.fr\/wp-content\/uploads\/2022\/07\/Abri-voiture-2-pentes-200x150.jpeg 200w, https:\/\/www.deco-charpente.fr\/wp-content\/uploads\/2022\/07\/Abri-voiture-2-pentes-400x301.jpeg 400w, https:\/\/www.deco-charpente.fr\/wp-content\/uploads\/2022\/07\/Abri-voiture-2-pentes-600x451.jpeg 600w, https:\/\/www.deco-charpente.fr\/wp-content\/uploads\/2022\/07\/Abri-voiture-2-pentes-800x601.jpeg 800w, https:\/\/www.deco-charpente.fr\/wp-content\/uploads\/2022\/07\/Abri-voiture-2-pentes-1200x902.jpeg 1200w, https:\/\/www.deco-charpente.fr\/wp-content\/uploads\/2022\/07\/Abri-voiture-2-pentes.jpeg 1476w\" sizes=\"(max-width: 1024px) 100vw, (max-width: 640px) 100vw, 600px\" \/><\/a><\/span><\/div><div class=\"fusion-text fusion-text-145 tags\" style=\"transform:translate3d(0,0,0);\"><p>Carport<\/p>\n<\/div><div class=\"fusion-text fusion-text-146 description\" style=\"transform:translate3d(0,0,0);\"><p style=\"text-align: center;\">2 slope carport<\/p>\n<\/div><\/div><\/div><style type=\"text\/css\">.fusion-body .fusion-builder-column-73{width:25% !important;margin-top : 0px;margin-bottom : 20px;}.fusion-builder-column-73 > .fusion-column-wrapper {padding-top : 0px !important;padding-right : 0px !important;margin-right : 7.68%;padding-bottom : 0px !important;padding-left : 0px !important;margin-left : 7.68%;}@media only screen and (max-width:1024px) {.fusion-body .fusion-builder-column-73{width:100% !important;order : 0;}.fusion-builder-column-73 > .fusion-column-wrapper {margin-right : 1.92%;margin-left : 1.92%;}}@media only screen and (max-width:640px) {.fusion-body .fusion-builder-column-73{width:100% !important;order : 0;}.fusion-builder-column-73 > .fusion-column-wrapper {margin-right : 1.92%;margin-left : 1.92%;}}<\/style><div class=\"fusion-layout-column fusion_builder_column fusion-builder-column-74 fusion_builder_column_1_4 1_4 fusion-flex-column img-to-filter\"><div class=\"fusion-column-wrapper fusion-flex-justify-content-flex-start fusion-content-layout-column\" style=\"background-position:left top;background-repeat:no-repeat;-webkit-background-size:cover;-moz-background-size:cover;-o-background-size:cover;background-size:cover;padding: 0px 0px 0px 0px;\"><div ><span class=\"fusion-imageframe imageframe-none imageframe-74 hover-type-none\"><a href=\"https:\/\/www.deco-charpente.fr\/wp-content\/uploads\/2022\/05\/Abri-voiture-adosse-compressed.jpg\" class=\"fusion-lightbox\" data-rel=\"iLightbox[gallery-image]\" data-title=\"Abri voiture adoss\u00e9\" title=\"Lean-to carport\"><img decoding=\"async\" width=\"2560\" height=\"1440\" src=\"https:\/\/www.deco-charpente.fr\/wp-content\/uploads\/2022\/05\/Abri-voiture-adosse-compressed.jpg\" class=\"img-responsive wp-image-6647\" srcset=\"https:\/\/www.deco-charpente.fr\/wp-content\/uploads\/2022\/05\/Abri-voiture-adosse-compressed-200x113.jpg 200w, https:\/\/www.deco-charpente.fr\/wp-content\/uploads\/2022\/05\/Abri-voiture-adosse-compressed-400x225.jpg 400w, https:\/\/www.deco-charpente.fr\/wp-content\/uploads\/2022\/05\/Abri-voiture-adosse-compressed-600x338.jpg 600w, https:\/\/www.deco-charpente.fr\/wp-content\/uploads\/2022\/05\/Abri-voiture-adosse-compressed-800x450.jpg 800w, https:\/\/www.deco-charpente.fr\/wp-content\/uploads\/2022\/05\/Abri-voiture-adosse-compressed-1200x675.jpg 1200w, https:\/\/www.deco-charpente.fr\/wp-content\/uploads\/2022\/05\/Abri-voiture-adosse-compressed.jpg 2560w\" sizes=\"(max-width: 1024px) 100vw, (max-width: 640px) 100vw, 600px\" \/><\/a><\/span><\/div><div class=\"fusion-text fusion-text-147 tags\" style=\"transform:translate3d(0,0,0);\"><p>Carport<\/p>\n<\/div><div class=\"fusion-text fusion-text-148 description\" style=\"transform:translate3d(0,0,0);\"><p style=\"text-align: center;\">Lean-to carport<\/p>\n<\/div><\/div><\/div><style type=\"text\/css\">.fusion-body .fusion-builder-column-74{width:25% !important;margin-top : 0px;margin-bottom : 20px;}.fusion-builder-column-74 > .fusion-column-wrapper {padding-top : 0px !important;padding-right : 0px !important;margin-right : 7.68%;padding-bottom : 0px !important;padding-left : 0px !important;margin-left : 7.68%;}@media only screen and (max-width:1024px) {.fusion-body .fusion-builder-column-74{width:100% !important;order : 0;}.fusion-builder-column-74 > .fusion-column-wrapper {margin-right : 1.92%;margin-left : 1.92%;}}@media only screen and (max-width:640px) {.fusion-body .fusion-builder-column-74{width:100% !important;order : 0;}.fusion-builder-column-74 > .fusion-column-wrapper {margin-right : 1.92%;margin-left : 1.92%;}}<\/style><div class=\"fusion-layout-column fusion_builder_column fusion-builder-column-75 fusion_builder_column_1_4 1_4 fusion-flex-column img-to-filter\"><div class=\"fusion-column-wrapper fusion-flex-justify-content-flex-start fusion-content-layout-column\" style=\"background-position:left top;background-repeat:no-repeat;-webkit-background-size:cover;-moz-background-size:cover;-o-background-size:cover;background-size:cover;padding: 0px 0px 0px 0px;\"><div ><span class=\"fusion-imageframe imageframe-none imageframe-75 hover-type-none\"><a href=\"https:\/\/www.deco-charpente.fr\/wp-content\/uploads\/2022\/06\/Abri-voiture-C2-3-compressed.jpg\" class=\"fusion-lightbox\" data-rel=\"iLightbox[gallery-image]\" data-title=\"Abri tunnel\" title=\"Tunnel shelter\"><img decoding=\"async\" width=\"1403\" height=\"1052\" src=\"https:\/\/www.deco-charpente.fr\/wp-content\/uploads\/2022\/06\/Abri-voiture-C2-3-compressed.jpg\" class=\"img-responsive wp-image-7430\" srcset=\"https:\/\/www.deco-charpente.fr\/wp-content\/uploads\/2022\/06\/Abri-voiture-C2-3-compressed-200x150.jpg 200w, https:\/\/www.deco-charpente.fr\/wp-content\/uploads\/2022\/06\/Abri-voiture-C2-3-compressed-400x300.jpg 400w, https:\/\/www.deco-charpente.fr\/wp-content\/uploads\/2022\/06\/Abri-voiture-C2-3-compressed-600x450.jpg 600w, https:\/\/www.deco-charpente.fr\/wp-content\/uploads\/2022\/06\/Abri-voiture-C2-3-compressed-800x600.jpg 800w, https:\/\/www.deco-charpente.fr\/wp-content\/uploads\/2022\/06\/Abri-voiture-C2-3-compressed-1200x900.jpg 1200w, https:\/\/www.deco-charpente.fr\/wp-content\/uploads\/2022\/06\/Abri-voiture-C2-3-compressed.jpg 1403w\" sizes=\"(max-width: 1024px) 100vw, (max-width: 640px) 100vw, 600px\" \/><\/a><\/span><\/div><div class=\"fusion-text fusion-text-149 tags\" style=\"transform:translate3d(0,0,0);\"><p>Carport<\/p>\n<\/div><div class=\"fusion-text fusion-text-150 description\" style=\"transform:translate3d(0,0,0);\"><p style=\"text-align: center;\">Self-supporting car shelter<\/p>\n<\/div><\/div><\/div><style type=\"text\/css\">.fusion-body .fusion-builder-column-75{width:25% !important;margin-top : 0px;margin-bottom : 20px;}.fusion-builder-column-75 > .fusion-column-wrapper {padding-top : 0px !important;padding-right : 0px !important;margin-right : 7.68%;padding-bottom : 0px !important;padding-left : 0px !important;margin-left : 7.68%;}@media only screen and (max-width:1024px) {.fusion-body .fusion-builder-column-75{width:100% !important;order : 0;}.fusion-builder-column-75 > .fusion-column-wrapper {margin-right : 1.92%;margin-left : 1.92%;}}@media only screen and (max-width:640px) {.fusion-body .fusion-builder-column-75{width:100% !important;order : 0;}.fusion-builder-column-75 > .fusion-column-wrapper {margin-right : 1.92%;margin-left : 1.92%;}}<\/style><div class=\"fusion-layout-column fusion_builder_column fusion-builder-column-76 fusion_builder_column_1_4 1_4 fusion-flex-column img-to-filter\"><div class=\"fusion-column-wrapper fusion-flex-justify-content-flex-start fusion-content-layout-column\" style=\"background-position:left top;background-repeat:no-repeat;-webkit-background-size:cover;-moz-background-size:cover;-o-background-size:cover;background-size:cover;padding: 0px 0px 0px 0px;\"><div ><span class=\"fusion-imageframe imageframe-none imageframe-76 hover-type-none\"><a href=\"https:\/\/www.deco-charpente.fr\/wp-content\/uploads\/2021\/09\/abri-voiture-autoporte.jpg\" class=\"fusion-lightbox\" data-rel=\"iLightbox[gallery-image]\" data-title=\"Abri voiture autoport\u00e9\" title=\"Self-supporting car shelter\"><img decoding=\"async\" width=\"1294\" height=\"971\" alt=\"Abri voiture autoport\u00e9\" src=\"https:\/\/www.deco-charpente.fr\/wp-content\/uploads\/2021\/09\/abri-voiture-autoporte.jpg\" class=\"img-responsive wp-image-5120\" srcset=\"https:\/\/www.deco-charpente.fr\/wp-content\/uploads\/2021\/09\/abri-voiture-autoporte-200x150.jpg 200w, https:\/\/www.deco-charpente.fr\/wp-content\/uploads\/2021\/09\/abri-voiture-autoporte-400x300.jpg 400w, https:\/\/www.deco-charpente.fr\/wp-content\/uploads\/2021\/09\/abri-voiture-autoporte-600x450.jpg 600w, https:\/\/www.deco-charpente.fr\/wp-content\/uploads\/2021\/09\/abri-voiture-autoporte-800x600.jpg 800w, https:\/\/www.deco-charpente.fr\/wp-content\/uploads\/2021\/09\/abri-voiture-autoporte-1200x900.jpg 1200w, https:\/\/www.deco-charpente.fr\/wp-content\/uploads\/2021\/09\/abri-voiture-autoporte.jpg 1294w\" sizes=\"(max-width: 1024px) 100vw, (max-width: 640px) 100vw, 600px\" \/><\/a><\/span><\/div><div class=\"fusion-text fusion-text-151 tags\" style=\"transform:translate3d(0,0,0);\"><p>Carport<\/p>\n<\/div><div class=\"fusion-text fusion-text-152 description\" style=\"transform:translate3d(0,0,0);\"><p style=\"text-align: center;\">Self-supporting car shelter<\/p>\n<\/div><\/div><\/div><style type=\"text\/css\">.fusion-body .fusion-builder-column-76{width:25% !important;margin-top : 0px;margin-bottom : 20px;}.fusion-builder-column-76 > .fusion-column-wrapper {padding-top : 0px !important;padding-right : 0px !important;margin-right : 7.68%;padding-bottom : 0px !important;padding-left : 0px !important;margin-left : 7.68%;}@media only screen and (max-width:1024px) {.fusion-body .fusion-builder-column-76{width:100% !important;order : 0;}.fusion-builder-column-76 > .fusion-column-wrapper {margin-right : 1.92%;margin-left : 1.92%;}}@media only screen and (max-width:640px) {.fusion-body .fusion-builder-column-76{width:100% !important;order : 0;}.fusion-builder-column-76 > .fusion-column-wrapper {margin-right : 1.92%;margin-left : 1.92%;}}<\/style><div class=\"fusion-layout-column fusion_builder_column fusion-builder-column-77 fusion_builder_column_1_4 1_4 fusion-flex-column img-to-filter\"><div class=\"fusion-column-wrapper fusion-flex-justify-content-flex-start fusion-content-layout-column\" style=\"background-position:left top;background-repeat:no-repeat;-webkit-background-size:cover;-moz-background-size:cover;-o-background-size:cover;background-size:cover;padding: 0px 0px 0px 0px;\"><div ><span class=\"fusion-imageframe imageframe-none imageframe-77 hover-type-none\"><a href=\"https:\/\/www.deco-charpente.fr\/wp-content\/uploads\/2021\/09\/appentis-contre-facade-1-pans.jpg\" class=\"fusion-lightbox\" data-rel=\"iLightbox[gallery-image]\" data-title=\"Abri contre fa\u00e7ade 1 pans\" title=\"Shelter against 1-sided facade\"><img decoding=\"async\" width=\"1248\" height=\"907\" alt=\"Abri contre fa\u00e7ade 1 pans\" src=\"https:\/\/www.deco-charpente.fr\/wp-content\/uploads\/2021\/09\/appentis-contre-facade-1-pans.jpg\" class=\"img-responsive wp-image-5117\" srcset=\"https:\/\/www.deco-charpente.fr\/wp-content\/uploads\/2021\/09\/appentis-contre-facade-1-pans-200x145.jpg 200w, https:\/\/www.deco-charpente.fr\/wp-content\/uploads\/2021\/09\/appentis-contre-facade-1-pans-400x291.jpg 400w, https:\/\/www.deco-charpente.fr\/wp-content\/uploads\/2021\/09\/appentis-contre-facade-1-pans-600x436.jpg 600w, https:\/\/www.deco-charpente.fr\/wp-content\/uploads\/2021\/09\/appentis-contre-facade-1-pans-800x581.jpg 800w, https:\/\/www.deco-charpente.fr\/wp-content\/uploads\/2021\/09\/appentis-contre-facade-1-pans-1200x872.jpg 1200w, https:\/\/www.deco-charpente.fr\/wp-content\/uploads\/2021\/09\/appentis-contre-facade-1-pans.jpg 1248w\" sizes=\"(max-width: 1024px) 100vw, (max-width: 640px) 100vw, 600px\" \/><\/a><\/span><\/div><div class=\"fusion-text fusion-text-153 tags\" style=\"transform:translate3d(0,0,0);\"><p>Carport<\/p>\n<\/div><div class=\"fusion-text fusion-text-154 description\" style=\"transform:translate3d(0,0,0);\"><p style=\"text-align: center;\">Shelter against 1-sided facade<\/p>\n<\/div><\/div><\/div><style type=\"text\/css\">.fusion-body .fusion-builder-column-77{width:25% !important;margin-top : 0px;margin-bottom : 20px;}.fusion-builder-column-77 > .fusion-column-wrapper {padding-top : 0px !important;padding-right : 0px !important;margin-right : 7.68%;padding-bottom : 0px !important;padding-left : 0px !important;margin-left : 7.68%;}@media only screen and (max-width:1024px) {.fusion-body .fusion-builder-column-77{width:100% !important;order : 0;}.fusion-builder-column-77 > .fusion-column-wrapper {margin-right : 1.92%;margin-left : 1.92%;}}@media only screen and (max-width:640px) {.fusion-body .fusion-builder-column-77{width:100% !important;order : 0;}.fusion-builder-column-77 > .fusion-column-wrapper {margin-right : 1.92%;margin-left : 1.92%;}}<\/style><div class=\"fusion-layout-column fusion_builder_column fusion-builder-column-78 fusion_builder_column_1_4 1_4 fusion-flex-column img-to-filter\"><div class=\"fusion-column-wrapper fusion-flex-justify-content-flex-start fusion-content-layout-column\" style=\"background-position:left top;background-repeat:no-repeat;-webkit-background-size:cover;-moz-background-size:cover;-o-background-size:cover;background-size:cover;padding: 0px 0px 0px 0px;\"><div ><span class=\"fusion-imageframe imageframe-none imageframe-78 hover-type-none\"><a href=\"https:\/\/www.deco-charpente.fr\/wp-content\/uploads\/2021\/09\/abri-voiture-bois-autoporte.jpg\" class=\"fusion-lightbox\" data-rel=\"iLightbox[gallery-image]\" data-title=\"abri voiture bois autoport\u00e9\" title=\"self-supporting wooden carport\"><img decoding=\"async\" width=\"1037\" height=\"567\" alt=\"abri voiture bois autoport\u00e9\" src=\"https:\/\/www.deco-charpente.fr\/wp-content\/uploads\/2021\/09\/abri-voiture-bois-autoporte.jpg\" class=\"img-responsive wp-image-5130\" srcset=\"https:\/\/www.deco-charpente.fr\/wp-content\/uploads\/2021\/09\/abri-voiture-bois-autoporte-200x109.jpg 200w, https:\/\/www.deco-charpente.fr\/wp-content\/uploads\/2021\/09\/abri-voiture-bois-autoporte-400x219.jpg 400w, https:\/\/www.deco-charpente.fr\/wp-content\/uploads\/2021\/09\/abri-voiture-bois-autoporte-600x328.jpg 600w, https:\/\/www.deco-charpente.fr\/wp-content\/uploads\/2021\/09\/abri-voiture-bois-autoporte-800x437.jpg 800w, https:\/\/www.deco-charpente.fr\/wp-content\/uploads\/2021\/09\/abri-voiture-bois-autoporte.jpg 1037w\" sizes=\"(max-width: 1024px) 100vw, (max-width: 640px) 100vw, 600px\" \/><\/a><\/span><\/div><div class=\"fusion-text fusion-text-155 tags\" style=\"transform:translate3d(0,0,0);\"><p>Carport<\/p>\n<\/div><div class=\"fusion-text fusion-text-156 description\" style=\"transform:translate3d(0,0,0);\"><p style=\"text-align: center;\">self-supporting wooden carport<\/p>\n<\/div><\/div><\/div><style type=\"text\/css\">.fusion-body .fusion-builder-column-78{width:25% !important;margin-top : 0px;margin-bottom : 20px;}.fusion-builder-column-78 > .fusion-column-wrapper {padding-top : 0px !important;padding-right : 0px !important;margin-right : 7.68%;padding-bottom : 0px !important;padding-left : 0px !important;margin-left : 7.68%;}@media only screen and (max-width:1024px) {.fusion-body .fusion-builder-column-78{width:100% !important;order : 0;}.fusion-builder-column-78 > .fusion-column-wrapper {margin-right : 1.92%;margin-left : 1.92%;}}@media only screen and (max-width:640px) {.fusion-body .fusion-builder-column-78{width:100% !important;order : 0;}.fusion-builder-column-78 > .fusion-column-wrapper {margin-right : 1.92%;margin-left : 1.92%;}}<\/style><div class=\"fusion-layout-column fusion_builder_column fusion-builder-column-79 fusion_builder_column_1_4 1_4 fusion-flex-column img-to-filter\"><div class=\"fusion-column-wrapper fusion-flex-justify-content-flex-start fusion-content-layout-column\" style=\"background-position:left top;background-repeat:no-repeat;-webkit-background-size:cover;-moz-background-size:cover;-o-background-size:cover;background-size:cover;padding: 0px 0px 0px 0px;\"><div ><span class=\"fusion-imageframe imageframe-none imageframe-79 hover-type-none\"><a href=\"https:\/\/www.deco-charpente.fr\/wp-content\/uploads\/2021\/09\/DSC_0718-sansplque.jpg\" class=\"fusion-lightbox\" data-rel=\"iLightbox[gallery-image]\" data-title=\"Abri autoport\u00e9 liens incurv\u00e9s\" title=\"Self-supporting shelter curved links\"><img decoding=\"async\" width=\"1733\" height=\"975\" alt=\"Abri autoport\u00e9 liens incurv\u00e9s\" src=\"https:\/\/www.deco-charpente.fr\/wp-content\/uploads\/2021\/09\/DSC_0718-sansplque.jpg\" class=\"img-responsive wp-image-5114\" srcset=\"https:\/\/www.deco-charpente.fr\/wp-content\/uploads\/2021\/09\/DSC_0718-sansplque-200x113.jpg 200w, https:\/\/www.deco-charpente.fr\/wp-content\/uploads\/2021\/09\/DSC_0718-sansplque-400x225.jpg 400w, https:\/\/www.deco-charpente.fr\/wp-content\/uploads\/2021\/09\/DSC_0718-sansplque-600x338.jpg 600w, https:\/\/www.deco-charpente.fr\/wp-content\/uploads\/2021\/09\/DSC_0718-sansplque-800x450.jpg 800w, https:\/\/www.deco-charpente.fr\/wp-content\/uploads\/2021\/09\/DSC_0718-sansplque-1200x675.jpg 1200w, https:\/\/www.deco-charpente.fr\/wp-content\/uploads\/2021\/09\/DSC_0718-sansplque.jpg 1733w\" sizes=\"(max-width: 1024px) 100vw, (max-width: 640px) 100vw, 600px\" \/><\/a><\/span><\/div><div class=\"fusion-text fusion-text-157 tags\" style=\"transform:translate3d(0,0,0);\"><p>Carport<\/p>\n<\/div><div class=\"fusion-text fusion-text-158 description\" style=\"transform:translate3d(0,0,0);\"><p style=\"text-align: center;\">Self-supporting shelter curved links<\/p>\n<\/div><\/div><\/div><style type=\"text\/css\">.fusion-body .fusion-builder-column-79{width:25% !important;margin-top : 0px;margin-bottom : 20px;}.fusion-builder-column-79 > .fusion-column-wrapper {padding-top : 0px !important;padding-right : 0px !important;margin-right : 7.68%;padding-bottom : 0px !important;padding-left : 0px !important;margin-left : 7.68%;}@media only screen and (max-width:1024px) {.fusion-body .fusion-builder-column-79{width:100% !important;order : 0;}.fusion-builder-column-79 > .fusion-column-wrapper {margin-right : 1.92%;margin-left : 1.92%;}}@media only screen and (max-width:640px) {.fusion-body .fusion-builder-column-79{width:100% !important;order : 0;}.fusion-builder-column-79 > .fusion-column-wrapper {margin-right : 1.92%;margin-left : 1.92%;}}<\/style><div class=\"fusion-layout-column fusion_builder_column fusion-builder-column-80 fusion_builder_column_1_4 1_4 fusion-flex-column img-to-filter\"><div class=\"fusion-column-wrapper fusion-flex-justify-content-flex-start fusion-content-layout-column\" style=\"background-position:left top;background-repeat:no-repeat;-webkit-background-size:cover;-moz-background-size:cover;-o-background-size:cover;background-size:cover;padding: 0px 0px 0px 0px;\"><div ><span class=\"fusion-imageframe imageframe-none imageframe-80 hover-type-none\"><a href=\"https:\/\/www.deco-charpente.fr\/wp-content\/uploads\/2021\/11\/abri-2-pentes-2.jpg\" class=\"fusion-lightbox\" data-rel=\"iLightbox[gallery-image]\" data-title=\"Abri 2 pentes peint\" title=\"Painted 2-slope shelter\"><img decoding=\"async\" width=\"943\" height=\"707\" alt=\"Abri 2 pentes peint\" src=\"https:\/\/www.deco-charpente.fr\/wp-content\/uploads\/2021\/11\/abri-2-pentes-2.jpg\" class=\"img-responsive wp-image-5253\" srcset=\"https:\/\/www.deco-charpente.fr\/wp-content\/uploads\/2021\/11\/abri-2-pentes-2-200x150.jpg 200w, https:\/\/www.deco-charpente.fr\/wp-content\/uploads\/2021\/11\/abri-2-pentes-2-400x300.jpg 400w, https:\/\/www.deco-charpente.fr\/wp-content\/uploads\/2021\/11\/abri-2-pentes-2-600x450.jpg 600w, https:\/\/www.deco-charpente.fr\/wp-content\/uploads\/2021\/11\/abri-2-pentes-2-800x600.jpg 800w, https:\/\/www.deco-charpente.fr\/wp-content\/uploads\/2021\/11\/abri-2-pentes-2.jpg 943w\" sizes=\"(max-width: 1024px) 100vw, (max-width: 640px) 100vw, 600px\" \/><\/a><\/span><\/div><div class=\"fusion-text fusion-text-159 tags\" style=\"transform:translate3d(0,0,0);\"><p>Carport<\/p>\n<\/div><div class=\"fusion-text fusion-text-160 description\" style=\"transform:translate3d(0,0,0);\"><p style=\"text-align: center;\">Car shelter Painted 2-slope shelter<\/p>\n<\/div><\/div><\/div><style type=\"text\/css\">.fusion-body .fusion-builder-column-80{width:25% !important;margin-top : 0px;margin-bottom : 20px;}.fusion-builder-column-80 > .fusion-column-wrapper {padding-top : 0px !important;padding-right : 0px !important;margin-right : 7.68%;padding-bottom : 0px !important;padding-left : 0px !important;margin-left : 7.68%;}@media only screen and (max-width:1024px) {.fusion-body .fusion-builder-column-80{width:100% !important;order : 0;}.fusion-builder-column-80 > .fusion-column-wrapper {margin-right : 1.92%;margin-left : 1.92%;}}@media only screen and (max-width:640px) {.fusion-body .fusion-builder-column-80{width:100% !important;order : 0;}.fusion-builder-column-80 > .fusion-column-wrapper {margin-right : 1.92%;margin-left : 1.92%;}}<\/style><div class=\"fusion-layout-column fusion_builder_column fusion-builder-column-81 fusion_builder_column_1_4 1_4 fusion-flex-column img-to-filter\"><div class=\"fusion-column-wrapper fusion-flex-justify-content-flex-start fusion-content-layout-column\" style=\"background-position:left top;background-repeat:no-repeat;-webkit-background-size:cover;-moz-background-size:cover;-o-background-size:cover;background-size:cover;padding: 0px 0px 0px 0px;\"><div ><span class=\"fusion-imageframe imageframe-none imageframe-81 hover-type-none\"><a href=\"https:\/\/www.deco-charpente.fr\/wp-content\/uploads\/2021\/09\/DSC_0182-sansplaque.jpg\" class=\"fusion-lightbox\" data-rel=\"iLightbox[gallery-image]\" data-title=\"Abri voiture sur pyl\u00f4nes\" title=\"Car shelter on pylons\"><img decoding=\"async\" width=\"1767\" height=\"994\" alt=\"Abri voiture sur pyl\u00f4nes\" src=\"https:\/\/www.deco-charpente.fr\/wp-content\/uploads\/2021\/09\/DSC_0182-sansplaque.jpg\" class=\"img-responsive wp-image-5113\" srcset=\"https:\/\/www.deco-charpente.fr\/wp-content\/uploads\/2021\/09\/DSC_0182-sansplaque-200x113.jpg 200w, https:\/\/www.deco-charpente.fr\/wp-content\/uploads\/2021\/09\/DSC_0182-sansplaque-400x225.jpg 400w, https:\/\/www.deco-charpente.fr\/wp-content\/uploads\/2021\/09\/DSC_0182-sansplaque-600x338.jpg 600w, https:\/\/www.deco-charpente.fr\/wp-content\/uploads\/2021\/09\/DSC_0182-sansplaque-800x450.jpg 800w, https:\/\/www.deco-charpente.fr\/wp-content\/uploads\/2021\/09\/DSC_0182-sansplaque-1200x675.jpg 1200w, https:\/\/www.deco-charpente.fr\/wp-content\/uploads\/2021\/09\/DSC_0182-sansplaque.jpg 1767w\" sizes=\"(max-width: 1024px) 100vw, (max-width: 640px) 100vw, 600px\" \/><\/a><\/span><\/div><div class=\"fusion-text fusion-text-161 tags\" style=\"transform:translate3d(0,0,0);\"><p>Carport<\/p>\n<\/div><div class=\"fusion-text fusion-text-162 description\" style=\"transform:translate3d(0,0,0);\"><p style=\"text-align: center;\">Car shelter on pylons<\/p>\n<\/div><\/div><\/div><style type=\"text\/css\">.fusion-body .fusion-builder-column-81{width:25% !important;margin-top : 0px;margin-bottom : 20px;}.fusion-builder-column-81 > .fusion-column-wrapper {padding-top : 0px !important;padding-right : 0px !important;margin-right : 7.68%;padding-bottom : 0px !important;padding-left : 0px !important;margin-left : 7.68%;}@media only screen and (max-width:1024px) {.fusion-body .fusion-builder-column-81{width:100% !important;order : 0;}.fusion-builder-column-81 > .fusion-column-wrapper {margin-right : 1.92%;margin-left : 1.92%;}}@media only screen and (max-width:640px) {.fusion-body .fusion-builder-column-81{width:100% !important;order : 0;}.fusion-builder-column-81 > .fusion-column-wrapper {margin-right : 1.92%;margin-left : 1.92%;}}<\/style><div class=\"fusion-layout-column fusion_builder_column fusion-builder-column-82 fusion_builder_column_1_4 1_4 fusion-flex-column img-to-filter\"><div class=\"fusion-column-wrapper fusion-flex-justify-content-flex-start fusion-content-layout-column\" style=\"background-position:left top;background-repeat:no-repeat;-webkit-background-size:cover;-moz-background-size:cover;-o-background-size:cover;background-size:cover;padding: 0px 0px 0px 0px;\"><div ><span class=\"fusion-imageframe imageframe-none imageframe-82 hover-type-none\"><a href=\"https:\/\/www.deco-charpente.fr\/wp-content\/uploads\/2024\/09\/IMG_5205-compressed.jpg\" class=\"fusion-lightbox\" data-rel=\"iLightbox[gallery-image]\" data-title=\"garage 2 portes\" title=\"2 door garage\"><img decoding=\"async\" width=\"2048\" height=\"1536\" src=\"https:\/\/www.deco-charpente.fr\/wp-content\/uploads\/2024\/09\/IMG_5205-compressed.jpg\" class=\"img-responsive wp-image-11269\" srcset=\"https:\/\/www.deco-charpente.fr\/wp-content\/uploads\/2024\/09\/IMG_5205-compressed-200x150.jpg 200w, https:\/\/www.deco-charpente.fr\/wp-content\/uploads\/2024\/09\/IMG_5205-compressed-400x300.jpg 400w, https:\/\/www.deco-charpente.fr\/wp-content\/uploads\/2024\/09\/IMG_5205-compressed-600x450.jpg 600w, https:\/\/www.deco-charpente.fr\/wp-content\/uploads\/2024\/09\/IMG_5205-compressed-800x600.jpg 800w, https:\/\/www.deco-charpente.fr\/wp-content\/uploads\/2024\/09\/IMG_5205-compressed-1200x900.jpg 1200w, https:\/\/www.deco-charpente.fr\/wp-content\/uploads\/2024\/09\/IMG_5205-compressed.jpg 2048w\" sizes=\"(max-width: 1024px) 100vw, (max-width: 640px) 100vw, 600px\" \/><\/a><\/span><\/div><div class=\"fusion-text fusion-text-163 tags\" style=\"transform:translate3d(0,0,0);\"><p>Carport<\/p>\n<\/div><div class=\"fusion-text fusion-text-164 description\" style=\"transform:translate3d(0,0,0);\"><p style=\"text-align: center;\">Custom wood garage<\/p>\n<\/div><\/div><\/div><style type=\"text\/css\">.fusion-body .fusion-builder-column-82{width:25% !important;margin-top : 0px;margin-bottom : 20px;}.fusion-builder-column-82 > .fusion-column-wrapper {padding-top : 0px !important;padding-right : 0px !important;margin-right : 7.68%;padding-bottom : 0px !important;padding-left : 0px !important;margin-left : 7.68%;}@media only screen and (max-width:1024px) {.fusion-body .fusion-builder-column-82{width:100% !important;order : 0;}.fusion-builder-column-82 > .fusion-column-wrapper {margin-right : 1.92%;margin-left : 1.92%;}}@media only screen and (max-width:640px) {.fusion-body .fusion-builder-column-82{width:100% !important;order : 0;}.fusion-builder-column-82 > .fusion-column-wrapper {margin-right : 1.92%;margin-left : 1.92%;}}<\/style><div class=\"fusion-layout-column fusion_builder_column fusion-builder-column-83 fusion_builder_column_1_4 1_4 fusion-flex-column img-to-filter\"><div class=\"fusion-column-wrapper fusion-flex-justify-content-flex-start fusion-content-layout-column\" style=\"background-position:left top;background-repeat:no-repeat;-webkit-background-size:cover;-moz-background-size:cover;-o-background-size:cover;background-size:cover;padding: 0px 0px 0px 0px;\"><div ><span class=\"fusion-imageframe imageframe-none imageframe-83 hover-type-none\"><a href=\"https:\/\/www.deco-charpente.fr\/wp-content\/uploads\/2021\/09\/Garage-bois-sur-mesure.jpg\" class=\"fusion-lightbox\" data-rel=\"iLightbox[gallery-image]\" data-title=\"Garage bois sur mesure\" title=\"Custom wood garage\"><img decoding=\"async\" width=\"1910\" height=\"1053\" alt=\"Garage bois sur mesure\" src=\"https:\/\/www.deco-charpente.fr\/wp-content\/uploads\/2021\/09\/Garage-bois-sur-mesure.jpg\" class=\"img-responsive wp-image-5128\" srcset=\"https:\/\/www.deco-charpente.fr\/wp-content\/uploads\/2021\/09\/Garage-bois-sur-mesure-200x110.jpg 200w, https:\/\/www.deco-charpente.fr\/wp-content\/uploads\/2021\/09\/Garage-bois-sur-mesure-400x221.jpg 400w, https:\/\/www.deco-charpente.fr\/wp-content\/uploads\/2021\/09\/Garage-bois-sur-mesure-600x331.jpg 600w, https:\/\/www.deco-charpente.fr\/wp-content\/uploads\/2021\/09\/Garage-bois-sur-mesure-800x441.jpg 800w, https:\/\/www.deco-charpente.fr\/wp-content\/uploads\/2021\/09\/Garage-bois-sur-mesure-1200x662.jpg 1200w, https:\/\/www.deco-charpente.fr\/wp-content\/uploads\/2021\/09\/Garage-bois-sur-mesure.jpg 1910w\" sizes=\"(max-width: 1024px) 100vw, (max-width: 640px) 100vw, 600px\" \/><\/a><\/span><\/div><div class=\"fusion-text fusion-text-165 tags\" style=\"transform:translate3d(0,0,0);\"><p>Carport<\/p>\n<\/div><div class=\"fusion-text fusion-text-166 description\" style=\"transform:translate3d(0,0,0);\"><p style=\"text-align: center;\">Custom wood garage<\/p>\n<\/div><\/div><\/div><style type=\"text\/css\">.fusion-body .fusion-builder-column-83{width:25% !important;margin-top : 0px;margin-bottom : 20px;}.fusion-builder-column-83 > .fusion-column-wrapper {padding-top : 0px !important;padding-right : 0px !important;margin-right : 7.68%;padding-bottom : 0px !important;padding-left : 0px !important;margin-left : 7.68%;}@media only screen and (max-width:1024px) {.fusion-body .fusion-builder-column-83{width:100% !important;order : 0;}.fusion-builder-column-83 > .fusion-column-wrapper {margin-right : 1.92%;margin-left : 1.92%;}}@media only screen and (max-width:640px) {.fusion-body .fusion-builder-column-83{width:100% !important;order : 0;}.fusion-builder-column-83 > .fusion-column-wrapper {margin-right : 1.92%;margin-left : 1.92%;}}<\/style><div class=\"fusion-layout-column fusion_builder_column fusion-builder-column-84 fusion_builder_column_1_4 1_4 fusion-flex-column img-to-filter\"><div class=\"fusion-column-wrapper fusion-flex-justify-content-flex-start fusion-content-layout-column\" style=\"background-position:left top;background-repeat:no-repeat;-webkit-background-size:cover;-moz-background-size:cover;-o-background-size:cover;background-size:cover;padding: 0px 0px 0px 0px;\"><div ><span class=\"fusion-imageframe imageframe-none imageframe-84 hover-type-none\"><a href=\"https:\/\/www.deco-charpente.fr\/wp-content\/uploads\/2022\/04\/Abri-voiture-autoporte-2.jpg\" class=\"fusion-lightbox\" data-rel=\"iLightbox[gallery-image]\" data-title=\"Abri voiture autoport\u00e9 (2)\" title=\"Self-supporting car shelter (2)\"><img decoding=\"async\" width=\"959\" height=\"719\" src=\"https:\/\/www.deco-charpente.fr\/wp-content\/uploads\/2022\/04\/Abri-voiture-autoporte-2.jpg\" class=\"img-responsive wp-image-6617\" srcset=\"https:\/\/www.deco-charpente.fr\/wp-content\/uploads\/2022\/04\/Abri-voiture-autoporte-2-200x150.jpg 200w, https:\/\/www.deco-charpente.fr\/wp-content\/uploads\/2022\/04\/Abri-voiture-autoporte-2-400x300.jpg 400w, https:\/\/www.deco-charpente.fr\/wp-content\/uploads\/2022\/04\/Abri-voiture-autoporte-2-600x450.jpg 600w, https:\/\/www.deco-charpente.fr\/wp-content\/uploads\/2022\/04\/Abri-voiture-autoporte-2-800x600.jpg 800w, https:\/\/www.deco-charpente.fr\/wp-content\/uploads\/2022\/04\/Abri-voiture-autoporte-2.jpg 959w\" sizes=\"(max-width: 1024px) 100vw, (max-width: 640px) 100vw, 600px\" \/><\/a><\/span><\/div><div class=\"fusion-text fusion-text-167 tags\" style=\"transform:translate3d(0,0,0);\"><p>Carport<\/p>\n<\/div><div class=\"fusion-text fusion-text-168 description\" style=\"transform:translate3d(0,0,0);\"><p style=\"text-align: center;\">Self-supporting car shelter<\/p>\n<\/div><\/div><\/div><style type=\"text\/css\">.fusion-body .fusion-builder-column-84{width:25% !important;margin-top : 0px;margin-bottom : 20px;}.fusion-builder-column-84 > .fusion-column-wrapper {padding-top : 0px !important;padding-right : 0px !important;margin-right : 7.68%;padding-bottom : 0px !important;padding-left : 0px !important;margin-left : 7.68%;}@media only screen and (max-width:1024px) {.fusion-body .fusion-builder-column-84{width:100% !important;order : 0;}.fusion-builder-column-84 > .fusion-column-wrapper {margin-right : 1.92%;margin-left : 1.92%;}}@media only screen and (max-width:640px) {.fusion-body .fusion-builder-column-84{width:100% !important;order : 0;}.fusion-builder-column-84 > .fusion-column-wrapper {margin-right : 1.92%;margin-left : 1.92%;}}<\/style><div class=\"fusion-layout-column fusion_builder_column fusion-builder-column-85 fusion_builder_column_1_4 1_4 fusion-flex-column img-to-filter\"><div class=\"fusion-column-wrapper fusion-flex-justify-content-flex-start fusion-content-layout-column\" style=\"background-position:left top;background-repeat:no-repeat;-webkit-background-size:cover;-moz-background-size:cover;-o-background-size:cover;background-size:cover;padding: 0px 0px 0px 0px;\"><div ><span class=\"fusion-imageframe imageframe-none imageframe-85 hover-type-none\"><a href=\"https:\/\/www.deco-charpente.fr\/wp-content\/uploads\/2022\/04\/Abri-voiture-autoporte.jpg\" class=\"fusion-lightbox\" data-rel=\"iLightbox[gallery-image]\" data-title=\"Abri voiture autoport\u00e9\" title=\"Self-supporting car shelter\"><img decoding=\"async\" width=\"992\" height=\"448\" src=\"https:\/\/www.deco-charpente.fr\/wp-content\/uploads\/2022\/04\/Abri-voiture-autoporte.jpg\" class=\"img-responsive wp-image-6618\" srcset=\"https:\/\/www.deco-charpente.fr\/wp-content\/uploads\/2022\/04\/Abri-voiture-autoporte-200x90.jpg 200w, https:\/\/www.deco-charpente.fr\/wp-content\/uploads\/2022\/04\/Abri-voiture-autoporte-400x181.jpg 400w, https:\/\/www.deco-charpente.fr\/wp-content\/uploads\/2022\/04\/Abri-voiture-autoporte-600x271.jpg 600w, https:\/\/www.deco-charpente.fr\/wp-content\/uploads\/2022\/04\/Abri-voiture-autoporte-800x361.jpg 800w, https:\/\/www.deco-charpente.fr\/wp-content\/uploads\/2022\/04\/Abri-voiture-autoporte.jpg 992w\" sizes=\"(max-width: 1024px) 100vw, (max-width: 640px) 100vw, 600px\" \/><\/a><\/span><\/div><div class=\"fusion-text fusion-text-169 tags\" style=\"transform:translate3d(0,0,0);\"><p>Carport<\/p>\n<\/div><div class=\"fusion-text fusion-text-170 description\" style=\"transform:translate3d(0,0,0);\"><p style=\"text-align: center;\">Self-supporting car shelter<\/p>\n<\/div><\/div><\/div><style type=\"text\/css\">.fusion-body .fusion-builder-column-85{width:25% !important;margin-top : 0px;margin-bottom : 20px;}.fusion-builder-column-85 > .fusion-column-wrapper {padding-top : 0px !important;padding-right : 0px !important;margin-right : 7.68%;padding-bottom : 0px !important;padding-left : 0px !important;margin-left : 7.68%;}@media only screen and (max-width:1024px) {.fusion-body .fusion-builder-column-85{width:100% !important;order : 0;}.fusion-builder-column-85 > .fusion-column-wrapper {margin-right : 1.92%;margin-left : 1.92%;}}@media only screen and (max-width:640px) {.fusion-body .fusion-builder-column-85{width:100% !important;order : 0;}.fusion-builder-column-85 > .fusion-column-wrapper {margin-right : 1.92%;margin-left : 1.92%;}}<\/style><div class=\"fusion-layout-column fusion_builder_column fusion-builder-column-86 fusion_builder_column_1_4 1_4 fusion-flex-column img-to-filter\"><div class=\"fusion-column-wrapper fusion-flex-justify-content-flex-start fusion-content-layout-column\" style=\"background-position:left top;background-repeat:no-repeat;-webkit-background-size:cover;-moz-background-size:cover;-o-background-size:cover;background-size:cover;padding: 0px 0px 0px 0px;\"><div ><span class=\"fusion-imageframe imageframe-none imageframe-86 hover-type-none\"><a href=\"https:\/\/www.deco-charpente.fr\/wp-content\/uploads\/2022\/04\/Abri-voiture-tunnel-scaled.jpg\" class=\"fusion-lightbox\" data-rel=\"iLightbox[gallery-image]\" data-title=\"Abri voiture tunnel\" title=\"Tunnel carport\"><img decoding=\"async\" width=\"1920\" height=\"1440\" src=\"https:\/\/www.deco-charpente.fr\/wp-content\/uploads\/2022\/04\/Abri-voiture-tunnel-scaled.jpg\" class=\"img-responsive wp-image-6622\" srcset=\"https:\/\/www.deco-charpente.fr\/wp-content\/uploads\/2022\/04\/Abri-voiture-tunnel-200x150.jpg 200w, https:\/\/www.deco-charpente.fr\/wp-content\/uploads\/2022\/04\/Abri-voiture-tunnel-400x300.jpg 400w, https:\/\/www.deco-charpente.fr\/wp-content\/uploads\/2022\/04\/Abri-voiture-tunnel-600x450.jpg 600w, https:\/\/www.deco-charpente.fr\/wp-content\/uploads\/2022\/04\/Abri-voiture-tunnel-800x600.jpg 800w, https:\/\/www.deco-charpente.fr\/wp-content\/uploads\/2022\/04\/Abri-voiture-tunnel-1200x900.jpg 1200w, https:\/\/www.deco-charpente.fr\/wp-content\/uploads\/2022\/04\/Abri-voiture-tunnel-scaled.jpg 1920w\" sizes=\"(max-width: 1024px) 100vw, (max-width: 640px) 100vw, 600px\" \/><\/a><\/span><\/div><div class=\"fusion-text fusion-text-171 tags\" style=\"transform:translate3d(0,0,0);\"><p>Carport<\/p>\n<\/div><div class=\"fusion-text fusion-text-172 description\" style=\"transform:translate3d(0,0,0);\"><p style=\"text-align: center;\">Tunnel carport<\/p>\n<\/div><\/div><\/div><style type=\"text\/css\">.fusion-body .fusion-builder-column-86{width:25% !important;margin-top : 0px;margin-bottom : 20px;}.fusion-builder-column-86 > .fusion-column-wrapper {padding-top : 0px !important;padding-right : 0px !important;margin-right : 7.68%;padding-bottom : 0px !important;padding-left : 0px !important;margin-left : 7.68%;}@media only screen and (max-width:1024px) {.fusion-body .fusion-builder-column-86{width:100% !important;order : 0;}.fusion-builder-column-86 > .fusion-column-wrapper {margin-right : 1.92%;margin-left : 1.92%;}}@media only screen and (max-width:640px) {.fusion-body .fusion-builder-column-86{width:100% !important;order : 0;}.fusion-builder-column-86 > .fusion-column-wrapper {margin-right : 1.92%;margin-left : 1.92%;}}<\/style><div class=\"fusion-layout-column fusion_builder_column fusion-builder-column-87 fusion_builder_column_1_4 1_4 fusion-flex-column img-to-filter\"><div class=\"fusion-column-wrapper fusion-flex-justify-content-flex-start fusion-content-layout-column\" style=\"background-position:left top;background-repeat:no-repeat;-webkit-background-size:cover;-moz-background-size:cover;-o-background-size:cover;background-size:cover;padding: 0px 0px 0px 0px;\"><div ><span class=\"fusion-imageframe imageframe-none imageframe-87 hover-type-none\"><a href=\"https:\/\/www.deco-charpente.fr\/wp-content\/uploads\/2023\/04\/1682617328542.jpeg\" class=\"fusion-lightbox\" data-rel=\"iLightbox[gallery-image]\" data-title=\"Abri voiture double\" title=\"Double carport\"><img decoding=\"async\" width=\"1600\" height=\"738\" src=\"https:\/\/www.deco-charpente.fr\/wp-content\/uploads\/2023\/04\/1682617328542.jpeg\" class=\"img-responsive wp-image-8606\" srcset=\"https:\/\/www.deco-charpente.fr\/wp-content\/uploads\/2023\/04\/1682617328542-200x92.jpeg 200w, https:\/\/www.deco-charpente.fr\/wp-content\/uploads\/2023\/04\/1682617328542-400x185.jpeg 400w, https:\/\/www.deco-charpente.fr\/wp-content\/uploads\/2023\/04\/1682617328542-600x277.jpeg 600w, https:\/\/www.deco-charpente.fr\/wp-content\/uploads\/2023\/04\/1682617328542-800x369.jpeg 800w, https:\/\/www.deco-charpente.fr\/wp-content\/uploads\/2023\/04\/1682617328542-1200x554.jpeg 1200w, https:\/\/www.deco-charpente.fr\/wp-content\/uploads\/2023\/04\/1682617328542.jpeg 1600w\" sizes=\"(max-width: 1024px) 100vw, (max-width: 640px) 100vw, 600px\" \/><\/a><\/span><\/div><div class=\"fusion-text fusion-text-173 tags\" style=\"transform:translate3d(0,0,0);\"><p>Carport<\/p>\n<\/div><div class=\"fusion-text fusion-text-174 description\" style=\"transform:translate3d(0,0,0);\"><p style=\"text-align: center;\">Double carport<\/p>\n<\/div><\/div><\/div><style type=\"text\/css\">.fusion-body .fusion-builder-column-87{width:25% !important;margin-top : 0px;margin-bottom : 20px;}.fusion-builder-column-87 > .fusion-column-wrapper {padding-top : 0px !important;padding-right : 0px !important;margin-right : 7.68%;padding-bottom : 0px !important;padding-left : 0px !important;margin-left : 7.68%;}@media only screen and (max-width:1024px) {.fusion-body .fusion-builder-column-87{width:100% !important;order : 0;}.fusion-builder-column-87 > .fusion-column-wrapper {margin-right : 1.92%;margin-left : 1.92%;}}@media only screen and (max-width:640px) {.fusion-body .fusion-builder-column-87{width:100% !important;order : 0;}.fusion-builder-column-87 > .fusion-column-wrapper {margin-right : 1.92%;margin-left : 1.92%;}}<\/style><div class=\"fusion-layout-column fusion_builder_column fusion-builder-column-88 fusion_builder_column_1_4 1_4 fusion-flex-column img-to-filter\"><div class=\"fusion-column-wrapper fusion-flex-justify-content-flex-start fusion-content-layout-column\" style=\"background-position:left top;background-repeat:no-repeat;-webkit-background-size:cover;-moz-background-size:cover;-o-background-size:cover;background-size:cover;padding: 0px 0px 0px 0px;\"><div ><span class=\"fusion-imageframe imageframe-none imageframe-88 hover-type-none\"><a href=\"https:\/\/www.deco-charpente.fr\/wp-content\/uploads\/2024\/03\/Abri-voiture-double.jpg\" class=\"fusion-lightbox\" data-rel=\"iLightbox[gallery-image]\" data-title=\"Abri voiture double\" title=\"Double carport\"><img decoding=\"async\" width=\"2049\" height=\"1536\" src=\"https:\/\/www.deco-charpente.fr\/wp-content\/uploads\/2024\/03\/Abri-voiture-double.jpg\" class=\"img-responsive wp-image-10047\" srcset=\"https:\/\/www.deco-charpente.fr\/wp-content\/uploads\/2024\/03\/Abri-voiture-double-200x150.jpg 200w, https:\/\/www.deco-charpente.fr\/wp-content\/uploads\/2024\/03\/Abri-voiture-double-400x300.jpg 400w, https:\/\/www.deco-charpente.fr\/wp-content\/uploads\/2024\/03\/Abri-voiture-double-600x450.jpg 600w, https:\/\/www.deco-charpente.fr\/wp-content\/uploads\/2024\/03\/Abri-voiture-double-800x600.jpg 800w, https:\/\/www.deco-charpente.fr\/wp-content\/uploads\/2024\/03\/Abri-voiture-double-1200x900.jpg 1200w, https:\/\/www.deco-charpente.fr\/wp-content\/uploads\/2024\/03\/Abri-voiture-double.jpg 2049w\" sizes=\"(max-width: 1024px) 100vw, (max-width: 640px) 100vw, 600px\" \/><\/a><\/span><\/div><div class=\"fusion-text fusion-text-175 tags\" style=\"transform:translate3d(0,0,0);\"><p>Carport<\/p>\n<\/div><div class=\"fusion-text fusion-text-176 description\" style=\"transform:translate3d(0,0,0);\"><p style=\"text-align: center;\">Double carport<\/p>\n<\/div><\/div><\/div><style type=\"text\/css\">.fusion-body .fusion-builder-column-88{width:25% !important;margin-top : 0px;margin-bottom : 20px;}.fusion-builder-column-88 > .fusion-column-wrapper {padding-top : 0px !important;padding-right : 0px !important;margin-right : 7.68%;padding-bottom : 0px !important;padding-left : 0px !important;margin-left : 7.68%;}@media only screen and (max-width:1024px) {.fusion-body .fusion-builder-column-88{width:100% !important;order : 0;}.fusion-builder-column-88 > .fusion-column-wrapper {margin-right : 1.92%;margin-left : 1.92%;}}@media only screen and (max-width:640px) {.fusion-body .fusion-builder-column-88{width:100% !important;order : 0;}.fusion-builder-column-88 > .fusion-column-wrapper {margin-right : 1.92%;margin-left : 1.92%;}}<\/style><div class=\"fusion-layout-column fusion_builder_column fusion-builder-column-89 fusion_builder_column_1_4 1_4 fusion-flex-column img-to-filter\"><div class=\"fusion-column-wrapper fusion-flex-justify-content-flex-start fusion-content-layout-column\" style=\"background-position:left top;background-repeat:no-repeat;-webkit-background-size:cover;-moz-background-size:cover;-o-background-size:cover;background-size:cover;padding: 0px 0px 0px 0px;\"><div ><span class=\"fusion-imageframe imageframe-none imageframe-89 hover-type-none\"><a href=\"https:\/\/www.deco-charpente.fr\/wp-content\/uploads\/2022\/04\/Abri-voiture-double.jpg\" class=\"fusion-lightbox\" data-rel=\"iLightbox[gallery-image]\" data-title=\"Abri voiture double\" title=\"Double carport\"><img decoding=\"async\" width=\"1266\" height=\"952\" src=\"https:\/\/www.deco-charpente.fr\/wp-content\/uploads\/2022\/04\/Abri-voiture-double.jpg\" class=\"img-responsive wp-image-6621\" srcset=\"https:\/\/www.deco-charpente.fr\/wp-content\/uploads\/2022\/04\/Abri-voiture-double-200x150.jpg 200w, https:\/\/www.deco-charpente.fr\/wp-content\/uploads\/2022\/04\/Abri-voiture-double-400x301.jpg 400w, https:\/\/www.deco-charpente.fr\/wp-content\/uploads\/2022\/04\/Abri-voiture-double-600x451.jpg 600w, https:\/\/www.deco-charpente.fr\/wp-content\/uploads\/2022\/04\/Abri-voiture-double-800x602.jpg 800w, https:\/\/www.deco-charpente.fr\/wp-content\/uploads\/2022\/04\/Abri-voiture-double-1200x902.jpg 1200w, https:\/\/www.deco-charpente.fr\/wp-content\/uploads\/2022\/04\/Abri-voiture-double.jpg 1266w\" sizes=\"(max-width: 1024px) 100vw, (max-width: 640px) 100vw, 600px\" \/><\/a><\/span><\/div><div class=\"fusion-text fusion-text-177 tags\" style=\"transform:translate3d(0,0,0);\"><p>Carport<\/p>\n<\/div><div class=\"fusion-text fusion-text-178 description\" style=\"transform:translate3d(0,0,0);\"><p style=\"text-align: center;\">Double carport<\/p>\n<\/div><\/div><\/div><style type=\"text\/css\">.fusion-body .fusion-builder-column-89{width:25% !important;margin-top : 0px;margin-bottom : 20px;}.fusion-builder-column-89 > .fusion-column-wrapper {padding-top : 0px !important;padding-right : 0px !important;margin-right : 7.68%;padding-bottom : 0px !important;padding-left : 0px !important;margin-left : 7.68%;}@media only screen and (max-width:1024px) {.fusion-body .fusion-builder-column-89{width:100% !important;order : 0;}.fusion-builder-column-89 > .fusion-column-wrapper {margin-right : 1.92%;margin-left : 1.92%;}}@media only screen and (max-width:640px) {.fusion-body .fusion-builder-column-89{width:100% !important;order : 0;}.fusion-builder-column-89 > .fusion-column-wrapper {margin-right : 1.92%;margin-left : 1.92%;}}<\/style><div class=\"fusion-layout-column fusion_builder_column fusion-builder-column-90 fusion_builder_column_1_4 1_4 fusion-flex-column img-to-filter\"><div class=\"fusion-column-wrapper fusion-flex-justify-content-flex-start fusion-content-layout-column\" style=\"background-position:left top;background-repeat:no-repeat;-webkit-background-size:cover;-moz-background-size:cover;-o-background-size:cover;background-size:cover;padding: 0px 0px 0px 0px;\"><div ><span class=\"fusion-imageframe imageframe-none imageframe-90 hover-type-none\"><a href=\"https:\/\/www.deco-charpente.fr\/wp-content\/uploads\/2022\/06\/Abri-voiture-double-plaque-immatrication-compressed.jpg\" class=\"fusion-lightbox\" data-rel=\"iLightbox[gallery-image]\" data-title=\"Abri voiture double-plaque-immatrication-compressed\" title=\"double-plate-compressed carport\"><img decoding=\"async\" width=\"1403\" height=\"1052\" src=\"https:\/\/www.deco-charpente.fr\/wp-content\/uploads\/2022\/06\/Abri-voiture-double-plaque-immatrication-compressed.jpg\" class=\"img-responsive wp-image-7428\" srcset=\"https:\/\/www.deco-charpente.fr\/wp-content\/uploads\/2022\/06\/Abri-voiture-double-plaque-immatrication-compressed-200x150.jpg 200w, https:\/\/www.deco-charpente.fr\/wp-content\/uploads\/2022\/06\/Abri-voiture-double-plaque-immatrication-compressed-400x300.jpg 400w, https:\/\/www.deco-charpente.fr\/wp-content\/uploads\/2022\/06\/Abri-voiture-double-plaque-immatrication-compressed-600x450.jpg 600w, https:\/\/www.deco-charpente.fr\/wp-content\/uploads\/2022\/06\/Abri-voiture-double-plaque-immatrication-compressed-800x600.jpg 800w, https:\/\/www.deco-charpente.fr\/wp-content\/uploads\/2022\/06\/Abri-voiture-double-plaque-immatrication-compressed-1200x900.jpg 1200w, https:\/\/www.deco-charpente.fr\/wp-content\/uploads\/2022\/06\/Abri-voiture-double-plaque-immatrication-compressed.jpg 1403w\" sizes=\"(max-width: 1024px) 100vw, (max-width: 640px) 100vw, 600px\" \/><\/a><\/span><\/div><div class=\"fusion-text fusion-text-179 tags\" style=\"transform:translate3d(0,0,0);\"><p>Carport<\/p>\n<\/div><div class=\"fusion-text fusion-text-180 description\" style=\"transform:translate3d(0,0,0);\"><p style=\"text-align: center;\">Double mixed carport<\/p>\n<\/div><\/div><\/div><style type=\"text\/css\">.fusion-body .fusion-builder-column-90{width:25% !important;margin-top : 0px;margin-bottom : 20px;}.fusion-builder-column-90 > .fusion-column-wrapper {padding-top : 0px !important;padding-right : 0px !important;margin-right : 7.68%;padding-bottom : 0px !important;padding-left : 0px !important;margin-left : 7.68%;}@media only screen and (max-width:1024px) {.fusion-body .fusion-builder-column-90{width:100% !important;order : 0;}.fusion-builder-column-90 > .fusion-column-wrapper {margin-right : 1.92%;margin-left : 1.92%;}}@media only screen and (max-width:640px) {.fusion-body .fusion-builder-column-90{width:100% !important;order : 0;}.fusion-builder-column-90 > .fusion-column-wrapper {margin-right : 1.92%;margin-left : 1.92%;}}<\/style><div class=\"fusion-layout-column fusion_builder_column fusion-builder-column-91 fusion_builder_column_1_4 1_4 fusion-flex-column img-to-filter\"><div class=\"fusion-column-wrapper fusion-flex-justify-content-flex-start fusion-content-layout-column\" style=\"background-position:left top;background-repeat:no-repeat;-webkit-background-size:cover;-moz-background-size:cover;-o-background-size:cover;background-size:cover;padding: 0px 0px 0px 0px;\"><div ><span class=\"fusion-imageframe imageframe-none imageframe-91 hover-type-none\"><a href=\"https:\/\/www.deco-charpente.fr\/wp-content\/uploads\/2022\/04\/Abri-voiture-double-3.jpg\" class=\"fusion-lightbox\" data-rel=\"iLightbox[gallery-image]\" data-title=\"Abri voiture double\" title=\"Double carport\"><img decoding=\"async\" width=\"1228\" height=\"921\" src=\"https:\/\/www.deco-charpente.fr\/wp-content\/uploads\/2022\/04\/Abri-voiture-double-3.jpg\" class=\"img-responsive wp-image-6619\" srcset=\"https:\/\/www.deco-charpente.fr\/wp-content\/uploads\/2022\/04\/Abri-voiture-double-3-200x150.jpg 200w, https:\/\/www.deco-charpente.fr\/wp-content\/uploads\/2022\/04\/Abri-voiture-double-3-400x300.jpg 400w, https:\/\/www.deco-charpente.fr\/wp-content\/uploads\/2022\/04\/Abri-voiture-double-3-600x450.jpg 600w, https:\/\/www.deco-charpente.fr\/wp-content\/uploads\/2022\/04\/Abri-voiture-double-3-800x600.jpg 800w, https:\/\/www.deco-charpente.fr\/wp-content\/uploads\/2022\/04\/Abri-voiture-double-3-1200x900.jpg 1200w, https:\/\/www.deco-charpente.fr\/wp-content\/uploads\/2022\/04\/Abri-voiture-double-3.jpg 1228w\" sizes=\"(max-width: 1024px) 100vw, (max-width: 640px) 100vw, 600px\" \/><\/a><\/span><\/div><div class=\"fusion-text fusion-text-181 tags\" style=\"transform:translate3d(0,0,0);\"><p>Carport<\/p>\n<\/div><div class=\"fusion-text fusion-text-182 description\" style=\"transform:translate3d(0,0,0);\"><p style=\"text-align: center;\">Double carport<\/p>\n<\/div><\/div><\/div><style type=\"text\/css\">.fusion-body .fusion-builder-column-91{width:25% !important;margin-top : 0px;margin-bottom : 20px;}.fusion-builder-column-91 > .fusion-column-wrapper {padding-top : 0px !important;padding-right : 0px !important;margin-right : 7.68%;padding-bottom : 0px !important;padding-left : 0px !important;margin-left : 7.68%;}@media only screen and (max-width:1024px) {.fusion-body .fusion-builder-column-91{width:100% !important;order : 0;}.fusion-builder-column-91 > .fusion-column-wrapper {margin-right : 1.92%;margin-left : 1.92%;}}@media only screen and (max-width:640px) {.fusion-body .fusion-builder-column-91{width:100% !important;order : 0;}.fusion-builder-column-91 > .fusion-column-wrapper {margin-right : 1.92%;margin-left : 1.92%;}}<\/style><div class=\"fusion-layout-column fusion_builder_column fusion-builder-column-92 fusion_builder_column_1_4 1_4 fusion-flex-column img-to-filter\"><div class=\"fusion-column-wrapper fusion-flex-justify-content-flex-start fusion-content-layout-column\" style=\"background-position:left top;background-repeat:no-repeat;-webkit-background-size:cover;-moz-background-size:cover;-o-background-size:cover;background-size:cover;padding: 0px 0px 0px 0px;\"><div ><span class=\"fusion-imageframe imageframe-none imageframe-92 hover-type-none\"><a href=\"https:\/\/www.deco-charpente.fr\/wp-content\/uploads\/2021\/08\/Abri-voiture-epicea.png\" class=\"fusion-lightbox\" data-rel=\"iLightbox[gallery-image]\" data-title=\"Abri voiture \u00e9pic\u00e9a\" title=\"Spruce carport\"><img decoding=\"async\" width=\"504\" height=\"377\" src=\"https:\/\/www.deco-charpente.fr\/wp-content\/uploads\/2021\/08\/Abri-voiture-epicea.png\" class=\"img-responsive wp-image-5040\" srcset=\"https:\/\/www.deco-charpente.fr\/wp-content\/uploads\/2021\/08\/Abri-voiture-epicea-200x150.png 200w, https:\/\/www.deco-charpente.fr\/wp-content\/uploads\/2021\/08\/Abri-voiture-epicea-400x299.png 400w, https:\/\/www.deco-charpente.fr\/wp-content\/uploads\/2021\/08\/Abri-voiture-epicea.png 504w\" sizes=\"(max-width: 1024px) 100vw, (max-width: 640px) 100vw, 504px\" \/><\/a><\/span><\/div><div class=\"fusion-text fusion-text-183 tags\" style=\"transform:translate3d(0,0,0);\"><p>Carport<\/p>\n<\/div><div class=\"fusion-text fusion-text-184 description\" style=\"transform:translate3d(0,0,0);\"><p style=\"text-align: center;\">Spruce carport<\/p>\n<\/div><\/div><\/div><style type=\"text\/css\">.fusion-body .fusion-builder-column-92{width:25% !important;margin-top : 0px;margin-bottom : 20px;}.fusion-builder-column-92 > .fusion-column-wrapper {padding-top : 0px !important;padding-right : 0px !important;margin-right : 7.68%;padding-bottom : 0px !important;padding-left : 0px !important;margin-left : 7.68%;}@media only screen and (max-width:1024px) {.fusion-body .fusion-builder-column-92{width:100% !important;order : 0;}.fusion-builder-column-92 > .fusion-column-wrapper {margin-right : 1.92%;margin-left : 1.92%;}}@media only screen and (max-width:640px) {.fusion-body .fusion-builder-column-92{width:100% !important;order : 0;}.fusion-builder-column-92 > .fusion-column-wrapper {margin-right : 1.92%;margin-left : 1.92%;}}<\/style><div class=\"fusion-layout-column fusion_builder_column fusion-builder-column-93 fusion_builder_column_1_4 1_4 fusion-flex-column img-to-filter\"><div class=\"fusion-column-wrapper fusion-flex-justify-content-flex-start fusion-content-layout-column\" style=\"background-position:left top;background-repeat:no-repeat;-webkit-background-size:cover;-moz-background-size:cover;-o-background-size:cover;background-size:cover;padding: 0px 0px 0px 0px;\"><div ><span class=\"fusion-imageframe imageframe-none imageframe-93 hover-type-none\"><a href=\"https:\/\/www.deco-charpente.fr\/wp-content\/uploads\/2022\/06\/Abri-voiture-C2-5-compressed.jpg\" class=\"fusion-lightbox\" data-rel=\"iLightbox[gallery-image]\" data-title=\"Abri voiture C2 -5-compressed\" title=\"C2 carport -5-compressed\"><img decoding=\"async\" width=\"1403\" height=\"1052\" src=\"https:\/\/www.deco-charpente.fr\/wp-content\/uploads\/2022\/06\/Abri-voiture-C2-5-compressed.jpg\" class=\"img-responsive wp-image-7431\" srcset=\"https:\/\/www.deco-charpente.fr\/wp-content\/uploads\/2022\/06\/Abri-voiture-C2-5-compressed-200x150.jpg 200w, https:\/\/www.deco-charpente.fr\/wp-content\/uploads\/2022\/06\/Abri-voiture-C2-5-compressed-400x300.jpg 400w, https:\/\/www.deco-charpente.fr\/wp-content\/uploads\/2022\/06\/Abri-voiture-C2-5-compressed-600x450.jpg 600w, https:\/\/www.deco-charpente.fr\/wp-content\/uploads\/2022\/06\/Abri-voiture-C2-5-compressed-800x600.jpg 800w, https:\/\/www.deco-charpente.fr\/wp-content\/uploads\/2022\/06\/Abri-voiture-C2-5-compressed-1200x900.jpg 1200w, https:\/\/www.deco-charpente.fr\/wp-content\/uploads\/2022\/06\/Abri-voiture-C2-5-compressed.jpg 1403w\" sizes=\"(max-width: 1024px) 100vw, (max-width: 640px) 100vw, 600px\" \/><\/a><\/span><\/div><div class=\"fusion-text fusion-text-185 tags\" style=\"transform:translate3d(0,0,0);\"><p>Carport<\/p>\n<\/div><div class=\"fusion-text fusion-text-186 description\" style=\"transform:translate3d(0,0,0);\"><p style=\"text-align: center;\">Carport 2 slopes 3 cars<\/p>\n<\/div><\/div><\/div><style type=\"text\/css\">.fusion-body .fusion-builder-column-93{width:25% !important;margin-top : 0px;margin-bottom : 20px;}.fusion-builder-column-93 > .fusion-column-wrapper {padding-top : 0px !important;padding-right : 0px !important;margin-right : 7.68%;padding-bottom : 0px !important;padding-left : 0px !important;margin-left : 7.68%;}@media only screen and (max-width:1024px) {.fusion-body .fusion-builder-column-93{width:100% !important;order : 0;}.fusion-builder-column-93 > .fusion-column-wrapper {margin-right : 1.92%;margin-left : 1.92%;}}@media only screen and (max-width:640px) {.fusion-body .fusion-builder-column-93{width:100% !important;order : 0;}.fusion-builder-column-93 > .fusion-column-wrapper {margin-right : 1.92%;margin-left : 1.92%;}}<\/style><div class=\"fusion-layout-column fusion_builder_column fusion-builder-column-94 fusion_builder_column_1_4 1_4 fusion-flex-column img-to-filter\"><div class=\"fusion-column-wrapper fusion-flex-justify-content-flex-start fusion-content-layout-column\" style=\"background-position:left top;background-repeat:no-repeat;-webkit-background-size:cover;-moz-background-size:cover;-o-background-size:cover;background-size:cover;padding: 0px 0px 0px 0px;\"><div ><span class=\"fusion-imageframe imageframe-none imageframe-94 hover-type-none\"><a href=\"https:\/\/www.deco-charpente.fr\/wp-content\/uploads\/2024\/08\/220417987_1214174035720916_8606016344007662659_n.jpg\" class=\"fusion-lightbox\" data-rel=\"iLightbox[gallery-image]\" data-title=\"Carport 3 voitures\" title=\"Carport for 3 cars\"><img decoding=\"async\" width=\"1440\" height=\"1080\" src=\"https:\/\/www.deco-charpente.fr\/wp-content\/uploads\/2024\/08\/220417987_1214174035720916_8606016344007662659_n.jpg\" class=\"img-responsive wp-image-11189\" srcset=\"https:\/\/www.deco-charpente.fr\/wp-content\/uploads\/2024\/08\/220417987_1214174035720916_8606016344007662659_n-200x150.jpg 200w, https:\/\/www.deco-charpente.fr\/wp-content\/uploads\/2024\/08\/220417987_1214174035720916_8606016344007662659_n-400x300.jpg 400w, https:\/\/www.deco-charpente.fr\/wp-content\/uploads\/2024\/08\/220417987_1214174035720916_8606016344007662659_n-600x450.jpg 600w, https:\/\/www.deco-charpente.fr\/wp-content\/uploads\/2024\/08\/220417987_1214174035720916_8606016344007662659_n-800x600.jpg 800w, https:\/\/www.deco-charpente.fr\/wp-content\/uploads\/2024\/08\/220417987_1214174035720916_8606016344007662659_n-1200x900.jpg 1200w, https:\/\/www.deco-charpente.fr\/wp-content\/uploads\/2024\/08\/220417987_1214174035720916_8606016344007662659_n.jpg 1440w\" sizes=\"(max-width: 1024px) 100vw, (max-width: 640px) 100vw, 600px\" \/><\/a><\/span><\/div><div class=\"fusion-text fusion-text-187 tags\" style=\"transform:translate3d(0,0,0);\"><p>Carport<\/p>\n<\/div><div class=\"fusion-text fusion-text-188 description\" style=\"transform:translate3d(0,0,0);\"><p style=\"text-align: center;\">Carport 2 slopes 3 cars<\/p>\n<\/div><\/div><\/div><style type=\"text\/css\">.fusion-body .fusion-builder-column-94{width:25% !important;margin-top : 0px;margin-bottom : 20px;}.fusion-builder-column-94 > .fusion-column-wrapper {padding-top : 0px !important;padding-right : 0px !important;margin-right : 7.68%;padding-bottom : 0px !important;padding-left : 0px !important;margin-left : 7.68%;}@media only screen and (max-width:1024px) {.fusion-body .fusion-builder-column-94{width:100% !important;order : 0;}.fusion-builder-column-94 > .fusion-column-wrapper {margin-right : 1.92%;margin-left : 1.92%;}}@media only screen and (max-width:640px) {.fusion-body .fusion-builder-column-94{width:100% !important;order : 0;}.fusion-builder-column-94 > .fusion-column-wrapper {margin-right : 1.92%;margin-left : 1.92%;}}<\/style><div class=\"fusion-layout-column fusion_builder_column fusion-builder-column-95 fusion_builder_column_1_4 1_4 fusion-flex-column img-to-filter\"><div class=\"fusion-column-wrapper fusion-flex-justify-content-flex-start fusion-content-layout-column\" style=\"background-position:left top;background-repeat:no-repeat;-webkit-background-size:cover;-moz-background-size:cover;-o-background-size:cover;background-size:cover;padding: 0px 0px 0px 0px;\"><div ><span class=\"fusion-imageframe imageframe-none imageframe-95 hover-type-none\"><a href=\"https:\/\/www.deco-charpente.fr\/wp-content\/uploads\/2022\/06\/Abri-voiture-C2-2-compressed.jpg\" class=\"fusion-lightbox\" data-rel=\"iLightbox[gallery-image]\" data-title=\"Abri voiture C2 -2-compressed\" title=\"C2 carport -2-compressed\"><img decoding=\"async\" width=\"1403\" height=\"1052\" src=\"https:\/\/www.deco-charpente.fr\/wp-content\/uploads\/2022\/06\/Abri-voiture-C2-2-compressed.jpg\" class=\"img-responsive wp-image-7429\" srcset=\"https:\/\/www.deco-charpente.fr\/wp-content\/uploads\/2022\/06\/Abri-voiture-C2-2-compressed-200x150.jpg 200w, https:\/\/www.deco-charpente.fr\/wp-content\/uploads\/2022\/06\/Abri-voiture-C2-2-compressed-400x300.jpg 400w, https:\/\/www.deco-charpente.fr\/wp-content\/uploads\/2022\/06\/Abri-voiture-C2-2-compressed-600x450.jpg 600w, https:\/\/www.deco-charpente.fr\/wp-content\/uploads\/2022\/06\/Abri-voiture-C2-2-compressed-800x600.jpg 800w, https:\/\/www.deco-charpente.fr\/wp-content\/uploads\/2022\/06\/Abri-voiture-C2-2-compressed-1200x900.jpg 1200w, https:\/\/www.deco-charpente.fr\/wp-content\/uploads\/2022\/06\/Abri-voiture-C2-2-compressed.jpg 1403w\" sizes=\"(max-width: 1024px) 100vw, (max-width: 640px) 100vw, 600px\" \/><\/a><\/span><\/div><div class=\"fusion-text fusion-text-189 tags\" style=\"transform:translate3d(0,0,0);\"><p>Carport<\/p>\n<\/div><div class=\"fusion-text fusion-text-190 description\" style=\"transform:translate3d(0,0,0);\"><p style=\"text-align: center;\">2 slope carport<\/p>\n<\/div><\/div><\/div><style type=\"text\/css\">.fusion-body .fusion-builder-column-95{width:25% !important;margin-top : 0px;margin-bottom : 20px;}.fusion-builder-column-95 > .fusion-column-wrapper {padding-top : 0px !important;padding-right : 0px !important;margin-right : 7.68%;padding-bottom : 0px !important;padding-left : 0px !important;margin-left : 7.68%;}@media only screen and (max-width:1024px) {.fusion-body .fusion-builder-column-95{width:100% !important;order : 0;}.fusion-builder-column-95 > .fusion-column-wrapper {margin-right : 1.92%;margin-left : 1.92%;}}@media only screen and (max-width:640px) {.fusion-body .fusion-builder-column-95{width:100% !important;order : 0;}.fusion-builder-column-95 > .fusion-column-wrapper {margin-right : 1.92%;margin-left : 1.92%;}}<\/style><div class=\"fusion-layout-column fusion_builder_column fusion-builder-column-96 fusion_builder_column_1_4 1_4 fusion-flex-column img-to-filter\"><div class=\"fusion-column-wrapper fusion-flex-justify-content-flex-start fusion-content-layout-column\" style=\"background-position:left top;background-repeat:no-repeat;-webkit-background-size:cover;-moz-background-size:cover;-o-background-size:cover;background-size:cover;padding: 0px 0px 0px 0px;\"><div ><span class=\"fusion-imageframe imageframe-none imageframe-96 hover-type-none\"><a href=\"https:\/\/www.deco-charpente.fr\/wp-content\/uploads\/2021\/03\/Abri-voiture-2-pentes.jpg\" class=\"fusion-lightbox\" data-rel=\"iLightbox[gallery-image]\" data-title=\"Abri-voiture-2-pentes\" title=\"Carport-2-slopes\"><img decoding=\"async\" width=\"992\" height=\"448\" alt=\"Abri-voiture-2-pentes\" src=\"https:\/\/www.deco-charpente.fr\/wp-content\/uploads\/2021\/03\/Abri-voiture-2-pentes.jpg\" class=\"img-responsive wp-image-4635\" srcset=\"https:\/\/www.deco-charpente.fr\/wp-content\/uploads\/2021\/03\/Abri-voiture-2-pentes-200x90.jpg 200w, https:\/\/www.deco-charpente.fr\/wp-content\/uploads\/2021\/03\/Abri-voiture-2-pentes-400x181.jpg 400w, https:\/\/www.deco-charpente.fr\/wp-content\/uploads\/2021\/03\/Abri-voiture-2-pentes-600x271.jpg 600w, https:\/\/www.deco-charpente.fr\/wp-content\/uploads\/2021\/03\/Abri-voiture-2-pentes-800x361.jpg 800w, https:\/\/www.deco-charpente.fr\/wp-content\/uploads\/2021\/03\/Abri-voiture-2-pentes.jpg 992w\" sizes=\"(max-width: 1024px) 100vw, (max-width: 640px) 100vw, 600px\" \/><\/a><\/span><\/div><div class=\"fusion-text fusion-text-191 tags\" style=\"transform:translate3d(0,0,0);\"><p>Carport<\/p>\n<\/div><div class=\"fusion-text fusion-text-192 description\" style=\"transform:translate3d(0,0,0);\"><p style=\"text-align: center;\">2 slope carport<\/p>\n<\/div><\/div><\/div><style type=\"text\/css\">.fusion-body .fusion-builder-column-96{width:25% !important;margin-top : 0px;margin-bottom : 20px;}.fusion-builder-column-96 > .fusion-column-wrapper {padding-top : 0px !important;padding-right : 0px !important;margin-right : 7.68%;padding-bottom : 0px !important;padding-left : 0px !important;margin-left : 7.68%;}@media only screen and (max-width:1024px) {.fusion-body .fusion-builder-column-96{width:100% !important;order : 0;}.fusion-builder-column-96 > .fusion-column-wrapper {margin-right : 1.92%;margin-left : 1.92%;}}@media only screen and (max-width:640px) {.fusion-body .fusion-builder-column-96{width:100% !important;order : 0;}.fusion-builder-column-96 > .fusion-column-wrapper {margin-right : 1.92%;margin-left : 1.92%;}}<\/style><div class=\"fusion-layout-column fusion_builder_column fusion-builder-column-97 fusion_builder_column_1_4 1_4 fusion-flex-column img-to-filter\"><div class=\"fusion-column-wrapper fusion-flex-justify-content-flex-start fusion-content-layout-column\" style=\"background-position:left top;background-repeat:no-repeat;-webkit-background-size:cover;-moz-background-size:cover;-o-background-size:cover;background-size:cover;padding: 0px 0px 0px 0px;\"><div ><span class=\"fusion-imageframe imageframe-none imageframe-97 hover-type-none\"><a href=\"https:\/\/www.deco-charpente.fr\/wp-content\/uploads\/2024\/02\/Abri-voiture-Rhone.jpg\" class=\"fusion-lightbox\" data-rel=\"iLightbox[gallery-image]\" data-title=\"Abri voiture Rhone\" title=\"Rhone carport\"><img decoding=\"async\" width=\"1660\" height=\"1245\" src=\"https:\/\/www.deco-charpente.fr\/wp-content\/uploads\/2024\/02\/Abri-voiture-Rhone.jpg\" class=\"img-responsive wp-image-9624\" srcset=\"https:\/\/www.deco-charpente.fr\/wp-content\/uploads\/2024\/02\/Abri-voiture-Rhone-200x150.webp 200w, https:\/\/www.deco-charpente.fr\/wp-content\/uploads\/2024\/02\/Abri-voiture-Rhone-300x225.webp 300w, https:\/\/www.deco-charpente.fr\/wp-content\/uploads\/2024\/02\/Abri-voiture-Rhone-400x300.webp 400w, https:\/\/www.deco-charpente.fr\/wp-content\/uploads\/2024\/02\/Abri-voiture-Rhone-600x450.webp 600w, https:\/\/www.deco-charpente.fr\/wp-content\/uploads\/2024\/02\/Abri-voiture-Rhone-768x576.webp 768w, https:\/\/www.deco-charpente.fr\/wp-content\/uploads\/2024\/02\/Abri-voiture-Rhone-800x600.webp 800w, https:\/\/www.deco-charpente.fr\/wp-content\/uploads\/2024\/02\/Abri-voiture-Rhone-1024x768.webp 1024w, https:\/\/www.deco-charpente.fr\/wp-content\/uploads\/2024\/02\/Abri-voiture-Rhone-1200x900.webp 1200w, https:\/\/www.deco-charpente.fr\/wp-content\/uploads\/2024\/02\/Abri-voiture-Rhone-1536x1152.webp 1536w, https:\/\/www.deco-charpente.fr\/wp-content\/uploads\/2024\/02\/Abri-voiture-Rhone.jpg 1660w\" sizes=\"(max-width: 1024px) 100vw, (max-width: 640px) 100vw, 600px\" \/><\/a><\/span><\/div><div class=\"fusion-text fusion-text-193 tags\" style=\"transform:translate3d(0,0,0);\"><p>Carport<\/p>\n<\/div><div class=\"fusion-text fusion-text-194 description\" style=\"transform:translate3d(0,0,0);\"><p style=\"text-align: center;\">Lean-to carport<\/p>\n<\/div><\/div><\/div><style type=\"text\/css\">.fusion-body .fusion-builder-column-97{width:25% !important;margin-top : 0px;margin-bottom : 20px;}.fusion-builder-column-97 > .fusion-column-wrapper {padding-top : 0px !important;padding-right : 0px !important;margin-right : 7.68%;padding-bottom : 0px !important;padding-left : 0px !important;margin-left : 7.68%;}@media only screen and (max-width:1024px) {.fusion-body .fusion-builder-column-97{width:100% !important;order : 0;}.fusion-builder-column-97 > .fusion-column-wrapper {margin-right : 1.92%;margin-left : 1.92%;}}@media only screen and (max-width:640px) {.fusion-body .fusion-builder-column-97{width:100% !important;order : 0;}.fusion-builder-column-97 > .fusion-column-wrapper {margin-right : 1.92%;margin-left : 1.92%;}}<\/style><div class=\"fusion-layout-column fusion_builder_column fusion-builder-column-98 fusion_builder_column_1_4 1_4 fusion-flex-column img-to-filter\"><div class=\"fusion-column-wrapper fusion-flex-justify-content-flex-start fusion-content-layout-column\" style=\"background-position:left top;background-repeat:no-repeat;-webkit-background-size:cover;-moz-background-size:cover;-o-background-size:cover;background-size:cover;padding: 0px 0px 0px 0px;\"><div ><span class=\"fusion-imageframe imageframe-none imageframe-98 hover-type-none\"><a href=\"https:\/\/www.deco-charpente.fr\/wp-content\/uploads\/2023\/01\/C6-Janvier-2023-8.jpg\" class=\"fusion-lightbox\" data-rel=\"iLightbox[gallery-image]\" data-title=\"C6 &#8211; Janvier 2023 &#8211; 8\" title=\"C6 \u2013 January 2023 \u2013 8\"><img decoding=\"async\" width=\"1960\" height=\"1468\" src=\"https:\/\/www.deco-charpente.fr\/wp-content\/uploads\/2023\/01\/C6-Janvier-2023-8.jpg\" class=\"img-responsive wp-image-7812\" srcset=\"https:\/\/www.deco-charpente.fr\/wp-content\/uploads\/2023\/01\/C6-Janvier-2023-8-200x150.jpg 200w, https:\/\/www.deco-charpente.fr\/wp-content\/uploads\/2023\/01\/C6-Janvier-2023-8-400x300.jpg 400w, https:\/\/www.deco-charpente.fr\/wp-content\/uploads\/2023\/01\/C6-Janvier-2023-8-600x449.jpg 600w, https:\/\/www.deco-charpente.fr\/wp-content\/uploads\/2023\/01\/C6-Janvier-2023-8-800x599.jpg 800w, https:\/\/www.deco-charpente.fr\/wp-content\/uploads\/2023\/01\/C6-Janvier-2023-8-1200x899.jpg 1200w, https:\/\/www.deco-charpente.fr\/wp-content\/uploads\/2023\/01\/C6-Janvier-2023-8.jpg 1960w\" sizes=\"(max-width: 1024px) 100vw, (max-width: 640px) 100vw, 600px\" \/><\/a><\/span><\/div><div class=\"fusion-text fusion-text-195 tags\" style=\"transform:translate3d(0,0,0);\"><p>Carport<\/p>\n<\/div><div class=\"fusion-text fusion-text-196 description\" style=\"transform:translate3d(0,0,0);\"><p style=\"text-align: center;\">Lean-to carport<\/p>\n<\/div><\/div><\/div><style type=\"text\/css\">.fusion-body .fusion-builder-column-98{width:25% !important;margin-top : 0px;margin-bottom : 20px;}.fusion-builder-column-98 > .fusion-column-wrapper {padding-top : 0px !important;padding-right : 0px !important;margin-right : 7.68%;padding-bottom : 0px !important;padding-left : 0px !important;margin-left : 7.68%;}@media only screen and (max-width:1024px) {.fusion-body .fusion-builder-column-98{width:100% !important;order : 0;}.fusion-builder-column-98 > .fusion-column-wrapper {margin-right : 1.92%;margin-left : 1.92%;}}@media only screen and (max-width:640px) {.fusion-body .fusion-builder-column-98{width:100% !important;order : 0;}.fusion-builder-column-98 > .fusion-column-wrapper {margin-right : 1.92%;margin-left : 1.92%;}}<\/style><div class=\"fusion-layout-column fusion_builder_column fusion-builder-column-99 fusion_builder_column_1_4 1_4 fusion-flex-column img-to-filter\"><div class=\"fusion-column-wrapper fusion-flex-justify-content-flex-start fusion-content-layout-column\" style=\"background-position:left top;background-repeat:no-repeat;-webkit-background-size:cover;-moz-background-size:cover;-o-background-size:cover;background-size:cover;padding: 0px 0px 0px 0px;\"><div ><span class=\"fusion-imageframe imageframe-none imageframe-99 hover-type-none\"><a href=\"https:\/\/www.deco-charpente.fr\/wp-content\/uploads\/2021\/03\/abri-voiture-adosse-300x225.jpg\" class=\"fusion-lightbox\" data-rel=\"iLightbox[gallery-image]\" data-title=\"abri voiture adosse\" title=\"lean-to carport\"><img decoding=\"async\" width=\"300\" height=\"225\" alt=\"abri voiture adosse\" src=\"https:\/\/www.deco-charpente.fr\/wp-content\/uploads\/2021\/03\/abri-voiture-adosse-300x225.jpg\" class=\"img-responsive wp-image-4616\" srcset=\"https:\/\/www.deco-charpente.fr\/wp-content\/uploads\/2021\/03\/abri-voiture-adosse-200x150.jpg 200w, https:\/\/www.deco-charpente.fr\/wp-content\/uploads\/2021\/03\/abri-voiture-adosse-400x300.jpg 400w, https:\/\/www.deco-charpente.fr\/wp-content\/uploads\/2021\/03\/abri-voiture-adosse-600x450.jpg 600w, https:\/\/www.deco-charpente.fr\/wp-content\/uploads\/2021\/03\/abri-voiture-adosse-800x600.jpg 800w, https:\/\/www.deco-charpente.fr\/wp-content\/uploads\/2021\/03\/abri-voiture-adosse.jpg 1022w\" sizes=\"(max-width: 1024px) 100vw, (max-width: 640px) 100vw, 600px\" \/><\/a><\/span><\/div><div class=\"fusion-text fusion-text-197 tags\" style=\"transform:translate3d(0,0,0);\"><p>Carport<\/p>\n<\/div><div class=\"fusion-text fusion-text-198 description\" style=\"transform:translate3d(0,0,0);\"><p style=\"text-align: center;\">Lean-to carport<\/p>\n<\/div><\/div><\/div><style type=\"text\/css\">.fusion-body .fusion-builder-column-99{width:25% !important;margin-top : 0px;margin-bottom : 20px;}.fusion-builder-column-99 > .fusion-column-wrapper {padding-top : 0px !important;padding-right : 0px !important;margin-right : 7.68%;padding-bottom : 0px !important;padding-left : 0px !important;margin-left : 7.68%;}@media only screen and (max-width:1024px) {.fusion-body .fusion-builder-column-99{width:100% !important;order : 0;}.fusion-builder-column-99 > .fusion-column-wrapper {margin-right : 1.92%;margin-left : 1.92%;}}@media only screen and (max-width:640px) {.fusion-body .fusion-builder-column-99{width:100% !important;order : 0;}.fusion-builder-column-99 > .fusion-column-wrapper {margin-right : 1.92%;margin-left : 1.92%;}}<\/style><div class=\"fusion-layout-column fusion_builder_column fusion-builder-column-100 fusion_builder_column_1_4 1_4 fusion-flex-column img-to-filter\"><div class=\"fusion-column-wrapper fusion-flex-justify-content-flex-start fusion-content-layout-column\" style=\"background-position:left top;background-repeat:no-repeat;-webkit-background-size:cover;-moz-background-size:cover;-o-background-size:cover;background-size:cover;padding: 0px 0px 0px 0px;\"><div ><span class=\"fusion-imageframe imageframe-none imageframe-100 hover-type-none\"><a href=\"https:\/\/www.deco-charpente.fr\/wp-content\/uploads\/2021\/02\/Abri-tunnel.jpg\" class=\"fusion-lightbox\" data-rel=\"iLightbox[gallery-image]\" data-title=\"Abri tunnel\" title=\"Tunnel shelter\"><img decoding=\"async\" width=\"1503\" height=\"1127\" src=\"https:\/\/www.deco-charpente.fr\/wp-content\/uploads\/2021\/02\/Abri-tunnel.jpg\" class=\"img-responsive wp-image-4493\" srcset=\"https:\/\/www.deco-charpente.fr\/wp-content\/uploads\/2021\/02\/Abri-tunnel-200x150.jpg 200w, https:\/\/www.deco-charpente.fr\/wp-content\/uploads\/2021\/02\/Abri-tunnel-400x300.jpg 400w, https:\/\/www.deco-charpente.fr\/wp-content\/uploads\/2021\/02\/Abri-tunnel-600x450.jpg 600w, https:\/\/www.deco-charpente.fr\/wp-content\/uploads\/2021\/02\/Abri-tunnel-800x600.jpg 800w, https:\/\/www.deco-charpente.fr\/wp-content\/uploads\/2021\/02\/Abri-tunnel-1200x900.jpg 1200w, https:\/\/www.deco-charpente.fr\/wp-content\/uploads\/2021\/02\/Abri-tunnel.jpg 1503w\" sizes=\"(max-width: 1024px) 100vw, (max-width: 640px) 100vw, 600px\" \/><\/a><\/span><\/div><div class=\"fusion-text fusion-text-199 tags\" style=\"transform:translate3d(0,0,0);\"><p>Carport<\/p>\n<\/div><div class=\"fusion-text fusion-text-200 description\" style=\"transform:translate3d(0,0,0);\"><p style=\"text-align: center;\">Tunnel shelter<\/p>\n<\/div><\/div><\/div><style type=\"text\/css\">.fusion-body .fusion-builder-column-100{width:25% !important;margin-top : 0px;margin-bottom : 20px;}.fusion-builder-column-100 > .fusion-column-wrapper {padding-top : 0px !important;padding-right : 0px !important;margin-right : 7.68%;padding-bottom : 0px !important;padding-left : 0px !important;margin-left : 7.68%;}@media only screen and (max-width:1024px) {.fusion-body .fusion-builder-column-100{width:100% !important;order : 0;}.fusion-builder-column-100 > .fusion-column-wrapper {margin-right : 1.92%;margin-left : 1.92%;}}@media only screen and (max-width:640px) {.fusion-body .fusion-builder-column-100{width:100% !important;order : 0;}.fusion-builder-column-100 > .fusion-column-wrapper {margin-right : 1.92%;margin-left : 1.92%;}}<\/style><div class=\"fusion-layout-column fusion_builder_column fusion-builder-column-101 fusion_builder_column_1_4 1_4 fusion-flex-column img-to-filter\"><div class=\"fusion-column-wrapper fusion-flex-justify-content-flex-start fusion-content-layout-column\" style=\"background-position:left top;background-repeat:no-repeat;-webkit-background-size:cover;-moz-background-size:cover;-o-background-size:cover;background-size:cover;padding: 0px 0px 0px 0px;\"><div ><span class=\"fusion-imageframe imageframe-none imageframe-101 hover-type-none\"><a href=\"https:\/\/www.deco-charpente.fr\/wp-content\/uploads\/2023\/06\/Abri-mixte1.jpg\" class=\"fusion-lightbox\" data-rel=\"iLightbox[gallery-image]\" data-title=\"Abri mixte1\" title=\"Mixed shelter1\"><img decoding=\"async\" width=\"1108\" height=\"1358\" src=\"https:\/\/www.deco-charpente.fr\/wp-content\/uploads\/2023\/06\/Abri-mixte1.jpg\" class=\"img-responsive wp-image-8752\" srcset=\"https:\/\/www.deco-charpente.fr\/wp-content\/uploads\/2023\/06\/Abri-mixte1-200x245.webp 200w, https:\/\/www.deco-charpente.fr\/wp-content\/uploads\/2023\/06\/Abri-mixte1-245x300.webp 245w, https:\/\/www.deco-charpente.fr\/wp-content\/uploads\/2023\/06\/Abri-mixte1-400x490.webp 400w, https:\/\/www.deco-charpente.fr\/wp-content\/uploads\/2023\/06\/Abri-mixte1-600x735.webp 600w, https:\/\/www.deco-charpente.fr\/wp-content\/uploads\/2023\/06\/Abri-mixte1-768x941.webp 768w, https:\/\/www.deco-charpente.fr\/wp-content\/uploads\/2023\/06\/Abri-mixte1-800x981.webp 800w, https:\/\/www.deco-charpente.fr\/wp-content\/uploads\/2023\/06\/Abri-mixte1-835x1024.webp 835w, https:\/\/www.deco-charpente.fr\/wp-content\/uploads\/2023\/06\/Abri-mixte1.jpg 1108w\" sizes=\"(max-width: 1024px) 100vw, (max-width: 640px) 100vw, 600px\" \/><\/a><\/span><\/div><div class=\"fusion-text fusion-text-201 tags\" style=\"transform:translate3d(0,0,0);\"><p>Carport<\/p>\n<\/div><div class=\"fusion-text fusion-text-202 description\" style=\"transform:translate3d(0,0,0);\"><p style=\"text-align: center;\">Mixed shelter<\/p>\n<\/div><\/div><\/div><style type=\"text\/css\">.fusion-body .fusion-builder-column-101{width:25% !important;margin-top : 0px;margin-bottom : 20px;}.fusion-builder-column-101 > .fusion-column-wrapper {padding-top : 0px !important;padding-right : 0px !important;margin-right : 7.68%;padding-bottom : 0px !important;padding-left : 0px !important;margin-left : 7.68%;}@media only screen and (max-width:1024px) {.fusion-body .fusion-builder-column-101{width:100% !important;order : 0;}.fusion-builder-column-101 > .fusion-column-wrapper {margin-right : 1.92%;margin-left : 1.92%;}}@media only screen and (max-width:640px) {.fusion-body .fusion-builder-column-101{width:100% !important;order : 0;}.fusion-builder-column-101 > .fusion-column-wrapper {margin-right : 1.92%;margin-left : 1.92%;}}<\/style><div class=\"fusion-layout-column fusion_builder_column fusion-builder-column-102 fusion_builder_column_1_4 1_4 fusion-flex-column img-to-filter\"><div class=\"fusion-column-wrapper fusion-flex-justify-content-flex-start fusion-content-layout-column\" style=\"background-position:left top;background-repeat:no-repeat;-webkit-background-size:cover;-moz-background-size:cover;-o-background-size:cover;background-size:cover;padding: 0px 0px 0px 0px;\"><div ><span class=\"fusion-imageframe imageframe-none imageframe-102 hover-type-none\"><a href=\"https:\/\/www.deco-charpente.fr\/wp-content\/uploads\/2021\/10\/P1020213.jpg\" class=\"fusion-lightbox\" data-rel=\"iLightbox[gallery-image]\" data-title=\"Abri mixte\" title=\"Mixed shelter\"><img decoding=\"async\" width=\"1298\" height=\"973\" alt=\"Abri mixte\" src=\"https:\/\/www.deco-charpente.fr\/wp-content\/uploads\/2021\/10\/P1020213.jpg\" class=\"img-responsive wp-image-5179\" srcset=\"https:\/\/www.deco-charpente.fr\/wp-content\/uploads\/2021\/10\/P1020213-200x150.jpg 200w, https:\/\/www.deco-charpente.fr\/wp-content\/uploads\/2021\/10\/P1020213-400x300.jpg 400w, https:\/\/www.deco-charpente.fr\/wp-content\/uploads\/2021\/10\/P1020213-600x450.jpg 600w, https:\/\/www.deco-charpente.fr\/wp-content\/uploads\/2021\/10\/P1020213-800x600.jpg 800w, https:\/\/www.deco-charpente.fr\/wp-content\/uploads\/2021\/10\/P1020213-1200x900.jpg 1200w, https:\/\/www.deco-charpente.fr\/wp-content\/uploads\/2021\/10\/P1020213.jpg 1298w\" sizes=\"(max-width: 1024px) 100vw, (max-width: 640px) 100vw, 600px\" \/><\/a><\/span><\/div><div class=\"fusion-text fusion-text-203 tags\" style=\"transform:translate3d(0,0,0);\"><p>Carport<\/p>\n<\/div><div class=\"fusion-text fusion-text-204 description\" style=\"transform:translate3d(0,0,0);\"><p style=\"text-align: center;\">Mixed shelter<\/p>\n<\/div><\/div><\/div><style type=\"text\/css\">.fusion-body .fusion-builder-column-102{width:25% !important;margin-top : 0px;margin-bottom : 20px;}.fusion-builder-column-102 > .fusion-column-wrapper {padding-top : 0px !important;padding-right : 0px !important;margin-right : 7.68%;padding-bottom : 0px !important;padding-left : 0px !important;margin-left : 7.68%;}@media only screen and (max-width:1024px) {.fusion-body .fusion-builder-column-102{width:100% !important;order : 0;}.fusion-builder-column-102 > .fusion-column-wrapper {margin-right : 1.92%;margin-left : 1.92%;}}@media only screen and (max-width:640px) {.fusion-body .fusion-builder-column-102{width:100% !important;order : 0;}.fusion-builder-column-102 > .fusion-column-wrapper {margin-right : 1.92%;margin-left : 1.92%;}}<\/style><div class=\"fusion-layout-column fusion_builder_column fusion-builder-column-103 fusion_builder_column_1_4 1_4 fusion-flex-column img-to-filter\"><div class=\"fusion-column-wrapper fusion-flex-justify-content-flex-start fusion-content-layout-column\" style=\"background-position:left top;background-repeat:no-repeat;-webkit-background-size:cover;-moz-background-size:cover;-o-background-size:cover;background-size:cover;padding: 0px 0px 0px 0px;\"><div ><span class=\"fusion-imageframe imageframe-none imageframe-103 hover-type-none\"><a href=\"https:\/\/www.deco-charpente.fr\/wp-content\/uploads\/2023\/03\/C6-Janvier-2023-11.jpg\" class=\"fusion-lightbox\" data-rel=\"iLightbox[gallery-image]\" data-title=\"C6-Janvier-2023-11\" title=\"C6-January-2023-11\"><img decoding=\"async\" width=\"1346\" height=\"1308\" src=\"https:\/\/www.deco-charpente.fr\/wp-content\/uploads\/2023\/03\/C6-Janvier-2023-11.jpg\" class=\"img-responsive wp-image-8435\" srcset=\"https:\/\/www.deco-charpente.fr\/wp-content\/uploads\/2023\/03\/C6-Janvier-2023-11-200x194.jpg 200w, https:\/\/www.deco-charpente.fr\/wp-content\/uploads\/2023\/03\/C6-Janvier-2023-11-400x389.jpg 400w, https:\/\/www.deco-charpente.fr\/wp-content\/uploads\/2023\/03\/C6-Janvier-2023-11-600x583.jpg 600w, https:\/\/www.deco-charpente.fr\/wp-content\/uploads\/2023\/03\/C6-Janvier-2023-11-800x777.jpg 800w, https:\/\/www.deco-charpente.fr\/wp-content\/uploads\/2023\/03\/C6-Janvier-2023-11-1200x1166.jpg 1200w, https:\/\/www.deco-charpente.fr\/wp-content\/uploads\/2023\/03\/C6-Janvier-2023-11.jpg 1346w\" sizes=\"(max-width: 1024px) 100vw, (max-width: 640px) 100vw, 600px\" \/><\/a><\/span><\/div><div class=\"fusion-text fusion-text-205 tags\" style=\"transform:translate3d(0,0,0);\"><p>Carport<\/p>\n<\/div><div class=\"fusion-text fusion-text-206 description\" style=\"transform:translate3d(0,0,0);\"><p style=\"text-align: center;\">Double carport<\/p>\n<\/div><\/div><\/div><style type=\"text\/css\">.fusion-body .fusion-builder-column-103{width:25% !important;margin-top : 0px;margin-bottom : 20px;}.fusion-builder-column-103 > .fusion-column-wrapper {padding-top : 0px !important;padding-right : 0px !important;margin-right : 7.68%;padding-bottom : 0px !important;padding-left : 0px !important;margin-left : 7.68%;}@media only screen and (max-width:1024px) {.fusion-body .fusion-builder-column-103{width:100% !important;order : 0;}.fusion-builder-column-103 > .fusion-column-wrapper {margin-right : 1.92%;margin-left : 1.92%;}}@media only screen and (max-width:640px) {.fusion-body .fusion-builder-column-103{width:100% !important;order : 0;}.fusion-builder-column-103 > .fusion-column-wrapper {margin-right : 1.92%;margin-left : 1.92%;}}<\/style><div class=\"fusion-layout-column fusion_builder_column fusion-builder-column-104 fusion_builder_column_1_4 1_4 fusion-flex-column img-to-filter\"><div class=\"fusion-column-wrapper fusion-flex-justify-content-flex-start fusion-content-layout-column\" style=\"background-position:left top;background-repeat:no-repeat;-webkit-background-size:cover;-moz-background-size:cover;-o-background-size:cover;background-size:cover;padding: 0px 0px 0px 0px;\"><div ><span class=\"fusion-imageframe imageframe-none imageframe-104 hover-type-none\"><a href=\"https:\/\/www.deco-charpente.fr\/wp-content\/uploads\/2022\/05\/Abri-voiture-double-autoporte.jpg\" class=\"fusion-lightbox\" data-rel=\"iLightbox[gallery-image]\" data-title=\"Abri voiture double autoport\u00e9\" title=\"Self-supporting double carport\"><img decoding=\"async\" width=\"1403\" height=\"1052\" src=\"https:\/\/www.deco-charpente.fr\/wp-content\/uploads\/2022\/05\/Abri-voiture-double-autoporte.jpg\" class=\"img-responsive wp-image-6676\" srcset=\"https:\/\/www.deco-charpente.fr\/wp-content\/uploads\/2022\/05\/Abri-voiture-double-autoporte-200x150.jpg 200w, https:\/\/www.deco-charpente.fr\/wp-content\/uploads\/2022\/05\/Abri-voiture-double-autoporte-400x300.jpg 400w, https:\/\/www.deco-charpente.fr\/wp-content\/uploads\/2022\/05\/Abri-voiture-double-autoporte-600x450.jpg 600w, https:\/\/www.deco-charpente.fr\/wp-content\/uploads\/2022\/05\/Abri-voiture-double-autoporte-800x600.jpg 800w, https:\/\/www.deco-charpente.fr\/wp-content\/uploads\/2022\/05\/Abri-voiture-double-autoporte-1200x900.jpg 1200w, https:\/\/www.deco-charpente.fr\/wp-content\/uploads\/2022\/05\/Abri-voiture-double-autoporte.jpg 1403w\" sizes=\"(max-width: 1024px) 100vw, (max-width: 640px) 100vw, 600px\" \/><\/a><\/span><\/div><div class=\"fusion-text fusion-text-207 tags\" style=\"transform:translate3d(0,0,0);\"><p>Carport<\/p>\n<\/div><div class=\"fusion-text fusion-text-208 description\" style=\"transform:translate3d(0,0,0);\"><p style=\"text-align: center;\">Double carport<\/p>\n<\/div><\/div><\/div><style type=\"text\/css\">.fusion-body .fusion-builder-column-104{width:25% !important;margin-top : 0px;margin-bottom : 20px;}.fusion-builder-column-104 > .fusion-column-wrapper {padding-top : 0px !important;padding-right : 0px !important;margin-right : 7.68%;padding-bottom : 0px !important;padding-left : 0px !important;margin-left : 7.68%;}@media only screen and (max-width:1024px) {.fusion-body .fusion-builder-column-104{width:100% !important;order : 0;}.fusion-builder-column-104 > .fusion-column-wrapper {margin-right : 1.92%;margin-left : 1.92%;}}@media only screen and (max-width:640px) {.fusion-body .fusion-builder-column-104{width:100% !important;order : 0;}.fusion-builder-column-104 > .fusion-column-wrapper {margin-right : 1.92%;margin-left : 1.92%;}}<\/style><div class=\"fusion-layout-column fusion_builder_column fusion-builder-column-105 fusion_builder_column_1_4 1_4 fusion-flex-column img-to-filter\"><div class=\"fusion-column-wrapper fusion-flex-justify-content-flex-start fusion-content-layout-column\" style=\"background-position:left top;background-repeat:no-repeat;-webkit-background-size:cover;-moz-background-size:cover;-o-background-size:cover;background-size:cover;padding: 0px 0px 0px 0px;\"><div ><span class=\"fusion-imageframe imageframe-none imageframe-105 hover-type-none\"><a href=\"https:\/\/www.deco-charpente.fr\/wp-content\/uploads\/2021\/02\/Abri-voiture-double.jpg\" class=\"fusion-lightbox\" data-rel=\"iLightbox[gallery-image]\" data-title=\"Abri voiture double\" title=\"Double carport\"><img decoding=\"async\" width=\"1403\" height=\"1052\" src=\"https:\/\/www.deco-charpente.fr\/wp-content\/uploads\/2021\/02\/Abri-voiture-double.jpg\" class=\"img-responsive wp-image-4490\" srcset=\"https:\/\/www.deco-charpente.fr\/wp-content\/uploads\/2021\/02\/Abri-voiture-double-200x150.jpg 200w, https:\/\/www.deco-charpente.fr\/wp-content\/uploads\/2021\/02\/Abri-voiture-double-400x300.jpg 400w, https:\/\/www.deco-charpente.fr\/wp-content\/uploads\/2021\/02\/Abri-voiture-double-600x450.jpg 600w, https:\/\/www.deco-charpente.fr\/wp-content\/uploads\/2021\/02\/Abri-voiture-double-800x600.jpg 800w, https:\/\/www.deco-charpente.fr\/wp-content\/uploads\/2021\/02\/Abri-voiture-double-1200x900.jpg 1200w, https:\/\/www.deco-charpente.fr\/wp-content\/uploads\/2021\/02\/Abri-voiture-double.jpg 1403w\" sizes=\"(max-width: 1024px) 100vw, (max-width: 640px) 100vw, 600px\" \/><\/a><\/span><\/div><div class=\"fusion-text fusion-text-209 tags\" style=\"transform:translate3d(0,0,0);\"><p>Carport<\/p>\n<\/div><div class=\"fusion-text fusion-text-210 description\" style=\"transform:translate3d(0,0,0);\"><p style=\"text-align: center;\">Double carport<\/p>\n<\/div><\/div><\/div><style type=\"text\/css\">.fusion-body .fusion-builder-column-105{width:25% !important;margin-top : 0px;margin-bottom : 20px;}.fusion-builder-column-105 > .fusion-column-wrapper {padding-top : 0px !important;padding-right : 0px !important;margin-right : 7.68%;padding-bottom : 0px !important;padding-left : 0px !important;margin-left : 7.68%;}@media only screen and (max-width:1024px) {.fusion-body .fusion-builder-column-105{width:100% !important;order : 0;}.fusion-builder-column-105 > .fusion-column-wrapper {margin-right : 1.92%;margin-left : 1.92%;}}@media only screen and (max-width:640px) {.fusion-body .fusion-builder-column-105{width:100% !important;order : 0;}.fusion-builder-column-105 > .fusion-column-wrapper {margin-right : 1.92%;margin-left : 1.92%;}}<\/style><div class=\"fusion-layout-column fusion_builder_column fusion-builder-column-106 fusion_builder_column_1_4 1_4 fusion-flex-column img-to-filter\"><div class=\"fusion-column-wrapper fusion-flex-justify-content-flex-start fusion-content-layout-column\" style=\"background-position:left top;background-repeat:no-repeat;-webkit-background-size:cover;-moz-background-size:cover;-o-background-size:cover;background-size:cover;padding: 0px 0px 0px 0px;\"><div ><span class=\"fusion-imageframe imageframe-none imageframe-106 hover-type-none\"><a href=\"https:\/\/www.deco-charpente.fr\/wp-content\/uploads\/2024\/04\/Monopente-Martigues.jpg\" class=\"fusion-lightbox\" data-rel=\"iLightbox[gallery-image]\" data-title=\"Monopente Martigues\" title=\"Monoslope Martigues\"><img decoding=\"async\" width=\"2037\" height=\"1502\" src=\"https:\/\/www.deco-charpente.fr\/wp-content\/uploads\/2024\/04\/Monopente-Martigues.jpg\" class=\"img-responsive wp-image-10484\" srcset=\"https:\/\/www.deco-charpente.fr\/wp-content\/uploads\/2024\/04\/Monopente-Martigues-200x147.jpg 200w, https:\/\/www.deco-charpente.fr\/wp-content\/uploads\/2024\/04\/Monopente-Martigues-400x295.jpg 400w, https:\/\/www.deco-charpente.fr\/wp-content\/uploads\/2024\/04\/Monopente-Martigues-600x442.jpg 600w, https:\/\/www.deco-charpente.fr\/wp-content\/uploads\/2024\/04\/Monopente-Martigues-800x590.jpg 800w, https:\/\/www.deco-charpente.fr\/wp-content\/uploads\/2024\/04\/Monopente-Martigues-1200x885.jpg 1200w, https:\/\/www.deco-charpente.fr\/wp-content\/uploads\/2024\/04\/Monopente-Martigues.jpg 2037w\" sizes=\"(max-width: 1024px) 100vw, (max-width: 640px) 100vw, 600px\" \/><\/a><\/span><\/div><div class=\"fusion-text fusion-text-211 tags\" style=\"transform:translate3d(0,0,0);\"><p>Carport<\/p>\n<\/div><div class=\"fusion-text fusion-text-212 description\" style=\"transform:translate3d(0,0,0);\"><p style=\"text-align: center;\">Self-supporting single-slope car shelter Martigues<\/p>\n<\/div><\/div><\/div><style type=\"text\/css\">.fusion-body .fusion-builder-column-106{width:25% !important;margin-top : 0px;margin-bottom : 20px;}.fusion-builder-column-106 > .fusion-column-wrapper {padding-top : 0px !important;padding-right : 0px !important;margin-right : 7.68%;padding-bottom : 0px !important;padding-left : 0px !important;margin-left : 7.68%;}@media only screen and (max-width:1024px) {.fusion-body .fusion-builder-column-106{width:100% !important;order : 0;}.fusion-builder-column-106 > .fusion-column-wrapper {margin-right : 1.92%;margin-left : 1.92%;}}@media only screen and (max-width:640px) {.fusion-body .fusion-builder-column-106{width:100% !important;order : 0;}.fusion-builder-column-106 > .fusion-column-wrapper {margin-right : 1.92%;margin-left : 1.92%;}}<\/style><div class=\"fusion-layout-column fusion_builder_column fusion-builder-column-107 fusion_builder_column_1_4 1_4 fusion-flex-column img-to-filter\"><div class=\"fusion-column-wrapper fusion-flex-justify-content-flex-start fusion-content-layout-column\" style=\"background-position:left top;background-repeat:no-repeat;-webkit-background-size:cover;-moz-background-size:cover;-o-background-size:cover;background-size:cover;padding: 0px 0px 0px 0px;\"><div ><span class=\"fusion-imageframe imageframe-none imageframe-107 hover-type-none\"><a href=\"https:\/\/www.deco-charpente.fr\/wp-content\/uploads\/2024\/09\/IMG_3358-compressed.jpg\" class=\"fusion-lightbox\" data-rel=\"iLightbox[gallery-image]\" data-title=\"IMG_3358-compressed\" title=\"IMG_3358-compressed\"><img decoding=\"async\" width=\"1010\" height=\"845\" src=\"https:\/\/www.deco-charpente.fr\/wp-content\/uploads\/2024\/09\/IMG_3358-compressed.jpg\" class=\"img-responsive wp-image-11272\" srcset=\"https:\/\/www.deco-charpente.fr\/wp-content\/uploads\/2024\/09\/IMG_3358-compressed-200x167.jpg 200w, https:\/\/www.deco-charpente.fr\/wp-content\/uploads\/2024\/09\/IMG_3358-compressed-400x335.jpg 400w, https:\/\/www.deco-charpente.fr\/wp-content\/uploads\/2024\/09\/IMG_3358-compressed-600x502.jpg 600w, https:\/\/www.deco-charpente.fr\/wp-content\/uploads\/2024\/09\/IMG_3358-compressed-800x669.jpg 800w, https:\/\/www.deco-charpente.fr\/wp-content\/uploads\/2024\/09\/IMG_3358-compressed.jpg 1010w\" sizes=\"(max-width: 1024px) 100vw, (max-width: 640px) 100vw, 600px\" \/><\/a><\/span><\/div><div class=\"fusion-text fusion-text-213 tags\" style=\"transform:translate3d(0,0,0);\"><p>Carport<\/p>\n<\/div><div class=\"fusion-text fusion-text-214 description\" style=\"transform:translate3d(0,0,0);\"><p style=\"text-align: center;\">Self-supporting single-slope carport<\/p>\n<\/div><\/div><\/div><style type=\"text\/css\">.fusion-body .fusion-builder-column-107{width:25% !important;margin-top : 0px;margin-bottom : 20px;}.fusion-builder-column-107 > .fusion-column-wrapper {padding-top : 0px !important;padding-right : 0px !important;margin-right : 7.68%;padding-bottom : 0px !important;padding-left : 0px !important;margin-left : 7.68%;}@media only screen and (max-width:1024px) {.fusion-body .fusion-builder-column-107{width:100% !important;order : 0;}.fusion-builder-column-107 > .fusion-column-wrapper {margin-right : 1.92%;margin-left : 1.92%;}}@media only screen and (max-width:640px) {.fusion-body .fusion-builder-column-107{width:100% !important;order : 0;}.fusion-builder-column-107 > .fusion-column-wrapper {margin-right : 1.92%;margin-left : 1.92%;}}<\/style><div class=\"fusion-layout-column fusion_builder_column fusion-builder-column-108 fusion_builder_column_1_4 1_4 fusion-flex-column img-to-filter\"><div class=\"fusion-column-wrapper fusion-flex-justify-content-flex-start fusion-content-layout-column\" style=\"background-position:left top;background-repeat:no-repeat;-webkit-background-size:cover;-moz-background-size:cover;-o-background-size:cover;background-size:cover;padding: 0px 0px 0px 0px;\"><div ><span class=\"fusion-imageframe imageframe-none imageframe-108 hover-type-none\"><a href=\"https:\/\/www.deco-charpente.fr\/wp-content\/uploads\/2021\/02\/Abri-voiture-monopente-autoporte.jpg\" class=\"fusion-lightbox\" data-rel=\"iLightbox[gallery-image]\" data-title=\"Abri voiture monopente autoport\u00e9\" title=\"Self-supporting single-slope carport\"><img decoding=\"async\" width=\"1375\" height=\"1032\" alt=\"Abri voiture monopente autoport\u00e9\" src=\"https:\/\/www.deco-charpente.fr\/wp-content\/uploads\/2021\/02\/Abri-voiture-monopente-autoporte.jpg\" class=\"img-responsive wp-image-4489\" srcset=\"https:\/\/www.deco-charpente.fr\/wp-content\/uploads\/2021\/02\/Abri-voiture-monopente-autoporte-200x150.jpg 200w, https:\/\/www.deco-charpente.fr\/wp-content\/uploads\/2021\/02\/Abri-voiture-monopente-autoporte-400x300.jpg 400w, https:\/\/www.deco-charpente.fr\/wp-content\/uploads\/2021\/02\/Abri-voiture-monopente-autoporte-600x450.jpg 600w, https:\/\/www.deco-charpente.fr\/wp-content\/uploads\/2021\/02\/Abri-voiture-monopente-autoporte-800x600.jpg 800w, https:\/\/www.deco-charpente.fr\/wp-content\/uploads\/2021\/02\/Abri-voiture-monopente-autoporte-1200x901.jpg 1200w, https:\/\/www.deco-charpente.fr\/wp-content\/uploads\/2021\/02\/Abri-voiture-monopente-autoporte.jpg 1375w\" sizes=\"(max-width: 1024px) 100vw, (max-width: 640px) 100vw, 600px\" \/><\/a><\/span><\/div><div class=\"fusion-text fusion-text-215 tags\" style=\"transform:translate3d(0,0,0);\"><p>Carport<\/p>\n<\/div><div class=\"fusion-text fusion-text-216 description\" style=\"transform:translate3d(0,0,0);\"><p style=\"text-align: center;\">Self-supporting single-slope carport<\/p>\n<\/div><\/div><\/div><style type=\"text\/css\">.fusion-body .fusion-builder-column-108{width:25% !important;margin-top : 0px;margin-bottom : 20px;}.fusion-builder-column-108 > .fusion-column-wrapper {padding-top : 0px !important;padding-right : 0px !important;margin-right : 7.68%;padding-bottom : 0px !important;padding-left : 0px !important;margin-left : 7.68%;}@media only screen and (max-width:1024px) {.fusion-body .fusion-builder-column-108{width:100% !important;order : 0;}.fusion-builder-column-108 > .fusion-column-wrapper {margin-right : 1.92%;margin-left : 1.92%;}}@media only screen and (max-width:640px) {.fusion-body .fusion-builder-column-108{width:100% !important;order : 0;}.fusion-builder-column-108 > .fusion-column-wrapper {margin-right : 1.92%;margin-left : 1.92%;}}<\/style><div class=\"fusion-layout-column fusion_builder_column fusion-builder-column-109 fusion_builder_column_1_4 1_4 fusion-flex-column img-to-filter\"><div class=\"fusion-column-wrapper fusion-flex-justify-content-flex-start fusion-content-layout-column\" style=\"background-position:left top;background-repeat:no-repeat;-webkit-background-size:cover;-moz-background-size:cover;-o-background-size:cover;background-size:cover;padding: 0px 0px 0px 0px;\"><div ><span class=\"fusion-imageframe imageframe-none imageframe-109 hover-type-none\"><a href=\"https:\/\/www.deco-charpente.fr\/wp-content\/uploads\/2021\/02\/Abri-voiture-tunnel.jpg\" class=\"fusion-lightbox\" data-rel=\"iLightbox[gallery-image]\" data-title=\"Abri voiture tunnel\" title=\"Tunnel carport\"><img decoding=\"async\" width=\"1272\" height=\"954\" alt=\"Abri voiture tunnel\" src=\"https:\/\/www.deco-charpente.fr\/wp-content\/uploads\/2021\/02\/Abri-voiture-tunnel.jpg\" class=\"img-responsive wp-image-4487\" srcset=\"https:\/\/www.deco-charpente.fr\/wp-content\/uploads\/2021\/02\/Abri-voiture-tunnel-200x150.jpg 200w, https:\/\/www.deco-charpente.fr\/wp-content\/uploads\/2021\/02\/Abri-voiture-tunnel-400x300.jpg 400w, https:\/\/www.deco-charpente.fr\/wp-content\/uploads\/2021\/02\/Abri-voiture-tunnel-600x450.jpg 600w, https:\/\/www.deco-charpente.fr\/wp-content\/uploads\/2021\/02\/Abri-voiture-tunnel-800x600.jpg 800w, https:\/\/www.deco-charpente.fr\/wp-content\/uploads\/2021\/02\/Abri-voiture-tunnel-1200x900.jpg 1200w, https:\/\/www.deco-charpente.fr\/wp-content\/uploads\/2021\/02\/Abri-voiture-tunnel.jpg 1272w\" sizes=\"(max-width: 1024px) 100vw, (max-width: 640px) 100vw, 600px\" \/><\/a><\/span><\/div><div class=\"fusion-text fusion-text-217 tags\" style=\"transform:translate3d(0,0,0);\"><p>Carport<\/p>\n<\/div><div class=\"fusion-text fusion-text-218 description\" style=\"transform:translate3d(0,0,0);\"><p style=\"text-align: center;\">Tunnel carport<\/p>\n<\/div><\/div><\/div><style type=\"text\/css\">.fusion-body .fusion-builder-column-109{width:25% !important;margin-top : 0px;margin-bottom : 20px;}.fusion-builder-column-109 > .fusion-column-wrapper {padding-top : 0px !important;padding-right : 0px !important;margin-right : 7.68%;padding-bottom : 0px !important;padding-left : 0px !important;margin-left : 7.68%;}@media only screen and (max-width:1024px) {.fusion-body .fusion-builder-column-109{width:100% !important;order : 0;}.fusion-builder-column-109 > .fusion-column-wrapper {margin-right : 1.92%;margin-left : 1.92%;}}@media only screen and (max-width:640px) {.fusion-body .fusion-builder-column-109{width:100% !important;order : 0;}.fusion-builder-column-109 > .fusion-column-wrapper {margin-right : 1.92%;margin-left : 1.92%;}}<\/style><div class=\"fusion-layout-column fusion_builder_column fusion-builder-column-110 fusion_builder_column_1_4 1_4 fusion-flex-column img-to-filter\"><div class=\"fusion-column-wrapper fusion-flex-justify-content-flex-start fusion-content-layout-column\" style=\"background-position:left top;background-repeat:no-repeat;-webkit-background-size:cover;-moz-background-size:cover;-o-background-size:cover;background-size:cover;padding: 0px 0px 0px 0px;\"><div ><span class=\"fusion-imageframe imageframe-none imageframe-110 hover-type-none\"><a href=\"https:\/\/www.deco-charpente.fr\/wp-content\/uploads\/2021\/02\/Abri-voiture-toit-plat.jpg\" class=\"fusion-lightbox\" data-rel=\"iLightbox[gallery-image]\" data-title=\"Abri voiture toit plat\" title=\"Flat roof carport\"><img decoding=\"async\" width=\"1781\" height=\"1336\" alt=\"Abri voiture toit plat\" src=\"https:\/\/www.deco-charpente.fr\/wp-content\/uploads\/2021\/02\/Abri-voiture-toit-plat.jpg\" class=\"img-responsive wp-image-4485\" srcset=\"https:\/\/www.deco-charpente.fr\/wp-content\/uploads\/2021\/02\/Abri-voiture-toit-plat-200x150.jpg 200w, https:\/\/www.deco-charpente.fr\/wp-content\/uploads\/2021\/02\/Abri-voiture-toit-plat-400x300.jpg 400w, https:\/\/www.deco-charpente.fr\/wp-content\/uploads\/2021\/02\/Abri-voiture-toit-plat-600x450.jpg 600w, https:\/\/www.deco-charpente.fr\/wp-content\/uploads\/2021\/02\/Abri-voiture-toit-plat-800x600.jpg 800w, https:\/\/www.deco-charpente.fr\/wp-content\/uploads\/2021\/02\/Abri-voiture-toit-plat-1200x900.jpg 1200w, https:\/\/www.deco-charpente.fr\/wp-content\/uploads\/2021\/02\/Abri-voiture-toit-plat.jpg 1781w\" sizes=\"(max-width: 1024px) 100vw, (max-width: 640px) 100vw, 600px\" \/><\/a><\/span><\/div><div class=\"fusion-text fusion-text-219 tags\" style=\"transform:translate3d(0,0,0);\"><p>Carport<\/p>\n<\/div><div class=\"fusion-text fusion-text-220 description\" style=\"transform:translate3d(0,0,0);\"><p style=\"text-align: center;\">Flat roof carport<\/p>\n<\/div><\/div><\/div><style type=\"text\/css\">.fusion-body .fusion-builder-column-110{width:25% !important;margin-top : 0px;margin-bottom : 20px;}.fusion-builder-column-110 > .fusion-column-wrapper {padding-top : 0px !important;padding-right : 0px !important;margin-right : 7.68%;padding-bottom : 0px !important;padding-left : 0px !important;margin-left : 7.68%;}@media only screen and (max-width:1024px) {.fusion-body .fusion-builder-column-110{width:100% !important;order : 0;}.fusion-builder-column-110 > .fusion-column-wrapper {margin-right : 1.92%;margin-left : 1.92%;}}@media only screen and (max-width:640px) {.fusion-body .fusion-builder-column-110{width:100% !important;order : 0;}.fusion-builder-column-110 > .fusion-column-wrapper {margin-right : 1.92%;margin-left : 1.92%;}}<\/style><div class=\"fusion-layout-column fusion_builder_column fusion-builder-column-111 fusion_builder_column_1_4 1_4 fusion-flex-column img-to-filter\"><div class=\"fusion-column-wrapper fusion-flex-justify-content-flex-start fusion-content-layout-column\" style=\"background-position:left top;background-repeat:no-repeat;-webkit-background-size:cover;-moz-background-size:cover;-o-background-size:cover;background-size:cover;padding: 0px 0px 0px 0px;\"><div ><span class=\"fusion-imageframe imageframe-none imageframe-111 hover-type-none\"><a href=\"https:\/\/www.deco-charpente.fr\/wp-content\/uploads\/2021\/02\/Abri-voiture-avec-ferme-sous-tendue-grande-portee.jpg\" class=\"fusion-lightbox\" data-rel=\"iLightbox[gallery-image]\" data-title=\"Abri voiture avec ferme sous tendue grande port\u00e9e\" title=\"Carport with long-span under-tensioned truss\"><img decoding=\"async\" width=\"2049\" height=\"1537\" src=\"https:\/\/www.deco-charpente.fr\/wp-content\/uploads\/2021\/02\/Abri-voiture-avec-ferme-sous-tendue-grande-portee.jpg\" class=\"img-responsive wp-image-4430\" srcset=\"https:\/\/www.deco-charpente.fr\/wp-content\/uploads\/2021\/02\/Abri-voiture-avec-ferme-sous-tendue-grande-portee-200x150.jpg 200w, https:\/\/www.deco-charpente.fr\/wp-content\/uploads\/2021\/02\/Abri-voiture-avec-ferme-sous-tendue-grande-portee-400x300.jpg 400w, https:\/\/www.deco-charpente.fr\/wp-content\/uploads\/2021\/02\/Abri-voiture-avec-ferme-sous-tendue-grande-portee-600x450.jpg 600w, https:\/\/www.deco-charpente.fr\/wp-content\/uploads\/2021\/02\/Abri-voiture-avec-ferme-sous-tendue-grande-portee-800x600.jpg 800w, https:\/\/www.deco-charpente.fr\/wp-content\/uploads\/2021\/02\/Abri-voiture-avec-ferme-sous-tendue-grande-portee-1200x900.jpg 1200w, https:\/\/www.deco-charpente.fr\/wp-content\/uploads\/2021\/02\/Abri-voiture-avec-ferme-sous-tendue-grande-portee.jpg 2049w\" sizes=\"(max-width: 1024px) 100vw, (max-width: 640px) 100vw, 600px\" \/><\/a><\/span><\/div><div class=\"fusion-text fusion-text-221 tags\" style=\"transform:translate3d(0,0,0);\"><p>Carport<\/p>\n<\/div><div class=\"fusion-text fusion-text-222 description\" style=\"transform:translate3d(0,0,0);\"><p style=\"text-align: center;\">Carport with long-span under-tensioned truss<\/p>\n<\/div><\/div><\/div><style type=\"text\/css\">.fusion-body .fusion-builder-column-111{width:25% !important;margin-top : 0px;margin-bottom : 20px;}.fusion-builder-column-111 > .fusion-column-wrapper {padding-top : 0px !important;padding-right : 0px !important;margin-right : 7.68%;padding-bottom : 0px !important;padding-left : 0px !important;margin-left : 7.68%;}@media only screen and (max-width:1024px) {.fusion-body .fusion-builder-column-111{width:100% !important;order : 0;}.fusion-builder-column-111 > .fusion-column-wrapper {margin-right : 1.92%;margin-left : 1.92%;}}@media only screen and (max-width:640px) {.fusion-body .fusion-builder-column-111{width:100% !important;order : 0;}.fusion-builder-column-111 > .fusion-column-wrapper {margin-right : 1.92%;margin-left : 1.92%;}}<\/style><div class=\"fusion-layout-column fusion_builder_column fusion-builder-column-112 fusion_builder_column_1_4 1_4 fusion-flex-column img-to-filter\"><div class=\"fusion-column-wrapper fusion-flex-justify-content-flex-start fusion-content-layout-column\" style=\"background-position:left top;background-repeat:no-repeat;-webkit-background-size:cover;-moz-background-size:cover;-o-background-size:cover;background-size:cover;padding: 0px 0px 0px 0px;\"><div ><span class=\"fusion-imageframe imageframe-none imageframe-112 hover-type-none\"><a href=\"https:\/\/www.deco-charpente.fr\/wp-content\/uploads\/2021\/02\/Abri-voiture-4-pans-avec-garde-corps-croix-de-Saint-Andre.jpg\" class=\"fusion-lightbox\" data-rel=\"iLightbox[gallery-image]\" data-title=\"Abri voiture 4 pans avec garde-corps croix de Saint Andr\u00e9\" title=\"4-sided carport with Saint Andrew\u2019s cross guardrail\"><img decoding=\"async\" width=\"2049\" height=\"1537\" alt=\"Abri voiture 4 pans avec garde-corps croix de Saint Andr\u00e9\" src=\"https:\/\/www.deco-charpente.fr\/wp-content\/uploads\/2021\/02\/Abri-voiture-4-pans-avec-garde-corps-croix-de-Saint-Andre.jpg\" class=\"img-responsive wp-image-4429\" srcset=\"https:\/\/www.deco-charpente.fr\/wp-content\/uploads\/2021\/02\/Abri-voiture-4-pans-avec-garde-corps-croix-de-Saint-Andre-200x150.jpg 200w, https:\/\/www.deco-charpente.fr\/wp-content\/uploads\/2021\/02\/Abri-voiture-4-pans-avec-garde-corps-croix-de-Saint-Andre-400x300.jpg 400w, https:\/\/www.deco-charpente.fr\/wp-content\/uploads\/2021\/02\/Abri-voiture-4-pans-avec-garde-corps-croix-de-Saint-Andre-600x450.jpg 600w, https:\/\/www.deco-charpente.fr\/wp-content\/uploads\/2021\/02\/Abri-voiture-4-pans-avec-garde-corps-croix-de-Saint-Andre-800x600.jpg 800w, https:\/\/www.deco-charpente.fr\/wp-content\/uploads\/2021\/02\/Abri-voiture-4-pans-avec-garde-corps-croix-de-Saint-Andre-1200x900.jpg 1200w, https:\/\/www.deco-charpente.fr\/wp-content\/uploads\/2021\/02\/Abri-voiture-4-pans-avec-garde-corps-croix-de-Saint-Andre.jpg 2049w\" sizes=\"(max-width: 1024px) 100vw, (max-width: 640px) 100vw, 600px\" \/><\/a><\/span><\/div><div class=\"fusion-text fusion-text-223 tags\" style=\"transform:translate3d(0,0,0);\"><p>Carport<\/p>\n<\/div><div class=\"fusion-text fusion-text-224 description\" style=\"transform:translate3d(0,0,0);\"><p style=\"text-align: center;\">4-sided carport with Saint Andrew\u2019s cross guardrail<\/p>\n<\/div><\/div><\/div><style type=\"text\/css\">.fusion-body .fusion-builder-column-112{width:25% !important;margin-top : 0px;margin-bottom : 20px;}.fusion-builder-column-112 > .fusion-column-wrapper {padding-top : 0px !important;padding-right : 0px !important;margin-right : 7.68%;padding-bottom : 0px !important;padding-left : 0px !important;margin-left : 7.68%;}@media only screen and (max-width:1024px) {.fusion-body .fusion-builder-column-112{width:100% !important;order : 0;}.fusion-builder-column-112 > .fusion-column-wrapper {margin-right : 1.92%;margin-left : 1.92%;}}@media only screen and (max-width:640px) {.fusion-body .fusion-builder-column-112{width:100% !important;order : 0;}.fusion-builder-column-112 > .fusion-column-wrapper {margin-right : 1.92%;margin-left : 1.92%;}}<\/style><div class=\"fusion-layout-column fusion_builder_column fusion-builder-column-113 fusion_builder_column_1_4 1_4 fusion-flex-column img-to-filter\"><div class=\"fusion-column-wrapper fusion-flex-justify-content-flex-start fusion-content-layout-column\" style=\"background-position:left top;background-repeat:no-repeat;-webkit-background-size:cover;-moz-background-size:cover;-o-background-size:cover;background-size:cover;padding: 0px 0px 0px 0px;\"><div ><span class=\"fusion-imageframe imageframe-none imageframe-113 hover-type-none\"><a href=\"https:\/\/www.deco-charpente.fr\/wp-content\/uploads\/2021\/02\/Abri-voiture-2-pentes-adosse-1.jpg\" class=\"fusion-lightbox\" data-rel=\"iLightbox[gallery-image]\" data-title=\"Abri voiture 2 pentes adoss\u00e9\" title=\"Carport with 2 slopes attached\"><img decoding=\"async\" width=\"2048\" height=\"1536\" src=\"https:\/\/www.deco-charpente.fr\/wp-content\/uploads\/2021\/02\/Abri-voiture-2-pentes-adosse-1.jpg\" class=\"img-responsive wp-image-4428\" srcset=\"https:\/\/www.deco-charpente.fr\/wp-content\/uploads\/2021\/02\/Abri-voiture-2-pentes-adosse-1-200x150.jpg 200w, https:\/\/www.deco-charpente.fr\/wp-content\/uploads\/2021\/02\/Abri-voiture-2-pentes-adosse-1-400x300.jpg 400w, https:\/\/www.deco-charpente.fr\/wp-content\/uploads\/2021\/02\/Abri-voiture-2-pentes-adosse-1-600x450.jpg 600w, https:\/\/www.deco-charpente.fr\/wp-content\/uploads\/2021\/02\/Abri-voiture-2-pentes-adosse-1-800x600.jpg 800w, https:\/\/www.deco-charpente.fr\/wp-content\/uploads\/2021\/02\/Abri-voiture-2-pentes-adosse-1-1200x900.jpg 1200w, https:\/\/www.deco-charpente.fr\/wp-content\/uploads\/2021\/02\/Abri-voiture-2-pentes-adosse-1.jpg 2048w\" sizes=\"(max-width: 1024px) 100vw, (max-width: 640px) 100vw, 600px\" \/><\/a><\/span><\/div><div class=\"fusion-text fusion-text-225 tags\" style=\"transform:translate3d(0,0,0);\"><p>Carport<\/p>\n<\/div><div class=\"fusion-text fusion-text-226 description\" style=\"transform:translate3d(0,0,0);\"><p style=\"text-align: center;\">Carport with 2 slopes attached<\/p>\n<\/div><\/div><\/div><style type=\"text\/css\">.fusion-body .fusion-builder-column-113{width:25% !important;margin-top : 0px;margin-bottom : 20px;}.fusion-builder-column-113 > .fusion-column-wrapper {padding-top : 0px !important;padding-right : 0px !important;margin-right : 7.68%;padding-bottom : 0px !important;padding-left : 0px !important;margin-left : 7.68%;}@media only screen and (max-width:1024px) {.fusion-body .fusion-builder-column-113{width:100% !important;order : 0;}.fusion-builder-column-113 > .fusion-column-wrapper {margin-right : 1.92%;margin-left : 1.92%;}}@media only screen and (max-width:640px) {.fusion-body .fusion-builder-column-113{width:100% !important;order : 0;}.fusion-builder-column-113 > .fusion-column-wrapper {margin-right : 1.92%;margin-left : 1.92%;}}<\/style><div class=\"fusion-layout-column fusion_builder_column fusion-builder-column-114 fusion_builder_column_1_4 1_4 fusion-flex-column img-to-filter\"><div class=\"fusion-column-wrapper fusion-flex-justify-content-flex-start fusion-content-layout-column\" style=\"background-position:left top;background-repeat:no-repeat;-webkit-background-size:cover;-moz-background-size:cover;-o-background-size:cover;background-size:cover;padding: 0px 0px 0px 0px;\"><div ><span class=\"fusion-imageframe imageframe-none imageframe-114 hover-type-none\"><a href=\"https:\/\/www.deco-charpente.fr\/wp-content\/uploads\/2021\/02\/Abri-voiture-2-pentes-adosse.jpg\" class=\"fusion-lightbox\" data-rel=\"iLightbox[gallery-image]\" data-title=\"Abri voiture 2 pentes\" title=\"2 slope carport\"><img decoding=\"async\" width=\"2049\" height=\"1537\" alt=\"Abri voiture 2 pentes\" src=\"https:\/\/www.deco-charpente.fr\/wp-content\/uploads\/2021\/02\/Abri-voiture-2-pentes-adosse.jpg\" class=\"img-responsive wp-image-4427\" srcset=\"https:\/\/www.deco-charpente.fr\/wp-content\/uploads\/2021\/02\/Abri-voiture-2-pentes-adosse-200x150.jpg 200w, https:\/\/www.deco-charpente.fr\/wp-content\/uploads\/2021\/02\/Abri-voiture-2-pentes-adosse-400x300.jpg 400w, https:\/\/www.deco-charpente.fr\/wp-content\/uploads\/2021\/02\/Abri-voiture-2-pentes-adosse-600x450.jpg 600w, https:\/\/www.deco-charpente.fr\/wp-content\/uploads\/2021\/02\/Abri-voiture-2-pentes-adosse-800x600.jpg 800w, https:\/\/www.deco-charpente.fr\/wp-content\/uploads\/2021\/02\/Abri-voiture-2-pentes-adosse-1200x900.jpg 1200w, https:\/\/www.deco-charpente.fr\/wp-content\/uploads\/2021\/02\/Abri-voiture-2-pentes-adosse.jpg 2049w\" sizes=\"(max-width: 1024px) 100vw, (max-width: 640px) 100vw, 600px\" \/><\/a><\/span><\/div><div class=\"fusion-text fusion-text-227 tags\" style=\"transform:translate3d(0,0,0);\"><p>Carport<\/p>\n<\/div><div class=\"fusion-text fusion-text-228 description\" style=\"transform:translate3d(0,0,0);\"><p style=\"text-align: center;\">2 slope carport<\/p>\n<\/div><\/div><\/div><style type=\"text\/css\">.fusion-body .fusion-builder-column-114{width:25% !important;margin-top : 0px;margin-bottom : 20px;}.fusion-builder-column-114 > .fusion-column-wrapper {padding-top : 0px !important;padding-right : 0px !important;margin-right : 7.68%;padding-bottom : 0px !important;padding-left : 0px !important;margin-left : 7.68%;}@media only screen and (max-width:1024px) {.fusion-body .fusion-builder-column-114{width:100% !important;order : 0;}.fusion-builder-column-114 > .fusion-column-wrapper {margin-right : 1.92%;margin-left : 1.92%;}}@media only screen and (max-width:640px) {.fusion-body .fusion-builder-column-114{width:100% !important;order : 0;}.fusion-builder-column-114 > .fusion-column-wrapper {margin-right : 1.92%;margin-left : 1.92%;}}<\/style><div class=\"fusion-layout-column fusion_builder_column fusion-builder-column-115 fusion_builder_column_1_4 1_4 fusion-flex-column img-to-filter\"><div class=\"fusion-column-wrapper fusion-flex-justify-content-flex-start fusion-content-layout-column\" style=\"background-position:left top;background-repeat:no-repeat;-webkit-background-size:cover;-moz-background-size:cover;-o-background-size:cover;background-size:cover;padding: 0px 0px 0px 0px;\"><div ><span class=\"fusion-imageframe imageframe-none imageframe-115 hover-type-none\"><a href=\"https:\/\/www.deco-charpente.fr\/wp-content\/uploads\/2021\/02\/Abri-voiture-2-pentes-pose-sur-mur-en-pierre.jpg\" class=\"fusion-lightbox\" data-rel=\"iLightbox[gallery-image]\" data-title=\"Abri voiture 2 pentes pos\u00e9 sur mur en pierre\" title=\"2 slope carport placed on stone wall\"><img decoding=\"async\" width=\"2049\" height=\"1537\" src=\"https:\/\/www.deco-charpente.fr\/wp-content\/uploads\/2021\/02\/Abri-voiture-2-pentes-pose-sur-mur-en-pierre.jpg\" class=\"img-responsive wp-image-4425\" srcset=\"https:\/\/www.deco-charpente.fr\/wp-content\/uploads\/2021\/02\/Abri-voiture-2-pentes-pose-sur-mur-en-pierre-200x150.jpg 200w, https:\/\/www.deco-charpente.fr\/wp-content\/uploads\/2021\/02\/Abri-voiture-2-pentes-pose-sur-mur-en-pierre-400x300.jpg 400w, https:\/\/www.deco-charpente.fr\/wp-content\/uploads\/2021\/02\/Abri-voiture-2-pentes-pose-sur-mur-en-pierre-600x450.jpg 600w, https:\/\/www.deco-charpente.fr\/wp-content\/uploads\/2021\/02\/Abri-voiture-2-pentes-pose-sur-mur-en-pierre-800x600.jpg 800w, https:\/\/www.deco-charpente.fr\/wp-content\/uploads\/2021\/02\/Abri-voiture-2-pentes-pose-sur-mur-en-pierre-1200x900.jpg 1200w, https:\/\/www.deco-charpente.fr\/wp-content\/uploads\/2021\/02\/Abri-voiture-2-pentes-pose-sur-mur-en-pierre.jpg 2049w\" sizes=\"(max-width: 1024px) 100vw, (max-width: 640px) 100vw, 600px\" \/><\/a><\/span><\/div><div class=\"fusion-text fusion-text-229 tags\" style=\"transform:translate3d(0,0,0);\"><p>Carport<\/p>\n<\/div><div class=\"fusion-text fusion-text-230 description\" style=\"transform:translate3d(0,0,0);\"><p style=\"text-align: center;\">2 slope carport placed on stone wall<\/p>\n<\/div><\/div><\/div><style type=\"text\/css\">.fusion-body .fusion-builder-column-115{width:25% !important;margin-top : 0px;margin-bottom : 20px;}.fusion-builder-column-115 > .fusion-column-wrapper {padding-top : 0px !important;padding-right : 0px !important;margin-right : 7.68%;padding-bottom : 0px !important;padding-left : 0px !important;margin-left : 7.68%;}@media only screen and (max-width:1024px) {.fusion-body .fusion-builder-column-115{width:100% !important;order : 0;}.fusion-builder-column-115 > .fusion-column-wrapper {margin-right : 1.92%;margin-left : 1.92%;}}@media only screen and (max-width:640px) {.fusion-body .fusion-builder-column-115{width:100% !important;order : 0;}.fusion-builder-column-115 > .fusion-column-wrapper {margin-right : 1.92%;margin-left : 1.92%;}}<\/style><div class=\"fusion-layout-column fusion_builder_column fusion-builder-column-116 fusion_builder_column_1_4 1_4 fusion-flex-column img-to-filter\"><div class=\"fusion-column-wrapper fusion-flex-justify-content-flex-start fusion-content-layout-column\" style=\"background-position:left top;background-repeat:no-repeat;-webkit-background-size:cover;-moz-background-size:cover;-o-background-size:cover;background-size:cover;padding: 0px 0px 0px 0px;\"><div ><span class=\"fusion-imageframe imageframe-none imageframe-116 hover-type-none\"><a href=\"https:\/\/www.deco-charpente.fr\/wp-content\/uploads\/2021\/02\/Abri-2-pentes-adosse-avec-ferme-sous-tendue.jpg\" class=\"fusion-lightbox\" data-rel=\"iLightbox[gallery-image]\" data-title=\"Abri 2 pentes adoss\u00e9 avec ferme sous tendue\" title=\"2-slope shelter with attached truss\"><img decoding=\"async\" width=\"826\" height=\"620\" src=\"https:\/\/www.deco-charpente.fr\/wp-content\/uploads\/2021\/02\/Abri-2-pentes-adosse-avec-ferme-sous-tendue.jpg\" class=\"img-responsive wp-image-4424\" srcset=\"https:\/\/www.deco-charpente.fr\/wp-content\/uploads\/2021\/02\/Abri-2-pentes-adosse-avec-ferme-sous-tendue-200x150.jpg 200w, https:\/\/www.deco-charpente.fr\/wp-content\/uploads\/2021\/02\/Abri-2-pentes-adosse-avec-ferme-sous-tendue-400x300.jpg 400w, https:\/\/www.deco-charpente.fr\/wp-content\/uploads\/2021\/02\/Abri-2-pentes-adosse-avec-ferme-sous-tendue-600x450.jpg 600w, https:\/\/www.deco-charpente.fr\/wp-content\/uploads\/2021\/02\/Abri-2-pentes-adosse-avec-ferme-sous-tendue-800x600.jpg 800w, https:\/\/www.deco-charpente.fr\/wp-content\/uploads\/2021\/02\/Abri-2-pentes-adosse-avec-ferme-sous-tendue.jpg 826w\" sizes=\"(max-width: 1024px) 100vw, (max-width: 640px) 100vw, 600px\" \/><\/a><\/span><\/div><div class=\"fusion-text fusion-text-231 tags\" style=\"transform:translate3d(0,0,0);\"><p>Carport<\/p>\n<\/div><div class=\"fusion-text fusion-text-232 description\" style=\"transform:translate3d(0,0,0);\"><p style=\"text-align: center;\">2-slope shelter with attached truss<\/p>\n<\/div><\/div><\/div><style type=\"text\/css\">.fusion-body .fusion-builder-column-116{width:25% !important;margin-top : 0px;margin-bottom : 20px;}.fusion-builder-column-116 > .fusion-column-wrapper {padding-top : 0px !important;padding-right : 0px !important;margin-right : 7.68%;padding-bottom : 0px !important;padding-left : 0px !important;margin-left : 7.68%;}@media only screen and (max-width:1024px) {.fusion-body .fusion-builder-column-116{width:100% !important;order : 0;}.fusion-builder-column-116 > .fusion-column-wrapper {margin-right : 1.92%;margin-left : 1.92%;}}@media only screen and (max-width:640px) {.fusion-body .fusion-builder-column-116{width:100% !important;order : 0;}.fusion-builder-column-116 > .fusion-column-wrapper {margin-right : 1.92%;margin-left : 1.92%;}}<\/style><div class=\"fusion-layout-column fusion_builder_column fusion-builder-column-117 fusion_builder_column_1_4 1_4 fusion-flex-column img-to-filter\"><div class=\"fusion-column-wrapper fusion-flex-justify-content-flex-start fusion-content-layout-column\" style=\"background-position:left top;background-repeat:no-repeat;-webkit-background-size:cover;-moz-background-size:cover;-o-background-size:cover;background-size:cover;padding: 0px 0px 0px 0px;\"><div ><span class=\"fusion-imageframe imageframe-none imageframe-117 hover-type-none\"><a href=\"https:\/\/www.deco-charpente.fr\/wp-content\/uploads\/2023\/03\/Abri-tunnel-1.jpg\" class=\"fusion-lightbox\" data-rel=\"iLightbox[gallery-image]\" data-title=\"Abri tunnel\" title=\"Tunnel shelter\"><img decoding=\"async\" width=\"1008\" height=\"1105\" src=\"https:\/\/www.deco-charpente.fr\/wp-content\/uploads\/2023\/03\/Abri-tunnel-1.jpg\" class=\"img-responsive wp-image-8484\" srcset=\"https:\/\/www.deco-charpente.fr\/wp-content\/uploads\/2023\/03\/Abri-tunnel-1-200x219.jpg 200w, https:\/\/www.deco-charpente.fr\/wp-content\/uploads\/2023\/03\/Abri-tunnel-1-400x438.jpg 400w, https:\/\/www.deco-charpente.fr\/wp-content\/uploads\/2023\/03\/Abri-tunnel-1-600x658.jpg 600w, https:\/\/www.deco-charpente.fr\/wp-content\/uploads\/2023\/03\/Abri-tunnel-1-800x877.jpg 800w, https:\/\/www.deco-charpente.fr\/wp-content\/uploads\/2023\/03\/Abri-tunnel-1.jpg 1008w\" sizes=\"(max-width: 1024px) 100vw, (max-width: 640px) 100vw, 600px\" \/><\/a><\/span><\/div><div class=\"fusion-text fusion-text-233 tags\" style=\"transform:translate3d(0,0,0);\"><p>Carport<\/p>\n<\/div><div class=\"fusion-text fusion-text-234 description\" style=\"transform:translate3d(0,0,0);\"><p style=\"text-align: center;\">Motorhome tunnel shelter<\/p>\n<\/div><\/div><\/div><style type=\"text\/css\">.fusion-body .fusion-builder-column-117{width:25% !important;margin-top : 0px;margin-bottom : 20px;}.fusion-builder-column-117 > .fusion-column-wrapper {padding-top : 0px !important;padding-right : 0px !important;margin-right : 7.68%;padding-bottom : 0px !important;padding-left : 0px !important;margin-left : 7.68%;}@media only screen and (max-width:1024px) {.fusion-body .fusion-builder-column-117{width:100% !important;order : 0;}.fusion-builder-column-117 > .fusion-column-wrapper {margin-right : 1.92%;margin-left : 1.92%;}}@media only screen and (max-width:640px) {.fusion-body .fusion-builder-column-117{width:100% !important;order : 0;}.fusion-builder-column-117 > .fusion-column-wrapper {margin-right : 1.92%;margin-left : 1.92%;}}<\/style><div class=\"fusion-layout-column fusion_builder_column fusion-builder-column-118 fusion_builder_column_1_4 1_4 fusion-flex-column img-to-filter\"><div class=\"fusion-column-wrapper fusion-flex-justify-content-flex-start fusion-content-layout-column\" style=\"background-position:left top;background-repeat:no-repeat;-webkit-background-size:cover;-moz-background-size:cover;-o-background-size:cover;background-size:cover;padding: 0px 0px 0px 0px;\"><div ><span class=\"fusion-imageframe imageframe-none imageframe-118 hover-type-none\"><a href=\"https:\/\/www.deco-charpente.fr\/wp-content\/uploads\/2021\/02\/Abri-tunnel-camping-car-e1651581154957.jpg\" class=\"fusion-lightbox\" data-rel=\"iLightbox[gallery-image]\" data-title=\"Abri tunnel camping car\" title=\"Motorhome tunnel shelter\"><img decoding=\"async\" width=\"807\" height=\"817\" alt=\"Abri tunnel camping car\" src=\"https:\/\/www.deco-charpente.fr\/wp-content\/uploads\/2021\/02\/Abri-tunnel-camping-car-e1651581154957.jpg\" class=\"img-responsive wp-image-4423\" srcset=\"https:\/\/www.deco-charpente.fr\/wp-content\/uploads\/2021\/02\/Abri-tunnel-camping-car-e1651581154957-200x202.jpg 200w, https:\/\/www.deco-charpente.fr\/wp-content\/uploads\/2021\/02\/Abri-tunnel-camping-car-e1651581154957-400x405.jpg 400w, https:\/\/www.deco-charpente.fr\/wp-content\/uploads\/2021\/02\/Abri-tunnel-camping-car-e1651581154957-600x607.jpg 600w, https:\/\/www.deco-charpente.fr\/wp-content\/uploads\/2021\/02\/Abri-tunnel-camping-car-e1651581154957-800x810.jpg 800w, https:\/\/www.deco-charpente.fr\/wp-content\/uploads\/2021\/02\/Abri-tunnel-camping-car-e1651581154957.jpg 807w\" sizes=\"(max-width: 1024px) 100vw, (max-width: 640px) 100vw, 600px\" \/><\/a><\/span><\/div><div class=\"fusion-text fusion-text-235 tags\" style=\"transform:translate3d(0,0,0);\"><p>Carport<\/p>\n<\/div><div class=\"fusion-text fusion-text-236 description\" style=\"transform:translate3d(0,0,0);\"><p style=\"text-align: center;\">Motorhome tunnel shelter<\/p>\n<\/div><\/div><\/div><style type=\"text\/css\">.fusion-body .fusion-builder-column-118{width:25% !important;margin-top : 0px;margin-bottom : 20px;}.fusion-builder-column-118 > .fusion-column-wrapper {padding-top : 0px !important;padding-right : 0px !important;margin-right : 7.68%;padding-bottom : 0px !important;padding-left : 0px !important;margin-left : 7.68%;}@media only screen and (max-width:1024px) {.fusion-body .fusion-builder-column-118{width:100% !important;order : 0;}.fusion-builder-column-118 > .fusion-column-wrapper {margin-right : 1.92%;margin-left : 1.92%;}}@media only screen and (max-width:640px) {.fusion-body .fusion-builder-column-118{width:100% !important;order : 0;}.fusion-builder-column-118 > .fusion-column-wrapper {margin-right : 1.92%;margin-left : 1.92%;}}<\/style><div class=\"fusion-layout-column fusion_builder_column fusion-builder-column-119 fusion_builder_column_1_4 1_4 fusion-flex-column img-to-filter\"><div class=\"fusion-column-wrapper fusion-flex-justify-content-flex-start fusion-content-layout-column\" style=\"background-position:left top;background-repeat:no-repeat;-webkit-background-size:cover;-moz-background-size:cover;-o-background-size:cover;background-size:cover;padding: 0px 0px 0px 0px;\"><div ><span class=\"fusion-imageframe imageframe-none imageframe-119 hover-type-none\"><a href=\"https:\/\/www.deco-charpente.fr\/wp-content\/uploads\/2021\/02\/Abri-voiture-adosse-2-pentes-liens-droits.jpg\" class=\"fusion-lightbox\" data-rel=\"iLightbox[gallery-image]\" data-title=\"Abri voiture adoss\u00e9 2 pentes liens droits\" title=\"Lean-to carport with 2 slopes, straight links\"><img decoding=\"async\" width=\"2048\" height=\"1536\" alt=\"Abri voiture adoss\u00e9 2 pentes liens droits\" src=\"https:\/\/www.deco-charpente.fr\/wp-content\/uploads\/2021\/02\/Abri-voiture-adosse-2-pentes-liens-droits.jpg\" class=\"img-responsive wp-image-4422\" srcset=\"https:\/\/www.deco-charpente.fr\/wp-content\/uploads\/2021\/02\/Abri-voiture-adosse-2-pentes-liens-droits-200x150.jpg 200w, https:\/\/www.deco-charpente.fr\/wp-content\/uploads\/2021\/02\/Abri-voiture-adosse-2-pentes-liens-droits-400x300.jpg 400w, https:\/\/www.deco-charpente.fr\/wp-content\/uploads\/2021\/02\/Abri-voiture-adosse-2-pentes-liens-droits-600x450.jpg 600w, https:\/\/www.deco-charpente.fr\/wp-content\/uploads\/2021\/02\/Abri-voiture-adosse-2-pentes-liens-droits-800x600.jpg 800w, https:\/\/www.deco-charpente.fr\/wp-content\/uploads\/2021\/02\/Abri-voiture-adosse-2-pentes-liens-droits-1200x900.jpg 1200w, https:\/\/www.deco-charpente.fr\/wp-content\/uploads\/2021\/02\/Abri-voiture-adosse-2-pentes-liens-droits.jpg 2048w\" sizes=\"(max-width: 1024px) 100vw, (max-width: 640px) 100vw, 600px\" \/><\/a><\/span><\/div><div class=\"fusion-text fusion-text-237 tags\" style=\"transform:translate3d(0,0,0);\"><p>Carport<\/p>\n<\/div><div class=\"fusion-text fusion-text-238 description\" style=\"transform:translate3d(0,0,0);\"><p style=\"text-align: center;\">Lean-to carport with 2 slopes, straight links<\/p>\n<\/div><\/div><\/div><style type=\"text\/css\">.fusion-body .fusion-builder-column-119{width:25% !important;margin-top : 0px;margin-bottom : 20px;}.fusion-builder-column-119 > .fusion-column-wrapper {padding-top : 0px !important;padding-right : 0px !important;margin-right : 7.68%;padding-bottom : 0px !important;padding-left : 0px !important;margin-left : 7.68%;}@media only screen and (max-width:1024px) {.fusion-body .fusion-builder-column-119{width:100% !important;order : 0;}.fusion-builder-column-119 > .fusion-column-wrapper {margin-right : 1.92%;margin-left : 1.92%;}}@media only screen and (max-width:640px) {.fusion-body .fusion-builder-column-119{width:100% !important;order : 0;}.fusion-builder-column-119 > .fusion-column-wrapper {margin-right : 1.92%;margin-left : 1.92%;}}<\/style><div class=\"fusion-layout-column fusion_builder_column fusion-builder-column-120 fusion_builder_column_1_4 1_4 fusion-flex-column img-to-filter\"><div class=\"fusion-column-wrapper fusion-flex-justify-content-flex-start fusion-content-layout-column\" style=\"background-position:left top;background-repeat:no-repeat;-webkit-background-size:cover;-moz-background-size:cover;-o-background-size:cover;background-size:cover;padding: 0px 0px 0px 0px;\"><div ><span class=\"fusion-imageframe imageframe-none imageframe-120 hover-type-none\"><a href=\"https:\/\/www.deco-charpente.fr\/wp-content\/uploads\/2021\/02\/Abri-double-voiture-2-pentes.jpg\" class=\"fusion-lightbox\" data-rel=\"iLightbox[gallery-image]\" data-title=\"Abri double voiture 2 pentes\" title=\"Double car shelter 2 slopes\"><img decoding=\"async\" width=\"1280\" height=\"960\" alt=\"Abri double voiture 2 pentes\" src=\"https:\/\/www.deco-charpente.fr\/wp-content\/uploads\/2021\/02\/Abri-double-voiture-2-pentes.jpg\" class=\"img-responsive wp-image-4421\" srcset=\"https:\/\/www.deco-charpente.fr\/wp-content\/uploads\/2021\/02\/Abri-double-voiture-2-pentes-200x150.jpg 200w, https:\/\/www.deco-charpente.fr\/wp-content\/uploads\/2021\/02\/Abri-double-voiture-2-pentes-400x300.jpg 400w, https:\/\/www.deco-charpente.fr\/wp-content\/uploads\/2021\/02\/Abri-double-voiture-2-pentes-600x450.jpg 600w, https:\/\/www.deco-charpente.fr\/wp-content\/uploads\/2021\/02\/Abri-double-voiture-2-pentes-800x600.jpg 800w, https:\/\/www.deco-charpente.fr\/wp-content\/uploads\/2021\/02\/Abri-double-voiture-2-pentes-1200x900.jpg 1200w, https:\/\/www.deco-charpente.fr\/wp-content\/uploads\/2021\/02\/Abri-double-voiture-2-pentes.jpg 1280w\" sizes=\"(max-width: 1024px) 100vw, (max-width: 640px) 100vw, 600px\" \/><\/a><\/span><\/div><div class=\"fusion-text fusion-text-239 tags\" style=\"transform:translate3d(0,0,0);\"><p>Carport<\/p>\n<\/div><div class=\"fusion-text fusion-text-240 description\" style=\"transform:translate3d(0,0,0);\"><p style=\"text-align: center;\">Double car shelter 2 slopes<\/p>\n<\/div><\/div><\/div><style type=\"text\/css\">.fusion-body .fusion-builder-column-120{width:25% !important;margin-top : 0px;margin-bottom : 20px;}.fusion-builder-column-120 > .fusion-column-wrapper {padding-top : 0px !important;padding-right : 0px !important;margin-right : 7.68%;padding-bottom : 0px !important;padding-left : 0px !important;margin-left : 7.68%;}@media only screen and (max-width:1024px) {.fusion-body .fusion-builder-column-120{width:100% !important;order : 0;}.fusion-builder-column-120 > .fusion-column-wrapper {margin-right : 1.92%;margin-left : 1.92%;}}@media only screen and (max-width:640px) {.fusion-body .fusion-builder-column-120{width:100% !important;order : 0;}.fusion-builder-column-120 > .fusion-column-wrapper {margin-right : 1.92%;margin-left : 1.92%;}}<\/style><div class=\"fusion-layout-column fusion_builder_column fusion-builder-column-121 fusion_builder_column_1_4 1_4 fusion-flex-column img-to-filter\"><div class=\"fusion-column-wrapper fusion-flex-justify-content-flex-start fusion-content-layout-column\" style=\"background-position:left top;background-repeat:no-repeat;-webkit-background-size:cover;-moz-background-size:cover;-o-background-size:cover;background-size:cover;padding: 0px 0px 0px 0px;\"><div ><span class=\"fusion-imageframe imageframe-none imageframe-121 hover-type-none\"><a href=\"https:\/\/www.deco-charpente.fr\/wp-content\/uploads\/2021\/02\/image00003-compressed.jpg\" class=\"fusion-lightbox\" data-rel=\"iLightbox[gallery-image]\" data-title=\"Abri voiture 2 pans\" title=\"2-sided carport\"><img decoding=\"async\" width=\"2049\" height=\"1537\" alt=\"Abri voiture\" src=\"https:\/\/www.deco-charpente.fr\/wp-content\/uploads\/2021\/02\/image00003-compressed.jpg\" class=\"img-responsive wp-image-4419\" srcset=\"https:\/\/www.deco-charpente.fr\/wp-content\/uploads\/2021\/02\/image00003-compressed-200x150.jpg 200w, https:\/\/www.deco-charpente.fr\/wp-content\/uploads\/2021\/02\/image00003-compressed-400x300.jpg 400w, https:\/\/www.deco-charpente.fr\/wp-content\/uploads\/2021\/02\/image00003-compressed-600x450.jpg 600w, https:\/\/www.deco-charpente.fr\/wp-content\/uploads\/2021\/02\/image00003-compressed-800x600.jpg 800w, https:\/\/www.deco-charpente.fr\/wp-content\/uploads\/2021\/02\/image00003-compressed-1200x900.jpg 1200w, https:\/\/www.deco-charpente.fr\/wp-content\/uploads\/2021\/02\/image00003-compressed.jpg 2049w\" sizes=\"(max-width: 1024px) 100vw, (max-width: 640px) 100vw, 600px\" \/><\/a><\/span><\/div><div class=\"fusion-text fusion-text-241 tags\" style=\"transform:translate3d(0,0,0);\"><p>Carport<\/p>\n<\/div><div class=\"fusion-text fusion-text-242 description\" style=\"transform:translate3d(0,0,0);\"><p style=\"text-align: center;\">3 car shelter 2 slopes with overhang<\/p>\n<\/div><\/div><\/div><style type=\"text\/css\">.fusion-body .fusion-builder-column-121{width:25% !important;margin-top : 0px;margin-bottom : 20px;}.fusion-builder-column-121 > .fusion-column-wrapper {padding-top : 0px !important;padding-right : 0px !important;margin-right : 7.68%;padding-bottom : 0px !important;padding-left : 0px !important;margin-left : 7.68%;}@media only screen and (max-width:1024px) {.fusion-body .fusion-builder-column-121{width:100% !important;order : 0;}.fusion-builder-column-121 > .fusion-column-wrapper {margin-right : 1.92%;margin-left : 1.92%;}}@media only screen and (max-width:640px) {.fusion-body .fusion-builder-column-121{width:100% !important;order : 0;}.fusion-builder-column-121 > .fusion-column-wrapper {margin-right : 1.92%;margin-left : 1.92%;}}<\/style><div class=\"fusion-layout-column fusion_builder_column fusion-builder-column-122 fusion_builder_column_1_4 1_4 fusion-flex-column img-to-filter\"><div class=\"fusion-column-wrapper fusion-flex-justify-content-flex-start fusion-content-layout-column\" style=\"background-position:left top;background-repeat:no-repeat;-webkit-background-size:cover;-moz-background-size:cover;-o-background-size:cover;background-size:cover;padding: 0px 0px 0px 0px;\"><div ><span class=\"fusion-imageframe imageframe-none imageframe-122 hover-type-none\"><a href=\"https:\/\/www.deco-charpente.fr\/wp-content\/uploads\/2020\/12\/Abri-voiture-Decembre-2020-2.jpg\" class=\"fusion-lightbox\" data-rel=\"iLightbox[gallery-image]\" data-title=\"Abri-voiture\" title=\"Carport\"><img decoding=\"async\" width=\"1280\" height=\"959\" alt=\"Abri-voiture\" src=\"https:\/\/www.deco-charpente.fr\/wp-content\/uploads\/2020\/12\/Abri-voiture-Decembre-2020-2.jpg\" class=\"img-responsive wp-image-3909\" srcset=\"https:\/\/www.deco-charpente.fr\/wp-content\/uploads\/2020\/12\/Abri-voiture-Decembre-2020-2-200x150.jpg 200w, https:\/\/www.deco-charpente.fr\/wp-content\/uploads\/2020\/12\/Abri-voiture-Decembre-2020-2-400x300.jpg 400w, https:\/\/www.deco-charpente.fr\/wp-content\/uploads\/2020\/12\/Abri-voiture-Decembre-2020-2-600x450.jpg 600w, https:\/\/www.deco-charpente.fr\/wp-content\/uploads\/2020\/12\/Abri-voiture-Decembre-2020-2-800x599.jpg 800w, https:\/\/www.deco-charpente.fr\/wp-content\/uploads\/2020\/12\/Abri-voiture-Decembre-2020-2-1200x899.jpg 1200w, https:\/\/www.deco-charpente.fr\/wp-content\/uploads\/2020\/12\/Abri-voiture-Decembre-2020-2.jpg 1280w\" sizes=\"(max-width: 1024px) 100vw, (max-width: 640px) 100vw, 600px\" \/><\/a><\/span><\/div><div class=\"fusion-text fusion-text-243 tags\" style=\"transform:translate3d(0,0,0);\"><p>Carport<\/p>\n<\/div><div class=\"fusion-text fusion-text-244 description\" style=\"transform:translate3d(0,0,0);\"><p style=\"text-align: center;\">Carport between garage and fence<\/p>\n<\/div><\/div><\/div><style type=\"text\/css\">.fusion-body .fusion-builder-column-122{width:25% !important;margin-top : 0px;margin-bottom : 20px;}.fusion-builder-column-122 > .fusion-column-wrapper {padding-top : 0px !important;padding-right : 0px !important;margin-right : 7.68%;padding-bottom : 0px !important;padding-left : 0px !important;margin-left : 7.68%;}@media only screen and (max-width:1024px) {.fusion-body .fusion-builder-column-122{width:100% !important;order : 0;}.fusion-builder-column-122 > .fusion-column-wrapper {margin-right : 1.92%;margin-left : 1.92%;}}@media only screen and (max-width:640px) {.fusion-body .fusion-builder-column-122{width:100% !important;order : 0;}.fusion-builder-column-122 > .fusion-column-wrapper {margin-right : 1.92%;margin-left : 1.92%;}}<\/style><div class=\"fusion-layout-column fusion_builder_column fusion-builder-column-123 fusion_builder_column_1_4 1_4 fusion-flex-column img-to-filter\"><div class=\"fusion-column-wrapper fusion-flex-justify-content-flex-start fusion-content-layout-column\" style=\"background-position:left top;background-repeat:no-repeat;-webkit-background-size:cover;-moz-background-size:cover;-o-background-size:cover;background-size:cover;padding: 0px 0px 0px 0px;\"><div ><span class=\"fusion-imageframe imageframe-none imageframe-123 hover-type-none\"><a href=\"https:\/\/www.deco-charpente.fr\/wp-content\/uploads\/2020\/08\/rive-en-porte-\u00e0-faux-pointe-de-diamant-sur-poin\u00e7on.jpg\" class=\"fusion-lightbox\" data-rel=\"iLightbox[gallery-image]\" data-title=\"rive en porte \u00e0 faux &#8211; pointe de diamant sur poin\u00e7on\" title=\"cantilever edge \u2013 diamond point on punch\"><img decoding=\"async\" width=\"748\" height=\"561\" src=\"https:\/\/www.deco-charpente.fr\/wp-content\/uploads\/2020\/08\/rive-en-porte-\u00e0-faux-pointe-de-diamant-sur-poin\u00e7on.jpg\" class=\"img-responsive wp-image-2138\" srcset=\"https:\/\/www.deco-charpente.fr\/wp-content\/uploads\/2020\/08\/rive-en-porte-\u00e0-faux-pointe-de-diamant-sur-poin\u00e7on-200x150.jpg 200w, https:\/\/www.deco-charpente.fr\/wp-content\/uploads\/2020\/08\/rive-en-porte-\u00e0-faux-pointe-de-diamant-sur-poin\u00e7on-400x300.jpg 400w, https:\/\/www.deco-charpente.fr\/wp-content\/uploads\/2020\/08\/rive-en-porte-\u00e0-faux-pointe-de-diamant-sur-poin\u00e7on-600x450.jpg 600w, https:\/\/www.deco-charpente.fr\/wp-content\/uploads\/2020\/08\/rive-en-porte-\u00e0-faux-pointe-de-diamant-sur-poin\u00e7on.jpg 748w\" sizes=\"(max-width: 1024px) 100vw, (max-width: 640px) 100vw, 600px\" \/><\/a><\/span><\/div><div class=\"fusion-text fusion-text-245 tags\" style=\"transform:translate3d(0,0,0);\"><p>Carport, Decorative solution<\/p>\n<\/div><div class=\"fusion-text fusion-text-246 description\" style=\"transform:translate3d(0,0,0);\"><p style=\"text-align: center;\">Cantilever edge &amp; diamond point on punch<\/p>\n<\/div><\/div><\/div><style type=\"text\/css\">.fusion-body .fusion-builder-column-123{width:25% !important;margin-top : 0px;margin-bottom : 20px;}.fusion-builder-column-123 > .fusion-column-wrapper {padding-top : 0px !important;padding-right : 0px !important;margin-right : 7.68%;padding-bottom : 0px !important;padding-left : 0px !important;margin-left : 7.68%;}@media only screen and (max-width:1024px) {.fusion-body .fusion-builder-column-123{width:100% !important;order : 0;}.fusion-builder-column-123 > .fusion-column-wrapper {margin-right : 1.92%;margin-left : 1.92%;}}@media only screen and (max-width:640px) {.fusion-body .fusion-builder-column-123{width:100% !important;order : 0;}.fusion-builder-column-123 > .fusion-column-wrapper {margin-right : 1.92%;margin-left : 1.92%;}}<\/style><div class=\"fusion-layout-column fusion_builder_column fusion-builder-column-124 fusion_builder_column_1_4 1_4 fusion-flex-column img-to-filter\"><div class=\"fusion-column-wrapper fusion-flex-justify-content-flex-start fusion-content-layout-column\" style=\"background-position:left top;background-repeat:no-repeat;-webkit-background-size:cover;-moz-background-size:cover;-o-background-size:cover;background-size:cover;padding: 0px 0px 0px 0px;\"><div ><span class=\"fusion-imageframe imageframe-none imageframe-124 hover-type-none\"><a href=\"https:\/\/www.deco-charpente.fr\/wp-content\/uploads\/2024\/12\/Abri-mixte.jpg\" class=\"fusion-lightbox\" data-rel=\"iLightbox[gallery-image]\" data-title=\"Abri mixte\" title=\"Mixed shelter\"><img decoding=\"async\" width=\"2148\" height=\"1454\" src=\"https:\/\/www.deco-charpente.fr\/wp-content\/uploads\/2024\/12\/Abri-mixte.jpg\" class=\"img-responsive wp-image-11403\" srcset=\"https:\/\/www.deco-charpente.fr\/wp-content\/uploads\/2024\/12\/Abri-mixte-200x135.jpg 200w, https:\/\/www.deco-charpente.fr\/wp-content\/uploads\/2024\/12\/Abri-mixte-400x271.jpg 400w, https:\/\/www.deco-charpente.fr\/wp-content\/uploads\/2024\/12\/Abri-mixte-600x406.jpg 600w, https:\/\/www.deco-charpente.fr\/wp-content\/uploads\/2024\/12\/Abri-mixte-800x542.jpg 800w, https:\/\/www.deco-charpente.fr\/wp-content\/uploads\/2024\/12\/Abri-mixte-1200x812.jpg 1200w, https:\/\/www.deco-charpente.fr\/wp-content\/uploads\/2024\/12\/Abri-mixte.jpg 2148w\" sizes=\"(max-width: 1024px) 100vw, (max-width: 640px) 100vw, 600px\" \/><\/a><\/span><\/div><div class=\"fusion-text fusion-text-247 tags\" style=\"transform:translate3d(0,0,0);\"><p>Decorative solution<\/p>\n<\/div><div class=\"fusion-text fusion-text-248 description\" style=\"transform:translate3d(0,0,0);\"><p style=\"text-align: center;\">Abri mixte en bois<\/p>\n<\/div><\/div><\/div><style type=\"text\/css\">.fusion-body .fusion-builder-column-124{width:25% !important;margin-top : 0px;margin-bottom : 20px;}.fusion-builder-column-124 > .fusion-column-wrapper {padding-top : 0px !important;padding-right : 0px !important;margin-right : 7.68%;padding-bottom : 0px !important;padding-left : 0px !important;margin-left : 7.68%;}@media only screen and (max-width:1024px) {.fusion-body .fusion-builder-column-124{width:100% !important;order : 0;}.fusion-builder-column-124 > .fusion-column-wrapper {margin-right : 1.92%;margin-left : 1.92%;}}@media only screen and (max-width:640px) {.fusion-body .fusion-builder-column-124{width:100% !important;order : 0;}.fusion-builder-column-124 > .fusion-column-wrapper {margin-right : 1.92%;margin-left : 1.92%;}}<\/style><div class=\"fusion-layout-column fusion_builder_column fusion-builder-column-125 fusion_builder_column_1_4 1_4 fusion-flex-column img-to-filter\"><div class=\"fusion-column-wrapper fusion-flex-justify-content-flex-start fusion-content-layout-column\" style=\"background-position:left top;background-repeat:no-repeat;-webkit-background-size:cover;-moz-background-size:cover;-o-background-size:cover;background-size:cover;padding: 0px 0px 0px 0px;\"><div ><span class=\"fusion-imageframe imageframe-none imageframe-125 hover-type-none\"><a href=\"https:\/\/www.deco-charpente.fr\/wp-content\/uploads\/2024\/12\/Local-ferme.jpg\" class=\"fusion-lightbox\" data-rel=\"iLightbox[gallery-image]\" data-title=\"Local ferme\u0301\" title=\"Local ferme\u0301\"><img decoding=\"async\" width=\"1549\" height=\"1045\" src=\"https:\/\/www.deco-charpente.fr\/wp-content\/uploads\/2024\/12\/Local-ferme.jpg\" class=\"img-responsive wp-image-11402\" srcset=\"https:\/\/www.deco-charpente.fr\/wp-content\/uploads\/2024\/12\/Local-ferme-200x135.jpg 200w, https:\/\/www.deco-charpente.fr\/wp-content\/uploads\/2024\/12\/Local-ferme-400x270.jpg 400w, https:\/\/www.deco-charpente.fr\/wp-content\/uploads\/2024\/12\/Local-ferme-600x405.jpg 600w, https:\/\/www.deco-charpente.fr\/wp-content\/uploads\/2024\/12\/Local-ferme-800x540.jpg 800w, https:\/\/www.deco-charpente.fr\/wp-content\/uploads\/2024\/12\/Local-ferme-1200x810.jpg 1200w, https:\/\/www.deco-charpente.fr\/wp-content\/uploads\/2024\/12\/Local-ferme.jpg 1549w\" sizes=\"(max-width: 1024px) 100vw, (max-width: 640px) 100vw, 600px\" \/><\/a><\/span><\/div><div class=\"fusion-text fusion-text-249 tags\" style=\"transform:translate3d(0,0,0);\"><p>Decorative solution<\/p>\n<\/div><div class=\"fusion-text fusion-text-250 description\" style=\"transform:translate3d(0,0,0);\"><p style=\"text-align: center;\">Local ferm\u00e9 en bois<\/p>\n<\/div><\/div><\/div><style type=\"text\/css\">.fusion-body .fusion-builder-column-125{width:25% !important;margin-top : 0px;margin-bottom : 20px;}.fusion-builder-column-125 > .fusion-column-wrapper {padding-top : 0px !important;padding-right : 0px !important;margin-right : 7.68%;padding-bottom : 0px !important;padding-left : 0px !important;margin-left : 7.68%;}@media only screen and (max-width:1024px) {.fusion-body .fusion-builder-column-125{width:100% !important;order : 0;}.fusion-builder-column-125 > .fusion-column-wrapper {margin-right : 1.92%;margin-left : 1.92%;}}@media only screen and (max-width:640px) {.fusion-body .fusion-builder-column-125{width:100% !important;order : 0;}.fusion-builder-column-125 > .fusion-column-wrapper {margin-right : 1.92%;margin-left : 1.92%;}}<\/style><div class=\"fusion-layout-column fusion_builder_column fusion-builder-column-126 fusion_builder_column_1_4 1_4 fusion-flex-column img-to-filter\"><div class=\"fusion-column-wrapper fusion-flex-justify-content-flex-start fusion-content-layout-column\" style=\"background-position:left top;background-repeat:no-repeat;-webkit-background-size:cover;-moz-background-size:cover;-o-background-size:cover;background-size:cover;padding: 0px 0px 0px 0px;\"><div ><span class=\"fusion-imageframe imageframe-none imageframe-126 hover-type-none\"><a href=\"https:\/\/www.deco-charpente.fr\/wp-content\/uploads\/2022\/02\/1643749508606-e1651581192915.jpeg\" class=\"fusion-lightbox\" data-rel=\"iLightbox[gallery-image]\" data-title=\"Terrasse en IPE\" title=\"IPE terrace\"><img decoding=\"async\" width=\"1109\" height=\"977\" alt=\"Terrasse en IPE\" src=\"https:\/\/www.deco-charpente.fr\/wp-content\/uploads\/2022\/02\/1643749508606-e1651581192915.jpeg\" class=\"img-responsive wp-image-5339\" srcset=\"https:\/\/www.deco-charpente.fr\/wp-content\/uploads\/2022\/02\/1643749508606-e1651581192915-200x176.jpeg 200w, https:\/\/www.deco-charpente.fr\/wp-content\/uploads\/2022\/02\/1643749508606-e1651581192915-400x352.jpeg 400w, https:\/\/www.deco-charpente.fr\/wp-content\/uploads\/2022\/02\/1643749508606-e1651581192915-600x529.jpeg 600w, https:\/\/www.deco-charpente.fr\/wp-content\/uploads\/2022\/02\/1643749508606-e1651581192915-800x705.jpeg 800w, https:\/\/www.deco-charpente.fr\/wp-content\/uploads\/2022\/02\/1643749508606-e1651581192915.jpeg 1109w\" sizes=\"(max-width: 1024px) 100vw, (max-width: 640px) 100vw, 600px\" \/><\/a><\/span><\/div><div class=\"fusion-text fusion-text-251 tags\" style=\"transform:translate3d(0,0,0);\"><p>Decorative solution<\/p>\n<\/div><div class=\"fusion-text fusion-text-252 description\" style=\"transform:translate3d(0,0,0);\"><p style=\"text-align: center;\">Wooden terrace balcony<\/p>\n<\/div><\/div><\/div><style type=\"text\/css\">.fusion-body .fusion-builder-column-126{width:25% !important;margin-top : 0px;margin-bottom : 20px;}.fusion-builder-column-126 > .fusion-column-wrapper {padding-top : 0px !important;padding-right : 0px !important;margin-right : 7.68%;padding-bottom : 0px !important;padding-left : 0px !important;margin-left : 7.68%;}@media only screen and (max-width:1024px) {.fusion-body .fusion-builder-column-126{width:100% !important;order : 0;}.fusion-builder-column-126 > .fusion-column-wrapper {margin-right : 1.92%;margin-left : 1.92%;}}@media only screen and (max-width:640px) {.fusion-body .fusion-builder-column-126{width:100% !important;order : 0;}.fusion-builder-column-126 > .fusion-column-wrapper {margin-right : 1.92%;margin-left : 1.92%;}}<\/style><div class=\"fusion-layout-column fusion_builder_column fusion-builder-column-127 fusion_builder_column_1_4 1_4 fusion-flex-column img-to-filter\"><div class=\"fusion-column-wrapper fusion-flex-justify-content-flex-start fusion-content-layout-column\" style=\"background-position:left top;background-repeat:no-repeat;-webkit-background-size:cover;-moz-background-size:cover;-o-background-size:cover;background-size:cover;padding: 0px 0px 0px 0px;\"><div ><span class=\"fusion-imageframe imageframe-none imageframe-127 hover-type-none\"><a href=\"https:\/\/www.deco-charpente.fr\/wp-content\/uploads\/2021\/09\/Balcon-terrasse-en-bois.jpg\" class=\"fusion-lightbox\" data-rel=\"iLightbox[gallery-image]\" data-title=\"Balcon terrasse en bois\" title=\"Wooden terrace balcony\"><img decoding=\"async\" width=\"1093\" height=\"820\" src=\"https:\/\/www.deco-charpente.fr\/wp-content\/uploads\/2021\/09\/Balcon-terrasse-en-bois.jpg\" class=\"img-responsive wp-image-5103\" srcset=\"https:\/\/www.deco-charpente.fr\/wp-content\/uploads\/2021\/09\/Balcon-terrasse-en-bois-200x150.jpg 200w, https:\/\/www.deco-charpente.fr\/wp-content\/uploads\/2021\/09\/Balcon-terrasse-en-bois-400x300.jpg 400w, https:\/\/www.deco-charpente.fr\/wp-content\/uploads\/2021\/09\/Balcon-terrasse-en-bois-600x450.jpg 600w, https:\/\/www.deco-charpente.fr\/wp-content\/uploads\/2021\/09\/Balcon-terrasse-en-bois-800x600.jpg 800w, https:\/\/www.deco-charpente.fr\/wp-content\/uploads\/2021\/09\/Balcon-terrasse-en-bois.jpg 1093w\" sizes=\"(max-width: 1024px) 100vw, (max-width: 640px) 100vw, 600px\" \/><\/a><\/span><\/div><div class=\"fusion-text fusion-text-253 tags\" style=\"transform:translate3d(0,0,0);\"><p>Decorative solution<\/p>\n<\/div><div class=\"fusion-text fusion-text-254 description\" style=\"transform:translate3d(0,0,0);\"><p style=\"text-align: center;\">Wooden terrace balcony<\/p>\n<\/div><\/div><\/div><style type=\"text\/css\">.fusion-body .fusion-builder-column-127{width:25% !important;margin-top : 0px;margin-bottom : 20px;}.fusion-builder-column-127 > .fusion-column-wrapper {padding-top : 0px !important;padding-right : 0px !important;margin-right : 7.68%;padding-bottom : 0px !important;padding-left : 0px !important;margin-left : 7.68%;}@media only screen and (max-width:1024px) {.fusion-body .fusion-builder-column-127{width:100% !important;order : 0;}.fusion-builder-column-127 > .fusion-column-wrapper {margin-right : 1.92%;margin-left : 1.92%;}}@media only screen and (max-width:640px) {.fusion-body .fusion-builder-column-127{width:100% !important;order : 0;}.fusion-builder-column-127 > .fusion-column-wrapper {margin-right : 1.92%;margin-left : 1.92%;}}<\/style><div class=\"fusion-layout-column fusion_builder_column fusion-builder-column-128 fusion_builder_column_1_4 1_4 fusion-flex-column img-to-filter\"><div class=\"fusion-column-wrapper fusion-flex-justify-content-flex-start fusion-content-layout-column\" style=\"background-position:left top;background-repeat:no-repeat;-webkit-background-size:cover;-moz-background-size:cover;-o-background-size:cover;background-size:cover;padding: 0px 0px 0px 0px;\"><div ><span class=\"fusion-imageframe imageframe-none imageframe-128 hover-type-none\"><a href=\"https:\/\/www.deco-charpente.fr\/wp-content\/uploads\/2024\/12\/Abri-4-pentes.jpg\" class=\"fusion-lightbox\" data-rel=\"iLightbox[gallery-image]\" data-title=\"Abri 4 pentes\" title=\"Abri 4 pentes\"><img decoding=\"async\" width=\"2048\" height=\"1536\" src=\"https:\/\/www.deco-charpente.fr\/wp-content\/uploads\/2024\/12\/Abri-4-pentes.jpg\" class=\"img-responsive wp-image-11393\" srcset=\"https:\/\/www.deco-charpente.fr\/wp-content\/uploads\/2024\/12\/Abri-4-pentes-200x150.jpg 200w, https:\/\/www.deco-charpente.fr\/wp-content\/uploads\/2024\/12\/Abri-4-pentes-400x300.jpg 400w, https:\/\/www.deco-charpente.fr\/wp-content\/uploads\/2024\/12\/Abri-4-pentes-600x450.jpg 600w, https:\/\/www.deco-charpente.fr\/wp-content\/uploads\/2024\/12\/Abri-4-pentes-800x600.jpg 800w, https:\/\/www.deco-charpente.fr\/wp-content\/uploads\/2024\/12\/Abri-4-pentes-1200x900.jpg 1200w, https:\/\/www.deco-charpente.fr\/wp-content\/uploads\/2024\/12\/Abri-4-pentes.jpg 2048w\" sizes=\"(max-width: 1024px) 100vw, (max-width: 640px) 100vw, 600px\" \/><\/a><\/span><\/div><div class=\"fusion-text fusion-text-255 tags\" style=\"transform:translate3d(0,0,0);\"><p>Decorative solution<\/p>\n<\/div><div class=\"fusion-text fusion-text-256 description\" style=\"transform:translate3d(0,0,0);\"><p style=\"text-align: center;\">Espace d\u00e9tente 4 pentes<\/p>\n<\/div><\/div><\/div><style type=\"text\/css\">.fusion-body .fusion-builder-column-128{width:25% !important;margin-top : 0px;margin-bottom : 20px;}.fusion-builder-column-128 > .fusion-column-wrapper {padding-top : 0px !important;padding-right : 0px !important;margin-right : 7.68%;padding-bottom : 0px !important;padding-left : 0px !important;margin-left : 7.68%;}@media only screen and (max-width:1024px) {.fusion-body .fusion-builder-column-128{width:100% !important;order : 0;}.fusion-builder-column-128 > .fusion-column-wrapper {margin-right : 1.92%;margin-left : 1.92%;}}@media only screen and (max-width:640px) {.fusion-body .fusion-builder-column-128{width:100% !important;order : 0;}.fusion-builder-column-128 > .fusion-column-wrapper {margin-right : 1.92%;margin-left : 1.92%;}}<\/style><div class=\"fusion-layout-column fusion_builder_column fusion-builder-column-129 fusion_builder_column_1_4 1_4 fusion-flex-column img-to-filter\"><div class=\"fusion-column-wrapper fusion-flex-justify-content-flex-start fusion-content-layout-column\" style=\"background-position:left top;background-repeat:no-repeat;-webkit-background-size:cover;-moz-background-size:cover;-o-background-size:cover;background-size:cover;padding: 0px 0px 0px 0px;\"><div ><span class=\"fusion-imageframe imageframe-none imageframe-129 hover-type-none\"><a href=\"https:\/\/www.deco-charpente.fr\/wp-content\/uploads\/2024\/09\/IMG_5881-compressed.jpg\" class=\"fusion-lightbox\" data-rel=\"iLightbox[gallery-image]\"><img decoding=\"async\" width=\"2048\" height=\"1536\" src=\"https:\/\/www.deco-charpente.fr\/wp-content\/uploads\/2024\/09\/IMG_5881-compressed.jpg\" class=\"img-responsive wp-image-11266\" srcset=\"https:\/\/www.deco-charpente.fr\/wp-content\/uploads\/2024\/09\/IMG_5881-compressed-200x150.jpg 200w, https:\/\/www.deco-charpente.fr\/wp-content\/uploads\/2024\/09\/IMG_5881-compressed-400x300.jpg 400w, https:\/\/www.deco-charpente.fr\/wp-content\/uploads\/2024\/09\/IMG_5881-compressed-600x450.jpg 600w, https:\/\/www.deco-charpente.fr\/wp-content\/uploads\/2024\/09\/IMG_5881-compressed-800x600.jpg 800w, https:\/\/www.deco-charpente.fr\/wp-content\/uploads\/2024\/09\/IMG_5881-compressed-1200x900.jpg 1200w, https:\/\/www.deco-charpente.fr\/wp-content\/uploads\/2024\/09\/IMG_5881-compressed.jpg 2048w\" sizes=\"(max-width: 1024px) 100vw, (max-width: 640px) 100vw, 600px\" \/><\/a><\/span><\/div><div class=\"fusion-text fusion-text-257 tags\" style=\"transform:translate3d(0,0,0);\"><p>Decorative solution<\/p>\n<\/div><div class=\"fusion-text fusion-text-258 description\" style=\"transform:translate3d(0,0,0);\"><p style=\"text-align: center;\">Relaxation area with shuttered wall<\/p>\n<\/div><\/div><\/div><style type=\"text\/css\">.fusion-body .fusion-builder-column-129{width:25% !important;margin-top : 0px;margin-bottom : 20px;}.fusion-builder-column-129 > .fusion-column-wrapper {padding-top : 0px !important;padding-right : 0px !important;margin-right : 7.68%;padding-bottom : 0px !important;padding-left : 0px !important;margin-left : 7.68%;}@media only screen and (max-width:1024px) {.fusion-body .fusion-builder-column-129{width:100% !important;order : 0;}.fusion-builder-column-129 > .fusion-column-wrapper {margin-right : 1.92%;margin-left : 1.92%;}}@media only screen and (max-width:640px) {.fusion-body .fusion-builder-column-129{width:100% !important;order : 0;}.fusion-builder-column-129 > .fusion-column-wrapper {margin-right : 1.92%;margin-left : 1.92%;}}<\/style><div class=\"fusion-layout-column fusion_builder_column fusion-builder-column-130 fusion_builder_column_1_4 1_4 fusion-flex-column img-to-filter\"><div class=\"fusion-column-wrapper fusion-flex-justify-content-flex-start fusion-content-layout-column\" style=\"background-position:left top;background-repeat:no-repeat;-webkit-background-size:cover;-moz-background-size:cover;-o-background-size:cover;background-size:cover;padding: 0px 0px 0px 0px;\"><div ><span class=\"fusion-imageframe imageframe-none imageframe-130 hover-type-none\"><a href=\"https:\/\/www.deco-charpente.fr\/wp-content\/uploads\/2023\/03\/Pergola-avec-bar.jpg\" class=\"fusion-lightbox\" data-rel=\"iLightbox[gallery-image]\" data-title=\"Pergola avec bar\" title=\"Pergola with bar\"><img decoding=\"async\" width=\"1922\" height=\"1442\" src=\"https:\/\/www.deco-charpente.fr\/wp-content\/uploads\/2023\/03\/Pergola-avec-bar.jpg\" class=\"img-responsive wp-image-8449\" srcset=\"https:\/\/www.deco-charpente.fr\/wp-content\/uploads\/2023\/03\/Pergola-avec-bar-200x150.jpg 200w, https:\/\/www.deco-charpente.fr\/wp-content\/uploads\/2023\/03\/Pergola-avec-bar-400x300.jpg 400w, https:\/\/www.deco-charpente.fr\/wp-content\/uploads\/2023\/03\/Pergola-avec-bar-600x450.jpg 600w, https:\/\/www.deco-charpente.fr\/wp-content\/uploads\/2023\/03\/Pergola-avec-bar-800x600.jpg 800w, https:\/\/www.deco-charpente.fr\/wp-content\/uploads\/2023\/03\/Pergola-avec-bar-1200x900.jpg 1200w, https:\/\/www.deco-charpente.fr\/wp-content\/uploads\/2023\/03\/Pergola-avec-bar.jpg 1922w\" sizes=\"(max-width: 1024px) 100vw, (max-width: 640px) 100vw, 600px\" \/><\/a><\/span><\/div><div class=\"fusion-text fusion-text-259 tags\" style=\"transform:translate3d(0,0,0);\"><p>Decorative solution<\/p>\n<\/div><div class=\"fusion-text fusion-text-260 description\" style=\"transform:translate3d(0,0,0);\"><p style=\"text-align: center;\">Relaxation area with bar<\/p>\n<\/div><\/div><\/div><style type=\"text\/css\">.fusion-body .fusion-builder-column-130{width:25% !important;margin-top : 0px;margin-bottom : 20px;}.fusion-builder-column-130 > .fusion-column-wrapper {padding-top : 0px !important;padding-right : 0px !important;margin-right : 7.68%;padding-bottom : 0px !important;padding-left : 0px !important;margin-left : 7.68%;}@media only screen and (max-width:1024px) {.fusion-body .fusion-builder-column-130{width:100% !important;order : 0;}.fusion-builder-column-130 > .fusion-column-wrapper {margin-right : 1.92%;margin-left : 1.92%;}}@media only screen and (max-width:640px) {.fusion-body .fusion-builder-column-130{width:100% !important;order : 0;}.fusion-builder-column-130 > .fusion-column-wrapper {margin-right : 1.92%;margin-left : 1.92%;}}<\/style><div class=\"fusion-layout-column fusion_builder_column fusion-builder-column-131 fusion_builder_column_1_4 1_4 fusion-flex-column img-to-filter\"><div class=\"fusion-column-wrapper fusion-flex-justify-content-flex-start fusion-content-layout-column\" style=\"background-position:left top;background-repeat:no-repeat;-webkit-background-size:cover;-moz-background-size:cover;-o-background-size:cover;background-size:cover;padding: 0px 0px 0px 0px;\"><div ><span class=\"fusion-imageframe imageframe-none imageframe-131 hover-type-none\"><a href=\"https:\/\/www.deco-charpente.fr\/wp-content\/uploads\/2023\/03\/Pergola-cuisine.jpg\" class=\"fusion-lightbox\" data-rel=\"iLightbox[gallery-image]\" data-title=\"Pergola cuisine\" title=\"Kitchen pergola\"><img decoding=\"async\" width=\"1816\" height=\"1358\" src=\"https:\/\/www.deco-charpente.fr\/wp-content\/uploads\/2023\/03\/Pergola-cuisine.jpg\" class=\"img-responsive wp-image-8440\" srcset=\"https:\/\/www.deco-charpente.fr\/wp-content\/uploads\/2023\/03\/Pergola-cuisine-200x150.jpg 200w, https:\/\/www.deco-charpente.fr\/wp-content\/uploads\/2023\/03\/Pergola-cuisine-400x299.jpg 400w, https:\/\/www.deco-charpente.fr\/wp-content\/uploads\/2023\/03\/Pergola-cuisine-600x449.jpg 600w, https:\/\/www.deco-charpente.fr\/wp-content\/uploads\/2023\/03\/Pergola-cuisine-800x598.jpg 800w, https:\/\/www.deco-charpente.fr\/wp-content\/uploads\/2023\/03\/Pergola-cuisine-1200x897.jpg 1200w, https:\/\/www.deco-charpente.fr\/wp-content\/uploads\/2023\/03\/Pergola-cuisine.jpg 1816w\" sizes=\"(max-width: 1024px) 100vw, (max-width: 640px) 100vw, 600px\" \/><\/a><\/span><\/div><div class=\"fusion-text fusion-text-261 tags\" style=\"transform:translate3d(0,0,0);\"><p>Decorative solution<\/p>\n<\/div><div class=\"fusion-text fusion-text-262 description\" style=\"transform:translate3d(0,0,0);\"><p style=\"text-align: center;\">Relaxation area with bar<\/p>\n<\/div><\/div><\/div><style type=\"text\/css\">.fusion-body .fusion-builder-column-131{width:25% !important;margin-top : 0px;margin-bottom : 20px;}.fusion-builder-column-131 > .fusion-column-wrapper {padding-top : 0px !important;padding-right : 0px !important;margin-right : 7.68%;padding-bottom : 0px !important;padding-left : 0px !important;margin-left : 7.68%;}@media only screen and (max-width:1024px) {.fusion-body .fusion-builder-column-131{width:100% !important;order : 0;}.fusion-builder-column-131 > .fusion-column-wrapper {margin-right : 1.92%;margin-left : 1.92%;}}@media only screen and (max-width:640px) {.fusion-body .fusion-builder-column-131{width:100% !important;order : 0;}.fusion-builder-column-131 > .fusion-column-wrapper {margin-right : 1.92%;margin-left : 1.92%;}}<\/style><div class=\"fusion-layout-column fusion_builder_column fusion-builder-column-132 fusion_builder_column_1_4 1_4 fusion-flex-column img-to-filter\"><div class=\"fusion-column-wrapper fusion-flex-justify-content-flex-start fusion-content-layout-column\" style=\"background-position:left top;background-repeat:no-repeat;-webkit-background-size:cover;-moz-background-size:cover;-o-background-size:cover;background-size:cover;padding: 0px 0px 0px 0px;\"><div ><span class=\"fusion-imageframe imageframe-none imageframe-132 hover-type-none\"><a href=\"https:\/\/www.deco-charpente.fr\/wp-content\/uploads\/2020\/10\/espace-detente-bois-bar.jpg\" class=\"fusion-lightbox\" data-rel=\"iLightbox[gallery-image]\" data-title=\"espace detente bois bar\" title=\"wooden bar relaxation area\"><img decoding=\"async\" width=\"677\" height=\"508\" src=\"https:\/\/www.deco-charpente.fr\/wp-content\/uploads\/2020\/10\/espace-detente-bois-bar.jpg\" class=\"img-responsive wp-image-3792\" srcset=\"https:\/\/www.deco-charpente.fr\/wp-content\/uploads\/2020\/10\/espace-detente-bois-bar-200x150.jpg 200w, https:\/\/www.deco-charpente.fr\/wp-content\/uploads\/2020\/10\/espace-detente-bois-bar-400x300.jpg 400w, https:\/\/www.deco-charpente.fr\/wp-content\/uploads\/2020\/10\/espace-detente-bois-bar-600x450.jpg 600w, https:\/\/www.deco-charpente.fr\/wp-content\/uploads\/2020\/10\/espace-detente-bois-bar.jpg 677w\" sizes=\"(max-width: 1024px) 100vw, (max-width: 640px) 100vw, 600px\" \/><\/a><\/span><\/div><div class=\"fusion-text fusion-text-263 tags\" style=\"transform:translate3d(0,0,0);\"><p>Decorative solution<\/p>\n<\/div><div class=\"fusion-text fusion-text-264 description\" style=\"transform:translate3d(0,0,0);\"><p style=\"text-align: center;\">Relaxation area with bar<\/p>\n<\/div><\/div><\/div><style type=\"text\/css\">.fusion-body .fusion-builder-column-132{width:25% !important;margin-top : 0px;margin-bottom : 20px;}.fusion-builder-column-132 > .fusion-column-wrapper {padding-top : 0px !important;padding-right : 0px !important;margin-right : 7.68%;padding-bottom : 0px !important;padding-left : 0px !important;margin-left : 7.68%;}@media only screen and (max-width:1024px) {.fusion-body .fusion-builder-column-132{width:100% !important;order : 0;}.fusion-builder-column-132 > .fusion-column-wrapper {margin-right : 1.92%;margin-left : 1.92%;}}@media only screen and (max-width:640px) {.fusion-body .fusion-builder-column-132{width:100% !important;order : 0;}.fusion-builder-column-132 > .fusion-column-wrapper {margin-right : 1.92%;margin-left : 1.92%;}}<\/style><div class=\"fusion-layout-column fusion_builder_column fusion-builder-column-133 fusion_builder_column_1_4 1_4 fusion-flex-column img-to-filter\"><div class=\"fusion-column-wrapper fusion-flex-justify-content-flex-start fusion-content-layout-column\" style=\"background-position:left top;background-repeat:no-repeat;-webkit-background-size:cover;-moz-background-size:cover;-o-background-size:cover;background-size:cover;padding: 0px 0px 0px 0px;\"><div ><span class=\"fusion-imageframe imageframe-none imageframe-133 hover-type-none\"><a href=\"https:\/\/www.deco-charpente.fr\/wp-content\/uploads\/2023\/10\/Abri-solaire.jpg\" class=\"fusion-lightbox\" data-rel=\"iLightbox[gallery-image]\" data-title=\"Abri-solaire\" title=\"Solar shelter\"><img decoding=\"async\" width=\"1001\" height=\"751\" src=\"https:\/\/www.deco-charpente.fr\/wp-content\/uploads\/2023\/10\/Abri-solaire.jpg\" class=\"img-responsive wp-image-9499\"\/><\/a><\/span><\/div><div class=\"fusion-text fusion-text-265 tags\" style=\"transform:translate3d(0,0,0);\"><p>Decorative solution<\/p>\n<\/div><div class=\"fusion-text fusion-text-266 description\" style=\"transform:translate3d(0,0,0);\"><p style=\"text-align: center;\">Shelter with solar panels<\/p>\n<\/div><\/div><\/div><style type=\"text\/css\">.fusion-body .fusion-builder-column-133{width:25% !important;margin-top : 0px;margin-bottom : 20px;}.fusion-builder-column-133 > .fusion-column-wrapper {padding-top : 0px !important;padding-right : 0px !important;margin-right : 7.68%;padding-bottom : 0px !important;padding-left : 0px !important;margin-left : 7.68%;}@media only screen and (max-width:1024px) {.fusion-body .fusion-builder-column-133{width:100% !important;order : 0;}.fusion-builder-column-133 > .fusion-column-wrapper {margin-right : 1.92%;margin-left : 1.92%;}}@media only screen and (max-width:640px) {.fusion-body .fusion-builder-column-133{width:100% !important;order : 0;}.fusion-builder-column-133 > .fusion-column-wrapper {margin-right : 1.92%;margin-left : 1.92%;}}<\/style><div class=\"fusion-layout-column fusion_builder_column fusion-builder-column-134 fusion_builder_column_1_4 1_4 fusion-flex-column img-to-filter\"><div class=\"fusion-column-wrapper fusion-flex-justify-content-flex-start fusion-content-layout-column\" style=\"background-position:left top;background-repeat:no-repeat;-webkit-background-size:cover;-moz-background-size:cover;-o-background-size:cover;background-size:cover;padding: 0px 0px 0px 0px;\"><div ><span class=\"fusion-imageframe imageframe-none imageframe-134 hover-type-none\"><a href=\"https:\/\/www.deco-charpente.fr\/wp-content\/uploads\/2020\/10\/abri-2-niveaux.jpg\" class=\"fusion-lightbox\" data-rel=\"iLightbox[gallery-image]\" data-title=\"abri-2-niveaux\" title=\"shelter-2-levels\"><img decoding=\"async\" width=\"1920\" height=\"1440\" alt=\"abri-2-niveaux\" src=\"https:\/\/www.deco-charpente.fr\/wp-content\/uploads\/2020\/10\/abri-2-niveaux.jpg\" class=\"img-responsive wp-image-3835\" srcset=\"https:\/\/www.deco-charpente.fr\/wp-content\/uploads\/2020\/10\/abri-2-niveaux-200x150.jpg 200w, https:\/\/www.deco-charpente.fr\/wp-content\/uploads\/2020\/10\/abri-2-niveaux-400x300.jpg 400w, https:\/\/www.deco-charpente.fr\/wp-content\/uploads\/2020\/10\/abri-2-niveaux-600x450.jpg 600w, https:\/\/www.deco-charpente.fr\/wp-content\/uploads\/2020\/10\/abri-2-niveaux-800x600.jpg 800w, https:\/\/www.deco-charpente.fr\/wp-content\/uploads\/2020\/10\/abri-2-niveaux-1200x900.jpg 1200w, https:\/\/www.deco-charpente.fr\/wp-content\/uploads\/2020\/10\/abri-2-niveaux.jpg 1920w\" sizes=\"(max-width: 1024px) 100vw, (max-width: 640px) 100vw, 600px\" \/><\/a><\/span><\/div><div class=\"fusion-text fusion-text-267 tags\" style=\"transform:translate3d(0,0,0);\"><p>Carport<\/p>\n<\/div><div class=\"fusion-text fusion-text-268 description\" style=\"transform:translate3d(0,0,0);\"><p>2 level carport<\/p>\n<\/div><\/div><\/div><style type=\"text\/css\">.fusion-body .fusion-builder-column-134{width:25% !important;margin-top : 0px;margin-bottom : 20px;}.fusion-builder-column-134 > .fusion-column-wrapper {padding-top : 0px !important;padding-right : 0px !important;margin-right : 7.68%;padding-bottom : 0px !important;padding-left : 0px !important;margin-left : 7.68%;}@media only screen and (max-width:1024px) {.fusion-body .fusion-builder-column-134{width:100% !important;order : 0;}.fusion-builder-column-134 > .fusion-column-wrapper {margin-right : 1.92%;margin-left : 1.92%;}}@media only screen and (max-width:640px) {.fusion-body .fusion-builder-column-134{width:100% !important;order : 0;}.fusion-builder-column-134 > .fusion-column-wrapper {margin-right : 1.92%;margin-left : 1.92%;}}<\/style><div class=\"fusion-layout-column fusion_builder_column fusion-builder-column-135 fusion_builder_column_1_4 1_4 fusion-flex-column img-to-filter\"><div class=\"fusion-column-wrapper fusion-flex-justify-content-flex-start fusion-content-layout-column\" style=\"background-position:left top;background-repeat:no-repeat;-webkit-background-size:cover;-moz-background-size:cover;-o-background-size:cover;background-size:cover;padding: 0px 0px 0px 0px;\"><div ><span class=\"fusion-imageframe imageframe-none imageframe-135 hover-type-none\"><a href=\"https:\/\/www.deco-charpente.fr\/wp-content\/uploads\/2023\/02\/C10-fevrier2-compressed.jpg\" class=\"fusion-lightbox\" data-rel=\"iLightbox[gallery-image]\" data-title=\"carport bois La Seyne Sur mer\" title=\"wooden carport La Seyne Sur mer\"><img decoding=\"async\" width=\"1655\" height=\"1241\" alt=\"carport bois La Seyne Sur mer\" src=\"https:\/\/www.deco-charpente.fr\/wp-content\/uploads\/2023\/02\/C10-fevrier2-compressed.jpg\" class=\"img-responsive wp-image-7837\" srcset=\"https:\/\/www.deco-charpente.fr\/wp-content\/uploads\/2023\/02\/C10-fevrier2-compressed-200x150.jpg 200w, https:\/\/www.deco-charpente.fr\/wp-content\/uploads\/2023\/02\/C10-fevrier2-compressed-400x300.jpg 400w, https:\/\/www.deco-charpente.fr\/wp-content\/uploads\/2023\/02\/C10-fevrier2-compressed-600x450.jpg 600w, https:\/\/www.deco-charpente.fr\/wp-content\/uploads\/2023\/02\/C10-fevrier2-compressed-800x600.jpg 800w, https:\/\/www.deco-charpente.fr\/wp-content\/uploads\/2023\/02\/C10-fevrier2-compressed-1200x900.jpg 1200w, https:\/\/www.deco-charpente.fr\/wp-content\/uploads\/2023\/02\/C10-fevrier2-compressed.jpg 1655w\" sizes=\"(max-width: 1024px) 100vw, (max-width: 640px) 100vw, 600px\" \/><\/a><\/span><\/div><div class=\"fusion-text fusion-text-269 tags\" style=\"transform:translate3d(0,0,0);\"><p>Carport<\/p>\n<\/div><div class=\"fusion-text fusion-text-270 description\" style=\"transform:translate3d(0,0,0);\"><p>Self-supporting car shelter<\/p>\n<\/div><\/div><\/div><style type=\"text\/css\">.fusion-body .fusion-builder-column-135{width:25% !important;margin-top : 0px;margin-bottom : 20px;}.fusion-builder-column-135 > .fusion-column-wrapper {padding-top : 0px !important;padding-right : 0px !important;margin-right : 7.68%;padding-bottom : 0px !important;padding-left : 0px !important;margin-left : 7.68%;}@media only screen and (max-width:1024px) {.fusion-body .fusion-builder-column-135{width:100% !important;order : 0;}.fusion-builder-column-135 > .fusion-column-wrapper {margin-right : 1.92%;margin-left : 1.92%;}}@media only screen and (max-width:640px) {.fusion-body .fusion-builder-column-135{width:100% !important;order : 0;}.fusion-builder-column-135 > .fusion-column-wrapper {margin-right : 1.92%;margin-left : 1.92%;}}<\/style><div class=\"fusion-layout-column fusion_builder_column fusion-builder-column-136 fusion_builder_column_1_4 1_4 fusion-flex-column img-to-filter\"><div class=\"fusion-column-wrapper fusion-flex-justify-content-flex-start fusion-content-layout-column\" style=\"background-position:left top;background-repeat:no-repeat;-webkit-background-size:cover;-moz-background-size:cover;-o-background-size:cover;background-size:cover;padding: 0px 0px 0px 0px;\"><div ><span class=\"fusion-imageframe imageframe-none imageframe-136 hover-type-none\"><a href=\"https:\/\/www.deco-charpente.fr\/wp-content\/uploads\/2023\/02\/Abri-voiture-autoporte.jpg\" class=\"fusion-lightbox\" data-rel=\"iLightbox[gallery-image]\" data-title=\"Abri voiture autoport\u00e9\" title=\"Self-supporting car shelter\"><img decoding=\"async\" width=\"2016\" height=\"1512\" src=\"https:\/\/www.deco-charpente.fr\/wp-content\/uploads\/2023\/02\/Abri-voiture-autoporte.jpg\" class=\"img-responsive wp-image-8217\" srcset=\"https:\/\/www.deco-charpente.fr\/wp-content\/uploads\/2023\/02\/Abri-voiture-autoporte-200x150.jpg 200w, https:\/\/www.deco-charpente.fr\/wp-content\/uploads\/2023\/02\/Abri-voiture-autoporte-400x300.jpg 400w, https:\/\/www.deco-charpente.fr\/wp-content\/uploads\/2023\/02\/Abri-voiture-autoporte-600x450.jpg 600w, https:\/\/www.deco-charpente.fr\/wp-content\/uploads\/2023\/02\/Abri-voiture-autoporte-800x600.jpg 800w, https:\/\/www.deco-charpente.fr\/wp-content\/uploads\/2023\/02\/Abri-voiture-autoporte-1200x900.jpg 1200w, https:\/\/www.deco-charpente.fr\/wp-content\/uploads\/2023\/02\/Abri-voiture-autoporte.jpg 2016w\" sizes=\"(max-width: 1024px) 100vw, (max-width: 640px) 100vw, 600px\" \/><\/a><\/span><\/div><div class=\"fusion-text fusion-text-271 tags\" style=\"transform:translate3d(0,0,0);\"><p>Carport<\/p>\n<\/div><div class=\"fusion-text fusion-text-272 description\" style=\"transform:translate3d(0,0,0);\"><p>Self-supporting car shelter<\/p>\n<\/div><\/div><\/div><style type=\"text\/css\">.fusion-body .fusion-builder-column-136{width:25% !important;margin-top : 0px;margin-bottom : 20px;}.fusion-builder-column-136 > .fusion-column-wrapper {padding-top : 0px !important;padding-right : 0px !important;margin-right : 7.68%;padding-bottom : 0px !important;padding-left : 0px !important;margin-left : 7.68%;}@media only screen and (max-width:1024px) {.fusion-body .fusion-builder-column-136{width:100% !important;order : 0;}.fusion-builder-column-136 > .fusion-column-wrapper {margin-right : 1.92%;margin-left : 1.92%;}}@media only screen and (max-width:640px) {.fusion-body .fusion-builder-column-136{width:100% !important;order : 0;}.fusion-builder-column-136 > .fusion-column-wrapper {margin-right : 1.92%;margin-left : 1.92%;}}<\/style><div class=\"fusion-layout-column fusion_builder_column fusion-builder-column-137 fusion_builder_column_1_4 1_4 fusion-flex-column img-to-filter\"><div class=\"fusion-column-wrapper fusion-flex-justify-content-flex-start fusion-content-layout-column\" style=\"background-position:left top;background-repeat:no-repeat;-webkit-background-size:cover;-moz-background-size:cover;-o-background-size:cover;background-size:cover;padding: 0px 0px 0px 0px;\"><div ><span class=\"fusion-imageframe imageframe-none imageframe-137 hover-type-none\"><a href=\"https:\/\/www.deco-charpente.fr\/wp-content\/uploads\/2022\/06\/Abri-voiture-C2-4-compressed.jpg\" class=\"fusion-lightbox\" data-rel=\"iLightbox[gallery-image]\" data-title=\"C\" title=\"VS\"><img decoding=\"async\" width=\"1403\" height=\"1052\" alt=\"Carport bois Le Tholonet\" src=\"https:\/\/www.deco-charpente.fr\/wp-content\/uploads\/2022\/06\/Abri-voiture-C2-4-compressed.jpg\" class=\"img-responsive wp-image-7432\" srcset=\"https:\/\/www.deco-charpente.fr\/wp-content\/uploads\/2022\/06\/Abri-voiture-C2-4-compressed-200x150.jpg 200w, https:\/\/www.deco-charpente.fr\/wp-content\/uploads\/2022\/06\/Abri-voiture-C2-4-compressed-400x300.jpg 400w, https:\/\/www.deco-charpente.fr\/wp-content\/uploads\/2022\/06\/Abri-voiture-C2-4-compressed-600x450.jpg 600w, https:\/\/www.deco-charpente.fr\/wp-content\/uploads\/2022\/06\/Abri-voiture-C2-4-compressed-800x600.jpg 800w, https:\/\/www.deco-charpente.fr\/wp-content\/uploads\/2022\/06\/Abri-voiture-C2-4-compressed-1200x900.jpg 1200w, https:\/\/www.deco-charpente.fr\/wp-content\/uploads\/2022\/06\/Abri-voiture-C2-4-compressed.jpg 1403w\" sizes=\"(max-width: 1024px) 100vw, (max-width: 640px) 100vw, 600px\" \/><\/a><\/span><\/div><div class=\"fusion-text fusion-text-273 tags\" style=\"transform:translate3d(0,0,0);\"><p>Carport<\/p>\n<\/div><div class=\"fusion-text fusion-text-274 description\" style=\"transform:translate3d(0,0,0);\"><p>Self-supporting car shelter<\/p>\n<\/div><\/div><\/div><style type=\"text\/css\">.fusion-body .fusion-builder-column-137{width:25% !important;margin-top : 0px;margin-bottom : 20px;}.fusion-builder-column-137 > .fusion-column-wrapper {padding-top : 0px !important;padding-right : 0px !important;margin-right : 7.68%;padding-bottom : 0px !important;padding-left : 0px !important;margin-left : 7.68%;}@media only screen and (max-width:1024px) {.fusion-body .fusion-builder-column-137{width:100% !important;order : 0;}.fusion-builder-column-137 > .fusion-column-wrapper {margin-right : 1.92%;margin-left : 1.92%;}}@media only screen and (max-width:640px) {.fusion-body .fusion-builder-column-137{width:100% !important;order : 0;}.fusion-builder-column-137 > .fusion-column-wrapper {margin-right : 1.92%;margin-left : 1.92%;}}<\/style><div class=\"fusion-layout-column fusion_builder_column fusion-builder-column-138 fusion_builder_column_1_4 1_4 fusion-flex-column img-to-filter\"><div class=\"fusion-column-wrapper fusion-flex-justify-content-flex-start fusion-content-layout-column\" style=\"background-position:left top;background-repeat:no-repeat;-webkit-background-size:cover;-moz-background-size:cover;-o-background-size:cover;background-size:cover;padding: 0px 0px 0px 0px;\"><div ><span class=\"fusion-imageframe imageframe-none imageframe-138 hover-type-none\"><a href=\"https:\/\/www.deco-charpente.fr\/wp-content\/uploads\/2020\/10\/Abri-voiture2.jpg\" class=\"fusion-lightbox\" data-rel=\"iLightbox[gallery-image]\" data-title=\"Abri voiture2\" title=\"Carport2\"><img decoding=\"async\" width=\"1280\" height=\"959\" src=\"https:\/\/www.deco-charpente.fr\/wp-content\/uploads\/2020\/10\/Abri-voiture2.jpg\" class=\"img-responsive wp-image-3803\" srcset=\"https:\/\/www.deco-charpente.fr\/wp-content\/uploads\/2020\/10\/Abri-voiture2-200x150.jpg 200w, https:\/\/www.deco-charpente.fr\/wp-content\/uploads\/2020\/10\/Abri-voiture2-400x300.jpg 400w, https:\/\/www.deco-charpente.fr\/wp-content\/uploads\/2020\/10\/Abri-voiture2-600x450.jpg 600w, https:\/\/www.deco-charpente.fr\/wp-content\/uploads\/2020\/10\/Abri-voiture2-800x599.jpg 800w, https:\/\/www.deco-charpente.fr\/wp-content\/uploads\/2020\/10\/Abri-voiture2-1200x899.jpg 1200w, https:\/\/www.deco-charpente.fr\/wp-content\/uploads\/2020\/10\/Abri-voiture2.jpg 1280w\" sizes=\"(max-width: 1024px) 100vw, (max-width: 640px) 100vw, 600px\" \/><\/a><\/span><\/div><div class=\"fusion-text fusion-text-275 tags\" style=\"transform:translate3d(0,0,0);\"><p>Carport<\/p>\n<\/div><div class=\"fusion-text fusion-text-276 description\" style=\"transform:translate3d(0,0,0);\"><p>Self-supporting car shelter<\/p>\n<\/div><\/div><\/div><style type=\"text\/css\">.fusion-body .fusion-builder-column-138{width:25% !important;margin-top : 0px;margin-bottom : 20px;}.fusion-builder-column-138 > .fusion-column-wrapper {padding-top : 0px !important;padding-right : 0px !important;margin-right : 7.68%;padding-bottom : 0px !important;padding-left : 0px !important;margin-left : 7.68%;}@media only screen and (max-width:1024px) {.fusion-body .fusion-builder-column-138{width:100% !important;order : 0;}.fusion-builder-column-138 > .fusion-column-wrapper {margin-right : 1.92%;margin-left : 1.92%;}}@media only screen and (max-width:640px) {.fusion-body .fusion-builder-column-138{width:100% !important;order : 0;}.fusion-builder-column-138 > .fusion-column-wrapper {margin-right : 1.92%;margin-left : 1.92%;}}<\/style><div class=\"fusion-layout-column fusion_builder_column fusion-builder-column-139 fusion_builder_column_1_4 1_4 fusion-flex-column img-to-filter\"><div class=\"fusion-column-wrapper fusion-flex-justify-content-flex-start fusion-content-layout-column\" style=\"background-position:left top;background-repeat:no-repeat;-webkit-background-size:cover;-moz-background-size:cover;-o-background-size:cover;background-size:cover;padding: 0px 0px 0px 0px;\"><div ><span class=\"fusion-imageframe imageframe-none imageframe-139 hover-type-none\"><a href=\"https:\/\/www.deco-charpente.fr\/wp-content\/uploads\/2020\/12\/Abri-voiture-c7-2.jpg\" class=\"fusion-lightbox\" data-rel=\"iLightbox[gallery-image]\" data-title=\"Abri-voiture mixte\" title=\"Mixed carport\"><img decoding=\"async\" width=\"1280\" height=\"959\" alt=\"Abri-voiture mixte\" src=\"https:\/\/www.deco-charpente.fr\/wp-content\/uploads\/2020\/12\/Abri-voiture-c7-2.jpg\" class=\"img-responsive wp-image-3917\" srcset=\"https:\/\/www.deco-charpente.fr\/wp-content\/uploads\/2020\/12\/Abri-voiture-c7-2-200x150.jpg 200w, https:\/\/www.deco-charpente.fr\/wp-content\/uploads\/2020\/12\/Abri-voiture-c7-2-400x300.jpg 400w, https:\/\/www.deco-charpente.fr\/wp-content\/uploads\/2020\/12\/Abri-voiture-c7-2-600x450.jpg 600w, https:\/\/www.deco-charpente.fr\/wp-content\/uploads\/2020\/12\/Abri-voiture-c7-2-800x599.jpg 800w, https:\/\/www.deco-charpente.fr\/wp-content\/uploads\/2020\/12\/Abri-voiture-c7-2-1200x899.jpg 1200w, https:\/\/www.deco-charpente.fr\/wp-content\/uploads\/2020\/12\/Abri-voiture-c7-2.jpg 1280w\" sizes=\"(max-width: 1024px) 100vw, (max-width: 640px) 100vw, 600px\" \/><\/a><\/span><\/div><div class=\"fusion-text fusion-text-277 tags\" style=\"transform:translate3d(0,0,0);\"><p>Carport<\/p>\n<\/div><div class=\"fusion-text fusion-text-278 description\" style=\"transform:translate3d(0,0,0);\"><p>Mixed car shelter<\/p>\n<\/div><\/div><\/div><style type=\"text\/css\">.fusion-body .fusion-builder-column-139{width:25% !important;margin-top : 0px;margin-bottom : 20px;}.fusion-builder-column-139 > .fusion-column-wrapper {padding-top : 0px !important;padding-right : 0px !important;margin-right : 7.68%;padding-bottom : 0px !important;padding-left : 0px !important;margin-left : 7.68%;}@media only screen and (max-width:1024px) {.fusion-body .fusion-builder-column-139{width:100% !important;order : 0;}.fusion-builder-column-139 > .fusion-column-wrapper {margin-right : 1.92%;margin-left : 1.92%;}}@media only screen and (max-width:640px) {.fusion-body .fusion-builder-column-139{width:100% !important;order : 0;}.fusion-builder-column-139 > .fusion-column-wrapper {margin-right : 1.92%;margin-left : 1.92%;}}<\/style><div class=\"fusion-layout-column fusion_builder_column fusion-builder-column-140 fusion_builder_column_1_4 1_4 fusion-flex-column img-to-filter\"><div class=\"fusion-column-wrapper fusion-flex-justify-content-flex-start fusion-content-layout-column\" style=\"background-position:left top;background-repeat:no-repeat;-webkit-background-size:cover;-moz-background-size:cover;-o-background-size:cover;background-size:cover;padding: 0px 0px 0px 0px;\"><div ><span class=\"fusion-imageframe imageframe-none imageframe-140 hover-type-none\"><a href=\"https:\/\/www.deco-charpente.fr\/wp-content\/uploads\/2025\/12\/12Decembre-DCV-ok.jpg\" class=\"fusion-lightbox\" data-rel=\"iLightbox[gallery-image]\" data-title=\"Abri-voiture-garage\" title=\"Abri-voiture-garage\"><img decoding=\"async\" width=\"1600\" height=\"1725\" src=\"https:\/\/www.deco-charpente.fr\/wp-content\/uploads\/2025\/12\/12Decembre-DCV-ok.jpg\" class=\"img-responsive wp-image-12286\" srcset=\"https:\/\/www.deco-charpente.fr\/wp-content\/uploads\/2025\/12\/12Decembre-DCV-ok-200x216.jpg 200w, https:\/\/www.deco-charpente.fr\/wp-content\/uploads\/2025\/12\/12Decembre-DCV-ok-400x431.jpg 400w, https:\/\/www.deco-charpente.fr\/wp-content\/uploads\/2025\/12\/12Decembre-DCV-ok-600x647.jpg 600w, https:\/\/www.deco-charpente.fr\/wp-content\/uploads\/2025\/12\/12Decembre-DCV-ok-800x863.jpg 800w, https:\/\/www.deco-charpente.fr\/wp-content\/uploads\/2025\/12\/12Decembre-DCV-ok-1200x1294.jpg 1200w, https:\/\/www.deco-charpente.fr\/wp-content\/uploads\/2025\/12\/12Decembre-DCV-ok.jpg 1600w\" sizes=\"(max-width: 1024px) 100vw, (max-width: 640px) 100vw, 600px\" \/><\/a><\/span><\/div><div class=\"fusion-text fusion-text-279 tags\" style=\"transform:translate3d(0,0,0);\"><p>Carport<\/p>\n<\/div><div class=\"fusion-text fusion-text-280 description\" style=\"transform:translate3d(0,0,0);\"><p>Abri voiture avec garage<\/p>\n<\/div><\/div><\/div><style type=\"text\/css\">.fusion-body .fusion-builder-column-140{width:25% !important;margin-top : 0px;margin-bottom : 20px;}.fusion-builder-column-140 > .fusion-column-wrapper {padding-top : 0px !important;padding-right : 0px !important;margin-right : 7.68%;padding-bottom : 0px !important;padding-left : 0px !important;margin-left : 7.68%;}@media only screen and (max-width:1024px) {.fusion-body .fusion-builder-column-140{width:100% !important;order : 0;}.fusion-builder-column-140 > .fusion-column-wrapper {margin-right : 1.92%;margin-left : 1.92%;}}@media only screen and (max-width:640px) {.fusion-body .fusion-builder-column-140{width:100% !important;order : 0;}.fusion-builder-column-140 > .fusion-column-wrapper {margin-right : 1.92%;margin-left : 1.92%;}}<\/style><div class=\"fusion-layout-column fusion_builder_column fusion-builder-column-141 fusion_builder_column_1_4 1_4 fusion-flex-column img-to-filter\"><div class=\"fusion-column-wrapper fusion-flex-justify-content-flex-start fusion-content-layout-column\" style=\"background-position:left top;background-repeat:no-repeat;-webkit-background-size:cover;-moz-background-size:cover;-o-background-size:cover;background-size:cover;padding: 0px 0px 0px 0px;\"><div ><span class=\"fusion-imageframe imageframe-none imageframe-141 hover-type-none\"><a href=\"https:\/\/www.deco-charpente.fr\/wp-content\/uploads\/2020\/08\/pergola-pour-voiture-3.jpg\" class=\"fusion-lightbox\" data-rel=\"iLightbox[gallery-image]\" data-title=\"pergola pour voiture 3\" title=\"pergola for car 3\"><img decoding=\"async\" width=\"1022\" height=\"760\" src=\"https:\/\/www.deco-charpente.fr\/wp-content\/uploads\/2020\/08\/pergola-pour-voiture-3.jpg\" class=\"img-responsive wp-image-2139\" srcset=\"https:\/\/www.deco-charpente.fr\/wp-content\/uploads\/2020\/08\/pergola-pour-voiture-3-200x149.jpg 200w, https:\/\/www.deco-charpente.fr\/wp-content\/uploads\/2020\/08\/pergola-pour-voiture-3-400x297.jpg 400w, https:\/\/www.deco-charpente.fr\/wp-content\/uploads\/2020\/08\/pergola-pour-voiture-3-600x446.jpg 600w, https:\/\/www.deco-charpente.fr\/wp-content\/uploads\/2020\/08\/pergola-pour-voiture-3-800x595.jpg 800w, https:\/\/www.deco-charpente.fr\/wp-content\/uploads\/2020\/08\/pergola-pour-voiture-3.jpg 1022w\" sizes=\"(max-width: 1024px) 100vw, (max-width: 640px) 100vw, 600px\" \/><\/a><\/span><\/div><div class=\"fusion-text fusion-text-281 tags\" style=\"transform:translate3d(0,0,0);\"><p>Carport<\/p>\n<\/div><div class=\"fusion-text fusion-text-282 description\" style=\"transform:translate3d(0,0,0);\"><p>Pergola for car<\/p>\n<\/div><\/div><\/div><style type=\"text\/css\">.fusion-body .fusion-builder-column-141{width:25% !important;margin-top : 0px;margin-bottom : 20px;}.fusion-builder-column-141 > .fusion-column-wrapper {padding-top : 0px !important;padding-right : 0px !important;margin-right : 7.68%;padding-bottom : 0px !important;padding-left : 0px !important;margin-left : 7.68%;}@media only screen and (max-width:1024px) {.fusion-body .fusion-builder-column-141{width:100% !important;order : 0;}.fusion-builder-column-141 > .fusion-column-wrapper {margin-right : 1.92%;margin-left : 1.92%;}}@media only screen and (max-width:640px) {.fusion-body .fusion-builder-column-141{width:100% !important;order : 0;}.fusion-builder-column-141 > .fusion-column-wrapper {margin-right : 1.92%;margin-left : 1.92%;}}<\/style><div class=\"fusion-layout-column fusion_builder_column fusion-builder-column-142 fusion_builder_column_1_4 1_4 fusion-flex-column img-to-filter\"><div class=\"fusion-column-wrapper fusion-flex-justify-content-flex-start fusion-content-layout-column\" style=\"background-position:left top;background-repeat:no-repeat;-webkit-background-size:cover;-moz-background-size:cover;-o-background-size:cover;background-size:cover;padding: 0px 0px 0px 0px;\"><div ><span class=\"fusion-imageframe imageframe-none imageframe-142 hover-type-none\"><a href=\"https:\/\/www.deco-charpente.fr\/wp-content\/uploads\/2020\/08\/abri-voiture-liens-droits.jpg\" class=\"fusion-lightbox\" data-rel=\"iLightbox[gallery-image]\" data-title=\"abri voiture liens droits\" title=\"carport straight links\"><img decoding=\"async\" width=\"1020\" height=\"761\" src=\"https:\/\/www.deco-charpente.fr\/wp-content\/uploads\/2020\/08\/abri-voiture-liens-droits.jpg\" class=\"img-responsive wp-image-2140\" srcset=\"https:\/\/www.deco-charpente.fr\/wp-content\/uploads\/2020\/08\/abri-voiture-liens-droits-200x149.jpg 200w, https:\/\/www.deco-charpente.fr\/wp-content\/uploads\/2020\/08\/abri-voiture-liens-droits-400x298.jpg 400w, https:\/\/www.deco-charpente.fr\/wp-content\/uploads\/2020\/08\/abri-voiture-liens-droits-600x448.jpg 600w, https:\/\/www.deco-charpente.fr\/wp-content\/uploads\/2020\/08\/abri-voiture-liens-droits-800x597.jpg 800w, https:\/\/www.deco-charpente.fr\/wp-content\/uploads\/2020\/08\/abri-voiture-liens-droits.jpg 1020w\" sizes=\"(max-width: 1024px) 100vw, (max-width: 640px) 100vw, 600px\" \/><\/a><\/span><\/div><div class=\"fusion-text fusion-text-283 tags\" style=\"transform:translate3d(0,0,0);\"><p>Carport<\/p>\n<\/div><div class=\"fusion-text fusion-text-284 description\" style=\"transform:translate3d(0,0,0);\"><p>Carport straight links<\/p>\n<\/div><\/div><\/div><style type=\"text\/css\">.fusion-body .fusion-builder-column-142{width:25% !important;margin-top : 0px;margin-bottom : 20px;}.fusion-builder-column-142 > .fusion-column-wrapper {padding-top : 0px !important;padding-right : 0px !important;margin-right : 7.68%;padding-bottom : 0px !important;padding-left : 0px !important;margin-left : 7.68%;}@media only screen and (max-width:1024px) {.fusion-body .fusion-builder-column-142{width:100% !important;order : 0;}.fusion-builder-column-142 > .fusion-column-wrapper {margin-right : 1.92%;margin-left : 1.92%;}}@media only screen and (max-width:640px) {.fusion-body .fusion-builder-column-142{width:100% !important;order : 0;}.fusion-builder-column-142 > .fusion-column-wrapper {margin-right : 1.92%;margin-left : 1.92%;}}<\/style><div class=\"fusion-layout-column fusion_builder_column fusion-builder-column-143 fusion_builder_column_1_4 1_4 fusion-flex-column img-to-filter\"><div class=\"fusion-column-wrapper fusion-flex-justify-content-flex-start fusion-content-layout-column\" style=\"background-position:left top;background-repeat:no-repeat;-webkit-background-size:cover;-moz-background-size:cover;-o-background-size:cover;background-size:cover;padding: 0px 0px 0px 0px;\"><div ><span class=\"fusion-imageframe imageframe-none imageframe-143 hover-type-none\"><a href=\"https:\/\/www.deco-charpente.fr\/wp-content\/uploads\/2020\/08\/abri-voiture-forme-tunnel-3.jpg\" class=\"fusion-lightbox\" data-rel=\"iLightbox[gallery-image]\" data-title=\"abri voiture forme tunnel 3\" title=\"car shelter tunnel shape 3\"><img decoding=\"async\" width=\"1015\" height=\"762\" src=\"https:\/\/www.deco-charpente.fr\/wp-content\/uploads\/2020\/08\/abri-voiture-forme-tunnel-3.jpg\" class=\"img-responsive wp-image-2141\" srcset=\"https:\/\/www.deco-charpente.fr\/wp-content\/uploads\/2020\/08\/abri-voiture-forme-tunnel-3-200x150.jpg 200w, https:\/\/www.deco-charpente.fr\/wp-content\/uploads\/2020\/08\/abri-voiture-forme-tunnel-3-400x300.jpg 400w, https:\/\/www.deco-charpente.fr\/wp-content\/uploads\/2020\/08\/abri-voiture-forme-tunnel-3-600x450.jpg 600w, https:\/\/www.deco-charpente.fr\/wp-content\/uploads\/2020\/08\/abri-voiture-forme-tunnel-3-800x601.jpg 800w, https:\/\/www.deco-charpente.fr\/wp-content\/uploads\/2020\/08\/abri-voiture-forme-tunnel-3.jpg 1015w\" sizes=\"(max-width: 1024px) 100vw, (max-width: 640px) 100vw, 600px\" \/><\/a><\/span><\/div><div class=\"fusion-text fusion-text-285 tags\" style=\"transform:translate3d(0,0,0);\"><p>Carport<\/p>\n<\/div><div class=\"fusion-text fusion-text-286 description\" style=\"transform:translate3d(0,0,0);\"><p>Tunnel carport<\/p>\n<\/div><\/div><\/div><style type=\"text\/css\">.fusion-body .fusion-builder-column-143{width:25% !important;margin-top : 0px;margin-bottom : 20px;}.fusion-builder-column-143 > .fusion-column-wrapper {padding-top : 0px !important;padding-right : 0px !important;margin-right : 7.68%;padding-bottom : 0px !important;padding-left : 0px !important;margin-left : 7.68%;}@media only screen and (max-width:1024px) {.fusion-body .fusion-builder-column-143{width:100% !important;order : 0;}.fusion-builder-column-143 > .fusion-column-wrapper {margin-right : 1.92%;margin-left : 1.92%;}}@media only screen and (max-width:640px) {.fusion-body .fusion-builder-column-143{width:100% !important;order : 0;}.fusion-builder-column-143 > .fusion-column-wrapper {margin-right : 1.92%;margin-left : 1.92%;}}<\/style><div class=\"fusion-layout-column fusion_builder_column fusion-builder-column-144 fusion_builder_column_1_4 1_4 fusion-flex-column img-to-filter\"><div class=\"fusion-column-wrapper fusion-flex-justify-content-flex-start fusion-content-layout-column\" style=\"background-position:left top;background-repeat:no-repeat;-webkit-background-size:cover;-moz-background-size:cover;-o-background-size:cover;background-size:cover;padding: 0px 0px 0px 0px;\"><div ><span class=\"fusion-imageframe imageframe-none imageframe-144 hover-type-none\"><a href=\"https:\/\/www.deco-charpente.fr\/wp-content\/uploads\/2023\/06\/Abri-adosse.jpg\" class=\"fusion-lightbox\" data-rel=\"iLightbox[gallery-image]\" data-title=\"Abri adoss\u00e9\" title=\"Lean-to shelter\"><img decoding=\"async\" width=\"1108\" height=\"1478\" src=\"https:\/\/www.deco-charpente.fr\/wp-content\/uploads\/2023\/06\/Abri-adosse.jpg\" class=\"img-responsive wp-image-8754\"\/><\/a><\/span><\/div><div class=\"fusion-text fusion-text-287 tags\" style=\"transform:translate3d(0,0,0);\"><p>Carport<\/p>\n<\/div><div class=\"fusion-text fusion-text-288 description\" style=\"transform:translate3d(0,0,0);\"><p>Carport attached to the house<\/p>\n<\/div><\/div><\/div><style type=\"text\/css\">.fusion-body .fusion-builder-column-144{width:25% !important;margin-top : 0px;margin-bottom : 20px;}.fusion-builder-column-144 > .fusion-column-wrapper {padding-top : 0px !important;padding-right : 0px !important;margin-right : 7.68%;padding-bottom : 0px !important;padding-left : 0px !important;margin-left : 7.68%;}@media only screen and (max-width:1024px) {.fusion-body .fusion-builder-column-144{width:100% !important;order : 0;}.fusion-builder-column-144 > .fusion-column-wrapper {margin-right : 1.92%;margin-left : 1.92%;}}@media only screen and (max-width:640px) {.fusion-body .fusion-builder-column-144{width:100% !important;order : 0;}.fusion-builder-column-144 > .fusion-column-wrapper {margin-right : 1.92%;margin-left : 1.92%;}}<\/style><div class=\"fusion-layout-column fusion_builder_column fusion-builder-column-145 fusion_builder_column_1_4 1_4 fusion-flex-column img-to-filter\"><div class=\"fusion-column-wrapper fusion-flex-justify-content-flex-start fusion-content-layout-column\" style=\"background-position:left top;background-repeat:no-repeat;-webkit-background-size:cover;-moz-background-size:cover;-o-background-size:cover;background-size:cover;padding: 0px 0px 0px 0px;\"><div ><span class=\"fusion-imageframe imageframe-none imageframe-145 hover-type-none\"><a href=\"https:\/\/www.deco-charpente.fr\/wp-content\/uploads\/2020\/08\/abri-voiture-adoss\u00e9-\u00e0-lhabitation-1.jpg\" class=\"fusion-lightbox\" data-rel=\"iLightbox[gallery-image]\" data-title=\"abri voiture adoss\u00e9 \u00e0 l&rsquo;habitation\" title=\"carport attached to the house\"><img decoding=\"async\" width=\"1020\" height=\"764\" src=\"https:\/\/www.deco-charpente.fr\/wp-content\/uploads\/2020\/08\/abri-voiture-adoss\u00e9-\u00e0-lhabitation-1.jpg\" class=\"img-responsive wp-image-2142\" srcset=\"https:\/\/www.deco-charpente.fr\/wp-content\/uploads\/2020\/08\/abri-voiture-adoss\u00e9-\u00e0-lhabitation-1-200x150.jpg 200w, https:\/\/www.deco-charpente.fr\/wp-content\/uploads\/2020\/08\/abri-voiture-adoss\u00e9-\u00e0-lhabitation-1-400x300.jpg 400w, https:\/\/www.deco-charpente.fr\/wp-content\/uploads\/2020\/08\/abri-voiture-adoss\u00e9-\u00e0-lhabitation-1-600x449.jpg 600w, https:\/\/www.deco-charpente.fr\/wp-content\/uploads\/2020\/08\/abri-voiture-adoss\u00e9-\u00e0-lhabitation-1-800x599.jpg 800w, https:\/\/www.deco-charpente.fr\/wp-content\/uploads\/2020\/08\/abri-voiture-adoss\u00e9-\u00e0-lhabitation-1.jpg 1020w\" sizes=\"(max-width: 1024px) 100vw, (max-width: 640px) 100vw, 600px\" \/><\/a><\/span><\/div><div class=\"fusion-text fusion-text-289 tags\" style=\"transform:translate3d(0,0,0);\"><p>Carport<\/p>\n<\/div><div class=\"fusion-text fusion-text-290 description\" style=\"transform:translate3d(0,0,0);\"><p>Carport attached to the house<\/p>\n<\/div><\/div><\/div><style type=\"text\/css\">.fusion-body .fusion-builder-column-145{width:25% !important;margin-top : 0px;margin-bottom : 20px;}.fusion-builder-column-145 > .fusion-column-wrapper {padding-top : 0px !important;padding-right : 0px !important;margin-right : 7.68%;padding-bottom : 0px !important;padding-left : 0px !important;margin-left : 7.68%;}@media only screen and (max-width:1024px) {.fusion-body .fusion-builder-column-145{width:100% !important;order : 0;}.fusion-builder-column-145 > .fusion-column-wrapper {margin-right : 1.92%;margin-left : 1.92%;}}@media only screen and (max-width:640px) {.fusion-body .fusion-builder-column-145{width:100% !important;order : 0;}.fusion-builder-column-145 > .fusion-column-wrapper {margin-right : 1.92%;margin-left : 1.92%;}}<\/style><div class=\"fusion-layout-column fusion_builder_column fusion-builder-column-146 fusion_builder_column_1_4 1_4 fusion-flex-column img-to-filter\"><div class=\"fusion-column-wrapper fusion-flex-justify-content-flex-start fusion-content-layout-column\" style=\"background-position:left top;background-repeat:no-repeat;-webkit-background-size:cover;-moz-background-size:cover;-o-background-size:cover;background-size:cover;padding: 0px 0px 0px 0px;\"><div ><span class=\"fusion-imageframe imageframe-none imageframe-146 hover-type-none\"><a href=\"https:\/\/www.deco-charpente.fr\/wp-content\/uploads\/2024\/04\/Garage-a-Marseille-1-scaled.jpg\" class=\"fusion-lightbox\" data-rel=\"iLightbox[gallery-image]\" data-title=\"Garage a\u0300 Marseille\" title=\"Garage in Marseille\"><img decoding=\"async\" width=\"1920\" height=\"973\" src=\"https:\/\/www.deco-charpente.fr\/wp-content\/uploads\/2024\/04\/Garage-a-Marseille-1-scaled.jpg\" class=\"img-responsive wp-image-10478\" srcset=\"https:\/\/www.deco-charpente.fr\/wp-content\/uploads\/2024\/04\/Garage-a-Marseille-1-200x101.jpg 200w, https:\/\/www.deco-charpente.fr\/wp-content\/uploads\/2024\/04\/Garage-a-Marseille-1-400x203.jpg 400w, https:\/\/www.deco-charpente.fr\/wp-content\/uploads\/2024\/04\/Garage-a-Marseille-1-600x304.jpg 600w, https:\/\/www.deco-charpente.fr\/wp-content\/uploads\/2024\/04\/Garage-a-Marseille-1-800x406.jpg 800w, https:\/\/www.deco-charpente.fr\/wp-content\/uploads\/2024\/04\/Garage-a-Marseille-1-1200x609.jpg 1200w, https:\/\/www.deco-charpente.fr\/wp-content\/uploads\/2024\/04\/Garage-a-Marseille-1-scaled.jpg 1920w\" sizes=\"(max-width: 1024px) 100vw, (max-width: 640px) 100vw, 600px\" \/><\/a><\/span><\/div><div class=\"fusion-text fusion-text-291 tags\" style=\"transform:translate3d(0,0,0);\"><p>Carport<\/p>\n<\/div><div class=\"fusion-text fusion-text-292 description\" style=\"transform:translate3d(0,0,0);\"><p>Wooden garage in Marseille<\/p>\n<\/div><\/div><\/div><style type=\"text\/css\">.fusion-body .fusion-builder-column-146{width:25% !important;margin-top : 0px;margin-bottom : 20px;}.fusion-builder-column-146 > .fusion-column-wrapper {padding-top : 0px !important;padding-right : 0px !important;margin-right : 7.68%;padding-bottom : 0px !important;padding-left : 0px !important;margin-left : 7.68%;}@media only screen and (max-width:1024px) {.fusion-body .fusion-builder-column-146{width:100% !important;order : 0;}.fusion-builder-column-146 > .fusion-column-wrapper {margin-right : 1.92%;margin-left : 1.92%;}}@media only screen and (max-width:640px) {.fusion-body .fusion-builder-column-146{width:100% !important;order : 0;}.fusion-builder-column-146 > .fusion-column-wrapper {margin-right : 1.92%;margin-left : 1.92%;}}<\/style><div class=\"fusion-layout-column fusion_builder_column fusion-builder-column-147 fusion_builder_column_1_4 1_4 fusion-flex-column img-to-filter\"><div class=\"fusion-column-wrapper fusion-flex-justify-content-flex-start fusion-content-layout-column\" style=\"background-position:left top;background-repeat:no-repeat;-webkit-background-size:cover;-moz-background-size:cover;-o-background-size:cover;background-size:cover;padding: 0px 0px 0px 0px;\"><div ><span class=\"fusion-imageframe imageframe-none imageframe-147 hover-type-none\"><a href=\"https:\/\/www.deco-charpente.fr\/wp-content\/uploads\/2024\/04\/Garage-a-Marseille-scaled.jpg\" class=\"fusion-lightbox\" data-rel=\"iLightbox[gallery-image]\" data-title=\"Garage a\u0300 Marseille\" title=\"Garage in Marseille\"><img decoding=\"async\" width=\"1920\" height=\"1082\" src=\"https:\/\/www.deco-charpente.fr\/wp-content\/uploads\/2024\/04\/Garage-a-Marseille-scaled.jpg\" class=\"img-responsive wp-image-10477\" srcset=\"https:\/\/www.deco-charpente.fr\/wp-content\/uploads\/2024\/04\/Garage-a-Marseille-200x113.jpg 200w, https:\/\/www.deco-charpente.fr\/wp-content\/uploads\/2024\/04\/Garage-a-Marseille-400x225.jpg 400w, https:\/\/www.deco-charpente.fr\/wp-content\/uploads\/2024\/04\/Garage-a-Marseille-600x338.jpg 600w, https:\/\/www.deco-charpente.fr\/wp-content\/uploads\/2024\/04\/Garage-a-Marseille-800x451.jpg 800w, https:\/\/www.deco-charpente.fr\/wp-content\/uploads\/2024\/04\/Garage-a-Marseille-1200x676.jpg 1200w, https:\/\/www.deco-charpente.fr\/wp-content\/uploads\/2024\/04\/Garage-a-Marseille-scaled.jpg 1920w\" sizes=\"(max-width: 1024px) 100vw, (max-width: 640px) 100vw, 600px\" \/><\/a><\/span><\/div><div class=\"fusion-text fusion-text-293 tags\" style=\"transform:translate3d(0,0,0);\"><p>Carport<\/p>\n<\/div><div class=\"fusion-text fusion-text-294 description\" style=\"transform:translate3d(0,0,0);\"><p>Wooden garage in Marseille<\/p>\n<\/div><\/div><\/div><style type=\"text\/css\">.fusion-body .fusion-builder-column-147{width:25% !important;margin-top : 0px;margin-bottom : 20px;}.fusion-builder-column-147 > .fusion-column-wrapper {padding-top : 0px !important;padding-right : 0px !important;margin-right : 7.68%;padding-bottom : 0px !important;padding-left : 0px !important;margin-left : 7.68%;}@media only screen and (max-width:1024px) {.fusion-body .fusion-builder-column-147{width:100% !important;order : 0;}.fusion-builder-column-147 > .fusion-column-wrapper {margin-right : 1.92%;margin-left : 1.92%;}}@media only screen and (max-width:640px) {.fusion-body .fusion-builder-column-147{width:100% !important;order : 0;}.fusion-builder-column-147 > .fusion-column-wrapper {margin-right : 1.92%;margin-left : 1.92%;}}<\/style><div class=\"fusion-layout-column fusion_builder_column fusion-builder-column-148 fusion_builder_column_1_4 1_4 fusion-flex-column img-to-filter\"><div class=\"fusion-column-wrapper fusion-flex-justify-content-flex-start fusion-content-layout-column\" style=\"background-position:left top;background-repeat:no-repeat;-webkit-background-size:cover;-moz-background-size:cover;-o-background-size:cover;background-size:cover;padding: 0px 0px 0px 0px;\"><div ><span class=\"fusion-imageframe imageframe-none imageframe-148 hover-type-none\"><a href=\"https:\/\/www.deco-charpente.fr\/wp-content\/uploads\/2022\/04\/Garage-en-bois-e1651581245836.jpg\" class=\"fusion-lightbox\" data-rel=\"iLightbox[gallery-image]\" data-title=\"Garage en bois\" title=\"Wooden garage\"><img decoding=\"async\" width=\"915\" height=\"845\" src=\"https:\/\/www.deco-charpente.fr\/wp-content\/uploads\/2022\/04\/Garage-en-bois-e1651581245836.jpg\" class=\"img-responsive wp-image-6626\" srcset=\"https:\/\/www.deco-charpente.fr\/wp-content\/uploads\/2022\/04\/Garage-en-bois-e1651581245836-200x185.jpg 200w, https:\/\/www.deco-charpente.fr\/wp-content\/uploads\/2022\/04\/Garage-en-bois-e1651581245836-400x369.jpg 400w, https:\/\/www.deco-charpente.fr\/wp-content\/uploads\/2022\/04\/Garage-en-bois-e1651581245836-600x554.jpg 600w, https:\/\/www.deco-charpente.fr\/wp-content\/uploads\/2022\/04\/Garage-en-bois-e1651581245836-800x739.jpg 800w, https:\/\/www.deco-charpente.fr\/wp-content\/uploads\/2022\/04\/Garage-en-bois-e1651581245836.jpg 915w\" sizes=\"(max-width: 1024px) 100vw, (max-width: 640px) 100vw, 600px\" \/><\/a><\/span><\/div><div class=\"fusion-text fusion-text-295 tags\" style=\"transform:translate3d(0,0,0);\"><p>Carport<\/p>\n<\/div><div class=\"fusion-text fusion-text-296 description\" style=\"transform:translate3d(0,0,0);\"><p>Wooden garage<\/p>\n<\/div><\/div><\/div><style type=\"text\/css\">.fusion-body .fusion-builder-column-148{width:25% !important;margin-top : 0px;margin-bottom : 20px;}.fusion-builder-column-148 > .fusion-column-wrapper {padding-top : 0px !important;padding-right : 0px !important;margin-right : 7.68%;padding-bottom : 0px !important;padding-left : 0px !important;margin-left : 7.68%;}@media only screen and (max-width:1024px) {.fusion-body .fusion-builder-column-148{width:100% !important;order : 0;}.fusion-builder-column-148 > .fusion-column-wrapper {margin-right : 1.92%;margin-left : 1.92%;}}@media only screen and (max-width:640px) {.fusion-body .fusion-builder-column-148{width:100% !important;order : 0;}.fusion-builder-column-148 > .fusion-column-wrapper {margin-right : 1.92%;margin-left : 1.92%;}}<\/style><div class=\"fusion-layout-column fusion_builder_column fusion-builder-column-149 fusion_builder_column_1_4 1_4 fusion-flex-column img-to-filter\"><div class=\"fusion-column-wrapper fusion-flex-justify-content-flex-start fusion-content-layout-column\" style=\"background-position:left top;background-repeat:no-repeat;-webkit-background-size:cover;-moz-background-size:cover;-o-background-size:cover;background-size:cover;padding: 0px 0px 0px 0px;\"><div ><span class=\"fusion-imageframe imageframe-none imageframe-149 hover-type-none\"><a href=\"https:\/\/www.deco-charpente.fr\/wp-content\/uploads\/2020\/08\/abri-voiture-adoss\u00e9-4.jpg\" class=\"fusion-lightbox\" data-rel=\"iLightbox[gallery-image]\" data-title=\"abri voiture adoss\u00e9 4\" title=\"lean-to carport 4\"><img decoding=\"async\" width=\"1023\" height=\"723\" src=\"https:\/\/www.deco-charpente.fr\/wp-content\/uploads\/2020\/08\/abri-voiture-adoss\u00e9-4.jpg\" class=\"img-responsive wp-image-2143\" srcset=\"https:\/\/www.deco-charpente.fr\/wp-content\/uploads\/2020\/08\/abri-voiture-adoss\u00e9-4-200x141.jpg 200w, https:\/\/www.deco-charpente.fr\/wp-content\/uploads\/2020\/08\/abri-voiture-adoss\u00e9-4-400x283.jpg 400w, https:\/\/www.deco-charpente.fr\/wp-content\/uploads\/2020\/08\/abri-voiture-adoss\u00e9-4-600x424.jpg 600w, https:\/\/www.deco-charpente.fr\/wp-content\/uploads\/2020\/08\/abri-voiture-adoss\u00e9-4-800x565.jpg 800w, https:\/\/www.deco-charpente.fr\/wp-content\/uploads\/2020\/08\/abri-voiture-adoss\u00e9-4.jpg 1023w\" sizes=\"(max-width: 1024px) 100vw, (max-width: 640px) 100vw, 600px\" \/><\/a><\/span><\/div><div class=\"fusion-text fusion-text-297 tags\" style=\"transform:translate3d(0,0,0);\"><p>Carport<\/p>\n<\/div><div class=\"fusion-text fusion-text-298 description\" style=\"transform:translate3d(0,0,0);\"><p>Lean-to carport<\/p>\n<\/div><\/div><\/div><style type=\"text\/css\">.fusion-body .fusion-builder-column-149{width:25% !important;margin-top : 0px;margin-bottom : 20px;}.fusion-builder-column-149 > .fusion-column-wrapper {padding-top : 0px !important;padding-right : 0px !important;margin-right : 7.68%;padding-bottom : 0px !important;padding-left : 0px !important;margin-left : 7.68%;}@media only screen and (max-width:1024px) {.fusion-body .fusion-builder-column-149{width:100% !important;order : 0;}.fusion-builder-column-149 > .fusion-column-wrapper {margin-right : 1.92%;margin-left : 1.92%;}}@media only screen and (max-width:640px) {.fusion-body .fusion-builder-column-149{width:100% !important;order : 0;}.fusion-builder-column-149 > .fusion-column-wrapper {margin-right : 1.92%;margin-left : 1.92%;}}<\/style><div class=\"fusion-layout-column fusion_builder_column fusion-builder-column-150 fusion_builder_column_1_4 1_4 fusion-flex-column img-to-filter\"><div class=\"fusion-column-wrapper fusion-flex-justify-content-flex-start fusion-content-layout-column\" style=\"background-position:left top;background-repeat:no-repeat;-webkit-background-size:cover;-moz-background-size:cover;-o-background-size:cover;background-size:cover;padding: 0px 0px 0px 0px;\"><div ><span class=\"fusion-imageframe imageframe-none imageframe-150 hover-type-none\"><a href=\"https:\/\/www.deco-charpente.fr\/wp-content\/uploads\/2020\/08\/abri-voiture-adoss\u00e9-3.jpg\" class=\"fusion-lightbox\" data-rel=\"iLightbox[gallery-image]\" data-title=\"abri voiture adoss\u00e9 3\" title=\"lean-to carport 3\"><img decoding=\"async\" width=\"1021\" height=\"766\" src=\"https:\/\/www.deco-charpente.fr\/wp-content\/uploads\/2020\/08\/abri-voiture-adoss\u00e9-3.jpg\" class=\"img-responsive wp-image-2144\" srcset=\"https:\/\/www.deco-charpente.fr\/wp-content\/uploads\/2020\/08\/abri-voiture-adoss\u00e9-3-200x150.jpg 200w, https:\/\/www.deco-charpente.fr\/wp-content\/uploads\/2020\/08\/abri-voiture-adoss\u00e9-3-400x300.jpg 400w, https:\/\/www.deco-charpente.fr\/wp-content\/uploads\/2020\/08\/abri-voiture-adoss\u00e9-3-600x450.jpg 600w, https:\/\/www.deco-charpente.fr\/wp-content\/uploads\/2020\/08\/abri-voiture-adoss\u00e9-3-800x600.jpg 800w, https:\/\/www.deco-charpente.fr\/wp-content\/uploads\/2020\/08\/abri-voiture-adoss\u00e9-3.jpg 1021w\" sizes=\"(max-width: 1024px) 100vw, (max-width: 640px) 100vw, 600px\" \/><\/a><\/span><\/div><div class=\"fusion-text fusion-text-299 tags\" style=\"transform:translate3d(0,0,0);\"><p>Carport<\/p>\n<\/div><div class=\"fusion-text fusion-text-300 description\" style=\"transform:translate3d(0,0,0);\"><p>Lean-to carport<\/p>\n<\/div><\/div><\/div><style type=\"text\/css\">.fusion-body .fusion-builder-column-150{width:25% !important;margin-top : 0px;margin-bottom : 20px;}.fusion-builder-column-150 > .fusion-column-wrapper {padding-top : 0px !important;padding-right : 0px !important;margin-right : 7.68%;padding-bottom : 0px !important;padding-left : 0px !important;margin-left : 7.68%;}@media only screen and (max-width:1024px) {.fusion-body .fusion-builder-column-150{width:100% !important;order : 0;}.fusion-builder-column-150 > .fusion-column-wrapper {margin-right : 1.92%;margin-left : 1.92%;}}@media only screen and (max-width:640px) {.fusion-body .fusion-builder-column-150{width:100% !important;order : 0;}.fusion-builder-column-150 > .fusion-column-wrapper {margin-right : 1.92%;margin-left : 1.92%;}}<\/style><div class=\"fusion-layout-column fusion_builder_column fusion-builder-column-151 fusion_builder_column_1_4 1_4 fusion-flex-column img-to-filter\"><div class=\"fusion-column-wrapper fusion-flex-justify-content-flex-start fusion-content-layout-column\" style=\"background-position:left top;background-repeat:no-repeat;-webkit-background-size:cover;-moz-background-size:cover;-o-background-size:cover;background-size:cover;padding: 0px 0px 0px 0px;\"><div ><span class=\"fusion-imageframe imageframe-none imageframe-151 hover-type-none\"><a href=\"https:\/\/www.deco-charpente.fr\/wp-content\/uploads\/2024\/08\/316FE0BE-3770-4E4B-8C8E-0BF4BFC0FEED-compressed.jpg\" class=\"fusion-lightbox\" data-rel=\"iLightbox[gallery-image]\" data-title=\"Abri voiture\" title=\"Carport\"><img decoding=\"async\" width=\"2048\" height=\"1536\" src=\"https:\/\/www.deco-charpente.fr\/wp-content\/uploads\/2024\/08\/316FE0BE-3770-4E4B-8C8E-0BF4BFC0FEED-compressed.jpg\" class=\"img-responsive wp-image-11186\" srcset=\"https:\/\/www.deco-charpente.fr\/wp-content\/uploads\/2024\/08\/316FE0BE-3770-4E4B-8C8E-0BF4BFC0FEED-compressed-200x150.jpg 200w, https:\/\/www.deco-charpente.fr\/wp-content\/uploads\/2024\/08\/316FE0BE-3770-4E4B-8C8E-0BF4BFC0FEED-compressed-400x300.jpg 400w, https:\/\/www.deco-charpente.fr\/wp-content\/uploads\/2024\/08\/316FE0BE-3770-4E4B-8C8E-0BF4BFC0FEED-compressed-600x450.jpg 600w, https:\/\/www.deco-charpente.fr\/wp-content\/uploads\/2024\/08\/316FE0BE-3770-4E4B-8C8E-0BF4BFC0FEED-compressed-800x600.jpg 800w, https:\/\/www.deco-charpente.fr\/wp-content\/uploads\/2024\/08\/316FE0BE-3770-4E4B-8C8E-0BF4BFC0FEED-compressed-1200x900.jpg 1200w, https:\/\/www.deco-charpente.fr\/wp-content\/uploads\/2024\/08\/316FE0BE-3770-4E4B-8C8E-0BF4BFC0FEED-compressed.jpg 2048w\" sizes=\"(max-width: 1024px) 100vw, (max-width: 640px) 100vw, 600px\" \/><\/a><\/span><\/div><div class=\"fusion-text fusion-text-301 tags\" style=\"transform:translate3d(0,0,0);\"><p>Carport<\/p>\n<\/div><div class=\"fusion-text fusion-text-302 description\" style=\"transform:translate3d(0,0,0);\"><p>Carport<\/p>\n<\/div><\/div><\/div><style type=\"text\/css\">.fusion-body .fusion-builder-column-151{width:25% !important;margin-top : 0px;margin-bottom : 20px;}.fusion-builder-column-151 > .fusion-column-wrapper {padding-top : 0px !important;padding-right : 0px !important;margin-right : 7.68%;padding-bottom : 0px !important;padding-left : 0px !important;margin-left : 7.68%;}@media only screen and (max-width:1024px) {.fusion-body .fusion-builder-column-151{width:100% !important;order : 0;}.fusion-builder-column-151 > .fusion-column-wrapper {margin-right : 1.92%;margin-left : 1.92%;}}@media only screen and (max-width:640px) {.fusion-body .fusion-builder-column-151{width:100% !important;order : 0;}.fusion-builder-column-151 > .fusion-column-wrapper {margin-right : 1.92%;margin-left : 1.92%;}}<\/style><div class=\"fusion-layout-column fusion_builder_column fusion-builder-column-152 fusion_builder_column_1_4 1_4 fusion-flex-column img-to-filter\"><div class=\"fusion-column-wrapper fusion-flex-justify-content-flex-start fusion-content-layout-column\" style=\"background-position:left top;background-repeat:no-repeat;-webkit-background-size:cover;-moz-background-size:cover;-o-background-size:cover;background-size:cover;padding: 0px 0px 0px 0px;\"><div ><span class=\"fusion-imageframe imageframe-none imageframe-152 hover-type-none\"><a href=\"https:\/\/www.deco-charpente.fr\/wp-content\/uploads\/2020\/08\/abrivoiture2@2x-2-compressed.jpg\" class=\"fusion-lightbox\" data-rel=\"iLightbox[gallery-image]\" data-title=\"abrivoiture2@2x 2-compressed\" title=\"abrivoiture2@2x 2-compressed\"><img decoding=\"async\" width=\"2160\" height=\"2160\" src=\"https:\/\/www.deco-charpente.fr\/wp-content\/uploads\/2020\/08\/abrivoiture2@2x-2-compressed.jpg\" class=\"img-responsive wp-image-2033\" srcset=\"https:\/\/www.deco-charpente.fr\/wp-content\/uploads\/2020\/08\/abrivoiture2@2x-2-compressed-200x200.jpg 200w, https:\/\/www.deco-charpente.fr\/wp-content\/uploads\/2020\/08\/abrivoiture2@2x-2-compressed-400x400.jpg 400w, https:\/\/www.deco-charpente.fr\/wp-content\/uploads\/2020\/08\/abrivoiture2@2x-2-compressed-600x600.jpg 600w, https:\/\/www.deco-charpente.fr\/wp-content\/uploads\/2020\/08\/abrivoiture2@2x-2-compressed-800x800.jpg 800w, https:\/\/www.deco-charpente.fr\/wp-content\/uploads\/2020\/08\/abrivoiture2@2x-2-compressed-1200x1200.jpg 1200w, https:\/\/www.deco-charpente.fr\/wp-content\/uploads\/2020\/08\/abrivoiture2@2x-2-compressed.jpg 2160w\" sizes=\"(max-width: 1024px) 100vw, (max-width: 640px) 100vw, 600px\" \/><\/a><\/span><\/div><div class=\"fusion-text fusion-text-303 tags\" style=\"transform:translate3d(0,0,0);\"><p>Carport<\/p>\n<\/div><div class=\"fusion-text fusion-text-304 description\" style=\"transform:translate3d(0,0,0);\"><p>Carport with two diamond-point slopes<\/p>\n<\/div><\/div><\/div><style type=\"text\/css\">.fusion-body .fusion-builder-column-152{width:25% !important;margin-top : 0px;margin-bottom : 20px;}.fusion-builder-column-152 > .fusion-column-wrapper {padding-top : 0px !important;padding-right : 0px !important;margin-right : 7.68%;padding-bottom : 0px !important;padding-left : 0px !important;margin-left : 7.68%;}@media only screen and (max-width:1024px) {.fusion-body .fusion-builder-column-152{width:100% !important;order : 0;}.fusion-builder-column-152 > .fusion-column-wrapper {margin-right : 1.92%;margin-left : 1.92%;}}@media only screen and (max-width:640px) {.fusion-body .fusion-builder-column-152{width:100% !important;order : 0;}.fusion-builder-column-152 > .fusion-column-wrapper {margin-right : 1.92%;margin-left : 1.92%;}}<\/style><div class=\"fusion-layout-column fusion_builder_column fusion-builder-column-153 fusion_builder_column_1_4 1_4 fusion-flex-column img-to-filter\"><div class=\"fusion-column-wrapper fusion-flex-justify-content-flex-start fusion-content-layout-column\" style=\"background-position:left top;background-repeat:no-repeat;-webkit-background-size:cover;-moz-background-size:cover;-o-background-size:cover;background-size:cover;padding: 0px 0px 0px 0px;\"><div ><span class=\"fusion-imageframe imageframe-none imageframe-153 hover-type-none\"><a href=\"https:\/\/www.deco-charpente.fr\/wp-content\/uploads\/2020\/08\/abri-voiture-mixte-2.jpg\" class=\"fusion-lightbox\" data-rel=\"iLightbox[gallery-image]\" data-title=\"abri voiture mixte 2\" title=\"mixed carport 2\"><img decoding=\"async\" width=\"1024\" height=\"541\" src=\"https:\/\/www.deco-charpente.fr\/wp-content\/uploads\/2020\/08\/abri-voiture-mixte-2.jpg\" class=\"img-responsive wp-image-2078\" srcset=\"https:\/\/www.deco-charpente.fr\/wp-content\/uploads\/2020\/08\/abri-voiture-mixte-2-200x106.jpg 200w, https:\/\/www.deco-charpente.fr\/wp-content\/uploads\/2020\/08\/abri-voiture-mixte-2-400x211.jpg 400w, https:\/\/www.deco-charpente.fr\/wp-content\/uploads\/2020\/08\/abri-voiture-mixte-2-600x317.jpg 600w, https:\/\/www.deco-charpente.fr\/wp-content\/uploads\/2020\/08\/abri-voiture-mixte-2-800x423.jpg 800w, https:\/\/www.deco-charpente.fr\/wp-content\/uploads\/2020\/08\/abri-voiture-mixte-2.jpg 1024w\" sizes=\"(max-width: 1024px) 100vw, (max-width: 640px) 100vw, 600px\" \/><\/a><\/span><\/div><div class=\"fusion-text fusion-text-305 tags\" style=\"transform:translate3d(0,0,0);\"><p>Carport<\/p>\n<\/div><div class=\"fusion-text fusion-text-306 description\" style=\"transform:translate3d(0,0,0);\"><p>Mixed car shelter<\/p>\n<\/div><\/div><\/div><style type=\"text\/css\">.fusion-body .fusion-builder-column-153{width:25% !important;margin-top : 0px;margin-bottom : 20px;}.fusion-builder-column-153 > .fusion-column-wrapper {padding-top : 0px !important;padding-right : 0px !important;margin-right : 7.68%;padding-bottom : 0px !important;padding-left : 0px !important;margin-left : 7.68%;}@media only screen and (max-width:1024px) {.fusion-body .fusion-builder-column-153{width:100% !important;order : 0;}.fusion-builder-column-153 > .fusion-column-wrapper {margin-right : 1.92%;margin-left : 1.92%;}}@media only screen and (max-width:640px) {.fusion-body .fusion-builder-column-153{width:100% !important;order : 0;}.fusion-builder-column-153 > .fusion-column-wrapper {margin-right : 1.92%;margin-left : 1.92%;}}<\/style><div class=\"fusion-layout-column fusion_builder_column fusion-builder-column-154 fusion_builder_column_1_4 1_4 fusion-flex-column img-to-filter\"><div class=\"fusion-column-wrapper fusion-flex-justify-content-flex-start fusion-content-layout-column\" style=\"background-position:left top;background-repeat:no-repeat;-webkit-background-size:cover;-moz-background-size:cover;-o-background-size:cover;background-size:cover;padding: 0px 0px 0px 0px;\"><div ><span class=\"fusion-imageframe imageframe-none imageframe-154 hover-type-none\"><a href=\"https:\/\/www.deco-charpente.fr\/wp-content\/uploads\/2024\/12\/Pool-house-deux-toits.jpg\" class=\"fusion-lightbox\" data-rel=\"iLightbox[gallery-image]\" data-title=\"Pool house deux toits\" title=\"Pool house deux toits\"><img decoding=\"async\" width=\"2016\" height=\"1512\" src=\"https:\/\/www.deco-charpente.fr\/wp-content\/uploads\/2024\/12\/Pool-house-deux-toits.jpg\" class=\"img-responsive wp-image-11396\" srcset=\"https:\/\/www.deco-charpente.fr\/wp-content\/uploads\/2024\/12\/Pool-house-deux-toits-200x150.jpg 200w, https:\/\/www.deco-charpente.fr\/wp-content\/uploads\/2024\/12\/Pool-house-deux-toits-400x300.jpg 400w, https:\/\/www.deco-charpente.fr\/wp-content\/uploads\/2024\/12\/Pool-house-deux-toits-600x450.jpg 600w, https:\/\/www.deco-charpente.fr\/wp-content\/uploads\/2024\/12\/Pool-house-deux-toits-800x600.jpg 800w, https:\/\/www.deco-charpente.fr\/wp-content\/uploads\/2024\/12\/Pool-house-deux-toits-1200x900.jpg 1200w, https:\/\/www.deco-charpente.fr\/wp-content\/uploads\/2024\/12\/Pool-house-deux-toits.jpg 2016w\" sizes=\"(max-width: 1024px) 100vw, (max-width: 640px) 100vw, 600px\" \/><\/a><\/span><\/div><div class=\"fusion-text fusion-text-307 tags\" style=\"transform:translate3d(0,0,0);\"><p>Pool house &amp; Kiosk<\/p>\n<\/div><div class=\"fusion-text fusion-text-308 description\" style=\"transform:translate3d(0,0,0);\"><p>Pool house double<\/p>\n<\/div><\/div><\/div><style type=\"text\/css\">.fusion-body .fusion-builder-column-154{width:25% !important;margin-top : 0px;margin-bottom : 20px;}.fusion-builder-column-154 > .fusion-column-wrapper {padding-top : 0px !important;padding-right : 0px !important;margin-right : 7.68%;padding-bottom : 0px !important;padding-left : 0px !important;margin-left : 7.68%;}@media only screen and (max-width:1024px) {.fusion-body .fusion-builder-column-154{width:100% !important;order : 0;}.fusion-builder-column-154 > .fusion-column-wrapper {margin-right : 1.92%;margin-left : 1.92%;}}@media only screen and (max-width:640px) {.fusion-body .fusion-builder-column-154{width:100% !important;order : 0;}.fusion-builder-column-154 > .fusion-column-wrapper {margin-right : 1.92%;margin-left : 1.92%;}}<\/style><div class=\"fusion-layout-column fusion_builder_column fusion-builder-column-155 fusion_builder_column_1_4 1_4 fusion-flex-column img-to-filter\"><div class=\"fusion-column-wrapper fusion-flex-justify-content-flex-start fusion-content-layout-column\" style=\"background-position:left top;background-repeat:no-repeat;-webkit-background-size:cover;-moz-background-size:cover;-o-background-size:cover;background-size:cover;padding: 0px 0px 0px 0px;\"><div ><span class=\"fusion-imageframe imageframe-none imageframe-155 hover-type-none\"><a href=\"https:\/\/www.deco-charpente.fr\/wp-content\/uploads\/2024\/12\/Pool-house-bois.jpg\" class=\"fusion-lightbox\" data-rel=\"iLightbox[gallery-image]\" data-title=\"Pool house bois\" title=\"Wooden pool house\"><img decoding=\"async\" width=\"2016\" height=\"1512\" src=\"https:\/\/www.deco-charpente.fr\/wp-content\/uploads\/2024\/12\/Pool-house-bois.jpg\" class=\"img-responsive wp-image-11394\" srcset=\"https:\/\/www.deco-charpente.fr\/wp-content\/uploads\/2024\/12\/Pool-house-bois-200x150.jpg 200w, https:\/\/www.deco-charpente.fr\/wp-content\/uploads\/2024\/12\/Pool-house-bois-400x300.jpg 400w, https:\/\/www.deco-charpente.fr\/wp-content\/uploads\/2024\/12\/Pool-house-bois-600x450.jpg 600w, https:\/\/www.deco-charpente.fr\/wp-content\/uploads\/2024\/12\/Pool-house-bois-800x600.jpg 800w, https:\/\/www.deco-charpente.fr\/wp-content\/uploads\/2024\/12\/Pool-house-bois-1200x900.jpg 1200w, https:\/\/www.deco-charpente.fr\/wp-content\/uploads\/2024\/12\/Pool-house-bois.jpg 2016w\" sizes=\"(max-width: 1024px) 100vw, (max-width: 640px) 100vw, 600px\" \/><\/a><\/span><\/div><div class=\"fusion-text fusion-text-309 tags\" style=\"transform:translate3d(0,0,0);\"><p>Pool house &amp; Kiosk<\/p>\n<\/div><div class=\"fusion-text fusion-text-310 description\" style=\"transform:translate3d(0,0,0);\"><p>Pool house deux pentes<\/p>\n<\/div><\/div><\/div><style type=\"text\/css\">.fusion-body .fusion-builder-column-155{width:25% !important;margin-top : 0px;margin-bottom : 20px;}.fusion-builder-column-155 > .fusion-column-wrapper {padding-top : 0px !important;padding-right : 0px !important;margin-right : 7.68%;padding-bottom : 0px !important;padding-left : 0px !important;margin-left : 7.68%;}@media only screen and (max-width:1024px) {.fusion-body .fusion-builder-column-155{width:100% !important;order : 0;}.fusion-builder-column-155 > .fusion-column-wrapper {margin-right : 1.92%;margin-left : 1.92%;}}@media only screen and (max-width:640px) {.fusion-body .fusion-builder-column-155{width:100% !important;order : 0;}.fusion-builder-column-155 > .fusion-column-wrapper {margin-right : 1.92%;margin-left : 1.92%;}}<\/style><div class=\"fusion-layout-column fusion_builder_column fusion-builder-column-156 fusion_builder_column_1_4 1_4 fusion-flex-column img-to-filter\"><div class=\"fusion-column-wrapper fusion-flex-justify-content-flex-start fusion-content-layout-column\" style=\"background-position:left top;background-repeat:no-repeat;-webkit-background-size:cover;-moz-background-size:cover;-o-background-size:cover;background-size:cover;padding: 0px 0px 0px 0px;\"><div ><span class=\"fusion-imageframe imageframe-none imageframe-156 hover-type-none\"><a href=\"https:\/\/www.deco-charpente.fr\/wp-content\/uploads\/2024\/12\/Pool-house.jpg\" class=\"fusion-lightbox\" data-rel=\"iLightbox[gallery-image]\" data-title=\"Pool house\" title=\"Pool house\"><img decoding=\"async\" width=\"1600\" height=\"1202\" src=\"https:\/\/www.deco-charpente.fr\/wp-content\/uploads\/2024\/12\/Pool-house.jpg\" class=\"img-responsive wp-image-11397\" srcset=\"https:\/\/www.deco-charpente.fr\/wp-content\/uploads\/2024\/12\/Pool-house-200x150.jpg 200w, https:\/\/www.deco-charpente.fr\/wp-content\/uploads\/2024\/12\/Pool-house-400x301.jpg 400w, https:\/\/www.deco-charpente.fr\/wp-content\/uploads\/2024\/12\/Pool-house-600x451.jpg 600w, https:\/\/www.deco-charpente.fr\/wp-content\/uploads\/2024\/12\/Pool-house-800x601.jpg 800w, https:\/\/www.deco-charpente.fr\/wp-content\/uploads\/2024\/12\/Pool-house-1200x902.jpg 1200w, https:\/\/www.deco-charpente.fr\/wp-content\/uploads\/2024\/12\/Pool-house.jpg 1600w\" sizes=\"(max-width: 1024px) 100vw, (max-width: 640px) 100vw, 600px\" \/><\/a><\/span><\/div><div class=\"fusion-text fusion-text-311 tags\" style=\"transform:translate3d(0,0,0);\"><p>Pool house &amp; Kiosk<\/p>\n<\/div><div class=\"fusion-text fusion-text-312 description\" style=\"transform:translate3d(0,0,0);\"><p>Pool house avec salon de jardin<\/p>\n<\/div><\/div><\/div><style type=\"text\/css\">.fusion-body .fusion-builder-column-156{width:25% !important;margin-top : 0px;margin-bottom : 20px;}.fusion-builder-column-156 > .fusion-column-wrapper {padding-top : 0px !important;padding-right : 0px !important;margin-right : 7.68%;padding-bottom : 0px !important;padding-left : 0px !important;margin-left : 7.68%;}@media only screen and (max-width:1024px) {.fusion-body .fusion-builder-column-156{width:100% !important;order : 0;}.fusion-builder-column-156 > .fusion-column-wrapper {margin-right : 1.92%;margin-left : 1.92%;}}@media only screen and (max-width:640px) {.fusion-body .fusion-builder-column-156{width:100% !important;order : 0;}.fusion-builder-column-156 > .fusion-column-wrapper {margin-right : 1.92%;margin-left : 1.92%;}}<\/style><div class=\"fusion-layout-column fusion_builder_column fusion-builder-column-157 fusion_builder_column_1_4 1_4 fusion-flex-column img-to-filter\"><div class=\"fusion-column-wrapper fusion-flex-justify-content-flex-start fusion-content-layout-column\" style=\"background-position:left top;background-repeat:no-repeat;-webkit-background-size:cover;-moz-background-size:cover;-o-background-size:cover;background-size:cover;padding: 0px 0px 0px 0px;\"><div ><span class=\"fusion-imageframe imageframe-none imageframe-157 hover-type-none\"><a href=\"https:\/\/www.deco-charpente.fr\/wp-content\/uploads\/2023\/03\/Pool-house-adosse\u0301.jpg\" class=\"fusion-lightbox\" data-rel=\"iLightbox[gallery-image]\" data-title=\"Pool house adosse\u0301\" title=\"Lean-to pool house\"><img decoding=\"async\" width=\"1966\" height=\"1476\" src=\"https:\/\/www.deco-charpente.fr\/wp-content\/uploads\/2023\/03\/Pool-house-adosse\u0301.jpg\" class=\"img-responsive wp-image-8490\" srcset=\"https:\/\/www.deco-charpente.fr\/wp-content\/uploads\/2023\/03\/Pool-house-adosse\u0301-200x150.jpg 200w, https:\/\/www.deco-charpente.fr\/wp-content\/uploads\/2023\/03\/Pool-house-adosse\u0301-400x300.jpg 400w, https:\/\/www.deco-charpente.fr\/wp-content\/uploads\/2023\/03\/Pool-house-adosse\u0301-600x450.jpg 600w, https:\/\/www.deco-charpente.fr\/wp-content\/uploads\/2023\/03\/Pool-house-adosse\u0301-800x601.jpg 800w, https:\/\/www.deco-charpente.fr\/wp-content\/uploads\/2023\/03\/Pool-house-adosse\u0301-1200x901.jpg 1200w, https:\/\/www.deco-charpente.fr\/wp-content\/uploads\/2023\/03\/Pool-house-adosse\u0301.jpg 1966w\" sizes=\"(max-width: 1024px) 100vw, (max-width: 640px) 100vw, 600px\" \/><\/a><\/span><\/div><div class=\"fusion-text fusion-text-313 tags\" style=\"transform:translate3d(0,0,0);\"><p>Pool house &amp; Kiosk<\/p>\n<\/div><div class=\"fusion-text fusion-text-314 description\" style=\"transform:translate3d(0,0,0);\"><p>Lean-to pool house<\/p>\n<\/div><\/div><\/div><style type=\"text\/css\">.fusion-body .fusion-builder-column-157{width:25% !important;margin-top : 0px;margin-bottom : 20px;}.fusion-builder-column-157 > .fusion-column-wrapper {padding-top : 0px !important;padding-right : 0px !important;margin-right : 7.68%;padding-bottom : 0px !important;padding-left : 0px !important;margin-left : 7.68%;}@media only screen and (max-width:1024px) {.fusion-body .fusion-builder-column-157{width:100% !important;order : 0;}.fusion-builder-column-157 > .fusion-column-wrapper {margin-right : 1.92%;margin-left : 1.92%;}}@media only screen and (max-width:640px) {.fusion-body .fusion-builder-column-157{width:100% !important;order : 0;}.fusion-builder-column-157 > .fusion-column-wrapper {margin-right : 1.92%;margin-left : 1.92%;}}<\/style><div class=\"fusion-layout-column fusion_builder_column fusion-builder-column-158 fusion_builder_column_1_4 1_4 fusion-flex-column img-to-filter\"><div class=\"fusion-column-wrapper fusion-flex-justify-content-flex-start fusion-content-layout-column\" style=\"background-position:left top;background-repeat:no-repeat;-webkit-background-size:cover;-moz-background-size:cover;-o-background-size:cover;background-size:cover;padding: 0px 0px 0px 0px;\"><div ><span class=\"fusion-imageframe imageframe-none imageframe-158 hover-type-none\"><a href=\"https:\/\/www.deco-charpente.fr\/wp-content\/uploads\/2025\/09\/IMG_6660.jpg\" class=\"fusion-lightbox\" data-rel=\"iLightbox[gallery-image]\" data-title=\"IMG_6660\" title=\"IMG_6660\"><img decoding=\"async\" width=\"1920\" height=\"1440\" src=\"https:\/\/www.deco-charpente.fr\/wp-content\/uploads\/2025\/09\/IMG_6660.jpg\" class=\"img-responsive wp-image-12206\" srcset=\"https:\/\/www.deco-charpente.fr\/wp-content\/uploads\/2025\/09\/IMG_6660-200x150.jpg 200w, https:\/\/www.deco-charpente.fr\/wp-content\/uploads\/2025\/09\/IMG_6660-400x300.jpg 400w, https:\/\/www.deco-charpente.fr\/wp-content\/uploads\/2025\/09\/IMG_6660-600x450.jpg 600w, https:\/\/www.deco-charpente.fr\/wp-content\/uploads\/2025\/09\/IMG_6660-800x600.jpg 800w, https:\/\/www.deco-charpente.fr\/wp-content\/uploads\/2025\/09\/IMG_6660-1200x900.jpg 1200w, https:\/\/www.deco-charpente.fr\/wp-content\/uploads\/2025\/09\/IMG_6660.jpg 1920w\" sizes=\"(max-width: 1024px) 100vw, (max-width: 640px) 100vw, 600px\" \/><\/a><\/span><\/div><div class=\"fusion-text fusion-text-315 tags\" style=\"transform:translate3d(0,0,0);\"><p>Pool house &amp; Kiosk<\/p>\n<\/div><div class=\"fusion-text fusion-text-316 description\" style=\"transform:translate3d(0,0,0);\"><p>Self-supporting pool house<\/p>\n<\/div><\/div><\/div><style type=\"text\/css\">.fusion-body .fusion-builder-column-158{width:25% !important;margin-top : 0px;margin-bottom : 20px;}.fusion-builder-column-158 > .fusion-column-wrapper {padding-top : 0px !important;padding-right : 0px !important;margin-right : 7.68%;padding-bottom : 0px !important;padding-left : 0px !important;margin-left : 7.68%;}@media only screen and (max-width:1024px) {.fusion-body .fusion-builder-column-158{width:100% !important;order : 0;}.fusion-builder-column-158 > .fusion-column-wrapper {margin-right : 1.92%;margin-left : 1.92%;}}@media only screen and (max-width:640px) {.fusion-body .fusion-builder-column-158{width:100% !important;order : 0;}.fusion-builder-column-158 > .fusion-column-wrapper {margin-right : 1.92%;margin-left : 1.92%;}}<\/style><div class=\"fusion-layout-column fusion_builder_column fusion-builder-column-159 fusion_builder_column_1_4 1_4 fusion-flex-column img-to-filter\"><div class=\"fusion-column-wrapper fusion-flex-justify-content-flex-start fusion-content-layout-column\" style=\"background-position:left top;background-repeat:no-repeat;-webkit-background-size:cover;-moz-background-size:cover;-o-background-size:cover;background-size:cover;padding: 0px 0px 0px 0px;\"><div ><span class=\"fusion-imageframe imageframe-none imageframe-159 hover-type-none\"><a href=\"https:\/\/www.deco-charpente.fr\/wp-content\/uploads\/2024\/03\/Pool-house-moderne.jpg\" class=\"fusion-lightbox\" data-rel=\"iLightbox[gallery-image]\" data-title=\"Pool house moderne\" title=\"Modern pool house\"><img decoding=\"async\" width=\"1859\" height=\"1396\" src=\"https:\/\/www.deco-charpente.fr\/wp-content\/uploads\/2024\/03\/Pool-house-moderne.jpg\" class=\"img-responsive wp-image-10016\" srcset=\"https:\/\/www.deco-charpente.fr\/wp-content\/uploads\/2024\/03\/Pool-house-moderne-200x150.jpg 200w, https:\/\/www.deco-charpente.fr\/wp-content\/uploads\/2024\/03\/Pool-house-moderne-400x300.jpg 400w, https:\/\/www.deco-charpente.fr\/wp-content\/uploads\/2024\/03\/Pool-house-moderne-600x451.jpg 600w, https:\/\/www.deco-charpente.fr\/wp-content\/uploads\/2024\/03\/Pool-house-moderne-800x601.jpg 800w, https:\/\/www.deco-charpente.fr\/wp-content\/uploads\/2024\/03\/Pool-house-moderne-1200x901.jpg 1200w, https:\/\/www.deco-charpente.fr\/wp-content\/uploads\/2024\/03\/Pool-house-moderne.jpg 1859w\" sizes=\"(max-width: 1024px) 100vw, (max-width: 640px) 100vw, 600px\" \/><\/a><\/span><\/div><div class=\"fusion-text fusion-text-317 tags\" style=\"transform:translate3d(0,0,0);\"><p>Pool house &amp; Kiosk<\/p>\n<\/div><div class=\"fusion-text fusion-text-318 description\" style=\"transform:translate3d(0,0,0);\"><p>Lean-to pool house<\/p>\n<\/div><\/div><\/div><style type=\"text\/css\">.fusion-body .fusion-builder-column-159{width:25% !important;margin-top : 0px;margin-bottom : 20px;}.fusion-builder-column-159 > .fusion-column-wrapper {padding-top : 0px !important;padding-right : 0px !important;margin-right : 7.68%;padding-bottom : 0px !important;padding-left : 0px !important;margin-left : 7.68%;}@media only screen and (max-width:1024px) {.fusion-body .fusion-builder-column-159{width:100% !important;order : 0;}.fusion-builder-column-159 > .fusion-column-wrapper {margin-right : 1.92%;margin-left : 1.92%;}}@media only screen and (max-width:640px) {.fusion-body .fusion-builder-column-159{width:100% !important;order : 0;}.fusion-builder-column-159 > .fusion-column-wrapper {margin-right : 1.92%;margin-left : 1.92%;}}<\/style><div class=\"fusion-layout-column fusion_builder_column fusion-builder-column-160 fusion_builder_column_1_4 1_4 fusion-flex-column img-to-filter\"><div class=\"fusion-column-wrapper fusion-flex-justify-content-flex-start fusion-content-layout-column\" style=\"background-position:left top;background-repeat:no-repeat;-webkit-background-size:cover;-moz-background-size:cover;-o-background-size:cover;background-size:cover;padding: 0px 0px 0px 0px;\"><div ><span class=\"fusion-imageframe imageframe-none imageframe-160 hover-type-none\"><a href=\"https:\/\/www.deco-charpente.fr\/wp-content\/uploads\/2023\/06\/350973233_636877754979395_7719685787410650801_n.jpg\" class=\"fusion-lightbox\" data-rel=\"iLightbox[gallery-image]\" data-title=\"Appentis cuisine d&rsquo;\u00e9t\u00e9\" title=\"Summer kitchen lean-to\"><img decoding=\"async\" width=\"2048\" height=\"1536\" src=\"https:\/\/www.deco-charpente.fr\/wp-content\/uploads\/2023\/06\/350973233_636877754979395_7719685787410650801_n.jpg\" class=\"img-responsive wp-image-8728\" srcset=\"https:\/\/www.deco-charpente.fr\/wp-content\/uploads\/2023\/06\/350973233_636877754979395_7719685787410650801_n-200x150.jpg 200w, https:\/\/www.deco-charpente.fr\/wp-content\/uploads\/2023\/06\/350973233_636877754979395_7719685787410650801_n-400x300.jpg 400w, https:\/\/www.deco-charpente.fr\/wp-content\/uploads\/2023\/06\/350973233_636877754979395_7719685787410650801_n-600x450.jpg 600w, https:\/\/www.deco-charpente.fr\/wp-content\/uploads\/2023\/06\/350973233_636877754979395_7719685787410650801_n-800x600.jpg 800w, https:\/\/www.deco-charpente.fr\/wp-content\/uploads\/2023\/06\/350973233_636877754979395_7719685787410650801_n-1200x900.jpg 1200w, https:\/\/www.deco-charpente.fr\/wp-content\/uploads\/2023\/06\/350973233_636877754979395_7719685787410650801_n.jpg 2048w\" sizes=\"(max-width: 1024px) 100vw, (max-width: 640px) 100vw, 600px\" \/><\/a><\/span><\/div><div class=\"fusion-text fusion-text-319 tags\" style=\"transform:translate3d(0,0,0);\"><p>Pool house &amp; Kiosk<\/p>\n<\/div><div class=\"fusion-text fusion-text-320 description\" style=\"transform:translate3d(0,0,0);\"><p>Lean-to pool house<\/p>\n<\/div><\/div><\/div><style type=\"text\/css\">.fusion-body .fusion-builder-column-160{width:25% !important;margin-top : 0px;margin-bottom : 20px;}.fusion-builder-column-160 > .fusion-column-wrapper {padding-top : 0px !important;padding-right : 0px !important;margin-right : 7.68%;padding-bottom : 0px !important;padding-left : 0px !important;margin-left : 7.68%;}@media only screen and (max-width:1024px) {.fusion-body .fusion-builder-column-160{width:100% !important;order : 0;}.fusion-builder-column-160 > .fusion-column-wrapper {margin-right : 1.92%;margin-left : 1.92%;}}@media only screen and (max-width:640px) {.fusion-body .fusion-builder-column-160{width:100% !important;order : 0;}.fusion-builder-column-160 > .fusion-column-wrapper {margin-right : 1.92%;margin-left : 1.92%;}}<\/style><div class=\"fusion-layout-column fusion_builder_column fusion-builder-column-161 fusion_builder_column_1_4 1_4 fusion-flex-column img-to-filter\"><div class=\"fusion-column-wrapper fusion-flex-justify-content-flex-start fusion-content-layout-column\" style=\"background-position:left top;background-repeat:no-repeat;-webkit-background-size:cover;-moz-background-size:cover;-o-background-size:cover;background-size:cover;padding: 0px 0px 0px 0px;\"><div ><span class=\"fusion-imageframe imageframe-none imageframe-161 hover-type-none\"><a href=\"https:\/\/www.deco-charpente.fr\/wp-content\/uploads\/2024\/04\/Pool-House.jpg\" class=\"fusion-lightbox\" data-rel=\"iLightbox[gallery-image]\" data-title=\"Pool House\" title=\"Pool House\"><img decoding=\"async\" width=\"1744\" height=\"1260\" src=\"https:\/\/www.deco-charpente.fr\/wp-content\/uploads\/2024\/04\/Pool-House.jpg\" class=\"img-responsive wp-image-10489\" srcset=\"https:\/\/www.deco-charpente.fr\/wp-content\/uploads\/2024\/04\/Pool-House-200x144.jpg 200w, https:\/\/www.deco-charpente.fr\/wp-content\/uploads\/2024\/04\/Pool-House-400x289.jpg 400w, https:\/\/www.deco-charpente.fr\/wp-content\/uploads\/2024\/04\/Pool-House-600x433.jpg 600w, https:\/\/www.deco-charpente.fr\/wp-content\/uploads\/2024\/04\/Pool-House-800x578.jpg 800w, https:\/\/www.deco-charpente.fr\/wp-content\/uploads\/2024\/04\/Pool-House-1200x867.jpg 1200w, https:\/\/www.deco-charpente.fr\/wp-content\/uploads\/2024\/04\/Pool-House.jpg 1744w\" sizes=\"(max-width: 1024px) 100vw, (max-width: 640px) 100vw, 600px\" \/><\/a><\/span><\/div><div class=\"fusion-text fusion-text-321 tags\" style=\"transform:translate3d(0,0,0);\"><p>Pool house &amp; Kiosk<\/p>\n<\/div><div class=\"fusion-text fusion-text-322 description\" style=\"transform:translate3d(0,0,0);\"><p>Pool house Aix-en-Provence<\/p>\n<\/div><\/div><\/div><style type=\"text\/css\">.fusion-body .fusion-builder-column-161{width:25% !important;margin-top : 0px;margin-bottom : 20px;}.fusion-builder-column-161 > .fusion-column-wrapper {padding-top : 0px !important;padding-right : 0px !important;margin-right : 7.68%;padding-bottom : 0px !important;padding-left : 0px !important;margin-left : 7.68%;}@media only screen and (max-width:1024px) {.fusion-body .fusion-builder-column-161{width:100% !important;order : 0;}.fusion-builder-column-161 > .fusion-column-wrapper {margin-right : 1.92%;margin-left : 1.92%;}}@media only screen and (max-width:640px) {.fusion-body .fusion-builder-column-161{width:100% !important;order : 0;}.fusion-builder-column-161 > .fusion-column-wrapper {margin-right : 1.92%;margin-left : 1.92%;}}<\/style><div class=\"fusion-layout-column fusion_builder_column fusion-builder-column-162 fusion_builder_column_1_4 1_4 fusion-flex-column img-to-filter\"><div class=\"fusion-column-wrapper fusion-flex-justify-content-flex-start fusion-content-layout-column\" style=\"background-position:left top;background-repeat:no-repeat;-webkit-background-size:cover;-moz-background-size:cover;-o-background-size:cover;background-size:cover;padding: 0px 0px 0px 0px;\"><div ><span class=\"fusion-imageframe imageframe-none imageframe-162 hover-type-none\"><a href=\"https:\/\/www.deco-charpente.fr\/wp-content\/uploads\/2024\/04\/Pool-house-sur-mesure.jpg\" class=\"fusion-lightbox\" data-rel=\"iLightbox[gallery-image]\" data-title=\"Pool house sur mesure\" title=\"Custom pool house\"><img decoding=\"async\" width=\"1762\" height=\"1254\" src=\"https:\/\/www.deco-charpente.fr\/wp-content\/uploads\/2024\/04\/Pool-house-sur-mesure.jpg\" class=\"img-responsive wp-image-10488\" srcset=\"https:\/\/www.deco-charpente.fr\/wp-content\/uploads\/2024\/04\/Pool-house-sur-mesure-200x142.jpg 200w, https:\/\/www.deco-charpente.fr\/wp-content\/uploads\/2024\/04\/Pool-house-sur-mesure-400x285.jpg 400w, https:\/\/www.deco-charpente.fr\/wp-content\/uploads\/2024\/04\/Pool-house-sur-mesure-600x427.jpg 600w, https:\/\/www.deco-charpente.fr\/wp-content\/uploads\/2024\/04\/Pool-house-sur-mesure-800x569.jpg 800w, https:\/\/www.deco-charpente.fr\/wp-content\/uploads\/2024\/04\/Pool-house-sur-mesure-1200x854.jpg 1200w, https:\/\/www.deco-charpente.fr\/wp-content\/uploads\/2024\/04\/Pool-house-sur-mesure.jpg 1762w\" sizes=\"(max-width: 1024px) 100vw, (max-width: 640px) 100vw, 600px\" \/><\/a><\/span><\/div><div class=\"fusion-text fusion-text-323 tags\" style=\"transform:translate3d(0,0,0);\"><p>Pool house &amp; Kiosk<\/p>\n<\/div><div class=\"fusion-text fusion-text-324 description\" style=\"transform:translate3d(0,0,0);\"><p>Pool house Mimet<\/p>\n<\/div><\/div><\/div><style type=\"text\/css\">.fusion-body .fusion-builder-column-162{width:25% !important;margin-top : 0px;margin-bottom : 20px;}.fusion-builder-column-162 > .fusion-column-wrapper {padding-top : 0px !important;padding-right : 0px !important;margin-right : 7.68%;padding-bottom : 0px !important;padding-left : 0px !important;margin-left : 7.68%;}@media only screen and (max-width:1024px) {.fusion-body .fusion-builder-column-162{width:100% !important;order : 0;}.fusion-builder-column-162 > .fusion-column-wrapper {margin-right : 1.92%;margin-left : 1.92%;}}@media only screen and (max-width:640px) {.fusion-body .fusion-builder-column-162{width:100% !important;order : 0;}.fusion-builder-column-162 > .fusion-column-wrapper {margin-right : 1.92%;margin-left : 1.92%;}}<\/style><div class=\"fusion-layout-column fusion_builder_column fusion-builder-column-163 fusion_builder_column_1_4 1_4 fusion-flex-column img-to-filter\"><div class=\"fusion-column-wrapper fusion-flex-justify-content-flex-start fusion-content-layout-column\" style=\"background-position:left top;background-repeat:no-repeat;-webkit-background-size:cover;-moz-background-size:cover;-o-background-size:cover;background-size:cover;padding: 0px 0px 0px 0px;\"><div ><span class=\"fusion-imageframe imageframe-none imageframe-163 hover-type-none\"><a href=\"https:\/\/www.deco-charpente.fr\/wp-content\/uploads\/2023\/06\/349970628_268778362294706_1669989783477207226_n.jpg\" class=\"fusion-lightbox\" data-rel=\"iLightbox[gallery-image]\" data-title=\"Abri 2 pentes\" title=\"Shelter 2 slopes\"><img decoding=\"async\" width=\"1440\" height=\"1080\" src=\"https:\/\/www.deco-charpente.fr\/wp-content\/uploads\/2023\/06\/349970628_268778362294706_1669989783477207226_n.jpg\" class=\"img-responsive wp-image-8726\" srcset=\"https:\/\/www.deco-charpente.fr\/wp-content\/uploads\/2023\/06\/349970628_268778362294706_1669989783477207226_n-200x150.jpg 200w, https:\/\/www.deco-charpente.fr\/wp-content\/uploads\/2023\/06\/349970628_268778362294706_1669989783477207226_n-400x300.jpg 400w, https:\/\/www.deco-charpente.fr\/wp-content\/uploads\/2023\/06\/349970628_268778362294706_1669989783477207226_n-600x450.jpg 600w, https:\/\/www.deco-charpente.fr\/wp-content\/uploads\/2023\/06\/349970628_268778362294706_1669989783477207226_n-800x600.jpg 800w, https:\/\/www.deco-charpente.fr\/wp-content\/uploads\/2023\/06\/349970628_268778362294706_1669989783477207226_n-1200x900.jpg 1200w, https:\/\/www.deco-charpente.fr\/wp-content\/uploads\/2023\/06\/349970628_268778362294706_1669989783477207226_n.jpg 1440w\" sizes=\"(max-width: 1024px) 100vw, (max-width: 640px) 100vw, 600px\" \/><\/a><\/span><\/div><div class=\"fusion-text fusion-text-325 tags\" style=\"transform:translate3d(0,0,0);\"><p>Pool house &amp; Kiosk<\/p>\n<\/div><div class=\"fusion-text fusion-text-326 description\" style=\"transform:translate3d(0,0,0);\"><p>Lean-to pool house<\/p>\n<\/div><\/div><\/div><style type=\"text\/css\">.fusion-body .fusion-builder-column-163{width:25% !important;margin-top : 0px;margin-bottom : 20px;}.fusion-builder-column-163 > .fusion-column-wrapper {padding-top : 0px !important;padding-right : 0px !important;margin-right : 7.68%;padding-bottom : 0px !important;padding-left : 0px !important;margin-left : 7.68%;}@media only screen and (max-width:1024px) {.fusion-body .fusion-builder-column-163{width:100% !important;order : 0;}.fusion-builder-column-163 > .fusion-column-wrapper {margin-right : 1.92%;margin-left : 1.92%;}}@media only screen and (max-width:640px) {.fusion-body .fusion-builder-column-163{width:100% !important;order : 0;}.fusion-builder-column-163 > .fusion-column-wrapper {margin-right : 1.92%;margin-left : 1.92%;}}<\/style><div class=\"fusion-layout-column fusion_builder_column fusion-builder-column-164 fusion_builder_column_1_4 1_4 fusion-flex-column img-to-filter\"><div class=\"fusion-column-wrapper fusion-flex-justify-content-flex-start fusion-content-layout-column\" style=\"background-position:left top;background-repeat:no-repeat;-webkit-background-size:cover;-moz-background-size:cover;-o-background-size:cover;background-size:cover;padding: 0px 0px 0px 0px;\"><div ><span class=\"fusion-imageframe imageframe-none imageframe-164 hover-type-none\"><a href=\"https:\/\/www.deco-charpente.fr\/wp-content\/uploads\/2024\/04\/Pool-house-bois-1.jpg\" class=\"fusion-lightbox\" data-rel=\"iLightbox[gallery-image]\" data-title=\"Pool house bois 1\" title=\"Wooden pool house 1\"><img decoding=\"async\" width=\"2094\" height=\"1352\" src=\"https:\/\/www.deco-charpente.fr\/wp-content\/uploads\/2024\/04\/Pool-house-bois-1.jpg\" class=\"img-responsive wp-image-10487\" srcset=\"https:\/\/www.deco-charpente.fr\/wp-content\/uploads\/2024\/04\/Pool-house-bois-1-200x129.jpg 200w, https:\/\/www.deco-charpente.fr\/wp-content\/uploads\/2024\/04\/Pool-house-bois-1-400x258.jpg 400w, https:\/\/www.deco-charpente.fr\/wp-content\/uploads\/2024\/04\/Pool-house-bois-1-600x387.jpg 600w, https:\/\/www.deco-charpente.fr\/wp-content\/uploads\/2024\/04\/Pool-house-bois-1-800x517.jpg 800w, https:\/\/www.deco-charpente.fr\/wp-content\/uploads\/2024\/04\/Pool-house-bois-1-1200x775.jpg 1200w, https:\/\/www.deco-charpente.fr\/wp-content\/uploads\/2024\/04\/Pool-house-bois-1.jpg 2094w\" sizes=\"(max-width: 1024px) 100vw, (max-width: 640px) 100vw, 600px\" \/><\/a><\/span><\/div><div class=\"fusion-text fusion-text-327 tags\" style=\"transform:translate3d(0,0,0);\"><p>Pool house &amp; Kiosk<\/p>\n<\/div><div class=\"fusion-text fusion-text-328 description\" style=\"transform:translate3d(0,0,0);\"><p>Pool house Chateauneuf-les-Martigues<\/p>\n<\/div><\/div><\/div><style type=\"text\/css\">.fusion-body .fusion-builder-column-164{width:25% !important;margin-top : 0px;margin-bottom : 20px;}.fusion-builder-column-164 > .fusion-column-wrapper {padding-top : 0px !important;padding-right : 0px !important;margin-right : 7.68%;padding-bottom : 0px !important;padding-left : 0px !important;margin-left : 7.68%;}@media only screen and (max-width:1024px) {.fusion-body .fusion-builder-column-164{width:100% !important;order : 0;}.fusion-builder-column-164 > .fusion-column-wrapper {margin-right : 1.92%;margin-left : 1.92%;}}@media only screen and (max-width:640px) {.fusion-body .fusion-builder-column-164{width:100% !important;order : 0;}.fusion-builder-column-164 > .fusion-column-wrapper {margin-right : 1.92%;margin-left : 1.92%;}}<\/style><div class=\"fusion-layout-column fusion_builder_column fusion-builder-column-165 fusion_builder_column_1_4 1_4 fusion-flex-column img-to-filter\"><div class=\"fusion-column-wrapper fusion-flex-justify-content-flex-start fusion-content-layout-column\" style=\"background-position:left top;background-repeat:no-repeat;-webkit-background-size:cover;-moz-background-size:cover;-o-background-size:cover;background-size:cover;padding: 0px 0px 0px 0px;\"><div ><span class=\"fusion-imageframe imageframe-none imageframe-165 hover-type-none\"><a href=\"https:\/\/www.deco-charpente.fr\/wp-content\/uploads\/2023\/06\/349132305_195056473062132_3085745884106632882_n.jpg\" class=\"fusion-lightbox\" data-rel=\"iLightbox[gallery-image]\" data-title=\"Abri 2 pentes cuisine d&rsquo;\u00e9t\u00e9\" title=\"Shelter 2 slopes summer kitchen\"><img decoding=\"async\" width=\"1440\" height=\"1085\" src=\"https:\/\/www.deco-charpente.fr\/wp-content\/uploads\/2023\/06\/349132305_195056473062132_3085745884106632882_n.jpg\" class=\"img-responsive wp-image-8724\" srcset=\"https:\/\/www.deco-charpente.fr\/wp-content\/uploads\/2023\/06\/349132305_195056473062132_3085745884106632882_n-200x151.jpg 200w, https:\/\/www.deco-charpente.fr\/wp-content\/uploads\/2023\/06\/349132305_195056473062132_3085745884106632882_n-400x301.jpg 400w, https:\/\/www.deco-charpente.fr\/wp-content\/uploads\/2023\/06\/349132305_195056473062132_3085745884106632882_n-600x452.jpg 600w, https:\/\/www.deco-charpente.fr\/wp-content\/uploads\/2023\/06\/349132305_195056473062132_3085745884106632882_n-800x603.jpg 800w, https:\/\/www.deco-charpente.fr\/wp-content\/uploads\/2023\/06\/349132305_195056473062132_3085745884106632882_n-1200x904.jpg 1200w, https:\/\/www.deco-charpente.fr\/wp-content\/uploads\/2023\/06\/349132305_195056473062132_3085745884106632882_n.jpg 1440w\" sizes=\"(max-width: 1024px) 100vw, (max-width: 640px) 100vw, 600px\" \/><\/a><\/span><\/div><div class=\"fusion-text fusion-text-329 tags\" style=\"transform:translate3d(0,0,0);\"><p>Pool house &amp; Kiosk<\/p>\n<\/div><div class=\"fusion-text fusion-text-330 description\" style=\"transform:translate3d(0,0,0);\"><p>Lean-to pool house<\/p>\n<\/div><\/div><\/div><style type=\"text\/css\">.fusion-body .fusion-builder-column-165{width:25% !important;margin-top : 0px;margin-bottom : 20px;}.fusion-builder-column-165 > .fusion-column-wrapper {padding-top : 0px !important;padding-right : 0px !important;margin-right : 7.68%;padding-bottom : 0px !important;padding-left : 0px !important;margin-left : 7.68%;}@media only screen and (max-width:1024px) {.fusion-body .fusion-builder-column-165{width:100% !important;order : 0;}.fusion-builder-column-165 > .fusion-column-wrapper {margin-right : 1.92%;margin-left : 1.92%;}}@media only screen and (max-width:640px) {.fusion-body .fusion-builder-column-165{width:100% !important;order : 0;}.fusion-builder-column-165 > .fusion-column-wrapper {margin-right : 1.92%;margin-left : 1.92%;}}<\/style><div class=\"fusion-layout-column fusion_builder_column fusion-builder-column-166 fusion_builder_column_1_4 1_4 fusion-flex-column img-to-filter\"><div class=\"fusion-column-wrapper fusion-flex-justify-content-flex-start fusion-content-layout-column\" style=\"background-position:left top;background-repeat:no-repeat;-webkit-background-size:cover;-moz-background-size:cover;-o-background-size:cover;background-size:cover;padding: 0px 0px 0px 0px;\"><div ><span class=\"fusion-imageframe imageframe-none imageframe-166 hover-type-none\"><a href=\"https:\/\/www.deco-charpente.fr\/wp-content\/uploads\/2023\/03\/Pool-house-bois.jpg\" class=\"fusion-lightbox\" data-rel=\"iLightbox[gallery-image]\" data-title=\"Pool house bois\" title=\"Wooden pool house\"><img decoding=\"async\" width=\"1920\" height=\"1025\" src=\"https:\/\/www.deco-charpente.fr\/wp-content\/uploads\/2023\/03\/Pool-house-bois.jpg\" class=\"img-responsive wp-image-8491\" srcset=\"https:\/\/www.deco-charpente.fr\/wp-content\/uploads\/2023\/03\/Pool-house-bois-200x107.jpg 200w, https:\/\/www.deco-charpente.fr\/wp-content\/uploads\/2023\/03\/Pool-house-bois-400x214.jpg 400w, https:\/\/www.deco-charpente.fr\/wp-content\/uploads\/2023\/03\/Pool-house-bois-600x320.jpg 600w, https:\/\/www.deco-charpente.fr\/wp-content\/uploads\/2023\/03\/Pool-house-bois-800x427.jpg 800w, https:\/\/www.deco-charpente.fr\/wp-content\/uploads\/2023\/03\/Pool-house-bois-1200x641.jpg 1200w, https:\/\/www.deco-charpente.fr\/wp-content\/uploads\/2023\/03\/Pool-house-bois.jpg 1920w\" sizes=\"(max-width: 1024px) 100vw, (max-width: 640px) 100vw, 600px\" \/><\/a><\/span><\/div><div class=\"fusion-text fusion-text-331 tags\" style=\"transform:translate3d(0,0,0);\"><p>Pool house &amp; Kiosk<\/p>\n<\/div><div class=\"fusion-text fusion-text-332 description\" style=\"transform:translate3d(0,0,0);\"><p>Self-supporting pool house<\/p>\n<\/div><\/div><\/div><style type=\"text\/css\">.fusion-body .fusion-builder-column-166{width:25% !important;margin-top : 0px;margin-bottom : 20px;}.fusion-builder-column-166 > .fusion-column-wrapper {padding-top : 0px !important;padding-right : 0px !important;margin-right : 7.68%;padding-bottom : 0px !important;padding-left : 0px !important;margin-left : 7.68%;}@media only screen and (max-width:1024px) {.fusion-body .fusion-builder-column-166{width:100% !important;order : 0;}.fusion-builder-column-166 > .fusion-column-wrapper {margin-right : 1.92%;margin-left : 1.92%;}}@media only screen and (max-width:640px) {.fusion-body .fusion-builder-column-166{width:100% !important;order : 0;}.fusion-builder-column-166 > .fusion-column-wrapper {margin-right : 1.92%;margin-left : 1.92%;}}<\/style><div class=\"fusion-layout-column fusion_builder_column fusion-builder-column-167 fusion_builder_column_1_4 1_4 fusion-flex-column img-to-filter\"><div class=\"fusion-column-wrapper fusion-flex-justify-content-flex-start fusion-content-layout-column\" style=\"background-position:left top;background-repeat:no-repeat;-webkit-background-size:cover;-moz-background-size:cover;-o-background-size:cover;background-size:cover;padding: 0px 0px 0px 0px;\"><div ><span class=\"fusion-imageframe imageframe-none imageframe-167 hover-type-none\"><a href=\"https:\/\/www.deco-charpente.fr\/wp-content\/uploads\/2022\/06\/4-pentes-en-tuile-canal-douglas-gris-3.jpg\" class=\"fusion-lightbox\" data-rel=\"iLightbox[gallery-image]\" data-title=\"4 pentes en tuile canal douglas gris\" title=\"4 slopes in gray Douglas channel tiles\"><img decoding=\"async\" width=\"1024\" height=\"768\" src=\"https:\/\/www.deco-charpente.fr\/wp-content\/uploads\/2022\/06\/4-pentes-en-tuile-canal-douglas-gris-3.jpg\" class=\"img-responsive wp-image-7420\" srcset=\"https:\/\/www.deco-charpente.fr\/wp-content\/uploads\/2022\/06\/4-pentes-en-tuile-canal-douglas-gris-3-200x150.jpg 200w, https:\/\/www.deco-charpente.fr\/wp-content\/uploads\/2022\/06\/4-pentes-en-tuile-canal-douglas-gris-3-400x300.jpg 400w, https:\/\/www.deco-charpente.fr\/wp-content\/uploads\/2022\/06\/4-pentes-en-tuile-canal-douglas-gris-3-600x450.jpg 600w, https:\/\/www.deco-charpente.fr\/wp-content\/uploads\/2022\/06\/4-pentes-en-tuile-canal-douglas-gris-3-800x600.jpg 800w, https:\/\/www.deco-charpente.fr\/wp-content\/uploads\/2022\/06\/4-pentes-en-tuile-canal-douglas-gris-3.jpg 1024w\" sizes=\"(max-width: 1024px) 100vw, (max-width: 640px) 100vw, 600px\" \/><\/a><\/span><\/div><div class=\"fusion-text fusion-text-333 tags\" style=\"transform:translate3d(0,0,0);\"><p>Pool house &amp; Kiosk<\/p>\n<\/div><div class=\"fusion-text fusion-text-334 description\" style=\"transform:translate3d(0,0,0);\"><p>Self-supporting pool house<\/p>\n<\/div><\/div><\/div><style type=\"text\/css\">.fusion-body .fusion-builder-column-167{width:25% !important;margin-top : 0px;margin-bottom : 20px;}.fusion-builder-column-167 > .fusion-column-wrapper {padding-top : 0px !important;padding-right : 0px !important;margin-right : 7.68%;padding-bottom : 0px !important;padding-left : 0px !important;margin-left : 7.68%;}@media only screen and (max-width:1024px) {.fusion-body .fusion-builder-column-167{width:100% !important;order : 0;}.fusion-builder-column-167 > .fusion-column-wrapper {margin-right : 1.92%;margin-left : 1.92%;}}@media only screen and (max-width:640px) {.fusion-body .fusion-builder-column-167{width:100% !important;order : 0;}.fusion-builder-column-167 > .fusion-column-wrapper {margin-right : 1.92%;margin-left : 1.92%;}}<\/style><div class=\"fusion-layout-column fusion_builder_column fusion-builder-column-168 fusion_builder_column_1_4 1_4 fusion-flex-column img-to-filter\"><div class=\"fusion-column-wrapper fusion-flex-justify-content-flex-start fusion-content-layout-column\" style=\"background-position:left top;background-repeat:no-repeat;-webkit-background-size:cover;-moz-background-size:cover;-o-background-size:cover;background-size:cover;padding: 0px 0px 0px 0px;\"><div ><span class=\"fusion-imageframe imageframe-none imageframe-168 hover-type-none\"><a href=\"https:\/\/www.deco-charpente.fr\/wp-content\/uploads\/2023\/02\/Pool-house.jpg\" class=\"fusion-lightbox\" data-rel=\"iLightbox[gallery-image]\" data-title=\"Pool house\" title=\"Pool house\"><img decoding=\"async\" width=\"1101\" height=\"834\" src=\"https:\/\/www.deco-charpente.fr\/wp-content\/uploads\/2023\/02\/Pool-house.jpg\" class=\"img-responsive wp-image-8220\" srcset=\"https:\/\/www.deco-charpente.fr\/wp-content\/uploads\/2023\/02\/Pool-house-200x151.jpg 200w, https:\/\/www.deco-charpente.fr\/wp-content\/uploads\/2023\/02\/Pool-house-400x303.jpg 400w, https:\/\/www.deco-charpente.fr\/wp-content\/uploads\/2023\/02\/Pool-house-600x454.jpg 600w, https:\/\/www.deco-charpente.fr\/wp-content\/uploads\/2023\/02\/Pool-house-800x606.jpg 800w, https:\/\/www.deco-charpente.fr\/wp-content\/uploads\/2023\/02\/Pool-house.jpg 1101w\" sizes=\"(max-width: 1024px) 100vw, (max-width: 640px) 100vw, 600px\" \/><\/a><\/span><\/div><div class=\"fusion-text fusion-text-335 tags\" style=\"transform:translate3d(0,0,0);\"><p>Pool house &amp; Kiosk<\/p>\n<\/div><div class=\"fusion-text fusion-text-336 description\" style=\"transform:translate3d(0,0,0);\"><p>Self-supporting pool house<\/p>\n<\/div><\/div><\/div><style type=\"text\/css\">.fusion-body .fusion-builder-column-168{width:25% !important;margin-top : 0px;margin-bottom : 20px;}.fusion-builder-column-168 > .fusion-column-wrapper {padding-top : 0px !important;padding-right : 0px !important;margin-right : 7.68%;padding-bottom : 0px !important;padding-left : 0px !important;margin-left : 7.68%;}@media only screen and (max-width:1024px) {.fusion-body .fusion-builder-column-168{width:100% !important;order : 0;}.fusion-builder-column-168 > .fusion-column-wrapper {margin-right : 1.92%;margin-left : 1.92%;}}@media only screen and (max-width:640px) {.fusion-body .fusion-builder-column-168{width:100% !important;order : 0;}.fusion-builder-column-168 > .fusion-column-wrapper {margin-right : 1.92%;margin-left : 1.92%;}}<\/style><div class=\"fusion-layout-column fusion_builder_column fusion-builder-column-169 fusion_builder_column_1_4 1_4 fusion-flex-column img-to-filter\"><div class=\"fusion-column-wrapper fusion-flex-justify-content-flex-start fusion-content-layout-column\" style=\"background-position:left top;background-repeat:no-repeat;-webkit-background-size:cover;-moz-background-size:cover;-o-background-size:cover;background-size:cover;padding: 0px 0px 0px 0px;\"><div ><span class=\"fusion-imageframe imageframe-none imageframe-169 hover-type-none\"><a href=\"https:\/\/www.deco-charpente.fr\/wp-content\/uploads\/2022\/06\/4-pentes-en-tuile-canal-douglas-gris-4.jpg\" class=\"fusion-lightbox\" data-rel=\"iLightbox[gallery-image]\" data-title=\"4 pentes en tuile canal douglas gris\" title=\"4 slopes in gray Douglas channel tiles\"><img decoding=\"async\" width=\"1024\" height=\"768\" alt=\"Image d&#039;illustration des abris voiture bois de D\u00e9co Charpente.\" src=\"https:\/\/www.deco-charpente.fr\/wp-content\/uploads\/2022\/06\/4-pentes-en-tuile-canal-douglas-gris-4.jpg\" class=\"img-responsive wp-image-7419\" srcset=\"https:\/\/www.deco-charpente.fr\/wp-content\/uploads\/2022\/06\/4-pentes-en-tuile-canal-douglas-gris-4-200x150.jpg 200w, https:\/\/www.deco-charpente.fr\/wp-content\/uploads\/2022\/06\/4-pentes-en-tuile-canal-douglas-gris-4-400x300.jpg 400w, https:\/\/www.deco-charpente.fr\/wp-content\/uploads\/2022\/06\/4-pentes-en-tuile-canal-douglas-gris-4-600x450.jpg 600w, https:\/\/www.deco-charpente.fr\/wp-content\/uploads\/2022\/06\/4-pentes-en-tuile-canal-douglas-gris-4-800x600.jpg 800w, https:\/\/www.deco-charpente.fr\/wp-content\/uploads\/2022\/06\/4-pentes-en-tuile-canal-douglas-gris-4.jpg 1024w\" sizes=\"(max-width: 1024px) 100vw, (max-width: 640px) 100vw, 600px\" \/><\/a><\/span><\/div><div class=\"fusion-text fusion-text-337 tags\" style=\"transform:translate3d(0,0,0);\"><p>Pool house &amp; Kiosk<\/p>\n<\/div><div class=\"fusion-text fusion-text-338 description\" style=\"transform:translate3d(0,0,0);\"><p>Self-supporting pool house<\/p>\n<\/div><\/div><\/div><style type=\"text\/css\">.fusion-body .fusion-builder-column-169{width:25% !important;margin-top : 0px;margin-bottom : 20px;}.fusion-builder-column-169 > .fusion-column-wrapper {padding-top : 0px !important;padding-right : 0px !important;margin-right : 7.68%;padding-bottom : 0px !important;padding-left : 0px !important;margin-left : 7.68%;}@media only screen and (max-width:1024px) {.fusion-body .fusion-builder-column-169{width:100% !important;order : 0;}.fusion-builder-column-169 > .fusion-column-wrapper {margin-right : 1.92%;margin-left : 1.92%;}}@media only screen and (max-width:640px) {.fusion-body .fusion-builder-column-169{width:100% !important;order : 0;}.fusion-builder-column-169 > .fusion-column-wrapper {margin-right : 1.92%;margin-left : 1.92%;}}<\/style><div class=\"fusion-layout-column fusion_builder_column fusion-builder-column-170 fusion_builder_column_1_4 1_4 fusion-flex-column img-to-filter\"><div class=\"fusion-column-wrapper fusion-flex-justify-content-flex-start fusion-content-layout-column\" style=\"background-position:left top;background-repeat:no-repeat;-webkit-background-size:cover;-moz-background-size:cover;-o-background-size:cover;background-size:cover;padding: 0px 0px 0px 0px;\"><div ><span class=\"fusion-imageframe imageframe-none imageframe-170 hover-type-none\"><a href=\"https:\/\/www.deco-charpente.fr\/wp-content\/uploads\/2022\/06\/Pool-house-autoporte.jpg\" class=\"fusion-lightbox\" data-rel=\"iLightbox[gallery-image]\" data-title=\"Pool house autoport\u00e9\" title=\"Self-supporting pool house\"><img decoding=\"async\" width=\"1336\" height=\"1436\" src=\"https:\/\/www.deco-charpente.fr\/wp-content\/uploads\/2022\/06\/Pool-house-autoporte.jpg\" class=\"img-responsive wp-image-7425\" srcset=\"https:\/\/www.deco-charpente.fr\/wp-content\/uploads\/2022\/06\/Pool-house-autoporte-200x215.jpg 200w, https:\/\/www.deco-charpente.fr\/wp-content\/uploads\/2022\/06\/Pool-house-autoporte-400x430.jpg 400w, https:\/\/www.deco-charpente.fr\/wp-content\/uploads\/2022\/06\/Pool-house-autoporte-600x645.jpg 600w, https:\/\/www.deco-charpente.fr\/wp-content\/uploads\/2022\/06\/Pool-house-autoporte-800x860.jpg 800w, https:\/\/www.deco-charpente.fr\/wp-content\/uploads\/2022\/06\/Pool-house-autoporte-1200x1290.jpg 1200w, https:\/\/www.deco-charpente.fr\/wp-content\/uploads\/2022\/06\/Pool-house-autoporte.jpg 1336w\" sizes=\"(max-width: 1024px) 100vw, (max-width: 640px) 100vw, 600px\" \/><\/a><\/span><\/div><div class=\"fusion-text fusion-text-339 tags\" style=\"transform:translate3d(0,0,0);\"><p>Pool house &amp; Kiosk<\/p>\n<\/div><div class=\"fusion-text fusion-text-340 description\" style=\"transform:translate3d(0,0,0);\"><p>Self-supporting pool house<\/p>\n<\/div><\/div><\/div><style type=\"text\/css\">.fusion-body .fusion-builder-column-170{width:25% !important;margin-top : 0px;margin-bottom : 20px;}.fusion-builder-column-170 > .fusion-column-wrapper {padding-top : 0px !important;padding-right : 0px !important;margin-right : 7.68%;padding-bottom : 0px !important;padding-left : 0px !important;margin-left : 7.68%;}@media only screen and (max-width:1024px) {.fusion-body .fusion-builder-column-170{width:100% !important;order : 0;}.fusion-builder-column-170 > .fusion-column-wrapper {margin-right : 1.92%;margin-left : 1.92%;}}@media only screen and (max-width:640px) {.fusion-body .fusion-builder-column-170{width:100% !important;order : 0;}.fusion-builder-column-170 > .fusion-column-wrapper {margin-right : 1.92%;margin-left : 1.92%;}}<\/style><div class=\"fusion-layout-column fusion_builder_column fusion-builder-column-171 fusion_builder_column_1_4 1_4 fusion-flex-column img-to-filter\"><div class=\"fusion-column-wrapper fusion-flex-justify-content-flex-start fusion-content-layout-column\" style=\"background-position:left top;background-repeat:no-repeat;-webkit-background-size:cover;-moz-background-size:cover;-o-background-size:cover;background-size:cover;padding: 0px 0px 0px 0px;\"><div ><span class=\"fusion-imageframe imageframe-none imageframe-171 hover-type-none\"><a href=\"https:\/\/www.deco-charpente.fr\/wp-content\/uploads\/2022\/04\/Pool-house-autoporte.jpg\" class=\"fusion-lightbox\" data-rel=\"iLightbox[gallery-image]\" data-title=\"Pool house autoport\u00e9\" title=\"Self-supporting pool house\"><img decoding=\"async\" width=\"1600\" height=\"1203\" src=\"https:\/\/www.deco-charpente.fr\/wp-content\/uploads\/2022\/04\/Pool-house-autoporte.jpg\" class=\"img-responsive wp-image-6629\" srcset=\"https:\/\/www.deco-charpente.fr\/wp-content\/uploads\/2022\/04\/Pool-house-autoporte-200x150.jpg 200w, https:\/\/www.deco-charpente.fr\/wp-content\/uploads\/2022\/04\/Pool-house-autoporte-400x301.jpg 400w, https:\/\/www.deco-charpente.fr\/wp-content\/uploads\/2022\/04\/Pool-house-autoporte-600x451.jpg 600w, https:\/\/www.deco-charpente.fr\/wp-content\/uploads\/2022\/04\/Pool-house-autoporte-800x602.jpg 800w, https:\/\/www.deco-charpente.fr\/wp-content\/uploads\/2022\/04\/Pool-house-autoporte-1200x902.jpg 1200w, https:\/\/www.deco-charpente.fr\/wp-content\/uploads\/2022\/04\/Pool-house-autoporte.jpg 1600w\" sizes=\"(max-width: 1024px) 100vw, (max-width: 640px) 100vw, 600px\" \/><\/a><\/span><\/div><div class=\"fusion-text fusion-text-341 tags\" style=\"transform:translate3d(0,0,0);\"><p>Pool house &amp; Kiosk<\/p>\n<\/div><div class=\"fusion-text fusion-text-342 description\" style=\"transform:translate3d(0,0,0);\"><p>Self-supporting pool house<\/p>\n<\/div><\/div><\/div><style type=\"text\/css\">.fusion-body .fusion-builder-column-171{width:25% !important;margin-top : 0px;margin-bottom : 20px;}.fusion-builder-column-171 > .fusion-column-wrapper {padding-top : 0px !important;padding-right : 0px !important;margin-right : 7.68%;padding-bottom : 0px !important;padding-left : 0px !important;margin-left : 7.68%;}@media only screen and (max-width:1024px) {.fusion-body .fusion-builder-column-171{width:100% !important;order : 0;}.fusion-builder-column-171 > .fusion-column-wrapper {margin-right : 1.92%;margin-left : 1.92%;}}@media only screen and (max-width:640px) {.fusion-body .fusion-builder-column-171{width:100% !important;order : 0;}.fusion-builder-column-171 > .fusion-column-wrapper {margin-right : 1.92%;margin-left : 1.92%;}}<\/style><div class=\"fusion-layout-column fusion_builder_column fusion-builder-column-172 fusion_builder_column_1_4 1_4 fusion-flex-column img-to-filter\"><div class=\"fusion-column-wrapper fusion-flex-justify-content-flex-start fusion-content-layout-column\" style=\"background-position:left top;background-repeat:no-repeat;-webkit-background-size:cover;-moz-background-size:cover;-o-background-size:cover;background-size:cover;padding: 0px 0px 0px 0px;\"><div ><span class=\"fusion-imageframe imageframe-none imageframe-172 hover-type-none\"><a href=\"https:\/\/www.deco-charpente.fr\/wp-content\/uploads\/2022\/06\/Pool-house-toit-plat.jpg\" class=\"fusion-lightbox\" data-rel=\"iLightbox[gallery-image]\" data-title=\"Pool house toit plat\" title=\"Flat roof pool house\"><img decoding=\"async\" width=\"1816\" height=\"1362\" src=\"https:\/\/www.deco-charpente.fr\/wp-content\/uploads\/2022\/06\/Pool-house-toit-plat.jpg\" class=\"img-responsive wp-image-7426\" srcset=\"https:\/\/www.deco-charpente.fr\/wp-content\/uploads\/2022\/06\/Pool-house-toit-plat-200x150.jpg 200w, https:\/\/www.deco-charpente.fr\/wp-content\/uploads\/2022\/06\/Pool-house-toit-plat-400x300.jpg 400w, https:\/\/www.deco-charpente.fr\/wp-content\/uploads\/2022\/06\/Pool-house-toit-plat-600x450.jpg 600w, https:\/\/www.deco-charpente.fr\/wp-content\/uploads\/2022\/06\/Pool-house-toit-plat-800x600.jpg 800w, https:\/\/www.deco-charpente.fr\/wp-content\/uploads\/2022\/06\/Pool-house-toit-plat-1200x900.jpg 1200w, https:\/\/www.deco-charpente.fr\/wp-content\/uploads\/2022\/06\/Pool-house-toit-plat.jpg 1816w\" sizes=\"(max-width: 1024px) 100vw, (max-width: 640px) 100vw, 600px\" \/><\/a><\/span><\/div><div class=\"fusion-text fusion-text-343 tags\" style=\"transform:translate3d(0,0,0);\"><p>Pool house &amp; Kiosk<\/p>\n<\/div><div class=\"fusion-text fusion-text-344 description\" style=\"transform:translate3d(0,0,0);\"><p>Flat roof pool house<\/p>\n<\/div><\/div><\/div><style type=\"text\/css\">.fusion-body .fusion-builder-column-172{width:25% !important;margin-top : 0px;margin-bottom : 20px;}.fusion-builder-column-172 > .fusion-column-wrapper {padding-top : 0px !important;padding-right : 0px !important;margin-right : 7.68%;padding-bottom : 0px !important;padding-left : 0px !important;margin-left : 7.68%;}@media only screen and (max-width:1024px) {.fusion-body .fusion-builder-column-172{width:100% !important;order : 0;}.fusion-builder-column-172 > .fusion-column-wrapper {margin-right : 1.92%;margin-left : 1.92%;}}@media only screen and (max-width:640px) {.fusion-body .fusion-builder-column-172{width:100% !important;order : 0;}.fusion-builder-column-172 > .fusion-column-wrapper {margin-right : 1.92%;margin-left : 1.92%;}}<\/style><div class=\"fusion-layout-column fusion_builder_column fusion-builder-column-173 fusion_builder_column_1_4 1_4 fusion-flex-column img-to-filter\"><div class=\"fusion-column-wrapper fusion-flex-justify-content-flex-start fusion-content-layout-column\" style=\"background-position:left top;background-repeat:no-repeat;-webkit-background-size:cover;-moz-background-size:cover;-o-background-size:cover;background-size:cover;padding: 0px 0px 0px 0px;\"><div ><span class=\"fusion-imageframe imageframe-none imageframe-173 hover-type-none\"><a href=\"https:\/\/www.deco-charpente.fr\/wp-content\/uploads\/2024\/03\/Pool-house-sur-muret.jpg\" class=\"fusion-lightbox\" data-rel=\"iLightbox[gallery-image]\" data-title=\"Pool house sur muret\" title=\"Pool house on low wall\"><img decoding=\"async\" width=\"2049\" height=\"1536\" src=\"https:\/\/www.deco-charpente.fr\/wp-content\/uploads\/2024\/03\/Pool-house-sur-muret.jpg\" class=\"img-responsive wp-image-10010\" srcset=\"https:\/\/www.deco-charpente.fr\/wp-content\/uploads\/2024\/03\/Pool-house-sur-muret-200x150.jpg 200w, https:\/\/www.deco-charpente.fr\/wp-content\/uploads\/2024\/03\/Pool-house-sur-muret-400x300.jpg 400w, https:\/\/www.deco-charpente.fr\/wp-content\/uploads\/2024\/03\/Pool-house-sur-muret-600x450.jpg 600w, https:\/\/www.deco-charpente.fr\/wp-content\/uploads\/2024\/03\/Pool-house-sur-muret-800x600.jpg 800w, https:\/\/www.deco-charpente.fr\/wp-content\/uploads\/2024\/03\/Pool-house-sur-muret-1200x900.jpg 1200w, https:\/\/www.deco-charpente.fr\/wp-content\/uploads\/2024\/03\/Pool-house-sur-muret.jpg 2049w\" sizes=\"(max-width: 1024px) 100vw, (max-width: 640px) 100vw, 600px\" \/><\/a><\/span><\/div><div class=\"fusion-text fusion-text-345 tags\" style=\"transform:translate3d(0,0,0);\"><p>Pool house &amp; Kiosk<\/p>\n<\/div><div class=\"fusion-text fusion-text-346 description\" style=\"transform:translate3d(0,0,0);\"><p>Pool House on stone wall<\/p>\n<\/div><\/div><\/div><style type=\"text\/css\">.fusion-body .fusion-builder-column-173{width:25% !important;margin-top : 0px;margin-bottom : 20px;}.fusion-builder-column-173 > .fusion-column-wrapper {padding-top : 0px !important;padding-right : 0px !important;margin-right : 7.68%;padding-bottom : 0px !important;padding-left : 0px !important;margin-left : 7.68%;}@media only screen and (max-width:1024px) {.fusion-body .fusion-builder-column-173{width:100% !important;order : 0;}.fusion-builder-column-173 > .fusion-column-wrapper {margin-right : 1.92%;margin-left : 1.92%;}}@media only screen and (max-width:640px) {.fusion-body .fusion-builder-column-173{width:100% !important;order : 0;}.fusion-builder-column-173 > .fusion-column-wrapper {margin-right : 1.92%;margin-left : 1.92%;}}<\/style><div class=\"fusion-layout-column fusion_builder_column fusion-builder-column-174 fusion_builder_column_1_4 1_4 fusion-flex-column img-to-filter\"><div class=\"fusion-column-wrapper fusion-flex-justify-content-flex-start fusion-content-layout-column\" style=\"background-position:left top;background-repeat:no-repeat;-webkit-background-size:cover;-moz-background-size:cover;-o-background-size:cover;background-size:cover;padding: 0px 0px 0px 0px;\"><div ><span class=\"fusion-imageframe imageframe-none imageframe-174 hover-type-none\"><a href=\"https:\/\/www.deco-charpente.fr\/wp-content\/uploads\/2022\/04\/Pool-House-C7-e1651581270134.jpg\" class=\"fusion-lightbox\" data-rel=\"iLightbox[gallery-image]\" data-title=\"Pool House sur muret en pierre\" title=\"Pool House on stone wall\"><img decoding=\"async\" width=\"1092\" height=\"838\" src=\"https:\/\/www.deco-charpente.fr\/wp-content\/uploads\/2022\/04\/Pool-House-C7-e1651581270134.jpg\" class=\"img-responsive wp-image-6590\" srcset=\"https:\/\/www.deco-charpente.fr\/wp-content\/uploads\/2022\/04\/Pool-House-C7-e1651581270134-200x153.jpg 200w, https:\/\/www.deco-charpente.fr\/wp-content\/uploads\/2022\/04\/Pool-House-C7-e1651581270134-400x307.jpg 400w, https:\/\/www.deco-charpente.fr\/wp-content\/uploads\/2022\/04\/Pool-House-C7-e1651581270134-600x460.jpg 600w, https:\/\/www.deco-charpente.fr\/wp-content\/uploads\/2022\/04\/Pool-House-C7-e1651581270134-800x614.jpg 800w, https:\/\/www.deco-charpente.fr\/wp-content\/uploads\/2022\/04\/Pool-House-C7-e1651581270134.jpg 1092w\" sizes=\"(max-width: 1024px) 100vw, (max-width: 640px) 100vw, 600px\" \/><\/a><\/span><\/div><div class=\"fusion-text fusion-text-347 tags\" style=\"transform:translate3d(0,0,0);\"><p>Pool house &amp; Kiosk<\/p>\n<\/div><div class=\"fusion-text fusion-text-348 description\" style=\"transform:translate3d(0,0,0);\"><p>Pool House on stone wall<\/p>\n<\/div><\/div><\/div><style type=\"text\/css\">.fusion-body .fusion-builder-column-174{width:25% !important;margin-top : 0px;margin-bottom : 20px;}.fusion-builder-column-174 > .fusion-column-wrapper {padding-top : 0px !important;padding-right : 0px !important;margin-right : 7.68%;padding-bottom : 0px !important;padding-left : 0px !important;margin-left : 7.68%;}@media only screen and (max-width:1024px) {.fusion-body .fusion-builder-column-174{width:100% !important;order : 0;}.fusion-builder-column-174 > .fusion-column-wrapper {margin-right : 1.92%;margin-left : 1.92%;}}@media only screen and (max-width:640px) {.fusion-body .fusion-builder-column-174{width:100% !important;order : 0;}.fusion-builder-column-174 > .fusion-column-wrapper {margin-right : 1.92%;margin-left : 1.92%;}}<\/style><div class=\"fusion-layout-column fusion_builder_column fusion-builder-column-175 fusion_builder_column_1_4 1_4 fusion-flex-column img-to-filter\"><div class=\"fusion-column-wrapper fusion-flex-justify-content-flex-start fusion-content-layout-column\" style=\"background-position:left top;background-repeat:no-repeat;-webkit-background-size:cover;-moz-background-size:cover;-o-background-size:cover;background-size:cover;padding: 0px 0px 0px 0px;\"><div ><span class=\"fusion-imageframe imageframe-none imageframe-175 hover-type-none\"><a href=\"https:\/\/www.deco-charpente.fr\/wp-content\/uploads\/2023\/03\/Kiosque-bois.jpg\" class=\"fusion-lightbox\" data-rel=\"iLightbox[gallery-image]\" data-title=\"Kiosque bois\" title=\"Wooden kiosk\"><img decoding=\"async\" width=\"1814\" height=\"1354\" src=\"https:\/\/www.deco-charpente.fr\/wp-content\/uploads\/2023\/03\/Kiosque-bois.jpg\" class=\"img-responsive wp-image-8488\" srcset=\"https:\/\/www.deco-charpente.fr\/wp-content\/uploads\/2023\/03\/Kiosque-bois-200x149.jpg 200w, https:\/\/www.deco-charpente.fr\/wp-content\/uploads\/2023\/03\/Kiosque-bois-400x299.jpg 400w, https:\/\/www.deco-charpente.fr\/wp-content\/uploads\/2023\/03\/Kiosque-bois-600x448.jpg 600w, https:\/\/www.deco-charpente.fr\/wp-content\/uploads\/2023\/03\/Kiosque-bois-800x597.jpg 800w, https:\/\/www.deco-charpente.fr\/wp-content\/uploads\/2023\/03\/Kiosque-bois-1200x896.jpg 1200w, https:\/\/www.deco-charpente.fr\/wp-content\/uploads\/2023\/03\/Kiosque-bois.jpg 1814w\" sizes=\"(max-width: 1024px) 100vw, (max-width: 640px) 100vw, 600px\" \/><\/a><\/span><\/div><div class=\"fusion-text fusion-text-349 tags\" style=\"transform:translate3d(0,0,0);\"><p>Pool house &amp; Kiosk<\/p>\n<\/div><div class=\"fusion-text fusion-text-350 description\" style=\"transform:translate3d(0,0,0);\"><p>4 slope kiosk<\/p>\n<\/div><\/div><\/div><style type=\"text\/css\">.fusion-body .fusion-builder-column-175{width:25% !important;margin-top : 0px;margin-bottom : 20px;}.fusion-builder-column-175 > .fusion-column-wrapper {padding-top : 0px !important;padding-right : 0px !important;margin-right : 7.68%;padding-bottom : 0px !important;padding-left : 0px !important;margin-left : 7.68%;}@media only screen and (max-width:1024px) {.fusion-body .fusion-builder-column-175{width:100% !important;order : 0;}.fusion-builder-column-175 > .fusion-column-wrapper {margin-right : 1.92%;margin-left : 1.92%;}}@media only screen and (max-width:640px) {.fusion-body .fusion-builder-column-175{width:100% !important;order : 0;}.fusion-builder-column-175 > .fusion-column-wrapper {margin-right : 1.92%;margin-left : 1.92%;}}<\/style><div class=\"fusion-layout-column fusion_builder_column fusion-builder-column-176 fusion_builder_column_1_4 1_4 fusion-flex-column img-to-filter\"><div class=\"fusion-column-wrapper fusion-flex-justify-content-flex-start fusion-content-layout-column\" style=\"background-position:left top;background-repeat:no-repeat;-webkit-background-size:cover;-moz-background-size:cover;-o-background-size:cover;background-size:cover;padding: 0px 0px 0px 0px;\"><div ><span class=\"fusion-imageframe imageframe-none imageframe-176 hover-type-none\"><a href=\"https:\/\/www.deco-charpente.fr\/wp-content\/uploads\/2022\/05\/kiosque-4-pentes-1.jpg\" class=\"fusion-lightbox\" data-rel=\"iLightbox[gallery-image]\" data-title=\"Kiosque 4 pentes.JPG\" title=\"4 slope kiosk.JPG\"><img decoding=\"async\" width=\"1368\" height=\"770\" alt=\"Kiosque 4 pentes\" src=\"https:\/\/www.deco-charpente.fr\/wp-content\/uploads\/2022\/05\/kiosque-4-pentes-1.jpg\" class=\"img-responsive wp-image-6650\" srcset=\"https:\/\/www.deco-charpente.fr\/wp-content\/uploads\/2022\/05\/kiosque-4-pentes-1-200x113.jpg 200w, https:\/\/www.deco-charpente.fr\/wp-content\/uploads\/2022\/05\/kiosque-4-pentes-1-400x225.jpg 400w, https:\/\/www.deco-charpente.fr\/wp-content\/uploads\/2022\/05\/kiosque-4-pentes-1-600x338.jpg 600w, https:\/\/www.deco-charpente.fr\/wp-content\/uploads\/2022\/05\/kiosque-4-pentes-1-800x450.jpg 800w, https:\/\/www.deco-charpente.fr\/wp-content\/uploads\/2022\/05\/kiosque-4-pentes-1-1200x675.jpg 1200w, https:\/\/www.deco-charpente.fr\/wp-content\/uploads\/2022\/05\/kiosque-4-pentes-1.jpg 1368w\" sizes=\"(max-width: 1024px) 100vw, (max-width: 640px) 100vw, 600px\" \/><\/a><\/span><\/div><div class=\"fusion-text fusion-text-351 tags\" style=\"transform:translate3d(0,0,0);\"><p>Pool house &amp; Kiosk<\/p>\n<\/div><div class=\"fusion-text fusion-text-352 description\" style=\"transform:translate3d(0,0,0);\"><p>4 slope kiosk<\/p>\n<\/div><\/div><\/div><style type=\"text\/css\">.fusion-body .fusion-builder-column-176{width:25% !important;margin-top : 0px;margin-bottom : 20px;}.fusion-builder-column-176 > .fusion-column-wrapper {padding-top : 0px !important;padding-right : 0px !important;margin-right : 7.68%;padding-bottom : 0px !important;padding-left : 0px !important;margin-left : 7.68%;}@media only screen and (max-width:1024px) {.fusion-body .fusion-builder-column-176{width:100% !important;order : 0;}.fusion-builder-column-176 > .fusion-column-wrapper {margin-right : 1.92%;margin-left : 1.92%;}}@media only screen and (max-width:640px) {.fusion-body .fusion-builder-column-176{width:100% !important;order : 0;}.fusion-builder-column-176 > .fusion-column-wrapper {margin-right : 1.92%;margin-left : 1.92%;}}<\/style><div class=\"fusion-layout-column fusion_builder_column fusion-builder-column-177 fusion_builder_column_1_4 1_4 fusion-flex-column img-to-filter\"><div class=\"fusion-column-wrapper fusion-flex-justify-content-flex-start fusion-content-layout-column\" style=\"background-position:left top;background-repeat:no-repeat;-webkit-background-size:cover;-moz-background-size:cover;-o-background-size:cover;background-size:cover;padding: 0px 0px 0px 0px;\"><div ><span class=\"fusion-imageframe imageframe-none imageframe-177 hover-type-none\"><a href=\"https:\/\/www.deco-charpente.fr\/wp-content\/uploads\/2022\/05\/kiosque-4-pentes.jpg\" class=\"fusion-lightbox\" data-rel=\"iLightbox[gallery-image]\" data-title=\"kiosque 4 pentes\" title=\"4 slope kiosk\"><img decoding=\"async\" width=\"906\" height=\"678\" src=\"https:\/\/www.deco-charpente.fr\/wp-content\/uploads\/2022\/05\/kiosque-4-pentes.jpg\" class=\"img-responsive wp-image-6649\" srcset=\"https:\/\/www.deco-charpente.fr\/wp-content\/uploads\/2022\/05\/kiosque-4-pentes-200x150.jpg 200w, https:\/\/www.deco-charpente.fr\/wp-content\/uploads\/2022\/05\/kiosque-4-pentes-400x299.jpg 400w, https:\/\/www.deco-charpente.fr\/wp-content\/uploads\/2022\/05\/kiosque-4-pentes-600x449.jpg 600w, https:\/\/www.deco-charpente.fr\/wp-content\/uploads\/2022\/05\/kiosque-4-pentes-800x599.jpg 800w, https:\/\/www.deco-charpente.fr\/wp-content\/uploads\/2022\/05\/kiosque-4-pentes.jpg 906w\" sizes=\"(max-width: 1024px) 100vw, (max-width: 640px) 100vw, 600px\" \/><\/a><\/span><\/div><div class=\"fusion-text fusion-text-353 tags\" style=\"transform:translate3d(0,0,0);\"><p>Pool house &amp; Kiosk<\/p>\n<\/div><div class=\"fusion-text fusion-text-354 description\" style=\"transform:translate3d(0,0,0);\"><p>4 slope kiosk<\/p>\n<\/div><\/div><\/div><style type=\"text\/css\">.fusion-body .fusion-builder-column-177{width:25% !important;margin-top : 0px;margin-bottom : 20px;}.fusion-builder-column-177 > .fusion-column-wrapper {padding-top : 0px !important;padding-right : 0px !important;margin-right : 7.68%;padding-bottom : 0px !important;padding-left : 0px !important;margin-left : 7.68%;}@media only screen and (max-width:1024px) {.fusion-body .fusion-builder-column-177{width:100% !important;order : 0;}.fusion-builder-column-177 > .fusion-column-wrapper {margin-right : 1.92%;margin-left : 1.92%;}}@media only screen and (max-width:640px) {.fusion-body .fusion-builder-column-177{width:100% !important;order : 0;}.fusion-builder-column-177 > .fusion-column-wrapper {margin-right : 1.92%;margin-left : 1.92%;}}<\/style><div class=\"fusion-layout-column fusion_builder_column fusion-builder-column-178 fusion_builder_column_1_4 1_4 fusion-flex-column img-to-filter\"><div class=\"fusion-column-wrapper fusion-flex-justify-content-flex-start fusion-content-layout-column\" style=\"background-position:left top;background-repeat:no-repeat;-webkit-background-size:cover;-moz-background-size:cover;-o-background-size:cover;background-size:cover;padding: 0px 0px 0px 0px;\"><div ><span class=\"fusion-imageframe imageframe-none imageframe-178 hover-type-none\"><a href=\"https:\/\/www.deco-charpente.fr\/wp-content\/uploads\/2021\/10\/Peyriere-4.jpg\" class=\"fusion-lightbox\" data-rel=\"iLightbox[gallery-image]\" data-title=\"Pool House avec garde corps en croix de Saint Andr\u00e9\" title=\"Pool House with Saint Andrew&#039;s cross railing\"><img decoding=\"async\" width=\"1858\" height=\"1432\" alt=\"Pool House avec garde corps en croix de Saint Andr\u00e9\" src=\"https:\/\/www.deco-charpente.fr\/wp-content\/uploads\/2021\/10\/Peyriere-4.jpg\" class=\"img-responsive wp-image-5187\" srcset=\"https:\/\/www.deco-charpente.fr\/wp-content\/uploads\/2021\/10\/Peyriere-4-200x154.jpg 200w, https:\/\/www.deco-charpente.fr\/wp-content\/uploads\/2021\/10\/Peyriere-4-400x308.jpg 400w, https:\/\/www.deco-charpente.fr\/wp-content\/uploads\/2021\/10\/Peyriere-4-600x462.jpg 600w, https:\/\/www.deco-charpente.fr\/wp-content\/uploads\/2021\/10\/Peyriere-4-800x617.jpg 800w, https:\/\/www.deco-charpente.fr\/wp-content\/uploads\/2021\/10\/Peyriere-4-1200x925.jpg 1200w, https:\/\/www.deco-charpente.fr\/wp-content\/uploads\/2021\/10\/Peyriere-4.jpg 1858w\" sizes=\"(max-width: 1024px) 100vw, (max-width: 640px) 100vw, 600px\" \/><\/a><\/span><\/div><div class=\"fusion-text fusion-text-355 tags\" style=\"transform:translate3d(0,0,0);\"><p>Pool house &amp; Kiosk<\/p>\n<\/div><div class=\"fusion-text fusion-text-356 description\" style=\"transform:translate3d(0,0,0);\"><p>Pool House with Saint Andrew&#039;s cross railing<\/p>\n<\/div><\/div><\/div><style type=\"text\/css\">.fusion-body .fusion-builder-column-178{width:25% !important;margin-top : 0px;margin-bottom : 20px;}.fusion-builder-column-178 > .fusion-column-wrapper {padding-top : 0px !important;padding-right : 0px !important;margin-right : 7.68%;padding-bottom : 0px !important;padding-left : 0px !important;margin-left : 7.68%;}@media only screen and (max-width:1024px) {.fusion-body .fusion-builder-column-178{width:100% !important;order : 0;}.fusion-builder-column-178 > .fusion-column-wrapper {margin-right : 1.92%;margin-left : 1.92%;}}@media only screen and (max-width:640px) {.fusion-body .fusion-builder-column-178{width:100% !important;order : 0;}.fusion-builder-column-178 > .fusion-column-wrapper {margin-right : 1.92%;margin-left : 1.92%;}}<\/style><div class=\"fusion-layout-column fusion_builder_column fusion-builder-column-179 fusion_builder_column_1_4 1_4 fusion-flex-column img-to-filter\"><div class=\"fusion-column-wrapper fusion-flex-justify-content-flex-start fusion-content-layout-column\" style=\"background-position:left top;background-repeat:no-repeat;-webkit-background-size:cover;-moz-background-size:cover;-o-background-size:cover;background-size:cover;padding: 0px 0px 0px 0px;\"><div ><span class=\"fusion-imageframe imageframe-none imageframe-179 hover-type-none\"><a href=\"https:\/\/www.deco-charpente.fr\/wp-content\/uploads\/2021\/10\/DSCF2406.jpg\" class=\"fusion-lightbox\" data-rel=\"iLightbox[gallery-image]\" data-title=\"Pool House sur plancher bois\" title=\"Pool House on wooden floor\"><img decoding=\"async\" width=\"1167\" height=\"875\" alt=\"Pool House sur plancher bois\" src=\"https:\/\/www.deco-charpente.fr\/wp-content\/uploads\/2021\/10\/DSCF2406.jpg\" class=\"img-responsive wp-image-5183\" srcset=\"https:\/\/www.deco-charpente.fr\/wp-content\/uploads\/2021\/10\/DSCF2406-200x150.jpg 200w, https:\/\/www.deco-charpente.fr\/wp-content\/uploads\/2021\/10\/DSCF2406-400x300.jpg 400w, https:\/\/www.deco-charpente.fr\/wp-content\/uploads\/2021\/10\/DSCF2406-600x450.jpg 600w, https:\/\/www.deco-charpente.fr\/wp-content\/uploads\/2021\/10\/DSCF2406-800x600.jpg 800w, https:\/\/www.deco-charpente.fr\/wp-content\/uploads\/2021\/10\/DSCF2406.jpg 1167w\" sizes=\"(max-width: 1024px) 100vw, (max-width: 640px) 100vw, 600px\" \/><\/a><\/span><\/div><div class=\"fusion-text fusion-text-357 tags\" style=\"transform:translate3d(0,0,0);\"><p>Pool house &amp; Kiosk<\/p>\n<\/div><div class=\"fusion-text fusion-text-358 description\" style=\"transform:translate3d(0,0,0);\"><p>Pool House on wooden floor<\/p>\n<\/div><\/div><\/div><style type=\"text\/css\">.fusion-body .fusion-builder-column-179{width:25% !important;margin-top : 0px;margin-bottom : 20px;}.fusion-builder-column-179 > .fusion-column-wrapper {padding-top : 0px !important;padding-right : 0px !important;margin-right : 7.68%;padding-bottom : 0px !important;padding-left : 0px !important;margin-left : 7.68%;}@media only screen and (max-width:1024px) {.fusion-body .fusion-builder-column-179{width:100% !important;order : 0;}.fusion-builder-column-179 > .fusion-column-wrapper {margin-right : 1.92%;margin-left : 1.92%;}}@media only screen and (max-width:640px) {.fusion-body .fusion-builder-column-179{width:100% !important;order : 0;}.fusion-builder-column-179 > .fusion-column-wrapper {margin-right : 1.92%;margin-left : 1.92%;}}<\/style><div class=\"fusion-layout-column fusion_builder_column fusion-builder-column-180 fusion_builder_column_1_4 1_4 fusion-flex-column img-to-filter\"><div class=\"fusion-column-wrapper fusion-flex-justify-content-flex-start fusion-content-layout-column\" style=\"background-position:left top;background-repeat:no-repeat;-webkit-background-size:cover;-moz-background-size:cover;-o-background-size:cover;background-size:cover;padding: 0px 0px 0px 0px;\"><div ><span class=\"fusion-imageframe imageframe-none imageframe-180 hover-type-none\"><a href=\"https:\/\/www.deco-charpente.fr\/wp-content\/uploads\/2023\/04\/20200708_103916.jpg\" class=\"fusion-lightbox\" data-rel=\"iLightbox[gallery-image]\" data-title=\"Espace d\u00e9tente\" title=\"Relaxation area\"><img decoding=\"async\" width=\"1519\" height=\"1139\" src=\"https:\/\/www.deco-charpente.fr\/wp-content\/uploads\/2023\/04\/20200708_103916.jpg\" class=\"img-responsive wp-image-8567\" srcset=\"https:\/\/www.deco-charpente.fr\/wp-content\/uploads\/2023\/04\/20200708_103916-200x150.jpg 200w, https:\/\/www.deco-charpente.fr\/wp-content\/uploads\/2023\/04\/20200708_103916-400x300.jpg 400w, https:\/\/www.deco-charpente.fr\/wp-content\/uploads\/2023\/04\/20200708_103916-600x450.jpg 600w, https:\/\/www.deco-charpente.fr\/wp-content\/uploads\/2023\/04\/20200708_103916-800x600.jpg 800w, https:\/\/www.deco-charpente.fr\/wp-content\/uploads\/2023\/04\/20200708_103916-1200x900.jpg 1200w, https:\/\/www.deco-charpente.fr\/wp-content\/uploads\/2023\/04\/20200708_103916.jpg 1519w\" sizes=\"(max-width: 1024px) 100vw, (max-width: 640px) 100vw, 600px\" \/><\/a><\/span><\/div><div class=\"fusion-text fusion-text-359 tags\" style=\"transform:translate3d(0,0,0);\"><p>Pool house &amp; Kiosk<\/p>\n<\/div><div class=\"fusion-text fusion-text-360 description\" style=\"transform:translate3d(0,0,0);\"><p>Custom summer kitchen<\/p>\n<\/div><\/div><\/div><style type=\"text\/css\">.fusion-body .fusion-builder-column-180{width:25% !important;margin-top : 0px;margin-bottom : 20px;}.fusion-builder-column-180 > .fusion-column-wrapper {padding-top : 0px !important;padding-right : 0px !important;margin-right : 7.68%;padding-bottom : 0px !important;padding-left : 0px !important;margin-left : 7.68%;}@media only screen and (max-width:1024px) {.fusion-body .fusion-builder-column-180{width:100% !important;order : 0;}.fusion-builder-column-180 > .fusion-column-wrapper {margin-right : 1.92%;margin-left : 1.92%;}}@media only screen and (max-width:640px) {.fusion-body .fusion-builder-column-180{width:100% !important;order : 0;}.fusion-builder-column-180 > .fusion-column-wrapper {margin-right : 1.92%;margin-left : 1.92%;}}<\/style><div class=\"fusion-layout-column fusion_builder_column fusion-builder-column-181 fusion_builder_column_1_4 1_4 fusion-flex-column img-to-filter\"><div class=\"fusion-column-wrapper fusion-flex-justify-content-flex-start fusion-content-layout-column\" style=\"background-position:left top;background-repeat:no-repeat;-webkit-background-size:cover;-moz-background-size:cover;-o-background-size:cover;background-size:cover;padding: 0px 0px 0px 0px;\"><div ><span class=\"fusion-imageframe imageframe-none imageframe-181 hover-type-none\"><a href=\"https:\/\/www.deco-charpente.fr\/wp-content\/uploads\/2024\/03\/Pool-house-cuisine-exterieure.jpg\" class=\"fusion-lightbox\" data-rel=\"iLightbox[gallery-image]\" data-title=\"Pool house cuisine exterieure\" title=\"Pool house outdoor kitchen\"><img decoding=\"async\" width=\"2049\" height=\"1536\" src=\"https:\/\/www.deco-charpente.fr\/wp-content\/uploads\/2024\/03\/Pool-house-cuisine-exterieure.jpg\" class=\"img-responsive wp-image-10023\" srcset=\"https:\/\/www.deco-charpente.fr\/wp-content\/uploads\/2024\/03\/Pool-house-cuisine-exterieure-200x150.jpg 200w, https:\/\/www.deco-charpente.fr\/wp-content\/uploads\/2024\/03\/Pool-house-cuisine-exterieure-400x300.jpg 400w, https:\/\/www.deco-charpente.fr\/wp-content\/uploads\/2024\/03\/Pool-house-cuisine-exterieure-600x450.jpg 600w, https:\/\/www.deco-charpente.fr\/wp-content\/uploads\/2024\/03\/Pool-house-cuisine-exterieure-800x600.jpg 800w, https:\/\/www.deco-charpente.fr\/wp-content\/uploads\/2024\/03\/Pool-house-cuisine-exterieure-1200x900.jpg 1200w, https:\/\/www.deco-charpente.fr\/wp-content\/uploads\/2024\/03\/Pool-house-cuisine-exterieure.jpg 2049w\" sizes=\"(max-width: 1024px) 100vw, (max-width: 640px) 100vw, 600px\" \/><\/a><\/span><\/div><div class=\"fusion-text fusion-text-361 tags\" style=\"transform:translate3d(0,0,0);\"><p>Pool house &amp; Kiosk<\/p>\n<\/div><div class=\"fusion-text fusion-text-362 description\" style=\"transform:translate3d(0,0,0);\"><p>Custom summer kitchen<\/p>\n<\/div><\/div><\/div><style type=\"text\/css\">.fusion-body .fusion-builder-column-181{width:25% !important;margin-top : 0px;margin-bottom : 20px;}.fusion-builder-column-181 > .fusion-column-wrapper {padding-top : 0px !important;padding-right : 0px !important;margin-right : 7.68%;padding-bottom : 0px !important;padding-left : 0px !important;margin-left : 7.68%;}@media only screen and (max-width:1024px) {.fusion-body .fusion-builder-column-181{width:100% !important;order : 0;}.fusion-builder-column-181 > .fusion-column-wrapper {margin-right : 1.92%;margin-left : 1.92%;}}@media only screen and (max-width:640px) {.fusion-body .fusion-builder-column-181{width:100% !important;order : 0;}.fusion-builder-column-181 > .fusion-column-wrapper {margin-right : 1.92%;margin-left : 1.92%;}}<\/style><div class=\"fusion-layout-column fusion_builder_column fusion-builder-column-182 fusion_builder_column_1_4 1_4 fusion-flex-column img-to-filter\"><div class=\"fusion-column-wrapper fusion-flex-justify-content-flex-start fusion-content-layout-column\" style=\"background-position:left top;background-repeat:no-repeat;-webkit-background-size:cover;-moz-background-size:cover;-o-background-size:cover;background-size:cover;padding: 0px 0px 0px 0px;\"><div ><span class=\"fusion-imageframe imageframe-none imageframe-182 hover-type-none\"><a href=\"https:\/\/www.deco-charpente.fr\/wp-content\/uploads\/2023\/08\/Abri-cuisine-dete.jpg\" class=\"fusion-lightbox\" data-rel=\"iLightbox[gallery-image]\" data-title=\"Abri cuisine d&rsquo;e\u0301te\u0301\" title=\"Summer kitchen shelter\"><img decoding=\"async\" width=\"1974\" height=\"1106\" alt=\"Abri cuisine d&#039;e\u0301te\u0301\" src=\"https:\/\/www.deco-charpente.fr\/wp-content\/uploads\/2023\/08\/Abri-cuisine-dete.jpg\" class=\"img-responsive wp-image-8911\" srcset=\"https:\/\/www.deco-charpente.fr\/wp-content\/uploads\/2023\/08\/Abri-cuisine-dete-200x112.webp 200w, https:\/\/www.deco-charpente.fr\/wp-content\/uploads\/2023\/08\/Abri-cuisine-dete-300x168.webp 300w, https:\/\/www.deco-charpente.fr\/wp-content\/uploads\/2023\/08\/Abri-cuisine-dete-400x224.webp 400w, https:\/\/www.deco-charpente.fr\/wp-content\/uploads\/2023\/08\/Abri-cuisine-dete-600x336.webp 600w, https:\/\/www.deco-charpente.fr\/wp-content\/uploads\/2023\/08\/Abri-cuisine-dete-768x430.webp 768w, https:\/\/www.deco-charpente.fr\/wp-content\/uploads\/2023\/08\/Abri-cuisine-dete-800x448.webp 800w, https:\/\/www.deco-charpente.fr\/wp-content\/uploads\/2023\/08\/Abri-cuisine-dete-1024x574.webp 1024w, https:\/\/www.deco-charpente.fr\/wp-content\/uploads\/2023\/08\/Abri-cuisine-dete-1200x672.webp 1200w, https:\/\/www.deco-charpente.fr\/wp-content\/uploads\/2023\/08\/Abri-cuisine-dete-1536x861.webp 1536w, https:\/\/www.deco-charpente.fr\/wp-content\/uploads\/2023\/08\/Abri-cuisine-dete.jpg 1974w\" sizes=\"(max-width: 1024px) 100vw, (max-width: 640px) 100vw, 600px\" \/><\/a><\/span><\/div><div class=\"fusion-text fusion-text-363 tags\" style=\"transform:translate3d(0,0,0);\"><p>Pool house &amp; Kiosk<\/p>\n<\/div><div class=\"fusion-text fusion-text-364 description\" style=\"transform:translate3d(0,0,0);\"><p>Custom summer kitchen<\/p>\n<\/div><\/div><\/div><style type=\"text\/css\">.fusion-body .fusion-builder-column-182{width:25% !important;margin-top : 0px;margin-bottom : 20px;}.fusion-builder-column-182 > .fusion-column-wrapper {padding-top : 0px !important;padding-right : 0px !important;margin-right : 7.68%;padding-bottom : 0px !important;padding-left : 0px !important;margin-left : 7.68%;}@media only screen and (max-width:1024px) {.fusion-body .fusion-builder-column-182{width:100% !important;order : 0;}.fusion-builder-column-182 > .fusion-column-wrapper {margin-right : 1.92%;margin-left : 1.92%;}}@media only screen and (max-width:640px) {.fusion-body .fusion-builder-column-182{width:100% !important;order : 0;}.fusion-builder-column-182 > .fusion-column-wrapper {margin-right : 1.92%;margin-left : 1.92%;}}<\/style><div class=\"fusion-layout-column fusion_builder_column fusion-builder-column-183 fusion_builder_column_1_4 1_4 fusion-flex-column img-to-filter\"><div class=\"fusion-column-wrapper fusion-flex-justify-content-flex-start fusion-content-layout-column\" style=\"background-position:left top;background-repeat:no-repeat;-webkit-background-size:cover;-moz-background-size:cover;-o-background-size:cover;background-size:cover;padding: 0px 0px 0px 0px;\"><div ><span class=\"fusion-imageframe imageframe-none imageframe-183 hover-type-none\"><a href=\"https:\/\/www.deco-charpente.fr\/wp-content\/uploads\/2023\/08\/Cuisine-dete-scaled.webp\" class=\"fusion-lightbox\" data-rel=\"iLightbox[gallery-image]\" data-title=\"Abri cuisine d&rsquo;e\u0301te\u0301\" title=\"Summer kitchen shelter\"><img decoding=\"async\" width=\"2560\" height=\"1441\" alt=\"Abri cuisine d&#039;e\u0301te\u0301\" src=\"https:\/\/www.deco-charpente.fr\/wp-content\/uploads\/2023\/08\/Cuisine-dete-scaled.webp\" class=\"img-responsive wp-image-8913\" srcset=\"https:\/\/www.deco-charpente.fr\/wp-content\/uploads\/2023\/08\/Cuisine-dete-200x113.webp 200w, https:\/\/www.deco-charpente.fr\/wp-content\/uploads\/2023\/08\/Cuisine-dete-300x169.webp 300w, https:\/\/www.deco-charpente.fr\/wp-content\/uploads\/2023\/08\/Cuisine-dete-400x225.webp 400w, https:\/\/www.deco-charpente.fr\/wp-content\/uploads\/2023\/08\/Cuisine-dete-600x338.webp 600w, https:\/\/www.deco-charpente.fr\/wp-content\/uploads\/2023\/08\/Cuisine-dete-768x432.webp 768w, https:\/\/www.deco-charpente.fr\/wp-content\/uploads\/2023\/08\/Cuisine-dete-800x450.webp 800w, https:\/\/www.deco-charpente.fr\/wp-content\/uploads\/2023\/08\/Cuisine-dete-1024x577.webp 1024w, https:\/\/www.deco-charpente.fr\/wp-content\/uploads\/2023\/08\/Cuisine-dete-1200x676.webp 1200w, https:\/\/www.deco-charpente.fr\/wp-content\/uploads\/2023\/08\/Cuisine-dete-1536x865.webp 1536w, https:\/\/www.deco-charpente.fr\/wp-content\/uploads\/2023\/08\/Cuisine-dete-scaled.webp 2560w\" sizes=\"(max-width: 1024px) 100vw, (max-width: 640px) 100vw, 600px\" \/><\/a><\/span><\/div><div class=\"fusion-text fusion-text-365 tags\" style=\"transform:translate3d(0,0,0);\"><p>Pool house &amp; Kiosk<\/p>\n<\/div><div class=\"fusion-text fusion-text-366 description\" style=\"transform:translate3d(0,0,0);\"><p>Custom summer kitchen<\/p>\n<\/div><\/div><\/div><style type=\"text\/css\">.fusion-body .fusion-builder-column-183{width:25% !important;margin-top : 0px;margin-bottom : 20px;}.fusion-builder-column-183 > .fusion-column-wrapper {padding-top : 0px !important;padding-right : 0px !important;margin-right : 7.68%;padding-bottom : 0px !important;padding-left : 0px !important;margin-left : 7.68%;}@media only screen and (max-width:1024px) {.fusion-body .fusion-builder-column-183{width:100% !important;order : 0;}.fusion-builder-column-183 > .fusion-column-wrapper {margin-right : 1.92%;margin-left : 1.92%;}}@media only screen and (max-width:640px) {.fusion-body .fusion-builder-column-183{width:100% !important;order : 0;}.fusion-builder-column-183 > .fusion-column-wrapper {margin-right : 1.92%;margin-left : 1.92%;}}<\/style><div class=\"fusion-layout-column fusion_builder_column fusion-builder-column-184 fusion_builder_column_1_4 1_4 fusion-flex-column img-to-filter\"><div class=\"fusion-column-wrapper fusion-flex-justify-content-flex-start fusion-content-layout-column\" style=\"background-position:left top;background-repeat:no-repeat;-webkit-background-size:cover;-moz-background-size:cover;-o-background-size:cover;background-size:cover;padding: 0px 0px 0px 0px;\"><div ><span class=\"fusion-imageframe imageframe-none imageframe-184 hover-type-none\"><a href=\"https:\/\/www.deco-charpente.fr\/wp-content\/uploads\/2021\/09\/cuisine-dete-sur-mesure-1.jpg\" class=\"fusion-lightbox\" data-rel=\"iLightbox[gallery-image]\" data-title=\"cuisine d&rsquo;ete sur mesure\" title=\"custom summer kitchen\"><img decoding=\"async\" width=\"941\" height=\"706\" alt=\"cuisine d&#039;ete sur mesure\" src=\"https:\/\/www.deco-charpente.fr\/wp-content\/uploads\/2021\/09\/cuisine-dete-sur-mesure-1.jpg\" class=\"img-responsive wp-image-5135\" srcset=\"https:\/\/www.deco-charpente.fr\/wp-content\/uploads\/2021\/09\/cuisine-dete-sur-mesure-1-200x150.jpg 200w, https:\/\/www.deco-charpente.fr\/wp-content\/uploads\/2021\/09\/cuisine-dete-sur-mesure-1-400x300.jpg 400w, https:\/\/www.deco-charpente.fr\/wp-content\/uploads\/2021\/09\/cuisine-dete-sur-mesure-1-600x450.jpg 600w, https:\/\/www.deco-charpente.fr\/wp-content\/uploads\/2021\/09\/cuisine-dete-sur-mesure-1-800x600.jpg 800w, https:\/\/www.deco-charpente.fr\/wp-content\/uploads\/2021\/09\/cuisine-dete-sur-mesure-1.jpg 941w\" sizes=\"(max-width: 1024px) 100vw, (max-width: 640px) 100vw, 600px\" \/><\/a><\/span><\/div><div class=\"fusion-text fusion-text-367 tags\" style=\"transform:translate3d(0,0,0);\"><p>Pool house &amp; Kiosk<\/p>\n<\/div><div class=\"fusion-text fusion-text-368 description\" style=\"transform:translate3d(0,0,0);\"><p>Custom summer kitchen<\/p>\n<\/div><\/div><\/div><style type=\"text\/css\">.fusion-body .fusion-builder-column-184{width:25% !important;margin-top : 0px;margin-bottom : 20px;}.fusion-builder-column-184 > .fusion-column-wrapper {padding-top : 0px !important;padding-right : 0px !important;margin-right : 7.68%;padding-bottom : 0px !important;padding-left : 0px !important;margin-left : 7.68%;}@media only screen and (max-width:1024px) {.fusion-body .fusion-builder-column-184{width:100% !important;order : 0;}.fusion-builder-column-184 > .fusion-column-wrapper {margin-right : 1.92%;margin-left : 1.92%;}}@media only screen and (max-width:640px) {.fusion-body .fusion-builder-column-184{width:100% !important;order : 0;}.fusion-builder-column-184 > .fusion-column-wrapper {margin-right : 1.92%;margin-left : 1.92%;}}<\/style><div class=\"fusion-layout-column fusion_builder_column fusion-builder-column-185 fusion_builder_column_1_4 1_4 fusion-flex-column img-to-filter\"><div class=\"fusion-column-wrapper fusion-flex-justify-content-flex-start fusion-content-layout-column\" style=\"background-position:left top;background-repeat:no-repeat;-webkit-background-size:cover;-moz-background-size:cover;-o-background-size:cover;background-size:cover;padding: 0px 0px 0px 0px;\"><div ><span class=\"fusion-imageframe imageframe-none imageframe-185 hover-type-none\"><a href=\"https:\/\/www.deco-charpente.fr\/wp-content\/uploads\/2024\/03\/Kiosque-bois.jpeg\" class=\"fusion-lightbox\" data-rel=\"iLightbox[gallery-image]\" data-title=\"Kiosque bois\" title=\"Wooden kiosk\"><img decoding=\"async\" width=\"1008\" height=\"756\" src=\"https:\/\/www.deco-charpente.fr\/wp-content\/uploads\/2024\/03\/Kiosque-bois.jpeg\" class=\"img-responsive wp-image-10070\" srcset=\"https:\/\/www.deco-charpente.fr\/wp-content\/uploads\/2024\/03\/Kiosque-bois-200x150.jpeg 200w, https:\/\/www.deco-charpente.fr\/wp-content\/uploads\/2024\/03\/Kiosque-bois-400x300.jpeg 400w, https:\/\/www.deco-charpente.fr\/wp-content\/uploads\/2024\/03\/Kiosque-bois-600x450.jpeg 600w, https:\/\/www.deco-charpente.fr\/wp-content\/uploads\/2024\/03\/Kiosque-bois-800x600.jpeg 800w, https:\/\/www.deco-charpente.fr\/wp-content\/uploads\/2024\/03\/Kiosque-bois.jpeg 1008w\" sizes=\"(max-width: 1024px) 100vw, (max-width: 640px) 100vw, 600px\" \/><\/a><\/span><\/div><div class=\"fusion-text fusion-text-369 tags\" style=\"transform:translate3d(0,0,0);\"><p>Pool house &amp; Kiosk<\/p>\n<\/div><div class=\"fusion-text fusion-text-370 description\" style=\"transform:translate3d(0,0,0);\"><p>Wooden kiosk<\/p>\n<\/div><\/div><\/div><style type=\"text\/css\">.fusion-body .fusion-builder-column-185{width:25% !important;margin-top : 0px;margin-bottom : 20px;}.fusion-builder-column-185 > .fusion-column-wrapper {padding-top : 0px !important;padding-right : 0px !important;margin-right : 7.68%;padding-bottom : 0px !important;padding-left : 0px !important;margin-left : 7.68%;}@media only screen and (max-width:1024px) {.fusion-body .fusion-builder-column-185{width:100% !important;order : 0;}.fusion-builder-column-185 > .fusion-column-wrapper {margin-right : 1.92%;margin-left : 1.92%;}}@media only screen and (max-width:640px) {.fusion-body .fusion-builder-column-185{width:100% !important;order : 0;}.fusion-builder-column-185 > .fusion-column-wrapper {margin-right : 1.92%;margin-left : 1.92%;}}<\/style><div class=\"fusion-layout-column fusion_builder_column fusion-builder-column-186 fusion_builder_column_1_4 1_4 fusion-flex-column img-to-filter\"><div class=\"fusion-column-wrapper fusion-flex-justify-content-flex-start fusion-content-layout-column\" style=\"background-position:left top;background-repeat:no-repeat;-webkit-background-size:cover;-moz-background-size:cover;-o-background-size:cover;background-size:cover;padding: 0px 0px 0px 0px;\"><div ><span class=\"fusion-imageframe imageframe-none imageframe-186 hover-type-none\"><a href=\"https:\/\/www.deco-charpente.fr\/wp-content\/uploads\/2021\/11\/1637844265270-e1651581303346.jpeg\" class=\"fusion-lightbox\" data-rel=\"iLightbox[gallery-image]\" data-title=\"Kiosque 2 pentes autoport\u00e9\" title=\"Self-supporting 2-slope kiosk\"><img decoding=\"async\" width=\"740\" height=\"752\" alt=\"Kiosque 2 pentes autoport\u00e9\" src=\"https:\/\/www.deco-charpente.fr\/wp-content\/uploads\/2021\/11\/1637844265270-e1651581303346.jpeg\" class=\"img-responsive wp-image-5262\" srcset=\"https:\/\/www.deco-charpente.fr\/wp-content\/uploads\/2021\/11\/1637844265270-e1651581303346-200x203.jpeg 200w, https:\/\/www.deco-charpente.fr\/wp-content\/uploads\/2021\/11\/1637844265270-e1651581303346-400x406.jpeg 400w, https:\/\/www.deco-charpente.fr\/wp-content\/uploads\/2021\/11\/1637844265270-e1651581303346-600x610.jpeg 600w, https:\/\/www.deco-charpente.fr\/wp-content\/uploads\/2021\/11\/1637844265270-e1651581303346.jpeg 740w\" sizes=\"(max-width: 1024px) 100vw, (max-width: 640px) 100vw, 600px\" \/><\/a><\/span><\/div><div class=\"fusion-text fusion-text-371 tags\" style=\"transform:translate3d(0,0,0);\"><p>Pool house &amp; Kiosk<\/p>\n<\/div><div class=\"fusion-text fusion-text-372 description\" style=\"transform:translate3d(0,0,0);\"><p>Self-supporting 2-slope kiosk<\/p>\n<\/div><\/div><\/div><style type=\"text\/css\">.fusion-body .fusion-builder-column-186{width:25% !important;margin-top : 0px;margin-bottom : 20px;}.fusion-builder-column-186 > .fusion-column-wrapper {padding-top : 0px !important;padding-right : 0px !important;margin-right : 7.68%;padding-bottom : 0px !important;padding-left : 0px !important;margin-left : 7.68%;}@media only screen and (max-width:1024px) {.fusion-body .fusion-builder-column-186{width:100% !important;order : 0;}.fusion-builder-column-186 > .fusion-column-wrapper {margin-right : 1.92%;margin-left : 1.92%;}}@media only screen and (max-width:640px) {.fusion-body .fusion-builder-column-186{width:100% !important;order : 0;}.fusion-builder-column-186 > .fusion-column-wrapper {margin-right : 1.92%;margin-left : 1.92%;}}<\/style><div class=\"fusion-layout-column fusion_builder_column fusion-builder-column-187 fusion_builder_column_1_4 1_4 fusion-flex-column img-to-filter\"><div class=\"fusion-column-wrapper fusion-flex-justify-content-flex-start fusion-content-layout-column\" style=\"background-position:left top;background-repeat:no-repeat;-webkit-background-size:cover;-moz-background-size:cover;-o-background-size:cover;background-size:cover;padding: 0px 0px 0px 0px;\"><div ><span class=\"fusion-imageframe imageframe-none imageframe-187 hover-type-none\"><a href=\"https:\/\/www.deco-charpente.fr\/wp-content\/uploads\/2021\/09\/Pool-house-sur-terrasse-bois.jpg\" class=\"fusion-lightbox\" data-rel=\"iLightbox[gallery-image]\" data-title=\"Pool house sur terrasse bois\" title=\"Pool house on wooden terrace\"><img decoding=\"async\" width=\"942\" height=\"668\" src=\"https:\/\/www.deco-charpente.fr\/wp-content\/uploads\/2021\/09\/Pool-house-sur-terrasse-bois.jpg\" class=\"img-responsive wp-image-5058\" srcset=\"https:\/\/www.deco-charpente.fr\/wp-content\/uploads\/2021\/09\/Pool-house-sur-terrasse-bois-200x142.jpg 200w, https:\/\/www.deco-charpente.fr\/wp-content\/uploads\/2021\/09\/Pool-house-sur-terrasse-bois-400x284.jpg 400w, https:\/\/www.deco-charpente.fr\/wp-content\/uploads\/2021\/09\/Pool-house-sur-terrasse-bois-600x425.jpg 600w, https:\/\/www.deco-charpente.fr\/wp-content\/uploads\/2021\/09\/Pool-house-sur-terrasse-bois-800x567.jpg 800w, https:\/\/www.deco-charpente.fr\/wp-content\/uploads\/2021\/09\/Pool-house-sur-terrasse-bois.jpg 942w\" sizes=\"(max-width: 1024px) 100vw, (max-width: 640px) 100vw, 600px\" \/><\/a><\/span><\/div><div class=\"fusion-text fusion-text-373 tags\" style=\"transform:translate3d(0,0,0);\"><p>Pool house &amp; Kiosk<\/p>\n<\/div><div class=\"fusion-text fusion-text-374 description\" style=\"transform:translate3d(0,0,0);\"><p>Pool House on wooden terrace<\/p>\n<\/div><\/div><\/div><style type=\"text\/css\">.fusion-body .fusion-builder-column-187{width:25% !important;margin-top : 0px;margin-bottom : 20px;}.fusion-builder-column-187 > .fusion-column-wrapper {padding-top : 0px !important;padding-right : 0px !important;margin-right : 7.68%;padding-bottom : 0px !important;padding-left : 0px !important;margin-left : 7.68%;}@media only screen and (max-width:1024px) {.fusion-body .fusion-builder-column-187{width:100% !important;order : 0;}.fusion-builder-column-187 > .fusion-column-wrapper {margin-right : 1.92%;margin-left : 1.92%;}}@media only screen and (max-width:640px) {.fusion-body .fusion-builder-column-187{width:100% !important;order : 0;}.fusion-builder-column-187 > .fusion-column-wrapper {margin-right : 1.92%;margin-left : 1.92%;}}<\/style><div class=\"fusion-layout-column fusion_builder_column fusion-builder-column-188 fusion_builder_column_1_4 1_4 fusion-flex-column img-to-filter\"><div class=\"fusion-column-wrapper fusion-flex-justify-content-flex-start fusion-content-layout-column\" style=\"background-position:left top;background-repeat:no-repeat;-webkit-background-size:cover;-moz-background-size:cover;-o-background-size:cover;background-size:cover;padding: 0px 0px 0px 0px;\"><div ><span class=\"fusion-imageframe imageframe-none imageframe-188 hover-type-none\"><a href=\"https:\/\/www.deco-charpente.fr\/wp-content\/uploads\/2021\/02\/Pool-house-tunnel.jpg\" class=\"fusion-lightbox\" data-rel=\"iLightbox[gallery-image]\" data-title=\"Pool house tunnel\" title=\"Pool house tunnel\"><img decoding=\"async\" width=\"946\" height=\"748\" alt=\"Pool house tunnel\" src=\"https:\/\/www.deco-charpente.fr\/wp-content\/uploads\/2021\/02\/Pool-house-tunnel.jpg\" class=\"img-responsive wp-image-4500\" srcset=\"https:\/\/www.deco-charpente.fr\/wp-content\/uploads\/2021\/02\/Pool-house-tunnel-200x158.jpg 200w, https:\/\/www.deco-charpente.fr\/wp-content\/uploads\/2021\/02\/Pool-house-tunnel-400x316.jpg 400w, https:\/\/www.deco-charpente.fr\/wp-content\/uploads\/2021\/02\/Pool-house-tunnel-600x474.jpg 600w, https:\/\/www.deco-charpente.fr\/wp-content\/uploads\/2021\/02\/Pool-house-tunnel-800x633.jpg 800w, https:\/\/www.deco-charpente.fr\/wp-content\/uploads\/2021\/02\/Pool-house-tunnel.jpg 946w\" sizes=\"(max-width: 1024px) 100vw, (max-width: 640px) 100vw, 600px\" \/><\/a><\/span><\/div><div class=\"fusion-text fusion-text-375 tags\" style=\"transform:translate3d(0,0,0);\"><p>Pool house &amp; Kiosk<\/p>\n<\/div><div class=\"fusion-text fusion-text-376 description\" style=\"transform:translate3d(0,0,0);\"><p>Pool house tunnel<\/p>\n<\/div><\/div><\/div><style type=\"text\/css\">.fusion-body .fusion-builder-column-188{width:25% !important;margin-top : 0px;margin-bottom : 20px;}.fusion-builder-column-188 > .fusion-column-wrapper {padding-top : 0px !important;padding-right : 0px !important;margin-right : 7.68%;padding-bottom : 0px !important;padding-left : 0px !important;margin-left : 7.68%;}@media only screen and (max-width:1024px) {.fusion-body .fusion-builder-column-188{width:100% !important;order : 0;}.fusion-builder-column-188 > .fusion-column-wrapper {margin-right : 1.92%;margin-left : 1.92%;}}@media only screen and (max-width:640px) {.fusion-body .fusion-builder-column-188{width:100% !important;order : 0;}.fusion-builder-column-188 > .fusion-column-wrapper {margin-right : 1.92%;margin-left : 1.92%;}}<\/style><div class=\"fusion-layout-column fusion_builder_column fusion-builder-column-189 fusion_builder_column_1_4 1_4 fusion-flex-column img-to-filter\"><div class=\"fusion-column-wrapper fusion-flex-justify-content-flex-start fusion-content-layout-column\" style=\"background-position:left top;background-repeat:no-repeat;-webkit-background-size:cover;-moz-background-size:cover;-o-background-size:cover;background-size:cover;padding: 0px 0px 0px 0px;\"><div ><span class=\"fusion-imageframe imageframe-none imageframe-189 hover-type-none\"><a href=\"https:\/\/www.deco-charpente.fr\/wp-content\/uploads\/2021\/06\/Pool-house-1-pente.jpg\" class=\"fusion-lightbox\" data-rel=\"iLightbox[gallery-image]\" data-title=\"Pool house 1 pente\" title=\"Pool house 1 slope\"><img decoding=\"async\" width=\"934\" height=\"430\" src=\"https:\/\/www.deco-charpente.fr\/wp-content\/uploads\/2021\/06\/Pool-house-1-pente.jpg\" class=\"img-responsive wp-image-5017\" srcset=\"https:\/\/www.deco-charpente.fr\/wp-content\/uploads\/2021\/06\/Pool-house-1-pente-200x92.jpg 200w, https:\/\/www.deco-charpente.fr\/wp-content\/uploads\/2021\/06\/Pool-house-1-pente-400x184.jpg 400w, https:\/\/www.deco-charpente.fr\/wp-content\/uploads\/2021\/06\/Pool-house-1-pente-600x276.jpg 600w, https:\/\/www.deco-charpente.fr\/wp-content\/uploads\/2021\/06\/Pool-house-1-pente-800x368.jpg 800w, https:\/\/www.deco-charpente.fr\/wp-content\/uploads\/2021\/06\/Pool-house-1-pente.jpg 934w\" sizes=\"(max-width: 1024px) 100vw, (max-width: 640px) 100vw, 600px\" \/><\/a><\/span><\/div><div class=\"fusion-text fusion-text-377 tags\" style=\"transform:translate3d(0,0,0);\"><p>Pool house &amp; Kiosk<\/p>\n<\/div><div class=\"fusion-text fusion-text-378 description\" style=\"transform:translate3d(0,0,0);\"><p>Shelter with storage<\/p>\n<\/div><\/div><\/div><style type=\"text\/css\">.fusion-body .fusion-builder-column-189{width:25% !important;margin-top : 0px;margin-bottom : 20px;}.fusion-builder-column-189 > .fusion-column-wrapper {padding-top : 0px !important;padding-right : 0px !important;margin-right : 7.68%;padding-bottom : 0px !important;padding-left : 0px !important;margin-left : 7.68%;}@media only screen and (max-width:1024px) {.fusion-body .fusion-builder-column-189{width:100% !important;order : 0;}.fusion-builder-column-189 > .fusion-column-wrapper {margin-right : 1.92%;margin-left : 1.92%;}}@media only screen and (max-width:640px) {.fusion-body .fusion-builder-column-189{width:100% !important;order : 0;}.fusion-builder-column-189 > .fusion-column-wrapper {margin-right : 1.92%;margin-left : 1.92%;}}<\/style><div class=\"fusion-layout-column fusion_builder_column fusion-builder-column-190 fusion_builder_column_1_4 1_4 fusion-flex-column img-to-filter\"><div class=\"fusion-column-wrapper fusion-flex-justify-content-flex-start fusion-content-layout-column\" style=\"background-position:left top;background-repeat:no-repeat;-webkit-background-size:cover;-moz-background-size:cover;-o-background-size:cover;background-size:cover;padding: 0px 0px 0px 0px;\"><div ><span class=\"fusion-imageframe imageframe-none imageframe-190 hover-type-none\"><a href=\"https:\/\/www.deco-charpente.fr\/wp-content\/uploads\/2021\/03\/166908708_10225498358269587_4408221297677741490_n.jpg\" class=\"fusion-lightbox\" data-rel=\"iLightbox[gallery-image]\" data-title=\"Pool House 4 pentes avec bardage et garde corps\" title=\"Pool House 4 slopes with cladding and guardrail\"><img decoding=\"async\" width=\"960\" height=\"540\" alt=\"Pool House 4 pentes avec bardage et garde corps\" src=\"https:\/\/www.deco-charpente.fr\/wp-content\/uploads\/2021\/03\/166908708_10225498358269587_4408221297677741490_n.jpg\" class=\"img-responsive wp-image-4766\" srcset=\"https:\/\/www.deco-charpente.fr\/wp-content\/uploads\/2021\/03\/166908708_10225498358269587_4408221297677741490_n-200x113.jpg 200w, https:\/\/www.deco-charpente.fr\/wp-content\/uploads\/2021\/03\/166908708_10225498358269587_4408221297677741490_n-400x225.jpg 400w, https:\/\/www.deco-charpente.fr\/wp-content\/uploads\/2021\/03\/166908708_10225498358269587_4408221297677741490_n-600x338.jpg 600w, https:\/\/www.deco-charpente.fr\/wp-content\/uploads\/2021\/03\/166908708_10225498358269587_4408221297677741490_n-800x450.jpg 800w, https:\/\/www.deco-charpente.fr\/wp-content\/uploads\/2021\/03\/166908708_10225498358269587_4408221297677741490_n.jpg 960w\" sizes=\"(max-width: 1024px) 100vw, (max-width: 640px) 100vw, 600px\" \/><\/a><\/span><\/div><div class=\"fusion-text fusion-text-379 tags\" style=\"transform:translate3d(0,0,0);\"><p>Pool house &amp; Kiosk<\/p>\n<\/div><div class=\"fusion-text fusion-text-380 description\" style=\"transform:translate3d(0,0,0);\"><p>Pool House 4 slopes with cladding and guardrail<\/p>\n<\/div><\/div><\/div><style type=\"text\/css\">.fusion-body .fusion-builder-column-190{width:25% !important;margin-top : 0px;margin-bottom : 20px;}.fusion-builder-column-190 > .fusion-column-wrapper {padding-top : 0px !important;padding-right : 0px !important;margin-right : 7.68%;padding-bottom : 0px !important;padding-left : 0px !important;margin-left : 7.68%;}@media only screen and (max-width:1024px) {.fusion-body .fusion-builder-column-190{width:100% !important;order : 0;}.fusion-builder-column-190 > .fusion-column-wrapper {margin-right : 1.92%;margin-left : 1.92%;}}@media only screen and (max-width:640px) {.fusion-body .fusion-builder-column-190{width:100% !important;order : 0;}.fusion-builder-column-190 > .fusion-column-wrapper {margin-right : 1.92%;margin-left : 1.92%;}}<\/style><div class=\"fusion-layout-column fusion_builder_column fusion-builder-column-191 fusion_builder_column_1_4 1_4 fusion-flex-column img-to-filter\"><div class=\"fusion-column-wrapper fusion-flex-justify-content-flex-start fusion-content-layout-column\" style=\"background-position:left top;background-repeat:no-repeat;-webkit-background-size:cover;-moz-background-size:cover;-o-background-size:cover;background-size:cover;padding: 0px 0px 0px 0px;\"><div ><span class=\"fusion-imageframe imageframe-none imageframe-191 hover-type-none\"><a href=\"https:\/\/www.deco-charpente.fr\/wp-content\/uploads\/2021\/03\/166701660_10225498357549569_3340821135484253228_n.jpg\" class=\"fusion-lightbox\" data-rel=\"iLightbox[gallery-image]\" data-title=\"Pool House 4 pentes\" title=\"Pool House 4 slopes\"><img decoding=\"async\" width=\"960\" height=\"540\" src=\"https:\/\/www.deco-charpente.fr\/wp-content\/uploads\/2021\/03\/166701660_10225498357549569_3340821135484253228_n.jpg\" class=\"img-responsive wp-image-4765\" srcset=\"https:\/\/www.deco-charpente.fr\/wp-content\/uploads\/2021\/03\/166701660_10225498357549569_3340821135484253228_n-200x113.jpg 200w, https:\/\/www.deco-charpente.fr\/wp-content\/uploads\/2021\/03\/166701660_10225498357549569_3340821135484253228_n-400x225.jpg 400w, https:\/\/www.deco-charpente.fr\/wp-content\/uploads\/2021\/03\/166701660_10225498357549569_3340821135484253228_n-600x338.jpg 600w, https:\/\/www.deco-charpente.fr\/wp-content\/uploads\/2021\/03\/166701660_10225498357549569_3340821135484253228_n-800x450.jpg 800w, https:\/\/www.deco-charpente.fr\/wp-content\/uploads\/2021\/03\/166701660_10225498357549569_3340821135484253228_n.jpg 960w\" sizes=\"(max-width: 1024px) 100vw, (max-width: 640px) 100vw, 600px\" \/><\/a><\/span><\/div><div class=\"fusion-text fusion-text-381 tags\" style=\"transform:translate3d(0,0,0);\"><p>Pool house &amp; Kiosk<\/p>\n<\/div><div class=\"fusion-text fusion-text-382 description\" style=\"transform:translate3d(0,0,0);\"><p>Pool House 4 slopes<\/p>\n<\/div><\/div><\/div><style type=\"text\/css\">.fusion-body .fusion-builder-column-191{width:25% !important;margin-top : 0px;margin-bottom : 20px;}.fusion-builder-column-191 > .fusion-column-wrapper {padding-top : 0px !important;padding-right : 0px !important;margin-right : 7.68%;padding-bottom : 0px !important;padding-left : 0px !important;margin-left : 7.68%;}@media only screen and (max-width:1024px) {.fusion-body .fusion-builder-column-191{width:100% !important;order : 0;}.fusion-builder-column-191 > .fusion-column-wrapper {margin-right : 1.92%;margin-left : 1.92%;}}@media only screen and (max-width:640px) {.fusion-body .fusion-builder-column-191{width:100% !important;order : 0;}.fusion-builder-column-191 > .fusion-column-wrapper {margin-right : 1.92%;margin-left : 1.92%;}}<\/style><div class=\"fusion-layout-column fusion_builder_column fusion-builder-column-192 fusion_builder_column_1_4 1_4 fusion-flex-column img-to-filter\"><div class=\"fusion-column-wrapper fusion-flex-justify-content-flex-start fusion-content-layout-column\" style=\"background-position:left top;background-repeat:no-repeat;-webkit-background-size:cover;-moz-background-size:cover;-o-background-size:cover;background-size:cover;padding: 0px 0px 0px 0px;\"><div ><span class=\"fusion-imageframe imageframe-none imageframe-192 hover-type-none\"><a href=\"https:\/\/www.deco-charpente.fr\/wp-content\/uploads\/2021\/03\/Photos-C1-3.jpg\" class=\"fusion-lightbox\" data-rel=\"iLightbox[gallery-image]\" data-title=\"Photos C1-3\" title=\"Pictures C1-3\"><img decoding=\"async\" width=\"1080\" height=\"607\" src=\"https:\/\/www.deco-charpente.fr\/wp-content\/uploads\/2021\/03\/Photos-C1-3.jpg\" class=\"img-responsive wp-image-4780\" srcset=\"https:\/\/www.deco-charpente.fr\/wp-content\/uploads\/2021\/03\/Photos-C1-3-200x112.jpg 200w, https:\/\/www.deco-charpente.fr\/wp-content\/uploads\/2021\/03\/Photos-C1-3-400x225.jpg 400w, https:\/\/www.deco-charpente.fr\/wp-content\/uploads\/2021\/03\/Photos-C1-3-600x337.jpg 600w, https:\/\/www.deco-charpente.fr\/wp-content\/uploads\/2021\/03\/Photos-C1-3-800x450.jpg 800w, https:\/\/www.deco-charpente.fr\/wp-content\/uploads\/2021\/03\/Photos-C1-3.jpg 1080w\" sizes=\"(max-width: 1024px) 100vw, (max-width: 640px) 100vw, 600px\" \/><\/a><\/span><\/div><div class=\"fusion-text fusion-text-383 tags\" style=\"transform:translate3d(0,0,0);\"><p>Pool house &amp; Kiosk<\/p>\n<\/div><div class=\"fusion-text fusion-text-384 description\" style=\"transform:translate3d(0,0,0);\"><p>4-sided jacuzzi pool house with shutters<\/p>\n<\/div><\/div><\/div><style type=\"text\/css\">.fusion-body .fusion-builder-column-192{width:25% !important;margin-top : 0px;margin-bottom : 20px;}.fusion-builder-column-192 > .fusion-column-wrapper {padding-top : 0px !important;padding-right : 0px !important;margin-right : 7.68%;padding-bottom : 0px !important;padding-left : 0px !important;margin-left : 7.68%;}@media only screen and (max-width:1024px) {.fusion-body .fusion-builder-column-192{width:100% !important;order : 0;}.fusion-builder-column-192 > .fusion-column-wrapper {margin-right : 1.92%;margin-left : 1.92%;}}@media only screen and (max-width:640px) {.fusion-body .fusion-builder-column-192{width:100% !important;order : 0;}.fusion-builder-column-192 > .fusion-column-wrapper {margin-right : 1.92%;margin-left : 1.92%;}}<\/style><div class=\"fusion-layout-column fusion_builder_column fusion-builder-column-193 fusion_builder_column_1_4 1_4 fusion-flex-column img-to-filter\"><div class=\"fusion-column-wrapper fusion-flex-justify-content-flex-start fusion-content-layout-column\" style=\"background-position:left top;background-repeat:no-repeat;-webkit-background-size:cover;-moz-background-size:cover;-o-background-size:cover;background-size:cover;padding: 0px 0px 0px 0px;\"><div ><span class=\"fusion-imageframe imageframe-none imageframe-193 hover-type-none\"><a href=\"https:\/\/www.deco-charpente.fr\/wp-content\/uploads\/2021\/02\/Pool-House-avec-bar-pointe-de-diamant-et-bardage.jpg\" class=\"fusion-lightbox\" data-rel=\"iLightbox[gallery-image]\" data-title=\"Pool House avec bar, pointe de diamant et bardage\" title=\"Pool House with bar, diamond point and cladding\"><img decoding=\"async\" width=\"2049\" height=\"1537\" alt=\"Pool House avec bar, pointe de diamant et bardage\" src=\"https:\/\/www.deco-charpente.fr\/wp-content\/uploads\/2021\/02\/Pool-House-avec-bar-pointe-de-diamant-et-bardage.jpg\" class=\"img-responsive wp-image-4438\" srcset=\"https:\/\/www.deco-charpente.fr\/wp-content\/uploads\/2021\/02\/Pool-House-avec-bar-pointe-de-diamant-et-bardage-200x150.jpg 200w, https:\/\/www.deco-charpente.fr\/wp-content\/uploads\/2021\/02\/Pool-House-avec-bar-pointe-de-diamant-et-bardage-400x300.jpg 400w, https:\/\/www.deco-charpente.fr\/wp-content\/uploads\/2021\/02\/Pool-House-avec-bar-pointe-de-diamant-et-bardage-600x450.jpg 600w, https:\/\/www.deco-charpente.fr\/wp-content\/uploads\/2021\/02\/Pool-House-avec-bar-pointe-de-diamant-et-bardage-800x600.jpg 800w, https:\/\/www.deco-charpente.fr\/wp-content\/uploads\/2021\/02\/Pool-House-avec-bar-pointe-de-diamant-et-bardage-1200x900.jpg 1200w, https:\/\/www.deco-charpente.fr\/wp-content\/uploads\/2021\/02\/Pool-House-avec-bar-pointe-de-diamant-et-bardage.jpg 2049w\" sizes=\"(max-width: 1024px) 100vw, (max-width: 640px) 100vw, 600px\" \/><\/a><\/span><\/div><div class=\"fusion-text fusion-text-385 tags\" style=\"transform:translate3d(0,0,0);\"><p>Pool house &amp; Kiosk<\/p>\n<\/div><div class=\"fusion-text fusion-text-386 description\" style=\"transform:translate3d(0,0,0);\"><p>Pool House with bar, diamond point and cladding<\/p>\n<\/div><\/div><\/div><style type=\"text\/css\">.fusion-body .fusion-builder-column-193{width:25% !important;margin-top : 0px;margin-bottom : 20px;}.fusion-builder-column-193 > .fusion-column-wrapper {padding-top : 0px !important;padding-right : 0px !important;margin-right : 7.68%;padding-bottom : 0px !important;padding-left : 0px !important;margin-left : 7.68%;}@media only screen and (max-width:1024px) {.fusion-body .fusion-builder-column-193{width:100% !important;order : 0;}.fusion-builder-column-193 > .fusion-column-wrapper {margin-right : 1.92%;margin-left : 1.92%;}}@media only screen and (max-width:640px) {.fusion-body .fusion-builder-column-193{width:100% !important;order : 0;}.fusion-builder-column-193 > .fusion-column-wrapper {margin-right : 1.92%;margin-left : 1.92%;}}<\/style><div class=\"fusion-layout-column fusion_builder_column fusion-builder-column-194 fusion_builder_column_1_4 1_4 fusion-flex-column img-to-filter\"><div class=\"fusion-column-wrapper fusion-flex-justify-content-flex-start fusion-content-layout-column\" style=\"background-position:left top;background-repeat:no-repeat;-webkit-background-size:cover;-moz-background-size:cover;-o-background-size:cover;background-size:cover;padding: 0px 0px 0px 0px;\"><div ><span class=\"fusion-imageframe imageframe-none imageframe-194 hover-type-none\"><a href=\"https:\/\/www.deco-charpente.fr\/wp-content\/uploads\/2021\/02\/Pool-House-pose-sur-dale.jpg\" class=\"fusion-lightbox\" data-rel=\"iLightbox[gallery-image]\" data-title=\"Pool House pos\u00e9 sur dalle\" title=\"Pool House placed on slab\"><img decoding=\"async\" width=\"2049\" height=\"1537\" alt=\"Pool House pos\u00e9 sur dalle\" src=\"https:\/\/www.deco-charpente.fr\/wp-content\/uploads\/2021\/02\/Pool-House-pose-sur-dale.jpg\" class=\"img-responsive wp-image-4436\" srcset=\"https:\/\/www.deco-charpente.fr\/wp-content\/uploads\/2021\/02\/Pool-House-pose-sur-dale-200x150.jpg 200w, https:\/\/www.deco-charpente.fr\/wp-content\/uploads\/2021\/02\/Pool-House-pose-sur-dale-400x300.jpg 400w, https:\/\/www.deco-charpente.fr\/wp-content\/uploads\/2021\/02\/Pool-House-pose-sur-dale-600x450.jpg 600w, https:\/\/www.deco-charpente.fr\/wp-content\/uploads\/2021\/02\/Pool-House-pose-sur-dale-800x600.jpg 800w, https:\/\/www.deco-charpente.fr\/wp-content\/uploads\/2021\/02\/Pool-House-pose-sur-dale-1200x900.jpg 1200w, https:\/\/www.deco-charpente.fr\/wp-content\/uploads\/2021\/02\/Pool-House-pose-sur-dale.jpg 2049w\" sizes=\"(max-width: 1024px) 100vw, (max-width: 640px) 100vw, 600px\" \/><\/a><\/span><\/div><div class=\"fusion-text fusion-text-387 tags\" style=\"transform:translate3d(0,0,0);\"><p>Pool house &amp; Kiosk<\/p>\n<\/div><div class=\"fusion-text fusion-text-388 description\" style=\"transform:translate3d(0,0,0);\"><p>Pool House placed on slab<\/p>\n<\/div><\/div><\/div><style type=\"text\/css\">.fusion-body .fusion-builder-column-194{width:25% !important;margin-top : 0px;margin-bottom : 20px;}.fusion-builder-column-194 > .fusion-column-wrapper {padding-top : 0px !important;padding-right : 0px !important;margin-right : 7.68%;padding-bottom : 0px !important;padding-left : 0px !important;margin-left : 7.68%;}@media only screen and (max-width:1024px) {.fusion-body .fusion-builder-column-194{width:100% !important;order : 0;}.fusion-builder-column-194 > .fusion-column-wrapper {margin-right : 1.92%;margin-left : 1.92%;}}@media only screen and (max-width:640px) {.fusion-body .fusion-builder-column-194{width:100% !important;order : 0;}.fusion-builder-column-194 > .fusion-column-wrapper {margin-right : 1.92%;margin-left : 1.92%;}}<\/style><div class=\"fusion-layout-column fusion_builder_column fusion-builder-column-195 fusion_builder_column_1_4 1_4 fusion-flex-column img-to-filter\"><div class=\"fusion-column-wrapper fusion-flex-justify-content-flex-start fusion-content-layout-column\" style=\"background-position:left top;background-repeat:no-repeat;-webkit-background-size:cover;-moz-background-size:cover;-o-background-size:cover;background-size:cover;padding: 0px 0px 0px 0px;\"><div ><span class=\"fusion-imageframe imageframe-none imageframe-195 hover-type-none\"><a href=\"https:\/\/www.deco-charpente.fr\/wp-content\/uploads\/2023\/03\/Pool-house-sur-muret.jpg\" class=\"fusion-lightbox\" data-rel=\"iLightbox[gallery-image]\" data-title=\"Pool house sur muret\" title=\"Pool house on low wall\"><img decoding=\"async\" width=\"2560\" height=\"1440\" src=\"https:\/\/www.deco-charpente.fr\/wp-content\/uploads\/2023\/03\/Pool-house-sur-muret.jpg\" class=\"img-responsive wp-image-8444\" srcset=\"https:\/\/www.deco-charpente.fr\/wp-content\/uploads\/2023\/03\/Pool-house-sur-muret-200x113.jpg 200w, https:\/\/www.deco-charpente.fr\/wp-content\/uploads\/2023\/03\/Pool-house-sur-muret-400x225.jpg 400w, https:\/\/www.deco-charpente.fr\/wp-content\/uploads\/2023\/03\/Pool-house-sur-muret-600x338.jpg 600w, https:\/\/www.deco-charpente.fr\/wp-content\/uploads\/2023\/03\/Pool-house-sur-muret-800x450.jpg 800w, https:\/\/www.deco-charpente.fr\/wp-content\/uploads\/2023\/03\/Pool-house-sur-muret-1200x675.jpg 1200w, https:\/\/www.deco-charpente.fr\/wp-content\/uploads\/2023\/03\/Pool-house-sur-muret.jpg 2560w\" sizes=\"(max-width: 1024px) 100vw, (max-width: 640px) 100vw, 600px\" \/><\/a><\/span><\/div><div class=\"fusion-text fusion-text-389 tags\" style=\"transform:translate3d(0,0,0);\"><p>Pool house &amp; Kiosk<\/p>\n<\/div><div class=\"fusion-text fusion-text-390 description\" style=\"transform:translate3d(0,0,0);\"><p>Pool house 4 slopes<\/p>\n<\/div><\/div><\/div><style type=\"text\/css\">.fusion-body .fusion-builder-column-195{width:25% !important;margin-top : 0px;margin-bottom : 20px;}.fusion-builder-column-195 > .fusion-column-wrapper {padding-top : 0px !important;padding-right : 0px !important;margin-right : 7.68%;padding-bottom : 0px !important;padding-left : 0px !important;margin-left : 7.68%;}@media only screen and (max-width:1024px) {.fusion-body .fusion-builder-column-195{width:100% !important;order : 0;}.fusion-builder-column-195 > .fusion-column-wrapper {margin-right : 1.92%;margin-left : 1.92%;}}@media only screen and (max-width:640px) {.fusion-body .fusion-builder-column-195{width:100% !important;order : 0;}.fusion-builder-column-195 > .fusion-column-wrapper {margin-right : 1.92%;margin-left : 1.92%;}}<\/style><div class=\"fusion-layout-column fusion_builder_column fusion-builder-column-196 fusion_builder_column_1_4 1_4 fusion-flex-column img-to-filter\"><div class=\"fusion-column-wrapper fusion-flex-justify-content-flex-start fusion-content-layout-column\" style=\"background-position:left top;background-repeat:no-repeat;-webkit-background-size:cover;-moz-background-size:cover;-o-background-size:cover;background-size:cover;padding: 0px 0px 0px 0px;\"><div ><span class=\"fusion-imageframe imageframe-none imageframe-196 hover-type-none\"><a href=\"https:\/\/www.deco-charpente.fr\/wp-content\/uploads\/2021\/03\/pool-house-deco-charpente-e1616061834259.jpg\" class=\"fusion-lightbox\" data-rel=\"iLightbox[gallery-image]\" data-title=\"pool house d\u00e9co charpente\" title=\"pool house decorative frame\"><img decoding=\"async\" width=\"1154\" height=\"768\" alt=\"pool house d\u00e9co charpente\" src=\"https:\/\/www.deco-charpente.fr\/wp-content\/uploads\/2021\/03\/pool-house-deco-charpente-e1616061834259.jpg\" class=\"img-responsive wp-image-4653\" srcset=\"https:\/\/www.deco-charpente.fr\/wp-content\/uploads\/2021\/03\/pool-house-deco-charpente-e1616061834259-200x133.jpg 200w, https:\/\/www.deco-charpente.fr\/wp-content\/uploads\/2021\/03\/pool-house-deco-charpente-e1616061834259-400x266.jpg 400w, https:\/\/www.deco-charpente.fr\/wp-content\/uploads\/2021\/03\/pool-house-deco-charpente-e1616061834259-600x399.jpg 600w, https:\/\/www.deco-charpente.fr\/wp-content\/uploads\/2021\/03\/pool-house-deco-charpente-e1616061834259-800x532.jpg 800w, https:\/\/www.deco-charpente.fr\/wp-content\/uploads\/2021\/03\/pool-house-deco-charpente-e1616061834259.jpg 1154w\" sizes=\"(max-width: 1024px) 100vw, (max-width: 640px) 100vw, 600px\" \/><\/a><\/span><\/div><div class=\"fusion-text fusion-text-391 tags\" style=\"transform:translate3d(0,0,0);\"><p>Pool house &amp; Kiosk<\/p>\n<\/div><div class=\"fusion-text fusion-text-392 description\" style=\"transform:translate3d(0,0,0);\"><p>Pool house 4 slopes<\/p>\n<\/div><\/div><\/div><style type=\"text\/css\">.fusion-body .fusion-builder-column-196{width:25% !important;margin-top : 0px;margin-bottom : 20px;}.fusion-builder-column-196 > .fusion-column-wrapper {padding-top : 0px !important;padding-right : 0px !important;margin-right : 7.68%;padding-bottom : 0px !important;padding-left : 0px !important;margin-left : 7.68%;}@media only screen and (max-width:1024px) {.fusion-body .fusion-builder-column-196{width:100% !important;order : 0;}.fusion-builder-column-196 > .fusion-column-wrapper {margin-right : 1.92%;margin-left : 1.92%;}}@media only screen and (max-width:640px) {.fusion-body .fusion-builder-column-196{width:100% !important;order : 0;}.fusion-builder-column-196 > .fusion-column-wrapper {margin-right : 1.92%;margin-left : 1.92%;}}<\/style><div class=\"fusion-layout-column fusion_builder_column fusion-builder-column-197 fusion_builder_column_1_4 1_4 fusion-flex-column img-to-filter\"><div class=\"fusion-column-wrapper fusion-flex-justify-content-flex-start fusion-content-layout-column\" style=\"background-position:left top;background-repeat:no-repeat;-webkit-background-size:cover;-moz-background-size:cover;-o-background-size:cover;background-size:cover;padding: 0px 0px 0px 0px;\"><div ><span class=\"fusion-imageframe imageframe-none imageframe-197 hover-type-none\"><a href=\"https:\/\/www.deco-charpente.fr\/wp-content\/uploads\/2021\/02\/Pool-House-epicea-autoportee.jpg\" class=\"fusion-lightbox\" data-rel=\"iLightbox[gallery-image]\" data-title=\"Pool House \u00e9pic\u00e9a autoport\u00e9\" title=\"Freestanding spruce pool house\"><img decoding=\"async\" width=\"2048\" height=\"1536\" alt=\"Pool House \u00e9pic\u00e9a autoport\u00e9\" src=\"https:\/\/www.deco-charpente.fr\/wp-content\/uploads\/2021\/02\/Pool-House-epicea-autoportee.jpg\" class=\"img-responsive wp-image-4435\" srcset=\"https:\/\/www.deco-charpente.fr\/wp-content\/uploads\/2021\/02\/Pool-House-epicea-autoportee-200x150.jpg 200w, https:\/\/www.deco-charpente.fr\/wp-content\/uploads\/2021\/02\/Pool-House-epicea-autoportee-400x300.jpg 400w, https:\/\/www.deco-charpente.fr\/wp-content\/uploads\/2021\/02\/Pool-House-epicea-autoportee-600x450.jpg 600w, https:\/\/www.deco-charpente.fr\/wp-content\/uploads\/2021\/02\/Pool-House-epicea-autoportee-800x600.jpg 800w, https:\/\/www.deco-charpente.fr\/wp-content\/uploads\/2021\/02\/Pool-House-epicea-autoportee-1200x900.jpg 1200w, https:\/\/www.deco-charpente.fr\/wp-content\/uploads\/2021\/02\/Pool-House-epicea-autoportee.jpg 2048w\" sizes=\"(max-width: 1024px) 100vw, (max-width: 640px) 100vw, 600px\" \/><\/a><\/span><\/div><div class=\"fusion-text fusion-text-393 tags\" style=\"transform:translate3d(0,0,0);\"><p>Pool house &amp; Kiosk<\/p>\n<\/div><div class=\"fusion-text fusion-text-394 description\" style=\"transform:translate3d(0,0,0);\"><p>Freestanding spruce pool house<\/p>\n<\/div><\/div><\/div><style type=\"text\/css\">.fusion-body .fusion-builder-column-197{width:25% !important;margin-top : 0px;margin-bottom : 20px;}.fusion-builder-column-197 > .fusion-column-wrapper {padding-top : 0px !important;padding-right : 0px !important;margin-right : 7.68%;padding-bottom : 0px !important;padding-left : 0px !important;margin-left : 7.68%;}@media only screen and (max-width:1024px) {.fusion-body .fusion-builder-column-197{width:100% !important;order : 0;}.fusion-builder-column-197 > .fusion-column-wrapper {margin-right : 1.92%;margin-left : 1.92%;}}@media only screen and (max-width:640px) {.fusion-body .fusion-builder-column-197{width:100% !important;order : 0;}.fusion-builder-column-197 > .fusion-column-wrapper {margin-right : 1.92%;margin-left : 1.92%;}}<\/style><div class=\"fusion-layout-column fusion_builder_column fusion-builder-column-198 fusion_builder_column_1_4 1_4 fusion-flex-column img-to-filter\"><div class=\"fusion-column-wrapper fusion-flex-justify-content-flex-start fusion-content-layout-column\" style=\"background-position:left top;background-repeat:no-repeat;-webkit-background-size:cover;-moz-background-size:cover;-o-background-size:cover;background-size:cover;padding: 0px 0px 0px 0px;\"><div ><span class=\"fusion-imageframe imageframe-none imageframe-198 hover-type-none\"><a href=\"https:\/\/www.deco-charpente.fr\/wp-content\/uploads\/2021\/02\/Pool-house-4-pans-en-epicea-1.jpg\" class=\"fusion-lightbox\" data-rel=\"iLightbox[gallery-image]\" data-title=\"Pool house 4 pans en \u00e9picea\" title=\"4-sided spruce pool house\"><img decoding=\"async\" width=\"1517\" height=\"1086\" alt=\"Pool house 4 pans en \u00e9picea\" src=\"https:\/\/www.deco-charpente.fr\/wp-content\/uploads\/2021\/02\/Pool-house-4-pans-en-epicea-1.jpg\" class=\"img-responsive wp-image-4434\" srcset=\"https:\/\/www.deco-charpente.fr\/wp-content\/uploads\/2021\/02\/Pool-house-4-pans-en-epicea-1-200x143.jpg 200w, https:\/\/www.deco-charpente.fr\/wp-content\/uploads\/2021\/02\/Pool-house-4-pans-en-epicea-1-400x286.jpg 400w, https:\/\/www.deco-charpente.fr\/wp-content\/uploads\/2021\/02\/Pool-house-4-pans-en-epicea-1-600x430.jpg 600w, https:\/\/www.deco-charpente.fr\/wp-content\/uploads\/2021\/02\/Pool-house-4-pans-en-epicea-1-800x573.jpg 800w, https:\/\/www.deco-charpente.fr\/wp-content\/uploads\/2021\/02\/Pool-house-4-pans-en-epicea-1-1200x859.jpg 1200w, https:\/\/www.deco-charpente.fr\/wp-content\/uploads\/2021\/02\/Pool-house-4-pans-en-epicea-1.jpg 1517w\" sizes=\"(max-width: 1024px) 100vw, (max-width: 640px) 100vw, 600px\" \/><\/a><\/span><\/div><div class=\"fusion-text fusion-text-395 tags\" style=\"transform:translate3d(0,0,0);\"><p>Pool house &amp; Kiosk<\/p>\n<\/div><div class=\"fusion-text fusion-text-396 description\" style=\"transform:translate3d(0,0,0);\"><p>4-sided spruce pool house<\/p>\n<\/div><\/div><\/div><style type=\"text\/css\">.fusion-body .fusion-builder-column-198{width:25% !important;margin-top : 0px;margin-bottom : 20px;}.fusion-builder-column-198 > .fusion-column-wrapper {padding-top : 0px !important;padding-right : 0px !important;margin-right : 7.68%;padding-bottom : 0px !important;padding-left : 0px !important;margin-left : 7.68%;}@media only screen and (max-width:1024px) {.fusion-body .fusion-builder-column-198{width:100% !important;order : 0;}.fusion-builder-column-198 > .fusion-column-wrapper {margin-right : 1.92%;margin-left : 1.92%;}}@media only screen and (max-width:640px) {.fusion-body .fusion-builder-column-198{width:100% !important;order : 0;}.fusion-builder-column-198 > .fusion-column-wrapper {margin-right : 1.92%;margin-left : 1.92%;}}<\/style><div class=\"fusion-layout-column fusion_builder_column fusion-builder-column-199 fusion_builder_column_1_4 1_4 fusion-flex-column img-to-filter\"><div class=\"fusion-column-wrapper fusion-flex-justify-content-flex-start fusion-content-layout-column\" style=\"background-position:left top;background-repeat:no-repeat;-webkit-background-size:cover;-moz-background-size:cover;-o-background-size:cover;background-size:cover;padding: 0px 0px 0px 0px;\"><div ><span class=\"fusion-imageframe imageframe-none imageframe-199 hover-type-none\"><a href=\"https:\/\/www.deco-charpente.fr\/wp-content\/uploads\/2021\/03\/Kiosque-avec-rangements-et-garde-corps.jpg\" class=\"fusion-lightbox\" data-rel=\"iLightbox[gallery-image]\" data-title=\"Kiosque avec rangements et garde corps\" title=\"Kiosk with storage and guardrail\"><img decoding=\"async\" width=\"1020\" height=\"768\" alt=\"Kiosque avec rangements et garde corps\" src=\"https:\/\/www.deco-charpente.fr\/wp-content\/uploads\/2021\/03\/Kiosque-avec-rangements-et-garde-corps.jpg\" class=\"img-responsive wp-image-4676\" srcset=\"https:\/\/www.deco-charpente.fr\/wp-content\/uploads\/2021\/03\/Kiosque-avec-rangements-et-garde-corps-200x151.jpg 200w, https:\/\/www.deco-charpente.fr\/wp-content\/uploads\/2021\/03\/Kiosque-avec-rangements-et-garde-corps-400x301.jpg 400w, https:\/\/www.deco-charpente.fr\/wp-content\/uploads\/2021\/03\/Kiosque-avec-rangements-et-garde-corps-600x452.jpg 600w, https:\/\/www.deco-charpente.fr\/wp-content\/uploads\/2021\/03\/Kiosque-avec-rangements-et-garde-corps-800x602.jpg 800w, https:\/\/www.deco-charpente.fr\/wp-content\/uploads\/2021\/03\/Kiosque-avec-rangements-et-garde-corps.jpg 1020w\" sizes=\"(max-width: 1024px) 100vw, (max-width: 640px) 100vw, 600px\" \/><\/a><\/span><\/div><div class=\"fusion-text fusion-text-397 tags\" style=\"transform:translate3d(0,0,0);\"><p>Pool house &amp; Kiosk<\/p>\n<\/div><div class=\"fusion-text fusion-text-398 description\" style=\"transform:translate3d(0,0,0);\"><p>Kiosk with storage and guardrail<\/p>\n<\/div><\/div><\/div><style type=\"text\/css\">.fusion-body .fusion-builder-column-199{width:25% !important;margin-top : 0px;margin-bottom : 20px;}.fusion-builder-column-199 > .fusion-column-wrapper {padding-top : 0px !important;padding-right : 0px !important;margin-right : 7.68%;padding-bottom : 0px !important;padding-left : 0px !important;margin-left : 7.68%;}@media only screen and (max-width:1024px) {.fusion-body .fusion-builder-column-199{width:100% !important;order : 0;}.fusion-builder-column-199 > .fusion-column-wrapper {margin-right : 1.92%;margin-left : 1.92%;}}@media only screen and (max-width:640px) {.fusion-body .fusion-builder-column-199{width:100% !important;order : 0;}.fusion-builder-column-199 > .fusion-column-wrapper {margin-right : 1.92%;margin-left : 1.92%;}}<\/style><div class=\"fusion-layout-column fusion_builder_column fusion-builder-column-200 fusion_builder_column_1_4 1_4 fusion-flex-column img-to-filter\"><div class=\"fusion-column-wrapper fusion-flex-justify-content-flex-start fusion-content-layout-column\" style=\"background-position:left top;background-repeat:no-repeat;-webkit-background-size:cover;-moz-background-size:cover;-o-background-size:cover;background-size:cover;padding: 0px 0px 0px 0px;\"><div ><span class=\"fusion-imageframe imageframe-none imageframe-200 hover-type-none\"><a href=\"https:\/\/www.deco-charpente.fr\/wp-content\/uploads\/2024\/08\/Pool-house-mur-persiennes.jpg\" class=\"fusion-lightbox\" data-rel=\"iLightbox[gallery-image]\" data-title=\"Pool house mur persiennes\" title=\"Pool house louvered wall\"><img decoding=\"async\" width=\"2000\" height=\"1500\" src=\"https:\/\/www.deco-charpente.fr\/wp-content\/uploads\/2024\/08\/Pool-house-mur-persiennes.jpg\" class=\"img-responsive wp-image-11180\" srcset=\"https:\/\/www.deco-charpente.fr\/wp-content\/uploads\/2024\/08\/Pool-house-mur-persiennes-200x150.jpg 200w, https:\/\/www.deco-charpente.fr\/wp-content\/uploads\/2024\/08\/Pool-house-mur-persiennes-400x300.jpg 400w, https:\/\/www.deco-charpente.fr\/wp-content\/uploads\/2024\/08\/Pool-house-mur-persiennes-600x450.jpg 600w, https:\/\/www.deco-charpente.fr\/wp-content\/uploads\/2024\/08\/Pool-house-mur-persiennes-800x600.jpg 800w, https:\/\/www.deco-charpente.fr\/wp-content\/uploads\/2024\/08\/Pool-house-mur-persiennes-1200x900.jpg 1200w, https:\/\/www.deco-charpente.fr\/wp-content\/uploads\/2024\/08\/Pool-house-mur-persiennes.jpg 2000w\" sizes=\"(max-width: 1024px) 100vw, (max-width: 640px) 100vw, 600px\" \/><\/a><\/span><\/div><div class=\"fusion-text fusion-text-399 tags\" style=\"transform:translate3d(0,0,0);\"><p>Pool house &amp; Kiosk<\/p>\n<\/div><div class=\"fusion-text fusion-text-400 description\" style=\"transform:translate3d(0,0,0);\"><p>Pool house with louvered panels<\/p>\n<\/div><\/div><\/div><style type=\"text\/css\">.fusion-body .fusion-builder-column-200{width:25% !important;margin-top : 0px;margin-bottom : 20px;}.fusion-builder-column-200 > .fusion-column-wrapper {padding-top : 0px !important;padding-right : 0px !important;margin-right : 7.68%;padding-bottom : 0px !important;padding-left : 0px !important;margin-left : 7.68%;}@media only screen and (max-width:1024px) {.fusion-body .fusion-builder-column-200{width:100% !important;order : 0;}.fusion-builder-column-200 > .fusion-column-wrapper {margin-right : 1.92%;margin-left : 1.92%;}}@media only screen and (max-width:640px) {.fusion-body .fusion-builder-column-200{width:100% !important;order : 0;}.fusion-builder-column-200 > .fusion-column-wrapper {margin-right : 1.92%;margin-left : 1.92%;}}<\/style><div class=\"fusion-layout-column fusion_builder_column fusion-builder-column-201 fusion_builder_column_1_4 1_4 fusion-flex-column img-to-filter\"><div class=\"fusion-column-wrapper fusion-flex-justify-content-flex-start fusion-content-layout-column\" style=\"background-position:left top;background-repeat:no-repeat;-webkit-background-size:cover;-moz-background-size:cover;-o-background-size:cover;background-size:cover;padding: 0px 0px 0px 0px;\"><div ><span class=\"fusion-imageframe imageframe-none imageframe-201 hover-type-none\"><a href=\"https:\/\/www.deco-charpente.fr\/wp-content\/uploads\/2023\/08\/Pool-house-avec-persiennes.jpg\" class=\"fusion-lightbox\" data-rel=\"iLightbox[gallery-image]\" data-title=\"Pool house avec persiennes\" title=\"Pool house with shutters\"><img decoding=\"async\" width=\"2000\" height=\"1126\" alt=\"Pool house avec persiennes\" src=\"https:\/\/www.deco-charpente.fr\/wp-content\/uploads\/2023\/08\/Pool-house-avec-persiennes.jpg\" class=\"img-responsive wp-image-8907\" srcset=\"https:\/\/www.deco-charpente.fr\/wp-content\/uploads\/2023\/08\/Pool-house-avec-persiennes-200x113.webp 200w, https:\/\/www.deco-charpente.fr\/wp-content\/uploads\/2023\/08\/Pool-house-avec-persiennes-300x169.webp 300w, https:\/\/www.deco-charpente.fr\/wp-content\/uploads\/2023\/08\/Pool-house-avec-persiennes-400x225.webp 400w, https:\/\/www.deco-charpente.fr\/wp-content\/uploads\/2023\/08\/Pool-house-avec-persiennes-600x338.webp 600w, https:\/\/www.deco-charpente.fr\/wp-content\/uploads\/2023\/08\/Pool-house-avec-persiennes-768x432.webp 768w, https:\/\/www.deco-charpente.fr\/wp-content\/uploads\/2023\/08\/Pool-house-avec-persiennes-800x450.webp 800w, https:\/\/www.deco-charpente.fr\/wp-content\/uploads\/2023\/08\/Pool-house-avec-persiennes-1024x577.webp 1024w, https:\/\/www.deco-charpente.fr\/wp-content\/uploads\/2023\/08\/Pool-house-avec-persiennes-1200x676.webp 1200w, https:\/\/www.deco-charpente.fr\/wp-content\/uploads\/2023\/08\/Pool-house-avec-persiennes-1536x865.webp 1536w, https:\/\/www.deco-charpente.fr\/wp-content\/uploads\/2023\/08\/Pool-house-avec-persiennes.jpg 2000w\" sizes=\"(max-width: 1024px) 100vw, (max-width: 640px) 100vw, 600px\" \/><\/a><\/span><\/div><div class=\"fusion-text fusion-text-401 tags\" style=\"transform:translate3d(0,0,0);\"><p>Pool house &amp; Kiosk<\/p>\n<\/div><div class=\"fusion-text fusion-text-402 description\" style=\"transform:translate3d(0,0,0);\"><p>2 slope shelter with louvered panels<\/p>\n<\/div><\/div><\/div><style type=\"text\/css\">.fusion-body .fusion-builder-column-201{width:25% !important;margin-top : 0px;margin-bottom : 20px;}.fusion-builder-column-201 > .fusion-column-wrapper {padding-top : 0px !important;padding-right : 0px !important;margin-right : 7.68%;padding-bottom : 0px !important;padding-left : 0px !important;margin-left : 7.68%;}@media only screen and (max-width:1024px) {.fusion-body .fusion-builder-column-201{width:100% !important;order : 0;}.fusion-builder-column-201 > .fusion-column-wrapper {margin-right : 1.92%;margin-left : 1.92%;}}@media only screen and (max-width:640px) {.fusion-body .fusion-builder-column-201{width:100% !important;order : 0;}.fusion-builder-column-201 > .fusion-column-wrapper {margin-right : 1.92%;margin-left : 1.92%;}}<\/style><div class=\"fusion-layout-column fusion_builder_column fusion-builder-column-202 fusion_builder_column_1_4 1_4 fusion-flex-column img-to-filter\"><div class=\"fusion-column-wrapper fusion-flex-justify-content-flex-start fusion-content-layout-column\" style=\"background-position:left top;background-repeat:no-repeat;-webkit-background-size:cover;-moz-background-size:cover;-o-background-size:cover;background-size:cover;padding: 0px 0px 0px 0px;\"><div ><span class=\"fusion-imageframe imageframe-none imageframe-202 hover-type-none\"><a href=\"https:\/\/www.deco-charpente.fr\/wp-content\/uploads\/2024\/08\/920EE671-7022-43F4-B806-ECCCED9B0F24-1.jpeg\" class=\"fusion-lightbox\" data-rel=\"iLightbox[gallery-image]\" data-title=\"Pool house autoport\u00e9\" title=\"Self-supporting pool house\"><img decoding=\"async\" width=\"723\" height=\"542\" src=\"https:\/\/www.deco-charpente.fr\/wp-content\/uploads\/2024\/08\/920EE671-7022-43F4-B806-ECCCED9B0F24-1.jpeg\" class=\"img-responsive wp-image-11215\" srcset=\"https:\/\/www.deco-charpente.fr\/wp-content\/uploads\/2024\/08\/920EE671-7022-43F4-B806-ECCCED9B0F24-1-200x150.jpeg 200w, https:\/\/www.deco-charpente.fr\/wp-content\/uploads\/2024\/08\/920EE671-7022-43F4-B806-ECCCED9B0F24-1-400x300.jpeg 400w, https:\/\/www.deco-charpente.fr\/wp-content\/uploads\/2024\/08\/920EE671-7022-43F4-B806-ECCCED9B0F24-1-600x450.jpeg 600w, https:\/\/www.deco-charpente.fr\/wp-content\/uploads\/2024\/08\/920EE671-7022-43F4-B806-ECCCED9B0F24-1.jpeg 723w\" sizes=\"(max-width: 1024px) 100vw, (max-width: 640px) 100vw, 600px\" \/><\/a><\/span><\/div><div class=\"fusion-text fusion-text-403 tags\" style=\"transform:translate3d(0,0,0);\"><p>Pool house &amp; Kiosk<\/p>\n<\/div><div class=\"fusion-text fusion-text-404 description\" style=\"transform:translate3d(0,0,0);\"><p>Self-supporting pool house<\/p>\n<\/div><\/div><\/div><style type=\"text\/css\">.fusion-body .fusion-builder-column-202{width:25% !important;margin-top : 0px;margin-bottom : 20px;}.fusion-builder-column-202 > .fusion-column-wrapper {padding-top : 0px !important;padding-right : 0px !important;margin-right : 7.68%;padding-bottom : 0px !important;padding-left : 0px !important;margin-left : 7.68%;}@media only screen and (max-width:1024px) {.fusion-body .fusion-builder-column-202{width:100% !important;order : 0;}.fusion-builder-column-202 > .fusion-column-wrapper {margin-right : 1.92%;margin-left : 1.92%;}}@media only screen and (max-width:640px) {.fusion-body .fusion-builder-column-202{width:100% !important;order : 0;}.fusion-builder-column-202 > .fusion-column-wrapper {margin-right : 1.92%;margin-left : 1.92%;}}<\/style><div class=\"fusion-layout-column fusion_builder_column fusion-builder-column-203 fusion_builder_column_1_4 1_4 fusion-flex-column img-to-filter\"><div class=\"fusion-column-wrapper fusion-flex-justify-content-flex-start fusion-content-layout-column\" style=\"background-position:left top;background-repeat:no-repeat;-webkit-background-size:cover;-moz-background-size:cover;-o-background-size:cover;background-size:cover;padding: 0px 0px 0px 0px;\"><div ><span class=\"fusion-imageframe imageframe-none imageframe-203 hover-type-none\"><a href=\"https:\/\/www.deco-charpente.fr\/wp-content\/uploads\/2021\/05\/Abri-2-pentes-avec-panneaux-persiennes.jpg\" class=\"fusion-lightbox\" data-rel=\"iLightbox[gallery-image]\" data-title=\"Abri 2 pentes avec panneaux persiennes\" title=\"2 slope shelter with louvered panels\"><img decoding=\"async\" width=\"759\" height=\"570\" alt=\"Abri 2 pentes avec panneaux persiennes\" src=\"https:\/\/www.deco-charpente.fr\/wp-content\/uploads\/2021\/05\/Abri-2-pentes-avec-panneaux-persiennes.jpg\" class=\"img-responsive wp-image-4981\" srcset=\"https:\/\/www.deco-charpente.fr\/wp-content\/uploads\/2021\/05\/Abri-2-pentes-avec-panneaux-persiennes-200x150.jpg 200w, https:\/\/www.deco-charpente.fr\/wp-content\/uploads\/2021\/05\/Abri-2-pentes-avec-panneaux-persiennes-400x300.jpg 400w, https:\/\/www.deco-charpente.fr\/wp-content\/uploads\/2021\/05\/Abri-2-pentes-avec-panneaux-persiennes-600x451.jpg 600w, https:\/\/www.deco-charpente.fr\/wp-content\/uploads\/2021\/05\/Abri-2-pentes-avec-panneaux-persiennes.jpg 759w\" sizes=\"(max-width: 1024px) 100vw, (max-width: 640px) 100vw, 600px\" \/><\/a><\/span><\/div><div class=\"fusion-text fusion-text-405 tags\" style=\"transform:translate3d(0,0,0);\"><p>Pool house &amp; Kiosk<\/p>\n<\/div><div class=\"fusion-text fusion-text-406 description\" style=\"transform:translate3d(0,0,0);\"><p>2 slope shelter with louvered panels<\/p>\n<\/div><\/div><\/div><style type=\"text\/css\">.fusion-body .fusion-builder-column-203{width:25% !important;margin-top : 0px;margin-bottom : 20px;}.fusion-builder-column-203 > .fusion-column-wrapper {padding-top : 0px !important;padding-right : 0px !important;margin-right : 7.68%;padding-bottom : 0px !important;padding-left : 0px !important;margin-left : 7.68%;}@media only screen and (max-width:1024px) {.fusion-body .fusion-builder-column-203{width:100% !important;order : 0;}.fusion-builder-column-203 > .fusion-column-wrapper {margin-right : 1.92%;margin-left : 1.92%;}}@media only screen and (max-width:640px) {.fusion-body .fusion-builder-column-203{width:100% !important;order : 0;}.fusion-builder-column-203 > .fusion-column-wrapper {margin-right : 1.92%;margin-left : 1.92%;}}<\/style><div class=\"fusion-layout-column fusion_builder_column fusion-builder-column-204 fusion_builder_column_1_4 1_4 fusion-flex-column img-to-filter\"><div class=\"fusion-column-wrapper fusion-flex-justify-content-flex-start fusion-content-layout-column\" style=\"background-position:left top;background-repeat:no-repeat;-webkit-background-size:cover;-moz-background-size:cover;-o-background-size:cover;background-size:cover;padding: 0px 0px 0px 0px;\"><div ><span class=\"fusion-imageframe imageframe-none imageframe-204 hover-type-none\"><a href=\"https:\/\/www.deco-charpente.fr\/wp-content\/uploads\/2020\/08\/pool-house-2@2x-compressed.jpg\" class=\"fusion-lightbox\" data-rel=\"iLightbox[gallery-image]\" data-title=\"pool house 2@2x-compressed\" title=\"pool house 2@2x-compressed\"><img decoding=\"async\" width=\"2160\" height=\"2160\" src=\"https:\/\/www.deco-charpente.fr\/wp-content\/uploads\/2020\/08\/pool-house-2@2x-compressed.jpg\" class=\"img-responsive wp-image-2031\" srcset=\"https:\/\/www.deco-charpente.fr\/wp-content\/uploads\/2020\/08\/pool-house-2@2x-compressed-200x200.jpg 200w, https:\/\/www.deco-charpente.fr\/wp-content\/uploads\/2020\/08\/pool-house-2@2x-compressed-400x400.jpg 400w, https:\/\/www.deco-charpente.fr\/wp-content\/uploads\/2020\/08\/pool-house-2@2x-compressed-600x600.jpg 600w, https:\/\/www.deco-charpente.fr\/wp-content\/uploads\/2020\/08\/pool-house-2@2x-compressed-800x800.jpg 800w, https:\/\/www.deco-charpente.fr\/wp-content\/uploads\/2020\/08\/pool-house-2@2x-compressed-1200x1200.jpg 1200w, https:\/\/www.deco-charpente.fr\/wp-content\/uploads\/2020\/08\/pool-house-2@2x-compressed.jpg 2160w\" sizes=\"(max-width: 1024px) 100vw, (max-width: 640px) 100vw, 600px\" \/><\/a><\/span><\/div><div class=\"fusion-text fusion-text-407 tags\" style=\"transform:translate3d(0,0,0);\"><p>Pool house &amp; Kiosk<\/p>\n<\/div><div class=\"fusion-text fusion-text-408 description\" style=\"transform:translate3d(0,0,0);\"><p>Wooden kiosk<\/p>\n<\/div><\/div><\/div><style type=\"text\/css\">.fusion-body .fusion-builder-column-204{width:25% !important;margin-top : 0px;margin-bottom : 20px;}.fusion-builder-column-204 > .fusion-column-wrapper {padding-top : 0px !important;padding-right : 0px !important;margin-right : 7.68%;padding-bottom : 0px !important;padding-left : 0px !important;margin-left : 7.68%;}@media only screen and (max-width:1024px) {.fusion-body .fusion-builder-column-204{width:100% !important;order : 0;}.fusion-builder-column-204 > .fusion-column-wrapper {margin-right : 1.92%;margin-left : 1.92%;}}@media only screen and (max-width:640px) {.fusion-body .fusion-builder-column-204{width:100% !important;order : 0;}.fusion-builder-column-204 > .fusion-column-wrapper {margin-right : 1.92%;margin-left : 1.92%;}}<\/style><div class=\"fusion-layout-column fusion_builder_column fusion-builder-column-205 fusion_builder_column_1_4 1_4 fusion-flex-column img-to-filter\"><div class=\"fusion-column-wrapper fusion-flex-justify-content-flex-start fusion-content-layout-column\" style=\"background-position:left top;background-repeat:no-repeat;-webkit-background-size:cover;-moz-background-size:cover;-o-background-size:cover;background-size:cover;padding: 0px 0px 0px 0px;\"><div ><span class=\"fusion-imageframe imageframe-none imageframe-205 hover-type-none\"><a href=\"https:\/\/www.deco-charpente.fr\/wp-content\/uploads\/2020\/10\/Abri-Pool-House.jpg\" class=\"fusion-lightbox\" data-rel=\"iLightbox[gallery-image]\" data-title=\"Abri Pool House\" title=\"Pool House Shelter\"><img decoding=\"async\" width=\"1159\" height=\"869\" alt=\"Abri Pool House\" src=\"https:\/\/www.deco-charpente.fr\/wp-content\/uploads\/2020\/10\/Abri-Pool-House.jpg\" class=\"img-responsive wp-image-3811\" srcset=\"https:\/\/www.deco-charpente.fr\/wp-content\/uploads\/2020\/10\/Abri-Pool-House-200x150.jpg 200w, https:\/\/www.deco-charpente.fr\/wp-content\/uploads\/2020\/10\/Abri-Pool-House-400x300.jpg 400w, https:\/\/www.deco-charpente.fr\/wp-content\/uploads\/2020\/10\/Abri-Pool-House-600x450.jpg 600w, https:\/\/www.deco-charpente.fr\/wp-content\/uploads\/2020\/10\/Abri-Pool-House-800x600.jpg 800w, https:\/\/www.deco-charpente.fr\/wp-content\/uploads\/2020\/10\/Abri-Pool-House.jpg 1159w\" sizes=\"(max-width: 1024px) 100vw, (max-width: 640px) 100vw, 600px\" \/><\/a><\/span><\/div><div class=\"fusion-text fusion-text-409 tags\" style=\"transform:translate3d(0,0,0);\"><p>Pool house &amp; Kiosk<\/p>\n<\/div><div class=\"fusion-text fusion-text-410 description\" style=\"transform:translate3d(0,0,0);\"><p>Shelter with underside roof finish using half-wood battens in natural Douglas fir<\/p>\n<\/div><\/div><\/div><style type=\"text\/css\">.fusion-body .fusion-builder-column-205{width:25% !important;margin-top : 0px;margin-bottom : 20px;}.fusion-builder-column-205 > .fusion-column-wrapper {padding-top : 0px !important;padding-right : 0px !important;margin-right : 7.68%;padding-bottom : 0px !important;padding-left : 0px !important;margin-left : 7.68%;}@media only screen and (max-width:1024px) {.fusion-body .fusion-builder-column-205{width:100% !important;order : 0;}.fusion-builder-column-205 > .fusion-column-wrapper {margin-right : 1.92%;margin-left : 1.92%;}}@media only screen and (max-width:640px) {.fusion-body .fusion-builder-column-205{width:100% !important;order : 0;}.fusion-builder-column-205 > .fusion-column-wrapper {margin-right : 1.92%;margin-left : 1.92%;}}<\/style><div class=\"fusion-layout-column fusion_builder_column fusion-builder-column-206 fusion_builder_column_1_4 1_4 fusion-flex-column img-to-filter\"><div class=\"fusion-column-wrapper fusion-flex-justify-content-flex-start fusion-content-layout-column\" style=\"background-position:left top;background-repeat:no-repeat;-webkit-background-size:cover;-moz-background-size:cover;-o-background-size:cover;background-size:cover;padding: 0px 0px 0px 0px;\"><div ><span class=\"fusion-imageframe imageframe-none imageframe-206 hover-type-none\"><a href=\"https:\/\/www.deco-charpente.fr\/wp-content\/uploads\/2023\/08\/pergola-contemporaine.jpg\" class=\"fusion-lightbox\" data-rel=\"iLightbox[gallery-image]\" data-title=\"pergola contemporaine\" title=\"contemporary pergola\"><img decoding=\"async\" width=\"1141\" height=\"856\" src=\"https:\/\/www.deco-charpente.fr\/wp-content\/uploads\/2023\/08\/pergola-contemporaine.jpg\" class=\"img-responsive wp-image-8886\"\/><\/a><\/span><\/div><div class=\"fusion-text fusion-text-411 tags\" style=\"transform:translate3d(0,0,0);\"><p>Pergola<\/p>\n<\/div><div class=\"fusion-text fusion-text-412 description\" style=\"transform:translate3d(0,0,0);\"><p>Leaning pergola<\/p>\n<\/div><\/div><\/div><style type=\"text\/css\">.fusion-body .fusion-builder-column-206{width:25% !important;margin-top : 0px;margin-bottom : 20px;}.fusion-builder-column-206 > .fusion-column-wrapper {padding-top : 0px !important;padding-right : 0px !important;margin-right : 7.68%;padding-bottom : 0px !important;padding-left : 0px !important;margin-left : 7.68%;}@media only screen and (max-width:1024px) {.fusion-body .fusion-builder-column-206{width:100% !important;order : 0;}.fusion-builder-column-206 > .fusion-column-wrapper {margin-right : 1.92%;margin-left : 1.92%;}}@media only screen and (max-width:640px) {.fusion-body .fusion-builder-column-206{width:100% !important;order : 0;}.fusion-builder-column-206 > .fusion-column-wrapper {margin-right : 1.92%;margin-left : 1.92%;}}<\/style><div class=\"fusion-layout-column fusion_builder_column fusion-builder-column-207 fusion_builder_column_1_4 1_4 fusion-flex-column img-to-filter\"><div class=\"fusion-column-wrapper fusion-flex-justify-content-flex-start fusion-content-layout-column\" style=\"background-position:left top;background-repeat:no-repeat;-webkit-background-size:cover;-moz-background-size:cover;-o-background-size:cover;background-size:cover;padding: 0px 0px 0px 0px;\"><div ><span class=\"fusion-imageframe imageframe-none imageframe-207 hover-type-none\"><a href=\"https:\/\/www.deco-charpente.fr\/wp-content\/uploads\/2023\/08\/double-pergola.jpg\" class=\"fusion-lightbox\" data-rel=\"iLightbox[gallery-image]\" data-title=\"double pergola\" title=\"double pergola\"><img decoding=\"async\" width=\"1082\" height=\"811\" src=\"https:\/\/www.deco-charpente.fr\/wp-content\/uploads\/2023\/08\/double-pergola.jpg\" class=\"img-responsive wp-image-8887\"\/><\/a><\/span><\/div><div class=\"fusion-text fusion-text-413 tags\" style=\"transform:translate3d(0,0,0);\"><p>Pergola<\/p>\n<\/div><div class=\"fusion-text fusion-text-414 description\" style=\"transform:translate3d(0,0,0);\"><p>Double lean-to pergola<\/p>\n<\/div><\/div><\/div><style type=\"text\/css\">.fusion-body .fusion-builder-column-207{width:25% !important;margin-top : 0px;margin-bottom : 20px;}.fusion-builder-column-207 > .fusion-column-wrapper {padding-top : 0px !important;padding-right : 0px !important;margin-right : 7.68%;padding-bottom : 0px !important;padding-left : 0px !important;margin-left : 7.68%;}@media only screen and (max-width:1024px) {.fusion-body .fusion-builder-column-207{width:100% !important;order : 0;}.fusion-builder-column-207 > .fusion-column-wrapper {margin-right : 1.92%;margin-left : 1.92%;}}@media only screen and (max-width:640px) {.fusion-body .fusion-builder-column-207{width:100% !important;order : 0;}.fusion-builder-column-207 > .fusion-column-wrapper {margin-right : 1.92%;margin-left : 1.92%;}}<\/style><div class=\"fusion-layout-column fusion_builder_column fusion-builder-column-208 fusion_builder_column_1_4 1_4 fusion-flex-column img-to-filter\"><div class=\"fusion-column-wrapper fusion-flex-justify-content-flex-start fusion-content-layout-column\" style=\"background-position:left top;background-repeat:no-repeat;-webkit-background-size:cover;-moz-background-size:cover;-o-background-size:cover;background-size:cover;padding: 0px 0px 0px 0px;\"><div ><span class=\"fusion-imageframe imageframe-none imageframe-208 hover-type-none\"><a href=\"https:\/\/www.deco-charpente.fr\/wp-content\/uploads\/2023\/08\/Pergola-adosse-avec-pare-vue.jpg\" class=\"fusion-lightbox\" data-rel=\"iLightbox[gallery-image]\" data-title=\"Pergola adoss\u00e9 avec pare-vue\" title=\"Leaning pergola with privacy screen\"><img decoding=\"async\" width=\"1224\" height=\"918\" alt=\"Pergola adoss\u00e9 avec pare-vue\" src=\"https:\/\/www.deco-charpente.fr\/wp-content\/uploads\/2023\/08\/Pergola-adosse-avec-pare-vue.jpg\" class=\"img-responsive wp-image-8891\"\/><\/a><\/span><\/div><div class=\"fusion-text fusion-text-415 tags\" style=\"transform:translate3d(0,0,0);\"><p>Pergola<\/p>\n<\/div><div class=\"fusion-text fusion-text-416 description\" style=\"transform:translate3d(0,0,0);\"><p>Leaning pergola<\/p>\n<\/div><\/div><\/div><style type=\"text\/css\">.fusion-body .fusion-builder-column-208{width:25% !important;margin-top : 0px;margin-bottom : 20px;}.fusion-builder-column-208 > .fusion-column-wrapper {padding-top : 0px !important;padding-right : 0px !important;margin-right : 7.68%;padding-bottom : 0px !important;padding-left : 0px !important;margin-left : 7.68%;}@media only screen and (max-width:1024px) {.fusion-body .fusion-builder-column-208{width:100% !important;order : 0;}.fusion-builder-column-208 > .fusion-column-wrapper {margin-right : 1.92%;margin-left : 1.92%;}}@media only screen and (max-width:640px) {.fusion-body .fusion-builder-column-208{width:100% !important;order : 0;}.fusion-builder-column-208 > .fusion-column-wrapper {margin-right : 1.92%;margin-left : 1.92%;}}<\/style><div class=\"fusion-layout-column fusion_builder_column fusion-builder-column-209 fusion_builder_column_1_4 1_4 fusion-flex-column img-to-filter\"><div class=\"fusion-column-wrapper fusion-flex-justify-content-flex-start fusion-content-layout-column\" style=\"background-position:left top;background-repeat:no-repeat;-webkit-background-size:cover;-moz-background-size:cover;-o-background-size:cover;background-size:cover;padding: 0px 0px 0px 0px;\"><div ><span class=\"fusion-imageframe imageframe-none imageframe-209 hover-type-none\"><a href=\"https:\/\/www.deco-charpente.fr\/wp-content\/uploads\/2024\/03\/Pergola-jacuzzi.jpg\" class=\"fusion-lightbox\" data-rel=\"iLightbox[gallery-image]\" data-title=\"Pergola jacuzzi\" title=\"Jacuzzi pergola\"><img decoding=\"async\" width=\"2049\" height=\"1536\" src=\"https:\/\/www.deco-charpente.fr\/wp-content\/uploads\/2024\/03\/Pergola-jacuzzi.jpg\" class=\"img-responsive wp-image-10046\" srcset=\"https:\/\/www.deco-charpente.fr\/wp-content\/uploads\/2024\/03\/Pergola-jacuzzi-200x150.jpg 200w, https:\/\/www.deco-charpente.fr\/wp-content\/uploads\/2024\/03\/Pergola-jacuzzi-400x300.jpg 400w, https:\/\/www.deco-charpente.fr\/wp-content\/uploads\/2024\/03\/Pergola-jacuzzi-600x450.jpg 600w, https:\/\/www.deco-charpente.fr\/wp-content\/uploads\/2024\/03\/Pergola-jacuzzi-800x600.jpg 800w, https:\/\/www.deco-charpente.fr\/wp-content\/uploads\/2024\/03\/Pergola-jacuzzi-1200x900.jpg 1200w, https:\/\/www.deco-charpente.fr\/wp-content\/uploads\/2024\/03\/Pergola-jacuzzi.jpg 2049w\" sizes=\"(max-width: 1024px) 100vw, (max-width: 640px) 100vw, 600px\" \/><\/a><\/span><\/div><div class=\"fusion-text fusion-text-417 tags\" style=\"transform:translate3d(0,0,0);\"><p>Pergola<\/p>\n<\/div><div class=\"fusion-text fusion-text-418 description\" style=\"transform:translate3d(0,0,0);\"><p>Pergola for jacuzzi<\/p>\n<\/div><\/div><\/div><style type=\"text\/css\">.fusion-body .fusion-builder-column-209{width:25% !important;margin-top : 0px;margin-bottom : 20px;}.fusion-builder-column-209 > .fusion-column-wrapper {padding-top : 0px !important;padding-right : 0px !important;margin-right : 7.68%;padding-bottom : 0px !important;padding-left : 0px !important;margin-left : 7.68%;}@media only screen and (max-width:1024px) {.fusion-body .fusion-builder-column-209{width:100% !important;order : 0;}.fusion-builder-column-209 > .fusion-column-wrapper {margin-right : 1.92%;margin-left : 1.92%;}}@media only screen and (max-width:640px) {.fusion-body .fusion-builder-column-209{width:100% !important;order : 0;}.fusion-builder-column-209 > .fusion-column-wrapper {margin-right : 1.92%;margin-left : 1.92%;}}<\/style><div class=\"fusion-layout-column fusion_builder_column fusion-builder-column-210 fusion_builder_column_1_4 1_4 fusion-flex-column img-to-filter\"><div class=\"fusion-column-wrapper fusion-flex-justify-content-flex-start fusion-content-layout-column\" style=\"background-position:left top;background-repeat:no-repeat;-webkit-background-size:cover;-moz-background-size:cover;-o-background-size:cover;background-size:cover;padding: 0px 0px 0px 0px;\"><div ><span class=\"fusion-imageframe imageframe-none imageframe-210 hover-type-none\"><a href=\"https:\/\/www.deco-charpente.fr\/wp-content\/uploads\/2025\/10\/Pergola-Laure-salondejardin.jpg\" class=\"fusion-lightbox\" data-rel=\"iLightbox[gallery-image]\" data-title=\"Pergola-Laure-salondejardin\" title=\"Pergola-Laure-salondejardin\"><img decoding=\"async\" width=\"1024\" height=\"1024\" src=\"https:\/\/www.deco-charpente.fr\/wp-content\/uploads\/2025\/10\/Pergola-Laure-salondejardin.jpg\" class=\"img-responsive wp-image-12237\" srcset=\"https:\/\/www.deco-charpente.fr\/wp-content\/uploads\/2025\/10\/Pergola-Laure-salondejardin-200x200.jpg 200w, https:\/\/www.deco-charpente.fr\/wp-content\/uploads\/2025\/10\/Pergola-Laure-salondejardin-400x400.jpg 400w, https:\/\/www.deco-charpente.fr\/wp-content\/uploads\/2025\/10\/Pergola-Laure-salondejardin-600x600.jpg 600w, https:\/\/www.deco-charpente.fr\/wp-content\/uploads\/2025\/10\/Pergola-Laure-salondejardin-800x800.jpg 800w, https:\/\/www.deco-charpente.fr\/wp-content\/uploads\/2025\/10\/Pergola-Laure-salondejardin.jpg 1024w\" sizes=\"(max-width: 1024px) 100vw, (max-width: 640px) 100vw, 600px\" \/><\/a><\/span><\/div><div class=\"fusion-text fusion-text-419 tags\" style=\"transform:translate3d(0,0,0);\"><p>Pergola<\/p>\n<\/div><div class=\"fusion-text fusion-text-420 description\" style=\"transform:translate3d(0,0,0);\"><p>Pergola on terrace<\/p>\n<\/div><\/div><\/div><style type=\"text\/css\">.fusion-body .fusion-builder-column-210{width:25% !important;margin-top : 0px;margin-bottom : 20px;}.fusion-builder-column-210 > .fusion-column-wrapper {padding-top : 0px !important;padding-right : 0px !important;margin-right : 7.68%;padding-bottom : 0px !important;padding-left : 0px !important;margin-left : 7.68%;}@media only screen and (max-width:1024px) {.fusion-body .fusion-builder-column-210{width:100% !important;order : 0;}.fusion-builder-column-210 > .fusion-column-wrapper {margin-right : 1.92%;margin-left : 1.92%;}}@media only screen and (max-width:640px) {.fusion-body .fusion-builder-column-210{width:100% !important;order : 0;}.fusion-builder-column-210 > .fusion-column-wrapper {margin-right : 1.92%;margin-left : 1.92%;}}<\/style><div class=\"fusion-layout-column fusion_builder_column fusion-builder-column-211 fusion_builder_column_1_4 1_4 fusion-flex-column img-to-filter\"><div class=\"fusion-column-wrapper fusion-flex-justify-content-flex-start fusion-content-layout-column\" style=\"background-position:left top;background-repeat:no-repeat;-webkit-background-size:cover;-moz-background-size:cover;-o-background-size:cover;background-size:cover;padding: 0px 0px 0px 0px;\"><div ><span class=\"fusion-imageframe imageframe-none imageframe-211 hover-type-none\"><a href=\"https:\/\/www.deco-charpente.fr\/wp-content\/uploads\/2024\/08\/A8D06976-9264-4F53-977B-E7E19F3CAF24-compressed.jpg\" class=\"fusion-lightbox\" data-rel=\"iLightbox[gallery-image]\" data-title=\"Pergola bois\" title=\"Wooden pergola\"><img decoding=\"async\" width=\"1008\" height=\"756\" src=\"https:\/\/www.deco-charpente.fr\/wp-content\/uploads\/2024\/08\/A8D06976-9264-4F53-977B-E7E19F3CAF24-compressed.jpg\" class=\"img-responsive wp-image-11221\" srcset=\"https:\/\/www.deco-charpente.fr\/wp-content\/uploads\/2024\/08\/A8D06976-9264-4F53-977B-E7E19F3CAF24-compressed-200x150.jpg 200w, https:\/\/www.deco-charpente.fr\/wp-content\/uploads\/2024\/08\/A8D06976-9264-4F53-977B-E7E19F3CAF24-compressed-400x300.jpg 400w, https:\/\/www.deco-charpente.fr\/wp-content\/uploads\/2024\/08\/A8D06976-9264-4F53-977B-E7E19F3CAF24-compressed-600x450.jpg 600w, https:\/\/www.deco-charpente.fr\/wp-content\/uploads\/2024\/08\/A8D06976-9264-4F53-977B-E7E19F3CAF24-compressed-800x600.jpg 800w, https:\/\/www.deco-charpente.fr\/wp-content\/uploads\/2024\/08\/A8D06976-9264-4F53-977B-E7E19F3CAF24-compressed.jpg 1008w\" sizes=\"(max-width: 1024px) 100vw, (max-width: 640px) 100vw, 600px\" \/><\/a><\/span><\/div><div class=\"fusion-text fusion-text-421 tags\" style=\"transform:translate3d(0,0,0);\"><p>Pergola<\/p>\n<\/div><div class=\"fusion-text fusion-text-422 description\" style=\"transform:translate3d(0,0,0);\"><p>Wooden pergola for garden<\/p>\n<\/div><\/div><\/div><style type=\"text\/css\">.fusion-body .fusion-builder-column-211{width:25% !important;margin-top : 0px;margin-bottom : 20px;}.fusion-builder-column-211 > .fusion-column-wrapper {padding-top : 0px !important;padding-right : 0px !important;margin-right : 7.68%;padding-bottom : 0px !important;padding-left : 0px !important;margin-left : 7.68%;}@media only screen and (max-width:1024px) {.fusion-body .fusion-builder-column-211{width:100% !important;order : 0;}.fusion-builder-column-211 > .fusion-column-wrapper {margin-right : 1.92%;margin-left : 1.92%;}}@media only screen and (max-width:640px) {.fusion-body .fusion-builder-column-211{width:100% !important;order : 0;}.fusion-builder-column-211 > .fusion-column-wrapper {margin-right : 1.92%;margin-left : 1.92%;}}<\/style><div class=\"fusion-layout-column fusion_builder_column fusion-builder-column-212 fusion_builder_column_1_4 1_4 fusion-flex-column img-to-filter\"><div class=\"fusion-column-wrapper fusion-flex-justify-content-flex-start fusion-content-layout-column\" style=\"background-position:left top;background-repeat:no-repeat;-webkit-background-size:cover;-moz-background-size:cover;-o-background-size:cover;background-size:cover;padding: 0px 0px 0px 0px;\"><div ><span class=\"fusion-imageframe imageframe-none imageframe-212 hover-type-none\"><a href=\"https:\/\/www.deco-charpente.fr\/wp-content\/uploads\/2023\/03\/Pergola-adossee.jpg\" class=\"fusion-lightbox\" data-rel=\"iLightbox[gallery-image]\" data-title=\"Pergola adoss\u00e9e\" title=\"Leaning pergola\"><img decoding=\"async\" width=\"1660\" height=\"1190\" src=\"https:\/\/www.deco-charpente.fr\/wp-content\/uploads\/2023\/03\/Pergola-adossee.jpg\" class=\"img-responsive wp-image-8439\" srcset=\"https:\/\/www.deco-charpente.fr\/wp-content\/uploads\/2023\/03\/Pergola-adossee-200x143.jpg 200w, https:\/\/www.deco-charpente.fr\/wp-content\/uploads\/2023\/03\/Pergola-adossee-400x287.jpg 400w, https:\/\/www.deco-charpente.fr\/wp-content\/uploads\/2023\/03\/Pergola-adossee-600x430.jpg 600w, https:\/\/www.deco-charpente.fr\/wp-content\/uploads\/2023\/03\/Pergola-adossee-800x573.jpg 800w, https:\/\/www.deco-charpente.fr\/wp-content\/uploads\/2023\/03\/Pergola-adossee-1200x860.jpg 1200w, https:\/\/www.deco-charpente.fr\/wp-content\/uploads\/2023\/03\/Pergola-adossee.jpg 1660w\" sizes=\"(max-width: 1024px) 100vw, (max-width: 640px) 100vw, 600px\" \/><\/a><\/span><\/div><div class=\"fusion-text fusion-text-423 tags\" style=\"transform:translate3d(0,0,0);\"><p>Pergola<\/p>\n<\/div><div class=\"fusion-text fusion-text-424 description\" style=\"transform:translate3d(0,0,0);\"><p>Leaning pergola<\/p>\n<\/div><\/div><\/div><style type=\"text\/css\">.fusion-body .fusion-builder-column-212{width:25% !important;margin-top : 0px;margin-bottom : 20px;}.fusion-builder-column-212 > .fusion-column-wrapper {padding-top : 0px !important;padding-right : 0px !important;margin-right : 7.68%;padding-bottom : 0px !important;padding-left : 0px !important;margin-left : 7.68%;}@media only screen and (max-width:1024px) {.fusion-body .fusion-builder-column-212{width:100% !important;order : 0;}.fusion-builder-column-212 > .fusion-column-wrapper {margin-right : 1.92%;margin-left : 1.92%;}}@media only screen and (max-width:640px) {.fusion-body .fusion-builder-column-212{width:100% !important;order : 0;}.fusion-builder-column-212 > .fusion-column-wrapper {margin-right : 1.92%;margin-left : 1.92%;}}<\/style><div class=\"fusion-layout-column fusion_builder_column fusion-builder-column-213 fusion_builder_column_1_4 1_4 fusion-flex-column img-to-filter\"><div class=\"fusion-column-wrapper fusion-flex-justify-content-flex-start fusion-content-layout-column\" style=\"background-position:left top;background-repeat:no-repeat;-webkit-background-size:cover;-moz-background-size:cover;-o-background-size:cover;background-size:cover;padding: 0px 0px 0px 0px;\"><div ><span class=\"fusion-imageframe imageframe-none imageframe-213 hover-type-none\"><a href=\"https:\/\/www.deco-charpente.fr\/wp-content\/uploads\/2023\/07\/Pergola-Cailloux-sur-fontaine-C10.jpg\" class=\"fusion-lightbox\" data-rel=\"iLightbox[gallery-image]\" data-title=\"Pergola \u00e0 persiennes\" title=\"Louvered pergola\"><img decoding=\"async\" width=\"782\" height=\"1043\" src=\"https:\/\/www.deco-charpente.fr\/wp-content\/uploads\/2023\/07\/Pergola-Cailloux-sur-fontaine-C10.jpg\" class=\"img-responsive wp-image-8816\"\/><\/a><\/span><\/div><div class=\"fusion-text fusion-text-425 tags\" style=\"transform:translate3d(0,0,0);\"><p>Pergola<\/p>\n<\/div><div class=\"fusion-text fusion-text-426 description\" style=\"transform:translate3d(0,0,0);\"><p>Leaning pergola<\/p>\n<\/div><\/div><\/div><style type=\"text\/css\">.fusion-body .fusion-builder-column-213{width:25% !important;margin-top : 0px;margin-bottom : 20px;}.fusion-builder-column-213 > .fusion-column-wrapper {padding-top : 0px !important;padding-right : 0px !important;margin-right : 7.68%;padding-bottom : 0px !important;padding-left : 0px !important;margin-left : 7.68%;}@media only screen and (max-width:1024px) {.fusion-body .fusion-builder-column-213{width:100% !important;order : 0;}.fusion-builder-column-213 > .fusion-column-wrapper {margin-right : 1.92%;margin-left : 1.92%;}}@media only screen and (max-width:640px) {.fusion-body .fusion-builder-column-213{width:100% !important;order : 0;}.fusion-builder-column-213 > .fusion-column-wrapper {margin-right : 1.92%;margin-left : 1.92%;}}<\/style><div class=\"fusion-layout-column fusion_builder_column fusion-builder-column-214 fusion_builder_column_1_4 1_4 fusion-flex-column img-to-filter\"><div class=\"fusion-column-wrapper fusion-flex-justify-content-flex-start fusion-content-layout-column\" style=\"background-position:left top;background-repeat:no-repeat;-webkit-background-size:cover;-moz-background-size:cover;-o-background-size:cover;background-size:cover;padding: 0px 0px 0px 0px;\"><div ><span class=\"fusion-imageframe imageframe-none imageframe-214 hover-type-none\"><a href=\"https:\/\/www.deco-charpente.fr\/wp-content\/uploads\/2023\/07\/Pergola-Millery-C10.jpg\" class=\"fusion-lightbox\" data-rel=\"iLightbox[gallery-image]\" data-title=\"Pergola traditionnelle\" title=\"Traditional pergola\"><img decoding=\"async\" width=\"1021\" height=\"766\" src=\"https:\/\/www.deco-charpente.fr\/wp-content\/uploads\/2023\/07\/Pergola-Millery-C10.jpg\" class=\"img-responsive wp-image-8815\"\/><\/a><\/span><\/div><div class=\"fusion-text fusion-text-427 tags\" style=\"transform:translate3d(0,0,0);\"><p>Pergola<\/p>\n<\/div><div class=\"fusion-text fusion-text-428 description\" style=\"transform:translate3d(0,0,0);\"><p>Leaning pergola<\/p>\n<\/div><\/div><\/div><style type=\"text\/css\">.fusion-body .fusion-builder-column-214{width:25% !important;margin-top : 0px;margin-bottom : 20px;}.fusion-builder-column-214 > .fusion-column-wrapper {padding-top : 0px !important;padding-right : 0px !important;margin-right : 7.68%;padding-bottom : 0px !important;padding-left : 0px !important;margin-left : 7.68%;}@media only screen and (max-width:1024px) {.fusion-body .fusion-builder-column-214{width:100% !important;order : 0;}.fusion-builder-column-214 > .fusion-column-wrapper {margin-right : 1.92%;margin-left : 1.92%;}}@media only screen and (max-width:640px) {.fusion-body .fusion-builder-column-214{width:100% !important;order : 0;}.fusion-builder-column-214 > .fusion-column-wrapper {margin-right : 1.92%;margin-left : 1.92%;}}<\/style><div class=\"fusion-layout-column fusion_builder_column fusion-builder-column-215 fusion_builder_column_1_4 1_4 fusion-flex-column img-to-filter\"><div class=\"fusion-column-wrapper fusion-flex-justify-content-flex-start fusion-content-layout-column\" style=\"background-position:left top;background-repeat:no-repeat;-webkit-background-size:cover;-moz-background-size:cover;-o-background-size:cover;background-size:cover;padding: 0px 0px 0px 0px;\"><div ><span class=\"fusion-imageframe imageframe-none imageframe-215 hover-type-none\"><a href=\"https:\/\/www.deco-charpente.fr\/wp-content\/uploads\/2023\/07\/Pergola-St-Priest-C10.jpg\" class=\"fusion-lightbox\" data-rel=\"iLightbox[gallery-image]\" data-title=\"Pergola contemporaine 3\" title=\"Contemporary pergola 3\"><img decoding=\"async\" width=\"844\" height=\"633\" src=\"https:\/\/www.deco-charpente.fr\/wp-content\/uploads\/2023\/07\/Pergola-St-Priest-C10.jpg\" class=\"img-responsive wp-image-8814\"\/><\/a><\/span><\/div><div class=\"fusion-text fusion-text-429 tags\" style=\"transform:translate3d(0,0,0);\"><p>Pergola<\/p>\n<\/div><div class=\"fusion-text fusion-text-430 description\" style=\"transform:translate3d(0,0,0);\"><p>Leaning pergola<\/p>\n<\/div><\/div><\/div><style type=\"text\/css\">.fusion-body .fusion-builder-column-215{width:25% !important;margin-top : 0px;margin-bottom : 20px;}.fusion-builder-column-215 > .fusion-column-wrapper {padding-top : 0px !important;padding-right : 0px !important;margin-right : 7.68%;padding-bottom : 0px !important;padding-left : 0px !important;margin-left : 7.68%;}@media only screen and (max-width:1024px) {.fusion-body .fusion-builder-column-215{width:100% !important;order : 0;}.fusion-builder-column-215 > .fusion-column-wrapper {margin-right : 1.92%;margin-left : 1.92%;}}@media only screen and (max-width:640px) {.fusion-body .fusion-builder-column-215{width:100% !important;order : 0;}.fusion-builder-column-215 > .fusion-column-wrapper {margin-right : 1.92%;margin-left : 1.92%;}}<\/style><div class=\"fusion-layout-column fusion_builder_column fusion-builder-column-216 fusion_builder_column_1_4 1_4 fusion-flex-column img-to-filter\"><div class=\"fusion-column-wrapper fusion-flex-justify-content-flex-start fusion-content-layout-column\" style=\"background-position:left top;background-repeat:no-repeat;-webkit-background-size:cover;-moz-background-size:cover;-o-background-size:cover;background-size:cover;padding: 0px 0px 0px 0px;\"><div ><span class=\"fusion-imageframe imageframe-none imageframe-216 hover-type-none\"><a href=\"https:\/\/www.deco-charpente.fr\/wp-content\/uploads\/2023\/07\/Pergola-Montluel-C10.jpg\" class=\"fusion-lightbox\" data-rel=\"iLightbox[gallery-image]\" data-title=\"Pergola contemporaine 2\" title=\"Contemporary pergola 2\"><img decoding=\"async\" width=\"826\" height=\"620\" src=\"https:\/\/www.deco-charpente.fr\/wp-content\/uploads\/2023\/07\/Pergola-Montluel-C10.jpg\" class=\"img-responsive wp-image-8813\"\/><\/a><\/span><\/div><div class=\"fusion-text fusion-text-431 tags\" style=\"transform:translate3d(0,0,0);\"><p>Pergola<\/p>\n<\/div><div class=\"fusion-text fusion-text-432 description\" style=\"transform:translate3d(0,0,0);\"><p>Leaning pergola<\/p>\n<\/div><\/div><\/div><style type=\"text\/css\">.fusion-body .fusion-builder-column-216{width:25% !important;margin-top : 0px;margin-bottom : 20px;}.fusion-builder-column-216 > .fusion-column-wrapper {padding-top : 0px !important;padding-right : 0px !important;margin-right : 7.68%;padding-bottom : 0px !important;padding-left : 0px !important;margin-left : 7.68%;}@media only screen and (max-width:1024px) {.fusion-body .fusion-builder-column-216{width:100% !important;order : 0;}.fusion-builder-column-216 > .fusion-column-wrapper {margin-right : 1.92%;margin-left : 1.92%;}}@media only screen and (max-width:640px) {.fusion-body .fusion-builder-column-216{width:100% !important;order : 0;}.fusion-builder-column-216 > .fusion-column-wrapper {margin-right : 1.92%;margin-left : 1.92%;}}<\/style><div class=\"fusion-layout-column fusion_builder_column fusion-builder-column-217 fusion_builder_column_1_4 1_4 fusion-flex-column img-to-filter\"><div class=\"fusion-column-wrapper fusion-flex-justify-content-flex-start fusion-content-layout-column\" style=\"background-position:left top;background-repeat:no-repeat;-webkit-background-size:cover;-moz-background-size:cover;-o-background-size:cover;background-size:cover;padding: 0px 0px 0px 0px;\"><div ><span class=\"fusion-imageframe imageframe-none imageframe-217 hover-type-none\"><a href=\"https:\/\/www.deco-charpente.fr\/wp-content\/uploads\/2023\/07\/Pergola-Montluel-2-C10.jpg\" class=\"fusion-lightbox\" data-rel=\"iLightbox[gallery-image]\" data-title=\"Pergola contemporaine\" title=\"Contemporary pergola\"><img decoding=\"async\" width=\"831\" height=\"624\" src=\"https:\/\/www.deco-charpente.fr\/wp-content\/uploads\/2023\/07\/Pergola-Montluel-2-C10.jpg\" class=\"img-responsive wp-image-8812\"\/><\/a><\/span><\/div><div class=\"fusion-text fusion-text-433 tags\" style=\"transform:translate3d(0,0,0);\"><p>Pergola<\/p>\n<\/div><div class=\"fusion-text fusion-text-434 description\" style=\"transform:translate3d(0,0,0);\"><p>Leaning pergola<\/p>\n<\/div><\/div><\/div><style type=\"text\/css\">.fusion-body .fusion-builder-column-217{width:25% !important;margin-top : 0px;margin-bottom : 20px;}.fusion-builder-column-217 > .fusion-column-wrapper {padding-top : 0px !important;padding-right : 0px !important;margin-right : 7.68%;padding-bottom : 0px !important;padding-left : 0px !important;margin-left : 7.68%;}@media only screen and (max-width:1024px) {.fusion-body .fusion-builder-column-217{width:100% !important;order : 0;}.fusion-builder-column-217 > .fusion-column-wrapper {margin-right : 1.92%;margin-left : 1.92%;}}@media only screen and (max-width:640px) {.fusion-body .fusion-builder-column-217{width:100% !important;order : 0;}.fusion-builder-column-217 > .fusion-column-wrapper {margin-right : 1.92%;margin-left : 1.92%;}}<\/style><div class=\"fusion-layout-column fusion_builder_column fusion-builder-column-218 fusion_builder_column_1_4 1_4 fusion-flex-column img-to-filter\"><div class=\"fusion-column-wrapper fusion-flex-justify-content-flex-start fusion-content-layout-column\" style=\"background-position:left top;background-repeat:no-repeat;-webkit-background-size:cover;-moz-background-size:cover;-o-background-size:cover;background-size:cover;padding: 0px 0px 0px 0px;\"><div ><span class=\"fusion-imageframe imageframe-none imageframe-218 hover-type-none\"><a href=\"https:\/\/www.deco-charpente.fr\/wp-content\/uploads\/2022\/10\/Pergola-C10-6-bis.jpg\" class=\"fusion-lightbox\" data-rel=\"iLightbox[gallery-image]\" data-title=\"Pergola persiennes\" title=\"Louvered pergola\"><img decoding=\"async\" width=\"1594\" height=\"1196\" src=\"https:\/\/www.deco-charpente.fr\/wp-content\/uploads\/2022\/10\/Pergola-C10-6-bis.jpg\" class=\"img-responsive wp-image-7627\" srcset=\"https:\/\/www.deco-charpente.fr\/wp-content\/uploads\/2022\/10\/Pergola-C10-6-bis-200x150.jpg 200w, https:\/\/www.deco-charpente.fr\/wp-content\/uploads\/2022\/10\/Pergola-C10-6-bis-400x300.jpg 400w, https:\/\/www.deco-charpente.fr\/wp-content\/uploads\/2022\/10\/Pergola-C10-6-bis-600x450.jpg 600w, https:\/\/www.deco-charpente.fr\/wp-content\/uploads\/2022\/10\/Pergola-C10-6-bis-800x600.jpg 800w, https:\/\/www.deco-charpente.fr\/wp-content\/uploads\/2022\/10\/Pergola-C10-6-bis-1200x900.jpg 1200w, https:\/\/www.deco-charpente.fr\/wp-content\/uploads\/2022\/10\/Pergola-C10-6-bis.jpg 1594w\" sizes=\"(max-width: 1024px) 100vw, (max-width: 640px) 100vw, 600px\" \/><\/a><\/span><\/div><div class=\"fusion-text fusion-text-435 tags\" style=\"transform:translate3d(0,0,0);\"><p>Pergola<\/p>\n<\/div><div class=\"fusion-text fusion-text-436 description\" style=\"transform:translate3d(0,0,0);\"><p>Entrance porch pergola<\/p>\n<\/div><\/div><\/div><style type=\"text\/css\">.fusion-body .fusion-builder-column-218{width:25% !important;margin-top : 0px;margin-bottom : 20px;}.fusion-builder-column-218 > .fusion-column-wrapper {padding-top : 0px !important;padding-right : 0px !important;margin-right : 7.68%;padding-bottom : 0px !important;padding-left : 0px !important;margin-left : 7.68%;}@media only screen and (max-width:1024px) {.fusion-body .fusion-builder-column-218{width:100% !important;order : 0;}.fusion-builder-column-218 > .fusion-column-wrapper {margin-right : 1.92%;margin-left : 1.92%;}}@media only screen and (max-width:640px) {.fusion-body .fusion-builder-column-218{width:100% !important;order : 0;}.fusion-builder-column-218 > .fusion-column-wrapper {margin-right : 1.92%;margin-left : 1.92%;}}<\/style><div class=\"fusion-layout-column fusion_builder_column fusion-builder-column-219 fusion_builder_column_1_4 1_4 fusion-flex-column img-to-filter\"><div class=\"fusion-column-wrapper fusion-flex-justify-content-flex-start fusion-content-layout-column\" style=\"background-position:left top;background-repeat:no-repeat;-webkit-background-size:cover;-moz-background-size:cover;-o-background-size:cover;background-size:cover;padding: 0px 0px 0px 0px;\"><div ><span class=\"fusion-imageframe imageframe-none imageframe-219 hover-type-none\"><a href=\"https:\/\/www.deco-charpente.fr\/wp-content\/uploads\/2024\/09\/Pergola-1-compressed.jpg\" class=\"fusion-lightbox\" data-rel=\"iLightbox[gallery-image]\" data-title=\"Pergola\" title=\"Pergola\"><img decoding=\"async\" width=\"1919\" height=\"1325\" src=\"https:\/\/www.deco-charpente.fr\/wp-content\/uploads\/2024\/09\/Pergola-1-compressed.jpg\" class=\"img-responsive wp-image-11265\" srcset=\"https:\/\/www.deco-charpente.fr\/wp-content\/uploads\/2024\/09\/Pergola-1-compressed-200x138.jpg 200w, https:\/\/www.deco-charpente.fr\/wp-content\/uploads\/2024\/09\/Pergola-1-compressed-400x276.jpg 400w, https:\/\/www.deco-charpente.fr\/wp-content\/uploads\/2024\/09\/Pergola-1-compressed-600x414.jpg 600w, https:\/\/www.deco-charpente.fr\/wp-content\/uploads\/2024\/09\/Pergola-1-compressed-800x552.jpg 800w, https:\/\/www.deco-charpente.fr\/wp-content\/uploads\/2024\/09\/Pergola-1-compressed-1200x829.jpg 1200w, https:\/\/www.deco-charpente.fr\/wp-content\/uploads\/2024\/09\/Pergola-1-compressed.jpg 1919w\" sizes=\"(max-width: 1024px) 100vw, (max-width: 640px) 100vw, 600px\" \/><\/a><\/span><\/div><div class=\"fusion-text fusion-text-437 tags\" style=\"transform:translate3d(0,0,0);\"><p>Pergola<\/p>\n<\/div><div class=\"fusion-text fusion-text-438 description\" style=\"transform:translate3d(0,0,0);\"><p>Pergola on terrace<\/p>\n<\/div><\/div><\/div><style type=\"text\/css\">.fusion-body .fusion-builder-column-219{width:25% !important;margin-top : 0px;margin-bottom : 20px;}.fusion-builder-column-219 > .fusion-column-wrapper {padding-top : 0px !important;padding-right : 0px !important;margin-right : 7.68%;padding-bottom : 0px !important;padding-left : 0px !important;margin-left : 7.68%;}@media only screen and (max-width:1024px) {.fusion-body .fusion-builder-column-219{width:100% !important;order : 0;}.fusion-builder-column-219 > .fusion-column-wrapper {margin-right : 1.92%;margin-left : 1.92%;}}@media only screen and (max-width:640px) {.fusion-body .fusion-builder-column-219{width:100% !important;order : 0;}.fusion-builder-column-219 > .fusion-column-wrapper {margin-right : 1.92%;margin-left : 1.92%;}}<\/style><div class=\"fusion-layout-column fusion_builder_column fusion-builder-column-220 fusion_builder_column_1_4 1_4 fusion-flex-column img-to-filter\"><div class=\"fusion-column-wrapper fusion-flex-justify-content-flex-start fusion-content-layout-column\" style=\"background-position:left top;background-repeat:no-repeat;-webkit-background-size:cover;-moz-background-size:cover;-o-background-size:cover;background-size:cover;padding: 0px 0px 0px 0px;\"><div ><span class=\"fusion-imageframe imageframe-none imageframe-220 hover-type-none\"><a href=\"https:\/\/www.deco-charpente.fr\/wp-content\/uploads\/2024\/08\/B677F650-C59D-40D7-A94B-FFF11AF5E8DB.jpeg\" class=\"fusion-lightbox\" data-rel=\"iLightbox[gallery-image]\" data-title=\"Pergola sur terrasse\" title=\"Pergola on terrace\"><img decoding=\"async\" width=\"1248\" height=\"871\" src=\"https:\/\/www.deco-charpente.fr\/wp-content\/uploads\/2024\/08\/B677F650-C59D-40D7-A94B-FFF11AF5E8DB.jpeg\" class=\"img-responsive wp-image-11195\" srcset=\"https:\/\/www.deco-charpente.fr\/wp-content\/uploads\/2024\/08\/B677F650-C59D-40D7-A94B-FFF11AF5E8DB-200x140.jpeg 200w, https:\/\/www.deco-charpente.fr\/wp-content\/uploads\/2024\/08\/B677F650-C59D-40D7-A94B-FFF11AF5E8DB-400x279.jpeg 400w, https:\/\/www.deco-charpente.fr\/wp-content\/uploads\/2024\/08\/B677F650-C59D-40D7-A94B-FFF11AF5E8DB-600x419.jpeg 600w, https:\/\/www.deco-charpente.fr\/wp-content\/uploads\/2024\/08\/B677F650-C59D-40D7-A94B-FFF11AF5E8DB-800x558.jpeg 800w, https:\/\/www.deco-charpente.fr\/wp-content\/uploads\/2024\/08\/B677F650-C59D-40D7-A94B-FFF11AF5E8DB-1200x838.jpeg 1200w, https:\/\/www.deco-charpente.fr\/wp-content\/uploads\/2024\/08\/B677F650-C59D-40D7-A94B-FFF11AF5E8DB.jpeg 1248w\" sizes=\"(max-width: 1024px) 100vw, (max-width: 640px) 100vw, 600px\" \/><\/a><\/span><\/div><div class=\"fusion-text fusion-text-439 tags\" style=\"transform:translate3d(0,0,0);\"><p>Pergola<\/p>\n<\/div><div class=\"fusion-text fusion-text-440 description\" style=\"transform:translate3d(0,0,0);\"><p>Pergola on terrace<\/p>\n<\/div><\/div><\/div><style type=\"text\/css\">.fusion-body .fusion-builder-column-220{width:25% !important;margin-top : 0px;margin-bottom : 20px;}.fusion-builder-column-220 > .fusion-column-wrapper {padding-top : 0px !important;padding-right : 0px !important;margin-right : 7.68%;padding-bottom : 0px !important;padding-left : 0px !important;margin-left : 7.68%;}@media only screen and (max-width:1024px) {.fusion-body .fusion-builder-column-220{width:100% !important;order : 0;}.fusion-builder-column-220 > .fusion-column-wrapper {margin-right : 1.92%;margin-left : 1.92%;}}@media only screen and (max-width:640px) {.fusion-body .fusion-builder-column-220{width:100% !important;order : 0;}.fusion-builder-column-220 > .fusion-column-wrapper {margin-right : 1.92%;margin-left : 1.92%;}}<\/style><div class=\"fusion-layout-column fusion_builder_column fusion-builder-column-221 fusion_builder_column_1_4 1_4 fusion-flex-column img-to-filter\"><div class=\"fusion-column-wrapper fusion-flex-justify-content-flex-start fusion-content-layout-column\" style=\"background-position:left top;background-repeat:no-repeat;-webkit-background-size:cover;-moz-background-size:cover;-o-background-size:cover;background-size:cover;padding: 0px 0px 0px 0px;\"><div ><span class=\"fusion-imageframe imageframe-none imageframe-221 hover-type-none\"><a href=\"https:\/\/www.deco-charpente.fr\/wp-content\/uploads\/2022\/04\/Pergola-porche-dentree.jpg\" class=\"fusion-lightbox\" data-rel=\"iLightbox[gallery-image]\" data-title=\"Pergola porche d&rsquo;entr\u00e9e\" title=\"Entrance porch pergola\"><img decoding=\"async\" width=\"1008\" height=\"756\" src=\"https:\/\/www.deco-charpente.fr\/wp-content\/uploads\/2022\/04\/Pergola-porche-dentree.jpg\" class=\"img-responsive wp-image-6627\" srcset=\"https:\/\/www.deco-charpente.fr\/wp-content\/uploads\/2022\/04\/Pergola-porche-dentree-200x150.jpg 200w, https:\/\/www.deco-charpente.fr\/wp-content\/uploads\/2022\/04\/Pergola-porche-dentree-400x300.jpg 400w, https:\/\/www.deco-charpente.fr\/wp-content\/uploads\/2022\/04\/Pergola-porche-dentree-600x450.jpg 600w, https:\/\/www.deco-charpente.fr\/wp-content\/uploads\/2022\/04\/Pergola-porche-dentree-800x600.jpg 800w, https:\/\/www.deco-charpente.fr\/wp-content\/uploads\/2022\/04\/Pergola-porche-dentree.jpg 1008w\" sizes=\"(max-width: 1024px) 100vw, (max-width: 640px) 100vw, 600px\" \/><\/a><\/span><\/div><div class=\"fusion-text fusion-text-441 tags\" style=\"transform:translate3d(0,0,0);\"><p>Pergola<\/p>\n<\/div><div class=\"fusion-text fusion-text-442 description\" style=\"transform:translate3d(0,0,0);\"><p>Entrance porch pergola<\/p>\n<\/div><\/div><\/div><style type=\"text\/css\">.fusion-body .fusion-builder-column-221{width:25% !important;margin-top : 0px;margin-bottom : 20px;}.fusion-builder-column-221 > .fusion-column-wrapper {padding-top : 0px !important;padding-right : 0px !important;margin-right : 7.68%;padding-bottom : 0px !important;padding-left : 0px !important;margin-left : 7.68%;}@media only screen and (max-width:1024px) {.fusion-body .fusion-builder-column-221{width:100% !important;order : 0;}.fusion-builder-column-221 > .fusion-column-wrapper {margin-right : 1.92%;margin-left : 1.92%;}}@media only screen and (max-width:640px) {.fusion-body .fusion-builder-column-221{width:100% !important;order : 0;}.fusion-builder-column-221 > .fusion-column-wrapper {margin-right : 1.92%;margin-left : 1.92%;}}<\/style><div class=\"fusion-layout-column fusion_builder_column fusion-builder-column-222 fusion_builder_column_1_4 1_4 fusion-flex-column img-to-filter\"><div class=\"fusion-column-wrapper fusion-flex-justify-content-flex-start fusion-content-layout-column\" style=\"background-position:left top;background-repeat:no-repeat;-webkit-background-size:cover;-moz-background-size:cover;-o-background-size:cover;background-size:cover;padding: 0px 0px 0px 0px;\"><div ><span class=\"fusion-imageframe imageframe-none imageframe-222 hover-type-none\"><a href=\"https:\/\/www.deco-charpente.fr\/wp-content\/uploads\/2022\/11\/Pergola-300x195.jpg\" class=\"fusion-lightbox\" data-rel=\"iLightbox[gallery-image]\" data-title=\"Pergola\" title=\"Pergola\"><img decoding=\"async\" width=\"300\" height=\"195\" src=\"https:\/\/www.deco-charpente.fr\/wp-content\/uploads\/2022\/11\/Pergola-300x195.jpg\" class=\"img-responsive wp-image-7744\" srcset=\"https:\/\/www.deco-charpente.fr\/wp-content\/uploads\/2022\/11\/Pergola-200x130.jpg 200w, https:\/\/www.deco-charpente.fr\/wp-content\/uploads\/2022\/11\/Pergola-400x260.jpg 400w, https:\/\/www.deco-charpente.fr\/wp-content\/uploads\/2022\/11\/Pergola-600x389.jpg 600w, https:\/\/www.deco-charpente.fr\/wp-content\/uploads\/2022\/11\/Pergola-800x519.jpg 800w, https:\/\/www.deco-charpente.fr\/wp-content\/uploads\/2022\/11\/Pergola-1200x779.jpg 1200w, https:\/\/www.deco-charpente.fr\/wp-content\/uploads\/2022\/11\/Pergola.jpg 1247w\" sizes=\"(max-width: 1024px) 100vw, (max-width: 640px) 100vw, 600px\" \/><\/a><\/span><\/div><div class=\"fusion-text fusion-text-443 tags\" style=\"transform:translate3d(0,0,0);\"><p>Pergola<\/p>\n<\/div><div class=\"fusion-text fusion-text-444 description\" style=\"transform:translate3d(0,0,0);\"><p>Louvered pergola<\/p>\n<\/div><\/div><\/div><style type=\"text\/css\">.fusion-body .fusion-builder-column-222{width:25% !important;margin-top : 0px;margin-bottom : 20px;}.fusion-builder-column-222 > .fusion-column-wrapper {padding-top : 0px !important;padding-right : 0px !important;margin-right : 7.68%;padding-bottom : 0px !important;padding-left : 0px !important;margin-left : 7.68%;}@media only screen and (max-width:1024px) {.fusion-body .fusion-builder-column-222{width:100% !important;order : 0;}.fusion-builder-column-222 > .fusion-column-wrapper {margin-right : 1.92%;margin-left : 1.92%;}}@media only screen and (max-width:640px) {.fusion-body .fusion-builder-column-222{width:100% !important;order : 0;}.fusion-builder-column-222 > .fusion-column-wrapper {margin-right : 1.92%;margin-left : 1.92%;}}<\/style><div class=\"fusion-layout-column fusion_builder_column fusion-builder-column-223 fusion_builder_column_1_4 1_4 fusion-flex-column img-to-filter\"><div class=\"fusion-column-wrapper fusion-flex-justify-content-flex-start fusion-content-layout-column\" style=\"background-position:left top;background-repeat:no-repeat;-webkit-background-size:cover;-moz-background-size:cover;-o-background-size:cover;background-size:cover;padding: 0px 0px 0px 0px;\"><div ><span class=\"fusion-imageframe imageframe-none imageframe-223 hover-type-none\"><a href=\"https:\/\/www.deco-charpente.fr\/wp-content\/uploads\/2023\/06\/Pergola-persienne-adossee-2.jpg\" class=\"fusion-lightbox\" data-rel=\"iLightbox[gallery-image]\" data-title=\"Pergola persienne adoss\u00e9e (2)\" title=\"Leaning louvered pergola (2)\"><img decoding=\"async\" width=\"1108\" height=\"1478\" src=\"https:\/\/www.deco-charpente.fr\/wp-content\/uploads\/2023\/06\/Pergola-persienne-adossee-2.jpg\" class=\"img-responsive wp-image-8753\"\/><\/a><\/span><\/div><div class=\"fusion-text fusion-text-445 tags\" style=\"transform:translate3d(0,0,0);\"><p>Pergola<\/p>\n<\/div><div class=\"fusion-text fusion-text-446 description\" style=\"transform:translate3d(0,0,0);\"><p>Louvered pergola<\/p>\n<\/div><\/div><\/div><style type=\"text\/css\">.fusion-body .fusion-builder-column-223{width:25% !important;margin-top : 0px;margin-bottom : 20px;}.fusion-builder-column-223 > .fusion-column-wrapper {padding-top : 0px !important;padding-right : 0px !important;margin-right : 7.68%;padding-bottom : 0px !important;padding-left : 0px !important;margin-left : 7.68%;}@media only screen and (max-width:1024px) {.fusion-body .fusion-builder-column-223{width:100% !important;order : 0;}.fusion-builder-column-223 > .fusion-column-wrapper {margin-right : 1.92%;margin-left : 1.92%;}}@media only screen and (max-width:640px) {.fusion-body .fusion-builder-column-223{width:100% !important;order : 0;}.fusion-builder-column-223 > .fusion-column-wrapper {margin-right : 1.92%;margin-left : 1.92%;}}<\/style><div class=\"fusion-layout-column fusion_builder_column fusion-builder-column-224 fusion_builder_column_1_4 1_4 fusion-flex-column img-to-filter\"><div class=\"fusion-column-wrapper fusion-flex-justify-content-flex-start fusion-content-layout-column\" style=\"background-position:left top;background-repeat:no-repeat;-webkit-background-size:cover;-moz-background-size:cover;-o-background-size:cover;background-size:cover;padding: 0px 0px 0px 0px;\"><div ><span class=\"fusion-imageframe imageframe-none imageframe-224 hover-type-none\"><a href=\"https:\/\/www.deco-charpente.fr\/wp-content\/uploads\/2024\/03\/Pergola-de-nuit.jpg\" class=\"fusion-lightbox\" data-rel=\"iLightbox[gallery-image]\" data-title=\"Pergola de nuit\" title=\"Pergola at night\"><img decoding=\"async\" width=\"2049\" height=\"1536\" src=\"https:\/\/www.deco-charpente.fr\/wp-content\/uploads\/2024\/03\/Pergola-de-nuit.jpg\" class=\"img-responsive wp-image-10044\" srcset=\"https:\/\/www.deco-charpente.fr\/wp-content\/uploads\/2024\/03\/Pergola-de-nuit-200x150.jpg 200w, https:\/\/www.deco-charpente.fr\/wp-content\/uploads\/2024\/03\/Pergola-de-nuit-400x300.jpg 400w, https:\/\/www.deco-charpente.fr\/wp-content\/uploads\/2024\/03\/Pergola-de-nuit-600x450.jpg 600w, https:\/\/www.deco-charpente.fr\/wp-content\/uploads\/2024\/03\/Pergola-de-nuit-800x600.jpg 800w, https:\/\/www.deco-charpente.fr\/wp-content\/uploads\/2024\/03\/Pergola-de-nuit-1200x900.jpg 1200w, https:\/\/www.deco-charpente.fr\/wp-content\/uploads\/2024\/03\/Pergola-de-nuit.jpg 2049w\" sizes=\"(max-width: 1024px) 100vw, (max-width: 640px) 100vw, 600px\" \/><\/a><\/span><\/div><div class=\"fusion-text fusion-text-447 tags\" style=\"transform:translate3d(0,0,0);\"><p>Pergola<\/p>\n<\/div><div class=\"fusion-text fusion-text-448 description\" style=\"transform:translate3d(0,0,0);\"><p>Louvered pergola at night<\/p>\n<\/div><\/div><\/div><style type=\"text\/css\">.fusion-body .fusion-builder-column-224{width:25% !important;margin-top : 0px;margin-bottom : 20px;}.fusion-builder-column-224 > .fusion-column-wrapper {padding-top : 0px !important;padding-right : 0px !important;margin-right : 7.68%;padding-bottom : 0px !important;padding-left : 0px !important;margin-left : 7.68%;}@media only screen and (max-width:1024px) {.fusion-body .fusion-builder-column-224{width:100% !important;order : 0;}.fusion-builder-column-224 > .fusion-column-wrapper {margin-right : 1.92%;margin-left : 1.92%;}}@media only screen and (max-width:640px) {.fusion-body .fusion-builder-column-224{width:100% !important;order : 0;}.fusion-builder-column-224 > .fusion-column-wrapper {margin-right : 1.92%;margin-left : 1.92%;}}<\/style><div class=\"fusion-layout-column fusion_builder_column fusion-builder-column-225 fusion_builder_column_1_4 1_4 fusion-flex-column img-to-filter\"><div class=\"fusion-column-wrapper fusion-flex-justify-content-flex-start fusion-content-layout-column\" style=\"background-position:left top;background-repeat:no-repeat;-webkit-background-size:cover;-moz-background-size:cover;-o-background-size:cover;background-size:cover;padding: 0px 0px 0px 0px;\"><div ><span class=\"fusion-imageframe imageframe-none imageframe-225 hover-type-none\"><a href=\"https:\/\/www.deco-charpente.fr\/wp-content\/uploads\/2025\/12\/5Decembre-DC.jpg\" class=\"fusion-lightbox\" data-rel=\"iLightbox[gallery-image]\" data-title=\"Appentis-sur-terrasse\" title=\"Lean-to-terrace\"><img decoding=\"async\" width=\"1550\" height=\"1162\" src=\"https:\/\/www.deco-charpente.fr\/wp-content\/uploads\/2025\/12\/5Decembre-DC.jpg\" class=\"img-responsive wp-image-12285\" srcset=\"https:\/\/www.deco-charpente.fr\/wp-content\/uploads\/2025\/12\/5Decembre-DC-200x150.jpg 200w, https:\/\/www.deco-charpente.fr\/wp-content\/uploads\/2025\/12\/5Decembre-DC-400x300.jpg 400w, https:\/\/www.deco-charpente.fr\/wp-content\/uploads\/2025\/12\/5Decembre-DC-600x450.jpg 600w, https:\/\/www.deco-charpente.fr\/wp-content\/uploads\/2025\/12\/5Decembre-DC-800x600.jpg 800w, https:\/\/www.deco-charpente.fr\/wp-content\/uploads\/2025\/12\/5Decembre-DC-1200x900.jpg 1200w, https:\/\/www.deco-charpente.fr\/wp-content\/uploads\/2025\/12\/5Decembre-DC.jpg 1550w\" sizes=\"(max-width: 1024px) 100vw, (max-width: 640px) 100vw, 600px\" \/><\/a><\/span><\/div><div class=\"fusion-text fusion-text-449 tags\" style=\"transform:translate3d(0,0,0);\"><p>Lean-to &amp; Awning<\/p>\n<\/div><div class=\"fusion-text fusion-text-450 description\" style=\"transform:translate3d(0,0,0);\"><p>Lean-to on terrace<\/p>\n<\/div><\/div><\/div><style type=\"text\/css\">.fusion-body .fusion-builder-column-225{width:25% !important;margin-top : 0px;margin-bottom : 20px;}.fusion-builder-column-225 > .fusion-column-wrapper {padding-top : 0px !important;padding-right : 0px !important;margin-right : 7.68%;padding-bottom : 0px !important;padding-left : 0px !important;margin-left : 7.68%;}@media only screen and (max-width:1024px) {.fusion-body .fusion-builder-column-225{width:100% !important;order : 0;}.fusion-builder-column-225 > .fusion-column-wrapper {margin-right : 1.92%;margin-left : 1.92%;}}@media only screen and (max-width:640px) {.fusion-body .fusion-builder-column-225{width:100% !important;order : 0;}.fusion-builder-column-225 > .fusion-column-wrapper {margin-right : 1.92%;margin-left : 1.92%;}}<\/style><div class=\"fusion-layout-column fusion_builder_column fusion-builder-column-226 fusion_builder_column_1_4 1_4 fusion-flex-column img-to-filter\"><div class=\"fusion-column-wrapper fusion-flex-justify-content-flex-start fusion-content-layout-column\" style=\"background-position:left top;background-repeat:no-repeat;-webkit-background-size:cover;-moz-background-size:cover;-o-background-size:cover;background-size:cover;padding: 0px 0px 0px 0px;\"><div ><span class=\"fusion-imageframe imageframe-none imageframe-226 hover-type-none\"><a href=\"https:\/\/www.deco-charpente.fr\/wp-content\/uploads\/2025\/12\/calde1.jpg\" class=\"fusion-lightbox\" data-rel=\"iLightbox[gallery-image]\" data-title=\"Appentis sur terrasse-volige\" title=\"Appentis sur terrasse-volige\"><img decoding=\"async\" width=\"1152\" height=\"1537\" src=\"https:\/\/www.deco-charpente.fr\/wp-content\/uploads\/2025\/12\/calde1.jpg\" class=\"img-responsive wp-image-12282\" srcset=\"https:\/\/www.deco-charpente.fr\/wp-content\/uploads\/2025\/12\/calde1-200x267.jpg 200w, https:\/\/www.deco-charpente.fr\/wp-content\/uploads\/2025\/12\/calde1-400x534.jpg 400w, https:\/\/www.deco-charpente.fr\/wp-content\/uploads\/2025\/12\/calde1-600x801.jpg 600w, https:\/\/www.deco-charpente.fr\/wp-content\/uploads\/2025\/12\/calde1-800x1067.jpg 800w, https:\/\/www.deco-charpente.fr\/wp-content\/uploads\/2025\/12\/calde1.jpg 1152w\" sizes=\"(max-width: 1024px) 100vw, (max-width: 640px) 100vw, 600px\" \/><\/a><\/span><\/div><div class=\"fusion-text fusion-text-451 tags\" style=\"transform:translate3d(0,0,0);\"><p>Lean-to &amp; Awning<\/p>\n<\/div><div class=\"fusion-text fusion-text-452 description\" style=\"transform:translate3d(0,0,0);\"><p>Appentis avec sous-toiture volige<\/p>\n<\/div><\/div><\/div><style type=\"text\/css\">.fusion-body .fusion-builder-column-226{width:25% !important;margin-top : 0px;margin-bottom : 20px;}.fusion-builder-column-226 > .fusion-column-wrapper {padding-top : 0px !important;padding-right : 0px !important;margin-right : 7.68%;padding-bottom : 0px !important;padding-left : 0px !important;margin-left : 7.68%;}@media only screen and (max-width:1024px) {.fusion-body .fusion-builder-column-226{width:100% !important;order : 0;}.fusion-builder-column-226 > .fusion-column-wrapper {margin-right : 1.92%;margin-left : 1.92%;}}@media only screen and (max-width:640px) {.fusion-body .fusion-builder-column-226{width:100% !important;order : 0;}.fusion-builder-column-226 > .fusion-column-wrapper {margin-right : 1.92%;margin-left : 1.92%;}}<\/style><div class=\"fusion-layout-column fusion_builder_column fusion-builder-column-227 fusion_builder_column_1_4 1_4 fusion-flex-column img-to-filter\"><div class=\"fusion-column-wrapper fusion-flex-justify-content-flex-start fusion-content-layout-column\" style=\"background-position:left top;background-repeat:no-repeat;-webkit-background-size:cover;-moz-background-size:cover;-o-background-size:cover;background-size:cover;padding: 0px 0px 0px 0px;\"><div ><span class=\"fusion-imageframe imageframe-none imageframe-227 hover-type-none\"><a href=\"https:\/\/www.deco-charpente.fr\/wp-content\/uploads\/2024\/08\/B5D2C9AE-1488-46F7-A354-38FA414E0341-compressed-1.jpg\" class=\"fusion-lightbox\" data-rel=\"iLightbox[gallery-image]\" data-title=\"Abri bois adoss\u00e9\" title=\"Lean-to wooden shelter\"><img decoding=\"async\" width=\"2048\" height=\"1536\" src=\"https:\/\/www.deco-charpente.fr\/wp-content\/uploads\/2024\/08\/B5D2C9AE-1488-46F7-A354-38FA414E0341-compressed-1.jpg\" class=\"img-responsive wp-image-11219\" srcset=\"https:\/\/www.deco-charpente.fr\/wp-content\/uploads\/2024\/08\/B5D2C9AE-1488-46F7-A354-38FA414E0341-compressed-1-200x150.jpg 200w, https:\/\/www.deco-charpente.fr\/wp-content\/uploads\/2024\/08\/B5D2C9AE-1488-46F7-A354-38FA414E0341-compressed-1-400x300.jpg 400w, https:\/\/www.deco-charpente.fr\/wp-content\/uploads\/2024\/08\/B5D2C9AE-1488-46F7-A354-38FA414E0341-compressed-1-600x450.jpg 600w, https:\/\/www.deco-charpente.fr\/wp-content\/uploads\/2024\/08\/B5D2C9AE-1488-46F7-A354-38FA414E0341-compressed-1-800x600.jpg 800w, https:\/\/www.deco-charpente.fr\/wp-content\/uploads\/2024\/08\/B5D2C9AE-1488-46F7-A354-38FA414E0341-compressed-1-1200x900.jpg 1200w, https:\/\/www.deco-charpente.fr\/wp-content\/uploads\/2024\/08\/B5D2C9AE-1488-46F7-A354-38FA414E0341-compressed-1.jpg 2048w\" sizes=\"(max-width: 1024px) 100vw, (max-width: 640px) 100vw, 600px\" \/><\/a><\/span><\/div><div class=\"fusion-text fusion-text-453 tags\" style=\"transform:translate3d(0,0,0);\"><p>Lean-to &amp; Awning<\/p>\n<\/div><div class=\"fusion-text fusion-text-454 description\" style=\"transform:translate3d(0,0,0);\"><p>Lean-to with roof window<\/p>\n<\/div><\/div><\/div><style type=\"text\/css\">.fusion-body .fusion-builder-column-227{width:25% !important;margin-top : 0px;margin-bottom : 20px;}.fusion-builder-column-227 > .fusion-column-wrapper {padding-top : 0px !important;padding-right : 0px !important;margin-right : 7.68%;padding-bottom : 0px !important;padding-left : 0px !important;margin-left : 7.68%;}@media only screen and (max-width:1024px) {.fusion-body .fusion-builder-column-227{width:100% !important;order : 0;}.fusion-builder-column-227 > .fusion-column-wrapper {margin-right : 1.92%;margin-left : 1.92%;}}@media only screen and (max-width:640px) {.fusion-body .fusion-builder-column-227{width:100% !important;order : 0;}.fusion-builder-column-227 > .fusion-column-wrapper {margin-right : 1.92%;margin-left : 1.92%;}}<\/style><div class=\"fusion-layout-column fusion_builder_column fusion-builder-column-228 fusion_builder_column_1_4 1_4 fusion-flex-column img-to-filter\"><div class=\"fusion-column-wrapper fusion-flex-justify-content-flex-start fusion-content-layout-column\" style=\"background-position:left top;background-repeat:no-repeat;-webkit-background-size:cover;-moz-background-size:cover;-o-background-size:cover;background-size:cover;padding: 0px 0px 0px 0px;\"><div ><span class=\"fusion-imageframe imageframe-none imageframe-228 hover-type-none\"><a href=\"https:\/\/www.deco-charpente.fr\/wp-content\/uploads\/2022\/11\/Pergola-persiennes-2-300x213.jpg\" class=\"fusion-lightbox\" data-rel=\"iLightbox[gallery-image]\" data-title=\"Pergola \u00e0 persiennes\" title=\"Louvered pergola\"><img decoding=\"async\" width=\"300\" height=\"213\" src=\"https:\/\/www.deco-charpente.fr\/wp-content\/uploads\/2022\/11\/Pergola-persiennes-2-300x213.jpg\" class=\"img-responsive wp-image-7743\" srcset=\"https:\/\/www.deco-charpente.fr\/wp-content\/uploads\/2022\/11\/Pergola-persiennes-2-200x142.jpg 200w, https:\/\/www.deco-charpente.fr\/wp-content\/uploads\/2022\/11\/Pergola-persiennes-2-400x285.jpg 400w, https:\/\/www.deco-charpente.fr\/wp-content\/uploads\/2022\/11\/Pergola-persiennes-2-600x427.jpg 600w, https:\/\/www.deco-charpente.fr\/wp-content\/uploads\/2022\/11\/Pergola-persiennes-2-800x569.jpg 800w, https:\/\/www.deco-charpente.fr\/wp-content\/uploads\/2022\/11\/Pergola-persiennes-2-1200x854.jpg 1200w, https:\/\/www.deco-charpente.fr\/wp-content\/uploads\/2022\/11\/Pergola-persiennes-2.jpg 2190w\" sizes=\"(max-width: 1024px) 100vw, (max-width: 640px) 100vw, 600px\" \/><\/a><\/span><\/div><div class=\"fusion-text fusion-text-455 tags\" style=\"transform:translate3d(0,0,0);\"><p>Pergola<\/p>\n<\/div><div class=\"fusion-text fusion-text-456 description\" style=\"transform:translate3d(0,0,0);\"><p>Louvered pergola<\/p>\n<\/div><\/div><\/div><style type=\"text\/css\">.fusion-body .fusion-builder-column-228{width:25% !important;margin-top : 0px;margin-bottom : 20px;}.fusion-builder-column-228 > .fusion-column-wrapper {padding-top : 0px !important;padding-right : 0px !important;margin-right : 7.68%;padding-bottom : 0px !important;padding-left : 0px !important;margin-left : 7.68%;}@media only screen and (max-width:1024px) {.fusion-body .fusion-builder-column-228{width:100% !important;order : 0;}.fusion-builder-column-228 > .fusion-column-wrapper {margin-right : 1.92%;margin-left : 1.92%;}}@media only screen and (max-width:640px) {.fusion-body .fusion-builder-column-228{width:100% !important;order : 0;}.fusion-builder-column-228 > .fusion-column-wrapper {margin-right : 1.92%;margin-left : 1.92%;}}<\/style><div class=\"fusion-layout-column fusion_builder_column fusion-builder-column-229 fusion_builder_column_1_4 1_4 fusion-flex-column img-to-filter\"><div class=\"fusion-column-wrapper fusion-flex-justify-content-flex-start fusion-content-layout-column\" style=\"background-position:left top;background-repeat:no-repeat;-webkit-background-size:cover;-moz-background-size:cover;-o-background-size:cover;background-size:cover;padding: 0px 0px 0px 0px;\"><div ><span class=\"fusion-imageframe imageframe-none imageframe-229 hover-type-none\"><a href=\"https:\/\/www.deco-charpente.fr\/wp-content\/uploads\/2022\/11\/Pergola-persiennes-3-225x300.jpg\" class=\"fusion-lightbox\" data-rel=\"iLightbox[gallery-image]\" data-title=\"Pergola \u00e0 persiennes\" title=\"Louvered pergola\"><img decoding=\"async\" width=\"225\" height=\"300\" src=\"https:\/\/www.deco-charpente.fr\/wp-content\/uploads\/2022\/11\/Pergola-persiennes-3-225x300.jpg\" class=\"img-responsive wp-image-7742\" srcset=\"https:\/\/www.deco-charpente.fr\/wp-content\/uploads\/2022\/11\/Pergola-persiennes-3-200x267.jpg 200w, https:\/\/www.deco-charpente.fr\/wp-content\/uploads\/2022\/11\/Pergola-persiennes-3-400x533.jpg 400w, https:\/\/www.deco-charpente.fr\/wp-content\/uploads\/2022\/11\/Pergola-persiennes-3-600x800.jpg 600w, https:\/\/www.deco-charpente.fr\/wp-content\/uploads\/2022\/11\/Pergola-persiennes-3-800x1067.jpg 800w, https:\/\/www.deco-charpente.fr\/wp-content\/uploads\/2022\/11\/Pergola-persiennes-3-1200x1600.jpg 1200w, https:\/\/www.deco-charpente.fr\/wp-content\/uploads\/2022\/11\/Pergola-persiennes-3.jpg 1755w\" sizes=\"(max-width: 1024px) 100vw, (max-width: 640px) 100vw, 600px\" \/><\/a><\/span><\/div><div class=\"fusion-text fusion-text-457 tags\" style=\"transform:translate3d(0,0,0);\"><p>Pergola<\/p>\n<\/div><div class=\"fusion-text fusion-text-458 description\" style=\"transform:translate3d(0,0,0);\"><p>Louvered pergola<\/p>\n<\/div><\/div><\/div><style type=\"text\/css\">.fusion-body .fusion-builder-column-229{width:25% !important;margin-top : 0px;margin-bottom : 20px;}.fusion-builder-column-229 > .fusion-column-wrapper {padding-top : 0px !important;padding-right : 0px !important;margin-right : 7.68%;padding-bottom : 0px !important;padding-left : 0px !important;margin-left : 7.68%;}@media only screen and (max-width:1024px) {.fusion-body .fusion-builder-column-229{width:100% !important;order : 0;}.fusion-builder-column-229 > .fusion-column-wrapper {margin-right : 1.92%;margin-left : 1.92%;}}@media only screen and (max-width:640px) {.fusion-body .fusion-builder-column-229{width:100% !important;order : 0;}.fusion-builder-column-229 > .fusion-column-wrapper {margin-right : 1.92%;margin-left : 1.92%;}}<\/style><div class=\"fusion-layout-column fusion_builder_column fusion-builder-column-230 fusion_builder_column_1_4 1_4 fusion-flex-column img-to-filter\"><div class=\"fusion-column-wrapper fusion-flex-justify-content-flex-start fusion-content-layout-column\" style=\"background-position:left top;background-repeat:no-repeat;-webkit-background-size:cover;-moz-background-size:cover;-o-background-size:cover;background-size:cover;padding: 0px 0px 0px 0px;\"><div ><span class=\"fusion-imageframe imageframe-none imageframe-230 hover-type-none\"><a href=\"https:\/\/www.deco-charpente.fr\/wp-content\/uploads\/2022\/07\/Pergola-a-persienne-2-compressed.jpg\" class=\"fusion-lightbox\" data-rel=\"iLightbox[gallery-image]\" data-title=\"Pergola \u00e0 persienne\" title=\"Louvered pergola\"><img decoding=\"async\" width=\"1420\" height=\"1894\" src=\"https:\/\/www.deco-charpente.fr\/wp-content\/uploads\/2022\/07\/Pergola-a-persienne-2-compressed.jpg\" class=\"img-responsive wp-image-7449\" srcset=\"https:\/\/www.deco-charpente.fr\/wp-content\/uploads\/2022\/07\/Pergola-a-persienne-2-compressed-200x267.jpg 200w, https:\/\/www.deco-charpente.fr\/wp-content\/uploads\/2022\/07\/Pergola-a-persienne-2-compressed-400x534.jpg 400w, https:\/\/www.deco-charpente.fr\/wp-content\/uploads\/2022\/07\/Pergola-a-persienne-2-compressed-600x800.jpg 600w, https:\/\/www.deco-charpente.fr\/wp-content\/uploads\/2022\/07\/Pergola-a-persienne-2-compressed-800x1067.jpg 800w, https:\/\/www.deco-charpente.fr\/wp-content\/uploads\/2022\/07\/Pergola-a-persienne-2-compressed-1200x1601.jpg 1200w, https:\/\/www.deco-charpente.fr\/wp-content\/uploads\/2022\/07\/Pergola-a-persienne-2-compressed.jpg 1420w\" sizes=\"(max-width: 1024px) 100vw, (max-width: 640px) 100vw, 600px\" \/><\/a><\/span><\/div><div class=\"fusion-text fusion-text-459 tags\" style=\"transform:translate3d(0,0,0);\"><p>Pergola<\/p>\n<\/div><div class=\"fusion-text fusion-text-460 description\" style=\"transform:translate3d(0,0,0);\"><p>Louvered pergola<\/p>\n<\/div><\/div><\/div><style type=\"text\/css\">.fusion-body .fusion-builder-column-230{width:25% !important;margin-top : 0px;margin-bottom : 20px;}.fusion-builder-column-230 > .fusion-column-wrapper {padding-top : 0px !important;padding-right : 0px !important;margin-right : 7.68%;padding-bottom : 0px !important;padding-left : 0px !important;margin-left : 7.68%;}@media only screen and (max-width:1024px) {.fusion-body .fusion-builder-column-230{width:100% !important;order : 0;}.fusion-builder-column-230 > .fusion-column-wrapper {margin-right : 1.92%;margin-left : 1.92%;}}@media only screen and (max-width:640px) {.fusion-body .fusion-builder-column-230{width:100% !important;order : 0;}.fusion-builder-column-230 > .fusion-column-wrapper {margin-right : 1.92%;margin-left : 1.92%;}}<\/style><div class=\"fusion-layout-column fusion_builder_column fusion-builder-column-231 fusion_builder_column_1_4 1_4 fusion-flex-column img-to-filter\"><div class=\"fusion-column-wrapper fusion-flex-justify-content-flex-start fusion-content-layout-column\" style=\"background-position:left top;background-repeat:no-repeat;-webkit-background-size:cover;-moz-background-size:cover;-o-background-size:cover;background-size:cover;padding: 0px 0px 0px 0px;\"><div ><span class=\"fusion-imageframe imageframe-none imageframe-231 hover-type-none\"><a href=\"https:\/\/www.deco-charpente.fr\/wp-content\/uploads\/2023\/08\/20230215_175653.jpg\" class=\"fusion-lightbox\" data-rel=\"iLightbox[gallery-image]\" data-title=\"Pergola\" title=\"Pergola\"><img decoding=\"async\" width=\"2048\" height=\"1153\" alt=\"Pergola\" src=\"https:\/\/www.deco-charpente.fr\/wp-content\/uploads\/2023\/08\/20230215_175653.jpg\" class=\"img-responsive wp-image-8901\" srcset=\"https:\/\/www.deco-charpente.fr\/wp-content\/uploads\/2023\/08\/20230215_175653-200x113.webp 200w, https:\/\/www.deco-charpente.fr\/wp-content\/uploads\/2023\/08\/20230215_175653-300x169.webp 300w, https:\/\/www.deco-charpente.fr\/wp-content\/uploads\/2023\/08\/20230215_175653-400x225.webp 400w, https:\/\/www.deco-charpente.fr\/wp-content\/uploads\/2023\/08\/20230215_175653-600x338.webp 600w, https:\/\/www.deco-charpente.fr\/wp-content\/uploads\/2023\/08\/20230215_175653-768x432.webp 768w, https:\/\/www.deco-charpente.fr\/wp-content\/uploads\/2023\/08\/20230215_175653-800x451.webp 800w, https:\/\/www.deco-charpente.fr\/wp-content\/uploads\/2023\/08\/20230215_175653-1024x577.webp 1024w, https:\/\/www.deco-charpente.fr\/wp-content\/uploads\/2023\/08\/20230215_175653-1200x676.webp 1200w, https:\/\/www.deco-charpente.fr\/wp-content\/uploads\/2023\/08\/20230215_175653-1536x865.webp 1536w, https:\/\/www.deco-charpente.fr\/wp-content\/uploads\/2023\/08\/20230215_175653.jpg 2048w\" sizes=\"(max-width: 1024px) 100vw, (max-width: 640px) 100vw, 600px\" \/><\/a><\/span><\/div><div class=\"fusion-text fusion-text-461 tags\" style=\"transform:translate3d(0,0,0);\"><p>Pergola<\/p>\n<\/div><div class=\"fusion-text fusion-text-462 description\" style=\"transform:translate3d(0,0,0);\"><p>Self-supporting louvered pergola<\/p>\n<\/div><\/div><\/div><style type=\"text\/css\">.fusion-body .fusion-builder-column-231{width:25% !important;margin-top : 0px;margin-bottom : 20px;}.fusion-builder-column-231 > .fusion-column-wrapper {padding-top : 0px !important;padding-right : 0px !important;margin-right : 7.68%;padding-bottom : 0px !important;padding-left : 0px !important;margin-left : 7.68%;}@media only screen and (max-width:1024px) {.fusion-body .fusion-builder-column-231{width:100% !important;order : 0;}.fusion-builder-column-231 > .fusion-column-wrapper {margin-right : 1.92%;margin-left : 1.92%;}}@media only screen and (max-width:640px) {.fusion-body .fusion-builder-column-231{width:100% !important;order : 0;}.fusion-builder-column-231 > .fusion-column-wrapper {margin-right : 1.92%;margin-left : 1.92%;}}<\/style><div class=\"fusion-layout-column fusion_builder_column fusion-builder-column-232 fusion_builder_column_1_4 1_4 fusion-flex-column img-to-filter\"><div class=\"fusion-column-wrapper fusion-flex-justify-content-flex-start fusion-content-layout-column\" style=\"background-position:left top;background-repeat:no-repeat;-webkit-background-size:cover;-moz-background-size:cover;-o-background-size:cover;background-size:cover;padding: 0px 0px 0px 0px;\"><div ><span class=\"fusion-imageframe imageframe-none imageframe-232 hover-type-none\"><a href=\"https:\/\/www.deco-charpente.fr\/wp-content\/uploads\/2022\/07\/20220704_134232-compressed.jpg\" class=\"fusion-lightbox\" data-rel=\"iLightbox[gallery-image]\" data-title=\"Pergola \u00e0 persienne autoport\u00e9e\" title=\"Self-supporting louvered pergola\"><img decoding=\"async\" width=\"1225\" height=\"1633\" src=\"https:\/\/www.deco-charpente.fr\/wp-content\/uploads\/2022\/07\/20220704_134232-compressed.jpg\" class=\"img-responsive wp-image-7448\" srcset=\"https:\/\/www.deco-charpente.fr\/wp-content\/uploads\/2022\/07\/20220704_134232-compressed-200x267.jpg 200w, https:\/\/www.deco-charpente.fr\/wp-content\/uploads\/2022\/07\/20220704_134232-compressed-400x533.jpg 400w, https:\/\/www.deco-charpente.fr\/wp-content\/uploads\/2022\/07\/20220704_134232-compressed-600x800.jpg 600w, https:\/\/www.deco-charpente.fr\/wp-content\/uploads\/2022\/07\/20220704_134232-compressed-800x1066.jpg 800w, https:\/\/www.deco-charpente.fr\/wp-content\/uploads\/2022\/07\/20220704_134232-compressed-1200x1600.jpg 1200w, https:\/\/www.deco-charpente.fr\/wp-content\/uploads\/2022\/07\/20220704_134232-compressed.jpg 1225w\" sizes=\"(max-width: 1024px) 100vw, (max-width: 640px) 100vw, 600px\" \/><\/a><\/span><\/div><div class=\"fusion-text fusion-text-463 tags\" style=\"transform:translate3d(0,0,0);\"><p>Pergola<\/p>\n<\/div><div class=\"fusion-text fusion-text-464 description\" style=\"transform:translate3d(0,0,0);\"><p>Self-supporting louvered pergola<\/p>\n<\/div><\/div><\/div><style type=\"text\/css\">.fusion-body .fusion-builder-column-232{width:25% !important;margin-top : 0px;margin-bottom : 20px;}.fusion-builder-column-232 > .fusion-column-wrapper {padding-top : 0px !important;padding-right : 0px !important;margin-right : 7.68%;padding-bottom : 0px !important;padding-left : 0px !important;margin-left : 7.68%;}@media only screen and (max-width:1024px) {.fusion-body .fusion-builder-column-232{width:100% !important;order : 0;}.fusion-builder-column-232 > .fusion-column-wrapper {margin-right : 1.92%;margin-left : 1.92%;}}@media only screen and (max-width:640px) {.fusion-body .fusion-builder-column-232{width:100% !important;order : 0;}.fusion-builder-column-232 > .fusion-column-wrapper {margin-right : 1.92%;margin-left : 1.92%;}}<\/style><div class=\"fusion-layout-column fusion_builder_column fusion-builder-column-233 fusion_builder_column_1_4 1_4 fusion-flex-column img-to-filter\"><div class=\"fusion-column-wrapper fusion-flex-justify-content-flex-start fusion-content-layout-column\" style=\"background-position:left top;background-repeat:no-repeat;-webkit-background-size:cover;-moz-background-size:cover;-o-background-size:cover;background-size:cover;padding: 0px 0px 0px 0px;\"><div ><span class=\"fusion-imageframe imageframe-none imageframe-233 hover-type-none\"><a href=\"https:\/\/www.deco-charpente.fr\/wp-content\/uploads\/2022\/02\/Pergola-sur-terrasse-dimmeuble.jpg\" class=\"fusion-lightbox\" data-rel=\"iLightbox[gallery-image]\" data-title=\"Pergola sur terrasse d&rsquo;immeuble\" title=\"Pergola on building terrace\"><img decoding=\"async\" width=\"941\" height=\"706\" src=\"https:\/\/www.deco-charpente.fr\/wp-content\/uploads\/2022\/02\/Pergola-sur-terrasse-dimmeuble.jpg\" class=\"img-responsive wp-image-5396\" srcset=\"https:\/\/www.deco-charpente.fr\/wp-content\/uploads\/2022\/02\/Pergola-sur-terrasse-dimmeuble-200x150.jpg 200w, https:\/\/www.deco-charpente.fr\/wp-content\/uploads\/2022\/02\/Pergola-sur-terrasse-dimmeuble-400x300.jpg 400w, https:\/\/www.deco-charpente.fr\/wp-content\/uploads\/2022\/02\/Pergola-sur-terrasse-dimmeuble-600x450.jpg 600w, https:\/\/www.deco-charpente.fr\/wp-content\/uploads\/2022\/02\/Pergola-sur-terrasse-dimmeuble-800x600.jpg 800w, https:\/\/www.deco-charpente.fr\/wp-content\/uploads\/2022\/02\/Pergola-sur-terrasse-dimmeuble.jpg 941w\" sizes=\"(max-width: 1024px) 100vw, (max-width: 640px) 100vw, 600px\" \/><\/a><\/span><\/div><div class=\"fusion-text fusion-text-465 tags\" style=\"transform:translate3d(0,0,0);\"><p>Pergola<\/p>\n<\/div><div class=\"fusion-text fusion-text-466 description\" style=\"transform:translate3d(0,0,0);\"><p>Wooden pergola on terrace<\/p>\n<\/div><\/div><\/div><style type=\"text\/css\">.fusion-body .fusion-builder-column-233{width:25% !important;margin-top : 0px;margin-bottom : 20px;}.fusion-builder-column-233 > .fusion-column-wrapper {padding-top : 0px !important;padding-right : 0px !important;margin-right : 7.68%;padding-bottom : 0px !important;padding-left : 0px !important;margin-left : 7.68%;}@media only screen and (max-width:1024px) {.fusion-body .fusion-builder-column-233{width:100% !important;order : 0;}.fusion-builder-column-233 > .fusion-column-wrapper {margin-right : 1.92%;margin-left : 1.92%;}}@media only screen and (max-width:640px) {.fusion-body .fusion-builder-column-233{width:100% !important;order : 0;}.fusion-builder-column-233 > .fusion-column-wrapper {margin-right : 1.92%;margin-left : 1.92%;}}<\/style><div class=\"fusion-layout-column fusion_builder_column fusion-builder-column-234 fusion_builder_column_1_4 1_4 fusion-flex-column img-to-filter\"><div class=\"fusion-column-wrapper fusion-flex-justify-content-flex-start fusion-content-layout-column\" style=\"background-position:left top;background-repeat:no-repeat;-webkit-background-size:cover;-moz-background-size:cover;-o-background-size:cover;background-size:cover;padding: 0px 0px 0px 0px;\"><div ><span class=\"fusion-imageframe imageframe-none imageframe-234 hover-type-none\"><a href=\"https:\/\/www.deco-charpente.fr\/wp-content\/uploads\/2024\/08\/374314CE-629A-48D3-BB9D-F6EF4A8481C9.jpg\" class=\"fusion-lightbox\" data-rel=\"iLightbox[gallery-image]\" data-title=\"Pergola adoss\u00e9e\" title=\"Leaning pergola\"><img decoding=\"async\" width=\"1600\" height=\"1200\" src=\"https:\/\/www.deco-charpente.fr\/wp-content\/uploads\/2024\/08\/374314CE-629A-48D3-BB9D-F6EF4A8481C9.jpg\" class=\"img-responsive wp-image-11201\" srcset=\"https:\/\/www.deco-charpente.fr\/wp-content\/uploads\/2024\/08\/374314CE-629A-48D3-BB9D-F6EF4A8481C9-200x150.jpg 200w, https:\/\/www.deco-charpente.fr\/wp-content\/uploads\/2024\/08\/374314CE-629A-48D3-BB9D-F6EF4A8481C9-400x300.jpg 400w, https:\/\/www.deco-charpente.fr\/wp-content\/uploads\/2024\/08\/374314CE-629A-48D3-BB9D-F6EF4A8481C9-600x450.jpg 600w, https:\/\/www.deco-charpente.fr\/wp-content\/uploads\/2024\/08\/374314CE-629A-48D3-BB9D-F6EF4A8481C9-800x600.jpg 800w, https:\/\/www.deco-charpente.fr\/wp-content\/uploads\/2024\/08\/374314CE-629A-48D3-BB9D-F6EF4A8481C9-1200x900.jpg 1200w, https:\/\/www.deco-charpente.fr\/wp-content\/uploads\/2024\/08\/374314CE-629A-48D3-BB9D-F6EF4A8481C9.jpg 1600w\" sizes=\"(max-width: 1024px) 100vw, (max-width: 640px) 100vw, 600px\" \/><\/a><\/span><\/div><div class=\"fusion-text fusion-text-467 tags\" style=\"transform:translate3d(0,0,0);\"><p>Pergola<\/p>\n<\/div><div class=\"fusion-text fusion-text-468 description\" style=\"transform:translate3d(0,0,0);\"><p>Leaning pergola<\/p>\n<\/div><\/div><\/div><style type=\"text\/css\">.fusion-body .fusion-builder-column-234{width:25% !important;margin-top : 0px;margin-bottom : 20px;}.fusion-builder-column-234 > .fusion-column-wrapper {padding-top : 0px !important;padding-right : 0px !important;margin-right : 7.68%;padding-bottom : 0px !important;padding-left : 0px !important;margin-left : 7.68%;}@media only screen and (max-width:1024px) {.fusion-body .fusion-builder-column-234{width:100% !important;order : 0;}.fusion-builder-column-234 > .fusion-column-wrapper {margin-right : 1.92%;margin-left : 1.92%;}}@media only screen and (max-width:640px) {.fusion-body .fusion-builder-column-234{width:100% !important;order : 0;}.fusion-builder-column-234 > .fusion-column-wrapper {margin-right : 1.92%;margin-left : 1.92%;}}<\/style><div class=\"fusion-layout-column fusion_builder_column fusion-builder-column-235 fusion_builder_column_1_4 1_4 fusion-flex-column img-to-filter\"><div class=\"fusion-column-wrapper fusion-flex-justify-content-flex-start fusion-content-layout-column\" style=\"background-position:left top;background-repeat:no-repeat;-webkit-background-size:cover;-moz-background-size:cover;-o-background-size:cover;background-size:cover;padding: 0px 0px 0px 0px;\"><div ><span class=\"fusion-imageframe imageframe-none imageframe-235 hover-type-none\"><a href=\"https:\/\/www.deco-charpente.fr\/wp-content\/uploads\/2024\/03\/Pergola-bois-adosse.jpg\" class=\"fusion-lightbox\" data-rel=\"iLightbox[gallery-image]\" data-title=\"Pergola bois adosse\u0301\" title=\"Leaning wooden pergola\"><img decoding=\"async\" width=\"1600\" height=\"1200\" src=\"https:\/\/www.deco-charpente.fr\/wp-content\/uploads\/2024\/03\/Pergola-bois-adosse.jpg\" class=\"img-responsive wp-image-10041\" srcset=\"https:\/\/www.deco-charpente.fr\/wp-content\/uploads\/2024\/03\/Pergola-bois-adosse-200x150.jpg 200w, https:\/\/www.deco-charpente.fr\/wp-content\/uploads\/2024\/03\/Pergola-bois-adosse-400x300.jpg 400w, https:\/\/www.deco-charpente.fr\/wp-content\/uploads\/2024\/03\/Pergola-bois-adosse-600x450.jpg 600w, https:\/\/www.deco-charpente.fr\/wp-content\/uploads\/2024\/03\/Pergola-bois-adosse-800x600.jpg 800w, https:\/\/www.deco-charpente.fr\/wp-content\/uploads\/2024\/03\/Pergola-bois-adosse-1200x900.jpg 1200w, https:\/\/www.deco-charpente.fr\/wp-content\/uploads\/2024\/03\/Pergola-bois-adosse.jpg 1600w\" sizes=\"(max-width: 1024px) 100vw, (max-width: 640px) 100vw, 600px\" \/><\/a><\/span><\/div><div class=\"fusion-text fusion-text-469 tags\" style=\"transform:translate3d(0,0,0);\"><p>Pergola<\/p>\n<\/div><div class=\"fusion-text fusion-text-470 description\" style=\"transform:translate3d(0,0,0);\"><p>Wooden pergola on terrace<\/p>\n<\/div><\/div><\/div><style type=\"text\/css\">.fusion-body .fusion-builder-column-235{width:25% !important;margin-top : 0px;margin-bottom : 20px;}.fusion-builder-column-235 > .fusion-column-wrapper {padding-top : 0px !important;padding-right : 0px !important;margin-right : 7.68%;padding-bottom : 0px !important;padding-left : 0px !important;margin-left : 7.68%;}@media only screen and (max-width:1024px) {.fusion-body .fusion-builder-column-235{width:100% !important;order : 0;}.fusion-builder-column-235 > .fusion-column-wrapper {margin-right : 1.92%;margin-left : 1.92%;}}@media only screen and (max-width:640px) {.fusion-body .fusion-builder-column-235{width:100% !important;order : 0;}.fusion-builder-column-235 > .fusion-column-wrapper {margin-right : 1.92%;margin-left : 1.92%;}}<\/style><div class=\"fusion-layout-column fusion_builder_column fusion-builder-column-236 fusion_builder_column_1_4 1_4 fusion-flex-column img-to-filter\"><div class=\"fusion-column-wrapper fusion-flex-justify-content-flex-start fusion-content-layout-column\" style=\"background-position:left top;background-repeat:no-repeat;-webkit-background-size:cover;-moz-background-size:cover;-o-background-size:cover;background-size:cover;padding: 0px 0px 0px 0px;\"><div ><span class=\"fusion-imageframe imageframe-none imageframe-236 hover-type-none\"><a href=\"https:\/\/www.deco-charpente.fr\/wp-content\/uploads\/2023\/03\/Pergola-sur-terrasse.jpg\" class=\"fusion-lightbox\" data-rel=\"iLightbox[gallery-image]\" data-title=\"Pergola sur terrasse\" title=\"Pergola on terrace\"><img decoding=\"async\" width=\"1814\" height=\"1358\" src=\"https:\/\/www.deco-charpente.fr\/wp-content\/uploads\/2023\/03\/Pergola-sur-terrasse.jpg\" class=\"img-responsive wp-image-8442\" srcset=\"https:\/\/www.deco-charpente.fr\/wp-content\/uploads\/2023\/03\/Pergola-sur-terrasse-200x150.jpg 200w, https:\/\/www.deco-charpente.fr\/wp-content\/uploads\/2023\/03\/Pergola-sur-terrasse-400x299.jpg 400w, https:\/\/www.deco-charpente.fr\/wp-content\/uploads\/2023\/03\/Pergola-sur-terrasse-600x449.jpg 600w, https:\/\/www.deco-charpente.fr\/wp-content\/uploads\/2023\/03\/Pergola-sur-terrasse-800x599.jpg 800w, https:\/\/www.deco-charpente.fr\/wp-content\/uploads\/2023\/03\/Pergola-sur-terrasse-1200x898.jpg 1200w, https:\/\/www.deco-charpente.fr\/wp-content\/uploads\/2023\/03\/Pergola-sur-terrasse.jpg 1814w\" sizes=\"(max-width: 1024px) 100vw, (max-width: 640px) 100vw, 600px\" \/><\/a><\/span><\/div><div class=\"fusion-text fusion-text-471 tags\" style=\"transform:translate3d(0,0,0);\"><p>Pergola<\/p>\n<\/div><div class=\"fusion-text fusion-text-472 description\" style=\"transform:translate3d(0,0,0);\"><p>Wooden pergola on terrace<\/p>\n<\/div><\/div><\/div><style type=\"text\/css\">.fusion-body .fusion-builder-column-236{width:25% !important;margin-top : 0px;margin-bottom : 20px;}.fusion-builder-column-236 > .fusion-column-wrapper {padding-top : 0px !important;padding-right : 0px !important;margin-right : 7.68%;padding-bottom : 0px !important;padding-left : 0px !important;margin-left : 7.68%;}@media only screen and (max-width:1024px) {.fusion-body .fusion-builder-column-236{width:100% !important;order : 0;}.fusion-builder-column-236 > .fusion-column-wrapper {margin-right : 1.92%;margin-left : 1.92%;}}@media only screen and (max-width:640px) {.fusion-body .fusion-builder-column-236{width:100% !important;order : 0;}.fusion-builder-column-236 > .fusion-column-wrapper {margin-right : 1.92%;margin-left : 1.92%;}}<\/style><div class=\"fusion-layout-column fusion_builder_column fusion-builder-column-237 fusion_builder_column_1_4 1_4 fusion-flex-column img-to-filter\"><div class=\"fusion-column-wrapper fusion-flex-justify-content-flex-start fusion-content-layout-column\" style=\"background-position:left top;background-repeat:no-repeat;-webkit-background-size:cover;-moz-background-size:cover;-o-background-size:cover;background-size:cover;padding: 0px 0px 0px 0px;\"><div ><span class=\"fusion-imageframe imageframe-none imageframe-237 hover-type-none\"><a href=\"https:\/\/www.deco-charpente.fr\/wp-content\/uploads\/2024\/08\/6f818edc-a0aa-4420-881b-81c27c02c27a.jpeg\" class=\"fusion-lightbox\" data-rel=\"iLightbox[gallery-image]\" data-title=\"6f818edc-a0aa-4420-881b-81c27c02c27a\" title=\"6f818edc-a0aa-4420-881b-81c27c02c27a\"><img decoding=\"async\" width=\"1600\" height=\"1204\" src=\"https:\/\/www.deco-charpente.fr\/wp-content\/uploads\/2024\/08\/6f818edc-a0aa-4420-881b-81c27c02c27a.jpeg\" class=\"img-responsive wp-image-11173\" srcset=\"https:\/\/www.deco-charpente.fr\/wp-content\/uploads\/2024\/08\/6f818edc-a0aa-4420-881b-81c27c02c27a-200x151.jpeg 200w, https:\/\/www.deco-charpente.fr\/wp-content\/uploads\/2024\/08\/6f818edc-a0aa-4420-881b-81c27c02c27a-400x301.jpeg 400w, https:\/\/www.deco-charpente.fr\/wp-content\/uploads\/2024\/08\/6f818edc-a0aa-4420-881b-81c27c02c27a-600x452.jpeg 600w, https:\/\/www.deco-charpente.fr\/wp-content\/uploads\/2024\/08\/6f818edc-a0aa-4420-881b-81c27c02c27a-800x602.jpeg 800w, https:\/\/www.deco-charpente.fr\/wp-content\/uploads\/2024\/08\/6f818edc-a0aa-4420-881b-81c27c02c27a-1200x903.jpeg 1200w, https:\/\/www.deco-charpente.fr\/wp-content\/uploads\/2024\/08\/6f818edc-a0aa-4420-881b-81c27c02c27a.jpeg 1600w\" sizes=\"(max-width: 1024px) 100vw, (max-width: 640px) 100vw, 600px\" \/><\/a><\/span><\/div><div class=\"fusion-text fusion-text-473 tags\" style=\"transform:translate3d(0,0,0);\"><p>Pergola<\/p>\n<\/div><div class=\"fusion-text fusion-text-474 description\" style=\"transform:translate3d(0,0,0);\"><p>Wooden pergola on terrace<\/p>\n<\/div><\/div><\/div><style type=\"text\/css\">.fusion-body .fusion-builder-column-237{width:25% !important;margin-top : 0px;margin-bottom : 20px;}.fusion-builder-column-237 > .fusion-column-wrapper {padding-top : 0px !important;padding-right : 0px !important;margin-right : 7.68%;padding-bottom : 0px !important;padding-left : 0px !important;margin-left : 7.68%;}@media only screen and (max-width:1024px) {.fusion-body .fusion-builder-column-237{width:100% !important;order : 0;}.fusion-builder-column-237 > .fusion-column-wrapper {margin-right : 1.92%;margin-left : 1.92%;}}@media only screen and (max-width:640px) {.fusion-body .fusion-builder-column-237{width:100% !important;order : 0;}.fusion-builder-column-237 > .fusion-column-wrapper {margin-right : 1.92%;margin-left : 1.92%;}}<\/style><div class=\"fusion-layout-column fusion_builder_column fusion-builder-column-238 fusion_builder_column_1_4 1_4 fusion-flex-column img-to-filter\"><div class=\"fusion-column-wrapper fusion-flex-justify-content-flex-start fusion-content-layout-column\" style=\"background-position:left top;background-repeat:no-repeat;-webkit-background-size:cover;-moz-background-size:cover;-o-background-size:cover;background-size:cover;padding: 0px 0px 0px 0px;\"><div ><span class=\"fusion-imageframe imageframe-none imageframe-238 hover-type-none\"><a href=\"https:\/\/www.deco-charpente.fr\/wp-content\/uploads\/2024\/08\/5eaadfbf-0447-405d-9889-d8c4b53ee8ec.jpeg\" class=\"fusion-lightbox\" data-rel=\"iLightbox[gallery-image]\" data-title=\"5eaadfbf-0447-405d-9889-d8c4b53ee8ec\" title=\"5eaadfbf-0447-405d-9889-d8c4b53ee8ec\"><img decoding=\"async\" width=\"1600\" height=\"1204\" src=\"https:\/\/www.deco-charpente.fr\/wp-content\/uploads\/2024\/08\/5eaadfbf-0447-405d-9889-d8c4b53ee8ec.jpeg\" class=\"img-responsive wp-image-11174\" srcset=\"https:\/\/www.deco-charpente.fr\/wp-content\/uploads\/2024\/08\/5eaadfbf-0447-405d-9889-d8c4b53ee8ec-200x151.jpeg 200w, https:\/\/www.deco-charpente.fr\/wp-content\/uploads\/2024\/08\/5eaadfbf-0447-405d-9889-d8c4b53ee8ec-400x301.jpeg 400w, https:\/\/www.deco-charpente.fr\/wp-content\/uploads\/2024\/08\/5eaadfbf-0447-405d-9889-d8c4b53ee8ec-600x452.jpeg 600w, https:\/\/www.deco-charpente.fr\/wp-content\/uploads\/2024\/08\/5eaadfbf-0447-405d-9889-d8c4b53ee8ec-800x602.jpeg 800w, https:\/\/www.deco-charpente.fr\/wp-content\/uploads\/2024\/08\/5eaadfbf-0447-405d-9889-d8c4b53ee8ec-1200x903.jpeg 1200w, https:\/\/www.deco-charpente.fr\/wp-content\/uploads\/2024\/08\/5eaadfbf-0447-405d-9889-d8c4b53ee8ec.jpeg 1600w\" sizes=\"(max-width: 1024px) 100vw, (max-width: 640px) 100vw, 600px\" \/><\/a><\/span><\/div><div class=\"fusion-text fusion-text-475 tags\" style=\"transform:translate3d(0,0,0);\"><p>Pergola<\/p>\n<\/div><div class=\"fusion-text fusion-text-476 description\" style=\"transform:translate3d(0,0,0);\"><p>Wooden pergola on terrace<\/p>\n<\/div><\/div><\/div><style type=\"text\/css\">.fusion-body .fusion-builder-column-238{width:25% !important;margin-top : 0px;margin-bottom : 20px;}.fusion-builder-column-238 > .fusion-column-wrapper {padding-top : 0px !important;padding-right : 0px !important;margin-right : 7.68%;padding-bottom : 0px !important;padding-left : 0px !important;margin-left : 7.68%;}@media only screen and (max-width:1024px) {.fusion-body .fusion-builder-column-238{width:100% !important;order : 0;}.fusion-builder-column-238 > .fusion-column-wrapper {margin-right : 1.92%;margin-left : 1.92%;}}@media only screen and (max-width:640px) {.fusion-body .fusion-builder-column-238{width:100% !important;order : 0;}.fusion-builder-column-238 > .fusion-column-wrapper {margin-right : 1.92%;margin-left : 1.92%;}}<\/style><div class=\"fusion-layout-column fusion_builder_column fusion-builder-column-239 fusion_builder_column_1_4 1_4 fusion-flex-column img-to-filter\"><div class=\"fusion-column-wrapper fusion-flex-justify-content-flex-start fusion-content-layout-column\" style=\"background-position:left top;background-repeat:no-repeat;-webkit-background-size:cover;-moz-background-size:cover;-o-background-size:cover;background-size:cover;padding: 0px 0px 0px 0px;\"><div ><span class=\"fusion-imageframe imageframe-none imageframe-239 hover-type-none\"><a href=\"https:\/\/www.deco-charpente.fr\/wp-content\/uploads\/2024\/03\/Pergola-bois-sur-terrasse.jpg\" class=\"fusion-lightbox\" data-rel=\"iLightbox[gallery-image]\" data-title=\"Pergola bois sur terrasse\" title=\"Wooden pergola on terrace\"><img decoding=\"async\" width=\"2049\" height=\"1536\" src=\"https:\/\/www.deco-charpente.fr\/wp-content\/uploads\/2024\/03\/Pergola-bois-sur-terrasse.jpg\" class=\"img-responsive wp-image-10045\" srcset=\"https:\/\/www.deco-charpente.fr\/wp-content\/uploads\/2024\/03\/Pergola-bois-sur-terrasse-200x150.jpg 200w, https:\/\/www.deco-charpente.fr\/wp-content\/uploads\/2024\/03\/Pergola-bois-sur-terrasse-400x300.jpg 400w, https:\/\/www.deco-charpente.fr\/wp-content\/uploads\/2024\/03\/Pergola-bois-sur-terrasse-600x450.jpg 600w, https:\/\/www.deco-charpente.fr\/wp-content\/uploads\/2024\/03\/Pergola-bois-sur-terrasse-800x600.jpg 800w, https:\/\/www.deco-charpente.fr\/wp-content\/uploads\/2024\/03\/Pergola-bois-sur-terrasse-1200x900.jpg 1200w, https:\/\/www.deco-charpente.fr\/wp-content\/uploads\/2024\/03\/Pergola-bois-sur-terrasse.jpg 2049w\" sizes=\"(max-width: 1024px) 100vw, (max-width: 640px) 100vw, 600px\" \/><\/a><\/span><\/div><div class=\"fusion-text fusion-text-477 tags\" style=\"transform:translate3d(0,0,0);\"><p>Pergola<\/p>\n<\/div><div class=\"fusion-text fusion-text-478 description\" style=\"transform:translate3d(0,0,0);\"><p>Wooden pergola on terrace<\/p>\n<\/div><\/div><\/div><style type=\"text\/css\">.fusion-body .fusion-builder-column-239{width:25% !important;margin-top : 0px;margin-bottom : 20px;}.fusion-builder-column-239 > .fusion-column-wrapper {padding-top : 0px !important;padding-right : 0px !important;margin-right : 7.68%;padding-bottom : 0px !important;padding-left : 0px !important;margin-left : 7.68%;}@media only screen and (max-width:1024px) {.fusion-body .fusion-builder-column-239{width:100% !important;order : 0;}.fusion-builder-column-239 > .fusion-column-wrapper {margin-right : 1.92%;margin-left : 1.92%;}}@media only screen and (max-width:640px) {.fusion-body .fusion-builder-column-239{width:100% !important;order : 0;}.fusion-builder-column-239 > .fusion-column-wrapper {margin-right : 1.92%;margin-left : 1.92%;}}<\/style><div class=\"fusion-layout-column fusion_builder_column fusion-builder-column-240 fusion_builder_column_1_4 1_4 fusion-flex-column img-to-filter\"><div class=\"fusion-column-wrapper fusion-flex-justify-content-flex-start fusion-content-layout-column\" style=\"background-position:left top;background-repeat:no-repeat;-webkit-background-size:cover;-moz-background-size:cover;-o-background-size:cover;background-size:cover;padding: 0px 0px 0px 0px;\"><div ><span class=\"fusion-imageframe imageframe-none imageframe-240 hover-type-none\"><a href=\"https:\/\/www.deco-charpente.fr\/wp-content\/uploads\/2024\/08\/A031DDD5-4F59-4C09-935E-59E56EEA8F38-compressed.jpg\" class=\"fusion-lightbox\" data-rel=\"iLightbox[gallery-image]\" data-title=\"Pergola\" title=\"Pergola\"><img decoding=\"async\" width=\"2049\" height=\"1536\" src=\"https:\/\/www.deco-charpente.fr\/wp-content\/uploads\/2024\/08\/A031DDD5-4F59-4C09-935E-59E56EEA8F38-compressed.jpg\" class=\"img-responsive wp-image-11198\" srcset=\"https:\/\/www.deco-charpente.fr\/wp-content\/uploads\/2024\/08\/A031DDD5-4F59-4C09-935E-59E56EEA8F38-compressed-200x150.jpg 200w, https:\/\/www.deco-charpente.fr\/wp-content\/uploads\/2024\/08\/A031DDD5-4F59-4C09-935E-59E56EEA8F38-compressed-400x300.jpg 400w, https:\/\/www.deco-charpente.fr\/wp-content\/uploads\/2024\/08\/A031DDD5-4F59-4C09-935E-59E56EEA8F38-compressed-600x450.jpg 600w, https:\/\/www.deco-charpente.fr\/wp-content\/uploads\/2024\/08\/A031DDD5-4F59-4C09-935E-59E56EEA8F38-compressed-800x600.jpg 800w, https:\/\/www.deco-charpente.fr\/wp-content\/uploads\/2024\/08\/A031DDD5-4F59-4C09-935E-59E56EEA8F38-compressed-1200x900.jpg 1200w, https:\/\/www.deco-charpente.fr\/wp-content\/uploads\/2024\/08\/A031DDD5-4F59-4C09-935E-59E56EEA8F38-compressed.jpg 2049w\" sizes=\"(max-width: 1024px) 100vw, (max-width: 640px) 100vw, 600px\" \/><\/a><\/span><\/div><div class=\"fusion-text fusion-text-479 tags\" style=\"transform:translate3d(0,0,0);\"><p>Pergola<\/p>\n<\/div><div class=\"fusion-text fusion-text-480 description\" style=\"transform:translate3d(0,0,0);\"><p>Wooden pergola on terrace<\/p>\n<\/div><\/div><\/div><style type=\"text\/css\">.fusion-body .fusion-builder-column-240{width:25% !important;margin-top : 0px;margin-bottom : 20px;}.fusion-builder-column-240 > .fusion-column-wrapper {padding-top : 0px !important;padding-right : 0px !important;margin-right : 7.68%;padding-bottom : 0px !important;padding-left : 0px !important;margin-left : 7.68%;}@media only screen and (max-width:1024px) {.fusion-body .fusion-builder-column-240{width:100% !important;order : 0;}.fusion-builder-column-240 > .fusion-column-wrapper {margin-right : 1.92%;margin-left : 1.92%;}}@media only screen and (max-width:640px) {.fusion-body .fusion-builder-column-240{width:100% !important;order : 0;}.fusion-builder-column-240 > .fusion-column-wrapper {margin-right : 1.92%;margin-left : 1.92%;}}<\/style><div class=\"fusion-layout-column fusion_builder_column fusion-builder-column-241 fusion_builder_column_1_4 1_4 fusion-flex-column img-to-filter\"><div class=\"fusion-column-wrapper fusion-flex-justify-content-flex-start fusion-content-layout-column\" style=\"background-position:left top;background-repeat:no-repeat;-webkit-background-size:cover;-moz-background-size:cover;-o-background-size:cover;background-size:cover;padding: 0px 0px 0px 0px;\"><div ><span class=\"fusion-imageframe imageframe-none imageframe-241 hover-type-none\"><a href=\"https:\/\/www.deco-charpente.fr\/wp-content\/uploads\/2023\/10\/Pergola-C9.jpg\" class=\"fusion-lightbox\" data-rel=\"iLightbox[gallery-image]\" data-title=\"Pergola-C9\" title=\"Pergola-C9\"><img decoding=\"async\" width=\"1110\" height=\"833\" src=\"https:\/\/www.deco-charpente.fr\/wp-content\/uploads\/2023\/10\/Pergola-C9.jpg\" class=\"img-responsive wp-image-9495\"\/><\/a><\/span><\/div><div class=\"fusion-text fusion-text-481 tags\" style=\"transform:translate3d(0,0,0);\"><p>Pergola<\/p>\n<\/div><div class=\"fusion-text fusion-text-482 description\" style=\"transform:translate3d(0,0,0);\"><p>Wooden pergola on terrace<\/p>\n<\/div><\/div><\/div><style type=\"text\/css\">.fusion-body .fusion-builder-column-241{width:25% !important;margin-top : 0px;margin-bottom : 20px;}.fusion-builder-column-241 > .fusion-column-wrapper {padding-top : 0px !important;padding-right : 0px !important;margin-right : 7.68%;padding-bottom : 0px !important;padding-left : 0px !important;margin-left : 7.68%;}@media only screen and (max-width:1024px) {.fusion-body .fusion-builder-column-241{width:100% !important;order : 0;}.fusion-builder-column-241 > .fusion-column-wrapper {margin-right : 1.92%;margin-left : 1.92%;}}@media only screen and (max-width:640px) {.fusion-body .fusion-builder-column-241{width:100% !important;order : 0;}.fusion-builder-column-241 > .fusion-column-wrapper {margin-right : 1.92%;margin-left : 1.92%;}}<\/style><div class=\"fusion-layout-column fusion_builder_column fusion-builder-column-242 fusion_builder_column_1_4 1_4 fusion-flex-column img-to-filter\"><div class=\"fusion-column-wrapper fusion-flex-justify-content-flex-start fusion-content-layout-column\" style=\"background-position:left top;background-repeat:no-repeat;-webkit-background-size:cover;-moz-background-size:cover;-o-background-size:cover;background-size:cover;padding: 0px 0px 0px 0px;\"><div ><span class=\"fusion-imageframe imageframe-none imageframe-242 hover-type-none\"><a href=\"https:\/\/www.deco-charpente.fr\/wp-content\/uploads\/2024\/03\/Pergola-avec-mur-persienne.jpg\" class=\"fusion-lightbox\" data-rel=\"iLightbox[gallery-image]\" data-title=\"Pergola avec mur persienne\u0301\" title=\"Pergola with louvered wall\"><img decoding=\"async\" width=\"2049\" height=\"1536\" src=\"https:\/\/www.deco-charpente.fr\/wp-content\/uploads\/2024\/03\/Pergola-avec-mur-persienne.jpg\" class=\"img-responsive wp-image-10042\" srcset=\"https:\/\/www.deco-charpente.fr\/wp-content\/uploads\/2024\/03\/Pergola-avec-mur-persienne-200x150.jpg 200w, https:\/\/www.deco-charpente.fr\/wp-content\/uploads\/2024\/03\/Pergola-avec-mur-persienne-400x300.jpg 400w, https:\/\/www.deco-charpente.fr\/wp-content\/uploads\/2024\/03\/Pergola-avec-mur-persienne-600x450.jpg 600w, https:\/\/www.deco-charpente.fr\/wp-content\/uploads\/2024\/03\/Pergola-avec-mur-persienne-800x600.jpg 800w, https:\/\/www.deco-charpente.fr\/wp-content\/uploads\/2024\/03\/Pergola-avec-mur-persienne-1200x900.jpg 1200w, https:\/\/www.deco-charpente.fr\/wp-content\/uploads\/2024\/03\/Pergola-avec-mur-persienne.jpg 2049w\" sizes=\"(max-width: 1024px) 100vw, (max-width: 640px) 100vw, 600px\" \/><\/a><\/span><\/div><div class=\"fusion-text fusion-text-483 tags\" style=\"transform:translate3d(0,0,0);\"><p>Pergola<\/p>\n<\/div><div class=\"fusion-text fusion-text-484 description\" style=\"transform:translate3d(0,0,0);\"><p>Wooden pergola with louvered wall<\/p>\n<\/div><\/div><\/div><style type=\"text\/css\">.fusion-body .fusion-builder-column-242{width:25% !important;margin-top : 0px;margin-bottom : 20px;}.fusion-builder-column-242 > .fusion-column-wrapper {padding-top : 0px !important;padding-right : 0px !important;margin-right : 7.68%;padding-bottom : 0px !important;padding-left : 0px !important;margin-left : 7.68%;}@media only screen and (max-width:1024px) {.fusion-body .fusion-builder-column-242{width:100% !important;order : 0;}.fusion-builder-column-242 > .fusion-column-wrapper {margin-right : 1.92%;margin-left : 1.92%;}}@media only screen and (max-width:640px) {.fusion-body .fusion-builder-column-242{width:100% !important;order : 0;}.fusion-builder-column-242 > .fusion-column-wrapper {margin-right : 1.92%;margin-left : 1.92%;}}<\/style><div class=\"fusion-layout-column fusion_builder_column fusion-builder-column-243 fusion_builder_column_1_4 1_4 fusion-flex-column img-to-filter\"><div class=\"fusion-column-wrapper fusion-flex-justify-content-flex-start fusion-content-layout-column\" style=\"background-position:left top;background-repeat:no-repeat;-webkit-background-size:cover;-moz-background-size:cover;-o-background-size:cover;background-size:cover;padding: 0px 0px 0px 0px;\"><div ><span class=\"fusion-imageframe imageframe-none imageframe-243 hover-type-none\"><a href=\"https:\/\/www.deco-charpente.fr\/wp-content\/uploads\/2024\/08\/F0702065-DBF3-4DF5-8BD9-03B796524F31-compressed.jpg\" class=\"fusion-lightbox\" data-rel=\"iLightbox[gallery-image]\" data-title=\"Pergola adoss\u00e9e\" title=\"Leaning pergola\"><img decoding=\"async\" width=\"1440\" height=\"1440\" src=\"https:\/\/www.deco-charpente.fr\/wp-content\/uploads\/2024\/08\/F0702065-DBF3-4DF5-8BD9-03B796524F31-compressed.jpg\" class=\"img-responsive wp-image-11199\" srcset=\"https:\/\/www.deco-charpente.fr\/wp-content\/uploads\/2024\/08\/F0702065-DBF3-4DF5-8BD9-03B796524F31-compressed-200x200.jpg 200w, https:\/\/www.deco-charpente.fr\/wp-content\/uploads\/2024\/08\/F0702065-DBF3-4DF5-8BD9-03B796524F31-compressed-400x400.jpg 400w, https:\/\/www.deco-charpente.fr\/wp-content\/uploads\/2024\/08\/F0702065-DBF3-4DF5-8BD9-03B796524F31-compressed-600x600.jpg 600w, https:\/\/www.deco-charpente.fr\/wp-content\/uploads\/2024\/08\/F0702065-DBF3-4DF5-8BD9-03B796524F31-compressed-800x800.jpg 800w, https:\/\/www.deco-charpente.fr\/wp-content\/uploads\/2024\/08\/F0702065-DBF3-4DF5-8BD9-03B796524F31-compressed-1200x1200.jpg 1200w, https:\/\/www.deco-charpente.fr\/wp-content\/uploads\/2024\/08\/F0702065-DBF3-4DF5-8BD9-03B796524F31-compressed.jpg 1440w\" sizes=\"(max-width: 1024px) 100vw, (max-width: 640px) 100vw, 600px\" \/><\/a><\/span><\/div><div class=\"fusion-text fusion-text-485 tags\" style=\"transform:translate3d(0,0,0);\"><p>Pergola<\/p>\n<\/div><div class=\"fusion-text fusion-text-486 description\" style=\"transform:translate3d(0,0,0);\"><p>Leaning pergola<\/p>\n<\/div><\/div><\/div><style type=\"text\/css\">.fusion-body .fusion-builder-column-243{width:25% !important;margin-top : 0px;margin-bottom : 20px;}.fusion-builder-column-243 > .fusion-column-wrapper {padding-top : 0px !important;padding-right : 0px !important;margin-right : 7.68%;padding-bottom : 0px !important;padding-left : 0px !important;margin-left : 7.68%;}@media only screen and (max-width:1024px) {.fusion-body .fusion-builder-column-243{width:100% !important;order : 0;}.fusion-builder-column-243 > .fusion-column-wrapper {margin-right : 1.92%;margin-left : 1.92%;}}@media only screen and (max-width:640px) {.fusion-body .fusion-builder-column-243{width:100% !important;order : 0;}.fusion-builder-column-243 > .fusion-column-wrapper {margin-right : 1.92%;margin-left : 1.92%;}}<\/style><div class=\"fusion-layout-column fusion_builder_column fusion-builder-column-244 fusion_builder_column_1_4 1_4 fusion-flex-column img-to-filter\"><div class=\"fusion-column-wrapper fusion-flex-justify-content-flex-start fusion-content-layout-column\" style=\"background-position:left top;background-repeat:no-repeat;-webkit-background-size:cover;-moz-background-size:cover;-o-background-size:cover;background-size:cover;padding: 0px 0px 0px 0px;\"><div ><span class=\"fusion-imageframe imageframe-none imageframe-244 hover-type-none\"><a href=\"https:\/\/www.deco-charpente.fr\/wp-content\/uploads\/2023\/03\/Pergola-sur-terrasse-2.jpg\" class=\"fusion-lightbox\" data-rel=\"iLightbox[gallery-image]\" data-title=\"Pergola sur terrasse 2\" title=\"Pergola on terrace 2\"><img decoding=\"async\" width=\"1822\" height=\"1362\" src=\"https:\/\/www.deco-charpente.fr\/wp-content\/uploads\/2023\/03\/Pergola-sur-terrasse-2.jpg\" class=\"img-responsive wp-image-8441\" srcset=\"https:\/\/www.deco-charpente.fr\/wp-content\/uploads\/2023\/03\/Pergola-sur-terrasse-2-200x150.jpg 200w, https:\/\/www.deco-charpente.fr\/wp-content\/uploads\/2023\/03\/Pergola-sur-terrasse-2-400x299.jpg 400w, https:\/\/www.deco-charpente.fr\/wp-content\/uploads\/2023\/03\/Pergola-sur-terrasse-2-600x449.jpg 600w, https:\/\/www.deco-charpente.fr\/wp-content\/uploads\/2023\/03\/Pergola-sur-terrasse-2-800x598.jpg 800w, https:\/\/www.deco-charpente.fr\/wp-content\/uploads\/2023\/03\/Pergola-sur-terrasse-2-1200x897.jpg 1200w, https:\/\/www.deco-charpente.fr\/wp-content\/uploads\/2023\/03\/Pergola-sur-terrasse-2.jpg 1822w\" sizes=\"(max-width: 1024px) 100vw, (max-width: 640px) 100vw, 600px\" \/><\/a><\/span><\/div><div class=\"fusion-text fusion-text-487 tags\" style=\"transform:translate3d(0,0,0);\"><p>Pergola<\/p>\n<\/div><div class=\"fusion-text fusion-text-488 description\" style=\"transform:translate3d(0,0,0);\"><p>Wooden pergola on terrace<\/p>\n<\/div><\/div><\/div><style type=\"text\/css\">.fusion-body .fusion-builder-column-244{width:25% !important;margin-top : 0px;margin-bottom : 20px;}.fusion-builder-column-244 > .fusion-column-wrapper {padding-top : 0px !important;padding-right : 0px !important;margin-right : 7.68%;padding-bottom : 0px !important;padding-left : 0px !important;margin-left : 7.68%;}@media only screen and (max-width:1024px) {.fusion-body .fusion-builder-column-244{width:100% !important;order : 0;}.fusion-builder-column-244 > .fusion-column-wrapper {margin-right : 1.92%;margin-left : 1.92%;}}@media only screen and (max-width:640px) {.fusion-body .fusion-builder-column-244{width:100% !important;order : 0;}.fusion-builder-column-244 > .fusion-column-wrapper {margin-right : 1.92%;margin-left : 1.92%;}}<\/style><div class=\"fusion-layout-column fusion_builder_column fusion-builder-column-245 fusion_builder_column_1_4 1_4 fusion-flex-column img-to-filter\"><div class=\"fusion-column-wrapper fusion-flex-justify-content-flex-start fusion-content-layout-column\" style=\"background-position:left top;background-repeat:no-repeat;-webkit-background-size:cover;-moz-background-size:cover;-o-background-size:cover;background-size:cover;padding: 0px 0px 0px 0px;\"><div ><span class=\"fusion-imageframe imageframe-none imageframe-245 hover-type-none\"><a href=\"https:\/\/www.deco-charpente.fr\/wp-content\/uploads\/2021\/03\/pergola-bois.jpg\" class=\"fusion-lightbox\" data-rel=\"iLightbox[gallery-image]\" data-title=\"pergola bois\" title=\"wooden pergola\"><img decoding=\"async\" width=\"1018\" height=\"765\" src=\"https:\/\/www.deco-charpente.fr\/wp-content\/uploads\/2021\/03\/pergola-bois.jpg\" class=\"img-responsive wp-image-4778\" srcset=\"https:\/\/www.deco-charpente.fr\/wp-content\/uploads\/2021\/03\/pergola-bois-200x150.jpg 200w, https:\/\/www.deco-charpente.fr\/wp-content\/uploads\/2021\/03\/pergola-bois-400x301.jpg 400w, https:\/\/www.deco-charpente.fr\/wp-content\/uploads\/2021\/03\/pergola-bois-600x451.jpg 600w, https:\/\/www.deco-charpente.fr\/wp-content\/uploads\/2021\/03\/pergola-bois-800x601.jpg 800w, https:\/\/www.deco-charpente.fr\/wp-content\/uploads\/2021\/03\/pergola-bois.jpg 1018w\" sizes=\"(max-width: 1024px) 100vw, (max-width: 640px) 100vw, 600px\" \/><\/a><\/span><\/div><div class=\"fusion-text fusion-text-489 tags\" style=\"transform:translate3d(0,0,0);\"><p>Pergola<\/p>\n<\/div><div class=\"fusion-text fusion-text-490 description\" style=\"transform:translate3d(0,0,0);\"><p>Wooden pergola on terrace<\/p>\n<\/div><\/div><\/div><style type=\"text\/css\">.fusion-body .fusion-builder-column-245{width:25% !important;margin-top : 0px;margin-bottom : 20px;}.fusion-builder-column-245 > .fusion-column-wrapper {padding-top : 0px !important;padding-right : 0px !important;margin-right : 7.68%;padding-bottom : 0px !important;padding-left : 0px !important;margin-left : 7.68%;}@media only screen and (max-width:1024px) {.fusion-body .fusion-builder-column-245{width:100% !important;order : 0;}.fusion-builder-column-245 > .fusion-column-wrapper {margin-right : 1.92%;margin-left : 1.92%;}}@media only screen and (max-width:640px) {.fusion-body .fusion-builder-column-245{width:100% !important;order : 0;}.fusion-builder-column-245 > .fusion-column-wrapper {margin-right : 1.92%;margin-left : 1.92%;}}<\/style><div class=\"fusion-layout-column fusion_builder_column fusion-builder-column-246 fusion_builder_column_1_4 1_4 fusion-flex-column img-to-filter\"><div class=\"fusion-column-wrapper fusion-flex-justify-content-flex-start fusion-content-layout-column\" style=\"background-position:left top;background-repeat:no-repeat;-webkit-background-size:cover;-moz-background-size:cover;-o-background-size:cover;background-size:cover;padding: 0px 0px 0px 0px;\"><div ><span class=\"fusion-imageframe imageframe-none imageframe-246 hover-type-none\"><a href=\"https:\/\/www.deco-charpente.fr\/wp-content\/uploads\/2024\/08\/DE8AB188-08B5-48BD-9B69-A4DE2064AD35-1-compressed.jpg\" class=\"fusion-lightbox\" data-rel=\"iLightbox[gallery-image]\" data-title=\"Pergola bois adoss\u00e9e\" title=\"Leaning wooden pergola\"><img decoding=\"async\" width=\"2048\" height=\"1536\" src=\"https:\/\/www.deco-charpente.fr\/wp-content\/uploads\/2024\/08\/DE8AB188-08B5-48BD-9B69-A4DE2064AD35-1-compressed.jpg\" class=\"img-responsive wp-image-11204\" srcset=\"https:\/\/www.deco-charpente.fr\/wp-content\/uploads\/2024\/08\/DE8AB188-08B5-48BD-9B69-A4DE2064AD35-1-compressed-200x150.jpg 200w, https:\/\/www.deco-charpente.fr\/wp-content\/uploads\/2024\/08\/DE8AB188-08B5-48BD-9B69-A4DE2064AD35-1-compressed-400x300.jpg 400w, https:\/\/www.deco-charpente.fr\/wp-content\/uploads\/2024\/08\/DE8AB188-08B5-48BD-9B69-A4DE2064AD35-1-compressed-600x450.jpg 600w, https:\/\/www.deco-charpente.fr\/wp-content\/uploads\/2024\/08\/DE8AB188-08B5-48BD-9B69-A4DE2064AD35-1-compressed-800x600.jpg 800w, https:\/\/www.deco-charpente.fr\/wp-content\/uploads\/2024\/08\/DE8AB188-08B5-48BD-9B69-A4DE2064AD35-1-compressed-1200x900.jpg 1200w, https:\/\/www.deco-charpente.fr\/wp-content\/uploads\/2024\/08\/DE8AB188-08B5-48BD-9B69-A4DE2064AD35-1-compressed.jpg 2048w\" sizes=\"(max-width: 1024px) 100vw, (max-width: 640px) 100vw, 600px\" \/><\/a><\/span><\/div><div class=\"fusion-text fusion-text-491 tags\" style=\"transform:translate3d(0,0,0);\"><p>Pergola<\/p>\n<\/div><div class=\"fusion-text fusion-text-492 description\" style=\"transform:translate3d(0,0,0);\"><p>Leaning wooden pergola<\/p>\n<\/div><\/div><\/div><style type=\"text\/css\">.fusion-body .fusion-builder-column-246{width:25% !important;margin-top : 0px;margin-bottom : 20px;}.fusion-builder-column-246 > .fusion-column-wrapper {padding-top : 0px !important;padding-right : 0px !important;margin-right : 7.68%;padding-bottom : 0px !important;padding-left : 0px !important;margin-left : 7.68%;}@media only screen and (max-width:1024px) {.fusion-body .fusion-builder-column-246{width:100% !important;order : 0;}.fusion-builder-column-246 > .fusion-column-wrapper {margin-right : 1.92%;margin-left : 1.92%;}}@media only screen and (max-width:640px) {.fusion-body .fusion-builder-column-246{width:100% !important;order : 0;}.fusion-builder-column-246 > .fusion-column-wrapper {margin-right : 1.92%;margin-left : 1.92%;}}<\/style><div class=\"fusion-layout-column fusion_builder_column fusion-builder-column-247 fusion_builder_column_1_4 1_4 fusion-flex-column img-to-filter\"><div class=\"fusion-column-wrapper fusion-flex-justify-content-flex-start fusion-content-layout-column\" style=\"background-position:left top;background-repeat:no-repeat;-webkit-background-size:cover;-moz-background-size:cover;-o-background-size:cover;background-size:cover;padding: 0px 0px 0px 0px;\"><div ><span class=\"fusion-imageframe imageframe-none imageframe-247 hover-type-none\"><a href=\"https:\/\/www.deco-charpente.fr\/wp-content\/uploads\/2021\/08\/Pergola-a-persiennes.jpg\" class=\"fusion-lightbox\" data-rel=\"iLightbox[gallery-image]\" data-title=\"Pergola \u00e0 persiennes\" title=\"Louvered pergola\"><img decoding=\"async\" width=\"1163\" height=\"640\" src=\"https:\/\/www.deco-charpente.fr\/wp-content\/uploads\/2021\/08\/Pergola-a-persiennes.jpg\" class=\"img-responsive wp-image-5045\" srcset=\"https:\/\/www.deco-charpente.fr\/wp-content\/uploads\/2021\/08\/Pergola-a-persiennes-200x110.jpg 200w, https:\/\/www.deco-charpente.fr\/wp-content\/uploads\/2021\/08\/Pergola-a-persiennes-400x220.jpg 400w, https:\/\/www.deco-charpente.fr\/wp-content\/uploads\/2021\/08\/Pergola-a-persiennes-600x330.jpg 600w, https:\/\/www.deco-charpente.fr\/wp-content\/uploads\/2021\/08\/Pergola-a-persiennes-800x440.jpg 800w, https:\/\/www.deco-charpente.fr\/wp-content\/uploads\/2021\/08\/Pergola-a-persiennes.jpg 1163w\" sizes=\"(max-width: 1024px) 100vw, (max-width: 640px) 100vw, 600px\" \/><\/a><\/span><\/div><div class=\"fusion-text fusion-text-493 tags\" style=\"transform:translate3d(0,0,0);\"><p>Pergola<\/p>\n<\/div><div class=\"fusion-text fusion-text-494 description\" style=\"transform:translate3d(0,0,0);\"><p>Louvered pergola<\/p>\n<\/div><\/div><\/div><style type=\"text\/css\">.fusion-body .fusion-builder-column-247{width:25% !important;margin-top : 0px;margin-bottom : 20px;}.fusion-builder-column-247 > .fusion-column-wrapper {padding-top : 0px !important;padding-right : 0px !important;margin-right : 7.68%;padding-bottom : 0px !important;padding-left : 0px !important;margin-left : 7.68%;}@media only screen and (max-width:1024px) {.fusion-body .fusion-builder-column-247{width:100% !important;order : 0;}.fusion-builder-column-247 > .fusion-column-wrapper {margin-right : 1.92%;margin-left : 1.92%;}}@media only screen and (max-width:640px) {.fusion-body .fusion-builder-column-247{width:100% !important;order : 0;}.fusion-builder-column-247 > .fusion-column-wrapper {margin-right : 1.92%;margin-left : 1.92%;}}<\/style><div class=\"fusion-layout-column fusion_builder_column fusion-builder-column-248 fusion_builder_column_1_4 1_4 fusion-flex-column img-to-filter\"><div class=\"fusion-column-wrapper fusion-flex-justify-content-flex-start fusion-content-layout-column\" style=\"background-position:left top;background-repeat:no-repeat;-webkit-background-size:cover;-moz-background-size:cover;-o-background-size:cover;background-size:cover;padding: 0px 0px 0px 0px;\"><div ><span class=\"fusion-imageframe imageframe-none imageframe-248 hover-type-none\"><a href=\"https:\/\/www.deco-charpente.fr\/wp-content\/uploads\/2022\/06\/Abri-voiture-C2-6-compressed.jpg\" class=\"fusion-lightbox\" data-rel=\"iLightbox[gallery-image]\" data-title=\"Abri voiture C2 -6-compressed\" title=\"C2 carport -6-compressed\"><img decoding=\"async\" width=\"1403\" height=\"1052\" src=\"https:\/\/www.deco-charpente.fr\/wp-content\/uploads\/2022\/06\/Abri-voiture-C2-6-compressed.jpg\" class=\"img-responsive wp-image-7433\" srcset=\"https:\/\/www.deco-charpente.fr\/wp-content\/uploads\/2022\/06\/Abri-voiture-C2-6-compressed-200x150.jpg 200w, https:\/\/www.deco-charpente.fr\/wp-content\/uploads\/2022\/06\/Abri-voiture-C2-6-compressed-400x300.jpg 400w, https:\/\/www.deco-charpente.fr\/wp-content\/uploads\/2022\/06\/Abri-voiture-C2-6-compressed-600x450.jpg 600w, https:\/\/www.deco-charpente.fr\/wp-content\/uploads\/2022\/06\/Abri-voiture-C2-6-compressed-800x600.jpg 800w, https:\/\/www.deco-charpente.fr\/wp-content\/uploads\/2022\/06\/Abri-voiture-C2-6-compressed-1200x900.jpg 1200w, https:\/\/www.deco-charpente.fr\/wp-content\/uploads\/2022\/06\/Abri-voiture-C2-6-compressed.jpg 1403w\" sizes=\"(max-width: 1024px) 100vw, (max-width: 640px) 100vw, 600px\" \/><\/a><\/span><\/div><div class=\"fusion-text fusion-text-495 tags\" style=\"transform:translate3d(0,0,0);\"><p>Pergola<\/p>\n<\/div><div class=\"fusion-text fusion-text-496 description\" style=\"transform:translate3d(0,0,0);\"><p>Louvered pergola<\/p>\n<\/div><\/div><\/div><style type=\"text\/css\">.fusion-body .fusion-builder-column-248{width:25% !important;margin-top : 0px;margin-bottom : 20px;}.fusion-builder-column-248 > .fusion-column-wrapper {padding-top : 0px !important;padding-right : 0px !important;margin-right : 7.68%;padding-bottom : 0px !important;padding-left : 0px !important;margin-left : 7.68%;}@media only screen and (max-width:1024px) {.fusion-body .fusion-builder-column-248{width:100% !important;order : 0;}.fusion-builder-column-248 > .fusion-column-wrapper {margin-right : 1.92%;margin-left : 1.92%;}}@media only screen and (max-width:640px) {.fusion-body .fusion-builder-column-248{width:100% !important;order : 0;}.fusion-builder-column-248 > .fusion-column-wrapper {margin-right : 1.92%;margin-left : 1.92%;}}<\/style><div class=\"fusion-layout-column fusion_builder_column fusion-builder-column-249 fusion_builder_column_1_4 1_4 fusion-flex-column img-to-filter\"><div class=\"fusion-column-wrapper fusion-flex-justify-content-flex-start fusion-content-layout-column\" style=\"background-position:left top;background-repeat:no-repeat;-webkit-background-size:cover;-moz-background-size:cover;-o-background-size:cover;background-size:cover;padding: 0px 0px 0px 0px;\"><div ><span class=\"fusion-imageframe imageframe-none imageframe-249 hover-type-none\"><a href=\"https:\/\/www.deco-charpente.fr\/wp-content\/uploads\/2022\/05\/Pergola-a-persiennes-e1651838953860.jpg\" class=\"fusion-lightbox\" data-rel=\"iLightbox[gallery-image]\" data-title=\"Pergola \u00e0 persiennes\" title=\"Louvered pergola\"><img decoding=\"async\" width=\"1541\" height=\"946\" src=\"https:\/\/www.deco-charpente.fr\/wp-content\/uploads\/2022\/05\/Pergola-a-persiennes-e1651838953860.jpg\" class=\"img-responsive wp-image-6674\" srcset=\"https:\/\/www.deco-charpente.fr\/wp-content\/uploads\/2022\/05\/Pergola-a-persiennes-e1651838953860-200x123.jpg 200w, https:\/\/www.deco-charpente.fr\/wp-content\/uploads\/2022\/05\/Pergola-a-persiennes-e1651838953860-400x246.jpg 400w, https:\/\/www.deco-charpente.fr\/wp-content\/uploads\/2022\/05\/Pergola-a-persiennes-e1651838953860-600x368.jpg 600w, https:\/\/www.deco-charpente.fr\/wp-content\/uploads\/2022\/05\/Pergola-a-persiennes-e1651838953860-800x491.jpg 800w, https:\/\/www.deco-charpente.fr\/wp-content\/uploads\/2022\/05\/Pergola-a-persiennes-e1651838953860-1200x737.jpg 1200w, https:\/\/www.deco-charpente.fr\/wp-content\/uploads\/2022\/05\/Pergola-a-persiennes-e1651838953860.jpg 1541w\" sizes=\"(max-width: 1024px) 100vw, (max-width: 640px) 100vw, 600px\" \/><\/a><\/span><\/div><div class=\"fusion-text fusion-text-497 tags\" style=\"transform:translate3d(0,0,0);\"><p>Pergola<\/p>\n<\/div><div class=\"fusion-text fusion-text-498 description\" style=\"transform:translate3d(0,0,0);\"><p>Louvered pergola<\/p>\n<\/div><\/div><\/div><style type=\"text\/css\">.fusion-body .fusion-builder-column-249{width:25% !important;margin-top : 0px;margin-bottom : 20px;}.fusion-builder-column-249 > .fusion-column-wrapper {padding-top : 0px !important;padding-right : 0px !important;margin-right : 7.68%;padding-bottom : 0px !important;padding-left : 0px !important;margin-left : 7.68%;}@media only screen and (max-width:1024px) {.fusion-body .fusion-builder-column-249{width:100% !important;order : 0;}.fusion-builder-column-249 > .fusion-column-wrapper {margin-right : 1.92%;margin-left : 1.92%;}}@media only screen and (max-width:640px) {.fusion-body .fusion-builder-column-249{width:100% !important;order : 0;}.fusion-builder-column-249 > .fusion-column-wrapper {margin-right : 1.92%;margin-left : 1.92%;}}<\/style><div class=\"fusion-layout-column fusion_builder_column fusion-builder-column-250 fusion_builder_column_1_4 1_4 fusion-flex-column img-to-filter\"><div class=\"fusion-column-wrapper fusion-flex-justify-content-flex-start fusion-content-layout-column\" style=\"background-position:left top;background-repeat:no-repeat;-webkit-background-size:cover;-moz-background-size:cover;-o-background-size:cover;background-size:cover;padding: 0px 0px 0px 0px;\"><div ><span class=\"fusion-imageframe imageframe-none imageframe-250 hover-type-none\"><a href=\"https:\/\/www.deco-charpente.fr\/wp-content\/uploads\/2021\/05\/Pergola-persiennes.jpg\" class=\"fusion-lightbox\" data-rel=\"iLightbox[gallery-image]\" data-title=\"Pergola persiennes\" title=\"Louvered pergola\"><img decoding=\"async\" width=\"1231\" height=\"923\" src=\"https:\/\/www.deco-charpente.fr\/wp-content\/uploads\/2021\/05\/Pergola-persiennes.jpg\" class=\"img-responsive wp-image-5012\" srcset=\"https:\/\/www.deco-charpente.fr\/wp-content\/uploads\/2021\/05\/Pergola-persiennes-200x150.jpg 200w, https:\/\/www.deco-charpente.fr\/wp-content\/uploads\/2021\/05\/Pergola-persiennes-400x300.jpg 400w, https:\/\/www.deco-charpente.fr\/wp-content\/uploads\/2021\/05\/Pergola-persiennes-600x450.jpg 600w, https:\/\/www.deco-charpente.fr\/wp-content\/uploads\/2021\/05\/Pergola-persiennes-800x600.jpg 800w, https:\/\/www.deco-charpente.fr\/wp-content\/uploads\/2021\/05\/Pergola-persiennes-1200x900.jpg 1200w, https:\/\/www.deco-charpente.fr\/wp-content\/uploads\/2021\/05\/Pergola-persiennes.jpg 1231w\" sizes=\"(max-width: 1024px) 100vw, (max-width: 640px) 100vw, 600px\" \/><\/a><\/span><\/div><div class=\"fusion-text fusion-text-499 tags\" style=\"transform:translate3d(0,0,0);\"><p>Pergola<\/p>\n<\/div><div class=\"fusion-text fusion-text-500 description\" style=\"transform:translate3d(0,0,0);\"><p>Louvered pergola<\/p>\n<\/div><\/div><\/div><style type=\"text\/css\">.fusion-body .fusion-builder-column-250{width:25% !important;margin-top : 0px;margin-bottom : 20px;}.fusion-builder-column-250 > .fusion-column-wrapper {padding-top : 0px !important;padding-right : 0px !important;margin-right : 7.68%;padding-bottom : 0px !important;padding-left : 0px !important;margin-left : 7.68%;}@media only screen and (max-width:1024px) {.fusion-body .fusion-builder-column-250{width:100% !important;order : 0;}.fusion-builder-column-250 > .fusion-column-wrapper {margin-right : 1.92%;margin-left : 1.92%;}}@media only screen and (max-width:640px) {.fusion-body .fusion-builder-column-250{width:100% !important;order : 0;}.fusion-builder-column-250 > .fusion-column-wrapper {margin-right : 1.92%;margin-left : 1.92%;}}<\/style><div class=\"fusion-layout-column fusion_builder_column fusion-builder-column-251 fusion_builder_column_1_4 1_4 fusion-flex-column img-to-filter\"><div class=\"fusion-column-wrapper fusion-flex-justify-content-flex-start fusion-content-layout-column\" style=\"background-position:left top;background-repeat:no-repeat;-webkit-background-size:cover;-moz-background-size:cover;-o-background-size:cover;background-size:cover;padding: 0px 0px 0px 0px;\"><div ><span class=\"fusion-imageframe imageframe-none imageframe-251 hover-type-none\"><a href=\"https:\/\/www.deco-charpente.fr\/wp-content\/uploads\/2024\/03\/Pergola-dans-la-nature.jpg\" class=\"fusion-lightbox\" data-rel=\"iLightbox[gallery-image]\" data-title=\"Pergola dans la nature\" title=\"Pergola in nature\"><img decoding=\"async\" width=\"2049\" height=\"1536\" src=\"https:\/\/www.deco-charpente.fr\/wp-content\/uploads\/2024\/03\/Pergola-dans-la-nature.jpg\" class=\"img-responsive wp-image-10015\" srcset=\"https:\/\/www.deco-charpente.fr\/wp-content\/uploads\/2024\/03\/Pergola-dans-la-nature-200x150.jpg 200w, https:\/\/www.deco-charpente.fr\/wp-content\/uploads\/2024\/03\/Pergola-dans-la-nature-400x300.jpg 400w, https:\/\/www.deco-charpente.fr\/wp-content\/uploads\/2024\/03\/Pergola-dans-la-nature-600x450.jpg 600w, https:\/\/www.deco-charpente.fr\/wp-content\/uploads\/2024\/03\/Pergola-dans-la-nature-800x600.jpg 800w, https:\/\/www.deco-charpente.fr\/wp-content\/uploads\/2024\/03\/Pergola-dans-la-nature-1200x900.jpg 1200w, https:\/\/www.deco-charpente.fr\/wp-content\/uploads\/2024\/03\/Pergola-dans-la-nature.jpg 2049w\" sizes=\"(max-width: 1024px) 100vw, (max-width: 640px) 100vw, 600px\" \/><\/a><\/span><\/div><div class=\"fusion-text fusion-text-501 tags\" style=\"transform:translate3d(0,0,0);\"><p>Pergola<\/p>\n<\/div><div class=\"fusion-text fusion-text-502 description\" style=\"transform:translate3d(0,0,0);\"><p>Self-supporting wooden pergola<\/p>\n<\/div><\/div><\/div><style type=\"text\/css\">.fusion-body .fusion-builder-column-251{width:25% !important;margin-top : 0px;margin-bottom : 20px;}.fusion-builder-column-251 > .fusion-column-wrapper {padding-top : 0px !important;padding-right : 0px !important;margin-right : 7.68%;padding-bottom : 0px !important;padding-left : 0px !important;margin-left : 7.68%;}@media only screen and (max-width:1024px) {.fusion-body .fusion-builder-column-251{width:100% !important;order : 0;}.fusion-builder-column-251 > .fusion-column-wrapper {margin-right : 1.92%;margin-left : 1.92%;}}@media only screen and (max-width:640px) {.fusion-body .fusion-builder-column-251{width:100% !important;order : 0;}.fusion-builder-column-251 > .fusion-column-wrapper {margin-right : 1.92%;margin-left : 1.92%;}}<\/style><div class=\"fusion-layout-column fusion_builder_column fusion-builder-column-252 fusion_builder_column_1_4 1_4 fusion-flex-column img-to-filter\"><div class=\"fusion-column-wrapper fusion-flex-justify-content-flex-start fusion-content-layout-column\" style=\"background-position:left top;background-repeat:no-repeat;-webkit-background-size:cover;-moz-background-size:cover;-o-background-size:cover;background-size:cover;padding: 0px 0px 0px 0px;\"><div ><span class=\"fusion-imageframe imageframe-none imageframe-252 hover-type-none\"><a href=\"https:\/\/www.deco-charpente.fr\/wp-content\/uploads\/2021\/03\/pergola-autoportee.jpg\" class=\"fusion-lightbox\" data-rel=\"iLightbox[gallery-image]\" data-title=\"pergola autoport\u00e9e\" title=\"self-supporting pergola\"><img decoding=\"async\" width=\"1600\" height=\"1200\" src=\"https:\/\/www.deco-charpente.fr\/wp-content\/uploads\/2021\/03\/pergola-autoportee.jpg\" class=\"img-responsive wp-image-4772\" srcset=\"https:\/\/www.deco-charpente.fr\/wp-content\/uploads\/2021\/03\/pergola-autoportee-200x150.jpg 200w, https:\/\/www.deco-charpente.fr\/wp-content\/uploads\/2021\/03\/pergola-autoportee-400x300.jpg 400w, https:\/\/www.deco-charpente.fr\/wp-content\/uploads\/2021\/03\/pergola-autoportee-600x450.jpg 600w, https:\/\/www.deco-charpente.fr\/wp-content\/uploads\/2021\/03\/pergola-autoportee-800x600.jpg 800w, https:\/\/www.deco-charpente.fr\/wp-content\/uploads\/2021\/03\/pergola-autoportee-1200x900.jpg 1200w, https:\/\/www.deco-charpente.fr\/wp-content\/uploads\/2021\/03\/pergola-autoportee.jpg 1600w\" sizes=\"(max-width: 1024px) 100vw, (max-width: 640px) 100vw, 600px\" \/><\/a><\/span><\/div><div class=\"fusion-text fusion-text-503 tags\" style=\"transform:translate3d(0,0,0);\"><p>Pergola<\/p>\n<\/div><div class=\"fusion-text fusion-text-504 description\" style=\"transform:translate3d(0,0,0);\"><p>Self-supporting wooden pergola<\/p>\n<\/div><\/div><\/div><style type=\"text\/css\">.fusion-body .fusion-builder-column-252{width:25% !important;margin-top : 0px;margin-bottom : 20px;}.fusion-builder-column-252 > .fusion-column-wrapper {padding-top : 0px !important;padding-right : 0px !important;margin-right : 7.68%;padding-bottom : 0px !important;padding-left : 0px !important;margin-left : 7.68%;}@media only screen and (max-width:1024px) {.fusion-body .fusion-builder-column-252{width:100% !important;order : 0;}.fusion-builder-column-252 > .fusion-column-wrapper {margin-right : 1.92%;margin-left : 1.92%;}}@media only screen and (max-width:640px) {.fusion-body .fusion-builder-column-252{width:100% !important;order : 0;}.fusion-builder-column-252 > .fusion-column-wrapper {margin-right : 1.92%;margin-left : 1.92%;}}<\/style><div class=\"fusion-layout-column fusion_builder_column fusion-builder-column-253 fusion_builder_column_1_4 1_4 fusion-flex-column img-to-filter\"><div class=\"fusion-column-wrapper fusion-flex-justify-content-flex-start fusion-content-layout-column\" style=\"background-position:left top;background-repeat:no-repeat;-webkit-background-size:cover;-moz-background-size:cover;-o-background-size:cover;background-size:cover;padding: 0px 0px 0px 0px;\"><div ><span class=\"fusion-imageframe imageframe-none imageframe-253 hover-type-none\"><a href=\"https:\/\/www.deco-charpente.fr\/wp-content\/uploads\/2021\/03\/pergola-bois-terrasse.jpg\" class=\"fusion-lightbox\" data-rel=\"iLightbox[gallery-image]\" data-title=\"pergola bois terrasse\" title=\"wooden pergola terrace\"><img decoding=\"async\" width=\"1018\" height=\"728\" src=\"https:\/\/www.deco-charpente.fr\/wp-content\/uploads\/2021\/03\/pergola-bois-terrasse.jpg\" class=\"img-responsive wp-image-4777\" srcset=\"https:\/\/www.deco-charpente.fr\/wp-content\/uploads\/2021\/03\/pergola-bois-terrasse-200x143.jpg 200w, https:\/\/www.deco-charpente.fr\/wp-content\/uploads\/2021\/03\/pergola-bois-terrasse-400x286.jpg 400w, https:\/\/www.deco-charpente.fr\/wp-content\/uploads\/2021\/03\/pergola-bois-terrasse-600x429.jpg 600w, https:\/\/www.deco-charpente.fr\/wp-content\/uploads\/2021\/03\/pergola-bois-terrasse-800x572.jpg 800w, https:\/\/www.deco-charpente.fr\/wp-content\/uploads\/2021\/03\/pergola-bois-terrasse.jpg 1018w\" sizes=\"(max-width: 1024px) 100vw, (max-width: 640px) 100vw, 600px\" \/><\/a><\/span><\/div><div class=\"fusion-text fusion-text-505 tags\" style=\"transform:translate3d(0,0,0);\"><p>Pergola<\/p>\n<\/div><div class=\"fusion-text fusion-text-506 description\" style=\"transform:translate3d(0,0,0);\"><p>Pergola on terrace swimming pool area<\/p>\n<\/div><\/div><\/div><style type=\"text\/css\">.fusion-body .fusion-builder-column-253{width:25% !important;margin-top : 0px;margin-bottom : 20px;}.fusion-builder-column-253 > .fusion-column-wrapper {padding-top : 0px !important;padding-right : 0px !important;margin-right : 7.68%;padding-bottom : 0px !important;padding-left : 0px !important;margin-left : 7.68%;}@media only screen and (max-width:1024px) {.fusion-body .fusion-builder-column-253{width:100% !important;order : 0;}.fusion-builder-column-253 > .fusion-column-wrapper {margin-right : 1.92%;margin-left : 1.92%;}}@media only screen and (max-width:640px) {.fusion-body .fusion-builder-column-253{width:100% !important;order : 0;}.fusion-builder-column-253 > .fusion-column-wrapper {margin-right : 1.92%;margin-left : 1.92%;}}<\/style><div class=\"fusion-layout-column fusion_builder_column fusion-builder-column-254 fusion_builder_column_1_4 1_4 fusion-flex-column img-to-filter\"><div class=\"fusion-column-wrapper fusion-flex-justify-content-flex-start fusion-content-layout-column\" style=\"background-position:left top;background-repeat:no-repeat;-webkit-background-size:cover;-moz-background-size:cover;-o-background-size:cover;background-size:cover;padding: 0px 0px 0px 0px;\"><div ><span class=\"fusion-imageframe imageframe-none imageframe-254 hover-type-none\"><a href=\"https:\/\/www.deco-charpente.fr\/wp-content\/uploads\/2021\/08\/1624549544791.jpeg\" class=\"fusion-lightbox\" data-rel=\"iLightbox[gallery-image]\" data-title=\"Pergola \u00e0 persiennes\" title=\"Louvered pergola\"><img decoding=\"async\" width=\"1478\" height=\"1108\" src=\"https:\/\/www.deco-charpente.fr\/wp-content\/uploads\/2021\/08\/1624549544791.jpeg\" class=\"img-responsive wp-image-5049\" srcset=\"https:\/\/www.deco-charpente.fr\/wp-content\/uploads\/2021\/08\/1624549544791-200x150.jpeg 200w, https:\/\/www.deco-charpente.fr\/wp-content\/uploads\/2021\/08\/1624549544791-400x300.jpeg 400w, https:\/\/www.deco-charpente.fr\/wp-content\/uploads\/2021\/08\/1624549544791-600x450.jpeg 600w, https:\/\/www.deco-charpente.fr\/wp-content\/uploads\/2021\/08\/1624549544791-800x600.jpeg 800w, https:\/\/www.deco-charpente.fr\/wp-content\/uploads\/2021\/08\/1624549544791-1200x900.jpeg 1200w, https:\/\/www.deco-charpente.fr\/wp-content\/uploads\/2021\/08\/1624549544791.jpeg 1478w\" sizes=\"(max-width: 1024px) 100vw, (max-width: 640px) 100vw, 600px\" \/><\/a><\/span><\/div><div class=\"fusion-text fusion-text-507 tags\" style=\"transform:translate3d(0,0,0);\"><p>Pergola<\/p>\n<\/div><div class=\"fusion-text fusion-text-508 description\" style=\"transform:translate3d(0,0,0);\"><p>Louvered pergola<\/p>\n<\/div><\/div><\/div><style type=\"text\/css\">.fusion-body .fusion-builder-column-254{width:25% !important;margin-top : 0px;margin-bottom : 20px;}.fusion-builder-column-254 > .fusion-column-wrapper {padding-top : 0px !important;padding-right : 0px !important;margin-right : 7.68%;padding-bottom : 0px !important;padding-left : 0px !important;margin-left : 7.68%;}@media only screen and (max-width:1024px) {.fusion-body .fusion-builder-column-254{width:100% !important;order : 0;}.fusion-builder-column-254 > .fusion-column-wrapper {margin-right : 1.92%;margin-left : 1.92%;}}@media only screen and (max-width:640px) {.fusion-body .fusion-builder-column-254{width:100% !important;order : 0;}.fusion-builder-column-254 > .fusion-column-wrapper {margin-right : 1.92%;margin-left : 1.92%;}}<\/style><div class=\"fusion-layout-column fusion_builder_column fusion-builder-column-255 fusion_builder_column_1_4 1_4 fusion-flex-column img-to-filter\"><div class=\"fusion-column-wrapper fusion-flex-justify-content-flex-start fusion-content-layout-column\" style=\"background-position:left top;background-repeat:no-repeat;-webkit-background-size:cover;-moz-background-size:cover;-o-background-size:cover;background-size:cover;padding: 0px 0px 0px 0px;\"><div ><span class=\"fusion-imageframe imageframe-none imageframe-255 hover-type-none\"><a href=\"https:\/\/www.deco-charpente.fr\/wp-content\/uploads\/2024\/03\/Pergola-a-persiennes-sur-terrasse.jpg\" class=\"fusion-lightbox\" data-rel=\"iLightbox[gallery-image]\" data-title=\"Pergola a\u0300 persiennes sur terrasse\" title=\"Louvered pergola on terrace\"><img decoding=\"async\" width=\"2048\" height=\"1536\" src=\"https:\/\/www.deco-charpente.fr\/wp-content\/uploads\/2024\/03\/Pergola-a-persiennes-sur-terrasse.jpg\" class=\"img-responsive wp-image-10012\" srcset=\"https:\/\/www.deco-charpente.fr\/wp-content\/uploads\/2024\/03\/Pergola-a-persiennes-sur-terrasse-200x150.jpg 200w, https:\/\/www.deco-charpente.fr\/wp-content\/uploads\/2024\/03\/Pergola-a-persiennes-sur-terrasse-400x300.jpg 400w, https:\/\/www.deco-charpente.fr\/wp-content\/uploads\/2024\/03\/Pergola-a-persiennes-sur-terrasse-600x450.jpg 600w, https:\/\/www.deco-charpente.fr\/wp-content\/uploads\/2024\/03\/Pergola-a-persiennes-sur-terrasse-800x600.jpg 800w, https:\/\/www.deco-charpente.fr\/wp-content\/uploads\/2024\/03\/Pergola-a-persiennes-sur-terrasse-1200x900.jpg 1200w, https:\/\/www.deco-charpente.fr\/wp-content\/uploads\/2024\/03\/Pergola-a-persiennes-sur-terrasse.jpg 2048w\" sizes=\"(max-width: 1024px) 100vw, (max-width: 640px) 100vw, 600px\" \/><\/a><\/span><\/div><div class=\"fusion-text fusion-text-509 tags\" style=\"transform:translate3d(0,0,0);\"><p>Pergola<\/p>\n<\/div><div class=\"fusion-text fusion-text-510 description\" style=\"transform:translate3d(0,0,0);\"><p>Louvered pergola<\/p>\n<\/div><\/div><\/div><style type=\"text\/css\">.fusion-body .fusion-builder-column-255{width:25% !important;margin-top : 0px;margin-bottom : 20px;}.fusion-builder-column-255 > .fusion-column-wrapper {padding-top : 0px !important;padding-right : 0px !important;margin-right : 7.68%;padding-bottom : 0px !important;padding-left : 0px !important;margin-left : 7.68%;}@media only screen and (max-width:1024px) {.fusion-body .fusion-builder-column-255{width:100% !important;order : 0;}.fusion-builder-column-255 > .fusion-column-wrapper {margin-right : 1.92%;margin-left : 1.92%;}}@media only screen and (max-width:640px) {.fusion-body .fusion-builder-column-255{width:100% !important;order : 0;}.fusion-builder-column-255 > .fusion-column-wrapper {margin-right : 1.92%;margin-left : 1.92%;}}<\/style><div class=\"fusion-layout-column fusion_builder_column fusion-builder-column-256 fusion_builder_column_1_4 1_4 fusion-flex-column img-to-filter\"><div class=\"fusion-column-wrapper fusion-flex-justify-content-flex-start fusion-content-layout-column\" style=\"background-position:left top;background-repeat:no-repeat;-webkit-background-size:cover;-moz-background-size:cover;-o-background-size:cover;background-size:cover;padding: 0px 0px 0px 0px;\"><div ><span class=\"fusion-imageframe imageframe-none imageframe-256 hover-type-none\"><a href=\"https:\/\/www.deco-charpente.fr\/wp-content\/uploads\/2023\/01\/C6-Janvier-2023-12.jpg\" class=\"fusion-lightbox\" data-rel=\"iLightbox[gallery-image]\" data-title=\"C6 &#8211; Janvier 2023 &#8211; 12\" title=\"C6 \u2013 January 2023 \u2013 12\"><img decoding=\"async\" width=\"1818\" height=\"1362\" src=\"https:\/\/www.deco-charpente.fr\/wp-content\/uploads\/2023\/01\/C6-Janvier-2023-12.jpg\" class=\"img-responsive wp-image-7808\" srcset=\"https:\/\/www.deco-charpente.fr\/wp-content\/uploads\/2023\/01\/C6-Janvier-2023-12-200x150.jpg 200w, https:\/\/www.deco-charpente.fr\/wp-content\/uploads\/2023\/01\/C6-Janvier-2023-12-400x300.jpg 400w, https:\/\/www.deco-charpente.fr\/wp-content\/uploads\/2023\/01\/C6-Janvier-2023-12-600x450.jpg 600w, https:\/\/www.deco-charpente.fr\/wp-content\/uploads\/2023\/01\/C6-Janvier-2023-12-800x599.jpg 800w, https:\/\/www.deco-charpente.fr\/wp-content\/uploads\/2023\/01\/C6-Janvier-2023-12-1200x899.jpg 1200w, https:\/\/www.deco-charpente.fr\/wp-content\/uploads\/2023\/01\/C6-Janvier-2023-12.jpg 1818w\" sizes=\"(max-width: 1024px) 100vw, (max-width: 640px) 100vw, 600px\" \/><\/a><\/span><\/div><div class=\"fusion-text fusion-text-511 tags\" style=\"transform:translate3d(0,0,0);\"><p>Pergola<\/p>\n<\/div><div class=\"fusion-text fusion-text-512 description\" style=\"transform:translate3d(0,0,0);\"><p>Louvered pergola<\/p>\n<\/div><\/div><\/div><style type=\"text\/css\">.fusion-body .fusion-builder-column-256{width:25% !important;margin-top : 0px;margin-bottom : 20px;}.fusion-builder-column-256 > .fusion-column-wrapper {padding-top : 0px !important;padding-right : 0px !important;margin-right : 7.68%;padding-bottom : 0px !important;padding-left : 0px !important;margin-left : 7.68%;}@media only screen and (max-width:1024px) {.fusion-body .fusion-builder-column-256{width:100% !important;order : 0;}.fusion-builder-column-256 > .fusion-column-wrapper {margin-right : 1.92%;margin-left : 1.92%;}}@media only screen and (max-width:640px) {.fusion-body .fusion-builder-column-256{width:100% !important;order : 0;}.fusion-builder-column-256 > .fusion-column-wrapper {margin-right : 1.92%;margin-left : 1.92%;}}<\/style><div class=\"fusion-layout-column fusion_builder_column fusion-builder-column-257 fusion_builder_column_1_4 1_4 fusion-flex-column img-to-filter\"><div class=\"fusion-column-wrapper fusion-flex-justify-content-flex-start fusion-content-layout-column\" style=\"background-position:left top;background-repeat:no-repeat;-webkit-background-size:cover;-moz-background-size:cover;-o-background-size:cover;background-size:cover;padding: 0px 0px 0px 0px;\"><div ><span class=\"fusion-imageframe imageframe-none imageframe-257 hover-type-none\"><a href=\"https:\/\/www.deco-charpente.fr\/wp-content\/uploads\/2021\/09\/Pergola-a-persiennes.jpg\" class=\"fusion-lightbox\" data-rel=\"iLightbox[gallery-image]\" data-title=\"Pergola \u00e0 persiennes\" title=\"Louvered pergola\"><img decoding=\"async\" width=\"715\" height=\"582\" src=\"https:\/\/www.deco-charpente.fr\/wp-content\/uploads\/2021\/09\/Pergola-a-persiennes.jpg\" class=\"img-responsive wp-image-5059\" srcset=\"https:\/\/www.deco-charpente.fr\/wp-content\/uploads\/2021\/09\/Pergola-a-persiennes-200x163.jpg 200w, https:\/\/www.deco-charpente.fr\/wp-content\/uploads\/2021\/09\/Pergola-a-persiennes-400x326.jpg 400w, https:\/\/www.deco-charpente.fr\/wp-content\/uploads\/2021\/09\/Pergola-a-persiennes-600x488.jpg 600w, https:\/\/www.deco-charpente.fr\/wp-content\/uploads\/2021\/09\/Pergola-a-persiennes.jpg 715w\" sizes=\"(max-width: 1024px) 100vw, (max-width: 640px) 100vw, 600px\" \/><\/a><\/span><\/div><div class=\"fusion-text fusion-text-513 tags\" style=\"transform:translate3d(0,0,0);\"><p>Pergola<\/p>\n<\/div><div class=\"fusion-text fusion-text-514 description\" style=\"transform:translate3d(0,0,0);\"><p>Louvered pergola<\/p>\n<\/div><\/div><\/div><style type=\"text\/css\">.fusion-body .fusion-builder-column-257{width:25% !important;margin-top : 0px;margin-bottom : 20px;}.fusion-builder-column-257 > .fusion-column-wrapper {padding-top : 0px !important;padding-right : 0px !important;margin-right : 7.68%;padding-bottom : 0px !important;padding-left : 0px !important;margin-left : 7.68%;}@media only screen and (max-width:1024px) {.fusion-body .fusion-builder-column-257{width:100% !important;order : 0;}.fusion-builder-column-257 > .fusion-column-wrapper {margin-right : 1.92%;margin-left : 1.92%;}}@media only screen and (max-width:640px) {.fusion-body .fusion-builder-column-257{width:100% !important;order : 0;}.fusion-builder-column-257 > .fusion-column-wrapper {margin-right : 1.92%;margin-left : 1.92%;}}<\/style><div class=\"fusion-layout-column fusion_builder_column fusion-builder-column-258 fusion_builder_column_1_4 1_4 fusion-flex-column img-to-filter\"><div class=\"fusion-column-wrapper fusion-flex-justify-content-flex-start fusion-content-layout-column\" style=\"background-position:left top;background-repeat:no-repeat;-webkit-background-size:cover;-moz-background-size:cover;-o-background-size:cover;background-size:cover;padding: 0px 0px 0px 0px;\"><div ><span class=\"fusion-imageframe imageframe-none imageframe-258 hover-type-none\"><a href=\"https:\/\/www.deco-charpente.fr\/wp-content\/uploads\/2020\/08\/pergola-bois-deco-charpente.jpg\" class=\"fusion-lightbox\" data-rel=\"iLightbox[gallery-image]\" data-title=\"pergola bois deco charpente\" title=\"wooden pergola decoration frame\"><img decoding=\"async\" width=\"1097\" height=\"768\" src=\"https:\/\/www.deco-charpente.fr\/wp-content\/uploads\/2020\/08\/pergola-bois-deco-charpente.jpg\" class=\"img-responsive wp-image-2816\" srcset=\"https:\/\/www.deco-charpente.fr\/wp-content\/uploads\/2020\/08\/pergola-bois-deco-charpente-200x140.jpg 200w, https:\/\/www.deco-charpente.fr\/wp-content\/uploads\/2020\/08\/pergola-bois-deco-charpente-400x280.jpg 400w, https:\/\/www.deco-charpente.fr\/wp-content\/uploads\/2020\/08\/pergola-bois-deco-charpente-600x420.jpg 600w, https:\/\/www.deco-charpente.fr\/wp-content\/uploads\/2020\/08\/pergola-bois-deco-charpente-800x560.jpg 800w, https:\/\/www.deco-charpente.fr\/wp-content\/uploads\/2020\/08\/pergola-bois-deco-charpente.jpg 1097w\" sizes=\"(max-width: 1024px) 100vw, (max-width: 640px) 100vw, 600px\" \/><\/a><\/span><\/div><div class=\"fusion-text fusion-text-515 tags\" style=\"transform:translate3d(0,0,0);\"><p>Pergola<\/p>\n<\/div><div class=\"fusion-text fusion-text-516 description\" style=\"transform:translate3d(0,0,0);\"><p>Pergola curved links on terrace<\/p>\n<\/div><\/div><\/div><style type=\"text\/css\">.fusion-body .fusion-builder-column-258{width:25% !important;margin-top : 0px;margin-bottom : 20px;}.fusion-builder-column-258 > .fusion-column-wrapper {padding-top : 0px !important;padding-right : 0px !important;margin-right : 7.68%;padding-bottom : 0px !important;padding-left : 0px !important;margin-left : 7.68%;}@media only screen and (max-width:1024px) {.fusion-body .fusion-builder-column-258{width:100% !important;order : 0;}.fusion-builder-column-258 > .fusion-column-wrapper {margin-right : 1.92%;margin-left : 1.92%;}}@media only screen and (max-width:640px) {.fusion-body .fusion-builder-column-258{width:100% !important;order : 0;}.fusion-builder-column-258 > .fusion-column-wrapper {margin-right : 1.92%;margin-left : 1.92%;}}<\/style><div class=\"fusion-layout-column fusion_builder_column fusion-builder-column-259 fusion_builder_column_1_4 1_4 fusion-flex-column img-to-filter\"><div class=\"fusion-column-wrapper fusion-flex-justify-content-flex-start fusion-content-layout-column\" style=\"background-position:left top;background-repeat:no-repeat;-webkit-background-size:cover;-moz-background-size:cover;-o-background-size:cover;background-size:cover;padding: 0px 0px 0px 0px;\"><div ><span class=\"fusion-imageframe imageframe-none imageframe-259 hover-type-none\"><a href=\"https:\/\/www.deco-charpente.fr\/wp-content\/uploads\/2020\/08\/20180712_132127-03.jpg\" class=\"fusion-lightbox\" data-rel=\"iLightbox[gallery-image]\" data-title=\"Nos Showrooms\" title=\"Our Showrooms\"><img decoding=\"async\" width=\"1243\" height=\"922\" alt=\"Nos Showrooms\" src=\"https:\/\/www.deco-charpente.fr\/wp-content\/uploads\/2020\/08\/20180712_132127-03.jpg\" class=\"img-responsive wp-image-1711\" srcset=\"https:\/\/www.deco-charpente.fr\/wp-content\/uploads\/2020\/08\/20180712_132127-03-200x148.jpg 200w, https:\/\/www.deco-charpente.fr\/wp-content\/uploads\/2020\/08\/20180712_132127-03-400x297.jpg 400w, https:\/\/www.deco-charpente.fr\/wp-content\/uploads\/2020\/08\/20180712_132127-03-600x445.jpg 600w, https:\/\/www.deco-charpente.fr\/wp-content\/uploads\/2020\/08\/20180712_132127-03-800x593.jpg 800w, https:\/\/www.deco-charpente.fr\/wp-content\/uploads\/2020\/08\/20180712_132127-03-1200x890.jpg 1200w, https:\/\/www.deco-charpente.fr\/wp-content\/uploads\/2020\/08\/20180712_132127-03.jpg 1243w\" sizes=\"(max-width: 1024px) 100vw, (max-width: 640px) 100vw, 600px\" \/><\/a><\/span><\/div><div class=\"fusion-text fusion-text-517 tags\" style=\"transform:translate3d(0,0,0);\"><p>Pergola<\/p>\n<\/div><div class=\"fusion-text fusion-text-518 description\" style=\"transform:translate3d(0,0,0);\"><p>Diamond tip pergola from below<\/p>\n<\/div><\/div><\/div><style type=\"text\/css\">.fusion-body .fusion-builder-column-259{width:25% !important;margin-top : 0px;margin-bottom : 20px;}.fusion-builder-column-259 > .fusion-column-wrapper {padding-top : 0px !important;padding-right : 0px !important;margin-right : 7.68%;padding-bottom : 0px !important;padding-left : 0px !important;margin-left : 7.68%;}@media only screen and (max-width:1024px) {.fusion-body .fusion-builder-column-259{width:100% !important;order : 0;}.fusion-builder-column-259 > .fusion-column-wrapper {margin-right : 1.92%;margin-left : 1.92%;}}@media only screen and (max-width:640px) {.fusion-body .fusion-builder-column-259{width:100% !important;order : 0;}.fusion-builder-column-259 > .fusion-column-wrapper {margin-right : 1.92%;margin-left : 1.92%;}}<\/style><div class=\"fusion-layout-column fusion_builder_column fusion-builder-column-260 fusion_builder_column_1_4 1_4 fusion-flex-column img-to-filter\"><div class=\"fusion-column-wrapper fusion-flex-justify-content-flex-start fusion-content-layout-column\" style=\"background-position:left top;background-repeat:no-repeat;-webkit-background-size:cover;-moz-background-size:cover;-o-background-size:cover;background-size:cover;padding: 0px 0px 0px 0px;\"><div ><span class=\"fusion-imageframe imageframe-none imageframe-260 hover-type-none\"><a href=\"https:\/\/www.deco-charpente.fr\/wp-content\/uploads\/2020\/08\/kiosque-2-pentes-forme-tunnel-garde-corps-\u00e0-barreaudage.jpg\" class=\"fusion-lightbox\" data-rel=\"iLightbox[gallery-image]\" data-title=\"kiosque 2 pentes forme tunnel &#8211; garde-corps \u00e0 barreaudage\" title=\"2-slope tunnel-shaped kiosk \u2013 bar guardrail\"><img decoding=\"async\" width=\"1024\" height=\"768\" src=\"https:\/\/www.deco-charpente.fr\/wp-content\/uploads\/2020\/08\/kiosque-2-pentes-forme-tunnel-garde-corps-\u00e0-barreaudage.jpg\" class=\"img-responsive wp-image-2202\" srcset=\"https:\/\/www.deco-charpente.fr\/wp-content\/uploads\/2020\/08\/kiosque-2-pentes-forme-tunnel-garde-corps-\u00e0-barreaudage-300x225.jpg 300w, https:\/\/www.deco-charpente.fr\/wp-content\/uploads\/2020\/08\/kiosque-2-pentes-forme-tunnel-garde-corps-\u00e0-barreaudage-768x576.jpg 768w, https:\/\/www.deco-charpente.fr\/wp-content\/uploads\/2020\/08\/kiosque-2-pentes-forme-tunnel-garde-corps-\u00e0-barreaudage.jpg 1024w\" sizes=\"(max-width: 1024px) 100vw, 1024px\" \/><\/a><\/span><\/div><div class=\"fusion-text fusion-text-519 tags\" style=\"transform:translate3d(0,0,0);\"><p>Collective space<\/p>\n<\/div><div class=\"fusion-text fusion-text-520 description\" style=\"transform:translate3d(0,0,0);\"><p>Pool house hotel<\/p>\n<\/div><\/div><\/div><style type=\"text\/css\">.fusion-body .fusion-builder-column-260{width:25% !important;margin-top : 0px;margin-bottom : 20px;}.fusion-builder-column-260 > .fusion-column-wrapper {padding-top : 0px !important;padding-right : 0px !important;margin-right : 7.68%;padding-bottom : 0px !important;padding-left : 0px !important;margin-left : 7.68%;}@media only screen and (max-width:1024px) {.fusion-body .fusion-builder-column-260{width:100% !important;order : 0;}.fusion-builder-column-260 > .fusion-column-wrapper {margin-right : 1.92%;margin-left : 1.92%;}}@media only screen and (max-width:640px) {.fusion-body .fusion-builder-column-260{width:100% !important;order : 0;}.fusion-builder-column-260 > .fusion-column-wrapper {margin-right : 1.92%;margin-left : 1.92%;}}<\/style><div class=\"fusion-layout-column fusion_builder_column fusion-builder-column-261 fusion_builder_column_1_4 1_4 fusion-flex-column img-to-filter\"><div class=\"fusion-column-wrapper fusion-flex-justify-content-flex-start fusion-content-layout-column\" style=\"background-position:left top;background-repeat:no-repeat;-webkit-background-size:cover;-moz-background-size:cover;-o-background-size:cover;background-size:cover;padding: 0px 0px 0px 0px;\"><div ><span class=\"fusion-imageframe imageframe-none imageframe-261 hover-type-none\"><a href=\"https:\/\/www.deco-charpente.fr\/wp-content\/uploads\/2025\/10\/appentis-maison-terasse-bois.jpg\" class=\"fusion-lightbox\" data-rel=\"iLightbox[gallery-image]\" data-title=\"appentis-maison-terasse-bois\" title=\"appentis-maison-terasse-bois\"><img decoding=\"async\" width=\"1024\" height=\"1310\" src=\"https:\/\/www.deco-charpente.fr\/wp-content\/uploads\/2025\/10\/appentis-maison-terasse-bois.jpg\" class=\"img-responsive wp-image-12224\" srcset=\"https:\/\/www.deco-charpente.fr\/wp-content\/uploads\/2025\/10\/appentis-maison-terasse-bois-200x256.jpg 200w, https:\/\/www.deco-charpente.fr\/wp-content\/uploads\/2025\/10\/appentis-maison-terasse-bois-400x512.jpg 400w, https:\/\/www.deco-charpente.fr\/wp-content\/uploads\/2025\/10\/appentis-maison-terasse-bois-600x768.jpg 600w, https:\/\/www.deco-charpente.fr\/wp-content\/uploads\/2025\/10\/appentis-maison-terasse-bois-800x1023.jpg 800w, https:\/\/www.deco-charpente.fr\/wp-content\/uploads\/2025\/10\/appentis-maison-terasse-bois.jpg 1024w\" sizes=\"(max-width: 1024px) 100vw, (max-width: 640px) 100vw, 600px\" \/><\/a><\/span><\/div><div class=\"fusion-text fusion-text-521 tags\" style=\"transform:translate3d(0,0,0);\"><p>Lean-to &amp; Awning<\/p>\n<\/div><div class=\"fusion-text fusion-text-522 description\" style=\"transform:translate3d(0,0,0);\"><p>Lean-to on terrace<\/p>\n<\/div><\/div><\/div><style type=\"text\/css\">.fusion-body .fusion-builder-column-261{width:25% !important;margin-top : 0px;margin-bottom : 20px;}.fusion-builder-column-261 > .fusion-column-wrapper {padding-top : 0px !important;padding-right : 0px !important;margin-right : 7.68%;padding-bottom : 0px !important;padding-left : 0px !important;margin-left : 7.68%;}@media only screen and (max-width:1024px) {.fusion-body .fusion-builder-column-261{width:100% !important;order : 0;}.fusion-builder-column-261 > .fusion-column-wrapper {margin-right : 1.92%;margin-left : 1.92%;}}@media only screen and (max-width:640px) {.fusion-body .fusion-builder-column-261{width:100% !important;order : 0;}.fusion-builder-column-261 > .fusion-column-wrapper {margin-right : 1.92%;margin-left : 1.92%;}}<\/style><div class=\"fusion-layout-column fusion_builder_column fusion-builder-column-262 fusion_builder_column_1_4 1_4 fusion-flex-column img-to-filter\"><div class=\"fusion-column-wrapper fusion-flex-justify-content-flex-start fusion-content-layout-column\" style=\"background-position:left top;background-repeat:no-repeat;-webkit-background-size:cover;-moz-background-size:cover;-o-background-size:cover;background-size:cover;padding: 0px 0px 0px 0px;\"><div ><span class=\"fusion-imageframe imageframe-none imageframe-262 hover-type-none\"><a href=\"https:\/\/www.deco-charpente.fr\/wp-content\/uploads\/2025\/03\/IMG_7070-1.jpg\" class=\"fusion-lightbox\" data-rel=\"iLightbox[gallery-image]\" data-title=\"Appentis toit plat\" title=\"Flat roof lean-to\"><img decoding=\"async\" width=\"724\" height=\"620\" src=\"https:\/\/www.deco-charpente.fr\/wp-content\/uploads\/2025\/03\/IMG_7070-1.jpg\" class=\"img-responsive wp-image-11604\" srcset=\"https:\/\/www.deco-charpente.fr\/wp-content\/uploads\/2025\/03\/IMG_7070-1-200x171.jpg 200w, https:\/\/www.deco-charpente.fr\/wp-content\/uploads\/2025\/03\/IMG_7070-1-400x343.jpg 400w, https:\/\/www.deco-charpente.fr\/wp-content\/uploads\/2025\/03\/IMG_7070-1-600x514.jpg 600w, https:\/\/www.deco-charpente.fr\/wp-content\/uploads\/2025\/03\/IMG_7070-1.jpg 724w\" sizes=\"(max-width: 1024px) 100vw, (max-width: 640px) 100vw, 600px\" \/><\/a><\/span><\/div><div class=\"fusion-text fusion-text-523 tags\" style=\"transform:translate3d(0,0,0);\"><p>Lean-to &amp; Awning<\/p>\n<\/div><div class=\"fusion-text fusion-text-524 description\" style=\"transform:translate3d(0,0,0);\"><p>Porche d&rsquo;entr\u00e9e<\/p>\n<\/div><\/div><\/div><style type=\"text\/css\">.fusion-body .fusion-builder-column-262{width:25% !important;margin-top : 0px;margin-bottom : 20px;}.fusion-builder-column-262 > .fusion-column-wrapper {padding-top : 0px !important;padding-right : 0px !important;margin-right : 7.68%;padding-bottom : 0px !important;padding-left : 0px !important;margin-left : 7.68%;}@media only screen and (max-width:1024px) {.fusion-body .fusion-builder-column-262{width:100% !important;order : 0;}.fusion-builder-column-262 > .fusion-column-wrapper {margin-right : 1.92%;margin-left : 1.92%;}}@media only screen and (max-width:640px) {.fusion-body .fusion-builder-column-262{width:100% !important;order : 0;}.fusion-builder-column-262 > .fusion-column-wrapper {margin-right : 1.92%;margin-left : 1.92%;}}<\/style><div class=\"fusion-layout-column fusion_builder_column fusion-builder-column-263 fusion_builder_column_1_4 1_4 fusion-flex-column img-to-filter\"><div class=\"fusion-column-wrapper fusion-flex-justify-content-flex-start fusion-content-layout-column\" style=\"background-position:left top;background-repeat:no-repeat;-webkit-background-size:cover;-moz-background-size:cover;-o-background-size:cover;background-size:cover;padding: 0px 0px 0px 0px;\"><div ><span class=\"fusion-imageframe imageframe-none imageframe-263 hover-type-none\"><a href=\"https:\/\/www.deco-charpente.fr\/wp-content\/uploads\/2024\/12\/Appentis-sur-terrasse-scaled.jpg\" class=\"fusion-lightbox\" data-rel=\"iLightbox[gallery-image]\" data-title=\"Appentis sur terrasse\" title=\"Lean-to on terrace\"><img decoding=\"async\" width=\"2048\" height=\"970\" src=\"https:\/\/www.deco-charpente.fr\/wp-content\/uploads\/2024\/12\/Appentis-sur-terrasse-scaled.jpg\" class=\"img-responsive wp-image-11392\" srcset=\"https:\/\/www.deco-charpente.fr\/wp-content\/uploads\/2024\/12\/Appentis-sur-terrasse-200x95.jpg 200w, https:\/\/www.deco-charpente.fr\/wp-content\/uploads\/2024\/12\/Appentis-sur-terrasse-400x190.jpg 400w, https:\/\/www.deco-charpente.fr\/wp-content\/uploads\/2024\/12\/Appentis-sur-terrasse-600x284.jpg 600w, https:\/\/www.deco-charpente.fr\/wp-content\/uploads\/2024\/12\/Appentis-sur-terrasse-800x379.jpg 800w, https:\/\/www.deco-charpente.fr\/wp-content\/uploads\/2024\/12\/Appentis-sur-terrasse-1200x569.jpg 1200w, https:\/\/www.deco-charpente.fr\/wp-content\/uploads\/2024\/12\/Appentis-sur-terrasse-scaled.jpg 2048w\" sizes=\"(max-width: 1024px) 100vw, (max-width: 640px) 100vw, 600px\" \/><\/a><\/span><\/div><div class=\"fusion-text fusion-text-525 tags\" style=\"transform:translate3d(0,0,0);\"><p>Lean-to &amp; Awning<\/p>\n<\/div><div class=\"fusion-text fusion-text-526 description\" style=\"transform:translate3d(0,0,0);\"><p>Lean-to on terrace<\/p>\n<\/div><\/div><\/div><style type=\"text\/css\">.fusion-body .fusion-builder-column-263{width:25% !important;margin-top : 0px;margin-bottom : 20px;}.fusion-builder-column-263 > .fusion-column-wrapper {padding-top : 0px !important;padding-right : 0px !important;margin-right : 7.68%;padding-bottom : 0px !important;padding-left : 0px !important;margin-left : 7.68%;}@media only screen and (max-width:1024px) {.fusion-body .fusion-builder-column-263{width:100% !important;order : 0;}.fusion-builder-column-263 > .fusion-column-wrapper {margin-right : 1.92%;margin-left : 1.92%;}}@media only screen and (max-width:640px) {.fusion-body .fusion-builder-column-263{width:100% !important;order : 0;}.fusion-builder-column-263 > .fusion-column-wrapper {margin-right : 1.92%;margin-left : 1.92%;}}<\/style><div class=\"fusion-layout-column fusion_builder_column fusion-builder-column-264 fusion_builder_column_1_4 1_4 fusion-flex-column img-to-filter\"><div class=\"fusion-column-wrapper fusion-flex-justify-content-flex-start fusion-content-layout-column\" style=\"background-position:left top;background-repeat:no-repeat;-webkit-background-size:cover;-moz-background-size:cover;-o-background-size:cover;background-size:cover;padding: 0px 0px 0px 0px;\"><div ><span class=\"fusion-imageframe imageframe-none imageframe-264 hover-type-none\"><a href=\"https:\/\/www.deco-charpente.fr\/wp-content\/uploads\/2024\/12\/Appentis-bois.jpg\" class=\"fusion-lightbox\" data-rel=\"iLightbox[gallery-image]\" data-title=\"Appentis bois\" title=\"Wooden lean-to\"><img decoding=\"async\" width=\"1142\" height=\"1523\" src=\"https:\/\/www.deco-charpente.fr\/wp-content\/uploads\/2024\/12\/Appentis-bois.jpg\" class=\"img-responsive wp-image-11391\" srcset=\"https:\/\/www.deco-charpente.fr\/wp-content\/uploads\/2024\/12\/Appentis-bois-200x267.jpg 200w, https:\/\/www.deco-charpente.fr\/wp-content\/uploads\/2024\/12\/Appentis-bois-400x533.jpg 400w, https:\/\/www.deco-charpente.fr\/wp-content\/uploads\/2024\/12\/Appentis-bois-600x800.jpg 600w, https:\/\/www.deco-charpente.fr\/wp-content\/uploads\/2024\/12\/Appentis-bois-800x1067.jpg 800w, https:\/\/www.deco-charpente.fr\/wp-content\/uploads\/2024\/12\/Appentis-bois.jpg 1142w\" sizes=\"(max-width: 1024px) 100vw, (max-width: 640px) 100vw, 600px\" \/><\/a><\/span><\/div><div class=\"fusion-text fusion-text-527 tags\" style=\"transform:translate3d(0,0,0);\"><p>Lean-to &amp; Awning<\/p>\n<\/div><div class=\"fusion-text fusion-text-528 description\" style=\"transform:translate3d(0,0,0);\"><p>Appentis et abri voiture<\/p>\n<\/div><\/div><\/div><style type=\"text\/css\">.fusion-body .fusion-builder-column-264{width:25% !important;margin-top : 0px;margin-bottom : 20px;}.fusion-builder-column-264 > .fusion-column-wrapper {padding-top : 0px !important;padding-right : 0px !important;margin-right : 7.68%;padding-bottom : 0px !important;padding-left : 0px !important;margin-left : 7.68%;}@media only screen and (max-width:1024px) {.fusion-body .fusion-builder-column-264{width:100% !important;order : 0;}.fusion-builder-column-264 > .fusion-column-wrapper {margin-right : 1.92%;margin-left : 1.92%;}}@media only screen and (max-width:640px) {.fusion-body .fusion-builder-column-264{width:100% !important;order : 0;}.fusion-builder-column-264 > .fusion-column-wrapper {margin-right : 1.92%;margin-left : 1.92%;}}<\/style><div class=\"fusion-layout-column fusion_builder_column fusion-builder-column-265 fusion_builder_column_1_4 1_4 fusion-flex-column img-to-filter\"><div class=\"fusion-column-wrapper fusion-flex-justify-content-flex-start fusion-content-layout-column\" style=\"background-position:left top;background-repeat:no-repeat;-webkit-background-size:cover;-moz-background-size:cover;-o-background-size:cover;background-size:cover;padding: 0px 0px 0px 0px;\"><div ><span class=\"fusion-imageframe imageframe-none imageframe-265 hover-type-none\"><a href=\"https:\/\/www.deco-charpente.fr\/wp-content\/uploads\/2024\/03\/Auvent-bois.jpg\" class=\"fusion-lightbox\" data-rel=\"iLightbox[gallery-image]\" data-title=\"Auvent bois\" title=\"Wooden awning\"><img decoding=\"async\" width=\"2048\" height=\"1536\" src=\"https:\/\/www.deco-charpente.fr\/wp-content\/uploads\/2024\/03\/Auvent-bois.jpg\" class=\"img-responsive wp-image-10057\" srcset=\"https:\/\/www.deco-charpente.fr\/wp-content\/uploads\/2024\/03\/Auvent-bois-200x150.jpg 200w, https:\/\/www.deco-charpente.fr\/wp-content\/uploads\/2024\/03\/Auvent-bois-400x300.jpg 400w, https:\/\/www.deco-charpente.fr\/wp-content\/uploads\/2024\/03\/Auvent-bois-600x450.jpg 600w, https:\/\/www.deco-charpente.fr\/wp-content\/uploads\/2024\/03\/Auvent-bois-800x600.jpg 800w, https:\/\/www.deco-charpente.fr\/wp-content\/uploads\/2024\/03\/Auvent-bois-1200x900.jpg 1200w, https:\/\/www.deco-charpente.fr\/wp-content\/uploads\/2024\/03\/Auvent-bois.jpg 2048w\" sizes=\"(max-width: 1024px) 100vw, (max-width: 640px) 100vw, 600px\" \/><\/a><\/span><\/div><div class=\"fusion-text fusion-text-529 tags\" style=\"transform:translate3d(0,0,0);\"><p>Lean-to &amp; Awning<\/p>\n<\/div><div class=\"fusion-text fusion-text-530 description\" style=\"transform:translate3d(0,0,0);\"><p>door canopy<\/p>\n<\/div><\/div><\/div><style type=\"text\/css\">.fusion-body .fusion-builder-column-265{width:25% !important;margin-top : 0px;margin-bottom : 20px;}.fusion-builder-column-265 > .fusion-column-wrapper {padding-top : 0px !important;padding-right : 0px !important;margin-right : 7.68%;padding-bottom : 0px !important;padding-left : 0px !important;margin-left : 7.68%;}@media only screen and (max-width:1024px) {.fusion-body .fusion-builder-column-265{width:100% !important;order : 0;}.fusion-builder-column-265 > .fusion-column-wrapper {margin-right : 1.92%;margin-left : 1.92%;}}@media only screen and (max-width:640px) {.fusion-body .fusion-builder-column-265{width:100% !important;order : 0;}.fusion-builder-column-265 > .fusion-column-wrapper {margin-right : 1.92%;margin-left : 1.92%;}}<\/style><div class=\"fusion-layout-column fusion_builder_column fusion-builder-column-266 fusion_builder_column_1_4 1_4 fusion-flex-column img-to-filter\"><div class=\"fusion-column-wrapper fusion-flex-justify-content-flex-start fusion-content-layout-column\" style=\"background-position:left top;background-repeat:no-repeat;-webkit-background-size:cover;-moz-background-size:cover;-o-background-size:cover;background-size:cover;padding: 0px 0px 0px 0px;\"><div ><span class=\"fusion-imageframe imageframe-none imageframe-266 hover-type-none\"><a href=\"https:\/\/www.deco-charpente.fr\/wp-content\/uploads\/2021\/11\/1637844263080-e1651583125935.jpeg\" class=\"fusion-lightbox\" data-rel=\"iLightbox[gallery-image]\" data-title=\"Auvent de porte\" title=\"door canopy\"><img decoding=\"async\" width=\"740\" height=\"673\" alt=\"Auvent de porte\" src=\"https:\/\/www.deco-charpente.fr\/wp-content\/uploads\/2021\/11\/1637844263080-e1651583125935.jpeg\" class=\"img-responsive wp-image-5263\" srcset=\"https:\/\/www.deco-charpente.fr\/wp-content\/uploads\/2021\/11\/1637844263080-e1651583125935-200x182.jpeg 200w, https:\/\/www.deco-charpente.fr\/wp-content\/uploads\/2021\/11\/1637844263080-e1651583125935-400x364.jpeg 400w, https:\/\/www.deco-charpente.fr\/wp-content\/uploads\/2021\/11\/1637844263080-e1651583125935-600x546.jpeg 600w, https:\/\/www.deco-charpente.fr\/wp-content\/uploads\/2021\/11\/1637844263080-e1651583125935.jpeg 740w\" sizes=\"(max-width: 1024px) 100vw, (max-width: 640px) 100vw, 600px\" \/><\/a><\/span><\/div><div class=\"fusion-text fusion-text-531 tags\" style=\"transform:translate3d(0,0,0);\"><p>Lean-to &amp; Awning<\/p>\n<\/div><div class=\"fusion-text fusion-text-532 description\" style=\"transform:translate3d(0,0,0);\"><p>door canopy<\/p>\n<\/div><\/div><\/div><style type=\"text\/css\">.fusion-body .fusion-builder-column-266{width:25% !important;margin-top : 0px;margin-bottom : 20px;}.fusion-builder-column-266 > .fusion-column-wrapper {padding-top : 0px !important;padding-right : 0px !important;margin-right : 7.68%;padding-bottom : 0px !important;padding-left : 0px !important;margin-left : 7.68%;}@media only screen and (max-width:1024px) {.fusion-body .fusion-builder-column-266{width:100% !important;order : 0;}.fusion-builder-column-266 > .fusion-column-wrapper {margin-right : 1.92%;margin-left : 1.92%;}}@media only screen and (max-width:640px) {.fusion-body .fusion-builder-column-266{width:100% !important;order : 0;}.fusion-builder-column-266 > .fusion-column-wrapper {margin-right : 1.92%;margin-left : 1.92%;}}<\/style><div class=\"fusion-layout-column fusion_builder_column fusion-builder-column-267 fusion_builder_column_1_4 1_4 fusion-flex-column img-to-filter\"><div class=\"fusion-column-wrapper fusion-flex-justify-content-flex-start fusion-content-layout-column\" style=\"background-position:left top;background-repeat:no-repeat;-webkit-background-size:cover;-moz-background-size:cover;-o-background-size:cover;background-size:cover;padding: 0px 0px 0px 0px;\"><div ><span class=\"fusion-imageframe imageframe-none imageframe-267 hover-type-none\"><a href=\"https:\/\/www.deco-charpente.fr\/wp-content\/uploads\/2021\/10\/Abri-voiture-avec-poteau-deporte-3.jpg\" class=\"fusion-lightbox\" data-rel=\"iLightbox[gallery-image]\" data-title=\"Abri voiture avec poteau d\u00e9port\u00e9 3\" title=\"Carport with offset post 3\"><img decoding=\"async\" width=\"1387\" height=\"1048\" src=\"https:\/\/www.deco-charpente.fr\/wp-content\/uploads\/2021\/10\/Abri-voiture-avec-poteau-deporte-3.jpg\" class=\"img-responsive wp-image-5218\" srcset=\"https:\/\/www.deco-charpente.fr\/wp-content\/uploads\/2021\/10\/Abri-voiture-avec-poteau-deporte-3-200x151.jpg 200w, https:\/\/www.deco-charpente.fr\/wp-content\/uploads\/2021\/10\/Abri-voiture-avec-poteau-deporte-3-400x302.jpg 400w, https:\/\/www.deco-charpente.fr\/wp-content\/uploads\/2021\/10\/Abri-voiture-avec-poteau-deporte-3-600x453.jpg 600w, https:\/\/www.deco-charpente.fr\/wp-content\/uploads\/2021\/10\/Abri-voiture-avec-poteau-deporte-3-800x604.jpg 800w, https:\/\/www.deco-charpente.fr\/wp-content\/uploads\/2021\/10\/Abri-voiture-avec-poteau-deporte-3-1200x907.jpg 1200w, https:\/\/www.deco-charpente.fr\/wp-content\/uploads\/2021\/10\/Abri-voiture-avec-poteau-deporte-3.jpg 1387w\" sizes=\"(max-width: 1024px) 100vw, (max-width: 640px) 100vw, 600px\" \/><\/a><\/span><\/div><div class=\"fusion-text fusion-text-533 tags\" style=\"transform:translate3d(0,0,0);\"><p>Lean-to &amp; Awning, Carport<\/p>\n<\/div><div class=\"fusion-text fusion-text-534 description\" style=\"transform:translate3d(0,0,0);\"><p>Carport with offset post<\/p>\n<\/div><\/div><\/div><style type=\"text\/css\">.fusion-body .fusion-builder-column-267{width:25% !important;margin-top : 0px;margin-bottom : 20px;}.fusion-builder-column-267 > .fusion-column-wrapper {padding-top : 0px !important;padding-right : 0px !important;margin-right : 7.68%;padding-bottom : 0px !important;padding-left : 0px !important;margin-left : 7.68%;}@media only screen and (max-width:1024px) {.fusion-body .fusion-builder-column-267{width:100% !important;order : 0;}.fusion-builder-column-267 > .fusion-column-wrapper {margin-right : 1.92%;margin-left : 1.92%;}}@media only screen and (max-width:640px) {.fusion-body .fusion-builder-column-267{width:100% !important;order : 0;}.fusion-builder-column-267 > .fusion-column-wrapper {margin-right : 1.92%;margin-left : 1.92%;}}<\/style><div class=\"fusion-layout-column fusion_builder_column fusion-builder-column-268 fusion_builder_column_1_4 1_4 fusion-flex-column img-to-filter\"><div class=\"fusion-column-wrapper fusion-flex-justify-content-flex-start fusion-content-layout-column\" style=\"background-position:left top;background-repeat:no-repeat;-webkit-background-size:cover;-moz-background-size:cover;-o-background-size:cover;background-size:cover;padding: 0px 0px 0px 0px;\"><div ><span class=\"fusion-imageframe imageframe-none imageframe-268 hover-type-none\"><a href=\"https:\/\/www.deco-charpente.fr\/wp-content\/uploads\/2021\/10\/Abri-voiture-en-bois-avec-poteau-deporte.jpg\" class=\"fusion-lightbox\" data-rel=\"iLightbox[gallery-image]\" data-title=\"Abri voiture en bois avec poteau d\u00e9port\u00e9\" title=\"Wooden carport with offset post\"><img decoding=\"async\" width=\"1848\" height=\"1505\" src=\"https:\/\/www.deco-charpente.fr\/wp-content\/uploads\/2021\/10\/Abri-voiture-en-bois-avec-poteau-deporte.jpg\" class=\"img-responsive wp-image-5217\" srcset=\"https:\/\/www.deco-charpente.fr\/wp-content\/uploads\/2021\/10\/Abri-voiture-en-bois-avec-poteau-deporte-200x163.jpg 200w, https:\/\/www.deco-charpente.fr\/wp-content\/uploads\/2021\/10\/Abri-voiture-en-bois-avec-poteau-deporte-400x326.jpg 400w, https:\/\/www.deco-charpente.fr\/wp-content\/uploads\/2021\/10\/Abri-voiture-en-bois-avec-poteau-deporte-600x489.jpg 600w, https:\/\/www.deco-charpente.fr\/wp-content\/uploads\/2021\/10\/Abri-voiture-en-bois-avec-poteau-deporte-800x652.jpg 800w, https:\/\/www.deco-charpente.fr\/wp-content\/uploads\/2021\/10\/Abri-voiture-en-bois-avec-poteau-deporte-1200x977.jpg 1200w, https:\/\/www.deco-charpente.fr\/wp-content\/uploads\/2021\/10\/Abri-voiture-en-bois-avec-poteau-deporte.jpg 1848w\" sizes=\"(max-width: 1024px) 100vw, (max-width: 640px) 100vw, 600px\" \/><\/a><\/span><\/div><div class=\"fusion-text fusion-text-535 tags\" style=\"transform:translate3d(0,0,0);\"><p>Lean-to &amp; Awning<\/p>\n<\/div><div class=\"fusion-text fusion-text-536 description\" style=\"transform:translate3d(0,0,0);\"><p>Wooden carport with offset post<\/p>\n<\/div><\/div><\/div><style type=\"text\/css\">.fusion-body .fusion-builder-column-268{width:25% !important;margin-top : 0px;margin-bottom : 20px;}.fusion-builder-column-268 > .fusion-column-wrapper {padding-top : 0px !important;padding-right : 0px !important;margin-right : 7.68%;padding-bottom : 0px !important;padding-left : 0px !important;margin-left : 7.68%;}@media only screen and (max-width:1024px) {.fusion-body .fusion-builder-column-268{width:100% !important;order : 0;}.fusion-builder-column-268 > .fusion-column-wrapper {margin-right : 1.92%;margin-left : 1.92%;}}@media only screen and (max-width:640px) {.fusion-body .fusion-builder-column-268{width:100% !important;order : 0;}.fusion-builder-column-268 > .fusion-column-wrapper {margin-right : 1.92%;margin-left : 1.92%;}}<\/style><div class=\"fusion-layout-column fusion_builder_column fusion-builder-column-269 fusion_builder_column_1_4 1_4 fusion-flex-column img-to-filter\"><div class=\"fusion-column-wrapper fusion-flex-justify-content-flex-start fusion-content-layout-column\" style=\"background-position:left top;background-repeat:no-repeat;-webkit-background-size:cover;-moz-background-size:cover;-o-background-size:cover;background-size:cover;padding: 0px 0px 0px 0px;\"><div ><span class=\"fusion-imageframe imageframe-none imageframe-269 hover-type-none\"><a href=\"https:\/\/www.deco-charpente.fr\/wp-content\/uploads\/2024\/04\/Abri-adosse.jpg\" class=\"fusion-lightbox\" data-rel=\"iLightbox[gallery-image]\" data-title=\"Abri adosse\u0301\" title=\"Lean-to shelter\"><img decoding=\"async\" width=\"1600\" height=\"1197\" src=\"https:\/\/www.deco-charpente.fr\/wp-content\/uploads\/2024\/04\/Abri-adosse.jpg\" class=\"img-responsive wp-image-10483\" srcset=\"https:\/\/www.deco-charpente.fr\/wp-content\/uploads\/2024\/04\/Abri-adosse-200x150.jpg 200w, https:\/\/www.deco-charpente.fr\/wp-content\/uploads\/2024\/04\/Abri-adosse-400x299.jpg 400w, https:\/\/www.deco-charpente.fr\/wp-content\/uploads\/2024\/04\/Abri-adosse-600x449.jpg 600w, https:\/\/www.deco-charpente.fr\/wp-content\/uploads\/2024\/04\/Abri-adosse-800x599.jpg 800w, https:\/\/www.deco-charpente.fr\/wp-content\/uploads\/2024\/04\/Abri-adosse-1200x898.jpg 1200w, https:\/\/www.deco-charpente.fr\/wp-content\/uploads\/2024\/04\/Abri-adosse.jpg 1600w\" sizes=\"(max-width: 1024px) 100vw, (max-width: 640px) 100vw, 600px\" \/><\/a><\/span><\/div><div class=\"fusion-text fusion-text-537 tags\" style=\"transform:translate3d(0,0,0);\"><p>Lean-to &amp; Awning<\/p>\n<\/div><div class=\"fusion-text fusion-text-538 description\" style=\"transform:translate3d(0,0,0);\"><p>Lean-to shelter<\/p>\n<\/div><\/div><\/div><style type=\"text\/css\">.fusion-body .fusion-builder-column-269{width:25% !important;margin-top : 0px;margin-bottom : 20px;}.fusion-builder-column-269 > .fusion-column-wrapper {padding-top : 0px !important;padding-right : 0px !important;margin-right : 7.68%;padding-bottom : 0px !important;padding-left : 0px !important;margin-left : 7.68%;}@media only screen and (max-width:1024px) {.fusion-body .fusion-builder-column-269{width:100% !important;order : 0;}.fusion-builder-column-269 > .fusion-column-wrapper {margin-right : 1.92%;margin-left : 1.92%;}}@media only screen and (max-width:640px) {.fusion-body .fusion-builder-column-269{width:100% !important;order : 0;}.fusion-builder-column-269 > .fusion-column-wrapper {margin-right : 1.92%;margin-left : 1.92%;}}<\/style><div class=\"fusion-layout-column fusion_builder_column fusion-builder-column-270 fusion_builder_column_1_4 1_4 fusion-flex-column img-to-filter\"><div class=\"fusion-column-wrapper fusion-flex-justify-content-flex-start fusion-content-layout-column\" style=\"background-position:left top;background-repeat:no-repeat;-webkit-background-size:cover;-moz-background-size:cover;-o-background-size:cover;background-size:cover;padding: 0px 0px 0px 0px;\"><div ><span class=\"fusion-imageframe imageframe-none imageframe-270 hover-type-none\"><a href=\"https:\/\/www.deco-charpente.fr\/wp-content\/uploads\/2024\/03\/Appentis-de-porte.jpg\" class=\"fusion-lightbox\" data-rel=\"iLightbox[gallery-image]\" data-title=\"Appentis de porte\" title=\"door lean-to\"><img decoding=\"async\" width=\"1534\" height=\"1285\" src=\"https:\/\/www.deco-charpente.fr\/wp-content\/uploads\/2024\/03\/Appentis-de-porte.jpg\" class=\"img-responsive wp-image-10036\" srcset=\"https:\/\/www.deco-charpente.fr\/wp-content\/uploads\/2024\/03\/Appentis-de-porte-200x168.jpg 200w, https:\/\/www.deco-charpente.fr\/wp-content\/uploads\/2024\/03\/Appentis-de-porte-400x335.jpg 400w, https:\/\/www.deco-charpente.fr\/wp-content\/uploads\/2024\/03\/Appentis-de-porte-600x503.jpg 600w, https:\/\/www.deco-charpente.fr\/wp-content\/uploads\/2024\/03\/Appentis-de-porte-800x670.jpg 800w, https:\/\/www.deco-charpente.fr\/wp-content\/uploads\/2024\/03\/Appentis-de-porte-1200x1005.jpg 1200w, https:\/\/www.deco-charpente.fr\/wp-content\/uploads\/2024\/03\/Appentis-de-porte.jpg 1534w\" sizes=\"(max-width: 1024px) 100vw, (max-width: 640px) 100vw, 600px\" \/><\/a><\/span><\/div><div class=\"fusion-text fusion-text-539 tags\" style=\"transform:translate3d(0,0,0);\"><p>Lean-to &amp; Awning<\/p>\n<\/div><div class=\"fusion-text fusion-text-540 description\" style=\"transform:translate3d(0,0,0);\"><p>Door and outdoor kitchen shelter<\/p>\n<\/div><\/div><\/div><style type=\"text\/css\">.fusion-body .fusion-builder-column-270{width:25% !important;margin-top : 0px;margin-bottom : 20px;}.fusion-builder-column-270 > .fusion-column-wrapper {padding-top : 0px !important;padding-right : 0px !important;margin-right : 7.68%;padding-bottom : 0px !important;padding-left : 0px !important;margin-left : 7.68%;}@media only screen and (max-width:1024px) {.fusion-body .fusion-builder-column-270{width:100% !important;order : 0;}.fusion-builder-column-270 > .fusion-column-wrapper {margin-right : 1.92%;margin-left : 1.92%;}}@media only screen and (max-width:640px) {.fusion-body .fusion-builder-column-270{width:100% !important;order : 0;}.fusion-builder-column-270 > .fusion-column-wrapper {margin-right : 1.92%;margin-left : 1.92%;}}<\/style><div class=\"fusion-layout-column fusion_builder_column fusion-builder-column-271 fusion_builder_column_1_4 1_4 fusion-flex-column img-to-filter\"><div class=\"fusion-column-wrapper fusion-flex-justify-content-flex-start fusion-content-layout-column\" style=\"background-position:left top;background-repeat:no-repeat;-webkit-background-size:cover;-moz-background-size:cover;-o-background-size:cover;background-size:cover;padding: 0px 0px 0px 0px;\"><div ><span class=\"fusion-imageframe imageframe-none imageframe-271 hover-type-none\"><a href=\"https:\/\/www.deco-charpente.fr\/wp-content\/uploads\/2022\/06\/20211109_101226-e1655287019919.jpg\" class=\"fusion-lightbox\" data-rel=\"iLightbox[gallery-image]\" data-title=\"abri de porte et de cuisine ext\u00e9rieure\" title=\"door shelter and outdoor kitchen\"><img decoding=\"async\" width=\"1329\" height=\"1080\" alt=\"abri de porte et de cuisine ext\u00e9rieure\" src=\"https:\/\/www.deco-charpente.fr\/wp-content\/uploads\/2022\/06\/20211109_101226-e1655287019919.jpg\" class=\"img-responsive wp-image-7397\" srcset=\"https:\/\/www.deco-charpente.fr\/wp-content\/uploads\/2022\/06\/20211109_101226-e1655287019919-200x163.jpg 200w, https:\/\/www.deco-charpente.fr\/wp-content\/uploads\/2022\/06\/20211109_101226-e1655287019919-400x325.jpg 400w, https:\/\/www.deco-charpente.fr\/wp-content\/uploads\/2022\/06\/20211109_101226-e1655287019919-600x488.jpg 600w, https:\/\/www.deco-charpente.fr\/wp-content\/uploads\/2022\/06\/20211109_101226-e1655287019919-800x650.jpg 800w, https:\/\/www.deco-charpente.fr\/wp-content\/uploads\/2022\/06\/20211109_101226-e1655287019919-1200x975.jpg 1200w, https:\/\/www.deco-charpente.fr\/wp-content\/uploads\/2022\/06\/20211109_101226-e1655287019919.jpg 1329w\" sizes=\"(max-width: 1024px) 100vw, (max-width: 640px) 100vw, 600px\" \/><\/a><\/span><\/div><div class=\"fusion-text fusion-text-541 tags\" style=\"transform:translate3d(0,0,0);\"><p>Lean-to &amp; Awning<\/p>\n<\/div><div class=\"fusion-text fusion-text-542 description\" style=\"transform:translate3d(0,0,0);\"><p>Door and outdoor kitchen shelter<\/p>\n<\/div><\/div><\/div><style type=\"text\/css\">.fusion-body .fusion-builder-column-271{width:25% !important;margin-top : 0px;margin-bottom : 20px;}.fusion-builder-column-271 > .fusion-column-wrapper {padding-top : 0px !important;padding-right : 0px !important;margin-right : 7.68%;padding-bottom : 0px !important;padding-left : 0px !important;margin-left : 7.68%;}@media only screen and (max-width:1024px) {.fusion-body .fusion-builder-column-271{width:100% !important;order : 0;}.fusion-builder-column-271 > .fusion-column-wrapper {margin-right : 1.92%;margin-left : 1.92%;}}@media only screen and (max-width:640px) {.fusion-body .fusion-builder-column-271{width:100% !important;order : 0;}.fusion-builder-column-271 > .fusion-column-wrapper {margin-right : 1.92%;margin-left : 1.92%;}}<\/style><div class=\"fusion-layout-column fusion_builder_column fusion-builder-column-272 fusion_builder_column_1_4 1_4 fusion-flex-column img-to-filter\"><div class=\"fusion-column-wrapper fusion-flex-justify-content-flex-start fusion-content-layout-column\" style=\"background-position:left top;background-repeat:no-repeat;-webkit-background-size:cover;-moz-background-size:cover;-o-background-size:cover;background-size:cover;padding: 0px 0px 0px 0px;\"><div ><span class=\"fusion-imageframe imageframe-none imageframe-272 hover-type-none\"><a href=\"https:\/\/www.deco-charpente.fr\/wp-content\/uploads\/2021\/10\/20181129_133140-1-e1651581371804.jpg\" class=\"fusion-lightbox\" data-rel=\"iLightbox[gallery-image]\" data-title=\"Auvent de porte\" title=\"door canopy\"><img decoding=\"async\" width=\"801\" height=\"734\" alt=\"Auvent de porte\" src=\"https:\/\/www.deco-charpente.fr\/wp-content\/uploads\/2021\/10\/20181129_133140-1-e1651581371804.jpg\" class=\"img-responsive wp-image-5175\" srcset=\"https:\/\/www.deco-charpente.fr\/wp-content\/uploads\/2021\/10\/20181129_133140-1-e1651581371804-200x183.jpg 200w, https:\/\/www.deco-charpente.fr\/wp-content\/uploads\/2021\/10\/20181129_133140-1-e1651581371804-400x367.jpg 400w, https:\/\/www.deco-charpente.fr\/wp-content\/uploads\/2021\/10\/20181129_133140-1-e1651581371804-600x550.jpg 600w, https:\/\/www.deco-charpente.fr\/wp-content\/uploads\/2021\/10\/20181129_133140-1-e1651581371804.jpg 801w\" sizes=\"(max-width: 1024px) 100vw, (max-width: 640px) 100vw, 600px\" \/><\/a><\/span><\/div><div class=\"fusion-text fusion-text-543 tags\" style=\"transform:translate3d(0,0,0);\"><p>Lean-to &amp; Awning<\/p>\n<\/div><div class=\"fusion-text fusion-text-544 description\" style=\"transform:translate3d(0,0,0);\"><p>door canopy<\/p>\n<\/div><\/div><\/div><style type=\"text\/css\">.fusion-body .fusion-builder-column-272{width:25% !important;margin-top : 0px;margin-bottom : 20px;}.fusion-builder-column-272 > .fusion-column-wrapper {padding-top : 0px !important;padding-right : 0px !important;margin-right : 7.68%;padding-bottom : 0px !important;padding-left : 0px !important;margin-left : 7.68%;}@media only screen and (max-width:1024px) {.fusion-body .fusion-builder-column-272{width:100% !important;order : 0;}.fusion-builder-column-272 > .fusion-column-wrapper {margin-right : 1.92%;margin-left : 1.92%;}}@media only screen and (max-width:640px) {.fusion-body .fusion-builder-column-272{width:100% !important;order : 0;}.fusion-builder-column-272 > .fusion-column-wrapper {margin-right : 1.92%;margin-left : 1.92%;}}<\/style><div class=\"fusion-layout-column fusion_builder_column fusion-builder-column-273 fusion_builder_column_1_4 1_4 fusion-flex-column img-to-filter\"><div class=\"fusion-column-wrapper fusion-flex-justify-content-flex-start fusion-content-layout-column\" style=\"background-position:left top;background-repeat:no-repeat;-webkit-background-size:cover;-moz-background-size:cover;-o-background-size:cover;background-size:cover;padding: 0px 0px 0px 0px;\"><div ><span class=\"fusion-imageframe imageframe-none imageframe-273 hover-type-none\"><a href=\"https:\/\/www.deco-charpente.fr\/wp-content\/uploads\/2023\/06\/Auvent-sur-porte-dentree.jpg\" class=\"fusion-lightbox\" data-rel=\"iLightbox[gallery-image]\" data-title=\"Auvent sur porte d&rsquo;entr\u00e9e\" title=\"Awning over front door\"><img decoding=\"async\" width=\"831\" height=\"1108\" src=\"https:\/\/www.deco-charpente.fr\/wp-content\/uploads\/2023\/06\/Auvent-sur-porte-dentree.jpg\" class=\"img-responsive wp-image-8755\"\/><\/a><\/span><\/div><div class=\"fusion-text fusion-text-545 tags\" style=\"transform:translate3d(0,0,0);\"><p>Lean-to &amp; Awning<\/p>\n<\/div><div class=\"fusion-text fusion-text-546 description\" style=\"transform:translate3d(0,0,0);\"><p>door canopy<\/p>\n<\/div><\/div><\/div><style type=\"text\/css\">.fusion-body .fusion-builder-column-273{width:25% !important;margin-top : 0px;margin-bottom : 20px;}.fusion-builder-column-273 > .fusion-column-wrapper {padding-top : 0px !important;padding-right : 0px !important;margin-right : 7.68%;padding-bottom : 0px !important;padding-left : 0px !important;margin-left : 7.68%;}@media only screen and (max-width:1024px) {.fusion-body .fusion-builder-column-273{width:100% !important;order : 0;}.fusion-builder-column-273 > .fusion-column-wrapper {margin-right : 1.92%;margin-left : 1.92%;}}@media only screen and (max-width:640px) {.fusion-body .fusion-builder-column-273{width:100% !important;order : 0;}.fusion-builder-column-273 > .fusion-column-wrapper {margin-right : 1.92%;margin-left : 1.92%;}}<\/style><div class=\"fusion-layout-column fusion_builder_column fusion-builder-column-274 fusion_builder_column_1_4 1_4 fusion-flex-column img-to-filter\"><div class=\"fusion-column-wrapper fusion-flex-justify-content-flex-start fusion-content-layout-column\" style=\"background-position:left top;background-repeat:no-repeat;-webkit-background-size:cover;-moz-background-size:cover;-o-background-size:cover;background-size:cover;padding: 0px 0px 0px 0px;\"><div ><span class=\"fusion-imageframe imageframe-none imageframe-274 hover-type-none\"><a href=\"https:\/\/www.deco-charpente.fr\/wp-content\/uploads\/2024\/04\/Auvent-bois-e1712936955430.jpg\" class=\"fusion-lightbox\" data-rel=\"iLightbox[gallery-image]\" data-title=\"Auvent bois\" title=\"Wooden awning\"><img decoding=\"async\" width=\"1196\" height=\"780\" src=\"https:\/\/www.deco-charpente.fr\/wp-content\/uploads\/2024\/04\/Auvent-bois-e1712936955430.jpg\" class=\"img-responsive wp-image-10486\" srcset=\"https:\/\/www.deco-charpente.fr\/wp-content\/uploads\/2024\/04\/Auvent-bois-e1712936955430-200x130.jpg 200w, https:\/\/www.deco-charpente.fr\/wp-content\/uploads\/2024\/04\/Auvent-bois-e1712936955430-400x261.jpg 400w, https:\/\/www.deco-charpente.fr\/wp-content\/uploads\/2024\/04\/Auvent-bois-e1712936955430-600x391.jpg 600w, https:\/\/www.deco-charpente.fr\/wp-content\/uploads\/2024\/04\/Auvent-bois-e1712936955430-800x522.jpg 800w, https:\/\/www.deco-charpente.fr\/wp-content\/uploads\/2024\/04\/Auvent-bois-e1712936955430.jpg 1196w\" sizes=\"(max-width: 1024px) 100vw, (max-width: 640px) 100vw, 600px\" \/><\/a><\/span><\/div><div class=\"fusion-text fusion-text-547 tags\" style=\"transform:translate3d(0,0,0);\"><p>Lean-to &amp; Awning<\/p>\n<\/div><div class=\"fusion-text fusion-text-548 description\" style=\"transform:translate3d(0,0,0);\"><p>door canopy<\/p>\n<\/div><\/div><\/div><style type=\"text\/css\">.fusion-body .fusion-builder-column-274{width:25% !important;margin-top : 0px;margin-bottom : 20px;}.fusion-builder-column-274 > .fusion-column-wrapper {padding-top : 0px !important;padding-right : 0px !important;margin-right : 7.68%;padding-bottom : 0px !important;padding-left : 0px !important;margin-left : 7.68%;}@media only screen and (max-width:1024px) {.fusion-body .fusion-builder-column-274{width:100% !important;order : 0;}.fusion-builder-column-274 > .fusion-column-wrapper {margin-right : 1.92%;margin-left : 1.92%;}}@media only screen and (max-width:640px) {.fusion-body .fusion-builder-column-274{width:100% !important;order : 0;}.fusion-builder-column-274 > .fusion-column-wrapper {margin-right : 1.92%;margin-left : 1.92%;}}<\/style><div class=\"fusion-layout-column fusion_builder_column fusion-builder-column-275 fusion_builder_column_1_4 1_4 fusion-flex-column img-to-filter\"><div class=\"fusion-column-wrapper fusion-flex-justify-content-flex-start fusion-content-layout-column\" style=\"background-position:left top;background-repeat:no-repeat;-webkit-background-size:cover;-moz-background-size:cover;-o-background-size:cover;background-size:cover;padding: 0px 0px 0px 0px;\"><div ><span class=\"fusion-imageframe imageframe-none imageframe-275 hover-type-none\"><a href=\"https:\/\/www.deco-charpente.fr\/wp-content\/uploads\/2024\/08\/272DBE59-18C0-471A-ADE4-143BD0C88B43-1-compressed.jpg\" class=\"fusion-lightbox\" data-rel=\"iLightbox[gallery-image]\" data-title=\"Appentis en bois\" title=\"Wooden shed\"><img decoding=\"async\" width=\"2048\" height=\"1536\" src=\"https:\/\/www.deco-charpente.fr\/wp-content\/uploads\/2024\/08\/272DBE59-18C0-471A-ADE4-143BD0C88B43-1-compressed.jpg\" class=\"img-responsive wp-image-11187\" srcset=\"https:\/\/www.deco-charpente.fr\/wp-content\/uploads\/2024\/08\/272DBE59-18C0-471A-ADE4-143BD0C88B43-1-compressed-200x150.jpg 200w, https:\/\/www.deco-charpente.fr\/wp-content\/uploads\/2024\/08\/272DBE59-18C0-471A-ADE4-143BD0C88B43-1-compressed-400x300.jpg 400w, https:\/\/www.deco-charpente.fr\/wp-content\/uploads\/2024\/08\/272DBE59-18C0-471A-ADE4-143BD0C88B43-1-compressed-600x450.jpg 600w, https:\/\/www.deco-charpente.fr\/wp-content\/uploads\/2024\/08\/272DBE59-18C0-471A-ADE4-143BD0C88B43-1-compressed-800x600.jpg 800w, https:\/\/www.deco-charpente.fr\/wp-content\/uploads\/2024\/08\/272DBE59-18C0-471A-ADE4-143BD0C88B43-1-compressed-1200x900.jpg 1200w, https:\/\/www.deco-charpente.fr\/wp-content\/uploads\/2024\/08\/272DBE59-18C0-471A-ADE4-143BD0C88B43-1-compressed.jpg 2048w\" sizes=\"(max-width: 1024px) 100vw, (max-width: 640px) 100vw, 600px\" \/><\/a><\/span><\/div><div class=\"fusion-text fusion-text-549 tags\" style=\"transform:translate3d(0,0,0);\"><p>Lean-to &amp; Awning<\/p>\n<\/div><div class=\"fusion-text fusion-text-550 description\" style=\"transform:translate3d(0,0,0);\"><p>Lean-to with roof window<\/p>\n<\/div><\/div><\/div><style type=\"text\/css\">.fusion-body .fusion-builder-column-275{width:25% !important;margin-top : 0px;margin-bottom : 20px;}.fusion-builder-column-275 > .fusion-column-wrapper {padding-top : 0px !important;padding-right : 0px !important;margin-right : 7.68%;padding-bottom : 0px !important;padding-left : 0px !important;margin-left : 7.68%;}@media only screen and (max-width:1024px) {.fusion-body .fusion-builder-column-275{width:100% !important;order : 0;}.fusion-builder-column-275 > .fusion-column-wrapper {margin-right : 1.92%;margin-left : 1.92%;}}@media only screen and (max-width:640px) {.fusion-body .fusion-builder-column-275{width:100% !important;order : 0;}.fusion-builder-column-275 > .fusion-column-wrapper {margin-right : 1.92%;margin-left : 1.92%;}}<\/style><div class=\"fusion-layout-column fusion_builder_column fusion-builder-column-276 fusion_builder_column_1_4 1_4 fusion-flex-column img-to-filter\"><div class=\"fusion-column-wrapper fusion-flex-justify-content-flex-start fusion-content-layout-column\" style=\"background-position:left top;background-repeat:no-repeat;-webkit-background-size:cover;-moz-background-size:cover;-o-background-size:cover;background-size:cover;padding: 0px 0px 0px 0px;\"><div ><span class=\"fusion-imageframe imageframe-none imageframe-276 hover-type-none\"><a href=\"https:\/\/www.deco-charpente.fr\/wp-content\/uploads\/2024\/08\/6CD9D413-FCA9-4D71-9AE5-D94DA112053A-compressed.jpg\" class=\"fusion-lightbox\" data-rel=\"iLightbox[gallery-image]\" data-title=\"Appentis adoss\u00e9 sur terrasse\" title=\"Lean-to leaning onto terrace\"><img decoding=\"async\" width=\"2048\" height=\"1536\" src=\"https:\/\/www.deco-charpente.fr\/wp-content\/uploads\/2024\/08\/6CD9D413-FCA9-4D71-9AE5-D94DA112053A-compressed.jpg\" class=\"img-responsive wp-image-11188\" srcset=\"https:\/\/www.deco-charpente.fr\/wp-content\/uploads\/2024\/08\/6CD9D413-FCA9-4D71-9AE5-D94DA112053A-compressed-200x150.jpg 200w, https:\/\/www.deco-charpente.fr\/wp-content\/uploads\/2024\/08\/6CD9D413-FCA9-4D71-9AE5-D94DA112053A-compressed-400x300.jpg 400w, https:\/\/www.deco-charpente.fr\/wp-content\/uploads\/2024\/08\/6CD9D413-FCA9-4D71-9AE5-D94DA112053A-compressed-600x450.jpg 600w, https:\/\/www.deco-charpente.fr\/wp-content\/uploads\/2024\/08\/6CD9D413-FCA9-4D71-9AE5-D94DA112053A-compressed-800x600.jpg 800w, https:\/\/www.deco-charpente.fr\/wp-content\/uploads\/2024\/08\/6CD9D413-FCA9-4D71-9AE5-D94DA112053A-compressed-1200x900.jpg 1200w, https:\/\/www.deco-charpente.fr\/wp-content\/uploads\/2024\/08\/6CD9D413-FCA9-4D71-9AE5-D94DA112053A-compressed.jpg 2048w\" sizes=\"(max-width: 1024px) 100vw, (max-width: 640px) 100vw, 600px\" \/><\/a><\/span><\/div><div class=\"fusion-text fusion-text-551 tags\" style=\"transform:translate3d(0,0,0);\"><p>Lean-to &amp; Awning<\/p>\n<\/div><div class=\"fusion-text fusion-text-552 description\" style=\"transform:translate3d(0,0,0);\"><p>Lean-to leaning onto terrace<\/p>\n<\/div><\/div><\/div><style type=\"text\/css\">.fusion-body .fusion-builder-column-276{width:25% !important;margin-top : 0px;margin-bottom : 20px;}.fusion-builder-column-276 > .fusion-column-wrapper {padding-top : 0px !important;padding-right : 0px !important;margin-right : 7.68%;padding-bottom : 0px !important;padding-left : 0px !important;margin-left : 7.68%;}@media only screen and (max-width:1024px) {.fusion-body .fusion-builder-column-276{width:100% !important;order : 0;}.fusion-builder-column-276 > .fusion-column-wrapper {margin-right : 1.92%;margin-left : 1.92%;}}@media only screen and (max-width:640px) {.fusion-body .fusion-builder-column-276{width:100% !important;order : 0;}.fusion-builder-column-276 > .fusion-column-wrapper {margin-right : 1.92%;margin-left : 1.92%;}}<\/style><div class=\"fusion-layout-column fusion_builder_column fusion-builder-column-277 fusion_builder_column_1_4 1_4 fusion-flex-column img-to-filter\"><div class=\"fusion-column-wrapper fusion-flex-justify-content-flex-start fusion-content-layout-column\" style=\"background-position:left top;background-repeat:no-repeat;-webkit-background-size:cover;-moz-background-size:cover;-o-background-size:cover;background-size:cover;padding: 0px 0px 0px 0px;\"><div ><span class=\"fusion-imageframe imageframe-none imageframe-277 hover-type-none\"><a href=\"https:\/\/www.deco-charpente.fr\/wp-content\/uploads\/2023\/03\/Auvent-de-porte.jpg\" class=\"fusion-lightbox\" data-rel=\"iLightbox[gallery-image]\" data-title=\"Auvent de porte\" title=\"door canopy\"><img decoding=\"async\" width=\"1900\" height=\"1294\" src=\"https:\/\/www.deco-charpente.fr\/wp-content\/uploads\/2023\/03\/Auvent-de-porte.jpg\" class=\"img-responsive wp-image-8454\" srcset=\"https:\/\/www.deco-charpente.fr\/wp-content\/uploads\/2023\/03\/Auvent-de-porte-200x136.jpg 200w, https:\/\/www.deco-charpente.fr\/wp-content\/uploads\/2023\/03\/Auvent-de-porte-400x272.jpg 400w, https:\/\/www.deco-charpente.fr\/wp-content\/uploads\/2023\/03\/Auvent-de-porte-600x409.jpg 600w, https:\/\/www.deco-charpente.fr\/wp-content\/uploads\/2023\/03\/Auvent-de-porte-800x545.jpg 800w, https:\/\/www.deco-charpente.fr\/wp-content\/uploads\/2023\/03\/Auvent-de-porte-1200x817.jpg 1200w, https:\/\/www.deco-charpente.fr\/wp-content\/uploads\/2023\/03\/Auvent-de-porte.jpg 1900w\" sizes=\"(max-width: 1024px) 100vw, (max-width: 640px) 100vw, 600px\" \/><\/a><\/span><\/div><div class=\"fusion-text fusion-text-553 tags\" style=\"transform:translate3d(0,0,0);\"><p>Lean-to &amp; Awning<\/p>\n<\/div><div class=\"fusion-text fusion-text-554 description\" style=\"transform:translate3d(0,0,0);\"><p>door canopy<\/p>\n<\/div><\/div><\/div><style type=\"text\/css\">.fusion-body .fusion-builder-column-277{width:25% !important;margin-top : 0px;margin-bottom : 20px;}.fusion-builder-column-277 > .fusion-column-wrapper {padding-top : 0px !important;padding-right : 0px !important;margin-right : 7.68%;padding-bottom : 0px !important;padding-left : 0px !important;margin-left : 7.68%;}@media only screen and (max-width:1024px) {.fusion-body .fusion-builder-column-277{width:100% !important;order : 0;}.fusion-builder-column-277 > .fusion-column-wrapper {margin-right : 1.92%;margin-left : 1.92%;}}@media only screen and (max-width:640px) {.fusion-body .fusion-builder-column-277{width:100% !important;order : 0;}.fusion-builder-column-277 > .fusion-column-wrapper {margin-right : 1.92%;margin-left : 1.92%;}}<\/style><div class=\"fusion-layout-column fusion_builder_column fusion-builder-column-278 fusion_builder_column_1_4 1_4 fusion-flex-column img-to-filter\"><div class=\"fusion-column-wrapper fusion-flex-justify-content-flex-start fusion-content-layout-column\" style=\"background-position:left top;background-repeat:no-repeat;-webkit-background-size:cover;-moz-background-size:cover;-o-background-size:cover;background-size:cover;padding: 0px 0px 0px 0px;\"><div ><span class=\"fusion-imageframe imageframe-none imageframe-278 hover-type-none\"><a href=\"https:\/\/www.deco-charpente.fr\/wp-content\/uploads\/2024\/04\/Auvent.jpg\" class=\"fusion-lightbox\" data-rel=\"iLightbox[gallery-image]\" data-title=\"Auvent\" title=\"Awning\"><img decoding=\"async\" width=\"2312\" height=\"1302\" src=\"https:\/\/www.deco-charpente.fr\/wp-content\/uploads\/2024\/04\/Auvent.jpg\" class=\"img-responsive wp-image-10485\" srcset=\"https:\/\/www.deco-charpente.fr\/wp-content\/uploads\/2024\/04\/Auvent-200x113.jpg 200w, https:\/\/www.deco-charpente.fr\/wp-content\/uploads\/2024\/04\/Auvent-400x225.jpg 400w, https:\/\/www.deco-charpente.fr\/wp-content\/uploads\/2024\/04\/Auvent-600x338.jpg 600w, https:\/\/www.deco-charpente.fr\/wp-content\/uploads\/2024\/04\/Auvent-800x451.jpg 800w, https:\/\/www.deco-charpente.fr\/wp-content\/uploads\/2024\/04\/Auvent-1200x676.jpg 1200w, https:\/\/www.deco-charpente.fr\/wp-content\/uploads\/2024\/04\/Auvent.jpg 2312w\" sizes=\"(max-width: 1024px) 100vw, (max-width: 640px) 100vw, 600px\" \/><\/a><\/span><\/div><div class=\"fusion-text fusion-text-555 tags\" style=\"transform:translate3d(0,0,0);\"><p>Lean-to &amp; Awning<\/p>\n<\/div><div class=\"fusion-text fusion-text-556 description\" style=\"transform:translate3d(0,0,0);\"><p>Garage door canopy<\/p>\n<\/div><\/div><\/div><style type=\"text\/css\">.fusion-body .fusion-builder-column-278{width:25% !important;margin-top : 0px;margin-bottom : 20px;}.fusion-builder-column-278 > .fusion-column-wrapper {padding-top : 0px !important;padding-right : 0px !important;margin-right : 7.68%;padding-bottom : 0px !important;padding-left : 0px !important;margin-left : 7.68%;}@media only screen and (max-width:1024px) {.fusion-body .fusion-builder-column-278{width:100% !important;order : 0;}.fusion-builder-column-278 > .fusion-column-wrapper {margin-right : 1.92%;margin-left : 1.92%;}}@media only screen and (max-width:640px) {.fusion-body .fusion-builder-column-278{width:100% !important;order : 0;}.fusion-builder-column-278 > .fusion-column-wrapper {margin-right : 1.92%;margin-left : 1.92%;}}<\/style><div class=\"fusion-layout-column fusion_builder_column fusion-builder-column-279 fusion_builder_column_1_4 1_4 fusion-flex-column img-to-filter\"><div class=\"fusion-column-wrapper fusion-flex-justify-content-flex-start fusion-content-layout-column\" style=\"background-position:left top;background-repeat:no-repeat;-webkit-background-size:cover;-moz-background-size:cover;-o-background-size:cover;background-size:cover;padding: 0px 0px 0px 0px;\"><div ><span class=\"fusion-imageframe imageframe-none imageframe-279 hover-type-none\"><a href=\"https:\/\/www.deco-charpente.fr\/wp-content\/uploads\/2021\/09\/DSC_0199.jpg\" class=\"fusion-lightbox\" data-rel=\"iLightbox[gallery-image]\" data-title=\"Auvent de porte\" title=\"door canopy\"><img decoding=\"async\" width=\"1788\" height=\"1369\" alt=\"Auvent de porte\" src=\"https:\/\/www.deco-charpente.fr\/wp-content\/uploads\/2021\/09\/DSC_0199.jpg\" class=\"img-responsive wp-image-5144\" srcset=\"https:\/\/www.deco-charpente.fr\/wp-content\/uploads\/2021\/09\/DSC_0199-200x153.jpg 200w, https:\/\/www.deco-charpente.fr\/wp-content\/uploads\/2021\/09\/DSC_0199-400x306.jpg 400w, https:\/\/www.deco-charpente.fr\/wp-content\/uploads\/2021\/09\/DSC_0199-600x459.jpg 600w, https:\/\/www.deco-charpente.fr\/wp-content\/uploads\/2021\/09\/DSC_0199-800x613.jpg 800w, https:\/\/www.deco-charpente.fr\/wp-content\/uploads\/2021\/09\/DSC_0199-1200x919.jpg 1200w, https:\/\/www.deco-charpente.fr\/wp-content\/uploads\/2021\/09\/DSC_0199.jpg 1788w\" sizes=\"(max-width: 1024px) 100vw, (max-width: 640px) 100vw, 600px\" \/><\/a><\/span><\/div><div class=\"fusion-text fusion-text-557 tags\" style=\"transform:translate3d(0,0,0);\"><p>Lean-to &amp; Awning<\/p>\n<\/div><div class=\"fusion-text fusion-text-558 description\" style=\"transform:translate3d(0,0,0);\"><p>door canopy<\/p>\n<\/div><\/div><\/div><style type=\"text\/css\">.fusion-body .fusion-builder-column-279{width:25% !important;margin-top : 0px;margin-bottom : 20px;}.fusion-builder-column-279 > .fusion-column-wrapper {padding-top : 0px !important;padding-right : 0px !important;margin-right : 7.68%;padding-bottom : 0px !important;padding-left : 0px !important;margin-left : 7.68%;}@media only screen and (max-width:1024px) {.fusion-body .fusion-builder-column-279{width:100% !important;order : 0;}.fusion-builder-column-279 > .fusion-column-wrapper {margin-right : 1.92%;margin-left : 1.92%;}}@media only screen and (max-width:640px) {.fusion-body .fusion-builder-column-279{width:100% !important;order : 0;}.fusion-builder-column-279 > .fusion-column-wrapper {margin-right : 1.92%;margin-left : 1.92%;}}<\/style><div class=\"fusion-layout-column fusion_builder_column fusion-builder-column-280 fusion_builder_column_1_4 1_4 fusion-flex-column img-to-filter\"><div class=\"fusion-column-wrapper fusion-flex-justify-content-flex-start fusion-content-layout-column\" style=\"background-position:left top;background-repeat:no-repeat;-webkit-background-size:cover;-moz-background-size:cover;-o-background-size:cover;background-size:cover;padding: 0px 0px 0px 0px;\"><div ><span class=\"fusion-imageframe imageframe-none imageframe-280 hover-type-none\"><a href=\"https:\/\/www.deco-charpente.fr\/wp-content\/uploads\/2021\/09\/appentis-design-en-bois.jpg\" class=\"fusion-lightbox\" data-rel=\"iLightbox[gallery-image]\" data-title=\"Appentis design en bois\" title=\"Designer wooden lean-to\"><img decoding=\"async\" width=\"1994\" height=\"1122\" alt=\"Appentis design en bois\" src=\"https:\/\/www.deco-charpente.fr\/wp-content\/uploads\/2021\/09\/appentis-design-en-bois.jpg\" class=\"img-responsive wp-image-5132\" srcset=\"https:\/\/www.deco-charpente.fr\/wp-content\/uploads\/2021\/09\/appentis-design-en-bois-200x113.jpg 200w, https:\/\/www.deco-charpente.fr\/wp-content\/uploads\/2021\/09\/appentis-design-en-bois-400x225.jpg 400w, https:\/\/www.deco-charpente.fr\/wp-content\/uploads\/2021\/09\/appentis-design-en-bois-600x338.jpg 600w, https:\/\/www.deco-charpente.fr\/wp-content\/uploads\/2021\/09\/appentis-design-en-bois-800x450.jpg 800w, https:\/\/www.deco-charpente.fr\/wp-content\/uploads\/2021\/09\/appentis-design-en-bois-1200x675.jpg 1200w, https:\/\/www.deco-charpente.fr\/wp-content\/uploads\/2021\/09\/appentis-design-en-bois.jpg 1994w\" sizes=\"(max-width: 1024px) 100vw, (max-width: 640px) 100vw, 600px\" \/><\/a><\/span><\/div><div class=\"fusion-text fusion-text-559 tags\" style=\"transform:translate3d(0,0,0);\"><p>Lean-to &amp; Awning<\/p>\n<\/div><div class=\"fusion-text fusion-text-560 description\" style=\"transform:translate3d(0,0,0);\"><p>Designer wooden lean-to<\/p>\n<\/div><\/div><\/div><style type=\"text\/css\">.fusion-body .fusion-builder-column-280{width:25% !important;margin-top : 0px;margin-bottom : 20px;}.fusion-builder-column-280 > .fusion-column-wrapper {padding-top : 0px !important;padding-right : 0px !important;margin-right : 7.68%;padding-bottom : 0px !important;padding-left : 0px !important;margin-left : 7.68%;}@media only screen and (max-width:1024px) {.fusion-body .fusion-builder-column-280{width:100% !important;order : 0;}.fusion-builder-column-280 > .fusion-column-wrapper {margin-right : 1.92%;margin-left : 1.92%;}}@media only screen and (max-width:640px) {.fusion-body .fusion-builder-column-280{width:100% !important;order : 0;}.fusion-builder-column-280 > .fusion-column-wrapper {margin-right : 1.92%;margin-left : 1.92%;}}<\/style><div class=\"fusion-layout-column fusion_builder_column fusion-builder-column-281 fusion_builder_column_1_4 1_4 fusion-flex-column img-to-filter\"><div class=\"fusion-column-wrapper fusion-flex-justify-content-flex-start fusion-content-layout-column\" style=\"background-position:left top;background-repeat:no-repeat;-webkit-background-size:cover;-moz-background-size:cover;-o-background-size:cover;background-size:cover;padding: 0px 0px 0px 0px;\"><div ><span class=\"fusion-imageframe imageframe-none imageframe-281 hover-type-none\"><a href=\"https:\/\/www.deco-charpente.fr\/wp-content\/uploads\/2023\/08\/Auvent-Patrice-Georges.jpg\" class=\"fusion-lightbox\" data-rel=\"iLightbox[gallery-image]\" data-title=\"Auvent-Patrice-Georges\" title=\"Awning-Patrice-Georges\"><img decoding=\"async\" width=\"1080\" height=\"810\" src=\"https:\/\/www.deco-charpente.fr\/wp-content\/uploads\/2023\/08\/Auvent-Patrice-Georges.jpg\" class=\"img-responsive wp-image-8878\"\/><\/a><\/span><\/div><div class=\"fusion-text fusion-text-561 tags\" style=\"transform:translate3d(0,0,0);\"><p>Lean-to &amp; Awning<\/p>\n<\/div><div class=\"fusion-text fusion-text-562 description\" style=\"transform:translate3d(0,0,0);\"><p>lean-to 2 slopes attached<\/p>\n<\/div><\/div><\/div><style type=\"text\/css\">.fusion-body .fusion-builder-column-281{width:25% !important;margin-top : 0px;margin-bottom : 20px;}.fusion-builder-column-281 > .fusion-column-wrapper {padding-top : 0px !important;padding-right : 0px !important;margin-right : 7.68%;padding-bottom : 0px !important;padding-left : 0px !important;margin-left : 7.68%;}@media only screen and (max-width:1024px) {.fusion-body .fusion-builder-column-281{width:100% !important;order : 0;}.fusion-builder-column-281 > .fusion-column-wrapper {margin-right : 1.92%;margin-left : 1.92%;}}@media only screen and (max-width:640px) {.fusion-body .fusion-builder-column-281{width:100% !important;order : 0;}.fusion-builder-column-281 > .fusion-column-wrapper {margin-right : 1.92%;margin-left : 1.92%;}}<\/style><div class=\"fusion-layout-column fusion_builder_column fusion-builder-column-282 fusion_builder_column_1_4 1_4 fusion-flex-column img-to-filter\"><div class=\"fusion-column-wrapper fusion-flex-justify-content-flex-start fusion-content-layout-column\" style=\"background-position:left top;background-repeat:no-repeat;-webkit-background-size:cover;-moz-background-size:cover;-o-background-size:cover;background-size:cover;padding: 0px 0px 0px 0px;\"><div ><span class=\"fusion-imageframe imageframe-none imageframe-282 hover-type-none\"><a href=\"https:\/\/www.deco-charpente.fr\/wp-content\/uploads\/2024\/04\/Appentis-sur-terrasse-a-Peyrolles-3.jpg\" class=\"fusion-lightbox\" data-rel=\"iLightbox[gallery-image]\" data-title=\"Appentis sur terrasse a Peyrolles 3\" title=\"Lean-to on terrace in Peyrolles 3\"><img decoding=\"async\" width=\"1484\" height=\"780\" src=\"https:\/\/www.deco-charpente.fr\/wp-content\/uploads\/2024\/04\/Appentis-sur-terrasse-a-Peyrolles-3.jpg\" class=\"img-responsive wp-image-10517\" srcset=\"https:\/\/www.deco-charpente.fr\/wp-content\/uploads\/2024\/04\/Appentis-sur-terrasse-a-Peyrolles-3-200x105.jpg 200w, https:\/\/www.deco-charpente.fr\/wp-content\/uploads\/2024\/04\/Appentis-sur-terrasse-a-Peyrolles-3-400x210.jpg 400w, https:\/\/www.deco-charpente.fr\/wp-content\/uploads\/2024\/04\/Appentis-sur-terrasse-a-Peyrolles-3-600x315.jpg 600w, https:\/\/www.deco-charpente.fr\/wp-content\/uploads\/2024\/04\/Appentis-sur-terrasse-a-Peyrolles-3-800x420.jpg 800w, https:\/\/www.deco-charpente.fr\/wp-content\/uploads\/2024\/04\/Appentis-sur-terrasse-a-Peyrolles-3-1200x631.jpg 1200w, https:\/\/www.deco-charpente.fr\/wp-content\/uploads\/2024\/04\/Appentis-sur-terrasse-a-Peyrolles-3.jpg 1484w\" sizes=\"(max-width: 1024px) 100vw, (max-width: 640px) 100vw, 600px\" \/><\/a><\/span><\/div><div class=\"fusion-text fusion-text-563 tags\" style=\"transform:translate3d(0,0,0);\"><p>Lean-to &amp; Awning<\/p>\n<\/div><div class=\"fusion-text fusion-text-564 description\" style=\"transform:translate3d(0,0,0);\"><p>Lean-to on terrace in Peyrolles<\/p>\n<\/div><\/div><\/div><style type=\"text\/css\">.fusion-body .fusion-builder-column-282{width:25% !important;margin-top : 0px;margin-bottom : 20px;}.fusion-builder-column-282 > .fusion-column-wrapper {padding-top : 0px !important;padding-right : 0px !important;margin-right : 7.68%;padding-bottom : 0px !important;padding-left : 0px !important;margin-left : 7.68%;}@media only screen and (max-width:1024px) {.fusion-body .fusion-builder-column-282{width:100% !important;order : 0;}.fusion-builder-column-282 > .fusion-column-wrapper {margin-right : 1.92%;margin-left : 1.92%;}}@media only screen and (max-width:640px) {.fusion-body .fusion-builder-column-282{width:100% !important;order : 0;}.fusion-builder-column-282 > .fusion-column-wrapper {margin-right : 1.92%;margin-left : 1.92%;}}<\/style><div class=\"fusion-layout-column fusion_builder_column fusion-builder-column-283 fusion_builder_column_1_4 1_4 fusion-flex-column img-to-filter\"><div class=\"fusion-column-wrapper fusion-flex-justify-content-flex-start fusion-content-layout-column\" style=\"background-position:left top;background-repeat:no-repeat;-webkit-background-size:cover;-moz-background-size:cover;-o-background-size:cover;background-size:cover;padding: 0px 0px 0px 0px;\"><div ><span class=\"fusion-imageframe imageframe-none imageframe-283 hover-type-none\"><a href=\"https:\/\/www.deco-charpente.fr\/wp-content\/uploads\/2022\/09\/20220923_144107.jpg\" class=\"fusion-lightbox\" data-rel=\"iLightbox[gallery-image]\" data-title=\"Abri 2 pentes\" title=\"Shelter 2 slopes\"><img decoding=\"async\" width=\"1735\" height=\"1301\" src=\"https:\/\/www.deco-charpente.fr\/wp-content\/uploads\/2022\/09\/20220923_144107.jpg\" class=\"img-responsive wp-image-7623\" srcset=\"https:\/\/www.deco-charpente.fr\/wp-content\/uploads\/2022\/09\/20220923_144107-200x150.jpg 200w, https:\/\/www.deco-charpente.fr\/wp-content\/uploads\/2022\/09\/20220923_144107-400x300.jpg 400w, https:\/\/www.deco-charpente.fr\/wp-content\/uploads\/2022\/09\/20220923_144107-600x450.jpg 600w, https:\/\/www.deco-charpente.fr\/wp-content\/uploads\/2022\/09\/20220923_144107-800x600.jpg 800w, https:\/\/www.deco-charpente.fr\/wp-content\/uploads\/2022\/09\/20220923_144107-1200x900.jpg 1200w, https:\/\/www.deco-charpente.fr\/wp-content\/uploads\/2022\/09\/20220923_144107.jpg 1735w\" sizes=\"(max-width: 1024px) 100vw, (max-width: 640px) 100vw, 600px\" \/><\/a><\/span><\/div><div class=\"fusion-text fusion-text-565 tags\" style=\"transform:translate3d(0,0,0);\"><p>Lean-to &amp; Awning<\/p>\n<\/div><div class=\"fusion-text fusion-text-566 description\" style=\"transform:translate3d(0,0,0);\"><p>lean-to 2 slopes attached<\/p>\n<\/div><\/div><\/div><style type=\"text\/css\">.fusion-body .fusion-builder-column-283{width:25% !important;margin-top : 0px;margin-bottom : 20px;}.fusion-builder-column-283 > .fusion-column-wrapper {padding-top : 0px !important;padding-right : 0px !important;margin-right : 7.68%;padding-bottom : 0px !important;padding-left : 0px !important;margin-left : 7.68%;}@media only screen and (max-width:1024px) {.fusion-body .fusion-builder-column-283{width:100% !important;order : 0;}.fusion-builder-column-283 > .fusion-column-wrapper {margin-right : 1.92%;margin-left : 1.92%;}}@media only screen and (max-width:640px) {.fusion-body .fusion-builder-column-283{width:100% !important;order : 0;}.fusion-builder-column-283 > .fusion-column-wrapper {margin-right : 1.92%;margin-left : 1.92%;}}<\/style><div class=\"fusion-layout-column fusion_builder_column fusion-builder-column-284 fusion_builder_column_1_4 1_4 fusion-flex-column img-to-filter\"><div class=\"fusion-column-wrapper fusion-flex-justify-content-flex-start fusion-content-layout-column\" style=\"background-position:left top;background-repeat:no-repeat;-webkit-background-size:cover;-moz-background-size:cover;-o-background-size:cover;background-size:cover;padding: 0px 0px 0px 0px;\"><div ><span class=\"fusion-imageframe imageframe-none imageframe-284 hover-type-none\"><a href=\"https:\/\/www.deco-charpente.fr\/wp-content\/uploads\/2023\/08\/Auvent-Patrice-Georges-2.jpg\" class=\"fusion-lightbox\" data-rel=\"iLightbox[gallery-image]\" data-title=\"Auvent-Patrice-Georges-2\" title=\"Awning-Patrice-Georges-2\"><img decoding=\"async\" width=\"1124\" height=\"720\" src=\"https:\/\/www.deco-charpente.fr\/wp-content\/uploads\/2023\/08\/Auvent-Patrice-Georges-2.jpg\" class=\"img-responsive wp-image-8879\"\/><\/a><\/span><\/div><div class=\"fusion-text fusion-text-567 tags\" style=\"transform:translate3d(0,0,0);\"><p>Lean-to &amp; Awning<\/p>\n<\/div><div class=\"fusion-text fusion-text-568 description\" style=\"transform:translate3d(0,0,0);\"><p>2 slope shelter with edge tiles<\/p>\n<\/div><\/div><\/div><style type=\"text\/css\">.fusion-body .fusion-builder-column-284{width:25% !important;margin-top : 0px;margin-bottom : 20px;}.fusion-builder-column-284 > .fusion-column-wrapper {padding-top : 0px !important;padding-right : 0px !important;margin-right : 7.68%;padding-bottom : 0px !important;padding-left : 0px !important;margin-left : 7.68%;}@media only screen and (max-width:1024px) {.fusion-body .fusion-builder-column-284{width:100% !important;order : 0;}.fusion-builder-column-284 > .fusion-column-wrapper {margin-right : 1.92%;margin-left : 1.92%;}}@media only screen and (max-width:640px) {.fusion-body .fusion-builder-column-284{width:100% !important;order : 0;}.fusion-builder-column-284 > .fusion-column-wrapper {margin-right : 1.92%;margin-left : 1.92%;}}<\/style><div class=\"fusion-layout-column fusion_builder_column fusion-builder-column-285 fusion_builder_column_1_4 1_4 fusion-flex-column img-to-filter\"><div class=\"fusion-column-wrapper fusion-flex-justify-content-flex-start fusion-content-layout-column\" style=\"background-position:left top;background-repeat:no-repeat;-webkit-background-size:cover;-moz-background-size:cover;-o-background-size:cover;background-size:cover;padding: 0px 0px 0px 0px;\"><div ><span class=\"fusion-imageframe imageframe-none imageframe-285 hover-type-none\"><a href=\"https:\/\/www.deco-charpente.fr\/wp-content\/uploads\/2022\/09\/20220923_144039.jpg\" class=\"fusion-lightbox\" data-rel=\"iLightbox[gallery-image]\" data-title=\"Abri 2 pentes avec tuiles de rive\" title=\"2 slope shelter with edge tiles\"><img decoding=\"async\" width=\"1608\" height=\"1206\" src=\"https:\/\/www.deco-charpente.fr\/wp-content\/uploads\/2022\/09\/20220923_144039.jpg\" class=\"img-responsive wp-image-7622\" srcset=\"https:\/\/www.deco-charpente.fr\/wp-content\/uploads\/2022\/09\/20220923_144039-200x150.jpg 200w, https:\/\/www.deco-charpente.fr\/wp-content\/uploads\/2022\/09\/20220923_144039-400x300.jpg 400w, https:\/\/www.deco-charpente.fr\/wp-content\/uploads\/2022\/09\/20220923_144039-600x450.jpg 600w, https:\/\/www.deco-charpente.fr\/wp-content\/uploads\/2022\/09\/20220923_144039-800x600.jpg 800w, https:\/\/www.deco-charpente.fr\/wp-content\/uploads\/2022\/09\/20220923_144039-1200x900.jpg 1200w, https:\/\/www.deco-charpente.fr\/wp-content\/uploads\/2022\/09\/20220923_144039.jpg 1608w\" sizes=\"(max-width: 1024px) 100vw, (max-width: 640px) 100vw, 600px\" \/><\/a><\/span><\/div><div class=\"fusion-text fusion-text-569 tags\" style=\"transform:translate3d(0,0,0);\"><p>Lean-to &amp; Awning<\/p>\n<\/div><div class=\"fusion-text fusion-text-570 description\" style=\"transform:translate3d(0,0,0);\"><p>2 slope shelter with edge tiles<\/p>\n<\/div><\/div><\/div><style type=\"text\/css\">.fusion-body .fusion-builder-column-285{width:25% !important;margin-top : 0px;margin-bottom : 20px;}.fusion-builder-column-285 > .fusion-column-wrapper {padding-top : 0px !important;padding-right : 0px !important;margin-right : 7.68%;padding-bottom : 0px !important;padding-left : 0px !important;margin-left : 7.68%;}@media only screen and (max-width:1024px) {.fusion-body .fusion-builder-column-285{width:100% !important;order : 0;}.fusion-builder-column-285 > .fusion-column-wrapper {margin-right : 1.92%;margin-left : 1.92%;}}@media only screen and (max-width:640px) {.fusion-body .fusion-builder-column-285{width:100% !important;order : 0;}.fusion-builder-column-285 > .fusion-column-wrapper {margin-right : 1.92%;margin-left : 1.92%;}}<\/style><div class=\"fusion-layout-column fusion_builder_column fusion-builder-column-286 fusion_builder_column_1_4 1_4 fusion-flex-column img-to-filter\"><div class=\"fusion-column-wrapper fusion-flex-justify-content-flex-start fusion-content-layout-column\" style=\"background-position:left top;background-repeat:no-repeat;-webkit-background-size:cover;-moz-background-size:cover;-o-background-size:cover;background-size:cover;padding: 0px 0px 0px 0px;\"><div ><span class=\"fusion-imageframe imageframe-none imageframe-286 hover-type-none\"><a href=\"https:\/\/www.deco-charpente.fr\/wp-content\/uploads\/2021\/04\/appentis-2-pentes-adosse.jpg\" class=\"fusion-lightbox\" data-rel=\"iLightbox[gallery-image]\" data-title=\"appentis 2 pentes adoss\u00e9\" title=\"lean-to 2 slopes attached\"><img decoding=\"async\" width=\"1440\" height=\"1080\" alt=\"appentis 2 pentes adoss\u00e9\" src=\"https:\/\/www.deco-charpente.fr\/wp-content\/uploads\/2021\/04\/appentis-2-pentes-adosse.jpg\" class=\"img-responsive wp-image-4796\" srcset=\"https:\/\/www.deco-charpente.fr\/wp-content\/uploads\/2021\/04\/appentis-2-pentes-adosse-200x150.jpg 200w, https:\/\/www.deco-charpente.fr\/wp-content\/uploads\/2021\/04\/appentis-2-pentes-adosse-400x300.jpg 400w, https:\/\/www.deco-charpente.fr\/wp-content\/uploads\/2021\/04\/appentis-2-pentes-adosse-600x450.jpg 600w, https:\/\/www.deco-charpente.fr\/wp-content\/uploads\/2021\/04\/appentis-2-pentes-adosse-800x600.jpg 800w, https:\/\/www.deco-charpente.fr\/wp-content\/uploads\/2021\/04\/appentis-2-pentes-adosse-1200x900.jpg 1200w, https:\/\/www.deco-charpente.fr\/wp-content\/uploads\/2021\/04\/appentis-2-pentes-adosse.jpg 1440w\" sizes=\"(max-width: 1024px) 100vw, (max-width: 640px) 100vw, 600px\" \/><\/a><\/span><\/div><div class=\"fusion-text fusion-text-571 tags\" style=\"transform:translate3d(0,0,0);\"><p>Lean-to &amp; Awning<\/p>\n<\/div><div class=\"fusion-text fusion-text-572 description\" style=\"transform:translate3d(0,0,0);\"><p>lean-to 2 slopes attached<\/p>\n<\/div><\/div><\/div><style type=\"text\/css\">.fusion-body .fusion-builder-column-286{width:25% !important;margin-top : 0px;margin-bottom : 20px;}.fusion-builder-column-286 > .fusion-column-wrapper {padding-top : 0px !important;padding-right : 0px !important;margin-right : 7.68%;padding-bottom : 0px !important;padding-left : 0px !important;margin-left : 7.68%;}@media only screen and (max-width:1024px) {.fusion-body .fusion-builder-column-286{width:100% !important;order : 0;}.fusion-builder-column-286 > .fusion-column-wrapper {margin-right : 1.92%;margin-left : 1.92%;}}@media only screen and (max-width:640px) {.fusion-body .fusion-builder-column-286{width:100% !important;order : 0;}.fusion-builder-column-286 > .fusion-column-wrapper {margin-right : 1.92%;margin-left : 1.92%;}}<\/style><div class=\"fusion-layout-column fusion_builder_column fusion-builder-column-287 fusion_builder_column_1_4 1_4 fusion-flex-column img-to-filter\"><div class=\"fusion-column-wrapper fusion-flex-justify-content-flex-start fusion-content-layout-column\" style=\"background-position:left top;background-repeat:no-repeat;-webkit-background-size:cover;-moz-background-size:cover;-o-background-size:cover;background-size:cover;padding: 0px 0px 0px 0px;\"><div ><span class=\"fusion-imageframe imageframe-none imageframe-287 hover-type-none\"><a href=\"https:\/\/www.deco-charpente.fr\/wp-content\/uploads\/2021\/04\/2-pentes-adosse-bardage-et-sous-face-bois.jpg\" class=\"fusion-lightbox\" data-rel=\"iLightbox[gallery-image]\" data-title=\"2 pentes adoss\u00e9 bardage et sous face bois\" title=\"2 slopes backed by cladding and wooden underside\"><img decoding=\"async\" width=\"1440\" height=\"1080\" alt=\"2 pentes adoss\u00e9 bardage et sous face bois\" src=\"https:\/\/www.deco-charpente.fr\/wp-content\/uploads\/2021\/04\/2-pentes-adosse-bardage-et-sous-face-bois.jpg\" class=\"img-responsive wp-image-4794\" srcset=\"https:\/\/www.deco-charpente.fr\/wp-content\/uploads\/2021\/04\/2-pentes-adosse-bardage-et-sous-face-bois-200x150.jpg 200w, https:\/\/www.deco-charpente.fr\/wp-content\/uploads\/2021\/04\/2-pentes-adosse-bardage-et-sous-face-bois-400x300.jpg 400w, https:\/\/www.deco-charpente.fr\/wp-content\/uploads\/2021\/04\/2-pentes-adosse-bardage-et-sous-face-bois-600x450.jpg 600w, https:\/\/www.deco-charpente.fr\/wp-content\/uploads\/2021\/04\/2-pentes-adosse-bardage-et-sous-face-bois-800x600.jpg 800w, https:\/\/www.deco-charpente.fr\/wp-content\/uploads\/2021\/04\/2-pentes-adosse-bardage-et-sous-face-bois-1200x900.jpg 1200w, https:\/\/www.deco-charpente.fr\/wp-content\/uploads\/2021\/04\/2-pentes-adosse-bardage-et-sous-face-bois.jpg 1440w\" sizes=\"(max-width: 1024px) 100vw, (max-width: 640px) 100vw, 600px\" \/><\/a><\/span><\/div><div class=\"fusion-text fusion-text-573 tags\" style=\"transform:translate3d(0,0,0);\"><p>Lean-to &amp; Awning<\/p>\n<\/div><div class=\"fusion-text fusion-text-574 description\" style=\"transform:translate3d(0,0,0);\"><p>2-slope awning with wooden cladding and underside<\/p>\n<\/div><\/div><\/div><style type=\"text\/css\">.fusion-body .fusion-builder-column-287{width:25% !important;margin-top : 0px;margin-bottom : 20px;}.fusion-builder-column-287 > .fusion-column-wrapper {padding-top : 0px !important;padding-right : 0px !important;margin-right : 7.68%;padding-bottom : 0px !important;padding-left : 0px !important;margin-left : 7.68%;}@media only screen and (max-width:1024px) {.fusion-body .fusion-builder-column-287{width:100% !important;order : 0;}.fusion-builder-column-287 > .fusion-column-wrapper {margin-right : 1.92%;margin-left : 1.92%;}}@media only screen and (max-width:640px) {.fusion-body .fusion-builder-column-287{width:100% !important;order : 0;}.fusion-builder-column-287 > .fusion-column-wrapper {margin-right : 1.92%;margin-left : 1.92%;}}<\/style><div class=\"fusion-layout-column fusion_builder_column fusion-builder-column-288 fusion_builder_column_1_4 1_4 fusion-flex-column img-to-filter\"><div class=\"fusion-column-wrapper fusion-flex-justify-content-flex-start fusion-content-layout-column\" style=\"background-position:left top;background-repeat:no-repeat;-webkit-background-size:cover;-moz-background-size:cover;-o-background-size:cover;background-size:cover;padding: 0px 0px 0px 0px;\"><div ><span class=\"fusion-imageframe imageframe-none imageframe-288 hover-type-none\"><a href=\"https:\/\/www.deco-charpente.fr\/wp-content\/uploads\/2021\/09\/auvent-de-garage-1.jpg\" class=\"fusion-lightbox\" data-rel=\"iLightbox[gallery-image]\" data-title=\"Auvent de garage\" title=\"Garage awning\"><img decoding=\"async\" width=\"1199\" height=\"900\" alt=\"Auvent de garage\" src=\"https:\/\/www.deco-charpente.fr\/wp-content\/uploads\/2021\/09\/auvent-de-garage-1.jpg\" class=\"img-responsive wp-image-5137\" srcset=\"https:\/\/www.deco-charpente.fr\/wp-content\/uploads\/2021\/09\/auvent-de-garage-1-200x150.jpg 200w, https:\/\/www.deco-charpente.fr\/wp-content\/uploads\/2021\/09\/auvent-de-garage-1-400x300.jpg 400w, https:\/\/www.deco-charpente.fr\/wp-content\/uploads\/2021\/09\/auvent-de-garage-1-600x450.jpg 600w, https:\/\/www.deco-charpente.fr\/wp-content\/uploads\/2021\/09\/auvent-de-garage-1-800x601.jpg 800w, https:\/\/www.deco-charpente.fr\/wp-content\/uploads\/2021\/09\/auvent-de-garage-1.jpg 1199w\" sizes=\"(max-width: 1024px) 100vw, (max-width: 640px) 100vw, 600px\" \/><\/a><\/span><\/div><div class=\"fusion-text fusion-text-575 tags\" style=\"transform:translate3d(0,0,0);\"><p>Lean-to &amp; Awning<\/p>\n<\/div><div class=\"fusion-text fusion-text-576 description\" style=\"transform:translate3d(0,0,0);\"><p>Garage awning<\/p>\n<\/div><\/div><\/div><style type=\"text\/css\">.fusion-body .fusion-builder-column-288{width:25% !important;margin-top : 0px;margin-bottom : 20px;}.fusion-builder-column-288 > .fusion-column-wrapper {padding-top : 0px !important;padding-right : 0px !important;margin-right : 7.68%;padding-bottom : 0px !important;padding-left : 0px !important;margin-left : 7.68%;}@media only screen and (max-width:1024px) {.fusion-body .fusion-builder-column-288{width:100% !important;order : 0;}.fusion-builder-column-288 > .fusion-column-wrapper {margin-right : 1.92%;margin-left : 1.92%;}}@media only screen and (max-width:640px) {.fusion-body .fusion-builder-column-288{width:100% !important;order : 0;}.fusion-builder-column-288 > .fusion-column-wrapper {margin-right : 1.92%;margin-left : 1.92%;}}<\/style><div class=\"fusion-layout-column fusion_builder_column fusion-builder-column-289 fusion_builder_column_1_4 1_4 fusion-flex-column img-to-filter\"><div class=\"fusion-column-wrapper fusion-flex-justify-content-flex-start fusion-content-layout-column\" style=\"background-position:left top;background-repeat:no-repeat;-webkit-background-size:cover;-moz-background-size:cover;-o-background-size:cover;background-size:cover;padding: 0px 0px 0px 0px;\"><div ><span class=\"fusion-imageframe imageframe-none imageframe-289 hover-type-none\"><a href=\"https:\/\/www.deco-charpente.fr\/wp-content\/uploads\/2021\/03\/Apppentis-2-pentes.jpg\" class=\"fusion-lightbox\" data-rel=\"iLightbox[gallery-image]\" data-title=\"Appentis 2 pentes\" title=\"Lean-to 2 slopes\"><img decoding=\"async\" width=\"771\" height=\"578\" alt=\"Appentis 2 pentes\" src=\"https:\/\/www.deco-charpente.fr\/wp-content\/uploads\/2021\/03\/Apppentis-2-pentes.jpg\" class=\"img-responsive wp-image-4552\" srcset=\"https:\/\/www.deco-charpente.fr\/wp-content\/uploads\/2021\/03\/Apppentis-2-pentes-200x150.jpg 200w, https:\/\/www.deco-charpente.fr\/wp-content\/uploads\/2021\/03\/Apppentis-2-pentes-400x300.jpg 400w, https:\/\/www.deco-charpente.fr\/wp-content\/uploads\/2021\/03\/Apppentis-2-pentes-600x450.jpg 600w, https:\/\/www.deco-charpente.fr\/wp-content\/uploads\/2021\/03\/Apppentis-2-pentes.jpg 771w\" sizes=\"(max-width: 1024px) 100vw, (max-width: 640px) 100vw, 600px\" \/><\/a><\/span><\/div><div class=\"fusion-text fusion-text-577 tags\" style=\"transform:translate3d(0,0,0);\"><p>Lean-to &amp; Awning<\/p>\n<\/div><div class=\"fusion-text fusion-text-578 description\" style=\"transform:translate3d(0,0,0);\"><p>Lean-to 2 slopes<\/p>\n<\/div><\/div><\/div><style type=\"text\/css\">.fusion-body .fusion-builder-column-289{width:25% !important;margin-top : 0px;margin-bottom : 20px;}.fusion-builder-column-289 > .fusion-column-wrapper {padding-top : 0px !important;padding-right : 0px !important;margin-right : 7.68%;padding-bottom : 0px !important;padding-left : 0px !important;margin-left : 7.68%;}@media only screen and (max-width:1024px) {.fusion-body .fusion-builder-column-289{width:100% !important;order : 0;}.fusion-builder-column-289 > .fusion-column-wrapper {margin-right : 1.92%;margin-left : 1.92%;}}@media only screen and (max-width:640px) {.fusion-body .fusion-builder-column-289{width:100% !important;order : 0;}.fusion-builder-column-289 > .fusion-column-wrapper {margin-right : 1.92%;margin-left : 1.92%;}}<\/style><div class=\"fusion-layout-column fusion_builder_column fusion-builder-column-290 fusion_builder_column_1_4 1_4 fusion-flex-column img-to-filter\"><div class=\"fusion-column-wrapper fusion-flex-justify-content-flex-start fusion-content-layout-column\" style=\"background-position:left top;background-repeat:no-repeat;-webkit-background-size:cover;-moz-background-size:cover;-o-background-size:cover;background-size:cover;padding: 0px 0px 0px 0px;\"><div ><span class=\"fusion-imageframe imageframe-none imageframe-290 hover-type-none\"><a href=\"https:\/\/www.deco-charpente.fr\/wp-content\/uploads\/2024\/03\/Appentis-sur-terrasse.jpg\" class=\"fusion-lightbox\" data-rel=\"iLightbox[gallery-image]\" data-title=\"Appentis sur terrasse\" title=\"Lean-to on terrace\"><img decoding=\"async\" width=\"2049\" height=\"1536\" src=\"https:\/\/www.deco-charpente.fr\/wp-content\/uploads\/2024\/03\/Appentis-sur-terrasse.jpg\" class=\"img-responsive wp-image-10056\" srcset=\"https:\/\/www.deco-charpente.fr\/wp-content\/uploads\/2024\/03\/Appentis-sur-terrasse-200x150.jpg 200w, https:\/\/www.deco-charpente.fr\/wp-content\/uploads\/2024\/03\/Appentis-sur-terrasse-400x300.jpg 400w, https:\/\/www.deco-charpente.fr\/wp-content\/uploads\/2024\/03\/Appentis-sur-terrasse-600x450.jpg 600w, https:\/\/www.deco-charpente.fr\/wp-content\/uploads\/2024\/03\/Appentis-sur-terrasse-800x600.jpg 800w, https:\/\/www.deco-charpente.fr\/wp-content\/uploads\/2024\/03\/Appentis-sur-terrasse-1200x900.jpg 1200w, https:\/\/www.deco-charpente.fr\/wp-content\/uploads\/2024\/03\/Appentis-sur-terrasse.jpg 2049w\" sizes=\"(max-width: 1024px) 100vw, (max-width: 640px) 100vw, 600px\" \/><\/a><\/span><\/div><div class=\"fusion-text fusion-text-579 tags\" style=\"transform:translate3d(0,0,0);\"><p>Lean-to &amp; Awning<\/p>\n<\/div><div class=\"fusion-text fusion-text-580 description\" style=\"transform:translate3d(0,0,0);\"><p>Lean-to on terrace<\/p>\n<\/div><\/div><\/div><style type=\"text\/css\">.fusion-body .fusion-builder-column-290{width:25% !important;margin-top : 0px;margin-bottom : 20px;}.fusion-builder-column-290 > .fusion-column-wrapper {padding-top : 0px !important;padding-right : 0px !important;margin-right : 7.68%;padding-bottom : 0px !important;padding-left : 0px !important;margin-left : 7.68%;}@media only screen and (max-width:1024px) {.fusion-body .fusion-builder-column-290{width:100% !important;order : 0;}.fusion-builder-column-290 > .fusion-column-wrapper {margin-right : 1.92%;margin-left : 1.92%;}}@media only screen and (max-width:640px) {.fusion-body .fusion-builder-column-290{width:100% !important;order : 0;}.fusion-builder-column-290 > .fusion-column-wrapper {margin-right : 1.92%;margin-left : 1.92%;}}<\/style><div class=\"fusion-layout-column fusion_builder_column fusion-builder-column-291 fusion_builder_column_1_4 1_4 fusion-flex-column img-to-filter\"><div class=\"fusion-column-wrapper fusion-flex-justify-content-flex-start fusion-content-layout-column\" style=\"background-position:left top;background-repeat:no-repeat;-webkit-background-size:cover;-moz-background-size:cover;-o-background-size:cover;background-size:cover;padding: 0px 0px 0px 0px;\"><div ><span class=\"fusion-imageframe imageframe-none imageframe-291 hover-type-none\"><a href=\"https:\/\/www.deco-charpente.fr\/wp-content\/uploads\/2023\/03\/Appentis-sur-terrasse.jpeg\" class=\"fusion-lightbox\" data-rel=\"iLightbox[gallery-image]\" data-title=\"Appentis-sur-terrasse\" title=\"Lean-to-terrace\"><img decoding=\"async\" width=\"1511\" height=\"998\" src=\"https:\/\/www.deco-charpente.fr\/wp-content\/uploads\/2023\/03\/Appentis-sur-terrasse.jpeg\" class=\"img-responsive wp-image-8486\" srcset=\"https:\/\/www.deco-charpente.fr\/wp-content\/uploads\/2023\/03\/Appentis-sur-terrasse-200x132.jpeg 200w, https:\/\/www.deco-charpente.fr\/wp-content\/uploads\/2023\/03\/Appentis-sur-terrasse-400x264.jpeg 400w, https:\/\/www.deco-charpente.fr\/wp-content\/uploads\/2023\/03\/Appentis-sur-terrasse-600x396.jpeg 600w, https:\/\/www.deco-charpente.fr\/wp-content\/uploads\/2023\/03\/Appentis-sur-terrasse-800x528.jpeg 800w, https:\/\/www.deco-charpente.fr\/wp-content\/uploads\/2023\/03\/Appentis-sur-terrasse-1200x793.jpeg 1200w, https:\/\/www.deco-charpente.fr\/wp-content\/uploads\/2023\/03\/Appentis-sur-terrasse.jpeg 1511w\" sizes=\"(max-width: 1024px) 100vw, (max-width: 640px) 100vw, 600px\" \/><\/a><\/span><\/div><div class=\"fusion-text fusion-text-581 tags\" style=\"transform:translate3d(0,0,0);\"><p>Lean-to &amp; Awning<\/p>\n<\/div><div class=\"fusion-text fusion-text-582 description\" style=\"transform:translate3d(0,0,0);\"><p>Lean-to on terrace<\/p>\n<\/div><\/div><\/div><style type=\"text\/css\">.fusion-body .fusion-builder-column-291{width:25% !important;margin-top : 0px;margin-bottom : 20px;}.fusion-builder-column-291 > .fusion-column-wrapper {padding-top : 0px !important;padding-right : 0px !important;margin-right : 7.68%;padding-bottom : 0px !important;padding-left : 0px !important;margin-left : 7.68%;}@media only screen and (max-width:1024px) {.fusion-body .fusion-builder-column-291{width:100% !important;order : 0;}.fusion-builder-column-291 > .fusion-column-wrapper {margin-right : 1.92%;margin-left : 1.92%;}}@media only screen and (max-width:640px) {.fusion-body .fusion-builder-column-291{width:100% !important;order : 0;}.fusion-builder-column-291 > .fusion-column-wrapper {margin-right : 1.92%;margin-left : 1.92%;}}<\/style><div class=\"fusion-layout-column fusion_builder_column fusion-builder-column-292 fusion_builder_column_1_4 1_4 fusion-flex-column img-to-filter\"><div class=\"fusion-column-wrapper fusion-flex-justify-content-flex-start fusion-content-layout-column\" style=\"background-position:left top;background-repeat:no-repeat;-webkit-background-size:cover;-moz-background-size:cover;-o-background-size:cover;background-size:cover;padding: 0px 0px 0px 0px;\"><div ><span class=\"fusion-imageframe imageframe-none imageframe-292 hover-type-none\"><a href=\"https:\/\/www.deco-charpente.fr\/wp-content\/uploads\/2024\/03\/Appentis-sur-terrasse-1.jpg\" class=\"fusion-lightbox\" data-rel=\"iLightbox[gallery-image]\" data-title=\"Appentis sur terrasse\" title=\"Lean-to on terrace\"><img decoding=\"async\" width=\"2049\" height=\"1536\" src=\"https:\/\/www.deco-charpente.fr\/wp-content\/uploads\/2024\/03\/Appentis-sur-terrasse-1.jpg\" class=\"img-responsive wp-image-10069\" srcset=\"https:\/\/www.deco-charpente.fr\/wp-content\/uploads\/2024\/03\/Appentis-sur-terrasse-1-200x150.jpg 200w, https:\/\/www.deco-charpente.fr\/wp-content\/uploads\/2024\/03\/Appentis-sur-terrasse-1-400x300.jpg 400w, https:\/\/www.deco-charpente.fr\/wp-content\/uploads\/2024\/03\/Appentis-sur-terrasse-1-600x450.jpg 600w, https:\/\/www.deco-charpente.fr\/wp-content\/uploads\/2024\/03\/Appentis-sur-terrasse-1-800x600.jpg 800w, https:\/\/www.deco-charpente.fr\/wp-content\/uploads\/2024\/03\/Appentis-sur-terrasse-1-1200x900.jpg 1200w, https:\/\/www.deco-charpente.fr\/wp-content\/uploads\/2024\/03\/Appentis-sur-terrasse-1.jpg 2049w\" sizes=\"(max-width: 1024px) 100vw, (max-width: 640px) 100vw, 600px\" \/><\/a><\/span><\/div><div class=\"fusion-text fusion-text-583 tags\" style=\"transform:translate3d(0,0,0);\"><p>Lean-to &amp; Awning<\/p>\n<\/div><div class=\"fusion-text fusion-text-584 description\" style=\"transform:translate3d(0,0,0);\"><p>Lean-to on terrace<\/p>\n<\/div><\/div><\/div><style type=\"text\/css\">.fusion-body .fusion-builder-column-292{width:25% !important;margin-top : 0px;margin-bottom : 20px;}.fusion-builder-column-292 > .fusion-column-wrapper {padding-top : 0px !important;padding-right : 0px !important;margin-right : 7.68%;padding-bottom : 0px !important;padding-left : 0px !important;margin-left : 7.68%;}@media only screen and (max-width:1024px) {.fusion-body .fusion-builder-column-292{width:100% !important;order : 0;}.fusion-builder-column-292 > .fusion-column-wrapper {margin-right : 1.92%;margin-left : 1.92%;}}@media only screen and (max-width:640px) {.fusion-body .fusion-builder-column-292{width:100% !important;order : 0;}.fusion-builder-column-292 > .fusion-column-wrapper {margin-right : 1.92%;margin-left : 1.92%;}}<\/style><div class=\"fusion-layout-column fusion_builder_column fusion-builder-column-293 fusion_builder_column_1_4 1_4 fusion-flex-column img-to-filter\"><div class=\"fusion-column-wrapper fusion-flex-justify-content-flex-start fusion-content-layout-column\" style=\"background-position:left top;background-repeat:no-repeat;-webkit-background-size:cover;-moz-background-size:cover;-o-background-size:cover;background-size:cover;padding: 0px 0px 0px 0px;\"><div ><span class=\"fusion-imageframe imageframe-none imageframe-293 hover-type-none\"><a href=\"https:\/\/www.deco-charpente.fr\/wp-content\/uploads\/2024\/03\/Appentis-avec-fenetre.jpg\" class=\"fusion-lightbox\" data-rel=\"iLightbox[gallery-image]\" data-title=\"Appentis avec fenetre\" title=\"Lean-to with window\"><img decoding=\"async\" width=\"2048\" height=\"1536\" src=\"https:\/\/www.deco-charpente.fr\/wp-content\/uploads\/2024\/03\/Appentis-avec-fenetre.jpg\" class=\"img-responsive wp-image-10021\" srcset=\"https:\/\/www.deco-charpente.fr\/wp-content\/uploads\/2024\/03\/Appentis-avec-fenetre-200x150.jpg 200w, https:\/\/www.deco-charpente.fr\/wp-content\/uploads\/2024\/03\/Appentis-avec-fenetre-400x300.jpg 400w, https:\/\/www.deco-charpente.fr\/wp-content\/uploads\/2024\/03\/Appentis-avec-fenetre-600x450.jpg 600w, https:\/\/www.deco-charpente.fr\/wp-content\/uploads\/2024\/03\/Appentis-avec-fenetre-800x600.jpg 800w, https:\/\/www.deco-charpente.fr\/wp-content\/uploads\/2024\/03\/Appentis-avec-fenetre-1200x900.jpg 1200w, https:\/\/www.deco-charpente.fr\/wp-content\/uploads\/2024\/03\/Appentis-avec-fenetre.jpg 2048w\" sizes=\"(max-width: 1024px) 100vw, (max-width: 640px) 100vw, 600px\" \/><\/a><\/span><\/div><div class=\"fusion-text fusion-text-585 tags\" style=\"transform:translate3d(0,0,0);\"><p>Lean-to &amp; Awning<\/p>\n<\/div><div class=\"fusion-text fusion-text-586 description\" style=\"transform:translate3d(0,0,0);\"><p>Lean-to on terrace<\/p>\n<\/div><\/div><\/div><style type=\"text\/css\">.fusion-body .fusion-builder-column-293{width:25% !important;margin-top : 0px;margin-bottom : 20px;}.fusion-builder-column-293 > .fusion-column-wrapper {padding-top : 0px !important;padding-right : 0px !important;margin-right : 7.68%;padding-bottom : 0px !important;padding-left : 0px !important;margin-left : 7.68%;}@media only screen and (max-width:1024px) {.fusion-body .fusion-builder-column-293{width:100% !important;order : 0;}.fusion-builder-column-293 > .fusion-column-wrapper {margin-right : 1.92%;margin-left : 1.92%;}}@media only screen and (max-width:640px) {.fusion-body .fusion-builder-column-293{width:100% !important;order : 0;}.fusion-builder-column-293 > .fusion-column-wrapper {margin-right : 1.92%;margin-left : 1.92%;}}<\/style><div class=\"fusion-layout-column fusion_builder_column fusion-builder-column-294 fusion_builder_column_1_4 1_4 fusion-flex-column img-to-filter\"><div class=\"fusion-column-wrapper fusion-flex-justify-content-flex-start fusion-content-layout-column\" style=\"background-position:left top;background-repeat:no-repeat;-webkit-background-size:cover;-moz-background-size:cover;-o-background-size:cover;background-size:cover;padding: 0px 0px 0px 0px;\"><div ><span class=\"fusion-imageframe imageframe-none imageframe-294 hover-type-none\"><a href=\"https:\/\/www.deco-charpente.fr\/wp-content\/uploads\/2022\/05\/Appentis-cortes-3-e1652859949544.jpg\" class=\"fusion-lightbox\" data-rel=\"iLightbox[gallery-image]\" data-title=\"Appentis cortes 3\" title=\"Cortes lean-to 3\"><img decoding=\"async\" width=\"1404\" height=\"1362\" src=\"https:\/\/www.deco-charpente.fr\/wp-content\/uploads\/2022\/05\/Appentis-cortes-3-e1652859949544.jpg\" class=\"img-responsive wp-image-6695\" srcset=\"https:\/\/www.deco-charpente.fr\/wp-content\/uploads\/2022\/05\/Appentis-cortes-3-e1652859949544-200x194.jpg 200w, https:\/\/www.deco-charpente.fr\/wp-content\/uploads\/2022\/05\/Appentis-cortes-3-e1652859949544-400x388.jpg 400w, https:\/\/www.deco-charpente.fr\/wp-content\/uploads\/2022\/05\/Appentis-cortes-3-e1652859949544-600x582.jpg 600w, https:\/\/www.deco-charpente.fr\/wp-content\/uploads\/2022\/05\/Appentis-cortes-3-e1652859949544-800x776.jpg 800w, https:\/\/www.deco-charpente.fr\/wp-content\/uploads\/2022\/05\/Appentis-cortes-3-e1652859949544-1200x1164.jpg 1200w, https:\/\/www.deco-charpente.fr\/wp-content\/uploads\/2022\/05\/Appentis-cortes-3-e1652859949544.jpg 1404w\" sizes=\"(max-width: 1024px) 100vw, (max-width: 640px) 100vw, 600px\" \/><\/a><\/span><\/div><div class=\"fusion-text fusion-text-587 tags\" style=\"transform:translate3d(0,0,0);\"><p>Lean-to &amp; Awning<\/p>\n<\/div><div class=\"fusion-text fusion-text-588 description\" style=\"transform:translate3d(0,0,0);\"><p>Lean-to on terrace<\/p>\n<\/div><\/div><\/div><style type=\"text\/css\">.fusion-body .fusion-builder-column-294{width:25% !important;margin-top : 0px;margin-bottom : 20px;}.fusion-builder-column-294 > .fusion-column-wrapper {padding-top : 0px !important;padding-right : 0px !important;margin-right : 7.68%;padding-bottom : 0px !important;padding-left : 0px !important;margin-left : 7.68%;}@media only screen and (max-width:1024px) {.fusion-body .fusion-builder-column-294{width:100% !important;order : 0;}.fusion-builder-column-294 > .fusion-column-wrapper {margin-right : 1.92%;margin-left : 1.92%;}}@media only screen and (max-width:640px) {.fusion-body .fusion-builder-column-294{width:100% !important;order : 0;}.fusion-builder-column-294 > .fusion-column-wrapper {margin-right : 1.92%;margin-left : 1.92%;}}<\/style><div class=\"fusion-layout-column fusion_builder_column fusion-builder-column-295 fusion_builder_column_1_4 1_4 fusion-flex-column img-to-filter\"><div class=\"fusion-column-wrapper fusion-flex-justify-content-flex-start fusion-content-layout-column\" style=\"background-position:left top;background-repeat:no-repeat;-webkit-background-size:cover;-moz-background-size:cover;-o-background-size:cover;background-size:cover;padding: 0px 0px 0px 0px;\"><div ><span class=\"fusion-imageframe imageframe-none imageframe-295 hover-type-none\"><a href=\"https:\/\/www.deco-charpente.fr\/wp-content\/uploads\/2022\/05\/Appentis-cortes-2.jpg\" class=\"fusion-lightbox\" data-rel=\"iLightbox[gallery-image]\" data-title=\"Appentis cortes 2\" title=\"Cortes lean-to 2\"><img decoding=\"async\" width=\"2059\" height=\"1544\" src=\"https:\/\/www.deco-charpente.fr\/wp-content\/uploads\/2022\/05\/Appentis-cortes-2.jpg\" class=\"img-responsive wp-image-6694\" srcset=\"https:\/\/www.deco-charpente.fr\/wp-content\/uploads\/2022\/05\/Appentis-cortes-2-200x150.jpg 200w, https:\/\/www.deco-charpente.fr\/wp-content\/uploads\/2022\/05\/Appentis-cortes-2-400x300.jpg 400w, https:\/\/www.deco-charpente.fr\/wp-content\/uploads\/2022\/05\/Appentis-cortes-2-600x450.jpg 600w, https:\/\/www.deco-charpente.fr\/wp-content\/uploads\/2022\/05\/Appentis-cortes-2-800x600.jpg 800w, https:\/\/www.deco-charpente.fr\/wp-content\/uploads\/2022\/05\/Appentis-cortes-2-1200x900.jpg 1200w, https:\/\/www.deco-charpente.fr\/wp-content\/uploads\/2022\/05\/Appentis-cortes-2.jpg 2059w\" sizes=\"(max-width: 1024px) 100vw, (max-width: 640px) 100vw, 600px\" \/><\/a><\/span><\/div><div class=\"fusion-text fusion-text-589 tags\" style=\"transform:translate3d(0,0,0);\"><p>Lean-to &amp; Awning<\/p>\n<\/div><div class=\"fusion-text fusion-text-590 description\" style=\"transform:translate3d(0,0,0);\"><p>Lean-to on terrace<\/p>\n<\/div><\/div><\/div><style type=\"text\/css\">.fusion-body .fusion-builder-column-295{width:25% !important;margin-top : 0px;margin-bottom : 20px;}.fusion-builder-column-295 > .fusion-column-wrapper {padding-top : 0px !important;padding-right : 0px !important;margin-right : 7.68%;padding-bottom : 0px !important;padding-left : 0px !important;margin-left : 7.68%;}@media only screen and (max-width:1024px) {.fusion-body .fusion-builder-column-295{width:100% !important;order : 0;}.fusion-builder-column-295 > .fusion-column-wrapper {margin-right : 1.92%;margin-left : 1.92%;}}@media only screen and (max-width:640px) {.fusion-body .fusion-builder-column-295{width:100% !important;order : 0;}.fusion-builder-column-295 > .fusion-column-wrapper {margin-right : 1.92%;margin-left : 1.92%;}}<\/style><div class=\"fusion-layout-column fusion_builder_column fusion-builder-column-296 fusion_builder_column_1_4 1_4 fusion-flex-column img-to-filter\"><div class=\"fusion-column-wrapper fusion-flex-justify-content-flex-start fusion-content-layout-column\" style=\"background-position:left top;background-repeat:no-repeat;-webkit-background-size:cover;-moz-background-size:cover;-o-background-size:cover;background-size:cover;padding: 0px 0px 0px 0px;\"><div ><span class=\"fusion-imageframe imageframe-none imageframe-296 hover-type-none\"><a href=\"https:\/\/www.deco-charpente.fr\/wp-content\/uploads\/2022\/05\/Appentis-cortes-1-e1652859826189.jpg\" class=\"fusion-lightbox\" data-rel=\"iLightbox[gallery-image]\" data-title=\"Appentis cortes 1\" title=\"Cortes lean-to 1\"><img decoding=\"async\" width=\"1258\" height=\"1292\" src=\"https:\/\/www.deco-charpente.fr\/wp-content\/uploads\/2022\/05\/Appentis-cortes-1-e1652859826189.jpg\" class=\"img-responsive wp-image-6693\" srcset=\"https:\/\/www.deco-charpente.fr\/wp-content\/uploads\/2022\/05\/Appentis-cortes-1-e1652859826189-200x205.jpg 200w, https:\/\/www.deco-charpente.fr\/wp-content\/uploads\/2022\/05\/Appentis-cortes-1-e1652859826189-400x411.jpg 400w, https:\/\/www.deco-charpente.fr\/wp-content\/uploads\/2022\/05\/Appentis-cortes-1-e1652859826189-600x616.jpg 600w, https:\/\/www.deco-charpente.fr\/wp-content\/uploads\/2022\/05\/Appentis-cortes-1-e1652859826189-800x822.jpg 800w, https:\/\/www.deco-charpente.fr\/wp-content\/uploads\/2022\/05\/Appentis-cortes-1-e1652859826189-1200x1232.jpg 1200w, https:\/\/www.deco-charpente.fr\/wp-content\/uploads\/2022\/05\/Appentis-cortes-1-e1652859826189.jpg 1258w\" sizes=\"(max-width: 1024px) 100vw, (max-width: 640px) 100vw, 600px\" \/><\/a><\/span><\/div><div class=\"fusion-text fusion-text-591 tags\" style=\"transform:translate3d(0,0,0);\"><p>Lean-to &amp; Awning<\/p>\n<\/div><div class=\"fusion-text fusion-text-592 description\" style=\"transform:translate3d(0,0,0);\"><p>Lean-to on terrace<\/p>\n<\/div><\/div><\/div><style type=\"text\/css\">.fusion-body .fusion-builder-column-296{width:25% !important;margin-top : 0px;margin-bottom : 20px;}.fusion-builder-column-296 > .fusion-column-wrapper {padding-top : 0px !important;padding-right : 0px !important;margin-right : 7.68%;padding-bottom : 0px !important;padding-left : 0px !important;margin-left : 7.68%;}@media only screen and (max-width:1024px) {.fusion-body .fusion-builder-column-296{width:100% !important;order : 0;}.fusion-builder-column-296 > .fusion-column-wrapper {margin-right : 1.92%;margin-left : 1.92%;}}@media only screen and (max-width:640px) {.fusion-body .fusion-builder-column-296{width:100% !important;order : 0;}.fusion-builder-column-296 > .fusion-column-wrapper {margin-right : 1.92%;margin-left : 1.92%;}}<\/style><div class=\"fusion-layout-column fusion_builder_column fusion-builder-column-297 fusion_builder_column_1_4 1_4 fusion-flex-column img-to-filter\"><div class=\"fusion-column-wrapper fusion-flex-justify-content-flex-start fusion-content-layout-column\" style=\"background-position:left top;background-repeat:no-repeat;-webkit-background-size:cover;-moz-background-size:cover;-o-background-size:cover;background-size:cover;padding: 0px 0px 0px 0px;\"><div ><span class=\"fusion-imageframe imageframe-none imageframe-297 hover-type-none\"><a href=\"https:\/\/www.deco-charpente.fr\/wp-content\/uploads\/2021\/03\/appentis-sur-terrasse.jpg\" class=\"fusion-lightbox\" data-rel=\"iLightbox[gallery-image]\" data-caption=\"Appentis sur terrasse\" data-title=\"Appentis sur terrasse\" title=\"Lean-to on terrace\"><img decoding=\"async\" width=\"1190\" height=\"892\" src=\"https:\/\/www.deco-charpente.fr\/wp-content\/uploads\/2021\/03\/appentis-sur-terrasse.jpg\" class=\"img-responsive wp-image-4550\" srcset=\"https:\/\/www.deco-charpente.fr\/wp-content\/uploads\/2021\/03\/appentis-sur-terrasse-200x150.jpg 200w, https:\/\/www.deco-charpente.fr\/wp-content\/uploads\/2021\/03\/appentis-sur-terrasse-400x300.jpg 400w, https:\/\/www.deco-charpente.fr\/wp-content\/uploads\/2021\/03\/appentis-sur-terrasse-600x450.jpg 600w, https:\/\/www.deco-charpente.fr\/wp-content\/uploads\/2021\/03\/appentis-sur-terrasse-800x600.jpg 800w, https:\/\/www.deco-charpente.fr\/wp-content\/uploads\/2021\/03\/appentis-sur-terrasse.jpg 1190w\" sizes=\"(max-width: 1024px) 100vw, (max-width: 640px) 100vw, 600px\" \/><\/a><\/span><\/div><div class=\"fusion-text fusion-text-593 tags\" style=\"transform:translate3d(0,0,0);\"><p>Lean-to &amp; Awning<\/p>\n<\/div><div class=\"fusion-text fusion-text-594 description\" style=\"transform:translate3d(0,0,0);\"><p>Lean-to on terrace<\/p>\n<\/div><\/div><\/div><style type=\"text\/css\">.fusion-body .fusion-builder-column-297{width:25% !important;margin-top : 0px;margin-bottom : 20px;}.fusion-builder-column-297 > .fusion-column-wrapper {padding-top : 0px !important;padding-right : 0px !important;margin-right : 7.68%;padding-bottom : 0px !important;padding-left : 0px !important;margin-left : 7.68%;}@media only screen and (max-width:1024px) {.fusion-body .fusion-builder-column-297{width:100% !important;order : 0;}.fusion-builder-column-297 > .fusion-column-wrapper {margin-right : 1.92%;margin-left : 1.92%;}}@media only screen and (max-width:640px) {.fusion-body .fusion-builder-column-297{width:100% !important;order : 0;}.fusion-builder-column-297 > .fusion-column-wrapper {margin-right : 1.92%;margin-left : 1.92%;}}<\/style><div class=\"fusion-layout-column fusion_builder_column fusion-builder-column-298 fusion_builder_column_1_4 1_4 fusion-flex-column img-to-filter\"><div class=\"fusion-column-wrapper fusion-flex-justify-content-flex-start fusion-content-layout-column\" style=\"background-position:left top;background-repeat:no-repeat;-webkit-background-size:cover;-moz-background-size:cover;-o-background-size:cover;background-size:cover;padding: 0px 0px 0px 0px;\"><div ><span class=\"fusion-imageframe imageframe-none imageframe-298 hover-type-none\"><a href=\"https:\/\/www.deco-charpente.fr\/wp-content\/uploads\/2021\/02\/Pool-House-2-pentes.jpg\" class=\"fusion-lightbox\" data-rel=\"iLightbox[gallery-image]\" data-title=\"Appentis 2 pentes\" title=\"Lean-to 2 slopes\"><img decoding=\"async\" width=\"1020\" height=\"577\" alt=\"Appentis 2 pentes\" src=\"https:\/\/www.deco-charpente.fr\/wp-content\/uploads\/2021\/02\/Pool-House-2-pentes.jpg\" class=\"img-responsive wp-image-4505\" srcset=\"https:\/\/www.deco-charpente.fr\/wp-content\/uploads\/2021\/02\/Pool-House-2-pentes-200x113.jpg 200w, https:\/\/www.deco-charpente.fr\/wp-content\/uploads\/2021\/02\/Pool-House-2-pentes-400x226.jpg 400w, https:\/\/www.deco-charpente.fr\/wp-content\/uploads\/2021\/02\/Pool-House-2-pentes-600x339.jpg 600w, https:\/\/www.deco-charpente.fr\/wp-content\/uploads\/2021\/02\/Pool-House-2-pentes-800x453.jpg 800w, https:\/\/www.deco-charpente.fr\/wp-content\/uploads\/2021\/02\/Pool-House-2-pentes.jpg 1020w\" sizes=\"(max-width: 1024px) 100vw, (max-width: 640px) 100vw, 600px\" \/><\/a><\/span><\/div><div class=\"fusion-text fusion-text-595 tags\" style=\"transform:translate3d(0,0,0);\"><p>Lean-to &amp; Awning<\/p>\n<\/div><div class=\"fusion-text fusion-text-596 description\" style=\"transform:translate3d(0,0,0);\"><p>Lean-to 2 slopes<\/p>\n<\/div><\/div><\/div><style type=\"text\/css\">.fusion-body .fusion-builder-column-298{width:25% !important;margin-top : 0px;margin-bottom : 20px;}.fusion-builder-column-298 > .fusion-column-wrapper {padding-top : 0px !important;padding-right : 0px !important;margin-right : 7.68%;padding-bottom : 0px !important;padding-left : 0px !important;margin-left : 7.68%;}@media only screen and (max-width:1024px) {.fusion-body .fusion-builder-column-298{width:100% !important;order : 0;}.fusion-builder-column-298 > .fusion-column-wrapper {margin-right : 1.92%;margin-left : 1.92%;}}@media only screen and (max-width:640px) {.fusion-body .fusion-builder-column-298{width:100% !important;order : 0;}.fusion-builder-column-298 > .fusion-column-wrapper {margin-right : 1.92%;margin-left : 1.92%;}}<\/style><div class=\"fusion-layout-column fusion_builder_column fusion-builder-column-299 fusion_builder_column_1_4 1_4 fusion-flex-column img-to-filter\"><div class=\"fusion-column-wrapper fusion-flex-justify-content-flex-start fusion-content-layout-column\" style=\"background-position:left top;background-repeat:no-repeat;-webkit-background-size:cover;-moz-background-size:cover;-o-background-size:cover;background-size:cover;padding: 0px 0px 0px 0px;\"><div ><span class=\"fusion-imageframe imageframe-none imageframe-299 hover-type-none\"><a href=\"https:\/\/www.deco-charpente.fr\/wp-content\/uploads\/2021\/02\/Appentis-monopente-en-epicea.jpg\" class=\"fusion-lightbox\" data-rel=\"iLightbox[gallery-image]\" data-title=\"Appentis monopente en \u00e9pic\u00e9a\" title=\"Single-slope spruce lean-to\"><img decoding=\"async\" width=\"2049\" height=\"1537\" alt=\"Appentis monopente en \u00e9pic\u00e9a\" src=\"https:\/\/www.deco-charpente.fr\/wp-content\/uploads\/2021\/02\/Appentis-monopente-en-epicea.jpg\" class=\"img-responsive wp-image-4442\" srcset=\"https:\/\/www.deco-charpente.fr\/wp-content\/uploads\/2021\/02\/Appentis-monopente-en-epicea-200x150.jpg 200w, https:\/\/www.deco-charpente.fr\/wp-content\/uploads\/2021\/02\/Appentis-monopente-en-epicea-400x300.jpg 400w, https:\/\/www.deco-charpente.fr\/wp-content\/uploads\/2021\/02\/Appentis-monopente-en-epicea-600x450.jpg 600w, https:\/\/www.deco-charpente.fr\/wp-content\/uploads\/2021\/02\/Appentis-monopente-en-epicea-800x600.jpg 800w, https:\/\/www.deco-charpente.fr\/wp-content\/uploads\/2021\/02\/Appentis-monopente-en-epicea-1200x900.jpg 1200w, https:\/\/www.deco-charpente.fr\/wp-content\/uploads\/2021\/02\/Appentis-monopente-en-epicea.jpg 2049w\" sizes=\"(max-width: 1024px) 100vw, (max-width: 640px) 100vw, 600px\" \/><\/a><\/span><\/div><div class=\"fusion-text fusion-text-597 tags\" style=\"transform:translate3d(0,0,0);\"><p>Lean-to &amp; Awning<\/p>\n<\/div><div class=\"fusion-text fusion-text-598 description\" style=\"transform:translate3d(0,0,0);\"><p>Single-slope spruce lean-to<\/p>\n<\/div><\/div><\/div><style type=\"text\/css\">.fusion-body .fusion-builder-column-299{width:25% !important;margin-top : 0px;margin-bottom : 20px;}.fusion-builder-column-299 > .fusion-column-wrapper {padding-top : 0px !important;padding-right : 0px !important;margin-right : 7.68%;padding-bottom : 0px !important;padding-left : 0px !important;margin-left : 7.68%;}@media only screen and (max-width:1024px) {.fusion-body .fusion-builder-column-299{width:100% !important;order : 0;}.fusion-builder-column-299 > .fusion-column-wrapper {margin-right : 1.92%;margin-left : 1.92%;}}@media only screen and (max-width:640px) {.fusion-body .fusion-builder-column-299{width:100% !important;order : 0;}.fusion-builder-column-299 > .fusion-column-wrapper {margin-right : 1.92%;margin-left : 1.92%;}}<\/style><div class=\"fusion-layout-column fusion_builder_column fusion-builder-column-300 fusion_builder_column_1_4 1_4 fusion-flex-column img-to-filter\"><div class=\"fusion-column-wrapper fusion-flex-justify-content-flex-start fusion-content-layout-column\" style=\"background-position:left top;background-repeat:no-repeat;-webkit-background-size:cover;-moz-background-size:cover;-o-background-size:cover;background-size:cover;padding: 0px 0px 0px 0px;\"><div ><span class=\"fusion-imageframe imageframe-none imageframe-300 hover-type-none\"><a href=\"https:\/\/www.deco-charpente.fr\/wp-content\/uploads\/2021\/02\/Appentis-2-pentes-adosse.jpeg\" class=\"fusion-lightbox\" data-rel=\"iLightbox[gallery-image]\" data-title=\"Appentis 2 pentes adoss\u00e9\" title=\"Lean-to 2 slopes attached\"><img decoding=\"async\" width=\"1071\" height=\"826\" src=\"https:\/\/www.deco-charpente.fr\/wp-content\/uploads\/2021\/02\/Appentis-2-pentes-adosse.jpeg\" class=\"img-responsive wp-image-4441\" srcset=\"https:\/\/www.deco-charpente.fr\/wp-content\/uploads\/2021\/02\/Appentis-2-pentes-adosse-200x154.jpeg 200w, https:\/\/www.deco-charpente.fr\/wp-content\/uploads\/2021\/02\/Appentis-2-pentes-adosse-400x308.jpeg 400w, https:\/\/www.deco-charpente.fr\/wp-content\/uploads\/2021\/02\/Appentis-2-pentes-adosse-600x463.jpeg 600w, https:\/\/www.deco-charpente.fr\/wp-content\/uploads\/2021\/02\/Appentis-2-pentes-adosse-800x617.jpeg 800w, https:\/\/www.deco-charpente.fr\/wp-content\/uploads\/2021\/02\/Appentis-2-pentes-adosse.jpeg 1071w\" sizes=\"(max-width: 1024px) 100vw, (max-width: 640px) 100vw, 600px\" \/><\/a><\/span><\/div><div class=\"fusion-text fusion-text-599 tags\" style=\"transform:translate3d(0,0,0);\"><p>Lean-to &amp; Awning<\/p>\n<\/div><div class=\"fusion-text fusion-text-600 description\" style=\"transform:translate3d(0,0,0);\"><p>Lean-to 2 slopes attached<\/p>\n<\/div><\/div><\/div><style type=\"text\/css\">.fusion-body .fusion-builder-column-300{width:25% !important;margin-top : 0px;margin-bottom : 20px;}.fusion-builder-column-300 > .fusion-column-wrapper {padding-top : 0px !important;padding-right : 0px !important;margin-right : 7.68%;padding-bottom : 0px !important;padding-left : 0px !important;margin-left : 7.68%;}@media only screen and (max-width:1024px) {.fusion-body .fusion-builder-column-300{width:100% !important;order : 0;}.fusion-builder-column-300 > .fusion-column-wrapper {margin-right : 1.92%;margin-left : 1.92%;}}@media only screen and (max-width:640px) {.fusion-body .fusion-builder-column-300{width:100% !important;order : 0;}.fusion-builder-column-300 > .fusion-column-wrapper {margin-right : 1.92%;margin-left : 1.92%;}}<\/style><div class=\"fusion-layout-column fusion_builder_column fusion-builder-column-301 fusion_builder_column_1_4 1_4 fusion-flex-column img-to-filter\"><div class=\"fusion-column-wrapper fusion-flex-justify-content-flex-start fusion-content-layout-column\" style=\"background-position:left top;background-repeat:no-repeat;-webkit-background-size:cover;-moz-background-size:cover;-o-background-size:cover;background-size:cover;padding: 0px 0px 0px 0px;\"><div ><span class=\"fusion-imageframe imageframe-none imageframe-301 hover-type-none\"><a href=\"https:\/\/www.deco-charpente.fr\/wp-content\/uploads\/2021\/02\/Appentis-porche-dentree-3-pentes.jpg\" class=\"fusion-lightbox\" data-rel=\"iLightbox[gallery-image]\" data-title=\"Appentis porche d&rsquo;entr\u00e9e 3 pentes\" title=\"Lean-to entrance porch 3 slopes\"><img decoding=\"async\" width=\"1353\" height=\"761\" alt=\"Appentis porche d&#039;entr\u00e9e 3 pentes\" src=\"https:\/\/www.deco-charpente.fr\/wp-content\/uploads\/2021\/02\/Appentis-porche-dentree-3-pentes.jpg\" class=\"img-responsive wp-image-4503\" srcset=\"https:\/\/www.deco-charpente.fr\/wp-content\/uploads\/2021\/02\/Appentis-porche-dentree-3-pentes-200x112.jpg 200w, https:\/\/www.deco-charpente.fr\/wp-content\/uploads\/2021\/02\/Appentis-porche-dentree-3-pentes-400x225.jpg 400w, https:\/\/www.deco-charpente.fr\/wp-content\/uploads\/2021\/02\/Appentis-porche-dentree-3-pentes-600x337.jpg 600w, https:\/\/www.deco-charpente.fr\/wp-content\/uploads\/2021\/02\/Appentis-porche-dentree-3-pentes-800x450.jpg 800w, https:\/\/www.deco-charpente.fr\/wp-content\/uploads\/2021\/02\/Appentis-porche-dentree-3-pentes-1200x675.jpg 1200w, https:\/\/www.deco-charpente.fr\/wp-content\/uploads\/2021\/02\/Appentis-porche-dentree-3-pentes.jpg 1353w\" sizes=\"(max-width: 1024px) 100vw, (max-width: 640px) 100vw, 600px\" \/><\/a><\/span><\/div><div class=\"fusion-text fusion-text-601 tags\" style=\"transform:translate3d(0,0,0);\"><p>Lean-to &amp; Awning<\/p>\n<\/div><div class=\"fusion-text fusion-text-602 description\" style=\"transform:translate3d(0,0,0);\"><p>Lean-to entrance porch 3 slopes<\/p>\n<\/div><\/div><\/div><style type=\"text\/css\">.fusion-body .fusion-builder-column-301{width:25% !important;margin-top : 0px;margin-bottom : 20px;}.fusion-builder-column-301 > .fusion-column-wrapper {padding-top : 0px !important;padding-right : 0px !important;margin-right : 7.68%;padding-bottom : 0px !important;padding-left : 0px !important;margin-left : 7.68%;}@media only screen and (max-width:1024px) {.fusion-body .fusion-builder-column-301{width:100% !important;order : 0;}.fusion-builder-column-301 > .fusion-column-wrapper {margin-right : 1.92%;margin-left : 1.92%;}}@media only screen and (max-width:640px) {.fusion-body .fusion-builder-column-301{width:100% !important;order : 0;}.fusion-builder-column-301 > .fusion-column-wrapper {margin-right : 1.92%;margin-left : 1.92%;}}<\/style><div class=\"fusion-layout-column fusion_builder_column fusion-builder-column-302 fusion_builder_column_1_4 1_4 fusion-flex-column img-to-filter\"><div class=\"fusion-column-wrapper fusion-flex-justify-content-flex-start fusion-content-layout-column\" style=\"background-position:left top;background-repeat:no-repeat;-webkit-background-size:cover;-moz-background-size:cover;-o-background-size:cover;background-size:cover;padding: 0px 0px 0px 0px;\"><div ><span class=\"fusion-imageframe imageframe-none imageframe-302 hover-type-none\"><a href=\"https:\/\/www.deco-charpente.fr\/wp-content\/uploads\/2021\/02\/Abri-monopente-en-limite-de-propriete.jpg\" class=\"fusion-lightbox\" data-rel=\"iLightbox[gallery-image]\" data-title=\"Abri monopente en limite de propri\u00e9t\u00e9\" title=\"Single-slope shelter at the property line\"><img decoding=\"async\" width=\"2048\" height=\"1536\" src=\"https:\/\/www.deco-charpente.fr\/wp-content\/uploads\/2021\/02\/Abri-monopente-en-limite-de-propriete.jpg\" class=\"img-responsive wp-image-4440\" srcset=\"https:\/\/www.deco-charpente.fr\/wp-content\/uploads\/2021\/02\/Abri-monopente-en-limite-de-propriete-200x150.jpg 200w, https:\/\/www.deco-charpente.fr\/wp-content\/uploads\/2021\/02\/Abri-monopente-en-limite-de-propriete-400x300.jpg 400w, https:\/\/www.deco-charpente.fr\/wp-content\/uploads\/2021\/02\/Abri-monopente-en-limite-de-propriete-600x450.jpg 600w, https:\/\/www.deco-charpente.fr\/wp-content\/uploads\/2021\/02\/Abri-monopente-en-limite-de-propriete-800x600.jpg 800w, https:\/\/www.deco-charpente.fr\/wp-content\/uploads\/2021\/02\/Abri-monopente-en-limite-de-propriete-1200x900.jpg 1200w, https:\/\/www.deco-charpente.fr\/wp-content\/uploads\/2021\/02\/Abri-monopente-en-limite-de-propriete.jpg 2048w\" sizes=\"(max-width: 1024px) 100vw, (max-width: 640px) 100vw, 600px\" \/><\/a><\/span><\/div><div class=\"fusion-text fusion-text-603 tags\" style=\"transform:translate3d(0,0,0);\"><p>Lean-to &amp; Awning<\/p>\n<\/div><div class=\"fusion-text fusion-text-604 description\" style=\"transform:translate3d(0,0,0);\"><p>Single-slope shelter at the property line<\/p>\n<\/div><\/div><\/div><style type=\"text\/css\">.fusion-body .fusion-builder-column-302{width:25% !important;margin-top : 0px;margin-bottom : 20px;}.fusion-builder-column-302 > .fusion-column-wrapper {padding-top : 0px !important;padding-right : 0px !important;margin-right : 7.68%;padding-bottom : 0px !important;padding-left : 0px !important;margin-left : 7.68%;}@media only screen and (max-width:1024px) {.fusion-body .fusion-builder-column-302{width:100% !important;order : 0;}.fusion-builder-column-302 > .fusion-column-wrapper {margin-right : 1.92%;margin-left : 1.92%;}}@media only screen and (max-width:640px) {.fusion-body .fusion-builder-column-302{width:100% !important;order : 0;}.fusion-builder-column-302 > .fusion-column-wrapper {margin-right : 1.92%;margin-left : 1.92%;}}<\/style><div class=\"fusion-layout-column fusion_builder_column fusion-builder-column-303 fusion_builder_column_1_4 1_4 fusion-flex-column img-to-filter\"><div class=\"fusion-column-wrapper fusion-flex-justify-content-flex-start fusion-content-layout-column\" style=\"background-position:left top;background-repeat:no-repeat;-webkit-background-size:cover;-moz-background-size:cover;-o-background-size:cover;background-size:cover;padding: 0px 0px 0px 0px;\"><div ><span class=\"fusion-imageframe imageframe-none imageframe-303 hover-type-none\"><a href=\"https:\/\/www.deco-charpente.fr\/wp-content\/uploads\/2021\/03\/appentis-avec-garde-corps-sur-balcon-e1651581494422.jpg\" class=\"fusion-lightbox\" data-rel=\"iLightbox[gallery-image]\" data-title=\"appentis avec garde corps sur balcon\" title=\"lean-to with railing on balcony\"><img decoding=\"async\" width=\"1512\" height=\"1441\" alt=\"appentis avec garde corps sur balcon\" src=\"https:\/\/www.deco-charpente.fr\/wp-content\/uploads\/2021\/03\/appentis-avec-garde-corps-sur-balcon-e1651581494422.jpg\" class=\"img-responsive wp-image-4680\" srcset=\"https:\/\/www.deco-charpente.fr\/wp-content\/uploads\/2021\/03\/appentis-avec-garde-corps-sur-balcon-e1651581494422-200x191.jpg 200w, https:\/\/www.deco-charpente.fr\/wp-content\/uploads\/2021\/03\/appentis-avec-garde-corps-sur-balcon-e1651581494422-400x381.jpg 400w, https:\/\/www.deco-charpente.fr\/wp-content\/uploads\/2021\/03\/appentis-avec-garde-corps-sur-balcon-e1651581494422-600x572.jpg 600w, https:\/\/www.deco-charpente.fr\/wp-content\/uploads\/2021\/03\/appentis-avec-garde-corps-sur-balcon-e1651581494422-800x762.jpg 800w, https:\/\/www.deco-charpente.fr\/wp-content\/uploads\/2021\/03\/appentis-avec-garde-corps-sur-balcon-e1651581494422-1200x1144.jpg 1200w, https:\/\/www.deco-charpente.fr\/wp-content\/uploads\/2021\/03\/appentis-avec-garde-corps-sur-balcon-e1651581494422.jpg 1512w\" sizes=\"(max-width: 1024px) 100vw, (max-width: 640px) 100vw, 600px\" \/><\/a><\/span><\/div><div class=\"fusion-text fusion-text-605 tags\" style=\"transform:translate3d(0,0,0);\"><p>Lean-to &amp; Awning<\/p>\n<\/div><div class=\"fusion-text fusion-text-606 description\" style=\"transform:translate3d(0,0,0);\"><p>Lean-to with railing on balcony<\/p>\n<\/div><\/div><\/div><style type=\"text\/css\">.fusion-body .fusion-builder-column-303{width:25% !important;margin-top : 0px;margin-bottom : 20px;}.fusion-builder-column-303 > .fusion-column-wrapper {padding-top : 0px !important;padding-right : 0px !important;margin-right : 7.68%;padding-bottom : 0px !important;padding-left : 0px !important;margin-left : 7.68%;}@media only screen and (max-width:1024px) {.fusion-body .fusion-builder-column-303{width:100% !important;order : 0;}.fusion-builder-column-303 > .fusion-column-wrapper {margin-right : 1.92%;margin-left : 1.92%;}}@media only screen and (max-width:640px) {.fusion-body .fusion-builder-column-303{width:100% !important;order : 0;}.fusion-builder-column-303 > .fusion-column-wrapper {margin-right : 1.92%;margin-left : 1.92%;}}<\/style><div class=\"fusion-layout-column fusion_builder_column fusion-builder-column-304 fusion_builder_column_1_4 1_4 fusion-flex-column img-to-filter\"><div class=\"fusion-column-wrapper fusion-flex-justify-content-flex-start fusion-content-layout-column\" style=\"background-position:left top;background-repeat:no-repeat;-webkit-background-size:cover;-moz-background-size:cover;-o-background-size:cover;background-size:cover;padding: 0px 0px 0px 0px;\"><div ><span class=\"fusion-imageframe imageframe-none imageframe-304 hover-type-none\"><a href=\"https:\/\/www.deco-charpente.fr\/wp-content\/uploads\/2021\/02\/Abri-2-pentes-epicea-lasure-blanc.jpg\" class=\"fusion-lightbox\" data-rel=\"iLightbox[gallery-image]\" data-title=\"Abri 2 pentes \u00e9pic\u00e9a lasur\u00e9 blanc\" title=\"Shelter 2 slopes white stained spruce\"><img decoding=\"async\" width=\"2048\" height=\"1536\" src=\"https:\/\/www.deco-charpente.fr\/wp-content\/uploads\/2021\/02\/Abri-2-pentes-epicea-lasure-blanc.jpg\" class=\"img-responsive wp-image-4439\" srcset=\"https:\/\/www.deco-charpente.fr\/wp-content\/uploads\/2021\/02\/Abri-2-pentes-epicea-lasure-blanc-200x150.jpg 200w, https:\/\/www.deco-charpente.fr\/wp-content\/uploads\/2021\/02\/Abri-2-pentes-epicea-lasure-blanc-400x300.jpg 400w, https:\/\/www.deco-charpente.fr\/wp-content\/uploads\/2021\/02\/Abri-2-pentes-epicea-lasure-blanc-600x450.jpg 600w, https:\/\/www.deco-charpente.fr\/wp-content\/uploads\/2021\/02\/Abri-2-pentes-epicea-lasure-blanc-800x600.jpg 800w, https:\/\/www.deco-charpente.fr\/wp-content\/uploads\/2021\/02\/Abri-2-pentes-epicea-lasure-blanc-1200x900.jpg 1200w, https:\/\/www.deco-charpente.fr\/wp-content\/uploads\/2021\/02\/Abri-2-pentes-epicea-lasure-blanc.jpg 2048w\" sizes=\"(max-width: 1024px) 100vw, (max-width: 640px) 100vw, 600px\" \/><\/a><\/span><\/div><div class=\"fusion-text fusion-text-607 tags\" style=\"transform:translate3d(0,0,0);\"><p>Lean-to &amp; Awning<\/p>\n<\/div><div class=\"fusion-text fusion-text-608 description\" style=\"transform:translate3d(0,0,0);\"><p>Shelter 2 slopes white stained spruce<\/p>\n<\/div><\/div><\/div><style type=\"text\/css\">.fusion-body .fusion-builder-column-304{width:25% !important;margin-top : 0px;margin-bottom : 20px;}.fusion-builder-column-304 > .fusion-column-wrapper {padding-top : 0px !important;padding-right : 0px !important;margin-right : 7.68%;padding-bottom : 0px !important;padding-left : 0px !important;margin-left : 7.68%;}@media only screen and (max-width:1024px) {.fusion-body .fusion-builder-column-304{width:100% !important;order : 0;}.fusion-builder-column-304 > .fusion-column-wrapper {margin-right : 1.92%;margin-left : 1.92%;}}@media only screen and (max-width:640px) {.fusion-body .fusion-builder-column-304{width:100% !important;order : 0;}.fusion-builder-column-304 > .fusion-column-wrapper {margin-right : 1.92%;margin-left : 1.92%;}}<\/style><div class=\"fusion-layout-column fusion_builder_column fusion-builder-column-305 fusion_builder_column_1_4 1_4 fusion-flex-column img-to-filter\"><div class=\"fusion-column-wrapper fusion-flex-justify-content-flex-start fusion-content-layout-column\" style=\"background-position:left top;background-repeat:no-repeat;-webkit-background-size:cover;-moz-background-size:cover;-o-background-size:cover;background-size:cover;padding: 0px 0px 0px 0px;\"><div ><span class=\"fusion-imageframe imageframe-none imageframe-305 hover-type-none\"><a href=\"https:\/\/www.deco-charpente.fr\/wp-content\/uploads\/2021\/03\/Appentis-en-autoclave-brun.jpg\" class=\"fusion-lightbox\" data-rel=\"iLightbox[gallery-image]\" data-title=\"Appentis en autoclave brun\" title=\"Brown autoclave lean-to\"><img decoding=\"async\" width=\"1736\" height=\"1192\" alt=\"Appentis en autoclave brun\" src=\"https:\/\/www.deco-charpente.fr\/wp-content\/uploads\/2021\/03\/Appentis-en-autoclave-brun.jpg\" class=\"img-responsive wp-image-4555\" srcset=\"https:\/\/www.deco-charpente.fr\/wp-content\/uploads\/2021\/03\/Appentis-en-autoclave-brun-200x137.jpg 200w, https:\/\/www.deco-charpente.fr\/wp-content\/uploads\/2021\/03\/Appentis-en-autoclave-brun-400x275.jpg 400w, https:\/\/www.deco-charpente.fr\/wp-content\/uploads\/2021\/03\/Appentis-en-autoclave-brun-600x412.jpg 600w, https:\/\/www.deco-charpente.fr\/wp-content\/uploads\/2021\/03\/Appentis-en-autoclave-brun-800x549.jpg 800w, https:\/\/www.deco-charpente.fr\/wp-content\/uploads\/2021\/03\/Appentis-en-autoclave-brun-1200x824.jpg 1200w, https:\/\/www.deco-charpente.fr\/wp-content\/uploads\/2021\/03\/Appentis-en-autoclave-brun.jpg 1736w\" sizes=\"(max-width: 1024px) 100vw, (max-width: 640px) 100vw, 600px\" \/><\/a><\/span><\/div><div class=\"fusion-text fusion-text-609 tags\" style=\"transform:translate3d(0,0,0);\"><p>Lean-to &amp; Awning<\/p>\n<\/div><div class=\"fusion-text fusion-text-610 description\" style=\"transform:translate3d(0,0,0);\"><p>Brown autoclave lean-to<\/p>\n<\/div><\/div><\/div><style type=\"text\/css\">.fusion-body .fusion-builder-column-305{width:25% !important;margin-top : 0px;margin-bottom : 20px;}.fusion-builder-column-305 > .fusion-column-wrapper {padding-top : 0px !important;padding-right : 0px !important;margin-right : 7.68%;padding-bottom : 0px !important;padding-left : 0px !important;margin-left : 7.68%;}@media only screen and (max-width:1024px) {.fusion-body .fusion-builder-column-305{width:100% !important;order : 0;}.fusion-builder-column-305 > .fusion-column-wrapper {margin-right : 1.92%;margin-left : 1.92%;}}@media only screen and (max-width:640px) {.fusion-body .fusion-builder-column-305{width:100% !important;order : 0;}.fusion-builder-column-305 > .fusion-column-wrapper {margin-right : 1.92%;margin-left : 1.92%;}}<\/style><div class=\"fusion-layout-column fusion_builder_column fusion-builder-column-306 fusion_builder_column_1_4 1_4 fusion-flex-column img-to-filter\"><div class=\"fusion-column-wrapper fusion-flex-justify-content-flex-start fusion-content-layout-column\" style=\"background-position:left top;background-repeat:no-repeat;-webkit-background-size:cover;-moz-background-size:cover;-o-background-size:cover;background-size:cover;padding: 0px 0px 0px 0px;\"><div ><span class=\"fusion-imageframe imageframe-none imageframe-306 hover-type-none\"><a href=\"https:\/\/www.deco-charpente.fr\/wp-content\/uploads\/2020\/10\/Abri-2-pentes-avec-bardage-et-mur-en-bois.jpg\" class=\"fusion-lightbox\" data-rel=\"iLightbox[gallery-image]\" data-title=\"Abri 2 pentes\" title=\"Shelter 2 slopes\"><img decoding=\"async\" width=\"1443\" height=\"1082\" alt=\"Abri 2 pentes\" src=\"https:\/\/www.deco-charpente.fr\/wp-content\/uploads\/2020\/10\/Abri-2-pentes-avec-bardage-et-mur-en-bois.jpg\" class=\"img-responsive wp-image-3816\" srcset=\"https:\/\/www.deco-charpente.fr\/wp-content\/uploads\/2020\/10\/Abri-2-pentes-avec-bardage-et-mur-en-bois-200x150.jpg 200w, https:\/\/www.deco-charpente.fr\/wp-content\/uploads\/2020\/10\/Abri-2-pentes-avec-bardage-et-mur-en-bois-400x300.jpg 400w, https:\/\/www.deco-charpente.fr\/wp-content\/uploads\/2020\/10\/Abri-2-pentes-avec-bardage-et-mur-en-bois-600x450.jpg 600w, https:\/\/www.deco-charpente.fr\/wp-content\/uploads\/2020\/10\/Abri-2-pentes-avec-bardage-et-mur-en-bois-800x600.jpg 800w, https:\/\/www.deco-charpente.fr\/wp-content\/uploads\/2020\/10\/Abri-2-pentes-avec-bardage-et-mur-en-bois-1200x900.jpg 1200w, https:\/\/www.deco-charpente.fr\/wp-content\/uploads\/2020\/10\/Abri-2-pentes-avec-bardage-et-mur-en-bois.jpg 1443w\" sizes=\"(max-width: 1024px) 100vw, (max-width: 640px) 100vw, 600px\" \/><\/a><\/span><\/div><div class=\"fusion-text fusion-text-611 tags\" style=\"transform:translate3d(0,0,0);\"><p>Lean-to &amp; Awning<\/p>\n<\/div><div class=\"fusion-text fusion-text-612 description\" style=\"transform:translate3d(0,0,0);\"><p>2-slope shelter with cladding and wooden wall<\/p>\n<\/div><\/div><\/div><style type=\"text\/css\">.fusion-body .fusion-builder-column-306{width:25% !important;margin-top : 0px;margin-bottom : 20px;}.fusion-builder-column-306 > .fusion-column-wrapper {padding-top : 0px !important;padding-right : 0px !important;margin-right : 7.68%;padding-bottom : 0px !important;padding-left : 0px !important;margin-left : 7.68%;}@media only screen and (max-width:1024px) {.fusion-body .fusion-builder-column-306{width:100% !important;order : 0;}.fusion-builder-column-306 > .fusion-column-wrapper {margin-right : 1.92%;margin-left : 1.92%;}}@media only screen and (max-width:640px) {.fusion-body .fusion-builder-column-306{width:100% !important;order : 0;}.fusion-builder-column-306 > .fusion-column-wrapper {margin-right : 1.92%;margin-left : 1.92%;}}<\/style><div class=\"fusion-layout-column fusion_builder_column fusion-builder-column-307 fusion_builder_column_1_4 1_4 fusion-flex-column img-to-filter\"><div class=\"fusion-column-wrapper fusion-flex-justify-content-flex-start fusion-content-layout-column\" style=\"background-position:left top;background-repeat:no-repeat;-webkit-background-size:cover;-moz-background-size:cover;-o-background-size:cover;background-size:cover;padding: 0px 0px 0px 0px;\"><div ><span class=\"fusion-imageframe imageframe-none imageframe-307 hover-type-none\"><a href=\"https:\/\/www.deco-charpente.fr\/wp-content\/uploads\/2023\/03\/Appentis-sur-terrasse-2.jpg\" class=\"fusion-lightbox\" data-rel=\"iLightbox[gallery-image]\" data-title=\"Appentis sur terrasse\" title=\"Lean-to on terrace\"><img decoding=\"async\" width=\"1324\" height=\"1432\" src=\"https:\/\/www.deco-charpente.fr\/wp-content\/uploads\/2023\/03\/Appentis-sur-terrasse-2.jpg\" class=\"img-responsive wp-image-8481\" srcset=\"https:\/\/www.deco-charpente.fr\/wp-content\/uploads\/2023\/03\/Appentis-sur-terrasse-2-200x216.jpg 200w, https:\/\/www.deco-charpente.fr\/wp-content\/uploads\/2023\/03\/Appentis-sur-terrasse-2-400x433.jpg 400w, https:\/\/www.deco-charpente.fr\/wp-content\/uploads\/2023\/03\/Appentis-sur-terrasse-2-600x649.jpg 600w, https:\/\/www.deco-charpente.fr\/wp-content\/uploads\/2023\/03\/Appentis-sur-terrasse-2-800x865.jpg 800w, https:\/\/www.deco-charpente.fr\/wp-content\/uploads\/2023\/03\/Appentis-sur-terrasse-2-1200x1298.jpg 1200w, https:\/\/www.deco-charpente.fr\/wp-content\/uploads\/2023\/03\/Appentis-sur-terrasse-2.jpg 1324w\" sizes=\"(max-width: 1024px) 100vw, (max-width: 640px) 100vw, 600px\" \/><\/a><\/span><\/div><div class=\"fusion-text fusion-text-613 tags\" style=\"transform:translate3d(0,0,0);\"><p>Lean-to &amp; Awning<\/p>\n<\/div><div class=\"fusion-text fusion-text-614 description\" style=\"transform:translate3d(0,0,0);\"><p>Lean-to on terrace<\/p>\n<\/div><\/div><\/div><style type=\"text\/css\">.fusion-body .fusion-builder-column-307{width:25% !important;margin-top : 0px;margin-bottom : 20px;}.fusion-builder-column-307 > .fusion-column-wrapper {padding-top : 0px !important;padding-right : 0px !important;margin-right : 7.68%;padding-bottom : 0px !important;padding-left : 0px !important;margin-left : 7.68%;}@media only screen and (max-width:1024px) {.fusion-body .fusion-builder-column-307{width:100% !important;order : 0;}.fusion-builder-column-307 > .fusion-column-wrapper {margin-right : 1.92%;margin-left : 1.92%;}}@media only screen and (max-width:640px) {.fusion-body .fusion-builder-column-307{width:100% !important;order : 0;}.fusion-builder-column-307 > .fusion-column-wrapper {margin-right : 1.92%;margin-left : 1.92%;}}<\/style><div class=\"fusion-layout-column fusion_builder_column fusion-builder-column-308 fusion_builder_column_1_4 1_4 fusion-flex-column img-to-filter\"><div class=\"fusion-column-wrapper fusion-flex-justify-content-flex-start fusion-content-layout-column\" style=\"background-position:left top;background-repeat:no-repeat;-webkit-background-size:cover;-moz-background-size:cover;-o-background-size:cover;background-size:cover;padding: 0px 0px 0px 0px;\"><div ><span class=\"fusion-imageframe imageframe-none imageframe-308 hover-type-none\"><a href=\"https:\/\/www.deco-charpente.fr\/wp-content\/uploads\/2023\/03\/Appentis-bois.jpg\" class=\"fusion-lightbox\" data-rel=\"iLightbox[gallery-image]\" data-title=\"Appentis bois\" title=\"Wooden lean-to\"><img decoding=\"async\" width=\"2062\" height=\"1436\" src=\"https:\/\/www.deco-charpente.fr\/wp-content\/uploads\/2023\/03\/Appentis-bois.jpg\" class=\"img-responsive wp-image-8478\" srcset=\"https:\/\/www.deco-charpente.fr\/wp-content\/uploads\/2023\/03\/Appentis-bois-200x139.jpg 200w, https:\/\/www.deco-charpente.fr\/wp-content\/uploads\/2023\/03\/Appentis-bois-400x279.jpg 400w, https:\/\/www.deco-charpente.fr\/wp-content\/uploads\/2023\/03\/Appentis-bois-600x418.jpg 600w, https:\/\/www.deco-charpente.fr\/wp-content\/uploads\/2023\/03\/Appentis-bois-800x557.jpg 800w, https:\/\/www.deco-charpente.fr\/wp-content\/uploads\/2023\/03\/Appentis-bois-1200x836.jpg 1200w, https:\/\/www.deco-charpente.fr\/wp-content\/uploads\/2023\/03\/Appentis-bois.jpg 2062w\" sizes=\"(max-width: 1024px) 100vw, (max-width: 640px) 100vw, 600px\" \/><\/a><\/span><\/div><div class=\"fusion-text fusion-text-615 tags\" style=\"transform:translate3d(0,0,0);\"><p>Lean-to &amp; Awning<\/p>\n<\/div><div class=\"fusion-text fusion-text-616 description\" style=\"transform:translate3d(0,0,0);\"><p>Lean-to on terrace<\/p>\n<\/div><\/div><\/div><style type=\"text\/css\">.fusion-body .fusion-builder-column-308{width:25% !important;margin-top : 0px;margin-bottom : 20px;}.fusion-builder-column-308 > .fusion-column-wrapper {padding-top : 0px !important;padding-right : 0px !important;margin-right : 7.68%;padding-bottom : 0px !important;padding-left : 0px !important;margin-left : 7.68%;}@media only screen and (max-width:1024px) {.fusion-body .fusion-builder-column-308{width:100% !important;order : 0;}.fusion-builder-column-308 > .fusion-column-wrapper {margin-right : 1.92%;margin-left : 1.92%;}}@media only screen and (max-width:640px) {.fusion-body .fusion-builder-column-308{width:100% !important;order : 0;}.fusion-builder-column-308 > .fusion-column-wrapper {margin-right : 1.92%;margin-left : 1.92%;}}<\/style><div class=\"fusion-layout-column fusion_builder_column fusion-builder-column-309 fusion_builder_column_1_4 1_4 fusion-flex-column img-to-filter\"><div class=\"fusion-column-wrapper fusion-flex-justify-content-flex-start fusion-content-layout-column\" style=\"background-position:left top;background-repeat:no-repeat;-webkit-background-size:cover;-moz-background-size:cover;-o-background-size:cover;background-size:cover;padding: 0px 0px 0px 0px;\"><div ><span class=\"fusion-imageframe imageframe-none imageframe-309 hover-type-none\"><a href=\"https:\/\/www.deco-charpente.fr\/wp-content\/uploads\/2020\/10\/Appentis-sur-terrasse.jpg\" class=\"fusion-lightbox\" data-rel=\"iLightbox[gallery-image]\" data-title=\"Appentis sur terrasse\" title=\"Lean-to on terrace\"><img decoding=\"async\" width=\"1280\" height=\"960\" alt=\"Appentis sur terrasse\" src=\"https:\/\/www.deco-charpente.fr\/wp-content\/uploads\/2020\/10\/Appentis-sur-terrasse.jpg\" class=\"img-responsive wp-image-3813\" srcset=\"https:\/\/www.deco-charpente.fr\/wp-content\/uploads\/2020\/10\/Appentis-sur-terrasse-200x150.jpg 200w, https:\/\/www.deco-charpente.fr\/wp-content\/uploads\/2020\/10\/Appentis-sur-terrasse-400x300.jpg 400w, https:\/\/www.deco-charpente.fr\/wp-content\/uploads\/2020\/10\/Appentis-sur-terrasse-600x450.jpg 600w, https:\/\/www.deco-charpente.fr\/wp-content\/uploads\/2020\/10\/Appentis-sur-terrasse-800x600.jpg 800w, https:\/\/www.deco-charpente.fr\/wp-content\/uploads\/2020\/10\/Appentis-sur-terrasse-1200x900.jpg 1200w, https:\/\/www.deco-charpente.fr\/wp-content\/uploads\/2020\/10\/Appentis-sur-terrasse.jpg 1280w\" sizes=\"(max-width: 1024px) 100vw, (max-width: 640px) 100vw, 600px\" \/><\/a><\/span><\/div><div class=\"fusion-text fusion-text-617 tags\" style=\"transform:translate3d(0,0,0);\"><p>Lean-to &amp; Awning<\/p>\n<\/div><div class=\"fusion-text fusion-text-618 description\" style=\"transform:translate3d(0,0,0);\"><p>Lean-to on terrace<\/p>\n<\/div><\/div><\/div><style type=\"text\/css\">.fusion-body .fusion-builder-column-309{width:25% !important;margin-top : 0px;margin-bottom : 20px;}.fusion-builder-column-309 > .fusion-column-wrapper {padding-top : 0px !important;padding-right : 0px !important;margin-right : 7.68%;padding-bottom : 0px !important;padding-left : 0px !important;margin-left : 7.68%;}@media only screen and (max-width:1024px) {.fusion-body .fusion-builder-column-309{width:100% !important;order : 0;}.fusion-builder-column-309 > .fusion-column-wrapper {margin-right : 1.92%;margin-left : 1.92%;}}@media only screen and (max-width:640px) {.fusion-body .fusion-builder-column-309{width:100% !important;order : 0;}.fusion-builder-column-309 > .fusion-column-wrapper {margin-right : 1.92%;margin-left : 1.92%;}}<\/style><div class=\"fusion-layout-column fusion_builder_column fusion-builder-column-310 fusion_builder_column_1_4 1_4 fusion-flex-column img-to-filter\"><div class=\"fusion-column-wrapper fusion-flex-justify-content-flex-start fusion-content-layout-column\" style=\"background-position:left top;background-repeat:no-repeat;-webkit-background-size:cover;-moz-background-size:cover;-o-background-size:cover;background-size:cover;padding: 0px 0px 0px 0px;\"><div ><span class=\"fusion-imageframe imageframe-none imageframe-310 hover-type-none\"><a href=\"https:\/\/www.deco-charpente.fr\/wp-content\/uploads\/2020\/08\/appentis-sur-terrasse-existante-1.jpg\" class=\"fusion-lightbox\" data-rel=\"iLightbox[gallery-image]\" data-title=\"appentis sur terrasse existante\" title=\"lean-to on existing terrace\"><img decoding=\"async\" width=\"1024\" height=\"768\" src=\"https:\/\/www.deco-charpente.fr\/wp-content\/uploads\/2020\/08\/appentis-sur-terrasse-existante-1.jpg\" class=\"img-responsive wp-image-2075\" srcset=\"https:\/\/www.deco-charpente.fr\/wp-content\/uploads\/2020\/08\/appentis-sur-terrasse-existante-1-200x150.jpg 200w, https:\/\/www.deco-charpente.fr\/wp-content\/uploads\/2020\/08\/appentis-sur-terrasse-existante-1-400x300.jpg 400w, https:\/\/www.deco-charpente.fr\/wp-content\/uploads\/2020\/08\/appentis-sur-terrasse-existante-1-600x450.jpg 600w, https:\/\/www.deco-charpente.fr\/wp-content\/uploads\/2020\/08\/appentis-sur-terrasse-existante-1-800x600.jpg 800w, https:\/\/www.deco-charpente.fr\/wp-content\/uploads\/2020\/08\/appentis-sur-terrasse-existante-1.jpg 1024w\" sizes=\"(max-width: 1024px) 100vw, (max-width: 640px) 100vw, 600px\" \/><\/a><\/span><\/div><div class=\"fusion-text fusion-text-619 tags\" style=\"transform:translate3d(0,0,0);\"><p>Lean-to &amp; Awning<\/p>\n<\/div><div class=\"fusion-text fusion-text-620 description\" style=\"transform:translate3d(0,0,0);\"><p>Lean-to on existing terrace<\/p>\n<\/div><\/div><\/div><style type=\"text\/css\">.fusion-body .fusion-builder-column-310{width:25% !important;margin-top : 0px;margin-bottom : 20px;}.fusion-builder-column-310 > .fusion-column-wrapper {padding-top : 0px !important;padding-right : 0px !important;margin-right : 7.68%;padding-bottom : 0px !important;padding-left : 0px !important;margin-left : 7.68%;}@media only screen and (max-width:1024px) {.fusion-body .fusion-builder-column-310{width:100% !important;order : 0;}.fusion-builder-column-310 > .fusion-column-wrapper {margin-right : 1.92%;margin-left : 1.92%;}}@media only screen and (max-width:640px) {.fusion-body .fusion-builder-column-310{width:100% !important;order : 0;}.fusion-builder-column-310 > .fusion-column-wrapper {margin-right : 1.92%;margin-left : 1.92%;}}<\/style><div class=\"fusion-layout-column fusion_builder_column fusion-builder-column-311 fusion_builder_column_1_4 1_4 fusion-flex-column img-to-filter\"><div class=\"fusion-column-wrapper fusion-flex-justify-content-flex-start fusion-content-layout-column\" style=\"background-position:left top;background-repeat:no-repeat;-webkit-background-size:cover;-moz-background-size:cover;-o-background-size:cover;background-size:cover;padding: 0px 0px 0px 0px;\"><div ><span class=\"fusion-imageframe imageframe-none imageframe-311 hover-type-none\"><a href=\"https:\/\/www.deco-charpente.fr\/wp-content\/uploads\/2020\/08\/post2-1@2x-100-compressed.jpg\" class=\"fusion-lightbox\" data-rel=\"iLightbox[gallery-image]\" data-title=\"post2-1@2x-100-compressed\" title=\"post2-1@2x-100-compressed\"><img decoding=\"async\" width=\"2160\" height=\"2160\" src=\"https:\/\/www.deco-charpente.fr\/wp-content\/uploads\/2020\/08\/post2-1@2x-100-compressed.jpg\" class=\"img-responsive wp-image-2030\" srcset=\"https:\/\/www.deco-charpente.fr\/wp-content\/uploads\/2020\/08\/post2-1@2x-100-compressed-200x200.jpg 200w, https:\/\/www.deco-charpente.fr\/wp-content\/uploads\/2020\/08\/post2-1@2x-100-compressed-400x400.jpg 400w, https:\/\/www.deco-charpente.fr\/wp-content\/uploads\/2020\/08\/post2-1@2x-100-compressed-600x600.jpg 600w, https:\/\/www.deco-charpente.fr\/wp-content\/uploads\/2020\/08\/post2-1@2x-100-compressed-800x800.jpg 800w, https:\/\/www.deco-charpente.fr\/wp-content\/uploads\/2020\/08\/post2-1@2x-100-compressed-1200x1200.jpg 1200w, https:\/\/www.deco-charpente.fr\/wp-content\/uploads\/2020\/08\/post2-1@2x-100-compressed.jpg 2160w\" sizes=\"(max-width: 1024px) 100vw, (max-width: 640px) 100vw, 600px\" \/><\/a><\/span><\/div><div class=\"fusion-text fusion-text-621 tags\" style=\"transform:translate3d(0,0,0);\"><p>Lean-to &amp; Awning<\/p>\n<\/div><div class=\"fusion-text fusion-text-622 description\" style=\"transform:translate3d(0,0,0);\"><p>Lean-to on balcony<\/p>\n<\/div><\/div><\/div><style type=\"text\/css\">.fusion-body .fusion-builder-column-311{width:25% !important;margin-top : 0px;margin-bottom : 20px;}.fusion-builder-column-311 > .fusion-column-wrapper {padding-top : 0px !important;padding-right : 0px !important;margin-right : 7.68%;padding-bottom : 0px !important;padding-left : 0px !important;margin-left : 7.68%;}@media only screen and (max-width:1024px) {.fusion-body .fusion-builder-column-311{width:100% !important;order : 0;}.fusion-builder-column-311 > .fusion-column-wrapper {margin-right : 1.92%;margin-left : 1.92%;}}@media only screen and (max-width:640px) {.fusion-body .fusion-builder-column-311{width:100% !important;order : 0;}.fusion-builder-column-311 > .fusion-column-wrapper {margin-right : 1.92%;margin-left : 1.92%;}}<\/style><div class=\"fusion-layout-column fusion_builder_column fusion-builder-column-312 fusion_builder_column_1_4 1_4 fusion-flex-column img-to-filter\"><div class=\"fusion-column-wrapper fusion-flex-justify-content-flex-start fusion-content-layout-column\" style=\"background-position:left top;background-repeat:no-repeat;-webkit-background-size:cover;-moz-background-size:cover;-o-background-size:cover;background-size:cover;padding: 0px 0px 0px 0px;\"><div ><span class=\"fusion-imageframe imageframe-none imageframe-312 hover-type-none\"><a href=\"https:\/\/www.deco-charpente.fr\/wp-content\/uploads\/2021\/10\/P1020863.jpg\" class=\"fusion-lightbox\" data-rel=\"iLightbox[gallery-image]\" data-title=\"Abri de jardin en bois\" title=\"Wooden garden shed\"><img decoding=\"async\" width=\"1585\" height=\"1189\" alt=\"Abri de jardin en bois\" src=\"https:\/\/www.deco-charpente.fr\/wp-content\/uploads\/2021\/10\/P1020863.jpg\" class=\"img-responsive wp-image-5190\" srcset=\"https:\/\/www.deco-charpente.fr\/wp-content\/uploads\/2021\/10\/P1020863-200x150.jpg 200w, https:\/\/www.deco-charpente.fr\/wp-content\/uploads\/2021\/10\/P1020863-400x300.jpg 400w, https:\/\/www.deco-charpente.fr\/wp-content\/uploads\/2021\/10\/P1020863-600x450.jpg 600w, https:\/\/www.deco-charpente.fr\/wp-content\/uploads\/2021\/10\/P1020863-800x600.jpg 800w, https:\/\/www.deco-charpente.fr\/wp-content\/uploads\/2021\/10\/P1020863-1200x900.jpg 1200w, https:\/\/www.deco-charpente.fr\/wp-content\/uploads\/2021\/10\/P1020863.jpg 1585w\" sizes=\"(max-width: 1024px) 100vw, (max-width: 640px) 100vw, 600px\" \/><\/a><\/span><\/div><div class=\"fusion-text fusion-text-623 tags\" style=\"transform:translate3d(0,0,0);\"><p>Decorative solution<\/p>\n<\/div><div class=\"fusion-text fusion-text-624 description\" style=\"transform:translate3d(0,0,0);\"><p>Wooden garden shed<\/p>\n<\/div><\/div><\/div><style type=\"text\/css\">.fusion-body .fusion-builder-column-312{width:25% !important;margin-top : 0px;margin-bottom : 20px;}.fusion-builder-column-312 > .fusion-column-wrapper {padding-top : 0px !important;padding-right : 0px !important;margin-right : 7.68%;padding-bottom : 0px !important;padding-left : 0px !important;margin-left : 7.68%;}@media only screen and (max-width:1024px) {.fusion-body .fusion-builder-column-312{width:100% !important;order : 0;}.fusion-builder-column-312 > .fusion-column-wrapper {margin-right : 1.92%;margin-left : 1.92%;}}@media only screen and (max-width:640px) {.fusion-body .fusion-builder-column-312{width:100% !important;order : 0;}.fusion-builder-column-312 > .fusion-column-wrapper {margin-right : 1.92%;margin-left : 1.92%;}}<\/style><div class=\"fusion-layout-column fusion_builder_column fusion-builder-column-313 fusion_builder_column_1_4 1_4 fusion-flex-column img-to-filter\"><div class=\"fusion-column-wrapper fusion-flex-justify-content-flex-start fusion-content-layout-column\" style=\"background-position:left top;background-repeat:no-repeat;-webkit-background-size:cover;-moz-background-size:cover;-o-background-size:cover;background-size:cover;padding: 0px 0px 0px 0px;\"><div ><span class=\"fusion-imageframe imageframe-none imageframe-313 hover-type-none\"><a href=\"https:\/\/www.deco-charpente.fr\/wp-content\/uploads\/2021\/10\/P1010332.jpg\" class=\"fusion-lightbox\" data-rel=\"iLightbox[gallery-image]\" data-title=\"Terrasse en bois\" title=\"Wooden deck\"><img decoding=\"async\" width=\"1191\" height=\"893\" alt=\"Terrasse en bois\" src=\"https:\/\/www.deco-charpente.fr\/wp-content\/uploads\/2021\/10\/P1010332.jpg\" class=\"img-responsive wp-image-5177\" srcset=\"https:\/\/www.deco-charpente.fr\/wp-content\/uploads\/2021\/10\/P1010332-200x150.jpg 200w, https:\/\/www.deco-charpente.fr\/wp-content\/uploads\/2021\/10\/P1010332-400x300.jpg 400w, https:\/\/www.deco-charpente.fr\/wp-content\/uploads\/2021\/10\/P1010332-600x450.jpg 600w, https:\/\/www.deco-charpente.fr\/wp-content\/uploads\/2021\/10\/P1010332-800x600.jpg 800w, https:\/\/www.deco-charpente.fr\/wp-content\/uploads\/2021\/10\/P1010332.jpg 1191w\" sizes=\"(max-width: 1024px) 100vw, (max-width: 640px) 100vw, 600px\" \/><\/a><\/span><\/div><div class=\"fusion-text fusion-text-625 tags\" style=\"transform:translate3d(0,0,0);\"><p>Decorative solution<\/p>\n<\/div><div class=\"fusion-text fusion-text-626 description\" style=\"transform:translate3d(0,0,0);\"><p>Wooden deck<\/p>\n<\/div><\/div><\/div><style type=\"text\/css\">.fusion-body .fusion-builder-column-313{width:25% !important;margin-top : 0px;margin-bottom : 20px;}.fusion-builder-column-313 > .fusion-column-wrapper {padding-top : 0px !important;padding-right : 0px !important;margin-right : 7.68%;padding-bottom : 0px !important;padding-left : 0px !important;margin-left : 7.68%;}@media only screen and (max-width:1024px) {.fusion-body .fusion-builder-column-313{width:100% !important;order : 0;}.fusion-builder-column-313 > .fusion-column-wrapper {margin-right : 1.92%;margin-left : 1.92%;}}@media only screen and (max-width:640px) {.fusion-body .fusion-builder-column-313{width:100% !important;order : 0;}.fusion-builder-column-313 > .fusion-column-wrapper {margin-right : 1.92%;margin-left : 1.92%;}}<\/style><div class=\"fusion-layout-column fusion_builder_column fusion-builder-column-314 fusion_builder_column_1_4 1_4 fusion-flex-column img-to-filter\"><div class=\"fusion-column-wrapper fusion-flex-justify-content-flex-start fusion-content-layout-column\" style=\"background-position:left top;background-repeat:no-repeat;-webkit-background-size:cover;-moz-background-size:cover;-o-background-size:cover;background-size:cover;padding: 0px 0px 0px 0px;\"><div ><span class=\"fusion-imageframe imageframe-none imageframe-314 hover-type-none\"><a href=\"https:\/\/www.deco-charpente.fr\/wp-content\/uploads\/2020\/08\/sol2-compressed.jpg\" class=\"fusion-lightbox\" data-rel=\"iLightbox[gallery-image]\" data-title=\"sol2-compressed\" title=\"sol2-compressed\"><img decoding=\"async\" width=\"1080\" height=\"1080\" src=\"https:\/\/www.deco-charpente.fr\/wp-content\/uploads\/2020\/08\/sol2-compressed.jpg\" class=\"img-responsive wp-image-2032\" srcset=\"https:\/\/www.deco-charpente.fr\/wp-content\/uploads\/2020\/08\/sol2-compressed-200x200.jpg 200w, https:\/\/www.deco-charpente.fr\/wp-content\/uploads\/2020\/08\/sol2-compressed-400x400.jpg 400w, https:\/\/www.deco-charpente.fr\/wp-content\/uploads\/2020\/08\/sol2-compressed-600x600.jpg 600w, https:\/\/www.deco-charpente.fr\/wp-content\/uploads\/2020\/08\/sol2-compressed-800x800.jpg 800w, https:\/\/www.deco-charpente.fr\/wp-content\/uploads\/2020\/08\/sol2-compressed.jpg 1080w\" sizes=\"(max-width: 1024px) 100vw, (max-width: 640px) 100vw, 600px\" \/><\/a><\/span><\/div><div class=\"fusion-text fusion-text-627 tags\" style=\"transform:translate3d(0,0,0);\"><p>Decorative solution<\/p>\n<\/div><div class=\"fusion-text fusion-text-628 description\" style=\"transform:translate3d(0,0,0);\"><p>Wooden deck<\/p>\n<\/div><\/div><\/div><style type=\"text\/css\">.fusion-body .fusion-builder-column-314{width:25% !important;margin-top : 0px;margin-bottom : 20px;}.fusion-builder-column-314 > .fusion-column-wrapper {padding-top : 0px !important;padding-right : 0px !important;margin-right : 7.68%;padding-bottom : 0px !important;padding-left : 0px !important;margin-left : 7.68%;}@media only screen and (max-width:1024px) {.fusion-body .fusion-builder-column-314{width:100% !important;order : 0;}.fusion-builder-column-314 > .fusion-column-wrapper {margin-right : 1.92%;margin-left : 1.92%;}}@media only screen and (max-width:640px) {.fusion-body .fusion-builder-column-314{width:100% !important;order : 0;}.fusion-builder-column-314 > .fusion-column-wrapper {margin-right : 1.92%;margin-left : 1.92%;}}<\/style><div class=\"fusion-layout-column fusion_builder_column fusion-builder-column-315 fusion_builder_column_1_4 1_4 fusion-flex-column img-to-filter\"><div class=\"fusion-column-wrapper fusion-flex-justify-content-flex-start fusion-content-layout-column\" style=\"background-position:left top;background-repeat:no-repeat;-webkit-background-size:cover;-moz-background-size:cover;-o-background-size:cover;background-size:cover;padding: 0px 0px 0px 0px;\"><div ><span class=\"fusion-imageframe imageframe-none imageframe-315 hover-type-none\"><a href=\"https:\/\/www.deco-charpente.fr\/wp-content\/uploads\/2020\/08\/appentis-2-pentes-sur-terrasse-sur\u00e9lev\u00e9e.jpg\" class=\"fusion-lightbox\" data-rel=\"iLightbox[gallery-image]\" data-title=\"appentis 2 pentes sur terrasse sur\u00e9lev\u00e9e\" title=\"lean-to 2 slopes on raised terrace\"><img decoding=\"async\" width=\"1024\" height=\"768\" src=\"https:\/\/www.deco-charpente.fr\/wp-content\/uploads\/2020\/08\/appentis-2-pentes-sur-terrasse-sur\u00e9lev\u00e9e.jpg\" class=\"img-responsive wp-image-2064\" srcset=\"https:\/\/www.deco-charpente.fr\/wp-content\/uploads\/2020\/08\/appentis-2-pentes-sur-terrasse-sur\u00e9lev\u00e9e-200x150.jpg 200w, https:\/\/www.deco-charpente.fr\/wp-content\/uploads\/2020\/08\/appentis-2-pentes-sur-terrasse-sur\u00e9lev\u00e9e-400x300.jpg 400w, https:\/\/www.deco-charpente.fr\/wp-content\/uploads\/2020\/08\/appentis-2-pentes-sur-terrasse-sur\u00e9lev\u00e9e-600x450.jpg 600w, https:\/\/www.deco-charpente.fr\/wp-content\/uploads\/2020\/08\/appentis-2-pentes-sur-terrasse-sur\u00e9lev\u00e9e-800x600.jpg 800w, https:\/\/www.deco-charpente.fr\/wp-content\/uploads\/2020\/08\/appentis-2-pentes-sur-terrasse-sur\u00e9lev\u00e9e.jpg 1024w\" sizes=\"(max-width: 1024px) 100vw, (max-width: 640px) 100vw, 600px\" \/><\/a><\/span><\/div><div class=\"fusion-text fusion-text-629 tags\" style=\"transform:translate3d(0,0,0);\"><p>Lean-to &amp; Awning<\/p>\n<\/div><div class=\"fusion-text fusion-text-630 description\" style=\"transform:translate3d(0,0,0);\"><p>Lean-to 2 slopes on raised terrace<\/p>\n<\/div><\/div><\/div><style type=\"text\/css\">.fusion-body .fusion-builder-column-315{width:25% !important;margin-top : 0px;margin-bottom : 20px;}.fusion-builder-column-315 > .fusion-column-wrapper {padding-top : 0px !important;padding-right : 0px !important;margin-right : 7.68%;padding-bottom : 0px !important;padding-left : 0px !important;margin-left : 7.68%;}@media only screen and (max-width:1024px) {.fusion-body .fusion-builder-column-315{width:100% !important;order : 0;}.fusion-builder-column-315 > .fusion-column-wrapper {margin-right : 1.92%;margin-left : 1.92%;}}@media only screen and (max-width:640px) {.fusion-body .fusion-builder-column-315{width:100% !important;order : 0;}.fusion-builder-column-315 > .fusion-column-wrapper {margin-right : 1.92%;margin-left : 1.92%;}}<\/style><div class=\"fusion-layout-column fusion_builder_column fusion-builder-column-316 fusion_builder_column_1_4 1_4 fusion-flex-column img-to-filter\"><div class=\"fusion-column-wrapper fusion-flex-justify-content-flex-start fusion-content-layout-column\" style=\"background-position:left top;background-repeat:no-repeat;-webkit-background-size:cover;-moz-background-size:cover;-o-background-size:cover;background-size:cover;padding: 0px 0px 0px 0px;\"><div ><span class=\"fusion-imageframe imageframe-none imageframe-316 hover-type-none\"><a href=\"https:\/\/www.deco-charpente.fr\/wp-content\/uploads\/2020\/08\/appentis-sur-terrasse-sur\u00e9lev\u00e9e.jpg\" class=\"fusion-lightbox\" data-rel=\"iLightbox[gallery-image]\" data-title=\"appentis sur terrasse sur\u00e9lev\u00e9e\" title=\"lean-to on raised terrace\"><img decoding=\"async\" width=\"1024\" height=\"768\" src=\"https:\/\/www.deco-charpente.fr\/wp-content\/uploads\/2020\/08\/appentis-sur-terrasse-sur\u00e9lev\u00e9e.jpg\" class=\"img-responsive wp-image-2065\" srcset=\"https:\/\/www.deco-charpente.fr\/wp-content\/uploads\/2020\/08\/appentis-sur-terrasse-sur\u00e9lev\u00e9e-200x150.jpg 200w, https:\/\/www.deco-charpente.fr\/wp-content\/uploads\/2020\/08\/appentis-sur-terrasse-sur\u00e9lev\u00e9e-400x300.jpg 400w, https:\/\/www.deco-charpente.fr\/wp-content\/uploads\/2020\/08\/appentis-sur-terrasse-sur\u00e9lev\u00e9e-600x450.jpg 600w, https:\/\/www.deco-charpente.fr\/wp-content\/uploads\/2020\/08\/appentis-sur-terrasse-sur\u00e9lev\u00e9e-800x600.jpg 800w, https:\/\/www.deco-charpente.fr\/wp-content\/uploads\/2020\/08\/appentis-sur-terrasse-sur\u00e9lev\u00e9e.jpg 1024w\" sizes=\"(max-width: 1024px) 100vw, (max-width: 640px) 100vw, 600px\" \/><\/a><\/span><\/div><div class=\"fusion-text fusion-text-631 tags\" style=\"transform:translate3d(0,0,0);\"><p>Lean-to &amp; Awning<\/p>\n<\/div><div class=\"fusion-text fusion-text-632 description\" style=\"transform:translate3d(0,0,0);\"><p>Lean-to on raised terrace<\/p>\n<\/div><\/div><\/div><style type=\"text\/css\">.fusion-body .fusion-builder-column-316{width:25% !important;margin-top : 0px;margin-bottom : 20px;}.fusion-builder-column-316 > .fusion-column-wrapper {padding-top : 0px !important;padding-right : 0px !important;margin-right : 7.68%;padding-bottom : 0px !important;padding-left : 0px !important;margin-left : 7.68%;}@media only screen and (max-width:1024px) {.fusion-body .fusion-builder-column-316{width:100% !important;order : 0;}.fusion-builder-column-316 > .fusion-column-wrapper {margin-right : 1.92%;margin-left : 1.92%;}}@media only screen and (max-width:640px) {.fusion-body .fusion-builder-column-316{width:100% !important;order : 0;}.fusion-builder-column-316 > .fusion-column-wrapper {margin-right : 1.92%;margin-left : 1.92%;}}<\/style><div class=\"fusion-layout-column fusion_builder_column fusion-builder-column-317 fusion_builder_column_1_4 1_4 fusion-flex-column img-to-filter\"><div class=\"fusion-column-wrapper fusion-flex-justify-content-flex-start fusion-content-layout-column\" style=\"background-position:left top;background-repeat:no-repeat;-webkit-background-size:cover;-moz-background-size:cover;-o-background-size:cover;background-size:cover;padding: 0px 0px 0px 0px;\"><div ><span class=\"fusion-imageframe imageframe-none imageframe-317 hover-type-none\"><a href=\"https:\/\/www.deco-charpente.fr\/wp-content\/uploads\/2024\/04\/Appentis-sur-muret-Trets-scaled-e1712937146116.jpg\" class=\"fusion-lightbox\" data-rel=\"iLightbox[gallery-image]\" data-title=\"Appentis sur muret Trets\" title=\"Lean-to on Trets wall\"><img decoding=\"async\" width=\"1126\" height=\"798\" src=\"https:\/\/www.deco-charpente.fr\/wp-content\/uploads\/2024\/04\/Appentis-sur-muret-Trets-scaled-e1712937146116.jpg\" class=\"img-responsive wp-image-10482\" srcset=\"https:\/\/www.deco-charpente.fr\/wp-content\/uploads\/2024\/04\/Appentis-sur-muret-Trets-scaled-e1712937146116-200x142.jpg 200w, https:\/\/www.deco-charpente.fr\/wp-content\/uploads\/2024\/04\/Appentis-sur-muret-Trets-scaled-e1712937146116-400x283.jpg 400w, https:\/\/www.deco-charpente.fr\/wp-content\/uploads\/2024\/04\/Appentis-sur-muret-Trets-scaled-e1712937146116-600x425.jpg 600w, https:\/\/www.deco-charpente.fr\/wp-content\/uploads\/2024\/04\/Appentis-sur-muret-Trets-scaled-e1712937146116-800x567.jpg 800w, https:\/\/www.deco-charpente.fr\/wp-content\/uploads\/2024\/04\/Appentis-sur-muret-Trets-scaled-e1712937146116.jpg 1126w\" sizes=\"(max-width: 1024px) 100vw, (max-width: 640px) 100vw, 600px\" \/><\/a><\/span><\/div><div class=\"fusion-text fusion-text-633 tags\" style=\"transform:translate3d(0,0,0);\"><p>Lean-to &amp; Awning<\/p>\n<\/div><div class=\"fusion-text fusion-text-634 description\" style=\"transform:translate3d(0,0,0);\"><p>Lean-to on low wall in Trets<\/p>\n<\/div><\/div><\/div><style type=\"text\/css\">.fusion-body .fusion-builder-column-317{width:25% !important;margin-top : 0px;margin-bottom : 20px;}.fusion-builder-column-317 > .fusion-column-wrapper {padding-top : 0px !important;padding-right : 0px !important;margin-right : 7.68%;padding-bottom : 0px !important;padding-left : 0px !important;margin-left : 7.68%;}@media only screen and (max-width:1024px) {.fusion-body .fusion-builder-column-317{width:100% !important;order : 0;}.fusion-builder-column-317 > .fusion-column-wrapper {margin-right : 1.92%;margin-left : 1.92%;}}@media only screen and (max-width:640px) {.fusion-body .fusion-builder-column-317{width:100% !important;order : 0;}.fusion-builder-column-317 > .fusion-column-wrapper {margin-right : 1.92%;margin-left : 1.92%;}}<\/style><div class=\"fusion-layout-column fusion_builder_column fusion-builder-column-318 fusion_builder_column_1_4 1_4 fusion-flex-column img-to-filter\"><div class=\"fusion-column-wrapper fusion-flex-justify-content-flex-start fusion-content-layout-column\" style=\"background-position:left top;background-repeat:no-repeat;-webkit-background-size:cover;-moz-background-size:cover;-o-background-size:cover;background-size:cover;padding: 0px 0px 0px 0px;\"><div ><span class=\"fusion-imageframe imageframe-none imageframe-318 hover-type-none\"><a href=\"https:\/\/www.deco-charpente.fr\/wp-content\/uploads\/2020\/08\/appentis-sur-muret-en-pierre-2.jpg\" class=\"fusion-lightbox\" data-rel=\"iLightbox[gallery-image]\" data-title=\"appentis sur muret en pierre 2\" title=\"lean-to on stone wall 2\"><img decoding=\"async\" width=\"1024\" height=\"768\" src=\"https:\/\/www.deco-charpente.fr\/wp-content\/uploads\/2020\/08\/appentis-sur-muret-en-pierre-2.jpg\" class=\"img-responsive wp-image-2066\" srcset=\"https:\/\/www.deco-charpente.fr\/wp-content\/uploads\/2020\/08\/appentis-sur-muret-en-pierre-2-200x150.jpg 200w, https:\/\/www.deco-charpente.fr\/wp-content\/uploads\/2020\/08\/appentis-sur-muret-en-pierre-2-400x300.jpg 400w, https:\/\/www.deco-charpente.fr\/wp-content\/uploads\/2020\/08\/appentis-sur-muret-en-pierre-2-600x450.jpg 600w, https:\/\/www.deco-charpente.fr\/wp-content\/uploads\/2020\/08\/appentis-sur-muret-en-pierre-2-800x600.jpg 800w, https:\/\/www.deco-charpente.fr\/wp-content\/uploads\/2020\/08\/appentis-sur-muret-en-pierre-2.jpg 1024w\" sizes=\"(max-width: 1024px) 100vw, (max-width: 640px) 100vw, 600px\" \/><\/a><\/span><\/div><div class=\"fusion-text fusion-text-635 tags\" style=\"transform:translate3d(0,0,0);\"><p>Lean-to &amp; Awning<\/p>\n<\/div><div class=\"fusion-text fusion-text-636 description\" style=\"transform:translate3d(0,0,0);\"><p>Lean-to on stone wall<\/p>\n<\/div><\/div><\/div><style type=\"text\/css\">.fusion-body .fusion-builder-column-318{width:25% !important;margin-top : 0px;margin-bottom : 20px;}.fusion-builder-column-318 > .fusion-column-wrapper {padding-top : 0px !important;padding-right : 0px !important;margin-right : 7.68%;padding-bottom : 0px !important;padding-left : 0px !important;margin-left : 7.68%;}@media only screen and (max-width:1024px) {.fusion-body .fusion-builder-column-318{width:100% !important;order : 0;}.fusion-builder-column-318 > .fusion-column-wrapper {margin-right : 1.92%;margin-left : 1.92%;}}@media only screen and (max-width:640px) {.fusion-body .fusion-builder-column-318{width:100% !important;order : 0;}.fusion-builder-column-318 > .fusion-column-wrapper {margin-right : 1.92%;margin-left : 1.92%;}}<\/style><div class=\"fusion-layout-column fusion_builder_column fusion-builder-column-319 fusion_builder_column_1_4 1_4 fusion-flex-column img-to-filter\"><div class=\"fusion-column-wrapper fusion-flex-justify-content-flex-start fusion-content-layout-column\" style=\"background-position:left top;background-repeat:no-repeat;-webkit-background-size:cover;-moz-background-size:cover;-o-background-size:cover;background-size:cover;padding: 0px 0px 0px 0px;\"><div ><span class=\"fusion-imageframe imageframe-none imageframe-319 hover-type-none\"><a href=\"https:\/\/www.deco-charpente.fr\/wp-content\/uploads\/2021\/03\/appentis-deco-charpente.jpg\" class=\"fusion-lightbox\" data-rel=\"iLightbox[gallery-image]\" data-title=\"appentis d\u00e9co charpente\" title=\"decorative lean-to frame\"><img decoding=\"async\" width=\"1022\" height=\"768\" alt=\"appentis d\u00e9co charpente\" src=\"https:\/\/www.deco-charpente.fr\/wp-content\/uploads\/2021\/03\/appentis-deco-charpente.jpg\" class=\"img-responsive wp-image-4648\" srcset=\"https:\/\/www.deco-charpente.fr\/wp-content\/uploads\/2021\/03\/appentis-deco-charpente-200x150.jpg 200w, https:\/\/www.deco-charpente.fr\/wp-content\/uploads\/2021\/03\/appentis-deco-charpente-400x301.jpg 400w, https:\/\/www.deco-charpente.fr\/wp-content\/uploads\/2021\/03\/appentis-deco-charpente-600x451.jpg 600w, https:\/\/www.deco-charpente.fr\/wp-content\/uploads\/2021\/03\/appentis-deco-charpente-800x601.jpg 800w, https:\/\/www.deco-charpente.fr\/wp-content\/uploads\/2021\/03\/appentis-deco-charpente.jpg 1022w\" sizes=\"(max-width: 1024px) 100vw, (max-width: 640px) 100vw, 600px\" \/><\/a><\/span><\/div><div class=\"fusion-text fusion-text-637 tags\" style=\"transform:translate3d(0,0,0);\"><p>Lean-to &amp; Awning<\/p>\n<\/div><div class=\"fusion-text fusion-text-638 description\" style=\"transform:translate3d(0,0,0);\"><p>Lean-to on wall<\/p>\n<\/div><\/div><\/div><style type=\"text\/css\">.fusion-body .fusion-builder-column-319{width:25% !important;margin-top : 0px;margin-bottom : 20px;}.fusion-builder-column-319 > .fusion-column-wrapper {padding-top : 0px !important;padding-right : 0px !important;margin-right : 7.68%;padding-bottom : 0px !important;padding-left : 0px !important;margin-left : 7.68%;}@media only screen and (max-width:1024px) {.fusion-body .fusion-builder-column-319{width:100% !important;order : 0;}.fusion-builder-column-319 > .fusion-column-wrapper {margin-right : 1.92%;margin-left : 1.92%;}}@media only screen and (max-width:640px) {.fusion-body .fusion-builder-column-319{width:100% !important;order : 0;}.fusion-builder-column-319 > .fusion-column-wrapper {margin-right : 1.92%;margin-left : 1.92%;}}<\/style><div class=\"fusion-layout-column fusion_builder_column fusion-builder-column-320 fusion_builder_column_1_4 1_4 fusion-flex-column img-to-filter\"><div class=\"fusion-column-wrapper fusion-flex-justify-content-flex-start fusion-content-layout-column\" style=\"background-position:left top;background-repeat:no-repeat;-webkit-background-size:cover;-moz-background-size:cover;-o-background-size:cover;background-size:cover;padding: 0px 0px 0px 0px;\"><div ><span class=\"fusion-imageframe imageframe-none imageframe-320 hover-type-none\"><a href=\"https:\/\/www.deco-charpente.fr\/wp-content\/uploads\/2020\/08\/appentis-bois-en-L-1.jpg\" class=\"fusion-lightbox\" data-rel=\"iLightbox[gallery-image]\" data-title=\"appentis bois en L\" title=\"L-shaped wooden lean-to\"><img decoding=\"async\" width=\"1020\" height=\"765\" src=\"https:\/\/www.deco-charpente.fr\/wp-content\/uploads\/2020\/08\/appentis-bois-en-L-1.jpg\" class=\"img-responsive wp-image-2072\" srcset=\"https:\/\/www.deco-charpente.fr\/wp-content\/uploads\/2020\/08\/appentis-bois-en-L-1-200x150.jpg 200w, https:\/\/www.deco-charpente.fr\/wp-content\/uploads\/2020\/08\/appentis-bois-en-L-1-400x300.jpg 400w, https:\/\/www.deco-charpente.fr\/wp-content\/uploads\/2020\/08\/appentis-bois-en-L-1-600x450.jpg 600w, https:\/\/www.deco-charpente.fr\/wp-content\/uploads\/2020\/08\/appentis-bois-en-L-1-800x600.jpg 800w, https:\/\/www.deco-charpente.fr\/wp-content\/uploads\/2020\/08\/appentis-bois-en-L-1.jpg 1020w\" sizes=\"(max-width: 1024px) 100vw, (max-width: 640px) 100vw, 600px\" \/><\/a><\/span><\/div><div class=\"fusion-text fusion-text-639 tags\" style=\"transform:translate3d(0,0,0);\"><p>Lean-to &amp; Awning<\/p>\n<\/div><div class=\"fusion-text fusion-text-640 description\" style=\"transform:translate3d(0,0,0);\"><p>L-shaped lean-to<\/p>\n<\/div><\/div><\/div><style type=\"text\/css\">.fusion-body .fusion-builder-column-320{width:25% !important;margin-top : 0px;margin-bottom : 20px;}.fusion-builder-column-320 > .fusion-column-wrapper {padding-top : 0px !important;padding-right : 0px !important;margin-right : 7.68%;padding-bottom : 0px !important;padding-left : 0px !important;margin-left : 7.68%;}@media only screen and (max-width:1024px) {.fusion-body .fusion-builder-column-320{width:100% !important;order : 0;}.fusion-builder-column-320 > .fusion-column-wrapper {margin-right : 1.92%;margin-left : 1.92%;}}@media only screen and (max-width:640px) {.fusion-body .fusion-builder-column-320{width:100% !important;order : 0;}.fusion-builder-column-320 > .fusion-column-wrapper {margin-right : 1.92%;margin-left : 1.92%;}}<\/style><div class=\"fusion-layout-column fusion_builder_column fusion-builder-column-321 fusion_builder_column_1_4 1_4 fusion-flex-column img-to-filter\"><div class=\"fusion-column-wrapper fusion-flex-justify-content-flex-start fusion-content-layout-column\" style=\"background-position:left top;background-repeat:no-repeat;-webkit-background-size:cover;-moz-background-size:cover;-o-background-size:cover;background-size:cover;padding: 0px 0px 0px 0px;\"><div ><span class=\"fusion-imageframe imageframe-none imageframe-321 hover-type-none\"><a href=\"https:\/\/www.deco-charpente.fr\/wp-content\/uploads\/2024\/03\/Appentis-en-L.jpg\" class=\"fusion-lightbox\" data-rel=\"iLightbox[gallery-image]\" data-title=\"Appentis en L\" title=\"L-shaped lean-to\"><img decoding=\"async\" width=\"2048\" height=\"1536\" src=\"https:\/\/www.deco-charpente.fr\/wp-content\/uploads\/2024\/03\/Appentis-en-L.jpg\" class=\"img-responsive wp-image-10019\" srcset=\"https:\/\/www.deco-charpente.fr\/wp-content\/uploads\/2024\/03\/Appentis-en-L-200x150.jpg 200w, https:\/\/www.deco-charpente.fr\/wp-content\/uploads\/2024\/03\/Appentis-en-L-400x300.jpg 400w, https:\/\/www.deco-charpente.fr\/wp-content\/uploads\/2024\/03\/Appentis-en-L-600x450.jpg 600w, https:\/\/www.deco-charpente.fr\/wp-content\/uploads\/2024\/03\/Appentis-en-L-800x600.jpg 800w, https:\/\/www.deco-charpente.fr\/wp-content\/uploads\/2024\/03\/Appentis-en-L-1200x900.jpg 1200w, https:\/\/www.deco-charpente.fr\/wp-content\/uploads\/2024\/03\/Appentis-en-L.jpg 2048w\" sizes=\"(max-width: 1024px) 100vw, (max-width: 640px) 100vw, 600px\" \/><\/a><\/span><\/div><div class=\"fusion-text fusion-text-641 tags\" style=\"transform:translate3d(0,0,0);\"><p>Lean-to &amp; Awning<\/p>\n<\/div><div class=\"fusion-text fusion-text-642 description\" style=\"transform:translate3d(0,0,0);\"><p>L-shaped lean-to<\/p>\n<\/div><\/div><\/div><style type=\"text\/css\">.fusion-body .fusion-builder-column-321{width:25% !important;margin-top : 0px;margin-bottom : 20px;}.fusion-builder-column-321 > .fusion-column-wrapper {padding-top : 0px !important;padding-right : 0px !important;margin-right : 7.68%;padding-bottom : 0px !important;padding-left : 0px !important;margin-left : 7.68%;}@media only screen and (max-width:1024px) {.fusion-body .fusion-builder-column-321{width:100% !important;order : 0;}.fusion-builder-column-321 > .fusion-column-wrapper {margin-right : 1.92%;margin-left : 1.92%;}}@media only screen and (max-width:640px) {.fusion-body .fusion-builder-column-321{width:100% !important;order : 0;}.fusion-builder-column-321 > .fusion-column-wrapper {margin-right : 1.92%;margin-left : 1.92%;}}<\/style><div class=\"fusion-layout-column fusion_builder_column fusion-builder-column-322 fusion_builder_column_1_4 1_4 fusion-flex-column img-to-filter\"><div class=\"fusion-column-wrapper fusion-flex-justify-content-flex-start fusion-content-layout-column\" style=\"background-position:left top;background-repeat:no-repeat;-webkit-background-size:cover;-moz-background-size:cover;-o-background-size:cover;background-size:cover;padding: 0px 0px 0px 0px;\"><div ><span class=\"fusion-imageframe imageframe-none imageframe-322 hover-type-none\"><a href=\"https:\/\/www.deco-charpente.fr\/wp-content\/uploads\/2020\/08\/appentis-en-L.jpg\" class=\"fusion-lightbox\" data-rel=\"iLightbox[gallery-image]\" data-title=\"appentis en L\" title=\"L-shaped lean-to\"><img decoding=\"async\" width=\"1024\" height=\"768\" src=\"https:\/\/www.deco-charpente.fr\/wp-content\/uploads\/2020\/08\/appentis-en-L.jpg\" class=\"img-responsive wp-image-2061\" srcset=\"https:\/\/www.deco-charpente.fr\/wp-content\/uploads\/2020\/08\/appentis-en-L-200x150.jpg 200w, https:\/\/www.deco-charpente.fr\/wp-content\/uploads\/2020\/08\/appentis-en-L-400x300.jpg 400w, https:\/\/www.deco-charpente.fr\/wp-content\/uploads\/2020\/08\/appentis-en-L-600x450.jpg 600w, https:\/\/www.deco-charpente.fr\/wp-content\/uploads\/2020\/08\/appentis-en-L-800x600.jpg 800w, https:\/\/www.deco-charpente.fr\/wp-content\/uploads\/2020\/08\/appentis-en-L.jpg 1024w\" sizes=\"(max-width: 1024px) 100vw, (max-width: 640px) 100vw, 600px\" \/><\/a><\/span><\/div><div class=\"fusion-text fusion-text-643 tags\" style=\"transform:translate3d(0,0,0);\"><p>Lean-to &amp; Awning<\/p>\n<\/div><div class=\"fusion-text fusion-text-644 description\" style=\"transform:translate3d(0,0,0);\"><p>L-shaped lean-to<\/p>\n<\/div><\/div><\/div><style type=\"text\/css\">.fusion-body .fusion-builder-column-322{width:25% !important;margin-top : 0px;margin-bottom : 20px;}.fusion-builder-column-322 > .fusion-column-wrapper {padding-top : 0px !important;padding-right : 0px !important;margin-right : 7.68%;padding-bottom : 0px !important;padding-left : 0px !important;margin-left : 7.68%;}@media only screen and (max-width:1024px) {.fusion-body .fusion-builder-column-322{width:100% !important;order : 0;}.fusion-builder-column-322 > .fusion-column-wrapper {margin-right : 1.92%;margin-left : 1.92%;}}@media only screen and (max-width:640px) {.fusion-body .fusion-builder-column-322{width:100% !important;order : 0;}.fusion-builder-column-322 > .fusion-column-wrapper {margin-right : 1.92%;margin-left : 1.92%;}}<\/style><div class=\"fusion-layout-column fusion_builder_column fusion-builder-column-323 fusion_builder_column_1_4 1_4 fusion-flex-column img-to-filter\"><div class=\"fusion-column-wrapper fusion-flex-justify-content-flex-start fusion-content-layout-column\" style=\"background-position:left top;background-repeat:no-repeat;-webkit-background-size:cover;-moz-background-size:cover;-o-background-size:cover;background-size:cover;padding: 0px 0px 0px 0px;\"><div ><span class=\"fusion-imageframe imageframe-none imageframe-323 hover-type-none\"><a href=\"https:\/\/www.deco-charpente.fr\/wp-content\/uploads\/2020\/10\/Appentis-en-L.jpg\" class=\"fusion-lightbox\" data-rel=\"iLightbox[gallery-image]\" data-title=\"Appentis-en-L\" title=\"L-shaped lean-to\"><img decoding=\"async\" width=\"1515\" height=\"1136\" src=\"https:\/\/www.deco-charpente.fr\/wp-content\/uploads\/2020\/10\/Appentis-en-L.jpg\" class=\"img-responsive wp-image-3805\" srcset=\"https:\/\/www.deco-charpente.fr\/wp-content\/uploads\/2020\/10\/Appentis-en-L-200x150.jpg 200w, https:\/\/www.deco-charpente.fr\/wp-content\/uploads\/2020\/10\/Appentis-en-L-400x300.jpg 400w, https:\/\/www.deco-charpente.fr\/wp-content\/uploads\/2020\/10\/Appentis-en-L-600x450.jpg 600w, https:\/\/www.deco-charpente.fr\/wp-content\/uploads\/2020\/10\/Appentis-en-L-800x600.jpg 800w, https:\/\/www.deco-charpente.fr\/wp-content\/uploads\/2020\/10\/Appentis-en-L-1200x900.jpg 1200w, https:\/\/www.deco-charpente.fr\/wp-content\/uploads\/2020\/10\/Appentis-en-L.jpg 1515w\" sizes=\"(max-width: 1024px) 100vw, (max-width: 640px) 100vw, 600px\" \/><\/a><\/span><\/div><div class=\"fusion-text fusion-text-645 tags\" style=\"transform:translate3d(0,0,0);\"><p>Lean-to &amp; Awning<\/p>\n<\/div><div class=\"fusion-text fusion-text-646 description\" style=\"transform:translate3d(0,0,0);\"><p>L-shaped lean-to<\/p>\n<\/div><\/div><\/div><style type=\"text\/css\">.fusion-body .fusion-builder-column-323{width:25% !important;margin-top : 0px;margin-bottom : 20px;}.fusion-builder-column-323 > .fusion-column-wrapper {padding-top : 0px !important;padding-right : 0px !important;margin-right : 7.68%;padding-bottom : 0px !important;padding-left : 0px !important;margin-left : 7.68%;}@media only screen and (max-width:1024px) {.fusion-body .fusion-builder-column-323{width:100% !important;order : 0;}.fusion-builder-column-323 > .fusion-column-wrapper {margin-right : 1.92%;margin-left : 1.92%;}}@media only screen and (max-width:640px) {.fusion-body .fusion-builder-column-323{width:100% !important;order : 0;}.fusion-builder-column-323 > .fusion-column-wrapper {margin-right : 1.92%;margin-left : 1.92%;}}<\/style><div class=\"fusion-layout-column fusion_builder_column fusion-builder-column-324 fusion_builder_column_1_4 1_4 fusion-flex-column img-to-filter\"><div class=\"fusion-column-wrapper fusion-flex-justify-content-flex-start fusion-content-layout-column\" style=\"background-position:left top;background-repeat:no-repeat;-webkit-background-size:cover;-moz-background-size:cover;-o-background-size:cover;background-size:cover;padding: 0px 0px 0px 0px;\"><div ><span class=\"fusion-imageframe imageframe-none imageframe-324 hover-type-none\"><a href=\"https:\/\/www.deco-charpente.fr\/wp-content\/uploads\/2020\/08\/appentis-sur-muret-2.jpg\" class=\"fusion-lightbox\" data-rel=\"iLightbox[gallery-image]\" data-title=\"appentis sur muret 2\" title=\"lean-to on low wall 2\"><img decoding=\"async\" width=\"1024\" height=\"768\" src=\"https:\/\/www.deco-charpente.fr\/wp-content\/uploads\/2020\/08\/appentis-sur-muret-2.jpg\" class=\"img-responsive wp-image-2060\" srcset=\"https:\/\/www.deco-charpente.fr\/wp-content\/uploads\/2020\/08\/appentis-sur-muret-2-200x150.jpg 200w, https:\/\/www.deco-charpente.fr\/wp-content\/uploads\/2020\/08\/appentis-sur-muret-2-400x300.jpg 400w, https:\/\/www.deco-charpente.fr\/wp-content\/uploads\/2020\/08\/appentis-sur-muret-2-600x450.jpg 600w, https:\/\/www.deco-charpente.fr\/wp-content\/uploads\/2020\/08\/appentis-sur-muret-2-800x600.jpg 800w, https:\/\/www.deco-charpente.fr\/wp-content\/uploads\/2020\/08\/appentis-sur-muret-2.jpg 1024w\" sizes=\"(max-width: 1024px) 100vw, (max-width: 640px) 100vw, 600px\" \/><\/a><\/span><\/div><div class=\"fusion-text fusion-text-647 tags\" style=\"transform:translate3d(0,0,0);\"><p>Lean-to &amp; Awning<\/p>\n<\/div><div class=\"fusion-text fusion-text-648 description\" style=\"transform:translate3d(0,0,0);\"><p>Lean-to on wall<\/p>\n<\/div><\/div><\/div><style type=\"text\/css\">.fusion-body .fusion-builder-column-324{width:25% !important;margin-top : 0px;margin-bottom : 20px;}.fusion-builder-column-324 > .fusion-column-wrapper {padding-top : 0px !important;padding-right : 0px !important;margin-right : 7.68%;padding-bottom : 0px !important;padding-left : 0px !important;margin-left : 7.68%;}@media only screen and (max-width:1024px) {.fusion-body .fusion-builder-column-324{width:100% !important;order : 0;}.fusion-builder-column-324 > .fusion-column-wrapper {margin-right : 1.92%;margin-left : 1.92%;}}@media only screen and (max-width:640px) {.fusion-body .fusion-builder-column-324{width:100% !important;order : 0;}.fusion-builder-column-324 > .fusion-column-wrapper {margin-right : 1.92%;margin-left : 1.92%;}}<\/style><div class=\"fusion-layout-column fusion_builder_column fusion-builder-column-325 fusion_builder_column_1_4 1_4 fusion-flex-column img-to-filter\"><div class=\"fusion-column-wrapper fusion-flex-justify-content-flex-start fusion-content-layout-column\" style=\"background-position:left top;background-repeat:no-repeat;-webkit-background-size:cover;-moz-background-size:cover;-o-background-size:cover;background-size:cover;padding: 0px 0px 0px 0px;\"><div ><span class=\"fusion-imageframe imageframe-none imageframe-325 hover-type-none\"><a href=\"https:\/\/www.deco-charpente.fr\/wp-content\/uploads\/2020\/08\/appentis-mont\u00e9e-descalier-1.jpg\" class=\"fusion-lightbox\" data-rel=\"iLightbox[gallery-image]\" data-title=\"appentis mont\u00e9e d&rsquo;escalier\" title=\"stair lift lean-to\"><img decoding=\"async\" width=\"1024\" height=\"683\" src=\"https:\/\/www.deco-charpente.fr\/wp-content\/uploads\/2020\/08\/appentis-mont\u00e9e-descalier-1.jpg\" class=\"img-responsive wp-image-2080\" srcset=\"https:\/\/www.deco-charpente.fr\/wp-content\/uploads\/2020\/08\/appentis-mont\u00e9e-descalier-1-200x133.jpg 200w, https:\/\/www.deco-charpente.fr\/wp-content\/uploads\/2020\/08\/appentis-mont\u00e9e-descalier-1-400x267.jpg 400w, https:\/\/www.deco-charpente.fr\/wp-content\/uploads\/2020\/08\/appentis-mont\u00e9e-descalier-1-600x400.jpg 600w, https:\/\/www.deco-charpente.fr\/wp-content\/uploads\/2020\/08\/appentis-mont\u00e9e-descalier-1-800x534.jpg 800w, https:\/\/www.deco-charpente.fr\/wp-content\/uploads\/2020\/08\/appentis-mont\u00e9e-descalier-1.jpg 1024w\" sizes=\"(max-width: 1024px) 100vw, (max-width: 640px) 100vw, 600px\" \/><\/a><\/span><\/div><div class=\"fusion-text fusion-text-649 tags\" style=\"transform:translate3d(0,0,0);\"><p>Lean-to &amp; Awning<\/p>\n<\/div><div class=\"fusion-text fusion-text-650 description\" style=\"transform:translate3d(0,0,0);\"><p>Lean-to stair lift<\/p>\n<\/div><\/div><\/div><style type=\"text\/css\">.fusion-body .fusion-builder-column-325{width:25% !important;margin-top : 0px;margin-bottom : 20px;}.fusion-builder-column-325 > .fusion-column-wrapper {padding-top : 0px !important;padding-right : 0px !important;margin-right : 7.68%;padding-bottom : 0px !important;padding-left : 0px !important;margin-left : 7.68%;}@media only screen and (max-width:1024px) {.fusion-body .fusion-builder-column-325{width:100% !important;order : 0;}.fusion-builder-column-325 > .fusion-column-wrapper {margin-right : 1.92%;margin-left : 1.92%;}}@media only screen and (max-width:640px) {.fusion-body .fusion-builder-column-325{width:100% !important;order : 0;}.fusion-builder-column-325 > .fusion-column-wrapper {margin-right : 1.92%;margin-left : 1.92%;}}<\/style><div class=\"fusion-layout-column fusion_builder_column fusion-builder-column-326 fusion_builder_column_1_4 1_4 fusion-flex-column img-to-filter\"><div class=\"fusion-column-wrapper fusion-flex-justify-content-flex-start fusion-content-layout-column\" style=\"background-position:left top;background-repeat:no-repeat;-webkit-background-size:cover;-moz-background-size:cover;-o-background-size:cover;background-size:cover;padding: 0px 0px 0px 0px;\"><div ><span class=\"fusion-imageframe imageframe-none imageframe-326 hover-type-none\"><a href=\"https:\/\/www.deco-charpente.fr\/wp-content\/uploads\/2020\/08\/appentis-sur-muret-pierre-1.jpg\" class=\"fusion-lightbox\" data-rel=\"iLightbox[gallery-image]\" data-title=\"appentis sur muret pierre\" title=\"lean-to on stone wall\"><img decoding=\"async\" width=\"1024\" height=\"576\" src=\"https:\/\/www.deco-charpente.fr\/wp-content\/uploads\/2020\/08\/appentis-sur-muret-pierre-1.jpg\" class=\"img-responsive wp-image-2081\" srcset=\"https:\/\/www.deco-charpente.fr\/wp-content\/uploads\/2020\/08\/appentis-sur-muret-pierre-1-200x113.jpg 200w, https:\/\/www.deco-charpente.fr\/wp-content\/uploads\/2020\/08\/appentis-sur-muret-pierre-1-400x225.jpg 400w, https:\/\/www.deco-charpente.fr\/wp-content\/uploads\/2020\/08\/appentis-sur-muret-pierre-1-600x338.jpg 600w, https:\/\/www.deco-charpente.fr\/wp-content\/uploads\/2020\/08\/appentis-sur-muret-pierre-1-800x450.jpg 800w, https:\/\/www.deco-charpente.fr\/wp-content\/uploads\/2020\/08\/appentis-sur-muret-pierre-1.jpg 1024w\" sizes=\"(max-width: 1024px) 100vw, (max-width: 640px) 100vw, 600px\" \/><\/a><\/span><\/div><div class=\"fusion-text fusion-text-651 tags\" style=\"transform:translate3d(0,0,0);\"><p>Lean-to &amp; Awning<\/p>\n<\/div><div class=\"fusion-text fusion-text-652 description\" style=\"transform:translate3d(0,0,0);\"><p>Lean-to on stone wall<\/p>\n<\/div><\/div><\/div><style type=\"text\/css\">.fusion-body .fusion-builder-column-326{width:25% !important;margin-top : 0px;margin-bottom : 20px;}.fusion-builder-column-326 > .fusion-column-wrapper {padding-top : 0px !important;padding-right : 0px !important;margin-right : 7.68%;padding-bottom : 0px !important;padding-left : 0px !important;margin-left : 7.68%;}@media only screen and (max-width:1024px) {.fusion-body .fusion-builder-column-326{width:100% !important;order : 0;}.fusion-builder-column-326 > .fusion-column-wrapper {margin-right : 1.92%;margin-left : 1.92%;}}@media only screen and (max-width:640px) {.fusion-body .fusion-builder-column-326{width:100% !important;order : 0;}.fusion-builder-column-326 > .fusion-column-wrapper {margin-right : 1.92%;margin-left : 1.92%;}}<\/style><div class=\"fusion-layout-column fusion_builder_column fusion-builder-column-327 fusion_builder_column_1_4 1_4 fusion-flex-column img-to-filter\"><div class=\"fusion-column-wrapper fusion-flex-justify-content-flex-start fusion-content-layout-column\" style=\"background-position:left top;background-repeat:no-repeat;-webkit-background-size:cover;-moz-background-size:cover;-o-background-size:cover;background-size:cover;padding: 0px 0px 0px 0px;\"><div ><span class=\"fusion-imageframe imageframe-none imageframe-327 hover-type-none\"><a href=\"https:\/\/www.deco-charpente.fr\/wp-content\/uploads\/2023\/03\/Appentis-sur-muret.jpg\" class=\"fusion-lightbox\" data-rel=\"iLightbox[gallery-image]\" data-title=\"Appentis sur muret\" title=\"Lean-to on wall\"><img decoding=\"async\" width=\"1478\" height=\"1108\" src=\"https:\/\/www.deco-charpente.fr\/wp-content\/uploads\/2023\/03\/Appentis-sur-muret.jpg\" class=\"img-responsive wp-image-8453\" srcset=\"https:\/\/www.deco-charpente.fr\/wp-content\/uploads\/2023\/03\/Appentis-sur-muret-200x150.jpg 200w, https:\/\/www.deco-charpente.fr\/wp-content\/uploads\/2023\/03\/Appentis-sur-muret-400x300.jpg 400w, https:\/\/www.deco-charpente.fr\/wp-content\/uploads\/2023\/03\/Appentis-sur-muret-600x450.jpg 600w, https:\/\/www.deco-charpente.fr\/wp-content\/uploads\/2023\/03\/Appentis-sur-muret-800x600.jpg 800w, https:\/\/www.deco-charpente.fr\/wp-content\/uploads\/2023\/03\/Appentis-sur-muret-1200x900.jpg 1200w, https:\/\/www.deco-charpente.fr\/wp-content\/uploads\/2023\/03\/Appentis-sur-muret.jpg 1478w\" sizes=\"(max-width: 1024px) 100vw, (max-width: 640px) 100vw, 600px\" \/><\/a><\/span><\/div><div class=\"fusion-text fusion-text-653 tags\" style=\"transform:translate3d(0,0,0);\"><p>Lean-to &amp; Awning<\/p>\n<\/div><div class=\"fusion-text fusion-text-654 description\" style=\"transform:translate3d(0,0,0);\"><p>Lean-to on wall<\/p>\n<\/div><\/div><\/div><style type=\"text\/css\">.fusion-body .fusion-builder-column-327{width:25% !important;margin-top : 0px;margin-bottom : 20px;}.fusion-builder-column-327 > .fusion-column-wrapper {padding-top : 0px !important;padding-right : 0px !important;margin-right : 7.68%;padding-bottom : 0px !important;padding-left : 0px !important;margin-left : 7.68%;}@media only screen and (max-width:1024px) {.fusion-body .fusion-builder-column-327{width:100% !important;order : 0;}.fusion-builder-column-327 > .fusion-column-wrapper {margin-right : 1.92%;margin-left : 1.92%;}}@media only screen and (max-width:640px) {.fusion-body .fusion-builder-column-327{width:100% !important;order : 0;}.fusion-builder-column-327 > .fusion-column-wrapper {margin-right : 1.92%;margin-left : 1.92%;}}<\/style><div class=\"fusion-layout-column fusion_builder_column fusion-builder-column-328 fusion_builder_column_1_4 1_4 fusion-flex-column img-to-filter\"><div class=\"fusion-column-wrapper fusion-flex-justify-content-flex-start fusion-content-layout-column\" style=\"background-position:left top;background-repeat:no-repeat;-webkit-background-size:cover;-moz-background-size:cover;-o-background-size:cover;background-size:cover;padding: 0px 0px 0px 0px;\"><div ><span class=\"fusion-imageframe imageframe-none imageframe-328 hover-type-none\"><a href=\"https:\/\/www.deco-charpente.fr\/wp-content\/uploads\/2020\/08\/appentis-sur-muret-1.jpg\" class=\"fusion-lightbox\" data-rel=\"iLightbox[gallery-image]\" data-title=\"appentis sur muret\" title=\"lean-to on low wall\"><img decoding=\"async\" width=\"1024\" height=\"768\" src=\"https:\/\/www.deco-charpente.fr\/wp-content\/uploads\/2020\/08\/appentis-sur-muret-1.jpg\" class=\"img-responsive wp-image-2082\" srcset=\"https:\/\/www.deco-charpente.fr\/wp-content\/uploads\/2020\/08\/appentis-sur-muret-1-200x150.jpg 200w, https:\/\/www.deco-charpente.fr\/wp-content\/uploads\/2020\/08\/appentis-sur-muret-1-400x300.jpg 400w, https:\/\/www.deco-charpente.fr\/wp-content\/uploads\/2020\/08\/appentis-sur-muret-1-600x450.jpg 600w, https:\/\/www.deco-charpente.fr\/wp-content\/uploads\/2020\/08\/appentis-sur-muret-1-800x600.jpg 800w, https:\/\/www.deco-charpente.fr\/wp-content\/uploads\/2020\/08\/appentis-sur-muret-1.jpg 1024w\" sizes=\"(max-width: 1024px) 100vw, (max-width: 640px) 100vw, 600px\" \/><\/a><\/span><\/div><div class=\"fusion-text fusion-text-655 tags\" style=\"transform:translate3d(0,0,0);\"><p>Lean-to &amp; Awning<\/p>\n<\/div><div class=\"fusion-text fusion-text-656 description\" style=\"transform:translate3d(0,0,0);\"><p>Lean-to on wall<\/p>\n<\/div><\/div><\/div><style type=\"text\/css\">.fusion-body .fusion-builder-column-328{width:25% !important;margin-top : 0px;margin-bottom : 20px;}.fusion-builder-column-328 > .fusion-column-wrapper {padding-top : 0px !important;padding-right : 0px !important;margin-right : 7.68%;padding-bottom : 0px !important;padding-left : 0px !important;margin-left : 7.68%;}@media only screen and (max-width:1024px) {.fusion-body .fusion-builder-column-328{width:100% !important;order : 0;}.fusion-builder-column-328 > .fusion-column-wrapper {margin-right : 1.92%;margin-left : 1.92%;}}@media only screen and (max-width:640px) {.fusion-body .fusion-builder-column-328{width:100% !important;order : 0;}.fusion-builder-column-328 > .fusion-column-wrapper {margin-right : 1.92%;margin-left : 1.92%;}}<\/style><div class=\"fusion-layout-column fusion_builder_column fusion-builder-column-329 fusion_builder_column_1_4 1_4 fusion-flex-column img-to-filter\"><div class=\"fusion-column-wrapper fusion-flex-justify-content-flex-start fusion-content-layout-column\" style=\"background-position:left top;background-repeat:no-repeat;-webkit-background-size:cover;-moz-background-size:cover;-o-background-size:cover;background-size:cover;padding: 0px 0px 0px 0px;\"><div ><span class=\"fusion-imageframe imageframe-none imageframe-329 hover-type-none\"><a href=\"https:\/\/www.deco-charpente.fr\/wp-content\/uploads\/2020\/08\/auvent-de-porte-dentr\u00e9e-2.jpg\" class=\"fusion-lightbox\" data-rel=\"iLightbox[gallery-image]\" data-caption=\"Photo d&#039;un Auvent en bois sur mesure r\u00e9alis\u00e9 par D\u00e9co Charpente\" data-title=\"auvent de porte d&rsquo;entr\u00e9e 2\" title=\"front door awning 2\"><img decoding=\"async\" width=\"1024\" height=\"768\" alt=\"Auvent Bois sur mesure\" src=\"https:\/\/www.deco-charpente.fr\/wp-content\/uploads\/2020\/08\/auvent-de-porte-dentr\u00e9e-2.jpg\" class=\"img-responsive wp-image-2083\" srcset=\"https:\/\/www.deco-charpente.fr\/wp-content\/uploads\/2020\/08\/auvent-de-porte-dentr\u00e9e-2-200x150.jpg 200w, https:\/\/www.deco-charpente.fr\/wp-content\/uploads\/2020\/08\/auvent-de-porte-dentr\u00e9e-2-400x300.jpg 400w, https:\/\/www.deco-charpente.fr\/wp-content\/uploads\/2020\/08\/auvent-de-porte-dentr\u00e9e-2-600x450.jpg 600w, https:\/\/www.deco-charpente.fr\/wp-content\/uploads\/2020\/08\/auvent-de-porte-dentr\u00e9e-2-800x600.jpg 800w, https:\/\/www.deco-charpente.fr\/wp-content\/uploads\/2020\/08\/auvent-de-porte-dentr\u00e9e-2.jpg 1024w\" sizes=\"(max-width: 1024px) 100vw, (max-width: 640px) 100vw, 600px\" \/><\/a><\/span><\/div><div class=\"fusion-text fusion-text-657 tags\" style=\"transform:translate3d(0,0,0);\"><p>Lean-to &amp; Awning<\/p>\n<\/div><div class=\"fusion-text fusion-text-658 description\" style=\"transform:translate3d(0,0,0);\"><p>Entrance door awning<\/p>\n<\/div><\/div><\/div><style type=\"text\/css\">.fusion-body .fusion-builder-column-329{width:25% !important;margin-top : 0px;margin-bottom : 20px;}.fusion-builder-column-329 > .fusion-column-wrapper {padding-top : 0px !important;padding-right : 0px !important;margin-right : 7.68%;padding-bottom : 0px !important;padding-left : 0px !important;margin-left : 7.68%;}@media only screen and (max-width:1024px) {.fusion-body .fusion-builder-column-329{width:100% !important;order : 0;}.fusion-builder-column-329 > .fusion-column-wrapper {margin-right : 1.92%;margin-left : 1.92%;}}@media only screen and (max-width:640px) {.fusion-body .fusion-builder-column-329{width:100% !important;order : 0;}.fusion-builder-column-329 > .fusion-column-wrapper {margin-right : 1.92%;margin-left : 1.92%;}}<\/style><div class=\"fusion-layout-column fusion_builder_column fusion-builder-column-330 fusion_builder_column_1_4 1_4 fusion-flex-column img-to-filter\"><div class=\"fusion-column-wrapper fusion-flex-justify-content-flex-start fusion-content-layout-column\" style=\"background-position:left top;background-repeat:no-repeat;-webkit-background-size:cover;-moz-background-size:cover;-o-background-size:cover;background-size:cover;padding: 0px 0px 0px 0px;\"><div ><span class=\"fusion-imageframe imageframe-none imageframe-330 hover-type-none\"><a href=\"https:\/\/www.deco-charpente.fr\/wp-content\/uploads\/2020\/08\/appentis-4-demi-fermes-sur-poteaux-bois.jpg\" class=\"fusion-lightbox\" data-rel=\"iLightbox[gallery-image]\" data-title=\"appentis 4 demi-fermes sur poteaux bois\" title=\"lean-to 4 half-trusses on wooden posts\"><img decoding=\"async\" width=\"1024\" height=\"768\" src=\"https:\/\/www.deco-charpente.fr\/wp-content\/uploads\/2020\/08\/appentis-4-demi-fermes-sur-poteaux-bois.jpg\" class=\"img-responsive wp-image-2059\" srcset=\"https:\/\/www.deco-charpente.fr\/wp-content\/uploads\/2020\/08\/appentis-4-demi-fermes-sur-poteaux-bois-200x150.jpg 200w, https:\/\/www.deco-charpente.fr\/wp-content\/uploads\/2020\/08\/appentis-4-demi-fermes-sur-poteaux-bois-400x300.jpg 400w, https:\/\/www.deco-charpente.fr\/wp-content\/uploads\/2020\/08\/appentis-4-demi-fermes-sur-poteaux-bois-600x450.jpg 600w, https:\/\/www.deco-charpente.fr\/wp-content\/uploads\/2020\/08\/appentis-4-demi-fermes-sur-poteaux-bois-800x600.jpg 800w, https:\/\/www.deco-charpente.fr\/wp-content\/uploads\/2020\/08\/appentis-4-demi-fermes-sur-poteaux-bois.jpg 1024w\" sizes=\"(max-width: 1024px) 100vw, (max-width: 640px) 100vw, 600px\" \/><\/a><\/span><\/div><div class=\"fusion-text fusion-text-659 tags\" style=\"transform:translate3d(0,0,0);\"><p>Lean-to &amp; Awning<\/p>\n<\/div><div class=\"fusion-text fusion-text-660 description\" style=\"transform:translate3d(0,0,0);\"><p>Lean-to 4 half-trusses on wooden posts<\/p>\n<\/div><\/div><\/div><style type=\"text\/css\">.fusion-body .fusion-builder-column-330{width:25% !important;margin-top : 0px;margin-bottom : 20px;}.fusion-builder-column-330 > .fusion-column-wrapper {padding-top : 0px !important;padding-right : 0px !important;margin-right : 7.68%;padding-bottom : 0px !important;padding-left : 0px !important;margin-left : 7.68%;}@media only screen and (max-width:1024px) {.fusion-body .fusion-builder-column-330{width:100% !important;order : 0;}.fusion-builder-column-330 > .fusion-column-wrapper {margin-right : 1.92%;margin-left : 1.92%;}}@media only screen and (max-width:640px) {.fusion-body .fusion-builder-column-330{width:100% !important;order : 0;}.fusion-builder-column-330 > .fusion-column-wrapper {margin-right : 1.92%;margin-left : 1.92%;}}<\/style><div class=\"fusion-layout-column fusion_builder_column fusion-builder-column-331 fusion_builder_column_1_4 1_4 fusion-flex-column img-to-filter\"><div class=\"fusion-column-wrapper fusion-flex-justify-content-flex-start fusion-content-layout-column\" style=\"background-position:left top;background-repeat:no-repeat;-webkit-background-size:cover;-moz-background-size:cover;-o-background-size:cover;background-size:cover;padding: 0px 0px 0px 0px;\"><div ><span class=\"fusion-imageframe imageframe-none imageframe-331 hover-type-none\"><a href=\"https:\/\/www.deco-charpente.fr\/wp-content\/uploads\/2020\/08\/appentis-2-pentes-sur-terrasse-sur\u00e9lev\u00e9e-2.jpg\" class=\"fusion-lightbox\" data-rel=\"iLightbox[gallery-image]\" data-title=\"appentis 2 pentes sur terrasse sur\u00e9lev\u00e9e 2\" title=\"lean-to 2 slopes on raised terrace 2\"><img decoding=\"async\" width=\"1024\" height=\"768\" src=\"https:\/\/www.deco-charpente.fr\/wp-content\/uploads\/2020\/08\/appentis-2-pentes-sur-terrasse-sur\u00e9lev\u00e9e-2.jpg\" class=\"img-responsive wp-image-2063\" srcset=\"https:\/\/www.deco-charpente.fr\/wp-content\/uploads\/2020\/08\/appentis-2-pentes-sur-terrasse-sur\u00e9lev\u00e9e-2-200x150.jpg 200w, https:\/\/www.deco-charpente.fr\/wp-content\/uploads\/2020\/08\/appentis-2-pentes-sur-terrasse-sur\u00e9lev\u00e9e-2-400x300.jpg 400w, https:\/\/www.deco-charpente.fr\/wp-content\/uploads\/2020\/08\/appentis-2-pentes-sur-terrasse-sur\u00e9lev\u00e9e-2-600x450.jpg 600w, https:\/\/www.deco-charpente.fr\/wp-content\/uploads\/2020\/08\/appentis-2-pentes-sur-terrasse-sur\u00e9lev\u00e9e-2-800x600.jpg 800w, https:\/\/www.deco-charpente.fr\/wp-content\/uploads\/2020\/08\/appentis-2-pentes-sur-terrasse-sur\u00e9lev\u00e9e-2.jpg 1024w\" sizes=\"(max-width: 1024px) 100vw, (max-width: 640px) 100vw, 600px\" \/><\/a><\/span><\/div><div class=\"fusion-text fusion-text-661 tags\" style=\"transform:translate3d(0,0,0);\"><p>Lean-to &amp; Awning<\/p>\n<\/div><div class=\"fusion-text fusion-text-662 description\" style=\"transform:translate3d(0,0,0);\"><p>Lean-to 2 slopes on raised terrace<\/p>\n<\/div><\/div><\/div><style type=\"text\/css\">.fusion-body .fusion-builder-column-331{width:25% !important;margin-top : 0px;margin-bottom : 20px;}.fusion-builder-column-331 > .fusion-column-wrapper {padding-top : 0px !important;padding-right : 0px !important;margin-right : 7.68%;padding-bottom : 0px !important;padding-left : 0px !important;margin-left : 7.68%;}@media only screen and (max-width:1024px) {.fusion-body .fusion-builder-column-331{width:100% !important;order : 0;}.fusion-builder-column-331 > .fusion-column-wrapper {margin-right : 1.92%;margin-left : 1.92%;}}@media only screen and (max-width:640px) {.fusion-body .fusion-builder-column-331{width:100% !important;order : 0;}.fusion-builder-column-331 > .fusion-column-wrapper {margin-right : 1.92%;margin-left : 1.92%;}}<\/style><div class=\"fusion-layout-column fusion_builder_column fusion-builder-column-332 fusion_builder_column_1_4 1_4 fusion-flex-column img-to-filter\"><div class=\"fusion-column-wrapper fusion-flex-justify-content-flex-start fusion-content-layout-column\" style=\"background-position:left top;background-repeat:no-repeat;-webkit-background-size:cover;-moz-background-size:cover;-o-background-size:cover;background-size:cover;padding: 0px 0px 0px 0px;\"><div ><span class=\"fusion-imageframe imageframe-none imageframe-332 hover-type-none\"><a href=\"https:\/\/www.deco-charpente.fr\/wp-content\/uploads\/2020\/08\/auvent-pour-garage-double.jpg\" class=\"fusion-lightbox\" data-rel=\"iLightbox[gallery-image]\" data-title=\"auvent pour garage double\" title=\"awning for double garage\"><img decoding=\"async\" width=\"1024\" height=\"768\" src=\"https:\/\/www.deco-charpente.fr\/wp-content\/uploads\/2020\/08\/auvent-pour-garage-double.jpg\" class=\"img-responsive wp-image-2085\" srcset=\"https:\/\/www.deco-charpente.fr\/wp-content\/uploads\/2020\/08\/auvent-pour-garage-double-200x150.jpg 200w, https:\/\/www.deco-charpente.fr\/wp-content\/uploads\/2020\/08\/auvent-pour-garage-double-400x300.jpg 400w, https:\/\/www.deco-charpente.fr\/wp-content\/uploads\/2020\/08\/auvent-pour-garage-double-600x450.jpg 600w, https:\/\/www.deco-charpente.fr\/wp-content\/uploads\/2020\/08\/auvent-pour-garage-double-800x600.jpg 800w, https:\/\/www.deco-charpente.fr\/wp-content\/uploads\/2020\/08\/auvent-pour-garage-double.jpg 1024w\" sizes=\"(max-width: 1024px) 100vw, (max-width: 640px) 100vw, 600px\" \/><\/a><\/span><\/div><div class=\"fusion-text fusion-text-663 tags\" style=\"transform:translate3d(0,0,0);\"><p>Lean-to &amp; Awning<\/p>\n<\/div><div class=\"fusion-text fusion-text-664 description\" style=\"transform:translate3d(0,0,0);\"><p>Awning for double garage<\/p>\n<\/div><\/div><\/div><style type=\"text\/css\">.fusion-body .fusion-builder-column-332{width:25% !important;margin-top : 0px;margin-bottom : 20px;}.fusion-builder-column-332 > .fusion-column-wrapper {padding-top : 0px !important;padding-right : 0px !important;margin-right : 7.68%;padding-bottom : 0px !important;padding-left : 0px !important;margin-left : 7.68%;}@media only screen and (max-width:1024px) {.fusion-body .fusion-builder-column-332{width:100% !important;order : 0;}.fusion-builder-column-332 > .fusion-column-wrapper {margin-right : 1.92%;margin-left : 1.92%;}}@media only screen and (max-width:640px) {.fusion-body .fusion-builder-column-332{width:100% !important;order : 0;}.fusion-builder-column-332 > .fusion-column-wrapper {margin-right : 1.92%;margin-left : 1.92%;}}<\/style><div class=\"fusion-layout-column fusion_builder_column fusion-builder-column-333 fusion_builder_column_1_4 1_4 fusion-flex-column img-to-filter\"><div class=\"fusion-column-wrapper fusion-flex-justify-content-flex-start fusion-content-layout-column\" style=\"background-position:left top;background-repeat:no-repeat;-webkit-background-size:cover;-moz-background-size:cover;-o-background-size:cover;background-size:cover;padding: 0px 0px 0px 0px;\"><div ><span class=\"fusion-imageframe imageframe-none imageframe-333 hover-type-none\"><a href=\"https:\/\/www.deco-charpente.fr\/wp-content\/uploads\/2020\/08\/appentis-adoss\u00e9-sous-g\u00e9noise.jpg\" class=\"fusion-lightbox\" data-rel=\"iLightbox[gallery-image]\" data-title=\"appentis adoss\u00e9 sous g\u00e9noise\" title=\"lean-to leaning under genoise\"><img decoding=\"async\" width=\"1200\" height=\"900\" src=\"https:\/\/www.deco-charpente.fr\/wp-content\/uploads\/2020\/08\/appentis-adoss\u00e9-sous-g\u00e9noise.jpg\" class=\"img-responsive wp-image-2087\" srcset=\"https:\/\/www.deco-charpente.fr\/wp-content\/uploads\/2020\/08\/appentis-adoss\u00e9-sous-g\u00e9noise-200x150.jpg 200w, https:\/\/www.deco-charpente.fr\/wp-content\/uploads\/2020\/08\/appentis-adoss\u00e9-sous-g\u00e9noise-400x300.jpg 400w, https:\/\/www.deco-charpente.fr\/wp-content\/uploads\/2020\/08\/appentis-adoss\u00e9-sous-g\u00e9noise-600x450.jpg 600w, https:\/\/www.deco-charpente.fr\/wp-content\/uploads\/2020\/08\/appentis-adoss\u00e9-sous-g\u00e9noise-800x600.jpg 800w, https:\/\/www.deco-charpente.fr\/wp-content\/uploads\/2020\/08\/appentis-adoss\u00e9-sous-g\u00e9noise.jpg 1200w\" sizes=\"(max-width: 1024px) 100vw, (max-width: 640px) 100vw, 600px\" \/><\/a><\/span><\/div><div class=\"fusion-text fusion-text-665 tags\" style=\"transform:translate3d(0,0,0);\"><p>Lean-to &amp; Awning<\/p>\n<\/div><div class=\"fusion-text fusion-text-666 description\" style=\"transform:translate3d(0,0,0);\"><p>Lean-to under genoise<\/p>\n<\/div><\/div><\/div><style type=\"text\/css\">.fusion-body .fusion-builder-column-333{width:25% !important;margin-top : 0px;margin-bottom : 20px;}.fusion-builder-column-333 > .fusion-column-wrapper {padding-top : 0px !important;padding-right : 0px !important;margin-right : 7.68%;padding-bottom : 0px !important;padding-left : 0px !important;margin-left : 7.68%;}@media only screen and (max-width:1024px) {.fusion-body .fusion-builder-column-333{width:100% !important;order : 0;}.fusion-builder-column-333 > .fusion-column-wrapper {margin-right : 1.92%;margin-left : 1.92%;}}@media only screen and (max-width:640px) {.fusion-body .fusion-builder-column-333{width:100% !important;order : 0;}.fusion-builder-column-333 > .fusion-column-wrapper {margin-right : 1.92%;margin-left : 1.92%;}}<\/style><div class=\"fusion-layout-column fusion_builder_column fusion-builder-column-334 fusion_builder_column_1_4 1_4 fusion-flex-column img-to-filter\"><div class=\"fusion-column-wrapper fusion-flex-justify-content-flex-start fusion-content-layout-column\" style=\"background-position:left top;background-repeat:no-repeat;-webkit-background-size:cover;-moz-background-size:cover;-o-background-size:cover;background-size:cover;padding: 0px 0px 0px 0px;\"><div ><span class=\"fusion-imageframe imageframe-none imageframe-334 hover-type-none\"><a href=\"https:\/\/www.deco-charpente.fr\/wp-content\/uploads\/2020\/08\/appentis-avec-garde-corps-\u00e0-barreaudage-2-1.jpg\" class=\"fusion-lightbox\" data-rel=\"iLightbox[gallery-image]\" data-title=\"appentis avec garde-corps \u00e0 barreaudage 2\" title=\"lean-to with bar railing 2\"><img decoding=\"async\" width=\"1021\" height=\"767\" src=\"https:\/\/www.deco-charpente.fr\/wp-content\/uploads\/2020\/08\/appentis-avec-garde-corps-\u00e0-barreaudage-2-1.jpg\" class=\"img-responsive wp-image-2089\" srcset=\"https:\/\/www.deco-charpente.fr\/wp-content\/uploads\/2020\/08\/appentis-avec-garde-corps-\u00e0-barreaudage-2-1-200x150.jpg 200w, https:\/\/www.deco-charpente.fr\/wp-content\/uploads\/2020\/08\/appentis-avec-garde-corps-\u00e0-barreaudage-2-1-400x300.jpg 400w, https:\/\/www.deco-charpente.fr\/wp-content\/uploads\/2020\/08\/appentis-avec-garde-corps-\u00e0-barreaudage-2-1-600x451.jpg 600w, https:\/\/www.deco-charpente.fr\/wp-content\/uploads\/2020\/08\/appentis-avec-garde-corps-\u00e0-barreaudage-2-1-800x601.jpg 800w, https:\/\/www.deco-charpente.fr\/wp-content\/uploads\/2020\/08\/appentis-avec-garde-corps-\u00e0-barreaudage-2-1.jpg 1021w\" sizes=\"(max-width: 1024px) 100vw, (max-width: 640px) 100vw, 600px\" \/><\/a><\/span><\/div><div class=\"fusion-text fusion-text-667 tags\" style=\"transform:translate3d(0,0,0);\"><p>Lean-to &amp; Awning<\/p>\n<\/div><div class=\"fusion-text fusion-text-668 description\" style=\"transform:translate3d(0,0,0);\"><p>Lean-to with bar railing<\/p>\n<\/div><\/div><\/div><style type=\"text\/css\">.fusion-body .fusion-builder-column-334{width:25% !important;margin-top : 0px;margin-bottom : 20px;}.fusion-builder-column-334 > .fusion-column-wrapper {padding-top : 0px !important;padding-right : 0px !important;margin-right : 7.68%;padding-bottom : 0px !important;padding-left : 0px !important;margin-left : 7.68%;}@media only screen and (max-width:1024px) {.fusion-body .fusion-builder-column-334{width:100% !important;order : 0;}.fusion-builder-column-334 > .fusion-column-wrapper {margin-right : 1.92%;margin-left : 1.92%;}}@media only screen and (max-width:640px) {.fusion-body .fusion-builder-column-334{width:100% !important;order : 0;}.fusion-builder-column-334 > .fusion-column-wrapper {margin-right : 1.92%;margin-left : 1.92%;}}<\/style><div class=\"fusion-layout-column fusion_builder_column fusion-builder-column-335 fusion_builder_column_1_4 1_4 fusion-flex-column img-to-filter\"><div class=\"fusion-column-wrapper fusion-flex-justify-content-flex-start fusion-content-layout-column\" style=\"background-position:left top;background-repeat:no-repeat;-webkit-background-size:cover;-moz-background-size:cover;-o-background-size:cover;background-size:cover;padding: 0px 0px 0px 0px;\"><div ><span class=\"fusion-imageframe imageframe-none imageframe-335 hover-type-none\"><a href=\"https:\/\/www.deco-charpente.fr\/wp-content\/uploads\/2020\/08\/appentis-\u00e9volutif-v\u00e9randa-1.jpg\" class=\"fusion-lightbox\" data-rel=\"iLightbox[gallery-image]\" data-title=\"appentis \u00e9volutif (v\u00e9randa)\" title=\"evolving lean-to (veranda)\"><img decoding=\"async\" width=\"1025\" height=\"768\" src=\"https:\/\/www.deco-charpente.fr\/wp-content\/uploads\/2020\/08\/appentis-\u00e9volutif-v\u00e9randa-1.jpg\" class=\"img-responsive wp-image-2090\" srcset=\"https:\/\/www.deco-charpente.fr\/wp-content\/uploads\/2020\/08\/appentis-\u00e9volutif-v\u00e9randa-1-200x150.jpg 200w, https:\/\/www.deco-charpente.fr\/wp-content\/uploads\/2020\/08\/appentis-\u00e9volutif-v\u00e9randa-1-400x300.jpg 400w, https:\/\/www.deco-charpente.fr\/wp-content\/uploads\/2020\/08\/appentis-\u00e9volutif-v\u00e9randa-1-600x450.jpg 600w, https:\/\/www.deco-charpente.fr\/wp-content\/uploads\/2020\/08\/appentis-\u00e9volutif-v\u00e9randa-1-800x599.jpg 800w, https:\/\/www.deco-charpente.fr\/wp-content\/uploads\/2020\/08\/appentis-\u00e9volutif-v\u00e9randa-1.jpg 1025w\" sizes=\"(max-width: 1024px) 100vw, (max-width: 640px) 100vw, 600px\" \/><\/a><\/span><\/div><div class=\"fusion-text fusion-text-669 tags\" style=\"transform:translate3d(0,0,0);\"><p>Lean-to &amp; Awning<\/p>\n<\/div><div class=\"fusion-text fusion-text-670 description\" style=\"transform:translate3d(0,0,0);\"><p>Scalable lean-to (veranda)<\/p>\n<\/div><\/div><\/div><style type=\"text\/css\">.fusion-body .fusion-builder-column-335{width:25% !important;margin-top : 0px;margin-bottom : 20px;}.fusion-builder-column-335 > .fusion-column-wrapper {padding-top : 0px !important;padding-right : 0px !important;margin-right : 7.68%;padding-bottom : 0px !important;padding-left : 0px !important;margin-left : 7.68%;}@media only screen and (max-width:1024px) {.fusion-body .fusion-builder-column-335{width:100% !important;order : 0;}.fusion-builder-column-335 > .fusion-column-wrapper {margin-right : 1.92%;margin-left : 1.92%;}}@media only screen and (max-width:640px) {.fusion-body .fusion-builder-column-335{width:100% !important;order : 0;}.fusion-builder-column-335 > .fusion-column-wrapper {margin-right : 1.92%;margin-left : 1.92%;}}<\/style><div class=\"fusion-layout-column fusion_builder_column fusion-builder-column-336 fusion_builder_column_1_4 1_4 fusion-flex-column img-to-filter\"><div class=\"fusion-column-wrapper fusion-flex-justify-content-flex-start fusion-content-layout-column\" style=\"background-position:left top;background-repeat:no-repeat;-webkit-background-size:cover;-moz-background-size:cover;-o-background-size:cover;background-size:cover;padding: 0px 0px 0px 0px;\"><div ><span class=\"fusion-imageframe imageframe-none imageframe-336 hover-type-none\"><a href=\"https:\/\/www.deco-charpente.fr\/wp-content\/uploads\/2020\/08\/appentis-3-pentes-sur-terrasse-bois-sur\u00e9lev\u00e9e.jpg\" class=\"fusion-lightbox\" data-rel=\"iLightbox[gallery-image]\" data-title=\"appentis 3 pentes sur terrasse bois sur\u00e9lev\u00e9e\" title=\"lean-to 3 slopes on raised wooden terrace\"><img decoding=\"async\" width=\"1200\" height=\"675\" src=\"https:\/\/www.deco-charpente.fr\/wp-content\/uploads\/2020\/08\/appentis-3-pentes-sur-terrasse-bois-sur\u00e9lev\u00e9e.jpg\" class=\"img-responsive wp-image-2092\" srcset=\"https:\/\/www.deco-charpente.fr\/wp-content\/uploads\/2020\/08\/appentis-3-pentes-sur-terrasse-bois-sur\u00e9lev\u00e9e-200x113.jpg 200w, https:\/\/www.deco-charpente.fr\/wp-content\/uploads\/2020\/08\/appentis-3-pentes-sur-terrasse-bois-sur\u00e9lev\u00e9e-400x225.jpg 400w, https:\/\/www.deco-charpente.fr\/wp-content\/uploads\/2020\/08\/appentis-3-pentes-sur-terrasse-bois-sur\u00e9lev\u00e9e-600x338.jpg 600w, https:\/\/www.deco-charpente.fr\/wp-content\/uploads\/2020\/08\/appentis-3-pentes-sur-terrasse-bois-sur\u00e9lev\u00e9e-800x450.jpg 800w, https:\/\/www.deco-charpente.fr\/wp-content\/uploads\/2020\/08\/appentis-3-pentes-sur-terrasse-bois-sur\u00e9lev\u00e9e.jpg 1200w\" sizes=\"(max-width: 1024px) 100vw, (max-width: 640px) 100vw, 600px\" \/><\/a><\/span><\/div><div class=\"fusion-text fusion-text-671 tags\" style=\"transform:translate3d(0,0,0);\"><p>Lean-to &amp; Awning<\/p>\n<\/div><div class=\"fusion-text fusion-text-672 description\" style=\"transform:translate3d(0,0,0);\"><p>Lean-to 3 slopes on raised wooden terrace<\/p>\n<\/div><\/div><\/div><style type=\"text\/css\">.fusion-body .fusion-builder-column-336{width:25% !important;margin-top : 0px;margin-bottom : 20px;}.fusion-builder-column-336 > .fusion-column-wrapper {padding-top : 0px !important;padding-right : 0px !important;margin-right : 7.68%;padding-bottom : 0px !important;padding-left : 0px !important;margin-left : 7.68%;}@media only screen and (max-width:1024px) {.fusion-body .fusion-builder-column-336{width:100% !important;order : 0;}.fusion-builder-column-336 > .fusion-column-wrapper {margin-right : 1.92%;margin-left : 1.92%;}}@media only screen and (max-width:640px) {.fusion-body .fusion-builder-column-336{width:100% !important;order : 0;}.fusion-builder-column-336 > .fusion-column-wrapper {margin-right : 1.92%;margin-left : 1.92%;}}<\/style><div class=\"fusion-layout-column fusion_builder_column fusion-builder-column-337 fusion_builder_column_1_4 1_4 fusion-flex-column img-to-filter\"><div class=\"fusion-column-wrapper fusion-flex-justify-content-flex-start fusion-content-layout-column\" style=\"background-position:left top;background-repeat:no-repeat;-webkit-background-size:cover;-moz-background-size:cover;-o-background-size:cover;background-size:cover;padding: 0px 0px 0px 0px;\"><div ><span class=\"fusion-imageframe imageframe-none imageframe-337 hover-type-none\"><a href=\"https:\/\/www.deco-charpente.fr\/wp-content\/uploads\/2023\/08\/Appentis-avec-fenetre-scaled.webp\" class=\"fusion-lightbox\" data-rel=\"iLightbox[gallery-image]\" data-title=\"Appentis avec fen\u00eatre\" title=\"Lean-to with window\"><img decoding=\"async\" width=\"2560\" height=\"1441\" alt=\"Appentis avec fen\u00eatre\" src=\"https:\/\/www.deco-charpente.fr\/wp-content\/uploads\/2023\/08\/Appentis-avec-fenetre-scaled.webp\" class=\"img-responsive wp-image-8912\" srcset=\"https:\/\/www.deco-charpente.fr\/wp-content\/uploads\/2023\/08\/Appentis-avec-fenetre-200x113.webp 200w, https:\/\/www.deco-charpente.fr\/wp-content\/uploads\/2023\/08\/Appentis-avec-fenetre-300x169.webp 300w, https:\/\/www.deco-charpente.fr\/wp-content\/uploads\/2023\/08\/Appentis-avec-fenetre-400x225.webp 400w, https:\/\/www.deco-charpente.fr\/wp-content\/uploads\/2023\/08\/Appentis-avec-fenetre-600x338.webp 600w, https:\/\/www.deco-charpente.fr\/wp-content\/uploads\/2023\/08\/Appentis-avec-fenetre-768x432.webp 768w, https:\/\/www.deco-charpente.fr\/wp-content\/uploads\/2023\/08\/Appentis-avec-fenetre-800x450.webp 800w, https:\/\/www.deco-charpente.fr\/wp-content\/uploads\/2023\/08\/Appentis-avec-fenetre-1024x577.webp 1024w, https:\/\/www.deco-charpente.fr\/wp-content\/uploads\/2023\/08\/Appentis-avec-fenetre-1200x676.webp 1200w, https:\/\/www.deco-charpente.fr\/wp-content\/uploads\/2023\/08\/Appentis-avec-fenetre-1536x865.webp 1536w, https:\/\/www.deco-charpente.fr\/wp-content\/uploads\/2023\/08\/Appentis-avec-fenetre-scaled.webp 2560w\" sizes=\"(max-width: 1024px) 100vw, (max-width: 640px) 100vw, 600px\" \/><\/a><\/span><\/div><div class=\"fusion-text fusion-text-673 tags\" style=\"transform:translate3d(0,0,0);\"><p>Lean-to &amp; Awning<\/p>\n<\/div><div class=\"fusion-text fusion-text-674 description\" style=\"transform:translate3d(0,0,0);\"><p>Terrace lean-tos<\/p>\n<\/div><\/div><\/div><style type=\"text\/css\">.fusion-body .fusion-builder-column-337{width:25% !important;margin-top : 0px;margin-bottom : 20px;}.fusion-builder-column-337 > .fusion-column-wrapper {padding-top : 0px !important;padding-right : 0px !important;margin-right : 7.68%;padding-bottom : 0px !important;padding-left : 0px !important;margin-left : 7.68%;}@media only screen and (max-width:1024px) {.fusion-body .fusion-builder-column-337{width:100% !important;order : 0;}.fusion-builder-column-337 > .fusion-column-wrapper {margin-right : 1.92%;margin-left : 1.92%;}}@media only screen and (max-width:640px) {.fusion-body .fusion-builder-column-337{width:100% !important;order : 0;}.fusion-builder-column-337 > .fusion-column-wrapper {margin-right : 1.92%;margin-left : 1.92%;}}<\/style><div class=\"fusion-layout-column fusion_builder_column fusion-builder-column-338 fusion_builder_column_1_4 1_4 fusion-flex-column img-to-filter\"><div class=\"fusion-column-wrapper fusion-flex-justify-content-flex-start fusion-content-layout-column\" style=\"background-position:left top;background-repeat:no-repeat;-webkit-background-size:cover;-moz-background-size:cover;-o-background-size:cover;background-size:cover;padding: 0px 0px 0px 0px;\"><div ><span class=\"fusion-imageframe imageframe-none imageframe-338 hover-type-none\"><a href=\"https:\/\/www.deco-charpente.fr\/wp-content\/uploads\/2023\/03\/Abri-adosse\u0301.jpg\" class=\"fusion-lightbox\" data-rel=\"iLightbox[gallery-image]\" data-title=\"Abri adosse\u0301\" title=\"Lean-to shelter\"><img decoding=\"async\" width=\"1242\" height=\"1301\" src=\"https:\/\/www.deco-charpente.fr\/wp-content\/uploads\/2023\/03\/Abri-adosse\u0301.jpg\" class=\"img-responsive wp-image-8472\" srcset=\"https:\/\/www.deco-charpente.fr\/wp-content\/uploads\/2023\/03\/Abri-adosse\u0301-200x210.jpg 200w, https:\/\/www.deco-charpente.fr\/wp-content\/uploads\/2023\/03\/Abri-adosse\u0301-400x419.jpg 400w, https:\/\/www.deco-charpente.fr\/wp-content\/uploads\/2023\/03\/Abri-adosse\u0301-600x629.jpg 600w, https:\/\/www.deco-charpente.fr\/wp-content\/uploads\/2023\/03\/Abri-adosse\u0301-800x838.jpg 800w, https:\/\/www.deco-charpente.fr\/wp-content\/uploads\/2023\/03\/Abri-adosse\u0301-1200x1257.jpg 1200w, https:\/\/www.deco-charpente.fr\/wp-content\/uploads\/2023\/03\/Abri-adosse\u0301.jpg 1242w\" sizes=\"(max-width: 1024px) 100vw, (max-width: 640px) 100vw, 600px\" \/><\/a><\/span><\/div><div class=\"fusion-text fusion-text-675 tags\" style=\"transform:translate3d(0,0,0);\"><p>Lean-to &amp; Awning<\/p>\n<\/div><div class=\"fusion-text fusion-text-676 description\" style=\"transform:translate3d(0,0,0);\"><p>Terrace lean-tos<\/p>\n<\/div><\/div><\/div><style type=\"text\/css\">.fusion-body .fusion-builder-column-338{width:25% !important;margin-top : 0px;margin-bottom : 20px;}.fusion-builder-column-338 > .fusion-column-wrapper {padding-top : 0px !important;padding-right : 0px !important;margin-right : 7.68%;padding-bottom : 0px !important;padding-left : 0px !important;margin-left : 7.68%;}@media only screen and (max-width:1024px) {.fusion-body .fusion-builder-column-338{width:100% !important;order : 0;}.fusion-builder-column-338 > .fusion-column-wrapper {margin-right : 1.92%;margin-left : 1.92%;}}@media only screen and (max-width:640px) {.fusion-body .fusion-builder-column-338{width:100% !important;order : 0;}.fusion-builder-column-338 > .fusion-column-wrapper {margin-right : 1.92%;margin-left : 1.92%;}}<\/style><div class=\"fusion-layout-column fusion_builder_column fusion-builder-column-339 fusion_builder_column_1_4 1_4 fusion-flex-column img-to-filter\"><div class=\"fusion-column-wrapper fusion-flex-justify-content-flex-start fusion-content-layout-column\" style=\"background-position:left top;background-repeat:no-repeat;-webkit-background-size:cover;-moz-background-size:cover;-o-background-size:cover;background-size:cover;padding: 0px 0px 0px 0px;\"><div ><span class=\"fusion-imageframe imageframe-none imageframe-339 hover-type-none\"><a href=\"https:\/\/www.deco-charpente.fr\/wp-content\/uploads\/2020\/08\/appentis-de-terrasse-2.jpg\" class=\"fusion-lightbox\" data-rel=\"iLightbox[gallery-image]\" data-title=\"appentis de terrasse 2\" title=\"terrace lean-to 2\"><img decoding=\"async\" width=\"1024\" height=\"575\" src=\"https:\/\/www.deco-charpente.fr\/wp-content\/uploads\/2020\/08\/appentis-de-terrasse-2.jpg\" class=\"img-responsive wp-image-2093\" srcset=\"https:\/\/www.deco-charpente.fr\/wp-content\/uploads\/2020\/08\/appentis-de-terrasse-2-200x112.jpg 200w, https:\/\/www.deco-charpente.fr\/wp-content\/uploads\/2020\/08\/appentis-de-terrasse-2-400x225.jpg 400w, https:\/\/www.deco-charpente.fr\/wp-content\/uploads\/2020\/08\/appentis-de-terrasse-2-600x337.jpg 600w, https:\/\/www.deco-charpente.fr\/wp-content\/uploads\/2020\/08\/appentis-de-terrasse-2-800x449.jpg 800w, https:\/\/www.deco-charpente.fr\/wp-content\/uploads\/2020\/08\/appentis-de-terrasse-2.jpg 1024w\" sizes=\"(max-width: 1024px) 100vw, (max-width: 640px) 100vw, 600px\" \/><\/a><\/span><\/div><div class=\"fusion-text fusion-text-677 tags\" style=\"transform:translate3d(0,0,0);\"><p>Lean-to &amp; Awning<\/p>\n<\/div><div class=\"fusion-text fusion-text-678 description\" style=\"transform:translate3d(0,0,0);\"><p>Terrace lean-tos<\/p>\n<\/div><\/div><\/div><style type=\"text\/css\">.fusion-body .fusion-builder-column-339{width:25% !important;margin-top : 0px;margin-bottom : 20px;}.fusion-builder-column-339 > .fusion-column-wrapper {padding-top : 0px !important;padding-right : 0px !important;margin-right : 7.68%;padding-bottom : 0px !important;padding-left : 0px !important;margin-left : 7.68%;}@media only screen and (max-width:1024px) {.fusion-body .fusion-builder-column-339{width:100% !important;order : 0;}.fusion-builder-column-339 > .fusion-column-wrapper {margin-right : 1.92%;margin-left : 1.92%;}}@media only screen and (max-width:640px) {.fusion-body .fusion-builder-column-339{width:100% !important;order : 0;}.fusion-builder-column-339 > .fusion-column-wrapper {margin-right : 1.92%;margin-left : 1.92%;}}<\/style><div class=\"fusion-layout-column fusion_builder_column fusion-builder-column-340 fusion_builder_column_1_4 1_4 fusion-flex-column img-to-filter\"><div class=\"fusion-column-wrapper fusion-flex-justify-content-flex-start fusion-content-layout-column\" style=\"background-position:left top;background-repeat:no-repeat;-webkit-background-size:cover;-moz-background-size:cover;-o-background-size:cover;background-size:cover;padding: 0px 0px 0px 0px;\"><div ><span class=\"fusion-imageframe imageframe-none imageframe-340 hover-type-none\"><a href=\"https:\/\/www.deco-charpente.fr\/wp-content\/uploads\/2020\/08\/appentis-2-pentes-ferme-bard\u00e9e.jpg\" class=\"fusion-lightbox\" data-rel=\"iLightbox[gallery-image]\" data-title=\"appentis 2 pentes ferme bard\u00e9e\" title=\"lean-to 2 slopes clad farm\"><img decoding=\"async\" width=\"1024\" height=\"768\" src=\"https:\/\/www.deco-charpente.fr\/wp-content\/uploads\/2020\/08\/appentis-2-pentes-ferme-bard\u00e9e.jpg\" class=\"img-responsive wp-image-2094\" srcset=\"https:\/\/www.deco-charpente.fr\/wp-content\/uploads\/2020\/08\/appentis-2-pentes-ferme-bard\u00e9e-200x150.jpg 200w, https:\/\/www.deco-charpente.fr\/wp-content\/uploads\/2020\/08\/appentis-2-pentes-ferme-bard\u00e9e-400x300.jpg 400w, https:\/\/www.deco-charpente.fr\/wp-content\/uploads\/2020\/08\/appentis-2-pentes-ferme-bard\u00e9e-600x450.jpg 600w, https:\/\/www.deco-charpente.fr\/wp-content\/uploads\/2020\/08\/appentis-2-pentes-ferme-bard\u00e9e-800x600.jpg 800w, https:\/\/www.deco-charpente.fr\/wp-content\/uploads\/2020\/08\/appentis-2-pentes-ferme-bard\u00e9e.jpg 1024w\" sizes=\"(max-width: 1024px) 100vw, (max-width: 640px) 100vw, 600px\" \/><\/a><\/span><\/div><div class=\"fusion-text fusion-text-679 tags\" style=\"transform:translate3d(0,0,0);\"><p>Lean-to &amp; Awning<\/p>\n<\/div><div class=\"fusion-text fusion-text-680 description\" style=\"transform:translate3d(0,0,0);\"><p>Lean-to 2 slopes clad farm<\/p>\n<\/div><\/div><\/div><style type=\"text\/css\">.fusion-body .fusion-builder-column-340{width:25% !important;margin-top : 0px;margin-bottom : 20px;}.fusion-builder-column-340 > .fusion-column-wrapper {padding-top : 0px !important;padding-right : 0px !important;margin-right : 7.68%;padding-bottom : 0px !important;padding-left : 0px !important;margin-left : 7.68%;}@media only screen and (max-width:1024px) {.fusion-body .fusion-builder-column-340{width:100% !important;order : 0;}.fusion-builder-column-340 > .fusion-column-wrapper {margin-right : 1.92%;margin-left : 1.92%;}}@media only screen and (max-width:640px) {.fusion-body .fusion-builder-column-340{width:100% !important;order : 0;}.fusion-builder-column-340 > .fusion-column-wrapper {margin-right : 1.92%;margin-left : 1.92%;}}<\/style><div class=\"fusion-layout-column fusion_builder_column fusion-builder-column-341 fusion_builder_column_1_4 1_4 fusion-flex-column img-to-filter\"><div class=\"fusion-column-wrapper fusion-flex-justify-content-flex-start fusion-content-layout-column\" style=\"background-position:left top;background-repeat:no-repeat;-webkit-background-size:cover;-moz-background-size:cover;-o-background-size:cover;background-size:cover;padding: 0px 0px 0px 0px;\"><div ><span class=\"fusion-imageframe imageframe-none imageframe-341 hover-type-none\"><a href=\"https:\/\/www.deco-charpente.fr\/wp-content\/uploads\/2020\/08\/appentis-avec-reprise-de-toiture.jpg\" class=\"fusion-lightbox\" data-rel=\"iLightbox[gallery-image]\" data-title=\"appentis avec reprise de toiture\" title=\"lean-to with roof recovery\"><img decoding=\"async\" width=\"1024\" height=\"768\" src=\"https:\/\/www.deco-charpente.fr\/wp-content\/uploads\/2020\/08\/appentis-avec-reprise-de-toiture.jpg\" class=\"img-responsive wp-image-2095\" srcset=\"https:\/\/www.deco-charpente.fr\/wp-content\/uploads\/2020\/08\/appentis-avec-reprise-de-toiture-200x150.jpg 200w, https:\/\/www.deco-charpente.fr\/wp-content\/uploads\/2020\/08\/appentis-avec-reprise-de-toiture-400x300.jpg 400w, https:\/\/www.deco-charpente.fr\/wp-content\/uploads\/2020\/08\/appentis-avec-reprise-de-toiture-600x450.jpg 600w, https:\/\/www.deco-charpente.fr\/wp-content\/uploads\/2020\/08\/appentis-avec-reprise-de-toiture-800x600.jpg 800w, https:\/\/www.deco-charpente.fr\/wp-content\/uploads\/2020\/08\/appentis-avec-reprise-de-toiture.jpg 1024w\" sizes=\"(max-width: 1024px) 100vw, (max-width: 640px) 100vw, 600px\" \/><\/a><\/span><\/div><div class=\"fusion-text fusion-text-681 tags\" style=\"transform:translate3d(0,0,0);\"><p>Lean-to &amp; Awning<\/p>\n<\/div><div class=\"fusion-text fusion-text-682 description\" style=\"transform:translate3d(0,0,0);\"><p>Lean-to with roof replacement<\/p>\n<\/div><\/div><\/div><style type=\"text\/css\">.fusion-body .fusion-builder-column-341{width:25% !important;margin-top : 0px;margin-bottom : 20px;}.fusion-builder-column-341 > .fusion-column-wrapper {padding-top : 0px !important;padding-right : 0px !important;margin-right : 7.68%;padding-bottom : 0px !important;padding-left : 0px !important;margin-left : 7.68%;}@media only screen and (max-width:1024px) {.fusion-body .fusion-builder-column-341{width:100% !important;order : 0;}.fusion-builder-column-341 > .fusion-column-wrapper {margin-right : 1.92%;margin-left : 1.92%;}}@media only screen and (max-width:640px) {.fusion-body .fusion-builder-column-341{width:100% !important;order : 0;}.fusion-builder-column-341 > .fusion-column-wrapper {margin-right : 1.92%;margin-left : 1.92%;}}<\/style><div class=\"fusion-layout-column fusion_builder_column fusion-builder-column-342 fusion_builder_column_1_4 1_4 fusion-flex-column img-to-filter\"><div class=\"fusion-column-wrapper fusion-flex-justify-content-flex-start fusion-content-layout-column\" style=\"background-position:left top;background-repeat:no-repeat;-webkit-background-size:cover;-moz-background-size:cover;-o-background-size:cover;background-size:cover;padding: 0px 0px 0px 0px;\"><div ><span class=\"fusion-imageframe imageframe-none imageframe-342 hover-type-none\"><a href=\"https:\/\/www.deco-charpente.fr\/wp-content\/uploads\/2020\/08\/appentis-sur-balcon.jpg\" class=\"fusion-lightbox\" data-rel=\"iLightbox[gallery-image]\" data-title=\"appentis sur balcon\" title=\"lean-to on balcony\"><img decoding=\"async\" width=\"1024\" height=\"768\" src=\"https:\/\/www.deco-charpente.fr\/wp-content\/uploads\/2020\/08\/appentis-sur-balcon.jpg\" class=\"img-responsive wp-image-2097\" srcset=\"https:\/\/www.deco-charpente.fr\/wp-content\/uploads\/2020\/08\/appentis-sur-balcon-200x150.jpg 200w, https:\/\/www.deco-charpente.fr\/wp-content\/uploads\/2020\/08\/appentis-sur-balcon-400x300.jpg 400w, https:\/\/www.deco-charpente.fr\/wp-content\/uploads\/2020\/08\/appentis-sur-balcon-600x450.jpg 600w, https:\/\/www.deco-charpente.fr\/wp-content\/uploads\/2020\/08\/appentis-sur-balcon-800x600.jpg 800w, https:\/\/www.deco-charpente.fr\/wp-content\/uploads\/2020\/08\/appentis-sur-balcon.jpg 1024w\" sizes=\"(max-width: 1024px) 100vw, (max-width: 640px) 100vw, 600px\" \/><\/a><\/span><\/div><div class=\"fusion-text fusion-text-683 tags\" style=\"transform:translate3d(0,0,0);\"><p>Lean-to &amp; Awning<\/p>\n<\/div><div class=\"fusion-text fusion-text-684 description\" style=\"transform:translate3d(0,0,0);\"><p>Lean-to on balcony<\/p>\n<\/div><\/div><\/div><style type=\"text\/css\">.fusion-body .fusion-builder-column-342{width:25% !important;margin-top : 0px;margin-bottom : 20px;}.fusion-builder-column-342 > .fusion-column-wrapper {padding-top : 0px !important;padding-right : 0px !important;margin-right : 7.68%;padding-bottom : 0px !important;padding-left : 0px !important;margin-left : 7.68%;}@media only screen and (max-width:1024px) {.fusion-body .fusion-builder-column-342{width:100% !important;order : 0;}.fusion-builder-column-342 > .fusion-column-wrapper {margin-right : 1.92%;margin-left : 1.92%;}}@media only screen and (max-width:640px) {.fusion-body .fusion-builder-column-342{width:100% !important;order : 0;}.fusion-builder-column-342 > .fusion-column-wrapper {margin-right : 1.92%;margin-left : 1.92%;}}<\/style><div class=\"fusion-layout-column fusion_builder_column fusion-builder-column-343 fusion_builder_column_1_4 1_4 fusion-flex-column img-to-filter\"><div class=\"fusion-column-wrapper fusion-flex-justify-content-flex-start fusion-content-layout-column\" style=\"background-position:left top;background-repeat:no-repeat;-webkit-background-size:cover;-moz-background-size:cover;-o-background-size:cover;background-size:cover;padding: 0px 0px 0px 0px;\"><div ><span class=\"fusion-imageframe imageframe-none imageframe-343 hover-type-none\"><a href=\"https:\/\/www.deco-charpente.fr\/wp-content\/uploads\/2020\/08\/appentis-dentr\u00e9e-avec-garde-corps.jpg\" class=\"fusion-lightbox\" data-rel=\"iLightbox[gallery-image]\" data-title=\"appentis d&rsquo;entr\u00e9e avec garde-corps\" title=\"entrance lean-to with guardrail\"><img decoding=\"async\" width=\"1024\" height=\"768\" src=\"https:\/\/www.deco-charpente.fr\/wp-content\/uploads\/2020\/08\/appentis-dentr\u00e9e-avec-garde-corps.jpg\" class=\"img-responsive wp-image-2098\" srcset=\"https:\/\/www.deco-charpente.fr\/wp-content\/uploads\/2020\/08\/appentis-dentr\u00e9e-avec-garde-corps-200x150.jpg 200w, https:\/\/www.deco-charpente.fr\/wp-content\/uploads\/2020\/08\/appentis-dentr\u00e9e-avec-garde-corps-400x300.jpg 400w, https:\/\/www.deco-charpente.fr\/wp-content\/uploads\/2020\/08\/appentis-dentr\u00e9e-avec-garde-corps-600x450.jpg 600w, https:\/\/www.deco-charpente.fr\/wp-content\/uploads\/2020\/08\/appentis-dentr\u00e9e-avec-garde-corps-800x600.jpg 800w, https:\/\/www.deco-charpente.fr\/wp-content\/uploads\/2020\/08\/appentis-dentr\u00e9e-avec-garde-corps.jpg 1024w\" sizes=\"(max-width: 1024px) 100vw, (max-width: 640px) 100vw, 600px\" \/><\/a><\/span><\/div><div class=\"fusion-text fusion-text-685 tags\" style=\"transform:translate3d(0,0,0);\"><p>Lean-to &amp; Awning<\/p>\n<\/div><div class=\"fusion-text fusion-text-686 description\" style=\"transform:translate3d(0,0,0);\"><p>Entrance lean-to with guardrail<\/p>\n<\/div><\/div><\/div><style type=\"text\/css\">.fusion-body .fusion-builder-column-343{width:25% !important;margin-top : 0px;margin-bottom : 20px;}.fusion-builder-column-343 > .fusion-column-wrapper {padding-top : 0px !important;padding-right : 0px !important;margin-right : 7.68%;padding-bottom : 0px !important;padding-left : 0px !important;margin-left : 7.68%;}@media only screen and (max-width:1024px) {.fusion-body .fusion-builder-column-343{width:100% !important;order : 0;}.fusion-builder-column-343 > .fusion-column-wrapper {margin-right : 1.92%;margin-left : 1.92%;}}@media only screen and (max-width:640px) {.fusion-body .fusion-builder-column-343{width:100% !important;order : 0;}.fusion-builder-column-343 > .fusion-column-wrapper {margin-right : 1.92%;margin-left : 1.92%;}}<\/style><div class=\"fusion-layout-column fusion_builder_column fusion-builder-column-344 fusion_builder_column_1_4 1_4 fusion-flex-column img-to-filter\"><div class=\"fusion-column-wrapper fusion-flex-justify-content-flex-start fusion-content-layout-column\" style=\"background-position:left top;background-repeat:no-repeat;-webkit-background-size:cover;-moz-background-size:cover;-o-background-size:cover;background-size:cover;padding: 0px 0px 0px 0px;\"><div ><span class=\"fusion-imageframe imageframe-none imageframe-344 hover-type-none\"><a href=\"https:\/\/www.deco-charpente.fr\/wp-content\/uploads\/2020\/08\/appentis-dentr\u00e9e-et-mont\u00e9e-descalier.jpg\" class=\"fusion-lightbox\" data-rel=\"iLightbox[gallery-image]\" data-title=\"appentis d&rsquo;entr\u00e9e et mont\u00e9e d&rsquo;escalier\" title=\"entrance lean-to and stair rise\"><img decoding=\"async\" width=\"1024\" height=\"768\" src=\"https:\/\/www.deco-charpente.fr\/wp-content\/uploads\/2020\/08\/appentis-dentr\u00e9e-et-mont\u00e9e-descalier.jpg\" class=\"img-responsive wp-image-2099\" srcset=\"https:\/\/www.deco-charpente.fr\/wp-content\/uploads\/2020\/08\/appentis-dentr\u00e9e-et-mont\u00e9e-descalier-200x150.jpg 200w, https:\/\/www.deco-charpente.fr\/wp-content\/uploads\/2020\/08\/appentis-dentr\u00e9e-et-mont\u00e9e-descalier-400x300.jpg 400w, https:\/\/www.deco-charpente.fr\/wp-content\/uploads\/2020\/08\/appentis-dentr\u00e9e-et-mont\u00e9e-descalier-600x450.jpg 600w, https:\/\/www.deco-charpente.fr\/wp-content\/uploads\/2020\/08\/appentis-dentr\u00e9e-et-mont\u00e9e-descalier-800x600.jpg 800w, https:\/\/www.deco-charpente.fr\/wp-content\/uploads\/2020\/08\/appentis-dentr\u00e9e-et-mont\u00e9e-descalier.jpg 1024w\" sizes=\"(max-width: 1024px) 100vw, (max-width: 640px) 100vw, 600px\" \/><\/a><\/span><\/div><div class=\"fusion-text fusion-text-687 tags\" style=\"transform:translate3d(0,0,0);\"><p>Lean-to &amp; Awning<\/p>\n<\/div><div class=\"fusion-text fusion-text-688 description\" style=\"transform:translate3d(0,0,0);\"><p>Entrance lean-to and staircase<\/p>\n<\/div><\/div><\/div><style type=\"text\/css\">.fusion-body .fusion-builder-column-344{width:25% !important;margin-top : 0px;margin-bottom : 20px;}.fusion-builder-column-344 > .fusion-column-wrapper {padding-top : 0px !important;padding-right : 0px !important;margin-right : 7.68%;padding-bottom : 0px !important;padding-left : 0px !important;margin-left : 7.68%;}@media only screen and (max-width:1024px) {.fusion-body .fusion-builder-column-344{width:100% !important;order : 0;}.fusion-builder-column-344 > .fusion-column-wrapper {margin-right : 1.92%;margin-left : 1.92%;}}@media only screen and (max-width:640px) {.fusion-body .fusion-builder-column-344{width:100% !important;order : 0;}.fusion-builder-column-344 > .fusion-column-wrapper {margin-right : 1.92%;margin-left : 1.92%;}}<\/style><div class=\"fusion-layout-column fusion_builder_column fusion-builder-column-345 fusion_builder_column_1_4 1_4 fusion-flex-column img-to-filter\"><div class=\"fusion-column-wrapper fusion-flex-justify-content-flex-start fusion-content-layout-column\" style=\"background-position:left top;background-repeat:no-repeat;-webkit-background-size:cover;-moz-background-size:cover;-o-background-size:cover;background-size:cover;padding: 0px 0px 0px 0px;\"><div ><span class=\"fusion-imageframe imageframe-none imageframe-345 hover-type-none\"><a href=\"https:\/\/www.deco-charpente.fr\/wp-content\/uploads\/2020\/08\/appentis-3-pentes-sur-terrasse.jpg\" class=\"fusion-lightbox\" data-rel=\"iLightbox[gallery-image]\" data-title=\"appentis 3 pentes sur terrasse\" title=\"lean-to 3 slopes on terrace\"><img decoding=\"async\" width=\"1024\" height=\"768\" src=\"https:\/\/www.deco-charpente.fr\/wp-content\/uploads\/2020\/08\/appentis-3-pentes-sur-terrasse.jpg\" class=\"img-responsive wp-image-2100\" srcset=\"https:\/\/www.deco-charpente.fr\/wp-content\/uploads\/2020\/08\/appentis-3-pentes-sur-terrasse-200x150.jpg 200w, https:\/\/www.deco-charpente.fr\/wp-content\/uploads\/2020\/08\/appentis-3-pentes-sur-terrasse-400x300.jpg 400w, https:\/\/www.deco-charpente.fr\/wp-content\/uploads\/2020\/08\/appentis-3-pentes-sur-terrasse-600x450.jpg 600w, https:\/\/www.deco-charpente.fr\/wp-content\/uploads\/2020\/08\/appentis-3-pentes-sur-terrasse-800x600.jpg 800w, https:\/\/www.deco-charpente.fr\/wp-content\/uploads\/2020\/08\/appentis-3-pentes-sur-terrasse.jpg 1024w\" sizes=\"(max-width: 1024px) 100vw, (max-width: 640px) 100vw, 600px\" \/><\/a><\/span><\/div><div class=\"fusion-text fusion-text-689 tags\" style=\"transform:translate3d(0,0,0);\"><p>Lean-to &amp; Awning<\/p>\n<\/div><div class=\"fusion-text fusion-text-690 description\" style=\"transform:translate3d(0,0,0);\"><p>Lean-to 3 slopes on terrace<\/p>\n<\/div><\/div><\/div><style type=\"text\/css\">.fusion-body .fusion-builder-column-345{width:25% !important;margin-top : 0px;margin-bottom : 20px;}.fusion-builder-column-345 > .fusion-column-wrapper {padding-top : 0px !important;padding-right : 0px !important;margin-right : 7.68%;padding-bottom : 0px !important;padding-left : 0px !important;margin-left : 7.68%;}@media only screen and (max-width:1024px) {.fusion-body .fusion-builder-column-345{width:100% !important;order : 0;}.fusion-builder-column-345 > .fusion-column-wrapper {margin-right : 1.92%;margin-left : 1.92%;}}@media only screen and (max-width:640px) {.fusion-body .fusion-builder-column-345{width:100% !important;order : 0;}.fusion-builder-column-345 > .fusion-column-wrapper {margin-right : 1.92%;margin-left : 1.92%;}}<\/style><div class=\"fusion-layout-column fusion_builder_column fusion-builder-column-346 fusion_builder_column_1_4 1_4 fusion-flex-column img-to-filter\"><div class=\"fusion-column-wrapper fusion-flex-justify-content-flex-start fusion-content-layout-column\" style=\"background-position:left top;background-repeat:no-repeat;-webkit-background-size:cover;-moz-background-size:cover;-o-background-size:cover;background-size:cover;padding: 0px 0px 0px 0px;\"><div ><span class=\"fusion-imageframe imageframe-none imageframe-346 hover-type-none\"><a href=\"https:\/\/www.deco-charpente.fr\/wp-content\/uploads\/2020\/08\/auvent-de-porte-dentr\u00e9e-sur-console.jpg\" class=\"fusion-lightbox\" data-rel=\"iLightbox[gallery-image]\" data-title=\"auvent de porte d&rsquo;entr\u00e9e sur console\" title=\"entrance door awning on console\"><img decoding=\"async\" width=\"1024\" height=\"768\" src=\"https:\/\/www.deco-charpente.fr\/wp-content\/uploads\/2020\/08\/auvent-de-porte-dentr\u00e9e-sur-console.jpg\" class=\"img-responsive wp-image-2102\" srcset=\"https:\/\/www.deco-charpente.fr\/wp-content\/uploads\/2020\/08\/auvent-de-porte-dentr\u00e9e-sur-console-200x150.jpg 200w, https:\/\/www.deco-charpente.fr\/wp-content\/uploads\/2020\/08\/auvent-de-porte-dentr\u00e9e-sur-console-400x300.jpg 400w, https:\/\/www.deco-charpente.fr\/wp-content\/uploads\/2020\/08\/auvent-de-porte-dentr\u00e9e-sur-console-600x450.jpg 600w, https:\/\/www.deco-charpente.fr\/wp-content\/uploads\/2020\/08\/auvent-de-porte-dentr\u00e9e-sur-console-800x600.jpg 800w, https:\/\/www.deco-charpente.fr\/wp-content\/uploads\/2020\/08\/auvent-de-porte-dentr\u00e9e-sur-console.jpg 1024w\" sizes=\"(max-width: 1024px) 100vw, (max-width: 640px) 100vw, 600px\" \/><\/a><\/span><\/div><div class=\"fusion-text fusion-text-691 tags\" style=\"transform:translate3d(0,0,0);\"><p>Lean-to &amp; Awning<\/p>\n<\/div><div class=\"fusion-text fusion-text-692 description\" style=\"transform:translate3d(0,0,0);\"><p>Entrance door awning on console<\/p>\n<\/div><\/div><\/div><style type=\"text\/css\">.fusion-body .fusion-builder-column-346{width:25% !important;margin-top : 0px;margin-bottom : 20px;}.fusion-builder-column-346 > .fusion-column-wrapper {padding-top : 0px !important;padding-right : 0px !important;margin-right : 7.68%;padding-bottom : 0px !important;padding-left : 0px !important;margin-left : 7.68%;}@media only screen and (max-width:1024px) {.fusion-body .fusion-builder-column-346{width:100% !important;order : 0;}.fusion-builder-column-346 > .fusion-column-wrapper {margin-right : 1.92%;margin-left : 1.92%;}}@media only screen and (max-width:640px) {.fusion-body .fusion-builder-column-346{width:100% !important;order : 0;}.fusion-builder-column-346 > .fusion-column-wrapper {margin-right : 1.92%;margin-left : 1.92%;}}<\/style><div class=\"fusion-layout-column fusion_builder_column fusion-builder-column-347 fusion_builder_column_1_4 1_4 fusion-flex-column img-to-filter\"><div class=\"fusion-column-wrapper fusion-flex-justify-content-flex-start fusion-content-layout-column\" style=\"background-position:left top;background-repeat:no-repeat;-webkit-background-size:cover;-moz-background-size:cover;-o-background-size:cover;background-size:cover;padding: 0px 0px 0px 0px;\"><div ><span class=\"fusion-imageframe imageframe-none imageframe-347 hover-type-none\"><a href=\"https:\/\/www.deco-charpente.fr\/wp-content\/uploads\/2024\/03\/Abri-toit-plat-adosse.jpg\" class=\"fusion-lightbox\" data-rel=\"iLightbox[gallery-image]\" data-title=\"Abri toit plat adosse\u0301\" title=\"Leaning flat roof shelter\"><img decoding=\"async\" width=\"2049\" height=\"1536\" src=\"https:\/\/www.deco-charpente.fr\/wp-content\/uploads\/2024\/03\/Abri-toit-plat-adosse.jpg\" class=\"img-responsive wp-image-10009\" srcset=\"https:\/\/www.deco-charpente.fr\/wp-content\/uploads\/2024\/03\/Abri-toit-plat-adosse-200x150.jpg 200w, https:\/\/www.deco-charpente.fr\/wp-content\/uploads\/2024\/03\/Abri-toit-plat-adosse-400x300.jpg 400w, https:\/\/www.deco-charpente.fr\/wp-content\/uploads\/2024\/03\/Abri-toit-plat-adosse-600x450.jpg 600w, https:\/\/www.deco-charpente.fr\/wp-content\/uploads\/2024\/03\/Abri-toit-plat-adosse-800x600.jpg 800w, https:\/\/www.deco-charpente.fr\/wp-content\/uploads\/2024\/03\/Abri-toit-plat-adosse-1200x900.jpg 1200w, https:\/\/www.deco-charpente.fr\/wp-content\/uploads\/2024\/03\/Abri-toit-plat-adosse.jpg 2049w\" sizes=\"(max-width: 1024px) 100vw, (max-width: 640px) 100vw, 600px\" \/><\/a><\/span><\/div><div class=\"fusion-text fusion-text-693 tags\" style=\"transform:translate3d(0,0,0);\"><p>Lean-to &amp; Awning<\/p>\n<\/div><div class=\"fusion-text fusion-text-694 description\" style=\"transform:translate3d(0,0,0);\"><p>Flat roof lean-to<\/p>\n<\/div><\/div><\/div><style type=\"text\/css\">.fusion-body .fusion-builder-column-347{width:25% !important;margin-top : 0px;margin-bottom : 20px;}.fusion-builder-column-347 > .fusion-column-wrapper {padding-top : 0px !important;padding-right : 0px !important;margin-right : 7.68%;padding-bottom : 0px !important;padding-left : 0px !important;margin-left : 7.68%;}@media only screen and (max-width:1024px) {.fusion-body .fusion-builder-column-347{width:100% !important;order : 0;}.fusion-builder-column-347 > .fusion-column-wrapper {margin-right : 1.92%;margin-left : 1.92%;}}@media only screen and (max-width:640px) {.fusion-body .fusion-builder-column-347{width:100% !important;order : 0;}.fusion-builder-column-347 > .fusion-column-wrapper {margin-right : 1.92%;margin-left : 1.92%;}}<\/style><div class=\"fusion-layout-column fusion_builder_column fusion-builder-column-348 fusion_builder_column_1_4 1_4 fusion-flex-column img-to-filter\"><div class=\"fusion-column-wrapper fusion-flex-justify-content-flex-start fusion-content-layout-column\" style=\"background-position:left top;background-repeat:no-repeat;-webkit-background-size:cover;-moz-background-size:cover;-o-background-size:cover;background-size:cover;padding: 0px 0px 0px 0px;\"><div ><span class=\"fusion-imageframe imageframe-none imageframe-348 hover-type-none\"><a href=\"https:\/\/www.deco-charpente.fr\/wp-content\/uploads\/2024\/03\/Appentis-toit-plat-2.jpg\" class=\"fusion-lightbox\" data-rel=\"iLightbox[gallery-image]\" data-title=\"Appentis toit plat 2\" title=\"Flat roof lean-to 2\"><img decoding=\"async\" width=\"2049\" height=\"1536\" src=\"https:\/\/www.deco-charpente.fr\/wp-content\/uploads\/2024\/03\/Appentis-toit-plat-2.jpg\" class=\"img-responsive wp-image-10017\" srcset=\"https:\/\/www.deco-charpente.fr\/wp-content\/uploads\/2024\/03\/Appentis-toit-plat-2-200x150.jpg 200w, https:\/\/www.deco-charpente.fr\/wp-content\/uploads\/2024\/03\/Appentis-toit-plat-2-400x300.jpg 400w, https:\/\/www.deco-charpente.fr\/wp-content\/uploads\/2024\/03\/Appentis-toit-plat-2-600x450.jpg 600w, https:\/\/www.deco-charpente.fr\/wp-content\/uploads\/2024\/03\/Appentis-toit-plat-2-800x600.jpg 800w, https:\/\/www.deco-charpente.fr\/wp-content\/uploads\/2024\/03\/Appentis-toit-plat-2-1200x900.jpg 1200w, https:\/\/www.deco-charpente.fr\/wp-content\/uploads\/2024\/03\/Appentis-toit-plat-2.jpg 2049w\" sizes=\"(max-width: 1024px) 100vw, (max-width: 640px) 100vw, 600px\" \/><\/a><\/span><\/div><div class=\"fusion-text fusion-text-695 tags\" style=\"transform:translate3d(0,0,0);\"><p>Lean-to &amp; Awning<\/p>\n<\/div><div class=\"fusion-text fusion-text-696 description\" style=\"transform:translate3d(0,0,0);\"><p>Flat roof lean-to<\/p>\n<\/div><\/div><\/div><style type=\"text\/css\">.fusion-body .fusion-builder-column-348{width:25% !important;margin-top : 0px;margin-bottom : 20px;}.fusion-builder-column-348 > .fusion-column-wrapper {padding-top : 0px !important;padding-right : 0px !important;margin-right : 7.68%;padding-bottom : 0px !important;padding-left : 0px !important;margin-left : 7.68%;}@media only screen and (max-width:1024px) {.fusion-body .fusion-builder-column-348{width:100% !important;order : 0;}.fusion-builder-column-348 > .fusion-column-wrapper {margin-right : 1.92%;margin-left : 1.92%;}}@media only screen and (max-width:640px) {.fusion-body .fusion-builder-column-348{width:100% !important;order : 0;}.fusion-builder-column-348 > .fusion-column-wrapper {margin-right : 1.92%;margin-left : 1.92%;}}<\/style><div class=\"fusion-layout-column fusion_builder_column fusion-builder-column-349 fusion_builder_column_1_4 1_4 fusion-flex-column img-to-filter\"><div class=\"fusion-column-wrapper fusion-flex-justify-content-flex-start fusion-content-layout-column\" style=\"background-position:left top;background-repeat:no-repeat;-webkit-background-size:cover;-moz-background-size:cover;-o-background-size:cover;background-size:cover;padding: 0px 0px 0px 0px;\"><div ><span class=\"fusion-imageframe imageframe-none imageframe-349 hover-type-none\"><a href=\"https:\/\/www.deco-charpente.fr\/wp-content\/uploads\/2020\/08\/appentis-toit-plat.jpg\" class=\"fusion-lightbox\" data-rel=\"iLightbox[gallery-image]\" data-title=\"appentis toit plat\" title=\"flat roof lean-to\"><img decoding=\"async\" width=\"1024\" height=\"768\" src=\"https:\/\/www.deco-charpente.fr\/wp-content\/uploads\/2020\/08\/appentis-toit-plat.jpg\" class=\"img-responsive wp-image-2103\" srcset=\"https:\/\/www.deco-charpente.fr\/wp-content\/uploads\/2020\/08\/appentis-toit-plat-200x150.jpg 200w, https:\/\/www.deco-charpente.fr\/wp-content\/uploads\/2020\/08\/appentis-toit-plat-400x300.jpg 400w, https:\/\/www.deco-charpente.fr\/wp-content\/uploads\/2020\/08\/appentis-toit-plat-600x450.jpg 600w, https:\/\/www.deco-charpente.fr\/wp-content\/uploads\/2020\/08\/appentis-toit-plat-800x600.jpg 800w, https:\/\/www.deco-charpente.fr\/wp-content\/uploads\/2020\/08\/appentis-toit-plat.jpg 1024w\" sizes=\"(max-width: 1024px) 100vw, (max-width: 640px) 100vw, 600px\" \/><\/a><\/span><\/div><div class=\"fusion-text fusion-text-697 tags\" style=\"transform:translate3d(0,0,0);\"><p>Lean-to &amp; Awning<\/p>\n<\/div><div class=\"fusion-text fusion-text-698 description\" style=\"transform:translate3d(0,0,0);\"><p>Flat roof lean-to<\/p>\n<\/div><\/div><\/div><style type=\"text\/css\">.fusion-body .fusion-builder-column-349{width:25% !important;margin-top : 0px;margin-bottom : 20px;}.fusion-builder-column-349 > .fusion-column-wrapper {padding-top : 0px !important;padding-right : 0px !important;margin-right : 7.68%;padding-bottom : 0px !important;padding-left : 0px !important;margin-left : 7.68%;}@media only screen and (max-width:1024px) {.fusion-body .fusion-builder-column-349{width:100% !important;order : 0;}.fusion-builder-column-349 > .fusion-column-wrapper {margin-right : 1.92%;margin-left : 1.92%;}}@media only screen and (max-width:640px) {.fusion-body .fusion-builder-column-349{width:100% !important;order : 0;}.fusion-builder-column-349 > .fusion-column-wrapper {margin-right : 1.92%;margin-left : 1.92%;}}<\/style><div class=\"fusion-layout-column fusion_builder_column fusion-builder-column-350 fusion_builder_column_1_4 1_4 fusion-flex-column img-to-filter\"><div class=\"fusion-column-wrapper fusion-flex-justify-content-flex-start fusion-content-layout-column\" style=\"background-position:left top;background-repeat:no-repeat;-webkit-background-size:cover;-moz-background-size:cover;-o-background-size:cover;background-size:cover;padding: 0px 0px 0px 0px;\"><div ><span class=\"fusion-imageframe imageframe-none imageframe-350 hover-type-none\"><a href=\"https:\/\/www.deco-charpente.fr\/wp-content\/uploads\/2020\/08\/appentis-avec-puits-de-lumi\u00e8re-en-tuiles-de-verres.jpg\" class=\"fusion-lightbox\" data-rel=\"iLightbox[gallery-image]\" data-title=\"appentis avec puits de lumi\u00e8re en tuiles de verres\" title=\"lean-to with glass tile skylight\"><img decoding=\"async\" width=\"1024\" height=\"768\" src=\"https:\/\/www.deco-charpente.fr\/wp-content\/uploads\/2020\/08\/appentis-avec-puits-de-lumi\u00e8re-en-tuiles-de-verres.jpg\" class=\"img-responsive wp-image-2104\" srcset=\"https:\/\/www.deco-charpente.fr\/wp-content\/uploads\/2020\/08\/appentis-avec-puits-de-lumi\u00e8re-en-tuiles-de-verres-200x150.jpg 200w, https:\/\/www.deco-charpente.fr\/wp-content\/uploads\/2020\/08\/appentis-avec-puits-de-lumi\u00e8re-en-tuiles-de-verres-400x300.jpg 400w, https:\/\/www.deco-charpente.fr\/wp-content\/uploads\/2020\/08\/appentis-avec-puits-de-lumi\u00e8re-en-tuiles-de-verres-600x450.jpg 600w, https:\/\/www.deco-charpente.fr\/wp-content\/uploads\/2020\/08\/appentis-avec-puits-de-lumi\u00e8re-en-tuiles-de-verres-800x600.jpg 800w, https:\/\/www.deco-charpente.fr\/wp-content\/uploads\/2020\/08\/appentis-avec-puits-de-lumi\u00e8re-en-tuiles-de-verres.jpg 1024w\" sizes=\"(max-width: 1024px) 100vw, (max-width: 640px) 100vw, 600px\" \/><\/a><\/span><\/div><div class=\"fusion-text fusion-text-699 tags\" style=\"transform:translate3d(0,0,0);\"><p>Lean-to &amp; Awning<\/p>\n<\/div><div class=\"fusion-text fusion-text-700 description\" style=\"transform:translate3d(0,0,0);\"><p>Lean-to with glass tile skylight<\/p>\n<\/div><\/div><\/div><style type=\"text\/css\">.fusion-body .fusion-builder-column-350{width:25% !important;margin-top : 0px;margin-bottom : 20px;}.fusion-builder-column-350 > .fusion-column-wrapper {padding-top : 0px !important;padding-right : 0px !important;margin-right : 7.68%;padding-bottom : 0px !important;padding-left : 0px !important;margin-left : 7.68%;}@media only screen and (max-width:1024px) {.fusion-body .fusion-builder-column-350{width:100% !important;order : 0;}.fusion-builder-column-350 > .fusion-column-wrapper {margin-right : 1.92%;margin-left : 1.92%;}}@media only screen and (max-width:640px) {.fusion-body .fusion-builder-column-350{width:100% !important;order : 0;}.fusion-builder-column-350 > .fusion-column-wrapper {margin-right : 1.92%;margin-left : 1.92%;}}<\/style><div class=\"fusion-layout-column fusion_builder_column fusion-builder-column-351 fusion_builder_column_1_4 1_4 fusion-flex-column img-to-filter\"><div class=\"fusion-column-wrapper fusion-flex-justify-content-flex-start fusion-content-layout-column\" style=\"background-position:left top;background-repeat:no-repeat;-webkit-background-size:cover;-moz-background-size:cover;-o-background-size:cover;background-size:cover;padding: 0px 0px 0px 0px;\"><div ><span class=\"fusion-imageframe imageframe-none imageframe-351 hover-type-none\"><a href=\"https:\/\/www.deco-charpente.fr\/wp-content\/uploads\/2020\/08\/appentis-de-terrasse.jpg\" class=\"fusion-lightbox\" data-rel=\"iLightbox[gallery-image]\" data-title=\"appentis de terrasse\" title=\"terrace lean-to\"><img decoding=\"async\" width=\"1024\" height=\"576\" src=\"https:\/\/www.deco-charpente.fr\/wp-content\/uploads\/2020\/08\/appentis-de-terrasse.jpg\" class=\"img-responsive wp-image-2105\" srcset=\"https:\/\/www.deco-charpente.fr\/wp-content\/uploads\/2020\/08\/appentis-de-terrasse-200x113.jpg 200w, https:\/\/www.deco-charpente.fr\/wp-content\/uploads\/2020\/08\/appentis-de-terrasse-400x225.jpg 400w, https:\/\/www.deco-charpente.fr\/wp-content\/uploads\/2020\/08\/appentis-de-terrasse-600x338.jpg 600w, https:\/\/www.deco-charpente.fr\/wp-content\/uploads\/2020\/08\/appentis-de-terrasse-800x450.jpg 800w, https:\/\/www.deco-charpente.fr\/wp-content\/uploads\/2020\/08\/appentis-de-terrasse.jpg 1024w\" sizes=\"(max-width: 1024px) 100vw, (max-width: 640px) 100vw, 600px\" \/><\/a><\/span><\/div><div class=\"fusion-text fusion-text-701 tags\" style=\"transform:translate3d(0,0,0);\"><p>Lean-to &amp; Awning<\/p>\n<\/div><div class=\"fusion-text fusion-text-702 description\" style=\"transform:translate3d(0,0,0);\"><p>Lean-to 3 slopes on terrace<\/p>\n<\/div><\/div><\/div><style type=\"text\/css\">.fusion-body .fusion-builder-column-351{width:25% !important;margin-top : 0px;margin-bottom : 20px;}.fusion-builder-column-351 > .fusion-column-wrapper {padding-top : 0px !important;padding-right : 0px !important;margin-right : 7.68%;padding-bottom : 0px !important;padding-left : 0px !important;margin-left : 7.68%;}@media only screen and (max-width:1024px) {.fusion-body .fusion-builder-column-351{width:100% !important;order : 0;}.fusion-builder-column-351 > .fusion-column-wrapper {margin-right : 1.92%;margin-left : 1.92%;}}@media only screen and (max-width:640px) {.fusion-body .fusion-builder-column-351{width:100% !important;order : 0;}.fusion-builder-column-351 > .fusion-column-wrapper {margin-right : 1.92%;margin-left : 1.92%;}}<\/style><div class=\"fusion-layout-column fusion_builder_column fusion-builder-column-352 fusion_builder_column_1_4 1_4 fusion-flex-column img-to-filter\"><div class=\"fusion-column-wrapper fusion-flex-justify-content-flex-start fusion-content-layout-column\" style=\"background-position:left top;background-repeat:no-repeat;-webkit-background-size:cover;-moz-background-size:cover;-o-background-size:cover;background-size:cover;padding: 0px 0px 0px 0px;\"><div ><span class=\"fusion-imageframe imageframe-none imageframe-352 hover-type-none\"><a href=\"https:\/\/www.deco-charpente.fr\/wp-content\/uploads\/2020\/08\/auvent-de-porte-fen\u00eatre.jpg\" class=\"fusion-lightbox\" data-rel=\"iLightbox[gallery-image]\" data-title=\"auvent de porte fen\u00eatre\" title=\"window door awning\"><img decoding=\"async\" width=\"1024\" height=\"768\" src=\"https:\/\/www.deco-charpente.fr\/wp-content\/uploads\/2020\/08\/auvent-de-porte-fen\u00eatre.jpg\" class=\"img-responsive wp-image-2107\" srcset=\"https:\/\/www.deco-charpente.fr\/wp-content\/uploads\/2020\/08\/auvent-de-porte-fen\u00eatre-200x150.jpg 200w, https:\/\/www.deco-charpente.fr\/wp-content\/uploads\/2020\/08\/auvent-de-porte-fen\u00eatre-400x300.jpg 400w, https:\/\/www.deco-charpente.fr\/wp-content\/uploads\/2020\/08\/auvent-de-porte-fen\u00eatre-600x450.jpg 600w, https:\/\/www.deco-charpente.fr\/wp-content\/uploads\/2020\/08\/auvent-de-porte-fen\u00eatre-800x600.jpg 800w, https:\/\/www.deco-charpente.fr\/wp-content\/uploads\/2020\/08\/auvent-de-porte-fen\u00eatre.jpg 1024w\" sizes=\"(max-width: 1024px) 100vw, (max-width: 640px) 100vw, 600px\" \/><\/a><\/span><\/div><div class=\"fusion-text fusion-text-703 tags\" style=\"transform:translate3d(0,0,0);\"><p>Lean-to &amp; Awning<\/p>\n<\/div><div class=\"fusion-text fusion-text-704 description\" style=\"transform:translate3d(0,0,0);\"><p>Window door awning<\/p>\n<\/div><\/div><\/div><style type=\"text\/css\">.fusion-body .fusion-builder-column-352{width:25% !important;margin-top : 0px;margin-bottom : 20px;}.fusion-builder-column-352 > .fusion-column-wrapper {padding-top : 0px !important;padding-right : 0px !important;margin-right : 7.68%;padding-bottom : 0px !important;padding-left : 0px !important;margin-left : 7.68%;}@media only screen and (max-width:1024px) {.fusion-body .fusion-builder-column-352{width:100% !important;order : 0;}.fusion-builder-column-352 > .fusion-column-wrapper {margin-right : 1.92%;margin-left : 1.92%;}}@media only screen and (max-width:640px) {.fusion-body .fusion-builder-column-352{width:100% !important;order : 0;}.fusion-builder-column-352 > .fusion-column-wrapper {margin-right : 1.92%;margin-left : 1.92%;}}<\/style><div class=\"fusion-layout-column fusion_builder_column fusion-builder-column-353 fusion_builder_column_1_4 1_4 fusion-flex-column img-to-filter\"><div class=\"fusion-column-wrapper fusion-flex-justify-content-flex-start fusion-content-layout-column\" style=\"background-position:left top;background-repeat:no-repeat;-webkit-background-size:cover;-moz-background-size:cover;-o-background-size:cover;background-size:cover;padding: 0px 0px 0px 0px;\"><div ><span class=\"fusion-imageframe imageframe-none imageframe-353 hover-type-none\"><a href=\"https:\/\/www.deco-charpente.fr\/wp-content\/uploads\/2020\/08\/auvent-de-garage.jpg\" class=\"fusion-lightbox\" data-rel=\"iLightbox[gallery-image]\" data-title=\"auvent de garage\" title=\"garage awning\"><img decoding=\"async\" width=\"1024\" height=\"768\" src=\"https:\/\/www.deco-charpente.fr\/wp-content\/uploads\/2020\/08\/auvent-de-garage.jpg\" class=\"img-responsive wp-image-2108\" srcset=\"https:\/\/www.deco-charpente.fr\/wp-content\/uploads\/2020\/08\/auvent-de-garage-200x150.jpg 200w, https:\/\/www.deco-charpente.fr\/wp-content\/uploads\/2020\/08\/auvent-de-garage-400x300.jpg 400w, https:\/\/www.deco-charpente.fr\/wp-content\/uploads\/2020\/08\/auvent-de-garage-600x450.jpg 600w, https:\/\/www.deco-charpente.fr\/wp-content\/uploads\/2020\/08\/auvent-de-garage-800x600.jpg 800w, https:\/\/www.deco-charpente.fr\/wp-content\/uploads\/2020\/08\/auvent-de-garage.jpg 1024w\" sizes=\"(max-width: 1024px) 100vw, (max-width: 640px) 100vw, 600px\" \/><\/a><\/span><\/div><div class=\"fusion-text fusion-text-705 tags\" style=\"transform:translate3d(0,0,0);\"><p>Lean-to &amp; Awning<\/p>\n<\/div><div class=\"fusion-text fusion-text-706 description\" style=\"transform:translate3d(0,0,0);\"><p>Garage awning<\/p>\n<\/div><\/div><\/div><style type=\"text\/css\">.fusion-body .fusion-builder-column-353{width:25% !important;margin-top : 0px;margin-bottom : 20px;}.fusion-builder-column-353 > .fusion-column-wrapper {padding-top : 0px !important;padding-right : 0px !important;margin-right : 7.68%;padding-bottom : 0px !important;padding-left : 0px !important;margin-left : 7.68%;}@media only screen and (max-width:1024px) {.fusion-body .fusion-builder-column-353{width:100% !important;order : 0;}.fusion-builder-column-353 > .fusion-column-wrapper {margin-right : 1.92%;margin-left : 1.92%;}}@media only screen and (max-width:640px) {.fusion-body .fusion-builder-column-353{width:100% !important;order : 0;}.fusion-builder-column-353 > .fusion-column-wrapper {margin-right : 1.92%;margin-left : 1.92%;}}<\/style><div class=\"fusion-layout-column fusion_builder_column fusion-builder-column-354 fusion_builder_column_1_4 1_4 fusion-flex-column img-to-filter\"><div class=\"fusion-column-wrapper fusion-flex-justify-content-flex-start fusion-content-layout-column\" style=\"background-position:left top;background-repeat:no-repeat;-webkit-background-size:cover;-moz-background-size:cover;-o-background-size:cover;background-size:cover;padding: 0px 0px 0px 0px;\"><div ><span class=\"fusion-imageframe imageframe-none imageframe-354 hover-type-none\"><a href=\"https:\/\/www.deco-charpente.fr\/wp-content\/uploads\/2020\/08\/appentis-en-L-avec-ar\u00eatier.jpg\" class=\"fusion-lightbox\" data-rel=\"iLightbox[gallery-image]\" data-title=\"appentis en L avec ar\u00eatier\" title=\"L-shaped lean-to with hip\"><img decoding=\"async\" width=\"1024\" height=\"768\" src=\"https:\/\/www.deco-charpente.fr\/wp-content\/uploads\/2020\/08\/appentis-en-L-avec-ar\u00eatier.jpg\" class=\"img-responsive wp-image-2109\" srcset=\"https:\/\/www.deco-charpente.fr\/wp-content\/uploads\/2020\/08\/appentis-en-L-avec-ar\u00eatier-200x150.jpg 200w, https:\/\/www.deco-charpente.fr\/wp-content\/uploads\/2020\/08\/appentis-en-L-avec-ar\u00eatier-400x300.jpg 400w, https:\/\/www.deco-charpente.fr\/wp-content\/uploads\/2020\/08\/appentis-en-L-avec-ar\u00eatier-600x450.jpg 600w, https:\/\/www.deco-charpente.fr\/wp-content\/uploads\/2020\/08\/appentis-en-L-avec-ar\u00eatier-800x600.jpg 800w, https:\/\/www.deco-charpente.fr\/wp-content\/uploads\/2020\/08\/appentis-en-L-avec-ar\u00eatier.jpg 1024w\" sizes=\"(max-width: 1024px) 100vw, (max-width: 640px) 100vw, 600px\" \/><\/a><\/span><\/div><div class=\"fusion-text fusion-text-707 tags\" style=\"transform:translate3d(0,0,0);\"><p>Lean-to &amp; Awning<\/p>\n<\/div><div class=\"fusion-text fusion-text-708 description\" style=\"transform:translate3d(0,0,0);\"><p>L-shaped lean-to with hip<\/p>\n<\/div><\/div><\/div><style type=\"text\/css\">.fusion-body .fusion-builder-column-354{width:25% !important;margin-top : 0px;margin-bottom : 20px;}.fusion-builder-column-354 > .fusion-column-wrapper {padding-top : 0px !important;padding-right : 0px !important;margin-right : 7.68%;padding-bottom : 0px !important;padding-left : 0px !important;margin-left : 7.68%;}@media only screen and (max-width:1024px) {.fusion-body .fusion-builder-column-354{width:100% !important;order : 0;}.fusion-builder-column-354 > .fusion-column-wrapper {margin-right : 1.92%;margin-left : 1.92%;}}@media only screen and (max-width:640px) {.fusion-body .fusion-builder-column-354{width:100% !important;order : 0;}.fusion-builder-column-354 > .fusion-column-wrapper {margin-right : 1.92%;margin-left : 1.92%;}}<\/style><div class=\"fusion-layout-column fusion_builder_column fusion-builder-column-355 fusion_builder_column_1_4 1_4 fusion-flex-column img-to-filter\"><div class=\"fusion-column-wrapper fusion-flex-justify-content-flex-start fusion-content-layout-column\" style=\"background-position:left top;background-repeat:no-repeat;-webkit-background-size:cover;-moz-background-size:cover;-o-background-size:cover;background-size:cover;padding: 0px 0px 0px 0px;\"><div ><span class=\"fusion-imageframe imageframe-none imageframe-355 hover-type-none\"><a href=\"https:\/\/www.deco-charpente.fr\/wp-content\/uploads\/2023\/03\/Appentis-porte-dentree.jpg\" class=\"fusion-lightbox\" data-rel=\"iLightbox[gallery-image]\" data-title=\"Appentis porte d&rsquo;entr\u00e9e\" title=\"Lean-to entrance door\"><img decoding=\"async\" width=\"1920\" height=\"1440\" src=\"https:\/\/www.deco-charpente.fr\/wp-content\/uploads\/2023\/03\/Appentis-porte-dentree.jpg\" class=\"img-responsive wp-image-8450\" srcset=\"https:\/\/www.deco-charpente.fr\/wp-content\/uploads\/2023\/03\/Appentis-porte-dentree-200x150.jpg 200w, https:\/\/www.deco-charpente.fr\/wp-content\/uploads\/2023\/03\/Appentis-porte-dentree-400x300.jpg 400w, https:\/\/www.deco-charpente.fr\/wp-content\/uploads\/2023\/03\/Appentis-porte-dentree-600x450.jpg 600w, https:\/\/www.deco-charpente.fr\/wp-content\/uploads\/2023\/03\/Appentis-porte-dentree-800x600.jpg 800w, https:\/\/www.deco-charpente.fr\/wp-content\/uploads\/2023\/03\/Appentis-porte-dentree-1200x900.jpg 1200w, https:\/\/www.deco-charpente.fr\/wp-content\/uploads\/2023\/03\/Appentis-porte-dentree.jpg 1920w\" sizes=\"(max-width: 1024px) 100vw, (max-width: 640px) 100vw, 600px\" \/><\/a><\/span><\/div><div class=\"fusion-text fusion-text-709 tags\" style=\"transform:translate3d(0,0,0);\"><p>Lean-to &amp; Awning<\/p>\n<\/div><div class=\"fusion-text fusion-text-710 description\" style=\"transform:translate3d(0,0,0);\"><p>Lean-to 2 slopes curved links<\/p>\n<\/div><\/div><\/div><style type=\"text\/css\">.fusion-body .fusion-builder-column-355{width:25% !important;margin-top : 0px;margin-bottom : 20px;}.fusion-builder-column-355 > .fusion-column-wrapper {padding-top : 0px !important;padding-right : 0px !important;margin-right : 7.68%;padding-bottom : 0px !important;padding-left : 0px !important;margin-left : 7.68%;}@media only screen and (max-width:1024px) {.fusion-body .fusion-builder-column-355{width:100% !important;order : 0;}.fusion-builder-column-355 > .fusion-column-wrapper {margin-right : 1.92%;margin-left : 1.92%;}}@media only screen and (max-width:640px) {.fusion-body .fusion-builder-column-355{width:100% !important;order : 0;}.fusion-builder-column-355 > .fusion-column-wrapper {margin-right : 1.92%;margin-left : 1.92%;}}<\/style><div class=\"fusion-layout-column fusion_builder_column fusion-builder-column-356 fusion_builder_column_1_4 1_4 fusion-flex-column img-to-filter\"><div class=\"fusion-column-wrapper fusion-flex-justify-content-flex-start fusion-content-layout-column\" style=\"background-position:left top;background-repeat:no-repeat;-webkit-background-size:cover;-moz-background-size:cover;-o-background-size:cover;background-size:cover;padding: 0px 0px 0px 0px;\"><div ><span class=\"fusion-imageframe imageframe-none imageframe-356 hover-type-none\"><a href=\"https:\/\/www.deco-charpente.fr\/wp-content\/uploads\/2020\/08\/appentis-2-pentes-liens-incurv\u00e9s.jpg\" class=\"fusion-lightbox\" data-rel=\"iLightbox[gallery-image]\" data-title=\"appentis 2 pentes liens incurv\u00e9s\" title=\"lean-to 2 slopes curved links\"><img decoding=\"async\" width=\"1024\" height=\"768\" src=\"https:\/\/www.deco-charpente.fr\/wp-content\/uploads\/2020\/08\/appentis-2-pentes-liens-incurv\u00e9s.jpg\" class=\"img-responsive wp-image-2110\" srcset=\"https:\/\/www.deco-charpente.fr\/wp-content\/uploads\/2020\/08\/appentis-2-pentes-liens-incurv\u00e9s-200x150.jpg 200w, https:\/\/www.deco-charpente.fr\/wp-content\/uploads\/2020\/08\/appentis-2-pentes-liens-incurv\u00e9s-400x300.jpg 400w, https:\/\/www.deco-charpente.fr\/wp-content\/uploads\/2020\/08\/appentis-2-pentes-liens-incurv\u00e9s-600x450.jpg 600w, https:\/\/www.deco-charpente.fr\/wp-content\/uploads\/2020\/08\/appentis-2-pentes-liens-incurv\u00e9s-800x600.jpg 800w, https:\/\/www.deco-charpente.fr\/wp-content\/uploads\/2020\/08\/appentis-2-pentes-liens-incurv\u00e9s.jpg 1024w\" sizes=\"(max-width: 1024px) 100vw, (max-width: 640px) 100vw, 600px\" \/><\/a><\/span><\/div><div class=\"fusion-text fusion-text-711 tags\" style=\"transform:translate3d(0,0,0);\"><p>Lean-to &amp; Awning<\/p>\n<\/div><div class=\"fusion-text fusion-text-712 description\" style=\"transform:translate3d(0,0,0);\"><p>Lean-to 2 slopes curved links<\/p>\n<\/div><\/div><\/div><style type=\"text\/css\">.fusion-body .fusion-builder-column-356{width:25% !important;margin-top : 0px;margin-bottom : 20px;}.fusion-builder-column-356 > .fusion-column-wrapper {padding-top : 0px !important;padding-right : 0px !important;margin-right : 7.68%;padding-bottom : 0px !important;padding-left : 0px !important;margin-left : 7.68%;}@media only screen and (max-width:1024px) {.fusion-body .fusion-builder-column-356{width:100% !important;order : 0;}.fusion-builder-column-356 > .fusion-column-wrapper {margin-right : 1.92%;margin-left : 1.92%;}}@media only screen and (max-width:640px) {.fusion-body .fusion-builder-column-356{width:100% !important;order : 0;}.fusion-builder-column-356 > .fusion-column-wrapper {margin-right : 1.92%;margin-left : 1.92%;}}<\/style><div class=\"fusion-layout-column fusion_builder_column fusion-builder-column-357 fusion_builder_column_1_4 1_4 fusion-flex-column img-to-filter\"><div class=\"fusion-column-wrapper fusion-flex-justify-content-flex-start fusion-content-layout-column\" style=\"background-position:left top;background-repeat:no-repeat;-webkit-background-size:cover;-moz-background-size:cover;-o-background-size:cover;background-size:cover;padding: 0px 0px 0px 0px;\"><div ><span class=\"fusion-imageframe imageframe-none imageframe-357 hover-type-none\"><a href=\"https:\/\/www.deco-charpente.fr\/wp-content\/uploads\/2020\/08\/auvent-pour-porte-dentr\u00e9e.jpg\" class=\"fusion-lightbox\" data-rel=\"iLightbox[gallery-image]\" data-title=\"auvent pour porte d&rsquo;entr\u00e9e\" title=\"awning for entrance door\"><img decoding=\"async\" width=\"1024\" height=\"768\" src=\"https:\/\/www.deco-charpente.fr\/wp-content\/uploads\/2020\/08\/auvent-pour-porte-dentr\u00e9e.jpg\" class=\"img-responsive wp-image-2131\" srcset=\"https:\/\/www.deco-charpente.fr\/wp-content\/uploads\/2020\/08\/auvent-pour-porte-dentr\u00e9e-200x150.jpg 200w, https:\/\/www.deco-charpente.fr\/wp-content\/uploads\/2020\/08\/auvent-pour-porte-dentr\u00e9e-400x300.jpg 400w, https:\/\/www.deco-charpente.fr\/wp-content\/uploads\/2020\/08\/auvent-pour-porte-dentr\u00e9e-600x450.jpg 600w, https:\/\/www.deco-charpente.fr\/wp-content\/uploads\/2020\/08\/auvent-pour-porte-dentr\u00e9e-800x600.jpg 800w, https:\/\/www.deco-charpente.fr\/wp-content\/uploads\/2020\/08\/auvent-pour-porte-dentr\u00e9e.jpg 1024w\" sizes=\"(max-width: 1024px) 100vw, (max-width: 640px) 100vw, 600px\" \/><\/a><\/span><\/div><div class=\"fusion-text fusion-text-713 tags\" style=\"transform:translate3d(0,0,0);\"><p>Lean-to &amp; Awning<\/p>\n<\/div><div class=\"fusion-text fusion-text-714 description\" style=\"transform:translate3d(0,0,0);\"><p>Front door awning<\/p>\n<\/div><\/div><\/div><style type=\"text\/css\">.fusion-body .fusion-builder-column-357{width:25% !important;margin-top : 0px;margin-bottom : 20px;}.fusion-builder-column-357 > .fusion-column-wrapper {padding-top : 0px !important;padding-right : 0px !important;margin-right : 7.68%;padding-bottom : 0px !important;padding-left : 0px !important;margin-left : 7.68%;}@media only screen and (max-width:1024px) {.fusion-body .fusion-builder-column-357{width:100% !important;order : 0;}.fusion-builder-column-357 > .fusion-column-wrapper {margin-right : 1.92%;margin-left : 1.92%;}}@media only screen and (max-width:640px) {.fusion-body .fusion-builder-column-357{width:100% !important;order : 0;}.fusion-builder-column-357 > .fusion-column-wrapper {margin-right : 1.92%;margin-left : 1.92%;}}<\/style><div class=\"fusion-layout-column fusion_builder_column fusion-builder-column-358 fusion_builder_column_1_4 1_4 fusion-flex-column img-to-filter\"><div class=\"fusion-column-wrapper fusion-flex-justify-content-flex-start fusion-content-layout-column\" style=\"background-position:left top;background-repeat:no-repeat;-webkit-background-size:cover;-moz-background-size:cover;-o-background-size:cover;background-size:cover;padding: 0px 0px 0px 0px;\"><div ><span class=\"fusion-imageframe imageframe-none imageframe-358 hover-type-none\"><a href=\"https:\/\/www.deco-charpente.fr\/wp-content\/uploads\/2020\/08\/appentis-monopente-sur-terrasse-bois.jpg\" class=\"fusion-lightbox\" data-rel=\"iLightbox[gallery-image]\" data-title=\"appentis monopente sur terrasse bois\" title=\"single-slope lean-to on wooden terrace\"><img decoding=\"async\" width=\"1024\" height=\"768\" src=\"https:\/\/www.deco-charpente.fr\/wp-content\/uploads\/2020\/08\/appentis-monopente-sur-terrasse-bois.jpg\" class=\"img-responsive wp-image-2132\" srcset=\"https:\/\/www.deco-charpente.fr\/wp-content\/uploads\/2020\/08\/appentis-monopente-sur-terrasse-bois-200x150.jpg 200w, https:\/\/www.deco-charpente.fr\/wp-content\/uploads\/2020\/08\/appentis-monopente-sur-terrasse-bois-400x300.jpg 400w, https:\/\/www.deco-charpente.fr\/wp-content\/uploads\/2020\/08\/appentis-monopente-sur-terrasse-bois-600x450.jpg 600w, https:\/\/www.deco-charpente.fr\/wp-content\/uploads\/2020\/08\/appentis-monopente-sur-terrasse-bois-800x600.jpg 800w, https:\/\/www.deco-charpente.fr\/wp-content\/uploads\/2020\/08\/appentis-monopente-sur-terrasse-bois.jpg 1024w\" sizes=\"(max-width: 1024px) 100vw, (max-width: 640px) 100vw, 600px\" \/><\/a><\/span><\/div><div class=\"fusion-text fusion-text-715 tags\" style=\"transform:translate3d(0,0,0);\"><p>Lean-to &amp; Awning<\/p>\n<\/div><div class=\"fusion-text fusion-text-716 description\" style=\"transform:translate3d(0,0,0);\"><p>Single-slope lean-to on wooden terrace<\/p>\n<\/div><\/div><\/div><style type=\"text\/css\">.fusion-body .fusion-builder-column-358{width:25% !important;margin-top : 0px;margin-bottom : 20px;}.fusion-builder-column-358 > .fusion-column-wrapper {padding-top : 0px !important;padding-right : 0px !important;margin-right : 7.68%;padding-bottom : 0px !important;padding-left : 0px !important;margin-left : 7.68%;}@media only screen and (max-width:1024px) {.fusion-body .fusion-builder-column-358{width:100% !important;order : 0;}.fusion-builder-column-358 > .fusion-column-wrapper {margin-right : 1.92%;margin-left : 1.92%;}}@media only screen and (max-width:640px) {.fusion-body .fusion-builder-column-358{width:100% !important;order : 0;}.fusion-builder-column-358 > .fusion-column-wrapper {margin-right : 1.92%;margin-left : 1.92%;}}<\/style><div class=\"fusion-layout-column fusion_builder_column fusion-builder-column-359 fusion_builder_column_1_4 1_4 fusion-flex-column img-to-filter\"><div class=\"fusion-column-wrapper fusion-flex-justify-content-flex-start fusion-content-layout-column\" style=\"background-position:left top;background-repeat:no-repeat;-webkit-background-size:cover;-moz-background-size:cover;-o-background-size:cover;background-size:cover;padding: 0px 0px 0px 0px;\"><div ><span class=\"fusion-imageframe imageframe-none imageframe-359 hover-type-none\"><a href=\"https:\/\/www.deco-charpente.fr\/wp-content\/uploads\/2020\/08\/appentis-avec-local-rangement-1024x576-1.jpg\" class=\"fusion-lightbox\" data-rel=\"iLightbox[gallery-image]\" data-title=\"appentis-avec-local-rangement-1024&#215;576\" title=\"lean-to-with-storage-room-1024\u00d7576\"><img decoding=\"async\" width=\"1024\" height=\"576\" src=\"https:\/\/www.deco-charpente.fr\/wp-content\/uploads\/2020\/08\/appentis-avec-local-rangement-1024x576-1.jpg\" class=\"img-responsive wp-image-2134\" srcset=\"https:\/\/www.deco-charpente.fr\/wp-content\/uploads\/2020\/08\/appentis-avec-local-rangement-1024x576-1-200x113.jpg 200w, https:\/\/www.deco-charpente.fr\/wp-content\/uploads\/2020\/08\/appentis-avec-local-rangement-1024x576-1-400x225.jpg 400w, https:\/\/www.deco-charpente.fr\/wp-content\/uploads\/2020\/08\/appentis-avec-local-rangement-1024x576-1-600x338.jpg 600w, https:\/\/www.deco-charpente.fr\/wp-content\/uploads\/2020\/08\/appentis-avec-local-rangement-1024x576-1-800x450.jpg 800w, https:\/\/www.deco-charpente.fr\/wp-content\/uploads\/2020\/08\/appentis-avec-local-rangement-1024x576-1.jpg 1024w\" sizes=\"(max-width: 1024px) 100vw, (max-width: 640px) 100vw, 600px\" \/><\/a><\/span><\/div><div class=\"fusion-text fusion-text-717 tags\" style=\"transform:translate3d(0,0,0);\"><p>Lean-to &amp; Awning<\/p>\n<\/div><div class=\"fusion-text fusion-text-718 description\" style=\"transform:translate3d(0,0,0);\"><p>Lean-to with storage room<\/p>\n<\/div><\/div><\/div><style type=\"text\/css\">.fusion-body .fusion-builder-column-359{width:25% !important;margin-top : 0px;margin-bottom : 20px;}.fusion-builder-column-359 > .fusion-column-wrapper {padding-top : 0px !important;padding-right : 0px !important;margin-right : 7.68%;padding-bottom : 0px !important;padding-left : 0px !important;margin-left : 7.68%;}@media only screen and (max-width:1024px) {.fusion-body .fusion-builder-column-359{width:100% !important;order : 0;}.fusion-builder-column-359 > .fusion-column-wrapper {margin-right : 1.92%;margin-left : 1.92%;}}@media only screen and (max-width:640px) {.fusion-body .fusion-builder-column-359{width:100% !important;order : 0;}.fusion-builder-column-359 > .fusion-column-wrapper {margin-right : 1.92%;margin-left : 1.92%;}}<\/style><div class=\"fusion-layout-column fusion_builder_column fusion-builder-column-360 fusion_builder_column_1_4 1_4 fusion-flex-column img-to-filter\"><div class=\"fusion-column-wrapper fusion-flex-justify-content-flex-start fusion-content-layout-column\" style=\"background-position:left top;background-repeat:no-repeat;-webkit-background-size:cover;-moz-background-size:cover;-o-background-size:cover;background-size:cover;padding: 0px 0px 0px 0px;\"><div ><span class=\"fusion-imageframe imageframe-none imageframe-360 hover-type-none\"><a href=\"https:\/\/www.deco-charpente.fr\/wp-content\/uploads\/2020\/08\/appentis-2-pentes-et-abri-4-pentes.jpg\" class=\"fusion-lightbox\" data-rel=\"iLightbox[gallery-image]\" data-title=\"appentis-2 pentes et-abri-4-pentes\" title=\"lean-to-2-slopes and-shelter-4-slopes\"><img decoding=\"async\" width=\"960\" height=\"720\" src=\"https:\/\/www.deco-charpente.fr\/wp-content\/uploads\/2020\/08\/appentis-2-pentes-et-abri-4-pentes.jpg\" class=\"img-responsive wp-image-2135\" srcset=\"https:\/\/www.deco-charpente.fr\/wp-content\/uploads\/2020\/08\/appentis-2-pentes-et-abri-4-pentes-200x150.jpg 200w, https:\/\/www.deco-charpente.fr\/wp-content\/uploads\/2020\/08\/appentis-2-pentes-et-abri-4-pentes-400x300.jpg 400w, https:\/\/www.deco-charpente.fr\/wp-content\/uploads\/2020\/08\/appentis-2-pentes-et-abri-4-pentes-600x450.jpg 600w, https:\/\/www.deco-charpente.fr\/wp-content\/uploads\/2020\/08\/appentis-2-pentes-et-abri-4-pentes-800x600.jpg 800w, https:\/\/www.deco-charpente.fr\/wp-content\/uploads\/2020\/08\/appentis-2-pentes-et-abri-4-pentes.jpg 960w\" sizes=\"(max-width: 1024px) 100vw, (max-width: 640px) 100vw, 600px\" \/><\/a><\/span><\/div><div class=\"fusion-text fusion-text-719 tags\" style=\"transform:translate3d(0,0,0);\"><p>Lean-to &amp; Awning<\/p>\n<\/div><div class=\"fusion-text fusion-text-720 description\" style=\"transform:translate3d(0,0,0);\"><p>2-slope lean-to and 4-slope shelter<\/p>\n<\/div><\/div><\/div><style type=\"text\/css\">.fusion-body .fusion-builder-column-360{width:25% !important;margin-top : 0px;margin-bottom : 20px;}.fusion-builder-column-360 > .fusion-column-wrapper {padding-top : 0px !important;padding-right : 0px !important;margin-right : 7.68%;padding-bottom : 0px !important;padding-left : 0px !important;margin-left : 7.68%;}@media only screen and (max-width:1024px) {.fusion-body .fusion-builder-column-360{width:100% !important;order : 0;}.fusion-builder-column-360 > .fusion-column-wrapper {margin-right : 1.92%;margin-left : 1.92%;}}@media only screen and (max-width:640px) {.fusion-body .fusion-builder-column-360{width:100% !important;order : 0;}.fusion-builder-column-360 > .fusion-column-wrapper {margin-right : 1.92%;margin-left : 1.92%;}}<\/style><div class=\"fusion-layout-column fusion_builder_column fusion-builder-column-361 fusion_builder_column_1_4 1_4 fusion-flex-column img-to-filter\"><div class=\"fusion-column-wrapper fusion-flex-justify-content-flex-start fusion-content-layout-column\" style=\"background-position:left top;background-repeat:no-repeat;-webkit-background-size:cover;-moz-background-size:cover;-o-background-size:cover;background-size:cover;padding: 0px 0px 0px 0px;\"><div ><span class=\"fusion-imageframe imageframe-none imageframe-361 hover-type-none\"><a href=\"https:\/\/www.deco-charpente.fr\/wp-content\/uploads\/2023\/03\/Abri-voiture-deux-places.jpg\" class=\"fusion-lightbox\" data-rel=\"iLightbox[gallery-image]\" data-title=\"Abri voiture deux places\" title=\"Two-seater carport\"><img decoding=\"async\" width=\"2328\" height=\"1358\" src=\"https:\/\/www.deco-charpente.fr\/wp-content\/uploads\/2023\/03\/Abri-voiture-deux-places.jpg\" class=\"img-responsive wp-image-8437\" srcset=\"https:\/\/www.deco-charpente.fr\/wp-content\/uploads\/2023\/03\/Abri-voiture-deux-places-200x117.jpg 200w, https:\/\/www.deco-charpente.fr\/wp-content\/uploads\/2023\/03\/Abri-voiture-deux-places-400x233.jpg 400w, https:\/\/www.deco-charpente.fr\/wp-content\/uploads\/2023\/03\/Abri-voiture-deux-places-600x350.jpg 600w, https:\/\/www.deco-charpente.fr\/wp-content\/uploads\/2023\/03\/Abri-voiture-deux-places-800x467.jpg 800w, https:\/\/www.deco-charpente.fr\/wp-content\/uploads\/2023\/03\/Abri-voiture-deux-places-1200x700.jpg 1200w, https:\/\/www.deco-charpente.fr\/wp-content\/uploads\/2023\/03\/Abri-voiture-deux-places.jpg 2328w\" sizes=\"(max-width: 1024px) 100vw, (max-width: 640px) 100vw, 600px\" \/><\/a><\/span><\/div><div class=\"fusion-text fusion-text-721 tags\" style=\"transform:translate3d(0,0,0);\"><p>Carport<\/p>\n<\/div><div class=\"fusion-text fusion-text-722 description\" style=\"transform:translate3d(0,0,0);\"><p>2-seater carport<\/p>\n<\/div><\/div><\/div><style type=\"text\/css\">.fusion-body .fusion-builder-column-361{width:25% !important;margin-top : 0px;margin-bottom : 20px;}.fusion-builder-column-361 > .fusion-column-wrapper {padding-top : 0px !important;padding-right : 0px !important;margin-right : 7.68%;padding-bottom : 0px !important;padding-left : 0px !important;margin-left : 7.68%;}@media only screen and (max-width:1024px) {.fusion-body .fusion-builder-column-361{width:100% !important;order : 0;}.fusion-builder-column-361 > .fusion-column-wrapper {margin-right : 1.92%;margin-left : 1.92%;}}@media only screen and (max-width:640px) {.fusion-body .fusion-builder-column-361{width:100% !important;order : 0;}.fusion-builder-column-361 > .fusion-column-wrapper {margin-right : 1.92%;margin-left : 1.92%;}}<\/style><div class=\"fusion-layout-column fusion_builder_column fusion-builder-column-362 fusion_builder_column_1_4 1_4 fusion-flex-column img-to-filter\"><div class=\"fusion-column-wrapper fusion-flex-justify-content-flex-start fusion-content-layout-column\" style=\"background-position:left top;background-repeat:no-repeat;-webkit-background-size:cover;-moz-background-size:cover;-o-background-size:cover;background-size:cover;padding: 0px 0px 0px 0px;\"><div ><span class=\"fusion-imageframe imageframe-none imageframe-362 hover-type-none\"><a href=\"https:\/\/www.deco-charpente.fr\/wp-content\/uploads\/2020\/08\/abri-voiture-2-places.jpg\" class=\"fusion-lightbox\" data-rel=\"iLightbox[gallery-image]\" data-title=\"abri voiture 2 places\" title=\"2-seater carport\"><img decoding=\"async\" width=\"1023\" height=\"761\" src=\"https:\/\/www.deco-charpente.fr\/wp-content\/uploads\/2020\/08\/abri-voiture-2-places.jpg\" class=\"img-responsive wp-image-2147\" srcset=\"https:\/\/www.deco-charpente.fr\/wp-content\/uploads\/2020\/08\/abri-voiture-2-places-200x149.jpg 200w, https:\/\/www.deco-charpente.fr\/wp-content\/uploads\/2020\/08\/abri-voiture-2-places-400x298.jpg 400w, https:\/\/www.deco-charpente.fr\/wp-content\/uploads\/2020\/08\/abri-voiture-2-places-600x446.jpg 600w, https:\/\/www.deco-charpente.fr\/wp-content\/uploads\/2020\/08\/abri-voiture-2-places-800x595.jpg 800w, https:\/\/www.deco-charpente.fr\/wp-content\/uploads\/2020\/08\/abri-voiture-2-places.jpg 1023w\" sizes=\"(max-width: 1024px) 100vw, (max-width: 640px) 100vw, 600px\" \/><\/a><\/span><\/div><div class=\"fusion-text fusion-text-723 tags\" style=\"transform:translate3d(0,0,0);\"><p>Carport<\/p>\n<\/div><div class=\"fusion-text fusion-text-724 description\" style=\"transform:translate3d(0,0,0);\"><p>2-seater carport<\/p>\n<\/div><\/div><\/div><style type=\"text\/css\">.fusion-body .fusion-builder-column-362{width:25% !important;margin-top : 0px;margin-bottom : 20px;}.fusion-builder-column-362 > .fusion-column-wrapper {padding-top : 0px !important;padding-right : 0px !important;margin-right : 7.68%;padding-bottom : 0px !important;padding-left : 0px !important;margin-left : 7.68%;}@media only screen and (max-width:1024px) {.fusion-body .fusion-builder-column-362{width:100% !important;order : 0;}.fusion-builder-column-362 > .fusion-column-wrapper {margin-right : 1.92%;margin-left : 1.92%;}}@media only screen and (max-width:640px) {.fusion-body .fusion-builder-column-362{width:100% !important;order : 0;}.fusion-builder-column-362 > .fusion-column-wrapper {margin-right : 1.92%;margin-left : 1.92%;}}<\/style><div class=\"fusion-layout-column fusion_builder_column fusion-builder-column-363 fusion_builder_column_1_4 1_4 fusion-flex-column img-to-filter\"><div class=\"fusion-column-wrapper fusion-flex-justify-content-flex-start fusion-content-layout-column\" style=\"background-position:left top;background-repeat:no-repeat;-webkit-background-size:cover;-moz-background-size:cover;-o-background-size:cover;background-size:cover;padding: 0px 0px 0px 0px;\"><div ><span class=\"fusion-imageframe imageframe-none imageframe-363 hover-type-none\"><a href=\"https:\/\/www.deco-charpente.fr\/wp-content\/uploads\/2020\/08\/Abri-voiture-2-pentes.jpg\" class=\"fusion-lightbox\" data-rel=\"iLightbox[gallery-image]\" data-title=\"Abri voiture 2 pentes\" title=\"2 slope carport\"><img decoding=\"async\" width=\"1014\" height=\"766\" src=\"https:\/\/www.deco-charpente.fr\/wp-content\/uploads\/2020\/08\/Abri-voiture-2-pentes.jpg\" class=\"img-responsive wp-image-2148\" srcset=\"https:\/\/www.deco-charpente.fr\/wp-content\/uploads\/2020\/08\/Abri-voiture-2-pentes-200x151.jpg 200w, https:\/\/www.deco-charpente.fr\/wp-content\/uploads\/2020\/08\/Abri-voiture-2-pentes-400x302.jpg 400w, https:\/\/www.deco-charpente.fr\/wp-content\/uploads\/2020\/08\/Abri-voiture-2-pentes-600x453.jpg 600w, https:\/\/www.deco-charpente.fr\/wp-content\/uploads\/2020\/08\/Abri-voiture-2-pentes-800x604.jpg 800w, https:\/\/www.deco-charpente.fr\/wp-content\/uploads\/2020\/08\/Abri-voiture-2-pentes.jpg 1014w\" sizes=\"(max-width: 1024px) 100vw, (max-width: 640px) 100vw, 600px\" \/><\/a><\/span><\/div><div class=\"fusion-text fusion-text-725 tags\" style=\"transform:translate3d(0,0,0);\"><p>Carport<\/p>\n<\/div><div class=\"fusion-text fusion-text-726 description\" style=\"transform:translate3d(0,0,0);\"><p>2 slope carport<\/p>\n<\/div><\/div><\/div><style type=\"text\/css\">.fusion-body .fusion-builder-column-363{width:25% !important;margin-top : 0px;margin-bottom : 20px;}.fusion-builder-column-363 > .fusion-column-wrapper {padding-top : 0px !important;padding-right : 0px !important;margin-right : 7.68%;padding-bottom : 0px !important;padding-left : 0px !important;margin-left : 7.68%;}@media only screen and (max-width:1024px) {.fusion-body .fusion-builder-column-363{width:100% !important;order : 0;}.fusion-builder-column-363 > .fusion-column-wrapper {margin-right : 1.92%;margin-left : 1.92%;}}@media only screen and (max-width:640px) {.fusion-body .fusion-builder-column-363{width:100% !important;order : 0;}.fusion-builder-column-363 > .fusion-column-wrapper {margin-right : 1.92%;margin-left : 1.92%;}}<\/style><div class=\"fusion-layout-column fusion_builder_column fusion-builder-column-364 fusion_builder_column_1_4 1_4 fusion-flex-column img-to-filter\"><div class=\"fusion-column-wrapper fusion-flex-justify-content-flex-start fusion-content-layout-column\" style=\"background-position:left top;background-repeat:no-repeat;-webkit-background-size:cover;-moz-background-size:cover;-o-background-size:cover;background-size:cover;padding: 0px 0px 0px 0px;\"><div ><span class=\"fusion-imageframe imageframe-none imageframe-364 hover-type-none\"><a href=\"https:\/\/www.deco-charpente.fr\/wp-content\/uploads\/2020\/08\/abri-voiture-1-pente-adoss\u00e9.jpg\" class=\"fusion-lightbox\" data-rel=\"iLightbox[gallery-image]\" data-title=\"abri voiture 1 pente adoss\u00e9\" title=\"carport 1 slope attached\"><img decoding=\"async\" width=\"1019\" height=\"763\" src=\"https:\/\/www.deco-charpente.fr\/wp-content\/uploads\/2020\/08\/abri-voiture-1-pente-adoss\u00e9.jpg\" class=\"img-responsive wp-image-2149\" srcset=\"https:\/\/www.deco-charpente.fr\/wp-content\/uploads\/2020\/08\/abri-voiture-1-pente-adoss\u00e9-200x150.jpg 200w, https:\/\/www.deco-charpente.fr\/wp-content\/uploads\/2020\/08\/abri-voiture-1-pente-adoss\u00e9-400x300.jpg 400w, https:\/\/www.deco-charpente.fr\/wp-content\/uploads\/2020\/08\/abri-voiture-1-pente-adoss\u00e9-600x449.jpg 600w, https:\/\/www.deco-charpente.fr\/wp-content\/uploads\/2020\/08\/abri-voiture-1-pente-adoss\u00e9-800x599.jpg 800w, https:\/\/www.deco-charpente.fr\/wp-content\/uploads\/2020\/08\/abri-voiture-1-pente-adoss\u00e9.jpg 1019w\" sizes=\"(max-width: 1024px) 100vw, (max-width: 640px) 100vw, 600px\" \/><\/a><\/span><\/div><div class=\"fusion-text fusion-text-727 tags\" style=\"transform:translate3d(0,0,0);\"><p>Carport<\/p>\n<\/div><div class=\"fusion-text fusion-text-728 description\" style=\"transform:translate3d(0,0,0);\"><p>Carport 1 slope attached<\/p>\n<\/div><\/div><\/div><style type=\"text\/css\">.fusion-body .fusion-builder-column-364{width:25% !important;margin-top : 0px;margin-bottom : 20px;}.fusion-builder-column-364 > .fusion-column-wrapper {padding-top : 0px !important;padding-right : 0px !important;margin-right : 7.68%;padding-bottom : 0px !important;padding-left : 0px !important;margin-left : 7.68%;}@media only screen and (max-width:1024px) {.fusion-body .fusion-builder-column-364{width:100% !important;order : 0;}.fusion-builder-column-364 > .fusion-column-wrapper {margin-right : 1.92%;margin-left : 1.92%;}}@media only screen and (max-width:640px) {.fusion-body .fusion-builder-column-364{width:100% !important;order : 0;}.fusion-builder-column-364 > .fusion-column-wrapper {margin-right : 1.92%;margin-left : 1.92%;}}<\/style><div class=\"fusion-layout-column fusion_builder_column fusion-builder-column-365 fusion_builder_column_1_4 1_4 fusion-flex-column img-to-filter\"><div class=\"fusion-column-wrapper fusion-flex-justify-content-flex-start fusion-content-layout-column\" style=\"background-position:left top;background-repeat:no-repeat;-webkit-background-size:cover;-moz-background-size:cover;-o-background-size:cover;background-size:cover;padding: 0px 0px 0px 0px;\"><div ><span class=\"fusion-imageframe imageframe-none imageframe-365 hover-type-none\"><a href=\"https:\/\/www.deco-charpente.fr\/wp-content\/uploads\/2020\/08\/abri-sur-mesure-adapt\u00e9-au-terrain.jpg\" class=\"fusion-lightbox\" data-rel=\"iLightbox[gallery-image]\" data-title=\"abri sur mesure adapt\u00e9 au terrain\" title=\"tailor-made shelter adapted to the terrain\"><img decoding=\"async\" width=\"1020\" height=\"768\" src=\"https:\/\/www.deco-charpente.fr\/wp-content\/uploads\/2020\/08\/abri-sur-mesure-adapt\u00e9-au-terrain.jpg\" class=\"img-responsive wp-image-2150\" srcset=\"https:\/\/www.deco-charpente.fr\/wp-content\/uploads\/2020\/08\/abri-sur-mesure-adapt\u00e9-au-terrain-200x151.jpg 200w, https:\/\/www.deco-charpente.fr\/wp-content\/uploads\/2020\/08\/abri-sur-mesure-adapt\u00e9-au-terrain-400x301.jpg 400w, https:\/\/www.deco-charpente.fr\/wp-content\/uploads\/2020\/08\/abri-sur-mesure-adapt\u00e9-au-terrain-600x452.jpg 600w, https:\/\/www.deco-charpente.fr\/wp-content\/uploads\/2020\/08\/abri-sur-mesure-adapt\u00e9-au-terrain-800x602.jpg 800w, https:\/\/www.deco-charpente.fr\/wp-content\/uploads\/2020\/08\/abri-sur-mesure-adapt\u00e9-au-terrain.jpg 1020w\" sizes=\"(max-width: 1024px) 100vw, (max-width: 640px) 100vw, 600px\" \/><\/a><\/span><\/div><div class=\"fusion-text fusion-text-729 tags\" style=\"transform:translate3d(0,0,0);\"><p>Carport<\/p>\n<\/div><div class=\"fusion-text fusion-text-730 description\" style=\"transform:translate3d(0,0,0);\"><p>Custom-made shelter adapted to the terrain<\/p>\n<\/div><\/div><\/div><style type=\"text\/css\">.fusion-body .fusion-builder-column-365{width:25% !important;margin-top : 0px;margin-bottom : 20px;}.fusion-builder-column-365 > .fusion-column-wrapper {padding-top : 0px !important;padding-right : 0px !important;margin-right : 7.68%;padding-bottom : 0px !important;padding-left : 0px !important;margin-left : 7.68%;}@media only screen and (max-width:1024px) {.fusion-body .fusion-builder-column-365{width:100% !important;order : 0;}.fusion-builder-column-365 > .fusion-column-wrapper {margin-right : 1.92%;margin-left : 1.92%;}}@media only screen and (max-width:640px) {.fusion-body .fusion-builder-column-365{width:100% !important;order : 0;}.fusion-builder-column-365 > .fusion-column-wrapper {margin-right : 1.92%;margin-left : 1.92%;}}<\/style><div class=\"fusion-layout-column fusion_builder_column fusion-builder-column-366 fusion_builder_column_1_4 1_4 fusion-flex-column img-to-filter\"><div class=\"fusion-column-wrapper fusion-flex-justify-content-flex-start fusion-content-layout-column\" style=\"background-position:left top;background-repeat:no-repeat;-webkit-background-size:cover;-moz-background-size:cover;-o-background-size:cover;background-size:cover;padding: 0px 0px 0px 0px;\"><div ><span class=\"fusion-imageframe imageframe-none imageframe-366 hover-type-none\"><a href=\"https:\/\/www.deco-charpente.fr\/wp-content\/uploads\/2020\/08\/Abri-4-voitures.jpg\" class=\"fusion-lightbox\" data-rel=\"iLightbox[gallery-image]\" data-title=\"Abri 4 voitures\" title=\"4 car shelter\"><img decoding=\"async\" width=\"1022\" height=\"764\" src=\"https:\/\/www.deco-charpente.fr\/wp-content\/uploads\/2020\/08\/Abri-4-voitures.jpg\" class=\"img-responsive wp-image-2153\" srcset=\"https:\/\/www.deco-charpente.fr\/wp-content\/uploads\/2020\/08\/Abri-4-voitures-200x150.jpg 200w, https:\/\/www.deco-charpente.fr\/wp-content\/uploads\/2020\/08\/Abri-4-voitures-400x299.jpg 400w, https:\/\/www.deco-charpente.fr\/wp-content\/uploads\/2020\/08\/Abri-4-voitures-600x449.jpg 600w, https:\/\/www.deco-charpente.fr\/wp-content\/uploads\/2020\/08\/Abri-4-voitures-800x598.jpg 800w, https:\/\/www.deco-charpente.fr\/wp-content\/uploads\/2020\/08\/Abri-4-voitures.jpg 1022w\" sizes=\"(max-width: 1024px) 100vw, (max-width: 640px) 100vw, 600px\" \/><\/a><\/span><\/div><div class=\"fusion-text fusion-text-731 tags\" style=\"transform:translate3d(0,0,0);\"><p>Carport<\/p>\n<\/div><div class=\"fusion-text fusion-text-732 description\" style=\"transform:translate3d(0,0,0);\"><p>4 car shelter<\/p>\n<\/div><\/div><\/div><style type=\"text\/css\">.fusion-body .fusion-builder-column-366{width:25% !important;margin-top : 0px;margin-bottom : 20px;}.fusion-builder-column-366 > .fusion-column-wrapper {padding-top : 0px !important;padding-right : 0px !important;margin-right : 7.68%;padding-bottom : 0px !important;padding-left : 0px !important;margin-left : 7.68%;}@media only screen and (max-width:1024px) {.fusion-body .fusion-builder-column-366{width:100% !important;order : 0;}.fusion-builder-column-366 > .fusion-column-wrapper {margin-right : 1.92%;margin-left : 1.92%;}}@media only screen and (max-width:640px) {.fusion-body .fusion-builder-column-366{width:100% !important;order : 0;}.fusion-builder-column-366 > .fusion-column-wrapper {margin-right : 1.92%;margin-left : 1.92%;}}<\/style><div class=\"fusion-layout-column fusion_builder_column fusion-builder-column-367 fusion_builder_column_1_4 1_4 fusion-flex-column img-to-filter\"><div class=\"fusion-column-wrapper fusion-flex-justify-content-flex-start fusion-content-layout-column\" style=\"background-position:left top;background-repeat:no-repeat;-webkit-background-size:cover;-moz-background-size:cover;-o-background-size:cover;background-size:cover;padding: 0px 0px 0px 0px;\"><div ><span class=\"fusion-imageframe imageframe-none imageframe-367 hover-type-none\"><a href=\"https:\/\/www.deco-charpente.fr\/wp-content\/uploads\/2020\/08\/abri-adoss\u00e9-\u00e0-lhabitation-2.jpg\" class=\"fusion-lightbox\" data-rel=\"iLightbox[gallery-image]\" data-title=\"abri adoss\u00e9 \u00e0 l&rsquo;habitation 2\" title=\"shelter attached to house 2\"><img decoding=\"async\" width=\"1019\" height=\"767\" src=\"https:\/\/www.deco-charpente.fr\/wp-content\/uploads\/2020\/08\/abri-adoss\u00e9-\u00e0-lhabitation-2.jpg\" class=\"img-responsive wp-image-2152\" srcset=\"https:\/\/www.deco-charpente.fr\/wp-content\/uploads\/2020\/08\/abri-adoss\u00e9-\u00e0-lhabitation-2-200x151.jpg 200w, https:\/\/www.deco-charpente.fr\/wp-content\/uploads\/2020\/08\/abri-adoss\u00e9-\u00e0-lhabitation-2-400x301.jpg 400w, https:\/\/www.deco-charpente.fr\/wp-content\/uploads\/2020\/08\/abri-adoss\u00e9-\u00e0-lhabitation-2-600x452.jpg 600w, https:\/\/www.deco-charpente.fr\/wp-content\/uploads\/2020\/08\/abri-adoss\u00e9-\u00e0-lhabitation-2-800x602.jpg 800w, https:\/\/www.deco-charpente.fr\/wp-content\/uploads\/2020\/08\/abri-adoss\u00e9-\u00e0-lhabitation-2.jpg 1019w\" sizes=\"(max-width: 1024px) 100vw, (max-width: 640px) 100vw, 600px\" \/><\/a><\/span><\/div><div class=\"fusion-text fusion-text-733 tags\" style=\"transform:translate3d(0,0,0);\"><p>Carport<\/p>\n<\/div><div class=\"fusion-text fusion-text-734 description\" style=\"transform:translate3d(0,0,0);\"><p>Shelter attached to the house<\/p>\n<\/div><\/div><\/div><style type=\"text\/css\">.fusion-body .fusion-builder-column-367{width:25% !important;margin-top : 0px;margin-bottom : 20px;}.fusion-builder-column-367 > .fusion-column-wrapper {padding-top : 0px !important;padding-right : 0px !important;margin-right : 7.68%;padding-bottom : 0px !important;padding-left : 0px !important;margin-left : 7.68%;}@media only screen and (max-width:1024px) {.fusion-body .fusion-builder-column-367{width:100% !important;order : 0;}.fusion-builder-column-367 > .fusion-column-wrapper {margin-right : 1.92%;margin-left : 1.92%;}}@media only screen and (max-width:640px) {.fusion-body .fusion-builder-column-367{width:100% !important;order : 0;}.fusion-builder-column-367 > .fusion-column-wrapper {margin-right : 1.92%;margin-left : 1.92%;}}<\/style><div class=\"fusion-layout-column fusion_builder_column fusion-builder-column-368 fusion_builder_column_1_4 1_4 fusion-flex-column img-to-filter\"><div class=\"fusion-column-wrapper fusion-flex-justify-content-flex-start fusion-content-layout-column\" style=\"background-position:left top;background-repeat:no-repeat;-webkit-background-size:cover;-moz-background-size:cover;-o-background-size:cover;background-size:cover;padding: 0px 0px 0px 0px;\"><div ><span class=\"fusion-imageframe imageframe-none imageframe-368 hover-type-none\"><a href=\"https:\/\/www.deco-charpente.fr\/wp-content\/uploads\/2020\/08\/abri-2-pentes-avec-porte-\u00e0-faux-en-rive.jpg\" class=\"fusion-lightbox\" data-rel=\"iLightbox[gallery-image]\" data-title=\"abri 2 pentes avec porte \u00e0 faux en rive\" title=\"2 slope shelter with overhang on the bank\"><img decoding=\"async\" width=\"1024\" height=\"768\" src=\"https:\/\/www.deco-charpente.fr\/wp-content\/uploads\/2020\/08\/abri-2-pentes-avec-porte-\u00e0-faux-en-rive.jpg\" class=\"img-responsive wp-image-2154\" srcset=\"https:\/\/www.deco-charpente.fr\/wp-content\/uploads\/2020\/08\/abri-2-pentes-avec-porte-\u00e0-faux-en-rive-200x150.jpg 200w, https:\/\/www.deco-charpente.fr\/wp-content\/uploads\/2020\/08\/abri-2-pentes-avec-porte-\u00e0-faux-en-rive-400x300.jpg 400w, https:\/\/www.deco-charpente.fr\/wp-content\/uploads\/2020\/08\/abri-2-pentes-avec-porte-\u00e0-faux-en-rive-600x450.jpg 600w, https:\/\/www.deco-charpente.fr\/wp-content\/uploads\/2020\/08\/abri-2-pentes-avec-porte-\u00e0-faux-en-rive-800x600.jpg 800w, https:\/\/www.deco-charpente.fr\/wp-content\/uploads\/2020\/08\/abri-2-pentes-avec-porte-\u00e0-faux-en-rive.jpg 1024w\" sizes=\"(max-width: 1024px) 100vw, (max-width: 640px) 100vw, 600px\" \/><\/a><\/span><\/div><div class=\"fusion-text fusion-text-735 tags\" style=\"transform:translate3d(0,0,0);\"><p>Carport<\/p>\n<\/div><div class=\"fusion-text fusion-text-736 description\" style=\"transform:translate3d(0,0,0);\"><p>2 slope shelter with overhang on the bank<\/p>\n<\/div><\/div><\/div><style type=\"text\/css\">.fusion-body .fusion-builder-column-368{width:25% !important;margin-top : 0px;margin-bottom : 20px;}.fusion-builder-column-368 > .fusion-column-wrapper {padding-top : 0px !important;padding-right : 0px !important;margin-right : 7.68%;padding-bottom : 0px !important;padding-left : 0px !important;margin-left : 7.68%;}@media only screen and (max-width:1024px) {.fusion-body .fusion-builder-column-368{width:100% !important;order : 0;}.fusion-builder-column-368 > .fusion-column-wrapper {margin-right : 1.92%;margin-left : 1.92%;}}@media only screen and (max-width:640px) {.fusion-body .fusion-builder-column-368{width:100% !important;order : 0;}.fusion-builder-column-368 > .fusion-column-wrapper {margin-right : 1.92%;margin-left : 1.92%;}}<\/style><div class=\"fusion-layout-column fusion_builder_column fusion-builder-column-369 fusion_builder_column_1_4 1_4 fusion-flex-column img-to-filter\"><div class=\"fusion-column-wrapper fusion-flex-justify-content-flex-start fusion-content-layout-column\" style=\"background-position:left top;background-repeat:no-repeat;-webkit-background-size:cover;-moz-background-size:cover;-o-background-size:cover;background-size:cover;padding: 0px 0px 0px 0px;\"><div ><span class=\"fusion-imageframe imageframe-none imageframe-369 hover-type-none\"><a href=\"https:\/\/www.deco-charpente.fr\/wp-content\/uploads\/2024\/03\/Abri-avec-mur-persienne.jpg\" class=\"fusion-lightbox\" data-rel=\"iLightbox[gallery-image]\" data-title=\"Abri avec mur persienne\" title=\"Shelter with louvered wall\"><img decoding=\"async\" width=\"2049\" height=\"1536\" src=\"https:\/\/www.deco-charpente.fr\/wp-content\/uploads\/2024\/03\/Abri-avec-mur-persienne.jpg\" class=\"img-responsive wp-image-10025\" srcset=\"https:\/\/www.deco-charpente.fr\/wp-content\/uploads\/2024\/03\/Abri-avec-mur-persienne-200x150.jpg 200w, https:\/\/www.deco-charpente.fr\/wp-content\/uploads\/2024\/03\/Abri-avec-mur-persienne-400x300.jpg 400w, https:\/\/www.deco-charpente.fr\/wp-content\/uploads\/2024\/03\/Abri-avec-mur-persienne-600x450.jpg 600w, https:\/\/www.deco-charpente.fr\/wp-content\/uploads\/2024\/03\/Abri-avec-mur-persienne-800x600.jpg 800w, https:\/\/www.deco-charpente.fr\/wp-content\/uploads\/2024\/03\/Abri-avec-mur-persienne-1200x900.jpg 1200w, https:\/\/www.deco-charpente.fr\/wp-content\/uploads\/2024\/03\/Abri-avec-mur-persienne.jpg 2049w\" sizes=\"(max-width: 1024px) 100vw, (max-width: 640px) 100vw, 600px\" \/><\/a><\/span><\/div><div class=\"fusion-text fusion-text-737 tags\" style=\"transform:translate3d(0,0,0);\"><p>Carport<\/p>\n<\/div><div class=\"fusion-text fusion-text-738 description\" style=\"transform:translate3d(0,0,0);\"><p>Shelter 2 slopes 2 cars curved links<\/p>\n<\/div><\/div><\/div><style type=\"text\/css\">.fusion-body .fusion-builder-column-369{width:25% !important;margin-top : 0px;margin-bottom : 20px;}.fusion-builder-column-369 > .fusion-column-wrapper {padding-top : 0px !important;padding-right : 0px !important;margin-right : 7.68%;padding-bottom : 0px !important;padding-left : 0px !important;margin-left : 7.68%;}@media only screen and (max-width:1024px) {.fusion-body .fusion-builder-column-369{width:100% !important;order : 0;}.fusion-builder-column-369 > .fusion-column-wrapper {margin-right : 1.92%;margin-left : 1.92%;}}@media only screen and (max-width:640px) {.fusion-body .fusion-builder-column-369{width:100% !important;order : 0;}.fusion-builder-column-369 > .fusion-column-wrapper {margin-right : 1.92%;margin-left : 1.92%;}}<\/style><div class=\"fusion-layout-column fusion_builder_column fusion-builder-column-370 fusion_builder_column_1_4 1_4 fusion-flex-column img-to-filter\"><div class=\"fusion-column-wrapper fusion-flex-justify-content-flex-start fusion-content-layout-column\" style=\"background-position:left top;background-repeat:no-repeat;-webkit-background-size:cover;-moz-background-size:cover;-o-background-size:cover;background-size:cover;padding: 0px 0px 0px 0px;\"><div ><span class=\"fusion-imageframe imageframe-none imageframe-370 hover-type-none\"><a href=\"https:\/\/www.deco-charpente.fr\/wp-content\/uploads\/2020\/08\/abri-2-pentes-2-voitures-liens-incurv\u00e9s.jpg\" class=\"fusion-lightbox\" data-rel=\"iLightbox[gallery-image]\" data-title=\"abri 2 pentes 2 voitures liens incurv\u00e9s\" title=\"shelter 2 slopes 2 cars curved links\"><img decoding=\"async\" width=\"1022\" height=\"766\" src=\"https:\/\/www.deco-charpente.fr\/wp-content\/uploads\/2020\/08\/abri-2-pentes-2-voitures-liens-incurv\u00e9s.jpg\" class=\"img-responsive wp-image-2155\" srcset=\"https:\/\/www.deco-charpente.fr\/wp-content\/uploads\/2020\/08\/abri-2-pentes-2-voitures-liens-incurv\u00e9s-200x150.jpg 200w, https:\/\/www.deco-charpente.fr\/wp-content\/uploads\/2020\/08\/abri-2-pentes-2-voitures-liens-incurv\u00e9s-400x300.jpg 400w, https:\/\/www.deco-charpente.fr\/wp-content\/uploads\/2020\/08\/abri-2-pentes-2-voitures-liens-incurv\u00e9s-600x450.jpg 600w, https:\/\/www.deco-charpente.fr\/wp-content\/uploads\/2020\/08\/abri-2-pentes-2-voitures-liens-incurv\u00e9s-800x600.jpg 800w, https:\/\/www.deco-charpente.fr\/wp-content\/uploads\/2020\/08\/abri-2-pentes-2-voitures-liens-incurv\u00e9s.jpg 1022w\" sizes=\"(max-width: 1024px) 100vw, (max-width: 640px) 100vw, 600px\" \/><\/a><\/span><\/div><div class=\"fusion-text fusion-text-739 tags\" style=\"transform:translate3d(0,0,0);\"><p>Carport<\/p>\n<\/div><div class=\"fusion-text fusion-text-740 description\" style=\"transform:translate3d(0,0,0);\"><p>Shelter 2 slopes 2 cars curved links<\/p>\n<\/div><\/div><\/div><style type=\"text\/css\">.fusion-body .fusion-builder-column-370{width:25% !important;margin-top : 0px;margin-bottom : 20px;}.fusion-builder-column-370 > .fusion-column-wrapper {padding-top : 0px !important;padding-right : 0px !important;margin-right : 7.68%;padding-bottom : 0px !important;padding-left : 0px !important;margin-left : 7.68%;}@media only screen and (max-width:1024px) {.fusion-body .fusion-builder-column-370{width:100% !important;order : 0;}.fusion-builder-column-370 > .fusion-column-wrapper {margin-right : 1.92%;margin-left : 1.92%;}}@media only screen and (max-width:640px) {.fusion-body .fusion-builder-column-370{width:100% !important;order : 0;}.fusion-builder-column-370 > .fusion-column-wrapper {margin-right : 1.92%;margin-left : 1.92%;}}<\/style><div class=\"fusion-layout-column fusion_builder_column fusion-builder-column-371 fusion_builder_column_1_4 1_4 fusion-flex-column img-to-filter\"><div class=\"fusion-column-wrapper fusion-flex-justify-content-flex-start fusion-content-layout-column\" style=\"background-position:left top;background-repeat:no-repeat;-webkit-background-size:cover;-moz-background-size:cover;-o-background-size:cover;background-size:cover;padding: 0px 0px 0px 0px;\"><div ><span class=\"fusion-imageframe imageframe-none imageframe-371 hover-type-none\"><a href=\"https:\/\/www.deco-charpente.fr\/wp-content\/uploads\/2020\/08\/abri-1-voiture-avec-local-ferm\u00e9.jpg\" class=\"fusion-lightbox\" data-rel=\"iLightbox[gallery-image]\" data-title=\"abri 1 voiture avec local ferm\u00e9\" title=\"1 car shelter with closed premises\"><img decoding=\"async\" width=\"1020\" height=\"768\" src=\"https:\/\/www.deco-charpente.fr\/wp-content\/uploads\/2020\/08\/abri-1-voiture-avec-local-ferm\u00e9.jpg\" class=\"img-responsive wp-image-2156\" srcset=\"https:\/\/www.deco-charpente.fr\/wp-content\/uploads\/2020\/08\/abri-1-voiture-avec-local-ferm\u00e9-200x151.jpg 200w, https:\/\/www.deco-charpente.fr\/wp-content\/uploads\/2020\/08\/abri-1-voiture-avec-local-ferm\u00e9-400x301.jpg 400w, https:\/\/www.deco-charpente.fr\/wp-content\/uploads\/2020\/08\/abri-1-voiture-avec-local-ferm\u00e9-600x452.jpg 600w, https:\/\/www.deco-charpente.fr\/wp-content\/uploads\/2020\/08\/abri-1-voiture-avec-local-ferm\u00e9-800x602.jpg 800w, https:\/\/www.deco-charpente.fr\/wp-content\/uploads\/2020\/08\/abri-1-voiture-avec-local-ferm\u00e9.jpg 1020w\" sizes=\"(max-width: 1024px) 100vw, (max-width: 640px) 100vw, 600px\" \/><\/a><\/span><\/div><div class=\"fusion-text fusion-text-741 tags\" style=\"transform:translate3d(0,0,0);\"><p>Carport<\/p>\n<\/div><div class=\"fusion-text fusion-text-742 description\" style=\"transform:translate3d(0,0,0);\"><p>1 car shelter with closed premises<\/p>\n<\/div><\/div><\/div><style type=\"text\/css\">.fusion-body .fusion-builder-column-371{width:25% !important;margin-top : 0px;margin-bottom : 20px;}.fusion-builder-column-371 > .fusion-column-wrapper {padding-top : 0px !important;padding-right : 0px !important;margin-right : 7.68%;padding-bottom : 0px !important;padding-left : 0px !important;margin-left : 7.68%;}@media only screen and (max-width:1024px) {.fusion-body .fusion-builder-column-371{width:100% !important;order : 0;}.fusion-builder-column-371 > .fusion-column-wrapper {margin-right : 1.92%;margin-left : 1.92%;}}@media only screen and (max-width:640px) {.fusion-body .fusion-builder-column-371{width:100% !important;order : 0;}.fusion-builder-column-371 > .fusion-column-wrapper {margin-right : 1.92%;margin-left : 1.92%;}}<\/style><div class=\"fusion-layout-column fusion_builder_column fusion-builder-column-372 fusion_builder_column_1_4 1_4 fusion-flex-column img-to-filter\"><div class=\"fusion-column-wrapper fusion-flex-justify-content-flex-start fusion-content-layout-column\" style=\"background-position:left top;background-repeat:no-repeat;-webkit-background-size:cover;-moz-background-size:cover;-o-background-size:cover;background-size:cover;padding: 0px 0px 0px 0px;\"><div ><span class=\"fusion-imageframe imageframe-none imageframe-372 hover-type-none\"><a href=\"https:\/\/www.deco-charpente.fr\/wp-content\/uploads\/2020\/08\/pergola-pour-voiture-2-compressed.jpg\" class=\"fusion-lightbox\" data-rel=\"iLightbox[gallery-image]\" data-title=\"pergola-pour-voiture-2-compressed\" title=\"pergola-for-car-2-compressed\"><img decoding=\"async\" width=\"1920\" height=\"1080\" src=\"https:\/\/www.deco-charpente.fr\/wp-content\/uploads\/2020\/08\/pergola-pour-voiture-2-compressed.jpg\" class=\"img-responsive wp-image-2157\" srcset=\"https:\/\/www.deco-charpente.fr\/wp-content\/uploads\/2020\/08\/pergola-pour-voiture-2-compressed-200x113.jpg 200w, https:\/\/www.deco-charpente.fr\/wp-content\/uploads\/2020\/08\/pergola-pour-voiture-2-compressed-400x225.jpg 400w, https:\/\/www.deco-charpente.fr\/wp-content\/uploads\/2020\/08\/pergola-pour-voiture-2-compressed-600x338.jpg 600w, https:\/\/www.deco-charpente.fr\/wp-content\/uploads\/2020\/08\/pergola-pour-voiture-2-compressed-800x450.jpg 800w, https:\/\/www.deco-charpente.fr\/wp-content\/uploads\/2020\/08\/pergola-pour-voiture-2-compressed-1200x675.jpg 1200w, https:\/\/www.deco-charpente.fr\/wp-content\/uploads\/2020\/08\/pergola-pour-voiture-2-compressed.jpg 1920w\" sizes=\"(max-width: 1024px) 100vw, (max-width: 640px) 100vw, 600px\" \/><\/a><\/span><\/div><div class=\"fusion-text fusion-text-743 tags\" style=\"transform:translate3d(0,0,0);\"><p>Carport, Pergola<\/p>\n<\/div><div class=\"fusion-text fusion-text-744 description\" style=\"transform:translate3d(0,0,0);\"><p>Pergola for car<\/p>\n<\/div><\/div><\/div><style type=\"text\/css\">.fusion-body .fusion-builder-column-372{width:25% !important;margin-top : 0px;margin-bottom : 20px;}.fusion-builder-column-372 > .fusion-column-wrapper {padding-top : 0px !important;padding-right : 0px !important;margin-right : 7.68%;padding-bottom : 0px !important;padding-left : 0px !important;margin-left : 7.68%;}@media only screen and (max-width:1024px) {.fusion-body .fusion-builder-column-372{width:100% !important;order : 0;}.fusion-builder-column-372 > .fusion-column-wrapper {margin-right : 1.92%;margin-left : 1.92%;}}@media only screen and (max-width:640px) {.fusion-body .fusion-builder-column-372{width:100% !important;order : 0;}.fusion-builder-column-372 > .fusion-column-wrapper {margin-right : 1.92%;margin-left : 1.92%;}}<\/style><div class=\"fusion-layout-column fusion_builder_column fusion-builder-column-373 fusion_builder_column_1_4 1_4 fusion-flex-column img-to-filter\"><div class=\"fusion-column-wrapper fusion-flex-justify-content-flex-start fusion-content-layout-column\" style=\"background-position:left top;background-repeat:no-repeat;-webkit-background-size:cover;-moz-background-size:cover;-o-background-size:cover;background-size:cover;padding: 0px 0px 0px 0px;\"><div ><span class=\"fusion-imageframe imageframe-none imageframe-373 hover-type-none\"><a href=\"https:\/\/www.deco-charpente.fr\/wp-content\/uploads\/2020\/08\/pergola-pour-voiture-1-compressed.jpg\" class=\"fusion-lightbox\" data-rel=\"iLightbox[gallery-image]\" data-title=\"pergola-pour-voiture (1)-compressed\" title=\"pergola-for-car (1)-compressed\"><img decoding=\"async\" width=\"1920\" height=\"1080\" src=\"https:\/\/www.deco-charpente.fr\/wp-content\/uploads\/2020\/08\/pergola-pour-voiture-1-compressed.jpg\" class=\"img-responsive wp-image-2158\" srcset=\"https:\/\/www.deco-charpente.fr\/wp-content\/uploads\/2020\/08\/pergola-pour-voiture-1-compressed-200x113.jpg 200w, https:\/\/www.deco-charpente.fr\/wp-content\/uploads\/2020\/08\/pergola-pour-voiture-1-compressed-400x225.jpg 400w, https:\/\/www.deco-charpente.fr\/wp-content\/uploads\/2020\/08\/pergola-pour-voiture-1-compressed-600x338.jpg 600w, https:\/\/www.deco-charpente.fr\/wp-content\/uploads\/2020\/08\/pergola-pour-voiture-1-compressed-800x450.jpg 800w, https:\/\/www.deco-charpente.fr\/wp-content\/uploads\/2020\/08\/pergola-pour-voiture-1-compressed-1200x675.jpg 1200w, https:\/\/www.deco-charpente.fr\/wp-content\/uploads\/2020\/08\/pergola-pour-voiture-1-compressed.jpg 1920w\" sizes=\"(max-width: 1024px) 100vw, (max-width: 640px) 100vw, 600px\" \/><\/a><\/span><\/div><div class=\"fusion-text fusion-text-745 tags\" style=\"transform:translate3d(0,0,0);\"><p>Carport<\/p>\n<\/div><div class=\"fusion-text fusion-text-746 description\" style=\"transform:translate3d(0,0,0);\"><p>Pergola for car<\/p>\n<\/div><\/div><\/div><style type=\"text\/css\">.fusion-body .fusion-builder-column-373{width:25% !important;margin-top : 0px;margin-bottom : 20px;}.fusion-builder-column-373 > .fusion-column-wrapper {padding-top : 0px !important;padding-right : 0px !important;margin-right : 7.68%;padding-bottom : 0px !important;padding-left : 0px !important;margin-left : 7.68%;}@media only screen and (max-width:1024px) {.fusion-body .fusion-builder-column-373{width:100% !important;order : 0;}.fusion-builder-column-373 > .fusion-column-wrapper {margin-right : 1.92%;margin-left : 1.92%;}}@media only screen and (max-width:640px) {.fusion-body .fusion-builder-column-373{width:100% !important;order : 0;}.fusion-builder-column-373 > .fusion-column-wrapper {margin-right : 1.92%;margin-left : 1.92%;}}<\/style><div class=\"fusion-layout-column fusion_builder_column fusion-builder-column-374 fusion_builder_column_1_4 1_4 fusion-flex-column img-to-filter\"><div class=\"fusion-column-wrapper fusion-flex-justify-content-flex-start fusion-content-layout-column\" style=\"background-position:left top;background-repeat:no-repeat;-webkit-background-size:cover;-moz-background-size:cover;-o-background-size:cover;background-size:cover;padding: 0px 0px 0px 0px;\"><div ><span class=\"fusion-imageframe imageframe-none imageframe-374 hover-type-none\"><a href=\"https:\/\/www.deco-charpente.fr\/wp-content\/uploads\/2020\/08\/abri-voiture-double-adoss\u00e9-sur-pignon2-compressed.jpg\" class=\"fusion-lightbox\" data-rel=\"iLightbox[gallery-image]\" data-title=\"abri-voiture-double-adoss\u00e9-sur-pignon2-compressed\" title=\"double-carport-backed-on-gable2-compressed\"><img decoding=\"async\" width=\"1920\" height=\"1080\" src=\"https:\/\/www.deco-charpente.fr\/wp-content\/uploads\/2020\/08\/abri-voiture-double-adoss\u00e9-sur-pignon2-compressed.jpg\" class=\"img-responsive wp-image-2159\" srcset=\"https:\/\/www.deco-charpente.fr\/wp-content\/uploads\/2020\/08\/abri-voiture-double-adoss\u00e9-sur-pignon2-compressed-200x113.jpg 200w, https:\/\/www.deco-charpente.fr\/wp-content\/uploads\/2020\/08\/abri-voiture-double-adoss\u00e9-sur-pignon2-compressed-400x225.jpg 400w, https:\/\/www.deco-charpente.fr\/wp-content\/uploads\/2020\/08\/abri-voiture-double-adoss\u00e9-sur-pignon2-compressed-600x338.jpg 600w, https:\/\/www.deco-charpente.fr\/wp-content\/uploads\/2020\/08\/abri-voiture-double-adoss\u00e9-sur-pignon2-compressed-800x450.jpg 800w, https:\/\/www.deco-charpente.fr\/wp-content\/uploads\/2020\/08\/abri-voiture-double-adoss\u00e9-sur-pignon2-compressed-1200x675.jpg 1200w, https:\/\/www.deco-charpente.fr\/wp-content\/uploads\/2020\/08\/abri-voiture-double-adoss\u00e9-sur-pignon2-compressed.jpg 1920w\" sizes=\"(max-width: 1024px) 100vw, (max-width: 640px) 100vw, 600px\" \/><\/a><\/span><\/div><div class=\"fusion-text fusion-text-747 tags\" style=\"transform:translate3d(0,0,0);\"><p>Carport<\/p>\n<\/div><div class=\"fusion-text fusion-text-748 description\" style=\"transform:translate3d(0,0,0);\"><p>Double carport leaning on gable<\/p>\n<\/div><\/div><\/div><style type=\"text\/css\">.fusion-body .fusion-builder-column-374{width:25% !important;margin-top : 0px;margin-bottom : 20px;}.fusion-builder-column-374 > .fusion-column-wrapper {padding-top : 0px !important;padding-right : 0px !important;margin-right : 7.68%;padding-bottom : 0px !important;padding-left : 0px !important;margin-left : 7.68%;}@media only screen and (max-width:1024px) {.fusion-body .fusion-builder-column-374{width:100% !important;order : 0;}.fusion-builder-column-374 > .fusion-column-wrapper {margin-right : 1.92%;margin-left : 1.92%;}}@media only screen and (max-width:640px) {.fusion-body .fusion-builder-column-374{width:100% !important;order : 0;}.fusion-builder-column-374 > .fusion-column-wrapper {margin-right : 1.92%;margin-left : 1.92%;}}<\/style><div class=\"fusion-layout-column fusion_builder_column fusion-builder-column-375 fusion_builder_column_1_4 1_4 fusion-flex-column img-to-filter\"><div class=\"fusion-column-wrapper fusion-flex-justify-content-flex-start fusion-content-layout-column\" style=\"background-position:left top;background-repeat:no-repeat;-webkit-background-size:cover;-moz-background-size:cover;-o-background-size:cover;background-size:cover;padding: 0px 0px 0px 0px;\"><div ><span class=\"fusion-imageframe imageframe-none imageframe-375 hover-type-none\"><a href=\"https:\/\/www.deco-charpente.fr\/wp-content\/uploads\/2024\/09\/Abri-voiture.jpg\" class=\"fusion-lightbox\" data-rel=\"iLightbox[gallery-image]\" data-title=\"Abri voiture\" title=\"Carport\"><img decoding=\"async\" width=\"1200\" height=\"1600\" src=\"https:\/\/www.deco-charpente.fr\/wp-content\/uploads\/2024\/09\/Abri-voiture.jpg\" class=\"img-responsive wp-image-11267\" srcset=\"https:\/\/www.deco-charpente.fr\/wp-content\/uploads\/2024\/09\/Abri-voiture-200x267.jpg 200w, https:\/\/www.deco-charpente.fr\/wp-content\/uploads\/2024\/09\/Abri-voiture-400x533.jpg 400w, https:\/\/www.deco-charpente.fr\/wp-content\/uploads\/2024\/09\/Abri-voiture-600x800.jpg 600w, https:\/\/www.deco-charpente.fr\/wp-content\/uploads\/2024\/09\/Abri-voiture-800x1067.jpg 800w, https:\/\/www.deco-charpente.fr\/wp-content\/uploads\/2024\/09\/Abri-voiture.jpg 1200w\" sizes=\"(max-width: 1024px) 100vw, (max-width: 640px) 100vw, 600px\" \/><\/a><\/span><\/div><div class=\"fusion-text fusion-text-749 tags\" style=\"transform:translate3d(0,0,0);\"><p>Carport<\/p>\n<\/div><div class=\"fusion-text fusion-text-750 description\" style=\"transform:translate3d(0,0,0);\"><p>Carport on wall<\/p>\n<\/div><\/div><\/div><style type=\"text\/css\">.fusion-body .fusion-builder-column-375{width:25% !important;margin-top : 0px;margin-bottom : 20px;}.fusion-builder-column-375 > .fusion-column-wrapper {padding-top : 0px !important;padding-right : 0px !important;margin-right : 7.68%;padding-bottom : 0px !important;padding-left : 0px !important;margin-left : 7.68%;}@media only screen and (max-width:1024px) {.fusion-body .fusion-builder-column-375{width:100% !important;order : 0;}.fusion-builder-column-375 > .fusion-column-wrapper {margin-right : 1.92%;margin-left : 1.92%;}}@media only screen and (max-width:640px) {.fusion-body .fusion-builder-column-375{width:100% !important;order : 0;}.fusion-builder-column-375 > .fusion-column-wrapper {margin-right : 1.92%;margin-left : 1.92%;}}<\/style><div class=\"fusion-layout-column fusion_builder_column fusion-builder-column-376 fusion_builder_column_1_4 1_4 fusion-flex-column img-to-filter\"><div class=\"fusion-column-wrapper fusion-flex-justify-content-flex-start fusion-content-layout-column\" style=\"background-position:left top;background-repeat:no-repeat;-webkit-background-size:cover;-moz-background-size:cover;-o-background-size:cover;background-size:cover;padding: 0px 0px 0px 0px;\"><div ><span class=\"fusion-imageframe imageframe-none imageframe-376 hover-type-none\"><a href=\"https:\/\/www.deco-charpente.fr\/wp-content\/uploads\/2020\/08\/abri-voiture-sur-muret-compressed.jpg\" class=\"fusion-lightbox\" data-rel=\"iLightbox[gallery-image]\" data-title=\"abri voiture sur muret-compressed\" title=\"carport on low wall-compressed\"><img decoding=\"async\" width=\"1920\" height=\"1080\" src=\"https:\/\/www.deco-charpente.fr\/wp-content\/uploads\/2020\/08\/abri-voiture-sur-muret-compressed.jpg\" class=\"img-responsive wp-image-2160\" srcset=\"https:\/\/www.deco-charpente.fr\/wp-content\/uploads\/2020\/08\/abri-voiture-sur-muret-compressed-200x113.jpg 200w, https:\/\/www.deco-charpente.fr\/wp-content\/uploads\/2020\/08\/abri-voiture-sur-muret-compressed-400x225.jpg 400w, https:\/\/www.deco-charpente.fr\/wp-content\/uploads\/2020\/08\/abri-voiture-sur-muret-compressed-600x338.jpg 600w, https:\/\/www.deco-charpente.fr\/wp-content\/uploads\/2020\/08\/abri-voiture-sur-muret-compressed-800x450.jpg 800w, https:\/\/www.deco-charpente.fr\/wp-content\/uploads\/2020\/08\/abri-voiture-sur-muret-compressed-1200x675.jpg 1200w, https:\/\/www.deco-charpente.fr\/wp-content\/uploads\/2020\/08\/abri-voiture-sur-muret-compressed.jpg 1920w\" sizes=\"(max-width: 1024px) 100vw, (max-width: 640px) 100vw, 600px\" \/><\/a><\/span><\/div><div class=\"fusion-text fusion-text-751 tags\" style=\"transform:translate3d(0,0,0);\"><p>Carport<\/p>\n<\/div><div class=\"fusion-text fusion-text-752 description\" style=\"transform:translate3d(0,0,0);\"><p>Carport on wall<\/p>\n<\/div><\/div><\/div><style type=\"text\/css\">.fusion-body .fusion-builder-column-376{width:25% !important;margin-top : 0px;margin-bottom : 20px;}.fusion-builder-column-376 > .fusion-column-wrapper {padding-top : 0px !important;padding-right : 0px !important;margin-right : 7.68%;padding-bottom : 0px !important;padding-left : 0px !important;margin-left : 7.68%;}@media only screen and (max-width:1024px) {.fusion-body .fusion-builder-column-376{width:100% !important;order : 0;}.fusion-builder-column-376 > .fusion-column-wrapper {margin-right : 1.92%;margin-left : 1.92%;}}@media only screen and (max-width:640px) {.fusion-body .fusion-builder-column-376{width:100% !important;order : 0;}.fusion-builder-column-376 > .fusion-column-wrapper {margin-right : 1.92%;margin-left : 1.92%;}}<\/style><div class=\"fusion-layout-column fusion_builder_column fusion-builder-column-377 fusion_builder_column_1_4 1_4 fusion-flex-column img-to-filter\"><div class=\"fusion-column-wrapper fusion-flex-justify-content-flex-start fusion-content-layout-column\" style=\"background-position:left top;background-repeat:no-repeat;-webkit-background-size:cover;-moz-background-size:cover;-o-background-size:cover;background-size:cover;padding: 0px 0px 0px 0px;\"><div ><span class=\"fusion-imageframe imageframe-none imageframe-377 hover-type-none\"><a href=\"https:\/\/www.deco-charpente.fr\/wp-content\/uploads\/2020\/08\/abri-voiture-mixte-compressed.jpg\" class=\"fusion-lightbox\" data-rel=\"iLightbox[gallery-image]\" data-title=\"abri voiture mixte-compressed\" title=\"mixed-compressed carport\"><img decoding=\"async\" width=\"1920\" height=\"1080\" src=\"https:\/\/www.deco-charpente.fr\/wp-content\/uploads\/2020\/08\/abri-voiture-mixte-compressed.jpg\" class=\"img-responsive wp-image-2161\" srcset=\"https:\/\/www.deco-charpente.fr\/wp-content\/uploads\/2020\/08\/abri-voiture-mixte-compressed-200x113.jpg 200w, https:\/\/www.deco-charpente.fr\/wp-content\/uploads\/2020\/08\/abri-voiture-mixte-compressed-400x225.jpg 400w, https:\/\/www.deco-charpente.fr\/wp-content\/uploads\/2020\/08\/abri-voiture-mixte-compressed-600x338.jpg 600w, https:\/\/www.deco-charpente.fr\/wp-content\/uploads\/2020\/08\/abri-voiture-mixte-compressed-800x450.jpg 800w, https:\/\/www.deco-charpente.fr\/wp-content\/uploads\/2020\/08\/abri-voiture-mixte-compressed-1200x675.jpg 1200w, https:\/\/www.deco-charpente.fr\/wp-content\/uploads\/2020\/08\/abri-voiture-mixte-compressed.jpg 1920w\" sizes=\"(max-width: 1024px) 100vw, (max-width: 640px) 100vw, 600px\" \/><\/a><\/span><\/div><div class=\"fusion-text fusion-text-753 tags\" style=\"transform:translate3d(0,0,0);\"><p>Carport<\/p>\n<\/div><div class=\"fusion-text fusion-text-754 description\" style=\"transform:translate3d(0,0,0);\"><p>Mixed car shelter<\/p>\n<\/div><\/div><\/div><style type=\"text\/css\">.fusion-body .fusion-builder-column-377{width:25% !important;margin-top : 0px;margin-bottom : 20px;}.fusion-builder-column-377 > .fusion-column-wrapper {padding-top : 0px !important;padding-right : 0px !important;margin-right : 7.68%;padding-bottom : 0px !important;padding-left : 0px !important;margin-left : 7.68%;}@media only screen and (max-width:1024px) {.fusion-body .fusion-builder-column-377{width:100% !important;order : 0;}.fusion-builder-column-377 > .fusion-column-wrapper {margin-right : 1.92%;margin-left : 1.92%;}}@media only screen and (max-width:640px) {.fusion-body .fusion-builder-column-377{width:100% !important;order : 0;}.fusion-builder-column-377 > .fusion-column-wrapper {margin-right : 1.92%;margin-left : 1.92%;}}<\/style><div class=\"fusion-layout-column fusion_builder_column fusion-builder-column-378 fusion_builder_column_1_4 1_4 fusion-flex-column img-to-filter\"><div class=\"fusion-column-wrapper fusion-flex-justify-content-flex-start fusion-content-layout-column\" style=\"background-position:left top;background-repeat:no-repeat;-webkit-background-size:cover;-moz-background-size:cover;-o-background-size:cover;background-size:cover;padding: 0px 0px 0px 0px;\"><div ><span class=\"fusion-imageframe imageframe-none imageframe-378 hover-type-none\"><a href=\"https:\/\/www.deco-charpente.fr\/wp-content\/uploads\/2020\/08\/abri-voiture-semi-ferm\u00e9-compressed.jpg\" class=\"fusion-lightbox\" data-rel=\"iLightbox[gallery-image]\" data-title=\"abri voiture semi ferm\u00e9-compressed\" title=\"semi-closed-compressed carport\"><img decoding=\"async\" width=\"1920\" height=\"1080\" src=\"https:\/\/www.deco-charpente.fr\/wp-content\/uploads\/2020\/08\/abri-voiture-semi-ferm\u00e9-compressed.jpg\" class=\"img-responsive wp-image-2162\" srcset=\"https:\/\/www.deco-charpente.fr\/wp-content\/uploads\/2020\/08\/abri-voiture-semi-ferm\u00e9-compressed-200x113.jpg 200w, https:\/\/www.deco-charpente.fr\/wp-content\/uploads\/2020\/08\/abri-voiture-semi-ferm\u00e9-compressed-400x225.jpg 400w, https:\/\/www.deco-charpente.fr\/wp-content\/uploads\/2020\/08\/abri-voiture-semi-ferm\u00e9-compressed-600x338.jpg 600w, https:\/\/www.deco-charpente.fr\/wp-content\/uploads\/2020\/08\/abri-voiture-semi-ferm\u00e9-compressed-800x450.jpg 800w, https:\/\/www.deco-charpente.fr\/wp-content\/uploads\/2020\/08\/abri-voiture-semi-ferm\u00e9-compressed-1200x675.jpg 1200w, https:\/\/www.deco-charpente.fr\/wp-content\/uploads\/2020\/08\/abri-voiture-semi-ferm\u00e9-compressed.jpg 1920w\" sizes=\"(max-width: 1024px) 100vw, (max-width: 640px) 100vw, 600px\" \/><\/a><\/span><\/div><div class=\"fusion-text fusion-text-755 tags\" style=\"transform:translate3d(0,0,0);\"><p>Carport<\/p>\n<\/div><div class=\"fusion-text fusion-text-756 description\" style=\"transform:translate3d(0,0,0);\"><p>Semi-closed carport<\/p>\n<\/div><\/div><\/div><style type=\"text\/css\">.fusion-body .fusion-builder-column-378{width:25% !important;margin-top : 0px;margin-bottom : 20px;}.fusion-builder-column-378 > .fusion-column-wrapper {padding-top : 0px !important;padding-right : 0px !important;margin-right : 7.68%;padding-bottom : 0px !important;padding-left : 0px !important;margin-left : 7.68%;}@media only screen and (max-width:1024px) {.fusion-body .fusion-builder-column-378{width:100% !important;order : 0;}.fusion-builder-column-378 > .fusion-column-wrapper {margin-right : 1.92%;margin-left : 1.92%;}}@media only screen and (max-width:640px) {.fusion-body .fusion-builder-column-378{width:100% !important;order : 0;}.fusion-builder-column-378 > .fusion-column-wrapper {margin-right : 1.92%;margin-left : 1.92%;}}<\/style><div class=\"fusion-layout-column fusion_builder_column fusion-builder-column-379 fusion_builder_column_1_4 1_4 fusion-flex-column img-to-filter\"><div class=\"fusion-column-wrapper fusion-flex-justify-content-flex-start fusion-content-layout-column\" style=\"background-position:left top;background-repeat:no-repeat;-webkit-background-size:cover;-moz-background-size:cover;-o-background-size:cover;background-size:cover;padding: 0px 0px 0px 0px;\"><div ><span class=\"fusion-imageframe imageframe-none imageframe-379 hover-type-none\"><a href=\"https:\/\/www.deco-charpente.fr\/wp-content\/uploads\/2020\/08\/abri-voiture-mixte-6-compressed.jpg\" class=\"fusion-lightbox\" data-rel=\"iLightbox[gallery-image]\" data-title=\"abri voiture mixte 6-compressed\" title=\"mixed carport 6-compressed\"><img decoding=\"async\" width=\"1920\" height=\"1440\" src=\"https:\/\/www.deco-charpente.fr\/wp-content\/uploads\/2020\/08\/abri-voiture-mixte-6-compressed.jpg\" class=\"img-responsive wp-image-2163\" srcset=\"https:\/\/www.deco-charpente.fr\/wp-content\/uploads\/2020\/08\/abri-voiture-mixte-6-compressed-200x150.jpg 200w, https:\/\/www.deco-charpente.fr\/wp-content\/uploads\/2020\/08\/abri-voiture-mixte-6-compressed-400x300.jpg 400w, https:\/\/www.deco-charpente.fr\/wp-content\/uploads\/2020\/08\/abri-voiture-mixte-6-compressed-600x450.jpg 600w, https:\/\/www.deco-charpente.fr\/wp-content\/uploads\/2020\/08\/abri-voiture-mixte-6-compressed-800x600.jpg 800w, https:\/\/www.deco-charpente.fr\/wp-content\/uploads\/2020\/08\/abri-voiture-mixte-6-compressed-1200x900.jpg 1200w, https:\/\/www.deco-charpente.fr\/wp-content\/uploads\/2020\/08\/abri-voiture-mixte-6-compressed.jpg 1920w\" sizes=\"(max-width: 1024px) 100vw, (max-width: 640px) 100vw, 600px\" \/><\/a><\/span><\/div><div class=\"fusion-text fusion-text-757 tags\" style=\"transform:translate3d(0,0,0);\"><p>Carport<\/p>\n<\/div><div class=\"fusion-text fusion-text-758 description\" style=\"transform:translate3d(0,0,0);\"><p>Mixed car shelter<\/p>\n<\/div><\/div><\/div><style type=\"text\/css\">.fusion-body .fusion-builder-column-379{width:25% !important;margin-top : 0px;margin-bottom : 20px;}.fusion-builder-column-379 > .fusion-column-wrapper {padding-top : 0px !important;padding-right : 0px !important;margin-right : 7.68%;padding-bottom : 0px !important;padding-left : 0px !important;margin-left : 7.68%;}@media only screen and (max-width:1024px) {.fusion-body .fusion-builder-column-379{width:100% !important;order : 0;}.fusion-builder-column-379 > .fusion-column-wrapper {margin-right : 1.92%;margin-left : 1.92%;}}@media only screen and (max-width:640px) {.fusion-body .fusion-builder-column-379{width:100% !important;order : 0;}.fusion-builder-column-379 > .fusion-column-wrapper {margin-right : 1.92%;margin-left : 1.92%;}}<\/style><div class=\"fusion-layout-column fusion_builder_column fusion-builder-column-380 fusion_builder_column_1_4 1_4 fusion-flex-column img-to-filter\"><div class=\"fusion-column-wrapper fusion-flex-justify-content-flex-start fusion-content-layout-column\" style=\"background-position:left top;background-repeat:no-repeat;-webkit-background-size:cover;-moz-background-size:cover;-o-background-size:cover;background-size:cover;padding: 0px 0px 0px 0px;\"><div ><span class=\"fusion-imageframe imageframe-none imageframe-380 hover-type-none\"><a href=\"https:\/\/www.deco-charpente.fr\/wp-content\/uploads\/2020\/08\/abri-voiture-mixte-5-compressed.jpg\" class=\"fusion-lightbox\" data-rel=\"iLightbox[gallery-image]\" data-title=\"abri voiture mixte 5-compressed\" title=\"5-compressed mixed carport\"><img decoding=\"async\" width=\"1920\" height=\"1080\" src=\"https:\/\/www.deco-charpente.fr\/wp-content\/uploads\/2020\/08\/abri-voiture-mixte-5-compressed.jpg\" class=\"img-responsive wp-image-2165\" srcset=\"https:\/\/www.deco-charpente.fr\/wp-content\/uploads\/2020\/08\/abri-voiture-mixte-5-compressed-200x113.jpg 200w, https:\/\/www.deco-charpente.fr\/wp-content\/uploads\/2020\/08\/abri-voiture-mixte-5-compressed-400x225.jpg 400w, https:\/\/www.deco-charpente.fr\/wp-content\/uploads\/2020\/08\/abri-voiture-mixte-5-compressed-600x338.jpg 600w, https:\/\/www.deco-charpente.fr\/wp-content\/uploads\/2020\/08\/abri-voiture-mixte-5-compressed-800x450.jpg 800w, https:\/\/www.deco-charpente.fr\/wp-content\/uploads\/2020\/08\/abri-voiture-mixte-5-compressed-1200x675.jpg 1200w, https:\/\/www.deco-charpente.fr\/wp-content\/uploads\/2020\/08\/abri-voiture-mixte-5-compressed.jpg 1920w\" sizes=\"(max-width: 1024px) 100vw, (max-width: 640px) 100vw, 600px\" \/><\/a><\/span><\/div><div class=\"fusion-text fusion-text-759 tags\" style=\"transform:translate3d(0,0,0);\"><p>Carport<\/p>\n<\/div><div class=\"fusion-text fusion-text-760 description\" style=\"transform:translate3d(0,0,0);\"><p>Mixed car shelter<\/p>\n<\/div><\/div><\/div><style type=\"text\/css\">.fusion-body .fusion-builder-column-380{width:25% !important;margin-top : 0px;margin-bottom : 20px;}.fusion-builder-column-380 > .fusion-column-wrapper {padding-top : 0px !important;padding-right : 0px !important;margin-right : 7.68%;padding-bottom : 0px !important;padding-left : 0px !important;margin-left : 7.68%;}@media only screen and (max-width:1024px) {.fusion-body .fusion-builder-column-380{width:100% !important;order : 0;}.fusion-builder-column-380 > .fusion-column-wrapper {margin-right : 1.92%;margin-left : 1.92%;}}@media only screen and (max-width:640px) {.fusion-body .fusion-builder-column-380{width:100% !important;order : 0;}.fusion-builder-column-380 > .fusion-column-wrapper {margin-right : 1.92%;margin-left : 1.92%;}}<\/style><div class=\"fusion-layout-column fusion_builder_column fusion-builder-column-381 fusion_builder_column_1_4 1_4 fusion-flex-column img-to-filter\"><div class=\"fusion-column-wrapper fusion-flex-justify-content-flex-start fusion-content-layout-column\" style=\"background-position:left top;background-repeat:no-repeat;-webkit-background-size:cover;-moz-background-size:cover;-o-background-size:cover;background-size:cover;padding: 0px 0px 0px 0px;\"><div ><span class=\"fusion-imageframe imageframe-none imageframe-381 hover-type-none\"><a href=\"https:\/\/www.deco-charpente.fr\/wp-content\/uploads\/2020\/08\/abri-voiture-mixte-3-compressed.jpg\" class=\"fusion-lightbox\" data-rel=\"iLightbox[gallery-image]\" data-title=\"abri voiture mixte 3-compressed\" title=\"3-compressed mixed carport\"><img decoding=\"async\" width=\"1920\" height=\"1080\" src=\"https:\/\/www.deco-charpente.fr\/wp-content\/uploads\/2020\/08\/abri-voiture-mixte-3-compressed.jpg\" class=\"img-responsive wp-image-2166\" srcset=\"https:\/\/www.deco-charpente.fr\/wp-content\/uploads\/2020\/08\/abri-voiture-mixte-3-compressed-200x113.jpg 200w, https:\/\/www.deco-charpente.fr\/wp-content\/uploads\/2020\/08\/abri-voiture-mixte-3-compressed-400x225.jpg 400w, https:\/\/www.deco-charpente.fr\/wp-content\/uploads\/2020\/08\/abri-voiture-mixte-3-compressed-600x338.jpg 600w, https:\/\/www.deco-charpente.fr\/wp-content\/uploads\/2020\/08\/abri-voiture-mixte-3-compressed-800x450.jpg 800w, https:\/\/www.deco-charpente.fr\/wp-content\/uploads\/2020\/08\/abri-voiture-mixte-3-compressed-1200x675.jpg 1200w, https:\/\/www.deco-charpente.fr\/wp-content\/uploads\/2020\/08\/abri-voiture-mixte-3-compressed.jpg 1920w\" sizes=\"(max-width: 1024px) 100vw, (max-width: 640px) 100vw, 600px\" \/><\/a><\/span><\/div><div class=\"fusion-text fusion-text-761 tags\" style=\"transform:translate3d(0,0,0);\"><p>Carport<\/p>\n<\/div><div class=\"fusion-text fusion-text-762 description\" style=\"transform:translate3d(0,0,0);\"><p>Mixed car shelter<\/p>\n<\/div><\/div><\/div><style type=\"text\/css\">.fusion-body .fusion-builder-column-381{width:25% !important;margin-top : 0px;margin-bottom : 20px;}.fusion-builder-column-381 > .fusion-column-wrapper {padding-top : 0px !important;padding-right : 0px !important;margin-right : 7.68%;padding-bottom : 0px !important;padding-left : 0px !important;margin-left : 7.68%;}@media only screen and (max-width:1024px) {.fusion-body .fusion-builder-column-381{width:100% !important;order : 0;}.fusion-builder-column-381 > .fusion-column-wrapper {margin-right : 1.92%;margin-left : 1.92%;}}@media only screen and (max-width:640px) {.fusion-body .fusion-builder-column-381{width:100% !important;order : 0;}.fusion-builder-column-381 > .fusion-column-wrapper {margin-right : 1.92%;margin-left : 1.92%;}}<\/style><div class=\"fusion-layout-column fusion_builder_column fusion-builder-column-382 fusion_builder_column_1_4 1_4 fusion-flex-column img-to-filter\"><div class=\"fusion-column-wrapper fusion-flex-justify-content-flex-start fusion-content-layout-column\" style=\"background-position:left top;background-repeat:no-repeat;-webkit-background-size:cover;-moz-background-size:cover;-o-background-size:cover;background-size:cover;padding: 0px 0px 0px 0px;\"><div ><span class=\"fusion-imageframe imageframe-none imageframe-382 hover-type-none\"><a href=\"https:\/\/www.deco-charpente.fr\/wp-content\/uploads\/2024\/04\/Abri-avec-bardage-C2.jpg\" class=\"fusion-lightbox\" data-rel=\"iLightbox[gallery-image]\" data-title=\"Abri avec bardage C2\" title=\"Shelter with C2 cladding\"><img decoding=\"async\" width=\"1776\" height=\"1020\" src=\"https:\/\/www.deco-charpente.fr\/wp-content\/uploads\/2024\/04\/Abri-avec-bardage-C2.jpg\" class=\"img-responsive wp-image-10498\" srcset=\"https:\/\/www.deco-charpente.fr\/wp-content\/uploads\/2024\/04\/Abri-avec-bardage-C2-200x115.jpg 200w, https:\/\/www.deco-charpente.fr\/wp-content\/uploads\/2024\/04\/Abri-avec-bardage-C2-400x230.jpg 400w, https:\/\/www.deco-charpente.fr\/wp-content\/uploads\/2024\/04\/Abri-avec-bardage-C2-600x345.jpg 600w, https:\/\/www.deco-charpente.fr\/wp-content\/uploads\/2024\/04\/Abri-avec-bardage-C2-800x459.jpg 800w, https:\/\/www.deco-charpente.fr\/wp-content\/uploads\/2024\/04\/Abri-avec-bardage-C2-1200x689.jpg 1200w, https:\/\/www.deco-charpente.fr\/wp-content\/uploads\/2024\/04\/Abri-avec-bardage-C2.jpg 1776w\" sizes=\"(max-width: 1024px) 100vw, (max-width: 640px) 100vw, 600px\" \/><\/a><\/span><\/div><div class=\"fusion-text fusion-text-763 tags\" style=\"transform:translate3d(0,0,0);\"><p>Carport<\/p>\n<\/div><div class=\"fusion-text fusion-text-764 description\" style=\"transform:translate3d(0,0,0);\"><p>Carport with cladding<\/p>\n<\/div><\/div><\/div><style type=\"text\/css\">.fusion-body .fusion-builder-column-382{width:25% !important;margin-top : 0px;margin-bottom : 20px;}.fusion-builder-column-382 > .fusion-column-wrapper {padding-top : 0px !important;padding-right : 0px !important;margin-right : 7.68%;padding-bottom : 0px !important;padding-left : 0px !important;margin-left : 7.68%;}@media only screen and (max-width:1024px) {.fusion-body .fusion-builder-column-382{width:100% !important;order : 0;}.fusion-builder-column-382 > .fusion-column-wrapper {margin-right : 1.92%;margin-left : 1.92%;}}@media only screen and (max-width:640px) {.fusion-body .fusion-builder-column-382{width:100% !important;order : 0;}.fusion-builder-column-382 > .fusion-column-wrapper {margin-right : 1.92%;margin-left : 1.92%;}}<\/style><div class=\"fusion-layout-column fusion_builder_column fusion-builder-column-383 fusion_builder_column_1_4 1_4 fusion-flex-column img-to-filter\"><div class=\"fusion-column-wrapper fusion-flex-justify-content-flex-start fusion-content-layout-column\" style=\"background-position:left top;background-repeat:no-repeat;-webkit-background-size:cover;-moz-background-size:cover;-o-background-size:cover;background-size:cover;padding: 0px 0px 0px 0px;\"><div ><span class=\"fusion-imageframe imageframe-none imageframe-383 hover-type-none\"><a href=\"https:\/\/www.deco-charpente.fr\/wp-content\/uploads\/2024\/03\/Abri-avec-bardage.jpg\" class=\"fusion-lightbox\" data-rel=\"iLightbox[gallery-image]\" data-title=\"Abri avec bardage\" title=\"Shelter with cladding\"><img decoding=\"async\" width=\"2049\" height=\"1536\" src=\"https:\/\/www.deco-charpente.fr\/wp-content\/uploads\/2024\/03\/Abri-avec-bardage.jpg\" class=\"img-responsive wp-image-10059\" srcset=\"https:\/\/www.deco-charpente.fr\/wp-content\/uploads\/2024\/03\/Abri-avec-bardage-200x150.jpg 200w, https:\/\/www.deco-charpente.fr\/wp-content\/uploads\/2024\/03\/Abri-avec-bardage-400x300.jpg 400w, https:\/\/www.deco-charpente.fr\/wp-content\/uploads\/2024\/03\/Abri-avec-bardage-600x450.jpg 600w, https:\/\/www.deco-charpente.fr\/wp-content\/uploads\/2024\/03\/Abri-avec-bardage-800x600.jpg 800w, https:\/\/www.deco-charpente.fr\/wp-content\/uploads\/2024\/03\/Abri-avec-bardage-1200x900.jpg 1200w, https:\/\/www.deco-charpente.fr\/wp-content\/uploads\/2024\/03\/Abri-avec-bardage.jpg 2049w\" sizes=\"(max-width: 1024px) 100vw, (max-width: 640px) 100vw, 600px\" \/><\/a><\/span><\/div><div class=\"fusion-text fusion-text-765 tags\" style=\"transform:translate3d(0,0,0);\"><p>Carport<\/p>\n<\/div><div class=\"fusion-text fusion-text-766 description\" style=\"transform:translate3d(0,0,0);\"><p>Carport with cladding<\/p>\n<\/div><\/div><\/div><style type=\"text\/css\">.fusion-body .fusion-builder-column-383{width:25% !important;margin-top : 0px;margin-bottom : 20px;}.fusion-builder-column-383 > .fusion-column-wrapper {padding-top : 0px !important;padding-right : 0px !important;margin-right : 7.68%;padding-bottom : 0px !important;padding-left : 0px !important;margin-left : 7.68%;}@media only screen and (max-width:1024px) {.fusion-body .fusion-builder-column-383{width:100% !important;order : 0;}.fusion-builder-column-383 > .fusion-column-wrapper {margin-right : 1.92%;margin-left : 1.92%;}}@media only screen and (max-width:640px) {.fusion-body .fusion-builder-column-383{width:100% !important;order : 0;}.fusion-builder-column-383 > .fusion-column-wrapper {margin-right : 1.92%;margin-left : 1.92%;}}<\/style><div class=\"fusion-layout-column fusion_builder_column fusion-builder-column-384 fusion_builder_column_1_4 1_4 fusion-flex-column img-to-filter\"><div class=\"fusion-column-wrapper fusion-flex-justify-content-flex-start fusion-content-layout-column\" style=\"background-position:left top;background-repeat:no-repeat;-webkit-background-size:cover;-moz-background-size:cover;-o-background-size:cover;background-size:cover;padding: 0px 0px 0px 0px;\"><div ><span class=\"fusion-imageframe imageframe-none imageframe-384 hover-type-none\"><a href=\"https:\/\/www.deco-charpente.fr\/wp-content\/uploads\/2020\/08\/abri-voiture-avec-bardage-3-c\u00f4t\u00e9s-compressed.jpg\" class=\"fusion-lightbox\" data-rel=\"iLightbox[gallery-image]\" data-title=\"abri voiture avec bardage 3 c\u00f4t\u00e9s-compressed\" title=\"carport with 3-sided cladding-compressed\"><img decoding=\"async\" width=\"1920\" height=\"1080\" src=\"https:\/\/www.deco-charpente.fr\/wp-content\/uploads\/2020\/08\/abri-voiture-avec-bardage-3-c\u00f4t\u00e9s-compressed.jpg\" class=\"img-responsive wp-image-2167\" srcset=\"https:\/\/www.deco-charpente.fr\/wp-content\/uploads\/2020\/08\/abri-voiture-avec-bardage-3-c\u00f4t\u00e9s-compressed-200x113.jpg 200w, https:\/\/www.deco-charpente.fr\/wp-content\/uploads\/2020\/08\/abri-voiture-avec-bardage-3-c\u00f4t\u00e9s-compressed-400x225.jpg 400w, https:\/\/www.deco-charpente.fr\/wp-content\/uploads\/2020\/08\/abri-voiture-avec-bardage-3-c\u00f4t\u00e9s-compressed-600x338.jpg 600w, https:\/\/www.deco-charpente.fr\/wp-content\/uploads\/2020\/08\/abri-voiture-avec-bardage-3-c\u00f4t\u00e9s-compressed-800x450.jpg 800w, https:\/\/www.deco-charpente.fr\/wp-content\/uploads\/2020\/08\/abri-voiture-avec-bardage-3-c\u00f4t\u00e9s-compressed-1200x675.jpg 1200w, https:\/\/www.deco-charpente.fr\/wp-content\/uploads\/2020\/08\/abri-voiture-avec-bardage-3-c\u00f4t\u00e9s-compressed.jpg 1920w\" sizes=\"(max-width: 1024px) 100vw, (max-width: 640px) 100vw, 600px\" \/><\/a><\/span><\/div><div class=\"fusion-text fusion-text-767 tags\" style=\"transform:translate3d(0,0,0);\"><p>Carport<\/p>\n<\/div><div class=\"fusion-text fusion-text-768 description\" style=\"transform:translate3d(0,0,0);\"><p>Carport with 3-sided cladding<\/p>\n<\/div><\/div><\/div><style type=\"text\/css\">.fusion-body .fusion-builder-column-384{width:25% !important;margin-top : 0px;margin-bottom : 20px;}.fusion-builder-column-384 > .fusion-column-wrapper {padding-top : 0px !important;padding-right : 0px !important;margin-right : 7.68%;padding-bottom : 0px !important;padding-left : 0px !important;margin-left : 7.68%;}@media only screen and (max-width:1024px) {.fusion-body .fusion-builder-column-384{width:100% !important;order : 0;}.fusion-builder-column-384 > .fusion-column-wrapper {margin-right : 1.92%;margin-left : 1.92%;}}@media only screen and (max-width:640px) {.fusion-body .fusion-builder-column-384{width:100% !important;order : 0;}.fusion-builder-column-384 > .fusion-column-wrapper {margin-right : 1.92%;margin-left : 1.92%;}}<\/style><div class=\"fusion-layout-column fusion_builder_column fusion-builder-column-385 fusion_builder_column_1_4 1_4 fusion-flex-column img-to-filter\"><div class=\"fusion-column-wrapper fusion-flex-justify-content-flex-start fusion-content-layout-column\" style=\"background-position:left top;background-repeat:no-repeat;-webkit-background-size:cover;-moz-background-size:cover;-o-background-size:cover;background-size:cover;padding: 0px 0px 0px 0px;\"><div ><span class=\"fusion-imageframe imageframe-none imageframe-385 hover-type-none\"><a href=\"https:\/\/www.deco-charpente.fr\/wp-content\/uploads\/2020\/08\/abri-voiture-adoss\u00e9-au-garage-compressed.jpg\" class=\"fusion-lightbox\" data-rel=\"iLightbox[gallery-image]\" data-title=\"abri voiture adoss\u00e9 au garage-compressed\" title=\"carport attached to the garage-compressed\"><img decoding=\"async\" width=\"1920\" height=\"1080\" src=\"https:\/\/www.deco-charpente.fr\/wp-content\/uploads\/2020\/08\/abri-voiture-adoss\u00e9-au-garage-compressed.jpg\" class=\"img-responsive wp-image-2168\" srcset=\"https:\/\/www.deco-charpente.fr\/wp-content\/uploads\/2020\/08\/abri-voiture-adoss\u00e9-au-garage-compressed-200x113.jpg 200w, https:\/\/www.deco-charpente.fr\/wp-content\/uploads\/2020\/08\/abri-voiture-adoss\u00e9-au-garage-compressed-400x225.jpg 400w, https:\/\/www.deco-charpente.fr\/wp-content\/uploads\/2020\/08\/abri-voiture-adoss\u00e9-au-garage-compressed-600x338.jpg 600w, https:\/\/www.deco-charpente.fr\/wp-content\/uploads\/2020\/08\/abri-voiture-adoss\u00e9-au-garage-compressed-800x450.jpg 800w, https:\/\/www.deco-charpente.fr\/wp-content\/uploads\/2020\/08\/abri-voiture-adoss\u00e9-au-garage-compressed-1200x675.jpg 1200w, https:\/\/www.deco-charpente.fr\/wp-content\/uploads\/2020\/08\/abri-voiture-adoss\u00e9-au-garage-compressed.jpg 1920w\" sizes=\"(max-width: 1024px) 100vw, (max-width: 640px) 100vw, 600px\" \/><\/a><\/span><\/div><div class=\"fusion-text fusion-text-769 tags\" style=\"transform:translate3d(0,0,0);\"><p>Carport<\/p>\n<\/div><div class=\"fusion-text fusion-text-770 description\" style=\"transform:translate3d(0,0,0);\"><p>Carport attached to the garage<\/p>\n<\/div><\/div><\/div><style type=\"text\/css\">.fusion-body .fusion-builder-column-385{width:25% !important;margin-top : 0px;margin-bottom : 20px;}.fusion-builder-column-385 > .fusion-column-wrapper {padding-top : 0px !important;padding-right : 0px !important;margin-right : 7.68%;padding-bottom : 0px !important;padding-left : 0px !important;margin-left : 7.68%;}@media only screen and (max-width:1024px) {.fusion-body .fusion-builder-column-385{width:100% !important;order : 0;}.fusion-builder-column-385 > .fusion-column-wrapper {margin-right : 1.92%;margin-left : 1.92%;}}@media only screen and (max-width:640px) {.fusion-body .fusion-builder-column-385{width:100% !important;order : 0;}.fusion-builder-column-385 > .fusion-column-wrapper {margin-right : 1.92%;margin-left : 1.92%;}}<\/style><div class=\"fusion-layout-column fusion_builder_column fusion-builder-column-386 fusion_builder_column_1_4 1_4 fusion-flex-column img-to-filter\"><div class=\"fusion-column-wrapper fusion-flex-justify-content-flex-start fusion-content-layout-column\" style=\"background-position:left top;background-repeat:no-repeat;-webkit-background-size:cover;-moz-background-size:cover;-o-background-size:cover;background-size:cover;padding: 0px 0px 0px 0px;\"><div ><span class=\"fusion-imageframe imageframe-none imageframe-386 hover-type-none\"><a href=\"https:\/\/www.deco-charpente.fr\/wp-content\/uploads\/2020\/08\/abri-voiture-2-pentes-sur-dalle-b\u00e9ton-compressed.jpg\" class=\"fusion-lightbox\" data-rel=\"iLightbox[gallery-image]\" data-title=\"abri voiture 2 pentes sur dalle b\u00e9ton-compressed\" title=\"2-slope carport on compressed concrete slab\"><img decoding=\"async\" width=\"1920\" height=\"1080\" src=\"https:\/\/www.deco-charpente.fr\/wp-content\/uploads\/2020\/08\/abri-voiture-2-pentes-sur-dalle-b\u00e9ton-compressed.jpg\" class=\"img-responsive wp-image-2170\" srcset=\"https:\/\/www.deco-charpente.fr\/wp-content\/uploads\/2020\/08\/abri-voiture-2-pentes-sur-dalle-b\u00e9ton-compressed-200x113.jpg 200w, https:\/\/www.deco-charpente.fr\/wp-content\/uploads\/2020\/08\/abri-voiture-2-pentes-sur-dalle-b\u00e9ton-compressed-400x225.jpg 400w, https:\/\/www.deco-charpente.fr\/wp-content\/uploads\/2020\/08\/abri-voiture-2-pentes-sur-dalle-b\u00e9ton-compressed-600x338.jpg 600w, https:\/\/www.deco-charpente.fr\/wp-content\/uploads\/2020\/08\/abri-voiture-2-pentes-sur-dalle-b\u00e9ton-compressed-800x450.jpg 800w, https:\/\/www.deco-charpente.fr\/wp-content\/uploads\/2020\/08\/abri-voiture-2-pentes-sur-dalle-b\u00e9ton-compressed-1200x675.jpg 1200w, https:\/\/www.deco-charpente.fr\/wp-content\/uploads\/2020\/08\/abri-voiture-2-pentes-sur-dalle-b\u00e9ton-compressed.jpg 1920w\" sizes=\"(max-width: 1024px) 100vw, (max-width: 640px) 100vw, 600px\" \/><\/a><\/span><\/div><div class=\"fusion-text fusion-text-771 tags\" style=\"transform:translate3d(0,0,0);\"><p>Carport<\/p>\n<\/div><div class=\"fusion-text fusion-text-772 description\" style=\"transform:translate3d(0,0,0);\"><p>2 slope carport on concrete slab<\/p>\n<\/div><\/div><\/div><style type=\"text\/css\">.fusion-body .fusion-builder-column-386{width:25% !important;margin-top : 0px;margin-bottom : 20px;}.fusion-builder-column-386 > .fusion-column-wrapper {padding-top : 0px !important;padding-right : 0px !important;margin-right : 7.68%;padding-bottom : 0px !important;padding-left : 0px !important;margin-left : 7.68%;}@media only screen and (max-width:1024px) {.fusion-body .fusion-builder-column-386{width:100% !important;order : 0;}.fusion-builder-column-386 > .fusion-column-wrapper {margin-right : 1.92%;margin-left : 1.92%;}}@media only screen and (max-width:640px) {.fusion-body .fusion-builder-column-386{width:100% !important;order : 0;}.fusion-builder-column-386 > .fusion-column-wrapper {margin-right : 1.92%;margin-left : 1.92%;}}<\/style><div class=\"fusion-layout-column fusion_builder_column fusion-builder-column-387 fusion_builder_column_1_4 1_4 fusion-flex-column img-to-filter\"><div class=\"fusion-column-wrapper fusion-flex-justify-content-flex-start fusion-content-layout-column\" style=\"background-position:left top;background-repeat:no-repeat;-webkit-background-size:cover;-moz-background-size:cover;-o-background-size:cover;background-size:cover;padding: 0px 0px 0px 0px;\"><div ><span class=\"fusion-imageframe imageframe-none imageframe-387 hover-type-none\"><a href=\"https:\/\/www.deco-charpente.fr\/wp-content\/uploads\/2020\/08\/abri-voiture-liens-incurv\u00e9s.jpg\" class=\"fusion-lightbox\" data-rel=\"iLightbox[gallery-image]\" data-title=\"abri voiture liens incurv\u00e9s\" title=\"carport curved links\"><img decoding=\"async\" width=\"1040\" height=\"584\" src=\"https:\/\/www.deco-charpente.fr\/wp-content\/uploads\/2020\/08\/abri-voiture-liens-incurv\u00e9s.jpg\" class=\"img-responsive wp-image-2171\" srcset=\"https:\/\/www.deco-charpente.fr\/wp-content\/uploads\/2020\/08\/abri-voiture-liens-incurv\u00e9s-200x112.jpg 200w, https:\/\/www.deco-charpente.fr\/wp-content\/uploads\/2020\/08\/abri-voiture-liens-incurv\u00e9s-400x225.jpg 400w, https:\/\/www.deco-charpente.fr\/wp-content\/uploads\/2020\/08\/abri-voiture-liens-incurv\u00e9s-600x337.jpg 600w, https:\/\/www.deco-charpente.fr\/wp-content\/uploads\/2020\/08\/abri-voiture-liens-incurv\u00e9s-800x449.jpg 800w, https:\/\/www.deco-charpente.fr\/wp-content\/uploads\/2020\/08\/abri-voiture-liens-incurv\u00e9s.jpg 1040w\" sizes=\"(max-width: 1024px) 100vw, (max-width: 640px) 100vw, 600px\" \/><\/a><\/span><\/div><div class=\"fusion-text fusion-text-773 tags\" style=\"transform:translate3d(0,0,0);\"><p>Carport<\/p>\n<\/div><div class=\"fusion-text fusion-text-774 description\" style=\"transform:translate3d(0,0,0);\"><p>Carport curved links<\/p>\n<\/div><\/div><\/div><style type=\"text\/css\">.fusion-body .fusion-builder-column-387{width:25% !important;margin-top : 0px;margin-bottom : 20px;}.fusion-builder-column-387 > .fusion-column-wrapper {padding-top : 0px !important;padding-right : 0px !important;margin-right : 7.68%;padding-bottom : 0px !important;padding-left : 0px !important;margin-left : 7.68%;}@media only screen and (max-width:1024px) {.fusion-body .fusion-builder-column-387{width:100% !important;order : 0;}.fusion-builder-column-387 > .fusion-column-wrapper {margin-right : 1.92%;margin-left : 1.92%;}}@media only screen and (max-width:640px) {.fusion-body .fusion-builder-column-387{width:100% !important;order : 0;}.fusion-builder-column-387 > .fusion-column-wrapper {margin-right : 1.92%;margin-left : 1.92%;}}<\/style><div class=\"fusion-layout-column fusion_builder_column fusion-builder-column-388 fusion_builder_column_1_4 1_4 fusion-flex-column img-to-filter\"><div class=\"fusion-column-wrapper fusion-flex-justify-content-flex-start fusion-content-layout-column\" style=\"background-position:left top;background-repeat:no-repeat;-webkit-background-size:cover;-moz-background-size:cover;-o-background-size:cover;background-size:cover;padding: 0px 0px 0px 0px;\"><div ><span class=\"fusion-imageframe imageframe-none imageframe-388 hover-type-none\"><a href=\"https:\/\/www.deco-charpente.fr\/wp-content\/uploads\/2020\/08\/abri-voiture-double-adoss\u00e9-sur-pignon-1024x768-1.jpg\" class=\"fusion-lightbox\" data-rel=\"iLightbox[gallery-image]\" data-title=\"abri-voiture-double-adoss\u00e9-sur-pignon-1024&#215;768\" title=\"double-backed-on-gable-carport-1024\u00d7768\"><img decoding=\"async\" width=\"1024\" height=\"768\" src=\"https:\/\/www.deco-charpente.fr\/wp-content\/uploads\/2020\/08\/abri-voiture-double-adoss\u00e9-sur-pignon-1024x768-1.jpg\" class=\"img-responsive wp-image-2172\" srcset=\"https:\/\/www.deco-charpente.fr\/wp-content\/uploads\/2020\/08\/abri-voiture-double-adoss\u00e9-sur-pignon-1024x768-1-200x150.jpg 200w, https:\/\/www.deco-charpente.fr\/wp-content\/uploads\/2020\/08\/abri-voiture-double-adoss\u00e9-sur-pignon-1024x768-1-400x300.jpg 400w, https:\/\/www.deco-charpente.fr\/wp-content\/uploads\/2020\/08\/abri-voiture-double-adoss\u00e9-sur-pignon-1024x768-1-600x450.jpg 600w, https:\/\/www.deco-charpente.fr\/wp-content\/uploads\/2020\/08\/abri-voiture-double-adoss\u00e9-sur-pignon-1024x768-1-800x600.jpg 800w, https:\/\/www.deco-charpente.fr\/wp-content\/uploads\/2020\/08\/abri-voiture-double-adoss\u00e9-sur-pignon-1024x768-1.jpg 1024w\" sizes=\"(max-width: 1024px) 100vw, (max-width: 640px) 100vw, 600px\" \/><\/a><\/span><\/div><div class=\"fusion-text fusion-text-775 tags\" style=\"transform:translate3d(0,0,0);\"><p>Carport<\/p>\n<\/div><div class=\"fusion-text fusion-text-776 description\" style=\"transform:translate3d(0,0,0);\"><p>Double carport leaning on gable<\/p>\n<\/div><\/div><\/div><style type=\"text\/css\">.fusion-body .fusion-builder-column-388{width:25% !important;margin-top : 0px;margin-bottom : 20px;}.fusion-builder-column-388 > .fusion-column-wrapper {padding-top : 0px !important;padding-right : 0px !important;margin-right : 7.68%;padding-bottom : 0px !important;padding-left : 0px !important;margin-left : 7.68%;}@media only screen and (max-width:1024px) {.fusion-body .fusion-builder-column-388{width:100% !important;order : 0;}.fusion-builder-column-388 > .fusion-column-wrapper {margin-right : 1.92%;margin-left : 1.92%;}}@media only screen and (max-width:640px) {.fusion-body .fusion-builder-column-388{width:100% !important;order : 0;}.fusion-builder-column-388 > .fusion-column-wrapper {margin-right : 1.92%;margin-left : 1.92%;}}<\/style><div class=\"fusion-layout-column fusion_builder_column fusion-builder-column-389 fusion_builder_column_1_4 1_4 fusion-flex-column img-to-filter\"><div class=\"fusion-column-wrapper fusion-flex-justify-content-flex-start fusion-content-layout-column\" style=\"background-position:left top;background-repeat:no-repeat;-webkit-background-size:cover;-moz-background-size:cover;-o-background-size:cover;background-size:cover;padding: 0px 0px 0px 0px;\"><div ><span class=\"fusion-imageframe imageframe-none imageframe-389 hover-type-none\"><a href=\"https:\/\/www.deco-charpente.fr\/wp-content\/uploads\/2020\/08\/abri-voiture-4-pentes.jpg\" class=\"fusion-lightbox\" data-rel=\"iLightbox[gallery-image]\" data-title=\"abri voiture 4 pentes\" title=\"4 slope carport\"><img decoding=\"async\" width=\"1920\" height=\"1080\" src=\"https:\/\/www.deco-charpente.fr\/wp-content\/uploads\/2020\/08\/abri-voiture-4-pentes.jpg\" class=\"img-responsive wp-image-2173\" srcset=\"https:\/\/www.deco-charpente.fr\/wp-content\/uploads\/2020\/08\/abri-voiture-4-pentes-200x113.jpg 200w, https:\/\/www.deco-charpente.fr\/wp-content\/uploads\/2020\/08\/abri-voiture-4-pentes-400x225.jpg 400w, https:\/\/www.deco-charpente.fr\/wp-content\/uploads\/2020\/08\/abri-voiture-4-pentes-600x338.jpg 600w, https:\/\/www.deco-charpente.fr\/wp-content\/uploads\/2020\/08\/abri-voiture-4-pentes-800x450.jpg 800w, https:\/\/www.deco-charpente.fr\/wp-content\/uploads\/2020\/08\/abri-voiture-4-pentes-1200x675.jpg 1200w, https:\/\/www.deco-charpente.fr\/wp-content\/uploads\/2020\/08\/abri-voiture-4-pentes.jpg 1920w\" sizes=\"(max-width: 1024px) 100vw, (max-width: 640px) 100vw, 600px\" \/><\/a><\/span><\/div><div class=\"fusion-text fusion-text-777 tags\" style=\"transform:translate3d(0,0,0);\"><p>Carport<\/p>\n<\/div><div class=\"fusion-text fusion-text-778 description\" style=\"transform:translate3d(0,0,0);\"><p>4 slope carport<\/p>\n<\/div><\/div><\/div><style type=\"text\/css\">.fusion-body .fusion-builder-column-389{width:25% !important;margin-top : 0px;margin-bottom : 20px;}.fusion-builder-column-389 > .fusion-column-wrapper {padding-top : 0px !important;padding-right : 0px !important;margin-right : 7.68%;padding-bottom : 0px !important;padding-left : 0px !important;margin-left : 7.68%;}@media only screen and (max-width:1024px) {.fusion-body .fusion-builder-column-389{width:100% !important;order : 0;}.fusion-builder-column-389 > .fusion-column-wrapper {margin-right : 1.92%;margin-left : 1.92%;}}@media only screen and (max-width:640px) {.fusion-body .fusion-builder-column-389{width:100% !important;order : 0;}.fusion-builder-column-389 > .fusion-column-wrapper {margin-right : 1.92%;margin-left : 1.92%;}}<\/style><div class=\"fusion-layout-column fusion_builder_column fusion-builder-column-390 fusion_builder_column_1_4 1_4 fusion-flex-column img-to-filter\"><div class=\"fusion-column-wrapper fusion-flex-justify-content-flex-start fusion-content-layout-column\" style=\"background-position:left top;background-repeat:no-repeat;-webkit-background-size:cover;-moz-background-size:cover;-o-background-size:cover;background-size:cover;padding: 0px 0px 0px 0px;\"><div ><span class=\"fusion-imageframe imageframe-none imageframe-390 hover-type-none\"><a href=\"https:\/\/www.deco-charpente.fr\/wp-content\/uploads\/2023\/03\/Abri-toit-plat.jpg\" class=\"fusion-lightbox\" data-rel=\"iLightbox[gallery-image]\" data-title=\"Abri toit plat\" title=\"Flat roof shelter\"><img decoding=\"async\" width=\"1137\" height=\"715\" src=\"https:\/\/www.deco-charpente.fr\/wp-content\/uploads\/2023\/03\/Abri-toit-plat.jpg\" class=\"img-responsive wp-image-8455\" srcset=\"https:\/\/www.deco-charpente.fr\/wp-content\/uploads\/2023\/03\/Abri-toit-plat-200x126.jpg 200w, https:\/\/www.deco-charpente.fr\/wp-content\/uploads\/2023\/03\/Abri-toit-plat-400x252.jpg 400w, https:\/\/www.deco-charpente.fr\/wp-content\/uploads\/2023\/03\/Abri-toit-plat-600x377.jpg 600w, https:\/\/www.deco-charpente.fr\/wp-content\/uploads\/2023\/03\/Abri-toit-plat-800x503.jpg 800w, https:\/\/www.deco-charpente.fr\/wp-content\/uploads\/2023\/03\/Abri-toit-plat.jpg 1137w\" sizes=\"(max-width: 1024px) 100vw, (max-width: 640px) 100vw, 600px\" \/><\/a><\/span><\/div><div class=\"fusion-text fusion-text-779 tags\" style=\"transform:translate3d(0,0,0);\"><p>Carport<\/p>\n<\/div><div class=\"fusion-text fusion-text-780 description\" style=\"transform:translate3d(0,0,0);\"><p>Flat roof carport<\/p>\n<\/div><\/div><\/div><style type=\"text\/css\">.fusion-body .fusion-builder-column-390{width:25% !important;margin-top : 0px;margin-bottom : 20px;}.fusion-builder-column-390 > .fusion-column-wrapper {padding-top : 0px !important;padding-right : 0px !important;margin-right : 7.68%;padding-bottom : 0px !important;padding-left : 0px !important;margin-left : 7.68%;}@media only screen and (max-width:1024px) {.fusion-body .fusion-builder-column-390{width:100% !important;order : 0;}.fusion-builder-column-390 > .fusion-column-wrapper {margin-right : 1.92%;margin-left : 1.92%;}}@media only screen and (max-width:640px) {.fusion-body .fusion-builder-column-390{width:100% !important;order : 0;}.fusion-builder-column-390 > .fusion-column-wrapper {margin-right : 1.92%;margin-left : 1.92%;}}<\/style><div class=\"fusion-layout-column fusion_builder_column fusion-builder-column-391 fusion_builder_column_1_4 1_4 fusion-flex-column img-to-filter\"><div class=\"fusion-column-wrapper fusion-flex-justify-content-flex-start fusion-content-layout-column\" style=\"background-position:left top;background-repeat:no-repeat;-webkit-background-size:cover;-moz-background-size:cover;-o-background-size:cover;background-size:cover;padding: 0px 0px 0px 0px;\"><div ><span class=\"fusion-imageframe imageframe-none imageframe-391 hover-type-none\"><a href=\"https:\/\/www.deco-charpente.fr\/wp-content\/uploads\/2020\/08\/abri-voiture-toit-plat.jpg\" class=\"fusion-lightbox\" data-rel=\"iLightbox[gallery-image]\" data-title=\"abri voiture toit plat\" title=\"flat roof carport\"><img decoding=\"async\" width=\"1024\" height=\"768\" src=\"https:\/\/www.deco-charpente.fr\/wp-content\/uploads\/2020\/08\/abri-voiture-toit-plat.jpg\" class=\"img-responsive wp-image-2175\" srcset=\"https:\/\/www.deco-charpente.fr\/wp-content\/uploads\/2020\/08\/abri-voiture-toit-plat-200x150.jpg 200w, https:\/\/www.deco-charpente.fr\/wp-content\/uploads\/2020\/08\/abri-voiture-toit-plat-400x300.jpg 400w, https:\/\/www.deco-charpente.fr\/wp-content\/uploads\/2020\/08\/abri-voiture-toit-plat-600x450.jpg 600w, https:\/\/www.deco-charpente.fr\/wp-content\/uploads\/2020\/08\/abri-voiture-toit-plat-800x600.jpg 800w, https:\/\/www.deco-charpente.fr\/wp-content\/uploads\/2020\/08\/abri-voiture-toit-plat.jpg 1024w\" sizes=\"(max-width: 1024px) 100vw, (max-width: 640px) 100vw, 600px\" \/><\/a><\/span><\/div><div class=\"fusion-text fusion-text-781 tags\" style=\"transform:translate3d(0,0,0);\"><p>Carport<\/p>\n<\/div><div class=\"fusion-text fusion-text-782 description\" style=\"transform:translate3d(0,0,0);\"><p>Flat roof carport<\/p>\n<\/div><\/div><\/div><style type=\"text\/css\">.fusion-body .fusion-builder-column-391{width:25% !important;margin-top : 0px;margin-bottom : 20px;}.fusion-builder-column-391 > .fusion-column-wrapper {padding-top : 0px !important;padding-right : 0px !important;margin-right : 7.68%;padding-bottom : 0px !important;padding-left : 0px !important;margin-left : 7.68%;}@media only screen and (max-width:1024px) {.fusion-body .fusion-builder-column-391{width:100% !important;order : 0;}.fusion-builder-column-391 > .fusion-column-wrapper {margin-right : 1.92%;margin-left : 1.92%;}}@media only screen and (max-width:640px) {.fusion-body .fusion-builder-column-391{width:100% !important;order : 0;}.fusion-builder-column-391 > .fusion-column-wrapper {margin-right : 1.92%;margin-left : 1.92%;}}<\/style><div class=\"fusion-layout-column fusion_builder_column fusion-builder-column-392 fusion_builder_column_1_4 1_4 fusion-flex-column img-to-filter\"><div class=\"fusion-column-wrapper fusion-flex-justify-content-flex-start fusion-content-layout-column\" style=\"background-position:left top;background-repeat:no-repeat;-webkit-background-size:cover;-moz-background-size:cover;-o-background-size:cover;background-size:cover;padding: 0px 0px 0px 0px;\"><div ><span class=\"fusion-imageframe imageframe-none imageframe-392 hover-type-none\"><a href=\"https:\/\/www.deco-charpente.fr\/wp-content\/uploads\/2024\/02\/Abri-voiture-Rhone-3.jpg\" class=\"fusion-lightbox\" data-rel=\"iLightbox[gallery-image]\" data-title=\"Abri voiture Rhone 3\" title=\"Rhone 3 carport\"><img decoding=\"async\" width=\"1566\" height=\"1175\" src=\"https:\/\/www.deco-charpente.fr\/wp-content\/uploads\/2024\/02\/Abri-voiture-Rhone-3.jpg\" class=\"img-responsive wp-image-9621\" srcset=\"https:\/\/www.deco-charpente.fr\/wp-content\/uploads\/2024\/02\/Abri-voiture-Rhone-3-200x150.webp 200w, https:\/\/www.deco-charpente.fr\/wp-content\/uploads\/2024\/02\/Abri-voiture-Rhone-3-300x225.webp 300w, https:\/\/www.deco-charpente.fr\/wp-content\/uploads\/2024\/02\/Abri-voiture-Rhone-3-400x300.webp 400w, https:\/\/www.deco-charpente.fr\/wp-content\/uploads\/2024\/02\/Abri-voiture-Rhone-3-600x450.webp 600w, https:\/\/www.deco-charpente.fr\/wp-content\/uploads\/2024\/02\/Abri-voiture-Rhone-3-768x576.webp 768w, https:\/\/www.deco-charpente.fr\/wp-content\/uploads\/2024\/02\/Abri-voiture-Rhone-3-800x600.webp 800w, https:\/\/www.deco-charpente.fr\/wp-content\/uploads\/2024\/02\/Abri-voiture-Rhone-3-1024x768.webp 1024w, https:\/\/www.deco-charpente.fr\/wp-content\/uploads\/2024\/02\/Abri-voiture-Rhone-3-1200x900.webp 1200w, https:\/\/www.deco-charpente.fr\/wp-content\/uploads\/2024\/02\/Abri-voiture-Rhone-3-1536x1152.webp 1536w, https:\/\/www.deco-charpente.fr\/wp-content\/uploads\/2024\/02\/Abri-voiture-Rhone-3.jpg 1566w\" sizes=\"(max-width: 1024px) 100vw, (max-width: 640px) 100vw, 600px\" \/><\/a><\/span><\/div><div class=\"fusion-text fusion-text-783 tags\" style=\"transform:translate3d(0,0,0);\"><p>Carport<\/p>\n<\/div><div class=\"fusion-text fusion-text-784 description\" style=\"transform:translate3d(0,0,0);\"><p>Single-slope carport<\/p>\n<\/div><\/div><\/div><style type=\"text\/css\">.fusion-body .fusion-builder-column-392{width:25% !important;margin-top : 0px;margin-bottom : 20px;}.fusion-builder-column-392 > .fusion-column-wrapper {padding-top : 0px !important;padding-right : 0px !important;margin-right : 7.68%;padding-bottom : 0px !important;padding-left : 0px !important;margin-left : 7.68%;}@media only screen and (max-width:1024px) {.fusion-body .fusion-builder-column-392{width:100% !important;order : 0;}.fusion-builder-column-392 > .fusion-column-wrapper {margin-right : 1.92%;margin-left : 1.92%;}}@media only screen and (max-width:640px) {.fusion-body .fusion-builder-column-392{width:100% !important;order : 0;}.fusion-builder-column-392 > .fusion-column-wrapper {margin-right : 1.92%;margin-left : 1.92%;}}<\/style><div class=\"fusion-layout-column fusion_builder_column fusion-builder-column-393 fusion_builder_column_1_4 1_4 fusion-flex-column img-to-filter\"><div class=\"fusion-column-wrapper fusion-flex-justify-content-flex-start fusion-content-layout-column\" style=\"background-position:left top;background-repeat:no-repeat;-webkit-background-size:cover;-moz-background-size:cover;-o-background-size:cover;background-size:cover;padding: 0px 0px 0px 0px;\"><div ><span class=\"fusion-imageframe imageframe-none imageframe-393 hover-type-none\"><a href=\"https:\/\/www.deco-charpente.fr\/wp-content\/uploads\/2024\/03\/Abri-voiture-monopente.jpg\" class=\"fusion-lightbox\" data-rel=\"iLightbox[gallery-image]\" data-title=\"Abri voiture monopente\" title=\"Single-slope carport\"><img decoding=\"async\" width=\"2049\" height=\"1536\" src=\"https:\/\/www.deco-charpente.fr\/wp-content\/uploads\/2024\/03\/Abri-voiture-monopente.jpg\" class=\"img-responsive wp-image-10037\" srcset=\"https:\/\/www.deco-charpente.fr\/wp-content\/uploads\/2024\/03\/Abri-voiture-monopente-200x150.jpg 200w, https:\/\/www.deco-charpente.fr\/wp-content\/uploads\/2024\/03\/Abri-voiture-monopente-400x300.jpg 400w, https:\/\/www.deco-charpente.fr\/wp-content\/uploads\/2024\/03\/Abri-voiture-monopente-600x450.jpg 600w, https:\/\/www.deco-charpente.fr\/wp-content\/uploads\/2024\/03\/Abri-voiture-monopente-800x600.jpg 800w, https:\/\/www.deco-charpente.fr\/wp-content\/uploads\/2024\/03\/Abri-voiture-monopente-1200x900.jpg 1200w, https:\/\/www.deco-charpente.fr\/wp-content\/uploads\/2024\/03\/Abri-voiture-monopente.jpg 2049w\" sizes=\"(max-width: 1024px) 100vw, (max-width: 640px) 100vw, 600px\" \/><\/a><\/span><\/div><div class=\"fusion-text fusion-text-785 tags\" style=\"transform:translate3d(0,0,0);\"><p>Carport<\/p>\n<\/div><div class=\"fusion-text fusion-text-786 description\" style=\"transform:translate3d(0,0,0);\"><p>Single-slope carport<\/p>\n<\/div><\/div><\/div><style type=\"text\/css\">.fusion-body .fusion-builder-column-393{width:25% !important;margin-top : 0px;margin-bottom : 20px;}.fusion-builder-column-393 > .fusion-column-wrapper {padding-top : 0px !important;padding-right : 0px !important;margin-right : 7.68%;padding-bottom : 0px !important;padding-left : 0px !important;margin-left : 7.68%;}@media only screen and (max-width:1024px) {.fusion-body .fusion-builder-column-393{width:100% !important;order : 0;}.fusion-builder-column-393 > .fusion-column-wrapper {margin-right : 1.92%;margin-left : 1.92%;}}@media only screen and (max-width:640px) {.fusion-body .fusion-builder-column-393{width:100% !important;order : 0;}.fusion-builder-column-393 > .fusion-column-wrapper {margin-right : 1.92%;margin-left : 1.92%;}}<\/style><div class=\"fusion-layout-column fusion_builder_column fusion-builder-column-394 fusion_builder_column_1_4 1_4 fusion-flex-column img-to-filter\"><div class=\"fusion-column-wrapper fusion-flex-justify-content-flex-start fusion-content-layout-column\" style=\"background-position:left top;background-repeat:no-repeat;-webkit-background-size:cover;-moz-background-size:cover;-o-background-size:cover;background-size:cover;padding: 0px 0px 0px 0px;\"><div ><span class=\"fusion-imageframe imageframe-none imageframe-394 hover-type-none\"><a href=\"https:\/\/www.deco-charpente.fr\/wp-content\/uploads\/2020\/08\/abri-voiture-monopente.jpg\" class=\"fusion-lightbox\" data-rel=\"iLightbox[gallery-image]\" data-title=\"abri voiture monopente\" title=\"single-slope carport\"><img decoding=\"async\" width=\"1024\" height=\"768\" src=\"https:\/\/www.deco-charpente.fr\/wp-content\/uploads\/2020\/08\/abri-voiture-monopente.jpg\" class=\"img-responsive wp-image-2176\" srcset=\"https:\/\/www.deco-charpente.fr\/wp-content\/uploads\/2020\/08\/abri-voiture-monopente-200x150.jpg 200w, https:\/\/www.deco-charpente.fr\/wp-content\/uploads\/2020\/08\/abri-voiture-monopente-400x300.jpg 400w, https:\/\/www.deco-charpente.fr\/wp-content\/uploads\/2020\/08\/abri-voiture-monopente-600x450.jpg 600w, https:\/\/www.deco-charpente.fr\/wp-content\/uploads\/2020\/08\/abri-voiture-monopente-800x600.jpg 800w, https:\/\/www.deco-charpente.fr\/wp-content\/uploads\/2020\/08\/abri-voiture-monopente.jpg 1024w\" sizes=\"(max-width: 1024px) 100vw, (max-width: 640px) 100vw, 600px\" \/><\/a><\/span><\/div><div class=\"fusion-text fusion-text-787 tags\" style=\"transform:translate3d(0,0,0);\"><p>Carport<\/p>\n<\/div><div class=\"fusion-text fusion-text-788 description\" style=\"transform:translate3d(0,0,0);\"><p>Single-slope carport<\/p>\n<\/div><\/div><\/div><style type=\"text\/css\">.fusion-body .fusion-builder-column-394{width:25% !important;margin-top : 0px;margin-bottom : 20px;}.fusion-builder-column-394 > .fusion-column-wrapper {padding-top : 0px !important;padding-right : 0px !important;margin-right : 7.68%;padding-bottom : 0px !important;padding-left : 0px !important;margin-left : 7.68%;}@media only screen and (max-width:1024px) {.fusion-body .fusion-builder-column-394{width:100% !important;order : 0;}.fusion-builder-column-394 > .fusion-column-wrapper {margin-right : 1.92%;margin-left : 1.92%;}}@media only screen and (max-width:640px) {.fusion-body .fusion-builder-column-394{width:100% !important;order : 0;}.fusion-builder-column-394 > .fusion-column-wrapper {margin-right : 1.92%;margin-left : 1.92%;}}<\/style><div class=\"fusion-layout-column fusion_builder_column fusion-builder-column-395 fusion_builder_column_1_4 1_4 fusion-flex-column img-to-filter\"><div class=\"fusion-column-wrapper fusion-flex-justify-content-flex-start fusion-content-layout-column\" style=\"background-position:left top;background-repeat:no-repeat;-webkit-background-size:cover;-moz-background-size:cover;-o-background-size:cover;background-size:cover;padding: 0px 0px 0px 0px;\"><div ><span class=\"fusion-imageframe imageframe-none imageframe-395 hover-type-none\"><a href=\"https:\/\/www.deco-charpente.fr\/wp-content\/uploads\/2020\/08\/abri-voiture-2-pentes-adoss\u00e9.jpg\" class=\"fusion-lightbox\" data-rel=\"iLightbox[gallery-image]\" data-title=\"abri voiture 2 pentes adoss\u00e9\" title=\"2-sloped carport\"><img decoding=\"async\" width=\"1024\" height=\"768\" src=\"https:\/\/www.deco-charpente.fr\/wp-content\/uploads\/2020\/08\/abri-voiture-2-pentes-adoss\u00e9.jpg\" class=\"img-responsive wp-image-2178\" srcset=\"https:\/\/www.deco-charpente.fr\/wp-content\/uploads\/2020\/08\/abri-voiture-2-pentes-adoss\u00e9-200x150.jpg 200w, https:\/\/www.deco-charpente.fr\/wp-content\/uploads\/2020\/08\/abri-voiture-2-pentes-adoss\u00e9-400x300.jpg 400w, https:\/\/www.deco-charpente.fr\/wp-content\/uploads\/2020\/08\/abri-voiture-2-pentes-adoss\u00e9-600x450.jpg 600w, https:\/\/www.deco-charpente.fr\/wp-content\/uploads\/2020\/08\/abri-voiture-2-pentes-adoss\u00e9-800x600.jpg 800w, https:\/\/www.deco-charpente.fr\/wp-content\/uploads\/2020\/08\/abri-voiture-2-pentes-adoss\u00e9.jpg 1024w\" sizes=\"(max-width: 1024px) 100vw, (max-width: 640px) 100vw, 600px\" \/><\/a><\/span><\/div><div class=\"fusion-text fusion-text-789 tags\" style=\"transform:translate3d(0,0,0);\"><p>Carport<\/p>\n<\/div><div class=\"fusion-text fusion-text-790 description\" style=\"transform:translate3d(0,0,0);\"><p>Carport with 2 slopes attached<\/p>\n<\/div><\/div><\/div><style type=\"text\/css\">.fusion-body .fusion-builder-column-395{width:25% !important;margin-top : 0px;margin-bottom : 20px;}.fusion-builder-column-395 > .fusion-column-wrapper {padding-top : 0px !important;padding-right : 0px !important;margin-right : 7.68%;padding-bottom : 0px !important;padding-left : 0px !important;margin-left : 7.68%;}@media only screen and (max-width:1024px) {.fusion-body .fusion-builder-column-395{width:100% !important;order : 0;}.fusion-builder-column-395 > .fusion-column-wrapper {margin-right : 1.92%;margin-left : 1.92%;}}@media only screen and (max-width:640px) {.fusion-body .fusion-builder-column-395{width:100% !important;order : 0;}.fusion-builder-column-395 > .fusion-column-wrapper {margin-right : 1.92%;margin-left : 1.92%;}}<\/style><div class=\"fusion-layout-column fusion_builder_column fusion-builder-column-396 fusion_builder_column_1_4 1_4 fusion-flex-column img-to-filter\"><div class=\"fusion-column-wrapper fusion-flex-justify-content-flex-start fusion-content-layout-column\" style=\"background-position:left top;background-repeat:no-repeat;-webkit-background-size:cover;-moz-background-size:cover;-o-background-size:cover;background-size:cover;padding: 0px 0px 0px 0px;\"><div ><span class=\"fusion-imageframe imageframe-none imageframe-396 hover-type-none\"><a href=\"https:\/\/www.deco-charpente.fr\/wp-content\/uploads\/2023\/03\/Abri-voiture-toit-pentu.jpg\" class=\"fusion-lightbox\" data-rel=\"iLightbox[gallery-image]\" data-title=\"Abri voiture toit pentu\" title=\"Sloped roof carport\"><img decoding=\"async\" width=\"2304\" height=\"1358\" src=\"https:\/\/www.deco-charpente.fr\/wp-content\/uploads\/2023\/03\/Abri-voiture-toit-pentu.jpg\" class=\"img-responsive wp-image-8476\" srcset=\"https:\/\/www.deco-charpente.fr\/wp-content\/uploads\/2023\/03\/Abri-voiture-toit-pentu-200x118.jpg 200w, https:\/\/www.deco-charpente.fr\/wp-content\/uploads\/2023\/03\/Abri-voiture-toit-pentu-400x236.jpg 400w, https:\/\/www.deco-charpente.fr\/wp-content\/uploads\/2023\/03\/Abri-voiture-toit-pentu-600x354.jpg 600w, https:\/\/www.deco-charpente.fr\/wp-content\/uploads\/2023\/03\/Abri-voiture-toit-pentu-800x472.jpg 800w, https:\/\/www.deco-charpente.fr\/wp-content\/uploads\/2023\/03\/Abri-voiture-toit-pentu-1200x707.jpg 1200w, https:\/\/www.deco-charpente.fr\/wp-content\/uploads\/2023\/03\/Abri-voiture-toit-pentu.jpg 2304w\" sizes=\"(max-width: 1024px) 100vw, (max-width: 640px) 100vw, 600px\" \/><\/a><\/span><\/div><div class=\"fusion-text fusion-text-791 tags\" style=\"transform:translate3d(0,0,0);\"><p>Carport<\/p>\n<\/div><div class=\"fusion-text fusion-text-792 description\" style=\"transform:translate3d(0,0,0);\"><p>Single-slope carport<\/p>\n<\/div><\/div><\/div><style type=\"text\/css\">.fusion-body .fusion-builder-column-396{width:25% !important;margin-top : 0px;margin-bottom : 20px;}.fusion-builder-column-396 > .fusion-column-wrapper {padding-top : 0px !important;padding-right : 0px !important;margin-right : 7.68%;padding-bottom : 0px !important;padding-left : 0px !important;margin-left : 7.68%;}@media only screen and (max-width:1024px) {.fusion-body .fusion-builder-column-396{width:100% !important;order : 0;}.fusion-builder-column-396 > .fusion-column-wrapper {margin-right : 1.92%;margin-left : 1.92%;}}@media only screen and (max-width:640px) {.fusion-body .fusion-builder-column-396{width:100% !important;order : 0;}.fusion-builder-column-396 > .fusion-column-wrapper {margin-right : 1.92%;margin-left : 1.92%;}}<\/style><div class=\"fusion-layout-column fusion_builder_column fusion-builder-column-397 fusion_builder_column_1_4 1_4 fusion-flex-column img-to-filter\"><div class=\"fusion-column-wrapper fusion-flex-justify-content-flex-start fusion-content-layout-column\" style=\"background-position:left top;background-repeat:no-repeat;-webkit-background-size:cover;-moz-background-size:cover;-o-background-size:cover;background-size:cover;padding: 0px 0px 0px 0px;\"><div ><span class=\"fusion-imageframe imageframe-none imageframe-397 hover-type-none\"><a href=\"https:\/\/www.deco-charpente.fr\/wp-content\/uploads\/2020\/08\/abri-voiture-monopente-2.jpg\" class=\"fusion-lightbox\" data-rel=\"iLightbox[gallery-image]\" data-title=\"abri voiture monopente 2\" title=\"single-slope carport 2\"><img decoding=\"async\" width=\"1080\" height=\"1080\" src=\"https:\/\/www.deco-charpente.fr\/wp-content\/uploads\/2020\/08\/abri-voiture-monopente-2.jpg\" class=\"img-responsive wp-image-2181\" srcset=\"https:\/\/www.deco-charpente.fr\/wp-content\/uploads\/2020\/08\/abri-voiture-monopente-2-150x150.jpg 150w, https:\/\/www.deco-charpente.fr\/wp-content\/uploads\/2020\/08\/abri-voiture-monopente-2-300x300.jpg 300w, https:\/\/www.deco-charpente.fr\/wp-content\/uploads\/2020\/08\/abri-voiture-monopente-2-1024x1024.jpg 1024w, https:\/\/www.deco-charpente.fr\/wp-content\/uploads\/2020\/08\/abri-voiture-monopente-2.jpg 1080w\" sizes=\"(max-width: 1080px) 100vw, 1080px\" \/><\/a><\/span><\/div><div class=\"fusion-text fusion-text-793 tags\" style=\"transform:translate3d(0,0,0);\"><p>Carport<\/p>\n<\/div><div class=\"fusion-text fusion-text-794 description\" style=\"transform:translate3d(0,0,0);\"><p>Single-slope carport<\/p>\n<\/div><\/div><\/div><style type=\"text\/css\">.fusion-body .fusion-builder-column-397{width:25% !important;margin-top : 0px;margin-bottom : 20px;}.fusion-builder-column-397 > .fusion-column-wrapper {padding-top : 0px !important;padding-right : 0px !important;margin-right : 7.68%;padding-bottom : 0px !important;padding-left : 0px !important;margin-left : 7.68%;}@media only screen and (max-width:1024px) {.fusion-body .fusion-builder-column-397{width:100% !important;order : 0;}.fusion-builder-column-397 > .fusion-column-wrapper {margin-right : 1.92%;margin-left : 1.92%;}}@media only screen and (max-width:640px) {.fusion-body .fusion-builder-column-397{width:100% !important;order : 0;}.fusion-builder-column-397 > .fusion-column-wrapper {margin-right : 1.92%;margin-left : 1.92%;}}<\/style><div class=\"fusion-layout-column fusion_builder_column fusion-builder-column-398 fusion_builder_column_1_4 1_4 fusion-flex-column img-to-filter\"><div class=\"fusion-column-wrapper fusion-flex-justify-content-flex-start fusion-content-layout-column\" style=\"background-position:left top;background-repeat:no-repeat;-webkit-background-size:cover;-moz-background-size:cover;-o-background-size:cover;background-size:cover;padding: 0px 0px 0px 0px;\"><div ><span class=\"fusion-imageframe imageframe-none imageframe-398 hover-type-none\"><a href=\"https:\/\/www.deco-charpente.fr\/wp-content\/uploads\/2024\/09\/pool-house-bois-deco-charpente2.jpg\" class=\"fusion-lightbox\" data-rel=\"iLightbox[gallery-image]\" data-title=\"pool-house-bois-deco-charpente2\" title=\"pool-house-bois-deco-charpente2\"><img decoding=\"async\" width=\"1600\" height=\"739\" src=\"https:\/\/www.deco-charpente.fr\/wp-content\/uploads\/2024\/09\/pool-house-bois-deco-charpente2.jpg\" class=\"img-responsive wp-image-11259\" srcset=\"https:\/\/www.deco-charpente.fr\/wp-content\/uploads\/2024\/09\/pool-house-bois-deco-charpente2-200x92.jpg 200w, https:\/\/www.deco-charpente.fr\/wp-content\/uploads\/2024\/09\/pool-house-bois-deco-charpente2-400x185.jpg 400w, https:\/\/www.deco-charpente.fr\/wp-content\/uploads\/2024\/09\/pool-house-bois-deco-charpente2-600x277.jpg 600w, https:\/\/www.deco-charpente.fr\/wp-content\/uploads\/2024\/09\/pool-house-bois-deco-charpente2-800x370.jpg 800w, https:\/\/www.deco-charpente.fr\/wp-content\/uploads\/2024\/09\/pool-house-bois-deco-charpente2-1200x554.jpg 1200w, https:\/\/www.deco-charpente.fr\/wp-content\/uploads\/2024\/09\/pool-house-bois-deco-charpente2.jpg 1600w\" sizes=\"(max-width: 1024px) 100vw, (max-width: 640px) 100vw, 600px\" \/><\/a><\/span><\/div><div class=\"fusion-text fusion-text-795 tags\" style=\"transform:translate3d(0,0,0);\"><p>Pool house &amp; Kiosk<\/p>\n<\/div><div class=\"fusion-text fusion-text-796 description\" style=\"transform:translate3d(0,0,0);\"><p>Pool house with louvered wall<\/p>\n<\/div><\/div><\/div><style type=\"text\/css\">.fusion-body .fusion-builder-column-398{width:25% !important;margin-top : 0px;margin-bottom : 20px;}.fusion-builder-column-398 > .fusion-column-wrapper {padding-top : 0px !important;padding-right : 0px !important;margin-right : 7.68%;padding-bottom : 0px !important;padding-left : 0px !important;margin-left : 7.68%;}@media only screen and (max-width:1024px) {.fusion-body .fusion-builder-column-398{width:100% !important;order : 0;}.fusion-builder-column-398 > .fusion-column-wrapper {margin-right : 1.92%;margin-left : 1.92%;}}@media only screen and (max-width:640px) {.fusion-body .fusion-builder-column-398{width:100% !important;order : 0;}.fusion-builder-column-398 > .fusion-column-wrapper {margin-right : 1.92%;margin-left : 1.92%;}}<\/style><div class=\"fusion-layout-column fusion_builder_column fusion-builder-column-399 fusion_builder_column_1_4 1_4 fusion-flex-column img-to-filter\"><div class=\"fusion-column-wrapper fusion-flex-justify-content-flex-start fusion-content-layout-column\" style=\"background-position:left top;background-repeat:no-repeat;-webkit-background-size:cover;-moz-background-size:cover;-o-background-size:cover;background-size:cover;padding: 0px 0px 0px 0px;\"><div ><span class=\"fusion-imageframe imageframe-none imageframe-399 hover-type-none\"><a href=\"https:\/\/www.deco-charpente.fr\/wp-content\/uploads\/2020\/12\/Pool-house-avec-volige_-bardage_-porte_-persiennes-2-e1651581594264.jpg\" class=\"fusion-lightbox\" data-rel=\"iLightbox[gallery-image]\" data-title=\"Pool-house-avec-volige_-bardage_-porte_-persiennes-2\" title=\"Pool-house-with-roofing_-cladding_-door_-louver-2\"><img decoding=\"async\" width=\"1280\" height=\"1101\" alt=\"Pool-house-avec-volige_-bardage_-porte_-persiennes\" src=\"https:\/\/www.deco-charpente.fr\/wp-content\/uploads\/2020\/12\/Pool-house-avec-volige_-bardage_-porte_-persiennes-2-e1651581594264.jpg\" class=\"img-responsive wp-image-3911\" srcset=\"https:\/\/www.deco-charpente.fr\/wp-content\/uploads\/2020\/12\/Pool-house-avec-volige_-bardage_-porte_-persiennes-2-e1651581594264-200x172.jpg 200w, https:\/\/www.deco-charpente.fr\/wp-content\/uploads\/2020\/12\/Pool-house-avec-volige_-bardage_-porte_-persiennes-2-e1651581594264-400x344.jpg 400w, https:\/\/www.deco-charpente.fr\/wp-content\/uploads\/2020\/12\/Pool-house-avec-volige_-bardage_-porte_-persiennes-2-e1651581594264-600x516.jpg 600w, https:\/\/www.deco-charpente.fr\/wp-content\/uploads\/2020\/12\/Pool-house-avec-volige_-bardage_-porte_-persiennes-2-e1651581594264-800x688.jpg 800w, https:\/\/www.deco-charpente.fr\/wp-content\/uploads\/2020\/12\/Pool-house-avec-volige_-bardage_-porte_-persiennes-2-e1651581594264-1200x1032.jpg 1200w, https:\/\/www.deco-charpente.fr\/wp-content\/uploads\/2020\/12\/Pool-house-avec-volige_-bardage_-porte_-persiennes-2-e1651581594264.jpg 1280w\" sizes=\"(max-width: 1024px) 100vw, (max-width: 640px) 100vw, 600px\" \/><\/a><\/span><\/div><div class=\"fusion-text fusion-text-797 tags\" style=\"transform:translate3d(0,0,0);\"><p>Pool house &amp; Kiosk<\/p>\n<\/div><div class=\"fusion-text fusion-text-798 description\" style=\"transform:translate3d(0,0,0);\"><p>Pool house with batten cladding and shuttered door<\/p>\n<\/div><\/div><\/div><style type=\"text\/css\">.fusion-body .fusion-builder-column-399{width:25% !important;margin-top : 0px;margin-bottom : 20px;}.fusion-builder-column-399 > .fusion-column-wrapper {padding-top : 0px !important;padding-right : 0px !important;margin-right : 7.68%;padding-bottom : 0px !important;padding-left : 0px !important;margin-left : 7.68%;}@media only screen and (max-width:1024px) {.fusion-body .fusion-builder-column-399{width:100% !important;order : 0;}.fusion-builder-column-399 > .fusion-column-wrapper {margin-right : 1.92%;margin-left : 1.92%;}}@media only screen and (max-width:640px) {.fusion-body .fusion-builder-column-399{width:100% !important;order : 0;}.fusion-builder-column-399 > .fusion-column-wrapper {margin-right : 1.92%;margin-left : 1.92%;}}<\/style><div class=\"fusion-layout-column fusion_builder_column fusion-builder-column-400 fusion_builder_column_1_4 1_4 fusion-flex-column img-to-filter\"><div class=\"fusion-column-wrapper fusion-flex-justify-content-flex-start fusion-content-layout-column\" style=\"background-position:left top;background-repeat:no-repeat;-webkit-background-size:cover;-moz-background-size:cover;-o-background-size:cover;background-size:cover;padding: 0px 0px 0px 0px;\"><div ><span class=\"fusion-imageframe imageframe-none imageframe-400 hover-type-none\"><a href=\"https:\/\/www.deco-charpente.fr\/wp-content\/uploads\/2020\/08\/cuisine-d\u00e9t\u00e9-barbecue-int\u00e9gr\u00e9-1.jpg\" class=\"fusion-lightbox\" data-rel=\"iLightbox[gallery-image]\" data-title=\"cuisine d&rsquo;\u00e9t\u00e9 &#8211; barbecue int\u00e9gr\u00e9\" title=\"summer kitchen \u2013 integrated barbecue\"><img decoding=\"async\" width=\"749\" height=\"561\" src=\"https:\/\/www.deco-charpente.fr\/wp-content\/uploads\/2020\/08\/cuisine-d\u00e9t\u00e9-barbecue-int\u00e9gr\u00e9-1.jpg\" class=\"img-responsive wp-image-2197\" srcset=\"https:\/\/www.deco-charpente.fr\/wp-content\/uploads\/2020\/08\/cuisine-d\u00e9t\u00e9-barbecue-int\u00e9gr\u00e9-1-200x150.jpg 200w, https:\/\/www.deco-charpente.fr\/wp-content\/uploads\/2020\/08\/cuisine-d\u00e9t\u00e9-barbecue-int\u00e9gr\u00e9-1-400x300.jpg 400w, https:\/\/www.deco-charpente.fr\/wp-content\/uploads\/2020\/08\/cuisine-d\u00e9t\u00e9-barbecue-int\u00e9gr\u00e9-1-600x449.jpg 600w, https:\/\/www.deco-charpente.fr\/wp-content\/uploads\/2020\/08\/cuisine-d\u00e9t\u00e9-barbecue-int\u00e9gr\u00e9-1.jpg 749w\" sizes=\"(max-width: 1024px) 100vw, (max-width: 640px) 100vw, 600px\" \/><\/a><\/span><\/div><div class=\"fusion-text fusion-text-799 tags\" style=\"transform:translate3d(0,0,0);\"><p>Pool house &amp; Kiosk<\/p>\n<\/div><div class=\"fusion-text fusion-text-800 description\" style=\"transform:translate3d(0,0,0);\"><p>Summer kitchen \u2013 integrated barbecue<\/p>\n<\/div><\/div><\/div><style type=\"text\/css\">.fusion-body .fusion-builder-column-400{width:25% !important;margin-top : 0px;margin-bottom : 20px;}.fusion-builder-column-400 > .fusion-column-wrapper {padding-top : 0px !important;padding-right : 0px !important;margin-right : 7.68%;padding-bottom : 0px !important;padding-left : 0px !important;margin-left : 7.68%;}@media only screen and (max-width:1024px) {.fusion-body .fusion-builder-column-400{width:100% !important;order : 0;}.fusion-builder-column-400 > .fusion-column-wrapper {margin-right : 1.92%;margin-left : 1.92%;}}@media only screen and (max-width:640px) {.fusion-body .fusion-builder-column-400{width:100% !important;order : 0;}.fusion-builder-column-400 > .fusion-column-wrapper {margin-right : 1.92%;margin-left : 1.92%;}}<\/style><div class=\"fusion-layout-column fusion_builder_column fusion-builder-column-401 fusion_builder_column_1_4 1_4 fusion-flex-column img-to-filter\"><div class=\"fusion-column-wrapper fusion-flex-justify-content-flex-start fusion-content-layout-column\" style=\"background-position:left top;background-repeat:no-repeat;-webkit-background-size:cover;-moz-background-size:cover;-o-background-size:cover;background-size:cover;padding: 0px 0px 0px 0px;\"><div ><span class=\"fusion-imageframe imageframe-none imageframe-401 hover-type-none\"><a href=\"https:\/\/www.deco-charpente.fr\/wp-content\/uploads\/2020\/08\/cuisine-d\u00e9t\u00e9-au-bord-de-la-piscine.jpg\" class=\"fusion-lightbox\" data-rel=\"iLightbox[gallery-image]\" data-title=\"cuisine d&rsquo;\u00e9t\u00e9 au bord de la piscine\" title=\"summer kitchen by the pool\"><img decoding=\"async\" width=\"1024\" height=\"768\" src=\"https:\/\/www.deco-charpente.fr\/wp-content\/uploads\/2020\/08\/cuisine-d\u00e9t\u00e9-au-bord-de-la-piscine.jpg\" class=\"img-responsive wp-image-2191\" srcset=\"https:\/\/www.deco-charpente.fr\/wp-content\/uploads\/2020\/08\/cuisine-d\u00e9t\u00e9-au-bord-de-la-piscine-200x150.jpg 200w, https:\/\/www.deco-charpente.fr\/wp-content\/uploads\/2020\/08\/cuisine-d\u00e9t\u00e9-au-bord-de-la-piscine-400x300.jpg 400w, https:\/\/www.deco-charpente.fr\/wp-content\/uploads\/2020\/08\/cuisine-d\u00e9t\u00e9-au-bord-de-la-piscine-600x450.jpg 600w, https:\/\/www.deco-charpente.fr\/wp-content\/uploads\/2020\/08\/cuisine-d\u00e9t\u00e9-au-bord-de-la-piscine-800x600.jpg 800w, https:\/\/www.deco-charpente.fr\/wp-content\/uploads\/2020\/08\/cuisine-d\u00e9t\u00e9-au-bord-de-la-piscine.jpg 1024w\" sizes=\"(max-width: 1024px) 100vw, (max-width: 640px) 100vw, 600px\" \/><\/a><\/span><\/div><div class=\"fusion-text fusion-text-801 tags\" style=\"transform:translate3d(0,0,0);\"><p>Pool house &amp; Kiosk<\/p>\n<\/div><div class=\"fusion-text fusion-text-802 description\" style=\"transform:translate3d(0,0,0);\"><p>Summer kitchen by the pool<\/p>\n<\/div><\/div><\/div><style type=\"text\/css\">.fusion-body .fusion-builder-column-401{width:25% !important;margin-top : 0px;margin-bottom : 20px;}.fusion-builder-column-401 > .fusion-column-wrapper {padding-top : 0px !important;padding-right : 0px !important;margin-right : 7.68%;padding-bottom : 0px !important;padding-left : 0px !important;margin-left : 7.68%;}@media only screen and (max-width:1024px) {.fusion-body .fusion-builder-column-401{width:100% !important;order : 0;}.fusion-builder-column-401 > .fusion-column-wrapper {margin-right : 1.92%;margin-left : 1.92%;}}@media only screen and (max-width:640px) {.fusion-body .fusion-builder-column-401{width:100% !important;order : 0;}.fusion-builder-column-401 > .fusion-column-wrapper {margin-right : 1.92%;margin-left : 1.92%;}}<\/style><div class=\"fusion-layout-column fusion_builder_column fusion-builder-column-402 fusion_builder_column_1_4 1_4 fusion-flex-column img-to-filter\"><div class=\"fusion-column-wrapper fusion-flex-justify-content-flex-start fusion-content-layout-column\" style=\"background-position:left top;background-repeat:no-repeat;-webkit-background-size:cover;-moz-background-size:cover;-o-background-size:cover;background-size:cover;padding: 0px 0px 0px 0px;\"><div ><span class=\"fusion-imageframe imageframe-none imageframe-402 hover-type-none\"><a href=\"https:\/\/www.deco-charpente.fr\/wp-content\/uploads\/2020\/08\/cuisine-d\u00e9t\u00e9-et-bar-am\u00e9nag\u00e9-sur-plancher-bois.jpg\" class=\"fusion-lightbox\" data-rel=\"iLightbox[gallery-image]\" data-title=\"cuisine d&rsquo;\u00e9t\u00e9 et bar am\u00e9nag\u00e9 sur plancher bois\" title=\"summer kitchen and bar fitted out on wooden floor\"><img decoding=\"async\" width=\"1024\" height=\"768\" src=\"https:\/\/www.deco-charpente.fr\/wp-content\/uploads\/2020\/08\/cuisine-d\u00e9t\u00e9-et-bar-am\u00e9nag\u00e9-sur-plancher-bois.jpg\" class=\"img-responsive wp-image-2192\" srcset=\"https:\/\/www.deco-charpente.fr\/wp-content\/uploads\/2020\/08\/cuisine-d\u00e9t\u00e9-et-bar-am\u00e9nag\u00e9-sur-plancher-bois-200x150.jpg 200w, https:\/\/www.deco-charpente.fr\/wp-content\/uploads\/2020\/08\/cuisine-d\u00e9t\u00e9-et-bar-am\u00e9nag\u00e9-sur-plancher-bois-400x300.jpg 400w, https:\/\/www.deco-charpente.fr\/wp-content\/uploads\/2020\/08\/cuisine-d\u00e9t\u00e9-et-bar-am\u00e9nag\u00e9-sur-plancher-bois-600x450.jpg 600w, https:\/\/www.deco-charpente.fr\/wp-content\/uploads\/2020\/08\/cuisine-d\u00e9t\u00e9-et-bar-am\u00e9nag\u00e9-sur-plancher-bois-800x600.jpg 800w, https:\/\/www.deco-charpente.fr\/wp-content\/uploads\/2020\/08\/cuisine-d\u00e9t\u00e9-et-bar-am\u00e9nag\u00e9-sur-plancher-bois.jpg 1024w\" sizes=\"(max-width: 1024px) 100vw, (max-width: 640px) 100vw, 600px\" \/><\/a><\/span><\/div><div class=\"fusion-text fusion-text-803 tags\" style=\"transform:translate3d(0,0,0);\"><p>Pool house &amp; Kiosk<\/p>\n<\/div><div class=\"fusion-text fusion-text-804 description\" style=\"transform:translate3d(0,0,0);\"><p>Summer kitchen and bar fitted out on wooden floor<\/p>\n<\/div><\/div><\/div><style type=\"text\/css\">.fusion-body .fusion-builder-column-402{width:25% !important;margin-top : 0px;margin-bottom : 20px;}.fusion-builder-column-402 > .fusion-column-wrapper {padding-top : 0px !important;padding-right : 0px !important;margin-right : 7.68%;padding-bottom : 0px !important;padding-left : 0px !important;margin-left : 7.68%;}@media only screen and (max-width:1024px) {.fusion-body .fusion-builder-column-402{width:100% !important;order : 0;}.fusion-builder-column-402 > .fusion-column-wrapper {margin-right : 1.92%;margin-left : 1.92%;}}@media only screen and (max-width:640px) {.fusion-body .fusion-builder-column-402{width:100% !important;order : 0;}.fusion-builder-column-402 > .fusion-column-wrapper {margin-right : 1.92%;margin-left : 1.92%;}}<\/style><div class=\"fusion-layout-column fusion_builder_column fusion-builder-column-403 fusion_builder_column_1_4 1_4 fusion-flex-column img-to-filter\"><div class=\"fusion-column-wrapper fusion-flex-justify-content-flex-start fusion-content-layout-column\" style=\"background-position:left top;background-repeat:no-repeat;-webkit-background-size:cover;-moz-background-size:cover;-o-background-size:cover;background-size:cover;padding: 0px 0px 0px 0px;\"><div ><span class=\"fusion-imageframe imageframe-none imageframe-403 hover-type-none\"><a href=\"https:\/\/www.deco-charpente.fr\/wp-content\/uploads\/2020\/08\/kiosque-espace-sport.jpg\" class=\"fusion-lightbox\" data-rel=\"iLightbox[gallery-image]\" data-title=\"kiosque espace sport\" title=\"sports area kiosk\"><img decoding=\"async\" width=\"1440\" height=\"1080\" src=\"https:\/\/www.deco-charpente.fr\/wp-content\/uploads\/2020\/08\/kiosque-espace-sport.jpg\" class=\"img-responsive wp-image-2185\" srcset=\"https:\/\/www.deco-charpente.fr\/wp-content\/uploads\/2020\/08\/kiosque-espace-sport-200x150.jpg 200w, https:\/\/www.deco-charpente.fr\/wp-content\/uploads\/2020\/08\/kiosque-espace-sport-400x300.jpg 400w, https:\/\/www.deco-charpente.fr\/wp-content\/uploads\/2020\/08\/kiosque-espace-sport-600x450.jpg 600w, https:\/\/www.deco-charpente.fr\/wp-content\/uploads\/2020\/08\/kiosque-espace-sport-800x600.jpg 800w, https:\/\/www.deco-charpente.fr\/wp-content\/uploads\/2020\/08\/kiosque-espace-sport-1200x900.jpg 1200w, https:\/\/www.deco-charpente.fr\/wp-content\/uploads\/2020\/08\/kiosque-espace-sport.jpg 1440w\" sizes=\"(max-width: 1024px) 100vw, (max-width: 640px) 100vw, 600px\" \/><\/a><\/span><\/div><div class=\"fusion-text fusion-text-805 tags\" style=\"transform:translate3d(0,0,0);\"><p>Pool house &amp; Kiosk<\/p>\n<\/div><div class=\"fusion-text fusion-text-806 description\" style=\"transform:translate3d(0,0,0);\"><p>Sports area kiosk<\/p>\n<\/div><\/div><\/div><style type=\"text\/css\">.fusion-body .fusion-builder-column-403{width:25% !important;margin-top : 0px;margin-bottom : 20px;}.fusion-builder-column-403 > .fusion-column-wrapper {padding-top : 0px !important;padding-right : 0px !important;margin-right : 7.68%;padding-bottom : 0px !important;padding-left : 0px !important;margin-left : 7.68%;}@media only screen and (max-width:1024px) {.fusion-body .fusion-builder-column-403{width:100% !important;order : 0;}.fusion-builder-column-403 > .fusion-column-wrapper {margin-right : 1.92%;margin-left : 1.92%;}}@media only screen and (max-width:640px) {.fusion-body .fusion-builder-column-403{width:100% !important;order : 0;}.fusion-builder-column-403 > .fusion-column-wrapper {margin-right : 1.92%;margin-left : 1.92%;}}<\/style><div class=\"fusion-layout-column fusion_builder_column fusion-builder-column-404 fusion_builder_column_1_4 1_4 fusion-flex-column img-to-filter\"><div class=\"fusion-column-wrapper fusion-flex-justify-content-flex-start fusion-content-layout-column\" style=\"background-position:left top;background-repeat:no-repeat;-webkit-background-size:cover;-moz-background-size:cover;-o-background-size:cover;background-size:cover;padding: 0px 0px 0px 0px;\"><div ><span class=\"fusion-imageframe imageframe-none imageframe-404 hover-type-none\"><a href=\"https:\/\/www.deco-charpente.fr\/wp-content\/uploads\/2020\/08\/cuisine-d\u00e9t\u00e9-barbecue-int\u00e9gr\u00e9-2-1.jpg\" class=\"fusion-lightbox\" data-rel=\"iLightbox[gallery-image]\" data-title=\"cuisine d&rsquo;\u00e9t\u00e9 &#8211; barbecue int\u00e9gr\u00e9 2\" title=\"summer kitchen \u2013 built-in barbecue 2\"><img decoding=\"async\" width=\"751\" height=\"562\" src=\"https:\/\/www.deco-charpente.fr\/wp-content\/uploads\/2020\/08\/cuisine-d\u00e9t\u00e9-barbecue-int\u00e9gr\u00e9-2-1.jpg\" class=\"img-responsive wp-image-2196\" srcset=\"https:\/\/www.deco-charpente.fr\/wp-content\/uploads\/2020\/08\/cuisine-d\u00e9t\u00e9-barbecue-int\u00e9gr\u00e9-2-1-200x150.jpg 200w, https:\/\/www.deco-charpente.fr\/wp-content\/uploads\/2020\/08\/cuisine-d\u00e9t\u00e9-barbecue-int\u00e9gr\u00e9-2-1-400x299.jpg 400w, https:\/\/www.deco-charpente.fr\/wp-content\/uploads\/2020\/08\/cuisine-d\u00e9t\u00e9-barbecue-int\u00e9gr\u00e9-2-1-600x449.jpg 600w, https:\/\/www.deco-charpente.fr\/wp-content\/uploads\/2020\/08\/cuisine-d\u00e9t\u00e9-barbecue-int\u00e9gr\u00e9-2-1.jpg 751w\" sizes=\"(max-width: 1024px) 100vw, (max-width: 640px) 100vw, 600px\" \/><\/a><\/span><\/div><div class=\"fusion-text fusion-text-807 tags\" style=\"transform:translate3d(0,0,0);\"><p>Pool house &amp; Kiosk<\/p>\n<\/div><div class=\"fusion-text fusion-text-808 description\" style=\"transform:translate3d(0,0,0);\"><p>Summer kitchen \u2013 integrated barbecue<\/p>\n<\/div><\/div><\/div><style type=\"text\/css\">.fusion-body .fusion-builder-column-404{width:25% !important;margin-top : 0px;margin-bottom : 20px;}.fusion-builder-column-404 > .fusion-column-wrapper {padding-top : 0px !important;padding-right : 0px !important;margin-right : 7.68%;padding-bottom : 0px !important;padding-left : 0px !important;margin-left : 7.68%;}@media only screen and (max-width:1024px) {.fusion-body .fusion-builder-column-404{width:100% !important;order : 0;}.fusion-builder-column-404 > .fusion-column-wrapper {margin-right : 1.92%;margin-left : 1.92%;}}@media only screen and (max-width:640px) {.fusion-body .fusion-builder-column-404{width:100% !important;order : 0;}.fusion-builder-column-404 > .fusion-column-wrapper {margin-right : 1.92%;margin-left : 1.92%;}}<\/style><div class=\"fusion-layout-column fusion_builder_column fusion-builder-column-405 fusion_builder_column_1_4 1_4 fusion-flex-column img-to-filter\"><div class=\"fusion-column-wrapper fusion-flex-justify-content-flex-start fusion-content-layout-column\" style=\"background-position:left top;background-repeat:no-repeat;-webkit-background-size:cover;-moz-background-size:cover;-o-background-size:cover;background-size:cover;padding: 0px 0px 0px 0px;\"><div ><span class=\"fusion-imageframe imageframe-none imageframe-405 hover-type-none\"><a href=\"https:\/\/www.deco-charpente.fr\/wp-content\/uploads\/2020\/08\/charpente-pool-house-vue-du-dessous-2.jpg\" class=\"fusion-lightbox\" data-rel=\"iLightbox[gallery-image]\" data-title=\"charpente pool house vue du dessous\" title=\"pool house frame seen from below\"><img decoding=\"async\" width=\"749\" height=\"559\" src=\"https:\/\/www.deco-charpente.fr\/wp-content\/uploads\/2020\/08\/charpente-pool-house-vue-du-dessous-2.jpg\" class=\"img-responsive wp-image-2199\" srcset=\"https:\/\/www.deco-charpente.fr\/wp-content\/uploads\/2020\/08\/charpente-pool-house-vue-du-dessous-2-200x149.jpg 200w, https:\/\/www.deco-charpente.fr\/wp-content\/uploads\/2020\/08\/charpente-pool-house-vue-du-dessous-2-400x299.jpg 400w, https:\/\/www.deco-charpente.fr\/wp-content\/uploads\/2020\/08\/charpente-pool-house-vue-du-dessous-2-600x448.jpg 600w, https:\/\/www.deco-charpente.fr\/wp-content\/uploads\/2020\/08\/charpente-pool-house-vue-du-dessous-2.jpg 749w\" sizes=\"(max-width: 1024px) 100vw, (max-width: 640px) 100vw, 600px\" \/><\/a><\/span><\/div><div class=\"fusion-text fusion-text-809 tags\" style=\"transform:translate3d(0,0,0);\"><p>Pool house &amp; Kiosk<\/p>\n<\/div><div class=\"fusion-text fusion-text-810 description\" style=\"transform:translate3d(0,0,0);\"><p>Pool house frame seen from below<\/p>\n<\/div><\/div><\/div><style type=\"text\/css\">.fusion-body .fusion-builder-column-405{width:25% !important;margin-top : 0px;margin-bottom : 20px;}.fusion-builder-column-405 > .fusion-column-wrapper {padding-top : 0px !important;padding-right : 0px !important;margin-right : 7.68%;padding-bottom : 0px !important;padding-left : 0px !important;margin-left : 7.68%;}@media only screen and (max-width:1024px) {.fusion-body .fusion-builder-column-405{width:100% !important;order : 0;}.fusion-builder-column-405 > .fusion-column-wrapper {margin-right : 1.92%;margin-left : 1.92%;}}@media only screen and (max-width:640px) {.fusion-body .fusion-builder-column-405{width:100% !important;order : 0;}.fusion-builder-column-405 > .fusion-column-wrapper {margin-right : 1.92%;margin-left : 1.92%;}}<\/style><div class=\"fusion-layout-column fusion_builder_column fusion-builder-column-406 fusion_builder_column_1_4 1_4 fusion-flex-column img-to-filter\"><div class=\"fusion-column-wrapper fusion-flex-justify-content-flex-start fusion-content-layout-column\" style=\"background-position:left top;background-repeat:no-repeat;-webkit-background-size:cover;-moz-background-size:cover;-o-background-size:cover;background-size:cover;padding: 0px 0px 0px 0px;\"><div ><span class=\"fusion-imageframe imageframe-none imageframe-406 hover-type-none\"><a href=\"https:\/\/www.deco-charpente.fr\/wp-content\/uploads\/2020\/08\/pool-house-bois-rectangulaire-1.jpg\" class=\"fusion-lightbox\" data-rel=\"iLightbox[gallery-image]\" data-title=\"pool house bois rectangulaire\" title=\"rectangular wooden pool house\"><img decoding=\"async\" width=\"751\" height=\"560\" src=\"https:\/\/www.deco-charpente.fr\/wp-content\/uploads\/2020\/08\/pool-house-bois-rectangulaire-1.jpg\" class=\"img-responsive wp-image-2198\" srcset=\"https:\/\/www.deco-charpente.fr\/wp-content\/uploads\/2020\/08\/pool-house-bois-rectangulaire-1-200x149.jpg 200w, https:\/\/www.deco-charpente.fr\/wp-content\/uploads\/2020\/08\/pool-house-bois-rectangulaire-1-400x298.jpg 400w, https:\/\/www.deco-charpente.fr\/wp-content\/uploads\/2020\/08\/pool-house-bois-rectangulaire-1-600x447.jpg 600w, https:\/\/www.deco-charpente.fr\/wp-content\/uploads\/2020\/08\/pool-house-bois-rectangulaire-1.jpg 751w\" sizes=\"(max-width: 1024px) 100vw, (max-width: 640px) 100vw, 600px\" \/><\/a><\/span><\/div><div class=\"fusion-text fusion-text-811 tags\" style=\"transform:translate3d(0,0,0);\"><p>Pool house &amp; Kiosk<\/p>\n<\/div><div class=\"fusion-text fusion-text-812 description\" style=\"transform:translate3d(0,0,0);\"><p>Rectangular wooden pool house<\/p>\n<\/div><\/div><\/div><style type=\"text\/css\">.fusion-body .fusion-builder-column-406{width:25% !important;margin-top : 0px;margin-bottom : 20px;}.fusion-builder-column-406 > .fusion-column-wrapper {padding-top : 0px !important;padding-right : 0px !important;margin-right : 7.68%;padding-bottom : 0px !important;padding-left : 0px !important;margin-left : 7.68%;}@media only screen and (max-width:1024px) {.fusion-body .fusion-builder-column-406{width:100% !important;order : 0;}.fusion-builder-column-406 > .fusion-column-wrapper {margin-right : 1.92%;margin-left : 1.92%;}}@media only screen and (max-width:640px) {.fusion-body .fusion-builder-column-406{width:100% !important;order : 0;}.fusion-builder-column-406 > .fusion-column-wrapper {margin-right : 1.92%;margin-left : 1.92%;}}<\/style><div class=\"fusion-layout-column fusion_builder_column fusion-builder-column-407 fusion_builder_column_1_4 1_4 fusion-flex-column img-to-filter\"><div class=\"fusion-column-wrapper fusion-flex-justify-content-flex-start fusion-content-layout-column\" style=\"background-position:left top;background-repeat:no-repeat;-webkit-background-size:cover;-moz-background-size:cover;-o-background-size:cover;background-size:cover;padding: 0px 0px 0px 0px;\"><div ><span class=\"fusion-imageframe imageframe-none imageframe-407 hover-type-none\"><a href=\"https:\/\/www.deco-charpente.fr\/wp-content\/uploads\/2020\/08\/espace-d\u00e9tente-4-pentes-carr\u00e9.jpg\" class=\"fusion-lightbox\" data-rel=\"iLightbox[gallery-image]\" data-title=\"espace d\u00e9tente 4 pentes carr\u00e9\" title=\"relaxation area 4 square slopes\"><img decoding=\"async\" width=\"1024\" height=\"768\" src=\"https:\/\/www.deco-charpente.fr\/wp-content\/uploads\/2020\/08\/espace-d\u00e9tente-4-pentes-carr\u00e9.jpg\" class=\"img-responsive wp-image-2193\" srcset=\"https:\/\/www.deco-charpente.fr\/wp-content\/uploads\/2020\/08\/espace-d\u00e9tente-4-pentes-carr\u00e9-200x150.jpg 200w, https:\/\/www.deco-charpente.fr\/wp-content\/uploads\/2020\/08\/espace-d\u00e9tente-4-pentes-carr\u00e9-400x300.jpg 400w, https:\/\/www.deco-charpente.fr\/wp-content\/uploads\/2020\/08\/espace-d\u00e9tente-4-pentes-carr\u00e9-600x450.jpg 600w, https:\/\/www.deco-charpente.fr\/wp-content\/uploads\/2020\/08\/espace-d\u00e9tente-4-pentes-carr\u00e9-800x600.jpg 800w, https:\/\/www.deco-charpente.fr\/wp-content\/uploads\/2020\/08\/espace-d\u00e9tente-4-pentes-carr\u00e9.jpg 1024w\" sizes=\"(max-width: 1024px) 100vw, (max-width: 640px) 100vw, 600px\" \/><\/a><\/span><\/div><div class=\"fusion-text fusion-text-813 tags\" style=\"transform:translate3d(0,0,0);\"><p>Pool house &amp; Kiosk<\/p>\n<\/div><div class=\"fusion-text fusion-text-814 description\" style=\"transform:translate3d(0,0,0);\"><p>Relaxation area with 4 square slopes<\/p>\n<\/div><\/div><\/div><style type=\"text\/css\">.fusion-body .fusion-builder-column-407{width:25% !important;margin-top : 0px;margin-bottom : 20px;}.fusion-builder-column-407 > .fusion-column-wrapper {padding-top : 0px !important;padding-right : 0px !important;margin-right : 7.68%;padding-bottom : 0px !important;padding-left : 0px !important;margin-left : 7.68%;}@media only screen and (max-width:1024px) {.fusion-body .fusion-builder-column-407{width:100% !important;order : 0;}.fusion-builder-column-407 > .fusion-column-wrapper {margin-right : 1.92%;margin-left : 1.92%;}}@media only screen and (max-width:640px) {.fusion-body .fusion-builder-column-407{width:100% !important;order : 0;}.fusion-builder-column-407 > .fusion-column-wrapper {margin-right : 1.92%;margin-left : 1.92%;}}<\/style><div class=\"fusion-layout-column fusion_builder_column fusion-builder-column-408 fusion_builder_column_1_4 1_4 fusion-flex-column img-to-filter\"><div class=\"fusion-column-wrapper fusion-flex-justify-content-flex-start fusion-content-layout-column\" style=\"background-position:left top;background-repeat:no-repeat;-webkit-background-size:cover;-moz-background-size:cover;-o-background-size:cover;background-size:cover;padding: 0px 0px 0px 0px;\"><div ><span class=\"fusion-imageframe imageframe-none imageframe-408 hover-type-none\"><a href=\"https:\/\/www.deco-charpente.fr\/wp-content\/uploads\/2023\/10\/Pergola-C9-6-1-1024x768.webp\" class=\"fusion-lightbox\" data-rel=\"iLightbox[gallery-image]\" data-title=\"Pergola-C9-6\" title=\"Pergola-C9-6\"><img decoding=\"async\" width=\"1024\" height=\"768\" src=\"https:\/\/www.deco-charpente.fr\/wp-content\/uploads\/2023\/10\/Pergola-C9-6-1-1024x768.webp\" class=\"img-responsive wp-image-9507\" srcset=\"https:\/\/www.deco-charpente.fr\/wp-content\/uploads\/2023\/10\/Pergola-C9-6-1-200x150.webp 200w, https:\/\/www.deco-charpente.fr\/wp-content\/uploads\/2023\/10\/Pergola-C9-6-1-300x225.webp 300w, https:\/\/www.deco-charpente.fr\/wp-content\/uploads\/2023\/10\/Pergola-C9-6-1-400x300.webp 400w, https:\/\/www.deco-charpente.fr\/wp-content\/uploads\/2023\/10\/Pergola-C9-6-1-600x450.webp 600w, https:\/\/www.deco-charpente.fr\/wp-content\/uploads\/2023\/10\/Pergola-C9-6-1-768x576.webp 768w, https:\/\/www.deco-charpente.fr\/wp-content\/uploads\/2023\/10\/Pergola-C9-6-1-800x600.webp 800w, https:\/\/www.deco-charpente.fr\/wp-content\/uploads\/2023\/10\/Pergola-C9-6-1-1024x768.webp 1024w, https:\/\/www.deco-charpente.fr\/wp-content\/uploads\/2023\/10\/Pergola-C9-6-1-jpg.webp 1097w\" sizes=\"(max-width: 1024px) 100vw, (max-width: 640px) 100vw, 600px\" \/><\/a><\/span><\/div><div class=\"fusion-text fusion-text-815 tags\" style=\"transform:translate3d(0,0,0);\"><p>Pool house &amp; Kiosk<\/p>\n<\/div><div class=\"fusion-text fusion-text-816 description\" style=\"transform:translate3d(0,0,0);\"><p>Relaxation area on terrace<\/p>\n<\/div><\/div><\/div><style type=\"text\/css\">.fusion-body .fusion-builder-column-408{width:25% !important;margin-top : 0px;margin-bottom : 20px;}.fusion-builder-column-408 > .fusion-column-wrapper {padding-top : 0px !important;padding-right : 0px !important;margin-right : 7.68%;padding-bottom : 0px !important;padding-left : 0px !important;margin-left : 7.68%;}@media only screen and (max-width:1024px) {.fusion-body .fusion-builder-column-408{width:100% !important;order : 0;}.fusion-builder-column-408 > .fusion-column-wrapper {margin-right : 1.92%;margin-left : 1.92%;}}@media only screen and (max-width:640px) {.fusion-body .fusion-builder-column-408{width:100% !important;order : 0;}.fusion-builder-column-408 > .fusion-column-wrapper {margin-right : 1.92%;margin-left : 1.92%;}}<\/style><div class=\"fusion-layout-column fusion_builder_column fusion-builder-column-409 fusion_builder_column_1_4 1_4 fusion-flex-column img-to-filter\"><div class=\"fusion-column-wrapper fusion-flex-justify-content-flex-start fusion-content-layout-column\" style=\"background-position:left top;background-repeat:no-repeat;-webkit-background-size:cover;-moz-background-size:cover;-o-background-size:cover;background-size:cover;padding: 0px 0px 0px 0px;\"><div ><span class=\"fusion-imageframe imageframe-none imageframe-409 hover-type-none\"><a href=\"https:\/\/www.deco-charpente.fr\/wp-content\/uploads\/2020\/08\/espace-d\u00e9tente-sur-terrasse.jpg\" class=\"fusion-lightbox\" data-rel=\"iLightbox[gallery-image]\" data-title=\"espace d\u00e9tente sur terrasse\" title=\"relaxation area on terrace\"><img decoding=\"async\" width=\"751\" height=\"556\" src=\"https:\/\/www.deco-charpente.fr\/wp-content\/uploads\/2020\/08\/espace-d\u00e9tente-sur-terrasse.jpg\" class=\"img-responsive wp-image-2201\" srcset=\"https:\/\/www.deco-charpente.fr\/wp-content\/uploads\/2020\/08\/espace-d\u00e9tente-sur-terrasse-200x148.jpg 200w, https:\/\/www.deco-charpente.fr\/wp-content\/uploads\/2020\/08\/espace-d\u00e9tente-sur-terrasse-400x296.jpg 400w, https:\/\/www.deco-charpente.fr\/wp-content\/uploads\/2020\/08\/espace-d\u00e9tente-sur-terrasse-600x444.jpg 600w, https:\/\/www.deco-charpente.fr\/wp-content\/uploads\/2020\/08\/espace-d\u00e9tente-sur-terrasse.jpg 751w\" sizes=\"(max-width: 1024px) 100vw, (max-width: 640px) 100vw, 600px\" \/><\/a><\/span><\/div><div class=\"fusion-text fusion-text-817 tags\" style=\"transform:translate3d(0,0,0);\"><p>Pool house &amp; Kiosk<\/p>\n<\/div><div class=\"fusion-text fusion-text-818 description\" style=\"transform:translate3d(0,0,0);\"><p>Relaxation area on terrace<\/p>\n<\/div><\/div><\/div><style type=\"text\/css\">.fusion-body .fusion-builder-column-409{width:25% !important;margin-top : 0px;margin-bottom : 20px;}.fusion-builder-column-409 > .fusion-column-wrapper {padding-top : 0px !important;padding-right : 0px !important;margin-right : 7.68%;padding-bottom : 0px !important;padding-left : 0px !important;margin-left : 7.68%;}@media only screen and (max-width:1024px) {.fusion-body .fusion-builder-column-409{width:100% !important;order : 0;}.fusion-builder-column-409 > .fusion-column-wrapper {margin-right : 1.92%;margin-left : 1.92%;}}@media only screen and (max-width:640px) {.fusion-body .fusion-builder-column-409{width:100% !important;order : 0;}.fusion-builder-column-409 > .fusion-column-wrapper {margin-right : 1.92%;margin-left : 1.92%;}}<\/style><div class=\"fusion-layout-column fusion_builder_column fusion-builder-column-410 fusion_builder_column_1_4 1_4 fusion-flex-column img-to-filter\"><div class=\"fusion-column-wrapper fusion-flex-justify-content-flex-start fusion-content-layout-column\" style=\"background-position:left top;background-repeat:no-repeat;-webkit-background-size:cover;-moz-background-size:cover;-o-background-size:cover;background-size:cover;padding: 0px 0px 0px 0px;\"><div ><span class=\"fusion-imageframe imageframe-none imageframe-410 hover-type-none\"><a href=\"https:\/\/www.deco-charpente.fr\/wp-content\/uploads\/2020\/08\/kiosque-4-pentes-et-passerelle-bois-2.jpg\" class=\"fusion-lightbox\" data-rel=\"iLightbox[gallery-image]\" data-title=\"kiosque 4 pentes et passerelle bois 2\" title=\"kiosk 4 slopes and wooden walkway 2\"><img decoding=\"async\" width=\"1024\" height=\"768\" src=\"https:\/\/www.deco-charpente.fr\/wp-content\/uploads\/2020\/08\/kiosque-4-pentes-et-passerelle-bois-2.jpg\" class=\"img-responsive wp-image-2203\" srcset=\"https:\/\/www.deco-charpente.fr\/wp-content\/uploads\/2020\/08\/kiosque-4-pentes-et-passerelle-bois-2-200x150.jpg 200w, https:\/\/www.deco-charpente.fr\/wp-content\/uploads\/2020\/08\/kiosque-4-pentes-et-passerelle-bois-2-400x300.jpg 400w, https:\/\/www.deco-charpente.fr\/wp-content\/uploads\/2020\/08\/kiosque-4-pentes-et-passerelle-bois-2-600x450.jpg 600w, https:\/\/www.deco-charpente.fr\/wp-content\/uploads\/2020\/08\/kiosque-4-pentes-et-passerelle-bois-2-800x600.jpg 800w, https:\/\/www.deco-charpente.fr\/wp-content\/uploads\/2020\/08\/kiosque-4-pentes-et-passerelle-bois-2.jpg 1024w\" sizes=\"(max-width: 1024px) 100vw, (max-width: 640px) 100vw, 600px\" \/><\/a><\/span><\/div><div class=\"fusion-text fusion-text-819 tags\" style=\"transform:translate3d(0,0,0);\"><p>Pool house &amp; Kiosk<\/p>\n<\/div><div class=\"fusion-text fusion-text-820 description\" style=\"transform:translate3d(0,0,0);\"><p>4-slope kiosk and wooden walkway<\/p>\n<\/div><\/div><\/div><style type=\"text\/css\">.fusion-body .fusion-builder-column-410{width:25% !important;margin-top : 0px;margin-bottom : 20px;}.fusion-builder-column-410 > .fusion-column-wrapper {padding-top : 0px !important;padding-right : 0px !important;margin-right : 7.68%;padding-bottom : 0px !important;padding-left : 0px !important;margin-left : 7.68%;}@media only screen and (max-width:1024px) {.fusion-body .fusion-builder-column-410{width:100% !important;order : 0;}.fusion-builder-column-410 > .fusion-column-wrapper {margin-right : 1.92%;margin-left : 1.92%;}}@media only screen and (max-width:640px) {.fusion-body .fusion-builder-column-410{width:100% !important;order : 0;}.fusion-builder-column-410 > .fusion-column-wrapper {margin-right : 1.92%;margin-left : 1.92%;}}<\/style><div class=\"fusion-layout-column fusion_builder_column fusion-builder-column-411 fusion_builder_column_1_4 1_4 fusion-flex-column img-to-filter\"><div class=\"fusion-column-wrapper fusion-flex-justify-content-flex-start fusion-content-layout-column\" style=\"background-position:left top;background-repeat:no-repeat;-webkit-background-size:cover;-moz-background-size:cover;-o-background-size:cover;background-size:cover;padding: 0px 0px 0px 0px;\"><div ><span class=\"fusion-imageframe imageframe-none imageframe-411 hover-type-none\"><a href=\"https:\/\/www.deco-charpente.fr\/wp-content\/uploads\/2020\/08\/kiosque-4-pentes-et-passerelle-bois.jpg\" class=\"fusion-lightbox\" data-rel=\"iLightbox[gallery-image]\" data-title=\"kiosque 4 pentes et passerelle bois\" title=\"4-slope kiosk and wooden walkway\"><img decoding=\"async\" width=\"1024\" height=\"768\" src=\"https:\/\/www.deco-charpente.fr\/wp-content\/uploads\/2020\/08\/kiosque-4-pentes-et-passerelle-bois.jpg\" class=\"img-responsive wp-image-2204\" srcset=\"https:\/\/www.deco-charpente.fr\/wp-content\/uploads\/2020\/08\/kiosque-4-pentes-et-passerelle-bois-200x150.jpg 200w, https:\/\/www.deco-charpente.fr\/wp-content\/uploads\/2020\/08\/kiosque-4-pentes-et-passerelle-bois-400x300.jpg 400w, https:\/\/www.deco-charpente.fr\/wp-content\/uploads\/2020\/08\/kiosque-4-pentes-et-passerelle-bois-600x450.jpg 600w, https:\/\/www.deco-charpente.fr\/wp-content\/uploads\/2020\/08\/kiosque-4-pentes-et-passerelle-bois-800x600.jpg 800w, https:\/\/www.deco-charpente.fr\/wp-content\/uploads\/2020\/08\/kiosque-4-pentes-et-passerelle-bois.jpg 1024w\" sizes=\"(max-width: 1024px) 100vw, (max-width: 640px) 100vw, 600px\" \/><\/a><\/span><\/div><div class=\"fusion-text fusion-text-821 tags\" style=\"transform:translate3d(0,0,0);\"><p>Pool house &amp; Kiosk<\/p>\n<\/div><div class=\"fusion-text fusion-text-822 description\" style=\"transform:translate3d(0,0,0);\"><p>4-slope kiosk and wooden walkway<\/p>\n<\/div><\/div><\/div><style type=\"text\/css\">.fusion-body .fusion-builder-column-411{width:25% !important;margin-top : 0px;margin-bottom : 20px;}.fusion-builder-column-411 > .fusion-column-wrapper {padding-top : 0px !important;padding-right : 0px !important;margin-right : 7.68%;padding-bottom : 0px !important;padding-left : 0px !important;margin-left : 7.68%;}@media only screen and (max-width:1024px) {.fusion-body .fusion-builder-column-411{width:100% !important;order : 0;}.fusion-builder-column-411 > .fusion-column-wrapper {margin-right : 1.92%;margin-left : 1.92%;}}@media only screen and (max-width:640px) {.fusion-body .fusion-builder-column-411{width:100% !important;order : 0;}.fusion-builder-column-411 > .fusion-column-wrapper {margin-right : 1.92%;margin-left : 1.92%;}}<\/style><div class=\"fusion-layout-column fusion_builder_column fusion-builder-column-412 fusion_builder_column_1_4 1_4 fusion-flex-column img-to-filter\"><div class=\"fusion-column-wrapper fusion-flex-justify-content-flex-start fusion-content-layout-column\" style=\"background-position:left top;background-repeat:no-repeat;-webkit-background-size:cover;-moz-background-size:cover;-o-background-size:cover;background-size:cover;padding: 0px 0px 0px 0px;\"><div ><span class=\"fusion-imageframe imageframe-none imageframe-412 hover-type-none\"><a href=\"https:\/\/www.deco-charpente.fr\/wp-content\/uploads\/2020\/08\/kiosque-4-pentes-rectangulaire-avec-garde-corps.jpg\" class=\"fusion-lightbox\" data-rel=\"iLightbox[gallery-image]\" data-title=\"kiosque 4 pentes rectangulaire avec garde-corps\" title=\"4-slope rectangular kiosk with guardrail\"><img decoding=\"async\" width=\"1024\" height=\"768\" src=\"https:\/\/www.deco-charpente.fr\/wp-content\/uploads\/2020\/08\/kiosque-4-pentes-rectangulaire-avec-garde-corps.jpg\" class=\"img-responsive wp-image-2205\" srcset=\"https:\/\/www.deco-charpente.fr\/wp-content\/uploads\/2020\/08\/kiosque-4-pentes-rectangulaire-avec-garde-corps-200x150.jpg 200w, https:\/\/www.deco-charpente.fr\/wp-content\/uploads\/2020\/08\/kiosque-4-pentes-rectangulaire-avec-garde-corps-400x300.jpg 400w, https:\/\/www.deco-charpente.fr\/wp-content\/uploads\/2020\/08\/kiosque-4-pentes-rectangulaire-avec-garde-corps-600x450.jpg 600w, https:\/\/www.deco-charpente.fr\/wp-content\/uploads\/2020\/08\/kiosque-4-pentes-rectangulaire-avec-garde-corps-800x600.jpg 800w, https:\/\/www.deco-charpente.fr\/wp-content\/uploads\/2020\/08\/kiosque-4-pentes-rectangulaire-avec-garde-corps.jpg 1024w\" sizes=\"(max-width: 1024px) 100vw, (max-width: 640px) 100vw, 600px\" \/><\/a><\/span><\/div><div class=\"fusion-text fusion-text-823 tags\" style=\"transform:translate3d(0,0,0);\"><p>Pool house &amp; Kiosk<\/p>\n<\/div><div class=\"fusion-text fusion-text-824 description\" style=\"transform:translate3d(0,0,0);\"><p>4-slope rectangular kiosk with guardrail<\/p>\n<\/div><\/div><\/div><style type=\"text\/css\">.fusion-body .fusion-builder-column-412{width:25% !important;margin-top : 0px;margin-bottom : 20px;}.fusion-builder-column-412 > .fusion-column-wrapper {padding-top : 0px !important;padding-right : 0px !important;margin-right : 7.68%;padding-bottom : 0px !important;padding-left : 0px !important;margin-left : 7.68%;}@media only screen and (max-width:1024px) {.fusion-body .fusion-builder-column-412{width:100% !important;order : 0;}.fusion-builder-column-412 > .fusion-column-wrapper {margin-right : 1.92%;margin-left : 1.92%;}}@media only screen and (max-width:640px) {.fusion-body .fusion-builder-column-412{width:100% !important;order : 0;}.fusion-builder-column-412 > .fusion-column-wrapper {margin-right : 1.92%;margin-left : 1.92%;}}<\/style><div class=\"fusion-layout-column fusion_builder_column fusion-builder-column-413 fusion_builder_column_1_4 1_4 fusion-flex-column img-to-filter\"><div class=\"fusion-column-wrapper fusion-flex-justify-content-flex-start fusion-content-layout-column\" style=\"background-position:left top;background-repeat:no-repeat;-webkit-background-size:cover;-moz-background-size:cover;-o-background-size:cover;background-size:cover;padding: 0px 0px 0px 0px;\"><div ><span class=\"fusion-imageframe imageframe-none imageframe-413 hover-type-none\"><a href=\"https:\/\/www.deco-charpente.fr\/wp-content\/uploads\/2020\/08\/kiosque-2-pentes-forme-tunnel-garde-corps-\u00e0-barreaudage.jpg\" class=\"fusion-lightbox\" data-rel=\"iLightbox[gallery-image]\" data-title=\"kiosque 2 pentes forme tunnel &#8211; garde-corps \u00e0 barreaudage\" title=\"2-slope tunnel-shaped kiosk \u2013 bar guardrail\"><img decoding=\"async\" width=\"1024\" height=\"768\" src=\"https:\/\/www.deco-charpente.fr\/wp-content\/uploads\/2020\/08\/kiosque-2-pentes-forme-tunnel-garde-corps-\u00e0-barreaudage.jpg\" class=\"img-responsive wp-image-2202\" srcset=\"https:\/\/www.deco-charpente.fr\/wp-content\/uploads\/2020\/08\/kiosque-2-pentes-forme-tunnel-garde-corps-\u00e0-barreaudage-300x225.jpg 300w, https:\/\/www.deco-charpente.fr\/wp-content\/uploads\/2020\/08\/kiosque-2-pentes-forme-tunnel-garde-corps-\u00e0-barreaudage-768x576.jpg 768w, https:\/\/www.deco-charpente.fr\/wp-content\/uploads\/2020\/08\/kiosque-2-pentes-forme-tunnel-garde-corps-\u00e0-barreaudage.jpg 1024w\" sizes=\"(max-width: 1024px) 100vw, 1024px\" \/><\/a><\/span><\/div><div class=\"fusion-text fusion-text-825 tags\" style=\"transform:translate3d(0,0,0);\"><p>Pool house &amp; Kiosk<\/p>\n<\/div><div class=\"fusion-text fusion-text-826 description\" style=\"transform:translate3d(0,0,0);\"><p>2-slope tunnel-shaped kiosk \u2013 railing with bars<\/p>\n<\/div><\/div><\/div><style type=\"text\/css\">.fusion-body .fusion-builder-column-413{width:25% !important;margin-top : 0px;margin-bottom : 20px;}.fusion-builder-column-413 > .fusion-column-wrapper {padding-top : 0px !important;padding-right : 0px !important;margin-right : 7.68%;padding-bottom : 0px !important;padding-left : 0px !important;margin-left : 7.68%;}@media only screen and (max-width:1024px) {.fusion-body .fusion-builder-column-413{width:100% !important;order : 0;}.fusion-builder-column-413 > .fusion-column-wrapper {margin-right : 1.92%;margin-left : 1.92%;}}@media only screen and (max-width:640px) {.fusion-body .fusion-builder-column-413{width:100% !important;order : 0;}.fusion-builder-column-413 > .fusion-column-wrapper {margin-right : 1.92%;margin-left : 1.92%;}}<\/style><div class=\"fusion-layout-column fusion_builder_column fusion-builder-column-414 fusion_builder_column_1_4 1_4 fusion-flex-column img-to-filter\"><div class=\"fusion-column-wrapper fusion-flex-justify-content-flex-start fusion-content-layout-column\" style=\"background-position:left top;background-repeat:no-repeat;-webkit-background-size:cover;-moz-background-size:cover;-o-background-size:cover;background-size:cover;padding: 0px 0px 0px 0px;\"><div ><span class=\"fusion-imageframe imageframe-none imageframe-414 hover-type-none\"><a href=\"https:\/\/www.deco-charpente.fr\/wp-content\/uploads\/2022\/06\/Kiosque-bois-e1656505668485.jpg\" class=\"fusion-lightbox\" data-rel=\"iLightbox[gallery-image]\" data-title=\"Kiosque bois\" title=\"Wooden kiosk\"><img decoding=\"async\" width=\"1920\" height=\"1939\" src=\"https:\/\/www.deco-charpente.fr\/wp-content\/uploads\/2022\/06\/Kiosque-bois-e1656505668485.jpg\" class=\"img-responsive wp-image-7440\" srcset=\"https:\/\/www.deco-charpente.fr\/wp-content\/uploads\/2022\/06\/Kiosque-bois-e1656505668485-200x202.jpg 200w, https:\/\/www.deco-charpente.fr\/wp-content\/uploads\/2022\/06\/Kiosque-bois-e1656505668485-400x404.jpg 400w, https:\/\/www.deco-charpente.fr\/wp-content\/uploads\/2022\/06\/Kiosque-bois-e1656505668485-600x606.jpg 600w, https:\/\/www.deco-charpente.fr\/wp-content\/uploads\/2022\/06\/Kiosque-bois-e1656505668485-800x808.jpg 800w, https:\/\/www.deco-charpente.fr\/wp-content\/uploads\/2022\/06\/Kiosque-bois-e1656505668485-1200x1212.jpg 1200w, https:\/\/www.deco-charpente.fr\/wp-content\/uploads\/2022\/06\/Kiosque-bois-e1656505668485.jpg 1920w\" sizes=\"(max-width: 1024px) 100vw, (max-width: 640px) 100vw, 600px\" \/><\/a><\/span><\/div><div class=\"fusion-text fusion-text-827 tags\" style=\"transform:translate3d(0,0,0);\"><p>Pool house &amp; Kiosk<\/p>\n<\/div><div class=\"fusion-text fusion-text-828 description\" style=\"transform:translate3d(0,0,0);\"><p>Wooden kiosk<\/p>\n<\/div><\/div><\/div><style type=\"text\/css\">.fusion-body .fusion-builder-column-414{width:25% !important;margin-top : 0px;margin-bottom : 20px;}.fusion-builder-column-414 > .fusion-column-wrapper {padding-top : 0px !important;padding-right : 0px !important;margin-right : 7.68%;padding-bottom : 0px !important;padding-left : 0px !important;margin-left : 7.68%;}@media only screen and (max-width:1024px) {.fusion-body .fusion-builder-column-414{width:100% !important;order : 0;}.fusion-builder-column-414 > .fusion-column-wrapper {margin-right : 1.92%;margin-left : 1.92%;}}@media only screen and (max-width:640px) {.fusion-body .fusion-builder-column-414{width:100% !important;order : 0;}.fusion-builder-column-414 > .fusion-column-wrapper {margin-right : 1.92%;margin-left : 1.92%;}}<\/style><div class=\"fusion-layout-column fusion_builder_column fusion-builder-column-415 fusion_builder_column_1_4 1_4 fusion-flex-column img-to-filter\"><div class=\"fusion-column-wrapper fusion-flex-justify-content-flex-start fusion-content-layout-column\" style=\"background-position:left top;background-repeat:no-repeat;-webkit-background-size:cover;-moz-background-size:cover;-o-background-size:cover;background-size:cover;padding: 0px 0px 0px 0px;\"><div ><span class=\"fusion-imageframe imageframe-none imageframe-415 hover-type-none\"><a href=\"https:\/\/www.deco-charpente.fr\/wp-content\/uploads\/2020\/08\/kiosque-en-bois.jpg\" class=\"fusion-lightbox\" data-rel=\"iLightbox[gallery-image]\" data-title=\"kiosque en bois\" title=\"wooden kiosk\"><img decoding=\"async\" width=\"1440\" height=\"1080\" alt=\"kiosque en bois\" src=\"https:\/\/www.deco-charpente.fr\/wp-content\/uploads\/2020\/08\/kiosque-en-bois.jpg\" class=\"img-responsive wp-image-2208\" srcset=\"https:\/\/www.deco-charpente.fr\/wp-content\/uploads\/2020\/08\/kiosque-en-bois-200x150.jpg 200w, https:\/\/www.deco-charpente.fr\/wp-content\/uploads\/2020\/08\/kiosque-en-bois-400x300.jpg 400w, https:\/\/www.deco-charpente.fr\/wp-content\/uploads\/2020\/08\/kiosque-en-bois-600x450.jpg 600w, https:\/\/www.deco-charpente.fr\/wp-content\/uploads\/2020\/08\/kiosque-en-bois-800x600.jpg 800w, https:\/\/www.deco-charpente.fr\/wp-content\/uploads\/2020\/08\/kiosque-en-bois-1200x900.jpg 1200w, https:\/\/www.deco-charpente.fr\/wp-content\/uploads\/2020\/08\/kiosque-en-bois.jpg 1440w\" sizes=\"(max-width: 1024px) 100vw, (max-width: 640px) 100vw, 600px\" \/><\/a><\/span><\/div><div class=\"fusion-text fusion-text-829 tags\" style=\"transform:translate3d(0,0,0);\"><p>Pool house &amp; Kiosk<\/p>\n<\/div><div class=\"fusion-text fusion-text-830 description\" style=\"transform:translate3d(0,0,0);\"><p>Wooden kiosk<\/p>\n<\/div><\/div><\/div><style type=\"text\/css\">.fusion-body .fusion-builder-column-415{width:25% !important;margin-top : 0px;margin-bottom : 20px;}.fusion-builder-column-415 > .fusion-column-wrapper {padding-top : 0px !important;padding-right : 0px !important;margin-right : 7.68%;padding-bottom : 0px !important;padding-left : 0px !important;margin-left : 7.68%;}@media only screen and (max-width:1024px) {.fusion-body .fusion-builder-column-415{width:100% !important;order : 0;}.fusion-builder-column-415 > .fusion-column-wrapper {margin-right : 1.92%;margin-left : 1.92%;}}@media only screen and (max-width:640px) {.fusion-body .fusion-builder-column-415{width:100% !important;order : 0;}.fusion-builder-column-415 > .fusion-column-wrapper {margin-right : 1.92%;margin-left : 1.92%;}}<\/style><div class=\"fusion-layout-column fusion_builder_column fusion-builder-column-416 fusion_builder_column_1_4 1_4 fusion-flex-column img-to-filter\"><div class=\"fusion-column-wrapper fusion-flex-justify-content-flex-start fusion-content-layout-column\" style=\"background-position:left top;background-repeat:no-repeat;-webkit-background-size:cover;-moz-background-size:cover;-o-background-size:cover;background-size:cover;padding: 0px 0px 0px 0px;\"><div ><span class=\"fusion-imageframe imageframe-none imageframe-416 hover-type-none\"><a href=\"https:\/\/www.deco-charpente.fr\/wp-content\/uploads\/2020\/08\/kiosque-sur-restanque-escalier-et-garde-corps.jpg\" class=\"fusion-lightbox\" data-rel=\"iLightbox[gallery-image]\" data-title=\"kiosque sur restanque &#8211; escalier et garde-corps\" title=\"kiosk on terrace \u2013 staircase and guardrail\"><img decoding=\"async\" width=\"1024\" height=\"768\" src=\"https:\/\/www.deco-charpente.fr\/wp-content\/uploads\/2020\/08\/kiosque-sur-restanque-escalier-et-garde-corps.jpg\" class=\"img-responsive wp-image-2209\" srcset=\"https:\/\/www.deco-charpente.fr\/wp-content\/uploads\/2020\/08\/kiosque-sur-restanque-escalier-et-garde-corps-200x150.jpg 200w, https:\/\/www.deco-charpente.fr\/wp-content\/uploads\/2020\/08\/kiosque-sur-restanque-escalier-et-garde-corps-400x300.jpg 400w, https:\/\/www.deco-charpente.fr\/wp-content\/uploads\/2020\/08\/kiosque-sur-restanque-escalier-et-garde-corps-600x450.jpg 600w, https:\/\/www.deco-charpente.fr\/wp-content\/uploads\/2020\/08\/kiosque-sur-restanque-escalier-et-garde-corps-800x600.jpg 800w, https:\/\/www.deco-charpente.fr\/wp-content\/uploads\/2020\/08\/kiosque-sur-restanque-escalier-et-garde-corps.jpg 1024w\" sizes=\"(max-width: 1024px) 100vw, (max-width: 640px) 100vw, 600px\" \/><\/a><\/span><\/div><div class=\"fusion-text fusion-text-831 tags\" style=\"transform:translate3d(0,0,0);\"><p>Pool house &amp; Kiosk<\/p>\n<\/div><div class=\"fusion-text fusion-text-832 description\" style=\"transform:translate3d(0,0,0);\"><p>Kiosk on terrace \u2013 staircase and guardrail<\/p>\n<\/div><\/div><\/div><style type=\"text\/css\">.fusion-body .fusion-builder-column-416{width:25% !important;margin-top : 0px;margin-bottom : 20px;}.fusion-builder-column-416 > .fusion-column-wrapper {padding-top : 0px !important;padding-right : 0px !important;margin-right : 7.68%;padding-bottom : 0px !important;padding-left : 0px !important;margin-left : 7.68%;}@media only screen and (max-width:1024px) {.fusion-body .fusion-builder-column-416{width:100% !important;order : 0;}.fusion-builder-column-416 > .fusion-column-wrapper {margin-right : 1.92%;margin-left : 1.92%;}}@media only screen and (max-width:640px) {.fusion-body .fusion-builder-column-416{width:100% !important;order : 0;}.fusion-builder-column-416 > .fusion-column-wrapper {margin-right : 1.92%;margin-left : 1.92%;}}<\/style><div class=\"fusion-layout-column fusion_builder_column fusion-builder-column-417 fusion_builder_column_1_4 1_4 fusion-flex-column img-to-filter\"><div class=\"fusion-column-wrapper fusion-flex-justify-content-flex-start fusion-content-layout-column\" style=\"background-position:left top;background-repeat:no-repeat;-webkit-background-size:cover;-moz-background-size:cover;-o-background-size:cover;background-size:cover;padding: 0px 0px 0px 0px;\"><div ><span class=\"fusion-imageframe imageframe-none imageframe-417 hover-type-none\"><a href=\"https:\/\/www.deco-charpente.fr\/wp-content\/uploads\/2020\/08\/paroi-s\u00e9parative-sous-kiosque-en-double-peau-1.jpg\" class=\"fusion-lightbox\" data-rel=\"iLightbox[gallery-image]\" data-title=\"paroi s\u00e9parative sous kiosque en double peau\" title=\"dividing wall under kiosk in double skin\"><img decoding=\"async\" width=\"1024\" height=\"768\" src=\"https:\/\/www.deco-charpente.fr\/wp-content\/uploads\/2020\/08\/paroi-s\u00e9parative-sous-kiosque-en-double-peau-1.jpg\" class=\"img-responsive wp-image-2211\" srcset=\"https:\/\/www.deco-charpente.fr\/wp-content\/uploads\/2020\/08\/paroi-s\u00e9parative-sous-kiosque-en-double-peau-1-200x150.jpg 200w, https:\/\/www.deco-charpente.fr\/wp-content\/uploads\/2020\/08\/paroi-s\u00e9parative-sous-kiosque-en-double-peau-1-400x300.jpg 400w, https:\/\/www.deco-charpente.fr\/wp-content\/uploads\/2020\/08\/paroi-s\u00e9parative-sous-kiosque-en-double-peau-1-600x450.jpg 600w, https:\/\/www.deco-charpente.fr\/wp-content\/uploads\/2020\/08\/paroi-s\u00e9parative-sous-kiosque-en-double-peau-1-800x600.jpg 800w, https:\/\/www.deco-charpente.fr\/wp-content\/uploads\/2020\/08\/paroi-s\u00e9parative-sous-kiosque-en-double-peau-1.jpg 1024w\" sizes=\"(max-width: 1024px) 100vw, (max-width: 640px) 100vw, 600px\" \/><\/a><\/span><\/div><div class=\"fusion-text fusion-text-833 tags\" style=\"transform:translate3d(0,0,0);\"><p>Pool house &amp; Kiosk<\/p>\n<\/div><div class=\"fusion-text fusion-text-834 description\" style=\"transform:translate3d(0,0,0);\"><p>Divider wall under double skin kiosk<\/p>\n<\/div><\/div><\/div><style type=\"text\/css\">.fusion-body .fusion-builder-column-417{width:25% !important;margin-top : 0px;margin-bottom : 20px;}.fusion-builder-column-417 > .fusion-column-wrapper {padding-top : 0px !important;padding-right : 0px !important;margin-right : 7.68%;padding-bottom : 0px !important;padding-left : 0px !important;margin-left : 7.68%;}@media only screen and (max-width:1024px) {.fusion-body .fusion-builder-column-417{width:100% !important;order : 0;}.fusion-builder-column-417 > .fusion-column-wrapper {margin-right : 1.92%;margin-left : 1.92%;}}@media only screen and (max-width:640px) {.fusion-body .fusion-builder-column-417{width:100% !important;order : 0;}.fusion-builder-column-417 > .fusion-column-wrapper {margin-right : 1.92%;margin-left : 1.92%;}}<\/style><div class=\"fusion-layout-column fusion_builder_column fusion-builder-column-418 fusion_builder_column_1_4 1_4 fusion-flex-column img-to-filter\"><div class=\"fusion-column-wrapper fusion-flex-justify-content-flex-start fusion-content-layout-column\" style=\"background-position:left top;background-repeat:no-repeat;-webkit-background-size:cover;-moz-background-size:cover;-o-background-size:cover;background-size:cover;padding: 0px 0px 0px 0px;\"><div ><span class=\"fusion-imageframe imageframe-none imageframe-418 hover-type-none\"><a href=\"https:\/\/www.deco-charpente.fr\/wp-content\/uploads\/2020\/08\/pool-house-local-2.jpg\" class=\"fusion-lightbox\" data-rel=\"iLightbox[gallery-image]\" data-title=\"pool house + local 2\" title=\"pool house + room 2\"><img decoding=\"async\" width=\"1024\" height=\"768\" src=\"https:\/\/www.deco-charpente.fr\/wp-content\/uploads\/2020\/08\/pool-house-local-2.jpg\" class=\"img-responsive wp-image-2212\" srcset=\"https:\/\/www.deco-charpente.fr\/wp-content\/uploads\/2020\/08\/pool-house-local-2-200x150.jpg 200w, https:\/\/www.deco-charpente.fr\/wp-content\/uploads\/2020\/08\/pool-house-local-2-400x300.jpg 400w, https:\/\/www.deco-charpente.fr\/wp-content\/uploads\/2020\/08\/pool-house-local-2-600x450.jpg 600w, https:\/\/www.deco-charpente.fr\/wp-content\/uploads\/2020\/08\/pool-house-local-2-800x600.jpg 800w, https:\/\/www.deco-charpente.fr\/wp-content\/uploads\/2020\/08\/pool-house-local-2.jpg 1024w\" sizes=\"(max-width: 1024px) 100vw, (max-width: 640px) 100vw, 600px\" \/><\/a><\/span><\/div><div class=\"fusion-text fusion-text-835 tags\" style=\"transform:translate3d(0,0,0);\"><p>Pool house &amp; Kiosk<\/p>\n<\/div><div class=\"fusion-text fusion-text-836 description\" style=\"transform:translate3d(0,0,0);\"><p>Wooden pool house<\/p>\n<\/div><\/div><\/div><style type=\"text\/css\">.fusion-body .fusion-builder-column-418{width:25% !important;margin-top : 0px;margin-bottom : 20px;}.fusion-builder-column-418 > .fusion-column-wrapper {padding-top : 0px !important;padding-right : 0px !important;margin-right : 7.68%;padding-bottom : 0px !important;padding-left : 0px !important;margin-left : 7.68%;}@media only screen and (max-width:1024px) {.fusion-body .fusion-builder-column-418{width:100% !important;order : 0;}.fusion-builder-column-418 > .fusion-column-wrapper {margin-right : 1.92%;margin-left : 1.92%;}}@media only screen and (max-width:640px) {.fusion-body .fusion-builder-column-418{width:100% !important;order : 0;}.fusion-builder-column-418 > .fusion-column-wrapper {margin-right : 1.92%;margin-left : 1.92%;}}<\/style><div class=\"fusion-layout-column fusion_builder_column fusion-builder-column-419 fusion_builder_column_1_4 1_4 fusion-flex-column img-to-filter\"><div class=\"fusion-column-wrapper fusion-flex-justify-content-flex-start fusion-content-layout-column\" style=\"background-position:left top;background-repeat:no-repeat;-webkit-background-size:cover;-moz-background-size:cover;-o-background-size:cover;background-size:cover;padding: 0px 0px 0px 0px;\"><div ><span class=\"fusion-imageframe imageframe-none imageframe-419 hover-type-none\"><a href=\"https:\/\/www.deco-charpente.fr\/wp-content\/uploads\/2020\/08\/pool-house-local.jpg\" class=\"fusion-lightbox\" data-rel=\"iLightbox[gallery-image]\" data-title=\"pool house + local\" title=\"pool house + room\"><img decoding=\"async\" width=\"933\" height=\"562\" src=\"https:\/\/www.deco-charpente.fr\/wp-content\/uploads\/2020\/08\/pool-house-local.jpg\" class=\"img-responsive wp-image-2213\" srcset=\"https:\/\/www.deco-charpente.fr\/wp-content\/uploads\/2020\/08\/pool-house-local-200x120.jpg 200w, https:\/\/www.deco-charpente.fr\/wp-content\/uploads\/2020\/08\/pool-house-local-400x241.jpg 400w, https:\/\/www.deco-charpente.fr\/wp-content\/uploads\/2020\/08\/pool-house-local-600x361.jpg 600w, https:\/\/www.deco-charpente.fr\/wp-content\/uploads\/2020\/08\/pool-house-local-800x482.jpg 800w, https:\/\/www.deco-charpente.fr\/wp-content\/uploads\/2020\/08\/pool-house-local.jpg 933w\" sizes=\"(max-width: 1024px) 100vw, (max-width: 640px) 100vw, 600px\" \/><\/a><\/span><\/div><div class=\"fusion-text fusion-text-837 tags\" style=\"transform:translate3d(0,0,0);\"><p>Pool house &amp; Kiosk<\/p>\n<\/div><div class=\"fusion-text fusion-text-838 description\" style=\"transform:translate3d(0,0,0);\"><p>Pool house + premises<\/p>\n<\/div><\/div><\/div><style type=\"text\/css\">.fusion-body .fusion-builder-column-419{width:25% !important;margin-top : 0px;margin-bottom : 20px;}.fusion-builder-column-419 > .fusion-column-wrapper {padding-top : 0px !important;padding-right : 0px !important;margin-right : 7.68%;padding-bottom : 0px !important;padding-left : 0px !important;margin-left : 7.68%;}@media only screen and (max-width:1024px) {.fusion-body .fusion-builder-column-419{width:100% !important;order : 0;}.fusion-builder-column-419 > .fusion-column-wrapper {margin-right : 1.92%;margin-left : 1.92%;}}@media only screen and (max-width:640px) {.fusion-body .fusion-builder-column-419{width:100% !important;order : 0;}.fusion-builder-column-419 > .fusion-column-wrapper {margin-right : 1.92%;margin-left : 1.92%;}}<\/style><div class=\"fusion-layout-column fusion_builder_column fusion-builder-column-420 fusion_builder_column_1_4 1_4 fusion-flex-column img-to-filter\"><div class=\"fusion-column-wrapper fusion-flex-justify-content-flex-start fusion-content-layout-column\" style=\"background-position:left top;background-repeat:no-repeat;-webkit-background-size:cover;-moz-background-size:cover;-o-background-size:cover;background-size:cover;padding: 0px 0px 0px 0px;\"><div ><span class=\"fusion-imageframe imageframe-none imageframe-420 hover-type-none\"><a href=\"https:\/\/www.deco-charpente.fr\/wp-content\/uploads\/2020\/08\/pool-house-4-pentes-avant-couverture-tuiles.jpg\" class=\"fusion-lightbox\" data-rel=\"iLightbox[gallery-image]\" data-title=\"pool house 4 pentes (avant couverture tuiles)\" title=\"pool house 4 slopes (before tile cover)\"><img decoding=\"async\" width=\"1024\" height=\"768\" src=\"https:\/\/www.deco-charpente.fr\/wp-content\/uploads\/2020\/08\/pool-house-4-pentes-avant-couverture-tuiles.jpg\" class=\"img-responsive wp-image-2214\" srcset=\"https:\/\/www.deco-charpente.fr\/wp-content\/uploads\/2020\/08\/pool-house-4-pentes-avant-couverture-tuiles-200x150.jpg 200w, https:\/\/www.deco-charpente.fr\/wp-content\/uploads\/2020\/08\/pool-house-4-pentes-avant-couverture-tuiles-400x300.jpg 400w, https:\/\/www.deco-charpente.fr\/wp-content\/uploads\/2020\/08\/pool-house-4-pentes-avant-couverture-tuiles-600x450.jpg 600w, https:\/\/www.deco-charpente.fr\/wp-content\/uploads\/2020\/08\/pool-house-4-pentes-avant-couverture-tuiles-800x600.jpg 800w, https:\/\/www.deco-charpente.fr\/wp-content\/uploads\/2020\/08\/pool-house-4-pentes-avant-couverture-tuiles.jpg 1024w\" sizes=\"(max-width: 1024px) 100vw, (max-width: 640px) 100vw, 600px\" \/><\/a><\/span><\/div><div class=\"fusion-text fusion-text-839 tags\" style=\"transform:translate3d(0,0,0);\"><p>Pool house &amp; Kiosk<\/p>\n<\/div><div class=\"fusion-text fusion-text-840 description\" style=\"transform:translate3d(0,0,0);\"><p>Pool house 4 slopes (before tile covering)<\/p>\n<\/div><\/div><\/div><style type=\"text\/css\">.fusion-body .fusion-builder-column-420{width:25% !important;margin-top : 0px;margin-bottom : 20px;}.fusion-builder-column-420 > .fusion-column-wrapper {padding-top : 0px !important;padding-right : 0px !important;margin-right : 7.68%;padding-bottom : 0px !important;padding-left : 0px !important;margin-left : 7.68%;}@media only screen and (max-width:1024px) {.fusion-body .fusion-builder-column-420{width:100% !important;order : 0;}.fusion-builder-column-420 > .fusion-column-wrapper {margin-right : 1.92%;margin-left : 1.92%;}}@media only screen and (max-width:640px) {.fusion-body .fusion-builder-column-420{width:100% !important;order : 0;}.fusion-builder-column-420 > .fusion-column-wrapper {margin-right : 1.92%;margin-left : 1.92%;}}<\/style><div class=\"fusion-layout-column fusion_builder_column fusion-builder-column-421 fusion_builder_column_1_4 1_4 fusion-flex-column img-to-filter\"><div class=\"fusion-column-wrapper fusion-flex-justify-content-flex-start fusion-content-layout-column\" style=\"background-position:left top;background-repeat:no-repeat;-webkit-background-size:cover;-moz-background-size:cover;-o-background-size:cover;background-size:cover;padding: 0px 0px 0px 0px;\"><div ><span class=\"fusion-imageframe imageframe-none imageframe-421 hover-type-none\"><a href=\"https:\/\/www.deco-charpente.fr\/wp-content\/uploads\/2020\/08\/pool-house-4-pentes-2.jpg\" class=\"fusion-lightbox\" data-rel=\"iLightbox[gallery-image]\" data-title=\"pool house 4 pentes 2\" title=\"pool house 4 slopes 2\"><img decoding=\"async\" width=\"1024\" height=\"768\" src=\"https:\/\/www.deco-charpente.fr\/wp-content\/uploads\/2020\/08\/pool-house-4-pentes-2.jpg\" class=\"img-responsive wp-image-2215\" srcset=\"https:\/\/www.deco-charpente.fr\/wp-content\/uploads\/2020\/08\/pool-house-4-pentes-2-200x150.jpg 200w, https:\/\/www.deco-charpente.fr\/wp-content\/uploads\/2020\/08\/pool-house-4-pentes-2-400x300.jpg 400w, https:\/\/www.deco-charpente.fr\/wp-content\/uploads\/2020\/08\/pool-house-4-pentes-2-600x450.jpg 600w, https:\/\/www.deco-charpente.fr\/wp-content\/uploads\/2020\/08\/pool-house-4-pentes-2-800x600.jpg 800w, https:\/\/www.deco-charpente.fr\/wp-content\/uploads\/2020\/08\/pool-house-4-pentes-2.jpg 1024w\" sizes=\"(max-width: 1024px) 100vw, (max-width: 640px) 100vw, 600px\" \/><\/a><\/span><\/div><div class=\"fusion-text fusion-text-841 tags\" style=\"transform:translate3d(0,0,0);\"><p>Pool house &amp; Kiosk<\/p>\n<\/div><div class=\"fusion-text fusion-text-842 description\" style=\"transform:translate3d(0,0,0);\"><p>Pool house 4 slopes<\/p>\n<\/div><\/div><\/div><style type=\"text\/css\">.fusion-body .fusion-builder-column-421{width:25% !important;margin-top : 0px;margin-bottom : 20px;}.fusion-builder-column-421 > .fusion-column-wrapper {padding-top : 0px !important;padding-right : 0px !important;margin-right : 7.68%;padding-bottom : 0px !important;padding-left : 0px !important;margin-left : 7.68%;}@media only screen and (max-width:1024px) {.fusion-body .fusion-builder-column-421{width:100% !important;order : 0;}.fusion-builder-column-421 > .fusion-column-wrapper {margin-right : 1.92%;margin-left : 1.92%;}}@media only screen and (max-width:640px) {.fusion-body .fusion-builder-column-421{width:100% !important;order : 0;}.fusion-builder-column-421 > .fusion-column-wrapper {margin-right : 1.92%;margin-left : 1.92%;}}<\/style><div class=\"fusion-layout-column fusion_builder_column fusion-builder-column-422 fusion_builder_column_1_4 1_4 fusion-flex-column img-to-filter\"><div class=\"fusion-column-wrapper fusion-flex-justify-content-flex-start fusion-content-layout-column\" style=\"background-position:left top;background-repeat:no-repeat;-webkit-background-size:cover;-moz-background-size:cover;-o-background-size:cover;background-size:cover;padding: 0px 0px 0px 0px;\"><div ><span class=\"fusion-imageframe imageframe-none imageframe-422 hover-type-none\"><a href=\"https:\/\/www.deco-charpente.fr\/wp-content\/uploads\/2020\/08\/pool-house-4-pentes-3.jpg\" class=\"fusion-lightbox\" data-rel=\"iLightbox[gallery-image]\" data-title=\"pool house 4 pentes 3\" title=\"pool house 4 slopes 3\"><img decoding=\"async\" width=\"1024\" height=\"768\" src=\"https:\/\/www.deco-charpente.fr\/wp-content\/uploads\/2020\/08\/pool-house-4-pentes-3.jpg\" class=\"img-responsive wp-image-2216\" srcset=\"https:\/\/www.deco-charpente.fr\/wp-content\/uploads\/2020\/08\/pool-house-4-pentes-3-200x150.jpg 200w, https:\/\/www.deco-charpente.fr\/wp-content\/uploads\/2020\/08\/pool-house-4-pentes-3-400x300.jpg 400w, https:\/\/www.deco-charpente.fr\/wp-content\/uploads\/2020\/08\/pool-house-4-pentes-3-600x450.jpg 600w, https:\/\/www.deco-charpente.fr\/wp-content\/uploads\/2020\/08\/pool-house-4-pentes-3-800x600.jpg 800w, https:\/\/www.deco-charpente.fr\/wp-content\/uploads\/2020\/08\/pool-house-4-pentes-3.jpg 1024w\" sizes=\"(max-width: 1024px) 100vw, (max-width: 640px) 100vw, 600px\" \/><\/a><\/span><\/div><div class=\"fusion-text fusion-text-843 tags\" style=\"transform:translate3d(0,0,0);\"><p>Pool house &amp; Kiosk<\/p>\n<\/div><div class=\"fusion-text fusion-text-844 description\" style=\"transform:translate3d(0,0,0);\"><p>Pool house 4 slopes<\/p>\n<\/div><\/div><\/div><style type=\"text\/css\">.fusion-body .fusion-builder-column-422{width:25% !important;margin-top : 0px;margin-bottom : 20px;}.fusion-builder-column-422 > .fusion-column-wrapper {padding-top : 0px !important;padding-right : 0px !important;margin-right : 7.68%;padding-bottom : 0px !important;padding-left : 0px !important;margin-left : 7.68%;}@media only screen and (max-width:1024px) {.fusion-body .fusion-builder-column-422{width:100% !important;order : 0;}.fusion-builder-column-422 > .fusion-column-wrapper {margin-right : 1.92%;margin-left : 1.92%;}}@media only screen and (max-width:640px) {.fusion-body .fusion-builder-column-422{width:100% !important;order : 0;}.fusion-builder-column-422 > .fusion-column-wrapper {margin-right : 1.92%;margin-left : 1.92%;}}<\/style><div class=\"fusion-layout-column fusion_builder_column fusion-builder-column-423 fusion_builder_column_1_4 1_4 fusion-flex-column img-to-filter\"><div class=\"fusion-column-wrapper fusion-flex-justify-content-flex-start fusion-content-layout-column\" style=\"background-position:left top;background-repeat:no-repeat;-webkit-background-size:cover;-moz-background-size:cover;-o-background-size:cover;background-size:cover;padding: 0px 0px 0px 0px;\"><div ><span class=\"fusion-imageframe imageframe-none imageframe-423 hover-type-none\"><a href=\"https:\/\/www.deco-charpente.fr\/wp-content\/uploads\/2020\/08\/pool-house-4-pentes-sur\u00e9lev\u00e9.jpg\" class=\"fusion-lightbox\" data-rel=\"iLightbox[gallery-image]\" data-title=\"pool house 4 pentes sur\u00e9lev\u00e9\" title=\"4-slope raised pool house\"><img decoding=\"async\" width=\"736\" height=\"560\" src=\"https:\/\/www.deco-charpente.fr\/wp-content\/uploads\/2020\/08\/pool-house-4-pentes-sur\u00e9lev\u00e9.jpg\" class=\"img-responsive wp-image-2217\" srcset=\"https:\/\/www.deco-charpente.fr\/wp-content\/uploads\/2020\/08\/pool-house-4-pentes-sur\u00e9lev\u00e9-200x152.jpg 200w, https:\/\/www.deco-charpente.fr\/wp-content\/uploads\/2020\/08\/pool-house-4-pentes-sur\u00e9lev\u00e9-400x304.jpg 400w, https:\/\/www.deco-charpente.fr\/wp-content\/uploads\/2020\/08\/pool-house-4-pentes-sur\u00e9lev\u00e9-600x457.jpg 600w, https:\/\/www.deco-charpente.fr\/wp-content\/uploads\/2020\/08\/pool-house-4-pentes-sur\u00e9lev\u00e9.jpg 736w\" sizes=\"(max-width: 1024px) 100vw, (max-width: 640px) 100vw, 600px\" \/><\/a><\/span><\/div><div class=\"fusion-text fusion-text-845 tags\" style=\"transform:translate3d(0,0,0);\"><p>Pool house &amp; Kiosk<\/p>\n<\/div><div class=\"fusion-text fusion-text-846 description\" style=\"transform:translate3d(0,0,0);\"><p>Raised 4-slope pool house<\/p>\n<\/div><\/div><\/div><style type=\"text\/css\">.fusion-body .fusion-builder-column-423{width:25% !important;margin-top : 0px;margin-bottom : 20px;}.fusion-builder-column-423 > .fusion-column-wrapper {padding-top : 0px !important;padding-right : 0px !important;margin-right : 7.68%;padding-bottom : 0px !important;padding-left : 0px !important;margin-left : 7.68%;}@media only screen and (max-width:1024px) {.fusion-body .fusion-builder-column-423{width:100% !important;order : 0;}.fusion-builder-column-423 > .fusion-column-wrapper {margin-right : 1.92%;margin-left : 1.92%;}}@media only screen and (max-width:640px) {.fusion-body .fusion-builder-column-423{width:100% !important;order : 0;}.fusion-builder-column-423 > .fusion-column-wrapper {margin-right : 1.92%;margin-left : 1.92%;}}<\/style><div class=\"fusion-layout-column fusion_builder_column fusion-builder-column-424 fusion_builder_column_1_4 1_4 fusion-flex-column img-to-filter\"><div class=\"fusion-column-wrapper fusion-flex-justify-content-flex-start fusion-content-layout-column\" style=\"background-position:left top;background-repeat:no-repeat;-webkit-background-size:cover;-moz-background-size:cover;-o-background-size:cover;background-size:cover;padding: 0px 0px 0px 0px;\"><div ><span class=\"fusion-imageframe imageframe-none imageframe-424 hover-type-none\"><a href=\"https:\/\/www.deco-charpente.fr\/wp-content\/uploads\/2020\/08\/pool-house-4-pentes.jpg\" class=\"fusion-lightbox\" data-rel=\"iLightbox[gallery-image]\" data-title=\"pool house 4 pentes\" title=\"pool house 4 slopes\"><img decoding=\"async\" width=\"746\" height=\"557\" src=\"https:\/\/www.deco-charpente.fr\/wp-content\/uploads\/2020\/08\/pool-house-4-pentes.jpg\" class=\"img-responsive wp-image-2218\" srcset=\"https:\/\/www.deco-charpente.fr\/wp-content\/uploads\/2020\/08\/pool-house-4-pentes-200x149.jpg 200w, https:\/\/www.deco-charpente.fr\/wp-content\/uploads\/2020\/08\/pool-house-4-pentes-400x299.jpg 400w, https:\/\/www.deco-charpente.fr\/wp-content\/uploads\/2020\/08\/pool-house-4-pentes-600x448.jpg 600w, https:\/\/www.deco-charpente.fr\/wp-content\/uploads\/2020\/08\/pool-house-4-pentes.jpg 746w\" sizes=\"(max-width: 1024px) 100vw, (max-width: 640px) 100vw, 600px\" \/><\/a><\/span><\/div><div class=\"fusion-text fusion-text-847 tags\" style=\"transform:translate3d(0,0,0);\"><p>Pool house &amp; Kiosk<\/p>\n<\/div><div class=\"fusion-text fusion-text-848 description\" style=\"transform:translate3d(0,0,0);\"><p>Pool house 4 slopes<\/p>\n<\/div><\/div><\/div><style type=\"text\/css\">.fusion-body .fusion-builder-column-424{width:25% !important;margin-top : 0px;margin-bottom : 20px;}.fusion-builder-column-424 > .fusion-column-wrapper {padding-top : 0px !important;padding-right : 0px !important;margin-right : 7.68%;padding-bottom : 0px !important;padding-left : 0px !important;margin-left : 7.68%;}@media only screen and (max-width:1024px) {.fusion-body .fusion-builder-column-424{width:100% !important;order : 0;}.fusion-builder-column-424 > .fusion-column-wrapper {margin-right : 1.92%;margin-left : 1.92%;}}@media only screen and (max-width:640px) {.fusion-body .fusion-builder-column-424{width:100% !important;order : 0;}.fusion-builder-column-424 > .fusion-column-wrapper {margin-right : 1.92%;margin-left : 1.92%;}}<\/style><div class=\"fusion-layout-column fusion_builder_column fusion-builder-column-425 fusion_builder_column_1_4 1_4 fusion-flex-column img-to-filter\"><div class=\"fusion-column-wrapper fusion-flex-justify-content-flex-start fusion-content-layout-column\" style=\"background-position:left top;background-repeat:no-repeat;-webkit-background-size:cover;-moz-background-size:cover;-o-background-size:cover;background-size:cover;padding: 0px 0px 0px 0px;\"><div ><span class=\"fusion-imageframe imageframe-none imageframe-425 hover-type-none\"><a href=\"https:\/\/www.deco-charpente.fr\/wp-content\/uploads\/2023\/03\/Pool-house-avec-bardage.jpg\" class=\"fusion-lightbox\" data-rel=\"iLightbox[gallery-image]\" data-title=\"Pool house avec bardage\" title=\"Pool house with cladding\"><img decoding=\"async\" width=\"1890\" height=\"1417\" src=\"https:\/\/www.deco-charpente.fr\/wp-content\/uploads\/2023\/03\/Pool-house-avec-bardage.jpg\" class=\"img-responsive wp-image-8443\" srcset=\"https:\/\/www.deco-charpente.fr\/wp-content\/uploads\/2023\/03\/Pool-house-avec-bardage-200x150.jpg 200w, https:\/\/www.deco-charpente.fr\/wp-content\/uploads\/2023\/03\/Pool-house-avec-bardage-400x300.jpg 400w, https:\/\/www.deco-charpente.fr\/wp-content\/uploads\/2023\/03\/Pool-house-avec-bardage-600x450.jpg 600w, https:\/\/www.deco-charpente.fr\/wp-content\/uploads\/2023\/03\/Pool-house-avec-bardage-800x600.jpg 800w, https:\/\/www.deco-charpente.fr\/wp-content\/uploads\/2023\/03\/Pool-house-avec-bardage-1200x900.jpg 1200w, https:\/\/www.deco-charpente.fr\/wp-content\/uploads\/2023\/03\/Pool-house-avec-bardage.jpg 1890w\" sizes=\"(max-width: 1024px) 100vw, (max-width: 640px) 100vw, 600px\" \/><\/a><\/span><\/div><div class=\"fusion-text fusion-text-849 tags\" style=\"transform:translate3d(0,0,0);\"><p>Pool house &amp; Kiosk<\/p>\n<\/div><div class=\"fusion-text fusion-text-850 description\" style=\"transform:translate3d(0,0,0);\"><p>Pool house with cladding<\/p>\n<\/div><\/div><\/div><style type=\"text\/css\">.fusion-body .fusion-builder-column-425{width:25% !important;margin-top : 0px;margin-bottom : 20px;}.fusion-builder-column-425 > .fusion-column-wrapper {padding-top : 0px !important;padding-right : 0px !important;margin-right : 7.68%;padding-bottom : 0px !important;padding-left : 0px !important;margin-left : 7.68%;}@media only screen and (max-width:1024px) {.fusion-body .fusion-builder-column-425{width:100% !important;order : 0;}.fusion-builder-column-425 > .fusion-column-wrapper {margin-right : 1.92%;margin-left : 1.92%;}}@media only screen and (max-width:640px) {.fusion-body .fusion-builder-column-425{width:100% !important;order : 0;}.fusion-builder-column-425 > .fusion-column-wrapper {margin-right : 1.92%;margin-left : 1.92%;}}<\/style><div class=\"fusion-layout-column fusion_builder_column fusion-builder-column-426 fusion_builder_column_1_4 1_4 fusion-flex-column img-to-filter\"><div class=\"fusion-column-wrapper fusion-flex-justify-content-flex-start fusion-content-layout-column\" style=\"background-position:left top;background-repeat:no-repeat;-webkit-background-size:cover;-moz-background-size:cover;-o-background-size:cover;background-size:cover;padding: 0px 0px 0px 0px;\"><div ><span class=\"fusion-imageframe imageframe-none imageframe-426 hover-type-none\"><a href=\"https:\/\/www.deco-charpente.fr\/wp-content\/uploads\/2020\/08\/pool-house-avec-bardage.jpg\" class=\"fusion-lightbox\" data-rel=\"iLightbox[gallery-image]\" data-title=\"pool house avec bardage\" title=\"pool house with cladding\"><img decoding=\"async\" width=\"1024\" height=\"768\" src=\"https:\/\/www.deco-charpente.fr\/wp-content\/uploads\/2020\/08\/pool-house-avec-bardage.jpg\" class=\"img-responsive wp-image-2219\" srcset=\"https:\/\/www.deco-charpente.fr\/wp-content\/uploads\/2020\/08\/pool-house-avec-bardage-200x150.jpg 200w, https:\/\/www.deco-charpente.fr\/wp-content\/uploads\/2020\/08\/pool-house-avec-bardage-400x300.jpg 400w, https:\/\/www.deco-charpente.fr\/wp-content\/uploads\/2020\/08\/pool-house-avec-bardage-600x450.jpg 600w, https:\/\/www.deco-charpente.fr\/wp-content\/uploads\/2020\/08\/pool-house-avec-bardage-800x600.jpg 800w, https:\/\/www.deco-charpente.fr\/wp-content\/uploads\/2020\/08\/pool-house-avec-bardage.jpg 1024w\" sizes=\"(max-width: 1024px) 100vw, (max-width: 640px) 100vw, 600px\" \/><\/a><\/span><\/div><div class=\"fusion-text fusion-text-851 tags\" style=\"transform:translate3d(0,0,0);\"><p>Pool house &amp; Kiosk<\/p>\n<\/div><div class=\"fusion-text fusion-text-852 description\" style=\"transform:translate3d(0,0,0);\"><p>Pool house with cladding<\/p>\n<\/div><\/div><\/div><style type=\"text\/css\">.fusion-body .fusion-builder-column-426{width:25% !important;margin-top : 0px;margin-bottom : 20px;}.fusion-builder-column-426 > .fusion-column-wrapper {padding-top : 0px !important;padding-right : 0px !important;margin-right : 7.68%;padding-bottom : 0px !important;padding-left : 0px !important;margin-left : 7.68%;}@media only screen and (max-width:1024px) {.fusion-body .fusion-builder-column-426{width:100% !important;order : 0;}.fusion-builder-column-426 > .fusion-column-wrapper {margin-right : 1.92%;margin-left : 1.92%;}}@media only screen and (max-width:640px) {.fusion-body .fusion-builder-column-426{width:100% !important;order : 0;}.fusion-builder-column-426 > .fusion-column-wrapper {margin-right : 1.92%;margin-left : 1.92%;}}<\/style><div class=\"fusion-layout-column fusion_builder_column fusion-builder-column-427 fusion_builder_column_1_4 1_4 fusion-flex-column img-to-filter\"><div class=\"fusion-column-wrapper fusion-flex-justify-content-flex-start fusion-content-layout-column\" style=\"background-position:left top;background-repeat:no-repeat;-webkit-background-size:cover;-moz-background-size:cover;-o-background-size:cover;background-size:cover;padding: 0px 0px 0px 0px;\"><div ><span class=\"fusion-imageframe imageframe-none imageframe-427 hover-type-none\"><a href=\"https:\/\/www.deco-charpente.fr\/wp-content\/uploads\/2020\/08\/pool-house-avec-garde-corps-liens-incurv\u00e9s.jpg\" class=\"fusion-lightbox\" data-rel=\"iLightbox[gallery-image]\" data-title=\"pool house avec garde-corps &#8211; liens incurv\u00e9s\" title=\"pool house with guardrail \u2013 curved links\"><img decoding=\"async\" width=\"1024\" height=\"768\" src=\"https:\/\/www.deco-charpente.fr\/wp-content\/uploads\/2020\/08\/pool-house-avec-garde-corps-liens-incurv\u00e9s.jpg\" class=\"img-responsive wp-image-2220\" srcset=\"https:\/\/www.deco-charpente.fr\/wp-content\/uploads\/2020\/08\/pool-house-avec-garde-corps-liens-incurv\u00e9s-200x150.jpg 200w, https:\/\/www.deco-charpente.fr\/wp-content\/uploads\/2020\/08\/pool-house-avec-garde-corps-liens-incurv\u00e9s-400x300.jpg 400w, https:\/\/www.deco-charpente.fr\/wp-content\/uploads\/2020\/08\/pool-house-avec-garde-corps-liens-incurv\u00e9s-600x450.jpg 600w, https:\/\/www.deco-charpente.fr\/wp-content\/uploads\/2020\/08\/pool-house-avec-garde-corps-liens-incurv\u00e9s-800x600.jpg 800w, https:\/\/www.deco-charpente.fr\/wp-content\/uploads\/2020\/08\/pool-house-avec-garde-corps-liens-incurv\u00e9s.jpg 1024w\" sizes=\"(max-width: 1024px) 100vw, (max-width: 640px) 100vw, 600px\" \/><\/a><\/span><\/div><div class=\"fusion-text fusion-text-853 tags\" style=\"transform:translate3d(0,0,0);\"><p>Pool house &amp; Kiosk<\/p>\n<\/div><div class=\"fusion-text fusion-text-854 description\" style=\"transform:translate3d(0,0,0);\"><p>Pool house with guardrail \u2013 curved links<\/p>\n<\/div><\/div><\/div><style type=\"text\/css\">.fusion-body .fusion-builder-column-427{width:25% !important;margin-top : 0px;margin-bottom : 20px;}.fusion-builder-column-427 > .fusion-column-wrapper {padding-top : 0px !important;padding-right : 0px !important;margin-right : 7.68%;padding-bottom : 0px !important;padding-left : 0px !important;margin-left : 7.68%;}@media only screen and (max-width:1024px) {.fusion-body .fusion-builder-column-427{width:100% !important;order : 0;}.fusion-builder-column-427 > .fusion-column-wrapper {margin-right : 1.92%;margin-left : 1.92%;}}@media only screen and (max-width:640px) {.fusion-body .fusion-builder-column-427{width:100% !important;order : 0;}.fusion-builder-column-427 > .fusion-column-wrapper {margin-right : 1.92%;margin-left : 1.92%;}}<\/style><div class=\"fusion-layout-column fusion_builder_column fusion-builder-column-428 fusion_builder_column_1_4 1_4 fusion-flex-column img-to-filter\"><div class=\"fusion-column-wrapper fusion-flex-justify-content-flex-start fusion-content-layout-column\" style=\"background-position:left top;background-repeat:no-repeat;-webkit-background-size:cover;-moz-background-size:cover;-o-background-size:cover;background-size:cover;padding: 0px 0px 0px 0px;\"><div ><span class=\"fusion-imageframe imageframe-none imageframe-428 hover-type-none\"><a href=\"https:\/\/www.deco-charpente.fr\/wp-content\/uploads\/2020\/08\/pool-house-en-bois-de-dessous.jpg\" class=\"fusion-lightbox\" data-rel=\"iLightbox[gallery-image]\" data-title=\"pool house en bois de dessous\" title=\"wooden pool house from below\"><img decoding=\"async\" width=\"1024\" height=\"768\" src=\"https:\/\/www.deco-charpente.fr\/wp-content\/uploads\/2020\/08\/pool-house-en-bois-de-dessous.jpg\" class=\"img-responsive wp-image-2222\" srcset=\"https:\/\/www.deco-charpente.fr\/wp-content\/uploads\/2020\/08\/pool-house-en-bois-de-dessous-200x150.jpg 200w, https:\/\/www.deco-charpente.fr\/wp-content\/uploads\/2020\/08\/pool-house-en-bois-de-dessous-400x300.jpg 400w, https:\/\/www.deco-charpente.fr\/wp-content\/uploads\/2020\/08\/pool-house-en-bois-de-dessous-600x450.jpg 600w, https:\/\/www.deco-charpente.fr\/wp-content\/uploads\/2020\/08\/pool-house-en-bois-de-dessous-800x600.jpg 800w, https:\/\/www.deco-charpente.fr\/wp-content\/uploads\/2020\/08\/pool-house-en-bois-de-dessous.jpg 1024w\" sizes=\"(max-width: 1024px) 100vw, (max-width: 640px) 100vw, 600px\" \/><\/a><\/span><\/div><div class=\"fusion-text fusion-text-855 tags\" style=\"transform:translate3d(0,0,0);\"><p>Pool house &amp; Kiosk<\/p>\n<\/div><div class=\"fusion-text fusion-text-856 description\" style=\"transform:translate3d(0,0,0);\"><p>Wooden pool house from below<\/p>\n<\/div><\/div><\/div><style type=\"text\/css\">.fusion-body .fusion-builder-column-428{width:25% !important;margin-top : 0px;margin-bottom : 20px;}.fusion-builder-column-428 > .fusion-column-wrapper {padding-top : 0px !important;padding-right : 0px !important;margin-right : 7.68%;padding-bottom : 0px !important;padding-left : 0px !important;margin-left : 7.68%;}@media only screen and (max-width:1024px) {.fusion-body .fusion-builder-column-428{width:100% !important;order : 0;}.fusion-builder-column-428 > .fusion-column-wrapper {margin-right : 1.92%;margin-left : 1.92%;}}@media only screen and (max-width:640px) {.fusion-body .fusion-builder-column-428{width:100% !important;order : 0;}.fusion-builder-column-428 > .fusion-column-wrapper {margin-right : 1.92%;margin-left : 1.92%;}}<\/style><div class=\"fusion-layout-column fusion_builder_column fusion-builder-column-429 fusion_builder_column_1_4 1_4 fusion-flex-column img-to-filter\"><div class=\"fusion-column-wrapper fusion-flex-justify-content-flex-start fusion-content-layout-column\" style=\"background-position:left top;background-repeat:no-repeat;-webkit-background-size:cover;-moz-background-size:cover;-o-background-size:cover;background-size:cover;padding: 0px 0px 0px 0px;\"><div ><span class=\"fusion-imageframe imageframe-none imageframe-429 hover-type-none\"><a href=\"https:\/\/www.deco-charpente.fr\/wp-content\/uploads\/2020\/08\/pool-house-sur-terrasse-bois-2.jpg\" class=\"fusion-lightbox\" data-rel=\"iLightbox[gallery-image]\" data-title=\"pool house sur terrasse bois 2\" title=\"pool house on wooden terrace 2\"><img decoding=\"async\" width=\"992\" height=\"560\" src=\"https:\/\/www.deco-charpente.fr\/wp-content\/uploads\/2020\/08\/pool-house-sur-terrasse-bois-2.jpg\" class=\"img-responsive wp-image-2223\" srcset=\"https:\/\/www.deco-charpente.fr\/wp-content\/uploads\/2020\/08\/pool-house-sur-terrasse-bois-2-200x113.jpg 200w, https:\/\/www.deco-charpente.fr\/wp-content\/uploads\/2020\/08\/pool-house-sur-terrasse-bois-2-400x226.jpg 400w, https:\/\/www.deco-charpente.fr\/wp-content\/uploads\/2020\/08\/pool-house-sur-terrasse-bois-2-600x339.jpg 600w, https:\/\/www.deco-charpente.fr\/wp-content\/uploads\/2020\/08\/pool-house-sur-terrasse-bois-2-800x452.jpg 800w, https:\/\/www.deco-charpente.fr\/wp-content\/uploads\/2020\/08\/pool-house-sur-terrasse-bois-2.jpg 992w\" sizes=\"(max-width: 1024px) 100vw, (max-width: 640px) 100vw, 600px\" \/><\/a><\/span><\/div><div class=\"fusion-text fusion-text-857 tags\" style=\"transform:translate3d(0,0,0);\"><p>Pool house &amp; Kiosk<\/p>\n<\/div><div class=\"fusion-text fusion-text-858 description\" style=\"transform:translate3d(0,0,0);\"><p>Pool house on wooden terrace<\/p>\n<\/div><\/div><\/div><style type=\"text\/css\">.fusion-body .fusion-builder-column-429{width:25% !important;margin-top : 0px;margin-bottom : 20px;}.fusion-builder-column-429 > .fusion-column-wrapper {padding-top : 0px !important;padding-right : 0px !important;margin-right : 7.68%;padding-bottom : 0px !important;padding-left : 0px !important;margin-left : 7.68%;}@media only screen and (max-width:1024px) {.fusion-body .fusion-builder-column-429{width:100% !important;order : 0;}.fusion-builder-column-429 > .fusion-column-wrapper {margin-right : 1.92%;margin-left : 1.92%;}}@media only screen and (max-width:640px) {.fusion-body .fusion-builder-column-429{width:100% !important;order : 0;}.fusion-builder-column-429 > .fusion-column-wrapper {margin-right : 1.92%;margin-left : 1.92%;}}<\/style><div class=\"fusion-layout-column fusion_builder_column fusion-builder-column-430 fusion_builder_column_1_4 1_4 fusion-flex-column img-to-filter\"><div class=\"fusion-column-wrapper fusion-flex-justify-content-flex-start fusion-content-layout-column\" style=\"background-position:left top;background-repeat:no-repeat;-webkit-background-size:cover;-moz-background-size:cover;-o-background-size:cover;background-size:cover;padding: 0px 0px 0px 0px;\"><div ><span class=\"fusion-imageframe imageframe-none imageframe-430 hover-type-none\"><a href=\"https:\/\/www.deco-charpente.fr\/wp-content\/uploads\/2020\/08\/pool-house-sur-terrasse-bois-e1651583014665.jpg\" class=\"fusion-lightbox\" data-rel=\"iLightbox[gallery-image]\" data-title=\"pool house sur terrasse bois\" title=\"pool house on wooden terrace\"><img decoding=\"async\" width=\"431\" height=\"463\" src=\"https:\/\/www.deco-charpente.fr\/wp-content\/uploads\/2020\/08\/pool-house-sur-terrasse-bois-e1651583014665.jpg\" class=\"img-responsive wp-image-2224\" srcset=\"https:\/\/www.deco-charpente.fr\/wp-content\/uploads\/2020\/08\/pool-house-sur-terrasse-bois-e1651583014665-200x215.jpg 200w, https:\/\/www.deco-charpente.fr\/wp-content\/uploads\/2020\/08\/pool-house-sur-terrasse-bois-e1651583014665-400x430.jpg 400w, https:\/\/www.deco-charpente.fr\/wp-content\/uploads\/2020\/08\/pool-house-sur-terrasse-bois-e1651583014665.jpg 431w\" sizes=\"(max-width: 1024px) 100vw, (max-width: 640px) 100vw, 431px\" \/><\/a><\/span><\/div><div class=\"fusion-text fusion-text-859 tags\" style=\"transform:translate3d(0,0,0);\"><p>Pool house &amp; Kiosk<\/p>\n<\/div><div class=\"fusion-text fusion-text-860 description\" style=\"transform:translate3d(0,0,0);\"><p>Pool house on wooden terrace<\/p>\n<\/div><\/div><\/div><style type=\"text\/css\">.fusion-body .fusion-builder-column-430{width:25% !important;margin-top : 0px;margin-bottom : 20px;}.fusion-builder-column-430 > .fusion-column-wrapper {padding-top : 0px !important;padding-right : 0px !important;margin-right : 7.68%;padding-bottom : 0px !important;padding-left : 0px !important;margin-left : 7.68%;}@media only screen and (max-width:1024px) {.fusion-body .fusion-builder-column-430{width:100% !important;order : 0;}.fusion-builder-column-430 > .fusion-column-wrapper {margin-right : 1.92%;margin-left : 1.92%;}}@media only screen and (max-width:640px) {.fusion-body .fusion-builder-column-430{width:100% !important;order : 0;}.fusion-builder-column-430 > .fusion-column-wrapper {margin-right : 1.92%;margin-left : 1.92%;}}<\/style><div class=\"fusion-layout-column fusion_builder_column fusion-builder-column-431 fusion_builder_column_1_4 1_4 fusion-flex-column img-to-filter\"><div class=\"fusion-column-wrapper fusion-flex-justify-content-flex-start fusion-content-layout-column\" style=\"background-position:left top;background-repeat:no-repeat;-webkit-background-size:cover;-moz-background-size:cover;-o-background-size:cover;background-size:cover;padding: 0px 0px 0px 0px;\"><div ><span class=\"fusion-imageframe imageframe-none imageframe-431 hover-type-none\"><a href=\"https:\/\/www.deco-charpente.fr\/wp-content\/uploads\/2024\/02\/Pergola-Rhone.jpg\" class=\"fusion-lightbox\" data-rel=\"iLightbox[gallery-image]\" data-title=\"Pergola Rhone\" title=\"Rhone Pergola\"><img decoding=\"async\" width=\"1800\" height=\"1350\" src=\"https:\/\/www.deco-charpente.fr\/wp-content\/uploads\/2024\/02\/Pergola-Rhone.jpg\" class=\"img-responsive wp-image-9622\" srcset=\"https:\/\/www.deco-charpente.fr\/wp-content\/uploads\/2024\/02\/Pergola-Rhone-200x150.webp 200w, https:\/\/www.deco-charpente.fr\/wp-content\/uploads\/2024\/02\/Pergola-Rhone-300x225.webp 300w, https:\/\/www.deco-charpente.fr\/wp-content\/uploads\/2024\/02\/Pergola-Rhone-400x300.webp 400w, https:\/\/www.deco-charpente.fr\/wp-content\/uploads\/2024\/02\/Pergola-Rhone-600x450.webp 600w, https:\/\/www.deco-charpente.fr\/wp-content\/uploads\/2024\/02\/Pergola-Rhone-768x576.webp 768w, https:\/\/www.deco-charpente.fr\/wp-content\/uploads\/2024\/02\/Pergola-Rhone-800x600.webp 800w, https:\/\/www.deco-charpente.fr\/wp-content\/uploads\/2024\/02\/Pergola-Rhone-1024x768.webp 1024w, https:\/\/www.deco-charpente.fr\/wp-content\/uploads\/2024\/02\/Pergola-Rhone-1200x900.webp 1200w, https:\/\/www.deco-charpente.fr\/wp-content\/uploads\/2024\/02\/Pergola-Rhone-1536x1152.webp 1536w, https:\/\/www.deco-charpente.fr\/wp-content\/uploads\/2024\/02\/Pergola-Rhone.jpg 1800w\" sizes=\"(max-width: 1024px) 100vw, (max-width: 640px) 100vw, 600px\" \/><\/a><\/span><\/div><div class=\"fusion-text fusion-text-861 tags\" style=\"transform:translate3d(0,0,0);\"><p>Pergola<\/p>\n<\/div><div class=\"fusion-text fusion-text-862 description\" style=\"transform:translate3d(0,0,0);\"><p>Contemporary pergola<\/p>\n<\/div><\/div><\/div><style type=\"text\/css\">.fusion-body .fusion-builder-column-431{width:25% !important;margin-top : 0px;margin-bottom : 20px;}.fusion-builder-column-431 > .fusion-column-wrapper {padding-top : 0px !important;padding-right : 0px !important;margin-right : 7.68%;padding-bottom : 0px !important;padding-left : 0px !important;margin-left : 7.68%;}@media only screen and (max-width:1024px) {.fusion-body .fusion-builder-column-431{width:100% !important;order : 0;}.fusion-builder-column-431 > .fusion-column-wrapper {margin-right : 1.92%;margin-left : 1.92%;}}@media only screen and (max-width:640px) {.fusion-body .fusion-builder-column-431{width:100% !important;order : 0;}.fusion-builder-column-431 > .fusion-column-wrapper {margin-right : 1.92%;margin-left : 1.92%;}}<\/style><div class=\"fusion-layout-column fusion_builder_column fusion-builder-column-432 fusion_builder_column_1_4 1_4 fusion-flex-column img-to-filter\"><div class=\"fusion-column-wrapper fusion-flex-justify-content-flex-start fusion-content-layout-column\" style=\"background-position:left top;background-repeat:no-repeat;-webkit-background-size:cover;-moz-background-size:cover;-o-background-size:cover;background-size:cover;padding: 0px 0px 0px 0px;\"><div ><span class=\"fusion-imageframe imageframe-none imageframe-432 hover-type-none\"><a href=\"https:\/\/www.deco-charpente.fr\/wp-content\/uploads\/2020\/10\/Pergola-contemporaine5-e1651581697452.jpg\" class=\"fusion-lightbox\" data-rel=\"iLightbox[gallery-image]\" data-title=\"Pergola contemporaine\" title=\"Contemporary pergola\"><img decoding=\"async\" width=\"705\" height=\"614\" alt=\"Pergola contemporaine\" src=\"https:\/\/www.deco-charpente.fr\/wp-content\/uploads\/2020\/10\/Pergola-contemporaine5-e1651581697452.jpg\" class=\"img-responsive wp-image-3795\" srcset=\"https:\/\/www.deco-charpente.fr\/wp-content\/uploads\/2020\/10\/Pergola-contemporaine5-e1651581697452-200x174.jpg 200w, https:\/\/www.deco-charpente.fr\/wp-content\/uploads\/2020\/10\/Pergola-contemporaine5-e1651581697452-400x348.jpg 400w, https:\/\/www.deco-charpente.fr\/wp-content\/uploads\/2020\/10\/Pergola-contemporaine5-e1651581697452-600x523.jpg 600w, https:\/\/www.deco-charpente.fr\/wp-content\/uploads\/2020\/10\/Pergola-contemporaine5-e1651581697452.jpg 705w\" sizes=\"(max-width: 1024px) 100vw, (max-width: 640px) 100vw, 600px\" \/><\/a><\/span><\/div><div class=\"fusion-text fusion-text-863 tags\" style=\"transform:translate3d(0,0,0);\"><p>Pergola<\/p>\n<\/div><div class=\"fusion-text fusion-text-864 description\" style=\"transform:translate3d(0,0,0);\"><p>Contemporary pergola<\/p>\n<\/div><\/div><\/div><style type=\"text\/css\">.fusion-body .fusion-builder-column-432{width:25% !important;margin-top : 0px;margin-bottom : 20px;}.fusion-builder-column-432 > .fusion-column-wrapper {padding-top : 0px !important;padding-right : 0px !important;margin-right : 7.68%;padding-bottom : 0px !important;padding-left : 0px !important;margin-left : 7.68%;}@media only screen and (max-width:1024px) {.fusion-body .fusion-builder-column-432{width:100% !important;order : 0;}.fusion-builder-column-432 > .fusion-column-wrapper {margin-right : 1.92%;margin-left : 1.92%;}}@media only screen and (max-width:640px) {.fusion-body .fusion-builder-column-432{width:100% !important;order : 0;}.fusion-builder-column-432 > .fusion-column-wrapper {margin-right : 1.92%;margin-left : 1.92%;}}<\/style><div class=\"fusion-layout-column fusion_builder_column fusion-builder-column-433 fusion_builder_column_1_4 1_4 fusion-flex-column img-to-filter\"><div class=\"fusion-column-wrapper fusion-flex-justify-content-flex-start fusion-content-layout-column\" style=\"background-position:left top;background-repeat:no-repeat;-webkit-background-size:cover;-moz-background-size:cover;-o-background-size:cover;background-size:cover;padding: 0px 0px 0px 0px;\"><div ><span class=\"fusion-imageframe imageframe-none imageframe-433 hover-type-none\"><a href=\"https:\/\/www.deco-charpente.fr\/wp-content\/uploads\/2020\/08\/pergola-\u00e0-persiennes-inclin\u00e9es-pos\u00e9e-sur-balcon.jpg\" class=\"fusion-lightbox\" data-rel=\"iLightbox[gallery-image]\" data-title=\"pergola \u00e0 persiennes inclin\u00e9es &#8211; pos\u00e9e sur balcon\" title=\"pergola with inclined louvers \u2013 placed on balcony\"><img decoding=\"async\" width=\"1024\" height=\"768\" src=\"https:\/\/www.deco-charpente.fr\/wp-content\/uploads\/2020\/08\/pergola-\u00e0-persiennes-inclin\u00e9es-pos\u00e9e-sur-balcon.jpg\" class=\"img-responsive wp-image-2226\" srcset=\"https:\/\/www.deco-charpente.fr\/wp-content\/uploads\/2020\/08\/pergola-\u00e0-persiennes-inclin\u00e9es-pos\u00e9e-sur-balcon-200x150.jpg 200w, https:\/\/www.deco-charpente.fr\/wp-content\/uploads\/2020\/08\/pergola-\u00e0-persiennes-inclin\u00e9es-pos\u00e9e-sur-balcon-400x300.jpg 400w, https:\/\/www.deco-charpente.fr\/wp-content\/uploads\/2020\/08\/pergola-\u00e0-persiennes-inclin\u00e9es-pos\u00e9e-sur-balcon-600x450.jpg 600w, https:\/\/www.deco-charpente.fr\/wp-content\/uploads\/2020\/08\/pergola-\u00e0-persiennes-inclin\u00e9es-pos\u00e9e-sur-balcon-800x600.jpg 800w, https:\/\/www.deco-charpente.fr\/wp-content\/uploads\/2020\/08\/pergola-\u00e0-persiennes-inclin\u00e9es-pos\u00e9e-sur-balcon.jpg 1024w\" sizes=\"(max-width: 1024px) 100vw, (max-width: 640px) 100vw, 600px\" \/><\/a><\/span><\/div><div class=\"fusion-text fusion-text-865 tags\" style=\"transform:translate3d(0,0,0);\"><p>Pergola<\/p>\n<\/div><div class=\"fusion-text fusion-text-866 description\" style=\"transform:translate3d(0,0,0);\"><p>Pergola with inclined louvers \u2013 placed on balcony<\/p>\n<\/div><\/div><\/div><style type=\"text\/css\">.fusion-body .fusion-builder-column-433{width:25% !important;margin-top : 0px;margin-bottom : 20px;}.fusion-builder-column-433 > .fusion-column-wrapper {padding-top : 0px !important;padding-right : 0px !important;margin-right : 7.68%;padding-bottom : 0px !important;padding-left : 0px !important;margin-left : 7.68%;}@media only screen and (max-width:1024px) {.fusion-body .fusion-builder-column-433{width:100% !important;order : 0;}.fusion-builder-column-433 > .fusion-column-wrapper {margin-right : 1.92%;margin-left : 1.92%;}}@media only screen and (max-width:640px) {.fusion-body .fusion-builder-column-433{width:100% !important;order : 0;}.fusion-builder-column-433 > .fusion-column-wrapper {margin-right : 1.92%;margin-left : 1.92%;}}<\/style><div class=\"fusion-layout-column fusion_builder_column fusion-builder-column-434 fusion_builder_column_1_4 1_4 fusion-flex-column img-to-filter\"><div class=\"fusion-column-wrapper fusion-flex-justify-content-flex-start fusion-content-layout-column\" style=\"background-position:left top;background-repeat:no-repeat;-webkit-background-size:cover;-moz-background-size:cover;-o-background-size:cover;background-size:cover;padding: 0px 0px 0px 0px;\"><div ><span class=\"fusion-imageframe imageframe-none imageframe-434 hover-type-none\"><a href=\"https:\/\/www.deco-charpente.fr\/wp-content\/uploads\/2021\/02\/Pergola-adossee-e1651581655894.jpg\" class=\"fusion-lightbox\" data-rel=\"iLightbox[gallery-image]\" data-title=\"Pergola adoss\u00e9e\" title=\"Leaning pergola\"><img decoding=\"async\" width=\"913\" height=\"776\" alt=\"Pergola adoss\u00e9e\" src=\"https:\/\/www.deco-charpente.fr\/wp-content\/uploads\/2021\/02\/Pergola-adossee-e1651581655894.jpg\" class=\"img-responsive wp-image-4498\" srcset=\"https:\/\/www.deco-charpente.fr\/wp-content\/uploads\/2021\/02\/Pergola-adossee-e1651581655894-200x170.jpg 200w, https:\/\/www.deco-charpente.fr\/wp-content\/uploads\/2021\/02\/Pergola-adossee-e1651581655894-400x340.jpg 400w, https:\/\/www.deco-charpente.fr\/wp-content\/uploads\/2021\/02\/Pergola-adossee-e1651581655894-600x510.jpg 600w, https:\/\/www.deco-charpente.fr\/wp-content\/uploads\/2021\/02\/Pergola-adossee-e1651581655894-800x680.jpg 800w, https:\/\/www.deco-charpente.fr\/wp-content\/uploads\/2021\/02\/Pergola-adossee-e1651581655894.jpg 913w\" sizes=\"(max-width: 1024px) 100vw, (max-width: 640px) 100vw, 600px\" \/><\/a><\/span><\/div><div class=\"fusion-text fusion-text-867 tags\" style=\"transform:translate3d(0,0,0);\"><p>Pergola<\/p>\n<\/div><div class=\"fusion-text fusion-text-868 description\" style=\"transform:translate3d(0,0,0);\"><p>Leaning pergola<\/p>\n<\/div><\/div><\/div><style type=\"text\/css\">.fusion-body .fusion-builder-column-434{width:25% !important;margin-top : 0px;margin-bottom : 20px;}.fusion-builder-column-434 > .fusion-column-wrapper {padding-top : 0px !important;padding-right : 0px !important;margin-right : 7.68%;padding-bottom : 0px !important;padding-left : 0px !important;margin-left : 7.68%;}@media only screen and (max-width:1024px) {.fusion-body .fusion-builder-column-434{width:100% !important;order : 0;}.fusion-builder-column-434 > .fusion-column-wrapper {margin-right : 1.92%;margin-left : 1.92%;}}@media only screen and (max-width:640px) {.fusion-body .fusion-builder-column-434{width:100% !important;order : 0;}.fusion-builder-column-434 > .fusion-column-wrapper {margin-right : 1.92%;margin-left : 1.92%;}}<\/style><div class=\"fusion-layout-column fusion_builder_column fusion-builder-column-435 fusion_builder_column_1_4 1_4 fusion-flex-column img-to-filter\"><div class=\"fusion-column-wrapper fusion-flex-justify-content-flex-start fusion-content-layout-column\" style=\"background-position:left top;background-repeat:no-repeat;-webkit-background-size:cover;-moz-background-size:cover;-o-background-size:cover;background-size:cover;padding: 0px 0px 0px 0px;\"><div ><span class=\"fusion-imageframe imageframe-none imageframe-435 hover-type-none\"><a href=\"https:\/\/www.deco-charpente.fr\/wp-content\/uploads\/2024\/08\/Pergola-sur-terrasse.jpg\" class=\"fusion-lightbox\" data-rel=\"iLightbox[gallery-image]\" data-title=\"Pergola sur terrasse\" title=\"Pergola on terrace\"><img decoding=\"async\" width=\"1536\" height=\"2048\" src=\"https:\/\/www.deco-charpente.fr\/wp-content\/uploads\/2024\/08\/Pergola-sur-terrasse.jpg\" class=\"img-responsive wp-image-11182\" srcset=\"https:\/\/www.deco-charpente.fr\/wp-content\/uploads\/2024\/08\/Pergola-sur-terrasse-200x267.jpg 200w, https:\/\/www.deco-charpente.fr\/wp-content\/uploads\/2024\/08\/Pergola-sur-terrasse-400x533.jpg 400w, https:\/\/www.deco-charpente.fr\/wp-content\/uploads\/2024\/08\/Pergola-sur-terrasse-600x800.jpg 600w, https:\/\/www.deco-charpente.fr\/wp-content\/uploads\/2024\/08\/Pergola-sur-terrasse-800x1067.jpg 800w, https:\/\/www.deco-charpente.fr\/wp-content\/uploads\/2024\/08\/Pergola-sur-terrasse-1200x1600.jpg 1200w, https:\/\/www.deco-charpente.fr\/wp-content\/uploads\/2024\/08\/Pergola-sur-terrasse.jpg 1536w\" sizes=\"(max-width: 1024px) 100vw, (max-width: 640px) 100vw, 600px\" \/><\/a><\/span><\/div><div class=\"fusion-text fusion-text-869 tags\" style=\"transform:translate3d(0,0,0);\"><p>Pergola<\/p>\n<\/div><div class=\"fusion-text fusion-text-870 description\" style=\"transform:translate3d(0,0,0);\"><p>Leaning pergola<\/p>\n<\/div><\/div><\/div><style type=\"text\/css\">.fusion-body .fusion-builder-column-435{width:25% !important;margin-top : 0px;margin-bottom : 20px;}.fusion-builder-column-435 > .fusion-column-wrapper {padding-top : 0px !important;padding-right : 0px !important;margin-right : 7.68%;padding-bottom : 0px !important;padding-left : 0px !important;margin-left : 7.68%;}@media only screen and (max-width:1024px) {.fusion-body .fusion-builder-column-435{width:100% !important;order : 0;}.fusion-builder-column-435 > .fusion-column-wrapper {margin-right : 1.92%;margin-left : 1.92%;}}@media only screen and (max-width:640px) {.fusion-body .fusion-builder-column-435{width:100% !important;order : 0;}.fusion-builder-column-435 > .fusion-column-wrapper {margin-right : 1.92%;margin-left : 1.92%;}}<\/style><div class=\"fusion-layout-column fusion_builder_column fusion-builder-column-436 fusion_builder_column_1_4 1_4 fusion-flex-column img-to-filter\"><div class=\"fusion-column-wrapper fusion-flex-justify-content-flex-start fusion-content-layout-column\" style=\"background-position:left top;background-repeat:no-repeat;-webkit-background-size:cover;-moz-background-size:cover;-o-background-size:cover;background-size:cover;padding: 0px 0px 0px 0px;\"><div ><span class=\"fusion-imageframe imageframe-none imageframe-436 hover-type-none\"><a href=\"https:\/\/www.deco-charpente.fr\/wp-content\/uploads\/2024\/08\/Pergola.jpg\" class=\"fusion-lightbox\" data-rel=\"iLightbox[gallery-image]\" data-title=\"Pergola\" title=\"Pergola\"><img decoding=\"async\" width=\"2048\" height=\"1536\" src=\"https:\/\/www.deco-charpente.fr\/wp-content\/uploads\/2024\/08\/Pergola.jpg\" class=\"img-responsive wp-image-11181\" srcset=\"https:\/\/www.deco-charpente.fr\/wp-content\/uploads\/2024\/08\/Pergola-200x150.jpg 200w, https:\/\/www.deco-charpente.fr\/wp-content\/uploads\/2024\/08\/Pergola-400x300.jpg 400w, https:\/\/www.deco-charpente.fr\/wp-content\/uploads\/2024\/08\/Pergola-600x450.jpg 600w, https:\/\/www.deco-charpente.fr\/wp-content\/uploads\/2024\/08\/Pergola-800x600.jpg 800w, https:\/\/www.deco-charpente.fr\/wp-content\/uploads\/2024\/08\/Pergola-1200x900.jpg 1200w, https:\/\/www.deco-charpente.fr\/wp-content\/uploads\/2024\/08\/Pergola.jpg 2048w\" sizes=\"(max-width: 1024px) 100vw, (max-width: 640px) 100vw, 600px\" \/><\/a><\/span><\/div><div class=\"fusion-text fusion-text-871 tags\" style=\"transform:translate3d(0,0,0);\"><p>Pergola<\/p>\n<\/div><div class=\"fusion-text fusion-text-872 description\" style=\"transform:translate3d(0,0,0);\"><p>Leaning pergola<\/p>\n<\/div><\/div><\/div><style type=\"text\/css\">.fusion-body .fusion-builder-column-436{width:25% !important;margin-top : 0px;margin-bottom : 20px;}.fusion-builder-column-436 > .fusion-column-wrapper {padding-top : 0px !important;padding-right : 0px !important;margin-right : 7.68%;padding-bottom : 0px !important;padding-left : 0px !important;margin-left : 7.68%;}@media only screen and (max-width:1024px) {.fusion-body .fusion-builder-column-436{width:100% !important;order : 0;}.fusion-builder-column-436 > .fusion-column-wrapper {margin-right : 1.92%;margin-left : 1.92%;}}@media only screen and (max-width:640px) {.fusion-body .fusion-builder-column-436{width:100% !important;order : 0;}.fusion-builder-column-436 > .fusion-column-wrapper {margin-right : 1.92%;margin-left : 1.92%;}}<\/style><div class=\"fusion-layout-column fusion_builder_column fusion-builder-column-437 fusion_builder_column_1_4 1_4 fusion-flex-column img-to-filter\"><div class=\"fusion-column-wrapper fusion-flex-justify-content-flex-start fusion-content-layout-column\" style=\"background-position:left top;background-repeat:no-repeat;-webkit-background-size:cover;-moz-background-size:cover;-o-background-size:cover;background-size:cover;padding: 0px 0px 0px 0px;\"><div ><span class=\"fusion-imageframe imageframe-none imageframe-437 hover-type-none\"><a href=\"https:\/\/www.deco-charpente.fr\/wp-content\/uploads\/2020\/08\/pergola-adoss\u00e9.jpg\" class=\"fusion-lightbox\" data-rel=\"iLightbox[gallery-image]\" data-title=\"pergola adoss\u00e9\" title=\"lean-to pergola\"><img decoding=\"async\" width=\"1024\" height=\"768\" src=\"https:\/\/www.deco-charpente.fr\/wp-content\/uploads\/2020\/08\/pergola-adoss\u00e9.jpg\" class=\"img-responsive wp-image-2228\" srcset=\"https:\/\/www.deco-charpente.fr\/wp-content\/uploads\/2020\/08\/pergola-adoss\u00e9-200x150.jpg 200w, https:\/\/www.deco-charpente.fr\/wp-content\/uploads\/2020\/08\/pergola-adoss\u00e9-400x300.jpg 400w, https:\/\/www.deco-charpente.fr\/wp-content\/uploads\/2020\/08\/pergola-adoss\u00e9-600x450.jpg 600w, https:\/\/www.deco-charpente.fr\/wp-content\/uploads\/2020\/08\/pergola-adoss\u00e9-800x600.jpg 800w, https:\/\/www.deco-charpente.fr\/wp-content\/uploads\/2020\/08\/pergola-adoss\u00e9.jpg 1024w\" sizes=\"(max-width: 1024px) 100vw, (max-width: 640px) 100vw, 600px\" \/><\/a><\/span><\/div><div class=\"fusion-text fusion-text-873 tags\" style=\"transform:translate3d(0,0,0);\"><p>Pergola<\/p>\n<\/div><div class=\"fusion-text fusion-text-874 description\" style=\"transform:translate3d(0,0,0);\"><p>Leaning pergola<\/p>\n<\/div><\/div><\/div><style type=\"text\/css\">.fusion-body .fusion-builder-column-437{width:25% !important;margin-top : 0px;margin-bottom : 20px;}.fusion-builder-column-437 > .fusion-column-wrapper {padding-top : 0px !important;padding-right : 0px !important;margin-right : 7.68%;padding-bottom : 0px !important;padding-left : 0px !important;margin-left : 7.68%;}@media only screen and (max-width:1024px) {.fusion-body .fusion-builder-column-437{width:100% !important;order : 0;}.fusion-builder-column-437 > .fusion-column-wrapper {margin-right : 1.92%;margin-left : 1.92%;}}@media only screen and (max-width:640px) {.fusion-body .fusion-builder-column-437{width:100% !important;order : 0;}.fusion-builder-column-437 > .fusion-column-wrapper {margin-right : 1.92%;margin-left : 1.92%;}}<\/style><div class=\"fusion-layout-column fusion_builder_column fusion-builder-column-438 fusion_builder_column_1_4 1_4 fusion-flex-column img-to-filter\"><div class=\"fusion-column-wrapper fusion-flex-justify-content-flex-start fusion-content-layout-column\" style=\"background-position:left top;background-repeat:no-repeat;-webkit-background-size:cover;-moz-background-size:cover;-o-background-size:cover;background-size:cover;padding: 0px 0px 0px 0px;\"><div ><span class=\"fusion-imageframe imageframe-none imageframe-438 hover-type-none\"><a href=\"https:\/\/www.deco-charpente.fr\/wp-content\/uploads\/2020\/08\/pergola-ajour\u00e9e-pour-plantes-grimpantes.jpg\" class=\"fusion-lightbox\" data-rel=\"iLightbox[gallery-image]\" data-title=\"pergola ajour\u00e9e pour plantes grimpantes\" title=\"openwork pergola for climbing plants\"><img decoding=\"async\" width=\"1024\" height=\"768\" src=\"https:\/\/www.deco-charpente.fr\/wp-content\/uploads\/2020\/08\/pergola-ajour\u00e9e-pour-plantes-grimpantes.jpg\" class=\"img-responsive wp-image-2229\" srcset=\"https:\/\/www.deco-charpente.fr\/wp-content\/uploads\/2020\/08\/pergola-ajour\u00e9e-pour-plantes-grimpantes-200x150.jpg 200w, https:\/\/www.deco-charpente.fr\/wp-content\/uploads\/2020\/08\/pergola-ajour\u00e9e-pour-plantes-grimpantes-400x300.jpg 400w, https:\/\/www.deco-charpente.fr\/wp-content\/uploads\/2020\/08\/pergola-ajour\u00e9e-pour-plantes-grimpantes-600x450.jpg 600w, https:\/\/www.deco-charpente.fr\/wp-content\/uploads\/2020\/08\/pergola-ajour\u00e9e-pour-plantes-grimpantes-800x600.jpg 800w, https:\/\/www.deco-charpente.fr\/wp-content\/uploads\/2020\/08\/pergola-ajour\u00e9e-pour-plantes-grimpantes.jpg 1024w\" sizes=\"(max-width: 1024px) 100vw, (max-width: 640px) 100vw, 600px\" \/><\/a><\/span><\/div><div class=\"fusion-text fusion-text-875 tags\" style=\"transform:translate3d(0,0,0);\"><p>Pergola<\/p>\n<\/div><div class=\"fusion-text fusion-text-876 description\" style=\"transform:translate3d(0,0,0);\"><p>Openwork pergola for climbing plants<\/p>\n<\/div><\/div><\/div><style type=\"text\/css\">.fusion-body .fusion-builder-column-438{width:25% !important;margin-top : 0px;margin-bottom : 20px;}.fusion-builder-column-438 > .fusion-column-wrapper {padding-top : 0px !important;padding-right : 0px !important;margin-right : 7.68%;padding-bottom : 0px !important;padding-left : 0px !important;margin-left : 7.68%;}@media only screen and (max-width:1024px) {.fusion-body .fusion-builder-column-438{width:100% !important;order : 0;}.fusion-builder-column-438 > .fusion-column-wrapper {margin-right : 1.92%;margin-left : 1.92%;}}@media only screen and (max-width:640px) {.fusion-body .fusion-builder-column-438{width:100% !important;order : 0;}.fusion-builder-column-438 > .fusion-column-wrapper {margin-right : 1.92%;margin-left : 1.92%;}}<\/style><div class=\"fusion-layout-column fusion_builder_column fusion-builder-column-439 fusion_builder_column_1_4 1_4 fusion-flex-column img-to-filter\"><div class=\"fusion-column-wrapper fusion-flex-justify-content-flex-start fusion-content-layout-column\" style=\"background-position:left top;background-repeat:no-repeat;-webkit-background-size:cover;-moz-background-size:cover;-o-background-size:cover;background-size:cover;padding: 0px 0px 0px 0px;\"><div ><span class=\"fusion-imageframe imageframe-none imageframe-439 hover-type-none\"><a href=\"https:\/\/www.deco-charpente.fr\/wp-content\/uploads\/2020\/10\/pergola-asymetrique-pour-voiture.png\" class=\"fusion-lightbox\" data-rel=\"iLightbox[gallery-image]\" data-title=\"pergola asym\u00e9trique pour voiture\" title=\"asymmetrical pergola for car\"><img decoding=\"async\" width=\"1024\" height=\"768\" alt=\"pergola asym\u00e9trique pour voiture\" src=\"https:\/\/www.deco-charpente.fr\/wp-content\/uploads\/2020\/10\/pergola-asymetrique-pour-voiture.png\" class=\"img-responsive wp-image-3831\" srcset=\"https:\/\/www.deco-charpente.fr\/wp-content\/uploads\/2020\/10\/pergola-asymetrique-pour-voiture-200x150.png 200w, https:\/\/www.deco-charpente.fr\/wp-content\/uploads\/2020\/10\/pergola-asymetrique-pour-voiture-400x300.png 400w, https:\/\/www.deco-charpente.fr\/wp-content\/uploads\/2020\/10\/pergola-asymetrique-pour-voiture-600x450.png 600w, https:\/\/www.deco-charpente.fr\/wp-content\/uploads\/2020\/10\/pergola-asymetrique-pour-voiture-800x600.png 800w, https:\/\/www.deco-charpente.fr\/wp-content\/uploads\/2020\/10\/pergola-asymetrique-pour-voiture.png 1024w\" sizes=\"(max-width: 1024px) 100vw, (max-width: 640px) 100vw, 600px\" \/><\/a><\/span><\/div><div class=\"fusion-text fusion-text-877 tags\" style=\"transform:translate3d(0,0,0);\"><p>Pergola, Carport<\/p>\n<\/div><div class=\"fusion-text fusion-text-878 description\" style=\"transform:translate3d(0,0,0);\"><p>Asymmetrical pergola for car<\/p>\n<\/div><\/div><\/div><style type=\"text\/css\">.fusion-body .fusion-builder-column-439{width:25% !important;margin-top : 0px;margin-bottom : 20px;}.fusion-builder-column-439 > .fusion-column-wrapper {padding-top : 0px !important;padding-right : 0px !important;margin-right : 7.68%;padding-bottom : 0px !important;padding-left : 0px !important;margin-left : 7.68%;}@media only screen and (max-width:1024px) {.fusion-body .fusion-builder-column-439{width:100% !important;order : 0;}.fusion-builder-column-439 > .fusion-column-wrapper {margin-right : 1.92%;margin-left : 1.92%;}}@media only screen and (max-width:640px) {.fusion-body .fusion-builder-column-439{width:100% !important;order : 0;}.fusion-builder-column-439 > .fusion-column-wrapper {margin-right : 1.92%;margin-left : 1.92%;}}<\/style><div class=\"fusion-layout-column fusion_builder_column fusion-builder-column-440 fusion_builder_column_1_4 1_4 fusion-flex-column img-to-filter\"><div class=\"fusion-column-wrapper fusion-flex-justify-content-flex-start fusion-content-layout-column\" style=\"background-position:left top;background-repeat:no-repeat;-webkit-background-size:cover;-moz-background-size:cover;-o-background-size:cover;background-size:cover;padding: 0px 0px 0px 0px;\"><div ><span class=\"fusion-imageframe imageframe-none imageframe-440 hover-type-none\"><a href=\"https:\/\/www.deco-charpente.fr\/wp-content\/uploads\/2020\/08\/pergola-bois-autoclave-brun.jpg\" class=\"fusion-lightbox\" data-rel=\"iLightbox[gallery-image]\" data-title=\"pergola bois autoclave brun\" title=\"brown autoclave wood pergola\"><img decoding=\"async\" width=\"774\" height=\"552\" src=\"https:\/\/www.deco-charpente.fr\/wp-content\/uploads\/2020\/08\/pergola-bois-autoclave-brun.jpg\" class=\"img-responsive wp-image-2231\" srcset=\"https:\/\/www.deco-charpente.fr\/wp-content\/uploads\/2020\/08\/pergola-bois-autoclave-brun-200x143.jpg 200w, https:\/\/www.deco-charpente.fr\/wp-content\/uploads\/2020\/08\/pergola-bois-autoclave-brun-400x285.jpg 400w, https:\/\/www.deco-charpente.fr\/wp-content\/uploads\/2020\/08\/pergola-bois-autoclave-brun-600x428.jpg 600w, https:\/\/www.deco-charpente.fr\/wp-content\/uploads\/2020\/08\/pergola-bois-autoclave-brun.jpg 774w\" sizes=\"(max-width: 1024px) 100vw, (max-width: 640px) 100vw, 600px\" \/><\/a><\/span><\/div><div class=\"fusion-text fusion-text-879 tags\" style=\"transform:translate3d(0,0,0);\"><p>Pergola<\/p>\n<\/div><div class=\"fusion-text fusion-text-880 description\" style=\"transform:translate3d(0,0,0);\"><p>Brown autoclave wood pergola<\/p>\n<\/div><\/div><\/div><style type=\"text\/css\">.fusion-body .fusion-builder-column-440{width:25% !important;margin-top : 0px;margin-bottom : 20px;}.fusion-builder-column-440 > .fusion-column-wrapper {padding-top : 0px !important;padding-right : 0px !important;margin-right : 7.68%;padding-bottom : 0px !important;padding-left : 0px !important;margin-left : 7.68%;}@media only screen and (max-width:1024px) {.fusion-body .fusion-builder-column-440{width:100% !important;order : 0;}.fusion-builder-column-440 > .fusion-column-wrapper {margin-right : 1.92%;margin-left : 1.92%;}}@media only screen and (max-width:640px) {.fusion-body .fusion-builder-column-440{width:100% !important;order : 0;}.fusion-builder-column-440 > .fusion-column-wrapper {margin-right : 1.92%;margin-left : 1.92%;}}<\/style><div class=\"fusion-layout-column fusion_builder_column fusion-builder-column-441 fusion_builder_column_1_4 1_4 fusion-flex-column img-to-filter\"><div class=\"fusion-column-wrapper fusion-flex-justify-content-flex-start fusion-content-layout-column\" style=\"background-position:left top;background-repeat:no-repeat;-webkit-background-size:cover;-moz-background-size:cover;-o-background-size:cover;background-size:cover;padding: 0px 0px 0px 0px;\"><div ><span class=\"fusion-imageframe imageframe-none imageframe-441 hover-type-none\"><a href=\"https:\/\/www.deco-charpente.fr\/wp-content\/uploads\/2020\/08\/pergola-bois-autoclave-parking.jpg\" class=\"fusion-lightbox\" data-rel=\"iLightbox[gallery-image]\" data-title=\"pergola bois autoclave parking\" title=\"autoclave wooden pergola parking\"><img decoding=\"async\" width=\"1024\" height=\"768\" src=\"https:\/\/www.deco-charpente.fr\/wp-content\/uploads\/2020\/08\/pergola-bois-autoclave-parking.jpg\" class=\"img-responsive wp-image-2232\" srcset=\"https:\/\/www.deco-charpente.fr\/wp-content\/uploads\/2020\/08\/pergola-bois-autoclave-parking-200x150.jpg 200w, https:\/\/www.deco-charpente.fr\/wp-content\/uploads\/2020\/08\/pergola-bois-autoclave-parking-400x300.jpg 400w, https:\/\/www.deco-charpente.fr\/wp-content\/uploads\/2020\/08\/pergola-bois-autoclave-parking-600x450.jpg 600w, https:\/\/www.deco-charpente.fr\/wp-content\/uploads\/2020\/08\/pergola-bois-autoclave-parking-800x600.jpg 800w, https:\/\/www.deco-charpente.fr\/wp-content\/uploads\/2020\/08\/pergola-bois-autoclave-parking.jpg 1024w\" sizes=\"(max-width: 1024px) 100vw, (max-width: 640px) 100vw, 600px\" \/><\/a><\/span><\/div><div class=\"fusion-text fusion-text-881 tags\" style=\"transform:translate3d(0,0,0);\"><p>Pergola<\/p>\n<\/div><div class=\"fusion-text fusion-text-882 description\" style=\"transform:translate3d(0,0,0);\"><p>Autoclave wooden pergola parking<\/p>\n<\/div><\/div><\/div><style type=\"text\/css\">.fusion-body .fusion-builder-column-441{width:25% !important;margin-top : 0px;margin-bottom : 20px;}.fusion-builder-column-441 > .fusion-column-wrapper {padding-top : 0px !important;padding-right : 0px !important;margin-right : 7.68%;padding-bottom : 0px !important;padding-left : 0px !important;margin-left : 7.68%;}@media only screen and (max-width:1024px) {.fusion-body .fusion-builder-column-441{width:100% !important;order : 0;}.fusion-builder-column-441 > .fusion-column-wrapper {margin-right : 1.92%;margin-left : 1.92%;}}@media only screen and (max-width:640px) {.fusion-body .fusion-builder-column-441{width:100% !important;order : 0;}.fusion-builder-column-441 > .fusion-column-wrapper {margin-right : 1.92%;margin-left : 1.92%;}}<\/style><div class=\"fusion-layout-column fusion_builder_column fusion-builder-column-442 fusion_builder_column_1_4 1_4 fusion-flex-column img-to-filter\"><div class=\"fusion-column-wrapper fusion-flex-justify-content-flex-start fusion-content-layout-column\" style=\"background-position:left top;background-repeat:no-repeat;-webkit-background-size:cover;-moz-background-size:cover;-o-background-size:cover;background-size:cover;padding: 0px 0px 0px 0px;\"><div ><span class=\"fusion-imageframe imageframe-none imageframe-442 hover-type-none\"><a href=\"https:\/\/www.deco-charpente.fr\/wp-content\/uploads\/2020\/08\/pergola-bois-en-bord-de-piscine-e1651581725797.jpg\" class=\"fusion-lightbox\" data-rel=\"iLightbox[gallery-image]\" data-title=\"pergola bois en bord de piscine\" title=\"wooden pergola by the swimming pool\"><img decoding=\"async\" width=\"1512\" height=\"1305\" src=\"https:\/\/www.deco-charpente.fr\/wp-content\/uploads\/2020\/08\/pergola-bois-en-bord-de-piscine-e1651581725797.jpg\" class=\"img-responsive wp-image-2233\" srcset=\"https:\/\/www.deco-charpente.fr\/wp-content\/uploads\/2020\/08\/pergola-bois-en-bord-de-piscine-e1651581725797-200x173.jpg 200w, https:\/\/www.deco-charpente.fr\/wp-content\/uploads\/2020\/08\/pergola-bois-en-bord-de-piscine-e1651581725797-400x345.jpg 400w, https:\/\/www.deco-charpente.fr\/wp-content\/uploads\/2020\/08\/pergola-bois-en-bord-de-piscine-e1651581725797-600x518.jpg 600w, https:\/\/www.deco-charpente.fr\/wp-content\/uploads\/2020\/08\/pergola-bois-en-bord-de-piscine-e1651581725797-800x690.jpg 800w, https:\/\/www.deco-charpente.fr\/wp-content\/uploads\/2020\/08\/pergola-bois-en-bord-de-piscine-e1651581725797-1200x1036.jpg 1200w, https:\/\/www.deco-charpente.fr\/wp-content\/uploads\/2020\/08\/pergola-bois-en-bord-de-piscine-e1651581725797.jpg 1512w\" sizes=\"(max-width: 1024px) 100vw, (max-width: 640px) 100vw, 600px\" \/><\/a><\/span><\/div><div class=\"fusion-text fusion-text-883 tags\" style=\"transform:translate3d(0,0,0);\"><p>Pergola<\/p>\n<\/div><div class=\"fusion-text fusion-text-884 description\" style=\"transform:translate3d(0,0,0);\"><p>Wooden pergola by the pool<\/p>\n<\/div><\/div><\/div><style type=\"text\/css\">.fusion-body .fusion-builder-column-442{width:25% !important;margin-top : 0px;margin-bottom : 20px;}.fusion-builder-column-442 > .fusion-column-wrapper {padding-top : 0px !important;padding-right : 0px !important;margin-right : 7.68%;padding-bottom : 0px !important;padding-left : 0px !important;margin-left : 7.68%;}@media only screen and (max-width:1024px) {.fusion-body .fusion-builder-column-442{width:100% !important;order : 0;}.fusion-builder-column-442 > .fusion-column-wrapper {margin-right : 1.92%;margin-left : 1.92%;}}@media only screen and (max-width:640px) {.fusion-body .fusion-builder-column-442{width:100% !important;order : 0;}.fusion-builder-column-442 > .fusion-column-wrapper {margin-right : 1.92%;margin-left : 1.92%;}}<\/style><div class=\"fusion-layout-column fusion_builder_column fusion-builder-column-443 fusion_builder_column_1_4 1_4 fusion-flex-column img-to-filter\"><div class=\"fusion-column-wrapper fusion-flex-justify-content-flex-start fusion-content-layout-column\" style=\"background-position:left top;background-repeat:no-repeat;-webkit-background-size:cover;-moz-background-size:cover;-o-background-size:cover;background-size:cover;padding: 0px 0px 0px 0px;\"><div ><span class=\"fusion-imageframe imageframe-none imageframe-443 hover-type-none\"><a href=\"https:\/\/www.deco-charpente.fr\/wp-content\/uploads\/2021\/03\/Pergola-piscine.jpg\" class=\"fusion-lightbox\" data-rel=\"iLightbox[gallery-image]\" data-title=\"Pergola piscine\" title=\"Pool pergola\"><img decoding=\"async\" width=\"1021\" height=\"768\" alt=\"Pergola piscine\" src=\"https:\/\/www.deco-charpente.fr\/wp-content\/uploads\/2021\/03\/Pergola-piscine.jpg\" class=\"img-responsive wp-image-4673\" srcset=\"https:\/\/www.deco-charpente.fr\/wp-content\/uploads\/2021\/03\/Pergola-piscine-200x150.jpg 200w, https:\/\/www.deco-charpente.fr\/wp-content\/uploads\/2021\/03\/Pergola-piscine-400x301.jpg 400w, https:\/\/www.deco-charpente.fr\/wp-content\/uploads\/2021\/03\/Pergola-piscine-600x451.jpg 600w, https:\/\/www.deco-charpente.fr\/wp-content\/uploads\/2021\/03\/Pergola-piscine-800x602.jpg 800w, https:\/\/www.deco-charpente.fr\/wp-content\/uploads\/2021\/03\/Pergola-piscine.jpg 1021w\" sizes=\"(max-width: 1024px) 100vw, (max-width: 640px) 100vw, 600px\" \/><\/a><\/span><\/div><div class=\"fusion-text fusion-text-885 tags\" style=\"transform:translate3d(0,0,0);\"><p>Pergola<\/p>\n<\/div><div class=\"fusion-text fusion-text-886 description\" style=\"transform:translate3d(0,0,0);\"><p>Modern flat roof pergola<\/p>\n<\/div><\/div><\/div><style type=\"text\/css\">.fusion-body .fusion-builder-column-443{width:25% !important;margin-top : 0px;margin-bottom : 20px;}.fusion-builder-column-443 > .fusion-column-wrapper {padding-top : 0px !important;padding-right : 0px !important;margin-right : 7.68%;padding-bottom : 0px !important;padding-left : 0px !important;margin-left : 7.68%;}@media only screen and (max-width:1024px) {.fusion-body .fusion-builder-column-443{width:100% !important;order : 0;}.fusion-builder-column-443 > .fusion-column-wrapper {margin-right : 1.92%;margin-left : 1.92%;}}@media only screen and (max-width:640px) {.fusion-body .fusion-builder-column-443{width:100% !important;order : 0;}.fusion-builder-column-443 > .fusion-column-wrapper {margin-right : 1.92%;margin-left : 1.92%;}}<\/style><div class=\"fusion-layout-column fusion_builder_column fusion-builder-column-444 fusion_builder_column_1_4 1_4 fusion-flex-column img-to-filter\"><div class=\"fusion-column-wrapper fusion-flex-justify-content-flex-start fusion-content-layout-column\" style=\"background-position:left top;background-repeat:no-repeat;-webkit-background-size:cover;-moz-background-size:cover;-o-background-size:cover;background-size:cover;padding: 0px 0px 0px 0px;\"><div ><span class=\"fusion-imageframe imageframe-none imageframe-444 hover-type-none\"><a href=\"https:\/\/www.deco-charpente.fr\/wp-content\/uploads\/2020\/08\/pergola-bois-sur-poteau-alu.jpg\" class=\"fusion-lightbox\" data-rel=\"iLightbox[gallery-image]\" data-title=\"pergola bois sur poteau alu\" title=\"wooden pergola on aluminum post\"><img decoding=\"async\" width=\"1024\" height=\"701\" src=\"https:\/\/www.deco-charpente.fr\/wp-content\/uploads\/2020\/08\/pergola-bois-sur-poteau-alu.jpg\" class=\"img-responsive wp-image-2234\" srcset=\"https:\/\/www.deco-charpente.fr\/wp-content\/uploads\/2020\/08\/pergola-bois-sur-poteau-alu-200x137.jpg 200w, https:\/\/www.deco-charpente.fr\/wp-content\/uploads\/2020\/08\/pergola-bois-sur-poteau-alu-400x274.jpg 400w, https:\/\/www.deco-charpente.fr\/wp-content\/uploads\/2020\/08\/pergola-bois-sur-poteau-alu-600x411.jpg 600w, https:\/\/www.deco-charpente.fr\/wp-content\/uploads\/2020\/08\/pergola-bois-sur-poteau-alu-800x548.jpg 800w, https:\/\/www.deco-charpente.fr\/wp-content\/uploads\/2020\/08\/pergola-bois-sur-poteau-alu.jpg 1024w\" sizes=\"(max-width: 1024px) 100vw, (max-width: 640px) 100vw, 600px\" \/><\/a><\/span><\/div><div class=\"fusion-text fusion-text-887 tags\" style=\"transform:translate3d(0,0,0);\"><p>Pergola<\/p>\n<\/div><div class=\"fusion-text fusion-text-888 description\" style=\"transform:translate3d(0,0,0);\"><p>Wooden pergola on aluminum post<\/p>\n<\/div><\/div><\/div><style type=\"text\/css\">.fusion-body .fusion-builder-column-444{width:25% !important;margin-top : 0px;margin-bottom : 20px;}.fusion-builder-column-444 > .fusion-column-wrapper {padding-top : 0px !important;padding-right : 0px !important;margin-right : 7.68%;padding-bottom : 0px !important;padding-left : 0px !important;margin-left : 7.68%;}@media only screen and (max-width:1024px) {.fusion-body .fusion-builder-column-444{width:100% !important;order : 0;}.fusion-builder-column-444 > .fusion-column-wrapper {margin-right : 1.92%;margin-left : 1.92%;}}@media only screen and (max-width:640px) {.fusion-body .fusion-builder-column-444{width:100% !important;order : 0;}.fusion-builder-column-444 > .fusion-column-wrapper {margin-right : 1.92%;margin-left : 1.92%;}}<\/style><div class=\"fusion-layout-column fusion_builder_column fusion-builder-column-445 fusion_builder_column_1_4 1_4 fusion-flex-column img-to-filter\"><div class=\"fusion-column-wrapper fusion-flex-justify-content-flex-start fusion-content-layout-column\" style=\"background-position:left top;background-repeat:no-repeat;-webkit-background-size:cover;-moz-background-size:cover;-o-background-size:cover;background-size:cover;padding: 0px 0px 0px 0px;\"><div ><span class=\"fusion-imageframe imageframe-none imageframe-445 hover-type-none\"><a href=\"https:\/\/www.deco-charpente.fr\/wp-content\/uploads\/2020\/08\/pergola-douglas-gris-de-dessous.jpg\" class=\"fusion-lightbox\" data-rel=\"iLightbox[gallery-image]\" data-title=\"pergola douglas gris de dessous\" title=\"pergola douglas gray from below\"><img decoding=\"async\" width=\"1253\" height=\"932\" src=\"https:\/\/www.deco-charpente.fr\/wp-content\/uploads\/2020\/08\/pergola-douglas-gris-de-dessous.jpg\" class=\"img-responsive wp-image-2235\" srcset=\"https:\/\/www.deco-charpente.fr\/wp-content\/uploads\/2020\/08\/pergola-douglas-gris-de-dessous-200x149.jpg 200w, https:\/\/www.deco-charpente.fr\/wp-content\/uploads\/2020\/08\/pergola-douglas-gris-de-dessous-400x298.jpg 400w, https:\/\/www.deco-charpente.fr\/wp-content\/uploads\/2020\/08\/pergola-douglas-gris-de-dessous-600x446.jpg 600w, https:\/\/www.deco-charpente.fr\/wp-content\/uploads\/2020\/08\/pergola-douglas-gris-de-dessous-800x595.jpg 800w, https:\/\/www.deco-charpente.fr\/wp-content\/uploads\/2020\/08\/pergola-douglas-gris-de-dessous-1200x893.jpg 1200w, https:\/\/www.deco-charpente.fr\/wp-content\/uploads\/2020\/08\/pergola-douglas-gris-de-dessous.jpg 1253w\" sizes=\"(max-width: 1024px) 100vw, (max-width: 640px) 100vw, 600px\" \/><\/a><\/span><\/div><div class=\"fusion-text fusion-text-889 tags\" style=\"transform:translate3d(0,0,0);\"><p>Pergola<\/p>\n<\/div><div class=\"fusion-text fusion-text-890 description\" style=\"transform:translate3d(0,0,0);\"><p>Douglas fir pergola from below<\/p>\n<\/div><\/div><\/div><style type=\"text\/css\">.fusion-body .fusion-builder-column-445{width:25% !important;margin-top : 0px;margin-bottom : 20px;}.fusion-builder-column-445 > .fusion-column-wrapper {padding-top : 0px !important;padding-right : 0px !important;margin-right : 7.68%;padding-bottom : 0px !important;padding-left : 0px !important;margin-left : 7.68%;}@media only screen and (max-width:1024px) {.fusion-body .fusion-builder-column-445{width:100% !important;order : 0;}.fusion-builder-column-445 > .fusion-column-wrapper {margin-right : 1.92%;margin-left : 1.92%;}}@media only screen and (max-width:640px) {.fusion-body .fusion-builder-column-445{width:100% !important;order : 0;}.fusion-builder-column-445 > .fusion-column-wrapper {margin-right : 1.92%;margin-left : 1.92%;}}<\/style><div class=\"fusion-layout-column fusion_builder_column fusion-builder-column-446 fusion_builder_column_1_4 1_4 fusion-flex-column img-to-filter\"><div class=\"fusion-column-wrapper fusion-flex-justify-content-flex-start fusion-content-layout-column\" style=\"background-position:left top;background-repeat:no-repeat;-webkit-background-size:cover;-moz-background-size:cover;-o-background-size:cover;background-size:cover;padding: 0px 0px 0px 0px;\"><div ><span class=\"fusion-imageframe imageframe-none imageframe-446 hover-type-none\"><a href=\"https:\/\/www.deco-charpente.fr\/wp-content\/uploads\/2020\/08\/pergola-douglas-gris.jpg\" class=\"fusion-lightbox\" data-rel=\"iLightbox[gallery-image]\" data-title=\"pergola douglas gris\" title=\"Douglas fir pergola\"><img decoding=\"async\" width=\"1024\" height=\"768\" src=\"https:\/\/www.deco-charpente.fr\/wp-content\/uploads\/2020\/08\/pergola-douglas-gris.jpg\" class=\"img-responsive wp-image-2238\" srcset=\"https:\/\/www.deco-charpente.fr\/wp-content\/uploads\/2020\/08\/pergola-douglas-gris-200x150.jpg 200w, https:\/\/www.deco-charpente.fr\/wp-content\/uploads\/2020\/08\/pergola-douglas-gris-400x300.jpg 400w, https:\/\/www.deco-charpente.fr\/wp-content\/uploads\/2020\/08\/pergola-douglas-gris-600x450.jpg 600w, https:\/\/www.deco-charpente.fr\/wp-content\/uploads\/2020\/08\/pergola-douglas-gris-800x600.jpg 800w, https:\/\/www.deco-charpente.fr\/wp-content\/uploads\/2020\/08\/pergola-douglas-gris.jpg 1024w\" sizes=\"(max-width: 1024px) 100vw, (max-width: 640px) 100vw, 600px\" \/><\/a><\/span><\/div><div class=\"fusion-text fusion-text-891 tags\" style=\"transform:translate3d(0,0,0);\"><p>Pergola<\/p>\n<\/div><div class=\"fusion-text fusion-text-892 description\" style=\"transform:translate3d(0,0,0);\"><p>Douglas fir pergola<\/p>\n<\/div><\/div><\/div><style type=\"text\/css\">.fusion-body .fusion-builder-column-446{width:25% !important;margin-top : 0px;margin-bottom : 20px;}.fusion-builder-column-446 > .fusion-column-wrapper {padding-top : 0px !important;padding-right : 0px !important;margin-right : 7.68%;padding-bottom : 0px !important;padding-left : 0px !important;margin-left : 7.68%;}@media only screen and (max-width:1024px) {.fusion-body .fusion-builder-column-446{width:100% !important;order : 0;}.fusion-builder-column-446 > .fusion-column-wrapper {margin-right : 1.92%;margin-left : 1.92%;}}@media only screen and (max-width:640px) {.fusion-body .fusion-builder-column-446{width:100% !important;order : 0;}.fusion-builder-column-446 > .fusion-column-wrapper {margin-right : 1.92%;margin-left : 1.92%;}}<\/style><div class=\"fusion-layout-column fusion_builder_column fusion-builder-column-447 fusion_builder_column_1_4 1_4 fusion-flex-column img-to-filter\"><div class=\"fusion-column-wrapper fusion-flex-justify-content-flex-start fusion-content-layout-column\" style=\"background-position:left top;background-repeat:no-repeat;-webkit-background-size:cover;-moz-background-size:cover;-o-background-size:cover;background-size:cover;padding: 0px 0px 0px 0px;\"><div ><span class=\"fusion-imageframe imageframe-none imageframe-447 hover-type-none\"><a href=\"https:\/\/www.deco-charpente.fr\/wp-content\/uploads\/2020\/08\/pergola-\u00e9pic\u00e9a-contrecoll\u00e9-classe-III-e1651581755110.jpg\" class=\"fusion-lightbox\" data-rel=\"iLightbox[gallery-image]\" data-title=\"pergola \u00e9pic\u00e9a contrecoll\u00e9 classe III\" title=\"class III laminated spruce pergola\"><img decoding=\"async\" width=\"700\" height=\"632\" src=\"https:\/\/www.deco-charpente.fr\/wp-content\/uploads\/2020\/08\/pergola-\u00e9pic\u00e9a-contrecoll\u00e9-classe-III-e1651581755110.jpg\" class=\"img-responsive wp-image-2239\" srcset=\"https:\/\/www.deco-charpente.fr\/wp-content\/uploads\/2020\/08\/pergola-\u00e9pic\u00e9a-contrecoll\u00e9-classe-III-e1651581755110-200x181.jpg 200w, https:\/\/www.deco-charpente.fr\/wp-content\/uploads\/2020\/08\/pergola-\u00e9pic\u00e9a-contrecoll\u00e9-classe-III-e1651581755110-400x361.jpg 400w, https:\/\/www.deco-charpente.fr\/wp-content\/uploads\/2020\/08\/pergola-\u00e9pic\u00e9a-contrecoll\u00e9-classe-III-e1651581755110-600x542.jpg 600w, https:\/\/www.deco-charpente.fr\/wp-content\/uploads\/2020\/08\/pergola-\u00e9pic\u00e9a-contrecoll\u00e9-classe-III-e1651581755110.jpg 700w\" sizes=\"(max-width: 1024px) 100vw, (max-width: 640px) 100vw, 600px\" \/><\/a><\/span><\/div><div class=\"fusion-text fusion-text-893 tags\" style=\"transform:translate3d(0,0,0);\"><p>Pergola<\/p>\n<\/div><div class=\"fusion-text fusion-text-894 description\" style=\"transform:translate3d(0,0,0);\"><p>Class III laminated spruce pergola<\/p>\n<\/div><\/div><\/div><style type=\"text\/css\">.fusion-body .fusion-builder-column-447{width:25% !important;margin-top : 0px;margin-bottom : 20px;}.fusion-builder-column-447 > .fusion-column-wrapper {padding-top : 0px !important;padding-right : 0px !important;margin-right : 7.68%;padding-bottom : 0px !important;padding-left : 0px !important;margin-left : 7.68%;}@media only screen and (max-width:1024px) {.fusion-body .fusion-builder-column-447{width:100% !important;order : 0;}.fusion-builder-column-447 > .fusion-column-wrapper {margin-right : 1.92%;margin-left : 1.92%;}}@media only screen and (max-width:640px) {.fusion-body .fusion-builder-column-447{width:100% !important;order : 0;}.fusion-builder-column-447 > .fusion-column-wrapper {margin-right : 1.92%;margin-left : 1.92%;}}<\/style><div class=\"fusion-layout-column fusion_builder_column fusion-builder-column-448 fusion_builder_column_1_4 1_4 fusion-flex-column img-to-filter\"><div class=\"fusion-column-wrapper fusion-flex-justify-content-flex-start fusion-content-layout-column\" style=\"background-position:left top;background-repeat:no-repeat;-webkit-background-size:cover;-moz-background-size:cover;-o-background-size:cover;background-size:cover;padding: 0px 0px 0px 0px;\"><div ><span class=\"fusion-imageframe imageframe-none imageframe-448 hover-type-none\"><a href=\"https:\/\/www.deco-charpente.fr\/wp-content\/uploads\/2020\/08\/pergola-liens-droits-e1651581799953.jpg\" class=\"fusion-lightbox\" data-rel=\"iLightbox[gallery-image]\" data-title=\"pergola liens droits\" title=\"pergola straight links\"><img decoding=\"async\" width=\"702\" height=\"564\" src=\"https:\/\/www.deco-charpente.fr\/wp-content\/uploads\/2020\/08\/pergola-liens-droits-e1651581799953.jpg\" class=\"img-responsive wp-image-2240\" srcset=\"https:\/\/www.deco-charpente.fr\/wp-content\/uploads\/2020\/08\/pergola-liens-droits-e1651581799953-200x161.jpg 200w, https:\/\/www.deco-charpente.fr\/wp-content\/uploads\/2020\/08\/pergola-liens-droits-e1651581799953-400x321.jpg 400w, https:\/\/www.deco-charpente.fr\/wp-content\/uploads\/2020\/08\/pergola-liens-droits-e1651581799953-600x482.jpg 600w, https:\/\/www.deco-charpente.fr\/wp-content\/uploads\/2020\/08\/pergola-liens-droits-e1651581799953.jpg 702w\" sizes=\"(max-width: 1024px) 100vw, (max-width: 640px) 100vw, 600px\" \/><\/a><\/span><\/div><div class=\"fusion-text fusion-text-895 tags\" style=\"transform:translate3d(0,0,0);\"><p>Pergola<\/p>\n<\/div><div class=\"fusion-text fusion-text-896 description\" style=\"transform:translate3d(0,0,0);\"><p>Pergola straight links<\/p>\n<\/div><\/div><\/div><style type=\"text\/css\">.fusion-body .fusion-builder-column-448{width:25% !important;margin-top : 0px;margin-bottom : 20px;}.fusion-builder-column-448 > .fusion-column-wrapper {padding-top : 0px !important;padding-right : 0px !important;margin-right : 7.68%;padding-bottom : 0px !important;padding-left : 0px !important;margin-left : 7.68%;}@media only screen and (max-width:1024px) {.fusion-body .fusion-builder-column-448{width:100% !important;order : 0;}.fusion-builder-column-448 > .fusion-column-wrapper {margin-right : 1.92%;margin-left : 1.92%;}}@media only screen and (max-width:640px) {.fusion-body .fusion-builder-column-448{width:100% !important;order : 0;}.fusion-builder-column-448 > .fusion-column-wrapper {margin-right : 1.92%;margin-left : 1.92%;}}<\/style><div class=\"fusion-layout-column fusion_builder_column fusion-builder-column-449 fusion_builder_column_1_4 1_4 fusion-flex-column img-to-filter\"><div class=\"fusion-column-wrapper fusion-flex-justify-content-flex-start fusion-content-layout-column\" style=\"background-position:left top;background-repeat:no-repeat;-webkit-background-size:cover;-moz-background-size:cover;-o-background-size:cover;background-size:cover;padding: 0px 0px 0px 0px;\"><div ><span class=\"fusion-imageframe imageframe-none imageframe-449 hover-type-none\"><a href=\"https:\/\/www.deco-charpente.fr\/wp-content\/uploads\/2020\/08\/pergola-moderne-2.jpg\" class=\"fusion-lightbox\" data-rel=\"iLightbox[gallery-image]\" data-title=\"pergola moderne 2\" title=\"modern pergola 2\"><img decoding=\"async\" width=\"1254\" height=\"932\" src=\"https:\/\/www.deco-charpente.fr\/wp-content\/uploads\/2020\/08\/pergola-moderne-2.jpg\" class=\"img-responsive wp-image-2241\" srcset=\"https:\/\/www.deco-charpente.fr\/wp-content\/uploads\/2020\/08\/pergola-moderne-2-200x149.jpg 200w, https:\/\/www.deco-charpente.fr\/wp-content\/uploads\/2020\/08\/pergola-moderne-2-400x297.jpg 400w, https:\/\/www.deco-charpente.fr\/wp-content\/uploads\/2020\/08\/pergola-moderne-2-600x446.jpg 600w, https:\/\/www.deco-charpente.fr\/wp-content\/uploads\/2020\/08\/pergola-moderne-2-800x595.jpg 800w, https:\/\/www.deco-charpente.fr\/wp-content\/uploads\/2020\/08\/pergola-moderne-2-1200x892.jpg 1200w, https:\/\/www.deco-charpente.fr\/wp-content\/uploads\/2020\/08\/pergola-moderne-2.jpg 1254w\" sizes=\"(max-width: 1024px) 100vw, (max-width: 640px) 100vw, 600px\" \/><\/a><\/span><\/div><div class=\"fusion-text fusion-text-897 tags\" style=\"transform:translate3d(0,0,0);\"><p>Pergola<\/p>\n<\/div><div class=\"fusion-text fusion-text-898 description\" style=\"transform:translate3d(0,0,0);\"><p>Modern pergola<\/p>\n<\/div><\/div><\/div><style type=\"text\/css\">.fusion-body .fusion-builder-column-449{width:25% !important;margin-top : 0px;margin-bottom : 20px;}.fusion-builder-column-449 > .fusion-column-wrapper {padding-top : 0px !important;padding-right : 0px !important;margin-right : 7.68%;padding-bottom : 0px !important;padding-left : 0px !important;margin-left : 7.68%;}@media only screen and (max-width:1024px) {.fusion-body .fusion-builder-column-449{width:100% !important;order : 0;}.fusion-builder-column-449 > .fusion-column-wrapper {margin-right : 1.92%;margin-left : 1.92%;}}@media only screen and (max-width:640px) {.fusion-body .fusion-builder-column-449{width:100% !important;order : 0;}.fusion-builder-column-449 > .fusion-column-wrapper {margin-right : 1.92%;margin-left : 1.92%;}}<\/style><div class=\"fusion-layout-column fusion_builder_column fusion-builder-column-450 fusion_builder_column_1_4 1_4 fusion-flex-column img-to-filter\"><div class=\"fusion-column-wrapper fusion-flex-justify-content-flex-start fusion-content-layout-column\" style=\"background-position:left top;background-repeat:no-repeat;-webkit-background-size:cover;-moz-background-size:cover;-o-background-size:cover;background-size:cover;padding: 0px 0px 0px 0px;\"><div ><span class=\"fusion-imageframe imageframe-none imageframe-450 hover-type-none\"><a href=\"https:\/\/www.deco-charpente.fr\/wp-content\/uploads\/2020\/08\/pergola-moderne.jpg\" class=\"fusion-lightbox\" data-rel=\"iLightbox[gallery-image]\" data-title=\"pergola moderne\" title=\"modern pergola\"><img decoding=\"async\" width=\"1167\" height=\"898\" src=\"https:\/\/www.deco-charpente.fr\/wp-content\/uploads\/2020\/08\/pergola-moderne.jpg\" class=\"img-responsive wp-image-2242\" srcset=\"https:\/\/www.deco-charpente.fr\/wp-content\/uploads\/2020\/08\/pergola-moderne-200x154.jpg 200w, https:\/\/www.deco-charpente.fr\/wp-content\/uploads\/2020\/08\/pergola-moderne-400x308.jpg 400w, https:\/\/www.deco-charpente.fr\/wp-content\/uploads\/2020\/08\/pergola-moderne-600x462.jpg 600w, https:\/\/www.deco-charpente.fr\/wp-content\/uploads\/2020\/08\/pergola-moderne-800x616.jpg 800w, https:\/\/www.deco-charpente.fr\/wp-content\/uploads\/2020\/08\/pergola-moderne.jpg 1167w\" sizes=\"(max-width: 1024px) 100vw, (max-width: 640px) 100vw, 600px\" \/><\/a><\/span><\/div><div class=\"fusion-text fusion-text-899 tags\" style=\"transform:translate3d(0,0,0);\"><p>Pergola<\/p>\n<\/div><div class=\"fusion-text fusion-text-900 description\" style=\"transform:translate3d(0,0,0);\"><p>Modern pergola<\/p>\n<\/div><\/div><\/div><style type=\"text\/css\">.fusion-body .fusion-builder-column-450{width:25% !important;margin-top : 0px;margin-bottom : 20px;}.fusion-builder-column-450 > .fusion-column-wrapper {padding-top : 0px !important;padding-right : 0px !important;margin-right : 7.68%;padding-bottom : 0px !important;padding-left : 0px !important;margin-left : 7.68%;}@media only screen and (max-width:1024px) {.fusion-body .fusion-builder-column-450{width:100% !important;order : 0;}.fusion-builder-column-450 > .fusion-column-wrapper {margin-right : 1.92%;margin-left : 1.92%;}}@media only screen and (max-width:640px) {.fusion-body .fusion-builder-column-450{width:100% !important;order : 0;}.fusion-builder-column-450 > .fusion-column-wrapper {margin-right : 1.92%;margin-left : 1.92%;}}<\/style><div class=\"fusion-layout-column fusion_builder_column fusion-builder-column-451 fusion_builder_column_1_4 1_4 fusion-flex-column img-to-filter\"><div class=\"fusion-column-wrapper fusion-flex-justify-content-flex-start fusion-content-layout-column\" style=\"background-position:left top;background-repeat:no-repeat;-webkit-background-size:cover;-moz-background-size:cover;-o-background-size:cover;background-size:cover;padding: 0px 0px 0px 0px;\"><div ><span class=\"fusion-imageframe imageframe-none imageframe-451 hover-type-none\"><a href=\"https:\/\/www.deco-charpente.fr\/wp-content\/uploads\/2020\/08\/pergola-octogonale-finition-en-pointe-d\u00e9jout\u00e9e.jpg\" class=\"fusion-lightbox\" data-rel=\"iLightbox[gallery-image]\" data-title=\"pergola octogonale &#8211; finition en pointe d\u00e9jout\u00e9e\" title=\"octagonal pergola \u2013 foiled point finish\"><img decoding=\"async\" width=\"1024\" height=\"768\" src=\"https:\/\/www.deco-charpente.fr\/wp-content\/uploads\/2020\/08\/pergola-octogonale-finition-en-pointe-d\u00e9jout\u00e9e.jpg\" class=\"img-responsive wp-image-2243\" srcset=\"https:\/\/www.deco-charpente.fr\/wp-content\/uploads\/2020\/08\/pergola-octogonale-finition-en-pointe-d\u00e9jout\u00e9e-200x150.jpg 200w, https:\/\/www.deco-charpente.fr\/wp-content\/uploads\/2020\/08\/pergola-octogonale-finition-en-pointe-d\u00e9jout\u00e9e-400x300.jpg 400w, https:\/\/www.deco-charpente.fr\/wp-content\/uploads\/2020\/08\/pergola-octogonale-finition-en-pointe-d\u00e9jout\u00e9e-600x450.jpg 600w, https:\/\/www.deco-charpente.fr\/wp-content\/uploads\/2020\/08\/pergola-octogonale-finition-en-pointe-d\u00e9jout\u00e9e-800x600.jpg 800w, https:\/\/www.deco-charpente.fr\/wp-content\/uploads\/2020\/08\/pergola-octogonale-finition-en-pointe-d\u00e9jout\u00e9e.jpg 1024w\" sizes=\"(max-width: 1024px) 100vw, (max-width: 640px) 100vw, 600px\" \/><\/a><\/span><\/div><div class=\"fusion-text fusion-text-901 tags\" style=\"transform:translate3d(0,0,0);\"><p>Pergola<\/p>\n<\/div><div class=\"fusion-text fusion-text-902 description\" style=\"transform:translate3d(0,0,0);\"><p>Octagonal pergola \u2013 foiled point finish<\/p>\n<\/div><\/div><\/div><style type=\"text\/css\">.fusion-body .fusion-builder-column-451{width:25% !important;margin-top : 0px;margin-bottom : 20px;}.fusion-builder-column-451 > .fusion-column-wrapper {padding-top : 0px !important;padding-right : 0px !important;margin-right : 7.68%;padding-bottom : 0px !important;padding-left : 0px !important;margin-left : 7.68%;}@media only screen and (max-width:1024px) {.fusion-body .fusion-builder-column-451{width:100% !important;order : 0;}.fusion-builder-column-451 > .fusion-column-wrapper {margin-right : 1.92%;margin-left : 1.92%;}}@media only screen and (max-width:640px) {.fusion-body .fusion-builder-column-451{width:100% !important;order : 0;}.fusion-builder-column-451 > .fusion-column-wrapper {margin-right : 1.92%;margin-left : 1.92%;}}<\/style><div class=\"fusion-layout-column fusion_builder_column fusion-builder-column-452 fusion_builder_column_1_4 1_4 fusion-flex-column img-to-filter\"><div class=\"fusion-column-wrapper fusion-flex-justify-content-flex-start fusion-content-layout-column\" style=\"background-position:left top;background-repeat:no-repeat;-webkit-background-size:cover;-moz-background-size:cover;-o-background-size:cover;background-size:cover;padding: 0px 0px 0px 0px;\"><div ><span class=\"fusion-imageframe imageframe-none imageframe-452 hover-type-none\"><a href=\"https:\/\/www.deco-charpente.fr\/wp-content\/uploads\/2020\/08\/pergola-octogonale-vue-de-dessous.jpg\" class=\"fusion-lightbox\" data-rel=\"iLightbox[gallery-image]\" data-title=\"pergola octogonale vue de dessous\" title=\"octagonal pergola seen from below\"><img decoding=\"async\" width=\"1024\" height=\"768\" src=\"https:\/\/www.deco-charpente.fr\/wp-content\/uploads\/2020\/08\/pergola-octogonale-vue-de-dessous.jpg\" class=\"img-responsive wp-image-2244\" srcset=\"https:\/\/www.deco-charpente.fr\/wp-content\/uploads\/2020\/08\/pergola-octogonale-vue-de-dessous-200x150.jpg 200w, https:\/\/www.deco-charpente.fr\/wp-content\/uploads\/2020\/08\/pergola-octogonale-vue-de-dessous-400x300.jpg 400w, https:\/\/www.deco-charpente.fr\/wp-content\/uploads\/2020\/08\/pergola-octogonale-vue-de-dessous-600x450.jpg 600w, https:\/\/www.deco-charpente.fr\/wp-content\/uploads\/2020\/08\/pergola-octogonale-vue-de-dessous-800x600.jpg 800w, https:\/\/www.deco-charpente.fr\/wp-content\/uploads\/2020\/08\/pergola-octogonale-vue-de-dessous.jpg 1024w\" sizes=\"(max-width: 1024px) 100vw, (max-width: 640px) 100vw, 600px\" \/><\/a><\/span><\/div><div class=\"fusion-text fusion-text-903 tags\" style=\"transform:translate3d(0,0,0);\"><p>Pergola<\/p>\n<\/div><div class=\"fusion-text fusion-text-904 description\" style=\"transform:translate3d(0,0,0);\"><p>Octagonal pergola seen from below<\/p>\n<\/div><\/div><\/div><style type=\"text\/css\">.fusion-body .fusion-builder-column-452{width:25% !important;margin-top : 0px;margin-bottom : 20px;}.fusion-builder-column-452 > .fusion-column-wrapper {padding-top : 0px !important;padding-right : 0px !important;margin-right : 7.68%;padding-bottom : 0px !important;padding-left : 0px !important;margin-left : 7.68%;}@media only screen and (max-width:1024px) {.fusion-body .fusion-builder-column-452{width:100% !important;order : 0;}.fusion-builder-column-452 > .fusion-column-wrapper {margin-right : 1.92%;margin-left : 1.92%;}}@media only screen and (max-width:640px) {.fusion-body .fusion-builder-column-452{width:100% !important;order : 0;}.fusion-builder-column-452 > .fusion-column-wrapper {margin-right : 1.92%;margin-left : 1.92%;}}<\/style><div class=\"fusion-layout-column fusion_builder_column fusion-builder-column-453 fusion_builder_column_1_4 1_4 fusion-flex-column img-to-filter\"><div class=\"fusion-column-wrapper fusion-flex-justify-content-flex-start fusion-content-layout-column\" style=\"background-position:left top;background-repeat:no-repeat;-webkit-background-size:cover;-moz-background-size:cover;-o-background-size:cover;background-size:cover;padding: 0px 0px 0px 0px;\"><div ><span class=\"fusion-imageframe imageframe-none imageframe-453 hover-type-none\"><a href=\"https:\/\/www.deco-charpente.fr\/wp-content\/uploads\/2020\/08\/pergola-octogonale.jpg\" class=\"fusion-lightbox\" data-rel=\"iLightbox[gallery-image]\" data-title=\"pergola octogonale\" title=\"octagonal pergola\"><img decoding=\"async\" width=\"1024\" height=\"768\" alt=\"pergola octogonale\" src=\"https:\/\/www.deco-charpente.fr\/wp-content\/uploads\/2020\/08\/pergola-octogonale.jpg\" class=\"img-responsive wp-image-2247\" srcset=\"https:\/\/www.deco-charpente.fr\/wp-content\/uploads\/2020\/08\/pergola-octogonale-200x150.jpg 200w, https:\/\/www.deco-charpente.fr\/wp-content\/uploads\/2020\/08\/pergola-octogonale-400x300.jpg 400w, https:\/\/www.deco-charpente.fr\/wp-content\/uploads\/2020\/08\/pergola-octogonale-600x450.jpg 600w, https:\/\/www.deco-charpente.fr\/wp-content\/uploads\/2020\/08\/pergola-octogonale-800x600.jpg 800w, https:\/\/www.deco-charpente.fr\/wp-content\/uploads\/2020\/08\/pergola-octogonale.jpg 1024w\" sizes=\"(max-width: 1024px) 100vw, (max-width: 640px) 100vw, 600px\" \/><\/a><\/span><\/div><div class=\"fusion-text fusion-text-905 tags\" style=\"transform:translate3d(0,0,0);\"><p>Pergola<\/p>\n<\/div><div class=\"fusion-text fusion-text-906 description\" style=\"transform:translate3d(0,0,0);\"><p>Octagonal pergola seen from below<\/p>\n<\/div><\/div><\/div><style type=\"text\/css\">.fusion-body .fusion-builder-column-453{width:25% !important;margin-top : 0px;margin-bottom : 20px;}.fusion-builder-column-453 > .fusion-column-wrapper {padding-top : 0px !important;padding-right : 0px !important;margin-right : 7.68%;padding-bottom : 0px !important;padding-left : 0px !important;margin-left : 7.68%;}@media only screen and (max-width:1024px) {.fusion-body .fusion-builder-column-453{width:100% !important;order : 0;}.fusion-builder-column-453 > .fusion-column-wrapper {margin-right : 1.92%;margin-left : 1.92%;}}@media only screen and (max-width:640px) {.fusion-body .fusion-builder-column-453{width:100% !important;order : 0;}.fusion-builder-column-453 > .fusion-column-wrapper {margin-right : 1.92%;margin-left : 1.92%;}}<\/style><div class=\"fusion-layout-column fusion_builder_column fusion-builder-column-454 fusion_builder_column_1_4 1_4 fusion-flex-column img-to-filter\"><div class=\"fusion-column-wrapper fusion-flex-justify-content-flex-start fusion-content-layout-column\" style=\"background-position:left top;background-repeat:no-repeat;-webkit-background-size:cover;-moz-background-size:cover;-o-background-size:cover;background-size:cover;padding: 0px 0px 0px 0px;\"><div ><span class=\"fusion-imageframe imageframe-none imageframe-454 hover-type-none\"><a href=\"https:\/\/www.deco-charpente.fr\/wp-content\/uploads\/2020\/08\/pergola-toit-japonais.jpg\" class=\"fusion-lightbox\" data-rel=\"iLightbox[gallery-image]\" data-title=\"Pergola toit japonais\" title=\"Japanese roof pergola\"><img decoding=\"async\" width=\"1256\" height=\"935\" src=\"https:\/\/www.deco-charpente.fr\/wp-content\/uploads\/2020\/08\/pergola-toit-japonais.jpg\" class=\"img-responsive wp-image-2474\" srcset=\"https:\/\/www.deco-charpente.fr\/wp-content\/uploads\/2020\/08\/pergola-toit-japonais-200x149.jpg 200w, https:\/\/www.deco-charpente.fr\/wp-content\/uploads\/2020\/08\/pergola-toit-japonais-400x298.jpg 400w, https:\/\/www.deco-charpente.fr\/wp-content\/uploads\/2020\/08\/pergola-toit-japonais-600x447.jpg 600w, https:\/\/www.deco-charpente.fr\/wp-content\/uploads\/2020\/08\/pergola-toit-japonais-800x596.jpg 800w, https:\/\/www.deco-charpente.fr\/wp-content\/uploads\/2020\/08\/pergola-toit-japonais-1200x893.jpg 1200w, https:\/\/www.deco-charpente.fr\/wp-content\/uploads\/2020\/08\/pergola-toit-japonais.jpg 1256w\" sizes=\"(max-width: 1024px) 100vw, (max-width: 640px) 100vw, 600px\" \/><\/a><\/span><\/div><div class=\"fusion-text fusion-text-907 tags\" style=\"transform:translate3d(0,0,0);\"><p>Pergola<\/p>\n<\/div><div class=\"fusion-text fusion-text-908 description\" style=\"transform:translate3d(0,0,0);\"><p>Japanese roof pergola<\/p>\n<\/div><\/div><\/div><style type=\"text\/css\">.fusion-body .fusion-builder-column-454{width:25% !important;margin-top : 0px;margin-bottom : 20px;}.fusion-builder-column-454 > .fusion-column-wrapper {padding-top : 0px !important;padding-right : 0px !important;margin-right : 7.68%;padding-bottom : 0px !important;padding-left : 0px !important;margin-left : 7.68%;}@media only screen and (max-width:1024px) {.fusion-body .fusion-builder-column-454{width:100% !important;order : 0;}.fusion-builder-column-454 > .fusion-column-wrapper {margin-right : 1.92%;margin-left : 1.92%;}}@media only screen and (max-width:640px) {.fusion-body .fusion-builder-column-454{width:100% !important;order : 0;}.fusion-builder-column-454 > .fusion-column-wrapper {margin-right : 1.92%;margin-left : 1.92%;}}<\/style><div class=\"fusion-layout-column fusion_builder_column fusion-builder-column-455 fusion_builder_column_1_4 1_4 fusion-flex-column img-to-filter\"><div class=\"fusion-column-wrapper fusion-flex-justify-content-flex-start fusion-content-layout-column\" style=\"background-position:left top;background-repeat:no-repeat;-webkit-background-size:cover;-moz-background-size:cover;-o-background-size:cover;background-size:cover;padding: 0px 0px 0px 0px;\"><div ><span class=\"fusion-imageframe imageframe-none imageframe-455 hover-type-none\"><a href=\"https:\/\/www.deco-charpente.fr\/wp-content\/uploads\/2020\/08\/pergola-sur\u00e9lev\u00e9e-avec-escalier-et-garde-corps-1.jpg\" class=\"fusion-lightbox\" data-rel=\"iLightbox[gallery-image]\" data-title=\"Pergola sur\u00e9lev\u00e9e avec escalier et garde-corps\" title=\"Raised pergola with stairs and guardrail\"><img decoding=\"async\" width=\"1017\" height=\"758\" src=\"https:\/\/www.deco-charpente.fr\/wp-content\/uploads\/2020\/08\/pergola-sur\u00e9lev\u00e9e-avec-escalier-et-garde-corps-1.jpg\" class=\"img-responsive wp-image-2475\" srcset=\"https:\/\/www.deco-charpente.fr\/wp-content\/uploads\/2020\/08\/pergola-sur\u00e9lev\u00e9e-avec-escalier-et-garde-corps-1-200x149.jpg 200w, https:\/\/www.deco-charpente.fr\/wp-content\/uploads\/2020\/08\/pergola-sur\u00e9lev\u00e9e-avec-escalier-et-garde-corps-1-400x298.jpg 400w, https:\/\/www.deco-charpente.fr\/wp-content\/uploads\/2020\/08\/pergola-sur\u00e9lev\u00e9e-avec-escalier-et-garde-corps-1-600x447.jpg 600w, https:\/\/www.deco-charpente.fr\/wp-content\/uploads\/2020\/08\/pergola-sur\u00e9lev\u00e9e-avec-escalier-et-garde-corps-1-800x596.jpg 800w, https:\/\/www.deco-charpente.fr\/wp-content\/uploads\/2020\/08\/pergola-sur\u00e9lev\u00e9e-avec-escalier-et-garde-corps-1.jpg 1017w\" sizes=\"(max-width: 1024px) 100vw, (max-width: 640px) 100vw, 600px\" \/><\/a><\/span><\/div><div class=\"fusion-text fusion-text-909 tags\" style=\"transform:translate3d(0,0,0);\"><p>Pergola<\/p>\n<\/div><div class=\"fusion-text fusion-text-910 description\" style=\"transform:translate3d(0,0,0);\"><p>Raised pergola with stairs and guardrail<\/p>\n<\/div><\/div><\/div><style type=\"text\/css\">.fusion-body .fusion-builder-column-455{width:25% !important;margin-top : 0px;margin-bottom : 20px;}.fusion-builder-column-455 > .fusion-column-wrapper {padding-top : 0px !important;padding-right : 0px !important;margin-right : 7.68%;padding-bottom : 0px !important;padding-left : 0px !important;margin-left : 7.68%;}@media only screen and (max-width:1024px) {.fusion-body .fusion-builder-column-455{width:100% !important;order : 0;}.fusion-builder-column-455 > .fusion-column-wrapper {margin-right : 1.92%;margin-left : 1.92%;}}@media only screen and (max-width:640px) {.fusion-body .fusion-builder-column-455{width:100% !important;order : 0;}.fusion-builder-column-455 > .fusion-column-wrapper {margin-right : 1.92%;margin-left : 1.92%;}}<\/style><div class=\"fusion-layout-column fusion_builder_column fusion-builder-column-456 fusion_builder_column_1_4 1_4 fusion-flex-column img-to-filter\"><div class=\"fusion-column-wrapper fusion-flex-justify-content-flex-start fusion-content-layout-column\" style=\"background-position:left top;background-repeat:no-repeat;-webkit-background-size:cover;-moz-background-size:cover;-o-background-size:cover;background-size:cover;padding: 0px 0px 0px 0px;\"><div ><span class=\"fusion-imageframe imageframe-none imageframe-456 hover-type-none\"><a href=\"https:\/\/www.deco-charpente.fr\/wp-content\/uploads\/2020\/08\/pergola-sur\u00e9lev\u00e9e-1.jpg\" class=\"fusion-lightbox\" data-rel=\"iLightbox[gallery-image]\" data-title=\"Pergola sur\u00e9lev\u00e9e\" title=\"Raised pergola\"><img decoding=\"async\" width=\"1024\" height=\"768\" src=\"https:\/\/www.deco-charpente.fr\/wp-content\/uploads\/2020\/08\/pergola-sur\u00e9lev\u00e9e-1.jpg\" class=\"img-responsive wp-image-2477\" srcset=\"https:\/\/www.deco-charpente.fr\/wp-content\/uploads\/2020\/08\/pergola-sur\u00e9lev\u00e9e-1-200x150.jpg 200w, https:\/\/www.deco-charpente.fr\/wp-content\/uploads\/2020\/08\/pergola-sur\u00e9lev\u00e9e-1-400x300.jpg 400w, https:\/\/www.deco-charpente.fr\/wp-content\/uploads\/2020\/08\/pergola-sur\u00e9lev\u00e9e-1-600x450.jpg 600w, https:\/\/www.deco-charpente.fr\/wp-content\/uploads\/2020\/08\/pergola-sur\u00e9lev\u00e9e-1-800x600.jpg 800w, https:\/\/www.deco-charpente.fr\/wp-content\/uploads\/2020\/08\/pergola-sur\u00e9lev\u00e9e-1.jpg 1024w\" sizes=\"(max-width: 1024px) 100vw, (max-width: 640px) 100vw, 600px\" \/><\/a><\/span><\/div><div class=\"fusion-text fusion-text-911 tags\" style=\"transform:translate3d(0,0,0);\"><p>Pergola<\/p>\n<\/div><div class=\"fusion-text fusion-text-912 description\" style=\"transform:translate3d(0,0,0);\"><p>Raised pergola<\/p>\n<\/div><\/div><\/div><style type=\"text\/css\">.fusion-body .fusion-builder-column-456{width:25% !important;margin-top : 0px;margin-bottom : 20px;}.fusion-builder-column-456 > .fusion-column-wrapper {padding-top : 0px !important;padding-right : 0px !important;margin-right : 7.68%;padding-bottom : 0px !important;padding-left : 0px !important;margin-left : 7.68%;}@media only screen and (max-width:1024px) {.fusion-body .fusion-builder-column-456{width:100% !important;order : 0;}.fusion-builder-column-456 > .fusion-column-wrapper {margin-right : 1.92%;margin-left : 1.92%;}}@media only screen and (max-width:640px) {.fusion-body .fusion-builder-column-456{width:100% !important;order : 0;}.fusion-builder-column-456 > .fusion-column-wrapper {margin-right : 1.92%;margin-left : 1.92%;}}<\/style><div class=\"fusion-layout-column fusion_builder_column fusion-builder-column-457 fusion_builder_column_1_4 1_4 fusion-flex-column img-to-filter\"><div class=\"fusion-column-wrapper fusion-flex-justify-content-flex-start fusion-content-layout-column\" style=\"background-position:left top;background-repeat:no-repeat;-webkit-background-size:cover;-moz-background-size:cover;-o-background-size:cover;background-size:cover;padding: 0px 0px 0px 0px;\"><div ><span class=\"fusion-imageframe imageframe-none imageframe-457 hover-type-none\"><a href=\"https:\/\/www.deco-charpente.fr\/wp-content\/uploads\/2020\/08\/pergola-persienne-douglas-gris-1.jpg\" class=\"fusion-lightbox\" data-rel=\"iLightbox[gallery-image]\" data-title=\"Pergola persienne douglas gris\" title=\"Douglas fir gray louvered pergola\"><img decoding=\"async\" width=\"936\" height=\"933\" src=\"https:\/\/www.deco-charpente.fr\/wp-content\/uploads\/2020\/08\/pergola-persienne-douglas-gris-1.jpg\" class=\"img-responsive wp-image-2476\" srcset=\"https:\/\/www.deco-charpente.fr\/wp-content\/uploads\/2020\/08\/pergola-persienne-douglas-gris-1-200x199.jpg 200w, https:\/\/www.deco-charpente.fr\/wp-content\/uploads\/2020\/08\/pergola-persienne-douglas-gris-1-400x399.jpg 400w, https:\/\/www.deco-charpente.fr\/wp-content\/uploads\/2020\/08\/pergola-persienne-douglas-gris-1-600x598.jpg 600w, https:\/\/www.deco-charpente.fr\/wp-content\/uploads\/2020\/08\/pergola-persienne-douglas-gris-1-800x797.jpg 800w, https:\/\/www.deco-charpente.fr\/wp-content\/uploads\/2020\/08\/pergola-persienne-douglas-gris-1.jpg 936w\" sizes=\"(max-width: 1024px) 100vw, (max-width: 640px) 100vw, 600px\" \/><\/a><\/span><\/div><div class=\"fusion-text fusion-text-913 tags\" style=\"transform:translate3d(0,0,0);\"><p>Pergola<\/p>\n<\/div><div class=\"fusion-text fusion-text-914 description\" style=\"transform:translate3d(0,0,0);\"><p>Douglas fir gray louvered pergola<\/p>\n<\/div><\/div><\/div><style type=\"text\/css\">.fusion-body .fusion-builder-column-457{width:25% !important;margin-top : 0px;margin-bottom : 20px;}.fusion-builder-column-457 > .fusion-column-wrapper {padding-top : 0px !important;padding-right : 0px !important;margin-right : 7.68%;padding-bottom : 0px !important;padding-left : 0px !important;margin-left : 7.68%;}@media only screen and (max-width:1024px) {.fusion-body .fusion-builder-column-457{width:100% !important;order : 0;}.fusion-builder-column-457 > .fusion-column-wrapper {margin-right : 1.92%;margin-left : 1.92%;}}@media only screen and (max-width:640px) {.fusion-body .fusion-builder-column-457{width:100% !important;order : 0;}.fusion-builder-column-457 > .fusion-column-wrapper {margin-right : 1.92%;margin-left : 1.92%;}}<\/style><div class=\"fusion-layout-column fusion_builder_column fusion-builder-column-458 fusion_builder_column_1_4 1_4 fusion-flex-column img-to-filter\"><div class=\"fusion-column-wrapper fusion-flex-justify-content-flex-start fusion-content-layout-column\" style=\"background-position:left top;background-repeat:no-repeat;-webkit-background-size:cover;-moz-background-size:cover;-o-background-size:cover;background-size:cover;padding: 0px 0px 0px 0px;\"><div ><span class=\"fusion-imageframe imageframe-none imageframe-458 hover-type-none\"><a href=\"https:\/\/www.deco-charpente.fr\/wp-content\/uploads\/2020\/08\/abri-2-pentes-adoss\u00e9.jpg\" class=\"fusion-lightbox\" data-rel=\"iLightbox[gallery-image]\" data-title=\"abri 2 pentes adoss\u00e9\" title=\"shelter 2 slopes attached\"><img decoding=\"async\" width=\"1024\" height=\"694\" src=\"https:\/\/www.deco-charpente.fr\/wp-content\/uploads\/2020\/08\/abri-2-pentes-adoss\u00e9.jpg\" class=\"img-responsive wp-image-2415\" srcset=\"https:\/\/www.deco-charpente.fr\/wp-content\/uploads\/2020\/08\/abri-2-pentes-adoss\u00e9-200x136.jpg 200w, https:\/\/www.deco-charpente.fr\/wp-content\/uploads\/2020\/08\/abri-2-pentes-adoss\u00e9-400x271.jpg 400w, https:\/\/www.deco-charpente.fr\/wp-content\/uploads\/2020\/08\/abri-2-pentes-adoss\u00e9-600x407.jpg 600w, https:\/\/www.deco-charpente.fr\/wp-content\/uploads\/2020\/08\/abri-2-pentes-adoss\u00e9-800x542.jpg 800w, https:\/\/www.deco-charpente.fr\/wp-content\/uploads\/2020\/08\/abri-2-pentes-adoss\u00e9.jpg 1024w\" sizes=\"(max-width: 1024px) 100vw, (max-width: 640px) 100vw, 600px\" \/><\/a><\/span><\/div><div class=\"fusion-text fusion-text-915 tags\" style=\"transform:translate3d(0,0,0);\"><p>Carport<\/p>\n<\/div><div class=\"fusion-text fusion-text-916 description\" style=\"transform:translate3d(0,0,0);\"><p>Lean-to 2-slope shelter<\/p>\n<\/div><\/div><\/div><style type=\"text\/css\">.fusion-body .fusion-builder-column-458{width:25% !important;margin-top : 0px;margin-bottom : 20px;}.fusion-builder-column-458 > .fusion-column-wrapper {padding-top : 0px !important;padding-right : 0px !important;margin-right : 7.68%;padding-bottom : 0px !important;padding-left : 0px !important;margin-left : 7.68%;}@media only screen and (max-width:1024px) {.fusion-body .fusion-builder-column-458{width:100% !important;order : 0;}.fusion-builder-column-458 > .fusion-column-wrapper {margin-right : 1.92%;margin-left : 1.92%;}}@media only screen and (max-width:640px) {.fusion-body .fusion-builder-column-458{width:100% !important;order : 0;}.fusion-builder-column-458 > .fusion-column-wrapper {margin-right : 1.92%;margin-left : 1.92%;}}<\/style><div class=\"fusion-layout-column fusion_builder_column fusion-builder-column-459 fusion_builder_column_1_4 1_4 fusion-flex-column img-to-filter\"><div class=\"fusion-column-wrapper fusion-flex-justify-content-flex-start fusion-content-layout-column\" style=\"background-position:left top;background-repeat:no-repeat;-webkit-background-size:cover;-moz-background-size:cover;-o-background-size:cover;background-size:cover;padding: 0px 0px 0px 0px;\"><div ><span class=\"fusion-imageframe imageframe-none imageframe-459 hover-type-none\"><a href=\"https:\/\/www.deco-charpente.fr\/wp-content\/uploads\/2020\/08\/abri-2-pentes-adoss\u00e9-2.jpg\" class=\"fusion-lightbox\" data-rel=\"iLightbox[gallery-image]\" data-title=\"abri 2 pentes adoss\u00e9 2\" title=\"shelter 2 slopes attached 2\"><img decoding=\"async\" width=\"1024\" height=\"768\" src=\"https:\/\/www.deco-charpente.fr\/wp-content\/uploads\/2020\/08\/abri-2-pentes-adoss\u00e9-2.jpg\" class=\"img-responsive wp-image-2416\" srcset=\"https:\/\/www.deco-charpente.fr\/wp-content\/uploads\/2020\/08\/abri-2-pentes-adoss\u00e9-2-200x150.jpg 200w, https:\/\/www.deco-charpente.fr\/wp-content\/uploads\/2020\/08\/abri-2-pentes-adoss\u00e9-2-400x300.jpg 400w, https:\/\/www.deco-charpente.fr\/wp-content\/uploads\/2020\/08\/abri-2-pentes-adoss\u00e9-2-600x450.jpg 600w, https:\/\/www.deco-charpente.fr\/wp-content\/uploads\/2020\/08\/abri-2-pentes-adoss\u00e9-2-800x600.jpg 800w, https:\/\/www.deco-charpente.fr\/wp-content\/uploads\/2020\/08\/abri-2-pentes-adoss\u00e9-2.jpg 1024w\" sizes=\"(max-width: 1024px) 100vw, (max-width: 640px) 100vw, 600px\" \/><\/a><\/span><\/div><div class=\"fusion-text fusion-text-917 tags\" style=\"transform:translate3d(0,0,0);\"><p>Carport<\/p>\n<\/div><div class=\"fusion-text fusion-text-918 description\" style=\"transform:translate3d(0,0,0);\"><p>Lean-to 2-slope shelter<\/p>\n<\/div><\/div><\/div><style type=\"text\/css\">.fusion-body .fusion-builder-column-459{width:25% !important;margin-top : 0px;margin-bottom : 20px;}.fusion-builder-column-459 > .fusion-column-wrapper {padding-top : 0px !important;padding-right : 0px !important;margin-right : 7.68%;padding-bottom : 0px !important;padding-left : 0px !important;margin-left : 7.68%;}@media only screen and (max-width:1024px) {.fusion-body .fusion-builder-column-459{width:100% !important;order : 0;}.fusion-builder-column-459 > .fusion-column-wrapper {margin-right : 1.92%;margin-left : 1.92%;}}@media only screen and (max-width:640px) {.fusion-body .fusion-builder-column-459{width:100% !important;order : 0;}.fusion-builder-column-459 > .fusion-column-wrapper {margin-right : 1.92%;margin-left : 1.92%;}}<\/style><div class=\"fusion-layout-column fusion_builder_column fusion-builder-column-460 fusion_builder_column_1_4 1_4 fusion-flex-column img-to-filter\"><div class=\"fusion-column-wrapper fusion-flex-justify-content-flex-start fusion-content-layout-column\" style=\"background-position:left top;background-repeat:no-repeat;-webkit-background-size:cover;-moz-background-size:cover;-o-background-size:cover;background-size:cover;padding: 0px 0px 0px 0px;\"><div ><span class=\"fusion-imageframe imageframe-none imageframe-460 hover-type-none\"><a href=\"https:\/\/www.deco-charpente.fr\/wp-content\/uploads\/2020\/08\/abri-2-pentes-4-voitures.jpg\" class=\"fusion-lightbox\" data-rel=\"iLightbox[gallery-image]\" data-title=\"abri 2 pentes 4 voitures\" title=\"shelter 2 slopes 4 cars\"><img decoding=\"async\" width=\"1024\" height=\"576\" src=\"https:\/\/www.deco-charpente.fr\/wp-content\/uploads\/2020\/08\/abri-2-pentes-4-voitures.jpg\" class=\"img-responsive wp-image-2417\" srcset=\"https:\/\/www.deco-charpente.fr\/wp-content\/uploads\/2020\/08\/abri-2-pentes-4-voitures-200x113.jpg 200w, https:\/\/www.deco-charpente.fr\/wp-content\/uploads\/2020\/08\/abri-2-pentes-4-voitures-400x225.jpg 400w, https:\/\/www.deco-charpente.fr\/wp-content\/uploads\/2020\/08\/abri-2-pentes-4-voitures-600x338.jpg 600w, https:\/\/www.deco-charpente.fr\/wp-content\/uploads\/2020\/08\/abri-2-pentes-4-voitures-800x450.jpg 800w, https:\/\/www.deco-charpente.fr\/wp-content\/uploads\/2020\/08\/abri-2-pentes-4-voitures.jpg 1024w\" sizes=\"(max-width: 1024px) 100vw, (max-width: 640px) 100vw, 600px\" \/><\/a><\/span><\/div><div class=\"fusion-text fusion-text-919 tags\" style=\"transform:translate3d(0,0,0);\"><p>Carport<\/p>\n<\/div><div class=\"fusion-text fusion-text-920 description\" style=\"transform:translate3d(0,0,0);\"><p>Shelter 2 slopes 4 cars<\/p>\n<\/div><\/div><\/div><style type=\"text\/css\">.fusion-body .fusion-builder-column-460{width:25% !important;margin-top : 0px;margin-bottom : 20px;}.fusion-builder-column-460 > .fusion-column-wrapper {padding-top : 0px !important;padding-right : 0px !important;margin-right : 7.68%;padding-bottom : 0px !important;padding-left : 0px !important;margin-left : 7.68%;}@media only screen and (max-width:1024px) {.fusion-body .fusion-builder-column-460{width:100% !important;order : 0;}.fusion-builder-column-460 > .fusion-column-wrapper {margin-right : 1.92%;margin-left : 1.92%;}}@media only screen and (max-width:640px) {.fusion-body .fusion-builder-column-460{width:100% !important;order : 0;}.fusion-builder-column-460 > .fusion-column-wrapper {margin-right : 1.92%;margin-left : 1.92%;}}<\/style><div class=\"fusion-layout-column fusion_builder_column fusion-builder-column-461 fusion_builder_column_1_4 1_4 fusion-flex-column img-to-filter\"><div class=\"fusion-column-wrapper fusion-flex-justify-content-flex-start fusion-content-layout-column\" style=\"background-position:left top;background-repeat:no-repeat;-webkit-background-size:cover;-moz-background-size:cover;-o-background-size:cover;background-size:cover;padding: 0px 0px 0px 0px;\"><div ><span class=\"fusion-imageframe imageframe-none imageframe-461 hover-type-none\"><a href=\"https:\/\/www.deco-charpente.fr\/wp-content\/uploads\/2020\/08\/abri-1-voiture-forme-tunnel-2.jpg\" class=\"fusion-lightbox\" data-rel=\"iLightbox[gallery-image]\" data-title=\"abri 1 voiture forme tunnel 2\" title=\"shelter 1 car tunnel shape 2\"><img decoding=\"async\" width=\"1024\" height=\"768\" src=\"https:\/\/www.deco-charpente.fr\/wp-content\/uploads\/2020\/08\/abri-1-voiture-forme-tunnel-2.jpg\" class=\"img-responsive wp-image-2418\" srcset=\"https:\/\/www.deco-charpente.fr\/wp-content\/uploads\/2020\/08\/abri-1-voiture-forme-tunnel-2-200x150.jpg 200w, https:\/\/www.deco-charpente.fr\/wp-content\/uploads\/2020\/08\/abri-1-voiture-forme-tunnel-2-400x300.jpg 400w, https:\/\/www.deco-charpente.fr\/wp-content\/uploads\/2020\/08\/abri-1-voiture-forme-tunnel-2-600x450.jpg 600w, https:\/\/www.deco-charpente.fr\/wp-content\/uploads\/2020\/08\/abri-1-voiture-forme-tunnel-2-800x600.jpg 800w, https:\/\/www.deco-charpente.fr\/wp-content\/uploads\/2020\/08\/abri-1-voiture-forme-tunnel-2.jpg 1024w\" sizes=\"(max-width: 1024px) 100vw, (max-width: 640px) 100vw, 600px\" \/><\/a><\/span><\/div><div class=\"fusion-text fusion-text-921 tags\" style=\"transform:translate3d(0,0,0);\"><p>Carport<\/p>\n<\/div><div class=\"fusion-text fusion-text-922 description\" style=\"transform:translate3d(0,0,0);\"><p>1 car shelter tunnel shape<\/p>\n<\/div><\/div><\/div><style type=\"text\/css\">.fusion-body .fusion-builder-column-461{width:25% !important;margin-top : 0px;margin-bottom : 20px;}.fusion-builder-column-461 > .fusion-column-wrapper {padding-top : 0px !important;padding-right : 0px !important;margin-right : 7.68%;padding-bottom : 0px !important;padding-left : 0px !important;margin-left : 7.68%;}@media only screen and (max-width:1024px) {.fusion-body .fusion-builder-column-461{width:100% !important;order : 0;}.fusion-builder-column-461 > .fusion-column-wrapper {margin-right : 1.92%;margin-left : 1.92%;}}@media only screen and (max-width:640px) {.fusion-body .fusion-builder-column-461{width:100% !important;order : 0;}.fusion-builder-column-461 > .fusion-column-wrapper {margin-right : 1.92%;margin-left : 1.92%;}}<\/style><div class=\"fusion-layout-column fusion_builder_column fusion-builder-column-462 fusion_builder_column_1_4 1_4 fusion-flex-column img-to-filter\"><div class=\"fusion-column-wrapper fusion-flex-justify-content-flex-start fusion-content-layout-column\" style=\"background-position:left top;background-repeat:no-repeat;-webkit-background-size:cover;-moz-background-size:cover;-o-background-size:cover;background-size:cover;padding: 0px 0px 0px 0px;\"><div ><span class=\"fusion-imageframe imageframe-none imageframe-462 hover-type-none\"><a href=\"https:\/\/www.deco-charpente.fr\/wp-content\/uploads\/2020\/08\/abri-1-pente-autoport\u00e9.jpg\" class=\"fusion-lightbox\" data-rel=\"iLightbox[gallery-image]\" data-title=\"abri 1 pente autoport\u00e9\" title=\"self-supporting 1 slope shelter\"><img decoding=\"async\" width=\"1024\" height=\"667\" src=\"https:\/\/www.deco-charpente.fr\/wp-content\/uploads\/2020\/08\/abri-1-pente-autoport\u00e9.jpg\" class=\"img-responsive wp-image-2419\" srcset=\"https:\/\/www.deco-charpente.fr\/wp-content\/uploads\/2020\/08\/abri-1-pente-autoport\u00e9-200x130.jpg 200w, https:\/\/www.deco-charpente.fr\/wp-content\/uploads\/2020\/08\/abri-1-pente-autoport\u00e9-400x261.jpg 400w, https:\/\/www.deco-charpente.fr\/wp-content\/uploads\/2020\/08\/abri-1-pente-autoport\u00e9-600x391.jpg 600w, https:\/\/www.deco-charpente.fr\/wp-content\/uploads\/2020\/08\/abri-1-pente-autoport\u00e9-800x521.jpg 800w, https:\/\/www.deco-charpente.fr\/wp-content\/uploads\/2020\/08\/abri-1-pente-autoport\u00e9.jpg 1024w\" sizes=\"(max-width: 1024px) 100vw, (max-width: 640px) 100vw, 600px\" \/><\/a><\/span><\/div><div class=\"fusion-text fusion-text-923 tags\" style=\"transform:translate3d(0,0,0);\"><p>Carport<\/p>\n<\/div><div class=\"fusion-text fusion-text-924 description\" style=\"transform:translate3d(0,0,0);\"><p>Self-supporting 1-slope shelter<\/p>\n<\/div><\/div><\/div><style type=\"text\/css\">.fusion-body .fusion-builder-column-462{width:25% !important;margin-top : 0px;margin-bottom : 20px;}.fusion-builder-column-462 > .fusion-column-wrapper {padding-top : 0px !important;padding-right : 0px !important;margin-right : 7.68%;padding-bottom : 0px !important;padding-left : 0px !important;margin-left : 7.68%;}@media only screen and (max-width:1024px) {.fusion-body .fusion-builder-column-462{width:100% !important;order : 0;}.fusion-builder-column-462 > .fusion-column-wrapper {margin-right : 1.92%;margin-left : 1.92%;}}@media only screen and (max-width:640px) {.fusion-body .fusion-builder-column-462{width:100% !important;order : 0;}.fusion-builder-column-462 > .fusion-column-wrapper {margin-right : 1.92%;margin-left : 1.92%;}}<\/style><div class=\"fusion-layout-column fusion_builder_column fusion-builder-column-463 fusion_builder_column_1_4 1_4 fusion-flex-column img-to-filter\"><div class=\"fusion-column-wrapper fusion-flex-justify-content-flex-start fusion-content-layout-column\" style=\"background-position:left top;background-repeat:no-repeat;-webkit-background-size:cover;-moz-background-size:cover;-o-background-size:cover;background-size:cover;padding: 0px 0px 0px 0px;\"><div ><span class=\"fusion-imageframe imageframe-none imageframe-463 hover-type-none\"><a href=\"https:\/\/www.deco-charpente.fr\/wp-content\/uploads\/2020\/08\/abri-voiture-2-pentes-autoport\u00e9-2-compressed.jpg\" class=\"fusion-lightbox\" data-rel=\"iLightbox[gallery-image]\" data-title=\"abri voiture 2 pentes autoport\u00e9 2-compressed\" title=\"2-compressed self-supporting 2-slope carport\"><img decoding=\"async\" width=\"1920\" height=\"1080\" src=\"https:\/\/www.deco-charpente.fr\/wp-content\/uploads\/2020\/08\/abri-voiture-2-pentes-autoport\u00e9-2-compressed.jpg\" class=\"img-responsive wp-image-2420\" srcset=\"https:\/\/www.deco-charpente.fr\/wp-content\/uploads\/2020\/08\/abri-voiture-2-pentes-autoport\u00e9-2-compressed-200x113.jpg 200w, https:\/\/www.deco-charpente.fr\/wp-content\/uploads\/2020\/08\/abri-voiture-2-pentes-autoport\u00e9-2-compressed-400x225.jpg 400w, https:\/\/www.deco-charpente.fr\/wp-content\/uploads\/2020\/08\/abri-voiture-2-pentes-autoport\u00e9-2-compressed-600x338.jpg 600w, https:\/\/www.deco-charpente.fr\/wp-content\/uploads\/2020\/08\/abri-voiture-2-pentes-autoport\u00e9-2-compressed-800x450.jpg 800w, https:\/\/www.deco-charpente.fr\/wp-content\/uploads\/2020\/08\/abri-voiture-2-pentes-autoport\u00e9-2-compressed-1200x675.jpg 1200w, https:\/\/www.deco-charpente.fr\/wp-content\/uploads\/2020\/08\/abri-voiture-2-pentes-autoport\u00e9-2-compressed.jpg 1920w\" sizes=\"(max-width: 1024px) 100vw, (max-width: 640px) 100vw, 600px\" \/><\/a><\/span><\/div><div class=\"fusion-text fusion-text-925 tags\" style=\"transform:translate3d(0,0,0);\"><p>Carport<\/p>\n<\/div><div class=\"fusion-text fusion-text-926 description\" style=\"transform:translate3d(0,0,0);\"><p>Self-supporting 2-slope carport<\/p>\n<\/div><\/div><\/div><style type=\"text\/css\">.fusion-body .fusion-builder-column-463{width:25% !important;margin-top : 0px;margin-bottom : 20px;}.fusion-builder-column-463 > .fusion-column-wrapper {padding-top : 0px !important;padding-right : 0px !important;margin-right : 7.68%;padding-bottom : 0px !important;padding-left : 0px !important;margin-left : 7.68%;}@media only screen and (max-width:1024px) {.fusion-body .fusion-builder-column-463{width:100% !important;order : 0;}.fusion-builder-column-463 > .fusion-column-wrapper {margin-right : 1.92%;margin-left : 1.92%;}}@media only screen and (max-width:640px) {.fusion-body .fusion-builder-column-463{width:100% !important;order : 0;}.fusion-builder-column-463 > .fusion-column-wrapper {margin-right : 1.92%;margin-left : 1.92%;}}<\/style><div class=\"fusion-layout-column fusion_builder_column fusion-builder-column-464 fusion_builder_column_1_4 1_4 fusion-flex-column img-to-filter\"><div class=\"fusion-column-wrapper fusion-flex-justify-content-flex-start fusion-content-layout-column\" style=\"background-position:left top;background-repeat:no-repeat;-webkit-background-size:cover;-moz-background-size:cover;-o-background-size:cover;background-size:cover;padding: 0px 0px 0px 0px;\"><div ><span class=\"fusion-imageframe imageframe-none imageframe-464 hover-type-none\"><a href=\"https:\/\/www.deco-charpente.fr\/wp-content\/uploads\/2024\/04\/Abri-camping-car-C2.jpg\" class=\"fusion-lightbox\" data-rel=\"iLightbox[gallery-image]\" data-title=\"Abri camping car C2 Peypin\" title=\"Campervan shelter C2 Peypin\"><img decoding=\"async\" width=\"1126\" height=\"1350\" alt=\"Image repr\u00e9sentant un abri voiture D\u00e9co Charpente avec toiture en pente accueillant un camping-car.\" src=\"https:\/\/www.deco-charpente.fr\/wp-content\/uploads\/2024\/04\/Abri-camping-car-C2.jpg\" class=\"img-responsive wp-image-10499\" srcset=\"https:\/\/www.deco-charpente.fr\/wp-content\/uploads\/2024\/04\/Abri-camping-car-C2-200x240.jpg 200w, https:\/\/www.deco-charpente.fr\/wp-content\/uploads\/2024\/04\/Abri-camping-car-C2-400x480.jpg 400w, https:\/\/www.deco-charpente.fr\/wp-content\/uploads\/2024\/04\/Abri-camping-car-C2-600x719.jpg 600w, https:\/\/www.deco-charpente.fr\/wp-content\/uploads\/2024\/04\/Abri-camping-car-C2-800x959.jpg 800w, https:\/\/www.deco-charpente.fr\/wp-content\/uploads\/2024\/04\/Abri-camping-car-C2.jpg 1126w\" sizes=\"(max-width: 1024px) 100vw, (max-width: 640px) 100vw, 600px\" \/><\/a><\/span><\/div><div class=\"fusion-text fusion-text-927 tags\" style=\"transform:translate3d(0,0,0);\"><p>Carport<\/p>\n<\/div><div class=\"fusion-text fusion-text-928 description\" style=\"transform:translate3d(0,0,0);\"><p>Motorhome shelter in Peypin<\/p>\n<\/div><\/div><\/div><style type=\"text\/css\">.fusion-body .fusion-builder-column-464{width:25% !important;margin-top : 0px;margin-bottom : 20px;}.fusion-builder-column-464 > .fusion-column-wrapper {padding-top : 0px !important;padding-right : 0px !important;margin-right : 7.68%;padding-bottom : 0px !important;padding-left : 0px !important;margin-left : 7.68%;}@media only screen and (max-width:1024px) {.fusion-body .fusion-builder-column-464{width:100% !important;order : 0;}.fusion-builder-column-464 > .fusion-column-wrapper {margin-right : 1.92%;margin-left : 1.92%;}}@media only screen and (max-width:640px) {.fusion-body .fusion-builder-column-464{width:100% !important;order : 0;}.fusion-builder-column-464 > .fusion-column-wrapper {margin-right : 1.92%;margin-left : 1.92%;}}<\/style><div class=\"fusion-layout-column fusion_builder_column fusion-builder-column-465 fusion_builder_column_1_4 1_4 fusion-flex-column img-to-filter\"><div class=\"fusion-column-wrapper fusion-flex-justify-content-flex-start fusion-content-layout-column\" style=\"background-position:left top;background-repeat:no-repeat;-webkit-background-size:cover;-moz-background-size:cover;-o-background-size:cover;background-size:cover;padding: 0px 0px 0px 0px;\"><div ><span class=\"fusion-imageframe imageframe-none imageframe-465 hover-type-none\"><a href=\"https:\/\/www.deco-charpente.fr\/wp-content\/uploads\/2024\/03\/Abri-camping-car.jpg\" class=\"fusion-lightbox\" data-rel=\"iLightbox[gallery-image]\" data-title=\"Abri camping car\" title=\"Campervan shelter\"><img decoding=\"async\" width=\"2048\" height=\"1536\" src=\"https:\/\/www.deco-charpente.fr\/wp-content\/uploads\/2024\/03\/Abri-camping-car.jpg\" class=\"img-responsive wp-image-10058\" srcset=\"https:\/\/www.deco-charpente.fr\/wp-content\/uploads\/2024\/03\/Abri-camping-car-200x150.jpg 200w, https:\/\/www.deco-charpente.fr\/wp-content\/uploads\/2024\/03\/Abri-camping-car-400x300.jpg 400w, https:\/\/www.deco-charpente.fr\/wp-content\/uploads\/2024\/03\/Abri-camping-car-600x450.jpg 600w, https:\/\/www.deco-charpente.fr\/wp-content\/uploads\/2024\/03\/Abri-camping-car-800x600.jpg 800w, https:\/\/www.deco-charpente.fr\/wp-content\/uploads\/2024\/03\/Abri-camping-car-1200x900.jpg 1200w, https:\/\/www.deco-charpente.fr\/wp-content\/uploads\/2024\/03\/Abri-camping-car.jpg 2048w\" sizes=\"(max-width: 1024px) 100vw, (max-width: 640px) 100vw, 600px\" \/><\/a><\/span><\/div><div class=\"fusion-text fusion-text-929 tags\" style=\"transform:translate3d(0,0,0);\"><p>Carport<\/p>\n<\/div><div class=\"fusion-text fusion-text-930 description\" style=\"transform:translate3d(0,0,0);\"><p>Motorhome shelter<\/p>\n<\/div><\/div><\/div><style type=\"text\/css\">.fusion-body .fusion-builder-column-465{width:25% !important;margin-top : 0px;margin-bottom : 20px;}.fusion-builder-column-465 > .fusion-column-wrapper {padding-top : 0px !important;padding-right : 0px !important;margin-right : 7.68%;padding-bottom : 0px !important;padding-left : 0px !important;margin-left : 7.68%;}@media only screen and (max-width:1024px) {.fusion-body .fusion-builder-column-465{width:100% !important;order : 0;}.fusion-builder-column-465 > .fusion-column-wrapper {margin-right : 1.92%;margin-left : 1.92%;}}@media only screen and (max-width:640px) {.fusion-body .fusion-builder-column-465{width:100% !important;order : 0;}.fusion-builder-column-465 > .fusion-column-wrapper {margin-right : 1.92%;margin-left : 1.92%;}}<\/style><div class=\"fusion-layout-column fusion_builder_column fusion-builder-column-466 fusion_builder_column_1_4 1_4 fusion-flex-column img-to-filter\"><div class=\"fusion-column-wrapper fusion-flex-justify-content-flex-start fusion-content-layout-column\" style=\"background-position:left top;background-repeat:no-repeat;-webkit-background-size:cover;-moz-background-size:cover;-o-background-size:cover;background-size:cover;padding: 0px 0px 0px 0px;\"><div ><span class=\"fusion-imageframe imageframe-none imageframe-466 hover-type-none\"><a href=\"https:\/\/www.deco-charpente.fr\/wp-content\/uploads\/2020\/08\/abri-camping-car-et-voiture-compressed.jpg\" class=\"fusion-lightbox\" data-rel=\"iLightbox[gallery-image]\" data-title=\"abri camping-car et voiture-compressed\" title=\"camper shelter and compressed car\"><img decoding=\"async\" width=\"1024\" height=\"768\" src=\"https:\/\/www.deco-charpente.fr\/wp-content\/uploads\/2020\/08\/abri-camping-car-et-voiture-compressed.jpg\" class=\"img-responsive wp-image-2421\" srcset=\"https:\/\/www.deco-charpente.fr\/wp-content\/uploads\/2020\/08\/abri-camping-car-et-voiture-compressed-200x150.jpg 200w, https:\/\/www.deco-charpente.fr\/wp-content\/uploads\/2020\/08\/abri-camping-car-et-voiture-compressed-400x300.jpg 400w, https:\/\/www.deco-charpente.fr\/wp-content\/uploads\/2020\/08\/abri-camping-car-et-voiture-compressed-600x450.jpg 600w, https:\/\/www.deco-charpente.fr\/wp-content\/uploads\/2020\/08\/abri-camping-car-et-voiture-compressed-800x600.jpg 800w, https:\/\/www.deco-charpente.fr\/wp-content\/uploads\/2020\/08\/abri-camping-car-et-voiture-compressed.jpg 1024w\" sizes=\"(max-width: 1024px) 100vw, (max-width: 640px) 100vw, 600px\" \/><\/a><\/span><\/div><div class=\"fusion-text fusion-text-931 tags\" style=\"transform:translate3d(0,0,0);\"><p>Carport<\/p>\n<\/div><div class=\"fusion-text fusion-text-932 description\" style=\"transform:translate3d(0,0,0);\"><p>Motorhome and car shelter<\/p>\n<\/div><\/div><\/div><style type=\"text\/css\">.fusion-body .fusion-builder-column-466{width:25% !important;margin-top : 0px;margin-bottom : 20px;}.fusion-builder-column-466 > .fusion-column-wrapper {padding-top : 0px !important;padding-right : 0px !important;margin-right : 7.68%;padding-bottom : 0px !important;padding-left : 0px !important;margin-left : 7.68%;}@media only screen and (max-width:1024px) {.fusion-body .fusion-builder-column-466{width:100% !important;order : 0;}.fusion-builder-column-466 > .fusion-column-wrapper {margin-right : 1.92%;margin-left : 1.92%;}}@media only screen and (max-width:640px) {.fusion-body .fusion-builder-column-466{width:100% !important;order : 0;}.fusion-builder-column-466 > .fusion-column-wrapper {margin-right : 1.92%;margin-left : 1.92%;}}<\/style><div class=\"fusion-layout-column fusion_builder_column fusion-builder-column-467 fusion_builder_column_1_4 1_4 fusion-flex-column img-to-filter\"><div class=\"fusion-column-wrapper fusion-flex-justify-content-flex-start fusion-content-layout-column\" style=\"background-position:left top;background-repeat:no-repeat;-webkit-background-size:cover;-moz-background-size:cover;-o-background-size:cover;background-size:cover;padding: 0px 0px 0px 0px;\"><div ><span class=\"fusion-imageframe imageframe-none imageframe-467 hover-type-none\"><a href=\"https:\/\/www.deco-charpente.fr\/wp-content\/uploads\/2020\/08\/abri-2-pentes-int\u00e9grant-un-abri-ferm\u00e9-compressed.jpg\" class=\"fusion-lightbox\" data-rel=\"iLightbox[gallery-image]\" data-title=\"abri 2 pentes int\u00e9grant un abri ferm\u00e9-compressed\" title=\"2 slope shelter integrating a closed-compressed shelter\"><img decoding=\"async\" width=\"1920\" height=\"1080\" src=\"https:\/\/www.deco-charpente.fr\/wp-content\/uploads\/2020\/08\/abri-2-pentes-int\u00e9grant-un-abri-ferm\u00e9-compressed.jpg\" class=\"img-responsive wp-image-2422\" srcset=\"https:\/\/www.deco-charpente.fr\/wp-content\/uploads\/2020\/08\/abri-2-pentes-int\u00e9grant-un-abri-ferm\u00e9-compressed-200x113.jpg 200w, https:\/\/www.deco-charpente.fr\/wp-content\/uploads\/2020\/08\/abri-2-pentes-int\u00e9grant-un-abri-ferm\u00e9-compressed-400x225.jpg 400w, https:\/\/www.deco-charpente.fr\/wp-content\/uploads\/2020\/08\/abri-2-pentes-int\u00e9grant-un-abri-ferm\u00e9-compressed-600x338.jpg 600w, https:\/\/www.deco-charpente.fr\/wp-content\/uploads\/2020\/08\/abri-2-pentes-int\u00e9grant-un-abri-ferm\u00e9-compressed-800x450.jpg 800w, https:\/\/www.deco-charpente.fr\/wp-content\/uploads\/2020\/08\/abri-2-pentes-int\u00e9grant-un-abri-ferm\u00e9-compressed-1200x675.jpg 1200w, https:\/\/www.deco-charpente.fr\/wp-content\/uploads\/2020\/08\/abri-2-pentes-int\u00e9grant-un-abri-ferm\u00e9-compressed.jpg 1920w\" sizes=\"(max-width: 1024px) 100vw, (max-width: 640px) 100vw, 600px\" \/><\/a><\/span><\/div><div class=\"fusion-text fusion-text-933 tags\" style=\"transform:translate3d(0,0,0);\"><p>Carport<\/p>\n<\/div><div class=\"fusion-text fusion-text-934 description\" style=\"transform:translate3d(0,0,0);\"><p>2 slope shelter integrating a closed shelter<\/p>\n<\/div><\/div><\/div><style type=\"text\/css\">.fusion-body .fusion-builder-column-467{width:25% !important;margin-top : 0px;margin-bottom : 20px;}.fusion-builder-column-467 > .fusion-column-wrapper {padding-top : 0px !important;padding-right : 0px !important;margin-right : 7.68%;padding-bottom : 0px !important;padding-left : 0px !important;margin-left : 7.68%;}@media only screen and (max-width:1024px) {.fusion-body .fusion-builder-column-467{width:100% !important;order : 0;}.fusion-builder-column-467 > .fusion-column-wrapper {margin-right : 1.92%;margin-left : 1.92%;}}@media only screen and (max-width:640px) {.fusion-body .fusion-builder-column-467{width:100% !important;order : 0;}.fusion-builder-column-467 > .fusion-column-wrapper {margin-right : 1.92%;margin-left : 1.92%;}}<\/style><div class=\"fusion-layout-column fusion_builder_column fusion-builder-column-468 fusion_builder_column_1_4 1_4 fusion-flex-column img-to-filter\"><div class=\"fusion-column-wrapper fusion-flex-justify-content-flex-start fusion-content-layout-column\" style=\"background-position:left top;background-repeat:no-repeat;-webkit-background-size:cover;-moz-background-size:cover;-o-background-size:cover;background-size:cover;padding: 0px 0px 0px 0px;\"><div ><span class=\"fusion-imageframe imageframe-none imageframe-468 hover-type-none\"><a href=\"https:\/\/www.deco-charpente.fr\/wp-content\/uploads\/2020\/08\/abri-2-voitures-semi-ferm\u00e9.jpg\" class=\"fusion-lightbox\" data-rel=\"iLightbox[gallery-image]\" data-title=\"abri 2 voitures semi ferm\u00e9\" title=\"semi-closed 2 car shelter\"><img decoding=\"async\" width=\"1024\" height=\"584\" src=\"https:\/\/www.deco-charpente.fr\/wp-content\/uploads\/2020\/08\/abri-2-voitures-semi-ferm\u00e9.jpg\" class=\"img-responsive wp-image-2425\" srcset=\"https:\/\/www.deco-charpente.fr\/wp-content\/uploads\/2020\/08\/abri-2-voitures-semi-ferm\u00e9-200x114.jpg 200w, https:\/\/www.deco-charpente.fr\/wp-content\/uploads\/2020\/08\/abri-2-voitures-semi-ferm\u00e9-400x228.jpg 400w, https:\/\/www.deco-charpente.fr\/wp-content\/uploads\/2020\/08\/abri-2-voitures-semi-ferm\u00e9-600x342.jpg 600w, https:\/\/www.deco-charpente.fr\/wp-content\/uploads\/2020\/08\/abri-2-voitures-semi-ferm\u00e9-800x456.jpg 800w, https:\/\/www.deco-charpente.fr\/wp-content\/uploads\/2020\/08\/abri-2-voitures-semi-ferm\u00e9.jpg 1024w\" sizes=\"(max-width: 1024px) 100vw, (max-width: 640px) 100vw, 600px\" \/><\/a><\/span><\/div><div class=\"fusion-text fusion-text-935 tags\" style=\"transform:translate3d(0,0,0);\"><p>Carport<\/p>\n<\/div><div class=\"fusion-text fusion-text-936 description\" style=\"transform:translate3d(0,0,0);\"><p>Semi-closed 2 car shelter<\/p>\n<\/div><\/div><\/div><style type=\"text\/css\">.fusion-body .fusion-builder-column-468{width:25% !important;margin-top : 0px;margin-bottom : 20px;}.fusion-builder-column-468 > .fusion-column-wrapper {padding-top : 0px !important;padding-right : 0px !important;margin-right : 7.68%;padding-bottom : 0px !important;padding-left : 0px !important;margin-left : 7.68%;}@media only screen and (max-width:1024px) {.fusion-body .fusion-builder-column-468{width:100% !important;order : 0;}.fusion-builder-column-468 > .fusion-column-wrapper {margin-right : 1.92%;margin-left : 1.92%;}}@media only screen and (max-width:640px) {.fusion-body .fusion-builder-column-468{width:100% !important;order : 0;}.fusion-builder-column-468 > .fusion-column-wrapper {margin-right : 1.92%;margin-left : 1.92%;}}<\/style><div class=\"fusion-layout-column fusion_builder_column fusion-builder-column-469 fusion_builder_column_1_4 1_4 fusion-flex-column img-to-filter\"><div class=\"fusion-column-wrapper fusion-flex-justify-content-flex-start fusion-content-layout-column\" style=\"background-position:left top;background-repeat:no-repeat;-webkit-background-size:cover;-moz-background-size:cover;-o-background-size:cover;background-size:cover;padding: 0px 0px 0px 0px;\"><div ><span class=\"fusion-imageframe imageframe-none imageframe-469 hover-type-none\"><a href=\"https:\/\/www.deco-charpente.fr\/wp-content\/uploads\/2020\/08\/abri-4-voitures-10-m\u00e8tres.jpg\" class=\"fusion-lightbox\" data-rel=\"iLightbox[gallery-image]\" data-title=\"abri 4 voitures &#8211; 10 m\u00e8tres\" title=\"4 car shelter \u2013 10 meters\"><img decoding=\"async\" width=\"1024\" height=\"768\" src=\"https:\/\/www.deco-charpente.fr\/wp-content\/uploads\/2020\/08\/abri-4-voitures-10-m\u00e8tres.jpg\" class=\"img-responsive wp-image-2426\" srcset=\"https:\/\/www.deco-charpente.fr\/wp-content\/uploads\/2020\/08\/abri-4-voitures-10-m\u00e8tres-200x150.jpg 200w, https:\/\/www.deco-charpente.fr\/wp-content\/uploads\/2020\/08\/abri-4-voitures-10-m\u00e8tres-400x300.jpg 400w, https:\/\/www.deco-charpente.fr\/wp-content\/uploads\/2020\/08\/abri-4-voitures-10-m\u00e8tres-600x450.jpg 600w, https:\/\/www.deco-charpente.fr\/wp-content\/uploads\/2020\/08\/abri-4-voitures-10-m\u00e8tres-800x600.jpg 800w, https:\/\/www.deco-charpente.fr\/wp-content\/uploads\/2020\/08\/abri-4-voitures-10-m\u00e8tres.jpg 1024w\" sizes=\"(max-width: 1024px) 100vw, (max-width: 640px) 100vw, 600px\" \/><\/a><\/span><\/div><div class=\"fusion-text fusion-text-937 tags\" style=\"transform:translate3d(0,0,0);\"><p>Carport<\/p>\n<\/div><div class=\"fusion-text fusion-text-938 description\" style=\"transform:translate3d(0,0,0);\"><p>4 car shelter \u2013 10 meters<\/p>\n<\/div><\/div><\/div><style type=\"text\/css\">.fusion-body .fusion-builder-column-469{width:25% !important;margin-top : 0px;margin-bottom : 20px;}.fusion-builder-column-469 > .fusion-column-wrapper {padding-top : 0px !important;padding-right : 0px !important;margin-right : 7.68%;padding-bottom : 0px !important;padding-left : 0px !important;margin-left : 7.68%;}@media only screen and (max-width:1024px) {.fusion-body .fusion-builder-column-469{width:100% !important;order : 0;}.fusion-builder-column-469 > .fusion-column-wrapper {margin-right : 1.92%;margin-left : 1.92%;}}@media only screen and (max-width:640px) {.fusion-body .fusion-builder-column-469{width:100% !important;order : 0;}.fusion-builder-column-469 > .fusion-column-wrapper {margin-right : 1.92%;margin-left : 1.92%;}}<\/style><div class=\"fusion-layout-column fusion_builder_column fusion-builder-column-470 fusion_builder_column_1_4 1_4 fusion-flex-column img-to-filter\"><div class=\"fusion-column-wrapper fusion-flex-justify-content-flex-start fusion-content-layout-column\" style=\"background-position:left top;background-repeat:no-repeat;-webkit-background-size:cover;-moz-background-size:cover;-o-background-size:cover;background-size:cover;padding: 0px 0px 0px 0px;\"><div ><span class=\"fusion-imageframe imageframe-none imageframe-470 hover-type-none\"><a href=\"https:\/\/www.deco-charpente.fr\/wp-content\/uploads\/2020\/08\/abri-voiture-2-pentes-autoport\u00e9.jpg\" class=\"fusion-lightbox\" data-rel=\"iLightbox[gallery-image]\" data-title=\"abri voiture 2 pentes autoport\u00e9\" title=\"self-supporting 2-slope carport\"><img decoding=\"async\" width=\"695\" height=\"475\" src=\"https:\/\/www.deco-charpente.fr\/wp-content\/uploads\/2020\/08\/abri-voiture-2-pentes-autoport\u00e9.jpg\" class=\"img-responsive wp-image-2427\" srcset=\"https:\/\/www.deco-charpente.fr\/wp-content\/uploads\/2020\/08\/abri-voiture-2-pentes-autoport\u00e9-200x137.jpg 200w, https:\/\/www.deco-charpente.fr\/wp-content\/uploads\/2020\/08\/abri-voiture-2-pentes-autoport\u00e9-400x273.jpg 400w, https:\/\/www.deco-charpente.fr\/wp-content\/uploads\/2020\/08\/abri-voiture-2-pentes-autoport\u00e9-600x410.jpg 600w, https:\/\/www.deco-charpente.fr\/wp-content\/uploads\/2020\/08\/abri-voiture-2-pentes-autoport\u00e9.jpg 695w\" sizes=\"(max-width: 1024px) 100vw, (max-width: 640px) 100vw, 600px\" \/><\/a><\/span><\/div><div class=\"fusion-text fusion-text-939 tags\" style=\"transform:translate3d(0,0,0);\"><p>Carport<\/p>\n<\/div><div class=\"fusion-text fusion-text-940 description\" style=\"transform:translate3d(0,0,0);\"><p>Self-supporting 2-slope carport<\/p>\n<\/div><\/div><\/div><style type=\"text\/css\">.fusion-body .fusion-builder-column-470{width:25% !important;margin-top : 0px;margin-bottom : 20px;}.fusion-builder-column-470 > .fusion-column-wrapper {padding-top : 0px !important;padding-right : 0px !important;margin-right : 7.68%;padding-bottom : 0px !important;padding-left : 0px !important;margin-left : 7.68%;}@media only screen and (max-width:1024px) {.fusion-body .fusion-builder-column-470{width:100% !important;order : 0;}.fusion-builder-column-470 > .fusion-column-wrapper {margin-right : 1.92%;margin-left : 1.92%;}}@media only screen and (max-width:640px) {.fusion-body .fusion-builder-column-470{width:100% !important;order : 0;}.fusion-builder-column-470 > .fusion-column-wrapper {margin-right : 1.92%;margin-left : 1.92%;}}<\/style><div class=\"fusion-layout-column fusion_builder_column fusion-builder-column-471 fusion_builder_column_1_4 1_4 fusion-flex-column img-to-filter\"><div class=\"fusion-column-wrapper fusion-flex-justify-content-flex-start fusion-content-layout-column\" style=\"background-position:left top;background-repeat:no-repeat;-webkit-background-size:cover;-moz-background-size:cover;-o-background-size:cover;background-size:cover;padding: 0px 0px 0px 0px;\"><div ><span class=\"fusion-imageframe imageframe-none imageframe-471 hover-type-none\"><a href=\"https:\/\/www.deco-charpente.fr\/wp-content\/uploads\/2020\/08\/abri-voiture-avec-local-de-rangement-1.jpg\" class=\"fusion-lightbox\" data-rel=\"iLightbox[gallery-image]\" data-title=\"abri voiture avec local de rangement\" title=\"carport with storage room\"><img decoding=\"async\" width=\"1024\" height=\"768\" src=\"https:\/\/www.deco-charpente.fr\/wp-content\/uploads\/2020\/08\/abri-voiture-avec-local-de-rangement-1.jpg\" class=\"img-responsive wp-image-2428\" srcset=\"https:\/\/www.deco-charpente.fr\/wp-content\/uploads\/2020\/08\/abri-voiture-avec-local-de-rangement-1-200x150.jpg 200w, https:\/\/www.deco-charpente.fr\/wp-content\/uploads\/2020\/08\/abri-voiture-avec-local-de-rangement-1-400x300.jpg 400w, https:\/\/www.deco-charpente.fr\/wp-content\/uploads\/2020\/08\/abri-voiture-avec-local-de-rangement-1-600x450.jpg 600w, https:\/\/www.deco-charpente.fr\/wp-content\/uploads\/2020\/08\/abri-voiture-avec-local-de-rangement-1-800x600.jpg 800w, https:\/\/www.deco-charpente.fr\/wp-content\/uploads\/2020\/08\/abri-voiture-avec-local-de-rangement-1.jpg 1024w\" sizes=\"(max-width: 1024px) 100vw, (max-width: 640px) 100vw, 600px\" \/><\/a><\/span><\/div><div class=\"fusion-text fusion-text-941 tags\" style=\"transform:translate3d(0,0,0);\"><p>Carport<\/p>\n<\/div><div class=\"fusion-text fusion-text-942 description\" style=\"transform:translate3d(0,0,0);\"><p>Carport with storage room<\/p>\n<\/div><\/div><\/div><style type=\"text\/css\">.fusion-body .fusion-builder-column-471{width:25% !important;margin-top : 0px;margin-bottom : 20px;}.fusion-builder-column-471 > .fusion-column-wrapper {padding-top : 0px !important;padding-right : 0px !important;margin-right : 7.68%;padding-bottom : 0px !important;padding-left : 0px !important;margin-left : 7.68%;}@media only screen and (max-width:1024px) {.fusion-body .fusion-builder-column-471{width:100% !important;order : 0;}.fusion-builder-column-471 > .fusion-column-wrapper {margin-right : 1.92%;margin-left : 1.92%;}}@media only screen and (max-width:640px) {.fusion-body .fusion-builder-column-471{width:100% !important;order : 0;}.fusion-builder-column-471 > .fusion-column-wrapper {margin-right : 1.92%;margin-left : 1.92%;}}<\/style><div class=\"fusion-layout-column fusion_builder_column fusion-builder-column-472 fusion_builder_column_1_4 1_4 fusion-flex-column img-to-filter\"><div class=\"fusion-column-wrapper fusion-flex-justify-content-flex-start fusion-content-layout-column\" style=\"background-position:left top;background-repeat:no-repeat;-webkit-background-size:cover;-moz-background-size:cover;-o-background-size:cover;background-size:cover;padding: 0px 0px 0px 0px;\"><div ><span class=\"fusion-imageframe imageframe-none imageframe-472 hover-type-none\"><a href=\"https:\/\/www.deco-charpente.fr\/wp-content\/uploads\/2020\/08\/garage-bois-ferm\u00e9-porte-basculante-1.jpg\" class=\"fusion-lightbox\" data-rel=\"iLightbox[gallery-image]\" data-title=\"Garage bois ferm\u00e9 porte basculante\" title=\"Closed wooden garage with tilting door\"><img decoding=\"async\" width=\"1440\" height=\"1080\" src=\"https:\/\/www.deco-charpente.fr\/wp-content\/uploads\/2020\/08\/garage-bois-ferm\u00e9-porte-basculante-1.jpg\" class=\"img-responsive wp-image-2431\" srcset=\"https:\/\/www.deco-charpente.fr\/wp-content\/uploads\/2020\/08\/garage-bois-ferm\u00e9-porte-basculante-1-200x150.jpg 200w, https:\/\/www.deco-charpente.fr\/wp-content\/uploads\/2020\/08\/garage-bois-ferm\u00e9-porte-basculante-1-400x300.jpg 400w, https:\/\/www.deco-charpente.fr\/wp-content\/uploads\/2020\/08\/garage-bois-ferm\u00e9-porte-basculante-1-600x450.jpg 600w, https:\/\/www.deco-charpente.fr\/wp-content\/uploads\/2020\/08\/garage-bois-ferm\u00e9-porte-basculante-1-800x600.jpg 800w, https:\/\/www.deco-charpente.fr\/wp-content\/uploads\/2020\/08\/garage-bois-ferm\u00e9-porte-basculante-1-1200x900.jpg 1200w, https:\/\/www.deco-charpente.fr\/wp-content\/uploads\/2020\/08\/garage-bois-ferm\u00e9-porte-basculante-1.jpg 1440w\" sizes=\"(max-width: 1024px) 100vw, (max-width: 640px) 100vw, 600px\" \/><\/a><\/span><\/div><div class=\"fusion-text fusion-text-943 tags\" style=\"transform:translate3d(0,0,0);\"><p>Carport<\/p>\n<\/div><div class=\"fusion-text fusion-text-944 description\" style=\"transform:translate3d(0,0,0);\"><p>Closed wooden garage with tilting door<\/p>\n<\/div><\/div><\/div><style type=\"text\/css\">.fusion-body .fusion-builder-column-472{width:25% !important;margin-top : 0px;margin-bottom : 20px;}.fusion-builder-column-472 > .fusion-column-wrapper {padding-top : 0px !important;padding-right : 0px !important;margin-right : 7.68%;padding-bottom : 0px !important;padding-left : 0px !important;margin-left : 7.68%;}@media only screen and (max-width:1024px) {.fusion-body .fusion-builder-column-472{width:100% !important;order : 0;}.fusion-builder-column-472 > .fusion-column-wrapper {margin-right : 1.92%;margin-left : 1.92%;}}@media only screen and (max-width:640px) {.fusion-body .fusion-builder-column-472{width:100% !important;order : 0;}.fusion-builder-column-472 > .fusion-column-wrapper {margin-right : 1.92%;margin-left : 1.92%;}}<\/style><div class=\"fusion-layout-column fusion_builder_column fusion-builder-column-473 fusion_builder_column_1_4 1_4 fusion-flex-column img-to-filter\"><div class=\"fusion-column-wrapper fusion-flex-justify-content-flex-start fusion-content-layout-column\" style=\"background-position:left top;background-repeat:no-repeat;-webkit-background-size:cover;-moz-background-size:cover;-o-background-size:cover;background-size:cover;padding: 0px 0px 0px 0px;\"><div ><span class=\"fusion-imageframe imageframe-none imageframe-473 hover-type-none\"><a href=\"https:\/\/www.deco-charpente.fr\/wp-content\/uploads\/2020\/08\/abri-voiture-2-pentes-avec-porte-\u00e0-faux.jpg\" class=\"fusion-lightbox\" data-rel=\"iLightbox[gallery-image]\" data-title=\"Abri voiture 2 pentes avec porte-\u00e0-faux\" title=\"2 slope carport with overhang\"><img decoding=\"async\" width=\"1044\" height=\"583\" src=\"https:\/\/www.deco-charpente.fr\/wp-content\/uploads\/2020\/08\/abri-voiture-2-pentes-avec-porte-\u00e0-faux.jpg\" class=\"img-responsive wp-image-2430\" srcset=\"https:\/\/www.deco-charpente.fr\/wp-content\/uploads\/2020\/08\/abri-voiture-2-pentes-avec-porte-\u00e0-faux-200x112.jpg 200w, https:\/\/www.deco-charpente.fr\/wp-content\/uploads\/2020\/08\/abri-voiture-2-pentes-avec-porte-\u00e0-faux-400x223.jpg 400w, https:\/\/www.deco-charpente.fr\/wp-content\/uploads\/2020\/08\/abri-voiture-2-pentes-avec-porte-\u00e0-faux-600x335.jpg 600w, https:\/\/www.deco-charpente.fr\/wp-content\/uploads\/2020\/08\/abri-voiture-2-pentes-avec-porte-\u00e0-faux-800x447.jpg 800w, https:\/\/www.deco-charpente.fr\/wp-content\/uploads\/2020\/08\/abri-voiture-2-pentes-avec-porte-\u00e0-faux.jpg 1044w\" sizes=\"(max-width: 1024px) 100vw, (max-width: 640px) 100vw, 600px\" \/><\/a><\/span><\/div><div class=\"fusion-text fusion-text-945 tags\" style=\"transform:translate3d(0,0,0);\"><p>Carport<\/p>\n<\/div><div class=\"fusion-text fusion-text-946 description\" style=\"transform:translate3d(0,0,0);\"><p>2 slope carport with overhang<\/p>\n<\/div><\/div><\/div><style type=\"text\/css\">.fusion-body .fusion-builder-column-473{width:25% !important;margin-top : 0px;margin-bottom : 20px;}.fusion-builder-column-473 > .fusion-column-wrapper {padding-top : 0px !important;padding-right : 0px !important;margin-right : 7.68%;padding-bottom : 0px !important;padding-left : 0px !important;margin-left : 7.68%;}@media only screen and (max-width:1024px) {.fusion-body .fusion-builder-column-473{width:100% !important;order : 0;}.fusion-builder-column-473 > .fusion-column-wrapper {margin-right : 1.92%;margin-left : 1.92%;}}@media only screen and (max-width:640px) {.fusion-body .fusion-builder-column-473{width:100% !important;order : 0;}.fusion-builder-column-473 > .fusion-column-wrapper {margin-right : 1.92%;margin-left : 1.92%;}}<\/style><div class=\"fusion-layout-column fusion_builder_column fusion-builder-column-474 fusion_builder_column_1_4 1_4 fusion-flex-column img-to-filter\"><div class=\"fusion-column-wrapper fusion-flex-justify-content-flex-start fusion-content-layout-column\" style=\"background-position:left top;background-repeat:no-repeat;-webkit-background-size:cover;-moz-background-size:cover;-o-background-size:cover;background-size:cover;padding: 0px 0px 0px 0px;\"><div ><span class=\"fusion-imageframe imageframe-none imageframe-474 hover-type-none\"><a href=\"https:\/\/www.deco-charpente.fr\/wp-content\/uploads\/2023\/10\/Abri-semi-ferme-7.jpg\" class=\"fusion-lightbox\" data-rel=\"iLightbox[gallery-image]\" data-title=\"Abri-semi-ferm\u00e9-7\" title=\"Semi-closed-shelter-7\"><img decoding=\"async\" width=\"1139\" height=\"830\" src=\"https:\/\/www.deco-charpente.fr\/wp-content\/uploads\/2023\/10\/Abri-semi-ferme-7.jpg\" class=\"img-responsive wp-image-9501\"\/><\/a><\/span><\/div><div class=\"fusion-text fusion-text-947 tags\" style=\"transform:translate3d(0,0,0);\"><p>Carport<\/p>\n<\/div><div class=\"fusion-text fusion-text-948 description\" style=\"transform:translate3d(0,0,0);\"><p>Mixed car shelter<\/p>\n<\/div><\/div><\/div><style type=\"text\/css\">.fusion-body .fusion-builder-column-474{width:25% !important;margin-top : 0px;margin-bottom : 20px;}.fusion-builder-column-474 > .fusion-column-wrapper {padding-top : 0px !important;padding-right : 0px !important;margin-right : 7.68%;padding-bottom : 0px !important;padding-left : 0px !important;margin-left : 7.68%;}@media only screen and (max-width:1024px) {.fusion-body .fusion-builder-column-474{width:100% !important;order : 0;}.fusion-builder-column-474 > .fusion-column-wrapper {margin-right : 1.92%;margin-left : 1.92%;}}@media only screen and (max-width:640px) {.fusion-body .fusion-builder-column-474{width:100% !important;order : 0;}.fusion-builder-column-474 > .fusion-column-wrapper {margin-right : 1.92%;margin-left : 1.92%;}}<\/style><div class=\"fusion-layout-column fusion_builder_column fusion-builder-column-475 fusion_builder_column_1_4 1_4 fusion-flex-column img-to-filter\"><div class=\"fusion-column-wrapper fusion-flex-justify-content-flex-start fusion-content-layout-column\" style=\"background-position:left top;background-repeat:no-repeat;-webkit-background-size:cover;-moz-background-size:cover;-o-background-size:cover;background-size:cover;padding: 0px 0px 0px 0px;\"><div ><span class=\"fusion-imageframe imageframe-none imageframe-475 hover-type-none\"><a href=\"https:\/\/www.deco-charpente.fr\/wp-content\/uploads\/2020\/08\/abri-voiture-mixte-4-2.jpg\" class=\"fusion-lightbox\" data-rel=\"iLightbox[gallery-image]\" data-title=\"Abri voiture mixte 4\" title=\"Mixed carport 4\"><img decoding=\"async\" width=\"1128\" height=\"635\" src=\"https:\/\/www.deco-charpente.fr\/wp-content\/uploads\/2020\/08\/abri-voiture-mixte-4-2.jpg\" class=\"img-responsive wp-image-2429\" srcset=\"https:\/\/www.deco-charpente.fr\/wp-content\/uploads\/2020\/08\/abri-voiture-mixte-4-2-200x113.jpg 200w, https:\/\/www.deco-charpente.fr\/wp-content\/uploads\/2020\/08\/abri-voiture-mixte-4-2-400x225.jpg 400w, https:\/\/www.deco-charpente.fr\/wp-content\/uploads\/2020\/08\/abri-voiture-mixte-4-2-600x338.jpg 600w, https:\/\/www.deco-charpente.fr\/wp-content\/uploads\/2020\/08\/abri-voiture-mixte-4-2-800x450.jpg 800w, https:\/\/www.deco-charpente.fr\/wp-content\/uploads\/2020\/08\/abri-voiture-mixte-4-2.jpg 1128w\" sizes=\"(max-width: 1024px) 100vw, (max-width: 640px) 100vw, 600px\" \/><\/a><\/span><\/div><div class=\"fusion-text fusion-text-949 tags\" style=\"transform:translate3d(0,0,0);\"><p>Carport<\/p>\n<\/div><div class=\"fusion-text fusion-text-950 description\" style=\"transform:translate3d(0,0,0);\"><p>Mixed car shelter<\/p>\n<\/div><\/div><\/div><style type=\"text\/css\">.fusion-body .fusion-builder-column-475{width:25% !important;margin-top : 0px;margin-bottom : 20px;}.fusion-builder-column-475 > .fusion-column-wrapper {padding-top : 0px !important;padding-right : 0px !important;margin-right : 7.68%;padding-bottom : 0px !important;padding-left : 0px !important;margin-left : 7.68%;}@media only screen and (max-width:1024px) {.fusion-body .fusion-builder-column-475{width:100% !important;order : 0;}.fusion-builder-column-475 > .fusion-column-wrapper {margin-right : 1.92%;margin-left : 1.92%;}}@media only screen and (max-width:640px) {.fusion-body .fusion-builder-column-475{width:100% !important;order : 0;}.fusion-builder-column-475 > .fusion-column-wrapper {margin-right : 1.92%;margin-left : 1.92%;}}<\/style><div class=\"fusion-layout-column fusion_builder_column fusion-builder-column-476 fusion_builder_column_1_4 1_4 fusion-flex-column img-to-filter\"><div class=\"fusion-column-wrapper fusion-flex-justify-content-flex-start fusion-content-layout-column\" style=\"background-position:left top;background-repeat:no-repeat;-webkit-background-size:cover;-moz-background-size:cover;-o-background-size:cover;background-size:cover;padding: 0px 0px 0px 0px;\"><div ><span class=\"fusion-imageframe imageframe-none imageframe-476 hover-type-none\"><a href=\"https:\/\/www.deco-charpente.fr\/wp-content\/uploads\/2020\/08\/abri-voiture-2-pentes-adoss\u00e9-2.jpg\" class=\"fusion-lightbox\" data-rel=\"iLightbox[gallery-image]\" data-title=\"abri voiture 2 pentes adoss\u00e9 2\" title=\"carport 2 slopes attached 2\"><img decoding=\"async\" width=\"920\" height=\"686\" src=\"https:\/\/www.deco-charpente.fr\/wp-content\/uploads\/2020\/08\/abri-voiture-2-pentes-adoss\u00e9-2.jpg\" class=\"img-responsive wp-image-2432\" srcset=\"https:\/\/www.deco-charpente.fr\/wp-content\/uploads\/2020\/08\/abri-voiture-2-pentes-adoss\u00e9-2-200x149.jpg 200w, https:\/\/www.deco-charpente.fr\/wp-content\/uploads\/2020\/08\/abri-voiture-2-pentes-adoss\u00e9-2-400x298.jpg 400w, https:\/\/www.deco-charpente.fr\/wp-content\/uploads\/2020\/08\/abri-voiture-2-pentes-adoss\u00e9-2-600x447.jpg 600w, https:\/\/www.deco-charpente.fr\/wp-content\/uploads\/2020\/08\/abri-voiture-2-pentes-adoss\u00e9-2-800x597.jpg 800w, https:\/\/www.deco-charpente.fr\/wp-content\/uploads\/2020\/08\/abri-voiture-2-pentes-adoss\u00e9-2.jpg 920w\" sizes=\"(max-width: 1024px) 100vw, (max-width: 640px) 100vw, 600px\" \/><\/a><\/span><\/div><div class=\"fusion-text fusion-text-951 tags\" style=\"transform:translate3d(0,0,0);\"><p>Carport<\/p>\n<\/div><div class=\"fusion-text fusion-text-952 description\" style=\"transform:translate3d(0,0,0);\"><p>Carport with 2 slopes attached<\/p>\n<\/div><\/div><\/div><style type=\"text\/css\">.fusion-body .fusion-builder-column-476{width:25% !important;margin-top : 0px;margin-bottom : 20px;}.fusion-builder-column-476 > .fusion-column-wrapper {padding-top : 0px !important;padding-right : 0px !important;margin-right : 7.68%;padding-bottom : 0px !important;padding-left : 0px !important;margin-left : 7.68%;}@media only screen and (max-width:1024px) {.fusion-body .fusion-builder-column-476{width:100% !important;order : 0;}.fusion-builder-column-476 > .fusion-column-wrapper {margin-right : 1.92%;margin-left : 1.92%;}}@media only screen and (max-width:640px) {.fusion-body .fusion-builder-column-476{width:100% !important;order : 0;}.fusion-builder-column-476 > .fusion-column-wrapper {margin-right : 1.92%;margin-left : 1.92%;}}<\/style><div class=\"fusion-layout-column fusion_builder_column fusion-builder-column-477 fusion_builder_column_1_4 1_4 fusion-flex-column img-to-filter\"><div class=\"fusion-column-wrapper fusion-flex-justify-content-flex-start fusion-content-layout-column\" style=\"background-position:left top;background-repeat:no-repeat;-webkit-background-size:cover;-moz-background-size:cover;-o-background-size:cover;background-size:cover;padding: 0px 0px 0px 0px;\"><div ><span class=\"fusion-imageframe imageframe-none imageframe-477 hover-type-none\"><a href=\"https:\/\/www.deco-charpente.fr\/wp-content\/uploads\/2021\/09\/terrasse-bois-sur-mesure.jpg\" class=\"fusion-lightbox\" data-rel=\"iLightbox[gallery-image]\" data-title=\"Terrasse bois sur mesure\" title=\"Custom wooden terrace\"><img decoding=\"async\" width=\"1920\" height=\"1440\" alt=\"Terrasse bois sur mesure\" src=\"https:\/\/www.deco-charpente.fr\/wp-content\/uploads\/2021\/09\/terrasse-bois-sur-mesure.jpg\" class=\"img-responsive wp-image-5125\" srcset=\"https:\/\/www.deco-charpente.fr\/wp-content\/uploads\/2021\/09\/terrasse-bois-sur-mesure-200x150.jpg 200w, https:\/\/www.deco-charpente.fr\/wp-content\/uploads\/2021\/09\/terrasse-bois-sur-mesure-400x300.jpg 400w, https:\/\/www.deco-charpente.fr\/wp-content\/uploads\/2021\/09\/terrasse-bois-sur-mesure-600x450.jpg 600w, https:\/\/www.deco-charpente.fr\/wp-content\/uploads\/2021\/09\/terrasse-bois-sur-mesure-800x600.jpg 800w, https:\/\/www.deco-charpente.fr\/wp-content\/uploads\/2021\/09\/terrasse-bois-sur-mesure-1200x900.jpg 1200w, https:\/\/www.deco-charpente.fr\/wp-content\/uploads\/2021\/09\/terrasse-bois-sur-mesure.jpg 1920w\" sizes=\"(max-width: 1024px) 100vw, (max-width: 640px) 100vw, 600px\" \/><\/a><\/span><\/div><div class=\"fusion-text fusion-text-953 tags\" style=\"transform:translate3d(0,0,0);\"><p>Decorative solution<\/p>\n<\/div><div class=\"fusion-text fusion-text-954 description\" style=\"transform:translate3d(0,0,0);\"><p>Wooden deck<\/p>\n<\/div><\/div><\/div><style type=\"text\/css\">.fusion-body .fusion-builder-column-477{width:25% !important;margin-top : 0px;margin-bottom : 20px;}.fusion-builder-column-477 > .fusion-column-wrapper {padding-top : 0px !important;padding-right : 0px !important;margin-right : 7.68%;padding-bottom : 0px !important;padding-left : 0px !important;margin-left : 7.68%;}@media only screen and (max-width:1024px) {.fusion-body .fusion-builder-column-477{width:100% !important;order : 0;}.fusion-builder-column-477 > .fusion-column-wrapper {margin-right : 1.92%;margin-left : 1.92%;}}@media only screen and (max-width:640px) {.fusion-body .fusion-builder-column-477{width:100% !important;order : 0;}.fusion-builder-column-477 > .fusion-column-wrapper {margin-right : 1.92%;margin-left : 1.92%;}}<\/style><div class=\"fusion-layout-column fusion_builder_column fusion-builder-column-478 fusion_builder_column_1_4 1_4 fusion-flex-column img-to-filter\"><div class=\"fusion-column-wrapper fusion-flex-justify-content-flex-start fusion-content-layout-column\" style=\"background-position:left top;background-repeat:no-repeat;-webkit-background-size:cover;-moz-background-size:cover;-o-background-size:cover;background-size:cover;padding: 0px 0px 0px 0px;\"><div ><span class=\"fusion-imageframe imageframe-none imageframe-478 hover-type-none\"><a href=\"https:\/\/www.deco-charpente.fr\/wp-content\/uploads\/2020\/08\/Capture-d\u2019\u00e9cran-2020-08-26-\u00e0-17-compressed.jpg\" class=\"fusion-lightbox\" data-rel=\"iLightbox[gallery-image]\"><img decoding=\"async\" width=\"761\" height=\"560\" src=\"https:\/\/www.deco-charpente.fr\/wp-content\/uploads\/2020\/08\/Capture-d\u2019\u00e9cran-2020-08-26-\u00e0-17-compressed.jpg\" class=\"img-responsive wp-image-2470\" srcset=\"https:\/\/www.deco-charpente.fr\/wp-content\/uploads\/2020\/08\/Capture-d\u2019\u00e9cran-2020-08-26-\u00e0-17-compressed-200x147.jpg 200w, https:\/\/www.deco-charpente.fr\/wp-content\/uploads\/2020\/08\/Capture-d\u2019\u00e9cran-2020-08-26-\u00e0-17-compressed-400x294.jpg 400w, https:\/\/www.deco-charpente.fr\/wp-content\/uploads\/2020\/08\/Capture-d\u2019\u00e9cran-2020-08-26-\u00e0-17-compressed-600x442.jpg 600w, https:\/\/www.deco-charpente.fr\/wp-content\/uploads\/2020\/08\/Capture-d\u2019\u00e9cran-2020-08-26-\u00e0-17-compressed.jpg 761w\" sizes=\"(max-width: 1024px) 100vw, (max-width: 640px) 100vw, 600px\" \/><\/a><\/span><\/div><div class=\"fusion-text fusion-text-955 tags\" style=\"transform:translate3d(0,0,0);\"><p>Decorative solution<\/p>\n<\/div><div class=\"fusion-text fusion-text-956 description\" style=\"transform:translate3d(0,0,0);\"><p>Wooden deck<\/p>\n<\/div><\/div><\/div><style type=\"text\/css\">.fusion-body .fusion-builder-column-478{width:25% !important;margin-top : 0px;margin-bottom : 20px;}.fusion-builder-column-478 > .fusion-column-wrapper {padding-top : 0px !important;padding-right : 0px !important;margin-right : 7.68%;padding-bottom : 0px !important;padding-left : 0px !important;margin-left : 7.68%;}@media only screen and (max-width:1024px) {.fusion-body .fusion-builder-column-478{width:100% !important;order : 0;}.fusion-builder-column-478 > .fusion-column-wrapper {margin-right : 1.92%;margin-left : 1.92%;}}@media only screen and (max-width:640px) {.fusion-body .fusion-builder-column-478{width:100% !important;order : 0;}.fusion-builder-column-478 > .fusion-column-wrapper {margin-right : 1.92%;margin-left : 1.92%;}}<\/style><div class=\"fusion-layout-column fusion_builder_column fusion-builder-column-479 fusion_builder_column_1_4 1_4 fusion-flex-column img-to-filter\"><div class=\"fusion-column-wrapper fusion-flex-justify-content-flex-start fusion-content-layout-column\" style=\"background-position:left top;background-repeat:no-repeat;-webkit-background-size:cover;-moz-background-size:cover;-o-background-size:cover;background-size:cover;padding: 0px 0px 0px 0px;\"><div ><span class=\"fusion-imageframe imageframe-none imageframe-479 hover-type-none\"><a href=\"https:\/\/www.deco-charpente.fr\/wp-content\/uploads\/2023\/08\/Abri-avec-cuisine-dete.jpg\" class=\"fusion-lightbox\" data-rel=\"iLightbox[gallery-image]\" data-title=\"Abri avec cuisine d&rsquo;e\u0301te\u0301\" title=\"Shelter with summer kitchen\"><img decoding=\"async\" width=\"2000\" height=\"1500\" src=\"https:\/\/www.deco-charpente.fr\/wp-content\/uploads\/2023\/08\/Abri-avec-cuisine-dete.jpg\" class=\"img-responsive wp-image-8908\" srcset=\"https:\/\/www.deco-charpente.fr\/wp-content\/uploads\/2023\/08\/Abri-avec-cuisine-dete-200x150.webp 200w, https:\/\/www.deco-charpente.fr\/wp-content\/uploads\/2023\/08\/Abri-avec-cuisine-dete-300x225.webp 300w, https:\/\/www.deco-charpente.fr\/wp-content\/uploads\/2023\/08\/Abri-avec-cuisine-dete-400x300.webp 400w, https:\/\/www.deco-charpente.fr\/wp-content\/uploads\/2023\/08\/Abri-avec-cuisine-dete-600x450.webp 600w, https:\/\/www.deco-charpente.fr\/wp-content\/uploads\/2023\/08\/Abri-avec-cuisine-dete-768x576.webp 768w, https:\/\/www.deco-charpente.fr\/wp-content\/uploads\/2023\/08\/Abri-avec-cuisine-dete-800x600.webp 800w, https:\/\/www.deco-charpente.fr\/wp-content\/uploads\/2023\/08\/Abri-avec-cuisine-dete-1024x768.webp 1024w, https:\/\/www.deco-charpente.fr\/wp-content\/uploads\/2023\/08\/Abri-avec-cuisine-dete-1200x900.webp 1200w, https:\/\/www.deco-charpente.fr\/wp-content\/uploads\/2023\/08\/Abri-avec-cuisine-dete-1536x1152.webp 1536w, https:\/\/www.deco-charpente.fr\/wp-content\/uploads\/2023\/08\/Abri-avec-cuisine-dete.jpg 2000w\" sizes=\"(max-width: 1024px) 100vw, (max-width: 640px) 100vw, 600px\" \/><\/a><\/span><\/div><div class=\"fusion-text fusion-text-957 tags\" style=\"transform:translate3d(0,0,0);\"><p>Decorative solution<\/p>\n<\/div><div class=\"fusion-text fusion-text-958 description\" style=\"transform:translate3d(0,0,0);\"><p>Wooden garden shed<\/p>\n<\/div><\/div><\/div><style type=\"text\/css\">.fusion-body .fusion-builder-column-479{width:25% !important;margin-top : 0px;margin-bottom : 20px;}.fusion-builder-column-479 > .fusion-column-wrapper {padding-top : 0px !important;padding-right : 0px !important;margin-right : 7.68%;padding-bottom : 0px !important;padding-left : 0px !important;margin-left : 7.68%;}@media only screen and (max-width:1024px) {.fusion-body .fusion-builder-column-479{width:100% !important;order : 0;}.fusion-builder-column-479 > .fusion-column-wrapper {margin-right : 1.92%;margin-left : 1.92%;}}@media only screen and (max-width:640px) {.fusion-body .fusion-builder-column-479{width:100% !important;order : 0;}.fusion-builder-column-479 > .fusion-column-wrapper {margin-right : 1.92%;margin-left : 1.92%;}}<\/style><div class=\"fusion-layout-column fusion_builder_column fusion-builder-column-480 fusion_builder_column_1_4 1_4 fusion-flex-column img-to-filter\"><div class=\"fusion-column-wrapper fusion-flex-justify-content-flex-start fusion-content-layout-column\" style=\"background-position:left top;background-repeat:no-repeat;-webkit-background-size:cover;-moz-background-size:cover;-o-background-size:cover;background-size:cover;padding: 0px 0px 0px 0px;\"><div ><span class=\"fusion-imageframe imageframe-none imageframe-480 hover-type-none\"><a href=\"https:\/\/www.deco-charpente.fr\/wp-content\/uploads\/2023\/10\/Abri-C9-2.jpg\" class=\"fusion-lightbox\" data-rel=\"iLightbox[gallery-image]\" data-title=\"Abri de jardin\" title=\"Garden shed\"><img decoding=\"async\" width=\"857\" height=\"643\" alt=\"Abri de jardin\" src=\"https:\/\/www.deco-charpente.fr\/wp-content\/uploads\/2023\/10\/Abri-C9-2.jpg\" class=\"img-responsive wp-image-9500\"\/><\/a><\/span><\/div><div class=\"fusion-text fusion-text-959 tags\" style=\"transform:translate3d(0,0,0);\"><p>Decorative solution<\/p>\n<\/div><div class=\"fusion-text fusion-text-960 description\" style=\"transform:translate3d(0,0,0);\"><p>Wooden garden shed<\/p>\n<\/div><\/div><\/div><style type=\"text\/css\">.fusion-body .fusion-builder-column-480{width:25% !important;margin-top : 0px;margin-bottom : 20px;}.fusion-builder-column-480 > .fusion-column-wrapper {padding-top : 0px !important;padding-right : 0px !important;margin-right : 7.68%;padding-bottom : 0px !important;padding-left : 0px !important;margin-left : 7.68%;}@media only screen and (max-width:1024px) {.fusion-body .fusion-builder-column-480{width:100% !important;order : 0;}.fusion-builder-column-480 > .fusion-column-wrapper {margin-right : 1.92%;margin-left : 1.92%;}}@media only screen and (max-width:640px) {.fusion-body .fusion-builder-column-480{width:100% !important;order : 0;}.fusion-builder-column-480 > .fusion-column-wrapper {margin-right : 1.92%;margin-left : 1.92%;}}<\/style><div class=\"fusion-layout-column fusion_builder_column fusion-builder-column-481 fusion_builder_column_1_4 1_4 fusion-flex-column img-to-filter\"><div class=\"fusion-column-wrapper fusion-flex-justify-content-flex-start fusion-content-layout-column\" style=\"background-position:left top;background-repeat:no-repeat;-webkit-background-size:cover;-moz-background-size:cover;-o-background-size:cover;background-size:cover;padding: 0px 0px 0px 0px;\"><div ><span class=\"fusion-imageframe imageframe-none imageframe-481 hover-type-none\"><a href=\"https:\/\/www.deco-charpente.fr\/wp-content\/uploads\/2024\/04\/Abri-ferme-stockage.jpg\" class=\"fusion-lightbox\" data-rel=\"iLightbox[gallery-image]\" data-title=\"Abri ferme\u0301 stockage C2\" title=\"Closed storage shelter C2\"><img decoding=\"async\" width=\"1562\" height=\"1024\" src=\"https:\/\/www.deco-charpente.fr\/wp-content\/uploads\/2024\/04\/Abri-ferme-stockage.jpg\" class=\"img-responsive wp-image-10502\" srcset=\"https:\/\/www.deco-charpente.fr\/wp-content\/uploads\/2024\/04\/Abri-ferme-stockage-200x131.jpg 200w, https:\/\/www.deco-charpente.fr\/wp-content\/uploads\/2024\/04\/Abri-ferme-stockage-400x262.jpg 400w, https:\/\/www.deco-charpente.fr\/wp-content\/uploads\/2024\/04\/Abri-ferme-stockage-600x393.jpg 600w, https:\/\/www.deco-charpente.fr\/wp-content\/uploads\/2024\/04\/Abri-ferme-stockage-800x524.jpg 800w, https:\/\/www.deco-charpente.fr\/wp-content\/uploads\/2024\/04\/Abri-ferme-stockage-1200x787.jpg 1200w, https:\/\/www.deco-charpente.fr\/wp-content\/uploads\/2024\/04\/Abri-ferme-stockage.jpg 1562w\" sizes=\"(max-width: 1024px) 100vw, (max-width: 640px) 100vw, 600px\" \/><\/a><\/span><\/div><div class=\"fusion-text fusion-text-961 tags\" style=\"transform:translate3d(0,0,0);\"><p>Decorative solution<\/p>\n<\/div><div class=\"fusion-text fusion-text-962 description\" style=\"transform:translate3d(0,0,0);\"><p>Wooden storage shed<\/p>\n<\/div><\/div><\/div><style type=\"text\/css\">.fusion-body .fusion-builder-column-481{width:25% !important;margin-top : 0px;margin-bottom : 20px;}.fusion-builder-column-481 > .fusion-column-wrapper {padding-top : 0px !important;padding-right : 0px !important;margin-right : 7.68%;padding-bottom : 0px !important;padding-left : 0px !important;margin-left : 7.68%;}@media only screen and (max-width:1024px) {.fusion-body .fusion-builder-column-481{width:100% !important;order : 0;}.fusion-builder-column-481 > .fusion-column-wrapper {margin-right : 1.92%;margin-left : 1.92%;}}@media only screen and (max-width:640px) {.fusion-body .fusion-builder-column-481{width:100% !important;order : 0;}.fusion-builder-column-481 > .fusion-column-wrapper {margin-right : 1.92%;margin-left : 1.92%;}}<\/style><div class=\"fusion-layout-column fusion_builder_column fusion-builder-column-482 fusion_builder_column_1_4 1_4 fusion-flex-column img-to-filter\"><div class=\"fusion-column-wrapper fusion-flex-justify-content-flex-start fusion-content-layout-column\" style=\"background-position:left top;background-repeat:no-repeat;-webkit-background-size:cover;-moz-background-size:cover;-o-background-size:cover;background-size:cover;padding: 0px 0px 0px 0px;\"><div ><span class=\"fusion-imageframe imageframe-none imageframe-482 hover-type-none\"><a href=\"https:\/\/www.deco-charpente.fr\/wp-content\/uploads\/2020\/08\/Capture-d\u2019\u00e9cran-2020-08-27-\u00e0-13-compressed.jpg\" class=\"fusion-lightbox\" data-rel=\"iLightbox[gallery-image]\" data-title=\"Cabane de jardin bois\" title=\"Wooden garden shed\"><img decoding=\"async\" width=\"1023\" height=\"768\" src=\"https:\/\/www.deco-charpente.fr\/wp-content\/uploads\/2020\/08\/Capture-d\u2019\u00e9cran-2020-08-27-\u00e0-13-compressed.jpg\" class=\"img-responsive wp-image-2671\" srcset=\"https:\/\/www.deco-charpente.fr\/wp-content\/uploads\/2020\/08\/Capture-d\u2019\u00e9cran-2020-08-27-\u00e0-13-compressed-200x150.jpg 200w, https:\/\/www.deco-charpente.fr\/wp-content\/uploads\/2020\/08\/Capture-d\u2019\u00e9cran-2020-08-27-\u00e0-13-compressed-400x300.jpg 400w, https:\/\/www.deco-charpente.fr\/wp-content\/uploads\/2020\/08\/Capture-d\u2019\u00e9cran-2020-08-27-\u00e0-13-compressed-600x450.jpg 600w, https:\/\/www.deco-charpente.fr\/wp-content\/uploads\/2020\/08\/Capture-d\u2019\u00e9cran-2020-08-27-\u00e0-13-compressed-800x601.jpg 800w, https:\/\/www.deco-charpente.fr\/wp-content\/uploads\/2020\/08\/Capture-d\u2019\u00e9cran-2020-08-27-\u00e0-13-compressed.jpg 1023w\" sizes=\"(max-width: 1024px) 100vw, (max-width: 640px) 100vw, 600px\" \/><\/a><\/span><\/div><div class=\"fusion-text fusion-text-963 tags\" style=\"transform:translate3d(0,0,0);\"><p>Decorative solution<\/p>\n<\/div><div class=\"fusion-text fusion-text-964 description\" style=\"transform:translate3d(0,0,0);\"><p>Wooden garden shed<\/p>\n<\/div><\/div><\/div><style type=\"text\/css\">.fusion-body .fusion-builder-column-482{width:25% !important;margin-top : 0px;margin-bottom : 20px;}.fusion-builder-column-482 > .fusion-column-wrapper {padding-top : 0px !important;padding-right : 0px !important;margin-right : 7.68%;padding-bottom : 0px !important;padding-left : 0px !important;margin-left : 7.68%;}@media only screen and (max-width:1024px) {.fusion-body .fusion-builder-column-482{width:100% !important;order : 0;}.fusion-builder-column-482 > .fusion-column-wrapper {margin-right : 1.92%;margin-left : 1.92%;}}@media only screen and (max-width:640px) {.fusion-body .fusion-builder-column-482{width:100% !important;order : 0;}.fusion-builder-column-482 > .fusion-column-wrapper {margin-right : 1.92%;margin-left : 1.92%;}}<\/style><div class=\"fusion-layout-column fusion_builder_column fusion-builder-column-483 fusion_builder_column_1_4 1_4 fusion-flex-column img-to-filter\"><div class=\"fusion-column-wrapper fusion-flex-justify-content-flex-start fusion-content-layout-column\" style=\"background-position:left top;background-repeat:no-repeat;-webkit-background-size:cover;-moz-background-size:cover;-o-background-size:cover;background-size:cover;padding: 0px 0px 0px 0px;\"><div ><span class=\"fusion-imageframe imageframe-none imageframe-483 hover-type-none\"><a href=\"https:\/\/www.deco-charpente.fr\/wp-content\/uploads\/2020\/08\/Capture-d\u2019\u00e9cran-2020-08-27-\u00e0-13-compressed-2.jpg\" class=\"fusion-lightbox\" data-rel=\"iLightbox[gallery-image]\" data-title=\"Cr\u00e9ation sur mesure pour escalier\" title=\"Custom creation for stairs\"><img decoding=\"async\" width=\"1020\" height=\"768\" src=\"https:\/\/www.deco-charpente.fr\/wp-content\/uploads\/2020\/08\/Capture-d\u2019\u00e9cran-2020-08-27-\u00e0-13-compressed-2.jpg\" class=\"img-responsive wp-image-2670\" srcset=\"https:\/\/www.deco-charpente.fr\/wp-content\/uploads\/2020\/08\/Capture-d\u2019\u00e9cran-2020-08-27-\u00e0-13-compressed-2-200x151.jpg 200w, https:\/\/www.deco-charpente.fr\/wp-content\/uploads\/2020\/08\/Capture-d\u2019\u00e9cran-2020-08-27-\u00e0-13-compressed-2-400x301.jpg 400w, https:\/\/www.deco-charpente.fr\/wp-content\/uploads\/2020\/08\/Capture-d\u2019\u00e9cran-2020-08-27-\u00e0-13-compressed-2-600x452.jpg 600w, https:\/\/www.deco-charpente.fr\/wp-content\/uploads\/2020\/08\/Capture-d\u2019\u00e9cran-2020-08-27-\u00e0-13-compressed-2-800x602.jpg 800w, https:\/\/www.deco-charpente.fr\/wp-content\/uploads\/2020\/08\/Capture-d\u2019\u00e9cran-2020-08-27-\u00e0-13-compressed-2.jpg 1020w\" sizes=\"(max-width: 1024px) 100vw, (max-width: 640px) 100vw, 600px\" \/><\/a><\/span><\/div><div class=\"fusion-text fusion-text-965 tags\" style=\"transform:translate3d(0,0,0);\"><p>Decorative solution<\/p>\n<\/div><div class=\"fusion-text fusion-text-966 description\" style=\"transform:translate3d(0,0,0);\"><p>Custom creation for stairs<\/p>\n<\/div><\/div><\/div><style type=\"text\/css\">.fusion-body .fusion-builder-column-483{width:25% !important;margin-top : 0px;margin-bottom : 20px;}.fusion-builder-column-483 > .fusion-column-wrapper {padding-top : 0px !important;padding-right : 0px !important;margin-right : 7.68%;padding-bottom : 0px !important;padding-left : 0px !important;margin-left : 7.68%;}@media only screen and (max-width:1024px) {.fusion-body .fusion-builder-column-483{width:100% !important;order : 0;}.fusion-builder-column-483 > .fusion-column-wrapper {margin-right : 1.92%;margin-left : 1.92%;}}@media only screen and (max-width:640px) {.fusion-body .fusion-builder-column-483{width:100% !important;order : 0;}.fusion-builder-column-483 > .fusion-column-wrapper {margin-right : 1.92%;margin-left : 1.92%;}}<\/style><div class=\"fusion-layout-column fusion_builder_column fusion-builder-column-484 fusion_builder_column_1_4 1_4 fusion-flex-column img-to-filter\"><div class=\"fusion-column-wrapper fusion-flex-justify-content-flex-start fusion-content-layout-column\" style=\"background-position:left top;background-repeat:no-repeat;-webkit-background-size:cover;-moz-background-size:cover;-o-background-size:cover;background-size:cover;padding: 0px 0px 0px 0px;\"><div ><span class=\"fusion-imageframe imageframe-none imageframe-484 hover-type-none\"><a href=\"https:\/\/www.deco-charpente.fr\/wp-content\/uploads\/2020\/08\/brise-vue-d\u00e9coratif.jpg\" class=\"fusion-lightbox\" data-rel=\"iLightbox[gallery-image]\" data-title=\"Brise-vue d\u00e9coratif\" title=\"Decorative privacy screen\"><img decoding=\"async\" width=\"1024\" height=\"768\" src=\"https:\/\/www.deco-charpente.fr\/wp-content\/uploads\/2020\/08\/brise-vue-d\u00e9coratif.jpg\" class=\"img-responsive wp-image-2261\" srcset=\"https:\/\/www.deco-charpente.fr\/wp-content\/uploads\/2020\/08\/brise-vue-d\u00e9coratif-200x150.jpg 200w, https:\/\/www.deco-charpente.fr\/wp-content\/uploads\/2020\/08\/brise-vue-d\u00e9coratif-400x300.jpg 400w, https:\/\/www.deco-charpente.fr\/wp-content\/uploads\/2020\/08\/brise-vue-d\u00e9coratif-600x450.jpg 600w, https:\/\/www.deco-charpente.fr\/wp-content\/uploads\/2020\/08\/brise-vue-d\u00e9coratif-800x600.jpg 800w, https:\/\/www.deco-charpente.fr\/wp-content\/uploads\/2020\/08\/brise-vue-d\u00e9coratif.jpg 1024w\" sizes=\"(max-width: 1024px) 100vw, (max-width: 640px) 100vw, 600px\" \/><\/a><\/span><\/div><div class=\"fusion-text fusion-text-967 tags\" style=\"transform:translate3d(0,0,0);\"><p>Decorative solution<\/p>\n<\/div><div class=\"fusion-text fusion-text-968 description\" style=\"transform:translate3d(0,0,0);\"><p>Decorative privacy screen<\/p>\n<\/div><\/div><\/div><style type=\"text\/css\">.fusion-body .fusion-builder-column-484{width:25% !important;margin-top : 0px;margin-bottom : 20px;}.fusion-builder-column-484 > .fusion-column-wrapper {padding-top : 0px !important;padding-right : 0px !important;margin-right : 7.68%;padding-bottom : 0px !important;padding-left : 0px !important;margin-left : 7.68%;}@media only screen and (max-width:1024px) {.fusion-body .fusion-builder-column-484{width:100% !important;order : 0;}.fusion-builder-column-484 > .fusion-column-wrapper {margin-right : 1.92%;margin-left : 1.92%;}}@media only screen and (max-width:640px) {.fusion-body .fusion-builder-column-484{width:100% !important;order : 0;}.fusion-builder-column-484 > .fusion-column-wrapper {margin-right : 1.92%;margin-left : 1.92%;}}<\/style><div class=\"fusion-layout-column fusion_builder_column fusion-builder-column-485 fusion_builder_column_1_4 1_4 fusion-flex-column img-to-filter\"><div class=\"fusion-column-wrapper fusion-flex-justify-content-flex-start fusion-content-layout-column\" style=\"background-position:left top;background-repeat:no-repeat;-webkit-background-size:cover;-moz-background-size:cover;-o-background-size:cover;background-size:cover;padding: 0px 0px 0px 0px;\"><div ><span class=\"fusion-imageframe imageframe-none imageframe-485 hover-type-none\"><a href=\"https:\/\/www.deco-charpente.fr\/wp-content\/uploads\/2024\/04\/Escalier-bois.jpg\" class=\"fusion-lightbox\" data-rel=\"iLightbox[gallery-image]\" data-title=\"Escalier bois\" title=\"Wooden staircase\"><img decoding=\"async\" width=\"1536\" height=\"2048\" src=\"https:\/\/www.deco-charpente.fr\/wp-content\/uploads\/2024\/04\/Escalier-bois.jpg\" class=\"img-responsive wp-image-10508\" srcset=\"https:\/\/www.deco-charpente.fr\/wp-content\/uploads\/2024\/04\/Escalier-bois-200x267.jpg 200w, https:\/\/www.deco-charpente.fr\/wp-content\/uploads\/2024\/04\/Escalier-bois-400x533.jpg 400w, https:\/\/www.deco-charpente.fr\/wp-content\/uploads\/2024\/04\/Escalier-bois-600x800.jpg 600w, https:\/\/www.deco-charpente.fr\/wp-content\/uploads\/2024\/04\/Escalier-bois-800x1067.jpg 800w, https:\/\/www.deco-charpente.fr\/wp-content\/uploads\/2024\/04\/Escalier-bois-1200x1600.jpg 1200w, https:\/\/www.deco-charpente.fr\/wp-content\/uploads\/2024\/04\/Escalier-bois.jpg 1536w\" sizes=\"(max-width: 1024px) 100vw, (max-width: 640px) 100vw, 600px\" \/><\/a><\/span><\/div><div class=\"fusion-text fusion-text-969 tags\" style=\"transform:translate3d(0,0,0);\"><p>Decorative solution<\/p>\n<\/div><div class=\"fusion-text fusion-text-970 description\" style=\"transform:translate3d(0,0,0);\"><p>Wooden staircase<\/p>\n<\/div><\/div><\/div><style type=\"text\/css\">.fusion-body .fusion-builder-column-485{width:25% !important;margin-top : 0px;margin-bottom : 20px;}.fusion-builder-column-485 > .fusion-column-wrapper {padding-top : 0px !important;padding-right : 0px !important;margin-right : 7.68%;padding-bottom : 0px !important;padding-left : 0px !important;margin-left : 7.68%;}@media only screen and (max-width:1024px) {.fusion-body .fusion-builder-column-485{width:100% !important;order : 0;}.fusion-builder-column-485 > .fusion-column-wrapper {margin-right : 1.92%;margin-left : 1.92%;}}@media only screen and (max-width:640px) {.fusion-body .fusion-builder-column-485{width:100% !important;order : 0;}.fusion-builder-column-485 > .fusion-column-wrapper {margin-right : 1.92%;margin-left : 1.92%;}}<\/style><div class=\"fusion-layout-column fusion_builder_column fusion-builder-column-486 fusion_builder_column_1_4 1_4 fusion-flex-column img-to-filter\"><div class=\"fusion-column-wrapper fusion-flex-justify-content-flex-start fusion-content-layout-column\" style=\"background-position:left top;background-repeat:no-repeat;-webkit-background-size:cover;-moz-background-size:cover;-o-background-size:cover;background-size:cover;padding: 0px 0px 0px 0px;\"><div ><span class=\"fusion-imageframe imageframe-none imageframe-486 hover-type-none\"><a href=\"https:\/\/www.deco-charpente.fr\/wp-content\/uploads\/2020\/08\/escalier-bois-acc\u00e8s-local-technique-piscine.jpg\" class=\"fusion-lightbox\" data-rel=\"iLightbox[gallery-image]\" data-title=\"Escalier bois + acc\u00e8s local technique piscine\" title=\"Wooden staircase + access to technical swimming pool room\"><img decoding=\"async\" width=\"1024\" height=\"768\" src=\"https:\/\/www.deco-charpente.fr\/wp-content\/uploads\/2020\/08\/escalier-bois-acc\u00e8s-local-technique-piscine.jpg\" class=\"img-responsive wp-image-2410\" srcset=\"https:\/\/www.deco-charpente.fr\/wp-content\/uploads\/2020\/08\/escalier-bois-acc\u00e8s-local-technique-piscine-200x150.jpg 200w, https:\/\/www.deco-charpente.fr\/wp-content\/uploads\/2020\/08\/escalier-bois-acc\u00e8s-local-technique-piscine-400x300.jpg 400w, https:\/\/www.deco-charpente.fr\/wp-content\/uploads\/2020\/08\/escalier-bois-acc\u00e8s-local-technique-piscine-600x450.jpg 600w, https:\/\/www.deco-charpente.fr\/wp-content\/uploads\/2020\/08\/escalier-bois-acc\u00e8s-local-technique-piscine-800x600.jpg 800w, https:\/\/www.deco-charpente.fr\/wp-content\/uploads\/2020\/08\/escalier-bois-acc\u00e8s-local-technique-piscine.jpg 1024w\" sizes=\"(max-width: 1024px) 100vw, (max-width: 640px) 100vw, 600px\" \/><\/a><\/span><\/div><div class=\"fusion-text fusion-text-971 tags\" style=\"transform:translate3d(0,0,0);\"><p>Decorative solution<\/p>\n<\/div><div class=\"fusion-text fusion-text-972 description\" style=\"transform:translate3d(0,0,0);\"><p>Wooden staircase + access to technical swimming pool room<\/p>\n<\/div><\/div><\/div><style type=\"text\/css\">.fusion-body .fusion-builder-column-486{width:25% !important;margin-top : 0px;margin-bottom : 20px;}.fusion-builder-column-486 > .fusion-column-wrapper {padding-top : 0px !important;padding-right : 0px !important;margin-right : 7.68%;padding-bottom : 0px !important;padding-left : 0px !important;margin-left : 7.68%;}@media only screen and (max-width:1024px) {.fusion-body .fusion-builder-column-486{width:100% !important;order : 0;}.fusion-builder-column-486 > .fusion-column-wrapper {margin-right : 1.92%;margin-left : 1.92%;}}@media only screen and (max-width:640px) {.fusion-body .fusion-builder-column-486{width:100% !important;order : 0;}.fusion-builder-column-486 > .fusion-column-wrapper {margin-right : 1.92%;margin-left : 1.92%;}}<\/style><div class=\"fusion-layout-column fusion_builder_column fusion-builder-column-487 fusion_builder_column_1_4 1_4 fusion-flex-column img-to-filter\"><div class=\"fusion-column-wrapper fusion-flex-justify-content-flex-start fusion-content-layout-column\" style=\"background-position:left top;background-repeat:no-repeat;-webkit-background-size:cover;-moz-background-size:cover;-o-background-size:cover;background-size:cover;padding: 0px 0px 0px 0px;\"><div ><span class=\"fusion-imageframe imageframe-none imageframe-487 hover-type-none\"><a href=\"https:\/\/www.deco-charpente.fr\/wp-content\/uploads\/2020\/08\/finition-parefeuille-sous-toiture-2.jpg\" class=\"fusion-lightbox\" data-rel=\"iLightbox[gallery-image]\" data-title=\"Finition parefeuille sous toiture 2\" title=\"Foil finish under roof 2\"><img decoding=\"async\" width=\"1253\" height=\"937\" src=\"https:\/\/www.deco-charpente.fr\/wp-content\/uploads\/2020\/08\/finition-parefeuille-sous-toiture-2.jpg\" class=\"img-responsive wp-image-2411\" srcset=\"https:\/\/www.deco-charpente.fr\/wp-content\/uploads\/2020\/08\/finition-parefeuille-sous-toiture-2-200x150.jpg 200w, https:\/\/www.deco-charpente.fr\/wp-content\/uploads\/2020\/08\/finition-parefeuille-sous-toiture-2-400x299.jpg 400w, https:\/\/www.deco-charpente.fr\/wp-content\/uploads\/2020\/08\/finition-parefeuille-sous-toiture-2-600x449.jpg 600w, https:\/\/www.deco-charpente.fr\/wp-content\/uploads\/2020\/08\/finition-parefeuille-sous-toiture-2-800x598.jpg 800w, https:\/\/www.deco-charpente.fr\/wp-content\/uploads\/2020\/08\/finition-parefeuille-sous-toiture-2-1200x897.jpg 1200w, https:\/\/www.deco-charpente.fr\/wp-content\/uploads\/2020\/08\/finition-parefeuille-sous-toiture-2.jpg 1253w\" sizes=\"(max-width: 1024px) 100vw, (max-width: 640px) 100vw, 600px\" \/><\/a><\/span><\/div><div class=\"fusion-text fusion-text-973 tags\" style=\"transform:translate3d(0,0,0);\"><p>Decorative solution<\/p>\n<\/div><div class=\"fusion-text fusion-text-974 description\" style=\"transform:translate3d(0,0,0);\"><p>Foil finish under roof<\/p>\n<\/div><\/div><\/div><style type=\"text\/css\">.fusion-body .fusion-builder-column-487{width:25% !important;margin-top : 0px;margin-bottom : 20px;}.fusion-builder-column-487 > .fusion-column-wrapper {padding-top : 0px !important;padding-right : 0px !important;margin-right : 7.68%;padding-bottom : 0px !important;padding-left : 0px !important;margin-left : 7.68%;}@media only screen and (max-width:1024px) {.fusion-body .fusion-builder-column-487{width:100% !important;order : 0;}.fusion-builder-column-487 > .fusion-column-wrapper {margin-right : 1.92%;margin-left : 1.92%;}}@media only screen and (max-width:640px) {.fusion-body .fusion-builder-column-487{width:100% !important;order : 0;}.fusion-builder-column-487 > .fusion-column-wrapper {margin-right : 1.92%;margin-left : 1.92%;}}<\/style><div class=\"fusion-layout-column fusion_builder_column fusion-builder-column-488 fusion_builder_column_1_4 1_4 fusion-flex-column img-to-filter\"><div class=\"fusion-column-wrapper fusion-flex-justify-content-flex-start fusion-content-layout-column\" style=\"background-position:left top;background-repeat:no-repeat;-webkit-background-size:cover;-moz-background-size:cover;-o-background-size:cover;background-size:cover;padding: 0px 0px 0px 0px;\"><div ><span class=\"fusion-imageframe imageframe-none imageframe-488 hover-type-none\"><a href=\"https:\/\/www.deco-charpente.fr\/wp-content\/uploads\/2024\/03\/Abri-avec-persiennes-sur-terrasse.jpg\" class=\"fusion-lightbox\" data-rel=\"iLightbox[gallery-image]\" data-title=\"Abri avec persiennes sur terrasse\" title=\"Shelter with shutters on terrace\"><img decoding=\"async\" width=\"2049\" height=\"1536\" src=\"https:\/\/www.deco-charpente.fr\/wp-content\/uploads\/2024\/03\/Abri-avec-persiennes-sur-terrasse.jpg\" class=\"img-responsive wp-image-10018\" srcset=\"https:\/\/www.deco-charpente.fr\/wp-content\/uploads\/2024\/03\/Abri-avec-persiennes-sur-terrasse-200x150.jpg 200w, https:\/\/www.deco-charpente.fr\/wp-content\/uploads\/2024\/03\/Abri-avec-persiennes-sur-terrasse-400x300.jpg 400w, https:\/\/www.deco-charpente.fr\/wp-content\/uploads\/2024\/03\/Abri-avec-persiennes-sur-terrasse-600x450.jpg 600w, https:\/\/www.deco-charpente.fr\/wp-content\/uploads\/2024\/03\/Abri-avec-persiennes-sur-terrasse-800x600.jpg 800w, https:\/\/www.deco-charpente.fr\/wp-content\/uploads\/2024\/03\/Abri-avec-persiennes-sur-terrasse-1200x900.jpg 1200w, https:\/\/www.deco-charpente.fr\/wp-content\/uploads\/2024\/03\/Abri-avec-persiennes-sur-terrasse.jpg 2049w\" sizes=\"(max-width: 1024px) 100vw, (max-width: 640px) 100vw, 600px\" \/><\/a><\/span><\/div><div class=\"fusion-text fusion-text-975 tags\" style=\"transform:translate3d(0,0,0);\"><p>Decorative solution<\/p>\n<\/div><div class=\"fusion-text fusion-text-976 description\" style=\"transform:translate3d(0,0,0);\"><p>Louver style privacy screen<\/p>\n<\/div><\/div><\/div><style type=\"text\/css\">.fusion-body .fusion-builder-column-488{width:25% !important;margin-top : 0px;margin-bottom : 20px;}.fusion-builder-column-488 > .fusion-column-wrapper {padding-top : 0px !important;padding-right : 0px !important;margin-right : 7.68%;padding-bottom : 0px !important;padding-left : 0px !important;margin-left : 7.68%;}@media only screen and (max-width:1024px) {.fusion-body .fusion-builder-column-488{width:100% !important;order : 0;}.fusion-builder-column-488 > .fusion-column-wrapper {margin-right : 1.92%;margin-left : 1.92%;}}@media only screen and (max-width:640px) {.fusion-body .fusion-builder-column-488{width:100% !important;order : 0;}.fusion-builder-column-488 > .fusion-column-wrapper {margin-right : 1.92%;margin-left : 1.92%;}}<\/style><div class=\"fusion-layout-column fusion_builder_column fusion-builder-column-489 fusion_builder_column_1_4 1_4 fusion-flex-column img-to-filter\"><div class=\"fusion-column-wrapper fusion-flex-justify-content-flex-start fusion-content-layout-column\" style=\"background-position:left top;background-repeat:no-repeat;-webkit-background-size:cover;-moz-background-size:cover;-o-background-size:cover;background-size:cover;padding: 0px 0px 0px 0px;\"><div ><span class=\"fusion-imageframe imageframe-none imageframe-489 hover-type-none\"><a href=\"https:\/\/www.deco-charpente.fr\/wp-content\/uploads\/2023\/03\/Pool-house.jpg\" class=\"fusion-lightbox\" data-rel=\"iLightbox[gallery-image]\" data-title=\"Pool house\" title=\"Pool house\"><img decoding=\"async\" width=\"1800\" height=\"1350\" src=\"https:\/\/www.deco-charpente.fr\/wp-content\/uploads\/2023\/03\/Pool-house.jpg\" class=\"img-responsive wp-image-8452\" srcset=\"https:\/\/www.deco-charpente.fr\/wp-content\/uploads\/2023\/03\/Pool-house-200x150.jpg 200w, https:\/\/www.deco-charpente.fr\/wp-content\/uploads\/2023\/03\/Pool-house-400x300.jpg 400w, https:\/\/www.deco-charpente.fr\/wp-content\/uploads\/2023\/03\/Pool-house-600x450.jpg 600w, https:\/\/www.deco-charpente.fr\/wp-content\/uploads\/2023\/03\/Pool-house-800x600.jpg 800w, https:\/\/www.deco-charpente.fr\/wp-content\/uploads\/2023\/03\/Pool-house-1200x900.jpg 1200w, https:\/\/www.deco-charpente.fr\/wp-content\/uploads\/2023\/03\/Pool-house.jpg 1800w\" sizes=\"(max-width: 1024px) 100vw, (max-width: 640px) 100vw, 600px\" \/><\/a><\/span><\/div><div class=\"fusion-text fusion-text-977 tags\" style=\"transform:translate3d(0,0,0);\"><p>Decorative solution<\/p>\n<\/div><div class=\"fusion-text fusion-text-978 description\" style=\"transform:translate3d(0,0,0);\"><p>Louver style privacy screen<\/p>\n<\/div><\/div><\/div><style type=\"text\/css\">.fusion-body .fusion-builder-column-489{width:25% !important;margin-top : 0px;margin-bottom : 20px;}.fusion-builder-column-489 > .fusion-column-wrapper {padding-top : 0px !important;padding-right : 0px !important;margin-right : 7.68%;padding-bottom : 0px !important;padding-left : 0px !important;margin-left : 7.68%;}@media only screen and (max-width:1024px) {.fusion-body .fusion-builder-column-489{width:100% !important;order : 0;}.fusion-builder-column-489 > .fusion-column-wrapper {margin-right : 1.92%;margin-left : 1.92%;}}@media only screen and (max-width:640px) {.fusion-body .fusion-builder-column-489{width:100% !important;order : 0;}.fusion-builder-column-489 > .fusion-column-wrapper {margin-right : 1.92%;margin-left : 1.92%;}}<\/style><div class=\"fusion-layout-column fusion_builder_column fusion-builder-column-490 fusion_builder_column_1_4 1_4 fusion-flex-column img-to-filter\"><div class=\"fusion-column-wrapper fusion-flex-justify-content-flex-start fusion-content-layout-column\" style=\"background-position:left top;background-repeat:no-repeat;-webkit-background-size:cover;-moz-background-size:cover;-o-background-size:cover;background-size:cover;padding: 0px 0px 0px 0px;\"><div ><span class=\"fusion-imageframe imageframe-none imageframe-490 hover-type-none\"><a href=\"https:\/\/www.deco-charpente.fr\/wp-content\/uploads\/2023\/03\/Pool-house-avec-persiennes-scaled.jpg\" class=\"fusion-lightbox\" data-rel=\"iLightbox[gallery-image]\" data-title=\"Pool house avec persiennes\" title=\"Pool house with shutters\"><img decoding=\"async\" width=\"1920\" height=\"1440\" src=\"https:\/\/www.deco-charpente.fr\/wp-content\/uploads\/2023\/03\/Pool-house-avec-persiennes-scaled.jpg\" class=\"img-responsive wp-image-8445\" srcset=\"https:\/\/www.deco-charpente.fr\/wp-content\/uploads\/2023\/03\/Pool-house-avec-persiennes-200x150.jpg 200w, https:\/\/www.deco-charpente.fr\/wp-content\/uploads\/2023\/03\/Pool-house-avec-persiennes-400x300.jpg 400w, https:\/\/www.deco-charpente.fr\/wp-content\/uploads\/2023\/03\/Pool-house-avec-persiennes-600x450.jpg 600w, https:\/\/www.deco-charpente.fr\/wp-content\/uploads\/2023\/03\/Pool-house-avec-persiennes-800x600.jpg 800w, https:\/\/www.deco-charpente.fr\/wp-content\/uploads\/2023\/03\/Pool-house-avec-persiennes-1200x900.jpg 1200w, https:\/\/www.deco-charpente.fr\/wp-content\/uploads\/2023\/03\/Pool-house-avec-persiennes-scaled.jpg 1920w\" sizes=\"(max-width: 1024px) 100vw, (max-width: 640px) 100vw, 600px\" \/><\/a><\/span><\/div><div class=\"fusion-text fusion-text-979 tags\" style=\"transform:translate3d(0,0,0);\"><p>Decorative solution<\/p>\n<\/div><div class=\"fusion-text fusion-text-980 description\" style=\"transform:translate3d(0,0,0);\"><p>Louver style privacy screen<\/p>\n<\/div><\/div><\/div><style type=\"text\/css\">.fusion-body .fusion-builder-column-490{width:25% !important;margin-top : 0px;margin-bottom : 20px;}.fusion-builder-column-490 > .fusion-column-wrapper {padding-top : 0px !important;padding-right : 0px !important;margin-right : 7.68%;padding-bottom : 0px !important;padding-left : 0px !important;margin-left : 7.68%;}@media only screen and (max-width:1024px) {.fusion-body .fusion-builder-column-490{width:100% !important;order : 0;}.fusion-builder-column-490 > .fusion-column-wrapper {margin-right : 1.92%;margin-left : 1.92%;}}@media only screen and (max-width:640px) {.fusion-body .fusion-builder-column-490{width:100% !important;order : 0;}.fusion-builder-column-490 > .fusion-column-wrapper {margin-right : 1.92%;margin-left : 1.92%;}}<\/style><div class=\"fusion-layout-column fusion_builder_column fusion-builder-column-491 fusion_builder_column_1_4 1_4 fusion-flex-column img-to-filter\"><div class=\"fusion-column-wrapper fusion-flex-justify-content-flex-start fusion-content-layout-column\" style=\"background-position:left top;background-repeat:no-repeat;-webkit-background-size:cover;-moz-background-size:cover;-o-background-size:cover;background-size:cover;padding: 0px 0px 0px 0px;\"><div ><span class=\"fusion-imageframe imageframe-none imageframe-491 hover-type-none\"><a href=\"https:\/\/www.deco-charpente.fr\/wp-content\/uploads\/2023\/03\/Solution-deco.jpg\" class=\"fusion-lightbox\" data-rel=\"iLightbox[gallery-image]\" data-title=\"Solution d\u00e9co\" title=\"Decorative solution\"><img decoding=\"async\" width=\"1134\" height=\"1593\" src=\"https:\/\/www.deco-charpente.fr\/wp-content\/uploads\/2023\/03\/Solution-deco.jpg\" class=\"img-responsive wp-image-8448\" srcset=\"https:\/\/www.deco-charpente.fr\/wp-content\/uploads\/2023\/03\/Solution-deco-200x281.jpg 200w, https:\/\/www.deco-charpente.fr\/wp-content\/uploads\/2023\/03\/Solution-deco-400x562.jpg 400w, https:\/\/www.deco-charpente.fr\/wp-content\/uploads\/2023\/03\/Solution-deco-600x843.jpg 600w, https:\/\/www.deco-charpente.fr\/wp-content\/uploads\/2023\/03\/Solution-deco-800x1124.jpg 800w, https:\/\/www.deco-charpente.fr\/wp-content\/uploads\/2023\/03\/Solution-deco.jpg 1134w\" sizes=\"(max-width: 1024px) 100vw, (max-width: 640px) 100vw, 600px\" \/><\/a><\/span><\/div><div class=\"fusion-text fusion-text-981 tags\" style=\"transform:translate3d(0,0,0);\"><p>Decorative solution<\/p>\n<\/div><div class=\"fusion-text fusion-text-982 description\" style=\"transform:translate3d(0,0,0);\"><p>Louver style privacy screen<\/p>\n<\/div><\/div><\/div><style type=\"text\/css\">.fusion-body .fusion-builder-column-491{width:25% !important;margin-top : 0px;margin-bottom : 20px;}.fusion-builder-column-491 > .fusion-column-wrapper {padding-top : 0px !important;padding-right : 0px !important;margin-right : 7.68%;padding-bottom : 0px !important;padding-left : 0px !important;margin-left : 7.68%;}@media only screen and (max-width:1024px) {.fusion-body .fusion-builder-column-491{width:100% !important;order : 0;}.fusion-builder-column-491 > .fusion-column-wrapper {margin-right : 1.92%;margin-left : 1.92%;}}@media only screen and (max-width:640px) {.fusion-body .fusion-builder-column-491{width:100% !important;order : 0;}.fusion-builder-column-491 > .fusion-column-wrapper {margin-right : 1.92%;margin-left : 1.92%;}}<\/style><div class=\"fusion-layout-column fusion_builder_column fusion-builder-column-492 fusion_builder_column_1_4 1_4 fusion-flex-column img-to-filter\"><div class=\"fusion-column-wrapper fusion-flex-justify-content-flex-start fusion-content-layout-column\" style=\"background-position:left top;background-repeat:no-repeat;-webkit-background-size:cover;-moz-background-size:cover;-o-background-size:cover;background-size:cover;padding: 0px 0px 0px 0px;\"><div ><span class=\"fusion-imageframe imageframe-none imageframe-492 hover-type-none\"><a href=\"https:\/\/www.deco-charpente.fr\/wp-content\/uploads\/2023\/03\/Persiennes.jpg\" class=\"fusion-lightbox\" data-rel=\"iLightbox[gallery-image]\" data-title=\"Persiennes\" title=\"Shutters\"><img decoding=\"async\" width=\"1816\" height=\"1362\" src=\"https:\/\/www.deco-charpente.fr\/wp-content\/uploads\/2023\/03\/Persiennes.jpg\" class=\"img-responsive wp-image-8438\" srcset=\"https:\/\/www.deco-charpente.fr\/wp-content\/uploads\/2023\/03\/Persiennes-200x150.jpg 200w, https:\/\/www.deco-charpente.fr\/wp-content\/uploads\/2023\/03\/Persiennes-400x300.jpg 400w, https:\/\/www.deco-charpente.fr\/wp-content\/uploads\/2023\/03\/Persiennes-600x450.jpg 600w, https:\/\/www.deco-charpente.fr\/wp-content\/uploads\/2023\/03\/Persiennes-800x600.jpg 800w, https:\/\/www.deco-charpente.fr\/wp-content\/uploads\/2023\/03\/Persiennes-1200x900.jpg 1200w, https:\/\/www.deco-charpente.fr\/wp-content\/uploads\/2023\/03\/Persiennes.jpg 1816w\" sizes=\"(max-width: 1024px) 100vw, (max-width: 640px) 100vw, 600px\" \/><\/a><\/span><\/div><div class=\"fusion-text fusion-text-983 tags\" style=\"transform:translate3d(0,0,0);\"><p>Decorative solution<\/p>\n<\/div><div class=\"fusion-text fusion-text-984 description\" style=\"transform:translate3d(0,0,0);\"><p>Louver style privacy screen<\/p>\n<\/div><\/div><\/div><style type=\"text\/css\">.fusion-body .fusion-builder-column-492{width:25% !important;margin-top : 0px;margin-bottom : 20px;}.fusion-builder-column-492 > .fusion-column-wrapper {padding-top : 0px !important;padding-right : 0px !important;margin-right : 7.68%;padding-bottom : 0px !important;padding-left : 0px !important;margin-left : 7.68%;}@media only screen and (max-width:1024px) {.fusion-body .fusion-builder-column-492{width:100% !important;order : 0;}.fusion-builder-column-492 > .fusion-column-wrapper {margin-right : 1.92%;margin-left : 1.92%;}}@media only screen and (max-width:640px) {.fusion-body .fusion-builder-column-492{width:100% !important;order : 0;}.fusion-builder-column-492 > .fusion-column-wrapper {margin-right : 1.92%;margin-left : 1.92%;}}<\/style><div class=\"fusion-layout-column fusion_builder_column fusion-builder-column-493 fusion_builder_column_1_4 1_4 fusion-flex-column img-to-filter\"><div class=\"fusion-column-wrapper fusion-flex-justify-content-flex-start fusion-content-layout-column\" style=\"background-position:left top;background-repeat:no-repeat;-webkit-background-size:cover;-moz-background-size:cover;-o-background-size:cover;background-size:cover;padding: 0px 0px 0px 0px;\"><div ><span class=\"fusion-imageframe imageframe-none imageframe-493 hover-type-none\"><a href=\"https:\/\/www.deco-charpente.fr\/wp-content\/uploads\/2020\/08\/brise-vue-fa\u00e7on-persienne.jpg\" class=\"fusion-lightbox\" data-rel=\"iLightbox[gallery-image]\" data-title=\"Brise-vue fa\u00e7on persienne\" title=\"Louver style privacy screen\"><img decoding=\"async\" width=\"1251\" height=\"935\" src=\"https:\/\/www.deco-charpente.fr\/wp-content\/uploads\/2020\/08\/brise-vue-fa\u00e7on-persienne.jpg\" class=\"img-responsive wp-image-2408\" srcset=\"https:\/\/www.deco-charpente.fr\/wp-content\/uploads\/2020\/08\/brise-vue-fa\u00e7on-persienne-200x149.jpg 200w, https:\/\/www.deco-charpente.fr\/wp-content\/uploads\/2020\/08\/brise-vue-fa\u00e7on-persienne-400x299.jpg 400w, https:\/\/www.deco-charpente.fr\/wp-content\/uploads\/2020\/08\/brise-vue-fa\u00e7on-persienne-600x448.jpg 600w, https:\/\/www.deco-charpente.fr\/wp-content\/uploads\/2020\/08\/brise-vue-fa\u00e7on-persienne-800x598.jpg 800w, https:\/\/www.deco-charpente.fr\/wp-content\/uploads\/2020\/08\/brise-vue-fa\u00e7on-persienne-1200x897.jpg 1200w, https:\/\/www.deco-charpente.fr\/wp-content\/uploads\/2020\/08\/brise-vue-fa\u00e7on-persienne.jpg 1251w\" sizes=\"(max-width: 1024px) 100vw, (max-width: 640px) 100vw, 600px\" \/><\/a><\/span><\/div><div class=\"fusion-text fusion-text-985 tags\" style=\"transform:translate3d(0,0,0);\"><p>Decorative solution<\/p>\n<\/div><div class=\"fusion-text fusion-text-986 description\" style=\"transform:translate3d(0,0,0);\"><p>Louver style privacy screen<\/p>\n<\/div><\/div><\/div><style type=\"text\/css\">.fusion-body .fusion-builder-column-493{width:25% !important;margin-top : 0px;margin-bottom : 20px;}.fusion-builder-column-493 > .fusion-column-wrapper {padding-top : 0px !important;padding-right : 0px !important;margin-right : 7.68%;padding-bottom : 0px !important;padding-left : 0px !important;margin-left : 7.68%;}@media only screen and (max-width:1024px) {.fusion-body .fusion-builder-column-493{width:100% !important;order : 0;}.fusion-builder-column-493 > .fusion-column-wrapper {margin-right : 1.92%;margin-left : 1.92%;}}@media only screen and (max-width:640px) {.fusion-body .fusion-builder-column-493{width:100% !important;order : 0;}.fusion-builder-column-493 > .fusion-column-wrapper {margin-right : 1.92%;margin-left : 1.92%;}}<\/style><div class=\"fusion-layout-column fusion_builder_column fusion-builder-column-494 fusion_builder_column_1_4 1_4 fusion-flex-column img-to-filter\"><div class=\"fusion-column-wrapper fusion-flex-justify-content-flex-start fusion-content-layout-column\" style=\"background-position:left top;background-repeat:no-repeat;-webkit-background-size:cover;-moz-background-size:cover;-o-background-size:cover;background-size:cover;padding: 0px 0px 0px 0px;\"><div ><span class=\"fusion-imageframe imageframe-none imageframe-494 hover-type-none\"><a href=\"https:\/\/www.deco-charpente.fr\/wp-content\/uploads\/2020\/08\/cabane-de-jardin-en-bois-e1651583268702.jpg\" class=\"fusion-lightbox\" data-rel=\"iLightbox[gallery-image]\" data-title=\"Cabane de jardin en bois\" title=\"Wooden garden shed\"><img decoding=\"async\" width=\"768\" height=\"724\" src=\"https:\/\/www.deco-charpente.fr\/wp-content\/uploads\/2020\/08\/cabane-de-jardin-en-bois-e1651583268702.jpg\" class=\"img-responsive wp-image-2409\" srcset=\"https:\/\/www.deco-charpente.fr\/wp-content\/uploads\/2020\/08\/cabane-de-jardin-en-bois-e1651583268702-200x189.jpg 200w, https:\/\/www.deco-charpente.fr\/wp-content\/uploads\/2020\/08\/cabane-de-jardin-en-bois-e1651583268702-400x377.jpg 400w, https:\/\/www.deco-charpente.fr\/wp-content\/uploads\/2020\/08\/cabane-de-jardin-en-bois-e1651583268702-600x566.jpg 600w, https:\/\/www.deco-charpente.fr\/wp-content\/uploads\/2020\/08\/cabane-de-jardin-en-bois-e1651583268702.jpg 768w\" sizes=\"(max-width: 1024px) 100vw, (max-width: 640px) 100vw, 600px\" \/><\/a><\/span><\/div><div class=\"fusion-text fusion-text-987 tags\" style=\"transform:translate3d(0,0,0);\"><p>Decorative solution<\/p>\n<\/div><div class=\"fusion-text fusion-text-988 description\" style=\"transform:translate3d(0,0,0);\"><p>Wooden garden shed<\/p>\n<\/div><\/div><\/div><style type=\"text\/css\">.fusion-body .fusion-builder-column-494{width:25% !important;margin-top : 0px;margin-bottom : 20px;}.fusion-builder-column-494 > .fusion-column-wrapper {padding-top : 0px !important;padding-right : 0px !important;margin-right : 7.68%;padding-bottom : 0px !important;padding-left : 0px !important;margin-left : 7.68%;}@media only screen and (max-width:1024px) {.fusion-body .fusion-builder-column-494{width:100% !important;order : 0;}.fusion-builder-column-494 > .fusion-column-wrapper {margin-right : 1.92%;margin-left : 1.92%;}}@media only screen and (max-width:640px) {.fusion-body .fusion-builder-column-494{width:100% !important;order : 0;}.fusion-builder-column-494 > .fusion-column-wrapper {margin-right : 1.92%;margin-left : 1.92%;}}<\/style><div class=\"fusion-layout-column fusion_builder_column fusion-builder-column-495 fusion_builder_column_1_4 1_4 fusion-flex-column img-to-filter\"><div class=\"fusion-column-wrapper fusion-flex-justify-content-flex-start fusion-content-layout-column\" style=\"background-position:left top;background-repeat:no-repeat;-webkit-background-size:cover;-moz-background-size:cover;-o-background-size:cover;background-size:cover;padding: 0px 0px 0px 0px;\"><div ><span class=\"fusion-imageframe imageframe-none imageframe-495 hover-type-none\"><a href=\"https:\/\/www.deco-charpente.fr\/wp-content\/uploads\/2020\/08\/terrasse-bois-sur\u00e9lev\u00e9e-avec-garde-corps-bois.jpg\" class=\"fusion-lightbox\" data-rel=\"iLightbox[gallery-image]\" data-title=\"Terrasse bois sur\u00e9lev\u00e9e avec garde-corps bois\" title=\"Raised wooden terrace with wooden railing\"><img decoding=\"async\" width=\"1254\" height=\"939\" src=\"https:\/\/www.deco-charpente.fr\/wp-content\/uploads\/2020\/08\/terrasse-bois-sur\u00e9lev\u00e9e-avec-garde-corps-bois.jpg\" class=\"img-responsive wp-image-2435\" srcset=\"https:\/\/www.deco-charpente.fr\/wp-content\/uploads\/2020\/08\/terrasse-bois-sur\u00e9lev\u00e9e-avec-garde-corps-bois-200x150.jpg 200w, https:\/\/www.deco-charpente.fr\/wp-content\/uploads\/2020\/08\/terrasse-bois-sur\u00e9lev\u00e9e-avec-garde-corps-bois-400x300.jpg 400w, https:\/\/www.deco-charpente.fr\/wp-content\/uploads\/2020\/08\/terrasse-bois-sur\u00e9lev\u00e9e-avec-garde-corps-bois-600x449.jpg 600w, https:\/\/www.deco-charpente.fr\/wp-content\/uploads\/2020\/08\/terrasse-bois-sur\u00e9lev\u00e9e-avec-garde-corps-bois-800x599.jpg 800w, https:\/\/www.deco-charpente.fr\/wp-content\/uploads\/2020\/08\/terrasse-bois-sur\u00e9lev\u00e9e-avec-garde-corps-bois-1200x899.jpg 1200w, https:\/\/www.deco-charpente.fr\/wp-content\/uploads\/2020\/08\/terrasse-bois-sur\u00e9lev\u00e9e-avec-garde-corps-bois.jpg 1254w\" sizes=\"(max-width: 1024px) 100vw, (max-width: 640px) 100vw, 600px\" \/><\/a><\/span><\/div><div class=\"fusion-text fusion-text-989 tags\" style=\"transform:translate3d(0,0,0);\"><p>Decorative solution<\/p>\n<\/div><div class=\"fusion-text fusion-text-990 description\" style=\"transform:translate3d(0,0,0);\"><p>Raised wooden terrace with wooden railing<\/p>\n<\/div><\/div><\/div><style type=\"text\/css\">.fusion-body .fusion-builder-column-495{width:25% !important;margin-top : 0px;margin-bottom : 20px;}.fusion-builder-column-495 > .fusion-column-wrapper {padding-top : 0px !important;padding-right : 0px !important;margin-right : 7.68%;padding-bottom : 0px !important;padding-left : 0px !important;margin-left : 7.68%;}@media only screen and (max-width:1024px) {.fusion-body .fusion-builder-column-495{width:100% !important;order : 0;}.fusion-builder-column-495 > .fusion-column-wrapper {margin-right : 1.92%;margin-left : 1.92%;}}@media only screen and (max-width:640px) {.fusion-body .fusion-builder-column-495{width:100% !important;order : 0;}.fusion-builder-column-495 > .fusion-column-wrapper {margin-right : 1.92%;margin-left : 1.92%;}}<\/style><div class=\"fusion-layout-column fusion_builder_column fusion-builder-column-496 fusion_builder_column_1_4 1_4 fusion-flex-column img-to-filter\"><div class=\"fusion-column-wrapper fusion-flex-justify-content-flex-start fusion-content-layout-column\" style=\"background-position:left top;background-repeat:no-repeat;-webkit-background-size:cover;-moz-background-size:cover;-o-background-size:cover;background-size:cover;padding: 0px 0px 0px 0px;\"><div ><span class=\"fusion-imageframe imageframe-none imageframe-496 hover-type-none\"><a href=\"https:\/\/www.deco-charpente.fr\/wp-content\/uploads\/2020\/08\/habillage-bois-dun-ascenseur-e1651581898657.jpg\" class=\"fusion-lightbox\" data-rel=\"iLightbox[gallery-image]\" data-title=\"Habillage bois d&rsquo;un ascenseur\" title=\"Wooden cladding of an elevator\"><img decoding=\"async\" width=\"720\" height=\"645\" src=\"https:\/\/www.deco-charpente.fr\/wp-content\/uploads\/2020\/08\/habillage-bois-dun-ascenseur-e1651581898657.jpg\" class=\"img-responsive wp-image-2436\" srcset=\"https:\/\/www.deco-charpente.fr\/wp-content\/uploads\/2020\/08\/habillage-bois-dun-ascenseur-e1651581898657-200x179.jpg 200w, https:\/\/www.deco-charpente.fr\/wp-content\/uploads\/2020\/08\/habillage-bois-dun-ascenseur-e1651581898657-400x358.jpg 400w, https:\/\/www.deco-charpente.fr\/wp-content\/uploads\/2020\/08\/habillage-bois-dun-ascenseur-e1651581898657-600x538.jpg 600w, https:\/\/www.deco-charpente.fr\/wp-content\/uploads\/2020\/08\/habillage-bois-dun-ascenseur-e1651581898657.jpg 720w\" sizes=\"(max-width: 1024px) 100vw, (max-width: 640px) 100vw, 600px\" \/><\/a><\/span><\/div><div class=\"fusion-text fusion-text-991 tags\" style=\"transform:translate3d(0,0,0);\"><p>Decorative solution<\/p>\n<\/div><div class=\"fusion-text fusion-text-992 description\" style=\"transform:translate3d(0,0,0);\"><p>Wooden cladding of an elevator<\/p>\n<\/div><\/div><\/div><style type=\"text\/css\">.fusion-body .fusion-builder-column-496{width:25% !important;margin-top : 0px;margin-bottom : 20px;}.fusion-builder-column-496 > .fusion-column-wrapper {padding-top : 0px !important;padding-right : 0px !important;margin-right : 7.68%;padding-bottom : 0px !important;padding-left : 0px !important;margin-left : 7.68%;}@media only screen and (max-width:1024px) {.fusion-body .fusion-builder-column-496{width:100% !important;order : 0;}.fusion-builder-column-496 > .fusion-column-wrapper {margin-right : 1.92%;margin-left : 1.92%;}}@media only screen and (max-width:640px) {.fusion-body .fusion-builder-column-496{width:100% !important;order : 0;}.fusion-builder-column-496 > .fusion-column-wrapper {margin-right : 1.92%;margin-left : 1.92%;}}<\/style><div class=\"fusion-layout-column fusion_builder_column fusion-builder-column-497 fusion_builder_column_1_4 1_4 fusion-flex-column img-to-filter\"><div class=\"fusion-column-wrapper fusion-flex-justify-content-flex-start fusion-content-layout-column\" style=\"background-position:left top;background-repeat:no-repeat;-webkit-background-size:cover;-moz-background-size:cover;-o-background-size:cover;background-size:cover;padding: 0px 0px 0px 0px;\"><div ><span class=\"fusion-imageframe imageframe-none imageframe-497 hover-type-none\"><a href=\"https:\/\/www.deco-charpente.fr\/wp-content\/uploads\/2020\/08\/tuiles-de-verre-pour-apporter-la-lumi\u00e8re.jpg\" class=\"fusion-lightbox\" data-rel=\"iLightbox[gallery-image]\" data-title=\"Tuiles de verre pour apporter la lumi\u00e8re\" title=\"Glass tiles to bring in light\"><img decoding=\"async\" width=\"1251\" height=\"934\" src=\"https:\/\/www.deco-charpente.fr\/wp-content\/uploads\/2020\/08\/tuiles-de-verre-pour-apporter-la-lumi\u00e8re.jpg\" class=\"img-responsive wp-image-2438\" srcset=\"https:\/\/www.deco-charpente.fr\/wp-content\/uploads\/2020\/08\/tuiles-de-verre-pour-apporter-la-lumi\u00e8re-200x149.jpg 200w, https:\/\/www.deco-charpente.fr\/wp-content\/uploads\/2020\/08\/tuiles-de-verre-pour-apporter-la-lumi\u00e8re-400x299.jpg 400w, https:\/\/www.deco-charpente.fr\/wp-content\/uploads\/2020\/08\/tuiles-de-verre-pour-apporter-la-lumi\u00e8re-600x448.jpg 600w, https:\/\/www.deco-charpente.fr\/wp-content\/uploads\/2020\/08\/tuiles-de-verre-pour-apporter-la-lumi\u00e8re-800x597.jpg 800w, https:\/\/www.deco-charpente.fr\/wp-content\/uploads\/2020\/08\/tuiles-de-verre-pour-apporter-la-lumi\u00e8re-1200x896.jpg 1200w, https:\/\/www.deco-charpente.fr\/wp-content\/uploads\/2020\/08\/tuiles-de-verre-pour-apporter-la-lumi\u00e8re.jpg 1251w\" sizes=\"(max-width: 1024px) 100vw, (max-width: 640px) 100vw, 600px\" \/><\/a><\/span><\/div><div class=\"fusion-text fusion-text-993 tags\" style=\"transform:translate3d(0,0,0);\"><p>Decorative solution<\/p>\n<\/div><div class=\"fusion-text fusion-text-994 description\" style=\"transform:translate3d(0,0,0);\"><p>Glass tiles to bring in light<\/p>\n<\/div><\/div><\/div><style type=\"text\/css\">.fusion-body .fusion-builder-column-497{width:25% !important;margin-top : 0px;margin-bottom : 20px;}.fusion-builder-column-497 > .fusion-column-wrapper {padding-top : 0px !important;padding-right : 0px !important;margin-right : 7.68%;padding-bottom : 0px !important;padding-left : 0px !important;margin-left : 7.68%;}@media only screen and (max-width:1024px) {.fusion-body .fusion-builder-column-497{width:100% !important;order : 0;}.fusion-builder-column-497 > .fusion-column-wrapper {margin-right : 1.92%;margin-left : 1.92%;}}@media only screen and (max-width:640px) {.fusion-body .fusion-builder-column-497{width:100% !important;order : 0;}.fusion-builder-column-497 > .fusion-column-wrapper {margin-right : 1.92%;margin-left : 1.92%;}}<\/style><div class=\"fusion-layout-column fusion_builder_column fusion-builder-column-498 fusion_builder_column_1_4 1_4 fusion-flex-column img-to-filter\"><div class=\"fusion-column-wrapper fusion-flex-justify-content-flex-start fusion-content-layout-column\" style=\"background-position:left top;background-repeat:no-repeat;-webkit-background-size:cover;-moz-background-size:cover;-o-background-size:cover;background-size:cover;padding: 0px 0px 0px 0px;\"><div ><span class=\"fusion-imageframe imageframe-none imageframe-498 hover-type-none\"><a href=\"https:\/\/www.deco-charpente.fr\/wp-content\/uploads\/2020\/08\/porte-en-bois-2-vantaux.jpg\" class=\"fusion-lightbox\" data-rel=\"iLightbox[gallery-image]\" data-title=\"Porte en bois 2 vantaux\" title=\"2-leaf wooden door\"><img decoding=\"async\" width=\"1251\" height=\"934\" src=\"https:\/\/www.deco-charpente.fr\/wp-content\/uploads\/2020\/08\/porte-en-bois-2-vantaux.jpg\" class=\"img-responsive wp-image-2437\" srcset=\"https:\/\/www.deco-charpente.fr\/wp-content\/uploads\/2020\/08\/porte-en-bois-2-vantaux-200x149.jpg 200w, https:\/\/www.deco-charpente.fr\/wp-content\/uploads\/2020\/08\/porte-en-bois-2-vantaux-400x299.jpg 400w, https:\/\/www.deco-charpente.fr\/wp-content\/uploads\/2020\/08\/porte-en-bois-2-vantaux-600x448.jpg 600w, https:\/\/www.deco-charpente.fr\/wp-content\/uploads\/2020\/08\/porte-en-bois-2-vantaux-800x597.jpg 800w, https:\/\/www.deco-charpente.fr\/wp-content\/uploads\/2020\/08\/porte-en-bois-2-vantaux-1200x896.jpg 1200w, https:\/\/www.deco-charpente.fr\/wp-content\/uploads\/2020\/08\/porte-en-bois-2-vantaux.jpg 1251w\" sizes=\"(max-width: 1024px) 100vw, (max-width: 640px) 100vw, 600px\" \/><\/a><\/span><\/div><div class=\"fusion-text fusion-text-995 tags\" style=\"transform:translate3d(0,0,0);\"><p>Decorative solution<\/p>\n<\/div><div class=\"fusion-text fusion-text-996 description\" style=\"transform:translate3d(0,0,0);\"><p>2-leaf wooden door<\/p>\n<\/div><\/div><\/div><style type=\"text\/css\">.fusion-body .fusion-builder-column-498{width:25% !important;margin-top : 0px;margin-bottom : 20px;}.fusion-builder-column-498 > .fusion-column-wrapper {padding-top : 0px !important;padding-right : 0px !important;margin-right : 7.68%;padding-bottom : 0px !important;padding-left : 0px !important;margin-left : 7.68%;}@media only screen and (max-width:1024px) {.fusion-body .fusion-builder-column-498{width:100% !important;order : 0;}.fusion-builder-column-498 > .fusion-column-wrapper {margin-right : 1.92%;margin-left : 1.92%;}}@media only screen and (max-width:640px) {.fusion-body .fusion-builder-column-498{width:100% !important;order : 0;}.fusion-builder-column-498 > .fusion-column-wrapper {margin-right : 1.92%;margin-left : 1.92%;}}<\/style><div class=\"fusion-layout-column fusion_builder_column fusion-builder-column-499 fusion_builder_column_1_4 1_4 fusion-flex-column img-to-filter\"><div class=\"fusion-column-wrapper fusion-flex-justify-content-flex-start fusion-content-layout-column\" style=\"background-position:left top;background-repeat:no-repeat;-webkit-background-size:cover;-moz-background-size:cover;-o-background-size:cover;background-size:cover;padding: 0px 0px 0px 0px;\"><div ><span class=\"fusion-imageframe imageframe-none imageframe-499 hover-type-none\"><a href=\"https:\/\/www.deco-charpente.fr\/wp-content\/uploads\/2020\/08\/sous-couverture-en-tuiles-m\u00e9caniques.jpg\" class=\"fusion-lightbox\" data-rel=\"iLightbox[gallery-image]\" data-title=\"sous couverture en tuiles m\u00e9caniques\" title=\"under roof with mechanical tiles\"><img decoding=\"async\" width=\"1676\" height=\"935\" src=\"https:\/\/www.deco-charpente.fr\/wp-content\/uploads\/2020\/08\/sous-couverture-en-tuiles-m\u00e9caniques.jpg\" class=\"img-responsive wp-image-2443\" srcset=\"https:\/\/www.deco-charpente.fr\/wp-content\/uploads\/2020\/08\/sous-couverture-en-tuiles-m\u00e9caniques-200x112.jpg 200w, https:\/\/www.deco-charpente.fr\/wp-content\/uploads\/2020\/08\/sous-couverture-en-tuiles-m\u00e9caniques-400x223.jpg 400w, https:\/\/www.deco-charpente.fr\/wp-content\/uploads\/2020\/08\/sous-couverture-en-tuiles-m\u00e9caniques-600x335.jpg 600w, https:\/\/www.deco-charpente.fr\/wp-content\/uploads\/2020\/08\/sous-couverture-en-tuiles-m\u00e9caniques-800x446.jpg 800w, https:\/\/www.deco-charpente.fr\/wp-content\/uploads\/2020\/08\/sous-couverture-en-tuiles-m\u00e9caniques-1200x669.jpg 1200w, https:\/\/www.deco-charpente.fr\/wp-content\/uploads\/2020\/08\/sous-couverture-en-tuiles-m\u00e9caniques.jpg 1676w\" sizes=\"(max-width: 1024px) 100vw, (max-width: 640px) 100vw, 600px\" \/><\/a><\/span><\/div><div class=\"fusion-text fusion-text-997 tags\" style=\"transform:translate3d(0,0,0);\"><p>Decorative solution<\/p>\n<\/div><div class=\"fusion-text fusion-text-998 description\" style=\"transform:translate3d(0,0,0);\"><p>Under roof with mechanical tiles<\/p>\n<\/div><\/div><\/div><style type=\"text\/css\">.fusion-body .fusion-builder-column-499{width:25% !important;margin-top : 0px;margin-bottom : 20px;}.fusion-builder-column-499 > .fusion-column-wrapper {padding-top : 0px !important;padding-right : 0px !important;margin-right : 7.68%;padding-bottom : 0px !important;padding-left : 0px !important;margin-left : 7.68%;}@media only screen and (max-width:1024px) {.fusion-body .fusion-builder-column-499{width:100% !important;order : 0;}.fusion-builder-column-499 > .fusion-column-wrapper {margin-right : 1.92%;margin-left : 1.92%;}}@media only screen and (max-width:640px) {.fusion-body .fusion-builder-column-499{width:100% !important;order : 0;}.fusion-builder-column-499 > .fusion-column-wrapper {margin-right : 1.92%;margin-left : 1.92%;}}<\/style><div class=\"fusion-layout-column fusion_builder_column fusion-builder-column-500 fusion_builder_column_1_4 1_4 fusion-flex-column img-to-filter\"><div class=\"fusion-column-wrapper fusion-flex-justify-content-flex-start fusion-content-layout-column\" style=\"background-position:left top;background-repeat:no-repeat;-webkit-background-size:cover;-moz-background-size:cover;-o-background-size:cover;background-size:cover;padding: 0px 0px 0px 0px;\"><div ><span class=\"fusion-imageframe imageframe-none imageframe-500 hover-type-none\"><a href=\"https:\/\/www.deco-charpente.fr\/wp-content\/uploads\/2020\/08\/sous-face-d\u00e9corative-en-parefeuille.jpg\" class=\"fusion-lightbox\" data-rel=\"iLightbox[gallery-image]\" data-title=\"Sous face d\u00e9corative en parefeuille\" title=\"Decorative underside in parefeuille\"><img decoding=\"async\" width=\"1255\" height=\"938\" src=\"https:\/\/www.deco-charpente.fr\/wp-content\/uploads\/2020\/08\/sous-face-d\u00e9corative-en-parefeuille.jpg\" class=\"img-responsive wp-image-2444\" srcset=\"https:\/\/www.deco-charpente.fr\/wp-content\/uploads\/2020\/08\/sous-face-d\u00e9corative-en-parefeuille-200x149.jpg 200w, https:\/\/www.deco-charpente.fr\/wp-content\/uploads\/2020\/08\/sous-face-d\u00e9corative-en-parefeuille-400x299.jpg 400w, https:\/\/www.deco-charpente.fr\/wp-content\/uploads\/2020\/08\/sous-face-d\u00e9corative-en-parefeuille-600x448.jpg 600w, https:\/\/www.deco-charpente.fr\/wp-content\/uploads\/2020\/08\/sous-face-d\u00e9corative-en-parefeuille-800x598.jpg 800w, https:\/\/www.deco-charpente.fr\/wp-content\/uploads\/2020\/08\/sous-face-d\u00e9corative-en-parefeuille-1200x897.jpg 1200w, https:\/\/www.deco-charpente.fr\/wp-content\/uploads\/2020\/08\/sous-face-d\u00e9corative-en-parefeuille.jpg 1255w\" sizes=\"(max-width: 1024px) 100vw, (max-width: 640px) 100vw, 600px\" \/><\/a><\/span><\/div><div class=\"fusion-text fusion-text-999 tags\" style=\"transform:translate3d(0,0,0);\"><p>Decorative solution<\/p>\n<\/div><div class=\"fusion-text fusion-text-1000 description\" style=\"transform:translate3d(0,0,0);\"><p>Decorative underside in parefeuille<\/p>\n<\/div><\/div><\/div><style type=\"text\/css\">.fusion-body .fusion-builder-column-500{width:25% !important;margin-top : 0px;margin-bottom : 20px;}.fusion-builder-column-500 > .fusion-column-wrapper {padding-top : 0px !important;padding-right : 0px !important;margin-right : 7.68%;padding-bottom : 0px !important;padding-left : 0px !important;margin-left : 7.68%;}@media only screen and (max-width:1024px) {.fusion-body .fusion-builder-column-500{width:100% !important;order : 0;}.fusion-builder-column-500 > .fusion-column-wrapper {margin-right : 1.92%;margin-left : 1.92%;}}@media only screen and (max-width:640px) {.fusion-body .fusion-builder-column-500{width:100% !important;order : 0;}.fusion-builder-column-500 > .fusion-column-wrapper {margin-right : 1.92%;margin-left : 1.92%;}}<\/style><div class=\"fusion-layout-column fusion_builder_column fusion-builder-column-501 fusion_builder_column_1_4 1_4 fusion-flex-column img-to-filter\"><div class=\"fusion-column-wrapper fusion-flex-justify-content-flex-start fusion-content-layout-column\" style=\"background-position:left top;background-repeat:no-repeat;-webkit-background-size:cover;-moz-background-size:cover;-o-background-size:cover;background-size:cover;padding: 0px 0px 0px 0px;\"><div ><span class=\"fusion-imageframe imageframe-none imageframe-501 hover-type-none\"><a href=\"https:\/\/www.deco-charpente.fr\/wp-content\/uploads\/2020\/08\/garde-crops-\u00e0-barreaudage-sur-kiosque.jpg\" class=\"fusion-lightbox\" data-rel=\"iLightbox[gallery-image]\" data-title=\"Garde-crops \u00e0 barreaudage sur kiosque\" title=\"Bar guardrails on kiosk\"><img decoding=\"async\" width=\"1191\" height=\"886\" src=\"https:\/\/www.deco-charpente.fr\/wp-content\/uploads\/2020\/08\/garde-crops-\u00e0-barreaudage-sur-kiosque.jpg\" class=\"img-responsive wp-image-2445\" srcset=\"https:\/\/www.deco-charpente.fr\/wp-content\/uploads\/2020\/08\/garde-crops-\u00e0-barreaudage-sur-kiosque-200x149.jpg 200w, https:\/\/www.deco-charpente.fr\/wp-content\/uploads\/2020\/08\/garde-crops-\u00e0-barreaudage-sur-kiosque-400x298.jpg 400w, https:\/\/www.deco-charpente.fr\/wp-content\/uploads\/2020\/08\/garde-crops-\u00e0-barreaudage-sur-kiosque-600x446.jpg 600w, https:\/\/www.deco-charpente.fr\/wp-content\/uploads\/2020\/08\/garde-crops-\u00e0-barreaudage-sur-kiosque-800x595.jpg 800w, https:\/\/www.deco-charpente.fr\/wp-content\/uploads\/2020\/08\/garde-crops-\u00e0-barreaudage-sur-kiosque.jpg 1191w\" sizes=\"(max-width: 1024px) 100vw, (max-width: 640px) 100vw, 600px\" \/><\/a><\/span><\/div><div class=\"fusion-text fusion-text-1001 tags\" style=\"transform:translate3d(0,0,0);\"><p>Decorative solution<\/p>\n<\/div><div class=\"fusion-text fusion-text-1002 description\" style=\"transform:translate3d(0,0,0);\"><p>Bar guardrails on kiosk<\/p>\n<\/div><\/div><\/div><style type=\"text\/css\">.fusion-body .fusion-builder-column-501{width:25% !important;margin-top : 0px;margin-bottom : 20px;}.fusion-builder-column-501 > .fusion-column-wrapper {padding-top : 0px !important;padding-right : 0px !important;margin-right : 7.68%;padding-bottom : 0px !important;padding-left : 0px !important;margin-left : 7.68%;}@media only screen and (max-width:1024px) {.fusion-body .fusion-builder-column-501{width:100% !important;order : 0;}.fusion-builder-column-501 > .fusion-column-wrapper {margin-right : 1.92%;margin-left : 1.92%;}}@media only screen and (max-width:640px) {.fusion-body .fusion-builder-column-501{width:100% !important;order : 0;}.fusion-builder-column-501 > .fusion-column-wrapper {margin-right : 1.92%;margin-left : 1.92%;}}<\/style><div class=\"fusion-layout-column fusion_builder_column fusion-builder-column-502 fusion_builder_column_1_4 1_4 fusion-flex-column img-to-filter\"><div class=\"fusion-column-wrapper fusion-flex-justify-content-flex-start fusion-content-layout-column\" style=\"background-position:left top;background-repeat:no-repeat;-webkit-background-size:cover;-moz-background-size:cover;-o-background-size:cover;background-size:cover;padding: 0px 0px 0px 0px;\"><div ><span class=\"fusion-imageframe imageframe-none imageframe-502 hover-type-none\"><a href=\"https:\/\/www.deco-charpente.fr\/wp-content\/uploads\/2020\/08\/passerelle-en-bois-autoclave-entre-2-restanques-e1651583214542.jpg\" class=\"fusion-lightbox\" data-rel=\"iLightbox[gallery-image]\" data-title=\"Passerelle en bois autoclave entre 2 restanques\" title=\"Autoclaved wooden footbridge between 2 terraces\"><img decoding=\"async\" width=\"524\" height=\"545\" src=\"https:\/\/www.deco-charpente.fr\/wp-content\/uploads\/2020\/08\/passerelle-en-bois-autoclave-entre-2-restanques-e1651583214542.jpg\" class=\"img-responsive wp-image-2446\" srcset=\"https:\/\/www.deco-charpente.fr\/wp-content\/uploads\/2020\/08\/passerelle-en-bois-autoclave-entre-2-restanques-e1651583214542-200x208.jpg 200w, https:\/\/www.deco-charpente.fr\/wp-content\/uploads\/2020\/08\/passerelle-en-bois-autoclave-entre-2-restanques-e1651583214542-400x416.jpg 400w, https:\/\/www.deco-charpente.fr\/wp-content\/uploads\/2020\/08\/passerelle-en-bois-autoclave-entre-2-restanques-e1651583214542.jpg 524w\" sizes=\"(max-width: 1024px) 100vw, (max-width: 640px) 100vw, 524px\" \/><\/a><\/span><\/div><div class=\"fusion-text fusion-text-1003 tags\" style=\"transform:translate3d(0,0,0);\"><p>Decorative solution<\/p>\n<\/div><div class=\"fusion-text fusion-text-1004 description\" style=\"transform:translate3d(0,0,0);\"><p>Autoclaved wooden footbridge between 2 terraces<\/p>\n<\/div><\/div><\/div><style type=\"text\/css\">.fusion-body .fusion-builder-column-502{width:25% !important;margin-top : 0px;margin-bottom : 20px;}.fusion-builder-column-502 > .fusion-column-wrapper {padding-top : 0px !important;padding-right : 0px !important;margin-right : 7.68%;padding-bottom : 0px !important;padding-left : 0px !important;margin-left : 7.68%;}@media only screen and (max-width:1024px) {.fusion-body .fusion-builder-column-502{width:100% !important;order : 0;}.fusion-builder-column-502 > .fusion-column-wrapper {margin-right : 1.92%;margin-left : 1.92%;}}@media only screen and (max-width:640px) {.fusion-body .fusion-builder-column-502{width:100% !important;order : 0;}.fusion-builder-column-502 > .fusion-column-wrapper {margin-right : 1.92%;margin-left : 1.92%;}}<\/style><div class=\"fusion-layout-column fusion_builder_column fusion-builder-column-503 fusion_builder_column_1_4 1_4 fusion-flex-column img-to-filter\"><div class=\"fusion-column-wrapper fusion-flex-justify-content-flex-start fusion-content-layout-column\" style=\"background-position:left top;background-repeat:no-repeat;-webkit-background-size:cover;-moz-background-size:cover;-o-background-size:cover;background-size:cover;padding: 0px 0px 0px 0px;\"><div ><span class=\"fusion-imageframe imageframe-none imageframe-503 hover-type-none\"><a href=\"https:\/\/www.deco-charpente.fr\/wp-content\/uploads\/2020\/08\/rive-en-porte-\u00e0-faux.jpg\" class=\"fusion-lightbox\" data-rel=\"iLightbox[gallery-image]\" data-title=\"Rive en porte-\u00e0-faux\" title=\"Cantilever bank\"><img decoding=\"async\" width=\"1670\" height=\"930\" src=\"https:\/\/www.deco-charpente.fr\/wp-content\/uploads\/2020\/08\/rive-en-porte-\u00e0-faux.jpg\" class=\"img-responsive wp-image-2447\" srcset=\"https:\/\/www.deco-charpente.fr\/wp-content\/uploads\/2020\/08\/rive-en-porte-\u00e0-faux-200x111.jpg 200w, https:\/\/www.deco-charpente.fr\/wp-content\/uploads\/2020\/08\/rive-en-porte-\u00e0-faux-400x223.jpg 400w, https:\/\/www.deco-charpente.fr\/wp-content\/uploads\/2020\/08\/rive-en-porte-\u00e0-faux-600x334.jpg 600w, https:\/\/www.deco-charpente.fr\/wp-content\/uploads\/2020\/08\/rive-en-porte-\u00e0-faux-800x446.jpg 800w, https:\/\/www.deco-charpente.fr\/wp-content\/uploads\/2020\/08\/rive-en-porte-\u00e0-faux-1200x668.jpg 1200w, https:\/\/www.deco-charpente.fr\/wp-content\/uploads\/2020\/08\/rive-en-porte-\u00e0-faux.jpg 1670w\" sizes=\"(max-width: 1024px) 100vw, (max-width: 640px) 100vw, 600px\" \/><\/a><\/span><\/div><div class=\"fusion-text fusion-text-1005 tags\" style=\"transform:translate3d(0,0,0);\"><p>Decorative solution<\/p>\n<\/div><div class=\"fusion-text fusion-text-1006 description\" style=\"transform:translate3d(0,0,0);\"><p>Cantilever bank<\/p>\n<\/div><\/div><\/div><style type=\"text\/css\">.fusion-body .fusion-builder-column-503{width:25% !important;margin-top : 0px;margin-bottom : 20px;}.fusion-builder-column-503 > .fusion-column-wrapper {padding-top : 0px !important;padding-right : 0px !important;margin-right : 7.68%;padding-bottom : 0px !important;padding-left : 0px !important;margin-left : 7.68%;}@media only screen and (max-width:1024px) {.fusion-body .fusion-builder-column-503{width:100% !important;order : 0;}.fusion-builder-column-503 > .fusion-column-wrapper {margin-right : 1.92%;margin-left : 1.92%;}}@media only screen and (max-width:640px) {.fusion-body .fusion-builder-column-503{width:100% !important;order : 0;}.fusion-builder-column-503 > .fusion-column-wrapper {margin-right : 1.92%;margin-left : 1.92%;}}<\/style><div class=\"fusion-layout-column fusion_builder_column fusion-builder-column-504 fusion_builder_column_1_4 1_4 fusion-flex-column img-to-filter\"><div class=\"fusion-column-wrapper fusion-flex-justify-content-flex-start fusion-content-layout-column\" style=\"background-position:left top;background-repeat:no-repeat;-webkit-background-size:cover;-moz-background-size:cover;-o-background-size:cover;background-size:cover;padding: 0px 0px 0px 0px;\"><div ><span class=\"fusion-imageframe imageframe-none imageframe-504 hover-type-none\"><a href=\"https:\/\/www.deco-charpente.fr\/wp-content\/uploads\/2020\/08\/sous-face-couverture-en-parefeuille.jpg\" class=\"fusion-lightbox\" data-rel=\"iLightbox[gallery-image]\" data-title=\"Sous face couverture en parefeuille\" title=\"Underside parefeuille cover\"><img decoding=\"async\" width=\"1440\" height=\"1080\" src=\"https:\/\/www.deco-charpente.fr\/wp-content\/uploads\/2020\/08\/sous-face-couverture-en-parefeuille.jpg\" class=\"img-responsive wp-image-2448\" srcset=\"https:\/\/www.deco-charpente.fr\/wp-content\/uploads\/2020\/08\/sous-face-couverture-en-parefeuille-200x150.jpg 200w, https:\/\/www.deco-charpente.fr\/wp-content\/uploads\/2020\/08\/sous-face-couverture-en-parefeuille-400x300.jpg 400w, https:\/\/www.deco-charpente.fr\/wp-content\/uploads\/2020\/08\/sous-face-couverture-en-parefeuille-600x450.jpg 600w, https:\/\/www.deco-charpente.fr\/wp-content\/uploads\/2020\/08\/sous-face-couverture-en-parefeuille-800x600.jpg 800w, https:\/\/www.deco-charpente.fr\/wp-content\/uploads\/2020\/08\/sous-face-couverture-en-parefeuille-1200x900.jpg 1200w, https:\/\/www.deco-charpente.fr\/wp-content\/uploads\/2020\/08\/sous-face-couverture-en-parefeuille.jpg 1440w\" sizes=\"(max-width: 1024px) 100vw, (max-width: 640px) 100vw, 600px\" \/><\/a><\/span><\/div><div class=\"fusion-text fusion-text-1007 tags\" style=\"transform:translate3d(0,0,0);\"><p>Decorative solution<\/p>\n<\/div><div class=\"fusion-text fusion-text-1008 description\" style=\"transform:translate3d(0,0,0);\"><p>Underside parefeuille cover<\/p>\n<\/div><\/div><\/div><style type=\"text\/css\">.fusion-body .fusion-builder-column-504{width:25% !important;margin-top : 0px;margin-bottom : 20px;}.fusion-builder-column-504 > .fusion-column-wrapper {padding-top : 0px !important;padding-right : 0px !important;margin-right : 7.68%;padding-bottom : 0px !important;padding-left : 0px !important;margin-left : 7.68%;}@media only screen and (max-width:1024px) {.fusion-body .fusion-builder-column-504{width:100% !important;order : 0;}.fusion-builder-column-504 > .fusion-column-wrapper {margin-right : 1.92%;margin-left : 1.92%;}}@media only screen and (max-width:640px) {.fusion-body .fusion-builder-column-504{width:100% !important;order : 0;}.fusion-builder-column-504 > .fusion-column-wrapper {margin-right : 1.92%;margin-left : 1.92%;}}<\/style><div class=\"fusion-layout-column fusion_builder_column fusion-builder-column-505 fusion_builder_column_1_4 1_4 fusion-flex-column img-to-filter\"><div class=\"fusion-column-wrapper fusion-flex-justify-content-flex-start fusion-content-layout-column\" style=\"background-position:left top;background-repeat:no-repeat;-webkit-background-size:cover;-moz-background-size:cover;-o-background-size:cover;background-size:cover;padding: 0px 0px 0px 0px;\"><div ><span class=\"fusion-imageframe imageframe-none imageframe-505 hover-type-none\"><a href=\"https:\/\/www.deco-charpente.fr\/wp-content\/uploads\/2020\/08\/escalier-bois-avec-main-courante.jpg\" class=\"fusion-lightbox\" data-rel=\"iLightbox[gallery-image]\" data-title=\"Escalier bois avec main-courante\" title=\"Wooden staircase with handrail\"><img decoding=\"async\" width=\"921\" height=\"977\" src=\"https:\/\/www.deco-charpente.fr\/wp-content\/uploads\/2020\/08\/escalier-bois-avec-main-courante.jpg\" class=\"img-responsive wp-image-2450\" srcset=\"https:\/\/www.deco-charpente.fr\/wp-content\/uploads\/2020\/08\/escalier-bois-avec-main-courante-200x212.jpg 200w, https:\/\/www.deco-charpente.fr\/wp-content\/uploads\/2020\/08\/escalier-bois-avec-main-courante-400x424.jpg 400w, https:\/\/www.deco-charpente.fr\/wp-content\/uploads\/2020\/08\/escalier-bois-avec-main-courante-600x636.jpg 600w, https:\/\/www.deco-charpente.fr\/wp-content\/uploads\/2020\/08\/escalier-bois-avec-main-courante-800x849.jpg 800w, https:\/\/www.deco-charpente.fr\/wp-content\/uploads\/2020\/08\/escalier-bois-avec-main-courante.jpg 921w\" sizes=\"(max-width: 1024px) 100vw, (max-width: 640px) 100vw, 600px\" \/><\/a><\/span><\/div><div class=\"fusion-text fusion-text-1009 tags\" style=\"transform:translate3d(0,0,0);\"><p>Decorative solution<\/p>\n<\/div><div class=\"fusion-text fusion-text-1010 description\" style=\"transform:translate3d(0,0,0);\"><p>Wooden staircase with handrail<\/p>\n<\/div><\/div><\/div><style type=\"text\/css\">.fusion-body .fusion-builder-column-505{width:25% !important;margin-top : 0px;margin-bottom : 20px;}.fusion-builder-column-505 > .fusion-column-wrapper {padding-top : 0px !important;padding-right : 0px !important;margin-right : 7.68%;padding-bottom : 0px !important;padding-left : 0px !important;margin-left : 7.68%;}@media only screen and (max-width:1024px) {.fusion-body .fusion-builder-column-505{width:100% !important;order : 0;}.fusion-builder-column-505 > .fusion-column-wrapper {margin-right : 1.92%;margin-left : 1.92%;}}@media only screen and (max-width:640px) {.fusion-body .fusion-builder-column-505{width:100% !important;order : 0;}.fusion-builder-column-505 > .fusion-column-wrapper {margin-right : 1.92%;margin-left : 1.92%;}}<\/style><div class=\"fusion-layout-column fusion_builder_column fusion-builder-column-506 fusion_builder_column_1_4 1_4 fusion-flex-column img-to-filter\"><div class=\"fusion-column-wrapper fusion-flex-justify-content-flex-start fusion-content-layout-column\" style=\"background-position:left top;background-repeat:no-repeat;-webkit-background-size:cover;-moz-background-size:cover;-o-background-size:cover;background-size:cover;padding: 0px 0px 0px 0px;\"><div ><span class=\"fusion-imageframe imageframe-none imageframe-506 hover-type-none\"><a href=\"https:\/\/www.deco-charpente.fr\/wp-content\/uploads\/2020\/08\/garde-corps-en-bois-sur-balcon.jpg\" class=\"fusion-lightbox\" data-rel=\"iLightbox[gallery-image]\" data-title=\"Garde-corps en bois sur balcon\" title=\"Wooden railing on balcony\"><img decoding=\"async\" width=\"853\" height=\"451\" src=\"https:\/\/www.deco-charpente.fr\/wp-content\/uploads\/2020\/08\/garde-corps-en-bois-sur-balcon.jpg\" class=\"img-responsive wp-image-2449\" srcset=\"https:\/\/www.deco-charpente.fr\/wp-content\/uploads\/2020\/08\/garde-corps-en-bois-sur-balcon-200x106.jpg 200w, https:\/\/www.deco-charpente.fr\/wp-content\/uploads\/2020\/08\/garde-corps-en-bois-sur-balcon-400x211.jpg 400w, https:\/\/www.deco-charpente.fr\/wp-content\/uploads\/2020\/08\/garde-corps-en-bois-sur-balcon-600x317.jpg 600w, https:\/\/www.deco-charpente.fr\/wp-content\/uploads\/2020\/08\/garde-corps-en-bois-sur-balcon-800x423.jpg 800w, https:\/\/www.deco-charpente.fr\/wp-content\/uploads\/2020\/08\/garde-corps-en-bois-sur-balcon.jpg 853w\" sizes=\"(max-width: 1024px) 100vw, (max-width: 640px) 100vw, 600px\" \/><\/a><\/span><\/div><div class=\"fusion-text fusion-text-1011 tags\" style=\"transform:translate3d(0,0,0);\"><p>Decorative solution<\/p>\n<\/div><div class=\"fusion-text fusion-text-1012 description\" style=\"transform:translate3d(0,0,0);\"><p>Wooden railing on balcony<\/p>\n<\/div><\/div><\/div><style type=\"text\/css\">.fusion-body .fusion-builder-column-506{width:25% !important;margin-top : 0px;margin-bottom : 20px;}.fusion-builder-column-506 > .fusion-column-wrapper {padding-top : 0px !important;padding-right : 0px !important;margin-right : 7.68%;padding-bottom : 0px !important;padding-left : 0px !important;margin-left : 7.68%;}@media only screen and (max-width:1024px) {.fusion-body .fusion-builder-column-506{width:100% !important;order : 0;}.fusion-builder-column-506 > .fusion-column-wrapper {margin-right : 1.92%;margin-left : 1.92%;}}@media only screen and (max-width:640px) {.fusion-body .fusion-builder-column-506{width:100% !important;order : 0;}.fusion-builder-column-506 > .fusion-column-wrapper {margin-right : 1.92%;margin-left : 1.92%;}}<\/style><div class=\"fusion-layout-column fusion_builder_column fusion-builder-column-507 fusion_builder_column_1_4 1_4 fusion-flex-column img-to-filter\"><div class=\"fusion-column-wrapper fusion-flex-justify-content-flex-start fusion-content-layout-column\" style=\"background-position:left top;background-repeat:no-repeat;-webkit-background-size:cover;-moz-background-size:cover;-o-background-size:cover;background-size:cover;padding: 0px 0px 0px 0px;\"><div ><span class=\"fusion-imageframe imageframe-none imageframe-507 hover-type-none\"><a href=\"https:\/\/www.deco-charpente.fr\/wp-content\/uploads\/2020\/08\/finition-avec-poin\u00e7on-flottant.jpg\" class=\"fusion-lightbox\" data-rel=\"iLightbox[gallery-image]\" data-title=\"Finition avec poin\u00e7on flottant\" title=\"Finished with floating punch\"><img decoding=\"async\" width=\"800\" height=\"600\" src=\"https:\/\/www.deco-charpente.fr\/wp-content\/uploads\/2020\/08\/finition-avec-poin\u00e7on-flottant.jpg\" class=\"img-responsive wp-image-2453\" srcset=\"https:\/\/www.deco-charpente.fr\/wp-content\/uploads\/2020\/08\/finition-avec-poin\u00e7on-flottant-200x150.jpg 200w, https:\/\/www.deco-charpente.fr\/wp-content\/uploads\/2020\/08\/finition-avec-poin\u00e7on-flottant-400x300.jpg 400w, https:\/\/www.deco-charpente.fr\/wp-content\/uploads\/2020\/08\/finition-avec-poin\u00e7on-flottant-600x450.jpg 600w, https:\/\/www.deco-charpente.fr\/wp-content\/uploads\/2020\/08\/finition-avec-poin\u00e7on-flottant.jpg 800w\" sizes=\"(max-width: 1024px) 100vw, (max-width: 640px) 100vw, 600px\" \/><\/a><\/span><\/div><div class=\"fusion-text fusion-text-1013 tags\" style=\"transform:translate3d(0,0,0);\"><p>Decorative solution<\/p>\n<\/div><div class=\"fusion-text fusion-text-1014 description\" style=\"transform:translate3d(0,0,0);\"><p>Finished with floating punch<\/p>\n<\/div><\/div><\/div><style type=\"text\/css\">.fusion-body .fusion-builder-column-507{width:25% !important;margin-top : 0px;margin-bottom : 20px;}.fusion-builder-column-507 > .fusion-column-wrapper {padding-top : 0px !important;padding-right : 0px !important;margin-right : 7.68%;padding-bottom : 0px !important;padding-left : 0px !important;margin-left : 7.68%;}@media only screen and (max-width:1024px) {.fusion-body .fusion-builder-column-507{width:100% !important;order : 0;}.fusion-builder-column-507 > .fusion-column-wrapper {margin-right : 1.92%;margin-left : 1.92%;}}@media only screen and (max-width:640px) {.fusion-body .fusion-builder-column-507{width:100% !important;order : 0;}.fusion-builder-column-507 > .fusion-column-wrapper {margin-right : 1.92%;margin-left : 1.92%;}}<\/style><div class=\"fusion-layout-column fusion_builder_column fusion-builder-column-508 fusion_builder_column_1_4 1_4 fusion-flex-column img-to-filter\"><div class=\"fusion-column-wrapper fusion-flex-justify-content-flex-start fusion-content-layout-column\" style=\"background-position:left top;background-repeat:no-repeat;-webkit-background-size:cover;-moz-background-size:cover;-o-background-size:cover;background-size:cover;padding: 0px 0px 0px 0px;\"><div ><span class=\"fusion-imageframe imageframe-none imageframe-508 hover-type-none\"><a href=\"https:\/\/www.deco-charpente.fr\/wp-content\/uploads\/2020\/08\/palissade-en-bois-autoclave-e1651583320203.jpg\" class=\"fusion-lightbox\" data-rel=\"iLightbox[gallery-image]\" data-title=\"Palissade en bois autoclave\" title=\"Autoclave wooden palisade\"><img decoding=\"async\" width=\"674\" height=\"764\" src=\"https:\/\/www.deco-charpente.fr\/wp-content\/uploads\/2020\/08\/palissade-en-bois-autoclave-e1651583320203.jpg\" class=\"img-responsive wp-image-2454\" srcset=\"https:\/\/www.deco-charpente.fr\/wp-content\/uploads\/2020\/08\/palissade-en-bois-autoclave-e1651583320203-200x227.jpg 200w, https:\/\/www.deco-charpente.fr\/wp-content\/uploads\/2020\/08\/palissade-en-bois-autoclave-e1651583320203-400x453.jpg 400w, https:\/\/www.deco-charpente.fr\/wp-content\/uploads\/2020\/08\/palissade-en-bois-autoclave-e1651583320203-600x680.jpg 600w, https:\/\/www.deco-charpente.fr\/wp-content\/uploads\/2020\/08\/palissade-en-bois-autoclave-e1651583320203.jpg 674w\" sizes=\"(max-width: 1024px) 100vw, (max-width: 640px) 100vw, 600px\" \/><\/a><\/span><\/div><div class=\"fusion-text fusion-text-1015 tags\" style=\"transform:translate3d(0,0,0);\"><p>Decorative solution<\/p>\n<\/div><div class=\"fusion-text fusion-text-1016 description\" style=\"transform:translate3d(0,0,0);\"><p>Finished with floating punch<\/p>\n<\/div><\/div><\/div><style type=\"text\/css\">.fusion-body .fusion-builder-column-508{width:25% !important;margin-top : 0px;margin-bottom : 20px;}.fusion-builder-column-508 > .fusion-column-wrapper {padding-top : 0px !important;padding-right : 0px !important;margin-right : 7.68%;padding-bottom : 0px !important;padding-left : 0px !important;margin-left : 7.68%;}@media only screen and (max-width:1024px) {.fusion-body .fusion-builder-column-508{width:100% !important;order : 0;}.fusion-builder-column-508 > .fusion-column-wrapper {margin-right : 1.92%;margin-left : 1.92%;}}@media only screen and (max-width:640px) {.fusion-body .fusion-builder-column-508{width:100% !important;order : 0;}.fusion-builder-column-508 > .fusion-column-wrapper {margin-right : 1.92%;margin-left : 1.92%;}}<\/style><div class=\"fusion-layout-column fusion_builder_column fusion-builder-column-509 fusion_builder_column_1_4 1_4 fusion-flex-column img-to-filter\"><div class=\"fusion-column-wrapper fusion-flex-justify-content-flex-start fusion-content-layout-column\" style=\"background-position:left top;background-repeat:no-repeat;-webkit-background-size:cover;-moz-background-size:cover;-o-background-size:cover;background-size:cover;padding: 0px 0px 0px 0px;\"><div ><span class=\"fusion-imageframe imageframe-none imageframe-509 hover-type-none\"><a href=\"https:\/\/www.deco-charpente.fr\/wp-content\/uploads\/2020\/08\/balcons-bois-sur\u00e9lev\u00e9s-garde-corps-\u00e0-barreaudage.jpg\" class=\"fusion-lightbox\" data-rel=\"iLightbox[gallery-image]\" data-title=\"Balcons bois sur\u00e9lev\u00e9s garde-corps \u00e0 barreaudage\" title=\"Raised wooden balconies with railings\"><img decoding=\"async\" width=\"1024\" height=\"768\" alt=\"Balcons bois sur\u00e9lev\u00e9s garde-corps \u00e0 barreaudage\" src=\"https:\/\/www.deco-charpente.fr\/wp-content\/uploads\/2020\/08\/balcons-bois-sur\u00e9lev\u00e9s-garde-corps-\u00e0-barreaudage.jpg\" class=\"img-responsive wp-image-2455\" srcset=\"https:\/\/www.deco-charpente.fr\/wp-content\/uploads\/2020\/08\/balcons-bois-sur\u00e9lev\u00e9s-garde-corps-\u00e0-barreaudage-200x150.jpg 200w, https:\/\/www.deco-charpente.fr\/wp-content\/uploads\/2020\/08\/balcons-bois-sur\u00e9lev\u00e9s-garde-corps-\u00e0-barreaudage-400x300.jpg 400w, https:\/\/www.deco-charpente.fr\/wp-content\/uploads\/2020\/08\/balcons-bois-sur\u00e9lev\u00e9s-garde-corps-\u00e0-barreaudage-600x450.jpg 600w, https:\/\/www.deco-charpente.fr\/wp-content\/uploads\/2020\/08\/balcons-bois-sur\u00e9lev\u00e9s-garde-corps-\u00e0-barreaudage-800x600.jpg 800w, https:\/\/www.deco-charpente.fr\/wp-content\/uploads\/2020\/08\/balcons-bois-sur\u00e9lev\u00e9s-garde-corps-\u00e0-barreaudage.jpg 1024w\" sizes=\"(max-width: 1024px) 100vw, (max-width: 640px) 100vw, 600px\" \/><\/a><\/span><\/div><div class=\"fusion-text fusion-text-1017 tags\" style=\"transform:translate3d(0,0,0);\"><p>Decorative solution<\/p>\n<\/div><div class=\"fusion-text fusion-text-1018 description\" style=\"transform:translate3d(0,0,0);\"><p>Raised wooden balconies with railings<\/p>\n<\/div><\/div><\/div><style type=\"text\/css\">.fusion-body .fusion-builder-column-509{width:25% !important;margin-top : 0px;margin-bottom : 20px;}.fusion-builder-column-509 > .fusion-column-wrapper {padding-top : 0px !important;padding-right : 0px !important;margin-right : 7.68%;padding-bottom : 0px !important;padding-left : 0px !important;margin-left : 7.68%;}@media only screen and (max-width:1024px) {.fusion-body .fusion-builder-column-509{width:100% !important;order : 0;}.fusion-builder-column-509 > .fusion-column-wrapper {margin-right : 1.92%;margin-left : 1.92%;}}@media only screen and (max-width:640px) {.fusion-body .fusion-builder-column-509{width:100% !important;order : 0;}.fusion-builder-column-509 > .fusion-column-wrapper {margin-right : 1.92%;margin-left : 1.92%;}}<\/style><div class=\"fusion-layout-column fusion_builder_column fusion-builder-column-510 fusion_builder_column_1_4 1_4 fusion-flex-column img-to-filter\"><div class=\"fusion-column-wrapper fusion-flex-justify-content-flex-start fusion-content-layout-column\" style=\"background-position:left top;background-repeat:no-repeat;-webkit-background-size:cover;-moz-background-size:cover;-o-background-size:cover;background-size:cover;padding: 0px 0px 0px 0px;\"><div ><span class=\"fusion-imageframe imageframe-none imageframe-510 hover-type-none\"><a href=\"https:\/\/www.deco-charpente.fr\/wp-content\/uploads\/2023\/08\/Appentis-avec-garde-corps.jpg\" class=\"fusion-lightbox\" data-rel=\"iLightbox[gallery-image]\" data-title=\"Appentis avec garde corps\" title=\"Lean-to with guardrail\"><img decoding=\"async\" width=\"2000\" height=\"1500\" alt=\"Appentis avec garde corps\" src=\"https:\/\/www.deco-charpente.fr\/wp-content\/uploads\/2023\/08\/Appentis-avec-garde-corps.jpg\" class=\"img-responsive wp-image-8909\" srcset=\"https:\/\/www.deco-charpente.fr\/wp-content\/uploads\/2023\/08\/Appentis-avec-garde-corps-200x150.webp 200w, https:\/\/www.deco-charpente.fr\/wp-content\/uploads\/2023\/08\/Appentis-avec-garde-corps-300x225.webp 300w, https:\/\/www.deco-charpente.fr\/wp-content\/uploads\/2023\/08\/Appentis-avec-garde-corps-400x300.webp 400w, https:\/\/www.deco-charpente.fr\/wp-content\/uploads\/2023\/08\/Appentis-avec-garde-corps-600x450.webp 600w, https:\/\/www.deco-charpente.fr\/wp-content\/uploads\/2023\/08\/Appentis-avec-garde-corps-768x576.webp 768w, https:\/\/www.deco-charpente.fr\/wp-content\/uploads\/2023\/08\/Appentis-avec-garde-corps-800x600.webp 800w, https:\/\/www.deco-charpente.fr\/wp-content\/uploads\/2023\/08\/Appentis-avec-garde-corps-1024x768.webp 1024w, https:\/\/www.deco-charpente.fr\/wp-content\/uploads\/2023\/08\/Appentis-avec-garde-corps-1200x900.webp 1200w, https:\/\/www.deco-charpente.fr\/wp-content\/uploads\/2023\/08\/Appentis-avec-garde-corps-1536x1152.webp 1536w, https:\/\/www.deco-charpente.fr\/wp-content\/uploads\/2023\/08\/Appentis-avec-garde-corps.jpg 2000w\" sizes=\"(max-width: 1024px) 100vw, (max-width: 640px) 100vw, 600px\" \/><\/a><\/span><\/div><div class=\"fusion-text fusion-text-1019 tags\" style=\"transform:translate3d(0,0,0);\"><p>Decorative solution<\/p>\n<\/div><div class=\"fusion-text fusion-text-1020 description\" style=\"transform:translate3d(0,0,0);\"><p>Saint Andrew cross railing<\/p>\n<\/div><\/div><\/div><style type=\"text\/css\">.fusion-body .fusion-builder-column-510{width:25% !important;margin-top : 0px;margin-bottom : 20px;}.fusion-builder-column-510 > .fusion-column-wrapper {padding-top : 0px !important;padding-right : 0px !important;margin-right : 7.68%;padding-bottom : 0px !important;padding-left : 0px !important;margin-left : 7.68%;}@media only screen and (max-width:1024px) {.fusion-body .fusion-builder-column-510{width:100% !important;order : 0;}.fusion-builder-column-510 > .fusion-column-wrapper {margin-right : 1.92%;margin-left : 1.92%;}}@media only screen and (max-width:640px) {.fusion-body .fusion-builder-column-510{width:100% !important;order : 0;}.fusion-builder-column-510 > .fusion-column-wrapper {margin-right : 1.92%;margin-left : 1.92%;}}<\/style><div class=\"fusion-layout-column fusion_builder_column fusion-builder-column-511 fusion_builder_column_1_4 1_4 fusion-flex-column img-to-filter\"><div class=\"fusion-column-wrapper fusion-flex-justify-content-flex-start fusion-content-layout-column\" style=\"background-position:left top;background-repeat:no-repeat;-webkit-background-size:cover;-moz-background-size:cover;-o-background-size:cover;background-size:cover;padding: 0px 0px 0px 0px;\"><div ><span class=\"fusion-imageframe imageframe-none imageframe-511 hover-type-none\"><a href=\"https:\/\/www.deco-charpente.fr\/wp-content\/uploads\/2020\/08\/garde-corps-\u00e0-croix-saint-andr\u00e9.jpg\" class=\"fusion-lightbox\" data-rel=\"iLightbox[gallery-image]\" data-title=\"Garde-corps \u00e0 croix saint andr\u00e9\" title=\"Saint Andrew cross railing\"><img decoding=\"async\" width=\"1024\" height=\"768\" src=\"https:\/\/www.deco-charpente.fr\/wp-content\/uploads\/2020\/08\/garde-corps-\u00e0-croix-saint-andr\u00e9.jpg\" class=\"img-responsive wp-image-2456\" srcset=\"https:\/\/www.deco-charpente.fr\/wp-content\/uploads\/2020\/08\/garde-corps-\u00e0-croix-saint-andr\u00e9-200x150.jpg 200w, https:\/\/www.deco-charpente.fr\/wp-content\/uploads\/2020\/08\/garde-corps-\u00e0-croix-saint-andr\u00e9-400x300.jpg 400w, https:\/\/www.deco-charpente.fr\/wp-content\/uploads\/2020\/08\/garde-corps-\u00e0-croix-saint-andr\u00e9-600x450.jpg 600w, https:\/\/www.deco-charpente.fr\/wp-content\/uploads\/2020\/08\/garde-corps-\u00e0-croix-saint-andr\u00e9-800x600.jpg 800w, https:\/\/www.deco-charpente.fr\/wp-content\/uploads\/2020\/08\/garde-corps-\u00e0-croix-saint-andr\u00e9.jpg 1024w\" sizes=\"(max-width: 1024px) 100vw, (max-width: 640px) 100vw, 600px\" \/><\/a><\/span><\/div><div class=\"fusion-text fusion-text-1021 tags\" style=\"transform:translate3d(0,0,0);\"><p>Decorative solution<\/p>\n<\/div><div class=\"fusion-text fusion-text-1022 description\" style=\"transform:translate3d(0,0,0);\"><p>Saint Andrew cross railing<\/p>\n<\/div><\/div><\/div><style type=\"text\/css\">.fusion-body .fusion-builder-column-511{width:25% !important;margin-top : 0px;margin-bottom : 20px;}.fusion-builder-column-511 > .fusion-column-wrapper {padding-top : 0px !important;padding-right : 0px !important;margin-right : 7.68%;padding-bottom : 0px !important;padding-left : 0px !important;margin-left : 7.68%;}@media only screen and (max-width:1024px) {.fusion-body .fusion-builder-column-511{width:100% !important;order : 0;}.fusion-builder-column-511 > .fusion-column-wrapper {margin-right : 1.92%;margin-left : 1.92%;}}@media only screen and (max-width:640px) {.fusion-body .fusion-builder-column-511{width:100% !important;order : 0;}.fusion-builder-column-511 > .fusion-column-wrapper {margin-right : 1.92%;margin-left : 1.92%;}}<\/style><div class=\"fusion-layout-column fusion_builder_column fusion-builder-column-512 fusion_builder_column_1_4 1_4 fusion-flex-column img-to-filter\"><div class=\"fusion-column-wrapper fusion-flex-justify-content-flex-start fusion-content-layout-column\" style=\"background-position:left top;background-repeat:no-repeat;-webkit-background-size:cover;-moz-background-size:cover;-o-background-size:cover;background-size:cover;padding: 0px 0px 0px 0px;\"><div ><span class=\"fusion-imageframe imageframe-none imageframe-512 hover-type-none\"><a href=\"https:\/\/www.deco-charpente.fr\/wp-content\/uploads\/2020\/08\/panneau-jalousie-pour-brise-vue.jpg\" class=\"fusion-lightbox\" data-rel=\"iLightbox[gallery-image]\" data-title=\"Panneau jalousie pour brise-vue\" title=\"Jalousie panel for privacy screen\"><img decoding=\"async\" width=\"1024\" height=\"768\" src=\"https:\/\/www.deco-charpente.fr\/wp-content\/uploads\/2020\/08\/panneau-jalousie-pour-brise-vue.jpg\" class=\"img-responsive wp-image-2457\" srcset=\"https:\/\/www.deco-charpente.fr\/wp-content\/uploads\/2020\/08\/panneau-jalousie-pour-brise-vue-200x150.jpg 200w, https:\/\/www.deco-charpente.fr\/wp-content\/uploads\/2020\/08\/panneau-jalousie-pour-brise-vue-400x300.jpg 400w, https:\/\/www.deco-charpente.fr\/wp-content\/uploads\/2020\/08\/panneau-jalousie-pour-brise-vue-600x450.jpg 600w, https:\/\/www.deco-charpente.fr\/wp-content\/uploads\/2020\/08\/panneau-jalousie-pour-brise-vue-800x600.jpg 800w, https:\/\/www.deco-charpente.fr\/wp-content\/uploads\/2020\/08\/panneau-jalousie-pour-brise-vue.jpg 1024w\" sizes=\"(max-width: 1024px) 100vw, (max-width: 640px) 100vw, 600px\" \/><\/a><\/span><\/div><div class=\"fusion-text fusion-text-1023 tags\" style=\"transform:translate3d(0,0,0);\"><p>Decorative solution<\/p>\n<\/div><div class=\"fusion-text fusion-text-1024 description\" style=\"transform:translate3d(0,0,0);\"><p>Jalousie panel for privacy screen<\/p>\n<\/div><\/div><\/div><style type=\"text\/css\">.fusion-body .fusion-builder-column-512{width:25% !important;margin-top : 0px;margin-bottom : 20px;}.fusion-builder-column-512 > .fusion-column-wrapper {padding-top : 0px !important;padding-right : 0px !important;margin-right : 7.68%;padding-bottom : 0px !important;padding-left : 0px !important;margin-left : 7.68%;}@media only screen and (max-width:1024px) {.fusion-body .fusion-builder-column-512{width:100% !important;order : 0;}.fusion-builder-column-512 > .fusion-column-wrapper {margin-right : 1.92%;margin-left : 1.92%;}}@media only screen and (max-width:640px) {.fusion-body .fusion-builder-column-512{width:100% !important;order : 0;}.fusion-builder-column-512 > .fusion-column-wrapper {margin-right : 1.92%;margin-left : 1.92%;}}<\/style><div class=\"fusion-layout-column fusion_builder_column fusion-builder-column-513 fusion_builder_column_1_4 1_4 fusion-flex-column img-to-filter\"><div class=\"fusion-column-wrapper fusion-flex-justify-content-flex-start fusion-content-layout-column\" style=\"background-position:left top;background-repeat:no-repeat;-webkit-background-size:cover;-moz-background-size:cover;-o-background-size:cover;background-size:cover;padding: 0px 0px 0px 0px;\"><div ><span class=\"fusion-imageframe imageframe-none imageframe-513 hover-type-none\"><a href=\"https:\/\/www.deco-charpente.fr\/wp-content\/uploads\/2023\/08\/Pare-vue.jpg\" class=\"fusion-lightbox\" data-rel=\"iLightbox[gallery-image]\" data-title=\"Pare-vue\" title=\"Privacy screen\"><img decoding=\"async\" width=\"1159\" height=\"870\" src=\"https:\/\/www.deco-charpente.fr\/wp-content\/uploads\/2023\/08\/Pare-vue.jpg\" class=\"img-responsive wp-image-8889\"\/><\/a><\/span><\/div><div class=\"fusion-text fusion-text-1025 tags\" style=\"transform:translate3d(0,0,0);\"><p>Decorative solution<\/p>\n<\/div><div class=\"fusion-text fusion-text-1026 description\" style=\"transform:translate3d(0,0,0);\"><p>Exotic wood shutter<\/p>\n<\/div><\/div><\/div><style type=\"text\/css\">.fusion-body .fusion-builder-column-513{width:25% !important;margin-top : 0px;margin-bottom : 20px;}.fusion-builder-column-513 > .fusion-column-wrapper {padding-top : 0px !important;padding-right : 0px !important;margin-right : 7.68%;padding-bottom : 0px !important;padding-left : 0px !important;margin-left : 7.68%;}@media only screen and (max-width:1024px) {.fusion-body .fusion-builder-column-513{width:100% !important;order : 0;}.fusion-builder-column-513 > .fusion-column-wrapper {margin-right : 1.92%;margin-left : 1.92%;}}@media only screen and (max-width:640px) {.fusion-body .fusion-builder-column-513{width:100% !important;order : 0;}.fusion-builder-column-513 > .fusion-column-wrapper {margin-right : 1.92%;margin-left : 1.92%;}}<\/style><div class=\"fusion-layout-column fusion_builder_column fusion-builder-column-514 fusion_builder_column_1_4 1_4 fusion-flex-column img-to-filter\"><div class=\"fusion-column-wrapper fusion-flex-justify-content-flex-start fusion-content-layout-column\" style=\"background-position:left top;background-repeat:no-repeat;-webkit-background-size:cover;-moz-background-size:cover;-o-background-size:cover;background-size:cover;padding: 0px 0px 0px 0px;\"><div ><span class=\"fusion-imageframe imageframe-none imageframe-514 hover-type-none\"><a href=\"https:\/\/www.deco-charpente.fr\/wp-content\/uploads\/2020\/08\/Brise-vue-persienne-en-bois-exotique.jpg\" class=\"fusion-lightbox\" data-rel=\"iLightbox[gallery-image]\" data-title=\"Brise-vue persienne en bois exotique\" title=\"Exotic wood shutter\"><img decoding=\"async\" width=\"1024\" height=\"768\" src=\"https:\/\/www.deco-charpente.fr\/wp-content\/uploads\/2020\/08\/Brise-vue-persienne-en-bois-exotique.jpg\" class=\"img-responsive wp-image-2460\" srcset=\"https:\/\/www.deco-charpente.fr\/wp-content\/uploads\/2020\/08\/Brise-vue-persienne-en-bois-exotique-200x150.jpg 200w, https:\/\/www.deco-charpente.fr\/wp-content\/uploads\/2020\/08\/Brise-vue-persienne-en-bois-exotique-400x300.jpg 400w, https:\/\/www.deco-charpente.fr\/wp-content\/uploads\/2020\/08\/Brise-vue-persienne-en-bois-exotique-600x450.jpg 600w, https:\/\/www.deco-charpente.fr\/wp-content\/uploads\/2020\/08\/Brise-vue-persienne-en-bois-exotique-800x600.jpg 800w, https:\/\/www.deco-charpente.fr\/wp-content\/uploads\/2020\/08\/Brise-vue-persienne-en-bois-exotique.jpg 1024w\" sizes=\"(max-width: 1024px) 100vw, (max-width: 640px) 100vw, 600px\" \/><\/a><\/span><\/div><div class=\"fusion-text fusion-text-1027 tags\" style=\"transform:translate3d(0,0,0);\"><p>Decorative solution<\/p>\n<\/div><div class=\"fusion-text fusion-text-1028 description\" style=\"transform:translate3d(0,0,0);\"><p>Exotic wood shutter<\/p>\n<\/div><\/div><\/div><style type=\"text\/css\">.fusion-body .fusion-builder-column-514{width:25% !important;margin-top : 0px;margin-bottom : 20px;}.fusion-builder-column-514 > .fusion-column-wrapper {padding-top : 0px !important;padding-right : 0px !important;margin-right : 7.68%;padding-bottom : 0px !important;padding-left : 0px !important;margin-left : 7.68%;}@media only screen and (max-width:1024px) {.fusion-body .fusion-builder-column-514{width:100% !important;order : 0;}.fusion-builder-column-514 > .fusion-column-wrapper {margin-right : 1.92%;margin-left : 1.92%;}}@media only screen and (max-width:640px) {.fusion-body .fusion-builder-column-514{width:100% !important;order : 0;}.fusion-builder-column-514 > .fusion-column-wrapper {margin-right : 1.92%;margin-left : 1.92%;}}<\/style><div class=\"fusion-layout-column fusion_builder_column fusion-builder-column-515 fusion_builder_column_1_4 1_4 fusion-flex-column img-to-filter\"><div class=\"fusion-column-wrapper fusion-flex-justify-content-flex-start fusion-content-layout-column\" style=\"background-position:left top;background-repeat:no-repeat;-webkit-background-size:cover;-moz-background-size:cover;-o-background-size:cover;background-size:cover;padding: 0px 0px 0px 0px;\"><div ><span class=\"fusion-imageframe imageframe-none imageframe-515 hover-type-none\"><a href=\"https:\/\/www.deco-charpente.fr\/wp-content\/uploads\/2020\/08\/solution-d\u00e9corative-sur-terrasse-1.jpg\" class=\"fusion-lightbox\" data-rel=\"iLightbox[gallery-image]\" data-title=\"Solution d\u00e9corative sur terrasse\" title=\"Decorative solution on terrace\"><img decoding=\"async\" width=\"1081\" height=\"1080\" src=\"https:\/\/www.deco-charpente.fr\/wp-content\/uploads\/2020\/08\/solution-d\u00e9corative-sur-terrasse-1.jpg\" class=\"img-responsive wp-image-2674\" srcset=\"https:\/\/www.deco-charpente.fr\/wp-content\/uploads\/2020\/08\/solution-d\u00e9corative-sur-terrasse-1-200x200.jpg 200w, https:\/\/www.deco-charpente.fr\/wp-content\/uploads\/2020\/08\/solution-d\u00e9corative-sur-terrasse-1-400x400.jpg 400w, https:\/\/www.deco-charpente.fr\/wp-content\/uploads\/2020\/08\/solution-d\u00e9corative-sur-terrasse-1-600x599.jpg 600w, https:\/\/www.deco-charpente.fr\/wp-content\/uploads\/2020\/08\/solution-d\u00e9corative-sur-terrasse-1-800x799.jpg 800w, https:\/\/www.deco-charpente.fr\/wp-content\/uploads\/2020\/08\/solution-d\u00e9corative-sur-terrasse-1.jpg 1081w\" sizes=\"(max-width: 1024px) 100vw, (max-width: 640px) 100vw, 600px\" \/><\/a><\/span><\/div><div class=\"fusion-text fusion-text-1029 tags\" style=\"transform:translate3d(0,0,0);\"><p>Decorative solution<\/p>\n<\/div><div class=\"fusion-text fusion-text-1030 description\" style=\"transform:translate3d(0,0,0);\"><p>Decorative solution on terrace<\/p>\n<\/div><\/div><\/div><style type=\"text\/css\">.fusion-body .fusion-builder-column-515{width:25% !important;margin-top : 0px;margin-bottom : 20px;}.fusion-builder-column-515 > .fusion-column-wrapper {padding-top : 0px !important;padding-right : 0px !important;margin-right : 7.68%;padding-bottom : 0px !important;padding-left : 0px !important;margin-left : 7.68%;}@media only screen and (max-width:1024px) {.fusion-body .fusion-builder-column-515{width:100% !important;order : 0;}.fusion-builder-column-515 > .fusion-column-wrapper {margin-right : 1.92%;margin-left : 1.92%;}}@media only screen and (max-width:640px) {.fusion-body .fusion-builder-column-515{width:100% !important;order : 0;}.fusion-builder-column-515 > .fusion-column-wrapper {margin-right : 1.92%;margin-left : 1.92%;}}<\/style><div class=\"fusion-layout-column fusion_builder_column fusion-builder-column-516 fusion_builder_column_1_4 1_4 fusion-flex-column img-to-filter\"><div class=\"fusion-column-wrapper fusion-flex-justify-content-flex-start fusion-content-layout-column\" style=\"background-position:left top;background-repeat:no-repeat;-webkit-background-size:cover;-moz-background-size:cover;-o-background-size:cover;background-size:cover;padding: 0px 0px 0px 0px;\"><div ><span class=\"fusion-imageframe imageframe-none imageframe-516 hover-type-none\"><a href=\"https:\/\/www.deco-charpente.fr\/wp-content\/uploads\/2020\/08\/panneau-jalousie-vue-int\u00e9rieure-1.jpg\" class=\"fusion-lightbox\" data-rel=\"iLightbox[gallery-image]\" data-title=\"Panneau jalousie vue int\u00e9rieure\" title=\"Jalousie panel interior view\"><img decoding=\"async\" width=\"1024\" height=\"768\" src=\"https:\/\/www.deco-charpente.fr\/wp-content\/uploads\/2020\/08\/panneau-jalousie-vue-int\u00e9rieure-1.jpg\" class=\"img-responsive wp-image-2673\" srcset=\"https:\/\/www.deco-charpente.fr\/wp-content\/uploads\/2020\/08\/panneau-jalousie-vue-int\u00e9rieure-1-200x150.jpg 200w, https:\/\/www.deco-charpente.fr\/wp-content\/uploads\/2020\/08\/panneau-jalousie-vue-int\u00e9rieure-1-400x300.jpg 400w, https:\/\/www.deco-charpente.fr\/wp-content\/uploads\/2020\/08\/panneau-jalousie-vue-int\u00e9rieure-1-600x450.jpg 600w, https:\/\/www.deco-charpente.fr\/wp-content\/uploads\/2020\/08\/panneau-jalousie-vue-int\u00e9rieure-1-800x600.jpg 800w, https:\/\/www.deco-charpente.fr\/wp-content\/uploads\/2020\/08\/panneau-jalousie-vue-int\u00e9rieure-1.jpg 1024w\" sizes=\"(max-width: 1024px) 100vw, (max-width: 640px) 100vw, 600px\" \/><\/a><\/span><\/div><div class=\"fusion-text fusion-text-1031 tags\" style=\"transform:translate3d(0,0,0);\"><p>Decorative solution<\/p>\n<\/div><div class=\"fusion-text fusion-text-1032 description\" style=\"transform:translate3d(0,0,0);\"><p>Jalousie panel interior view<\/p>\n<\/div><\/div><\/div><style type=\"text\/css\">.fusion-body .fusion-builder-column-516{width:25% !important;margin-top : 0px;margin-bottom : 20px;}.fusion-builder-column-516 > .fusion-column-wrapper {padding-top : 0px !important;padding-right : 0px !important;margin-right : 7.68%;padding-bottom : 0px !important;padding-left : 0px !important;margin-left : 7.68%;}@media only screen and (max-width:1024px) {.fusion-body .fusion-builder-column-516{width:100% !important;order : 0;}.fusion-builder-column-516 > .fusion-column-wrapper {margin-right : 1.92%;margin-left : 1.92%;}}@media only screen and (max-width:640px) {.fusion-body .fusion-builder-column-516{width:100% !important;order : 0;}.fusion-builder-column-516 > .fusion-column-wrapper {margin-right : 1.92%;margin-left : 1.92%;}}<\/style><div class=\"fusion-layout-column fusion_builder_column fusion-builder-column-517 fusion_builder_column_1_4 1_4 fusion-flex-column img-to-filter\"><div class=\"fusion-column-wrapper fusion-flex-justify-content-flex-start fusion-content-layout-column\" style=\"background-position:left top;background-repeat:no-repeat;-webkit-background-size:cover;-moz-background-size:cover;-o-background-size:cover;background-size:cover;padding: 0px 0px 0px 0px;\"><div ><span class=\"fusion-imageframe imageframe-none imageframe-517 hover-type-none\"><a href=\"https:\/\/www.deco-charpente.fr\/wp-content\/uploads\/2021\/09\/restaurant-appentis-bois.jpg\" class=\"fusion-lightbox\" data-rel=\"iLightbox[gallery-image]\" data-title=\"restaurant-appentis-bois\" title=\"restaurant-leaning-wood\"><img decoding=\"async\" width=\"921\" height=\"691\" alt=\"restaurant-appentis-bois\" src=\"https:\/\/www.deco-charpente.fr\/wp-content\/uploads\/2021\/09\/restaurant-appentis-bois.jpg\" class=\"img-responsive wp-image-5140\" srcset=\"https:\/\/www.deco-charpente.fr\/wp-content\/uploads\/2021\/09\/restaurant-appentis-bois-200x150.jpg 200w, https:\/\/www.deco-charpente.fr\/wp-content\/uploads\/2021\/09\/restaurant-appentis-bois-400x300.jpg 400w, https:\/\/www.deco-charpente.fr\/wp-content\/uploads\/2021\/09\/restaurant-appentis-bois-600x450.jpg 600w, https:\/\/www.deco-charpente.fr\/wp-content\/uploads\/2021\/09\/restaurant-appentis-bois-800x600.jpg 800w, https:\/\/www.deco-charpente.fr\/wp-content\/uploads\/2021\/09\/restaurant-appentis-bois.jpg 921w\" sizes=\"(max-width: 1024px) 100vw, (max-width: 640px) 100vw, 600px\" \/><\/a><\/span><\/div><div class=\"fusion-text fusion-text-1033 tags\" style=\"transform:translate3d(0,0,0);\"><p>Collective space<\/p>\n<\/div><div class=\"fusion-text fusion-text-1034 description\" style=\"transform:translate3d(0,0,0);\"><p>Wooden lean-to restaurant<\/p>\n<\/div><\/div><\/div><style type=\"text\/css\">.fusion-body .fusion-builder-column-517{width:25% !important;margin-top : 0px;margin-bottom : 20px;}.fusion-builder-column-517 > .fusion-column-wrapper {padding-top : 0px !important;padding-right : 0px !important;margin-right : 7.68%;padding-bottom : 0px !important;padding-left : 0px !important;margin-left : 7.68%;}@media only screen and (max-width:1024px) {.fusion-body .fusion-builder-column-517{width:100% !important;order : 0;}.fusion-builder-column-517 > .fusion-column-wrapper {margin-right : 1.92%;margin-left : 1.92%;}}@media only screen and (max-width:640px) {.fusion-body .fusion-builder-column-517{width:100% !important;order : 0;}.fusion-builder-column-517 > .fusion-column-wrapper {margin-right : 1.92%;margin-left : 1.92%;}}<\/style><div class=\"fusion-layout-column fusion_builder_column fusion-builder-column-518 fusion_builder_column_1_4 1_4 fusion-flex-column img-to-filter\"><div class=\"fusion-column-wrapper fusion-flex-justify-content-flex-start fusion-content-layout-column\" style=\"background-position:left top;background-repeat:no-repeat;-webkit-background-size:cover;-moz-background-size:cover;-o-background-size:cover;background-size:cover;padding: 0px 0px 0px 0px;\"><div ><span class=\"fusion-imageframe imageframe-none imageframe-518 hover-type-none\"><a href=\"https:\/\/www.deco-charpente.fr\/wp-content\/uploads\/2024\/04\/86CCE326-4BD7-46E2-8C3A-6D0A3D1939AB-compressed.jpg\" class=\"fusion-lightbox\" data-rel=\"iLightbox[gallery-image]\" data-title=\"86CCE326-4BD7-46E2-8C3A-6D0A3D1939AB-compressed\" title=\"86CCE326-4BD7-46E2-8C3A-6D0A3D1939AB-compressed\"><img decoding=\"async\" width=\"1737\" height=\"1270\" src=\"https:\/\/www.deco-charpente.fr\/wp-content\/uploads\/2024\/04\/86CCE326-4BD7-46E2-8C3A-6D0A3D1939AB-compressed.jpg\" class=\"img-responsive wp-image-10505\" srcset=\"https:\/\/www.deco-charpente.fr\/wp-content\/uploads\/2024\/04\/86CCE326-4BD7-46E2-8C3A-6D0A3D1939AB-compressed-200x146.jpg 200w, https:\/\/www.deco-charpente.fr\/wp-content\/uploads\/2024\/04\/86CCE326-4BD7-46E2-8C3A-6D0A3D1939AB-compressed-400x292.jpg 400w, https:\/\/www.deco-charpente.fr\/wp-content\/uploads\/2024\/04\/86CCE326-4BD7-46E2-8C3A-6D0A3D1939AB-compressed-600x439.jpg 600w, https:\/\/www.deco-charpente.fr\/wp-content\/uploads\/2024\/04\/86CCE326-4BD7-46E2-8C3A-6D0A3D1939AB-compressed-800x585.jpg 800w, https:\/\/www.deco-charpente.fr\/wp-content\/uploads\/2024\/04\/86CCE326-4BD7-46E2-8C3A-6D0A3D1939AB-compressed-1200x877.jpg 1200w, https:\/\/www.deco-charpente.fr\/wp-content\/uploads\/2024\/04\/86CCE326-4BD7-46E2-8C3A-6D0A3D1939AB-compressed.jpg 1737w\" sizes=\"(max-width: 1024px) 100vw, (max-width: 640px) 100vw, 600px\" \/><\/a><\/span><\/div><div class=\"fusion-text fusion-text-1035 tags\" style=\"transform:translate3d(0,0,0);\"><p>Collective space<\/p>\n<\/div><div class=\"fusion-text fusion-text-1036 description\" style=\"transform:translate3d(0,0,0);\"><p>Mixed agricultural shelter<\/p>\n<\/div><\/div><\/div><style type=\"text\/css\">.fusion-body .fusion-builder-column-518{width:25% !important;margin-top : 0px;margin-bottom : 20px;}.fusion-builder-column-518 > .fusion-column-wrapper {padding-top : 0px !important;padding-right : 0px !important;margin-right : 7.68%;padding-bottom : 0px !important;padding-left : 0px !important;margin-left : 7.68%;}@media only screen and (max-width:1024px) {.fusion-body .fusion-builder-column-518{width:100% !important;order : 0;}.fusion-builder-column-518 > .fusion-column-wrapper {margin-right : 1.92%;margin-left : 1.92%;}}@media only screen and (max-width:640px) {.fusion-body .fusion-builder-column-518{width:100% !important;order : 0;}.fusion-builder-column-518 > .fusion-column-wrapper {margin-right : 1.92%;margin-left : 1.92%;}}<\/style><div class=\"fusion-layout-column fusion_builder_column fusion-builder-column-519 fusion_builder_column_1_4 1_4 fusion-flex-column img-to-filter\"><div class=\"fusion-column-wrapper fusion-flex-justify-content-flex-start fusion-content-layout-column\" style=\"background-position:left top;background-repeat:no-repeat;-webkit-background-size:cover;-moz-background-size:cover;-o-background-size:cover;background-size:cover;padding: 0px 0px 0px 0px;\"><div ><span class=\"fusion-imageframe imageframe-none imageframe-519 hover-type-none\"><a href=\"https:\/\/www.deco-charpente.fr\/wp-content\/uploads\/2024\/04\/60D7B5CF-3D45-43EB-BADC-978A12F19359-compressed.jpg\" class=\"fusion-lightbox\" data-rel=\"iLightbox[gallery-image]\" data-title=\"60D7B5CF-3D45-43EB-BADC-978A12F19359-compressed\" title=\"60D7B5CF-3D45-43EB-BADC-978A12F19359-compressed\"><img decoding=\"async\" width=\"2049\" height=\"1537\" src=\"https:\/\/www.deco-charpente.fr\/wp-content\/uploads\/2024\/04\/60D7B5CF-3D45-43EB-BADC-978A12F19359-compressed.jpg\" class=\"img-responsive wp-image-10506\" srcset=\"https:\/\/www.deco-charpente.fr\/wp-content\/uploads\/2024\/04\/60D7B5CF-3D45-43EB-BADC-978A12F19359-compressed-200x150.jpg 200w, https:\/\/www.deco-charpente.fr\/wp-content\/uploads\/2024\/04\/60D7B5CF-3D45-43EB-BADC-978A12F19359-compressed-400x300.jpg 400w, https:\/\/www.deco-charpente.fr\/wp-content\/uploads\/2024\/04\/60D7B5CF-3D45-43EB-BADC-978A12F19359-compressed-600x450.jpg 600w, https:\/\/www.deco-charpente.fr\/wp-content\/uploads\/2024\/04\/60D7B5CF-3D45-43EB-BADC-978A12F19359-compressed-800x600.jpg 800w, https:\/\/www.deco-charpente.fr\/wp-content\/uploads\/2024\/04\/60D7B5CF-3D45-43EB-BADC-978A12F19359-compressed-1200x900.jpg 1200w, https:\/\/www.deco-charpente.fr\/wp-content\/uploads\/2024\/04\/60D7B5CF-3D45-43EB-BADC-978A12F19359-compressed.jpg 2049w\" sizes=\"(max-width: 1024px) 100vw, (max-width: 640px) 100vw, 600px\" \/><\/a><\/span><\/div><div class=\"fusion-text fusion-text-1037 tags\" style=\"transform:translate3d(0,0,0);\"><p>Collective space<\/p>\n<\/div><div class=\"fusion-text fusion-text-1038 description\" style=\"transform:translate3d(0,0,0);\"><p>Cemetery shelter<\/p>\n<\/div><\/div><\/div><style type=\"text\/css\">.fusion-body .fusion-builder-column-519{width:25% !important;margin-top : 0px;margin-bottom : 20px;}.fusion-builder-column-519 > .fusion-column-wrapper {padding-top : 0px !important;padding-right : 0px !important;margin-right : 7.68%;padding-bottom : 0px !important;padding-left : 0px !important;margin-left : 7.68%;}@media only screen and (max-width:1024px) {.fusion-body .fusion-builder-column-519{width:100% !important;order : 0;}.fusion-builder-column-519 > .fusion-column-wrapper {margin-right : 1.92%;margin-left : 1.92%;}}@media only screen and (max-width:640px) {.fusion-body .fusion-builder-column-519{width:100% !important;order : 0;}.fusion-builder-column-519 > .fusion-column-wrapper {margin-right : 1.92%;margin-left : 1.92%;}}<\/style><div class=\"fusion-layout-column fusion_builder_column fusion-builder-column-520 fusion_builder_column_1_4 1_4 fusion-flex-column img-to-filter\"><div class=\"fusion-column-wrapper fusion-flex-justify-content-flex-start fusion-content-layout-column\" style=\"background-position:left top;background-repeat:no-repeat;-webkit-background-size:cover;-moz-background-size:cover;-o-background-size:cover;background-size:cover;padding: 0px 0px 0px 0px;\"><div ><span class=\"fusion-imageframe imageframe-none imageframe-520 hover-type-none\"><a href=\"https:\/\/www.deco-charpente.fr\/wp-content\/uploads\/2020\/08\/pool-house-4-pentes-avant-couverture-tuiles-1.jpg\" class=\"fusion-lightbox\" data-rel=\"iLightbox[gallery-image]\" data-title=\"Pool house 4 pentes (avant couverture tuiles)\" title=\"Pool house 4 slopes (before tile covering)\"><img decoding=\"async\" width=\"1024\" height=\"768\" src=\"https:\/\/www.deco-charpente.fr\/wp-content\/uploads\/2020\/08\/pool-house-4-pentes-avant-couverture-tuiles-1.jpg\" class=\"img-responsive wp-image-2466\" srcset=\"https:\/\/www.deco-charpente.fr\/wp-content\/uploads\/2020\/08\/pool-house-4-pentes-avant-couverture-tuiles-1-200x150.jpg 200w, https:\/\/www.deco-charpente.fr\/wp-content\/uploads\/2020\/08\/pool-house-4-pentes-avant-couverture-tuiles-1-400x300.jpg 400w, https:\/\/www.deco-charpente.fr\/wp-content\/uploads\/2020\/08\/pool-house-4-pentes-avant-couverture-tuiles-1-600x450.jpg 600w, https:\/\/www.deco-charpente.fr\/wp-content\/uploads\/2020\/08\/pool-house-4-pentes-avant-couverture-tuiles-1-800x600.jpg 800w, https:\/\/www.deco-charpente.fr\/wp-content\/uploads\/2020\/08\/pool-house-4-pentes-avant-couverture-tuiles-1.jpg 1024w\" sizes=\"(max-width: 1024px) 100vw, (max-width: 640px) 100vw, 600px\" \/><\/a><\/span><\/div><div class=\"fusion-text fusion-text-1039 tags\" style=\"transform:translate3d(0,0,0);\"><p>Collective space<\/p>\n<\/div><div class=\"fusion-text fusion-text-1040 description\" style=\"transform:translate3d(0,0,0);\"><p>Pool house 4 slopes (before tile covering)<\/p>\n<\/div><\/div><\/div><style type=\"text\/css\">.fusion-body .fusion-builder-column-520{width:25% !important;margin-top : 0px;margin-bottom : 20px;}.fusion-builder-column-520 > .fusion-column-wrapper {padding-top : 0px !important;padding-right : 0px !important;margin-right : 7.68%;padding-bottom : 0px !important;padding-left : 0px !important;margin-left : 7.68%;}@media only screen and (max-width:1024px) {.fusion-body .fusion-builder-column-520{width:100% !important;order : 0;}.fusion-builder-column-520 > .fusion-column-wrapper {margin-right : 1.92%;margin-left : 1.92%;}}@media only screen and (max-width:640px) {.fusion-body .fusion-builder-column-520{width:100% !important;order : 0;}.fusion-builder-column-520 > .fusion-column-wrapper {margin-right : 1.92%;margin-left : 1.92%;}}<\/style><div class=\"fusion-layout-column fusion_builder_column fusion-builder-column-521 fusion_builder_column_1_4 1_4 fusion-flex-column img-to-filter\"><div class=\"fusion-column-wrapper fusion-flex-justify-content-flex-start fusion-content-layout-column\" style=\"background-position:left top;background-repeat:no-repeat;-webkit-background-size:cover;-moz-background-size:cover;-o-background-size:cover;background-size:cover;padding: 0px 0px 0px 0px;\"><div ><span class=\"fusion-imageframe imageframe-none imageframe-521 hover-type-none\"><a href=\"https:\/\/www.deco-charpente.fr\/wp-content\/uploads\/2024\/04\/54F97EAB-CDC1-4B34-B10E-7A43BE830A2B-compressed.jpg\" class=\"fusion-lightbox\" data-rel=\"iLightbox[gallery-image]\" data-title=\"54F97EAB-CDC1-4B34-B10E-7A43BE830A2B-compressed\" title=\"54F97EAB-CDC1-4B34-B10E-7A43BE830A2B-compressed\"><img decoding=\"async\" width=\"2048\" height=\"1536\" src=\"https:\/\/www.deco-charpente.fr\/wp-content\/uploads\/2024\/04\/54F97EAB-CDC1-4B34-B10E-7A43BE830A2B-compressed.jpg\" class=\"img-responsive wp-image-10507\" srcset=\"https:\/\/www.deco-charpente.fr\/wp-content\/uploads\/2024\/04\/54F97EAB-CDC1-4B34-B10E-7A43BE830A2B-compressed-200x150.jpg 200w, https:\/\/www.deco-charpente.fr\/wp-content\/uploads\/2024\/04\/54F97EAB-CDC1-4B34-B10E-7A43BE830A2B-compressed-400x300.jpg 400w, https:\/\/www.deco-charpente.fr\/wp-content\/uploads\/2024\/04\/54F97EAB-CDC1-4B34-B10E-7A43BE830A2B-compressed-600x450.jpg 600w, https:\/\/www.deco-charpente.fr\/wp-content\/uploads\/2024\/04\/54F97EAB-CDC1-4B34-B10E-7A43BE830A2B-compressed-800x600.jpg 800w, https:\/\/www.deco-charpente.fr\/wp-content\/uploads\/2024\/04\/54F97EAB-CDC1-4B34-B10E-7A43BE830A2B-compressed-1200x900.jpg 1200w, https:\/\/www.deco-charpente.fr\/wp-content\/uploads\/2024\/04\/54F97EAB-CDC1-4B34-B10E-7A43BE830A2B-compressed.jpg 2048w\" sizes=\"(max-width: 1024px) 100vw, (max-width: 640px) 100vw, 600px\" \/><\/a><\/span><\/div><div class=\"fusion-text fusion-text-1041 tags\" style=\"transform:translate3d(0,0,0);\"><p>Collective space<\/p>\n<\/div><div class=\"fusion-text fusion-text-1042 description\" style=\"transform:translate3d(0,0,0);\"><p>Shelter on terrace, estate<\/p>\n<\/div><\/div><\/div><style type=\"text\/css\">.fusion-body .fusion-builder-column-521{width:25% !important;margin-top : 0px;margin-bottom : 20px;}.fusion-builder-column-521 > .fusion-column-wrapper {padding-top : 0px !important;padding-right : 0px !important;margin-right : 7.68%;padding-bottom : 0px !important;padding-left : 0px !important;margin-left : 7.68%;}@media only screen and (max-width:1024px) {.fusion-body .fusion-builder-column-521{width:100% !important;order : 0;}.fusion-builder-column-521 > .fusion-column-wrapper {margin-right : 1.92%;margin-left : 1.92%;}}@media only screen and (max-width:640px) {.fusion-body .fusion-builder-column-521{width:100% !important;order : 0;}.fusion-builder-column-521 > .fusion-column-wrapper {margin-right : 1.92%;margin-left : 1.92%;}}<\/style><div class=\"fusion-layout-column fusion_builder_column fusion-builder-column-522 fusion_builder_column_1_4 1_4 fusion-flex-column img-to-filter\"><div class=\"fusion-column-wrapper fusion-flex-justify-content-flex-start fusion-content-layout-column\" style=\"background-position:left top;background-repeat:no-repeat;-webkit-background-size:cover;-moz-background-size:cover;-o-background-size:cover;background-size:cover;padding: 0px 0px 0px 0px;\"><div ><span class=\"fusion-imageframe imageframe-none imageframe-522 hover-type-none\"><a href=\"https:\/\/www.deco-charpente.fr\/wp-content\/uploads\/2020\/08\/aire-de-jeux-de-camping-2-compressed.jpg\" class=\"fusion-lightbox\" data-rel=\"iLightbox[gallery-image]\" data-title=\"Aire de jeux de camping 2-compressed\" title=\"2-compressed camping playground\"><img decoding=\"async\" width=\"1920\" height=\"1080\" src=\"https:\/\/www.deco-charpente.fr\/wp-content\/uploads\/2020\/08\/aire-de-jeux-de-camping-2-compressed.jpg\" class=\"img-responsive wp-image-2465\" srcset=\"https:\/\/www.deco-charpente.fr\/wp-content\/uploads\/2020\/08\/aire-de-jeux-de-camping-2-compressed-200x113.jpg 200w, https:\/\/www.deco-charpente.fr\/wp-content\/uploads\/2020\/08\/aire-de-jeux-de-camping-2-compressed-400x225.jpg 400w, https:\/\/www.deco-charpente.fr\/wp-content\/uploads\/2020\/08\/aire-de-jeux-de-camping-2-compressed-600x338.jpg 600w, https:\/\/www.deco-charpente.fr\/wp-content\/uploads\/2020\/08\/aire-de-jeux-de-camping-2-compressed-800x450.jpg 800w, https:\/\/www.deco-charpente.fr\/wp-content\/uploads\/2020\/08\/aire-de-jeux-de-camping-2-compressed-1200x675.jpg 1200w, https:\/\/www.deco-charpente.fr\/wp-content\/uploads\/2020\/08\/aire-de-jeux-de-camping-2-compressed.jpg 1920w\" sizes=\"(max-width: 1024px) 100vw, (max-width: 640px) 100vw, 600px\" \/><\/a><\/span><\/div><div class=\"fusion-text fusion-text-1043 tags\" style=\"transform:translate3d(0,0,0);\"><p>Collective space<\/p>\n<\/div><div class=\"fusion-text fusion-text-1044 description\" style=\"transform:translate3d(0,0,0);\"><p>Camping playground<\/p>\n<\/div><\/div><\/div><style type=\"text\/css\">.fusion-body .fusion-builder-column-522{width:25% !important;margin-top : 0px;margin-bottom : 20px;}.fusion-builder-column-522 > .fusion-column-wrapper {padding-top : 0px !important;padding-right : 0px !important;margin-right : 7.68%;padding-bottom : 0px !important;padding-left : 0px !important;margin-left : 7.68%;}@media only screen and (max-width:1024px) {.fusion-body .fusion-builder-column-522{width:100% !important;order : 0;}.fusion-builder-column-522 > .fusion-column-wrapper {margin-right : 1.92%;margin-left : 1.92%;}}@media only screen and (max-width:640px) {.fusion-body .fusion-builder-column-522{width:100% !important;order : 0;}.fusion-builder-column-522 > .fusion-column-wrapper {margin-right : 1.92%;margin-left : 1.92%;}}<\/style><div class=\"fusion-layout-column fusion_builder_column fusion-builder-column-523 fusion_builder_column_1_4 1_4 fusion-flex-column img-to-filter\"><div class=\"fusion-column-wrapper fusion-flex-justify-content-flex-start fusion-content-layout-column\" style=\"background-position:left top;background-repeat:no-repeat;-webkit-background-size:cover;-moz-background-size:cover;-o-background-size:cover;background-size:cover;padding: 0px 0px 0px 0px;\"><div ><span class=\"fusion-imageframe imageframe-none imageframe-523 hover-type-none\"><a href=\"https:\/\/www.deco-charpente.fr\/wp-content\/uploads\/2022\/05\/abri-collectif.jpeg\" class=\"fusion-lightbox\" data-rel=\"iLightbox[gallery-image]\" data-title=\"abri collectif\" title=\"collective shelter\"><img decoding=\"async\" width=\"1500\" height=\"1125\" src=\"https:\/\/www.deco-charpente.fr\/wp-content\/uploads\/2022\/05\/abri-collectif.jpeg\" class=\"img-responsive wp-image-6658\" srcset=\"https:\/\/www.deco-charpente.fr\/wp-content\/uploads\/2022\/05\/abri-collectif-200x150.jpeg 200w, https:\/\/www.deco-charpente.fr\/wp-content\/uploads\/2022\/05\/abri-collectif-400x300.jpeg 400w, https:\/\/www.deco-charpente.fr\/wp-content\/uploads\/2022\/05\/abri-collectif-600x450.jpeg 600w, https:\/\/www.deco-charpente.fr\/wp-content\/uploads\/2022\/05\/abri-collectif-800x600.jpeg 800w, https:\/\/www.deco-charpente.fr\/wp-content\/uploads\/2022\/05\/abri-collectif-1200x900.jpeg 1200w, https:\/\/www.deco-charpente.fr\/wp-content\/uploads\/2022\/05\/abri-collectif.jpeg 1500w\" sizes=\"(max-width: 1024px) 100vw, (max-width: 640px) 100vw, 600px\" \/><\/a><\/span><\/div><div class=\"fusion-text fusion-text-1045 tags\" style=\"transform:translate3d(0,0,0);\"><p>Collective space<\/p>\n<\/div><div class=\"fusion-text fusion-text-1046 description\" style=\"transform:translate3d(0,0,0);\"><p>Large-span louvered pergola<\/p>\n<\/div><\/div><\/div><style type=\"text\/css\">.fusion-body .fusion-builder-column-523{width:25% !important;margin-top : 0px;margin-bottom : 20px;}.fusion-builder-column-523 > .fusion-column-wrapper {padding-top : 0px !important;padding-right : 0px !important;margin-right : 7.68%;padding-bottom : 0px !important;padding-left : 0px !important;margin-left : 7.68%;}@media only screen and (max-width:1024px) {.fusion-body .fusion-builder-column-523{width:100% !important;order : 0;}.fusion-builder-column-523 > .fusion-column-wrapper {margin-right : 1.92%;margin-left : 1.92%;}}@media only screen and (max-width:640px) {.fusion-body .fusion-builder-column-523{width:100% !important;order : 0;}.fusion-builder-column-523 > .fusion-column-wrapper {margin-right : 1.92%;margin-left : 1.92%;}}<\/style><div class=\"fusion-layout-column fusion_builder_column fusion-builder-column-524 fusion_builder_column_1_4 1_4 fusion-flex-column img-to-filter\"><div class=\"fusion-column-wrapper fusion-flex-justify-content-flex-start fusion-content-layout-column\" style=\"background-position:left top;background-repeat:no-repeat;-webkit-background-size:cover;-moz-background-size:cover;-o-background-size:cover;background-size:cover;padding: 0px 0px 0px 0px;\"><div ><span class=\"fusion-imageframe imageframe-none imageframe-524 hover-type-none\"><a href=\"https:\/\/www.deco-charpente.fr\/wp-content\/uploads\/2020\/08\/parking-abrit\u00e9-pour-vos-clients-compressed.jpg\" class=\"fusion-lightbox\" data-rel=\"iLightbox[gallery-image]\" data-title=\"Parking abrit\u00e9 pour vos clients-compressed\" title=\"Sheltered parking for your customers-compressed\"><img decoding=\"async\" width=\"1720\" height=\"922\" src=\"https:\/\/www.deco-charpente.fr\/wp-content\/uploads\/2020\/08\/parking-abrit\u00e9-pour-vos-clients-compressed.jpg\" class=\"img-responsive wp-image-2463\" srcset=\"https:\/\/www.deco-charpente.fr\/wp-content\/uploads\/2020\/08\/parking-abrit\u00e9-pour-vos-clients-compressed-200x107.jpg 200w, https:\/\/www.deco-charpente.fr\/wp-content\/uploads\/2020\/08\/parking-abrit\u00e9-pour-vos-clients-compressed-400x214.jpg 400w, https:\/\/www.deco-charpente.fr\/wp-content\/uploads\/2020\/08\/parking-abrit\u00e9-pour-vos-clients-compressed-600x322.jpg 600w, https:\/\/www.deco-charpente.fr\/wp-content\/uploads\/2020\/08\/parking-abrit\u00e9-pour-vos-clients-compressed-800x429.jpg 800w, https:\/\/www.deco-charpente.fr\/wp-content\/uploads\/2020\/08\/parking-abrit\u00e9-pour-vos-clients-compressed-1200x643.jpg 1200w, https:\/\/www.deco-charpente.fr\/wp-content\/uploads\/2020\/08\/parking-abrit\u00e9-pour-vos-clients-compressed.jpg 1720w\" sizes=\"(max-width: 1024px) 100vw, (max-width: 640px) 100vw, 600px\" \/><\/a><\/span><\/div><div class=\"fusion-text fusion-text-1047 tags\" style=\"transform:translate3d(0,0,0);\"><p>Collective space<\/p>\n<\/div><div class=\"fusion-text fusion-text-1048 description\" style=\"transform:translate3d(0,0,0);\"><p>Sheltered parking for your customers<\/p>\n<\/div><\/div><\/div><style type=\"text\/css\">.fusion-body .fusion-builder-column-524{width:25% !important;margin-top : 0px;margin-bottom : 20px;}.fusion-builder-column-524 > .fusion-column-wrapper {padding-top : 0px !important;padding-right : 0px !important;margin-right : 7.68%;padding-bottom : 0px !important;padding-left : 0px !important;margin-left : 7.68%;}@media only screen and (max-width:1024px) {.fusion-body .fusion-builder-column-524{width:100% !important;order : 0;}.fusion-builder-column-524 > .fusion-column-wrapper {margin-right : 1.92%;margin-left : 1.92%;}}@media only screen and (max-width:640px) {.fusion-body .fusion-builder-column-524{width:100% !important;order : 0;}.fusion-builder-column-524 > .fusion-column-wrapper {margin-right : 1.92%;margin-left : 1.92%;}}<\/style><div class=\"fusion-layout-column fusion_builder_column fusion-builder-column-525 fusion_builder_column_1_4 1_4 fusion-flex-column img-to-filter\"><div class=\"fusion-column-wrapper fusion-flex-justify-content-flex-start fusion-content-layout-column\" style=\"background-position:left top;background-repeat:no-repeat;-webkit-background-size:cover;-moz-background-size:cover;-o-background-size:cover;background-size:cover;padding: 0px 0px 0px 0px;\"><div ><span class=\"fusion-imageframe imageframe-none imageframe-525 hover-type-none\"><a href=\"https:\/\/www.deco-charpente.fr\/wp-content\/uploads\/2022\/04\/Pergola-sur-terrasse-de-restaurant.jpg\" class=\"fusion-lightbox\" data-rel=\"iLightbox[gallery-image]\" data-title=\"Pergola sur terrasse de restaurant\" title=\"Pergola on restaurant terrace\"><img decoding=\"async\" width=\"2048\" height=\"946\" src=\"https:\/\/www.deco-charpente.fr\/wp-content\/uploads\/2022\/04\/Pergola-sur-terrasse-de-restaurant.jpg\" class=\"img-responsive wp-image-6628\" srcset=\"https:\/\/www.deco-charpente.fr\/wp-content\/uploads\/2022\/04\/Pergola-sur-terrasse-de-restaurant-200x92.jpg 200w, https:\/\/www.deco-charpente.fr\/wp-content\/uploads\/2022\/04\/Pergola-sur-terrasse-de-restaurant-400x185.jpg 400w, https:\/\/www.deco-charpente.fr\/wp-content\/uploads\/2022\/04\/Pergola-sur-terrasse-de-restaurant-600x277.jpg 600w, https:\/\/www.deco-charpente.fr\/wp-content\/uploads\/2022\/04\/Pergola-sur-terrasse-de-restaurant-800x370.jpg 800w, https:\/\/www.deco-charpente.fr\/wp-content\/uploads\/2022\/04\/Pergola-sur-terrasse-de-restaurant-1200x554.jpg 1200w, https:\/\/www.deco-charpente.fr\/wp-content\/uploads\/2022\/04\/Pergola-sur-terrasse-de-restaurant.jpg 2048w\" sizes=\"(max-width: 1024px) 100vw, (max-width: 640px) 100vw, 600px\" \/><\/a><\/span><\/div><div class=\"fusion-text fusion-text-1049 tags\" style=\"transform:translate3d(0,0,0);\"><p>Collective space<\/p>\n<\/div><div class=\"fusion-text fusion-text-1050 description\" style=\"transform:translate3d(0,0,0);\"><p>Restaurant terrace<\/p>\n<\/div><\/div><\/div><style type=\"text\/css\">.fusion-body .fusion-builder-column-525{width:25% !important;margin-top : 0px;margin-bottom : 20px;}.fusion-builder-column-525 > .fusion-column-wrapper {padding-top : 0px !important;padding-right : 0px !important;margin-right : 7.68%;padding-bottom : 0px !important;padding-left : 0px !important;margin-left : 7.68%;}@media only screen and (max-width:1024px) {.fusion-body .fusion-builder-column-525{width:100% !important;order : 0;}.fusion-builder-column-525 > .fusion-column-wrapper {margin-right : 1.92%;margin-left : 1.92%;}}@media only screen and (max-width:640px) {.fusion-body .fusion-builder-column-525{width:100% !important;order : 0;}.fusion-builder-column-525 > .fusion-column-wrapper {margin-right : 1.92%;margin-left : 1.92%;}}<\/style><div class=\"fusion-layout-column fusion_builder_column fusion-builder-column-526 fusion_builder_column_1_4 1_4 fusion-flex-column img-to-filter\"><div class=\"fusion-column-wrapper fusion-flex-justify-content-flex-start fusion-content-layout-column\" style=\"background-position:left top;background-repeat:no-repeat;-webkit-background-size:cover;-moz-background-size:cover;-o-background-size:cover;background-size:cover;padding: 0px 0px 0px 0px;\"><div ><span class=\"fusion-imageframe imageframe-none imageframe-526 hover-type-none\"><a href=\"https:\/\/www.deco-charpente.fr\/wp-content\/uploads\/2020\/08\/terrasse-de-restaurant-2-compressed.jpg\" class=\"fusion-lightbox\" data-rel=\"iLightbox[gallery-image]\" data-title=\"Terrasse de restaurant 2-compressed\" title=\"2-compressed restaurant terrace\"><img decoding=\"async\" width=\"1430\" height=\"778\" src=\"https:\/\/www.deco-charpente.fr\/wp-content\/uploads\/2020\/08\/terrasse-de-restaurant-2-compressed.jpg\" class=\"img-responsive wp-image-2462\" srcset=\"https:\/\/www.deco-charpente.fr\/wp-content\/uploads\/2020\/08\/terrasse-de-restaurant-2-compressed-200x109.jpg 200w, https:\/\/www.deco-charpente.fr\/wp-content\/uploads\/2020\/08\/terrasse-de-restaurant-2-compressed-400x218.jpg 400w, https:\/\/www.deco-charpente.fr\/wp-content\/uploads\/2020\/08\/terrasse-de-restaurant-2-compressed-600x326.jpg 600w, https:\/\/www.deco-charpente.fr\/wp-content\/uploads\/2020\/08\/terrasse-de-restaurant-2-compressed-800x435.jpg 800w, https:\/\/www.deco-charpente.fr\/wp-content\/uploads\/2020\/08\/terrasse-de-restaurant-2-compressed-1200x653.jpg 1200w, https:\/\/www.deco-charpente.fr\/wp-content\/uploads\/2020\/08\/terrasse-de-restaurant-2-compressed.jpg 1430w\" sizes=\"(max-width: 1024px) 100vw, (max-width: 640px) 100vw, 600px\" \/><\/a><\/span><\/div><div class=\"fusion-text fusion-text-1051 tags\" style=\"transform:translate3d(0,0,0);\"><p>Collective space<\/p>\n<\/div><div class=\"fusion-text fusion-text-1052 description\" style=\"transform:translate3d(0,0,0);\"><p>Restaurant terrace<\/p>\n<\/div><\/div><\/div><style type=\"text\/css\">.fusion-body .fusion-builder-column-526{width:25% !important;margin-top : 0px;margin-bottom : 20px;}.fusion-builder-column-526 > .fusion-column-wrapper {padding-top : 0px !important;padding-right : 0px !important;margin-right : 7.68%;padding-bottom : 0px !important;padding-left : 0px !important;margin-left : 7.68%;}@media only screen and (max-width:1024px) {.fusion-body .fusion-builder-column-526{width:100% !important;order : 0;}.fusion-builder-column-526 > .fusion-column-wrapper {margin-right : 1.92%;margin-left : 1.92%;}}@media only screen and (max-width:640px) {.fusion-body .fusion-builder-column-526{width:100% !important;order : 0;}.fusion-builder-column-526 > .fusion-column-wrapper {margin-right : 1.92%;margin-left : 1.92%;}}<\/style><div class=\"fusion-layout-column fusion_builder_column fusion-builder-column-527 fusion_builder_column_1_4 1_4 fusion-flex-column img-to-filter\"><div class=\"fusion-column-wrapper fusion-flex-justify-content-flex-start fusion-content-layout-column\" style=\"background-position:left top;background-repeat:no-repeat;-webkit-background-size:cover;-moz-background-size:cover;-o-background-size:cover;background-size:cover;padding: 0px 0px 0px 0px;\"><div ><span class=\"fusion-imageframe imageframe-none imageframe-527 hover-type-none\"><a href=\"https:\/\/www.deco-charpente.fr\/wp-content\/uploads\/2020\/08\/aire-de-jeux-de-camping-compressed-scaled.jpg\" class=\"fusion-lightbox\" data-rel=\"iLightbox[gallery-image]\" data-title=\"Aire de jeux de camping-compressed\" title=\"Compressed camping playground\"><img decoding=\"async\" width=\"1920\" height=\"1021\" src=\"https:\/\/www.deco-charpente.fr\/wp-content\/uploads\/2020\/08\/aire-de-jeux-de-camping-compressed-scaled.jpg\" class=\"img-responsive wp-image-2464\" srcset=\"https:\/\/www.deco-charpente.fr\/wp-content\/uploads\/2020\/08\/aire-de-jeux-de-camping-compressed-200x106.jpg 200w, https:\/\/www.deco-charpente.fr\/wp-content\/uploads\/2020\/08\/aire-de-jeux-de-camping-compressed-400x213.jpg 400w, https:\/\/www.deco-charpente.fr\/wp-content\/uploads\/2020\/08\/aire-de-jeux-de-camping-compressed-600x319.jpg 600w, https:\/\/www.deco-charpente.fr\/wp-content\/uploads\/2020\/08\/aire-de-jeux-de-camping-compressed-800x425.jpg 800w, https:\/\/www.deco-charpente.fr\/wp-content\/uploads\/2020\/08\/aire-de-jeux-de-camping-compressed-1200x638.jpg 1200w, https:\/\/www.deco-charpente.fr\/wp-content\/uploads\/2020\/08\/aire-de-jeux-de-camping-compressed-scaled.jpg 1920w\" sizes=\"(max-width: 1024px) 100vw, (max-width: 640px) 100vw, 600px\" \/><\/a><\/span><\/div><div class=\"fusion-text fusion-text-1053 tags\" style=\"transform:translate3d(0,0,0);\"><p>Collective space<\/p>\n<\/div><div class=\"fusion-text fusion-text-1054 description\" style=\"transform:translate3d(0,0,0);\"><p>Camping playground<\/p>\n<\/div><\/div><\/div><style type=\"text\/css\">.fusion-body .fusion-builder-column-527{width:25% !important;margin-top : 0px;margin-bottom : 20px;}.fusion-builder-column-527 > .fusion-column-wrapper {padding-top : 0px !important;padding-right : 0px !important;margin-right : 7.68%;padding-bottom : 0px !important;padding-left : 0px !important;margin-left : 7.68%;}@media only screen and (max-width:1024px) {.fusion-body .fusion-builder-column-527{width:100% !important;order : 0;}.fusion-builder-column-527 > .fusion-column-wrapper {margin-right : 1.92%;margin-left : 1.92%;}}@media only screen and (max-width:640px) {.fusion-body .fusion-builder-column-527{width:100% !important;order : 0;}.fusion-builder-column-527 > .fusion-column-wrapper {margin-right : 1.92%;margin-left : 1.92%;}}<\/style><div class=\"fusion-layout-column fusion_builder_column fusion-builder-column-528 fusion_builder_column_1_4 1_4 fusion-flex-column img-to-filter\"><div class=\"fusion-column-wrapper fusion-flex-justify-content-flex-start fusion-content-layout-column\" style=\"background-position:left top;background-repeat:no-repeat;-webkit-background-size:cover;-moz-background-size:cover;-o-background-size:cover;background-size:cover;padding: 0px 0px 0px 0px;\"><div ><span class=\"fusion-imageframe imageframe-none imageframe-528 hover-type-none\"><a href=\"https:\/\/www.deco-charpente.fr\/wp-content\/uploads\/2020\/08\/abri-despace-de-jeu-camping.jpg\" class=\"fusion-lightbox\" data-rel=\"iLightbox[gallery-image]\" data-title=\"Abri d&rsquo;espace de jeu camping\" title=\"Camping play area shelter\"><img decoding=\"async\" width=\"1024\" height=\"768\" src=\"https:\/\/www.deco-charpente.fr\/wp-content\/uploads\/2020\/08\/abri-despace-de-jeu-camping.jpg\" class=\"img-responsive wp-image-2486\" srcset=\"https:\/\/www.deco-charpente.fr\/wp-content\/uploads\/2020\/08\/abri-despace-de-jeu-camping-200x150.jpg 200w, https:\/\/www.deco-charpente.fr\/wp-content\/uploads\/2020\/08\/abri-despace-de-jeu-camping-400x300.jpg 400w, https:\/\/www.deco-charpente.fr\/wp-content\/uploads\/2020\/08\/abri-despace-de-jeu-camping-600x450.jpg 600w, https:\/\/www.deco-charpente.fr\/wp-content\/uploads\/2020\/08\/abri-despace-de-jeu-camping-800x600.jpg 800w, https:\/\/www.deco-charpente.fr\/wp-content\/uploads\/2020\/08\/abri-despace-de-jeu-camping.jpg 1024w\" sizes=\"(max-width: 1024px) 100vw, (max-width: 640px) 100vw, 600px\" \/><\/a><\/span><\/div><div class=\"fusion-text fusion-text-1055 tags\" style=\"transform:translate3d(0,0,0);\"><p>Collective space<\/p>\n<\/div><div class=\"fusion-text fusion-text-1056 description\" style=\"transform:translate3d(0,0,0);\"><p>Camping play space shelter<\/p>\n<\/div><\/div><\/div><style type=\"text\/css\">.fusion-body .fusion-builder-column-528{width:25% !important;margin-top : 0px;margin-bottom : 20px;}.fusion-builder-column-528 > .fusion-column-wrapper {padding-top : 0px !important;padding-right : 0px !important;margin-right : 7.68%;padding-bottom : 0px !important;padding-left : 0px !important;margin-left : 7.68%;}@media only screen and (max-width:1024px) {.fusion-body .fusion-builder-column-528{width:100% !important;order : 0;}.fusion-builder-column-528 > .fusion-column-wrapper {margin-right : 1.92%;margin-left : 1.92%;}}@media only screen and (max-width:640px) {.fusion-body .fusion-builder-column-528{width:100% !important;order : 0;}.fusion-builder-column-528 > .fusion-column-wrapper {margin-right : 1.92%;margin-left : 1.92%;}}<\/style><div class=\"fusion-layout-column fusion_builder_column fusion-builder-column-529 fusion_builder_column_1_4 1_4 fusion-flex-column img-to-filter\"><div class=\"fusion-column-wrapper fusion-flex-justify-content-flex-start fusion-content-layout-column\" style=\"background-position:left top;background-repeat:no-repeat;-webkit-background-size:cover;-moz-background-size:cover;-o-background-size:cover;background-size:cover;padding: 0px 0px 0px 0px;\"><div ><span class=\"fusion-imageframe imageframe-none imageframe-529 hover-type-none\"><a href=\"https:\/\/www.deco-charpente.fr\/wp-content\/uploads\/2023\/03\/Appentis-grande-envergure.jpg\" class=\"fusion-lightbox\" data-rel=\"iLightbox[gallery-image]\" data-title=\"Appentis grande envergure\" title=\"Large-scale lean-to\"><img decoding=\"async\" width=\"2000\" height=\"1148\" src=\"https:\/\/www.deco-charpente.fr\/wp-content\/uploads\/2023\/03\/Appentis-grande-envergure.jpg\" class=\"img-responsive wp-image-8451\" srcset=\"https:\/\/www.deco-charpente.fr\/wp-content\/uploads\/2023\/03\/Appentis-grande-envergure-200x115.jpg 200w, https:\/\/www.deco-charpente.fr\/wp-content\/uploads\/2023\/03\/Appentis-grande-envergure-400x230.jpg 400w, https:\/\/www.deco-charpente.fr\/wp-content\/uploads\/2023\/03\/Appentis-grande-envergure-600x344.jpg 600w, https:\/\/www.deco-charpente.fr\/wp-content\/uploads\/2023\/03\/Appentis-grande-envergure-800x459.jpg 800w, https:\/\/www.deco-charpente.fr\/wp-content\/uploads\/2023\/03\/Appentis-grande-envergure-1200x689.jpg 1200w, https:\/\/www.deco-charpente.fr\/wp-content\/uploads\/2023\/03\/Appentis-grande-envergure.jpg 2000w\" sizes=\"(max-width: 1024px) 100vw, (max-width: 640px) 100vw, 600px\" \/><\/a><\/span><\/div><div class=\"fusion-text fusion-text-1057 tags\" style=\"transform:translate3d(0,0,0);\"><p>Collective space<\/p>\n<\/div><div class=\"fusion-text fusion-text-1058 description\" style=\"transform:translate3d(0,0,0);\"><p>Lean-to on balcony, large scale<\/p>\n<\/div><\/div><\/div><style type=\"text\/css\">.fusion-body .fusion-builder-column-529{width:25% !important;margin-top : 0px;margin-bottom : 20px;}.fusion-builder-column-529 > .fusion-column-wrapper {padding-top : 0px !important;padding-right : 0px !important;margin-right : 7.68%;padding-bottom : 0px !important;padding-left : 0px !important;margin-left : 7.68%;}@media only screen and (max-width:1024px) {.fusion-body .fusion-builder-column-529{width:100% !important;order : 0;}.fusion-builder-column-529 > .fusion-column-wrapper {margin-right : 1.92%;margin-left : 1.92%;}}@media only screen and (max-width:640px) {.fusion-body .fusion-builder-column-529{width:100% !important;order : 0;}.fusion-builder-column-529 > .fusion-column-wrapper {margin-right : 1.92%;margin-left : 1.92%;}}<\/style><div class=\"fusion-layout-column fusion_builder_column fusion-builder-column-530 fusion_builder_column_1_4 1_4 fusion-flex-column img-to-filter\"><div class=\"fusion-column-wrapper fusion-flex-justify-content-flex-start fusion-content-layout-column\" style=\"background-position:left top;background-repeat:no-repeat;-webkit-background-size:cover;-moz-background-size:cover;-o-background-size:cover;background-size:cover;padding: 0px 0px 0px 0px;\"><div ><span class=\"fusion-imageframe imageframe-none imageframe-530 hover-type-none\"><a href=\"https:\/\/www.deco-charpente.fr\/wp-content\/uploads\/2023\/03\/Abri-Domaine.jpg\" class=\"fusion-lightbox\" data-rel=\"iLightbox[gallery-image]\" data-title=\"Abri Domaine\" title=\"Shelter Domain\"><img decoding=\"async\" width=\"2146\" height=\"1358\" src=\"https:\/\/www.deco-charpente.fr\/wp-content\/uploads\/2023\/03\/Abri-Domaine.jpg\" class=\"img-responsive wp-image-8489\" srcset=\"https:\/\/www.deco-charpente.fr\/wp-content\/uploads\/2023\/03\/Abri-Domaine-200x127.jpg 200w, https:\/\/www.deco-charpente.fr\/wp-content\/uploads\/2023\/03\/Abri-Domaine-400x253.jpg 400w, https:\/\/www.deco-charpente.fr\/wp-content\/uploads\/2023\/03\/Abri-Domaine-600x380.jpg 600w, https:\/\/www.deco-charpente.fr\/wp-content\/uploads\/2023\/03\/Abri-Domaine-800x506.jpg 800w, https:\/\/www.deco-charpente.fr\/wp-content\/uploads\/2023\/03\/Abri-Domaine-1200x759.jpg 1200w, https:\/\/www.deco-charpente.fr\/wp-content\/uploads\/2023\/03\/Abri-Domaine.jpg 2146w\" sizes=\"(max-width: 1024px) 100vw, (max-width: 640px) 100vw, 600px\" \/><\/a><\/span><\/div><div class=\"fusion-text fusion-text-1059 tags\" style=\"transform:translate3d(0,0,0);\"><p>Collective space<\/p>\n<\/div><div class=\"fusion-text fusion-text-1060 description\" style=\"transform:translate3d(0,0,0);\"><p>Reception area<\/p>\n<\/div><\/div><\/div><style type=\"text\/css\">.fusion-body .fusion-builder-column-530{width:25% !important;margin-top : 0px;margin-bottom : 20px;}.fusion-builder-column-530 > .fusion-column-wrapper {padding-top : 0px !important;padding-right : 0px !important;margin-right : 7.68%;padding-bottom : 0px !important;padding-left : 0px !important;margin-left : 7.68%;}@media only screen and (max-width:1024px) {.fusion-body .fusion-builder-column-530{width:100% !important;order : 0;}.fusion-builder-column-530 > .fusion-column-wrapper {margin-right : 1.92%;margin-left : 1.92%;}}@media only screen and (max-width:640px) {.fusion-body .fusion-builder-column-530{width:100% !important;order : 0;}.fusion-builder-column-530 > .fusion-column-wrapper {margin-right : 1.92%;margin-left : 1.92%;}}<\/style><div class=\"fusion-layout-column fusion_builder_column fusion-builder-column-531 fusion_builder_column_1_4 1_4 fusion-flex-column img-to-filter\"><div class=\"fusion-column-wrapper fusion-flex-justify-content-flex-start fusion-content-layout-column\" style=\"background-position:left top;background-repeat:no-repeat;-webkit-background-size:cover;-moz-background-size:cover;-o-background-size:cover;background-size:cover;padding: 0px 0px 0px 0px;\"><div ><span class=\"fusion-imageframe imageframe-none imageframe-531 hover-type-none\"><a href=\"https:\/\/www.deco-charpente.fr\/wp-content\/uploads\/2020\/08\/aire-de-r\u00e9ception-e1651580812469.jpg\" class=\"fusion-lightbox\" data-rel=\"iLightbox[gallery-image]\" data-title=\"Aire de r\u00e9ception\" title=\"Reception area\"><img decoding=\"async\" width=\"576\" height=\"512\" src=\"https:\/\/www.deco-charpente.fr\/wp-content\/uploads\/2020\/08\/aire-de-r\u00e9ception-e1651580812469.jpg\" class=\"img-responsive wp-image-2485\" srcset=\"https:\/\/www.deco-charpente.fr\/wp-content\/uploads\/2020\/08\/aire-de-r\u00e9ception-e1651580812469-200x178.jpg 200w, https:\/\/www.deco-charpente.fr\/wp-content\/uploads\/2020\/08\/aire-de-r\u00e9ception-e1651580812469-400x356.jpg 400w, https:\/\/www.deco-charpente.fr\/wp-content\/uploads\/2020\/08\/aire-de-r\u00e9ception-e1651580812469.jpg 576w\" sizes=\"(max-width: 1024px) 100vw, (max-width: 640px) 100vw, 576px\" \/><\/a><\/span><\/div><div class=\"fusion-text fusion-text-1061 tags\" style=\"transform:translate3d(0,0,0);\"><p>Collective space<\/p>\n<\/div><div class=\"fusion-text fusion-text-1062 description\" style=\"transform:translate3d(0,0,0);\"><p>Reception area<\/p>\n<\/div><\/div><\/div><style type=\"text\/css\">.fusion-body .fusion-builder-column-531{width:25% !important;margin-top : 0px;margin-bottom : 20px;}.fusion-builder-column-531 > .fusion-column-wrapper {padding-top : 0px !important;padding-right : 0px !important;margin-right : 7.68%;padding-bottom : 0px !important;padding-left : 0px !important;margin-left : 7.68%;}@media only screen and (max-width:1024px) {.fusion-body .fusion-builder-column-531{width:100% !important;order : 0;}.fusion-builder-column-531 > .fusion-column-wrapper {margin-right : 1.92%;margin-left : 1.92%;}}@media only screen and (max-width:640px) {.fusion-body .fusion-builder-column-531{width:100% !important;order : 0;}.fusion-builder-column-531 > .fusion-column-wrapper {margin-right : 1.92%;margin-left : 1.92%;}}<\/style><div class=\"fusion-layout-column fusion_builder_column fusion-builder-column-532 fusion_builder_column_1_4 1_4 fusion-flex-column img-to-filter\"><div class=\"fusion-column-wrapper fusion-flex-justify-content-flex-start fusion-content-layout-column\" style=\"background-position:left top;background-repeat:no-repeat;-webkit-background-size:cover;-moz-background-size:cover;-o-background-size:cover;background-size:cover;padding: 0px 0px 0px 0px;\"><div ><span class=\"fusion-imageframe imageframe-none imageframe-532 hover-type-none\"><a href=\"https:\/\/www.deco-charpente.fr\/wp-content\/uploads\/2023\/03\/Abri-pour-velos.jpg\" class=\"fusion-lightbox\" data-rel=\"iLightbox[gallery-image]\" data-title=\"Abri pour v\u00e9los\" title=\"Shelter for bicycles\"><img decoding=\"async\" width=\"2000\" height=\"1500\" src=\"https:\/\/www.deco-charpente.fr\/wp-content\/uploads\/2023\/03\/Abri-pour-velos.jpg\" class=\"img-responsive wp-image-8446\" srcset=\"https:\/\/www.deco-charpente.fr\/wp-content\/uploads\/2023\/03\/Abri-pour-velos-200x150.jpg 200w, https:\/\/www.deco-charpente.fr\/wp-content\/uploads\/2023\/03\/Abri-pour-velos-400x300.jpg 400w, https:\/\/www.deco-charpente.fr\/wp-content\/uploads\/2023\/03\/Abri-pour-velos-600x450.jpg 600w, https:\/\/www.deco-charpente.fr\/wp-content\/uploads\/2023\/03\/Abri-pour-velos-800x600.jpg 800w, https:\/\/www.deco-charpente.fr\/wp-content\/uploads\/2023\/03\/Abri-pour-velos-1200x900.jpg 1200w, https:\/\/www.deco-charpente.fr\/wp-content\/uploads\/2023\/03\/Abri-pour-velos.jpg 2000w\" sizes=\"(max-width: 1024px) 100vw, (max-width: 640px) 100vw, 600px\" \/><\/a><\/span><\/div><div class=\"fusion-text fusion-text-1063 tags\" style=\"transform:translate3d(0,0,0);\"><p>Collective space<\/p>\n<\/div><div class=\"fusion-text fusion-text-1064 description\" style=\"transform:translate3d(0,0,0);\"><p>Shelter for bicycles<\/p>\n<\/div><\/div><\/div><style type=\"text\/css\">.fusion-body .fusion-builder-column-532{width:25% !important;margin-top : 0px;margin-bottom : 20px;}.fusion-builder-column-532 > .fusion-column-wrapper {padding-top : 0px !important;padding-right : 0px !important;margin-right : 7.68%;padding-bottom : 0px !important;padding-left : 0px !important;margin-left : 7.68%;}@media only screen and (max-width:1024px) {.fusion-body .fusion-builder-column-532{width:100% !important;order : 0;}.fusion-builder-column-532 > .fusion-column-wrapper {margin-right : 1.92%;margin-left : 1.92%;}}@media only screen and (max-width:640px) {.fusion-body .fusion-builder-column-532{width:100% !important;order : 0;}.fusion-builder-column-532 > .fusion-column-wrapper {margin-right : 1.92%;margin-left : 1.92%;}}<\/style><div class=\"fusion-layout-column fusion_builder_column fusion-builder-column-533 fusion_builder_column_1_4 1_4 fusion-flex-column img-to-filter\"><div class=\"fusion-column-wrapper fusion-flex-justify-content-flex-start fusion-content-layout-column\" style=\"background-position:left top;background-repeat:no-repeat;-webkit-background-size:cover;-moz-background-size:cover;-o-background-size:cover;background-size:cover;padding: 0px 0px 0px 0px;\"><div ><span class=\"fusion-imageframe imageframe-none imageframe-533 hover-type-none\"><a href=\"https:\/\/www.deco-charpente.fr\/wp-content\/uploads\/2022\/08\/Preau-Forcalqueiret.jpg\" class=\"fusion-lightbox\" data-rel=\"iLightbox[gallery-image]\" data-title=\"Pr\u00e9au-Forcalqueiret\" title=\"Pr\u00e9au-Forcalqueiret\"><img decoding=\"async\" width=\"1494\" height=\"905\" src=\"https:\/\/www.deco-charpente.fr\/wp-content\/uploads\/2022\/08\/Preau-Forcalqueiret.jpg\" class=\"img-responsive wp-image-7564\" srcset=\"https:\/\/www.deco-charpente.fr\/wp-content\/uploads\/2022\/08\/Preau-Forcalqueiret-200x121.jpg 200w, https:\/\/www.deco-charpente.fr\/wp-content\/uploads\/2022\/08\/Preau-Forcalqueiret-400x242.jpg 400w, https:\/\/www.deco-charpente.fr\/wp-content\/uploads\/2022\/08\/Preau-Forcalqueiret-600x363.jpg 600w, https:\/\/www.deco-charpente.fr\/wp-content\/uploads\/2022\/08\/Preau-Forcalqueiret-800x485.jpg 800w, https:\/\/www.deco-charpente.fr\/wp-content\/uploads\/2022\/08\/Preau-Forcalqueiret-1200x727.jpg 1200w, https:\/\/www.deco-charpente.fr\/wp-content\/uploads\/2022\/08\/Preau-Forcalqueiret.jpg 1494w\" sizes=\"(max-width: 1024px) 100vw, (max-width: 640px) 100vw, 600px\" \/><\/a><\/span><\/div><div class=\"fusion-text fusion-text-1065 tags\" style=\"transform:translate3d(0,0,0);\"><p>Collective space<\/p>\n<\/div><div class=\"fusion-text fusion-text-1066 description\" style=\"transform:translate3d(0,0,0);\"><p>Courtyard<\/p>\n<\/div><\/div><\/div><style type=\"text\/css\">.fusion-body .fusion-builder-column-533{width:25% !important;margin-top : 0px;margin-bottom : 20px;}.fusion-builder-column-533 > .fusion-column-wrapper {padding-top : 0px !important;padding-right : 0px !important;margin-right : 7.68%;padding-bottom : 0px !important;padding-left : 0px !important;margin-left : 7.68%;}@media only screen and (max-width:1024px) {.fusion-body .fusion-builder-column-533{width:100% !important;order : 0;}.fusion-builder-column-533 > .fusion-column-wrapper {margin-right : 1.92%;margin-left : 1.92%;}}@media only screen and (max-width:640px) {.fusion-body .fusion-builder-column-533{width:100% !important;order : 0;}.fusion-builder-column-533 > .fusion-column-wrapper {margin-right : 1.92%;margin-left : 1.92%;}}<\/style><div class=\"fusion-layout-column fusion_builder_column fusion-builder-column-534 fusion_builder_column_1_4 1_4 fusion-flex-column img-to-filter\"><div class=\"fusion-column-wrapper fusion-flex-justify-content-flex-start fusion-content-layout-column\" style=\"background-position:left top;background-repeat:no-repeat;-webkit-background-size:cover;-moz-background-size:cover;-o-background-size:cover;background-size:cover;padding: 0px 0px 0px 0px;\"><div ><span class=\"fusion-imageframe imageframe-none imageframe-534 hover-type-none\"><a href=\"https:\/\/www.deco-charpente.fr\/wp-content\/uploads\/2020\/08\/pr\u00e9au-d\u00e9cole.jpg\" class=\"fusion-lightbox\" data-rel=\"iLightbox[gallery-image]\" data-title=\"Pr\u00e9au d&rsquo;\u00e9cole\" title=\"School playground\"><img decoding=\"async\" width=\"1200\" height=\"653\" src=\"https:\/\/www.deco-charpente.fr\/wp-content\/uploads\/2020\/08\/pr\u00e9au-d\u00e9cole.jpg\" class=\"img-responsive wp-image-2491\" srcset=\"https:\/\/www.deco-charpente.fr\/wp-content\/uploads\/2020\/08\/pr\u00e9au-d\u00e9cole-200x109.jpg 200w, https:\/\/www.deco-charpente.fr\/wp-content\/uploads\/2020\/08\/pr\u00e9au-d\u00e9cole-400x218.jpg 400w, https:\/\/www.deco-charpente.fr\/wp-content\/uploads\/2020\/08\/pr\u00e9au-d\u00e9cole-600x327.jpg 600w, https:\/\/www.deco-charpente.fr\/wp-content\/uploads\/2020\/08\/pr\u00e9au-d\u00e9cole-800x435.jpg 800w, https:\/\/www.deco-charpente.fr\/wp-content\/uploads\/2020\/08\/pr\u00e9au-d\u00e9cole.jpg 1200w\" sizes=\"(max-width: 1024px) 100vw, (max-width: 640px) 100vw, 600px\" \/><\/a><\/span><\/div><div class=\"fusion-text fusion-text-1067 tags\" style=\"transform:translate3d(0,0,0);\"><p>Collective space<\/p>\n<\/div><div class=\"fusion-text fusion-text-1068 description\" style=\"transform:translate3d(0,0,0);\"><p>School playground<\/p>\n<\/div><\/div><\/div><style type=\"text\/css\">.fusion-body .fusion-builder-column-534{width:25% !important;margin-top : 0px;margin-bottom : 20px;}.fusion-builder-column-534 > .fusion-column-wrapper {padding-top : 0px !important;padding-right : 0px !important;margin-right : 7.68%;padding-bottom : 0px !important;padding-left : 0px !important;margin-left : 7.68%;}@media only screen and (max-width:1024px) {.fusion-body .fusion-builder-column-534{width:100% !important;order : 0;}.fusion-builder-column-534 > .fusion-column-wrapper {margin-right : 1.92%;margin-left : 1.92%;}}@media only screen and (max-width:640px) {.fusion-body .fusion-builder-column-534{width:100% !important;order : 0;}.fusion-builder-column-534 > .fusion-column-wrapper {margin-right : 1.92%;margin-left : 1.92%;}}<\/style><div class=\"fusion-layout-column fusion_builder_column fusion-builder-column-535 fusion_builder_column_1_4 1_4 fusion-flex-column img-to-filter\"><div class=\"fusion-column-wrapper fusion-flex-justify-content-flex-start fusion-content-layout-column\" style=\"background-position:left top;background-repeat:no-repeat;-webkit-background-size:cover;-moz-background-size:cover;-o-background-size:cover;background-size:cover;padding: 0px 0px 0px 0px;\"><div ><span class=\"fusion-imageframe imageframe-none imageframe-535 hover-type-none\"><a href=\"https:\/\/www.deco-charpente.fr\/wp-content\/uploads\/2020\/08\/abri-pour-terrasse-de-restaurant.jpg\" class=\"fusion-lightbox\" data-rel=\"iLightbox[gallery-image]\" data-title=\"Abri pour terrasse de restaurant\" title=\"Shelter for restaurant terrace\"><img decoding=\"async\" width=\"1437\" height=\"782\" src=\"https:\/\/www.deco-charpente.fr\/wp-content\/uploads\/2020\/08\/abri-pour-terrasse-de-restaurant.jpg\" class=\"img-responsive wp-image-2490\" srcset=\"https:\/\/www.deco-charpente.fr\/wp-content\/uploads\/2020\/08\/abri-pour-terrasse-de-restaurant-200x109.jpg 200w, https:\/\/www.deco-charpente.fr\/wp-content\/uploads\/2020\/08\/abri-pour-terrasse-de-restaurant-400x218.jpg 400w, https:\/\/www.deco-charpente.fr\/wp-content\/uploads\/2020\/08\/abri-pour-terrasse-de-restaurant-600x327.jpg 600w, https:\/\/www.deco-charpente.fr\/wp-content\/uploads\/2020\/08\/abri-pour-terrasse-de-restaurant-800x435.jpg 800w, https:\/\/www.deco-charpente.fr\/wp-content\/uploads\/2020\/08\/abri-pour-terrasse-de-restaurant-1200x653.jpg 1200w, https:\/\/www.deco-charpente.fr\/wp-content\/uploads\/2020\/08\/abri-pour-terrasse-de-restaurant.jpg 1437w\" sizes=\"(max-width: 1024px) 100vw, (max-width: 640px) 100vw, 600px\" \/><\/a><\/span><\/div><div class=\"fusion-text fusion-text-1069 tags\" style=\"transform:translate3d(0,0,0);\"><p>Collective space<\/p>\n<\/div><div class=\"fusion-text fusion-text-1070 description\" style=\"transform:translate3d(0,0,0);\"><p>Shelter for restaurant terrace<\/p>\n<\/div><\/div><\/div><style type=\"text\/css\">.fusion-body .fusion-builder-column-535{width:25% !important;margin-top : 0px;margin-bottom : 20px;}.fusion-builder-column-535 > .fusion-column-wrapper {padding-top : 0px !important;padding-right : 0px !important;margin-right : 7.68%;padding-bottom : 0px !important;padding-left : 0px !important;margin-left : 7.68%;}@media only screen and (max-width:1024px) {.fusion-body .fusion-builder-column-535{width:100% !important;order : 0;}.fusion-builder-column-535 > .fusion-column-wrapper {margin-right : 1.92%;margin-left : 1.92%;}}@media only screen and (max-width:640px) {.fusion-body .fusion-builder-column-535{width:100% !important;order : 0;}.fusion-builder-column-535 > .fusion-column-wrapper {margin-right : 1.92%;margin-left : 1.92%;}}<\/style><div class=\"fusion-layout-column fusion_builder_column fusion-builder-column-536 fusion_builder_column_1_4 1_4 fusion-flex-column img-to-filter\"><div class=\"fusion-column-wrapper fusion-flex-justify-content-flex-start fusion-content-layout-column\" style=\"background-position:left top;background-repeat:no-repeat;-webkit-background-size:cover;-moz-background-size:cover;-o-background-size:cover;background-size:cover;padding: 0px 0px 0px 0px;\"><div ><span class=\"fusion-imageframe imageframe-none imageframe-536 hover-type-none\"><a href=\"https:\/\/www.deco-charpente.fr\/wp-content\/uploads\/2020\/08\/pergola-terrasse-de-restaurant.jpg\" class=\"fusion-lightbox\" data-rel=\"iLightbox[gallery-image]\" data-title=\"Pergola terrasse de restaurant\" title=\"Pergola restaurant terrace\"><img decoding=\"async\" width=\"960\" height=\"720\" src=\"https:\/\/www.deco-charpente.fr\/wp-content\/uploads\/2020\/08\/pergola-terrasse-de-restaurant.jpg\" class=\"img-responsive wp-image-2495\" srcset=\"https:\/\/www.deco-charpente.fr\/wp-content\/uploads\/2020\/08\/pergola-terrasse-de-restaurant-200x150.jpg 200w, https:\/\/www.deco-charpente.fr\/wp-content\/uploads\/2020\/08\/pergola-terrasse-de-restaurant-400x300.jpg 400w, https:\/\/www.deco-charpente.fr\/wp-content\/uploads\/2020\/08\/pergola-terrasse-de-restaurant-600x450.jpg 600w, https:\/\/www.deco-charpente.fr\/wp-content\/uploads\/2020\/08\/pergola-terrasse-de-restaurant-800x600.jpg 800w, https:\/\/www.deco-charpente.fr\/wp-content\/uploads\/2020\/08\/pergola-terrasse-de-restaurant.jpg 960w\" sizes=\"(max-width: 1024px) 100vw, (max-width: 640px) 100vw, 600px\" \/><\/a><\/span><\/div><div class=\"fusion-text fusion-text-1071 tags\" style=\"transform:translate3d(0,0,0);\"><p>Collective space<\/p>\n<\/div><div class=\"fusion-text fusion-text-1072 description\" style=\"transform:translate3d(0,0,0);\"><p>Pergola restaurant terrace<\/p>\n<\/div><\/div><\/div><style type=\"text\/css\">.fusion-body .fusion-builder-column-536{width:25% !important;margin-top : 0px;margin-bottom : 20px;}.fusion-builder-column-536 > .fusion-column-wrapper {padding-top : 0px !important;padding-right : 0px !important;margin-right : 7.68%;padding-bottom : 0px !important;padding-left : 0px !important;margin-left : 7.68%;}@media only screen and (max-width:1024px) {.fusion-body .fusion-builder-column-536{width:100% !important;order : 0;}.fusion-builder-column-536 > .fusion-column-wrapper {margin-right : 1.92%;margin-left : 1.92%;}}@media only screen and (max-width:640px) {.fusion-body .fusion-builder-column-536{width:100% !important;order : 0;}.fusion-builder-column-536 > .fusion-column-wrapper {margin-right : 1.92%;margin-left : 1.92%;}}<\/style><div class=\"fusion-layout-column fusion_builder_column fusion-builder-column-537 fusion_builder_column_1_4 1_4 fusion-flex-column img-to-filter\"><div class=\"fusion-column-wrapper fusion-flex-justify-content-flex-start fusion-content-layout-column\" style=\"background-position:left top;background-repeat:no-repeat;-webkit-background-size:cover;-moz-background-size:cover;-o-background-size:cover;background-size:cover;padding: 0px 0px 0px 0px;\"><div ><span class=\"fusion-imageframe imageframe-none imageframe-537 hover-type-none\"><a href=\"https:\/\/www.deco-charpente.fr\/wp-content\/uploads\/2020\/08\/pergola-terrasse-de-restaurant-2.jpg\" class=\"fusion-lightbox\" data-rel=\"iLightbox[gallery-image]\" data-title=\"Pergola terrasse de restaurant 2\" title=\"Pergola restaurant terrace 2\"><img decoding=\"async\" width=\"960\" height=\"720\" src=\"https:\/\/www.deco-charpente.fr\/wp-content\/uploads\/2020\/08\/pergola-terrasse-de-restaurant-2.jpg\" class=\"img-responsive wp-image-2494\" srcset=\"https:\/\/www.deco-charpente.fr\/wp-content\/uploads\/2020\/08\/pergola-terrasse-de-restaurant-2-200x150.jpg 200w, https:\/\/www.deco-charpente.fr\/wp-content\/uploads\/2020\/08\/pergola-terrasse-de-restaurant-2-400x300.jpg 400w, https:\/\/www.deco-charpente.fr\/wp-content\/uploads\/2020\/08\/pergola-terrasse-de-restaurant-2-600x450.jpg 600w, https:\/\/www.deco-charpente.fr\/wp-content\/uploads\/2020\/08\/pergola-terrasse-de-restaurant-2-800x600.jpg 800w, https:\/\/www.deco-charpente.fr\/wp-content\/uploads\/2020\/08\/pergola-terrasse-de-restaurant-2.jpg 960w\" sizes=\"(max-width: 1024px) 100vw, (max-width: 640px) 100vw, 600px\" \/><\/a><\/span><\/div><div class=\"fusion-text fusion-text-1073 tags\" style=\"transform:translate3d(0,0,0);\"><p>Collective space<\/p>\n<\/div><div class=\"fusion-text fusion-text-1074 description\" style=\"transform:translate3d(0,0,0);\"><p>Pergola restaurant terrace<\/p>\n<\/div><\/div><\/div><style type=\"text\/css\">.fusion-body .fusion-builder-column-537{width:25% !important;margin-top : 0px;margin-bottom : 20px;}.fusion-builder-column-537 > .fusion-column-wrapper {padding-top : 0px !important;padding-right : 0px !important;margin-right : 7.68%;padding-bottom : 0px !important;padding-left : 0px !important;margin-left : 7.68%;}@media only screen and (max-width:1024px) {.fusion-body .fusion-builder-column-537{width:100% !important;order : 0;}.fusion-builder-column-537 > .fusion-column-wrapper {margin-right : 1.92%;margin-left : 1.92%;}}@media only screen and (max-width:640px) {.fusion-body .fusion-builder-column-537{width:100% !important;order : 0;}.fusion-builder-column-537 > .fusion-column-wrapper {margin-right : 1.92%;margin-left : 1.92%;}}<\/style><div class=\"fusion-layout-column fusion_builder_column fusion-builder-column-538 fusion_builder_column_1_4 1_4 fusion-flex-column img-to-filter\"><div class=\"fusion-column-wrapper fusion-flex-justify-content-flex-start fusion-content-layout-column\" style=\"background-position:left top;background-repeat:no-repeat;-webkit-background-size:cover;-moz-background-size:cover;-o-background-size:cover;background-size:cover;padding: 0px 0px 0px 0px;\"><div ><span class=\"fusion-imageframe imageframe-none imageframe-538 hover-type-none\"><a href=\"https:\/\/www.deco-charpente.fr\/wp-content\/uploads\/2020\/08\/Capture-d\u2019\u00e9cran-2020-08-25-\u00e0-17-compressed.jpg\" class=\"fusion-lightbox\" data-rel=\"iLightbox[gallery-image]\" data-title=\"Capture d\u2019\u00e9cran 2020-08-25 \u00e0 17-compressed\" title=\"Screenshot 2020-08-25 at 17-compressed\"><img decoding=\"async\" width=\"1022\" height=\"755\" src=\"https:\/\/www.deco-charpente.fr\/wp-content\/uploads\/2020\/08\/Capture-d\u2019\u00e9cran-2020-08-25-\u00e0-17-compressed.jpg\" class=\"img-responsive wp-image-2390\" srcset=\"https:\/\/www.deco-charpente.fr\/wp-content\/uploads\/2020\/08\/Capture-d\u2019\u00e9cran-2020-08-25-\u00e0-17-compressed-200x148.jpg 200w, https:\/\/www.deco-charpente.fr\/wp-content\/uploads\/2020\/08\/Capture-d\u2019\u00e9cran-2020-08-25-\u00e0-17-compressed-400x295.jpg 400w, https:\/\/www.deco-charpente.fr\/wp-content\/uploads\/2020\/08\/Capture-d\u2019\u00e9cran-2020-08-25-\u00e0-17-compressed-600x443.jpg 600w, https:\/\/www.deco-charpente.fr\/wp-content\/uploads\/2020\/08\/Capture-d\u2019\u00e9cran-2020-08-25-\u00e0-17-compressed-800x591.jpg 800w, https:\/\/www.deco-charpente.fr\/wp-content\/uploads\/2020\/08\/Capture-d\u2019\u00e9cran-2020-08-25-\u00e0-17-compressed.jpg 1022w\" sizes=\"(max-width: 1024px) 100vw, (max-width: 640px) 100vw, 600px\" \/><\/a><\/span><\/div><div class=\"fusion-text fusion-text-1075 tags\" style=\"transform:translate3d(0,0,0);\"><p>Pergola<\/p>\n<\/div><div class=\"fusion-text fusion-text-1076 description\" style=\"transform:translate3d(0,0,0);\"><p>Pegola wood<\/p>\n<\/div><\/div><\/div><style type=\"text\/css\">.fusion-body .fusion-builder-column-538{width:25% !important;margin-top : 0px;margin-bottom : 20px;}.fusion-builder-column-538 > .fusion-column-wrapper {padding-top : 0px !important;padding-right : 0px !important;margin-right : 7.68%;padding-bottom : 0px !important;padding-left : 0px !important;margin-left : 7.68%;}@media only screen and (max-width:1024px) {.fusion-body .fusion-builder-column-538{width:100% !important;order : 0;}.fusion-builder-column-538 > .fusion-column-wrapper {margin-right : 1.92%;margin-left : 1.92%;}}@media only screen and (max-width:640px) {.fusion-body .fusion-builder-column-538{width:100% !important;order : 0;}.fusion-builder-column-538 > .fusion-column-wrapper {margin-right : 1.92%;margin-left : 1.92%;}}<\/style><div class=\"fusion-layout-column fusion_builder_column fusion-builder-column-539 fusion_builder_column_1_4 1_4 fusion-flex-column img-to-filter\"><div class=\"fusion-column-wrapper fusion-flex-justify-content-flex-start fusion-content-layout-column\" style=\"background-position:left top;background-repeat:no-repeat;-webkit-background-size:cover;-moz-background-size:cover;-o-background-size:cover;background-size:cover;padding: 0px 0px 0px 0px;\"><div ><span class=\"fusion-imageframe imageframe-none imageframe-539 hover-type-none\"><a href=\"https:\/\/www.deco-charpente.fr\/wp-content\/uploads\/2021\/03\/Pergola-1-pente.jpg\" class=\"fusion-lightbox\" data-rel=\"iLightbox[gallery-image]\" data-title=\"Pergola 1 pente\" title=\"Pergola 1 slope\"><img decoding=\"async\" width=\"1019\" height=\"768\" src=\"https:\/\/www.deco-charpente.fr\/wp-content\/uploads\/2021\/03\/Pergola-1-pente.jpg\" class=\"img-responsive wp-image-4774\" srcset=\"https:\/\/www.deco-charpente.fr\/wp-content\/uploads\/2021\/03\/Pergola-1-pente-200x151.jpg 200w, https:\/\/www.deco-charpente.fr\/wp-content\/uploads\/2021\/03\/Pergola-1-pente-400x301.jpg 400w, https:\/\/www.deco-charpente.fr\/wp-content\/uploads\/2021\/03\/Pergola-1-pente-600x452.jpg 600w, https:\/\/www.deco-charpente.fr\/wp-content\/uploads\/2021\/03\/Pergola-1-pente-800x603.jpg 800w, https:\/\/www.deco-charpente.fr\/wp-content\/uploads\/2021\/03\/Pergola-1-pente.jpg 1019w\" sizes=\"(max-width: 1024px) 100vw, (max-width: 640px) 100vw, 600px\" \/><\/a><\/span><\/div><div class=\"fusion-text fusion-text-1077 tags\" style=\"transform:translate3d(0,0,0);\"><p>Pergola<\/p>\n<\/div><div class=\"fusion-text fusion-text-1078 description\" style=\"transform:translate3d(0,0,0);\"><p>Wooden pergola on low wall<\/p>\n<\/div><\/div><\/div><style type=\"text\/css\">.fusion-body .fusion-builder-column-539{width:25% !important;margin-top : 0px;margin-bottom : 20px;}.fusion-builder-column-539 > .fusion-column-wrapper {padding-top : 0px !important;padding-right : 0px !important;margin-right : 7.68%;padding-bottom : 0px !important;padding-left : 0px !important;margin-left : 7.68%;}@media only screen and (max-width:1024px) {.fusion-body .fusion-builder-column-539{width:100% !important;order : 0;}.fusion-builder-column-539 > .fusion-column-wrapper {margin-right : 1.92%;margin-left : 1.92%;}}@media only screen and (max-width:640px) {.fusion-body .fusion-builder-column-539{width:100% !important;order : 0;}.fusion-builder-column-539 > .fusion-column-wrapper {margin-right : 1.92%;margin-left : 1.92%;}}<\/style><div class=\"fusion-layout-column fusion_builder_column fusion-builder-column-540 fusion_builder_column_1_4 1_4 fusion-flex-column img-to-filter\"><div class=\"fusion-column-wrapper fusion-flex-justify-content-flex-start fusion-content-layout-column\" style=\"background-position:left top;background-repeat:no-repeat;-webkit-background-size:cover;-moz-background-size:cover;-o-background-size:cover;background-size:cover;padding: 0px 0px 0px 0px;\"><div ><span class=\"fusion-imageframe imageframe-none imageframe-540 hover-type-none\"><a href=\"https:\/\/www.deco-charpente.fr\/wp-content\/uploads\/2020\/08\/pergola-ave-echelle-compressed-e1651583058170.jpg\" class=\"fusion-lightbox\" data-rel=\"iLightbox[gallery-image]\" data-title=\"Pergola avec echelle-compressed\" title=\"Pergola with ladder-compressed\"><img decoding=\"async\" width=\"1536\" height=\"1402\" src=\"https:\/\/www.deco-charpente.fr\/wp-content\/uploads\/2020\/08\/pergola-ave-echelle-compressed-e1651583058170.jpg\" class=\"img-responsive wp-image-2497\" srcset=\"https:\/\/www.deco-charpente.fr\/wp-content\/uploads\/2020\/08\/pergola-ave-echelle-compressed-e1651583058170-200x183.jpg 200w, https:\/\/www.deco-charpente.fr\/wp-content\/uploads\/2020\/08\/pergola-ave-echelle-compressed-e1651583058170-400x365.jpg 400w, https:\/\/www.deco-charpente.fr\/wp-content\/uploads\/2020\/08\/pergola-ave-echelle-compressed-e1651583058170-600x548.jpg 600w, https:\/\/www.deco-charpente.fr\/wp-content\/uploads\/2020\/08\/pergola-ave-echelle-compressed-e1651583058170-800x730.jpg 800w, https:\/\/www.deco-charpente.fr\/wp-content\/uploads\/2020\/08\/pergola-ave-echelle-compressed-e1651583058170-1200x1095.jpg 1200w, https:\/\/www.deco-charpente.fr\/wp-content\/uploads\/2020\/08\/pergola-ave-echelle-compressed-e1651583058170.jpg 1536w\" sizes=\"(max-width: 1024px) 100vw, (max-width: 640px) 100vw, 600px\" \/><\/a><\/span><\/div><div class=\"fusion-text fusion-text-1079 tags\" style=\"transform:translate3d(0,0,0);\"><p>Pergola<\/p>\n<\/div><div class=\"fusion-text fusion-text-1080 description\" style=\"transform:translate3d(0,0,0);\"><p>Pergola with ladder<\/p>\n<\/div><\/div><\/div><style type=\"text\/css\">.fusion-body .fusion-builder-column-540{width:25% !important;margin-top : 0px;margin-bottom : 20px;}.fusion-builder-column-540 > .fusion-column-wrapper {padding-top : 0px !important;padding-right : 0px !important;margin-right : 7.68%;padding-bottom : 0px !important;padding-left : 0px !important;margin-left : 7.68%;}@media only screen and (max-width:1024px) {.fusion-body .fusion-builder-column-540{width:100% !important;order : 0;}.fusion-builder-column-540 > .fusion-column-wrapper {margin-right : 1.92%;margin-left : 1.92%;}}@media only screen and (max-width:640px) {.fusion-body .fusion-builder-column-540{width:100% !important;order : 0;}.fusion-builder-column-540 > .fusion-column-wrapper {margin-right : 1.92%;margin-left : 1.92%;}}<\/style><div class=\"fusion-layout-column fusion_builder_column fusion-builder-column-541 fusion_builder_column_1_4 1_4 fusion-flex-column img-to-filter\"><div class=\"fusion-column-wrapper fusion-flex-justify-content-flex-start fusion-content-layout-column\" style=\"background-position:left top;background-repeat:no-repeat;-webkit-background-size:cover;-moz-background-size:cover;-o-background-size:cover;background-size:cover;padding: 0px 0px 0px 0px;\"><div ><span class=\"fusion-imageframe imageframe-none imageframe-541 hover-type-none\"><a href=\"https:\/\/www.deco-charpente.fr\/wp-content\/uploads\/2020\/08\/v\u00e9randa-bois-10.jpg\" class=\"fusion-lightbox\" data-rel=\"iLightbox[gallery-image]\" data-title=\"V\u00e9randa bois 10\" title=\"Wooden veranda 10\"><img decoding=\"async\" width=\"1024\" height=\"768\" src=\"https:\/\/www.deco-charpente.fr\/wp-content\/uploads\/2020\/08\/v\u00e9randa-bois-10.jpg\" class=\"img-responsive wp-image-2689\" srcset=\"https:\/\/www.deco-charpente.fr\/wp-content\/uploads\/2020\/08\/v\u00e9randa-bois-10-200x150.jpg 200w, https:\/\/www.deco-charpente.fr\/wp-content\/uploads\/2020\/08\/v\u00e9randa-bois-10-400x300.jpg 400w, https:\/\/www.deco-charpente.fr\/wp-content\/uploads\/2020\/08\/v\u00e9randa-bois-10-600x450.jpg 600w, https:\/\/www.deco-charpente.fr\/wp-content\/uploads\/2020\/08\/v\u00e9randa-bois-10-800x600.jpg 800w, https:\/\/www.deco-charpente.fr\/wp-content\/uploads\/2020\/08\/v\u00e9randa-bois-10.jpg 1024w\" sizes=\"(max-width: 1024px) 100vw, (max-width: 640px) 100vw, 600px\" \/><\/a><\/span><\/div><div class=\"fusion-text fusion-text-1081 tags\" style=\"transform:translate3d(0,0,0);\"><p>Decorative solution, Veranda<\/p>\n<\/div><div class=\"fusion-text fusion-text-1082 description\" style=\"transform:translate3d(0,0,0);\"><p>Wooden veranda<\/p>\n<\/div><\/div><\/div><style type=\"text\/css\">.fusion-body .fusion-builder-column-541{width:25% !important;margin-top : 0px;margin-bottom : 20px;}.fusion-builder-column-541 > .fusion-column-wrapper {padding-top : 0px !important;padding-right : 0px !important;margin-right : 7.68%;padding-bottom : 0px !important;padding-left : 0px !important;margin-left : 7.68%;}@media only screen and (max-width:1024px) {.fusion-body .fusion-builder-column-541{width:100% !important;order : 0;}.fusion-builder-column-541 > .fusion-column-wrapper {margin-right : 1.92%;margin-left : 1.92%;}}@media only screen and (max-width:640px) {.fusion-body .fusion-builder-column-541{width:100% !important;order : 0;}.fusion-builder-column-541 > .fusion-column-wrapper {margin-right : 1.92%;margin-left : 1.92%;}}<\/style><div class=\"fusion-layout-column fusion_builder_column fusion-builder-column-542 fusion_builder_column_1_4 1_4 fusion-flex-column img-to-filter\"><div class=\"fusion-column-wrapper fusion-flex-justify-content-flex-start fusion-content-layout-column\" style=\"background-position:left top;background-repeat:no-repeat;-webkit-background-size:cover;-moz-background-size:cover;-o-background-size:cover;background-size:cover;padding: 0px 0px 0px 0px;\"><div ><span class=\"fusion-imageframe imageframe-none imageframe-542 hover-type-none\"><a href=\"https:\/\/www.deco-charpente.fr\/wp-content\/uploads\/2021\/09\/Veranda-bois.jpg\" class=\"fusion-lightbox\" data-rel=\"iLightbox[gallery-image]\" data-title=\"Veranda bois\" title=\"Wooden veranda\"><img decoding=\"async\" width=\"1800\" height=\"1200\" alt=\"Veranda bois\" src=\"https:\/\/www.deco-charpente.fr\/wp-content\/uploads\/2021\/09\/Veranda-bois.jpg\" class=\"img-responsive wp-image-5115\" srcset=\"https:\/\/www.deco-charpente.fr\/wp-content\/uploads\/2021\/09\/Veranda-bois-200x133.jpg 200w, https:\/\/www.deco-charpente.fr\/wp-content\/uploads\/2021\/09\/Veranda-bois-400x267.jpg 400w, https:\/\/www.deco-charpente.fr\/wp-content\/uploads\/2021\/09\/Veranda-bois-600x400.jpg 600w, https:\/\/www.deco-charpente.fr\/wp-content\/uploads\/2021\/09\/Veranda-bois-800x533.jpg 800w, https:\/\/www.deco-charpente.fr\/wp-content\/uploads\/2021\/09\/Veranda-bois-1200x800.jpg 1200w, https:\/\/www.deco-charpente.fr\/wp-content\/uploads\/2021\/09\/Veranda-bois.jpg 1800w\" sizes=\"(max-width: 1024px) 100vw, (max-width: 640px) 100vw, 600px\" \/><\/a><\/span><\/div><div class=\"fusion-text fusion-text-1083 tags\" style=\"transform:translate3d(0,0,0);\"><p>Decorative solution, Veranda<\/p>\n<\/div><div class=\"fusion-text fusion-text-1084 description\" style=\"transform:translate3d(0,0,0);\"><p>Wooden veranda<\/p>\n<\/div><\/div><\/div><style type=\"text\/css\">.fusion-body .fusion-builder-column-542{width:25% !important;margin-top : 0px;margin-bottom : 20px;}.fusion-builder-column-542 > .fusion-column-wrapper {padding-top : 0px !important;padding-right : 0px !important;margin-right : 7.68%;padding-bottom : 0px !important;padding-left : 0px !important;margin-left : 7.68%;}@media only screen and (max-width:1024px) {.fusion-body .fusion-builder-column-542{width:100% !important;order : 0;}.fusion-builder-column-542 > .fusion-column-wrapper {margin-right : 1.92%;margin-left : 1.92%;}}@media only screen and (max-width:640px) {.fusion-body .fusion-builder-column-542{width:100% !important;order : 0;}.fusion-builder-column-542 > .fusion-column-wrapper {margin-right : 1.92%;margin-left : 1.92%;}}<\/style><div class=\"fusion-layout-column fusion_builder_column fusion-builder-column-543 fusion_builder_column_1_4 1_4 fusion-flex-column img-to-filter\"><div class=\"fusion-column-wrapper fusion-flex-justify-content-flex-start fusion-content-layout-column\" style=\"background-position:left top;background-repeat:no-repeat;-webkit-background-size:cover;-moz-background-size:cover;-o-background-size:cover;background-size:cover;padding: 0px 0px 0px 0px;\"><div ><span class=\"fusion-imageframe imageframe-none imageframe-543 hover-type-none\"><a href=\"https:\/\/www.deco-charpente.fr\/wp-content\/uploads\/2020\/08\/v\u00e9randa-bois-13.jpg\" class=\"fusion-lightbox\" data-rel=\"iLightbox[gallery-image]\" data-title=\"V\u00e9randa bois 13\" title=\"Wooden veranda 13\"><img decoding=\"async\" width=\"1024\" height=\"576\" src=\"https:\/\/www.deco-charpente.fr\/wp-content\/uploads\/2020\/08\/v\u00e9randa-bois-13.jpg\" class=\"img-responsive wp-image-2688\" srcset=\"https:\/\/www.deco-charpente.fr\/wp-content\/uploads\/2020\/08\/v\u00e9randa-bois-13-200x113.jpg 200w, https:\/\/www.deco-charpente.fr\/wp-content\/uploads\/2020\/08\/v\u00e9randa-bois-13-400x225.jpg 400w, https:\/\/www.deco-charpente.fr\/wp-content\/uploads\/2020\/08\/v\u00e9randa-bois-13-600x338.jpg 600w, https:\/\/www.deco-charpente.fr\/wp-content\/uploads\/2020\/08\/v\u00e9randa-bois-13-800x450.jpg 800w, https:\/\/www.deco-charpente.fr\/wp-content\/uploads\/2020\/08\/v\u00e9randa-bois-13.jpg 1024w\" sizes=\"(max-width: 1024px) 100vw, (max-width: 640px) 100vw, 600px\" \/><\/a><\/span><\/div><div class=\"fusion-text fusion-text-1085 tags\" style=\"transform:translate3d(0,0,0);\"><p>Decorative solution, Veranda<\/p>\n<\/div><div class=\"fusion-text fusion-text-1086 description\" style=\"transform:translate3d(0,0,0);\"><p>Wooden veranda<\/p>\n<\/div><\/div><\/div><style type=\"text\/css\">.fusion-body .fusion-builder-column-543{width:25% !important;margin-top : 0px;margin-bottom : 20px;}.fusion-builder-column-543 > .fusion-column-wrapper {padding-top : 0px !important;padding-right : 0px !important;margin-right : 7.68%;padding-bottom : 0px !important;padding-left : 0px !important;margin-left : 7.68%;}@media only screen and (max-width:1024px) {.fusion-body .fusion-builder-column-543{width:100% !important;order : 0;}.fusion-builder-column-543 > .fusion-column-wrapper {margin-right : 1.92%;margin-left : 1.92%;}}@media only screen and (max-width:640px) {.fusion-body .fusion-builder-column-543{width:100% !important;order : 0;}.fusion-builder-column-543 > .fusion-column-wrapper {margin-right : 1.92%;margin-left : 1.92%;}}<\/style><div class=\"fusion-layout-column fusion_builder_column fusion-builder-column-544 fusion_builder_column_1_4 1_4 fusion-flex-column img-to-filter\"><div class=\"fusion-column-wrapper fusion-flex-justify-content-flex-start fusion-content-layout-column\" style=\"background-position:left top;background-repeat:no-repeat;-webkit-background-size:cover;-moz-background-size:cover;-o-background-size:cover;background-size:cover;padding: 0px 0px 0px 0px;\"><div ><span class=\"fusion-imageframe imageframe-none imageframe-544 hover-type-none\"><a href=\"https:\/\/www.deco-charpente.fr\/wp-content\/uploads\/2020\/08\/v\u00e9randa-bois-11.jpg\" class=\"fusion-lightbox\" data-rel=\"iLightbox[gallery-image]\" data-title=\"v\u00e9randa bois 11\" title=\"wooden veranda 11\"><img decoding=\"async\" width=\"1024\" height=\"576\" src=\"https:\/\/www.deco-charpente.fr\/wp-content\/uploads\/2020\/08\/v\u00e9randa-bois-11.jpg\" class=\"img-responsive wp-image-2687\" srcset=\"https:\/\/www.deco-charpente.fr\/wp-content\/uploads\/2020\/08\/v\u00e9randa-bois-11-200x113.jpg 200w, https:\/\/www.deco-charpente.fr\/wp-content\/uploads\/2020\/08\/v\u00e9randa-bois-11-400x225.jpg 400w, https:\/\/www.deco-charpente.fr\/wp-content\/uploads\/2020\/08\/v\u00e9randa-bois-11-600x338.jpg 600w, https:\/\/www.deco-charpente.fr\/wp-content\/uploads\/2020\/08\/v\u00e9randa-bois-11-800x450.jpg 800w, https:\/\/www.deco-charpente.fr\/wp-content\/uploads\/2020\/08\/v\u00e9randa-bois-11.jpg 1024w\" sizes=\"(max-width: 1024px) 100vw, (max-width: 640px) 100vw, 600px\" \/><\/a><\/span><\/div><div class=\"fusion-text fusion-text-1087 tags\" style=\"transform:translate3d(0,0,0);\"><p>Decorative solution, Veranda<\/p>\n<\/div><div class=\"fusion-text fusion-text-1088 description\" style=\"transform:translate3d(0,0,0);\"><p>Wooden veranda<\/p>\n<\/div><\/div><\/div><style type=\"text\/css\">.fusion-body .fusion-builder-column-544{width:25% !important;margin-top : 0px;margin-bottom : 20px;}.fusion-builder-column-544 > .fusion-column-wrapper {padding-top : 0px !important;padding-right : 0px !important;margin-right : 7.68%;padding-bottom : 0px !important;padding-left : 0px !important;margin-left : 7.68%;}@media only screen and (max-width:1024px) {.fusion-body .fusion-builder-column-544{width:100% !important;order : 0;}.fusion-builder-column-544 > .fusion-column-wrapper {margin-right : 1.92%;margin-left : 1.92%;}}@media only screen and (max-width:640px) {.fusion-body .fusion-builder-column-544{width:100% !important;order : 0;}.fusion-builder-column-544 > .fusion-column-wrapper {margin-right : 1.92%;margin-left : 1.92%;}}<\/style><div class=\"fusion-layout-column fusion_builder_column fusion-builder-column-545 fusion_builder_column_1_4 1_4 fusion-flex-column img-to-filter\"><div class=\"fusion-column-wrapper fusion-flex-justify-content-flex-start fusion-content-layout-column\" style=\"background-position:left top;background-repeat:no-repeat;-webkit-background-size:cover;-moz-background-size:cover;-o-background-size:cover;background-size:cover;padding: 0px 0px 0px 0px;\"><div ><span class=\"fusion-imageframe imageframe-none imageframe-545 hover-type-none\"><a href=\"https:\/\/www.deco-charpente.fr\/wp-content\/uploads\/2020\/08\/v\u00e9randa-bois-12.jpg\" class=\"fusion-lightbox\" data-rel=\"iLightbox[gallery-image]\" data-title=\"v\u00e9randa bois 12\" title=\"wooden veranda 12\"><img decoding=\"async\" width=\"1024\" height=\"576\" src=\"https:\/\/www.deco-charpente.fr\/wp-content\/uploads\/2020\/08\/v\u00e9randa-bois-12.jpg\" class=\"img-responsive wp-image-2686\" srcset=\"https:\/\/www.deco-charpente.fr\/wp-content\/uploads\/2020\/08\/v\u00e9randa-bois-12-200x113.jpg 200w, https:\/\/www.deco-charpente.fr\/wp-content\/uploads\/2020\/08\/v\u00e9randa-bois-12-400x225.jpg 400w, https:\/\/www.deco-charpente.fr\/wp-content\/uploads\/2020\/08\/v\u00e9randa-bois-12-600x338.jpg 600w, https:\/\/www.deco-charpente.fr\/wp-content\/uploads\/2020\/08\/v\u00e9randa-bois-12-800x450.jpg 800w, https:\/\/www.deco-charpente.fr\/wp-content\/uploads\/2020\/08\/v\u00e9randa-bois-12.jpg 1024w\" sizes=\"(max-width: 1024px) 100vw, (max-width: 640px) 100vw, 600px\" \/><\/a><\/span><\/div><div class=\"fusion-text fusion-text-1089 tags\" style=\"transform:translate3d(0,0,0);\"><p>Decorative solution, Veranda<\/p>\n<\/div><div class=\"fusion-text fusion-text-1090 description\" style=\"transform:translate3d(0,0,0);\"><p>Wooden veranda<\/p>\n<\/div><\/div><\/div><style type=\"text\/css\">.fusion-body .fusion-builder-column-545{width:25% !important;margin-top : 0px;margin-bottom : 20px;}.fusion-builder-column-545 > .fusion-column-wrapper {padding-top : 0px !important;padding-right : 0px !important;margin-right : 7.68%;padding-bottom : 0px !important;padding-left : 0px !important;margin-left : 7.68%;}@media only screen and (max-width:1024px) {.fusion-body .fusion-builder-column-545{width:100% !important;order : 0;}.fusion-builder-column-545 > .fusion-column-wrapper {margin-right : 1.92%;margin-left : 1.92%;}}@media only screen and (max-width:640px) {.fusion-body .fusion-builder-column-545{width:100% !important;order : 0;}.fusion-builder-column-545 > .fusion-column-wrapper {margin-right : 1.92%;margin-left : 1.92%;}}<\/style><div class=\"fusion-layout-column fusion_builder_column fusion-builder-column-546 fusion_builder_column_1_4 1_4 fusion-flex-column img-to-filter\"><div class=\"fusion-column-wrapper fusion-flex-justify-content-flex-start fusion-content-layout-column\" style=\"background-position:left top;background-repeat:no-repeat;-webkit-background-size:cover;-moz-background-size:cover;-o-background-size:cover;background-size:cover;padding: 0px 0px 0px 0px;\"><div ><span class=\"fusion-imageframe imageframe-none imageframe-546 hover-type-none\"><a href=\"https:\/\/www.deco-charpente.fr\/wp-content\/uploads\/2020\/08\/v\u00e9randa-bois-4-scaled.jpg\" class=\"fusion-lightbox\" data-rel=\"iLightbox[gallery-image]\" data-title=\"v\u00e9randa bois 4\" title=\"wooden veranda 4\"><img decoding=\"async\" width=\"1920\" height=\"1280\" src=\"https:\/\/www.deco-charpente.fr\/wp-content\/uploads\/2020\/08\/v\u00e9randa-bois-4-scaled.jpg\" class=\"img-responsive wp-image-2685\" srcset=\"https:\/\/www.deco-charpente.fr\/wp-content\/uploads\/2020\/08\/v\u00e9randa-bois-4-200x133.jpg 200w, https:\/\/www.deco-charpente.fr\/wp-content\/uploads\/2020\/08\/v\u00e9randa-bois-4-400x267.jpg 400w, https:\/\/www.deco-charpente.fr\/wp-content\/uploads\/2020\/08\/v\u00e9randa-bois-4-600x400.jpg 600w, https:\/\/www.deco-charpente.fr\/wp-content\/uploads\/2020\/08\/v\u00e9randa-bois-4-800x533.jpg 800w, https:\/\/www.deco-charpente.fr\/wp-content\/uploads\/2020\/08\/v\u00e9randa-bois-4-1200x800.jpg 1200w, https:\/\/www.deco-charpente.fr\/wp-content\/uploads\/2020\/08\/v\u00e9randa-bois-4-scaled.jpg 1920w\" sizes=\"(max-width: 1024px) 100vw, (max-width: 640px) 100vw, 600px\" \/><\/a><\/span><\/div><div class=\"fusion-text fusion-text-1091 tags\" style=\"transform:translate3d(0,0,0);\"><p>Decorative solution, Veranda<\/p>\n<\/div><div class=\"fusion-text fusion-text-1092 description\" style=\"transform:translate3d(0,0,0);\"><p>Wooden veranda<\/p>\n<\/div><\/div><\/div><style type=\"text\/css\">.fusion-body .fusion-builder-column-546{width:25% !important;margin-top : 0px;margin-bottom : 20px;}.fusion-builder-column-546 > .fusion-column-wrapper {padding-top : 0px !important;padding-right : 0px !important;margin-right : 7.68%;padding-bottom : 0px !important;padding-left : 0px !important;margin-left : 7.68%;}@media only screen and (max-width:1024px) {.fusion-body .fusion-builder-column-546{width:100% !important;order : 0;}.fusion-builder-column-546 > .fusion-column-wrapper {margin-right : 1.92%;margin-left : 1.92%;}}@media only screen and (max-width:640px) {.fusion-body .fusion-builder-column-546{width:100% !important;order : 0;}.fusion-builder-column-546 > .fusion-column-wrapper {margin-right : 1.92%;margin-left : 1.92%;}}<\/style><div class=\"fusion-layout-column fusion_builder_column fusion-builder-column-547 fusion_builder_column_1_4 1_4 fusion-flex-column img-to-filter\"><div class=\"fusion-column-wrapper fusion-flex-justify-content-flex-start fusion-content-layout-column\" style=\"background-position:left top;background-repeat:no-repeat;-webkit-background-size:cover;-moz-background-size:cover;-o-background-size:cover;background-size:cover;padding: 0px 0px 0px 0px;\"><div ><span class=\"fusion-imageframe imageframe-none imageframe-547 hover-type-none\"><a href=\"https:\/\/www.deco-charpente.fr\/wp-content\/uploads\/2020\/08\/v\u00e9randa-bois-3.jpg\" class=\"fusion-lightbox\" data-rel=\"iLightbox[gallery-image]\" data-title=\"v\u00e9randa bois 3\" title=\"wooden veranda 3\"><img decoding=\"async\" width=\"1440\" height=\"1080\" src=\"https:\/\/www.deco-charpente.fr\/wp-content\/uploads\/2020\/08\/v\u00e9randa-bois-3.jpg\" class=\"img-responsive wp-image-2684\" srcset=\"https:\/\/www.deco-charpente.fr\/wp-content\/uploads\/2020\/08\/v\u00e9randa-bois-3-200x150.jpg 200w, https:\/\/www.deco-charpente.fr\/wp-content\/uploads\/2020\/08\/v\u00e9randa-bois-3-400x300.jpg 400w, https:\/\/www.deco-charpente.fr\/wp-content\/uploads\/2020\/08\/v\u00e9randa-bois-3-600x450.jpg 600w, https:\/\/www.deco-charpente.fr\/wp-content\/uploads\/2020\/08\/v\u00e9randa-bois-3-800x600.jpg 800w, https:\/\/www.deco-charpente.fr\/wp-content\/uploads\/2020\/08\/v\u00e9randa-bois-3-1200x900.jpg 1200w, https:\/\/www.deco-charpente.fr\/wp-content\/uploads\/2020\/08\/v\u00e9randa-bois-3.jpg 1440w\" sizes=\"(max-width: 1024px) 100vw, (max-width: 640px) 100vw, 600px\" \/><\/a><\/span><\/div><div class=\"fusion-text fusion-text-1093 tags\" style=\"transform:translate3d(0,0,0);\"><p>Decorative solution, Veranda<\/p>\n<\/div><div class=\"fusion-text fusion-text-1094 description\" style=\"transform:translate3d(0,0,0);\"><p>Wooden veranda<\/p>\n<\/div><\/div><\/div><style type=\"text\/css\">.fusion-body .fusion-builder-column-547{width:25% !important;margin-top : 0px;margin-bottom : 20px;}.fusion-builder-column-547 > .fusion-column-wrapper {padding-top : 0px !important;padding-right : 0px !important;margin-right : 7.68%;padding-bottom : 0px !important;padding-left : 0px !important;margin-left : 7.68%;}@media only screen and (max-width:1024px) {.fusion-body .fusion-builder-column-547{width:100% !important;order : 0;}.fusion-builder-column-547 > .fusion-column-wrapper {margin-right : 1.92%;margin-left : 1.92%;}}@media only screen and (max-width:640px) {.fusion-body .fusion-builder-column-547{width:100% !important;order : 0;}.fusion-builder-column-547 > .fusion-column-wrapper {margin-right : 1.92%;margin-left : 1.92%;}}<\/style><div class=\"fusion-layout-column fusion_builder_column fusion-builder-column-548 fusion_builder_column_1_4 1_4 fusion-flex-column img-to-filter\"><div class=\"fusion-column-wrapper fusion-flex-justify-content-flex-start fusion-content-layout-column\" style=\"background-position:left top;background-repeat:no-repeat;-webkit-background-size:cover;-moz-background-size:cover;-o-background-size:cover;background-size:cover;padding: 0px 0px 0px 0px;\"><div ><span class=\"fusion-imageframe imageframe-none imageframe-548 hover-type-none\"><a href=\"https:\/\/www.deco-charpente.fr\/wp-content\/uploads\/2020\/08\/Capture-d\u2019\u00e9cran-2020-08-21-\u00e0-17-compressed.jpg\" class=\"fusion-lightbox\" data-rel=\"iLightbox[gallery-image]\" data-title=\"Capture d\u2019\u00e9cran 2020-08-21 \u00e0 17-compressed\" title=\"Screenshot 2020-08-21 at 17-compressed\"><img decoding=\"async\" width=\"1667\" height=\"930\" src=\"https:\/\/www.deco-charpente.fr\/wp-content\/uploads\/2020\/08\/Capture-d\u2019\u00e9cran-2020-08-21-\u00e0-17-compressed.jpg\" class=\"img-responsive wp-image-2683\" srcset=\"https:\/\/www.deco-charpente.fr\/wp-content\/uploads\/2020\/08\/Capture-d\u2019\u00e9cran-2020-08-21-\u00e0-17-compressed-200x112.jpg 200w, https:\/\/www.deco-charpente.fr\/wp-content\/uploads\/2020\/08\/Capture-d\u2019\u00e9cran-2020-08-21-\u00e0-17-compressed-400x223.jpg 400w, https:\/\/www.deco-charpente.fr\/wp-content\/uploads\/2020\/08\/Capture-d\u2019\u00e9cran-2020-08-21-\u00e0-17-compressed-600x335.jpg 600w, https:\/\/www.deco-charpente.fr\/wp-content\/uploads\/2020\/08\/Capture-d\u2019\u00e9cran-2020-08-21-\u00e0-17-compressed-800x446.jpg 800w, https:\/\/www.deco-charpente.fr\/wp-content\/uploads\/2020\/08\/Capture-d\u2019\u00e9cran-2020-08-21-\u00e0-17-compressed-1200x669.jpg 1200w, https:\/\/www.deco-charpente.fr\/wp-content\/uploads\/2020\/08\/Capture-d\u2019\u00e9cran-2020-08-21-\u00e0-17-compressed.jpg 1667w\" sizes=\"(max-width: 1024px) 100vw, (max-width: 640px) 100vw, 600px\" \/><\/a><\/span><\/div><div class=\"fusion-text fusion-text-1095 tags\" style=\"transform:translate3d(0,0,0);\"><p>Decorative solution, Veranda<\/p>\n<\/div><div class=\"fusion-text fusion-text-1096 description\" style=\"transform:translate3d(0,0,0);\"><p>Wooden veranda<\/p>\n<\/div><\/div><\/div><style type=\"text\/css\">.fusion-body .fusion-builder-column-548{width:25% !important;margin-top : 0px;margin-bottom : 20px;}.fusion-builder-column-548 > .fusion-column-wrapper {padding-top : 0px !important;padding-right : 0px !important;margin-right : 7.68%;padding-bottom : 0px !important;padding-left : 0px !important;margin-left : 7.68%;}@media only screen and (max-width:1024px) {.fusion-body .fusion-builder-column-548{width:100% !important;order : 0;}.fusion-builder-column-548 > .fusion-column-wrapper {margin-right : 1.92%;margin-left : 1.92%;}}@media only screen and (max-width:640px) {.fusion-body .fusion-builder-column-548{width:100% !important;order : 0;}.fusion-builder-column-548 > .fusion-column-wrapper {margin-right : 1.92%;margin-left : 1.92%;}}<\/style><div class=\"fusion-layout-column fusion_builder_column fusion-builder-column-549 fusion_builder_column_1_4 1_4 fusion-flex-column img-to-filter\"><div class=\"fusion-column-wrapper fusion-flex-justify-content-flex-start fusion-content-layout-column\" style=\"background-position:left top;background-repeat:no-repeat;-webkit-background-size:cover;-moz-background-size:cover;-o-background-size:cover;background-size:cover;padding: 0px 0px 0px 0px;\"><div ><span class=\"fusion-imageframe imageframe-none imageframe-549 hover-type-none\"><a href=\"https:\/\/www.deco-charpente.fr\/wp-content\/uploads\/2020\/08\/v\u00e9randa-bois.jpg\" class=\"fusion-lightbox\" data-rel=\"iLightbox[gallery-image]\" data-title=\"v\u00e9randa bois\" title=\"wooden veranda\"><img decoding=\"async\" width=\"1671\" height=\"927\" src=\"https:\/\/www.deco-charpente.fr\/wp-content\/uploads\/2020\/08\/v\u00e9randa-bois.jpg\" class=\"img-responsive wp-image-2682\" srcset=\"https:\/\/www.deco-charpente.fr\/wp-content\/uploads\/2020\/08\/v\u00e9randa-bois-200x111.jpg 200w, https:\/\/www.deco-charpente.fr\/wp-content\/uploads\/2020\/08\/v\u00e9randa-bois-400x222.jpg 400w, https:\/\/www.deco-charpente.fr\/wp-content\/uploads\/2020\/08\/v\u00e9randa-bois-600x333.jpg 600w, https:\/\/www.deco-charpente.fr\/wp-content\/uploads\/2020\/08\/v\u00e9randa-bois-800x444.jpg 800w, https:\/\/www.deco-charpente.fr\/wp-content\/uploads\/2020\/08\/v\u00e9randa-bois-1200x666.jpg 1200w, https:\/\/www.deco-charpente.fr\/wp-content\/uploads\/2020\/08\/v\u00e9randa-bois.jpg 1671w\" sizes=\"(max-width: 1024px) 100vw, (max-width: 640px) 100vw, 600px\" \/><\/a><\/span><\/div><div class=\"fusion-text fusion-text-1097 tags\" style=\"transform:translate3d(0,0,0);\"><p>Decorative solution, Veranda<\/p>\n<\/div><div class=\"fusion-text fusion-text-1098 description\" style=\"transform:translate3d(0,0,0);\"><p>Wooden veranda<\/p>\n<\/div><\/div><\/div><style type=\"text\/css\">.fusion-body .fusion-builder-column-549{width:25% !important;margin-top : 0px;margin-bottom : 20px;}.fusion-builder-column-549 > .fusion-column-wrapper {padding-top : 0px !important;padding-right : 0px !important;margin-right : 7.68%;padding-bottom : 0px !important;padding-left : 0px !important;margin-left : 7.68%;}@media only screen and (max-width:1024px) {.fusion-body .fusion-builder-column-549{width:100% !important;order : 0;}.fusion-builder-column-549 > .fusion-column-wrapper {margin-right : 1.92%;margin-left : 1.92%;}}@media only screen and (max-width:640px) {.fusion-body .fusion-builder-column-549{width:100% !important;order : 0;}.fusion-builder-column-549 > .fusion-column-wrapper {margin-right : 1.92%;margin-left : 1.92%;}}<\/style><div class=\"fusion-layout-column fusion_builder_column fusion-builder-column-550 fusion_builder_column_1_4 1_4 fusion-flex-column img-to-filter\"><div class=\"fusion-column-wrapper fusion-flex-justify-content-flex-start fusion-content-layout-column\" style=\"background-position:left top;background-repeat:no-repeat;-webkit-background-size:cover;-moz-background-size:cover;-o-background-size:cover;background-size:cover;padding: 0px 0px 0px 0px;\"><div ><span class=\"fusion-imageframe imageframe-none imageframe-550 hover-type-none\"><a href=\"https:\/\/www.deco-charpente.fr\/wp-content\/uploads\/2020\/08\/Capture-d\u2019\u00e9cran-2020-08-21-\u00e0-17-compressed-3.jpg\" class=\"fusion-lightbox\" data-rel=\"iLightbox[gallery-image]\" data-title=\"Capture d\u2019\u00e9cran 2020-08-21 \u00e0 17-compressed-3\" title=\"Screenshot 2020-08-21 at 17-compressed-3\"><img decoding=\"async\" width=\"1249\" height=\"934\" src=\"https:\/\/www.deco-charpente.fr\/wp-content\/uploads\/2020\/08\/Capture-d\u2019\u00e9cran-2020-08-21-\u00e0-17-compressed-3.jpg\" class=\"img-responsive wp-image-2681\" srcset=\"https:\/\/www.deco-charpente.fr\/wp-content\/uploads\/2020\/08\/Capture-d\u2019\u00e9cran-2020-08-21-\u00e0-17-compressed-3-200x150.jpg 200w, https:\/\/www.deco-charpente.fr\/wp-content\/uploads\/2020\/08\/Capture-d\u2019\u00e9cran-2020-08-21-\u00e0-17-compressed-3-400x299.jpg 400w, https:\/\/www.deco-charpente.fr\/wp-content\/uploads\/2020\/08\/Capture-d\u2019\u00e9cran-2020-08-21-\u00e0-17-compressed-3-600x449.jpg 600w, https:\/\/www.deco-charpente.fr\/wp-content\/uploads\/2020\/08\/Capture-d\u2019\u00e9cran-2020-08-21-\u00e0-17-compressed-3-800x598.jpg 800w, https:\/\/www.deco-charpente.fr\/wp-content\/uploads\/2020\/08\/Capture-d\u2019\u00e9cran-2020-08-21-\u00e0-17-compressed-3-1200x897.jpg 1200w, https:\/\/www.deco-charpente.fr\/wp-content\/uploads\/2020\/08\/Capture-d\u2019\u00e9cran-2020-08-21-\u00e0-17-compressed-3.jpg 1249w\" sizes=\"(max-width: 1024px) 100vw, (max-width: 640px) 100vw, 600px\" \/><\/a><\/span><\/div><div class=\"fusion-text fusion-text-1099 tags\" style=\"transform:translate3d(0,0,0);\"><p>Decorative solution, Veranda<\/p>\n<\/div><div class=\"fusion-text fusion-text-1100 description\" style=\"transform:translate3d(0,0,0);\"><p>Wooden veranda<\/p>\n<\/div><\/div><\/div><style type=\"text\/css\">.fusion-body .fusion-builder-column-550{width:25% !important;margin-top : 0px;margin-bottom : 20px;}.fusion-builder-column-550 > .fusion-column-wrapper {padding-top : 0px !important;padding-right : 0px !important;margin-right : 7.68%;padding-bottom : 0px !important;padding-left : 0px !important;margin-left : 7.68%;}@media only screen and (max-width:1024px) {.fusion-body .fusion-builder-column-550{width:100% !important;order : 0;}.fusion-builder-column-550 > .fusion-column-wrapper {margin-right : 1.92%;margin-left : 1.92%;}}@media only screen and (max-width:640px) {.fusion-body .fusion-builder-column-550{width:100% !important;order : 0;}.fusion-builder-column-550 > .fusion-column-wrapper {margin-right : 1.92%;margin-left : 1.92%;}}<\/style><div class=\"fusion-layout-column fusion_builder_column fusion-builder-column-551 fusion_builder_column_1_4 1_4 fusion-flex-column img-to-filter\"><div class=\"fusion-column-wrapper fusion-flex-justify-content-flex-start fusion-content-layout-column\" style=\"background-position:left top;background-repeat:no-repeat;-webkit-background-size:cover;-moz-background-size:cover;-o-background-size:cover;background-size:cover;padding: 0px 0px 0px 0px;\"><div ><span class=\"fusion-imageframe imageframe-none imageframe-551 hover-type-none\"><a href=\"https:\/\/www.deco-charpente.fr\/wp-content\/uploads\/2020\/08\/Capture-d\u2019\u00e9cran-2020-08-21-\u00e0-17-compressed-4.jpg\" class=\"fusion-lightbox\" data-rel=\"iLightbox[gallery-image]\" data-title=\"Capture d\u2019\u00e9cran 2020-08-21 \u00e0 17-compressed-4\" title=\"Screenshot 2020-08-21 at 17-compressed-4\"><img decoding=\"async\" width=\"1252\" height=\"937\" src=\"https:\/\/www.deco-charpente.fr\/wp-content\/uploads\/2020\/08\/Capture-d\u2019\u00e9cran-2020-08-21-\u00e0-17-compressed-4.jpg\" class=\"img-responsive wp-image-2680\" srcset=\"https:\/\/www.deco-charpente.fr\/wp-content\/uploads\/2020\/08\/Capture-d\u2019\u00e9cran-2020-08-21-\u00e0-17-compressed-4-200x150.jpg 200w, https:\/\/www.deco-charpente.fr\/wp-content\/uploads\/2020\/08\/Capture-d\u2019\u00e9cran-2020-08-21-\u00e0-17-compressed-4-400x299.jpg 400w, https:\/\/www.deco-charpente.fr\/wp-content\/uploads\/2020\/08\/Capture-d\u2019\u00e9cran-2020-08-21-\u00e0-17-compressed-4-600x449.jpg 600w, https:\/\/www.deco-charpente.fr\/wp-content\/uploads\/2020\/08\/Capture-d\u2019\u00e9cran-2020-08-21-\u00e0-17-compressed-4-800x599.jpg 800w, https:\/\/www.deco-charpente.fr\/wp-content\/uploads\/2020\/08\/Capture-d\u2019\u00e9cran-2020-08-21-\u00e0-17-compressed-4-1200x898.jpg 1200w, https:\/\/www.deco-charpente.fr\/wp-content\/uploads\/2020\/08\/Capture-d\u2019\u00e9cran-2020-08-21-\u00e0-17-compressed-4.jpg 1252w\" sizes=\"(max-width: 1024px) 100vw, (max-width: 640px) 100vw, 600px\" \/><\/a><\/span><\/div><div class=\"fusion-text fusion-text-1101 tags\" style=\"transform:translate3d(0,0,0);\"><p>Decorative solution, Veranda<\/p>\n<\/div><div class=\"fusion-text fusion-text-1102 description\" style=\"transform:translate3d(0,0,0);\"><p>Wooden veranda<\/p>\n<\/div><\/div><\/div><style type=\"text\/css\">.fusion-body .fusion-builder-column-551{width:25% !important;margin-top : 0px;margin-bottom : 20px;}.fusion-builder-column-551 > .fusion-column-wrapper {padding-top : 0px !important;padding-right : 0px !important;margin-right : 7.68%;padding-bottom : 0px !important;padding-left : 0px !important;margin-left : 7.68%;}@media only screen and (max-width:1024px) {.fusion-body .fusion-builder-column-551{width:100% !important;order : 0;}.fusion-builder-column-551 > .fusion-column-wrapper {margin-right : 1.92%;margin-left : 1.92%;}}@media only screen and (max-width:640px) {.fusion-body .fusion-builder-column-551{width:100% !important;order : 0;}.fusion-builder-column-551 > .fusion-column-wrapper {margin-right : 1.92%;margin-left : 1.92%;}}<\/style><div class=\"fusion-layout-column fusion_builder_column fusion-builder-column-552 fusion_builder_column_1_4 1_4 fusion-flex-column img-to-filter\"><div class=\"fusion-column-wrapper fusion-flex-justify-content-flex-start fusion-content-layout-column\" style=\"background-position:left top;background-repeat:no-repeat;-webkit-background-size:cover;-moz-background-size:cover;-o-background-size:cover;background-size:cover;padding: 0px 0px 0px 0px;\"><div ><span class=\"fusion-imageframe imageframe-none imageframe-552 hover-type-none\"><a href=\"https:\/\/www.deco-charpente.fr\/wp-content\/uploads\/2020\/08\/Capture-d\u2019\u00e9cran-2020-08-21-\u00e0-17-compressed-5.jpg\" class=\"fusion-lightbox\" data-rel=\"iLightbox[gallery-image]\" data-title=\"Capture d\u2019\u00e9cran 2020-08-21 \u00e0 17-compressed-5\" title=\"Screenshot 2020-08-21 at 17-compressed-5\"><img decoding=\"async\" width=\"1253\" height=\"935\" src=\"https:\/\/www.deco-charpente.fr\/wp-content\/uploads\/2020\/08\/Capture-d\u2019\u00e9cran-2020-08-21-\u00e0-17-compressed-5.jpg\" class=\"img-responsive wp-image-2679\" srcset=\"https:\/\/www.deco-charpente.fr\/wp-content\/uploads\/2020\/08\/Capture-d\u2019\u00e9cran-2020-08-21-\u00e0-17-compressed-5-200x149.jpg 200w, https:\/\/www.deco-charpente.fr\/wp-content\/uploads\/2020\/08\/Capture-d\u2019\u00e9cran-2020-08-21-\u00e0-17-compressed-5-400x298.jpg 400w, https:\/\/www.deco-charpente.fr\/wp-content\/uploads\/2020\/08\/Capture-d\u2019\u00e9cran-2020-08-21-\u00e0-17-compressed-5-600x448.jpg 600w, https:\/\/www.deco-charpente.fr\/wp-content\/uploads\/2020\/08\/Capture-d\u2019\u00e9cran-2020-08-21-\u00e0-17-compressed-5-800x597.jpg 800w, https:\/\/www.deco-charpente.fr\/wp-content\/uploads\/2020\/08\/Capture-d\u2019\u00e9cran-2020-08-21-\u00e0-17-compressed-5-1200x895.jpg 1200w, https:\/\/www.deco-charpente.fr\/wp-content\/uploads\/2020\/08\/Capture-d\u2019\u00e9cran-2020-08-21-\u00e0-17-compressed-5.jpg 1253w\" sizes=\"(max-width: 1024px) 100vw, (max-width: 640px) 100vw, 600px\" \/><\/a><\/span><\/div><div class=\"fusion-text fusion-text-1103 tags\" style=\"transform:translate3d(0,0,0);\"><p>Decorative solution, Veranda<\/p>\n<\/div><div class=\"fusion-text fusion-text-1104 description\" style=\"transform:translate3d(0,0,0);\"><p>Wooden veranda<\/p>\n<\/div><\/div><\/div><style type=\"text\/css\">.fusion-body .fusion-builder-column-552{width:25% !important;margin-top : 0px;margin-bottom : 20px;}.fusion-builder-column-552 > .fusion-column-wrapper {padding-top : 0px !important;padding-right : 0px !important;margin-right : 7.68%;padding-bottom : 0px !important;padding-left : 0px !important;margin-left : 7.68%;}@media only screen and (max-width:1024px) {.fusion-body .fusion-builder-column-552{width:100% !important;order : 0;}.fusion-builder-column-552 > .fusion-column-wrapper {margin-right : 1.92%;margin-left : 1.92%;}}@media only screen and (max-width:640px) {.fusion-body .fusion-builder-column-552{width:100% !important;order : 0;}.fusion-builder-column-552 > .fusion-column-wrapper {margin-right : 1.92%;margin-left : 1.92%;}}<\/style><div class=\"fusion-layout-column fusion_builder_column fusion-builder-column-553 fusion_builder_column_1_4 1_4 fusion-flex-column img-to-filter\"><div class=\"fusion-column-wrapper fusion-flex-justify-content-flex-start fusion-content-layout-column\" style=\"background-position:left top;background-repeat:no-repeat;-webkit-background-size:cover;-moz-background-size:cover;-o-background-size:cover;background-size:cover;padding: 0px 0px 0px 0px;\"><div ><span class=\"fusion-imageframe imageframe-none imageframe-553 hover-type-none\"><a href=\"https:\/\/www.deco-charpente.fr\/wp-content\/uploads\/2020\/08\/Capture-d\u2019\u00e9cran-2020-08-21-\u00e0-17-compressed-6.jpg\" class=\"fusion-lightbox\" data-rel=\"iLightbox[gallery-image]\" data-title=\"Capture d\u2019\u00e9cran 2020-08-21 \u00e0 17-compressed-6\" title=\"Screenshot 2020-08-21 at 17-compressed-6\"><img decoding=\"async\" width=\"1255\" height=\"937\" src=\"https:\/\/www.deco-charpente.fr\/wp-content\/uploads\/2020\/08\/Capture-d\u2019\u00e9cran-2020-08-21-\u00e0-17-compressed-6.jpg\" class=\"img-responsive wp-image-2678\" srcset=\"https:\/\/www.deco-charpente.fr\/wp-content\/uploads\/2020\/08\/Capture-d\u2019\u00e9cran-2020-08-21-\u00e0-17-compressed-6-200x149.jpg 200w, https:\/\/www.deco-charpente.fr\/wp-content\/uploads\/2020\/08\/Capture-d\u2019\u00e9cran-2020-08-21-\u00e0-17-compressed-6-400x299.jpg 400w, https:\/\/www.deco-charpente.fr\/wp-content\/uploads\/2020\/08\/Capture-d\u2019\u00e9cran-2020-08-21-\u00e0-17-compressed-6-600x448.jpg 600w, https:\/\/www.deco-charpente.fr\/wp-content\/uploads\/2020\/08\/Capture-d\u2019\u00e9cran-2020-08-21-\u00e0-17-compressed-6-800x597.jpg 800w, https:\/\/www.deco-charpente.fr\/wp-content\/uploads\/2020\/08\/Capture-d\u2019\u00e9cran-2020-08-21-\u00e0-17-compressed-6-1200x896.jpg 1200w, https:\/\/www.deco-charpente.fr\/wp-content\/uploads\/2020\/08\/Capture-d\u2019\u00e9cran-2020-08-21-\u00e0-17-compressed-6.jpg 1255w\" sizes=\"(max-width: 1024px) 100vw, (max-width: 640px) 100vw, 600px\" \/><\/a><\/span><\/div><div class=\"fusion-text fusion-text-1105 tags\" style=\"transform:translate3d(0,0,0);\"><p>Decorative solution, Veranda<\/p>\n<\/div><div class=\"fusion-text fusion-text-1106 description\" style=\"transform:translate3d(0,0,0);\"><p>Wooden veranda<\/p>\n<\/div><\/div><\/div><style type=\"text\/css\">.fusion-body .fusion-builder-column-553{width:25% !important;margin-top : 0px;margin-bottom : 20px;}.fusion-builder-column-553 > .fusion-column-wrapper {padding-top : 0px !important;padding-right : 0px !important;margin-right : 7.68%;padding-bottom : 0px !important;padding-left : 0px !important;margin-left : 7.68%;}@media only screen and (max-width:1024px) {.fusion-body .fusion-builder-column-553{width:100% !important;order : 0;}.fusion-builder-column-553 > .fusion-column-wrapper {margin-right : 1.92%;margin-left : 1.92%;}}@media only screen and (max-width:640px) {.fusion-body .fusion-builder-column-553{width:100% !important;order : 0;}.fusion-builder-column-553 > .fusion-column-wrapper {margin-right : 1.92%;margin-left : 1.92%;}}<\/style><div class=\"fusion-layout-column fusion_builder_column fusion-builder-column-554 fusion_builder_column_1_4 1_4 fusion-flex-column img-to-filter\"><div class=\"fusion-column-wrapper fusion-flex-justify-content-flex-start fusion-content-layout-column\" style=\"background-position:left top;background-repeat:no-repeat;-webkit-background-size:cover;-moz-background-size:cover;-o-background-size:cover;background-size:cover;padding: 0px 0px 0px 0px;\"><div ><span class=\"fusion-imageframe imageframe-none imageframe-554 hover-type-none\"><a href=\"https:\/\/www.deco-charpente.fr\/wp-content\/uploads\/2020\/08\/Capture-d\u2019\u00e9cran-2020-08-21-\u00e0-17-compressed-7.jpg\" class=\"fusion-lightbox\" data-rel=\"iLightbox[gallery-image]\" data-title=\"Capture d\u2019\u00e9cran 2020-08-21 \u00e0 17-compressed-7\" title=\"Screenshot 2020-08-21 at 17-compressed-7\"><img decoding=\"async\" width=\"1254\" height=\"936\" src=\"https:\/\/www.deco-charpente.fr\/wp-content\/uploads\/2020\/08\/Capture-d\u2019\u00e9cran-2020-08-21-\u00e0-17-compressed-7.jpg\" class=\"img-responsive wp-image-2677\" srcset=\"https:\/\/www.deco-charpente.fr\/wp-content\/uploads\/2020\/08\/Capture-d\u2019\u00e9cran-2020-08-21-\u00e0-17-compressed-7-200x149.jpg 200w, https:\/\/www.deco-charpente.fr\/wp-content\/uploads\/2020\/08\/Capture-d\u2019\u00e9cran-2020-08-21-\u00e0-17-compressed-7-400x299.jpg 400w, https:\/\/www.deco-charpente.fr\/wp-content\/uploads\/2020\/08\/Capture-d\u2019\u00e9cran-2020-08-21-\u00e0-17-compressed-7-600x448.jpg 600w, https:\/\/www.deco-charpente.fr\/wp-content\/uploads\/2020\/08\/Capture-d\u2019\u00e9cran-2020-08-21-\u00e0-17-compressed-7-800x597.jpg 800w, https:\/\/www.deco-charpente.fr\/wp-content\/uploads\/2020\/08\/Capture-d\u2019\u00e9cran-2020-08-21-\u00e0-17-compressed-7-1200x896.jpg 1200w, https:\/\/www.deco-charpente.fr\/wp-content\/uploads\/2020\/08\/Capture-d\u2019\u00e9cran-2020-08-21-\u00e0-17-compressed-7.jpg 1254w\" sizes=\"(max-width: 1024px) 100vw, (max-width: 640px) 100vw, 600px\" \/><\/a><\/span><\/div><div class=\"fusion-text fusion-text-1107 tags\" style=\"transform:translate3d(0,0,0);\"><p>Decorative solution, Veranda<\/p>\n<\/div><div class=\"fusion-text fusion-text-1108 description\" style=\"transform:translate3d(0,0,0);\"><p>Wooden veranda<\/p>\n<\/div><\/div><\/div><style type=\"text\/css\">.fusion-body .fusion-builder-column-554{width:25% !important;margin-top : 0px;margin-bottom : 20px;}.fusion-builder-column-554 > .fusion-column-wrapper {padding-top : 0px !important;padding-right : 0px !important;margin-right : 7.68%;padding-bottom : 0px !important;padding-left : 0px !important;margin-left : 7.68%;}@media only screen and (max-width:1024px) {.fusion-body .fusion-builder-column-554{width:100% !important;order : 0;}.fusion-builder-column-554 > .fusion-column-wrapper {margin-right : 1.92%;margin-left : 1.92%;}}@media only screen and (max-width:640px) {.fusion-body .fusion-builder-column-554{width:100% !important;order : 0;}.fusion-builder-column-554 > .fusion-column-wrapper {margin-right : 1.92%;margin-left : 1.92%;}}<\/style><div class=\"fusion-layout-column fusion_builder_column fusion-builder-column-555 fusion_builder_column_1_4 1_4 fusion-flex-column img-to-filter\"><div class=\"fusion-column-wrapper fusion-flex-justify-content-flex-start fusion-content-layout-column\" style=\"background-position:left top;background-repeat:no-repeat;-webkit-background-size:cover;-moz-background-size:cover;-o-background-size:cover;background-size:cover;padding: 0px 0px 0px 0px;\"><div ><span class=\"fusion-imageframe imageframe-none imageframe-555 hover-type-none\"><a href=\"https:\/\/www.deco-charpente.fr\/wp-content\/uploads\/2020\/08\/Capture-d\u2019\u00e9cran-2020-08-21-\u00e0-17-compressed-8.jpg\" class=\"fusion-lightbox\" data-rel=\"iLightbox[gallery-image]\" data-title=\"Capture d\u2019\u00e9cran 2020-08-21 \u00e0 17-compressed-8\" title=\"Screenshot 2020-08-21 at 17-compressed-8\"><img decoding=\"async\" width=\"1672\" height=\"936\" src=\"https:\/\/www.deco-charpente.fr\/wp-content\/uploads\/2020\/08\/Capture-d\u2019\u00e9cran-2020-08-21-\u00e0-17-compressed-8.jpg\" class=\"img-responsive wp-image-2676\" srcset=\"https:\/\/www.deco-charpente.fr\/wp-content\/uploads\/2020\/08\/Capture-d\u2019\u00e9cran-2020-08-21-\u00e0-17-compressed-8-200x112.jpg 200w, https:\/\/www.deco-charpente.fr\/wp-content\/uploads\/2020\/08\/Capture-d\u2019\u00e9cran-2020-08-21-\u00e0-17-compressed-8-400x224.jpg 400w, https:\/\/www.deco-charpente.fr\/wp-content\/uploads\/2020\/08\/Capture-d\u2019\u00e9cran-2020-08-21-\u00e0-17-compressed-8-600x336.jpg 600w, https:\/\/www.deco-charpente.fr\/wp-content\/uploads\/2020\/08\/Capture-d\u2019\u00e9cran-2020-08-21-\u00e0-17-compressed-8-800x448.jpg 800w, https:\/\/www.deco-charpente.fr\/wp-content\/uploads\/2020\/08\/Capture-d\u2019\u00e9cran-2020-08-21-\u00e0-17-compressed-8-1200x672.jpg 1200w, https:\/\/www.deco-charpente.fr\/wp-content\/uploads\/2020\/08\/Capture-d\u2019\u00e9cran-2020-08-21-\u00e0-17-compressed-8.jpg 1672w\" sizes=\"(max-width: 1024px) 100vw, (max-width: 640px) 100vw, 600px\" \/><\/a><\/span><\/div><div class=\"fusion-text fusion-text-1109 tags\" style=\"transform:translate3d(0,0,0);\"><p>Decorative solution, Veranda<\/p>\n<\/div><div class=\"fusion-text fusion-text-1110 description\" style=\"transform:translate3d(0,0,0);\"><p>Wooden veranda<\/p>\n<\/div><\/div><\/div><style type=\"text\/css\">.fusion-body .fusion-builder-column-555{width:25% !important;margin-top : 0px;margin-bottom : 20px;}.fusion-builder-column-555 > .fusion-column-wrapper {padding-top : 0px !important;padding-right : 0px !important;margin-right : 7.68%;padding-bottom : 0px !important;padding-left : 0px !important;margin-left : 7.68%;}@media only screen and (max-width:1024px) {.fusion-body .fusion-builder-column-555{width:100% !important;order : 0;}.fusion-builder-column-555 > .fusion-column-wrapper {margin-right : 1.92%;margin-left : 1.92%;}}@media only screen and (max-width:640px) {.fusion-body .fusion-builder-column-555{width:100% !important;order : 0;}.fusion-builder-column-555 > .fusion-column-wrapper {margin-right : 1.92%;margin-left : 1.92%;}}<\/style><\/div><style type=\"text\/css\">.fusion-body .fusion-flex-container.fusion-builder-row-2{ padding-top : 0px;margin-top : 0px;padding-right : 0px;padding-bottom : 0px;margin-bottom : 0px;padding-left : 0px;}<\/style><\/div><div class=\"fusion-fullwidth fullwidth-box fusion-builder-row-3 fusion-flex-container nonhundred-percent-fullwidth non-hundred-percent-height-scrolling\" style=\"background-color: #242424;background-position: center center;background-repeat: no-repeat;border-width: 0px 0px 0px 0px;border-color:#3e3e3e;border-style:solid;\" id=\"footer-block\" ><div class=\"fusion-builder-row fusion-row fusion-flex-align-items-stretch fusion-flex-justify-content-center\" style=\"max-width:1996.8px;margin-left: calc(-4% \/ 2 );margin-right: calc(-4% \/ 2 );\"><div class=\"fusion-layout-column fusion_builder_column fusion-builder-column-556 fusion_builder_column_1_3 1_3 fusion-flex-column\" id=\"footer-left\"><div class=\"fusion-column-wrapper fusion-flex-justify-content-flex-start fusion-content-layout-column\" style=\"background-position:left top;background-repeat:no-repeat;-webkit-background-size:cover;-moz-background-size:cover;-o-background-size:cover;background-size:cover;padding: 0px 0px 0px 0px;\"><div class=\"fusion-builder-row fusion-builder-row-inner fusion-row fusion-flex-align-items-stretch fusion-flex-justify-content-center\" style=\"width:104% !important;max-width:104% !important;margin-left: calc(-4% \/ 2 );margin-right: calc(-4% \/ 2 );\"><div class=\"fusion-layout-column fusion_builder_column_inner fusion-builder-nested-column-0 fusion_builder_column_inner_1_3 1_3 fusion-flex-column bck-logo-footer\"><div class=\"fusion-column-wrapper fusion-flex-justify-content-flex-start fusion-content-layout-column\" style=\"background-position:left top;background-repeat:no-repeat;-webkit-background-size:cover;-moz-background-size:cover;-o-background-size:cover;background-size:cover;padding: 0px 0px 0px 0px;\"><div ><span class=\"fusion-imageframe imageframe-none imageframe-556 hover-type-none\" style=\"width:100%;max-width:130px;\" id=\"logo-footer\"><a class=\"fusion-no-lightbox\" href=\"https:\/\/www.deco-charpente.fr\/en\/\" target=\"_self\" aria-label=\"logo\"><img decoding=\"async\" width=\"133\" height=\"151\" alt=\"logo D\u00e9co Charpente\" src=\"https:\/\/www.deco-charpente.fr\/wp-content\/uploads\/2020\/07\/logo-1.png\" class=\"img-responsive wp-image-1431\"\/><\/a><\/span><\/div><\/div><\/div><style type=\"text\/css\">.fusion-body .fusion-builder-nested-column-0{width:33.333333333333% !important;margin-top : 0px;margin-bottom : 20px;}.fusion-builder-nested-column-0 > .fusion-column-wrapper {padding-top : 0px !important;padding-right : 0px !important;margin-right : 5.76%;padding-bottom : 0px !important;padding-left : 0px !important;margin-left : 5.76%;}@media only screen and (max-width:1024px) {.fusion-body .fusion-builder-nested-column-0{width:100% !important;order : 0;}.fusion-builder-nested-column-0 > .fusion-column-wrapper {margin-right : 1.92%;margin-left : 1.92%;}}@media only screen and (max-width:640px) {.fusion-body .fusion-builder-nested-column-0{width:100% !important;order : 0;}.fusion-builder-nested-column-0 > .fusion-column-wrapper {margin-right : 1.92%;margin-left : 1.92%;}}<\/style><div class=\"fusion-layout-column fusion_builder_column_inner fusion-builder-nested-column-1 fusion_builder_column_inner_1_6 1_6 fusion-flex-column\"><div class=\"fusion-column-wrapper fusion-flex-justify-content-flex-start fusion-content-layout-column\" style=\"background-position:left top;background-repeat:no-repeat;-webkit-background-size:cover;-moz-background-size:cover;-o-background-size:cover;background-size:cover;padding: 0px 0px 0px 0px;\"><\/div><\/div><style type=\"text\/css\">.fusion-body .fusion-builder-nested-column-1{width:16.666666666667% !important;margin-top : 0px;margin-bottom : 20px;}.fusion-builder-nested-column-1 > .fusion-column-wrapper {padding-top : 0px !important;padding-right : 0px !important;margin-right : 11.52%;padding-bottom : 0px !important;padding-left : 0px !important;margin-left : 11.52%;}@media only screen and (max-width:1024px) {.fusion-body .fusion-builder-nested-column-1{width:100% !important;order : 0;}.fusion-builder-nested-column-1 > .fusion-column-wrapper {margin-right : 1.92%;margin-left : 1.92%;}}@media only screen and (max-width:640px) {.fusion-body .fusion-builder-nested-column-1{width:100% !important;order : 0;}.fusion-builder-nested-column-1 > .fusion-column-wrapper {margin-right : 1.92%;margin-left : 1.92%;}}<\/style><div class=\"fusion-layout-column fusion_builder_column_inner fusion-builder-nested-column-2 fusion_builder_column_inner_1_2 1_2 fusion-flex-column fusion-flex-align-self-center\"><div class=\"fusion-column-wrapper fusion-flex-justify-content-flex-start fusion-content-layout-column\" style=\"background-position:left top;background-repeat:no-repeat;-webkit-background-size:cover;-moz-background-size:cover;-o-background-size:cover;background-size:cover;padding: 0px 0px 0px 0px;\"><div id=\"9b85c540-b31e-48b5-8b4a-3193decee344\"><\/div><script async charset=\"utf-8\" src=\"https:\/\/widgets.rr.skeepers.io\/generated\/10b60468-aa05-2114-d176-d57eea3f672d\/9b85c540-b31e-48b5-8b4a-3193decee344.js\"><\/script><\/div><\/div><style type=\"text\/css\">.fusion-body .fusion-builder-nested-column-2{width:50% !important;margin-top : 0px;margin-bottom : 20px;}.fusion-builder-nested-column-2 > .fusion-column-wrapper {padding-top : 0px !important;padding-right : 0px !important;margin-right : 3.84%;padding-bottom : 0px !important;padding-left : 0px !important;margin-left : 3.84%;}@media only screen and (max-width:1024px) {.fusion-body .fusion-builder-nested-column-2{width:100% !important;order : 0;}.fusion-builder-nested-column-2 > .fusion-column-wrapper {margin-right : 1.92%;margin-left : 1.92%;}}@media only screen and (max-width:640px) {.fusion-body .fusion-builder-nested-column-2{width:100% !important;order : 0;}.fusion-builder-nested-column-2 > .fusion-column-wrapper {margin-right : 1.92%;margin-left : 1.92%;}}<\/style><\/div><div class=\"fusion-content-boxes content-boxes columns row fusion-columns-1 fusion-columns-total-1 fusion-content-boxes-1 content-boxes-icon-with-title content-left ct-box-footer\" id=\"footer-concessions\" data-animationoffset=\"100%\" style=\"margin-top:;margin-bottom:;\"><style type=\"text\/css\">.fusion-content-boxes-1 .heading .content-box-heading {color:#ffffff;}\n\t\t\t\t\t.fusion-content-boxes-1 .fusion-content-box-hover .link-area-link-icon-hover .heading .content-box-heading,\n\t\t\t\t\t.fusion-content-boxes-1 .fusion-content-box-hover .link-area-link-icon-hover .heading .heading-link .content-box-heading,\n\t\t\t\t\t.fusion-content-boxes-1 .fusion-content-box-hover .link-area-box-hover .heading .content-box-heading,\n\t\t\t\t\t.fusion-content-boxes-1 .fusion-content-box-hover .link-area-box-hover .heading .heading-link .content-box-heading,\n\t\t\t\t\t.fusion-content-boxes-1 .fusion-content-box-hover .link-area-link-icon-hover.link-area-box .fusion-read-more,\n\t\t\t\t\t.fusion-content-boxes-1 .fusion-content-box-hover .link-area-link-icon-hover.link-area-box .fusion-read-more::after,\n\t\t\t\t\t.fusion-content-boxes-1 .fusion-content-box-hover .link-area-link-icon-hover.link-area-box .fusion-read-more::before,\n\t\t\t\t\t.fusion-content-boxes-1 .fusion-content-box-hover .fusion-read-more:hover:after,\n\t\t\t\t\t.fusion-content-boxes-1 .fusion-content-box-hover .fusion-read-more:hover:before,\n\t\t\t\t\t.fusion-content-boxes-1 .fusion-content-box-hover .fusion-read-more:hover,\n\t\t\t\t\t.fusion-content-boxes-1 .fusion-content-box-hover .link-area-box-hover.link-area-box .fusion-read-more,\n\t\t\t\t\t.fusion-content-boxes-1 .fusion-content-box-hover .link-area-box-hover.link-area-box .fusion-read-more::after,\n\t\t\t\t\t.fusion-content-boxes-1 .fusion-content-box-hover .link-area-box-hover.link-area-box .fusion-read-more::before,\n\t\t\t\t\t.fusion-content-boxes-1 .fusion-content-box-hover .link-area-link-icon-hover .icon .circle-no,\n\t\t\t\t\t.fusion-content-boxes-1 .heading .heading-link:hover .content-box-heading {\n\t\t\t\t\t\tcolor: #65bc7b;\n\t\t\t\t\t}\n\t\t\t\t\t.fusion-content-boxes-1 .fusion-content-box-hover .link-area-box-hover .icon .circle-no {\n\t\t\t\t\t\tcolor: #65bc7b !important;\n\t\t\t\t\t}.fusion-content-boxes-1 .fusion-content-box-hover .link-area-box.link-area-box-hover .fusion-content-box-button {background: #5aa86c;color: #ffffff;}.fusion-content-boxes-1 .fusion-content-box-hover .link-area-box.link-area-box-hover .fusion-content-box-button .fusion-button-text {color: #ffffff;}\n\t\t\t\t\t.fusion-content-boxes-1 .fusion-content-box-hover .link-area-link-icon-hover .heading .icon > span {\n\t\t\t\t\t\tbackground-color: #65bc7b !important;\n\t\t\t\t\t}\n\t\t\t\t\t.fusion-content-boxes-1 .fusion-content-box-hover .link-area-box-hover .heading .icon > span {\n\t\t\t\t\t\tborder-color: #65bc7b !important;\n\t\t\t\t\t}<\/style><div class=\"fusion-column content-box-column content-box-column content-box-column-1 col-lg-12 col-md-12 col-sm-12 fusion-content-box-hover content-box-column-last content-box-column-last-in-row\"><div class=\"col content-box-wrapper content-wrapper link-area-link-icon content-icon-wrapper-yes icon-hover-animation-fade\" style=\"background-color:rgba(0,0,0,0);\" data-animationoffset=\"100%\"><div class=\"heading heading-with-icon icon-left\"><div aria-hidden=\"true\" class=\"image\"><img decoding=\"async\" src=\"https:\/\/www.deco-charpente.fr\/wp-content\/uploads\/2020\/07\/arrow-white.png\" width=\"17\" height=\"20.31\" alt=\"Icone d&#039;illustration de D\u00e9co Charpente.\" \/><\/div><h2 class=\"content-box-heading\" style=\"font-size:24px;line-height:29px;\">Our points of sale<\/h2><\/div><div class=\"fusion-clearfix\"><\/div><div class=\"content-container\" style=\"color:#ffffff;\">\n<ul>\n<li><a href=\"https:\/\/www.deco-charpente.fr\/en\/nos-points-de-vente\/construction-abris-bois-var\/\">Var showrooms (83)<\/a><\/li>\n<li><a href=\"https:\/\/www.deco-charpente.fr\/en\/nos-points-de-vente\/construction-abris-bois-bouches-du-rhone\/\">Showroom of Bouches du Rh\u00f4ne (13)<\/a><\/li>\n<li><a href=\"https:\/\/www.deco-charpente.fr\/en\/nos-points-de-vente\/construction-abris-bois-vaucluse\/\">Showroom in Vaucluse (84)<\/a><\/li>\n<li><a href=\"https:\/\/www.deco-charpente.fr\/en\/nos-points-de-vente\/construction-abris-bois-alpes-maritimes\/\">Alpes Maritimes Showroom (06)<\/a><\/li>\n<li><a href=\"https:\/\/www.deco-charpente.fr\/en\/nos-points-de-vente\/construction-abris-bois-drome-ardeche\/\">Showroom in Dr\u00f4me \/ Ard\u00e8che (26.07)<\/a><\/li>\n<li><a href=\"https:\/\/www.deco-charpente.fr\/en\/nos-points-de-vente\/construction-abris-bois-gard\/\">Gard Showroom (30)<\/a><\/li>\n<li><a href=\"https:\/\/www.deco-charpente.fr\/en\/nos-points-de-vente\/construction-abris-bois-sur-mesure-herault-montpellier\/\">H\u00e9rault showroom (34)<\/a><\/li>\n<li><a href=\"https:\/\/www.deco-charpente.fr\/en\/nos-points-de-vente\/construction-abris-bois-rhone-isere\/\">Rh\u00f4ne \/ Is\u00e8re showroom (69.38)<\/a><\/li>\n<li><a href=\"https:\/\/www.deco-charpente.fr\/en\/nos-points-de-vente\/construction-abris-bois-isere\/\">Is\u00e8re showroom (38)<\/a><\/li>\n<li><a href=\"https:\/\/www.deco-charpente.fr\/en\/nos-points-de-vente\/showroom-de-haute-garonne-toulouse-31\/\">Showroom in Haute-Garonne (31)<\/a><\/li>\n<\/ul>\n<\/div><\/div><\/div><style type=\"text\/css\">\n\t\t\t\t\t\t.fusion-content-boxes-1 .fusion-content-box-hover .heading-link:hover .icon i.circle-yes,\n\t\t\t\t\t\t.fusion-content-boxes-1 .fusion-content-box-hover .link-area-box:hover .heading-link .icon i.circle-yes,\n\t\t\t\t\t\t.fusion-content-boxes-1 .fusion-content-box-hover .link-area-link-icon-hover .heading .icon i.circle-yes,\n\t\t\t\t\t\t.fusion-content-boxes-1 .fusion-content-box-hover .link-area-box-hover .heading .icon i.circle-yes {\n\t\t\t\t\t\t\tbackground-color: #65bc7b !important;\n\t\t\t\t\t\t\tborder-color: #65bc7b !important;\n\t\t\t\t\t\t}<\/style><div class=\"fusion-clearfix\"><\/div><\/div><div class=\"fusion-content-boxes content-boxes columns row fusion-columns-1 fusion-columns-total-1 fusion-content-boxes-2 content-boxes-icon-with-title content-left ct-box-footer\" id=\"footer-concessions\" data-animationoffset=\"100%\" style=\"margin-top:;margin-bottom:;\"><style type=\"text\/css\">.fusion-content-boxes-2 .heading .content-box-heading {color:#ffffff;}\n\t\t\t\t\t.fusion-content-boxes-2 .fusion-content-box-hover .link-area-link-icon-hover .heading .content-box-heading,\n\t\t\t\t\t.fusion-content-boxes-2 .fusion-content-box-hover .link-area-link-icon-hover .heading .heading-link .content-box-heading,\n\t\t\t\t\t.fusion-content-boxes-2 .fusion-content-box-hover .link-area-box-hover .heading .content-box-heading,\n\t\t\t\t\t.fusion-content-boxes-2 .fusion-content-box-hover .link-area-box-hover .heading .heading-link .content-box-heading,\n\t\t\t\t\t.fusion-content-boxes-2 .fusion-content-box-hover .link-area-link-icon-hover.link-area-box .fusion-read-more,\n\t\t\t\t\t.fusion-content-boxes-2 .fusion-content-box-hover .link-area-link-icon-hover.link-area-box .fusion-read-more::after,\n\t\t\t\t\t.fusion-content-boxes-2 .fusion-content-box-hover .link-area-link-icon-hover.link-area-box .fusion-read-more::before,\n\t\t\t\t\t.fusion-content-boxes-2 .fusion-content-box-hover .fusion-read-more:hover:after,\n\t\t\t\t\t.fusion-content-boxes-2 .fusion-content-box-hover .fusion-read-more:hover:before,\n\t\t\t\t\t.fusion-content-boxes-2 .fusion-content-box-hover .fusion-read-more:hover,\n\t\t\t\t\t.fusion-content-boxes-2 .fusion-content-box-hover .link-area-box-hover.link-area-box .fusion-read-more,\n\t\t\t\t\t.fusion-content-boxes-2 .fusion-content-box-hover .link-area-box-hover.link-area-box .fusion-read-more::after,\n\t\t\t\t\t.fusion-content-boxes-2 .fusion-content-box-hover .link-area-box-hover.link-area-box .fusion-read-more::before,\n\t\t\t\t\t.fusion-content-boxes-2 .fusion-content-box-hover .link-area-link-icon-hover .icon .circle-no,\n\t\t\t\t\t.fusion-content-boxes-2 .heading .heading-link:hover .content-box-heading {\n\t\t\t\t\t\tcolor: #65bc7b;\n\t\t\t\t\t}\n\t\t\t\t\t.fusion-content-boxes-2 .fusion-content-box-hover .link-area-box-hover .icon .circle-no {\n\t\t\t\t\t\tcolor: #65bc7b !important;\n\t\t\t\t\t}.fusion-content-boxes-2 .fusion-content-box-hover .link-area-box.link-area-box-hover .fusion-content-box-button {background: #5aa86c;color: #ffffff;}.fusion-content-boxes-2 .fusion-content-box-hover .link-area-box.link-area-box-hover .fusion-content-box-button .fusion-button-text {color: #ffffff;}\n\t\t\t\t\t.fusion-content-boxes-2 .fusion-content-box-hover .link-area-link-icon-hover .heading .icon > span {\n\t\t\t\t\t\tbackground-color: #65bc7b !important;\n\t\t\t\t\t}\n\t\t\t\t\t.fusion-content-boxes-2 .fusion-content-box-hover .link-area-box-hover .heading .icon > span {\n\t\t\t\t\t\tborder-color: #65bc7b !important;\n\t\t\t\t\t}<\/style><div class=\"fusion-column content-box-column content-box-column content-box-column-1 col-lg-12 col-md-12 col-sm-12 fusion-content-box-hover content-box-column-last content-box-column-last-in-row\"><div class=\"col content-box-wrapper content-wrapper link-area-link-icon content-icon-wrapper-yes icon-hover-animation-fade\" style=\"background-color:rgba(0,0,0,0);\" data-animationoffset=\"100%\"><div class=\"heading heading-with-icon icon-left\"><div aria-hidden=\"true\" class=\"image\"><img decoding=\"async\" src=\"https:\/\/www.deco-charpente.fr\/wp-content\/uploads\/2020\/07\/arrow-white.png\" width=\"17\" height=\"20.31\" alt=\"Icone d&#039;illustration de D\u00e9co Charpente.\" \/><\/div><h2 class=\"content-box-heading\" style=\"font-size:24px;line-height:29px;\">Network Headquarters &amp; Manufacturing Workshop<\/h2><\/div><div class=\"fusion-clearfix\"><\/div><div class=\"content-container\" style=\"color:#ffffff;\">\n<p>ZAC Nicopolis, 109 Rue des Lauriers, 83170 Brignoles<\/p>\n<p><a class=\"c-link\" href=\"tel: 33494593226\" target=\"_blank\" rel=\"noopener noreferrer\" data-stringify-link=\"tel:+33494805290\" data-sk=\"tooltip_parent\">Such. 04 94 80 52 90<\/a><\/p>\n<\/div><\/div><\/div><style type=\"text\/css\">\n\t\t\t\t\t\t.fusion-content-boxes-2 .fusion-content-box-hover .heading-link:hover .icon i.circle-yes,\n\t\t\t\t\t\t.fusion-content-boxes-2 .fusion-content-box-hover .link-area-box:hover .heading-link .icon i.circle-yes,\n\t\t\t\t\t\t.fusion-content-boxes-2 .fusion-content-box-hover .link-area-link-icon-hover .heading .icon i.circle-yes,\n\t\t\t\t\t\t.fusion-content-boxes-2 .fusion-content-box-hover .link-area-box-hover .heading .icon i.circle-yes {\n\t\t\t\t\t\t\tbackground-color: #65bc7b !important;\n\t\t\t\t\t\t\tborder-color: #65bc7b !important;\n\t\t\t\t\t\t}<\/style><div class=\"fusion-clearfix\"><\/div><\/div><div ><style type=\"text\/css\">.fusion-button.button-1 .fusion-button-text, .fusion-button.button-1 i {color:#ffffff;}.fusion-button.button-1 .fusion-button-icon-divider{border-color:#ffffff;}.fusion-button.button-1:hover .fusion-button-text, .fusion-button.button-1:hover i,.fusion-button.button-1:focus .fusion-button-text, .fusion-button.button-1:focus i,.fusion-button.button-1:active .fusion-button-text, .fusion-button.button-1:active{color:#322b29;}.fusion-button.button-1:hover .fusion-button-icon-divider, .fusion-button.button-1:hover .fusion-button-icon-divider, .fusion-button.button-1:active .fusion-button-icon-divider{border-color:#322b29;}.fusion-button.button-1:hover, .fusion-button.button-1:focus, .fusion-button.button-1:active{border-color:#ffffff;border-width:1px;}.fusion-button.button-1 {border-color:#ffffff;border-width:1px;border-radius:30px;}.fusion-button.button-1{background: rgba(255,255,255,0);\n\t\t\t\t\t\t\tbackground-image: -webkit-gradient( linear, left bottom, left top, from( rgba(101,188,123,0) ), to( rgba(255,255,255,0) ) );\n\t\t\t\t\t\t\tbackground-image: -webkit-linear-gradient( bottom, rgba(101,188,123,0), rgba(255,255,255,0) );\n\t\t\t\t\t\t\tbackground-image:   -moz-linear-gradient( bottom, rgba(101,188,123,0), rgba(255,255,255,0) );\n\t\t\t\t\t\t\tbackground-image:     -o-linear-gradient( bottom, rgba(101,188,123,0), rgba(255,255,255,0) );\n\t\t\t\t\t\t\tbackground-image: linear-gradient( to top, rgba(101,188,123,0), rgba(255,255,255,0) );}.fusion-button.button-1:hover,.button-1:focus,.fusion-button.button-1:active{background: #ffffff;}<\/style><a class=\"fusion-button button-flat fusion-button-default-size button-custom button-1 fusion-button-default-span fusion-button-default-type ct-box-footer\" target=\"_self\" href=\"https:\/\/www.deco-charpente.fr\/en\/galerie\/\" id=\"footer_galerie\"><span class=\"fusion-button-text\">View the gallery<\/span><\/a><\/div><div class=\"fusion-content-boxes content-boxes columns row fusion-columns-1 fusion-columns-total-1 fusion-content-boxes-3 content-boxes-icon-with-title content-left ct-box-footer\" id=\"footer-menu\" data-animationoffset=\"100%\" style=\"margin-top:;margin-bottom:;\"><style type=\"text\/css\">.fusion-content-boxes-3 .heading .content-box-heading {color:#ffffff;}\n\t\t\t\t\t.fusion-content-boxes-3 .fusion-content-box-hover .link-area-link-icon-hover .heading .content-box-heading,\n\t\t\t\t\t.fusion-content-boxes-3 .fusion-content-box-hover .link-area-link-icon-hover .heading .heading-link .content-box-heading,\n\t\t\t\t\t.fusion-content-boxes-3 .fusion-content-box-hover .link-area-box-hover .heading .content-box-heading,\n\t\t\t\t\t.fusion-content-boxes-3 .fusion-content-box-hover .link-area-box-hover .heading .heading-link .content-box-heading,\n\t\t\t\t\t.fusion-content-boxes-3 .fusion-content-box-hover .link-area-link-icon-hover.link-area-box .fusion-read-more,\n\t\t\t\t\t.fusion-content-boxes-3 .fusion-content-box-hover .link-area-link-icon-hover.link-area-box .fusion-read-more::after,\n\t\t\t\t\t.fusion-content-boxes-3 .fusion-content-box-hover .link-area-link-icon-hover.link-area-box .fusion-read-more::before,\n\t\t\t\t\t.fusion-content-boxes-3 .fusion-content-box-hover .fusion-read-more:hover:after,\n\t\t\t\t\t.fusion-content-boxes-3 .fusion-content-box-hover .fusion-read-more:hover:before,\n\t\t\t\t\t.fusion-content-boxes-3 .fusion-content-box-hover .fusion-read-more:hover,\n\t\t\t\t\t.fusion-content-boxes-3 .fusion-content-box-hover .link-area-box-hover.link-area-box .fusion-read-more,\n\t\t\t\t\t.fusion-content-boxes-3 .fusion-content-box-hover .link-area-box-hover.link-area-box .fusion-read-more::after,\n\t\t\t\t\t.fusion-content-boxes-3 .fusion-content-box-hover .link-area-box-hover.link-area-box .fusion-read-more::before,\n\t\t\t\t\t.fusion-content-boxes-3 .fusion-content-box-hover .link-area-link-icon-hover .icon .circle-no,\n\t\t\t\t\t.fusion-content-boxes-3 .heading .heading-link:hover .content-box-heading {\n\t\t\t\t\t\tcolor: #65bc7b;\n\t\t\t\t\t}\n\t\t\t\t\t.fusion-content-boxes-3 .fusion-content-box-hover .link-area-box-hover .icon .circle-no {\n\t\t\t\t\t\tcolor: #65bc7b !important;\n\t\t\t\t\t}.fusion-content-boxes-3 .fusion-content-box-hover .link-area-box.link-area-box-hover .fusion-content-box-button {background: #5aa86c;color: #ffffff;}.fusion-content-boxes-3 .fusion-content-box-hover .link-area-box.link-area-box-hover .fusion-content-box-button .fusion-button-text {color: #ffffff;}\n\t\t\t\t\t.fusion-content-boxes-3 .fusion-content-box-hover .link-area-link-icon-hover .heading .icon > span {\n\t\t\t\t\t\tbackground-color: #65bc7b !important;\n\t\t\t\t\t}\n\t\t\t\t\t.fusion-content-boxes-3 .fusion-content-box-hover .link-area-box-hover .heading .icon > span {\n\t\t\t\t\t\tborder-color: #65bc7b !important;\n\t\t\t\t\t}<\/style><div class=\"fusion-column content-box-column content-box-column content-box-column-1 col-lg-12 col-md-12 col-sm-12 fusion-content-box-hover content-box-column-last content-box-column-last-in-row\"><div class=\"col content-box-wrapper content-wrapper link-area-link-icon content-icon-wrapper-yes icon-hover-animation-fade\" style=\"background-color:rgba(0,0,0,0);\" data-animationoffset=\"100%\"><div class=\"heading heading-with-icon icon-left\"><div aria-hidden=\"true\" class=\"image\"><img decoding=\"async\" src=\"https:\/\/www.deco-charpente.fr\/wp-content\/uploads\/2020\/07\/arrow-white.png\" width=\"17\" height=\"20.31\" alt=\"Icone d&#039;illustration de D\u00e9co Charpente.\" \/><\/div><h2 class=\"content-box-heading\" style=\"font-size:24px;line-height:29px;\">Our shelters near you<\/h2><\/div><\/div><\/div><style type=\"text\/css\">\n\t\t\t\t\t\t.fusion-content-boxes-3 .fusion-content-box-hover .heading-link:hover .icon i.circle-yes,\n\t\t\t\t\t\t.fusion-content-boxes-3 .fusion-content-box-hover .link-area-box:hover .heading-link .icon i.circle-yes,\n\t\t\t\t\t\t.fusion-content-boxes-3 .fusion-content-box-hover .link-area-link-icon-hover .heading .icon i.circle-yes,\n\t\t\t\t\t\t.fusion-content-boxes-3 .fusion-content-box-hover .link-area-box-hover .heading .icon i.circle-yes {\n\t\t\t\t\t\t\tbackground-color: #65bc7b !important;\n\t\t\t\t\t\t\tborder-color: #65bc7b !important;\n\t\t\t\t\t\t}<\/style><div class=\"fusion-clearfix\"><\/div><\/div><nav class=\"fusion-menu-element-wrapper direction-row mode-dropdown expand-method-hover submenu-mode-dropdown mobile-mode-collapse-to-button mobile-size-full-absolute icons-position-left dropdown-carets-yes has-active-border-bottom-no has-active-border-left-no has-active-border-right-no mobile-trigger-fullwidth-off mobile-indent-on mobile-justify-left main-justify-left loading expand-right submenu-transition-fade\" aria-label=\"Menu\" data-breakpoint=\"1024\" data-count=\"0\" data-transition-type=\"fade\" data-transition-time=\"300\"><button type=\"button\" class=\"avada-menu-mobile-menu-trigger no-text\" onclick=\"fusionNavClickExpandBtn(this);\" aria-expanded=\"false\"><span class=\"inner\"><span class=\"collapsed-nav-text\"><span class=\"screen-reader-text\">Toggle Navigation<\/span><\/span><span class=\"collapsed-nav-icon\"><span class=\"collapsed-nav-icon-open fa-bars fas\"><\/span><span class=\"collapsed-nav-icon-close fa-times fas\"><\/span><\/span><\/span><\/button><style>.fusion-body .fusion-menu-element-wrapper[data-count=\"0\"] [class*=\"fusion-icon-\"],.fusion-body .fusion-menu-element-wrapper[data-count=\"0\"] [class^=\"fusion-icon-\"]{font-family:inherit !important;}.fusion-body .fusion-menu-element-wrapper[data-count=\"0\"]:not(.collapse-enabled) .fusion-menu-element-list > li.menu-item:focus-within > a .fusion-megamenu-icon{color:#65bc7b;}.fusion-body .fusion-menu-element-wrapper[data-count=\"0\"]:not(.collapse-enabled) .fusion-menu-element-list > li.menu-item:hover > a .fusion-megamenu-icon,.fusion-body .fusion-menu-element-wrapper[data-count=\"0\"]:not(.collapse-enabled) .fusion-menu-element-list > li.menu-item.hover > a .fusion-megamenu-icon,.fusion-body .fusion-menu-element-wrapper[data-count=\"0\"]:not(.collapse-enabled) .fusion-menu-element-list > li.menu-item:focus > a .fusion-megamenu-icon,.fusion-body .fusion-menu-element-wrapper[data-count=\"0\"]:not(.collapse-enabled) .fusion-menu-element-list > li.menu-item:active > a .fusion-megamenu-icon,.fusion-body .fusion-menu-element-wrapper[data-count=\"0\"]:not(.collapse-enabled) .fusion-menu-element-list > li.menu-item.current-menu-item > a .fusion-megamenu-icon{color:#65bc7b;}.fusion-body .fusion-menu-element-wrapper[data-count=\"0\"]:not(.collapse-enabled) .fusion-menu-element-list > li.menu-item.current-menu-ancestor > a .fusion-megamenu-icon{color:#65bc7b;}.fusion-body .fusion-menu-element-wrapper[data-count=\"0\"]:not(.collapse-enabled) .fusion-menu-element-list > li.menu-item.current-menu-parent > a .fusion-megamenu-icon{color:#65bc7b;}.fusion-body .fusion-menu-element-wrapper[data-count=\"0\"]:not(.collapse-enabled) .fusion-menu-element-list > li.menu-item.expanded > a .fusion-megamenu-icon{color:#65bc7b;}.fusion-body .fusion-menu-element-wrapper[data-count=\"0\"] .custom-menu-search-dropdown:hover .fusion-main-menu-icon,.fusion-body .fusion-menu-element-wrapper[data-count=\"0\"] .custom-menu-search-overlay:hover .fusion-menu-icon-search.trigger-overlay,.fusion-body .fusion-menu-element-wrapper[data-count=\"0\"] .custom-menu-search-overlay:hover ~ .fusion-overlay-search{color:#65bc7b !important;}.fusion-body .fusion-menu-element-wrapper[data-count=\"0\"] .fusion-menu-element-list,.fusion-body .fusion-menu-element-wrapper[data-count=\"0\"] > .avada-menu-mobile-menu-trigger,.fusion-body .fusion-menu-element-wrapper[data-count=\"0\"] .fusion-megamenu-wrapper .fusion-megamenu-holder .fusion-megamenu .fusion-megamenu-submenu .fusion-megamenu-title,.fusion-body .fusion-menu-element-wrapper[data-count=\"0\"] .fusion-menu-element-list .sub-menu > li,.fusion-body .fusion-menu-element-wrapper[data-count=\"0\"] .fusion-menu-element-list .sub-menu li a,.fusion-body .fusion-menu-element-wrapper[data-count=\"0\"].collapse-enabled,.fusion-body .fusion-menu-element-wrapper[data-count=\"0\"].collapse-enabled ul li > a,.fusion-body .fusion-menu-element-wrapper[data-count=\"0\"].collapse-enabled ul li > a .fusion-button,.fusion-body .fusion-menu-element-wrapper[data-count=\"0\"].collapse-enabled .fusion-megamenu-wrapper .fusion-megamenu-holder .fusion-megamenu-submenu .fusion-megamenu-title a{font-family:inherit;font-weight:400;}<\/style><ul id=\"menu-menu-page-seo\" class=\"fusion-menu fusion-custom-menu fusion-menu-element-list\"><li  id=\"menu-item-7226\"  class=\"menu-item menu-item-type-post_type menu-item-object-page menu-item-7226\"  data-item-id=\"7226\"><span class=\"background-default transition-fade\"><\/span><span class=\"background-active transition-fade\"><\/span><a  href=\"https:\/\/www.deco-charpente.fr\/en\/abri-voiture-bois\/\" class=\"fusion-background-highlight\"><span class=\"menu-text\">Carport \/ Wooden Carport<\/span><\/a><\/li><li  id=\"menu-item-7227\"  class=\"menu-item menu-item-type-post_type menu-item-object-page menu-item-7227\"  data-item-id=\"7227\"><span class=\"background-default transition-fade\"><\/span><span class=\"background-active transition-fade\"><\/span><a  href=\"https:\/\/www.deco-charpente.fr\/en\/nos-abris-dans-vos-villes\/abri-voiture-bois-aix-en-provence\/\" class=\"fusion-background-highlight\"><span class=\"menu-text\">Carport Wood Aix en Provence<\/span><\/a><\/li><li  id=\"menu-item-7228\"  class=\"menu-item menu-item-type-post_type menu-item-object-page menu-item-7228\"  data-item-id=\"7228\"><span class=\"background-default transition-fade\"><\/span><span class=\"background-active transition-fade\"><\/span><a  href=\"https:\/\/www.deco-charpente.fr\/en\/nos-abris-dans-vos-villes\/abri-voiture-bois-annonay\/\" class=\"fusion-background-highlight\"><span class=\"menu-text\">Carport Bois Annonay<\/span><\/a><\/li><li  id=\"menu-item-7229\"  class=\"menu-item menu-item-type-post_type menu-item-object-page menu-item-7229\"  data-item-id=\"7229\"><span class=\"background-default transition-fade\"><\/span><span class=\"background-active transition-fade\"><\/span><a  href=\"https:\/\/www.deco-charpente.fr\/en\/nos-abris-dans-vos-villes\/abri-voiture-bois-antibes\/\" class=\"fusion-background-highlight\"><span class=\"menu-text\">Carport Bois Antibes<\/span><\/a><\/li><li  id=\"menu-item-7230\"  class=\"menu-item menu-item-type-post_type menu-item-object-page menu-item-7230\"  data-item-id=\"7230\"><span class=\"background-default transition-fade\"><\/span><span class=\"background-active transition-fade\"><\/span><a  href=\"https:\/\/www.deco-charpente.fr\/en\/nos-abris-dans-vos-villes\/abri-voiture-bois-avignon\/\" class=\"fusion-background-highlight\"><span class=\"menu-text\">Carport Wood Avignon<\/span><\/a><\/li><li  id=\"menu-item-7231\"  class=\"menu-item menu-item-type-post_type menu-item-object-page menu-item-7231\"  data-item-id=\"7231\"><span class=\"background-default transition-fade\"><\/span><span class=\"background-active transition-fade\"><\/span><a  href=\"https:\/\/www.deco-charpente.fr\/en\/nos-abris-dans-vos-villes\/abri-voiture-bois-cagnes-sur-mer\/\" class=\"fusion-background-highlight\"><span class=\"menu-text\">Carport Bois Cagnes sur Mer<\/span><\/a><\/li><li  id=\"menu-item-7232\"  class=\"menu-item menu-item-type-post_type menu-item-object-page menu-item-7232\"  data-item-id=\"7232\"><span class=\"background-default transition-fade\"><\/span><span class=\"background-active transition-fade\"><\/span><a  href=\"https:\/\/www.deco-charpente.fr\/en\/nos-abris-dans-vos-villes\/abri-voiture-bois-carpentras\/\" class=\"fusion-background-highlight\"><span class=\"menu-text\">Carport Bois Carpentras<\/span><\/a><\/li><li  id=\"menu-item-7233\"  class=\"menu-item menu-item-type-post_type menu-item-object-page menu-item-7233\"  data-item-id=\"7233\"><span class=\"background-default transition-fade\"><\/span><span class=\"background-active transition-fade\"><\/span><a  href=\"https:\/\/www.deco-charpente.fr\/en\/nos-abris-dans-vos-villes\/abri-voiture-bois-echirolles\/\" class=\"fusion-background-highlight\"><span class=\"menu-text\">Carport Bois Echirolles<\/span><\/a><\/li><li  id=\"menu-item-7234\"  class=\"menu-item menu-item-type-post_type menu-item-object-page menu-item-7234\"  data-item-id=\"7234\"><span class=\"background-default transition-fade\"><\/span><span class=\"background-active transition-fade\"><\/span><a  href=\"https:\/\/www.deco-charpente.fr\/en\/nos-abris-dans-vos-villes\/abri-voiture-bois-frejus\/\" class=\"fusion-background-highlight\"><span class=\"menu-text\">Carport Bois Fr\u00e9jus<\/span><\/a><\/li><li  id=\"menu-item-7235\"  class=\"menu-item menu-item-type-post_type menu-item-object-page menu-item-7235\"  data-item-id=\"7235\"><span class=\"background-default transition-fade\"><\/span><span class=\"background-active transition-fade\"><\/span><a  href=\"https:\/\/www.deco-charpente.fr\/en\/nos-abris-dans-vos-villes\/abri-voiture-bois-grenoble\/\" class=\"fusion-background-highlight\"><span class=\"menu-text\">Carport Bois Grenoble<\/span><\/a><\/li><li  id=\"menu-item-7236\"  class=\"menu-item menu-item-type-post_type menu-item-object-page menu-item-7236\"  data-item-id=\"7236\"><span class=\"background-default transition-fade\"><\/span><span class=\"background-active transition-fade\"><\/span><a  href=\"https:\/\/www.deco-charpente.fr\/en\/nos-abris-dans-vos-villes\/abri-voiture-bois-hyeres\/\" class=\"fusion-background-highlight\"><span class=\"menu-text\">Carport Bois Hy\u00e8res<\/span><\/a><\/li><li  id=\"menu-item-7237\"  class=\"menu-item menu-item-type-post_type menu-item-object-page menu-item-7237\"  data-item-id=\"7237\"><span class=\"background-default transition-fade\"><\/span><span class=\"background-active transition-fade\"><\/span><a  href=\"https:\/\/www.deco-charpente.fr\/en\/nos-abris-dans-vos-villes\/abri-voiture-bois-la-seyne-sur-mer\/\" class=\"fusion-background-highlight\"><span class=\"menu-text\">Carport Bois La Seyne sur Mer<\/span><\/a><\/li><li  id=\"menu-item-7238\"  class=\"menu-item menu-item-type-post_type menu-item-object-page menu-item-7238\"  data-item-id=\"7238\"><span class=\"background-default transition-fade\"><\/span><span class=\"background-active transition-fade\"><\/span><a  href=\"https:\/\/www.deco-charpente.fr\/en\/nos-abris-dans-vos-villes\/abri-voiture-bois-lyon\/\" class=\"fusion-background-highlight\"><span class=\"menu-text\">Wood Lyon carport<\/span><\/a><\/li><li  id=\"menu-item-7239\"  class=\"menu-item menu-item-type-post_type menu-item-object-page menu-item-7239\"  data-item-id=\"7239\"><span class=\"background-default transition-fade\"><\/span><span class=\"background-active transition-fade\"><\/span><a  href=\"https:\/\/www.deco-charpente.fr\/en\/nos-abris-dans-vos-villes\/abri-voiture-bois-marseille\/\" class=\"fusion-background-highlight\"><span class=\"menu-text\">Carport Wood Marseille<\/span><\/a><\/li><li  id=\"menu-item-7240\"  class=\"menu-item menu-item-type-post_type menu-item-object-page menu-item-7240\"  data-item-id=\"7240\"><span class=\"background-default transition-fade\"><\/span><span class=\"background-active transition-fade\"><\/span><a  href=\"https:\/\/www.deco-charpente.fr\/en\/nos-abris-dans-vos-villes\/abri-voiture-bois-martigues\/\" class=\"fusion-background-highlight\"><span class=\"menu-text\">Carport Bois Martigues<\/span><\/a><\/li><li  id=\"menu-item-7241\"  class=\"menu-item menu-item-type-post_type menu-item-object-page menu-item-7241\"  data-item-id=\"7241\"><span class=\"background-default transition-fade\"><\/span><span class=\"background-active transition-fade\"><\/span><a  href=\"https:\/\/www.deco-charpente.fr\/en\/nos-abris-dans-vos-villes\/abri-voiture-bois-montelimar\/\" class=\"fusion-background-highlight\"><span class=\"menu-text\">Carport Bois Mont\u00e9limar<\/span><\/a><\/li><li  id=\"menu-item-7242\"  class=\"menu-item menu-item-type-post_type menu-item-object-page menu-item-7242\"  data-item-id=\"7242\"><span class=\"background-default transition-fade\"><\/span><span class=\"background-active transition-fade\"><\/span><a  href=\"https:\/\/www.deco-charpente.fr\/en\/nos-abris-dans-vos-villes\/abri-voiture-bois-nice\/\" class=\"fusion-background-highlight\"><span class=\"menu-text\">Carport Wood Nice<\/span><\/a><\/li><li  id=\"menu-item-7243\"  class=\"menu-item menu-item-type-post_type menu-item-object-page menu-item-7243\"  data-item-id=\"7243\"><span class=\"background-default transition-fade\"><\/span><span class=\"background-active transition-fade\"><\/span><a  href=\"https:\/\/www.deco-charpente.fr\/en\/nos-abris-dans-vos-villes\/abri-voiture-bois-orange\/\" class=\"fusion-background-highlight\"><span class=\"menu-text\">Carport Wood Orange<\/span><\/a><\/li><li  id=\"menu-item-7244\"  class=\"menu-item menu-item-type-post_type menu-item-object-page menu-item-7244\"  data-item-id=\"7244\"><span class=\"background-default transition-fade\"><\/span><span class=\"background-active transition-fade\"><\/span><a  href=\"https:\/\/www.deco-charpente.fr\/en\/nos-abris-dans-vos-villes\/abri-voiture-bois-romans-sur-isere\/\" class=\"fusion-background-highlight\"><span class=\"menu-text\">Wood carport Romans-sur-Is\u00e8re<\/span><\/a><\/li><li  id=\"menu-item-7245\"  class=\"menu-item menu-item-type-post_type menu-item-object-page menu-item-7245\"  data-item-id=\"7245\"><span class=\"background-default transition-fade\"><\/span><span class=\"background-active transition-fade\"><\/span><a  href=\"https:\/\/www.deco-charpente.fr\/en\/nos-abris-dans-vos-villes\/abri-voiture-bois-sommieres\/\" class=\"fusion-background-highlight\"><span class=\"menu-text\">Carport Bois Sommi\u00e8res<\/span><\/a><\/li><li  id=\"menu-item-7246\"  class=\"menu-item menu-item-type-post_type menu-item-object-page menu-item-7246\"  data-item-id=\"7246\"><span class=\"background-default transition-fade\"><\/span><span class=\"background-active transition-fade\"><\/span><a  href=\"https:\/\/www.deco-charpente.fr\/en\/nos-abris-dans-vos-villes\/abri-voiture-bois-uzes\/\" class=\"fusion-background-highlight\"><span class=\"menu-text\">Carport Bois Uz\u00e8s<\/span><\/a><\/li><li  id=\"menu-item-7247\"  class=\"menu-item menu-item-type-post_type menu-item-object-page menu-item-7247\"  data-item-id=\"7247\"><span class=\"background-default transition-fade\"><\/span><span class=\"background-active transition-fade\"><\/span><a  href=\"https:\/\/www.deco-charpente.fr\/en\/nos-abris-dans-vos-villes\/abri-voiture-bois-venissieux\/\" class=\"fusion-background-highlight\"><span class=\"menu-text\">Carport Bois V\u00e9nissieux<\/span><\/a><\/li><li  id=\"menu-item-7248\"  class=\"menu-item menu-item-type-post_type menu-item-object-page menu-item-7248\"  data-item-id=\"7248\"><span class=\"background-default transition-fade\"><\/span><span class=\"background-active transition-fade\"><\/span><a  href=\"https:\/\/www.deco-charpente.fr\/en\/nos-abris-dans-vos-villes\/abri-voiture-bois-vienne\/\" class=\"fusion-background-highlight\"><span class=\"menu-text\">Carport Bois Vienne<\/span><\/a><\/li><li  id=\"menu-item-7249\"  class=\"menu-item menu-item-type-post_type menu-item-object-page menu-item-7249\"  data-item-id=\"7249\"><span class=\"background-default transition-fade\"><\/span><span class=\"background-active transition-fade\"><\/span><a  href=\"https:\/\/www.deco-charpente.fr\/en\/nos-abris-dans-vos-villes\/abri-voiture-bois-villeneuve-les-avignon\/\" class=\"fusion-background-highlight\"><span class=\"menu-text\">Carport Bois Villeneuve l\u00e8s Avignon<\/span><\/a><\/li><li  id=\"menu-item-7250\"  class=\"menu-item menu-item-type-post_type menu-item-object-page menu-item-7250\"  data-item-id=\"7250\"><span class=\"background-default transition-fade\"><\/span><span class=\"background-active transition-fade\"><\/span><a  href=\"https:\/\/www.deco-charpente.fr\/en\/nos-abris-dans-vos-villes\/abri-voiture-bois-villeurbanne\/\" class=\"fusion-background-highlight\"><span class=\"menu-text\">Carport Bois Villeurbanne<\/span><\/a><\/li><li  id=\"menu-item-7251\"  class=\"menu-item menu-item-type-post_type menu-item-object-page menu-item-7251\"  data-item-id=\"7251\"><span class=\"background-default transition-fade\"><\/span><span class=\"background-active transition-fade\"><\/span><a  href=\"https:\/\/www.deco-charpente.fr\/en\/nos-abris-dans-vos-villes\/appentis-en-bois-aix-en-provence\/\" class=\"fusion-background-highlight\"><span class=\"menu-text\">Wooden lean-to Aix en Provence<\/span><\/a><\/li><li  id=\"menu-item-7252\"  class=\"menu-item menu-item-type-post_type menu-item-object-page menu-item-7252\"  data-item-id=\"7252\"><span class=\"background-default transition-fade\"><\/span><span class=\"background-active transition-fade\"><\/span><a  href=\"https:\/\/www.deco-charpente.fr\/en\/nos-abris-dans-vos-villes\/appentis-en-bois-anduze\/\" class=\"fusion-background-highlight\"><span class=\"menu-text\">Anduze wooden lean-to<\/span><\/a><\/li><li  id=\"menu-item-7253\"  class=\"menu-item menu-item-type-post_type menu-item-object-page menu-item-7253\"  data-item-id=\"7253\"><span class=\"background-default transition-fade\"><\/span><span class=\"background-active transition-fade\"><\/span><a  href=\"https:\/\/www.deco-charpente.fr\/en\/nos-abris-dans-vos-villes\/appentis-en-bois-antibes\/\" class=\"fusion-background-highlight\"><span class=\"menu-text\">Wooden lean-to Antibes<\/span><\/a><\/li><li  id=\"menu-item-7254\"  class=\"menu-item menu-item-type-post_type menu-item-object-page menu-item-7254\"  data-item-id=\"7254\"><span class=\"background-default transition-fade\"><\/span><span class=\"background-active transition-fade\"><\/span><a  href=\"https:\/\/www.deco-charpente.fr\/en\/nos-abris-dans-vos-villes\/appentis-en-bois-aubagne\/\" class=\"fusion-background-highlight\"><span class=\"menu-text\">Wooden lean-to Aubagne<\/span><\/a><\/li><li  id=\"menu-item-7255\"  class=\"menu-item menu-item-type-post_type menu-item-object-page menu-item-7255\"  data-item-id=\"7255\"><span class=\"background-default transition-fade\"><\/span><span class=\"background-active transition-fade\"><\/span><a  href=\"https:\/\/www.deco-charpente.fr\/en\/nos-abris-dans-vos-villes\/appentis-en-bois-aubenas\/\" class=\"fusion-background-highlight\"><span class=\"menu-text\">Wooden lean-to Aubenas<\/span><\/a><\/li><li  id=\"menu-item-7256\"  class=\"menu-item menu-item-type-post_type menu-item-object-page menu-item-7256\"  data-item-id=\"7256\"><span class=\"background-default transition-fade\"><\/span><span class=\"background-active transition-fade\"><\/span><a  href=\"https:\/\/www.deco-charpente.fr\/en\/nos-abris-dans-vos-villes\/appentis-en-bois-barjac\/\" class=\"fusion-background-highlight\"><span class=\"menu-text\">Barjac wooden lean-to<\/span><\/a><\/li><li  id=\"menu-item-7257\"  class=\"menu-item menu-item-type-post_type menu-item-object-page menu-item-7257\"  data-item-id=\"7257\"><span class=\"background-default transition-fade\"><\/span><span class=\"background-active transition-fade\"><\/span><a  href=\"https:\/\/www.deco-charpente.fr\/en\/nos-abris-dans-vos-villes\/appentis-en-bois-bron\/\" class=\"fusion-background-highlight\"><span class=\"menu-text\">Bron wooden lean-to<\/span><\/a><\/li><li  id=\"menu-item-7258\"  class=\"menu-item menu-item-type-post_type menu-item-object-page menu-item-7258\"  data-item-id=\"7258\"><span class=\"background-default transition-fade\"><\/span><span class=\"background-active transition-fade\"><\/span><a  href=\"https:\/\/www.deco-charpente.fr\/en\/nos-abris-dans-vos-villes\/appentis-en-bois-cavaillon\/\" class=\"fusion-background-highlight\"><span class=\"menu-text\">Cavaillon wooden lean-to<\/span><\/a><\/li><li  id=\"menu-item-7259\"  class=\"menu-item menu-item-type-post_type menu-item-object-page menu-item-7259\"  data-item-id=\"7259\"><span class=\"background-default transition-fade\"><\/span><span class=\"background-active transition-fade\"><\/span><a  href=\"https:\/\/www.deco-charpente.fr\/en\/nos-abris-dans-vos-villes\/appentis-en-bois-fontaine\/\" class=\"fusion-background-highlight\"><span class=\"menu-text\">Wooden lean-to Fountain<\/span><\/a><\/li><li  id=\"menu-item-7260\"  class=\"menu-item menu-item-type-post_type menu-item-object-page menu-item-7260\"  data-item-id=\"7260\"><span class=\"background-default transition-fade\"><\/span><span class=\"background-active transition-fade\"><\/span><a  href=\"https:\/\/www.deco-charpente.fr\/en\/nos-abris-dans-vos-villes\/appentis-en-bois-genas\/\" class=\"fusion-background-highlight\"><span class=\"menu-text\">Genas wooden lean-to<\/span><\/a><\/li><li  id=\"menu-item-7261\"  class=\"menu-item menu-item-type-post_type menu-item-object-page menu-item-7261\"  data-item-id=\"7261\"><span class=\"background-default transition-fade\"><\/span><span class=\"background-active transition-fade\"><\/span><a  href=\"https:\/\/www.deco-charpente.fr\/en\/nos-abris-dans-vos-villes\/appentis-en-bois-grasse\/\" class=\"fusion-background-highlight\"><span class=\"menu-text\">Grasse wooden lean-to<\/span><\/a><\/li><li  id=\"menu-item-7262\"  class=\"menu-item menu-item-type-post_type menu-item-object-page menu-item-7262\"  data-item-id=\"7262\"><span class=\"background-default transition-fade\"><\/span><span class=\"background-active transition-fade\"><\/span><a  href=\"https:\/\/www.deco-charpente.fr\/en\/nos-abris-dans-vos-villes\/appentis-en-bois-hyeres\/\" class=\"fusion-background-highlight\"><span class=\"menu-text\">Wooden lean-to Hy\u00e8res<\/span><\/a><\/li><li  id=\"menu-item-7263\"  class=\"menu-item menu-item-type-post_type menu-item-object-page menu-item-7263\"  data-item-id=\"7263\"><span class=\"background-default transition-fade\"><\/span><span class=\"background-active transition-fade\"><\/span><a  href=\"https:\/\/www.deco-charpente.fr\/en\/nos-abris-dans-vos-villes\/appentis-en-bois-lisle-sur-la-sorgue\/\" class=\"fusion-background-highlight\"><span class=\"menu-text\">Wooden lean-to L&#039;Isle-sur-la-Sorgue<\/span><\/a><\/li><li  id=\"menu-item-7264\"  class=\"menu-item menu-item-type-post_type menu-item-object-page menu-item-7264\"  data-item-id=\"7264\"><span class=\"background-default transition-fade\"><\/span><span class=\"background-active transition-fade\"><\/span><a  href=\"https:\/\/www.deco-charpente.fr\/en\/nos-abris-dans-vos-villes\/appentis-en-bois-la-seyne-sur-mer\/\" class=\"fusion-background-highlight\"><span class=\"menu-text\">Wooden lean-to La Seyne-sur-Mer<\/span><\/a><\/li><li  id=\"menu-item-7265\"  class=\"menu-item menu-item-type-post_type menu-item-object-page menu-item-7265\"  data-item-id=\"7265\"><span class=\"background-default transition-fade\"><\/span><span class=\"background-active transition-fade\"><\/span><a  href=\"https:\/\/www.deco-charpente.fr\/en\/nos-abris-dans-vos-villes\/appentis-en-bois-mandelieu-la-napoule\/\" class=\"fusion-background-highlight\"><span class=\"menu-text\">Wooden lean-to Mandelieu-la-Napoule<\/span><\/a><\/li><li  id=\"menu-item-7266\"  class=\"menu-item menu-item-type-post_type menu-item-object-page menu-item-7266\"  data-item-id=\"7266\"><span class=\"background-default transition-fade\"><\/span><span class=\"background-active transition-fade\"><\/span><a  href=\"https:\/\/www.deco-charpente.fr\/en\/nos-abris-dans-vos-villes\/appentis-en-bois-meylan\/\" class=\"fusion-background-highlight\"><span class=\"menu-text\">Meylan wooden lean-to<\/span><\/a><\/li><li  id=\"menu-item-7267\"  class=\"menu-item menu-item-type-post_type menu-item-object-page menu-item-7267\"  data-item-id=\"7267\"><span class=\"background-default transition-fade\"><\/span><span class=\"background-active transition-fade\"><\/span><a  href=\"https:\/\/www.deco-charpente.fr\/en\/nos-abris-dans-vos-villes\/appentis-en-bois-montelimar\/\" class=\"fusion-background-highlight\"><span class=\"menu-text\">Wooden lean-to Mont\u00e9limar<\/span><\/a><\/li><li  id=\"menu-item-7268\"  class=\"menu-item menu-item-type-post_type menu-item-object-page menu-item-7268\"  data-item-id=\"7268\"><span class=\"background-default transition-fade\"><\/span><span class=\"background-active transition-fade\"><\/span><a  href=\"https:\/\/www.deco-charpente.fr\/en\/nos-abris-dans-vos-villes\/appentis-en-bois-orange\/\" class=\"fusion-background-highlight\"><span class=\"menu-text\">Orange wooden lean-to<\/span><\/a><\/li><li  id=\"menu-item-7269\"  class=\"menu-item menu-item-type-post_type menu-item-object-page menu-item-7269\"  data-item-id=\"7269\"><span class=\"background-default transition-fade\"><\/span><span class=\"background-active transition-fade\"><\/span><a  href=\"https:\/\/www.deco-charpente.fr\/en\/nos-abris-dans-vos-villes\/appentis-en-bois-romans-sur-isere\/\" class=\"fusion-background-highlight\"><span class=\"menu-text\">Wooden lean-to Romans-sur-Is\u00e8re<\/span><\/a><\/li><li  id=\"menu-item-7270\"  class=\"menu-item menu-item-type-post_type menu-item-object-page menu-item-7270\"  data-item-id=\"7270\"><span class=\"background-default transition-fade\"><\/span><span class=\"background-active transition-fade\"><\/span><a  href=\"https:\/\/www.deco-charpente.fr\/en\/nos-abris-dans-vos-villes\/appentis-en-bois-saint-martin-de-crau\/\" class=\"fusion-background-highlight\"><span class=\"menu-text\">Wooden lean-to Saint-Martin-de-Crau<\/span><\/a><\/li><li  id=\"menu-item-7271\"  class=\"menu-item menu-item-type-post_type menu-item-object-page menu-item-7271\"  data-item-id=\"7271\"><span class=\"background-default transition-fade\"><\/span><span class=\"background-active transition-fade\"><\/span><a  href=\"https:\/\/www.deco-charpente.fr\/en\/nos-abris-dans-vos-villes\/appentis-en-bois-six-fours-les-plages\/\" class=\"fusion-background-highlight\"><span class=\"menu-text\">Wooden lean-to Six-Fours-Les-Plages<\/span><\/a><\/li><li  id=\"menu-item-7272\"  class=\"menu-item menu-item-type-post_type menu-item-object-page menu-item-7272\"  data-item-id=\"7272\"><span class=\"background-default transition-fade\"><\/span><span class=\"background-active transition-fade\"><\/span><a  href=\"https:\/\/www.deco-charpente.fr\/en\/nos-abris-dans-vos-villes\/appentis-en-bois-sommieres\/\" class=\"fusion-background-highlight\"><span class=\"menu-text\">Wooden lean-to Sommi\u00e8res<\/span><\/a><\/li><li  id=\"menu-item-7273\"  class=\"menu-item menu-item-type-post_type menu-item-object-page menu-item-7273\"  data-item-id=\"7273\"><span class=\"background-default transition-fade\"><\/span><span class=\"background-active transition-fade\"><\/span><a  href=\"https:\/\/www.deco-charpente.fr\/en\/appentis-et-auvent\/\" class=\"fusion-background-highlight\"><span class=\"menu-text\">Wooden lean-tos and awnings<\/span><\/a><\/li><li  id=\"menu-item-7274\"  class=\"menu-item menu-item-type-post_type menu-item-object-page menu-item-7274\"  data-item-id=\"7274\"><span class=\"background-default transition-fade\"><\/span><span class=\"background-active transition-fade\"><\/span><a  href=\"https:\/\/www.deco-charpente.fr\/en\/nos-abris-dans-vos-villes\/appentis-en-bois-vienne\/\" class=\"fusion-background-highlight\"><span class=\"menu-text\">Wooden lean-to Vienna<\/span><\/a><\/li><li  id=\"menu-item-7275\"  class=\"menu-item menu-item-type-post_type menu-item-object-page menu-item-7275\"  data-item-id=\"7275\"><span class=\"background-default transition-fade\"><\/span><span class=\"background-active transition-fade\"><\/span><a  href=\"https:\/\/www.deco-charpente.fr\/en\/nos-abris-dans-vos-villes\/appentis-en-bois-voiron\/\" class=\"fusion-background-highlight\"><span class=\"menu-text\">Wooden lean-to Voiron<\/span><\/a><\/li><li  id=\"menu-item-7276\"  class=\"menu-item menu-item-type-post_type menu-item-object-page menu-item-7276\"  data-item-id=\"7276\"><span class=\"background-default transition-fade\"><\/span><span class=\"background-active transition-fade\"><\/span><a  href=\"https:\/\/www.deco-charpente.fr\/en\/nos-abris-dans-vos-villes\/auvent-en-bois-aix-en-provence\/\" class=\"fusion-background-highlight\"><span class=\"menu-text\">Wooden Awning Aix en Provence<\/span><\/a><\/li><li  id=\"menu-item-7277\"  class=\"menu-item menu-item-type-post_type menu-item-object-page menu-item-7277\"  data-item-id=\"7277\"><span class=\"background-default transition-fade\"><\/span><span class=\"background-active transition-fade\"><\/span><a  href=\"https:\/\/www.deco-charpente.fr\/en\/nos-abris-dans-vos-villes\/auvent-en-bois-antibes\/\" class=\"fusion-background-highlight\"><span class=\"menu-text\">Wooden Awning Antibes<\/span><\/a><\/li><li  id=\"menu-item-7278\"  class=\"menu-item menu-item-type-post_type menu-item-object-page menu-item-7278\"  data-item-id=\"7278\"><span class=\"background-default transition-fade\"><\/span><span class=\"background-active transition-fade\"><\/span><a  href=\"https:\/\/www.deco-charpente.fr\/en\/nos-abris-dans-vos-villes\/auvent-en-bois-aubagne\/\" class=\"fusion-background-highlight\"><span class=\"menu-text\">Wooden Awning Aubagne<\/span><\/a><\/li><li  id=\"menu-item-7279\"  class=\"menu-item menu-item-type-post_type menu-item-object-page menu-item-7279\"  data-item-id=\"7279\"><span class=\"background-default transition-fade\"><\/span><span class=\"background-active transition-fade\"><\/span><a  href=\"https:\/\/www.deco-charpente.fr\/en\/nos-abris-dans-vos-villes\/auvent-en-bois-aubenas\/\" class=\"fusion-background-highlight\"><span class=\"menu-text\">Wooden Awning Aubenas<\/span><\/a><\/li><li  id=\"menu-item-7280\"  class=\"menu-item menu-item-type-post_type menu-item-object-page menu-item-7280\"  data-item-id=\"7280\"><span class=\"background-default transition-fade\"><\/span><span class=\"background-active transition-fade\"><\/span><a  href=\"https:\/\/www.deco-charpente.fr\/en\/nos-abris-dans-vos-villes\/auvent-en-bois-avignon\/\" class=\"fusion-background-highlight\"><span class=\"menu-text\">Wooden Awning Avignon<\/span><\/a><\/li><li  id=\"menu-item-7281\"  class=\"menu-item menu-item-type-post_type menu-item-object-page menu-item-7281\"  data-item-id=\"7281\"><span class=\"background-default transition-fade\"><\/span><span class=\"background-active transition-fade\"><\/span><a  href=\"https:\/\/www.deco-charpente.fr\/en\/nos-abris-dans-vos-villes\/auvent-en-bois-bron\/\" class=\"fusion-background-highlight\"><span class=\"menu-text\">Bron Wooden Awning<\/span><\/a><\/li><li  id=\"menu-item-7282\"  class=\"menu-item menu-item-type-post_type menu-item-object-page menu-item-7282\"  data-item-id=\"7282\"><span class=\"background-default transition-fade\"><\/span><span class=\"background-active transition-fade\"><\/span><a  href=\"https:\/\/www.deco-charpente.fr\/en\/nos-abris-dans-vos-villes\/auvent-en-bois-carpentras\/\" class=\"fusion-background-highlight\"><span class=\"menu-text\">Carpentras Wooden Awning<\/span><\/a><\/li><li  id=\"menu-item-7283\"  class=\"menu-item menu-item-type-post_type menu-item-object-page menu-item-7283\"  data-item-id=\"7283\"><span class=\"background-default transition-fade\"><\/span><span class=\"background-active transition-fade\"><\/span><a  href=\"https:\/\/www.deco-charpente.fr\/en\/nos-abris-dans-vos-villes\/auvent-en-bois-genas\/\" class=\"fusion-background-highlight\"><span class=\"menu-text\">Genas Wooden Awning<\/span><\/a><\/li><li  id=\"menu-item-7284\"  class=\"menu-item menu-item-type-post_type menu-item-object-page menu-item-7284\"  data-item-id=\"7284\"><span class=\"background-default transition-fade\"><\/span><span class=\"background-active transition-fade\"><\/span><a  href=\"https:\/\/www.deco-charpente.fr\/en\/nos-abris-dans-vos-villes\/auvent-en-bois-grasse\/\" class=\"fusion-background-highlight\"><span class=\"menu-text\">Grasswood Awning<\/span><\/a><\/li><li  id=\"menu-item-7285\"  class=\"menu-item menu-item-type-post_type menu-item-object-page menu-item-7285\"  data-item-id=\"7285\"><span class=\"background-default transition-fade\"><\/span><span class=\"background-active transition-fade\"><\/span><a  href=\"https:\/\/www.deco-charpente.fr\/en\/nos-abris-dans-vos-villes\/auvent-en-bois-grenoble\/\" class=\"fusion-background-highlight\"><span class=\"menu-text\">Wooden Awning Grenoble<\/span><\/a><\/li><li  id=\"menu-item-7286\"  class=\"menu-item menu-item-type-post_type menu-item-object-page menu-item-7286\"  data-item-id=\"7286\"><span class=\"background-default transition-fade\"><\/span><span class=\"background-active transition-fade\"><\/span><a  href=\"https:\/\/www.deco-charpente.fr\/en\/nos-abris-dans-vos-villes\/auvent-en-bois-hyeres\/\" class=\"fusion-background-highlight\"><span class=\"menu-text\">Wooden Awning Hy\u00e8res<\/span><\/a><\/li><li  id=\"menu-item-7287\"  class=\"menu-item menu-item-type-post_type menu-item-object-page menu-item-7287\"  data-item-id=\"7287\"><span class=\"background-default transition-fade\"><\/span><span class=\"background-active transition-fade\"><\/span><a  href=\"https:\/\/www.deco-charpente.fr\/en\/nos-abris-dans-vos-villes\/auvent-en-bois-la-seyne-sur-mer\/\" class=\"fusion-background-highlight\"><span class=\"menu-text\">Wooden Awning La Seyne sur Mer<\/span><\/a><\/li><li  id=\"menu-item-7288\"  class=\"menu-item menu-item-type-post_type menu-item-object-page menu-item-7288\"  data-item-id=\"7288\"><span class=\"background-default transition-fade\"><\/span><span class=\"background-active transition-fade\"><\/span><a  href=\"https:\/\/www.deco-charpente.fr\/en\/nos-abris-dans-vos-villes\/auvent-en-bois-lyon\/\" class=\"fusion-background-highlight\"><span class=\"menu-text\">Wooden Awning Lyon<\/span><\/a><\/li><li  id=\"menu-item-7289\"  class=\"menu-item menu-item-type-post_type menu-item-object-page menu-item-7289\"  data-item-id=\"7289\"><span class=\"background-default transition-fade\"><\/span><span class=\"background-active transition-fade\"><\/span><a  href=\"https:\/\/www.deco-charpente.fr\/en\/nos-abris-dans-vos-villes\/auvent-en-bois-martigues\/\" class=\"fusion-background-highlight\"><span class=\"menu-text\">Wooden Awning Martigues<\/span><\/a><\/li><li  id=\"menu-item-7290\"  class=\"menu-item menu-item-type-post_type menu-item-object-page menu-item-7290\"  data-item-id=\"7290\"><span class=\"background-default transition-fade\"><\/span><span class=\"background-active transition-fade\"><\/span><a  href=\"https:\/\/www.deco-charpente.fr\/en\/nos-abris-dans-vos-villes\/auvent-en-bois-montelimar\/\" class=\"fusion-background-highlight\"><span class=\"menu-text\">Wooden Awning Mont\u00e9limar<\/span><\/a><\/li><li  id=\"menu-item-7291\"  class=\"menu-item menu-item-type-post_type menu-item-object-page menu-item-7291\"  data-item-id=\"7291\"><span class=\"background-default transition-fade\"><\/span><span class=\"background-active transition-fade\"><\/span><a  href=\"https:\/\/www.deco-charpente.fr\/en\/nos-abris-dans-vos-villes\/auvent-en-bois-nice\/\" class=\"fusion-background-highlight\"><span class=\"menu-text\">Wooden Awning Nice<\/span><\/a><\/li><li  id=\"menu-item-7292\"  class=\"menu-item menu-item-type-post_type menu-item-object-page menu-item-7292\"  data-item-id=\"7292\"><span class=\"background-default transition-fade\"><\/span><span class=\"background-active transition-fade\"><\/span><a  href=\"https:\/\/www.deco-charpente.fr\/en\/nos-abris-dans-vos-villes\/auvent-en-bois-orange\/\" class=\"fusion-background-highlight\"><span class=\"menu-text\">Orange Wooden Awning<\/span><\/a><\/li><li  id=\"menu-item-7293\"  class=\"menu-item menu-item-type-post_type menu-item-object-page menu-item-7293\"  data-item-id=\"7293\"><span class=\"background-default transition-fade\"><\/span><span class=\"background-active transition-fade\"><\/span><a  href=\"https:\/\/www.deco-charpente.fr\/en\/nos-abris-dans-vos-villes\/auvent-en-bois-romans-sur-isere\/\" class=\"fusion-background-highlight\"><span class=\"menu-text\">Wooden Awning Romans sur Is\u00e8re<\/span><\/a><\/li><li  id=\"menu-item-7294\"  class=\"menu-item menu-item-type-post_type menu-item-object-page menu-item-7294\"  data-item-id=\"7294\"><span class=\"background-default transition-fade\"><\/span><span class=\"background-active transition-fade\"><\/span><a  href=\"https:\/\/www.deco-charpente.fr\/en\/nos-abris-dans-vos-villes\/auvent-en-bois-saint%e2%80%91martin%e2%80%91dheres\/\" class=\"fusion-background-highlight\"><span class=\"menu-text\">Wooden Awning Saint\u2011Martin\u2011d\u2019H\u00e8res<\/span><\/a><\/li><li  id=\"menu-item-7295\"  class=\"menu-item menu-item-type-post_type menu-item-object-page menu-item-7295\"  data-item-id=\"7295\"><span class=\"background-default transition-fade\"><\/span><span class=\"background-active transition-fade\"><\/span><a  href=\"https:\/\/www.deco-charpente.fr\/en\/nos-abris-dans-vos-villes\/auvent-en-bois-sommieres\/\" class=\"fusion-background-highlight\"><span class=\"menu-text\">Wooden Awning Sommi\u00e8res<\/span><\/a><\/li><li  id=\"menu-item-7297\"  class=\"menu-item menu-item-type-post_type menu-item-object-page menu-item-7297\"  data-item-id=\"7297\"><span class=\"background-default transition-fade\"><\/span><span class=\"background-active transition-fade\"><\/span><a  href=\"https:\/\/www.deco-charpente.fr\/en\/nos-abris-dans-vos-villes\/auvent-en-bois-uzes\/\" class=\"fusion-background-highlight\"><span class=\"menu-text\">Wooden Awning Uz\u00e8s<\/span><\/a><\/li><li  id=\"menu-item-7298\"  class=\"menu-item menu-item-type-post_type menu-item-object-page menu-item-7298\"  data-item-id=\"7298\"><span class=\"background-default transition-fade\"><\/span><span class=\"background-active transition-fade\"><\/span><a  href=\"https:\/\/www.deco-charpente.fr\/en\/nos-abris-dans-vos-villes\/auvent-en-bois-vienne\/\" class=\"fusion-background-highlight\"><span class=\"menu-text\">Wooden Awning Vienna<\/span><\/a><\/li><li  id=\"menu-item-7299\"  class=\"menu-item menu-item-type-post_type menu-item-object-page menu-item-7299\"  data-item-id=\"7299\"><span class=\"background-default transition-fade\"><\/span><span class=\"background-active transition-fade\"><\/span><a  href=\"https:\/\/www.deco-charpente.fr\/en\/nos-abris-dans-vos-villes\/auvent-en-bois-villeneuve-les-avignon\/\" class=\"fusion-background-highlight\"><span class=\"menu-text\">Wooden Awning Villeneuve l\u00e8s Avignon<\/span><\/a><\/li><li  id=\"menu-item-7300\"  class=\"menu-item menu-item-type-post_type menu-item-object-page menu-item-7300\"  data-item-id=\"7300\"><span class=\"background-default transition-fade\"><\/span><span class=\"background-active transition-fade\"><\/span><a  href=\"https:\/\/www.deco-charpente.fr\/en\/nos-abris-dans-vos-villes\/carport-en-bois-aix-en-provence\/\" class=\"fusion-background-highlight\"><span class=\"menu-text\">Wooden carport Aix en Provence<\/span><\/a><\/li><li  id=\"menu-item-7301\"  class=\"menu-item menu-item-type-post_type menu-item-object-page menu-item-7301\"  data-item-id=\"7301\"><span class=\"background-default transition-fade\"><\/span><span class=\"background-active transition-fade\"><\/span><a  href=\"https:\/\/www.deco-charpente.fr\/en\/nos-abris-dans-vos-villes\/carport-en-bois-antibes\/\" class=\"fusion-background-highlight\"><span class=\"menu-text\">Wooden carport Antibes<\/span><\/a><\/li><li  id=\"menu-item-7302\"  class=\"menu-item menu-item-type-post_type menu-item-object-page menu-item-7302\"  data-item-id=\"7302\"><span class=\"background-default transition-fade\"><\/span><span class=\"background-active transition-fade\"><\/span><a  href=\"https:\/\/www.deco-charpente.fr\/en\/nos-abris-dans-vos-villes\/carport-en-bois-aubagne\/\" class=\"fusion-background-highlight\"><span class=\"menu-text\">Wooden carport Aubagne<\/span><\/a><\/li><li  id=\"menu-item-7303\"  class=\"menu-item menu-item-type-post_type menu-item-object-page menu-item-7303\"  data-item-id=\"7303\"><span class=\"background-default transition-fade\"><\/span><span class=\"background-active transition-fade\"><\/span><a  href=\"https:\/\/www.deco-charpente.fr\/en\/nos-abris-dans-vos-villes\/carport-en-bois-avignon\/\" class=\"fusion-background-highlight\"><span class=\"menu-text\">Avignon wooden carport<\/span><\/a><\/li><li  id=\"menu-item-7304\"  class=\"menu-item menu-item-type-post_type menu-item-object-page menu-item-7304\"  data-item-id=\"7304\"><span class=\"background-default transition-fade\"><\/span><span class=\"background-active transition-fade\"><\/span><a  href=\"https:\/\/www.deco-charpente.fr\/en\/nos-abris-dans-vos-villes\/carport-en-bois-bagnols-sur-ceze\/\" class=\"fusion-background-highlight\"><span class=\"menu-text\">Wooden carport Bagnols-sur-C\u00e8ze<\/span><\/a><\/li><li  id=\"menu-item-7305\"  class=\"menu-item menu-item-type-post_type menu-item-object-page menu-item-7305\"  data-item-id=\"7305\"><span class=\"background-default transition-fade\"><\/span><span class=\"background-active transition-fade\"><\/span><a  href=\"https:\/\/www.deco-charpente.fr\/en\/nos-abris-dans-vos-villes\/carport-en-bois-bron\/\" class=\"fusion-background-highlight\"><span class=\"menu-text\">Bron wooden carport<\/span><\/a><\/li><li  id=\"menu-item-7306\"  class=\"menu-item menu-item-type-post_type menu-item-object-page menu-item-7306\"  data-item-id=\"7306\"><span class=\"background-default transition-fade\"><\/span><span class=\"background-active transition-fade\"><\/span><a  href=\"https:\/\/www.deco-charpente.fr\/en\/nos-abris-dans-vos-villes\/carport-en-bois-cannes\/\" class=\"fusion-background-highlight\"><span class=\"menu-text\">Cannes wooden carport<\/span><\/a><\/li><li  id=\"menu-item-7307\"  class=\"menu-item menu-item-type-post_type menu-item-object-page menu-item-7307\"  data-item-id=\"7307\"><span class=\"background-default transition-fade\"><\/span><span class=\"background-active transition-fade\"><\/span><a  href=\"https:\/\/www.deco-charpente.fr\/en\/nos-abris-dans-vos-villes\/carport-en-bois-carpentras\/\" class=\"fusion-background-highlight\"><span class=\"menu-text\">Carpentras wooden carport<\/span><\/a><\/li><li  id=\"menu-item-7308\"  class=\"menu-item menu-item-type-post_type menu-item-object-page menu-item-7308\"  data-item-id=\"7308\"><span class=\"background-default transition-fade\"><\/span><span class=\"background-active transition-fade\"><\/span><a  href=\"https:\/\/www.deco-charpente.fr\/en\/nos-abris-dans-vos-villes\/carport-en-bois-genas\/\" class=\"fusion-background-highlight\"><span class=\"menu-text\">Genas wooden carport<\/span><\/a><\/li><li  id=\"menu-item-7309\"  class=\"menu-item menu-item-type-post_type menu-item-object-page menu-item-7309\"  data-item-id=\"7309\"><span class=\"background-default transition-fade\"><\/span><span class=\"background-active transition-fade\"><\/span><a  href=\"https:\/\/www.deco-charpente.fr\/en\/nos-abris-dans-vos-villes\/carport-en-bois-grenoble\/\" class=\"fusion-background-highlight\"><span class=\"menu-text\">Wooden carport Grenoble<\/span><\/a><\/li><li  id=\"menu-item-7310\"  class=\"menu-item menu-item-type-post_type menu-item-object-page menu-item-7310\"  data-item-id=\"7310\"><span class=\"background-default transition-fade\"><\/span><span class=\"background-active transition-fade\"><\/span><a  href=\"https:\/\/www.deco-charpente.fr\/en\/nos-abris-dans-vos-villes\/carport-en-bois-hyeres\/\" class=\"fusion-background-highlight\"><span class=\"menu-text\">Hy\u00e8res wooden carport<\/span><\/a><\/li><li  id=\"menu-item-7311\"  class=\"menu-item menu-item-type-post_type menu-item-object-page menu-item-7311\"  data-item-id=\"7311\"><span class=\"background-default transition-fade\"><\/span><span class=\"background-active transition-fade\"><\/span><a  href=\"https:\/\/www.deco-charpente.fr\/en\/nos-abris-dans-vos-villes\/carport-en-bois-la-garde\/\" class=\"fusion-background-highlight\"><span class=\"menu-text\">Wooden carport La Garde<\/span><\/a><\/li><li  id=\"menu-item-7312\"  class=\"menu-item menu-item-type-post_type menu-item-object-page menu-item-7312\"  data-item-id=\"7312\"><span class=\"background-default transition-fade\"><\/span><span class=\"background-active transition-fade\"><\/span><a  href=\"https:\/\/www.deco-charpente.fr\/en\/nos-abris-dans-vos-villes\/carport-en-bois-lyon\/\" class=\"fusion-background-highlight\"><span class=\"menu-text\">Lyon wooden carport<\/span><\/a><\/li><li  id=\"menu-item-7313\"  class=\"menu-item menu-item-type-post_type menu-item-object-page menu-item-7313\"  data-item-id=\"7313\"><span class=\"background-default transition-fade\"><\/span><span class=\"background-active transition-fade\"><\/span><a  href=\"https:\/\/www.deco-charpente.fr\/en\/nos-abris-dans-vos-villes\/carport-en-bois-marseille\/\" class=\"fusion-background-highlight\"><span class=\"menu-text\">Wooden carport Marseille<\/span><\/a><\/li><li  id=\"menu-item-7314\"  class=\"menu-item menu-item-type-post_type menu-item-object-page menu-item-7314\"  data-item-id=\"7314\"><span class=\"background-default transition-fade\"><\/span><span class=\"background-active transition-fade\"><\/span><a  href=\"https:\/\/www.deco-charpente.fr\/en\/nos-abris-dans-vos-villes\/carport-en-bois-montelimar\/\" class=\"fusion-background-highlight\"><span class=\"menu-text\">Mont\u00e9limar wooden carport<\/span><\/a><\/li><li  id=\"menu-item-7315\"  class=\"menu-item menu-item-type-post_type menu-item-object-page menu-item-7315\"  data-item-id=\"7315\"><span class=\"background-default transition-fade\"><\/span><span class=\"background-active transition-fade\"><\/span><a  href=\"https:\/\/www.deco-charpente.fr\/en\/nos-abris-dans-vos-villes\/carport-en-bois-nice\/\" class=\"fusion-background-highlight\"><span class=\"menu-text\">Nice wooden carport<\/span><\/a><\/li><li  id=\"menu-item-7316\"  class=\"menu-item menu-item-type-post_type menu-item-object-page menu-item-7316\"  data-item-id=\"7316\"><span class=\"background-default transition-fade\"><\/span><span class=\"background-active transition-fade\"><\/span><a  href=\"https:\/\/www.deco-charpente.fr\/en\/nos-abris-dans-vos-villes\/carport-en-bois-orange\/\" class=\"fusion-background-highlight\"><span class=\"menu-text\">Orange wooden carport<\/span><\/a><\/li><li  id=\"menu-item-7317\"  class=\"menu-item menu-item-type-post_type menu-item-object-page menu-item-7317\"  data-item-id=\"7317\"><span class=\"background-default transition-fade\"><\/span><span class=\"background-active transition-fade\"><\/span><a  href=\"https:\/\/www.deco-charpente.fr\/en\/nos-abris-dans-vos-villes\/carport-en-bois-romans-sur-isere\/\" class=\"fusion-background-highlight\"><span class=\"menu-text\">Wooden carport Romans-sur-Is\u00e8re<\/span><\/a><\/li><li  id=\"menu-item-7318\"  class=\"menu-item menu-item-type-post_type menu-item-object-page menu-item-7318\"  data-item-id=\"7318\"><span class=\"background-default transition-fade\"><\/span><span class=\"background-active transition-fade\"><\/span><a  href=\"https:\/\/www.deco-charpente.fr\/en\/nos-abris-dans-vos-villes\/carport-en-bois-six-fours-les-plages\/\" class=\"fusion-background-highlight\"><span class=\"menu-text\">Wooden carport Six-Fours-Les-Plages<\/span><\/a><\/li><li  id=\"menu-item-7320\"  class=\"menu-item menu-item-type-post_type menu-item-object-page menu-item-7320\"  data-item-id=\"7320\"><span class=\"background-default transition-fade\"><\/span><span class=\"background-active transition-fade\"><\/span><a  href=\"https:\/\/www.deco-charpente.fr\/en\/nos-abris-dans-vos-villes\/carport-en-bois-tullins\/\" class=\"fusion-background-highlight\"><span class=\"menu-text\">Tullins wooden carport<\/span><\/a><\/li><li  id=\"menu-item-7321\"  class=\"menu-item menu-item-type-post_type menu-item-object-page menu-item-7321\"  data-item-id=\"7321\"><span class=\"background-default transition-fade\"><\/span><span class=\"background-active transition-fade\"><\/span><a  href=\"https:\/\/www.deco-charpente.fr\/en\/nos-abris-dans-vos-villes\/carport-en-bois-uzes\/\" class=\"fusion-background-highlight\"><span class=\"menu-text\">Wooden carport Uz\u00e8s<\/span><\/a><\/li><li  id=\"menu-item-7322\"  class=\"menu-item menu-item-type-post_type menu-item-object-page menu-item-7322\"  data-item-id=\"7322\"><span class=\"background-default transition-fade\"><\/span><span class=\"background-active transition-fade\"><\/span><a  href=\"https:\/\/www.deco-charpente.fr\/en\/nos-abris-dans-vos-villes\/carport-en-bois-valence\/\" class=\"fusion-background-highlight\"><span class=\"menu-text\">Wooden carport Valencia<\/span><\/a><\/li><li  id=\"menu-item-7323\"  class=\"menu-item menu-item-type-post_type menu-item-object-page menu-item-7323\"  data-item-id=\"7323\"><span class=\"background-default transition-fade\"><\/span><span class=\"background-active transition-fade\"><\/span><a  href=\"https:\/\/www.deco-charpente.fr\/en\/nos-abris-dans-vos-villes\/carport-en-bois-villeneuve-les-avignon\/\" class=\"fusion-background-highlight\"><span class=\"menu-text\">Wooden carport Villeneuve-l\u00e8s-Avignon<\/span><\/a><\/li><li  id=\"menu-item-7324\"  class=\"menu-item menu-item-type-post_type menu-item-object-page menu-item-7324\"  data-item-id=\"7324\"><span class=\"background-default transition-fade\"><\/span><span class=\"background-active transition-fade\"><\/span><a  href=\"https:\/\/www.deco-charpente.fr\/en\/nos-abris-dans-vos-villes\/carport-en-bois-voiron\/\" class=\"fusion-background-highlight\"><span class=\"menu-text\">Wooden carport Voiron<\/span><\/a><\/li><li  id=\"menu-item-7325\"  class=\"menu-item menu-item-type-post_type menu-item-object-page menu-item-7325\"  data-item-id=\"7325\"><span class=\"background-default transition-fade\"><\/span><span class=\"background-active transition-fade\"><\/span><a  href=\"https:\/\/www.deco-charpente.fr\/en\/nos-abris-dans-vos-villes\/kiosque-en-bois-aix-en-provence\/\" class=\"fusion-background-highlight\"><span class=\"menu-text\">Wooden kiosk Aix-en-Provence<\/span><\/a><\/li><li  id=\"menu-item-7326\"  class=\"menu-item menu-item-type-post_type menu-item-object-page menu-item-7326\"  data-item-id=\"7326\"><span class=\"background-default transition-fade\"><\/span><span class=\"background-active transition-fade\"><\/span><a  href=\"https:\/\/www.deco-charpente.fr\/en\/nos-abris-dans-vos-villes\/kiosque-en-bois-avignon\/\" class=\"fusion-background-highlight\"><span class=\"menu-text\">Wooden kiosk Avignon<\/span><\/a><\/li><li  id=\"menu-item-7327\"  class=\"menu-item menu-item-type-post_type menu-item-object-page menu-item-7327\"  data-item-id=\"7327\"><span class=\"background-default transition-fade\"><\/span><span class=\"background-active transition-fade\"><\/span><a  href=\"https:\/\/www.deco-charpente.fr\/en\/nos-abris-dans-vos-villes\/kiosque-en-bois-bagnols-sur-ceze\/\" class=\"fusion-background-highlight\"><span class=\"menu-text\">Wooden kiosk Bagnols-sur-C\u00e8ze<\/span><\/a><\/li><li  id=\"menu-item-7328\"  class=\"menu-item menu-item-type-post_type menu-item-object-page menu-item-7328\"  data-item-id=\"7328\"><span class=\"background-default transition-fade\"><\/span><span class=\"background-active transition-fade\"><\/span><a  href=\"https:\/\/www.deco-charpente.fr\/en\/nos-abris-dans-vos-villes\/kiosque-en-bois-cannes\/\" class=\"fusion-background-highlight\"><span class=\"menu-text\">Cannes wooden kiosk<\/span><\/a><\/li><li  id=\"menu-item-7329\"  class=\"menu-item menu-item-type-post_type menu-item-object-page menu-item-7329\"  data-item-id=\"7329\"><span class=\"background-default transition-fade\"><\/span><span class=\"background-active transition-fade\"><\/span><a  href=\"https:\/\/www.deco-charpente.fr\/en\/nos-abris-dans-vos-villes\/kiosque-en-bois-carpentras\/\" class=\"fusion-background-highlight\"><span class=\"menu-text\">Carpentras wooden kiosk<\/span><\/a><\/li><li  id=\"menu-item-7330\"  class=\"menu-item menu-item-type-post_type menu-item-object-page menu-item-7330\"  data-item-id=\"7330\"><span class=\"background-default transition-fade\"><\/span><span class=\"background-active transition-fade\"><\/span><a  href=\"https:\/\/www.deco-charpente.fr\/en\/nos-abris-dans-vos-villes\/kiosque-en-bois-ecully\/\" class=\"fusion-background-highlight\"><span class=\"menu-text\">Wooden kiosk Ecully<\/span><\/a><\/li><li  id=\"menu-item-7331\"  class=\"menu-item menu-item-type-post_type menu-item-object-page menu-item-7331\"  data-item-id=\"7331\"><span class=\"background-default transition-fade\"><\/span><span class=\"background-active transition-fade\"><\/span><a  href=\"https:\/\/www.deco-charpente.fr\/en\/nos-abris-dans-vos-villes\/kiosque-en-bois-frejus\/\" class=\"fusion-background-highlight\"><span class=\"menu-text\">Wooden kiosk Fr\u00e9jus<\/span><\/a><\/li><li  id=\"menu-item-7332\"  class=\"menu-item menu-item-type-post_type menu-item-object-page menu-item-7332\"  data-item-id=\"7332\"><span class=\"background-default transition-fade\"><\/span><span class=\"background-active transition-fade\"><\/span><a  href=\"https:\/\/www.deco-charpente.fr\/en\/nos-abris-dans-vos-villes\/kiosque-en-bois-grenoble\/\" class=\"fusion-background-highlight\"><span class=\"menu-text\">Wooden kiosk Grenoble<\/span><\/a><\/li><li  id=\"menu-item-7333\"  class=\"menu-item menu-item-type-post_type menu-item-object-page menu-item-7333\"  data-item-id=\"7333\"><span class=\"background-default transition-fade\"><\/span><span class=\"background-active transition-fade\"><\/span><a  href=\"https:\/\/www.deco-charpente.fr\/en\/nos-abris-dans-vos-villes\/kiosque-en-bois-la-seyne-sur-mer\/\" class=\"fusion-background-highlight\"><span class=\"menu-text\">Wooden kiosk La Seyne-sur-Mer<\/span><\/a><\/li><li  id=\"menu-item-7334\"  class=\"menu-item menu-item-type-post_type menu-item-object-page menu-item-7334\"  data-item-id=\"7334\"><span class=\"background-default transition-fade\"><\/span><span class=\"background-active transition-fade\"><\/span><a  href=\"https:\/\/www.deco-charpente.fr\/en\/nos-abris-dans-vos-villes\/kiosque-en-bois-lentilly\/\" class=\"fusion-background-highlight\"><span class=\"menu-text\">Lentilly wooden kiosk<\/span><\/a><\/li><li  id=\"menu-item-7335\"  class=\"menu-item menu-item-type-post_type menu-item-object-page menu-item-7335\"  data-item-id=\"7335\"><span class=\"background-default transition-fade\"><\/span><span class=\"background-active transition-fade\"><\/span><a  href=\"https:\/\/www.deco-charpente.fr\/en\/nos-abris-dans-vos-villes\/kiosque-en-bois-lyon\/\" class=\"fusion-background-highlight\"><span class=\"menu-text\">Wooden kiosk Lyon<\/span><\/a><\/li><li  id=\"menu-item-7336\"  class=\"menu-item menu-item-type-post_type menu-item-object-page menu-item-7336\"  data-item-id=\"7336\"><span class=\"background-default transition-fade\"><\/span><span class=\"background-active transition-fade\"><\/span><a  href=\"https:\/\/www.deco-charpente.fr\/en\/nos-abris-dans-vos-villes\/kiosque-en-bois-mandelieu-la-napoule\/\" class=\"fusion-background-highlight\"><span class=\"menu-text\">Wooden kiosk Mandelieu-la-Napoule<\/span><\/a><\/li><li  id=\"menu-item-7337\"  class=\"menu-item menu-item-type-post_type menu-item-object-page menu-item-7337\"  data-item-id=\"7337\"><span class=\"background-default transition-fade\"><\/span><span class=\"background-active transition-fade\"><\/span><a  href=\"https:\/\/www.deco-charpente.fr\/en\/nos-abris-dans-vos-villes\/kiosque-en-bois-marseille\/\" class=\"fusion-background-highlight\"><span class=\"menu-text\">Marseille wooden kiosk<\/span><\/a><\/li><li  id=\"menu-item-7338\"  class=\"menu-item menu-item-type-post_type menu-item-object-page menu-item-7338\"  data-item-id=\"7338\"><span class=\"background-default transition-fade\"><\/span><span class=\"background-active transition-fade\"><\/span><a  href=\"https:\/\/www.deco-charpente.fr\/en\/nos-abris-dans-vos-villes\/kiosque-en-bois-martigues\/\" class=\"fusion-background-highlight\"><span class=\"menu-text\">Wooden kiosk Martigues<\/span><\/a><\/li><li  id=\"menu-item-7339\"  class=\"menu-item menu-item-type-post_type menu-item-object-page menu-item-7339\"  data-item-id=\"7339\"><span class=\"background-default transition-fade\"><\/span><span class=\"background-active transition-fade\"><\/span><a  href=\"https:\/\/www.deco-charpente.fr\/en\/nos-abris-dans-vos-villes\/kiosque-en-bois-montelimar\/\" class=\"fusion-background-highlight\"><span class=\"menu-text\">Mont\u00e9limar wooden kiosk<\/span><\/a><\/li><li  id=\"menu-item-7340\"  class=\"menu-item menu-item-type-post_type menu-item-object-page menu-item-7340\"  data-item-id=\"7340\"><span class=\"background-default transition-fade\"><\/span><span class=\"background-active transition-fade\"><\/span><a  href=\"https:\/\/www.deco-charpente.fr\/en\/nos-abris-dans-vos-villes\/kiosque-en-bois-nice\/\" class=\"fusion-background-highlight\"><span class=\"menu-text\">Nice wooden kiosk<\/span><\/a><\/li><li  id=\"menu-item-7341\"  class=\"menu-item menu-item-type-post_type menu-item-object-page menu-item-7341\"  data-item-id=\"7341\"><span class=\"background-default transition-fade\"><\/span><span class=\"background-active transition-fade\"><\/span><a  href=\"https:\/\/www.deco-charpente.fr\/en\/nos-abris-dans-vos-villes\/kiosque-en-bois-orange\/\" class=\"fusion-background-highlight\"><span class=\"menu-text\">Orange wooden kiosk<\/span><\/a><\/li><li  id=\"menu-item-7342\"  class=\"menu-item menu-item-type-post_type menu-item-object-page menu-item-7342\"  data-item-id=\"7342\"><span class=\"background-default transition-fade\"><\/span><span class=\"background-active transition-fade\"><\/span><a  href=\"https:\/\/www.deco-charpente.fr\/en\/nos-abris-dans-vos-villes\/kiosque-en-bois-romans-sur-isere\/\" class=\"fusion-background-highlight\"><span class=\"menu-text\">Wooden kiosk Romans-sur-Is\u00e8re<\/span><\/a><\/li><li  id=\"menu-item-7344\"  class=\"menu-item menu-item-type-post_type menu-item-object-page menu-item-7344\"  data-item-id=\"7344\"><span class=\"background-default transition-fade\"><\/span><span class=\"background-active transition-fade\"><\/span><a  href=\"https:\/\/www.deco-charpente.fr\/en\/nos-abris-dans-vos-villes\/kiosque-en-bois-tullins\/\" class=\"fusion-background-highlight\"><span class=\"menu-text\">Tullins wooden kiosk<\/span><\/a><\/li><li  id=\"menu-item-7345\"  class=\"menu-item menu-item-type-post_type menu-item-object-page menu-item-7345\"  data-item-id=\"7345\"><span class=\"background-default transition-fade\"><\/span><span class=\"background-active transition-fade\"><\/span><a  href=\"https:\/\/www.deco-charpente.fr\/en\/nos-abris-dans-vos-villes\/kiosque-en-bois-uzes\/\" class=\"fusion-background-highlight\"><span class=\"menu-text\">Wooden kiosk Uz\u00e8s<\/span><\/a><\/li><li  id=\"menu-item-7346\"  class=\"menu-item menu-item-type-post_type menu-item-object-page menu-item-7346\"  data-item-id=\"7346\"><span class=\"background-default transition-fade\"><\/span><span class=\"background-active transition-fade\"><\/span><a  href=\"https:\/\/www.deco-charpente.fr\/en\/nos-abris-dans-vos-villes\/kiosque-en-bois-valence\/\" class=\"fusion-background-highlight\"><span class=\"menu-text\">Wooden kiosk Valencia<\/span><\/a><\/li><li  id=\"menu-item-7347\"  class=\"menu-item menu-item-type-post_type menu-item-object-page menu-item-7347\"  data-item-id=\"7347\"><span class=\"background-default transition-fade\"><\/span><span class=\"background-active transition-fade\"><\/span><a  href=\"https:\/\/www.deco-charpente.fr\/en\/nos-abris-dans-vos-villes\/kiosque-en-bois-villeneuve-les-avignon\/\" class=\"fusion-background-highlight\"><span class=\"menu-text\">Wooden kiosk Villeneuve-l\u00e8s-Avignon<\/span><\/a><\/li><li  id=\"menu-item-7348\"  class=\"menu-item menu-item-type-post_type menu-item-object-page menu-item-7348\"  data-item-id=\"7348\"><span class=\"background-default transition-fade\"><\/span><span class=\"background-active transition-fade\"><\/span><a  href=\"https:\/\/www.deco-charpente.fr\/en\/nos-abris-dans-vos-villes\/kiosque-en-bois-voiron\/\" class=\"fusion-background-highlight\"><span class=\"menu-text\">Wooden kiosk Voiron<\/span><\/a><\/li><li  id=\"menu-item-7349\"  class=\"menu-item menu-item-type-post_type menu-item-object-page menu-item-7349\"  data-item-id=\"7349\"><span class=\"background-default transition-fade\"><\/span><span class=\"background-active transition-fade\"><\/span><a  href=\"https:\/\/www.deco-charpente.fr\/en\/nos-abris-dans-vos-villes\/pergola-en-bois-aix-en-provence\/\" class=\"fusion-background-highlight\"><span class=\"menu-text\">Wooden pergola Aix-en-Provence<\/span><\/a><\/li><li  id=\"menu-item-7350\"  class=\"menu-item menu-item-type-post_type menu-item-object-page menu-item-7350\"  data-item-id=\"7350\"><span class=\"background-default transition-fade\"><\/span><span class=\"background-active transition-fade\"><\/span><a  href=\"https:\/\/www.deco-charpente.fr\/en\/nos-abris-dans-vos-villes\/pergola-en-bois-antibes\/\" class=\"fusion-background-highlight\"><span class=\"menu-text\">Wooden pergola Antibes<\/span><\/a><\/li><li  id=\"menu-item-7351\"  class=\"menu-item menu-item-type-post_type menu-item-object-page menu-item-7351\"  data-item-id=\"7351\"><span class=\"background-default transition-fade\"><\/span><span class=\"background-active transition-fade\"><\/span><a  href=\"https:\/\/www.deco-charpente.fr\/en\/nos-abris-dans-vos-villes\/pergola-en-bois-arles\/\" class=\"fusion-background-highlight\"><span class=\"menu-text\">Wooden pergola Arles<\/span><\/a><\/li><li  id=\"menu-item-7352\"  class=\"menu-item menu-item-type-post_type menu-item-object-page menu-item-7352\"  data-item-id=\"7352\"><span class=\"background-default transition-fade\"><\/span><span class=\"background-active transition-fade\"><\/span><a  href=\"https:\/\/www.deco-charpente.fr\/en\/nos-abris-dans-vos-villes\/pergola-en-bois-avignon\/\" class=\"fusion-background-highlight\"><span class=\"menu-text\">Wooden pergola Avignon<\/span><\/a><\/li><li  id=\"menu-item-7353\"  class=\"menu-item menu-item-type-post_type menu-item-object-page menu-item-7353\"  data-item-id=\"7353\"><span class=\"background-default transition-fade\"><\/span><span class=\"background-active transition-fade\"><\/span><a  href=\"https:\/\/www.deco-charpente.fr\/en\/nos-abris-dans-vos-villes\/pergola-en-bois-bagnols-sur-ceze\/\" class=\"fusion-background-highlight\"><span class=\"menu-text\">Wooden pergola Bagnols-sur-C\u00e8ze<\/span><\/a><\/li><li  id=\"menu-item-7354\"  class=\"menu-item menu-item-type-post_type menu-item-object-page menu-item-7354\"  data-item-id=\"7354\"><span class=\"background-default transition-fade\"><\/span><span class=\"background-active transition-fade\"><\/span><a  href=\"https:\/\/www.deco-charpente.fr\/en\/nos-abris-dans-vos-villes\/pergola-en-bois-bron\/\" class=\"fusion-background-highlight\"><span class=\"menu-text\">Bron wooden pergola<\/span><\/a><\/li><li  id=\"menu-item-7355\"  class=\"menu-item menu-item-type-post_type menu-item-object-page menu-item-7355\"  data-item-id=\"7355\"><span class=\"background-default transition-fade\"><\/span><span class=\"background-active transition-fade\"><\/span><a  href=\"https:\/\/www.deco-charpente.fr\/en\/nos-abris-dans-vos-villes\/pergola-en-bois-cannes\/\" class=\"fusion-background-highlight\"><span class=\"menu-text\">Cannes wooden pergola<\/span><\/a><\/li><li  id=\"menu-item-7356\"  class=\"menu-item menu-item-type-post_type menu-item-object-page menu-item-7356\"  data-item-id=\"7356\"><span class=\"background-default transition-fade\"><\/span><span class=\"background-active transition-fade\"><\/span><a  href=\"https:\/\/www.deco-charpente.fr\/en\/nos-abris-dans-vos-villes\/pergola-en-bois-carpentras\/\" class=\"fusion-background-highlight\"><span class=\"menu-text\">Carpentras wooden pergola<\/span><\/a><\/li><li  id=\"menu-item-7357\"  class=\"menu-item menu-item-type-post_type menu-item-object-page menu-item-7357\"  data-item-id=\"7357\"><span class=\"background-default transition-fade\"><\/span><span class=\"background-active transition-fade\"><\/span><a  href=\"https:\/\/www.deco-charpente.fr\/en\/nos-abris-dans-vos-villes\/pergola-en-bois-grenoble\/\" class=\"fusion-background-highlight\"><span class=\"menu-text\">Wooden pergola Grenoble<\/span><\/a><\/li><li  id=\"menu-item-7358\"  class=\"menu-item menu-item-type-post_type menu-item-object-page menu-item-7358\"  data-item-id=\"7358\"><span class=\"background-default transition-fade\"><\/span><span class=\"background-active transition-fade\"><\/span><a  href=\"https:\/\/www.deco-charpente.fr\/en\/nos-abris-dans-vos-villes\/pergola-en-bois-hyeres\/\" class=\"fusion-background-highlight\"><span class=\"menu-text\">Wooden pergola Hy\u00e8res<\/span><\/a><\/li><li  id=\"menu-item-7359\"  class=\"menu-item menu-item-type-post_type menu-item-object-page menu-item-7359\"  data-item-id=\"7359\"><span class=\"background-default transition-fade\"><\/span><span class=\"background-active transition-fade\"><\/span><a  href=\"https:\/\/www.deco-charpente.fr\/en\/nos-abris-dans-vos-villes\/pergola-en-bois-la-seyne-sur-mer\/\" class=\"fusion-background-highlight\"><span class=\"menu-text\">Wooden pergola La Seyne-sur-Mer<\/span><\/a><\/li><li  id=\"menu-item-7360\"  class=\"menu-item menu-item-type-post_type menu-item-object-page menu-item-7360\"  data-item-id=\"7360\"><span class=\"background-default transition-fade\"><\/span><span class=\"background-active transition-fade\"><\/span><a  href=\"https:\/\/www.deco-charpente.fr\/en\/nos-abris-dans-vos-villes\/pergola-en-bois-lyon\/\" class=\"fusion-background-highlight\"><span class=\"menu-text\">Wooden pergola Lyon<\/span><\/a><\/li><li  id=\"menu-item-7361\"  class=\"menu-item menu-item-type-post_type menu-item-object-page menu-item-7361\"  data-item-id=\"7361\"><span class=\"background-default transition-fade\"><\/span><span class=\"background-active transition-fade\"><\/span><a  href=\"https:\/\/www.deco-charpente.fr\/en\/nos-abris-dans-vos-villes\/pergola-en-bois-marseille\/\" class=\"fusion-background-highlight\"><span class=\"menu-text\">Wooden pergola Marseille<\/span><\/a><\/li><li  id=\"menu-item-7362\"  class=\"menu-item menu-item-type-post_type menu-item-object-page menu-item-7362\"  data-item-id=\"7362\"><span class=\"background-default transition-fade\"><\/span><span class=\"background-active transition-fade\"><\/span><a  href=\"https:\/\/www.deco-charpente.fr\/en\/nos-abris-dans-vos-villes\/pergola-en-bois-montelimar\/\" class=\"fusion-background-highlight\"><span class=\"menu-text\">Mont\u00e9limar wooden pergola<\/span><\/a><\/li><li  id=\"menu-item-7363\"  class=\"menu-item menu-item-type-post_type menu-item-object-page menu-item-7363\"  data-item-id=\"7363\"><span class=\"background-default transition-fade\"><\/span><span class=\"background-active transition-fade\"><\/span><a  href=\"https:\/\/www.deco-charpente.fr\/en\/nos-abris-dans-vos-villes\/pergola-en-bois-nice\/\" class=\"fusion-background-highlight\"><span class=\"menu-text\">Nice wooden pergola<\/span><\/a><\/li><li  id=\"menu-item-7364\"  class=\"menu-item menu-item-type-post_type menu-item-object-page menu-item-7364\"  data-item-id=\"7364\"><span class=\"background-default transition-fade\"><\/span><span class=\"background-active transition-fade\"><\/span><a  href=\"https:\/\/www.deco-charpente.fr\/en\/nos-abris-dans-vos-villes\/pergola-en-bois-orange\/\" class=\"fusion-background-highlight\"><span class=\"menu-text\">Orange wooden pergola<\/span><\/a><\/li><li  id=\"menu-item-7365\"  class=\"menu-item menu-item-type-post_type menu-item-object-page menu-item-7365\"  data-item-id=\"7365\"><span class=\"background-default transition-fade\"><\/span><span class=\"background-active transition-fade\"><\/span><a  href=\"https:\/\/www.deco-charpente.fr\/en\/nos-abris-dans-vos-villes\/pergola-en-bois-romans-sur-isere\/\" class=\"fusion-background-highlight\"><span class=\"menu-text\">Wooden pergola Romans-sur-Is\u00e8re<\/span><\/a><\/li><li  id=\"menu-item-7366\"  class=\"menu-item menu-item-type-post_type menu-item-object-page menu-item-7366\"  data-item-id=\"7366\"><span class=\"background-default transition-fade\"><\/span><span class=\"background-active transition-fade\"><\/span><a  href=\"https:\/\/www.deco-charpente.fr\/en\/nos-abris-dans-vos-villes\/pergola-en-bois-saint-martin-dheres\/\" class=\"fusion-background-highlight\"><span class=\"menu-text\">Wooden pergola Saint-Martin-d\u2019H\u00e8res<\/span><\/a><\/li><li  id=\"menu-item-7367\"  class=\"menu-item menu-item-type-post_type menu-item-object-page menu-item-7367\"  data-item-id=\"7367\"><span class=\"background-default transition-fade\"><\/span><span class=\"background-active transition-fade\"><\/span><a  href=\"https:\/\/www.deco-charpente.fr\/en\/nos-abris-dans-vos-villes\/pergola-en-bois-saint-priest\/\" class=\"fusion-background-highlight\"><span class=\"menu-text\">Saint-Priest wooden pergola<\/span><\/a><\/li><li  id=\"menu-item-7369\"  class=\"menu-item menu-item-type-post_type menu-item-object-page menu-item-7369\"  data-item-id=\"7369\"><span class=\"background-default transition-fade\"><\/span><span class=\"background-active transition-fade\"><\/span><a  href=\"https:\/\/www.deco-charpente.fr\/en\/nos-abris-dans-vos-villes\/pergola-en-bois-uzes\/\" class=\"fusion-background-highlight\"><span class=\"menu-text\">Wooden pergola Uz\u00e8s<\/span><\/a><\/li><li  id=\"menu-item-7370\"  class=\"menu-item menu-item-type-post_type menu-item-object-page menu-item-7370\"  data-item-id=\"7370\"><span class=\"background-default transition-fade\"><\/span><span class=\"background-active transition-fade\"><\/span><a  href=\"https:\/\/www.deco-charpente.fr\/en\/nos-abris-dans-vos-villes\/pergola-en-bois-valence\/\" class=\"fusion-background-highlight\"><span class=\"menu-text\">Wooden pergola Valencia<\/span><\/a><\/li><li  id=\"menu-item-7371\"  class=\"menu-item menu-item-type-post_type menu-item-object-page menu-item-7371\"  data-item-id=\"7371\"><span class=\"background-default transition-fade\"><\/span><span class=\"background-active transition-fade\"><\/span><a  href=\"https:\/\/www.deco-charpente.fr\/en\/nos-abris-dans-vos-villes\/pergola-en-bois-villeneuve-les-avignon\/\" class=\"fusion-background-highlight\"><span class=\"menu-text\">Wooden pergola Villeneuve-l\u00e8s-Avignon<\/span><\/a><\/li><li  id=\"menu-item-7372\"  class=\"menu-item menu-item-type-post_type menu-item-object-page menu-item-7372\"  data-item-id=\"7372\"><span class=\"background-default transition-fade\"><\/span><span class=\"background-active transition-fade\"><\/span><a  href=\"https:\/\/www.deco-charpente.fr\/en\/nos-abris-dans-vos-villes\/pergola-en-bois-voiron\/\" class=\"fusion-background-highlight\"><span class=\"menu-text\">Wooden pergola Voiron<\/span><\/a><\/li><li  id=\"menu-item-7373\"  class=\"menu-item menu-item-type-post_type menu-item-object-page menu-item-7373\"  data-item-id=\"7373\"><span class=\"background-default transition-fade\"><\/span><span class=\"background-active transition-fade\"><\/span><a  href=\"https:\/\/www.deco-charpente.fr\/en\/nos-abris-dans-vos-villes\/pool-house-en-bois-aix-en-provence\/\" class=\"fusion-background-highlight\"><span class=\"menu-text\">Wooden Pool House Aix en Provence<\/span><\/a><\/li><li  id=\"menu-item-7374\"  class=\"menu-item menu-item-type-post_type menu-item-object-page menu-item-7374\"  data-item-id=\"7374\"><span class=\"background-default transition-fade\"><\/span><span class=\"background-active transition-fade\"><\/span><a  href=\"https:\/\/www.deco-charpente.fr\/en\/nos-abris-dans-vos-villes\/pool-house-en-bois-antibes\/\" class=\"fusion-background-highlight\"><span class=\"menu-text\">Wooden Pool House Antibes<\/span><\/a><\/li><li  id=\"menu-item-7375\"  class=\"menu-item menu-item-type-post_type menu-item-object-page menu-item-7375\"  data-item-id=\"7375\"><span class=\"background-default transition-fade\"><\/span><span class=\"background-active transition-fade\"><\/span><a  href=\"https:\/\/www.deco-charpente.fr\/en\/nos-abris-dans-vos-villes\/pool-house-en-bois-arles\/\" class=\"fusion-background-highlight\"><span class=\"menu-text\">Wooden Pool House Arles<\/span><\/a><\/li><li  id=\"menu-item-7376\"  class=\"menu-item menu-item-type-post_type menu-item-object-page menu-item-7376\"  data-item-id=\"7376\"><span class=\"background-default transition-fade\"><\/span><span class=\"background-active transition-fade\"><\/span><a  href=\"https:\/\/www.deco-charpente.fr\/en\/nos-abris-dans-vos-villes\/pool-house-en-bois-avignon\/\" class=\"fusion-background-highlight\"><span class=\"menu-text\">Wooden Pool House Avignon<\/span><\/a><\/li><li  id=\"menu-item-7377\"  class=\"menu-item menu-item-type-post_type menu-item-object-page menu-item-7377\"  data-item-id=\"7377\"><span class=\"background-default transition-fade\"><\/span><span class=\"background-active transition-fade\"><\/span><a  href=\"https:\/\/www.deco-charpente.fr\/en\/nos-abris-dans-vos-villes\/pool-house-en-bois-barjac\/\" class=\"fusion-background-highlight\"><span class=\"menu-text\">Barjac Wooden Pool House<\/span><\/a><\/li><li  id=\"menu-item-7378\"  class=\"menu-item menu-item-type-post_type menu-item-object-page menu-item-7378\"  data-item-id=\"7378\"><span class=\"background-default transition-fade\"><\/span><span class=\"background-active transition-fade\"><\/span><a  href=\"https:\/\/www.deco-charpente.fr\/en\/nos-abris-dans-vos-villes\/pool-house-en-bois-cannes\/\" class=\"fusion-background-highlight\"><span class=\"menu-text\">Wooden Pool House Cannes<\/span><\/a><\/li><li  id=\"menu-item-7379\"  class=\"menu-item menu-item-type-post_type menu-item-object-page menu-item-7379\"  data-item-id=\"7379\"><span class=\"background-default transition-fade\"><\/span><span class=\"background-active transition-fade\"><\/span><a  href=\"https:\/\/www.deco-charpente.fr\/en\/nos-abris-dans-vos-villes\/pool-house-en-bois-carpentras\/\" class=\"fusion-background-highlight\"><span class=\"menu-text\">Wooden Pool House Carpentras<\/span><\/a><\/li><li  id=\"menu-item-7380\"  class=\"menu-item menu-item-type-post_type menu-item-object-page menu-item-7380\"  data-item-id=\"7380\"><span class=\"background-default transition-fade\"><\/span><span class=\"background-active transition-fade\"><\/span><a  href=\"https:\/\/www.deco-charpente.fr\/en\/nos-abris-dans-vos-villes\/pool-house-en-bois-fontaine\/\" class=\"fusion-background-highlight\"><span class=\"menu-text\">Fountain Wooden Pool House<\/span><\/a><\/li><li  id=\"menu-item-7381\"  class=\"menu-item menu-item-type-post_type menu-item-object-page menu-item-7381\"  data-item-id=\"7381\"><span class=\"background-default transition-fade\"><\/span><span class=\"background-active transition-fade\"><\/span><a  href=\"https:\/\/www.deco-charpente.fr\/en\/nos-abris-dans-vos-villes\/pool-house-en-bois-frejus\/\" class=\"fusion-background-highlight\"><span class=\"menu-text\">Wooden Pool House Fr\u00e9jus<\/span><\/a><\/li><li  id=\"menu-item-7382\"  class=\"menu-item menu-item-type-post_type menu-item-object-page menu-item-7382\"  data-item-id=\"7382\"><span class=\"background-default transition-fade\"><\/span><span class=\"background-active transition-fade\"><\/span><a  href=\"https:\/\/www.deco-charpente.fr\/en\/nos-abris-dans-vos-villes\/pool-house-en-bois-grenoble\/\" class=\"fusion-background-highlight\"><span class=\"menu-text\">Wooden Pool House Grenoble<\/span><\/a><\/li><li  id=\"menu-item-7383\"  class=\"menu-item menu-item-type-post_type menu-item-object-page menu-item-7383\"  data-item-id=\"7383\"><span class=\"background-default transition-fade\"><\/span><span class=\"background-active transition-fade\"><\/span><a  href=\"https:\/\/www.deco-charpente.fr\/en\/nos-abris-dans-vos-villes\/pool-house-en-bois-hyeres\/\" class=\"fusion-background-highlight\"><span class=\"menu-text\">Wooden Pool House Hy\u00e8res<\/span><\/a><\/li><li  id=\"menu-item-7384\"  class=\"menu-item menu-item-type-post_type menu-item-object-page menu-item-7384\"  data-item-id=\"7384\"><span class=\"background-default transition-fade\"><\/span><span class=\"background-active transition-fade\"><\/span><a  href=\"https:\/\/www.deco-charpente.fr\/en\/nos-abris-dans-vos-villes\/pool-house-en-bois-lyon\/\" class=\"fusion-background-highlight\"><span class=\"menu-text\">Wooden Pool House Lyon<\/span><\/a><\/li><li  id=\"menu-item-7385\"  class=\"menu-item menu-item-type-post_type menu-item-object-page menu-item-7385\"  data-item-id=\"7385\"><span class=\"background-default transition-fade\"><\/span><span class=\"background-active transition-fade\"><\/span><a  href=\"https:\/\/www.deco-charpente.fr\/en\/nos-abris-dans-vos-villes\/pool-house-en-bois-marseille\/\" class=\"fusion-background-highlight\"><span class=\"menu-text\">Wooden Pool House Marseille<\/span><\/a><\/li><li  id=\"menu-item-7386\"  class=\"menu-item menu-item-type-post_type menu-item-object-page menu-item-7386\"  data-item-id=\"7386\"><span class=\"background-default transition-fade\"><\/span><span class=\"background-active transition-fade\"><\/span><a  href=\"https:\/\/www.deco-charpente.fr\/en\/nos-abris-dans-vos-villes\/pool-house-en-bois-montelimar\/\" class=\"fusion-background-highlight\"><span class=\"menu-text\">Wooden Pool House Mont\u00e9limar<\/span><\/a><\/li><li  id=\"menu-item-7387\"  class=\"menu-item menu-item-type-post_type menu-item-object-page menu-item-7387\"  data-item-id=\"7387\"><span class=\"background-default transition-fade\"><\/span><span class=\"background-active transition-fade\"><\/span><a  href=\"https:\/\/www.deco-charpente.fr\/en\/nos-abris-dans-vos-villes\/pool-house-en-bois-nice\/\" class=\"fusion-background-highlight\"><span class=\"menu-text\">Wooden Pool House Nice<\/span><\/a><\/li><li  id=\"menu-item-7388\"  class=\"menu-item menu-item-type-post_type menu-item-object-page menu-item-7388\"  data-item-id=\"7388\"><span class=\"background-default transition-fade\"><\/span><span class=\"background-active transition-fade\"><\/span><a  href=\"https:\/\/www.deco-charpente.fr\/en\/nos-abris-dans-vos-villes\/pool-house-en-bois-orange\/\" class=\"fusion-background-highlight\"><span class=\"menu-text\">Orange Wooden Pool House<\/span><\/a><\/li><li  id=\"menu-item-7389\"  class=\"menu-item menu-item-type-post_type menu-item-object-page menu-item-7389\"  data-item-id=\"7389\"><span class=\"background-default transition-fade\"><\/span><span class=\"background-active transition-fade\"><\/span><a  href=\"https:\/\/www.deco-charpente.fr\/en\/nos-abris-dans-vos-villes\/pool-house-en-bois-romans-sur-isere\/\" class=\"fusion-background-highlight\"><span class=\"menu-text\">Wooden Pool House Romans sur Is\u00e8re<\/span><\/a><\/li><li  id=\"menu-item-7391\"  class=\"menu-item menu-item-type-post_type menu-item-object-page menu-item-7391\"  data-item-id=\"7391\"><span class=\"background-default transition-fade\"><\/span><span class=\"background-active transition-fade\"><\/span><a  href=\"https:\/\/www.deco-charpente.fr\/en\/nos-abris-dans-vos-villes\/pool-house-en-bois-uzes\/\" class=\"fusion-background-highlight\"><span class=\"menu-text\">Wooden Pool House Uz\u00e8s<\/span><\/a><\/li><li  id=\"menu-item-7392\"  class=\"menu-item menu-item-type-post_type menu-item-object-page menu-item-7392\"  data-item-id=\"7392\"><span class=\"background-default transition-fade\"><\/span><span class=\"background-active transition-fade\"><\/span><a  href=\"https:\/\/www.deco-charpente.fr\/en\/nos-abris-dans-vos-villes\/pool-house-en-bois-valence\/\" class=\"fusion-background-highlight\"><span class=\"menu-text\">Wooden Pool House Valencia<\/span><\/a><\/li><li  id=\"menu-item-7393\"  class=\"menu-item menu-item-type-post_type menu-item-object-page menu-item-7393\"  data-item-id=\"7393\"><span class=\"background-default transition-fade\"><\/span><span class=\"background-active transition-fade\"><\/span><a  href=\"https:\/\/www.deco-charpente.fr\/en\/nos-abris-dans-vos-villes\/pool-house-en-bois-venissieux\/\" class=\"fusion-background-highlight\"><span class=\"menu-text\">Pool House in V\u00e9nissieux Wood<\/span><\/a><\/li><li  id=\"menu-item-7394\"  class=\"menu-item menu-item-type-post_type menu-item-object-page menu-item-7394\"  data-item-id=\"7394\"><span class=\"background-default transition-fade\"><\/span><span class=\"background-active transition-fade\"><\/span><a  href=\"https:\/\/www.deco-charpente.fr\/en\/nos-abris-dans-vos-villes\/pool-house-en-bois-vienne\/\" class=\"fusion-background-highlight\"><span class=\"menu-text\">Wooden Pool House Vienna<\/span><\/a><\/li><li  id=\"menu-item-7395\"  class=\"menu-item menu-item-type-post_type menu-item-object-page menu-item-7395\"  data-item-id=\"7395\"><span class=\"background-default transition-fade\"><\/span><span class=\"background-active transition-fade\"><\/span><a  href=\"https:\/\/www.deco-charpente.fr\/en\/nos-abris-dans-vos-villes\/pool-house-en-bois-villeneve-les-avignon\/\" class=\"fusion-background-highlight\"><span class=\"menu-text\">Wooden Pool House Villeneuve l\u00e8s Avignon<\/span><\/a><\/li><li  id=\"menu-item-7396\"  class=\"menu-item menu-item-type-post_type menu-item-object-page menu-item-7396\"  data-item-id=\"7396\"><span class=\"background-default transition-fade\"><\/span><span class=\"background-active transition-fade\"><\/span><a  href=\"https:\/\/www.deco-charpente.fr\/en\/nos-abris-dans-vos-villes\/pool-house-en-bois-villeurbanne\/\" class=\"fusion-background-highlight\"><span class=\"menu-text\">Wooden Pool House Villeurbanne<\/span><\/a><\/li><li  id=\"menu-item-7343\"  class=\"menu-item menu-item-type-post_type menu-item-object-page menu-item-7343\"  data-item-id=\"7343\"><span class=\"background-default transition-fade\"><\/span><span class=\"background-active transition-fade\"><\/span><a  href=\"https:\/\/www.deco-charpente.fr\/en\/nos-abris-dans-vos-villes\/kiosque-en-bois-toulon\/\" class=\"fusion-background-highlight\"><span class=\"menu-text\">Wooden kiosk Toulon<\/span><\/a><\/li><li  id=\"menu-item-7368\"  class=\"menu-item menu-item-type-post_type menu-item-object-page menu-item-7368\"  data-item-id=\"7368\"><span class=\"background-default transition-fade\"><\/span><span class=\"background-active transition-fade\"><\/span><a  href=\"https:\/\/www.deco-charpente.fr\/en\/nos-abris-dans-vos-villes\/pergola-en-bois-toulon\/\" class=\"fusion-background-highlight\"><span class=\"menu-text\">Wooden pergola Toulon<\/span><\/a><\/li><li  id=\"menu-item-7390\"  class=\"menu-item menu-item-type-post_type menu-item-object-page menu-item-7390\"  data-item-id=\"7390\"><span class=\"background-default transition-fade\"><\/span><span class=\"background-active transition-fade\"><\/span><a  href=\"https:\/\/www.deco-charpente.fr\/en\/nos-abris-dans-vos-villes\/pool-house-en-bois-toulon\/\" class=\"fusion-background-highlight\"><span class=\"menu-text\">Wooden Pool House Toulon<\/span><\/a><\/li><li  id=\"menu-item-7296\"  class=\"menu-item menu-item-type-post_type menu-item-object-page menu-item-7296\"  data-item-id=\"7296\"><span class=\"background-default transition-fade\"><\/span><span class=\"background-active transition-fade\"><\/span><a  href=\"https:\/\/www.deco-charpente.fr\/en\/nos-abris-dans-vos-villes\/auvent-en-bois-toulon\/\" class=\"fusion-background-highlight\"><span class=\"menu-text\">Wooden Awning Toulon<\/span><\/a><\/li><li  id=\"menu-item-7319\"  class=\"menu-item menu-item-type-post_type menu-item-object-page menu-item-7319\"  data-item-id=\"7319\"><span class=\"background-default transition-fade\"><\/span><span class=\"background-active transition-fade\"><\/span><a  href=\"https:\/\/www.deco-charpente.fr\/en\/nos-abris-dans-vos-villes\/carport-en-bois-toulon\/\" class=\"fusion-background-highlight\"><span class=\"menu-text\">Wooden carport Toulon<\/span><\/a><\/li><li  id=\"menu-item-7920\"  class=\"menu-item menu-item-type-post_type menu-item-object-page menu-item-7920\"  data-item-id=\"7920\"><span class=\"background-default transition-fade\"><\/span><span class=\"background-active transition-fade\"><\/span><a  href=\"https:\/\/www.deco-charpente.fr\/en\/nos-abris-dans-vos-villes\/var\/pergola-bois-frejus\/\" class=\"fusion-background-highlight\"><span class=\"menu-text\">Wooden pergola Fr\u00e9jus<\/span><\/a><\/li><li  id=\"menu-item-7921\"  class=\"menu-item menu-item-type-post_type menu-item-object-page menu-item-7921\"  data-item-id=\"7921\"><span class=\"background-default transition-fade\"><\/span><span class=\"background-active transition-fade\"><\/span><a  href=\"https:\/\/www.deco-charpente.fr\/en\/nos-abris-dans-vos-villes\/bouches-du-rhone\/carport-en-bois-le-tholonet\/\" class=\"fusion-background-highlight\"><span class=\"menu-text\">Wooden carport Le Tholonet<\/span><\/a><\/li><li  id=\"menu-item-7922\"  class=\"menu-item menu-item-type-post_type menu-item-object-page menu-item-7922\"  data-item-id=\"7922\"><span class=\"background-default transition-fade\"><\/span><span class=\"background-active transition-fade\"><\/span><a  href=\"https:\/\/www.deco-charpente.fr\/en\/nos-abris-dans-vos-villes\/bouches-du-rhone\/pool-house-en-bois-a-puyricard\/\" class=\"fusion-background-highlight\"><span class=\"menu-text\">Wooden Pool House in Puyricard<\/span><\/a><\/li><li  id=\"menu-item-7946\"  class=\"menu-item menu-item-type-post_type menu-item-object-page menu-item-7946\"  data-item-id=\"7946\"><span class=\"background-default transition-fade\"><\/span><span class=\"background-active transition-fade\"><\/span><a  href=\"https:\/\/www.deco-charpente.fr\/en\/nos-abris-dans-vos-villes\/var\/pool-house-en-bois-la-valette-du-var\/\" class=\"fusion-background-highlight\"><span class=\"menu-text\">Wooden Pool House in La Valette du Var<\/span><\/a><\/li><li  id=\"menu-item-7947\"  class=\"menu-item menu-item-type-post_type menu-item-object-page menu-item-7947\"  data-item-id=\"7947\"><span class=\"background-default transition-fade\"><\/span><span class=\"background-active transition-fade\"><\/span><a  href=\"https:\/\/www.deco-charpente.fr\/en\/nos-abris-dans-vos-villes\/var\/carport-en-bois-la-seyne-sur-mer\/\" class=\"fusion-background-highlight\"><span class=\"menu-text\">Wooden carport La Seyne sur Mer<\/span><\/a><\/li><li  id=\"menu-item-7972\"  class=\"menu-item menu-item-type-post_type menu-item-object-page menu-item-7972\"  data-item-id=\"7972\"><span class=\"background-default transition-fade\"><\/span><span class=\"background-active transition-fade\"><\/span><a  href=\"https:\/\/www.deco-charpente.fr\/en\/nos-abris-dans-vos-villes\/alpes-maritimes\/pool-house-en-bois-a-grasse\/\" class=\"fusion-background-highlight\"><span class=\"menu-text\">Wooden Pool House in Grasse<\/span><\/a><\/li><li  id=\"menu-item-7973\"  class=\"menu-item menu-item-type-post_type menu-item-object-page menu-item-7973\"  data-item-id=\"7973\"><span class=\"background-default transition-fade\"><\/span><span class=\"background-active transition-fade\"><\/span><a  href=\"https:\/\/www.deco-charpente.fr\/en\/nos-abris-dans-vos-villes\/alpes-maritimes\/abri-voiture-bois-cannes\/\" class=\"fusion-background-highlight\"><span class=\"menu-text\">Wooden carport Cannes<\/span><\/a><\/li><li  id=\"menu-item-7974\"  class=\"menu-item menu-item-type-post_type menu-item-object-page menu-item-7974\"  data-item-id=\"7974\"><span class=\"background-default transition-fade\"><\/span><span class=\"background-active transition-fade\"><\/span><a  href=\"https:\/\/www.deco-charpente.fr\/en\/nos-abris-dans-vos-villes\/alpes-maritimes\/pergola-en-bois-nice\/\" class=\"fusion-background-highlight\"><span class=\"menu-text\">Nice wooden pergola<\/span><\/a><\/li><li  id=\"menu-item-7975\"  class=\"menu-item menu-item-type-post_type menu-item-object-page menu-item-7975\"  data-item-id=\"7975\"><span class=\"background-default transition-fade\"><\/span><span class=\"background-active transition-fade\"><\/span><a  href=\"https:\/\/www.deco-charpente.fr\/en\/nos-abris-dans-vos-villes\/vaucluse\/pergola-en-bois-bollene\/\" class=\"fusion-background-highlight\"><span class=\"menu-text\">Boll\u00e8ne wooden pergola<\/span><\/a><\/li><li  id=\"menu-item-7976\"  class=\"menu-item menu-item-type-post_type menu-item-object-page menu-item-7976\"  data-item-id=\"7976\"><span class=\"background-default transition-fade\"><\/span><span class=\"background-active transition-fade\"><\/span><a  href=\"https:\/\/www.deco-charpente.fr\/en\/nos-abris-dans-vos-villes\/vaucluse\/carport-en-bois-cavaillon\/\" class=\"fusion-background-highlight\"><span class=\"menu-text\">Cavaillon wooden carport<\/span><\/a><\/li><li  id=\"menu-item-7977\"  class=\"menu-item menu-item-type-post_type menu-item-object-page menu-item-7977\"  data-item-id=\"7977\"><span class=\"background-default transition-fade\"><\/span><span class=\"background-active transition-fade\"><\/span><a  href=\"https:\/\/www.deco-charpente.fr\/en\/nos-abris-dans-vos-villes\/vaucluse\/pool-house-en-bois-a-apt\/\" class=\"fusion-background-highlight\"><span class=\"menu-text\">Wooden Pool House in Apt<\/span><\/a><\/li><li  id=\"menu-item-7978\"  class=\"menu-item menu-item-type-post_type menu-item-object-page menu-item-7978\"  data-item-id=\"7978\"><span class=\"background-default transition-fade\"><\/span><span class=\"background-active transition-fade\"><\/span><a  href=\"https:\/\/www.deco-charpente.fr\/en\/nos-abris-dans-vos-villes\/bouches-du-rhone\/pergola-en-bois-eguilles\/\" class=\"fusion-background-highlight\"><span class=\"menu-text\">Wooden pergola \u00c9guilles<\/span><\/a><\/li><li  id=\"menu-item-9430\"  class=\"menu-item menu-item-type-post_type menu-item-object-page menu-item-9430\"  data-item-id=\"9430\"><span class=\"background-default transition-fade\"><\/span><span class=\"background-active transition-fade\"><\/span><a  href=\"https:\/\/www.deco-charpente.fr\/en\/nos-abris-dans-vos-villes\/auvent-en-bois-lunel\/\" class=\"fusion-background-highlight\"><span class=\"menu-text\">Lunel Wooden Awning<\/span><\/a><\/li><li  id=\"menu-item-9431\"  class=\"menu-item menu-item-type-post_type menu-item-object-page menu-item-9431\"  data-item-id=\"9431\"><span class=\"background-default transition-fade\"><\/span><span class=\"background-active transition-fade\"><\/span><a  href=\"https:\/\/www.deco-charpente.fr\/en\/nos-abris-dans-vos-villes\/auvent-en-bois-perols\/\" class=\"fusion-background-highlight\"><span class=\"menu-text\">P\u00e9rols Wooden Awning<\/span><\/a><\/li><li  id=\"menu-item-9432\"  class=\"menu-item menu-item-type-post_type menu-item-object-page menu-item-9432\"  data-item-id=\"9432\"><span class=\"background-default transition-fade\"><\/span><span class=\"background-active transition-fade\"><\/span><a  href=\"https:\/\/www.deco-charpente.fr\/en\/nos-abris-dans-vos-villes\/appentis-en-bois-le-cres\/\" class=\"fusion-background-highlight\"><span class=\"menu-text\">Wooden lean-to Le Cr\u00e8s<\/span><\/a><\/li><li  id=\"menu-item-9433\"  class=\"menu-item menu-item-type-post_type menu-item-object-page menu-item-9433\"  data-item-id=\"9433\"><span class=\"background-default transition-fade\"><\/span><span class=\"background-active transition-fade\"><\/span><a  href=\"https:\/\/www.deco-charpente.fr\/en\/nos-abris-dans-vos-villes\/auvent-en-bois-poussan\/\" class=\"fusion-background-highlight\"><span class=\"menu-text\">Poussan Wooden Awning<\/span><\/a><\/li><li  id=\"menu-item-9434\"  class=\"menu-item menu-item-type-post_type menu-item-object-page menu-item-9434\"  data-item-id=\"9434\"><span class=\"background-default transition-fade\"><\/span><span class=\"background-active transition-fade\"><\/span><a  href=\"https:\/\/www.deco-charpente.fr\/en\/nos-abris-dans-vos-villes\/appentis-en-bois-clermont-l-herault\/\" class=\"fusion-background-highlight\"><span class=\"menu-text\">Wooden lean-to Clermont-l\u2019H\u00e9rault<\/span><\/a><\/li><li  id=\"menu-item-9435\"  class=\"menu-item menu-item-type-post_type menu-item-object-page menu-item-9435\"  data-item-id=\"9435\"><span class=\"background-default transition-fade\"><\/span><span class=\"background-active transition-fade\"><\/span><a  href=\"https:\/\/www.deco-charpente.fr\/en\/nos-abris-dans-vos-villes\/appentis-en-bois-lunel\/\" class=\"fusion-background-highlight\"><span class=\"menu-text\">Lunel wooden lean-to<\/span><\/a><\/li><li  id=\"menu-item-9436\"  class=\"menu-item menu-item-type-post_type menu-item-object-page menu-item-9436\"  data-item-id=\"9436\"><span class=\"background-default transition-fade\"><\/span><span class=\"background-active transition-fade\"><\/span><a  href=\"https:\/\/www.deco-charpente.fr\/en\/nos-abris-dans-vos-villes\/pool-house-en-bois-le-cres\/\" class=\"fusion-background-highlight\"><span class=\"menu-text\">Wooden Pool House Le Cr\u00e8s<\/span><\/a><\/li><li  id=\"menu-item-9437\"  class=\"menu-item menu-item-type-post_type menu-item-object-page menu-item-9437\"  data-item-id=\"9437\"><span class=\"background-default transition-fade\"><\/span><span class=\"background-active transition-fade\"><\/span><a  href=\"https:\/\/www.deco-charpente.fr\/en\/nos-abris-dans-vos-villes\/kiosque-en-bois-jacou\/\" class=\"fusion-background-highlight\"><span class=\"menu-text\">Jacou wooden kiosk<\/span><\/a><\/li><li  id=\"menu-item-9438\"  class=\"menu-item menu-item-type-post_type menu-item-object-page menu-item-9438\"  data-item-id=\"9438\"><span class=\"background-default transition-fade\"><\/span><span class=\"background-active transition-fade\"><\/span><a  href=\"https:\/\/www.deco-charpente.fr\/en\/nos-abris-dans-vos-villes\/kiosque-en-bois-perols\/\" class=\"fusion-background-highlight\"><span class=\"menu-text\">P\u00e9rols wooden kiosk<\/span><\/a><\/li><li  id=\"menu-item-9439\"  class=\"menu-item menu-item-type-post_type menu-item-object-page menu-item-9439\"  data-item-id=\"9439\"><span class=\"background-default transition-fade\"><\/span><span class=\"background-active transition-fade\"><\/span><a  href=\"https:\/\/www.deco-charpente.fr\/en\/nos-abris-dans-vos-villes\/pool-house-en-bois-vendargues\/\" class=\"fusion-background-highlight\"><span class=\"menu-text\">Wooden Pool House Vendargues<\/span><\/a><\/li><li  id=\"menu-item-9440\"  class=\"menu-item menu-item-type-post_type menu-item-object-page menu-item-9440\"  data-item-id=\"9440\"><span class=\"background-default transition-fade\"><\/span><span class=\"background-active transition-fade\"><\/span><a  href=\"https:\/\/www.deco-charpente.fr\/en\/nos-abris-dans-vos-villes\/kiosque-en-bois-montpellier\/\" class=\"fusion-background-highlight\"><span class=\"menu-text\">Wooden kiosk Montpellier<\/span><\/a><\/li><li  id=\"menu-item-9441\"  class=\"menu-item menu-item-type-post_type menu-item-object-page menu-item-9441\"  data-item-id=\"9441\"><span class=\"background-default transition-fade\"><\/span><span class=\"background-active transition-fade\"><\/span><a  href=\"https:\/\/www.deco-charpente.fr\/en\/nos-abris-dans-vos-villes\/pergola-en-bois-baillargues\/\" class=\"fusion-background-highlight\"><span class=\"menu-text\">Baillargues wooden pergola<\/span><\/a><\/li><li  id=\"menu-item-9442\"  class=\"menu-item menu-item-type-post_type menu-item-object-page menu-item-9442\"  data-item-id=\"9442\"><span class=\"background-default transition-fade\"><\/span><span class=\"background-active transition-fade\"><\/span><a  href=\"https:\/\/www.deco-charpente.fr\/en\/nos-abris-dans-vos-villes\/pool-house-en-bois-pignan\/\" class=\"fusion-background-highlight\"><span class=\"menu-text\">Wooden Pool House Pignan<\/span><\/a><\/li><li  id=\"menu-item-9443\"  class=\"menu-item menu-item-type-post_type menu-item-object-page menu-item-9443\"  data-item-id=\"9443\"><span class=\"background-default transition-fade\"><\/span><span class=\"background-active transition-fade\"><\/span><a  href=\"https:\/\/www.deco-charpente.fr\/en\/nos-abris-dans-vos-villes\/pergola-en-bois-frontignan\/\" class=\"fusion-background-highlight\"><span class=\"menu-text\">Wooden pergola Frontignan<\/span><\/a><\/li><li  id=\"menu-item-9444\"  class=\"menu-item menu-item-type-post_type menu-item-object-page menu-item-9444\"  data-item-id=\"9444\"><span class=\"background-default transition-fade\"><\/span><span class=\"background-active transition-fade\"><\/span><a  href=\"https:\/\/www.deco-charpente.fr\/en\/nos-abris-dans-vos-villes\/carport-en-bois-jacou\/\" class=\"fusion-background-highlight\"><span class=\"menu-text\">Jacou wooden carport<\/span><\/a><\/li><li  id=\"menu-item-9445\"  class=\"menu-item menu-item-type-post_type menu-item-object-page menu-item-9445\"  data-item-id=\"9445\"><span class=\"background-default transition-fade\"><\/span><span class=\"background-active transition-fade\"><\/span><a  href=\"https:\/\/www.deco-charpente.fr\/en\/nos-abris-dans-vos-villes\/carport-en-bois-fabregues\/\" class=\"fusion-background-highlight\"><span class=\"menu-text\">Fabr\u00e8gues wooden carport<\/span><\/a><\/li><li  id=\"menu-item-9447\"  class=\"menu-item menu-item-type-post_type menu-item-object-page menu-item-9447\"  data-item-id=\"9447\"><span class=\"background-default transition-fade\"><\/span><span class=\"background-active transition-fade\"><\/span><a  href=\"https:\/\/www.deco-charpente.fr\/en\/nos-abris-dans-vos-villes\/carport-en-bois-saint-clement-de-riviere\/\" class=\"fusion-background-highlight\"><span class=\"menu-text\">Wooden carport Saint-Cl\u00e9ment-de-Rivi\u00e8re<\/span><\/a><\/li><li  id=\"menu-item-9448\"  class=\"menu-item menu-item-type-post_type menu-item-object-page menu-item-9448\"  data-item-id=\"9448\"><span class=\"background-default transition-fade\"><\/span><span class=\"background-active transition-fade\"><\/span><a  href=\"https:\/\/www.deco-charpente.fr\/en\/nos-abris-dans-vos-villes\/pergola-en-bois-sete\/\" class=\"fusion-background-highlight\"><span class=\"menu-text\">Wooden pergola S\u00e8te<\/span><\/a><\/li><li  id=\"menu-item-9689\"  class=\"menu-item menu-item-type-post_type menu-item-object-page menu-item-9689\"  data-item-id=\"9689\"><span class=\"background-default transition-fade\"><\/span><span class=\"background-active transition-fade\"><\/span><a  href=\"https:\/\/www.deco-charpente.fr\/en\/nos-abris-dans-vos-villes\/appentis-en-bois-bourgoin-jallieu\/\" class=\"fusion-background-highlight\"><span class=\"menu-text\">Wooden lean-to Bourgoin-Jallieu<\/span><\/a><\/li><li  id=\"menu-item-9690\"  class=\"menu-item menu-item-type-post_type menu-item-object-page menu-item-9690\"  data-item-id=\"9690\"><span class=\"background-default transition-fade\"><\/span><span class=\"background-active transition-fade\"><\/span><a  href=\"https:\/\/www.deco-charpente.fr\/en\/nos-abris-dans-vos-villes\/auvent-en-bois-sainte-foy-les-lyon\/\" class=\"fusion-background-highlight\"><span class=\"menu-text\">Wooden Awning Sainte-Foy-l\u00e8s-Lyon<\/span><\/a><\/li><li  id=\"menu-item-9691\"  class=\"menu-item menu-item-type-post_type menu-item-object-page menu-item-9691\"  data-item-id=\"9691\"><span class=\"background-default transition-fade\"><\/span><span class=\"background-active transition-fade\"><\/span><a  href=\"https:\/\/www.deco-charpente.fr\/en\/nos-abris-dans-vos-villes\/auvent-en-bois-francheville\/\" class=\"fusion-background-highlight\"><span class=\"menu-text\">Francheville Wooden Awning<\/span><\/a><\/li><li  id=\"menu-item-9692\"  class=\"menu-item menu-item-type-post_type menu-item-object-page menu-item-9692\"  data-item-id=\"9692\"><span class=\"background-default transition-fade\"><\/span><span class=\"background-active transition-fade\"><\/span><a  href=\"https:\/\/www.deco-charpente.fr\/en\/nos-abris-dans-vos-villes\/appentis-en-bois-limonest\/\" class=\"fusion-background-highlight\"><span class=\"menu-text\">Limonest wooden lean-to<\/span><\/a><\/li><li  id=\"menu-item-9693\"  class=\"menu-item menu-item-type-post_type menu-item-object-page menu-item-9693\"  data-item-id=\"9693\"><span class=\"background-default transition-fade\"><\/span><span class=\"background-active transition-fade\"><\/span><a  href=\"https:\/\/www.deco-charpente.fr\/en\/nos-abris-dans-vos-villes\/pool-house-en-bois-dardilly\/\" class=\"fusion-background-highlight\"><span class=\"menu-text\">Wooden Pool House Dardilly<\/span><\/a><\/li><li  id=\"menu-item-9694\"  class=\"menu-item menu-item-type-post_type menu-item-object-page menu-item-9694\"  data-item-id=\"9694\"><span class=\"background-default transition-fade\"><\/span><span class=\"background-active transition-fade\"><\/span><a  href=\"https:\/\/www.deco-charpente.fr\/en\/nos-abris-dans-vos-villes\/pool-house-en-bois-charbonnieres-les-bains\/\" class=\"fusion-background-highlight\"><span class=\"menu-text\">Wooden Pool House Charbonni\u00e8res-les-Bains<\/span><\/a><\/li><li  id=\"menu-item-9695\"  class=\"menu-item menu-item-type-post_type menu-item-object-page menu-item-9695\"  data-item-id=\"9695\"><span class=\"background-default transition-fade\"><\/span><span class=\"background-active transition-fade\"><\/span><a  href=\"https:\/\/www.deco-charpente.fr\/en\/nos-abris-dans-vos-villes\/appentis-en-bois-rillieux-la-pape\/\" class=\"fusion-background-highlight\"><span class=\"menu-text\">Wooden lean-to Rillieux La Pape<\/span><\/a><\/li><li  id=\"menu-item-9696\"  class=\"menu-item menu-item-type-post_type menu-item-object-page menu-item-9696\"  data-item-id=\"9696\"><span class=\"background-default transition-fade\"><\/span><span class=\"background-active transition-fade\"><\/span><a  href=\"https:\/\/www.deco-charpente.fr\/en\/nos-abris-dans-vos-villes\/kiosque-en-bois-craponne\/\" class=\"fusion-background-highlight\"><span class=\"menu-text\">Craponne wooden kiosk<\/span><\/a><\/li><li  id=\"menu-item-9697\"  class=\"menu-item menu-item-type-post_type menu-item-object-page menu-item-9697\"  data-item-id=\"9697\"><span class=\"background-default transition-fade\"><\/span><span class=\"background-active transition-fade\"><\/span><a  href=\"https:\/\/www.deco-charpente.fr\/en\/nos-abris-dans-vos-villes\/pool-house-en-bois-caluire-et-cuire\/\" class=\"fusion-background-highlight\"><span class=\"menu-text\">Wooden Pool House Caluire-et-Cuire<\/span><\/a><\/li><li  id=\"menu-item-9698\"  class=\"menu-item menu-item-type-post_type menu-item-object-page menu-item-9698\"  data-item-id=\"9698\"><span class=\"background-default transition-fade\"><\/span><span class=\"background-active transition-fade\"><\/span><a  href=\"https:\/\/www.deco-charpente.fr\/en\/nos-abris-dans-vos-villes\/kiosque-en-bois-tassin-la-demi-lune\/\" class=\"fusion-background-highlight\"><span class=\"menu-text\">Wooden kiosk Tassin-La-Demi-Lune<\/span><\/a><\/li><li  id=\"menu-item-9699\"  class=\"menu-item menu-item-type-post_type menu-item-object-page menu-item-9699\"  data-item-id=\"9699\"><span class=\"background-default transition-fade\"><\/span><span class=\"background-active transition-fade\"><\/span><a  href=\"https:\/\/www.deco-charpente.fr\/en\/nos-abris-dans-vos-villes\/chassieu\/\" class=\"fusion-background-highlight\"><span class=\"menu-text\">Chassieu wooden kiosk<\/span><\/a><\/li><li  id=\"menu-item-9700\"  class=\"menu-item menu-item-type-post_type menu-item-object-page menu-item-9700\"  data-item-id=\"9700\"><span class=\"background-default transition-fade\"><\/span><span class=\"background-active transition-fade\"><\/span><a  href=\"https:\/\/www.deco-charpente.fr\/en\/nos-abris-dans-vos-villes\/pergola-en-bois-trept\/\" class=\"fusion-background-highlight\"><span class=\"menu-text\">Trept wooden pergola<\/span><\/a><\/li><li  id=\"menu-item-9701\"  class=\"menu-item menu-item-type-post_type menu-item-object-page menu-item-9701\"  data-item-id=\"9701\"><span class=\"background-default transition-fade\"><\/span><span class=\"background-active transition-fade\"><\/span><a  href=\"https:\/\/www.deco-charpente.fr\/en\/nos-abris-dans-vos-villes\/carport-en-bois-roche\/\" class=\"fusion-background-highlight\"><span class=\"menu-text\">Roche wooden carport<\/span><\/a><\/li><li  id=\"menu-item-9702\"  class=\"menu-item menu-item-type-post_type menu-item-object-page menu-item-9702\"  data-item-id=\"9702\"><span class=\"background-default transition-fade\"><\/span><span class=\"background-active transition-fade\"><\/span><a  href=\"https:\/\/www.deco-charpente.fr\/en\/nos-abris-dans-vos-villes\/pergola-en-bois-jonage\/\" class=\"fusion-background-highlight\"><span class=\"menu-text\">Jonage wooden pergola<\/span><\/a><\/li><li  id=\"menu-item-9703\"  class=\"menu-item menu-item-type-post_type menu-item-object-page menu-item-9703\"  data-item-id=\"9703\"><span class=\"background-default transition-fade\"><\/span><span class=\"background-active transition-fade\"><\/span><a  href=\"https:\/\/www.deco-charpente.fr\/en\/nos-abris-dans-vos-villes\/pergola-en-bois-pusignan\/\" class=\"fusion-background-highlight\"><span class=\"menu-text\">Wooden pergola Pusignan<\/span><\/a><\/li><li  id=\"menu-item-9705\"  class=\"menu-item menu-item-type-post_type menu-item-object-page menu-item-9705\"  data-item-id=\"9705\"><span class=\"background-default transition-fade\"><\/span><span class=\"background-active transition-fade\"><\/span><a  href=\"https:\/\/www.deco-charpente.fr\/en\/nos-abris-dans-vos-villes\/carport-en-bois-toussieu\/\" class=\"fusion-background-highlight\"><span class=\"menu-text\">Toussieu wooden carport<\/span><\/a><\/li><li  id=\"menu-item-9706\"  class=\"menu-item menu-item-type-post_type menu-item-object-page menu-item-9706\"  data-item-id=\"9706\"><span class=\"background-default transition-fade\"><\/span><span class=\"background-active transition-fade\"><\/span><a  href=\"https:\/\/www.deco-charpente.fr\/en\/nos-abris-dans-vos-villes\/abri-voiture-bois-charly\/\" class=\"fusion-background-highlight\"><span class=\"menu-text\">Carport Bois Charly<\/span><\/a><\/li><li  id=\"menu-item-9707\"  class=\"menu-item menu-item-type-post_type menu-item-object-page menu-item-9707\"  data-item-id=\"9707\"><span class=\"background-default transition-fade\"><\/span><span class=\"background-active transition-fade\"><\/span><a  href=\"https:\/\/www.deco-charpente.fr\/en\/nos-abris-dans-vos-villes\/abri-voiture-bois-genay\/\" class=\"fusion-background-highlight\"><span class=\"menu-text\">Carport Bois Genay<\/span><\/a><\/li><li  id=\"menu-item-9708\"  class=\"menu-item menu-item-type-post_type menu-item-object-page menu-item-9708\"  data-item-id=\"9708\"><span class=\"background-default transition-fade\"><\/span><span class=\"background-active transition-fade\"><\/span><a  href=\"https:\/\/www.deco-charpente.fr\/en\/nos-abris-dans-vos-villes\/abri-voiture-bois-millery\/\" class=\"fusion-background-highlight\"><span class=\"menu-text\">Carport Bois Millery<\/span><\/a><\/li><li  id=\"menu-item-9709\"  class=\"menu-item menu-item-type-post_type menu-item-object-page menu-item-9709\"  data-item-id=\"9709\"><span class=\"background-default transition-fade\"><\/span><span class=\"background-active transition-fade\"><\/span><a  href=\"https:\/\/www.deco-charpente.fr\/en\/nos-abris-dans-vos-villes\/carport-en-bois-cailloux-sur-fontaines\/\" class=\"fusion-background-highlight\"><span class=\"menu-text\">Wooden carport Cailloux-sur-Fontaines<\/span><\/a><\/li><li  id=\"menu-item-9710\"  class=\"menu-item menu-item-type-post_type menu-item-object-page menu-item-9710\"  data-item-id=\"9710\"><span class=\"background-default transition-fade\"><\/span><span class=\"background-active transition-fade\"><\/span><a  href=\"https:\/\/www.deco-charpente.fr\/en\/nos-abris-dans-vos-villes\/auvent-en-bois-les-monts-dor\/\" class=\"fusion-background-highlight\"><span class=\"menu-text\">Wooden Awning Les Monts d\u2019Or<\/span><\/a><\/li><li  id=\"menu-item-10151\"  class=\"menu-item menu-item-type-post_type menu-item-object-page menu-item-10151\"  data-item-id=\"10151\"><span class=\"background-default transition-fade\"><\/span><span class=\"background-active transition-fade\"><\/span><a  href=\"https:\/\/www.deco-charpente.fr\/en\/nos-abris-dans-vos-villes\/pergola-en-bois-sur-mesure-a-colomiers\/\" class=\"fusion-background-highlight\"><span class=\"menu-text\">Custom wooden pergola in Colomiers<\/span><\/a><\/li><li  id=\"menu-item-10152\"  class=\"menu-item menu-item-type-post_type menu-item-object-page menu-item-10152\"  data-item-id=\"10152\"><span class=\"background-default transition-fade\"><\/span><span class=\"background-active transition-fade\"><\/span><a  href=\"https:\/\/www.deco-charpente.fr\/en\/nos-abris-dans-vos-villes\/pergola-en-bois-pres-de-toulouse-sur-mesure-garantie-10-ans\/\" class=\"fusion-background-highlight\"><span class=\"menu-text\">Wooden pergola near Toulouse \u2013 Custom-made \u2013 10-year guarantee<\/span><\/a><\/li><li  id=\"menu-item-10153\"  class=\"menu-item menu-item-type-post_type menu-item-object-page menu-item-10153\"  data-item-id=\"10153\"><span class=\"background-default transition-fade\"><\/span><span class=\"background-active transition-fade\"><\/span><a  href=\"https:\/\/www.deco-charpente.fr\/en\/nos-abris-dans-vos-villes\/abri-voiture-carport-en-bois-pres-de-toulouse\/\" class=\"fusion-background-highlight\"><span class=\"menu-text\">Carport and wooden Carport near Toulouse<\/span><\/a><\/li><li  id=\"menu-item-10159\"  class=\"menu-item menu-item-type-post_type menu-item-object-page menu-item-10159\"  data-item-id=\"10159\"><span class=\"background-default transition-fade\"><\/span><span class=\"background-active transition-fade\"><\/span><a  href=\"https:\/\/www.deco-charpente.fr\/en\/nos-abris-dans-vos-villes\/abri-voiture-et-carport-en-bois-a-tournefeuille\/\" class=\"fusion-background-highlight\"><span class=\"menu-text\">Carport and wooden Carport in Tournefeuille<\/span><\/a><\/li><li  id=\"menu-item-10178\"  class=\"menu-item menu-item-type-post_type menu-item-object-page menu-item-10178\"  data-item-id=\"10178\"><span class=\"background-default transition-fade\"><\/span><span class=\"background-active transition-fade\"><\/span><a  href=\"https:\/\/www.deco-charpente.fr\/en\/nos-abris-dans-vos-villes\/pool-house-sur-mesure-a-blagnac\/\" class=\"fusion-background-highlight\"><span class=\"menu-text\">Custom-made pool house in Blagnac<\/span><\/a><\/li><li  id=\"menu-item-10203\"  class=\"menu-item menu-item-type-post_type menu-item-object-page menu-item-10203\"  data-item-id=\"10203\"><span class=\"background-default transition-fade\"><\/span><span class=\"background-active transition-fade\"><\/span><a  href=\"https:\/\/www.deco-charpente.fr\/en\/nos-abris-dans-vos-villes\/kiosque-en-bois-a-muret\/\" class=\"fusion-background-highlight\"><span class=\"menu-text\">Wooden kiosk in Muret<\/span><\/a><\/li><li  id=\"menu-item-10204\"  class=\"menu-item menu-item-type-post_type menu-item-object-page menu-item-10204\"  data-item-id=\"10204\"><span class=\"background-default transition-fade\"><\/span><span class=\"background-active transition-fade\"><\/span><a  href=\"https:\/\/www.deco-charpente.fr\/en\/nos-abris-dans-vos-villes\/appentis-en-bois-a-cugnaux\/\" class=\"fusion-background-highlight\"><span class=\"menu-text\">Wooden lean-to in Cugnaux<\/span><\/a><\/li><li  id=\"menu-item-10207\"  class=\"menu-item menu-item-type-post_type menu-item-object-page menu-item-10207\"  data-item-id=\"10207\"><span class=\"background-default transition-fade\"><\/span><span class=\"background-active transition-fade\"><\/span><a  href=\"https:\/\/www.deco-charpente.fr\/en\/nos-abris-dans-vos-villes\/auvent-en-bois-a-plaisance-du-touch\/\" class=\"fusion-background-highlight\"><span class=\"menu-text\">Wooden awning in Plaisance-du-Touch<\/span><\/a><\/li><li  id=\"menu-item-10233\"  class=\"menu-item menu-item-type-post_type menu-item-object-page menu-item-10233\"  data-item-id=\"10233\"><span class=\"background-default transition-fade\"><\/span><span class=\"background-active transition-fade\"><\/span><a  href=\"https:\/\/www.deco-charpente.fr\/en\/nos-abris-dans-vos-villes\/pergola-en-bois-pres-de-bordeaux\/\" class=\"fusion-background-highlight\"><span class=\"menu-text\">Wooden pergola near Bordeaux<\/span><\/a><\/li><li  id=\"menu-item-10244\"  class=\"menu-item menu-item-type-post_type menu-item-object-page menu-item-10244\"  data-item-id=\"10244\"><span class=\"background-default transition-fade\"><\/span><span class=\"background-active transition-fade\"><\/span><a  href=\"https:\/\/www.deco-charpente.fr\/en\/nos-abris-dans-vos-villes\/pool-house-et-kiosques-sur-mesure-pres-de-bordeaux\/\" class=\"fusion-background-highlight\"><span class=\"menu-text\">Custom pool house and kiosk near Bordeaux<\/span><\/a><\/li><li  id=\"menu-item-10245\"  class=\"menu-item menu-item-type-post_type menu-item-object-page menu-item-10245\"  data-item-id=\"10245\"><span class=\"background-default transition-fade\"><\/span><span class=\"background-active transition-fade\"><\/span><a  href=\"https:\/\/www.deco-charpente.fr\/en\/nos-abris-dans-vos-villes\/appentis-et-auvent-en-bois-pres-de-bordeaux\/\" class=\"fusion-background-highlight\"><span class=\"menu-text\">Wooden lean-tos and awnings near Bordeaux<\/span><\/a><\/li><li  id=\"menu-item-10254\"  class=\"menu-item menu-item-type-post_type menu-item-object-page menu-item-10254\"  data-item-id=\"10254\"><span class=\"background-default transition-fade\"><\/span><span class=\"background-active transition-fade\"><\/span><a  href=\"https:\/\/www.deco-charpente.fr\/en\/nos-abris-dans-vos-villes\/appentis-et-auvent-en-bois-pres-de-toulouse\/\" class=\"fusion-background-highlight\"><span class=\"menu-text\">Wooden lean-tos and awnings near Toulouse<\/span><\/a><\/li><li  id=\"menu-item-10255\"  class=\"menu-item menu-item-type-post_type menu-item-object-page menu-item-10255\"  data-item-id=\"10255\"><span class=\"background-default transition-fade\"><\/span><span class=\"background-active transition-fade\"><\/span><a  href=\"https:\/\/www.deco-charpente.fr\/en\/nos-abris-dans-vos-villes\/abri-voiture-et-carport-en-bois-pres-de-bordeaux\/\" class=\"fusion-background-highlight\"><span class=\"menu-text\">Carport and wooden Carport near Bordeaux<\/span><\/a><\/li><li  id=\"menu-item-10257\"  class=\"menu-item menu-item-type-post_type menu-item-object-page menu-item-10257\"  data-item-id=\"10257\"><span class=\"background-default transition-fade\"><\/span><span class=\"background-active transition-fade\"><\/span><a  href=\"https:\/\/www.deco-charpente.fr\/en\/nos-abris-dans-vos-villes\/pool-house-et-kiosque-sur-mesure-pres-de-toulouse\/\" class=\"fusion-background-highlight\"><span class=\"menu-text\">Custom pool house and kiosk near Toulouse<\/span><\/a><\/li><li  id=\"menu-item-10325\"  class=\"menu-item menu-item-type-post_type menu-item-object-page menu-item-10325\"  data-item-id=\"10325\"><span class=\"background-default transition-fade\"><\/span><span class=\"background-active transition-fade\"><\/span><a  href=\"https:\/\/www.deco-charpente.fr\/en\/nos-abris-dans-vos-villes\/abri-voiture-et-carport-en-bois-pres-de-carcassonne\/\" class=\"fusion-background-highlight\"><span class=\"menu-text\">Carport and wooden Carport near Carcassonne<\/span><\/a><\/li><li  id=\"menu-item-10326\"  class=\"menu-item menu-item-type-post_type menu-item-object-page menu-item-10326\"  data-item-id=\"10326\"><span class=\"background-default transition-fade\"><\/span><span class=\"background-active transition-fade\"><\/span><a  href=\"https:\/\/www.deco-charpente.fr\/en\/nos-abris-dans-vos-villes\/pergola-en-bois-sur-mesure-pres-de-rodez\/\" class=\"fusion-background-highlight\"><span class=\"menu-text\">Custom wooden pergola near Rodez<\/span><\/a><\/li><li  id=\"menu-item-10327\"  class=\"menu-item menu-item-type-post_type menu-item-object-page menu-item-10327\"  data-item-id=\"10327\"><span class=\"background-default transition-fade\"><\/span><span class=\"background-active transition-fade\"><\/span><a  href=\"https:\/\/www.deco-charpente.fr\/en\/nos-abris-dans-vos-villes\/pergola-en-bois-sur-mesure-pres-de-carcassonne-11\/\" class=\"fusion-background-highlight\"><span class=\"menu-text\">Custom wooden pergola near Carcassonne<\/span><\/a><\/li><li  id=\"menu-item-10329\"  class=\"menu-item menu-item-type-post_type menu-item-object-page menu-item-10329\"  data-item-id=\"10329\"><span class=\"background-default transition-fade\"><\/span><span class=\"background-active transition-fade\"><\/span><a  href=\"https:\/\/www.deco-charpente.fr\/en\/nos-abris-dans-vos-villes\/pool-house-et-kiosque-sur-mesure-pres-de-carcassonne\/\" class=\"fusion-background-highlight\"><span class=\"menu-text\">Custom pool house and kiosk near Carcassonne<\/span><\/a><\/li><li  id=\"menu-item-10332\"  class=\"menu-item menu-item-type-post_type menu-item-object-page menu-item-10332\"  data-item-id=\"10332\"><span class=\"background-default transition-fade\"><\/span><span class=\"background-active transition-fade\"><\/span><a  href=\"https:\/\/www.deco-charpente.fr\/en\/nos-abris-dans-vos-villes\/appentis-et-auvent-en-bois-pres-de-carcassonne\/\" class=\"fusion-background-highlight\"><span class=\"menu-text\">Lean-tos and wooden awnings near Carcassonne<\/span><\/a><\/li><li  id=\"menu-item-10342\"  class=\"menu-item menu-item-type-post_type menu-item-object-page menu-item-10342\"  data-item-id=\"10342\"><span class=\"background-default transition-fade\"><\/span><span class=\"background-active transition-fade\"><\/span><a  href=\"https:\/\/www.deco-charpente.fr\/en\/nos-abris-dans-vos-villes\/appentis-et-auvent-en-bois-pres-de-rodez\/\" class=\"fusion-background-highlight\"><span class=\"menu-text\">Wooden lean-tos and awnings near Rodez<\/span><\/a><\/li><li  id=\"menu-item-10347\"  class=\"menu-item menu-item-type-post_type menu-item-object-page menu-item-10347\"  data-item-id=\"10347\"><span class=\"background-default transition-fade\"><\/span><span class=\"background-active transition-fade\"><\/span><a  href=\"https:\/\/www.deco-charpente.fr\/en\/nos-abris-dans-vos-villes\/pool-house-et-kiosque-sur-mesure-pres-de-rodez\/\" class=\"fusion-background-highlight\"><span class=\"menu-text\">Custom pool house and kiosk near Rodez<\/span><\/a><\/li><li  id=\"menu-item-10351\"  class=\"menu-item menu-item-type-post_type menu-item-object-page menu-item-10351\"  data-item-id=\"10351\"><span class=\"background-default transition-fade\"><\/span><span class=\"background-active transition-fade\"><\/span><a  href=\"https:\/\/www.deco-charpente.fr\/en\/nos-abris-dans-vos-villes\/abri-voiture-et-carport-en-bois-pres-de-rodez\/\" class=\"fusion-background-highlight\"><span class=\"menu-text\">Carport and wooden Carport near Rodez<\/span><\/a><\/li><li  id=\"menu-item-10356\"  class=\"menu-item menu-item-type-post_type menu-item-object-page menu-item-10356\"  data-item-id=\"10356\"><span class=\"background-default transition-fade\"><\/span><span class=\"background-active transition-fade\"><\/span><a  href=\"https:\/\/www.deco-charpente.fr\/en\/nos-abris-dans-vos-villes\/pool-house-et-kiosque-sur-mesure-pres-de-merignac\/\" class=\"fusion-background-highlight\"><span class=\"menu-text\">Custom pool house and kiosk near M\u00e9rignac<\/span><\/a><\/li><li  id=\"menu-item-10362\"  class=\"menu-item menu-item-type-post_type menu-item-object-page menu-item-10362\"  data-item-id=\"10362\"><span class=\"background-default transition-fade\"><\/span><span class=\"background-active transition-fade\"><\/span><a  href=\"https:\/\/www.deco-charpente.fr\/en\/nos-abris-dans-vos-villes\/pool-house-et-kiosque-sur-mesure-pres-de-cahors\/\" class=\"fusion-background-highlight\"><span class=\"menu-text\">Custom pool house and kiosk near Cahors<\/span><\/a><\/li><li  id=\"menu-item-10399\"  class=\"menu-item menu-item-type-post_type menu-item-object-page menu-item-10399\"  data-item-id=\"10399\"><span class=\"background-default transition-fade\"><\/span><span class=\"background-active transition-fade\"><\/span><a  href=\"https:\/\/www.deco-charpente.fr\/en\/nos-abris-dans-vos-villes\/abri-voiture-et-carport-en-bois-pres-de-istres\/\" class=\"fusion-background-highlight\"><span class=\"menu-text\">Carport and wooden Carport near Istres<\/span><\/a><\/li><li  id=\"menu-item-10400\"  class=\"menu-item menu-item-type-post_type menu-item-object-page menu-item-10400\"  data-item-id=\"10400\"><span class=\"background-default transition-fade\"><\/span><span class=\"background-active transition-fade\"><\/span><a  href=\"https:\/\/www.deco-charpente.fr\/en\/nos-abris-dans-vos-villes\/pool-house-et-kiosque-sur-mesure-pres-de-istres\/\" class=\"fusion-background-highlight\"><span class=\"menu-text\">Custom pool house and kiosk near Istres<\/span><\/a><\/li><li  id=\"menu-item-10401\"  class=\"menu-item menu-item-type-post_type menu-item-object-page menu-item-10401\"  data-item-id=\"10401\"><span class=\"background-default transition-fade\"><\/span><span class=\"background-active transition-fade\"><\/span><a  href=\"https:\/\/www.deco-charpente.fr\/en\/nos-abris-dans-vos-villes\/pool-house-et-kiosque-sur-mesure-a-rognes\/\" class=\"fusion-background-highlight\"><span class=\"menu-text\">Custom pool house and kiosk in Rognes<\/span><\/a><\/li><li  id=\"menu-item-10402\"  class=\"menu-item menu-item-type-post_type menu-item-object-page menu-item-10402\"  data-item-id=\"10402\"><span class=\"background-default transition-fade\"><\/span><span class=\"background-active transition-fade\"><\/span><a  href=\"https:\/\/www.deco-charpente.fr\/en\/nos-abris-dans-vos-villes\/pergola-en-bois-sur-mesure-a-rognes\/\" class=\"fusion-background-highlight\"><span class=\"menu-text\">Custom wooden pergola in Rognes<\/span><\/a><\/li><li  id=\"menu-item-10403\"  class=\"menu-item menu-item-type-post_type menu-item-object-page menu-item-10403\"  data-item-id=\"10403\"><span class=\"background-default transition-fade\"><\/span><span class=\"background-active transition-fade\"><\/span><a  href=\"https:\/\/www.deco-charpente.fr\/en\/nos-abris-dans-vos-villes\/appentis-et-auvent-en-bois-a-rognes\/\" class=\"fusion-background-highlight\"><span class=\"menu-text\">Wooden lean-tos and awnings in Rognes<\/span><\/a><\/li><li  id=\"menu-item-10404\"  class=\"menu-item menu-item-type-post_type menu-item-object-page menu-item-10404\"  data-item-id=\"10404\"><span class=\"background-default transition-fade\"><\/span><span class=\"background-active transition-fade\"><\/span><a  href=\"https:\/\/www.deco-charpente.fr\/en\/nos-abris-dans-vos-villes\/abri-voiture-en-bois-a-rognes\/\" class=\"fusion-background-highlight\"><span class=\"menu-text\">Wooden carport in Rognes<\/span><\/a><\/li><li  id=\"menu-item-10417\"  class=\"menu-item menu-item-type-post_type menu-item-object-page menu-item-10417\"  data-item-id=\"10417\"><span class=\"background-default transition-fade\"><\/span><span class=\"background-active transition-fade\"><\/span><a  href=\"https:\/\/www.deco-charpente.fr\/en\/nos-abris-dans-vos-villes\/pergola-en-bois-sur-mesure-a-istres\/\" class=\"fusion-background-highlight\"><span class=\"menu-text\">Custom-made wooden pergola in Istres<\/span><\/a><\/li><li  id=\"menu-item-10418\"  class=\"menu-item menu-item-type-post_type menu-item-object-page menu-item-10418\"  data-item-id=\"10418\"><span class=\"background-default transition-fade\"><\/span><span class=\"background-active transition-fade\"><\/span><a  href=\"https:\/\/www.deco-charpente.fr\/en\/nos-abris-dans-vos-villes\/appentis-et-auvent-en-bois-pres-de-istres\/\" class=\"fusion-background-highlight\"><span class=\"menu-text\">Wooden lean-tos and awnings near Istres<\/span><\/a><\/li><li  id=\"menu-item-10431\"  class=\"menu-item menu-item-type-post_type menu-item-object-page menu-item-10431\"  data-item-id=\"10431\"><span class=\"background-default transition-fade\"><\/span><span class=\"background-active transition-fade\"><\/span><a  href=\"https:\/\/www.deco-charpente.fr\/en\/nos-abris-dans-vos-villes\/abri-voiture-en-bois-a-cornillon-confoux\/\" class=\"fusion-background-highlight\"><span class=\"menu-text\">Wooden carport in Cornillon-Confoux<\/span><\/a><\/li><li  id=\"menu-item-10432\"  class=\"menu-item menu-item-type-post_type menu-item-object-page menu-item-10432\"  data-item-id=\"10432\"><span class=\"background-default transition-fade\"><\/span><span class=\"background-active transition-fade\"><\/span><a  href=\"https:\/\/www.deco-charpente.fr\/en\/nos-abris-dans-vos-villes\/pool-house-et-kiosque-sur-mesure-a-saint-chamas\/\" class=\"fusion-background-highlight\"><span class=\"menu-text\">Custom pool house and kiosk in Saint-Chamas<\/span><\/a><\/li><li  id=\"menu-item-10433\"  class=\"menu-item menu-item-type-post_type menu-item-object-page menu-item-10433\"  data-item-id=\"10433\"><span class=\"background-default transition-fade\"><\/span><span class=\"background-active transition-fade\"><\/span><a  href=\"https:\/\/www.deco-charpente.fr\/en\/nos-abris-dans-vos-villes\/appentis-et-auvent-en-bois-a-saint-chamas\/\" class=\"fusion-background-highlight\"><span class=\"menu-text\">Lean-tos and wooden awnings in Saint-Chamas<\/span><\/a><\/li><li  id=\"menu-item-10434\"  class=\"menu-item menu-item-type-post_type menu-item-object-page menu-item-10434\"  data-item-id=\"10434\"><span class=\"background-default transition-fade\"><\/span><span class=\"background-active transition-fade\"><\/span><a  href=\"https:\/\/www.deco-charpente.fr\/en\/nos-abris-dans-vos-villes\/abri-voiture-et-carport-en-bois-a-saint-chamas\/\" class=\"fusion-background-highlight\"><span class=\"menu-text\">Carport and wooden Carport in Saint-Chamas<\/span><\/a><\/li><li  id=\"menu-item-10435\"  class=\"menu-item menu-item-type-post_type menu-item-object-page menu-item-10435\"  data-item-id=\"10435\"><span class=\"background-default transition-fade\"><\/span><span class=\"background-active transition-fade\"><\/span><a  href=\"https:\/\/www.deco-charpente.fr\/en\/nos-abris-dans-vos-villes\/pergola-en-bois-sur-mesure-a-saint-chamas\/\" class=\"fusion-background-highlight\"><span class=\"menu-text\">Custom wooden pergola in Saint-Chamas<\/span><\/a><\/li><li  id=\"menu-item-10437\"  class=\"menu-item menu-item-type-post_type menu-item-object-page menu-item-10437\"  data-item-id=\"10437\"><span class=\"background-default transition-fade\"><\/span><span class=\"background-active transition-fade\"><\/span><a  href=\"https:\/\/www.deco-charpente.fr\/en\/nos-abris-dans-vos-villes\/appentis-et-auvent-en-bois-a-cornillon-confoux\/\" class=\"fusion-background-highlight\"><span class=\"menu-text\">Wooden lean-tos and awnings in Cornillon-Confoux<\/span><\/a><\/li><li  id=\"menu-item-10449\"  class=\"menu-item menu-item-type-post_type menu-item-object-page menu-item-10449\"  data-item-id=\"10449\"><span class=\"background-default transition-fade\"><\/span><span class=\"background-active transition-fade\"><\/span><a  href=\"https:\/\/www.deco-charpente.fr\/en\/nos-abris-dans-vos-villes\/pool-house-et-kiosque-sur-mesure-pres-de-greasque\/\" class=\"fusion-background-highlight\"><span class=\"menu-text\">Custom pool house and kiosk near Gr\u00e9asque<\/span><\/a><\/li><li  id=\"menu-item-10450\"  class=\"menu-item menu-item-type-post_type menu-item-object-page menu-item-10450\"  data-item-id=\"10450\"><span class=\"background-default transition-fade\"><\/span><span class=\"background-active transition-fade\"><\/span><a  href=\"https:\/\/www.deco-charpente.fr\/en\/nos-abris-dans-vos-villes\/abri-voiture-et-carport-en-bois-pres-de-greasque\/\" class=\"fusion-background-highlight\"><span class=\"menu-text\">Carport and wooden Carport near Gr\u00e9asque<\/span><\/a><\/li><li  id=\"menu-item-10451\"  class=\"menu-item menu-item-type-post_type menu-item-object-page menu-item-10451\"  data-item-id=\"10451\"><span class=\"background-default transition-fade\"><\/span><span class=\"background-active transition-fade\"><\/span><a  href=\"https:\/\/www.deco-charpente.fr\/en\/nos-abris-dans-vos-villes\/pergola-en-bois-sur-mesure-a-greasque\/\" class=\"fusion-background-highlight\"><span class=\"menu-text\">Custom wooden pergola in Gr\u00e9asque<\/span><\/a><\/li><li  id=\"menu-item-10452\"  class=\"menu-item menu-item-type-post_type menu-item-object-page menu-item-10452\"  data-item-id=\"10452\"><span class=\"background-default transition-fade\"><\/span><span class=\"background-active transition-fade\"><\/span><a  href=\"https:\/\/www.deco-charpente.fr\/en\/nos-abris-dans-vos-villes\/appentis-et-auvent-en-bois-pres-de-greasque\/\" class=\"fusion-background-highlight\"><span class=\"menu-text\">Lean-tos and wooden awnings near Gr\u00e9asque<\/span><\/a><\/li><li  id=\"menu-item-10470\"  class=\"menu-item menu-item-type-post_type menu-item-object-page menu-item-10470\"  data-item-id=\"10470\"><span class=\"background-default transition-fade\"><\/span><span class=\"background-active transition-fade\"><\/span><a  href=\"https:\/\/www.deco-charpente.fr\/en\/nos-abris-dans-vos-villes\/abri-voiture-et-carport-en-bois-pres-dallauch\/\" class=\"fusion-background-highlight\"><span class=\"menu-text\">Carport and wooden Carport near Allauch<\/span><\/a><\/li><li  id=\"menu-item-10471\"  class=\"menu-item menu-item-type-post_type menu-item-object-page menu-item-10471\"  data-item-id=\"10471\"><span class=\"background-default transition-fade\"><\/span><span class=\"background-active transition-fade\"><\/span><a  href=\"https:\/\/www.deco-charpente.fr\/en\/nos-abris-dans-vos-villes\/appentis-et-auvent-en-bois-pres-dallauch\/\" class=\"fusion-background-highlight\"><span class=\"menu-text\">Wooden lean-to and awning near Allauch<\/span><\/a><\/li><li  id=\"menu-item-10472\"  class=\"menu-item menu-item-type-post_type menu-item-object-page menu-item-10472\"  data-item-id=\"10472\"><span class=\"background-default transition-fade\"><\/span><span class=\"background-active transition-fade\"><\/span><a  href=\"https:\/\/www.deco-charpente.fr\/en\/nos-abris-dans-vos-villes\/pergola-en-bois-sur-mesure-a-allauch\/\" class=\"fusion-background-highlight\"><span class=\"menu-text\">Custom wooden pergola in Allauch<\/span><\/a><\/li><li  id=\"menu-item-10473\"  class=\"menu-item menu-item-type-post_type menu-item-object-page menu-item-10473\"  data-item-id=\"10473\"><span class=\"background-default transition-fade\"><\/span><span class=\"background-active transition-fade\"><\/span><a  href=\"https:\/\/www.deco-charpente.fr\/en\/nos-abris-dans-vos-villes\/pool-house-et-kiosque-sur-mesure-pres-de-allauch\/\" class=\"fusion-background-highlight\"><span class=\"menu-text\">Custom pool house and kiosk near Allauch<\/span><\/a><\/li><li  id=\"menu-item-10553\"  class=\"menu-item menu-item-type-post_type menu-item-object-page menu-item-10553\"  data-item-id=\"10553\"><span class=\"background-default transition-fade\"><\/span><span class=\"background-active transition-fade\"><\/span><a  href=\"https:\/\/www.deco-charpente.fr\/en\/nos-abris-dans-vos-villes\/pool-house-et-kiosque-sur-mesure-pres-de-narbonne\/\" class=\"fusion-background-highlight\"><span class=\"menu-text\">Custom pool house and kiosk near Narbonne<\/span><\/a><\/li><li  id=\"menu-item-10554\"  class=\"menu-item menu-item-type-post_type menu-item-object-page menu-item-10554\"  data-item-id=\"10554\"><span class=\"background-default transition-fade\"><\/span><span class=\"background-active transition-fade\"><\/span><a  href=\"https:\/\/www.deco-charpente.fr\/en\/nos-abris-dans-vos-villes\/appentis-et-auvent-en-bois-pres-de-narbonne\/\" class=\"fusion-background-highlight\"><span class=\"menu-text\">Lean-tos and wooden awnings near Narbonne<\/span><\/a><\/li><li  id=\"menu-item-10555\"  class=\"menu-item menu-item-type-post_type menu-item-object-page menu-item-10555\"  data-item-id=\"10555\"><span class=\"background-default transition-fade\"><\/span><span class=\"background-active transition-fade\"><\/span><a  href=\"https:\/\/www.deco-charpente.fr\/en\/nos-abris-dans-vos-villes\/abri-voiture-et-carport-en-bois-a-millau\/\" class=\"fusion-background-highlight\"><span class=\"menu-text\">Carport and wooden Carport in Millau<\/span><\/a><\/li><li  id=\"menu-item-10556\"  class=\"menu-item menu-item-type-post_type menu-item-object-page menu-item-10556\"  data-item-id=\"10556\"><span class=\"background-default transition-fade\"><\/span><span class=\"background-active transition-fade\"><\/span><a  href=\"https:\/\/www.deco-charpente.fr\/en\/nos-abris-dans-vos-villes\/pool-house-et-kiosque-sur-mesure-a-millau\/\" class=\"fusion-background-highlight\"><span class=\"menu-text\">Custom-made pool house and kiosk in Millau<\/span><\/a><\/li><li  id=\"menu-item-10557\"  class=\"menu-item menu-item-type-post_type menu-item-object-page menu-item-10557\"  data-item-id=\"10557\"><span class=\"background-default transition-fade\"><\/span><span class=\"background-active transition-fade\"><\/span><a  href=\"https:\/\/www.deco-charpente.fr\/en\/nos-abris-dans-vos-villes\/abri-voiture-et-carport-en-bois-pres-de-narbonne\/\" class=\"fusion-background-highlight\"><span class=\"menu-text\">Carport and wooden Carport near Narbonne<\/span><\/a><\/li><li  id=\"menu-item-10558\"  class=\"menu-item menu-item-type-post_type menu-item-object-page menu-item-10558\"  data-item-id=\"10558\"><span class=\"background-default transition-fade\"><\/span><span class=\"background-active transition-fade\"><\/span><a  href=\"https:\/\/www.deco-charpente.fr\/en\/nos-abris-dans-vos-villes\/appentis-et-auvent-en-bois-a-millau\/\" class=\"fusion-background-highlight\"><span class=\"menu-text\">Wooden lean-tos and awnings in Millau<\/span><\/a><\/li><li  id=\"menu-item-10559\"  class=\"menu-item menu-item-type-post_type menu-item-object-page menu-item-10559\"  data-item-id=\"10559\"><span class=\"background-default transition-fade\"><\/span><span class=\"background-active transition-fade\"><\/span><a  href=\"https:\/\/www.deco-charpente.fr\/en\/nos-abris-dans-vos-villes\/pergola-en-bois-sur-mesure-a-cornillon-confoux\/\" class=\"fusion-background-highlight\"><span class=\"menu-text\">Custom-made wooden pergola in Cornillon-Confoux<\/span><\/a><\/li><li  id=\"menu-item-10560\"  class=\"menu-item menu-item-type-post_type menu-item-object-page menu-item-10560\"  data-item-id=\"10560\"><span class=\"background-default transition-fade\"><\/span><span class=\"background-active transition-fade\"><\/span><a  href=\"https:\/\/www.deco-charpente.fr\/en\/nos-abris-dans-vos-villes\/abri-voiture-et-carport-en-bois-a-figeac\/\" class=\"fusion-background-highlight\"><span class=\"menu-text\">Carport and wooden Carport in Figeac<\/span><\/a><\/li><li  id=\"menu-item-10561\"  class=\"menu-item menu-item-type-post_type menu-item-object-page menu-item-10561\"  data-item-id=\"10561\"><span class=\"background-default transition-fade\"><\/span><span class=\"background-active transition-fade\"><\/span><a  href=\"https:\/\/www.deco-charpente.fr\/en\/nos-abris-dans-vos-villes\/pool-house-et-kiosque-sur-mesure-a-figeac\/\" class=\"fusion-background-highlight\"><span class=\"menu-text\">Custom-made pool house and kiosk in Figeac<\/span><\/a><\/li><li  id=\"menu-item-10562\"  class=\"menu-item menu-item-type-post_type menu-item-object-page menu-item-10562\"  data-item-id=\"10562\"><span class=\"background-default transition-fade\"><\/span><span class=\"background-active transition-fade\"><\/span><a  href=\"https:\/\/www.deco-charpente.fr\/en\/nos-abris-dans-vos-villes\/pergola-en-bois-sur-mesure-a-figeac\/\" class=\"fusion-background-highlight\"><span class=\"menu-text\">Custom wooden pergola in Figeac<\/span><\/a><\/li><li  id=\"menu-item-10563\"  class=\"menu-item menu-item-type-post_type menu-item-object-page menu-item-10563\"  data-item-id=\"10563\"><span class=\"background-default transition-fade\"><\/span><span class=\"background-active transition-fade\"><\/span><a  href=\"https:\/\/www.deco-charpente.fr\/en\/nos-abris-dans-vos-villes\/pergola-en-bois-sur-mesure-pres-de-narbonne\/\" class=\"fusion-background-highlight\"><span class=\"menu-text\">Custom wooden pergola near Narbonne<\/span><\/a><\/li><li  id=\"menu-item-10580\"  class=\"menu-item menu-item-type-post_type menu-item-object-page menu-item-10580\"  data-item-id=\"10580\"><span class=\"background-default transition-fade\"><\/span><span class=\"background-active transition-fade\"><\/span><a  href=\"https:\/\/www.deco-charpente.fr\/en\/nos-abris-dans-vos-villes\/pool-house-et-kiosque-sur-mesure-pres-de-colomiers\/\" class=\"fusion-background-highlight\"><span class=\"menu-text\">Custom pool house and kiosk near Colomiers<\/span><\/a><\/li><li  id=\"menu-item-10581\"  class=\"menu-item menu-item-type-post_type menu-item-object-page menu-item-10581\"  data-item-id=\"10581\"><span class=\"background-default transition-fade\"><\/span><span class=\"background-active transition-fade\"><\/span><a  href=\"https:\/\/www.deco-charpente.fr\/en\/nos-abris-dans-vos-villes\/appentis-et-auvent-en-bois-pres-de-colomiers\/\" class=\"fusion-background-highlight\"><span class=\"menu-text\">Wooden lean-tos and awnings near Colomiers<\/span><\/a><\/li><li  id=\"menu-item-10582\"  class=\"menu-item menu-item-type-post_type menu-item-object-page menu-item-10582\"  data-item-id=\"10582\"><span class=\"background-default transition-fade\"><\/span><span class=\"background-active transition-fade\"><\/span><a  href=\"https:\/\/www.deco-charpente.fr\/en\/nos-abris-dans-vos-villes\/appentis-et-auvent-en-bois-pres-de-cahors\/\" class=\"fusion-background-highlight\"><span class=\"menu-text\">Wooden lean-to and awning near Cahors<\/span><\/a><\/li><li  id=\"menu-item-10583\"  class=\"menu-item menu-item-type-post_type menu-item-object-page menu-item-10583\"  data-item-id=\"10583\"><span class=\"background-default transition-fade\"><\/span><span class=\"background-active transition-fade\"><\/span><a  href=\"https:\/\/www.deco-charpente.fr\/en\/nos-abris-dans-vos-villes\/pergola-en-bois-sur-mesure-pres-de-cahors\/\" class=\"fusion-background-highlight\"><span class=\"menu-text\">Custom wooden pergola near Cahors<\/span><\/a><\/li><li  id=\"menu-item-10584\"  class=\"menu-item menu-item-type-post_type menu-item-object-page menu-item-10584\"  data-item-id=\"10584\"><span class=\"background-default transition-fade\"><\/span><span class=\"background-active transition-fade\"><\/span><a  href=\"https:\/\/www.deco-charpente.fr\/en\/nos-abris-dans-vos-villes\/pergola-en-bois-sur-mesure-pres-de-millau\/\" class=\"fusion-background-highlight\"><span class=\"menu-text\">Custom-made wooden pergola near Millau<\/span><\/a><\/li><li  id=\"menu-item-10654\"  class=\"menu-item menu-item-type-post_type menu-item-object-page menu-item-10654\"  data-item-id=\"10654\"><span class=\"background-default transition-fade\"><\/span><span class=\"background-active transition-fade\"><\/span><a  href=\"https:\/\/www.deco-charpente.fr\/en\/nos-abris-dans-vos-villes\/abri-voiture-et-carport-en-bois-pres-d-ispagnac\/\" class=\"fusion-background-highlight\"><span class=\"menu-text\">Carport and wooden Carport near Ispagnac<\/span><\/a><\/li><li  id=\"menu-item-10655\"  class=\"menu-item menu-item-type-post_type menu-item-object-page menu-item-10655\"  data-item-id=\"10655\"><span class=\"background-default transition-fade\"><\/span><span class=\"background-active transition-fade\"><\/span><a  href=\"https:\/\/www.deco-charpente.fr\/en\/nos-abris-dans-vos-villes\/appentis-et-auvent-en-bois-pres-de-marvejols\/\" class=\"fusion-background-highlight\"><span class=\"menu-text\">Wooden lean-to and awning near Marvejols<\/span><\/a><\/li><li  id=\"menu-item-10656\"  class=\"menu-item menu-item-type-post_type menu-item-object-page menu-item-10656\"  data-item-id=\"10656\"><span class=\"background-default transition-fade\"><\/span><span class=\"background-active transition-fade\"><\/span><a  href=\"https:\/\/www.deco-charpente.fr\/en\/nos-abris-dans-vos-villes\/abri-voiture-et-carport-en-bois-pres-de-lavelanet\/\" class=\"fusion-background-highlight\"><span class=\"menu-text\">Carport and wooden Carport near Lavelanet<\/span><\/a><\/li><li  id=\"menu-item-10657\"  class=\"menu-item menu-item-type-post_type menu-item-object-page menu-item-10657\"  data-item-id=\"10657\"><span class=\"background-default transition-fade\"><\/span><span class=\"background-active transition-fade\"><\/span><a  href=\"https:\/\/www.deco-charpente.fr\/en\/nos-abris-dans-vos-villes\/pergola-en-bois-sur-mesure-pres-de-florac\/\" class=\"fusion-background-highlight\"><span class=\"menu-text\">Custom wooden pergola near Florac<\/span><\/a><\/li><li  id=\"menu-item-10658\"  class=\"menu-item menu-item-type-post_type menu-item-object-page menu-item-10658\"  data-item-id=\"10658\"><span class=\"background-default transition-fade\"><\/span><span class=\"background-active transition-fade\"><\/span><a  href=\"https:\/\/www.deco-charpente.fr\/en\/nos-abris-dans-vos-villes\/pergola-en-bois-sur-mesure-pres-de-pamiers\/\" class=\"fusion-background-highlight\"><span class=\"menu-text\">Custom wooden pergola near Pamiers<\/span><\/a><\/li><li  id=\"menu-item-10659\"  class=\"menu-item menu-item-type-post_type menu-item-object-page menu-item-10659\"  data-item-id=\"10659\"><span class=\"background-default transition-fade\"><\/span><span class=\"background-active transition-fade\"><\/span><a  href=\"https:\/\/www.deco-charpente.fr\/en\/nos-abris-dans-vos-villes\/pool-house-et-kiosque-sur-mesure-pres-de-mende\/\" class=\"fusion-background-highlight\"><span class=\"menu-text\">Custom pool house and kiosk near Mende<\/span><\/a><\/li><li  id=\"menu-item-10660\"  class=\"menu-item menu-item-type-post_type menu-item-object-page menu-item-10660\"  data-item-id=\"10660\"><span class=\"background-default transition-fade\"><\/span><span class=\"background-active transition-fade\"><\/span><a  href=\"https:\/\/www.deco-charpente.fr\/en\/nos-abris-dans-vos-villes\/appentis-et-auvent-en-bois-pres-de-saint-girons\/\" class=\"fusion-background-highlight\"><span class=\"menu-text\">Lean-tos and wooden awnings near Saint-Girons<\/span><\/a><\/li><li  id=\"menu-item-10661\"  class=\"menu-item menu-item-type-post_type menu-item-object-page menu-item-10661\"  data-item-id=\"10661\"><span class=\"background-default transition-fade\"><\/span><span class=\"background-active transition-fade\"><\/span><a  href=\"https:\/\/www.deco-charpente.fr\/en\/nos-abris-dans-vos-villes\/pool-house-et-kiosque-sur-mesure-pres-de-foix\/\" class=\"fusion-background-highlight\"><span class=\"menu-text\">Custom pool house and kiosk near Foix<\/span><\/a><\/li><li  id=\"menu-item-10667\"  class=\"menu-item menu-item-type-post_type menu-item-object-page menu-item-10667\"  data-item-id=\"10667\"><span class=\"background-default transition-fade\"><\/span><span class=\"background-active transition-fade\"><\/span><a  href=\"https:\/\/www.deco-charpente.fr\/en\/nos-abris-dans-vos-villes\/abri-voiture-et-carport-en-bois-pres-de-mazeres\/\" class=\"fusion-background-highlight\"><span class=\"menu-text\">Carport and wooden Carport near Maz\u00e8res<\/span><\/a><\/li><li  id=\"menu-item-10668\"  class=\"menu-item menu-item-type-post_type menu-item-object-page menu-item-10668\"  data-item-id=\"10668\"><span class=\"background-default transition-fade\"><\/span><span class=\"background-active transition-fade\"><\/span><a  href=\"https:\/\/www.deco-charpente.fr\/en\/nos-abris-dans-vos-villes\/pergola-en-bois-sur-mesure-pres-de-saverdun\/\" class=\"fusion-background-highlight\"><span class=\"menu-text\">Custom wooden pergola near Saverdun<\/span><\/a><\/li><li  id=\"menu-item-10672\"  class=\"menu-item menu-item-type-post_type menu-item-object-page menu-item-10672\"  data-item-id=\"10672\"><span class=\"background-default transition-fade\"><\/span><span class=\"background-active transition-fade\"><\/span><a  href=\"https:\/\/www.deco-charpente.fr\/en\/nos-abris-dans-vos-villes\/pool-house-et-kiosque-sur-mesure-pres-de-saint-chely-dapcher\/\" class=\"fusion-background-highlight\"><span class=\"menu-text\">Custom-made pool house and kiosk near Saint-Ch\u00e9ly-d\u2019Apcher<\/span><\/a><\/li><li  id=\"menu-item-10673\"  class=\"menu-item menu-item-type-post_type menu-item-object-page menu-item-10673\"  data-item-id=\"10673\"><span class=\"background-default transition-fade\"><\/span><span class=\"background-active transition-fade\"><\/span><a  href=\"https:\/\/www.deco-charpente.fr\/en\/nos-abris-dans-vos-villes\/abri-voiture-et-carport-en-bois-pres-de-langogne\/\" class=\"fusion-background-highlight\"><span class=\"menu-text\">Carport and wooden Carport near Langogne<\/span><\/a><\/li><li  id=\"menu-item-10686\"  class=\"menu-item menu-item-type-post_type menu-item-object-page menu-item-10686\"  data-item-id=\"10686\"><span class=\"background-default transition-fade\"><\/span><span class=\"background-active transition-fade\"><\/span><a  href=\"https:\/\/www.deco-charpente.fr\/en\/nos-abris-dans-vos-villes\/pool-house-et-kiosque-sur-mesure-pres-de-la-tour-du-crieu\/\" class=\"fusion-background-highlight\"><span class=\"menu-text\">Custom pool house and kiosk near La Tour-du-Crieu<\/span><\/a><\/li><li  id=\"menu-item-10687\"  class=\"menu-item menu-item-type-post_type menu-item-object-page menu-item-10687\"  data-item-id=\"10687\"><span class=\"background-default transition-fade\"><\/span><span class=\"background-active transition-fade\"><\/span><a  href=\"https:\/\/www.deco-charpente.fr\/en\/nos-abris-dans-vos-villes\/appentis-et-auvent-en-bois-pres-de-varilhes\/\" class=\"fusion-background-highlight\"><span class=\"menu-text\">Wooden lean-tos and awnings near Varilhes<\/span><\/a><\/li><li  id=\"menu-item-10688\"  class=\"menu-item menu-item-type-post_type menu-item-object-page menu-item-10688\"  data-item-id=\"10688\"><span class=\"background-default transition-fade\"><\/span><span class=\"background-active transition-fade\"><\/span><a  href=\"https:\/\/www.deco-charpente.fr\/en\/nos-abris-dans-vos-villes\/appentis-et-auvent-en-bois-pres-de-peyre-en-aubrac\/\" class=\"fusion-background-highlight\"><span class=\"menu-text\">Wooden lean-tos and awnings near Peyre en Aubrac<\/span><\/a><\/li><li  id=\"menu-item-10690\"  class=\"menu-item menu-item-type-post_type menu-item-object-page menu-item-10690\"  data-item-id=\"10690\"><span class=\"background-default transition-fade\"><\/span><span class=\"background-active transition-fade\"><\/span><a  href=\"https:\/\/www.deco-charpente.fr\/en\/nos-abris-dans-vos-villes\/pergola-en-bois-sur-mesure-pres-de-la-canourgue\/\" class=\"fusion-background-highlight\"><span class=\"menu-text\">Custom wooden pergola near La Canourgue<\/span><\/a><\/li><li  id=\"menu-item-10700\"  class=\"menu-item menu-item-type-post_type menu-item-object-page menu-item-10700\"  data-item-id=\"10700\"><span class=\"background-default transition-fade\"><\/span><span class=\"background-active transition-fade\"><\/span><a  href=\"https:\/\/www.deco-charpente.fr\/en\/nos-abris-dans-vos-villes\/pool-house-et-kiosque-sur-mesure-pres-de-fleurance\/\" class=\"fusion-background-highlight\"><span class=\"menu-text\">Custom pool house and kiosk near Fleurance<\/span><\/a><\/li><li  id=\"menu-item-10701\"  class=\"menu-item menu-item-type-post_type menu-item-object-page menu-item-10701\"  data-item-id=\"10701\"><span class=\"background-default transition-fade\"><\/span><span class=\"background-active transition-fade\"><\/span><a  href=\"https:\/\/www.deco-charpente.fr\/en\/nos-abris-dans-vos-villes\/appentis-et-auvent-en-bois-pres-de-condom\/\" class=\"fusion-background-highlight\"><span class=\"menu-text\">Lean-tos and wooden awnings near Condom<\/span><\/a><\/li><li  id=\"menu-item-10702\"  class=\"menu-item menu-item-type-post_type menu-item-object-page menu-item-10702\"  data-item-id=\"10702\"><span class=\"background-default transition-fade\"><\/span><span class=\"background-active transition-fade\"><\/span><a  href=\"https:\/\/www.deco-charpente.fr\/en\/nos-abris-dans-vos-villes\/pergola-en-bois-sur-mesure-pres-de-auch\/\" class=\"fusion-background-highlight\"><span class=\"menu-text\">Custom wooden pergola near Auch<\/span><\/a><\/li><li  id=\"menu-item-10709\"  class=\"menu-item menu-item-type-post_type menu-item-object-page menu-item-10709\"  data-item-id=\"10709\"><span class=\"background-default transition-fade\"><\/span><span class=\"background-active transition-fade\"><\/span><a  href=\"https:\/\/www.deco-charpente.fr\/en\/nos-abris-dans-vos-villes\/abri-voiture-et-carport-en-bois-pres-de-eauze\/\" class=\"fusion-background-highlight\"><span class=\"menu-text\">Carport and wooden Carport near Eauze<\/span><\/a><\/li><li  id=\"menu-item-10715\"  class=\"menu-item menu-item-type-post_type menu-item-object-page menu-item-10715\"  data-item-id=\"10715\"><span class=\"background-default transition-fade\"><\/span><span class=\"background-active transition-fade\"><\/span><a  href=\"https:\/\/www.deco-charpente.fr\/en\/nos-abris-dans-vos-villes\/abri-voiture-et-carport-en-bois-pres-de-lectoure\/\" class=\"fusion-background-highlight\"><span class=\"menu-text\">Carport and wooden Carport near Lectoure<\/span><\/a><\/li><li  id=\"menu-item-10721\"  class=\"menu-item menu-item-type-post_type menu-item-object-page menu-item-10721\"  data-item-id=\"10721\"><span class=\"background-default transition-fade\"><\/span><span class=\"background-active transition-fade\"><\/span><a  href=\"https:\/\/www.deco-charpente.fr\/en\/nos-abris-dans-vos-villes\/pergola-en-bois-sur-mesure-pres-de-gimont\/\" class=\"fusion-background-highlight\"><span class=\"menu-text\">Custom wooden pergola near Gimont<\/span><\/a><\/li><li  id=\"menu-item-10722\"  class=\"menu-item menu-item-type-post_type menu-item-object-page menu-item-10722\"  data-item-id=\"10722\"><span class=\"background-default transition-fade\"><\/span><span class=\"background-active transition-fade\"><\/span><a  href=\"https:\/\/www.deco-charpente.fr\/en\/nos-abris-dans-vos-villes\/appentis-et-auvent-en-bois-pres-de-vic-fezensac\/\" class=\"fusion-background-highlight\"><span class=\"menu-text\">Lean-tos and wooden awnings near Vic-Fezensac<\/span><\/a><\/li><li  id=\"menu-item-10723\"  class=\"menu-item menu-item-type-post_type menu-item-object-page menu-item-10723\"  data-item-id=\"10723\"><span class=\"background-default transition-fade\"><\/span><span class=\"background-active transition-fade\"><\/span><a  href=\"https:\/\/www.deco-charpente.fr\/en\/nos-abris-dans-vos-villes\/pool-house-et-kiosque-sur-mesure-pres-de-mirande\/\" class=\"fusion-background-highlight\"><span class=\"menu-text\">Custom pool house and kiosk near Mirande<\/span><\/a><\/li><li  id=\"menu-item-10759\"  class=\"menu-item menu-item-type-post_type menu-item-object-page menu-item-10759\"  data-item-id=\"10759\"><span class=\"background-default transition-fade\"><\/span><span class=\"background-active transition-fade\"><\/span><a  href=\"https:\/\/www.deco-charpente.fr\/en\/nos-abris-dans-vos-villes\/abris-voiture-en-bois-a-marmande\/\" class=\"fusion-background-highlight\"><span class=\"menu-text\">Wooden car shelter in Marmande<\/span><\/a><\/li><li  id=\"menu-item-10760\"  class=\"menu-item menu-item-type-post_type menu-item-object-page menu-item-10760\"  data-item-id=\"10760\"><span class=\"background-default transition-fade\"><\/span><span class=\"background-active transition-fade\"><\/span><a  href=\"https:\/\/www.deco-charpente.fr\/en\/nos-abris-dans-vos-villes\/abris-voiture-en-bois-a-agen\/\" class=\"fusion-background-highlight\"><span class=\"menu-text\">Wooden carport in Agen<\/span><\/a><\/li><li  id=\"menu-item-10761\"  class=\"menu-item menu-item-type-post_type menu-item-object-page menu-item-10761\"  data-item-id=\"10761\"><span class=\"background-default transition-fade\"><\/span><span class=\"background-active transition-fade\"><\/span><a  href=\"https:\/\/www.deco-charpente.fr\/en\/nos-abris-dans-vos-villes\/pool-house-et-kiosque-sur-mesure-pres-de-soyaux\/\" class=\"fusion-background-highlight\"><span class=\"menu-text\">Custom pool house and kiosk near Soyaux<\/span><\/a><\/li><li  id=\"menu-item-10762\"  class=\"menu-item menu-item-type-post_type menu-item-object-page menu-item-10762\"  data-item-id=\"10762\"><span class=\"background-default transition-fade\"><\/span><span class=\"background-active transition-fade\"><\/span><a  href=\"https:\/\/www.deco-charpente.fr\/en\/nos-abris-dans-vos-villes\/appentis-et-auvent-en-bois-pres-de-cognac\/\" class=\"fusion-background-highlight\"><span class=\"menu-text\">Wooden lean-to and awning near Cognac<\/span><\/a><\/li><li  id=\"menu-item-10763\"  class=\"menu-item menu-item-type-post_type menu-item-object-page menu-item-10763\"  data-item-id=\"10763\"><span class=\"background-default transition-fade\"><\/span><span class=\"background-active transition-fade\"><\/span><a  href=\"https:\/\/www.deco-charpente.fr\/en\/nos-abris-dans-vos-villes\/pergola-en-bois-sur-mesure-pres-d-angouleme\/\" class=\"fusion-background-highlight\"><span class=\"menu-text\">Custom wooden pergola near Angoul\u00eame<\/span><\/a><\/li><li  id=\"menu-item-10764\"  class=\"menu-item menu-item-type-post_type menu-item-object-page menu-item-10764\"  data-item-id=\"10764\"><span class=\"background-default transition-fade\"><\/span><span class=\"background-active transition-fade\"><\/span><a  href=\"https:\/\/www.deco-charpente.fr\/en\/nos-abris-dans-vos-villes\/pergola-en-bois-sur-mesure-pres-de-gimont\/\" class=\"fusion-background-highlight\"><span class=\"menu-text\">Custom wooden pergola near Gimont<\/span><\/a><\/li><li  id=\"menu-item-10783\"  class=\"menu-item menu-item-type-post_type menu-item-object-page menu-item-10783\"  data-item-id=\"10783\"><span class=\"background-default transition-fade\"><\/span><span class=\"background-active transition-fade\"><\/span><a  href=\"https:\/\/www.deco-charpente.fr\/en\/nos-abris-dans-vos-villes\/pergola-en-bois-sur-mesure-pres-de-ruelle-sur-touvre\/\" class=\"fusion-background-highlight\"><span class=\"menu-text\">Custom wooden pergola near Ruelle-sur-Touvre<\/span><\/a><\/li><li  id=\"menu-item-10784\"  class=\"menu-item menu-item-type-post_type menu-item-object-page menu-item-10784\"  data-item-id=\"10784\"><span class=\"background-default transition-fade\"><\/span><span class=\"background-active transition-fade\"><\/span><a  href=\"https:\/\/www.deco-charpente.fr\/en\/nos-abris-dans-vos-villes\/appentis-et-auvent-en-bois-pres-de-saint-yrieix-sur-charente\/\" class=\"fusion-background-highlight\"><span class=\"menu-text\">Lean-tos and wooden awnings near Saint-Yrieix-sur-Charente<\/span><\/a><\/li><li  id=\"menu-item-10785\"  class=\"menu-item menu-item-type-post_type menu-item-object-page menu-item-10785\"  data-item-id=\"10785\"><span class=\"background-default transition-fade\"><\/span><span class=\"background-active transition-fade\"><\/span><a  href=\"https:\/\/www.deco-charpente.fr\/en\/nos-abris-dans-vos-villes\/pool-house-et-kiosque-sur-mesure-pres-de-champniers\/\" class=\"fusion-background-highlight\"><span class=\"menu-text\">Custom pool house and kiosk near Champniers<\/span><\/a><\/li><li  id=\"menu-item-10786\"  class=\"menu-item menu-item-type-post_type menu-item-object-page menu-item-10786\"  data-item-id=\"10786\"><span class=\"background-default transition-fade\"><\/span><span class=\"background-active transition-fade\"><\/span><a  href=\"https:\/\/www.deco-charpente.fr\/en\/nos-abris-dans-vos-villes\/abri-voiture-et-carport-en-bois-pres-dangouleme\/\" class=\"fusion-background-highlight\"><span class=\"menu-text\">Carport and wooden Carport near Angoul\u00eame<\/span><\/a><\/li><li  id=\"menu-item-10787\"  class=\"menu-item menu-item-type-post_type menu-item-object-page menu-item-10787\"  data-item-id=\"10787\"><span class=\"background-default transition-fade\"><\/span><span class=\"background-active transition-fade\"><\/span><a  href=\"https:\/\/www.deco-charpente.fr\/en\/nos-abris-dans-vos-villes\/abri-voiture-et-carport-en-bois-pres-de-la-couronne\/\" class=\"fusion-background-highlight\"><span class=\"menu-text\">Carport and wooden Carport near La Couronne<\/span><\/a><\/li><li  id=\"menu-item-10801\"  class=\"menu-item menu-item-type-post_type menu-item-object-page menu-item-10801\"  data-item-id=\"10801\"><span class=\"background-default transition-fade\"><\/span><span class=\"background-active transition-fade\"><\/span><a  href=\"https:\/\/www.deco-charpente.fr\/en\/nos-abris-dans-vos-villes\/pool-house-et-kiosque-sur-mesure-pres-de-bon-encontre\/\" class=\"fusion-background-highlight\"><span class=\"menu-text\">Custom pool house and kiosk near Bon-Encontre<\/span><\/a><\/li><li  id=\"menu-item-10802\"  class=\"menu-item menu-item-type-post_type menu-item-object-page menu-item-10802\"  data-item-id=\"10802\"><span class=\"background-default transition-fade\"><\/span><span class=\"background-active transition-fade\"><\/span><a  href=\"https:\/\/www.deco-charpente.fr\/en\/nos-abris-dans-vos-villes\/pergola-en-bois-sur-mesure-pres-de-tonneins\/\" class=\"fusion-background-highlight\"><span class=\"menu-text\">Custom wooden pergola near Tonneins<\/span><\/a><\/li><li  id=\"menu-item-10803\"  class=\"menu-item menu-item-type-post_type menu-item-object-page menu-item-10803\"  data-item-id=\"10803\"><span class=\"background-default transition-fade\"><\/span><span class=\"background-active transition-fade\"><\/span><a  href=\"https:\/\/www.deco-charpente.fr\/en\/nos-abris-dans-vos-villes\/pool-house-et-kiosque-sur-mesure-pres-de-nerac\/\" class=\"fusion-background-highlight\"><span class=\"menu-text\">Custom-made pool house and kiosk near N\u00e9rac<\/span><\/a><\/li><li  id=\"menu-item-10811\"  class=\"menu-item menu-item-type-post_type menu-item-object-page menu-item-10811\"  data-item-id=\"10811\"><span class=\"background-default transition-fade\"><\/span><span class=\"background-active transition-fade\"><\/span><a  href=\"https:\/\/www.deco-charpente.fr\/en\/nos-abris-dans-vos-villes\/appentis-et-auvent-en-bois-pres-de-fumel\/\" class=\"fusion-background-highlight\"><span class=\"menu-text\">Wooden lean-tos and awnings near Fumel<\/span><\/a><\/li><li  id=\"menu-item-10812\"  class=\"menu-item menu-item-type-post_type menu-item-object-page menu-item-10812\"  data-item-id=\"10812\"><span class=\"background-default transition-fade\"><\/span><span class=\"background-active transition-fade\"><\/span><a  href=\"https:\/\/www.deco-charpente.fr\/en\/nos-abris-dans-vos-villes\/pergola-en-bois-sur-mesure-pres-de-boe\/\" class=\"fusion-background-highlight\"><span class=\"menu-text\">Custom wooden pergola near Bo\u00e9<\/span><\/a><\/li><li  id=\"menu-item-10813\"  class=\"menu-item menu-item-type-post_type menu-item-object-page menu-item-10813\"  data-item-id=\"10813\"><span class=\"background-default transition-fade\"><\/span><span class=\"background-active transition-fade\"><\/span><a  href=\"https:\/\/www.deco-charpente.fr\/en\/nos-abris-dans-vos-villes\/appentis-et-auvent-en-bois-pres-de-villeneuve-sur-lot\/\" class=\"fusion-background-highlight\"><span class=\"menu-text\">Lean-tos and wooden awnings near Villeneuve-sur-Lot<\/span><\/a><\/li><li  id=\"menu-item-10843\"  class=\"menu-item menu-item-type-post_type menu-item-object-page menu-item-10843\"  data-item-id=\"10843\"><span class=\"background-default transition-fade\"><\/span><span class=\"background-active transition-fade\"><\/span><a  href=\"https:\/\/www.deco-charpente.fr\/en\/nos-abris-dans-vos-villes\/pergola-en-bois-sur-mesure-pres-de-graulhet\/\" class=\"fusion-background-highlight\"><span class=\"menu-text\">Custom wooden pergola near Graulhet<\/span><\/a><\/li><li  id=\"menu-item-10844\"  class=\"menu-item menu-item-type-post_type menu-item-object-page menu-item-10844\"  data-item-id=\"10844\"><span class=\"background-default transition-fade\"><\/span><span class=\"background-active transition-fade\"><\/span><a  href=\"https:\/\/www.deco-charpente.fr\/en\/nos-abris-dans-vos-villes\/pergola-en-bois-sur-mesure-pres-de-gaillac\/\" class=\"fusion-background-highlight\"><span class=\"menu-text\">Custom wooden pergola near Gaillac<\/span><\/a><\/li><li  id=\"menu-item-10845\"  class=\"menu-item menu-item-type-post_type menu-item-object-page menu-item-10845\"  data-item-id=\"10845\"><span class=\"background-default transition-fade\"><\/span><span class=\"background-active transition-fade\"><\/span><a  href=\"https:\/\/www.deco-charpente.fr\/en\/nos-abris-dans-vos-villes\/pergola-en-bois-sur-mesure-pres-de-rochefort\/\" class=\"fusion-background-highlight\"><span class=\"menu-text\">Custom wooden pergola near Rochefort<\/span><\/a><\/li><li  id=\"menu-item-10846\"  class=\"menu-item menu-item-type-post_type menu-item-object-page menu-item-10846\"  data-item-id=\"10846\"><span class=\"background-default transition-fade\"><\/span><span class=\"background-active transition-fade\"><\/span><a  href=\"https:\/\/www.deco-charpente.fr\/en\/nos-abris-dans-vos-villes\/appentis-et-auvent-en-bois-pres-de-castres\/\" class=\"fusion-background-highlight\"><span class=\"menu-text\">Wooden lean-tos and awnings near Castres<\/span><\/a><\/li><li  id=\"menu-item-10847\"  class=\"menu-item menu-item-type-post_type menu-item-object-page menu-item-10847\"  data-item-id=\"10847\"><span class=\"background-default transition-fade\"><\/span><span class=\"background-active transition-fade\"><\/span><a  href=\"https:\/\/www.deco-charpente.fr\/en\/nos-abris-dans-vos-villes\/appentis-et-auvent-en-bois-pres-de-saintes\/\" class=\"fusion-background-highlight\"><span class=\"menu-text\">Wooden lean-to and awning near Saintes<\/span><\/a><\/li><li  id=\"menu-item-10848\"  class=\"menu-item menu-item-type-post_type menu-item-object-page menu-item-10848\"  data-item-id=\"10848\"><span class=\"background-default transition-fade\"><\/span><span class=\"background-active transition-fade\"><\/span><a  href=\"https:\/\/www.deco-charpente.fr\/en\/nos-abris-dans-vos-villes\/appentis-et-auvent-en-bois-pres-dalbi\/\" class=\"fusion-background-highlight\"><span class=\"menu-text\">Wooden lean-to and awning near Albi<\/span><\/a><\/li><li  id=\"menu-item-10879\"  class=\"menu-item menu-item-type-post_type menu-item-object-page menu-item-10879\"  data-item-id=\"10879\"><span class=\"background-default transition-fade\"><\/span><span class=\"background-active transition-fade\"><\/span><a  href=\"https:\/\/www.deco-charpente.fr\/en\/nos-abris-dans-vos-villes\/pool-house-et-kiosque-sur-mesure-pres-de-coulounieix-chamiers\/\" class=\"fusion-background-highlight\"><span class=\"menu-text\">Custom pool house and kiosk near Coulounieix-Chamiers<\/span><\/a><\/li><li  id=\"menu-item-10880\"  class=\"menu-item menu-item-type-post_type menu-item-object-page menu-item-10880\"  data-item-id=\"10880\"><span class=\"background-default transition-fade\"><\/span><span class=\"background-active transition-fade\"><\/span><a  href=\"https:\/\/www.deco-charpente.fr\/en\/nos-abris-dans-vos-villes\/abri-voiture-et-carport-en-bois-pres-de-sarlat\/\" class=\"fusion-background-highlight\"><span class=\"menu-text\">Carport and wooden Carport near Sarlat<\/span><\/a><\/li><li  id=\"menu-item-10881\"  class=\"menu-item menu-item-type-post_type menu-item-object-page menu-item-10881\"  data-item-id=\"10881\"><span class=\"background-default transition-fade\"><\/span><span class=\"background-active transition-fade\"><\/span><a  href=\"https:\/\/www.deco-charpente.fr\/en\/nos-abris-dans-vos-villes\/abri-voiture-et-carport-en-bois-pres-de-aytre\/\" class=\"fusion-background-highlight\"><span class=\"menu-text\">Carport and wooden Carport near Aytr\u00e9<\/span><\/a><\/li><li  id=\"menu-item-10882\"  class=\"menu-item menu-item-type-post_type menu-item-object-page menu-item-10882\"  data-item-id=\"10882\"><span class=\"background-default transition-fade\"><\/span><span class=\"background-active transition-fade\"><\/span><a  href=\"https:\/\/www.deco-charpente.fr\/en\/nos-abris-dans-vos-villes\/pool-house-et-kiosque-sur-mesure-pres-de-perigueux\/\" class=\"fusion-background-highlight\"><span class=\"menu-text\">Custom pool house and kiosk near P\u00e9rigueux<\/span><\/a><\/li><li  id=\"menu-item-10883\"  class=\"menu-item menu-item-type-post_type menu-item-object-page menu-item-10883\"  data-item-id=\"10883\"><span class=\"background-default transition-fade\"><\/span><span class=\"background-active transition-fade\"><\/span><a  href=\"https:\/\/www.deco-charpente.fr\/en\/nos-abris-dans-vos-villes\/abri-voiture-et-carport-en-bois-pres-de-perigueux\/\" class=\"fusion-background-highlight\"><span class=\"menu-text\">Carport and wooden Carport near P\u00e9rigueux<\/span><\/a><\/li><li  id=\"menu-item-10884\"  class=\"menu-item menu-item-type-post_type menu-item-object-page menu-item-10884\"  data-item-id=\"10884\"><span class=\"background-default transition-fade\"><\/span><span class=\"background-active transition-fade\"><\/span><a  href=\"https:\/\/www.deco-charpente.fr\/en\/nos-abris-dans-vos-villes\/abri-voiture-et-carport-en-bois-pres-de-la-rochelle\/\" class=\"fusion-background-highlight\"><span class=\"menu-text\">Carport and wooden Carport near La Rochelle<\/span><\/a><\/li><li  id=\"menu-item-10885\"  class=\"menu-item menu-item-type-post_type menu-item-object-page menu-item-10885\"  data-item-id=\"10885\"><span class=\"background-default transition-fade\"><\/span><span class=\"background-active transition-fade\"><\/span><a  href=\"https:\/\/www.deco-charpente.fr\/en\/nos-abris-dans-vos-villes\/pool-house-et-kiosque-sur-mesure-pres-de-lavaur\/\" class=\"fusion-background-highlight\"><span class=\"menu-text\">Custom pool house and kiosk near Lavaur<\/span><\/a><\/li><li  id=\"menu-item-10886\"  class=\"menu-item menu-item-type-post_type menu-item-object-page menu-item-10886\"  data-item-id=\"10886\"><span class=\"background-default transition-fade\"><\/span><span class=\"background-active transition-fade\"><\/span><a  href=\"https:\/\/www.deco-charpente.fr\/en\/nos-abris-dans-vos-villes\/pool-house-et-kiosque-sur-mesure-pres-de-royan\/\" class=\"fusion-background-highlight\"><span class=\"menu-text\">Custom pool house and kiosk near Royan<\/span><\/a><\/li><li  id=\"menu-item-10921\"  class=\"menu-item menu-item-type-post_type menu-item-object-page menu-item-10921\"  data-item-id=\"10921\"><span class=\"background-default transition-fade\"><\/span><span class=\"background-active transition-fade\"><\/span><a  href=\"https:\/\/www.deco-charpente.fr\/en\/nos-abris-dans-vos-villes\/abri-voiture-et-carport-en-bois-pres-de-castelsarrasin\/\" class=\"fusion-background-highlight\"><span class=\"menu-text\">Carport and wooden Carport near Castelsarrasin<\/span><\/a><\/li><li  id=\"menu-item-10922\"  class=\"menu-item menu-item-type-post_type menu-item-object-page menu-item-10922\"  data-item-id=\"10922\"><span class=\"background-default transition-fade\"><\/span><span class=\"background-active transition-fade\"><\/span><a  href=\"https:\/\/www.deco-charpente.fr\/en\/nos-abris-dans-vos-villes\/appentis-et-auvent-en-bois-pres-de-ussel\/\" class=\"fusion-background-highlight\"><span class=\"menu-text\">Wooden lean-tos and awnings near Ussel<\/span><\/a><\/li><li  id=\"menu-item-10923\"  class=\"menu-item menu-item-type-post_type menu-item-object-page menu-item-10923\"  data-item-id=\"10923\"><span class=\"background-default transition-fade\"><\/span><span class=\"background-active transition-fade\"><\/span><a  href=\"https:\/\/www.deco-charpente.fr\/en\/nos-abris-dans-vos-villes\/abri-voiture-et-carport-en-bois-pres-de-montauban\/\" class=\"fusion-background-highlight\"><span class=\"menu-text\">Carport and wooden Carport near Montauban<\/span><\/a><\/li><li  id=\"menu-item-10924\"  class=\"menu-item menu-item-type-post_type menu-item-object-page menu-item-10924\"  data-item-id=\"10924\"><span class=\"background-default transition-fade\"><\/span><span class=\"background-active transition-fade\"><\/span><a  href=\"https:\/\/www.deco-charpente.fr\/en\/nos-abris-dans-vos-villes\/abri-voiture-et-carport-en-bois-pres-de-tulle\/\" class=\"fusion-background-highlight\"><span class=\"menu-text\">Carport and wooden Carport near Tulle<\/span><\/a><\/li><li  id=\"menu-item-10925\"  class=\"menu-item menu-item-type-post_type menu-item-object-page menu-item-10925\"  data-item-id=\"10925\"><span class=\"background-default transition-fade\"><\/span><span class=\"background-active transition-fade\"><\/span><a  href=\"https:\/\/www.deco-charpente.fr\/en\/nos-abris-dans-vos-villes\/abri-voiture-et-carport-en-bois-pres-de-saint-sulpice-la-pointe\/\" class=\"fusion-background-highlight\"><span class=\"menu-text\">Carport and wooden Carport near Saint-Sulpice-la-Pointe<\/span><\/a><\/li><li  id=\"menu-item-10926\"  class=\"menu-item menu-item-type-post_type menu-item-object-page menu-item-10926\"  data-item-id=\"10926\"><span class=\"background-default transition-fade\"><\/span><span class=\"background-active transition-fade\"><\/span><a  href=\"https:\/\/www.deco-charpente.fr\/en\/nos-abris-dans-vos-villes\/pergola-en-bois-sur-mesure-pres-de-brive-la-gaillarde\/\" class=\"fusion-background-highlight\"><span class=\"menu-text\">Custom wooden pergola near Brive-la-Gaillarde<\/span><\/a><\/li><li  id=\"menu-item-10927\"  class=\"menu-item menu-item-type-post_type menu-item-object-page menu-item-10927\"  data-item-id=\"10927\"><span class=\"background-default transition-fade\"><\/span><span class=\"background-active transition-fade\"><\/span><a  href=\"https:\/\/www.deco-charpente.fr\/en\/nos-abris-dans-vos-villes\/pergola-en-bois-sur-mesure-pres-de-lagord\/\" class=\"fusion-background-highlight\"><span class=\"menu-text\">Custom wooden pergola near Lagord<\/span><\/a><\/li><li  id=\"menu-item-10928\"  class=\"menu-item menu-item-type-post_type menu-item-object-page menu-item-10928\"  data-item-id=\"10928\"><span class=\"background-default transition-fade\"><\/span><span class=\"background-active transition-fade\"><\/span><a  href=\"https:\/\/www.deco-charpente.fr\/en\/nos-abris-dans-vos-villes\/abri-voiture-et-carport-en-bois-pres-de-carmaux\/\" class=\"fusion-background-highlight\"><span class=\"menu-text\">Carport and wooden Carport near Carmaux<\/span><\/a><\/li><li  id=\"menu-item-10929\"  class=\"menu-item menu-item-type-post_type menu-item-object-page menu-item-10929\"  data-item-id=\"10929\"><span class=\"background-default transition-fade\"><\/span><span class=\"background-active transition-fade\"><\/span><a  href=\"https:\/\/www.deco-charpente.fr\/en\/nos-abris-dans-vos-villes\/appentis-et-auvent-en-bois-pres-de-tonnay-charente\/\" class=\"fusion-background-highlight\"><span class=\"menu-text\">Wooden lean-tos and awnings near Tonnay-Charente<\/span><\/a><\/li><li  id=\"menu-item-10930\"  class=\"menu-item menu-item-type-post_type menu-item-object-page menu-item-10930\"  data-item-id=\"10930\"><span class=\"background-default transition-fade\"><\/span><span class=\"background-active transition-fade\"><\/span><a  href=\"https:\/\/www.deco-charpente.fr\/en\/nos-abris-dans-vos-villes\/pool-house-et-kiosque-sur-mesure-pres-de-perigny\/\" class=\"fusion-background-highlight\"><span class=\"menu-text\">Custom pool house and kiosk near P\u00e9rigny<\/span><\/a><\/li><li  id=\"menu-item-10931\"  class=\"menu-item menu-item-type-post_type menu-item-object-page menu-item-10931\"  data-item-id=\"10931\"><span class=\"background-default transition-fade\"><\/span><span class=\"background-active transition-fade\"><\/span><a  href=\"https:\/\/www.deco-charpente.fr\/en\/nos-abris-dans-vos-villes\/pool-house-et-kiosque-sur-mesure-pres-de-mazamet\/\" class=\"fusion-background-highlight\"><span class=\"menu-text\">Custom pool house and kiosk near Mazamet<\/span><\/a><\/li><li  id=\"menu-item-11057\"  class=\"menu-item menu-item-type-post_type menu-item-object-page menu-item-11057\"  data-item-id=\"11057\"><span class=\"background-default transition-fade\"><\/span><span class=\"background-active transition-fade\"><\/span><a  href=\"https:\/\/www.deco-charpente.fr\/en\/nos-abris-dans-vos-villes\/pergola-en-bois-sur-mesure-pres-de-tarbes\/\" class=\"fusion-background-highlight\"><span class=\"menu-text\">Custom wooden pergola near Tarbes<\/span><\/a><\/li><li  id=\"menu-item-11058\"  class=\"menu-item menu-item-type-post_type menu-item-object-page menu-item-11058\"  data-item-id=\"11058\"><span class=\"background-default transition-fade\"><\/span><span class=\"background-active transition-fade\"><\/span><a  href=\"https:\/\/www.deco-charpente.fr\/en\/nos-abris-dans-vos-villes\/abri-voiture-et-carport-en-bois-pres-de-tarbes\/\" class=\"fusion-background-highlight\"><span class=\"menu-text\">Carport and wooden Carport near Tarbes<\/span><\/a><\/li><li  id=\"menu-item-11059\"  class=\"menu-item menu-item-type-post_type menu-item-object-page menu-item-11059\"  data-item-id=\"11059\"><span class=\"background-default transition-fade\"><\/span><span class=\"background-active transition-fade\"><\/span><a  href=\"https:\/\/www.deco-charpente.fr\/en\/nos-abris-dans-vos-villes\/appentis-et-auvent-en-bois-pres-de-mende\/\" class=\"fusion-background-highlight\"><span class=\"menu-text\">Wooden lean-tos and awnings near Mende<\/span><\/a><\/li><li  id=\"menu-item-11060\"  class=\"menu-item menu-item-type-post_type menu-item-object-page menu-item-11060\"  data-item-id=\"11060\"><span class=\"background-default transition-fade\"><\/span><span class=\"background-active transition-fade\"><\/span><a  href=\"https:\/\/www.deco-charpente.fr\/en\/nos-abris-dans-vos-villes\/pool-house-et-kiosque-sur-mesure-pres-de-tarbes\/\" class=\"fusion-background-highlight\"><span class=\"menu-text\">Custom pool house and kiosk near Tarbes<\/span><\/a><\/li><li  id=\"menu-item-11061\"  class=\"menu-item menu-item-type-post_type menu-item-object-page menu-item-11061\"  data-item-id=\"11061\"><span class=\"background-default transition-fade\"><\/span><span class=\"background-active transition-fade\"><\/span><a  href=\"https:\/\/www.deco-charpente.fr\/en\/nos-abris-dans-vos-villes\/abri-voiture-et-carport-en-bois-pres-de-mende\/\" class=\"fusion-background-highlight\"><span class=\"menu-text\">Carport and wooden Carport near Mende<\/span><\/a><\/li><li  id=\"menu-item-11062\"  class=\"menu-item menu-item-type-post_type menu-item-object-page menu-item-11062\"  data-item-id=\"11062\"><span class=\"background-default transition-fade\"><\/span><span class=\"background-active transition-fade\"><\/span><a  href=\"https:\/\/www.deco-charpente.fr\/en\/nos-abris-dans-vos-villes\/pergola-en-bois-sur-mesure-pres-de-mende\/\" class=\"fusion-background-highlight\"><span class=\"menu-text\">Custom wooden pergola near Mende<\/span><\/a><\/li><li  id=\"menu-item-11063\"  class=\"menu-item menu-item-type-post_type menu-item-object-page menu-item-11063\"  data-item-id=\"11063\"><span class=\"background-default transition-fade\"><\/span><span class=\"background-active transition-fade\"><\/span><a  href=\"https:\/\/www.deco-charpente.fr\/en\/nos-abris-dans-vos-villes\/appentis-et-auvent-en-bois-pres-de-tarbes\/\" class=\"fusion-background-highlight\"><span class=\"menu-text\">Lean-tos and wooden awnings near Tarbes<\/span><\/a><\/li><li  id=\"menu-item-11234\"  class=\"menu-item menu-item-type-post_type menu-item-object-page menu-item-11234\"  data-item-id=\"11234\"><span class=\"background-default transition-fade\"><\/span><span class=\"background-active transition-fade\"><\/span><a  href=\"https:\/\/www.deco-charpente.fr\/en\/nos-abris-dans-vos-villes\/abri-voiture-et-carport-en-bois-pres-dargeles-bagneres\/\" class=\"fusion-background-highlight\"><span class=\"menu-text\">Carport and wooden car shelter near Argel\u00e8s-Bagn\u00e8res<\/span><\/a><\/li><li  id=\"menu-item-11235\"  class=\"menu-item menu-item-type-post_type menu-item-object-page menu-item-11235\"  data-item-id=\"11235\"><span class=\"background-default transition-fade\"><\/span><span class=\"background-active transition-fade\"><\/span><a  href=\"https:\/\/www.deco-charpente.fr\/en\/nos-abris-dans-vos-villes\/pergola-en-bois-sur-mesure-pres-de-bagneres-de-bigorre\/\" class=\"fusion-background-highlight\"><span class=\"menu-text\">Custom-made wooden pergola near Bagn\u00e8res-de-Bigorre<\/span><\/a><\/li><li  id=\"menu-item-11248\"  class=\"menu-item menu-item-type-post_type menu-item-object-page menu-item-11248\"  data-item-id=\"11248\"><span class=\"background-default transition-fade\"><\/span><span class=\"background-active transition-fade\"><\/span><a  href=\"https:\/\/www.deco-charpente.fr\/en\/nos-abris-dans-vos-villes\/abri-voiture-et-carport-en-bois-pres-de-canet-en-roussillon\/\" class=\"fusion-background-highlight\"><span class=\"menu-text\">Wooden carport and car shelter near Canet-en-Roussillon<\/span><\/a><\/li><li  id=\"menu-item-11249\"  class=\"menu-item menu-item-type-post_type menu-item-object-page menu-item-11249\"  data-item-id=\"11249\"><span class=\"background-default transition-fade\"><\/span><span class=\"background-active transition-fade\"><\/span><a  href=\"https:\/\/www.deco-charpente.fr\/en\/nos-abris-dans-vos-villes\/appentis-et-auvent-en-bois-pres-de-canet-en-roussillon\/\" class=\"fusion-background-highlight\"><span class=\"menu-text\">Wooden shed and awning near Canet-en-Roussillon<\/span><\/a><\/li><li  id=\"menu-item-11250\"  class=\"menu-item menu-item-type-post_type menu-item-object-page menu-item-11250\"  data-item-id=\"11250\"><span class=\"background-default transition-fade\"><\/span><span class=\"background-active transition-fade\"><\/span><a  href=\"https:\/\/www.deco-charpente.fr\/en\/nos-abris-dans-vos-villes\/appentis-et-auvent-en-bois-pres-darreau\/\" class=\"fusion-background-highlight\"><span class=\"menu-text\">Wooden shed and awning near Arreau<\/span><\/a><\/li><li  id=\"menu-item-11251\"  class=\"menu-item menu-item-type-post_type menu-item-object-page menu-item-11251\"  data-item-id=\"11251\"><span class=\"background-default transition-fade\"><\/span><span class=\"background-active transition-fade\"><\/span><a  href=\"https:\/\/www.deco-charpente.fr\/en\/nos-abris-dans-vos-villes\/pool-house-et-kiosque-sur-mesure-pres-de-lourdes\/\" class=\"fusion-background-highlight\"><span class=\"menu-text\">Custom pool house and kiosk near Lourdes<\/span><\/a><\/li><li  id=\"menu-item-11936\"  class=\"menu-item menu-item-type-post_type menu-item-object-page menu-item-11936\"  data-item-id=\"11936\"><span class=\"background-default transition-fade\"><\/span><span class=\"background-active transition-fade\"><\/span><a  href=\"https:\/\/www.deco-charpente.fr\/en\/nos-abris-dans-vos-villes\/auvent-en-bois-sur-mesure-a-saint-jean-de-bournay\/\" class=\"fusion-background-highlight\"><span class=\"menu-text\">Auvent en bois sur mesure \u00e0 Saint-Jean-de-Bournay<\/span><\/a><\/li><li  id=\"menu-item-11937\"  class=\"menu-item menu-item-type-post_type menu-item-object-page menu-item-11937\"  data-item-id=\"11937\"><span class=\"background-default transition-fade\"><\/span><span class=\"background-active transition-fade\"><\/span><a  href=\"https:\/\/www.deco-charpente.fr\/en\/nos-abris-dans-vos-villes\/abri-voiture-en-bois-sur-mesure-a-saint-jean-de-bournay\/\" class=\"fusion-background-highlight\"><span class=\"menu-text\">Abri voiture en bois sur mesure \u00e0 Saint-Jean-de-Bournay<\/span><\/a><\/li><li  id=\"menu-item-11938\"  class=\"menu-item menu-item-type-post_type menu-item-object-page menu-item-11938\"  data-item-id=\"11938\"><span class=\"background-default transition-fade\"><\/span><span class=\"background-active transition-fade\"><\/span><a  href=\"https:\/\/www.deco-charpente.fr\/en\/nos-abris-dans-vos-villes\/pergola-en-bois-sur-mesure-a-saint-jean-de-bournay\/\" class=\"fusion-background-highlight\"><span class=\"menu-text\">Pergola en bois sur mesure \u00e0 Saint-Jean-de-Bournay<\/span><\/a><\/li><li  id=\"menu-item-11939\"  class=\"menu-item menu-item-type-post_type menu-item-object-page menu-item-11939\"  data-item-id=\"11939\"><span class=\"background-default transition-fade\"><\/span><span class=\"background-active transition-fade\"><\/span><a  href=\"https:\/\/www.deco-charpente.fr\/en\/nos-abris-dans-vos-villes\/pool-house-en-bois-a-saint-jean-de-bournay\/\" class=\"fusion-background-highlight\"><span class=\"menu-text\">Pool House en bois \u00e0 Saint-Jean-de-Bournay<\/span><\/a><\/li><li  id=\"menu-item-11940\"  class=\"menu-item menu-item-type-post_type menu-item-object-page menu-item-11940\"  data-item-id=\"11940\"><span class=\"background-default transition-fade\"><\/span><span class=\"background-active transition-fade\"><\/span><a  href=\"https:\/\/www.deco-charpente.fr\/en\/nos-abris-dans-vos-villes\/auvent-en-bois-sur-mesure-a-meyzieu\/\" class=\"fusion-background-highlight\"><span class=\"menu-text\">Auvent en bois sur mesure \u00e0 Meyzieu<\/span><\/a><\/li><li  id=\"menu-item-11941\"  class=\"menu-item menu-item-type-post_type menu-item-object-page menu-item-11941\"  data-item-id=\"11941\"><span class=\"background-default transition-fade\"><\/span><span class=\"background-active transition-fade\"><\/span><a  href=\"https:\/\/www.deco-charpente.fr\/en\/nos-abris-dans-vos-villes\/kiosque-en-bois-a-meyzieu\/\" class=\"fusion-background-highlight\"><span class=\"menu-text\">Kiosque en bois \u00e0 Meyzieu<\/span><\/a><\/li><li  id=\"menu-item-11942\"  class=\"menu-item menu-item-type-post_type menu-item-object-page menu-item-11942\"  data-item-id=\"11942\"><span class=\"background-default transition-fade\"><\/span><span class=\"background-active transition-fade\"><\/span><a  href=\"https:\/\/www.deco-charpente.fr\/en\/nos-abris-dans-vos-villes\/pergola-en-bois-sur-mesure-a-meyzieu\/\" class=\"fusion-background-highlight\"><span class=\"menu-text\">Pergola en bois sur mesure \u00e0 Meyzieu<\/span><\/a><\/li><li  id=\"menu-item-11943\"  class=\"menu-item menu-item-type-post_type menu-item-object-page menu-item-11943\"  data-item-id=\"11943\"><span class=\"background-default transition-fade\"><\/span><span class=\"background-active transition-fade\"><\/span><a  href=\"https:\/\/www.deco-charpente.fr\/en\/nos-abris-dans-vos-villes\/abri-voiture-en-bois-sur-mesure-a-meyzieu\/\" class=\"fusion-background-highlight\"><span class=\"menu-text\">Abri voiture en bois sur mesure \u00e0 Meyzieu<\/span><\/a><\/li><li  id=\"menu-item-11944\"  class=\"menu-item menu-item-type-post_type menu-item-object-page menu-item-11944\"  data-item-id=\"11944\"><span class=\"background-default transition-fade\"><\/span><span class=\"background-active transition-fade\"><\/span><a  href=\"https:\/\/www.deco-charpente.fr\/en\/nos-abris-dans-vos-villes\/kiosque-en-bois-sur-mesure-a-privas\/\" class=\"fusion-background-highlight\"><span class=\"menu-text\">Kiosque en bois sur mesure \u00e0 Privas<\/span><\/a><\/li><li  id=\"menu-item-11945\"  class=\"menu-item menu-item-type-post_type menu-item-object-page menu-item-11945\"  data-item-id=\"11945\"><span class=\"background-default transition-fade\"><\/span><span class=\"background-active transition-fade\"><\/span><a  href=\"https:\/\/www.deco-charpente.fr\/en\/nos-abris-dans-vos-villes\/pergola-en-bois-a-privas\/\" class=\"fusion-background-highlight\"><span class=\"menu-text\">Pergola en bois \u00e0 Privas<\/span><\/a><\/li><li  id=\"menu-item-11946\"  class=\"menu-item menu-item-type-post_type menu-item-object-page menu-item-11946\"  data-item-id=\"11946\"><span class=\"background-default transition-fade\"><\/span><span class=\"background-active transition-fade\"><\/span><a  href=\"https:\/\/www.deco-charpente.fr\/en\/nos-abris-dans-vos-villes\/abri-voiture-bois-a-nyons\/\" class=\"fusion-background-highlight\"><span class=\"menu-text\">Abri voiture sur mesure \u00e0 Nyons<\/span><\/a><\/li><li  id=\"menu-item-11947\"  class=\"menu-item menu-item-type-post_type menu-item-object-page menu-item-11947\"  data-item-id=\"11947\"><span class=\"background-default transition-fade\"><\/span><span class=\"background-active transition-fade\"><\/span><a  href=\"https:\/\/www.deco-charpente.fr\/en\/nos-abris-dans-vos-villes\/kiosque-en-bois-sur-mesure-a-nyons\/\" class=\"fusion-background-highlight\"><span class=\"menu-text\">Kiosque sur mesure \u00e0 Nyons<\/span><\/a><\/li><li  id=\"menu-item-11948\"  class=\"menu-item menu-item-type-post_type menu-item-object-page menu-item-11948\"  data-item-id=\"11948\"><span class=\"background-default transition-fade\"><\/span><span class=\"background-active transition-fade\"><\/span><a  href=\"https:\/\/www.deco-charpente.fr\/en\/nos-abris-dans-vos-villes\/pergola-en-bois-a-nyons\/\" class=\"fusion-background-highlight\"><span class=\"menu-text\">Pergola en bois \u00e0 Nyons<\/span><\/a><\/li><li  id=\"menu-item-11949\"  class=\"menu-item menu-item-type-post_type menu-item-object-page menu-item-11949\"  data-item-id=\"11949\"><span class=\"background-default transition-fade\"><\/span><span class=\"background-active transition-fade\"><\/span><a  href=\"https:\/\/www.deco-charpente.fr\/en\/nos-abris-dans-vos-villes\/auvent-en-bois-a-nyons\/\" class=\"fusion-background-highlight\"><span class=\"menu-text\">Auvent en bois \u00e0 Nyons<\/span><\/a><\/li><li  id=\"menu-item-11950\"  class=\"menu-item menu-item-type-post_type menu-item-object-page menu-item-11950\"  data-item-id=\"11950\"><span class=\"background-default transition-fade\"><\/span><span class=\"background-active transition-fade\"><\/span><a  href=\"https:\/\/www.deco-charpente.fr\/en\/nos-abris-dans-vos-villes\/auvent-bois-a-privas\/\" class=\"fusion-background-highlight\"><span class=\"menu-text\">Auvent en bois sur mesure \u00e0 Privas<\/span><\/a><\/li><\/ul><\/nav><a href=\"#main\" class=\"btn-footer footer-left\">Top of page &gt;<\/a><\/div><\/div><style type=\"text\/css\">.fusion-body .fusion-builder-column-556{width:33.333333333333% !important;margin-top : 0px;margin-bottom : 20px;}.fusion-builder-column-556 > .fusion-column-wrapper {padding-top : 0px !important;padding-right : 0px !important;margin-right : 5.76%;padding-bottom : 0px !important;padding-left : 0px !important;margin-left : 5.76%;}@media only screen and (max-width:1024px) {.fusion-body .fusion-builder-column-556{width:100% !important;order : 0;}.fusion-builder-column-556 > .fusion-column-wrapper {margin-right : 1.92%;margin-left : 1.92%;}}@media only screen and (max-width:640px) {.fusion-body .fusion-builder-column-556{width:100% !important;order : 0;}.fusion-builder-column-556 > .fusion-column-wrapper {margin-right : 1.92%;margin-left : 1.92%;}}<\/style><div class=\"fusion-layout-column fusion_builder_column fusion-builder-column-557 fusion_builder_column_2_3 2_3 fusion-flex-column\" id=\"footer-right\"><div class=\"fusion-column-wrapper fusion-flex-justify-content-flex-start fusion-content-layout-column\" style=\"background-position:left top;background-repeat:no-repeat;-webkit-background-size:cover;-moz-background-size:cover;-o-background-size:cover;background-size:cover;padding: 0px 0px 0px 0px;\"><div id=\"maps\" class=\"not-hovered\">\n<iframe id=\"carte-deco\" title=\"Map of the D\u00e9co Charpente network\" src=\"\" width=\"100%\" height=\"340\"><\/iframe>\n<\/div>\n<div class=\"not-hovered-content\">Activate card<\/div>\n\n<script>\nsetTimeout(function() {\nvar f = document.getElementById('carte-deco');\nf.src = 'https:\/\/www.google.com\/maps\/d\/u\/2\/embed?mid=1pq87FqXZLq0h8qR3jfk7HsSuzzfVFtkp&ehbc=2E312F&z=7&zoomControl=true';\n}, 1500);\n<\/script><a href=\"tel:04 94 80 52 90\" class=\"btn-footer footer-right\">\n04 94 80 52 90 \n<img decoding=\"async\" src=\"\/wp-content\/uploads\/2020\/07\/footer-phone.png\" class=\"ico-btn-footer\"\/>\n<\/a><\/div><\/div><style type=\"text\/css\">.fusion-body .fusion-builder-column-557{width:66.666666666667% !important;margin-top : 0px;margin-bottom : 20px;}.fusion-builder-column-557 > .fusion-column-wrapper {padding-top : 0px !important;padding-right : 0px !important;margin-right : 2.88%;padding-bottom : 0px !important;padding-left : 0px !important;margin-left : 2.88%;}@media only screen and (max-width:1024px) {.fusion-body .fusion-builder-column-557{width:100% !important;order : 0;}.fusion-builder-column-557 > .fusion-column-wrapper {margin-right : 1.92%;margin-left : 1.92%;}}@media only screen and (max-width:640px) {.fusion-body .fusion-builder-column-557{width:100% !important;order : 0;}.fusion-builder-column-557 > .fusion-column-wrapper {margin-right : 1.92%;margin-left : 1.92%;}}<\/style><\/div><style type=\"text\/css\">.fusion-body .fusion-flex-container.fusion-builder-row-3{ padding-top : 0px;margin-top : 0px;padding-right : 0px;padding-bottom : 0px;margin-bottom : 50px;padding-left : 0px;}<\/style><\/div>","protected":false},"excerpt":{"rendered":"","protected":false},"author":1,"featured_media":0,"parent":0,"menu_order":0,"comment_status":"closed","ping_status":"closed","template":"","meta":{"footnotes":""},"class_list":["post-1754","page","type-page","status-publish","hentry"],"yoast_head":"<!-- This site is optimized with the Yoast SEO Premium plugin v20.6 (Yoast SEO v27.4) - https:\/\/yoast.com\/product\/yoast-seo-premium-wordpress\/ -->\n<title>R\u00e9alisations d&#039;abris D\u00e9co Charpente - Galerie photos<\/title>\n<meta name=\"description\" content=\"D\u00e9couvrez les r\u00e9alisations D\u00e9co Charpente. Fabricant de charpentes en bois ext\u00e9rieures : abri voiture, pergola, pool house, appentis.\" \/>\n<meta name=\"robots\" content=\"index, follow, max-snippet:-1, max-image-preview:large, max-video-preview:-1\" \/>\n<link rel=\"canonical\" href=\"https:\/\/www.deco-charpente.fr\/en\/galerie\/\" \/>\n<meta property=\"og:locale\" content=\"en_GB\" \/>\n<meta property=\"og:type\" content=\"article\" \/>\n<meta property=\"og:title\" content=\"Galerie\" \/>\n<meta property=\"og:description\" content=\"D\u00e9couvrez les r\u00e9alisations D\u00e9co Charpente. Fabricant de charpentes en bois ext\u00e9rieures : abri voiture, pergola, pool house, appentis.\" \/>\n<meta property=\"og:url\" content=\"https:\/\/www.deco-charpente.fr\/en\/galerie\/\" \/>\n<meta property=\"og:site_name\" content=\"D\u00e9co Charpente\" \/>\n<meta property=\"article:publisher\" content=\"https:\/\/www.facebook.com\/decocharpente\" \/>\n<meta property=\"article:modified_time\" content=\"2026-01-21T10:31:33+00:00\" \/>\n<meta property=\"og:image\" content=\"https:\/\/www.deco-charpente.fr\/wp-content\/uploads\/2020\/08\/abri-voiture-2-pentes-bois.jpg\" \/>\n\t<meta property=\"og:image:width\" content=\"1752\" \/>\n\t<meta property=\"og:image:height\" content=\"990\" \/>\n\t<meta property=\"og:image:type\" content=\"image\/jpeg\" \/>\n<meta name=\"twitter:card\" content=\"summary_large_image\" \/>\n<meta name=\"twitter:label1\" content=\"Estimated reading time\" \/>\n\t<meta name=\"twitter:data1\" content=\"586 minutes\" \/>\n<script type=\"application\/ld+json\" class=\"yoast-schema-graph\">{\"@context\":\"https:\\\/\\\/schema.org\",\"@graph\":[{\"@type\":\"WebPage\",\"@id\":\"https:\\\/\\\/www.deco-charpente.fr\\\/galerie\\\/\",\"url\":\"https:\\\/\\\/www.deco-charpente.fr\\\/galerie\\\/\",\"name\":\"R\u00e9alisations d'abris D\u00e9co Charpente - Galerie photos\",\"isPartOf\":{\"@id\":\"https:\\\/\\\/www.deco-charpente.fr\\\/#website\"},\"datePublished\":\"2020-08-13T09:43:06+00:00\",\"dateModified\":\"2026-01-21T10:31:33+00:00\",\"description\":\"D\u00e9couvrez les r\u00e9alisations D\u00e9co Charpente. Fabricant de charpentes en bois ext\u00e9rieures : abri voiture, pergola, pool house, appentis.\",\"breadcrumb\":{\"@id\":\"https:\\\/\\\/www.deco-charpente.fr\\\/galerie\\\/#breadcrumb\"},\"inLanguage\":\"en-GB\",\"potentialAction\":[{\"@type\":\"ReadAction\",\"target\":[\"https:\\\/\\\/www.deco-charpente.fr\\\/galerie\\\/\"]}]},{\"@type\":\"BreadcrumbList\",\"@id\":\"https:\\\/\\\/www.deco-charpente.fr\\\/galerie\\\/#breadcrumb\",\"itemListElement\":[{\"@type\":\"ListItem\",\"position\":1,\"name\":\"Accueil\",\"item\":\"https:\\\/\\\/www.deco-charpente.fr\\\/\"},{\"@type\":\"ListItem\",\"position\":2,\"name\":\"Galerie\"}]},{\"@type\":\"WebSite\",\"@id\":\"https:\\\/\\\/www.deco-charpente.fr\\\/#website\",\"url\":\"https:\\\/\\\/www.deco-charpente.fr\\\/\",\"name\":\"D\u00e9co Charpente\",\"description\":\"Sp\u00e9cialiste reconnu des charpentes bois d\u00e9coratives en ext\u00e9rieur\",\"publisher\":{\"@id\":\"https:\\\/\\\/www.deco-charpente.fr\\\/#organization\"},\"potentialAction\":[{\"@type\":\"SearchAction\",\"target\":{\"@type\":\"EntryPoint\",\"urlTemplate\":\"https:\\\/\\\/www.deco-charpente.fr\\\/?s={search_term_string}\"},\"query-input\":{\"@type\":\"PropertyValueSpecification\",\"valueRequired\":true,\"valueName\":\"search_term_string\"}}],\"inLanguage\":\"en-GB\"},{\"@type\":\"Organization\",\"@id\":\"https:\\\/\\\/www.deco-charpente.fr\\\/#organization\",\"name\":\"D\u00e9co Charpente\",\"url\":\"https:\\\/\\\/www.deco-charpente.fr\\\/\",\"logo\":{\"@type\":\"ImageObject\",\"inLanguage\":\"en-GB\",\"@id\":\"https:\\\/\\\/www.deco-charpente.fr\\\/#\\\/schema\\\/logo\\\/image\\\/\",\"url\":\"https:\\\/\\\/www.deco-charpente.fr\\\/wp-content\\\/uploads\\\/2020\\\/07\\\/logo@2x.png\",\"contentUrl\":\"https:\\\/\\\/www.deco-charpente.fr\\\/wp-content\\\/uploads\\\/2020\\\/07\\\/logo@2x.png\",\"width\":266,\"height\":302,\"caption\":\"D\u00e9co Charpente\"},\"image\":{\"@id\":\"https:\\\/\\\/www.deco-charpente.fr\\\/#\\\/schema\\\/logo\\\/image\\\/\"},\"sameAs\":[\"https:\\\/\\\/www.facebook.com\\\/decocharpente\",\"https:\\\/\\\/www.instagram.com\\\/decocharpente\\\/\",\"https:\\\/\\\/www.linkedin.com\\\/company\\\/d\u00e9co-charpente\\\/\"]}]}<\/script>\n<!-- \/ Yoast SEO Premium plugin. -->","yoast_head_json":{"title":"R\u00e9alisations d'abris D\u00e9co Charpente - Galerie photos","description":"D\u00e9couvrez les r\u00e9alisations D\u00e9co Charpente. Fabricant de charpentes en bois ext\u00e9rieures : abri voiture, pergola, pool house, appentis.","robots":{"index":"index","follow":"follow","max-snippet":"max-snippet:-1","max-image-preview":"max-image-preview:large","max-video-preview":"max-video-preview:-1"},"canonical":"https:\/\/www.deco-charpente.fr\/en\/galerie\/","og_locale":"en_GB","og_type":"article","og_title":"Galerie","og_description":"D\u00e9couvrez les r\u00e9alisations D\u00e9co Charpente. Fabricant de charpentes en bois ext\u00e9rieures : abri voiture, pergola, pool house, appentis.","og_url":"https:\/\/www.deco-charpente.fr\/en\/galerie\/","og_site_name":"D\u00e9co Charpente","article_publisher":"https:\/\/www.facebook.com\/decocharpente","article_modified_time":"2026-01-21T10:31:33+00:00","og_image":[{"width":1752,"height":990,"url":"https:\/\/www.deco-charpente.fr\/wp-content\/uploads\/2020\/08\/abri-voiture-2-pentes-bois.jpg","type":"image\/jpeg"}],"twitter_card":"summary_large_image","twitter_misc":{"Estimated reading time":"586 minutes"},"schema":{"@context":"https:\/\/schema.org","@graph":[{"@type":"WebPage","@id":"https:\/\/www.deco-charpente.fr\/galerie\/","url":"https:\/\/www.deco-charpente.fr\/galerie\/","name":"R\u00e9alisations d'abris D\u00e9co Charpente - Galerie photos","isPartOf":{"@id":"https:\/\/www.deco-charpente.fr\/#website"},"datePublished":"2020-08-13T09:43:06+00:00","dateModified":"2026-01-21T10:31:33+00:00","description":"D\u00e9couvrez les r\u00e9alisations D\u00e9co Charpente. Fabricant de charpentes en bois ext\u00e9rieures : abri voiture, pergola, pool house, appentis.","breadcrumb":{"@id":"https:\/\/www.deco-charpente.fr\/galerie\/#breadcrumb"},"inLanguage":"en-GB","potentialAction":[{"@type":"ReadAction","target":["https:\/\/www.deco-charpente.fr\/galerie\/"]}]},{"@type":"BreadcrumbList","@id":"https:\/\/www.deco-charpente.fr\/galerie\/#breadcrumb","itemListElement":[{"@type":"ListItem","position":1,"name":"Accueil","item":"https:\/\/www.deco-charpente.fr\/"},{"@type":"ListItem","position":2,"name":"Galerie"}]},{"@type":"WebSite","@id":"https:\/\/www.deco-charpente.fr\/#website","url":"https:\/\/www.deco-charpente.fr\/","name":"D\u00e9co Charpente","description":"Sp\u00e9cialiste reconnu des charpentes bois d\u00e9coratives en ext\u00e9rieur","publisher":{"@id":"https:\/\/www.deco-charpente.fr\/#organization"},"potentialAction":[{"@type":"SearchAction","target":{"@type":"EntryPoint","urlTemplate":"https:\/\/www.deco-charpente.fr\/?s={search_term_string}"},"query-input":{"@type":"PropertyValueSpecification","valueRequired":true,"valueName":"search_term_string"}}],"inLanguage":"en-GB"},{"@type":"Organization","@id":"https:\/\/www.deco-charpente.fr\/#organization","name":"D\u00e9co Charpente","url":"https:\/\/www.deco-charpente.fr\/","logo":{"@type":"ImageObject","inLanguage":"en-GB","@id":"https:\/\/www.deco-charpente.fr\/#\/schema\/logo\/image\/","url":"https:\/\/www.deco-charpente.fr\/wp-content\/uploads\/2020\/07\/logo@2x.png","contentUrl":"https:\/\/www.deco-charpente.fr\/wp-content\/uploads\/2020\/07\/logo@2x.png","width":266,"height":302,"caption":"D\u00e9co Charpente"},"image":{"@id":"https:\/\/www.deco-charpente.fr\/#\/schema\/logo\/image\/"},"sameAs":["https:\/\/www.facebook.com\/decocharpente","https:\/\/www.instagram.com\/decocharpente\/","https:\/\/www.linkedin.com\/company\/d\u00e9co-charpente\/"]}]}},"_links":{"self":[{"href":"https:\/\/www.deco-charpente.fr\/en\/wp-json\/wp\/v2\/pages\/1754","targetHints":{"allow":["GET"]}}],"collection":[{"href":"https:\/\/www.deco-charpente.fr\/en\/wp-json\/wp\/v2\/pages"}],"about":[{"href":"https:\/\/www.deco-charpente.fr\/en\/wp-json\/wp\/v2\/types\/page"}],"author":[{"embeddable":true,"href":"https:\/\/www.deco-charpente.fr\/en\/wp-json\/wp\/v2\/users\/1"}],"replies":[{"embeddable":true,"href":"https:\/\/www.deco-charpente.fr\/en\/wp-json\/wp\/v2\/comments?post=1754"}],"version-history":[{"count":96,"href":"https:\/\/www.deco-charpente.fr\/en\/wp-json\/wp\/v2\/pages\/1754\/revisions"}],"predecessor-version":[{"id":12299,"href":"https:\/\/www.deco-charpente.fr\/en\/wp-json\/wp\/v2\/pages\/1754\/revisions\/12299"}],"wp:attachment":[{"href":"https:\/\/www.deco-charpente.fr\/en\/wp-json\/wp\/v2\/media?parent=1754"}],"curies":[{"name":"wp","href":"https:\/\/api.w.org\/{rel}","templated":true}]}}